{"id":1283,"date":"2026-01-11T13:57:09","date_gmt":"2026-01-11T13:57:09","guid":{"rendered":"https:\/\/d66.nl\/zevenaar\/?page_id=1283"},"modified":"2026-02-07T18:46:20","modified_gmt":"2026-02-07T18:46:20","slug":"kandidaten-gr2026","status":"publish","type":"page","link":"https:\/\/d66.nl\/zevenaar\/kandidaten-gr2026\/","title":{"rendered":"Kandidaten GR2026"},"content":{"rendered":"<div\n  id=\"\"\n  class=\"wrapper wrapper__spacing-top-large--210 wrapper__spacing-bottom-large--50 wrapper__spacing-bottom-desktop--66 wrapper__spacing-bottom-mobile--76  wrapper__gutter--default\"\n  data-background-color=\"yellow\">\n  \t<div class=\"wrapper__container\">\n\t  <div class=\"wrapper__inner wrapper__width-large--22 wrapper__width-desktop--20 wrapper__width-mobile--24 wrapper__offset-large--1 wrapper__offset-desktop--4 wrapper__offset-mobile--0\">\n\t\t<h1 class=\"heading   heading__size--giant heading__font--serif heading__weight--regular  block-heading__heading\" id=\"nav-ons-team-voor-de-gr20269593\"  data-nav-heading-mobile=\"Ons Team voor de GR2026\" >\n\tOns Team voor de GR2026<\/h1>\t  <\/div>\n\t<\/div>\n  <\/div>\n\n\n<div\n  id=\"\"\n  class=\"wrapper  wrapper__spacing-bottom-large--80 wrapper__spacing-bottom-mobile--50  wrapper__gutter--none\"\n  data-background-color=\"yellow\">\n  \t<div class=\"wrapper__container wrapper__container-width-large--default\">\n\t  <div class=\"wrapper__inner wrapper__width-large--24 wrapper__width-mobile--24 wrapper__offset-large--2 wrapper__offset-desktop--0\">\n\t\t\n<section class=\"block-image-carousel js-block-image-carousel\">\n\n\t<div class=\"block-image-carousel__slider\">\n\n\t  <div class=\"carousel-slider js-carousel-slider carousel-slider__for--images\" data-is-slider-initialized=\"0\">\n\t<div class=\"carousel-slider__wrapper js-carousel-wrapper\">\n\t\t<div class=\"swiper\">\n\t\t\t<div class=\"swiper-wrapper\">\n\t\t\t\t\t\t\t\t\t\t\t\t\t\t<div class=\"swiper-slide\">\n\t\t\t\t\t\t<div class=\"block-image-carousel__image-wrapper\">\n\n\t<img loading=\"lazy\" decoding=\"async\" width=\"1024\" height=\"683\" src=\"https:\/\/d66.nl\/zevenaar\/wp-content\/uploads\/sites\/103\/2026\/01\/W4A0387-kopie-1024x683.jpg\" class=\"image block-image-carousel__img\" alt=\"\" \/>\n\t\t\t<div class=\"image__caption-wrapper block-image-carousel__caption-wrapper\">\n\t\t\t<div class=\"image__caption block-image-carousel__caption\">\n\t\t\t\t<p class=\"paragraph paragraph__align--left paragraph__color--black paragraph__size--small paragraph__weight--medium\">\n\t\tBeeld: Guido Pelgrim\t<\/p>\t\t\t<\/div>\n\t\t<\/div>\n\t\t<\/div>\t\t\t\t\t<\/div>\n\t\t\t\t\t\t\t<\/div>\n\t\t<\/div>\n\t<\/div>\n\n\t\t\t<div class=\"carousel-slider-navigation js-carousel-slider-navigation carousel-slider-navigation__offset--only-large\">\n\t<div class=\"carousel-slider-navigation__fraction-pagination-wrapper\">\n\t\t<span class=\"custom-swiper-pagination-current\">1<\/span> \/ <span class=\"custom-swiper-pagination-total\">X<\/span>\n\t<\/div>\n\t<div class=\"carousel-slider-navigation__pagination-wrapper\">\n\t\t<div class=\"carousel-slider-navigation__pagination js-swiper-progressbar\"><\/div>\n\t<\/div>\n\t<div class=\"carousel-slider-navigation__navigation\">\n\t\t<button class=\"carousel-slider-navigation__nav-button carousel-slider-navigation__nav-button--prev js-swiper-prev\" aria-label=\"Previous slide\"><\/button>\n\t\t<button class=\"carousel-slider-navigation__nav-button carousel-slider-navigation__nav-button--next js-swiper-next\" aria-label=\"Next slide\"><\/button>\n\t<\/div>\n<\/div>\t\n<\/div>\t<\/div>\n\n<\/section>\n\t  <\/div>\n\t<\/div>\n  <\/div>\n\n\n<div\n  id=\"\"\n  class=\"wrapper  wrapper__spacing-bottom-large--50 wrapper__spacing-bottom-mobile--40  wrapper__gutter--none\"\n  data-background-color=\"yellow\">\n  \t<div class=\"wrapper__container wrapper__container-width-large--default\">\n\t  <div class=\"wrapper__inner wrapper__width-large--22 wrapper__width-desktop--22 wrapper__width-mobile--24 wrapper__offset-large--1 wrapper__offset-desktop--2 wrapper__offset-mobile--0\">\n\t\t<p\n\t\tclass=\"paragraph   paragraph__size--big   block-paragraph__paragraph\"\n\t\t\t>\n\t\tDe kieslijst van D66 Zevenaar kunnen we met trots presenteren. Er staat een enthousiaste groep van maar liefst 10 vrouwen en 7 mannen paraat met ieder hun eigen expertise. Bekende gezichten, nieuwe deelnemers en trouwe leden van alle leeftijden doen mee. De kieslijst is tijdens de Algemene Afdelingsvergadering van december democratisch vastgesteld door de D66-leden. De kiesprocedure is zorgvuldig uitgevoerd door een onafhankelijke vertrouwenscommissie.<br>\u00a0<br>Nu zetten we koers naar de gemeenteraadsverkiezingen van 18 maart 2026 met Ingrid van Helvert als nieuwe lijsttrekker, die in juni al is gekozen. We mikken op extra raadszetels en het vertrouwen van de kiezers met onze invulling van het D66 gedachtegoed. Want lokale politiek in Zevenaar op basis van de visie van D66, het kan w\u00e9l.<br>\u00a0\t<\/p>\t  <\/div>\n\t<\/div>\n  <\/div>\n\n\n<div\n  id=\"\"\n  class=\"wrapper  wrapper__spacing-bottom-large--110 wrapper__spacing-bottom-desktop--70 wrapper__spacing-bottom-mobile--30  wrapper__gutter--none\"\n  data-background-color=\"yellow\">\n  \t<div class=\"wrapper__container wrapper__container-width-large--default\">\n\t  <div class=\"wrapper__inner wrapper__width-large--22 wrapper__width-desktop--24 wrapper__width-mobile--24 wrapper__offset-large--1 wrapper__offset-desktop--0 wrapper__offset-mobile--0\">\n\t\t<section class=\"block-person-hero\">\n  <div class=\"block-person-hero__heading\">\n\t<h1 class=\"heading heading__align--left heading__color--black heading__size--giant  heading__weight--bold\" id=\"nav-1--ingrid-van-helvert8397\" data-nav-heading-mobile=\"1. Ingrid van Helvert\">\n\t1. Ingrid van Helvert<\/h1>  <\/div>\n  <div class=\"block-person-hero__subheading\">\n\t<h2 class=\"heading heading__align--left heading__color--black heading__size--larger heading__font--sans heading__weight--bold\" id=\"nav-zevenaar1906\" data-nav-heading-mobile=\"Zevenaar\">\n\tZevenaar<\/h2>  <\/div>\n  <div class=\"block-person-hero__image\">\n\t<img loading=\"lazy\" decoding=\"async\" width=\"683\" height=\"1024\" src=\"https:\/\/d66.nl\/zevenaar\/wp-content\/uploads\/sites\/103\/2026\/01\/W4A1013-1-683x1024.jpg\" class=\"image block-person-hero__img\" alt=\"\" \/>\n\t\t\t<div class=\"image__caption-wrapper block-person-hero__caption-wrapper\">\n\t\t\t<div class=\"image__caption block-person-hero__caption\">\n\t\t\t\t<p class=\"paragraph paragraph__align--left paragraph__color--black paragraph__size--small paragraph__weight--medium\">\n\t\t<b>Ingrid van Helvert<\/b> <i>&#045;<\/i> Beeld: Guido Pelgrim\t<\/p>\t\t\t<\/div>\n\t\t<\/div>  <\/div>\n  <div class=\"block-person-hero__content\">\n\t<p class=\"paragraph paragraph__align--left paragraph__color--black paragraph__size--big\">\n\t\tIngrid van Helvert is onze lijsttrekker. Zij hecht groot belang aan vrijheid, gelijkwaardigheid en een sterke democratische rechtsstaat, waarin persvrijheid vanzelfsprekend is. Zij woont zo\u2019n 40 jaar in Zevenaar en werkte bij de steenfabrieken in Tolkamer en Spijk. Ingrid is commissielid Samenleving en was commissielid Middelen\u00a0vanaf begin 2023. Zij legde het onderwerp femicide als eerste op tafel bij deze gemeenteraad. Van 2022 tot 2025 was zij voorzitter van het lokale afdelingsbestuur van D66. Het D66-motto: \u2018laat iedereen vrij, maar niemand vallen\u2019 is haar op het lijf geschreven. Laten we elkaar helpen. Haar kracht ligt in het verbinden van mensen, dossiers uitpluizen, het juiste willen doen en nooit opgeven.\t<\/p>  <\/div>\n<\/section>\n\t  <\/div>\n\t<\/div>\n  <\/div>\n\n\n<div\n  id=\"\"\n  class=\"wrapper  wrapper__spacing-bottom-large--110 wrapper__spacing-bottom-desktop--70 wrapper__spacing-bottom-mobile--30  wrapper__gutter--none\"\n  data-background-color=\"yellow\">\n  \t<div class=\"wrapper__container wrapper__container-width-large--default\">\n\t  <div class=\"wrapper__inner wrapper__width-large--22 wrapper__width-desktop--24 wrapper__width-mobile--24 wrapper__offset-large--1 wrapper__offset-desktop--0 wrapper__offset-mobile--0\">\n\t\t<section class=\"block-person-hero\">\n  <div class=\"block-person-hero__heading\">\n\t<h1 class=\"heading heading__align--left heading__color--black heading__size--giant  heading__weight--bold\" id=\"nav-2--erik-verkampen3646\" data-nav-heading-mobile=\"2. Erik Verkampen\">\n\t2. Erik Verkampen<\/h1>  <\/div>\n  <div class=\"block-person-hero__subheading\">\n\t<h2 class=\"heading heading__align--left heading__color--black heading__size--larger heading__font--sans heading__weight--bold\" id=\"nav-oud-zevenaar5501\" data-nav-heading-mobile=\"Oud-Zevenaar\">\n\tOud-Zevenaar<\/h2>  <\/div>\n  <div class=\"block-person-hero__image\">\n\t<img loading=\"lazy\" decoding=\"async\" width=\"683\" height=\"1024\" src=\"https:\/\/d66.nl\/zevenaar\/wp-content\/uploads\/sites\/103\/2026\/01\/W4A0813-3-683x1024.jpeg\" class=\"image block-person-hero__img\" alt=\"\" \/>\n\t\t\t<div class=\"image__caption-wrapper block-person-hero__caption-wrapper\">\n\t\t\t<div class=\"image__caption block-person-hero__caption\">\n\t\t\t\t<p class=\"paragraph paragraph__align--left paragraph__color--black paragraph__size--small paragraph__weight--medium\">\n\t\t<b>Erik Verkampen<\/b> <i>&#045;<\/i> Beeld: Guido Pelgrim\t<\/p>\t\t\t<\/div>\n\t\t<\/div>  <\/div>\n  <div class=\"block-person-hero__content\">\n\t<p class=\"paragraph paragraph__align--left paragraph__color--black paragraph__size--big\">\n\t\tErik Verkampen is raadslid en fractievoorzitter in de gemeenteraad. Voor hem begint lokale politiek bij de vraag hoe we zorgen voor een fijne, veilige en duurzame woonomgeving. Wonen is niet vanzelfsprekend, en Erik vindt het belangrijk dat iedereen in Zevenaar een plek kan vinden waar je je thuis voelt \u2013 of je nu starter, doorstromer of senior bent. Omdat ruimte schaars is, moeten keuzes volgens hem toekomstbestendig zijn. Dat vraagt om visie \u00e9n lef, samen met inwoners. Want zonder goede plannen van vandaag, bouwen we morgen niets op. Letterlijk.<br>Erik woont met zijn gezin in Oud-Zevenaar. In het dagelijks leven werkt hij als planeconoom en adviseert hij over gebiedsontwikkelingen. Die ervaring neemt hij mee in de raad, waar hij zoekt naar een zorgvuldige balans tussen sociale, ruimtelijke en financi\u00eble belangen.\t<\/p>  <\/div>\n<\/section>\n\t  <\/div>\n\t<\/div>\n  <\/div>\n\n\n<div\n  id=\"\"\n  class=\"wrapper  wrapper__spacing-bottom-large--110 wrapper__spacing-bottom-desktop--70 wrapper__spacing-bottom-mobile--30  wrapper__gutter--none\"\n  data-background-color=\"yellow\">\n  \t<div class=\"wrapper__container\">\n\t  <div class=\"wrapper__inner wrapper__width-large--22 wrapper__width-desktop--24 wrapper__width-mobile--24 wrapper__offset-large--1 wrapper__offset-desktop--0 wrapper__offset-mobile--0\">\n\t\t<section class=\"block-person-hero\">\n  <div class=\"block-person-hero__heading\">\n\t<h1 class=\"heading heading__align--left heading__color--black heading__size--giant  heading__weight--bold\" id=\"nav-3--mariel-schaab7747\" data-nav-heading-mobile=\"3. Mariel Schaab\">\n\t3. Mariel Schaab<\/h1>  <\/div>\n  <div class=\"block-person-hero__subheading\">\n\t<h2 class=\"heading heading__align--left heading__color--black heading__size--larger heading__font--sans heading__weight--bold\" id=\"nav-giesbeek9122\" data-nav-heading-mobile=\"Giesbeek\">\n\tGiesbeek<\/h2>  <\/div>\n  <div class=\"block-person-hero__image\">\n\t<img loading=\"lazy\" decoding=\"async\" width=\"683\" height=\"1024\" src=\"https:\/\/d66.nl\/zevenaar\/wp-content\/uploads\/sites\/103\/2026\/01\/W4A0630-683x1024.jpeg\" class=\"image block-person-hero__img\" alt=\"\" \/>\n\t\t\t<div class=\"image__caption-wrapper block-person-hero__caption-wrapper\">\n\t\t\t<div class=\"image__caption block-person-hero__caption\">\n\t\t\t\t<p class=\"paragraph paragraph__align--left paragraph__color--black paragraph__size--small paragraph__weight--medium\">\n\t\t<b>Mariel Schaab<\/b> <i>&#045;<\/i> Beeld: Guido Pelgrim\t<\/p>\t\t\t<\/div>\n\t\t<\/div>  <\/div>\n  <div class=\"block-person-hero__content\">\n\t<p class=\"paragraph paragraph__align--left paragraph__color--black paragraph__size--big\">\n\t\tAl vanaf haar jeugd in Argentini\u00eb volgt\u00a0Mariel de politiek met grote belangstelling.Mariel woont sinds 2019 in Giesbeek en\u00a0werd Nederlander in 2023. Nu is het moment aangebroken om haar ervaring en passie in te zetten voor haar nieuwe thuisland. In het bijzonder wil zij zich inzetten voor inclusief beleid en ondernemerschap. Zij hecht grote gelooft in de kracht van diversiteit, rechtvaardigheid en vooruitgang, kernwaarden van D66. Mariel is ondernemer met internationale HR-bedrijven in arbeidsbemiddeling voor expats. In onze fractie heeft zij als ervaringsdeskundige extra aandacht voor migranten en wil zij zich inzetten voor een toekomstgerichte en duurzame gemeente.\t<\/p>  <\/div>\n<\/section>\n\t  <\/div>\n\t<\/div>\n  <\/div>\n\n\n<div\n  id=\"\"\n  class=\"wrapper  wrapper__spacing-bottom-large--110 wrapper__spacing-bottom-desktop--70 wrapper__spacing-bottom-mobile--30  wrapper__gutter--none\"\n  data-background-color=\"yellow\">\n  \t<div class=\"wrapper__container wrapper__container-width-large--default\">\n\t  <div class=\"wrapper__inner wrapper__width-large--22 wrapper__width-desktop--24 wrapper__width-mobile--24 wrapper__offset-large--1 wrapper__offset-desktop--0 wrapper__offset-mobile--0\">\n\t\t<section class=\"block-person-hero\">\n  <div class=\"block-person-hero__heading\">\n\t<h1 class=\"heading heading__align--left heading__color--black heading__size--giant  heading__weight--bold\" id=\"nav-4--anne-marit-kroes324\" data-nav-heading-mobile=\"4. Anne-Marit Kroes\">\n\t4. Anne-Marit Kroes<\/h1>  <\/div>\n  <div class=\"block-person-hero__subheading\">\n\t<h2 class=\"heading heading__align--left heading__color--black heading__size--larger heading__font--sans heading__weight--bold\" id=\"nav-zevenaar294\" data-nav-heading-mobile=\"Zevenaar\">\n\tZevenaar<\/h2>  <\/div>\n  <div class=\"block-person-hero__image\">\n\t<img loading=\"lazy\" decoding=\"async\" width=\"683\" height=\"1024\" src=\"https:\/\/d66.nl\/zevenaar\/wp-content\/uploads\/sites\/103\/2026\/01\/W4A0514-683x1024.jpeg\" class=\"image block-person-hero__img\" alt=\"\" \/>\n\t\t\t<div class=\"image__caption-wrapper block-person-hero__caption-wrapper\">\n\t\t\t<div class=\"image__caption block-person-hero__caption\">\n\t\t\t\t<p class=\"paragraph paragraph__align--left paragraph__color--black paragraph__size--small paragraph__weight--medium\">\n\t\t<b>Anne-Marit Kroes<\/b> <i>&#045;<\/i> Beeld: Guido Pelgrim\t<\/p>\t\t\t<\/div>\n\t\t<\/div>  <\/div>\n  <div class=\"block-person-hero__content\">\n\t<p class=\"paragraph paragraph__align--left paragraph__color--black paragraph__size--big\">\n\t\tAnne-Marit Kroes Veldman ziet het als een gezamenlijke verantwoordelijkheid dat iedereen kan rekenen op toegankelijke, menselijke zorg dichtbij. Als strategisch adviseur bij Pluryn houdt zij zich bezig met de ontwikkelingen binnen de zorg en de financiering daarvan. Die expertise wil zij inzetten in de gemeentelijke politiek. Anne-Marit is geboren in Zevenaar, groeide vanaf haar derde op in Elten en woont nu sinds 2 jaar met haar gezin weer in Zevenaar. Zij voelt zich thuis bij D66 vanwege de idee\u00ebn over wonen en zorg. Vanuit haar werk ziet zij hoe groot de opgaven in de zorg zijn. Zoals zij zegt: \u201cWat er op ons afkomt vraagt dat we n\u00fa, vanuit onze D66-idealen, keuzes maken hoe we de toekomstige zorg gaan organiseren.\u201d Binnen ons team zet zij zich hiervoor in als fractievolger.\u00a0<br>\t<\/p>  <\/div>\n<\/section>\n\t  <\/div>\n\t<\/div>\n  <\/div>\n\n\n<div\n  id=\"\"\n  class=\"wrapper  wrapper__spacing-bottom-large--110 wrapper__spacing-bottom-desktop--70 wrapper__spacing-bottom-mobile--30  wrapper__gutter--none\"\n  data-background-color=\"yellow\">\n  \t<div class=\"wrapper__container wrapper__container-width-large--default\">\n\t  <div class=\"wrapper__inner wrapper__width-large--22 wrapper__width-desktop--24 wrapper__width-mobile--24 wrapper__offset-large--1 wrapper__offset-desktop--0 wrapper__offset-mobile--0\">\n\t\t<section class=\"block-person-hero\">\n  <div class=\"block-person-hero__heading\">\n\t<h1 class=\"heading heading__align--left heading__color--black heading__size--giant  heading__weight--bold\" id=\"nav-5--desiree-fransen5885\" data-nav-heading-mobile=\"5. Desiree Fransen\">\n\t5. Desiree Fransen<\/h1>  <\/div>\n  <div class=\"block-person-hero__subheading\">\n\t<h2 class=\"heading heading__align--left heading__color--black heading__size--larger heading__font--sans heading__weight--bold\" id=\"nav-angerlo6734\" data-nav-heading-mobile=\"Angerlo\">\n\tAngerlo<\/h2>  <\/div>\n  <div class=\"block-person-hero__image\">\n\t<img loading=\"lazy\" decoding=\"async\" width=\"683\" height=\"1024\" src=\"https:\/\/media.d66.nl\/uploads\/sites\/103\/2026\/02\/W4A0665-kopie-683x1024.jpg\" class=\"image block-person-hero__img\" alt=\"\" \/>\n\t\t\t<div class=\"image__caption-wrapper block-person-hero__caption-wrapper\">\n\t\t\t<div class=\"image__caption block-person-hero__caption\">\n\t\t\t\t<p class=\"paragraph paragraph__align--left paragraph__color--black paragraph__size--small paragraph__weight--medium\">\n\t\t<b>Desiree Fransen<\/b> <i>&#045;<\/i> Beeld: Guido Pelgrim\t<\/p>\t\t\t<\/div>\n\t\t<\/div>  <\/div>\n  <div class=\"block-person-hero__content\">\n\t<p class=\"paragraph paragraph__align--left paragraph__color--black paragraph__size--big\">\n\t\tVoor Desiree begint goede politiek bij luisteren en heldere taal spreken. Idee\u00ebn zijn belangrijk, maar pas als je mensen \u00e9cht meeneemt, worden de idee\u00ebn werkelijkheid. In haar werk houdt Desiree zich bezig met leren en ontwikkelen, met veel aandacht voor menselijk contact, verantwoordelijkheid en een passende toon. Die houding herkent zij bij D66 en wil zij graag vertalen naar de lokale politiek, met ruimte voor communicatie, betrokkenheid en draagvlak. Vanuit Noordwijk verhuisde Desiree naar Angerlo, waar haar man, tijdens zijn opleiding, al eerder woonde. In Noordwijk was zij actief binnen D66 en werkte zij mee aan het lokale verkiezingsprogramma. Die ervaring neemt zij mee in haar bijdrage aan D66 Zevenaar.\t<\/p>  <\/div>\n<\/section>\n\t  <\/div>\n\t<\/div>\n  <\/div>\n\n\n<div\n  id=\"\"\n  class=\"wrapper  wrapper__spacing-bottom-large--110 wrapper__spacing-bottom-desktop--70 wrapper__spacing-bottom-mobile--30  wrapper__gutter--none\"\n  data-background-color=\"yellow\">\n  \t<div class=\"wrapper__container wrapper__container-width-large--default\">\n\t  <div class=\"wrapper__inner wrapper__width-large--22 wrapper__width-desktop--24 wrapper__width-mobile--24 wrapper__offset-large--1 wrapper__offset-desktop--0 wrapper__offset-mobile--0\">\n\t\t<section class=\"block-person-hero\">\n  <div class=\"block-person-hero__heading\">\n\t<h1 class=\"heading heading__align--left heading__color--black heading__size--giant  heading__weight--bold\" id=\"nav-6--tienke-van-der-werf6038\" data-nav-heading-mobile=\"6. Tienke van der Werf\">\n\t6. Tienke van der Werf<\/h1>  <\/div>\n  <div class=\"block-person-hero__subheading\">\n\t<h2 class=\"heading heading__align--left heading__color--black heading__size--larger heading__font--sans heading__weight--bold\" id=\"nav-babberich9128\" data-nav-heading-mobile=\"Babberich\">\n\tBabberich<\/h2>  <\/div>\n  <div class=\"block-person-hero__image\">\n\t<img loading=\"lazy\" decoding=\"async\" width=\"683\" height=\"1024\" src=\"https:\/\/d66.nl\/zevenaar\/wp-content\/uploads\/sites\/103\/2026\/01\/W4A0903-683x1024.jpeg\" class=\"image block-person-hero__img\" alt=\"\" \/>\n\t\t\t<div class=\"image__caption-wrapper block-person-hero__caption-wrapper\">\n\t\t\t<div class=\"image__caption block-person-hero__caption\">\n\t\t\t\t<p class=\"paragraph paragraph__align--left paragraph__color--black paragraph__size--small paragraph__weight--medium\">\n\t\t<b>Tienke van der Werf<\/b> <i>&#045;<\/i> Beeld: Guido Pelgrim\t<\/p>\t\t\t<\/div>\n\t\t<\/div>  <\/div>\n  <div class=\"block-person-hero__content\">\n\t<p class=\"paragraph paragraph__align--left paragraph__color--black paragraph__size--big\">\n\t\tTienke van der Werf woont in Babberich en beschikt over brede bestuurlijke ervaring. Van 2010 tot 2014 was zij fractievoorzitter en van 2014 tot 2018 wethouder. Hierna zette zich van 2019 tot 2025 in als regiovoorzitter van D66 Gelderland. Tienke heeft ook daarbuiten ruime ervaring in bestuurlijke en beleidsmatige functies. Zij voelt zich aangesproken door het sociaal-liberale gedachtegoed van D66, waarin vrijheid en eigen verantwoordelijkheid centraal staan, zonder mensen te laten vallen. Haar ervaring ligt op het snijvlak van openbaar bestuur, politiek en maatschappelijke organisaties. Die ervaring stelt zij beschikbaar aan de afdeling. De fractie doet graag een beroep op haar.\t<\/p>  <\/div>\n<\/section>\n\t  <\/div>\n\t<\/div>\n  <\/div>\n\n\n<div\n  id=\"\"\n  class=\"wrapper  wrapper__spacing-bottom-large--110 wrapper__spacing-bottom-desktop--70 wrapper__spacing-bottom-mobile--30  wrapper__gutter--none\"\n  data-background-color=\"yellow\">\n  \t<div class=\"wrapper__container wrapper__container-width-large--default\">\n\t  <div class=\"wrapper__inner wrapper__width-large--22 wrapper__width-desktop--24 wrapper__width-mobile--24 wrapper__offset-large--1 wrapper__offset-desktop--0 wrapper__offset-mobile--0\">\n\t\t<section class=\"block-person-hero\">\n  <div class=\"block-person-hero__heading\">\n\t<h1 class=\"heading heading__align--left heading__color--black heading__size--giant  heading__weight--bold\" id=\"nav-7--iris-van-ditshuizen8694\" data-nav-heading-mobile=\"7. Iris van Ditshuizen\">\n\t7. Iris van Ditshuizen<\/h1>  <\/div>\n  <div class=\"block-person-hero__subheading\">\n\t<h2 class=\"heading heading__align--left heading__color--black heading__size--larger heading__font--sans heading__weight--bold\" id=\"nav-zevenaar9772\" data-nav-heading-mobile=\"Zevenaar\">\n\tZevenaar<\/h2>  <\/div>\n  <div class=\"block-person-hero__image\">\n\t<img loading=\"lazy\" decoding=\"async\" width=\"683\" height=\"1024\" src=\"https:\/\/d66.nl\/zevenaar\/wp-content\/uploads\/sites\/103\/2026\/01\/2-683x1024.jpeg\" class=\"image block-person-hero__img\" alt=\"\" \/>\n\t\t\t<div class=\"image__caption-wrapper block-person-hero__caption-wrapper\">\n\t\t\t<div class=\"image__caption block-person-hero__caption\">\n\t\t\t\t<p class=\"paragraph paragraph__align--left paragraph__color--black paragraph__size--small paragraph__weight--medium\">\n\t\t<b>Iris van Ditshuizen<\/b> <i>&#045;<\/i> Beeld: D66 Zevenaar\t<\/p>\t\t\t<\/div>\n\t\t<\/div>  <\/div>\n  <div class=\"block-person-hero__content\">\n\t<p class=\"paragraph paragraph__align--left paragraph__color--black paragraph__size--big\">\n\t\tIris van Ditshuizen staat voor eerlijke kansen en betrokken inwoners. Zij is geboren en getogen in de gemeente Zevenaar en is fractievolger. Iris studeert Communicatie en liep stage bij de D66-Tweede Kamerfractie en bij onze eigen gemeente. Hier heeft zij gezien dat politiek dichterbij is dan je denkt: beslissingen over bijvoorbeeld corona, woningbouw en windenergie raken mensen direct in hun leefomgeving. Vanuit de overtuiging dat politiek t\u00e9 belangrijk is om niet mee te doen, zet zij zich in Zevenaar in voor de fractie. Haar focus ligt op transparante communicatie, participatie en emancipatie, en vanzelfsprekend op zaken voor jeugd en jongeren.\t<\/p>  <\/div>\n<\/section>\n\t  <\/div>\n\t<\/div>\n  <\/div>\n\n\n<div\n  id=\"\"\n  class=\"wrapper  wrapper__spacing-bottom-large--110 wrapper__spacing-bottom-desktop--70 wrapper__spacing-bottom-mobile--30  wrapper__gutter--none\"\n  data-background-color=\"yellow\">\n  \t<div class=\"wrapper__container wrapper__container-width-large--default\">\n\t  <div class=\"wrapper__inner wrapper__width-large--22 wrapper__width-desktop--24 wrapper__width-mobile--24 wrapper__offset-large--1 wrapper__offset-desktop--0 wrapper__offset-mobile--0\">\n\t\t<section class=\"block-person-hero\">\n  <div class=\"block-person-hero__heading\">\n\t<h1 class=\"heading heading__align--left heading__color--black heading__size--giant  heading__weight--bold\" id=\"nav-8--aad-van-orden2228\" data-nav-heading-mobile=\"8. Aad van Orden\">\n\t8. Aad van Orden<\/h1>  <\/div>\n  <div class=\"block-person-hero__subheading\">\n\t<h2 class=\"heading heading__align--left heading__color--black heading__size--larger heading__font--sans heading__weight--bold\" id=\"nav-lathum3398\" data-nav-heading-mobile=\"Lathum\">\n\tLathum<\/h2>  <\/div>\n  <div class=\"block-person-hero__image\">\n\t<img loading=\"lazy\" decoding=\"async\" width=\"683\" height=\"1024\" src=\"https:\/\/d66.nl\/zevenaar\/wp-content\/uploads\/sites\/103\/2026\/01\/W4A0744-1-683x1024.jpeg\" class=\"image block-person-hero__img\" alt=\"\" \/>\n\t\t\t<div class=\"image__caption-wrapper block-person-hero__caption-wrapper\">\n\t\t\t<div class=\"image__caption block-person-hero__caption\">\n\t\t\t\t<p class=\"paragraph paragraph__align--left paragraph__color--black paragraph__size--small paragraph__weight--medium\">\n\t\t<b>Aad van Orden<\/b> <i>&#045;<\/i> Beeld: Guido Pelgrim\t<\/p>\t\t\t<\/div>\n\t\t<\/div>  <\/div>\n  <div class=\"block-person-hero__content\">\n\t<p class=\"paragraph paragraph__align--left paragraph__color--black paragraph__size--big\">\n\t\tAad van Orden staat voor een lokaal bestuur dat betrokken is bij haar inwoners, bedrijven en maatschappelijke organisaties, en waarin participatie meer is dan een formaliteit. Hij is een D66-er in hart en nieren. Sinds 2022 is hij wethouder in de gemeente Zevenaar. Aad woont in Lathum en heeft in het college ruimtelijke ordening in zijn portefeuille en het co\u00f6rdineren van participatie. Hij zet zich persoonlijk in voor het versnellen van de woningbouwopgave, de leefbaarheid in de wijken en dorpen en de toekomstige ontwikkeling van ons leefgebied. Eerder werkte Aad als hoofd van het Vastgoed- en Grondbedrijf van de gemeente Apeldoorn. Hij zet zich met veel passie in voor m\u00e9\u00e9r en betaalbare woningen. Hij heeft veel projecten opgezet en wil \u2018zijn karwei\u2019 in de volgende raadsperiode graag afmaken.\u00a0\t<\/p>  <\/div>\n<\/section>\n\t  <\/div>\n\t<\/div>\n  <\/div>\n\n\n<div\n  id=\"\"\n  class=\"wrapper  wrapper__spacing-bottom-large--110 wrapper__spacing-bottom-desktop--70 wrapper__spacing-bottom-mobile--30  wrapper__gutter--none\"\n  data-background-color=\"yellow\">\n  \t<div class=\"wrapper__container wrapper__container-width-large--default\">\n\t  <div class=\"wrapper__inner wrapper__width-large--22 wrapper__width-desktop--24 wrapper__width-mobile--24 wrapper__offset-large--1 wrapper__offset-desktop--0 wrapper__offset-mobile--0\">\n\t\t<section class=\"block-person-hero\">\n  <div class=\"block-person-hero__heading\">\n\t<h1 class=\"heading heading__align--left heading__color--black heading__size--giant  heading__weight--bold\" id=\"nav-9--wilma-vogels1118\" data-nav-heading-mobile=\"9. Wilma Vogels\">\n\t9. Wilma Vogels<\/h1>  <\/div>\n  <div class=\"block-person-hero__subheading\">\n\t<h2 class=\"heading heading__align--left heading__color--black heading__size--larger heading__font--sans heading__weight--bold\" id=\"nav-zevenaar8230\" data-nav-heading-mobile=\"Zevenaar\">\n\tZevenaar<\/h2>  <\/div>\n  <div class=\"block-person-hero__image\">\n\t<img loading=\"lazy\" decoding=\"async\" width=\"682\" height=\"1024\" src=\"https:\/\/d66.nl\/zevenaar\/wp-content\/uploads\/sites\/103\/2026\/01\/W4A0463-Large-682x1024.jpeg\" class=\"image block-person-hero__img\" alt=\"\" \/>\n\t\t\t<div class=\"image__caption-wrapper block-person-hero__caption-wrapper\">\n\t\t\t<div class=\"image__caption block-person-hero__caption\">\n\t\t\t\t<p class=\"paragraph paragraph__align--left paragraph__color--black paragraph__size--small paragraph__weight--medium\">\n\t\t<b>Wilma Vogels<\/b> <i>&#045;<\/i> Beeld: Guido Pelgrim\t<\/p>\t\t\t<\/div>\n\t\t<\/div>  <\/div>\n  <div class=\"block-person-hero__content\">\n\t<p class=\"paragraph paragraph__align--left paragraph__color--black paragraph__size--big\">\n\t\tWilma Vogels woont sinds 2005 in Zevenaar en is recent met pensioen gegaan als docent Nederlands als tweede taal (NT2). Over haar werk schreef zij:\u00a0<em>\u201cIk heb de hele wereld in mijn klas.\u201d<\/em>\u00a0Daarmee typeert zij haar jarenlange inzet voor taalonderwijs en inburgering, met veel aandacht voor menselijk contact en individuele ontwikkeling. Eerder was zij betrokken bij initiatieven rond ouders van kinderen in de jeugdzorg. Zij benadrukt dat politieke besluiten op gemeentelijk niveau mensen direct raken in hun dagelijks leven. Politiek voelt zij zich aangesproken door de zorgvuldige en menselijke toon van D66 en werd zij lid rond eerdere Tweede Kamerverkiezingen, mede ge\u00efnspireerd door Sigrid Kaag. Wilma weet met haar wijze woorden altijd de juiste toon te raken.\t<\/p>  <\/div>\n<\/section>\n\t  <\/div>\n\t<\/div>\n  <\/div>\n\n\n<div\n  id=\"\"\n  class=\"wrapper  wrapper__spacing-bottom-large--110 wrapper__spacing-bottom-desktop--70 wrapper__spacing-bottom-mobile--30  wrapper__gutter--none\"\n  data-background-color=\"yellow\">\n  \t<div class=\"wrapper__container wrapper__container-width-large--default\">\n\t  <div class=\"wrapper__inner wrapper__width-large--22 wrapper__width-desktop--24 wrapper__width-mobile--24 wrapper__offset-large--1 wrapper__offset-desktop--0 wrapper__offset-mobile--0\">\n\t\t<section class=\"block-person-hero\">\n  <div class=\"block-person-hero__heading\">\n\t<h1 class=\"heading heading__align--left heading__color--black heading__size--giant  heading__weight--bold\" id=\"nav-10--marcel-moes2844\" data-nav-heading-mobile=\"10. Marcel Moes\">\n\t10. Marcel Moes<\/h1>  <\/div>\n  <div class=\"block-person-hero__subheading\">\n\t<h2 class=\"heading heading__align--left heading__color--black heading__size--larger heading__font--sans heading__weight--bold\" id=\"nav-zevenaar611\" data-nav-heading-mobile=\"Zevenaar\">\n\tZevenaar<\/h2>  <\/div>\n  <div class=\"block-person-hero__image\">\n\t<img loading=\"lazy\" decoding=\"async\" width=\"683\" height=\"1024\" src=\"https:\/\/d66.nl\/zevenaar\/wp-content\/uploads\/sites\/103\/2026\/01\/W4A0859-683x1024.jpeg\" class=\"image block-person-hero__img\" alt=\"\" \/>\n\t\t\t<div class=\"image__caption-wrapper block-person-hero__caption-wrapper\">\n\t\t\t<div class=\"image__caption block-person-hero__caption\">\n\t\t\t\t<p class=\"paragraph paragraph__align--left paragraph__color--black paragraph__size--small paragraph__weight--medium\">\n\t\t<b>Marcel Moes<\/b> <i>&#045;<\/i> Beeld: Guido Pelgrim\t<\/p>\t\t\t<\/div>\n\t\t<\/div>  <\/div>\n  <div class=\"block-person-hero__content\">\n\t<p class=\"paragraph paragraph__align--left paragraph__color--black paragraph__size--big\">\n\t\tMarcel Moes voelt zich aangesproken door de visie van D66 op vooruitgang, vrijheid en verantwoordelijkheid. Hij woont met zijn vrouw in Zevenaar. In zijn dagelijks werk is hij directeur van een adviesorganisatie voor de overheid. Sinds mei 2025 is hij fractievolger en vanaf november 2025 commissielid Middelen. Marcel zet zich in voor een open en eerlijke democratie, waarin inwoners worden betrokken bij besluiten die hen direct raken. Vanuit de sociaal-liberale waarden van D66 wil hij bijdragen aan transparant bestuur, gelijke kansen en toekomstgericht beleid. Hij steunt de fractie met een brede kennis van zowat alles wat er speelt.\t<\/p>  <\/div>\n<\/section>\n\t  <\/div>\n\t<\/div>\n  <\/div>\n\n\n<div\n  id=\"\"\n  class=\"wrapper  wrapper__spacing-bottom-large--110 wrapper__spacing-bottom-desktop--70 wrapper__spacing-bottom-mobile--30  wrapper__gutter--none\"\n  data-background-color=\"yellow\">\n  \t<div class=\"wrapper__container wrapper__container-width-large--default\">\n\t  <div class=\"wrapper__inner wrapper__width-large--22 wrapper__width-desktop--24 wrapper__width-mobile--24 wrapper__offset-large--1 wrapper__offset-desktop--0 wrapper__offset-mobile--0\">\n\t\t<section class=\"block-person-hero\">\n  <div class=\"block-person-hero__heading\">\n\t<h1 class=\"heading heading__align--left heading__color--black heading__size--giant  heading__weight--bold\" id=\"nav-11--ans-pieper5516\" data-nav-heading-mobile=\"11. Ans Pieper\">\n\t11. Ans Pieper<\/h1>  <\/div>\n  <div class=\"block-person-hero__subheading\">\n\t<h2 class=\"heading heading__align--left heading__color--black heading__size--larger heading__font--sans heading__weight--bold\" id=\"nav-zevenaar3372\" data-nav-heading-mobile=\"Zevenaar\">\n\tZevenaar<\/h2>  <\/div>\n  <div class=\"block-person-hero__image\">\n\t<img loading=\"lazy\" decoding=\"async\" width=\"682\" height=\"1024\" src=\"https:\/\/d66.nl\/zevenaar\/wp-content\/uploads\/sites\/103\/2026\/01\/W4A0715-Large-682x1024.jpeg\" class=\"image block-person-hero__img\" alt=\"\" \/>\n\t\t\t<div class=\"image__caption-wrapper block-person-hero__caption-wrapper\">\n\t\t\t<div class=\"image__caption block-person-hero__caption\">\n\t\t\t\t<p class=\"paragraph paragraph__align--left paragraph__color--black paragraph__size--small paragraph__weight--medium\">\n\t\t<b>Ans Pieper<\/b> <i>&#045;<\/i> Beeld: Guido Pelgrim\t<\/p>\t\t\t<\/div>\n\t\t<\/div>  <\/div>\n  <div class=\"block-person-hero__content\">\n\t<p class=\"paragraph paragraph__align--left paragraph__color--black paragraph__size--big\">\n\t\tAns Pieper is sinds 1981 lid van D66. Het boek\u00a0<em>Naar zeventien zetels en terug<\/em>\u00a0van Jan Terlouw overtuigde haar destijds om zich aan te sluiten bij de partij. Van 1994 tot 1998 was zij raadslid in Zevenaar. Zij is op de Radboud Universiteit afgestudeerd in Interdisciplinaire Onderwijskunde en nam daarom onderwijs, beroep en bezwaarschriften in haar portefeuille. Ook was zij namens Zevenaar bestuurslid van de regionale schooladviesdienst. Ans komt uit een CDA-omgeving, maar koos bewust voor D66 omdat het sociaal-liberale gedachtegoed beter bij haar past. Diversiteit en inclusie vindt zij belangrijk. Met haar plek op de kandidatenlijst wil zij bijdragen aan de herkenbaarheid van de waarden waar D66 van oudsher voor staat.\t<\/p>  <\/div>\n<\/section>\n\t  <\/div>\n\t<\/div>\n  <\/div>\n\n\n<div\n  id=\"\"\n  class=\"wrapper  wrapper__spacing-bottom-large--110 wrapper__spacing-bottom-desktop--70 wrapper__spacing-bottom-mobile--30  wrapper__gutter--none\"\n  data-background-color=\"yellow\">\n  \t<div class=\"wrapper__container wrapper__container-width-large--default\">\n\t  <div class=\"wrapper__inner wrapper__width-large--22 wrapper__width-desktop--24 wrapper__width-mobile--24 wrapper__offset-large--1 wrapper__offset-desktop--0 wrapper__offset-mobile--0\">\n\t\t<section class=\"block-person-hero\">\n  <div class=\"block-person-hero__heading\">\n\t<h1 class=\"heading heading__align--left heading__color--black heading__size--giant  heading__weight--bold\" id=\"nav-12--jelle-de-rooij4038\" data-nav-heading-mobile=\"12. Jelle de Rooij\">\n\t12. Jelle de Rooij<\/h1>  <\/div>\n  <div class=\"block-person-hero__subheading\">\n\t<h2 class=\"heading heading__align--left heading__color--black heading__size--larger heading__font--sans heading__weight--bold\" id=\"nav-giesbeek37\" data-nav-heading-mobile=\"Giesbeek\">\n\tGiesbeek<\/h2>  <\/div>\n  <div class=\"block-person-hero__image\">\n\t<img loading=\"lazy\" decoding=\"async\" width=\"683\" height=\"1024\" src=\"https:\/\/d66.nl\/zevenaar\/wp-content\/uploads\/sites\/103\/2026\/01\/W4A0923-1-683x1024.jpg\" class=\"image block-person-hero__img\" alt=\"\" \/>\n\t\t\t<div class=\"image__caption-wrapper block-person-hero__caption-wrapper\">\n\t\t\t<div class=\"image__caption block-person-hero__caption\">\n\t\t\t\t<p class=\"paragraph paragraph__align--left paragraph__color--black paragraph__size--small paragraph__weight--medium\">\n\t\tBeeld: Guido Pelgrim\t<\/p>\t\t\t<\/div>\n\t\t<\/div>  <\/div>\n  <div class=\"block-person-hero__content\">\n\t<p class=\"paragraph paragraph__align--left paragraph__color--black paragraph__size--big\">\n\t\tJelle de Rooij verhuisde in 2020 vanuit Duiven naar Giesbeek, waar hij met veel plezier woont. Hij werkt als ontwerper bij een educatieve uitgeverij voor het primair onderwijs. Het gedachtegoed van D66 sluit het beste aan bij zijn idee\u00ebn over hoe je een open en toegankelijke samenleving vormgeeft. Jelle vindt actief burgerschap belangrijk en ziet dat de wereld soms onnodig complex wordt gemaakt met regels en procedures. Zeker voor mensen die minder kansrijk zijn, kan het lastig zijn om je weg te vinden. Daar ligt volgens hem een duidelijke taak voor de politiek: helder, eerlijk en menselijk bestuur. Vanuit die betrokkenheid zet hij zich in voor D66 Zevenaar.\t<\/p>  <\/div>\n<\/section>\n\t  <\/div>\n\t<\/div>\n  <\/div>\n\n\n<div\n  id=\"\"\n  class=\"wrapper  wrapper__spacing-bottom-large--110 wrapper__spacing-bottom-desktop--70 wrapper__spacing-bottom-mobile--30  wrapper__gutter--none\"\n  data-background-color=\"yellow\">\n  \t<div class=\"wrapper__container wrapper__container-width-large--default\">\n\t  <div class=\"wrapper__inner wrapper__width-large--22 wrapper__width-desktop--24 wrapper__width-mobile--24 wrapper__offset-large--1 wrapper__offset-desktop--0 wrapper__offset-mobile--0\">\n\t\t<section class=\"block-person-hero\">\n  <div class=\"block-person-hero__heading\">\n\t<h1 class=\"heading heading__align--left heading__color--black heading__size--giant  heading__weight--bold\" id=\"nav-13--jesse-opdam8666\" data-nav-heading-mobile=\"13. Jesse Opdam\">\n\t13. Jesse Opdam<\/h1>  <\/div>\n  <div class=\"block-person-hero__subheading\">\n\t<h2 class=\"heading heading__align--left heading__color--black heading__size--larger heading__font--sans heading__weight--bold\" id=\"nav-nijmegen1103\" data-nav-heading-mobile=\"Nijmegen\">\n\tNijmegen<\/h2>  <\/div>\n  <div class=\"block-person-hero__image\">\n\t<img loading=\"lazy\" decoding=\"async\" width=\"689\" height=\"1024\" src=\"https:\/\/d66.nl\/zevenaar\/wp-content\/uploads\/sites\/103\/2026\/01\/W4A0969-689x1024.jpg\" class=\"image block-person-hero__img\" alt=\"\" \/>\n\t\t\t<div class=\"image__caption-wrapper block-person-hero__caption-wrapper\">\n\t\t\t<div class=\"image__caption block-person-hero__caption\">\n\t\t\t\t<p class=\"paragraph paragraph__align--left paragraph__color--black paragraph__size--small paragraph__weight--medium\">\n\t\t<b>Jesse Opdam<\/b> <i>&#045;<\/i> Beeld: Guido Pelgrim\t<\/p>\t\t\t<\/div>\n\t\t<\/div>  <\/div>\n  <div class=\"block-person-hero__content\">\n\t<p class=\"paragraph paragraph__align--left paragraph__color--black paragraph__size--big\">\n\t\tJesse Opdam vertegenwoordigt een jonge generatie binnen de lokale politiek. Hij is opgegroeid in Herwen en is masterstudent International Relations aan de Radboud Universiteit. Binnen D66 was hij actief als fractievolger en commissielid Ruimte, totdat hij op kamers ging, want dan moet je de Zevenaarse gemeentepolitiek verlaten. Jesse is onze steunpilaar als penningmeester van het lokale afdelingsbestuur en als campagneleider voor D66 Zevenaar. In D66 herkent Jesse de combinatie van vrijheid en solidariteit: ruimte om jezelf te zijn, met ondersteuning wanneer dat nodig is. Vanuit die overtuiging richt hij zich op participatie en inspraak, met bijzondere aandacht voor jongeren en duurzaamheid.\t<\/p>  <\/div>\n<\/section>\n\t  <\/div>\n\t<\/div>\n  <\/div>\n\n\n<div\n  id=\"\"\n  class=\"wrapper  wrapper__spacing-bottom-large--110 wrapper__spacing-bottom-desktop--70 wrapper__spacing-bottom-mobile--30  wrapper__gutter--none\"\n  data-background-color=\"yellow\">\n  \t<div class=\"wrapper__container wrapper__container-width-large--default\">\n\t  <div class=\"wrapper__inner wrapper__width-large--22 wrapper__width-desktop--24 wrapper__width-mobile--24 wrapper__offset-large--1 wrapper__offset-desktop--0 wrapper__offset-mobile--0\">\n\t\t<section class=\"block-person-hero\">\n  <div class=\"block-person-hero__heading\">\n\t<h1 class=\"heading heading__align--left heading__color--black heading__size--giant  heading__weight--bold\" id=\"nav-14--bert-ravelli-9134\" data-nav-heading-mobile=\"14. Bert Ravelli\">\n\t14. Bert Ravelli <\/h1>  <\/div>\n  <div class=\"block-person-hero__subheading\">\n\t<h2 class=\"heading heading__align--left heading__color--black heading__size--larger heading__font--sans heading__weight--bold\" id=\"nav-lathum-9507\" data-nav-heading-mobile=\"Lathum\">\n\tLathum <\/h2>  <\/div>\n  <div class=\"block-person-hero__image\">\n\t<img loading=\"lazy\" decoding=\"async\" width=\"683\" height=\"1024\" src=\"https:\/\/d66.nl\/zevenaar\/wp-content\/uploads\/sites\/103\/2026\/01\/IMG_5342-683x1024.jpeg\" class=\"image block-person-hero__img\" alt=\"\" \/>\n\t\t\t<div class=\"image__caption-wrapper block-person-hero__caption-wrapper\">\n\t\t\t<div class=\"image__caption block-person-hero__caption\">\n\t\t\t\t<p class=\"paragraph paragraph__align--left paragraph__color--black paragraph__size--small paragraph__weight--medium\">\n\t\t<b>Bert Ravelli<\/b> <i>&#045;<\/i> Beeld: D66 Zevenaar\t<\/p>\t\t\t<\/div>\n\t\t<\/div>  <\/div>\n  <div class=\"block-person-hero__content\">\n\t<p class=\"paragraph paragraph__align--left paragraph__color--black paragraph__size--big\">\n\t\tBert woont op het mooie Riverparc (Lathum) en is actief in de buurtraad en de Stichting Waterveiligheid. Zeg je klimaat, dan zeg je Bert. Hij is strategisch adviseur over klimaatverandering. Bij de Provincie Gelderland werkte hij aan een nationaal programma voor natuurvriendelijke landbouw. Dus minder uitstoot \u00e9n een duurzame bedrijfsvoering voor boeren in balans met de natuur. Bert is internationaal geori\u00ebnteerd, want het milieu houdt niet op bij de grens. Hij steunt de kieslijst van D66 Zevenaar: politiek moet je do\u00e9n!\t<\/p>  <\/div>\n<\/section>\n\t  <\/div>\n\t<\/div>\n  <\/div>\n\n\n<div\n  id=\"\"\n  class=\"wrapper  wrapper__spacing-bottom-large--110 wrapper__spacing-bottom-desktop--70 wrapper__spacing-bottom-mobile--30  wrapper__gutter--none\"\n  data-background-color=\"yellow\">\n  \t<div class=\"wrapper__container wrapper__container-width-large--default\">\n\t  <div class=\"wrapper__inner wrapper__width-large--22 wrapper__width-desktop--24 wrapper__width-mobile--24 wrapper__offset-large--1 wrapper__offset-desktop--0 wrapper__offset-mobile--0\">\n\t\t<section class=\"block-person-hero\">\n  <div class=\"block-person-hero__heading\">\n\t<h1 class=\"heading heading__align--left heading__color--black heading__size--giant  heading__weight--bold\" id=\"nav-15--jacqueline-vernooij6643\" data-nav-heading-mobile=\"15. Jacqueline Vernooij\">\n\t15. Jacqueline Vernooij<\/h1>  <\/div>\n  <div class=\"block-person-hero__subheading\">\n\t<h2 class=\"heading heading__align--left heading__color--black heading__size--larger heading__font--sans heading__weight--bold\" id=\"nav-lathum7011\" data-nav-heading-mobile=\"Lathum\">\n\tLathum<\/h2>  <\/div>\n  <div class=\"block-person-hero__image\">\n\t<img loading=\"lazy\" decoding=\"async\" width=\"683\" height=\"1024\" src=\"https:\/\/d66.nl\/zevenaar\/wp-content\/uploads\/sites\/103\/2026\/01\/W4A0563-683x1024.jpg\" class=\"image block-person-hero__img\" alt=\"\" \/>\n\t\t\t<div class=\"image__caption-wrapper block-person-hero__caption-wrapper\">\n\t\t\t<div class=\"image__caption block-person-hero__caption\">\n\t\t\t\t<p class=\"paragraph paragraph__align--left paragraph__color--black paragraph__size--small paragraph__weight--medium\">\n\t\tBeeld: Guido Pelgrim\t<\/p>\t\t\t<\/div>\n\t\t<\/div>  <\/div>\n  <div class=\"block-person-hero__content\">\n\t<p class=\"paragraph paragraph__align--left paragraph__color--black paragraph__size--big\">\n\t\tJacqueline Vernooij herkent zich in de manier waarop D66 naar maatschappelijke vraagstukken kijkt: nuchter, inhoudelijk en met oog voor de gevolgen voor mensen. Dat ziet zij onder andere terug in het belang dat de partij hecht aan onderwijs, kennis en wetenschap. Daarom vindt zij het belangrijk dat D66 goed vertegenwoordigd is in de gemeenteraad en staat zij op de kandidatenlijst om haar steun te laten zien. Jacqueline woont in Lathum en is sinds 2004 lid van D66. In haar dagelijks werk is zij anesthesioloog in het Rijnstate Ziekenhuis.\t<\/p>  <\/div>\n<\/section>\n\t  <\/div>\n\t<\/div>\n  <\/div>\n\n\n<div\n  id=\"\"\n  class=\"wrapper  wrapper__spacing-bottom-large--110 wrapper__spacing-bottom-desktop--70 wrapper__spacing-bottom-mobile--30  wrapper__gutter--none\"\n  data-background-color=\"yellow\">\n  \t<div class=\"wrapper__container wrapper__container-width-large--default\">\n\t  <div class=\"wrapper__inner wrapper__width-large--22 wrapper__width-desktop--24 wrapper__width-mobile--24 wrapper__offset-large--1 wrapper__offset-desktop--0 wrapper__offset-mobile--0\">\n\t\t<section class=\"block-person-hero\">\n  <div class=\"block-person-hero__heading\">\n\t<h1 class=\"heading heading__align--left heading__color--black heading__size--giant  heading__weight--bold\" id=\"nav-16--suse-opdam9930\" data-nav-heading-mobile=\"16. Suse Opdam\">\n\t16. Suse Opdam<\/h1>  <\/div>\n  <div class=\"block-person-hero__subheading\">\n\t<h2 class=\"heading heading__align--left heading__color--black heading__size--larger heading__font--sans heading__weight--bold\" id=\"nav-herwen5380\" data-nav-heading-mobile=\"Herwen\">\n\tHerwen<\/h2>  <\/div>\n  <div class=\"block-person-hero__image\">\n\t<img loading=\"lazy\" decoding=\"async\" width=\"683\" height=\"1024\" src=\"https:\/\/d66.nl\/zevenaar\/wp-content\/uploads\/sites\/103\/2026\/01\/1-683x1024.jpeg\" class=\"image block-person-hero__img\" alt=\"\" \/>\n\t\t\t<div class=\"image__caption-wrapper block-person-hero__caption-wrapper\">\n\t\t\t<div class=\"image__caption block-person-hero__caption\">\n\t\t\t\t<p class=\"paragraph paragraph__align--left paragraph__color--black paragraph__size--small paragraph__weight--medium\">\n\t\t<b>Suse Opdam<\/b> <i>&#045;<\/i> Beeld: D66 Zevenaar\t<\/p>\t\t\t<\/div>\n\t\t<\/div>  <\/div>\n  <div class=\"block-person-hero__content\">\n\t<p class=\"paragraph paragraph__align--left paragraph__color--black paragraph__size--big\">\n\t\t<strong>Suse Opdam, geboren en getogen in Herwen, is de jongste kandidaat op onze kandidatenlijst. In haar dagelijks leven geniet ze van haar tussenjaar na het behalen van haar Havodiploma en wil volgend jaar Rechten studeren aan de HAN. Suse gelooft in een open en inclusieve samenleving, waarin samenhang en samenwerking centraal staan. Voor haar staat D66 voor een democratie waarin iedereen kan meedenken en meebeslissen, zij vindt het belangrijk dat ook jongeren zoals zij een stem hebben in de keuzes die onze toekomst bepalen. Suse vindt dat onze gemeente een veilige omgeving moet zijn waar iedereen zich welkom en gerespecteerd voelt, ongeacht achtergrond, seksuele ori\u00ebntatie of genderidentiteit. Een plek waar \u00ededereen zijn plek mag en kan vinden!<\/strong>\t<\/p>  <\/div>\n<\/section>\n\t  <\/div>\n\t<\/div>\n  <\/div>\n\n\n<div\n  id=\"\"\n  class=\"wrapper  wrapper__spacing-bottom-large--110 wrapper__spacing-bottom-desktop--70 wrapper__spacing-bottom-mobile--30  wrapper__gutter--none\"\n  data-background-color=\"yellow\">\n  \t<div class=\"wrapper__container wrapper__container-width-large--default\">\n\t  <div class=\"wrapper__inner wrapper__width-large--22 wrapper__width-desktop--24 wrapper__width-mobile--24 wrapper__offset-large--1 wrapper__offset-desktop--0 wrapper__offset-mobile--0\">\n\t\t<section class=\"block-person-hero\">\n  <div class=\"block-person-hero__heading\">\n\t<h1 class=\"heading heading__align--left heading__color--black heading__size--giant  heading__weight--bold\" id=\"nav-17--egbert-roosma4121\" data-nav-heading-mobile=\"17. Egbert Roosma\">\n\t17. Egbert Roosma<\/h1>  <\/div>\n  <div class=\"block-person-hero__subheading\">\n\t<h2 class=\"heading heading__align--left heading__color--black heading__size--larger heading__font--sans heading__weight--bold\" id=\"nav-zevenaar4545\" data-nav-heading-mobile=\"Zevenaar\">\n\tZevenaar<\/h2>  <\/div>\n  <div class=\"block-person-hero__image\">\n\t<img loading=\"lazy\" decoding=\"async\" width=\"683\" height=\"1024\" src=\"https:\/\/d66.nl\/zevenaar\/wp-content\/uploads\/sites\/103\/2026\/01\/W4A0453-683x1024.jpeg\" class=\"image block-person-hero__img\" alt=\"\" \/>\n\t\t\t<div class=\"image__caption-wrapper block-person-hero__caption-wrapper\">\n\t\t\t<div class=\"image__caption block-person-hero__caption\">\n\t\t\t\t<p class=\"paragraph paragraph__align--left paragraph__color--black paragraph__size--small paragraph__weight--medium\">\n\t\t<b>Egbert Roosma<\/b> <i>&#045;<\/i> Beeld: Guido Pelgrim\t<\/p>\t\t\t<\/div>\n\t\t<\/div>  <\/div>\n  <div class=\"block-person-hero__content\">\n\t<p class=\"paragraph paragraph__align--left paragraph__color--black paragraph__size--big\">\n\t\tEgbert Roosma kijkt vanuit een lange levensloop naar politiek en samenleving. Hij woont al vijftig jaar in Zevenaar. Egbert is geboren in Friesland en groeide op in Amersfoort. Tot zijn zestigste werkte hij als civiel ingenieur.\u00a0Erna raakte hij gegrepen door de filosofie, waarin hij in 2004 afstudeerde.<br>Egbert is een sociaal-politiek filosoof en zorgde in eerdere raadsperiodes voor coaching van de fractie. Hij is actief lid van het Humanistisch Verbond en verzorgt nu nog steeds lezingen en cursussen op het gebied van sociaal-politieke filosofie. In het sociaal-liberale gedachtegoed van D66 herkent hij het belang van een sterke democratische rechtsstaat, ruimte voor kritisch denken en het wegen van morele keuzes. Ed is altijd actief tijdens de campagne.\u00a0\t<\/p>  <\/div>\n<\/section>\n\t  <\/div>\n\t<\/div>\n  <\/div>\n","protected":false},"excerpt":{"rendered":"","protected":false},"author":1496,"featured_media":0,"parent":0,"menu_order":0,"comment_status":"closed","ping_status":"closed","template":"full-width.php","meta":{"_acf_changed":false,"footnotes":""},"themes-or-point-of-view":[],"labels":[],"search-tags":[],"class_list":["post-1283","page","type-page","status-publish","hentry"],"acf":[],"yoast_head":"<!-- This site is optimized with the Yoast SEO plugin v27.3 - https:\/\/yoast.com\/product\/yoast-seo-wordpress\/ -->\n<title>D66 Zevenaar &#8212; Kandidaten GR2026<\/title>\n<meta name=\"robots\" content=\"index, follow, max-snippet:-1, max-image-preview:large, max-video-preview:-1\" \/>\n<link rel=\"canonical\" href=\"https:\/\/d66.nl\/zevenaar\/kandidaten-gr2026\/\" \/>\n<meta property=\"og:locale\" content=\"nl_NL\" \/>\n<meta property=\"og:type\" content=\"article\" \/>\n<meta property=\"og:title\" content=\"D66 Zevenaar &#8212; Kandidaten GR2026\" \/>\n<meta property=\"og:url\" content=\"https:\/\/d66.nl\/zevenaar\/kandidaten-gr2026\/\" \/>\n<meta property=\"og:site_name\" content=\"D66 Zevenaar\" \/>\n<meta property=\"article:modified_time\" content=\"2026-02-07T18:46:20+00:00\" \/>\n<meta name=\"twitter:card\" content=\"summary_large_image\" \/>\n<script type=\"application\/ld+json\" class=\"yoast-schema-graph\">{\"@context\":\"https:\\\/\\\/schema.org\",\"@graph\":[{\"@type\":\"WebPage\",\"@id\":\"https:\\\/\\\/d66.nl\\\/zevenaar\\\/kandidaten-gr2026\\\/\",\"url\":\"https:\\\/\\\/d66.nl\\\/zevenaar\\\/kandidaten-gr2026\\\/\",\"name\":\"D66 Zevenaar &#8212; Kandidaten GR2026\",\"isPartOf\":{\"@id\":\"https:\\\/\\\/d66.nl\\\/zevenaar\\\/#website\"},\"datePublished\":\"2026-01-11T13:57:09+00:00\",\"dateModified\":\"2026-02-07T18:46:20+00:00\",\"breadcrumb\":{\"@id\":\"https:\\\/\\\/d66.nl\\\/zevenaar\\\/kandidaten-gr2026\\\/#breadcrumb\"},\"inLanguage\":\"nl-NL\",\"potentialAction\":[{\"@type\":\"ReadAction\",\"target\":[\"https:\\\/\\\/d66.nl\\\/zevenaar\\\/kandidaten-gr2026\\\/\"]}]},{\"@type\":\"BreadcrumbList\",\"@id\":\"https:\\\/\\\/d66.nl\\\/zevenaar\\\/kandidaten-gr2026\\\/#breadcrumb\",\"itemListElement\":[{\"@type\":\"ListItem\",\"position\":1,\"name\":\"Home\",\"item\":\"https:\\\/\\\/d66.nl\\\/zevenaar\\\/\"},{\"@type\":\"ListItem\",\"position\":2,\"name\":\"Kandidaten GR2026\"}]},{\"@type\":\"WebSite\",\"@id\":\"https:\\\/\\\/d66.nl\\\/zevenaar\\\/#website\",\"url\":\"https:\\\/\\\/d66.nl\\\/zevenaar\\\/\",\"name\":\"D66 Zevenaar\",\"description\":\"Just another D66 Sites site\",\"publisher\":{\"@id\":\"https:\\\/\\\/d66.nl\\\/zevenaar\\\/#organization\"},\"potentialAction\":[{\"@type\":\"SearchAction\",\"target\":{\"@type\":\"EntryPoint\",\"urlTemplate\":\"https:\\\/\\\/d66.nl\\\/zevenaar\\\/?s={search_term_string}\"},\"query-input\":{\"@type\":\"PropertyValueSpecification\",\"valueRequired\":true,\"valueName\":\"search_term_string\"}}],\"inLanguage\":\"nl-NL\"},{\"@type\":\"Organization\",\"@id\":\"https:\\\/\\\/d66.nl\\\/zevenaar\\\/#organization\",\"name\":\"D66\",\"url\":\"https:\\\/\\\/d66.nl\\\/zevenaar\\\/\",\"logo\":{\"@type\":\"ImageObject\",\"inLanguage\":\"nl-NL\",\"@id\":\"https:\\\/\\\/d66.nl\\\/zevenaar\\\/#\\\/schema\\\/logo\\\/image\\\/\",\"url\":\"https:\\\/\\\/d66.nl\\\/zevenaar\\\/wp-content\\\/uploads\\\/sites\\\/2\\\/2021\\\/10\\\/d66-themas-algemeen-og.png\",\"contentUrl\":\"https:\\\/\\\/d66.nl\\\/zevenaar\\\/wp-content\\\/uploads\\\/sites\\\/2\\\/2021\\\/10\\\/d66-themas-algemeen-og.png\",\"width\":1200,\"height\":628,\"caption\":\"D66\"},\"image\":{\"@id\":\"https:\\\/\\\/d66.nl\\\/zevenaar\\\/#\\\/schema\\\/logo\\\/image\\\/\"}}]}<\/script>\n<!-- \/ Yoast SEO plugin. -->","yoast_head_json":{"title":"D66 Zevenaar &#8212; Kandidaten GR2026","robots":{"index":"index","follow":"follow","max-snippet":"max-snippet:-1","max-image-preview":"max-image-preview:large","max-video-preview":"max-video-preview:-1"},"canonical":"https:\/\/d66.nl\/zevenaar\/kandidaten-gr2026\/","og_locale":"nl_NL","og_type":"article","og_title":"D66 Zevenaar &#8212; Kandidaten GR2026","og_url":"https:\/\/d66.nl\/zevenaar\/kandidaten-gr2026\/","og_site_name":"D66 Zevenaar","article_modified_time":"2026-02-07T18:46:20+00:00","twitter_card":"summary_large_image","schema":{"@context":"https:\/\/schema.org","@graph":[{"@type":"WebPage","@id":"https:\/\/d66.nl\/zevenaar\/kandidaten-gr2026\/","url":"https:\/\/d66.nl\/zevenaar\/kandidaten-gr2026\/","name":"D66 Zevenaar &#8212; Kandidaten GR2026","isPartOf":{"@id":"https:\/\/d66.nl\/zevenaar\/#website"},"datePublished":"2026-01-11T13:57:09+00:00","dateModified":"2026-02-07T18:46:20+00:00","breadcrumb":{"@id":"https:\/\/d66.nl\/zevenaar\/kandidaten-gr2026\/#breadcrumb"},"inLanguage":"nl-NL","potentialAction":[{"@type":"ReadAction","target":["https:\/\/d66.nl\/zevenaar\/kandidaten-gr2026\/"]}]},{"@type":"BreadcrumbList","@id":"https:\/\/d66.nl\/zevenaar\/kandidaten-gr2026\/#breadcrumb","itemListElement":[{"@type":"ListItem","position":1,"name":"Home","item":"https:\/\/d66.nl\/zevenaar\/"},{"@type":"ListItem","position":2,"name":"Kandidaten GR2026"}]},{"@type":"WebSite","@id":"https:\/\/d66.nl\/zevenaar\/#website","url":"https:\/\/d66.nl\/zevenaar\/","name":"D66 Zevenaar","description":"Just another D66 Sites site","publisher":{"@id":"https:\/\/d66.nl\/zevenaar\/#organization"},"potentialAction":[{"@type":"SearchAction","target":{"@type":"EntryPoint","urlTemplate":"https:\/\/d66.nl\/zevenaar\/?s={search_term_string}"},"query-input":{"@type":"PropertyValueSpecification","valueRequired":true,"valueName":"search_term_string"}}],"inLanguage":"nl-NL"},{"@type":"Organization","@id":"https:\/\/d66.nl\/zevenaar\/#organization","name":"D66","url":"https:\/\/d66.nl\/zevenaar\/","logo":{"@type":"ImageObject","inLanguage":"nl-NL","@id":"https:\/\/d66.nl\/zevenaar\/#\/schema\/logo\/image\/","url":"https:\/\/d66.nl\/zevenaar\/wp-content\/uploads\/sites\/2\/2021\/10\/d66-themas-algemeen-og.png","contentUrl":"https:\/\/d66.nl\/zevenaar\/wp-content\/uploads\/sites\/2\/2021\/10\/d66-themas-algemeen-og.png","width":1200,"height":628,"caption":"D66"},"image":{"@id":"https:\/\/d66.nl\/zevenaar\/#\/schema\/logo\/image\/"}}]}},"_links":{"self":[{"href":"https:\/\/d66.nl\/zevenaar\/wp-json\/wp\/v2\/pages\/1283","targetHints":{"allow":["GET"]}}],"collection":[{"href":"https:\/\/d66.nl\/zevenaar\/wp-json\/wp\/v2\/pages"}],"about":[{"href":"https:\/\/d66.nl\/zevenaar\/wp-json\/wp\/v2\/types\/page"}],"author":[{"embeddable":true,"href":"https:\/\/d66.nl\/zevenaar\/wp-json\/wp\/v2\/users\/1496"}],"replies":[{"embeddable":true,"href":"https:\/\/d66.nl\/zevenaar\/wp-json\/wp\/v2\/comments?post=1283"}],"version-history":[{"count":10,"href":"https:\/\/d66.nl\/zevenaar\/wp-json\/wp\/v2\/pages\/1283\/revisions"}],"predecessor-version":[{"id":1677,"href":"https:\/\/d66.nl\/zevenaar\/wp-json\/wp\/v2\/pages\/1283\/revisions\/1677"}],"wp:attachment":[{"href":"https:\/\/d66.nl\/zevenaar\/wp-json\/wp\/v2\/media?parent=1283"}],"wp:term":[{"taxonomy":"themes-or-point-of-view","embeddable":true,"href":"https:\/\/d66.nl\/zevenaar\/wp-json\/wp\/v2\/themes-or-point-of-view?post=1283"},{"taxonomy":"labels","embeddable":true,"href":"https:\/\/d66.nl\/zevenaar\/wp-json\/wp\/v2\/labels?post=1283"},{"taxonomy":"search-tags","embeddable":true,"href":"https:\/\/d66.nl\/zevenaar\/wp-json\/wp\/v2\/search-tags?post=1283"}],"curies":[{"name":"wp","href":"https:\/\/api.w.org\/{rel}","templated":true}]}}