{"id":172,"date":"2021-10-26T11:18:19","date_gmt":"2021-10-26T11:18:19","guid":{"rendered":"https:\/\/d66.nl\/westerkwartier\/?post_type=people-type&#038;p=172"},"modified":"2026-03-14T15:19:19","modified_gmt":"2026-03-14T15:19:19","slug":"rogier_vantland","status":"publish","type":"people-type","link":"https:\/\/d66.nl\/westerkwartier\/mensen\/rogier_vantland\/","title":{"rendered":"Rogier van &#8216;t Land"},"content":{"rendered":"<div\n  id=\"\"\n  class=\"wrapper  wrapper__spacing-bottom-large--50 wrapper__spacing-bottom-desktop--66 wrapper__spacing-bottom-mobile--76  wrapper__gutter--none\"\n  >\n  \t<div class=\"wrapper__container wrapper__container-width-large--default\">\n\t  <div class=\"wrapper__inner wrapper__width-large--14 wrapper__width-desktop--20 wrapper__width-mobile--24 wrapper__offset-large--6 wrapper__offset-desktop--4 wrapper__offset-mobile--0\">\n\t\t<h1 class=\"heading   heading__size--giant heading__font--serif heading__weight--regular  block-heading__heading\" id=\"nav-rogier-van--t-land8292\"  data-nav-heading-mobile=\"Rogier van &#039;t Land\" >\n\tRogier van &#8216;t Land<\/h1>\t  <\/div>\n\t<\/div>\n  <\/div>\n\n\n<div\n  id=\"\"\n  class=\"wrapper  wrapper__spacing-bottom-large--110 wrapper__spacing-bottom-desktop--60 wrapper__spacing-bottom-mobile--50  wrapper__gutter--none\"\n  >\n  \t<div class=\"wrapper__container wrapper__container-width-large--default\">\n\t  <div class=\"wrapper__inner wrapper__width-large--24 wrapper__width-mobile--24\">\n\t\t<section class=\"block-video\">\n\t<div\n\t\tclass=\"block-video__video-wrapper\"\n\t\tstyle=\"background-image: url('https:\/\/media.d66.nl\/uploads\/sites\/43\/2021\/10\/Rogier-van-t-Land-website-D66-Westerkwartier-scaled.jpg')\"\n\t>\n\t\t\t<\/div>\n\n\t\t\t<div class=\"block-video__caption-wrapper\">\n\t\t\t<div class=\"block-video__caption\">\n\t\t\t\t<p class=\"paragraph paragraph__align--left paragraph__color--black paragraph__size--small paragraph__weight--medium\">\n\t\t<b>Rogier van &#8216;t Land<\/b> <i>&#045;<\/i> Beeld: Fotograaf: Erik Slot\t<\/p>\t\t\t<\/div>\n\t\t<\/div>\n\t\n<\/section>\n\n\t  <\/div>\n\t<\/div>\n  <\/div>\n\n\n<div\n  id=\"\"\n  class=\"wrapper  wrapper__spacing-bottom-large--50 wrapper__spacing-bottom-desktop--70 wrapper__spacing-bottom-mobile--50  wrapper__gutter--none\"\n  >\n  \t<div class=\"wrapper__container wrapper__container-width-large--default\">\n\t  <div class=\"wrapper__inner wrapper__width-large--18 wrapper__width-desktop--22 wrapper__width-mobile--24 wrapper__offset-large--6 wrapper__offset-desktop--2 wrapper__offset-mobile--0\">\n\t\t<section class=\"block-people-introduction\">\n\t<div class=\"block-people-introduction__content\">\n\t\t<p class=\"paragraph paragraph__align--left paragraph__color--black paragraph__size--big\">\n\t\tFractievoorzitter D66-Westerkwartier\t<\/p><section class=\"people-bullet-point-card block-people-introduction__people-bullet-point-card\" style=\"--bg-color: var(--global-colors-macaroni)\">\n\t<div class=\"people-bullet-point-card__wrapper\">\n\t\t<div class=\"people-bullet-point-card__title\">\n\t\t\t<h2 class=\"heading    heading__font--sans heading__weight--bold\" id=\"nav-over-rogier3388\" data-nav-heading-mobile=\"Over Rogier\">\n\tOver Rogier<\/h2>\t\t\t<div aria-hidden=\"true\" class=\"people-bullet-point-card__border\"><\/div>\n\t\t<\/div>\n\t\t<div class=\"people-bullet-point-card__info\">\n\t\t\t<ul class=\"lists\">\n\t\t\t\t<li><label>Leeftijd<\/label><span>51 jaar<\/span><\/li>\t\t\t\t<li><label>Geboorteplaats<\/label><span>Groningen<\/span><\/li>\t\t\t\t<li><label>Woonplaats<\/label><span>Aduard<\/span><\/li>\t\t\t\t\t\t\t<\/ul>\n\t\t\t\t\t<\/div>\n\t\t\t\t\t<div class=\"people-bullet-point-card__email\">\n\t\t\t\t<span>\n\t\t\t\t\tStuur Rogier een <a href=\"mailto:rogier.vantland@raad.westerkwartier.nl\">e-mail<\/a>\t\t\t\t<\/span>\n\t\t\t<\/div>\n\t\t\n\t\t\t\t\t<div aria-hidden=\"true\" class=\"people-bullet-point-card__border\"><\/div>\n\t\t\t<div class=\"people-bullet-point-card__socialmedia\">\n\t\t\t\t<ul class=\"people-bullet-point-card__sm_panel\"><li><a href=\"https:\/\/instagram.com\/d66_insta\" target=\"_blank\">Ig<\/a><\/li><li><a href=\"https:\/\/twitter.com\/d66\" target=\"_blank\">Tw<\/a><\/li><\/ul>\t\t\t<\/div>\n\t\t\n\t\t\t<\/div>\n<\/section><p class=\"paragraph paragraph__align--left paragraph__color--black paragraph__size--default\">\n\t\tSinds 2019 ben ik fractievoorzitter namens D66 Westerkwartier.\u00a0Daarnaast zet ik mij als lijsttrekker voor D66 Westerkwartier in om, samen met de andere kandidaten op de kieslijst, D66 zo goed mogelijk naar de gemeenteraadsverkiezingen in 2026 te brengen. Ik geloof in onze partijboodschap en zet mij graag in om dit geluid via de campagne en verkiezingen zo goed mogelijk naar de volgende raadsperiode te brengen.\t<\/p><div class=\"content-accordion js-content-accordion\" data-accordion-opened=\"0\">\n\n\t\t\t<div aria-hidden=\"true\" class=\"content-accordion__border\"><\/div>\n\t\n\t<button id=\"content-accordion-trigger-445053419\" class=\"content-accordion__trigger js-content-accordion-trigger\" aria-label=\"Expertises (portefeuilles)\" aria-controls>\n\t\t<div class=\"content-accordion__heading\">\n\t\t\t<h3 class=\"heading   heading__size--medium heading__font--sans heading__weight--bold\" id=\"nav-expertises--portefeuilles-8008\">\n\tExpertises (portefeuilles)<\/h3>\t\t<\/div>\n\t\t<div class=\"content-accordion__icon\" aria-hidden=\"true\"><\/div>\n\t<\/button>\n\n\t<section id=\"content-accordion-panel-445053419\" class=\"content-accordion__panel js-content-accordion-panel\" aria-hidden=\"true\" aria-labelledby=\"content-accordion-trigger-445053419\">\n\t\t<div class=\"content-accordion__content-wrapper\">\n\t\t\t<div class=\"content-accordion__description\">\n\t\t\t\tWettelijke taken<br \/>\r\nSamenhang beleid<br \/>\r\nWerkgeverschap gemeente<br \/>\r\nDienstverlening<br \/>\r\nJuridische Zaken<br \/>\r\nDigitalisering, privacy &amp; ICT<br \/>\r\nOpenbare orde en veiligheid<br \/>\r\nPositionering en internationalisatie<br \/>\r\nCommunicatie (gemeentelijk)<br \/>\r\nFinanci\u00ebn<br \/>\r\nGrondbeleid<br \/>\r\nVastgoed<br \/>\r\nWMO<br \/>\r\nWelzijn<br \/>\r\nOuderen<br \/>\r\nPlattelandsbeleid, natuur en landschap<br \/>\r\nDierenwelzijn<br \/>\r\nBeheer openbare ruimte<br \/>\r\nVergunningen, toezicht en handhaving<br \/>\r\nInfrastructuur en mobiliteit, incl. publiek vervoer<br \/>\r\nSport<br \/>\r\nGezondheid<br \/>\r\n\t\t\t<\/div>\n\t\t<\/div>\n\t<\/section>\n\t<div aria-hidden=\"true\" class=\"content-accordion__border\"><\/div>\n<\/div><div class=\"content-accordion js-content-accordion\" data-accordion-opened=\"0\">\n\n\t\n\t<button id=\"content-accordion-trigger-3984859552\" class=\"content-accordion__trigger js-content-accordion-trigger\" aria-label=\"Functie historie\" aria-controls>\n\t\t<div class=\"content-accordion__heading\">\n\t\t\t<h3 class=\"heading   heading__size--medium heading__font--sans heading__weight--bold\" id=\"nav-functie-historie1415\">\n\tFunctie historie<\/h3>\t\t<\/div>\n\t\t<div class=\"content-accordion__icon\" aria-hidden=\"true\"><\/div>\n\t<\/button>\n\n\t<section id=\"content-accordion-panel-3984859552\" class=\"content-accordion__panel js-content-accordion-panel\" aria-hidden=\"true\" aria-labelledby=\"content-accordion-trigger-3984859552\">\n\t\t<div class=\"content-accordion__content-wrapper\">\n\t\t\t<div class=\"content-accordion__description\">\n\t\t\t\t<ul class=\"content-accordion lists content-accordion__lists lists__weight--medium lists__color--black lists__type--default\"><li><label>2019-heden<\/label><span>Fractievoorzitter<\/span><\/li><li><label>2019-heden<\/label><span>Gemeenteraadslid<\/span><\/li><\/ul>\t\t\t<\/div>\n\t\t<\/div>\n\t<\/section>\n\t<div aria-hidden=\"true\" class=\"content-accordion__border\"><\/div>\n<\/div>\t<\/div>\n<\/section>\n\t  <\/div>\n\t<\/div>\n  <\/div>\n\n\n<div\n  id=\"\"\n  class=\"wrapper  wrapper__spacing-bottom-large--50 wrapper__spacing-bottom-desktop--70 wrapper__spacing-bottom-mobile--50  wrapper__gutter--none\"\n  >\n  \t<div class=\"wrapper__container wrapper__container-width-large--default\">\n\t  <div class=\"wrapper__inner wrapper__width-large--18 wrapper__width-desktop--22 wrapper__width-mobile--24 wrapper__offset-large--6 wrapper__offset-desktop--2 wrapper__offset-mobile--0\">\n\t\t<section class=\"block-post-content\">\n\t<div class=\"block-post-content__title\">\n\t\t<h3 class=\"heading  heading__color--black heading__size--medium heading__font--sans heading__weight--semiBold  block-post-content__heading\" id=\"nav-over-mezelf8316\" data-nav-heading-mobile=\"Over mezelf\">\n\tOver mezelf<\/h3>\t<\/div>\n\t<div class=\"block-post-content__content\">\n\t\t\n<div\n  id=\"\"\n  class=\"wrapper  wrapper__spacing-bottom-large--30 wrapper__spacing-bottom-desktop--20  wrapper__gutter--none\"\n  >\n  \t<div class=\"wrapper__container wrapper__container-width-large--default\">\n\t  <div class=\"wrapper__inner wrapper__width-large--24 wrapper__width-mobile--24\">\n\t\t<p\n\t\tclass=\"paragraph paragraph__align--left paragraph__color--black paragraph__size--default   block-paragraph__paragraph\"\n\t\t\t>\n\t\tSamen wonen, werken, en leven wij allen in Westerkwartier, in Groningen, Nederland en de wereld. Ik geloof in de kracht van onze samenleving, in onze inzet om zelf, maar ook samen, het morgen beter te hebben in deze wereld. Dat gaat niet vanzelf, zeker niet<br>als er zo veel speelt als op dit moment.<br><br>Dat wonen doe ik al een kwart eeuw in Westerkwartier, eerder in Niezijl en nu wonen we met ons gezin in het mooie Aduard. Sinds de herindeling waaruit Westerkwartier ontstond ben ik raadslid en fractievoorzitter namens D66 Westerkwartier. Als raadslid zit ik in een aantal raadscommissies en ben ik onderdeel van de Werkgeverscommissie. <br><br>Met een aantal raadsleden zetten wij ons al een aantal jaren in om Vooruitkijkspiegels te organiseren: minisymposia om de gemeenteraad, en zeker ook inwoners en andere organisaties, te stimuleren om verder vooruit te denken dan de dag van morgen en zo vandaag betere besluiten te nemen.<br><br>Naast mijn politieke functie ben ik ook werkzaam voor de Rijksuniversiteit Groningen, waar ik bijdraag aan het verbeteren van de informatievoorziening voor het onderdeel Campus &amp; Community. Tevens ben ik teamlead van een functioneel applicatiebeheer-team. Daarbij zijn innovatie en zingeving, maar ook praktische oplossingen, belangrijke ingredi\u00ebnten.\t<\/p>\t  <\/div>\n\t<\/div>\n  <\/div>\n\n\t<\/div>\n\n\t<div class=\"block-post-content__sidebar\">\n\t\t\n\t\t\n\t\t\t<\/div>\n<\/section>\n\t  <\/div>\n\t<\/div>\n  <\/div>\n\n\n<div\n  id=\"\"\n  class=\"wrapper  wrapper__spacing-bottom-large--50 wrapper__spacing-bottom-desktop--70 wrapper__spacing-bottom-mobile--50  wrapper__gutter--none\"\n  >\n  \t<div class=\"wrapper__container wrapper__container-width-large--default\">\n\t  <div class=\"wrapper__inner wrapper__width-large--18 wrapper__width-desktop--22 wrapper__width-mobile--24 wrapper__offset-large--6 wrapper__offset-desktop--2 wrapper__offset-mobile--0\">\n\t\t<section class=\"block-text-title\">\n\t<div class=\"block-text-title__title\">\n\t\t<h3 class=\"heading  heading__color--black heading__size--medium heading__font--sans heading__weight--semiBold  block-text-title__heading\" id=\"nav-politiek8663\" data-nav-heading-mobile=\"Politiek\">\n\tPolitiek<\/h3>\t<\/div>\n\t<div class=\"block-text-title__content\">\n\t\t<p class=\"paragraph paragraph__align--left paragraph__color--black paragraph__size--default\">\n\t\t&#8220;Het hebben van plichten is een recht.&#8221; <br><br>Dat is wat politicus en schrijver Jan Terlouw geloofde. Die plichten zaten in het nemen van maatschappelijke verantwoordelijkheid en het leveren van een bijdrage aan de samenleving. Voordat ik politiek actief werd was ik als bestuurslid lokaal actief in Dorpsbelangen Niezijl en later in Dorpsbelangen Aduard. Dit heb ik altijd met veel plezier gedaan en het is echt heel gaaf als je het voor elkaar krijgt dat initiatieven in je dorp succesvol worden.<br><br>De stap naar de politiek was geen hele grote. Vanuit Dorpsbelangen heb je best veel met een gemeente te maken en na vele jaren dorpsbelangen kriebelde het om aan de andere kant van de tafel te komen. De keuze voor D66 was voor mij een logische, en eigenlijk \u00e9\u00e9n die ik al twintig jaar eerder had gemaakt. Een keuze voor rechtvaardigheid en verantwoordelijkheid. En \u00e9\u00e9n die nog steeds past.<br><br>Ik zie D66 als een sociaal-liberale partij die staat voor een volhoudbare samenleving waar mensen eerlijke kansen krijgen en waar er ook aandacht is voor landschap, sport en cultuur. Lokaal zet ik mij in om vanuit diezelfde uitgangspunten te werken aan een Westerkwartier waar het goed vertoeven is. <br><br>Internationaal en nationaal heeft de politiek geworsteld met grote onderwerpen. En hoe harder men posities tegenover elkaar zocht, hoe slechter dat leek te gaan. Er kan veel meer bereikt worden als mensen bij elkaar komen, met respect proberen te begrijpen waarom mensen verschillend denken, en daarna samen te kijken waar je in je verschillen alsnog bij elkaar komt zodat je vooruitgang kan boeken. <br><br>Vanuit verschillende manieren van kijken naar een probleem kan je zo toch tot dezelfde oplossing komen. Dat is constructief bijdragen en werken aan vertrouwen. En vertrouwen komt niet vanzelf, kan je hoogstens gegund worden.<br><br>Graag geef ik samen met u vorm aan niet alleen onze gezamenlijke toekomst, maar ook aan de toekomst van hen die na ons wonen, werken en leven in dit mooie deel van Nederland. Dan kan het w\u00e8l!\t<\/p>\t<\/div>\n\n\t<div class=\"block-text-title__sidebar\">\n\t\t\n\t\t\n\t\t\t<\/div>\n<\/section>\n\t  <\/div>\n\t<\/div>\n  <\/div>\n\n\n<div\n  id=\"\"\n  class=\"wrapper  wrapper__spacing-bottom-large--110 wrapper__spacing-bottom-desktop--60 wrapper__spacing-bottom-mobile--50  wrapper__gutter--none\"\n  >\n  \t<div class=\"wrapper__container wrapper__container-width-large--default\">\n\t  <div class=\"wrapper__inner wrapper__width-large--24 wrapper__width-mobile--24\">\n\t\t<section class=\"block-video\">\n\t<div\n\t\tclass=\"block-video__video-wrapper\"\n\t\tstyle=\"background-image: url('https:\/\/media.d66.nl\/uploads\/sites\/43\/2026\/03\/WhatsApp-Image-2026-03-09-at-11.57.03.jpeg')\"\n\t>\n\t\t\t\t\t<div class=\"block-video__video-meta\">\n\t\t\t\t<button class=\"video-btn video-btn__style--no-thumbnail  js-play-button video-btn__color--white\" data-micromodal-trigger=\"video-modal998\" aria-label=\"Video afspelen\">\n  <span class=\"video-btn__play-button\"><\/span>\n<\/button>\t\t\t\t<div class=\"block-video__video-description\">\n\t\t\t\t\t<p class=\"paragraph paragraph__align--left paragraph__color--black paragraph__size--default paragraph__weight--medium\">\n\t\tKijk hier naar wat Rogier te zeggen heeft over een betrouwbare overheid\t<\/p>\t\t\t\t<\/div>\n\t\t\t<\/div>\n\t\t\t<\/div>\n\n\t\t\t<div class=\"block-video__caption-wrapper\">\n\t\t\t<div class=\"block-video__caption\">\n\t\t\t\t<p class=\"paragraph paragraph__align--left paragraph__color--black paragraph__size--small paragraph__weight--medium\">\n\t\t<b>Kristian Pronk, Rogier van &#8216;t Land<\/b> <i>&#045;<\/i> Beeld: D66 Westerkwartier\t<\/p>\t\t\t<\/div>\n\t\t<\/div>\n\t\n<\/section>\n\n<div id=\"video-modal998\" class=\"video-modal js-video-modal\" aria-hidden=\"true\">\n\n\t<div class=\"video-modal__overlay\" tabindex=\"-1\" data-micromodal-close>\n\n\t\t<div class=\"video-modal__dialog\" role=\"dialog\" aria-label=\"\">\n\n\t\t\t<header class=\"video-modal__header\">\n\t\t\t\t<div class=\"video-modal__header-container\">\n\t\t\t\t\t<button class=\"video-modal__close\" aria-label=\"Close modal\" data-micromodal-close><\/button>\n\t\t\t\t<\/div>\n\t\t\t<\/header>\n\n\t\t\t<section class=\"video-modal__content\" id=\"video-modal998-content\">\n\t\t\t\t<div class=\"responsive-embed\">\n\t\t\t\t\t<iframe loading=\"lazy\" title=\"Betrouwbare overheid\" width=\"500\" height=\"281\" src=\"https:\/\/www.youtube-nocookie.com\/embed\/X1fk884XRyU?feature=oembed&amp;enablejsapi=1\" frameborder=\"0\" allow=\"accelerometer; autoplay; clipboard-write; encrypted-media; gyroscope; picture-in-picture; web-share\" referrerpolicy=\"strict-origin-when-cross-origin\" allowfullscreen><\/iframe>\t\t\t\t<\/div>\n\t\t\t<\/section>\n\n\t\t\t<footer class=\"video-modal__footer\">\n\t\t\t\t<button class=\"video-modal__accessibility-button\" data-micromodal-close>\n\t\t\t\t\tSluit module\t\t\t\t<\/button>\n\t\t\t<\/footer>\n\n\t\t<\/div>\n\t<\/div>\n<\/div>\t  <\/div>\n\t<\/div>\n  <\/div>\n","protected":false},"author":575,"featured_media":959,"menu_order":0,"template":"","labels":[],"search-tags":[],"division-tags":[29],"class_list":["post-172","people-type","type-people-type","status-publish","has-post-thumbnail","hentry","division-tags-fractie-d66-westerkwartier"],"acf":[],"yoast_head":"<!-- This site is optimized with the Yoast SEO plugin v27.3 - https:\/\/yoast.com\/product\/yoast-seo-wordpress\/ -->\n<title>D66 Westerkwartier &#8212; Onze mensen<\/title>\n<meta name=\"robots\" content=\"index, follow, max-snippet:-1, max-image-preview:large, max-video-preview:-1\" \/>\n<link rel=\"canonical\" href=\"https:\/\/d66.nl\/westerkwartier\/mensen\/rogier_vantland\/\" \/>\n<meta property=\"og:locale\" content=\"nl_NL\" \/>\n<meta property=\"og:type\" content=\"article\" \/>\n<meta property=\"og:title\" content=\"D66 Westerkwartier &#8212; Onze mensen\" \/>\n<meta property=\"og:url\" content=\"https:\/\/d66.nl\/westerkwartier\/mensen\/rogier_vantland\/\" \/>\n<meta property=\"og:site_name\" content=\"D66 Westerkwartier\" \/>\n<meta property=\"article:modified_time\" content=\"2026-03-14T15:19:19+00:00\" \/>\n<meta property=\"og:image\" content=\"https:\/\/d66.nl\/westerkwartier\/wp-content\/uploads\/sites\/43\/2021\/10\/Rogier-van-t-Land-website-D66-Westerkwartier-scaled.jpg\" \/>\n\t<meta property=\"og:image:width\" content=\"2410\" \/>\n\t<meta property=\"og:image:height\" content=\"2560\" \/>\n\t<meta property=\"og:image:type\" content=\"image\/jpeg\" \/>\n<meta name=\"twitter:card\" content=\"summary_large_image\" \/>\n<meta name=\"twitter:label1\" content=\"Geschatte leestijd\" \/>\n\t<meta name=\"twitter:data1\" content=\"1 minuut\" \/>\n<script type=\"application\/ld+json\" class=\"yoast-schema-graph\">{\"@context\":\"https:\\\/\\\/schema.org\",\"@graph\":[{\"@type\":\"WebPage\",\"@id\":\"https:\\\/\\\/d66.nl\\\/westerkwartier\\\/mensen\\\/rogier_vantland\\\/\",\"url\":\"https:\\\/\\\/d66.nl\\\/westerkwartier\\\/mensen\\\/rogier_vantland\\\/\",\"name\":\"D66 Westerkwartier &#8212; Onze mensen\",\"isPartOf\":{\"@id\":\"https:\\\/\\\/d66.nl\\\/westerkwartier\\\/#website\"},\"primaryImageOfPage\":{\"@id\":\"https:\\\/\\\/d66.nl\\\/westerkwartier\\\/mensen\\\/rogier_vantland\\\/#primaryimage\"},\"image\":{\"@id\":\"https:\\\/\\\/d66.nl\\\/westerkwartier\\\/mensen\\\/rogier_vantland\\\/#primaryimage\"},\"thumbnailUrl\":\"https:\\\/\\\/d66.nl\\\/westerkwartier\\\/wp-content\\\/uploads\\\/sites\\\/43\\\/2021\\\/10\\\/Rogier-van-t-Land-website-D66-Westerkwartier-scaled.jpg\",\"datePublished\":\"2021-10-26T11:18:19+00:00\",\"dateModified\":\"2026-03-14T15:19:19+00:00\",\"breadcrumb\":{\"@id\":\"https:\\\/\\\/d66.nl\\\/westerkwartier\\\/mensen\\\/rogier_vantland\\\/#breadcrumb\"},\"inLanguage\":\"nl-NL\",\"potentialAction\":[{\"@type\":\"ReadAction\",\"target\":[\"https:\\\/\\\/d66.nl\\\/westerkwartier\\\/mensen\\\/rogier_vantland\\\/\"]}]},{\"@type\":\"ImageObject\",\"inLanguage\":\"nl-NL\",\"@id\":\"https:\\\/\\\/d66.nl\\\/westerkwartier\\\/mensen\\\/rogier_vantland\\\/#primaryimage\",\"url\":\"https:\\\/\\\/d66.nl\\\/westerkwartier\\\/wp-content\\\/uploads\\\/sites\\\/43\\\/2021\\\/10\\\/Rogier-van-t-Land-website-D66-Westerkwartier-scaled.jpg\",\"contentUrl\":\"https:\\\/\\\/d66.nl\\\/westerkwartier\\\/wp-content\\\/uploads\\\/sites\\\/43\\\/2021\\\/10\\\/Rogier-van-t-Land-website-D66-Westerkwartier-scaled.jpg\",\"width\":2410,\"height\":2560},{\"@type\":\"BreadcrumbList\",\"@id\":\"https:\\\/\\\/d66.nl\\\/westerkwartier\\\/mensen\\\/rogier_vantland\\\/#breadcrumb\",\"itemListElement\":[{\"@type\":\"ListItem\",\"position\":1,\"name\":\"Home\",\"item\":\"https:\\\/\\\/d66.nl\\\/westerkwartier\\\/\"},{\"@type\":\"ListItem\",\"position\":2,\"name\":\"Mensen\",\"item\":\"https:\\\/\\\/d66.nl\\\/westerkwartier\\\/mensen\\\/\"},{\"@type\":\"ListItem\",\"position\":3,\"name\":\"Rogier van &#8216;t Land\"}]},{\"@type\":\"WebSite\",\"@id\":\"https:\\\/\\\/d66.nl\\\/westerkwartier\\\/#website\",\"url\":\"https:\\\/\\\/d66.nl\\\/westerkwartier\\\/\",\"name\":\"D66 Westerkwartier\",\"description\":\"Just another D66 Sites site\",\"publisher\":{\"@id\":\"https:\\\/\\\/d66.nl\\\/westerkwartier\\\/#organization\"},\"potentialAction\":[{\"@type\":\"SearchAction\",\"target\":{\"@type\":\"EntryPoint\",\"urlTemplate\":\"https:\\\/\\\/d66.nl\\\/westerkwartier\\\/?s={search_term_string}\"},\"query-input\":{\"@type\":\"PropertyValueSpecification\",\"valueRequired\":true,\"valueName\":\"search_term_string\"}}],\"inLanguage\":\"nl-NL\"},{\"@type\":\"Organization\",\"@id\":\"https:\\\/\\\/d66.nl\\\/westerkwartier\\\/#organization\",\"name\":\"D66\",\"url\":\"https:\\\/\\\/d66.nl\\\/westerkwartier\\\/\",\"logo\":{\"@type\":\"ImageObject\",\"inLanguage\":\"nl-NL\",\"@id\":\"https:\\\/\\\/d66.nl\\\/westerkwartier\\\/#\\\/schema\\\/logo\\\/image\\\/\",\"url\":\"https:\\\/\\\/d66.nl\\\/westerkwartier\\\/wp-content\\\/uploads\\\/sites\\\/2\\\/2021\\\/10\\\/d66-themas-algemeen-og.png\",\"contentUrl\":\"https:\\\/\\\/d66.nl\\\/westerkwartier\\\/wp-content\\\/uploads\\\/sites\\\/2\\\/2021\\\/10\\\/d66-themas-algemeen-og.png\",\"width\":1200,\"height\":628,\"caption\":\"D66\"},\"image\":{\"@id\":\"https:\\\/\\\/d66.nl\\\/westerkwartier\\\/#\\\/schema\\\/logo\\\/image\\\/\"}}]}<\/script>\n<!-- \/ Yoast SEO plugin. -->","yoast_head_json":{"title":"D66 Westerkwartier &#8212; Onze mensen","robots":{"index":"index","follow":"follow","max-snippet":"max-snippet:-1","max-image-preview":"max-image-preview:large","max-video-preview":"max-video-preview:-1"},"canonical":"https:\/\/d66.nl\/westerkwartier\/mensen\/rogier_vantland\/","og_locale":"nl_NL","og_type":"article","og_title":"D66 Westerkwartier &#8212; Onze mensen","og_url":"https:\/\/d66.nl\/westerkwartier\/mensen\/rogier_vantland\/","og_site_name":"D66 Westerkwartier","article_modified_time":"2026-03-14T15:19:19+00:00","og_image":[{"width":2410,"height":2560,"url":"https:\/\/d66.nl\/westerkwartier\/wp-content\/uploads\/sites\/43\/2021\/10\/Rogier-van-t-Land-website-D66-Westerkwartier-scaled.jpg","type":"image\/jpeg"}],"twitter_card":"summary_large_image","twitter_misc":{"Geschatte leestijd":"1 minuut"},"schema":{"@context":"https:\/\/schema.org","@graph":[{"@type":"WebPage","@id":"https:\/\/d66.nl\/westerkwartier\/mensen\/rogier_vantland\/","url":"https:\/\/d66.nl\/westerkwartier\/mensen\/rogier_vantland\/","name":"D66 Westerkwartier &#8212; Onze mensen","isPartOf":{"@id":"https:\/\/d66.nl\/westerkwartier\/#website"},"primaryImageOfPage":{"@id":"https:\/\/d66.nl\/westerkwartier\/mensen\/rogier_vantland\/#primaryimage"},"image":{"@id":"https:\/\/d66.nl\/westerkwartier\/mensen\/rogier_vantland\/#primaryimage"},"thumbnailUrl":"https:\/\/d66.nl\/westerkwartier\/wp-content\/uploads\/sites\/43\/2021\/10\/Rogier-van-t-Land-website-D66-Westerkwartier-scaled.jpg","datePublished":"2021-10-26T11:18:19+00:00","dateModified":"2026-03-14T15:19:19+00:00","breadcrumb":{"@id":"https:\/\/d66.nl\/westerkwartier\/mensen\/rogier_vantland\/#breadcrumb"},"inLanguage":"nl-NL","potentialAction":[{"@type":"ReadAction","target":["https:\/\/d66.nl\/westerkwartier\/mensen\/rogier_vantland\/"]}]},{"@type":"ImageObject","inLanguage":"nl-NL","@id":"https:\/\/d66.nl\/westerkwartier\/mensen\/rogier_vantland\/#primaryimage","url":"https:\/\/d66.nl\/westerkwartier\/wp-content\/uploads\/sites\/43\/2021\/10\/Rogier-van-t-Land-website-D66-Westerkwartier-scaled.jpg","contentUrl":"https:\/\/d66.nl\/westerkwartier\/wp-content\/uploads\/sites\/43\/2021\/10\/Rogier-van-t-Land-website-D66-Westerkwartier-scaled.jpg","width":2410,"height":2560},{"@type":"BreadcrumbList","@id":"https:\/\/d66.nl\/westerkwartier\/mensen\/rogier_vantland\/#breadcrumb","itemListElement":[{"@type":"ListItem","position":1,"name":"Home","item":"https:\/\/d66.nl\/westerkwartier\/"},{"@type":"ListItem","position":2,"name":"Mensen","item":"https:\/\/d66.nl\/westerkwartier\/mensen\/"},{"@type":"ListItem","position":3,"name":"Rogier van &#8216;t Land"}]},{"@type":"WebSite","@id":"https:\/\/d66.nl\/westerkwartier\/#website","url":"https:\/\/d66.nl\/westerkwartier\/","name":"D66 Westerkwartier","description":"Just another D66 Sites site","publisher":{"@id":"https:\/\/d66.nl\/westerkwartier\/#organization"},"potentialAction":[{"@type":"SearchAction","target":{"@type":"EntryPoint","urlTemplate":"https:\/\/d66.nl\/westerkwartier\/?s={search_term_string}"},"query-input":{"@type":"PropertyValueSpecification","valueRequired":true,"valueName":"search_term_string"}}],"inLanguage":"nl-NL"},{"@type":"Organization","@id":"https:\/\/d66.nl\/westerkwartier\/#organization","name":"D66","url":"https:\/\/d66.nl\/westerkwartier\/","logo":{"@type":"ImageObject","inLanguage":"nl-NL","@id":"https:\/\/d66.nl\/westerkwartier\/#\/schema\/logo\/image\/","url":"https:\/\/d66.nl\/westerkwartier\/wp-content\/uploads\/sites\/2\/2021\/10\/d66-themas-algemeen-og.png","contentUrl":"https:\/\/d66.nl\/westerkwartier\/wp-content\/uploads\/sites\/2\/2021\/10\/d66-themas-algemeen-og.png","width":1200,"height":628,"caption":"D66"},"image":{"@id":"https:\/\/d66.nl\/westerkwartier\/#\/schema\/logo\/image\/"}}]}},"_links":{"self":[{"href":"https:\/\/d66.nl\/westerkwartier\/wp-json\/wp\/v2\/people-type\/172","targetHints":{"allow":["GET"]}}],"collection":[{"href":"https:\/\/d66.nl\/westerkwartier\/wp-json\/wp\/v2\/people-type"}],"about":[{"href":"https:\/\/d66.nl\/westerkwartier\/wp-json\/wp\/v2\/types\/people-type"}],"author":[{"embeddable":true,"href":"https:\/\/d66.nl\/westerkwartier\/wp-json\/wp\/v2\/users\/575"}],"wp:featuredmedia":[{"embeddable":true,"href":"https:\/\/d66.nl\/westerkwartier\/wp-json\/wp\/v2\/media\/959"}],"wp:attachment":[{"href":"https:\/\/d66.nl\/westerkwartier\/wp-json\/wp\/v2\/media?parent=172"}],"wp:term":[{"taxonomy":"labels","embeddable":true,"href":"https:\/\/d66.nl\/westerkwartier\/wp-json\/wp\/v2\/labels?post=172"},{"taxonomy":"search-tags","embeddable":true,"href":"https:\/\/d66.nl\/westerkwartier\/wp-json\/wp\/v2\/search-tags?post=172"},{"taxonomy":"division-tags","embeddable":true,"href":"https:\/\/d66.nl\/westerkwartier\/wp-json\/wp\/v2\/division-tags?post=172"}],"curies":[{"name":"wp","href":"https:\/\/api.w.org\/{rel}","templated":true}]}}