{"id":1642,"date":"2025-12-10T12:05:42","date_gmt":"2025-12-10T12:05:42","guid":{"rendered":"https:\/\/d66.nl\/veenendaal\/?post_type=people-type&#038;p=1642"},"modified":"2026-03-02T21:31:11","modified_gmt":"2026-03-02T21:31:11","slug":"renske-de-jong","status":"publish","type":"people-type","link":"https:\/\/d66.nl\/veenendaal\/mensen\/renske-de-jong\/","title":{"rendered":"Renske de Jong"},"content":{"rendered":"<div\n  id=\"\"\n  class=\"wrapper  wrapper__spacing-bottom-large--50 wrapper__spacing-bottom-desktop--66 wrapper__spacing-bottom-mobile--76  wrapper__gutter--none\"\n  >\n  \t<div class=\"wrapper__container wrapper__container-width-large--default\">\n\t  <div class=\"wrapper__inner wrapper__width-large--14 wrapper__width-desktop--20 wrapper__width-mobile--24 wrapper__offset-large--6 wrapper__offset-desktop--4 wrapper__offset-mobile--0\">\n\t\t<h1 class=\"heading heading__align--left heading__color--black heading__size--giant heading__font--serif heading__weight--regular  block-heading__heading\" id=\"nav-renske-de-jong1353\"  data-nav-heading-mobile=\"Renske de Jong\" >\n\tRenske de Jong<\/h1>\t  <\/div>\n\t<\/div>\n  <\/div>\n\n\n<div\n  id=\"\"\n  class=\"wrapper  wrapper__spacing-bottom-large--110 wrapper__spacing-bottom-desktop--60 wrapper__spacing-bottom-mobile--50  wrapper__gutter--none\"\n  >\n  \t<div class=\"wrapper__container wrapper__container-width-large--default\">\n\t  <div class=\"wrapper__inner wrapper__width-large--24 wrapper__width-mobile--24\">\n\t\t<section class=\"block-video\">\n\t<div\n\t\tclass=\"block-video__video-wrapper\"\n\t\tstyle=\"background-image: url('https:\/\/media.d66.nl\/uploads\/sites\/219\/2025\/12\/DSC_2971-scaled.jpg')\"\n\t>\n\t\t\t<\/div>\n\n\t\t\t<div class=\"block-video__caption-wrapper\">\n\t\t\t<div class=\"block-video__caption\">\n\t\t\t\t<p class=\"paragraph paragraph__align--left paragraph__color--black paragraph__size--small paragraph__weight--medium\">\n\t\tBeeld: John Niessen\t<\/p>\t\t\t<\/div>\n\t\t<\/div>\n\t\n<\/section>\n\n\t  <\/div>\n\t<\/div>\n  <\/div>\n\n\n<div\n  id=\"\"\n  class=\"wrapper  wrapper__spacing-bottom-large--50 wrapper__spacing-bottom-desktop--70 wrapper__spacing-bottom-mobile--50  wrapper__gutter--none\"\n  >\n  \t<div class=\"wrapper__container wrapper__container-width-large--default\">\n\t  <div class=\"wrapper__inner wrapper__width-large--18 wrapper__width-desktop--22 wrapper__width-mobile--24 wrapper__offset-large--6 wrapper__offset-desktop--2 wrapper__offset-mobile--0\">\n\t\t<section class=\"block-people-introduction\">\n\t<div class=\"block-people-introduction__content\">\n\t\t<p class=\"paragraph paragraph__align--left paragraph__color--black paragraph__size--big\">\n\t\tOver Renske\t<\/p><section class=\"people-bullet-point-card block-people-introduction__people-bullet-point-card\" style=\"--bg-color: var(--global-colors-tomato)\">\n\t<div class=\"people-bullet-point-card__wrapper\">\n\t\t<div class=\"people-bullet-point-card__title\">\n\t\t\t<h2 class=\"heading    heading__font--sans heading__weight--bold\" id=\"nav-over-renske5570\" data-nav-heading-mobile=\"Over Renske\">\n\tOver Renske<\/h2>\t\t\t<div aria-hidden=\"true\" class=\"people-bullet-point-card__border\"><\/div>\n\t\t<\/div>\n\t\t<div class=\"people-bullet-point-card__info\">\n\t\t\t<ul class=\"lists\">\n\t\t\t\t\t\t\t\t\t\t\t\t<li><label>Woonplaats<\/label><span>Veenendaal<\/span><\/li>\t\t\t\t\t\t\t<\/ul>\n\t\t\t\t\t<\/div>\n\t\t\t\t\t<div class=\"people-bullet-point-card__email\">\n\t\t\t\t<span>\n\t\t\t\t\tStuur Renske een <a href=\"mailto:fractie@d66veenendaal.nl\">e-mail<\/a>\t\t\t\t<\/span>\n\t\t\t<\/div>\n\t\t\n\t\t\n\t\t\t<\/div>\n<\/section><p class=\"paragraph paragraph__align--left paragraph__color--black paragraph__size--default\">\n\t\tRenske is een bevlogen ondernemer met een groot verantwoordelijksheidsgevoel. Ze is de nummer vier op onze lijst voor de gemeenteraadsverkiezingen van 18 maart 2026!\t<\/p><div class=\"content-accordion js-content-accordion\" data-accordion-opened=\"0\">\n\n\t\t\t<div aria-hidden=\"true\" class=\"content-accordion__border\"><\/div>\n\t\n\t<button id=\"content-accordion-trigger-1691779996\" class=\"content-accordion__trigger js-content-accordion-trigger\" aria-label=\"Expertises (portefeuilles)\" aria-controls>\n\t\t<div class=\"content-accordion__heading\">\n\t\t\t<h3 class=\"heading   heading__size--medium heading__font--sans heading__weight--bold\" id=\"nav-expertises--portefeuilles-2440\">\n\tExpertises (portefeuilles)<\/h3>\t\t<\/div>\n\t\t<div class=\"content-accordion__icon\" aria-hidden=\"true\"><\/div>\n\t<\/button>\n\n\t<section id=\"content-accordion-panel-1691779996\" class=\"content-accordion__panel js-content-accordion-panel\" aria-hidden=\"true\" aria-labelledby=\"content-accordion-trigger-1691779996\">\n\t\t<div class=\"content-accordion__content-wrapper\">\n\t\t\t<div class=\"content-accordion__description\">\n\t\t\t\tOndernemers, binnenstad, economie.\t\t\t<\/div>\n\t\t<\/div>\n\t<\/section>\n\t<div aria-hidden=\"true\" class=\"content-accordion__border\"><\/div>\n<\/div><div class=\"content-accordion js-content-accordion\" data-accordion-opened=\"0\">\n\n\t\n\t<button id=\"content-accordion-trigger-392180457\" class=\"content-accordion__trigger js-content-accordion-trigger\" aria-label=\"Functie historie\" aria-controls>\n\t\t<div class=\"content-accordion__heading\">\n\t\t\t<h3 class=\"heading   heading__size--medium heading__font--sans heading__weight--bold\" id=\"nav-functie-historie324\">\n\tFunctie historie<\/h3>\t\t<\/div>\n\t\t<div class=\"content-accordion__icon\" aria-hidden=\"true\"><\/div>\n\t<\/button>\n\n\t<section id=\"content-accordion-panel-392180457\" class=\"content-accordion__panel js-content-accordion-panel\" aria-hidden=\"true\" aria-labelledby=\"content-accordion-trigger-392180457\">\n\t\t<div class=\"content-accordion__content-wrapper\">\n\t\t\t<div class=\"content-accordion__description\">\n\t\t\t\t<ul class=\"content-accordion lists content-accordion__lists lists__weight--medium lists__color--black lists__type--default\"><li><label>2025 &#8211; heden<\/label><span>Kandidaat raadslid op plek #4<\/span><\/li><li><label>2025 &#8211; heden<\/label><span>Schaduwraadslid D66 Veenendaal<\/span><\/li><li><label>2017 &#8211; heden<\/label><span>Mede-eigenaar VIVITION &#8211; The future of online car photography<\/span><\/li><li><label>2008 &#8211; 2017<\/label><span>Eigenaar bloemenwinkel Mea Flora<\/span><\/li><\/ul>\t\t\t<\/div>\n\t\t<\/div>\n\t<\/section>\n\t<div aria-hidden=\"true\" class=\"content-accordion__border\"><\/div>\n<\/div>\t<\/div>\n<\/section>\n\t  <\/div>\n\t<\/div>\n  <\/div>\n\n\n<div\n  id=\"\"\n  class=\"wrapper  wrapper__spacing-bottom-large--50 wrapper__spacing-bottom-desktop--70 wrapper__spacing-bottom-mobile--50  wrapper__gutter--none\"\n  >\n  \t<div class=\"wrapper__container wrapper__container-width-large--default\">\n\t  <div class=\"wrapper__inner wrapper__width-large--18 wrapper__width-desktop--22 wrapper__width-mobile--24 wrapper__offset-large--6 wrapper__offset-desktop--2 wrapper__offset-mobile--0\">\n\t\t<section class=\"block-post-content\">\n\t<div class=\"block-post-content__title\">\n\t\t<h3 class=\"heading  heading__color--black heading__size--medium heading__font--sans heading__weight--bold  block-post-content__heading\" id=\"nav-wie-is-renske-1901\" data-nav-heading-mobile=\"Wie is Renske?\">\n\tWie is Renske?<\/h3>\t<\/div>\n\t<div class=\"block-post-content__content\">\n\t\t\n<div\n  id=\"\"\n  class=\"wrapper  wrapper__spacing-bottom-large--30 wrapper__spacing-bottom-desktop--20  wrapper__gutter--none\"\n  >\n  \t<div class=\"wrapper__container wrapper__container-width-large--default\">\n\t  <div class=\"wrapper__inner wrapper__width-large--24 wrapper__width-mobile--24\">\n\t\t<p\n\t\tclass=\"paragraph paragraph__align--left paragraph__color--black paragraph__size--default   block-paragraph__paragraph\"\n\t\t\t>\n\t\tIk ben Renske de Jong, moeder van vier jonge kinderen en sinds 2023 woonachtig in het waterrijke Veenendaal. Voor mij staat kansengelijkheid centraal: ieder kind verdient goede scholing, gezonde voeding en de mogelijkheid om talenten te ontwikkelen.<br><br>Daarom wil ik me inzetten voor gezonde en toekomstbestendige scholen. Scholen met een goed binnenklimaat, groene schoolpleinen die kinderen uitdagen en ruimte bieden voor spel en fantasie. Denk aan moestuinen die bijdragen aan bewustwording over gezonde voeding en een dagelijkse gezonde lunch voor ieder kind. Dat vergroot niet alleen het leerplezier, maar versterkt ook hun welzijn.<br><br>Ook buiten de schoolmuren verdient het welzijn van kinderen meer aandacht. Een groene, veilige en inspirerende leefomgeving moet daarbij centraal staan. Veenendaal is een jonge, kinderrijke stad in ontwikkeling. Daarbij past wat mij betreft minimaal \u00e9\u00e9n \u00e9cht kidsproof museum: een plek die de zintuigen prikkelt, nieuwsgierigheid aanwakkert en kinderen inspireert. Door zo\u2019n voorziening in of nabij het winkelcentrum te positioneren, versterk je bovendien de aantrekkingskracht en levendigheid van het centrum.<br><br>Het centrum zelf kan groener en prettiger worden ingericht. Meer vergroening en een doordachte verkeersrouting zorgen ervoor dat winkelend publiek zich ontspannen kan bewegen en verblijven. Daarnaast is fietsveiligheid essentieel, zeker voor jonge kinderen. Met relatief eenvoudige aanpassingen is hier veel winst te behalen, wat de zelfstandigheid en veiligheid van kinderen vergroot.\t<\/p>\t  <\/div>\n\t<\/div>\n  <\/div>\n\n\t<\/div>\n\n\t<div class=\"block-post-content__sidebar\">\n\t\t\n\t\t\n\t\t\t<\/div>\n<\/section>\n\t  <\/div>\n\t<\/div>\n  <\/div>\n\n\n<div\n  id=\"\"\n  class=\"wrapper  wrapper__spacing-bottom-large--50 wrapper__spacing-bottom-desktop--70 wrapper__spacing-bottom-mobile--50  wrapper__gutter--none\"\n  >\n  \t<div class=\"wrapper__container wrapper__container-width-large--default\">\n\t  <div class=\"wrapper__inner wrapper__width-large--18 wrapper__width-desktop--22 wrapper__width-mobile--24 wrapper__offset-large--6 wrapper__offset-desktop--2 wrapper__offset-mobile--0\">\n\t\t<section class=\"block-post-content\">\n\t<div class=\"block-post-content__title\">\n\t\t<h3 class=\"heading  heading__color--black heading__size--medium heading__font--sans heading__weight--bold  block-post-content__heading\" id=\"nav-waarom-d66-4033\" data-nav-heading-mobile=\"Waarom D66?\">\n\tWaarom D66?<\/h3>\t<\/div>\n\t<div class=\"block-post-content__content\">\n\t\t\n<div\n  id=\"\"\n  class=\"wrapper  wrapper__spacing-bottom-large--30 wrapper__spacing-bottom-desktop--20  wrapper__gutter--none\"\n  >\n  \t<div class=\"wrapper__container wrapper__container-width-large--default\">\n\t  <div class=\"wrapper__inner wrapper__width-large--24 wrapper__width-mobile--24\">\n\t\t<p\n\t\tclass=\"paragraph paragraph__align--left paragraph__color--black paragraph__size--default   block-paragraph__paragraph\"\n\t\t\t>\n\t\tD66 staat voor vrijheid en gelijke kansen. Voor investeren in de toekomst: in goed onderwijs, een leefbaar klimaat en een duurzame economie. Door bedrijven te ondersteunen in hun duurzame ambities en te bouwen aan een groene, innovatieve en eerlijke economie, versterken we het verdienvermogen van morgen.\t<\/p>\t  <\/div>\n\t<\/div>\n  <\/div>\n\n\t<\/div>\n\n\t<div class=\"block-post-content__sidebar\">\n\t\t\n\t\t\n\t\t\t<\/div>\n<\/section>\n\t  <\/div>\n\t<\/div>\n  <\/div>\n\n\n<div\n  id=\"\"\n  class=\"wrapper  wrapper__spacing-bottom-large--50 wrapper__spacing-bottom-desktop--70 wrapper__spacing-bottom-mobile--50  wrapper__gutter--none\"\n  >\n  \t<div class=\"wrapper__container wrapper__container-width-large--default\">\n\t  <div class=\"wrapper__inner wrapper__width-large--18 wrapper__width-desktop--22 wrapper__width-mobile--24 wrapper__offset-large--6 wrapper__offset-desktop--2 wrapper__offset-mobile--0\">\n\t\t<section class=\"block-post-content\">\n\t<div class=\"block-post-content__title\">\n\t\t<h3 class=\"heading  heading__color--black heading__size--medium heading__font--sans heading__weight--bold  block-post-content__heading\" id=\"nav-een-wens-voor-veenendaal-in-2030-9205\" data-nav-heading-mobile=\"Een wens voor Veenendaal in 2030?\">\n\tEen wens voor Veenendaal in 2030?<\/h3>\t<\/div>\n\t<div class=\"block-post-content__content\">\n\t\t\n<div\n  id=\"\"\n  class=\"wrapper  wrapper__spacing-bottom-large--30 wrapper__spacing-bottom-desktop--20  wrapper__gutter--none\"\n  >\n  \t<div class=\"wrapper__container wrapper__container-width-large--default\">\n\t  <div class=\"wrapper__inner wrapper__width-large--24 wrapper__width-mobile--24\">\n\t\t<p\n\t\tclass=\"paragraph paragraph__align--left paragraph__color--black paragraph__size--default   block-paragraph__paragraph\"\n\t\t\t>\n\t\tEen kindvriendelijke woonplaats die inspireert en waarbij kansengelijkheid centraal staat.\u00a0\t<\/p>\t  <\/div>\n\t<\/div>\n  <\/div>\n\n\t<\/div>\n\n\t<div class=\"block-post-content__sidebar\">\n\t\t\n\t\t\n\t\t\t<\/div>\n<\/section>\n\t  <\/div>\n\t<\/div>\n  <\/div>\n","protected":false},"author":682,"featured_media":1779,"menu_order":0,"template":"","labels":[],"search-tags":[],"division-tags":[29],"class_list":["post-1642","people-type","type-people-type","status-publish","has-post-thumbnail","hentry","division-tags-onze-mensen"],"acf":[],"yoast_head":"<!-- This site is optimized with the Yoast SEO plugin v27.3 - https:\/\/yoast.com\/product\/yoast-seo-wordpress\/ -->\n<title>D66 Veenendaal - Ambitie voor Veenendaal &#8212; Onze mensen<\/title>\n<meta name=\"description\" content=\"Renske is een bevlogen ondernemer met een groot verantwoordelijksheidsgevoel. Ze is de nummer vier op onze lijst voor de gemeenteraadsverkiezingen van 18 maart 2026!\" \/>\n<meta name=\"robots\" content=\"index, follow, max-snippet:-1, max-image-preview:large, max-video-preview:-1\" \/>\n<link rel=\"canonical\" href=\"https:\/\/d66.nl\/veenendaal\/mensen\/renske-de-jong\/\" \/>\n<meta property=\"og:locale\" content=\"nl_NL\" \/>\n<meta property=\"og:type\" content=\"article\" \/>\n<meta property=\"og:title\" content=\"D66 Veenendaal - Ambitie voor Veenendaal &#8212; Onze mensen\" \/>\n<meta property=\"og:description\" content=\"Renske is een bevlogen ondernemer met een groot verantwoordelijksheidsgevoel. Ze is de nummer vier op onze lijst voor de gemeenteraadsverkiezingen van 18 maart 2026!\" \/>\n<meta property=\"og:url\" content=\"https:\/\/d66.nl\/veenendaal\/mensen\/renske-de-jong\/\" \/>\n<meta property=\"og:site_name\" content=\"D66 Veenendaal - Ambitie voor Veenendaal\" \/>\n<meta property=\"article:modified_time\" content=\"2026-03-02T21:31:11+00:00\" \/>\n<meta property=\"og:image\" content=\"https:\/\/media.d66.nl\/uploads\/sites\/219\/2025\/12\/DSC_2971-scaled.jpg\" \/>\n\t<meta property=\"og:image:width\" content=\"2560\" \/>\n\t<meta property=\"og:image:height\" content=\"2048\" \/>\n\t<meta property=\"og:image:type\" content=\"image\/jpeg\" \/>\n<meta name=\"twitter:card\" content=\"summary_large_image\" \/>\n<meta name=\"twitter:label1\" content=\"Geschatte leestijd\" \/>\n\t<meta name=\"twitter:data1\" content=\"1 minuut\" \/>\n<script type=\"application\/ld+json\" class=\"yoast-schema-graph\">{\"@context\":\"https:\\\/\\\/schema.org\",\"@graph\":[{\"@type\":\"WebPage\",\"@id\":\"https:\\\/\\\/d66.nl\\\/veenendaal\\\/mensen\\\/renske-de-jong\\\/\",\"url\":\"https:\\\/\\\/d66.nl\\\/veenendaal\\\/mensen\\\/renske-de-jong\\\/\",\"name\":\"D66 Veenendaal - Ambitie voor Veenendaal &#8212; Onze mensen\",\"isPartOf\":{\"@id\":\"https:\\\/\\\/d66.nl\\\/veenendaal\\\/#website\"},\"primaryImageOfPage\":{\"@id\":\"https:\\\/\\\/d66.nl\\\/veenendaal\\\/mensen\\\/renske-de-jong\\\/#primaryimage\"},\"image\":{\"@id\":\"https:\\\/\\\/d66.nl\\\/veenendaal\\\/mensen\\\/renske-de-jong\\\/#primaryimage\"},\"thumbnailUrl\":\"https:\\\/\\\/media.d66.nl\\\/uploads\\\/sites\\\/219\\\/2025\\\/12\\\/DSC_2971-scaled.jpg\",\"datePublished\":\"2025-12-10T12:05:42+00:00\",\"dateModified\":\"2026-03-02T21:31:11+00:00\",\"description\":\"Renske is een bevlogen ondernemer met een groot verantwoordelijksheidsgevoel. Ze is de nummer vier op onze lijst voor de gemeenteraadsverkiezingen van 18 maart 2026!\",\"breadcrumb\":{\"@id\":\"https:\\\/\\\/d66.nl\\\/veenendaal\\\/mensen\\\/renske-de-jong\\\/#breadcrumb\"},\"inLanguage\":\"nl-NL\",\"potentialAction\":[{\"@type\":\"ReadAction\",\"target\":[\"https:\\\/\\\/d66.nl\\\/veenendaal\\\/mensen\\\/renske-de-jong\\\/\"]}]},{\"@type\":\"ImageObject\",\"inLanguage\":\"nl-NL\",\"@id\":\"https:\\\/\\\/d66.nl\\\/veenendaal\\\/mensen\\\/renske-de-jong\\\/#primaryimage\",\"url\":\"https:\\\/\\\/media.d66.nl\\\/uploads\\\/sites\\\/219\\\/2025\\\/12\\\/DSC_2971-scaled.jpg\",\"contentUrl\":\"https:\\\/\\\/media.d66.nl\\\/uploads\\\/sites\\\/219\\\/2025\\\/12\\\/DSC_2971-scaled.jpg\",\"width\":2560,\"height\":2048},{\"@type\":\"BreadcrumbList\",\"@id\":\"https:\\\/\\\/d66.nl\\\/veenendaal\\\/mensen\\\/renske-de-jong\\\/#breadcrumb\",\"itemListElement\":[{\"@type\":\"ListItem\",\"position\":1,\"name\":\"Home\",\"item\":\"https:\\\/\\\/d66.nl\\\/veenendaal\\\/\"},{\"@type\":\"ListItem\",\"position\":2,\"name\":\"Mensen\",\"item\":\"https:\\\/\\\/d66.nl\\\/veenendaal\\\/mensen\\\/\"},{\"@type\":\"ListItem\",\"position\":3,\"name\":\"Renske de Jong\"}]},{\"@type\":\"WebSite\",\"@id\":\"https:\\\/\\\/d66.nl\\\/veenendaal\\\/#website\",\"url\":\"https:\\\/\\\/d66.nl\\\/veenendaal\\\/\",\"name\":\"D66 Veenendaal - Ambitie voor Veenendaal\",\"description\":\"Just another D66 Sites site\",\"publisher\":{\"@id\":\"https:\\\/\\\/d66.nl\\\/veenendaal\\\/#organization\"},\"potentialAction\":[{\"@type\":\"SearchAction\",\"target\":{\"@type\":\"EntryPoint\",\"urlTemplate\":\"https:\\\/\\\/d66.nl\\\/veenendaal\\\/?s={search_term_string}\"},\"query-input\":{\"@type\":\"PropertyValueSpecification\",\"valueRequired\":true,\"valueName\":\"search_term_string\"}}],\"inLanguage\":\"nl-NL\"},{\"@type\":\"Organization\",\"@id\":\"https:\\\/\\\/d66.nl\\\/veenendaal\\\/#organization\",\"name\":\"D66\",\"url\":\"https:\\\/\\\/d66.nl\\\/veenendaal\\\/\",\"logo\":{\"@type\":\"ImageObject\",\"inLanguage\":\"nl-NL\",\"@id\":\"https:\\\/\\\/d66.nl\\\/veenendaal\\\/#\\\/schema\\\/logo\\\/image\\\/\",\"url\":\"https:\\\/\\\/d66.nl\\\/veenendaal\\\/wp-content\\\/uploads\\\/sites\\\/2\\\/2021\\\/10\\\/d66-themas-algemeen-og.png\",\"contentUrl\":\"https:\\\/\\\/d66.nl\\\/veenendaal\\\/wp-content\\\/uploads\\\/sites\\\/2\\\/2021\\\/10\\\/d66-themas-algemeen-og.png\",\"width\":1200,\"height\":628,\"caption\":\"D66\"},\"image\":{\"@id\":\"https:\\\/\\\/d66.nl\\\/veenendaal\\\/#\\\/schema\\\/logo\\\/image\\\/\"}}]}<\/script>\n<!-- \/ Yoast SEO plugin. -->","yoast_head_json":{"title":"D66 Veenendaal - Ambitie voor Veenendaal &#8212; Onze mensen","description":"Renske is een bevlogen ondernemer met een groot verantwoordelijksheidsgevoel. Ze is de nummer vier op onze lijst voor de gemeenteraadsverkiezingen van 18 maart 2026!","robots":{"index":"index","follow":"follow","max-snippet":"max-snippet:-1","max-image-preview":"max-image-preview:large","max-video-preview":"max-video-preview:-1"},"canonical":"https:\/\/d66.nl\/veenendaal\/mensen\/renske-de-jong\/","og_locale":"nl_NL","og_type":"article","og_title":"D66 Veenendaal - Ambitie voor Veenendaal &#8212; Onze mensen","og_description":"Renske is een bevlogen ondernemer met een groot verantwoordelijksheidsgevoel. Ze is de nummer vier op onze lijst voor de gemeenteraadsverkiezingen van 18 maart 2026!","og_url":"https:\/\/d66.nl\/veenendaal\/mensen\/renske-de-jong\/","og_site_name":"D66 Veenendaal - Ambitie voor Veenendaal","article_modified_time":"2026-03-02T21:31:11+00:00","og_image":[{"width":2560,"height":2048,"url":"https:\/\/media.d66.nl\/uploads\/sites\/219\/2025\/12\/DSC_2971-scaled.jpg","type":"image\/jpeg"}],"twitter_card":"summary_large_image","twitter_misc":{"Geschatte leestijd":"1 minuut"},"schema":{"@context":"https:\/\/schema.org","@graph":[{"@type":"WebPage","@id":"https:\/\/d66.nl\/veenendaal\/mensen\/renske-de-jong\/","url":"https:\/\/d66.nl\/veenendaal\/mensen\/renske-de-jong\/","name":"D66 Veenendaal - Ambitie voor Veenendaal &#8212; Onze mensen","isPartOf":{"@id":"https:\/\/d66.nl\/veenendaal\/#website"},"primaryImageOfPage":{"@id":"https:\/\/d66.nl\/veenendaal\/mensen\/renske-de-jong\/#primaryimage"},"image":{"@id":"https:\/\/d66.nl\/veenendaal\/mensen\/renske-de-jong\/#primaryimage"},"thumbnailUrl":"https:\/\/media.d66.nl\/uploads\/sites\/219\/2025\/12\/DSC_2971-scaled.jpg","datePublished":"2025-12-10T12:05:42+00:00","dateModified":"2026-03-02T21:31:11+00:00","description":"Renske is een bevlogen ondernemer met een groot verantwoordelijksheidsgevoel. Ze is de nummer vier op onze lijst voor de gemeenteraadsverkiezingen van 18 maart 2026!","breadcrumb":{"@id":"https:\/\/d66.nl\/veenendaal\/mensen\/renske-de-jong\/#breadcrumb"},"inLanguage":"nl-NL","potentialAction":[{"@type":"ReadAction","target":["https:\/\/d66.nl\/veenendaal\/mensen\/renske-de-jong\/"]}]},{"@type":"ImageObject","inLanguage":"nl-NL","@id":"https:\/\/d66.nl\/veenendaal\/mensen\/renske-de-jong\/#primaryimage","url":"https:\/\/media.d66.nl\/uploads\/sites\/219\/2025\/12\/DSC_2971-scaled.jpg","contentUrl":"https:\/\/media.d66.nl\/uploads\/sites\/219\/2025\/12\/DSC_2971-scaled.jpg","width":2560,"height":2048},{"@type":"BreadcrumbList","@id":"https:\/\/d66.nl\/veenendaal\/mensen\/renske-de-jong\/#breadcrumb","itemListElement":[{"@type":"ListItem","position":1,"name":"Home","item":"https:\/\/d66.nl\/veenendaal\/"},{"@type":"ListItem","position":2,"name":"Mensen","item":"https:\/\/d66.nl\/veenendaal\/mensen\/"},{"@type":"ListItem","position":3,"name":"Renske de Jong"}]},{"@type":"WebSite","@id":"https:\/\/d66.nl\/veenendaal\/#website","url":"https:\/\/d66.nl\/veenendaal\/","name":"D66 Veenendaal - Ambitie voor Veenendaal","description":"Just another D66 Sites site","publisher":{"@id":"https:\/\/d66.nl\/veenendaal\/#organization"},"potentialAction":[{"@type":"SearchAction","target":{"@type":"EntryPoint","urlTemplate":"https:\/\/d66.nl\/veenendaal\/?s={search_term_string}"},"query-input":{"@type":"PropertyValueSpecification","valueRequired":true,"valueName":"search_term_string"}}],"inLanguage":"nl-NL"},{"@type":"Organization","@id":"https:\/\/d66.nl\/veenendaal\/#organization","name":"D66","url":"https:\/\/d66.nl\/veenendaal\/","logo":{"@type":"ImageObject","inLanguage":"nl-NL","@id":"https:\/\/d66.nl\/veenendaal\/#\/schema\/logo\/image\/","url":"https:\/\/d66.nl\/veenendaal\/wp-content\/uploads\/sites\/2\/2021\/10\/d66-themas-algemeen-og.png","contentUrl":"https:\/\/d66.nl\/veenendaal\/wp-content\/uploads\/sites\/2\/2021\/10\/d66-themas-algemeen-og.png","width":1200,"height":628,"caption":"D66"},"image":{"@id":"https:\/\/d66.nl\/veenendaal\/#\/schema\/logo\/image\/"}}]}},"_links":{"self":[{"href":"https:\/\/d66.nl\/veenendaal\/wp-json\/wp\/v2\/people-type\/1642","targetHints":{"allow":["GET"]}}],"collection":[{"href":"https:\/\/d66.nl\/veenendaal\/wp-json\/wp\/v2\/people-type"}],"about":[{"href":"https:\/\/d66.nl\/veenendaal\/wp-json\/wp\/v2\/types\/people-type"}],"author":[{"embeddable":true,"href":"https:\/\/d66.nl\/veenendaal\/wp-json\/wp\/v2\/users\/682"}],"wp:featuredmedia":[{"embeddable":true,"href":"https:\/\/d66.nl\/veenendaal\/wp-json\/wp\/v2\/media\/1779"}],"wp:attachment":[{"href":"https:\/\/d66.nl\/veenendaal\/wp-json\/wp\/v2\/media?parent=1642"}],"wp:term":[{"taxonomy":"labels","embeddable":true,"href":"https:\/\/d66.nl\/veenendaal\/wp-json\/wp\/v2\/labels?post=1642"},{"taxonomy":"search-tags","embeddable":true,"href":"https:\/\/d66.nl\/veenendaal\/wp-json\/wp\/v2\/search-tags?post=1642"},{"taxonomy":"division-tags","embeddable":true,"href":"https:\/\/d66.nl\/veenendaal\/wp-json\/wp\/v2\/division-tags?post=1642"}],"curies":[{"name":"wp","href":"https:\/\/api.w.org\/{rel}","templated":true}]}}