{"id":31467,"date":"2024-01-11T21:41:56","date_gmt":"2024-01-11T19:41:56","guid":{"rendered":"https:\/\/d66.nl\/vanmierlostichting\/?page_id=31467"},"modified":"2024-02-21T16:28:17","modified_gmt":"2024-02-21T14:28:17","slug":"dubbelinterview-peter-trubowitz-en-brian-burgoon","status":"publish","type":"page","link":"https:\/\/d66.nl\/vanmierlostichting\/dubbelinterview-peter-trubowitz-en-brian-burgoon\/","title":{"rendered":"Dubbelinterview Peter Trubowitz en Brian Burgoon"},"content":{"rendered":"<div\n  id=\"\"\n  class=\"wrapper  wrapper__spacing-bottom-large--50 wrapper__spacing-bottom-desktop--66 wrapper__spacing-bottom-mobile--76  wrapper__gutter--none\"\n  >\n  \t<div class=\"wrapper__container wrapper__container-width-large--default\">\n\t  <div class=\"wrapper__inner wrapper__width-large--14 wrapper__width-desktop--20 wrapper__width-mobile--24 wrapper__offset-large--6 wrapper__offset-desktop--4 wrapper__offset-mobile--0\">\n\t\t<h1 class=\"heading   heading__size--giant heading__font--serif heading__weight--regular  block-heading__heading\" id=\"nav-de-weg-voorwaarts-voor-de-internationale-liberale-rechtsorde-loopt-door-een-nieuw-soort-welvaartsstaat6486\"  data-nav-heading-mobile=\"De weg voorwaarts voor de internationale liberale rechtsorde loopt door een nieuw soort welvaartsstaat\" >\n\tDe weg voorwaarts voor de internationale liberale rechtsorde loopt door een nieuw soort welvaartsstaat<\/h1>\t  <\/div>\n\t<\/div>\n  <\/div>\n\n\n<div\n  id=\"\"\n  class=\"wrapper  wrapper__spacing-bottom-large--50 wrapper__spacing-bottom-mobile--40  wrapper__gutter--none\"\n  >\n  \t<div class=\"wrapper__container wrapper__container-width-large--default\">\n\t  <div class=\"wrapper__inner wrapper__width-large--13 wrapper__width-desktop--22 wrapper__width-mobile--24 wrapper__offset-large--6 wrapper__offset-desktop--2 wrapper__offset-mobile--0\">\n\t\t<p\n\t\tclass=\"paragraph   paragraph__size--big   block-paragraph__paragraph\"\n\t\t\t>\n\t\tVandaag hebben veel mensen in Westerse landen weerstand tegen de liberale wereldorde van openheid, internationale samenwerking en multilateralisme. Hoe komt dat? Volgens hoogleraren <strong>Peter Trubowitz<\/strong><em> <\/em>en <strong>Brian Burgoon<\/strong><em> <\/em>hebben politiek leiders in het Westen een \u2018kloof\u2019 laten ontstaan tussen binnenlandse en buitenlandse politiek<br>in de decennia na de Koude Oorlog: wereldwijd bleven politieke partijen en regeringsleiders economische integratie en internationaal bestuur steunen, maar thuis bouwden ze onderliggende sociale bescherming en garanties af. <em>Idee <\/em>sprak er met hen over.<br><br>Door Dani\u00ebl Schut &amp; Afke Groen\t<\/p>\t  <\/div>\n\t<\/div>\n  <\/div>\n\n\n<div\n  id=\"\"\n  class=\"wrapper  wrapper__spacing-bottom-large--50 wrapper__spacing-bottom-desktop--70 wrapper__spacing-bottom-mobile--50  wrapper__gutter--none\"\n  >\n  \t<div class=\"wrapper__container wrapper__container-width-large--default\">\n\t  <div class=\"wrapper__inner wrapper__width-large--18 wrapper__width-desktop--22 wrapper__width-mobile--24 wrapper__offset-large--6 wrapper__offset-desktop--2 wrapper__offset-mobile--0\">\n\t\t<section class=\"block-post-content\">\n\t<div class=\"block-post-content__title\">\n\t\t<h3 class=\"heading  heading__color--black heading__size--medium heading__font--sans heading__weight--bold  block-post-content__heading\" id=\"nav-4184\" data-nav-heading-mobile=\"\">\n\t<\/h3>\t<\/div>\n\t<div class=\"block-post-content__content\">\n\t\t\n<div\n  id=\"\"\n  class=\"wrapper  wrapper__spacing-bottom-large--30 wrapper__spacing-bottom-desktop--20  wrapper__gutter--none\"\n  >\n  \t<div class=\"wrapper__container wrapper__container-width-large--default\">\n\t  <div class=\"wrapper__inner wrapper__width-large--24 wrapper__width-mobile--24\">\n\t\t<p\n\t\tclass=\"paragraph paragraph__align--left paragraph__color--black paragraph__size--default   block-paragraph__paragraph\"\n\t\t\t>\n\t\t<strong>Peter Trubowitz<\/strong> is hoogleraar internationale betrekkingen aan de London School of Economics and Political Science. <br><br><strong>Brian Burgoon<\/strong> is hoogleraar Internationale en Vergelijkende Politieke Economie aan de afdeling politicologie aan<br>de Universiteit van Amsterdam.<br><br><strong>Terwijl de Russische oorlog <\/strong>in Oekra\u00efne de<br>wereldwijde machtsverhoudingen deed verschuiven, werkten Peter Trubowitz en Brian Burgoon aan hun omvangrijke studie naar de liberale wereldorde. De vraag waar ze zich over bogen:<br>hoe komt het dat de fundamenten van de liberale orde, een aantal decennia geleden nog zo sterk, vandaag gebroken en verscheurd zijn door anti-globalisten, populisten en democratisch verval? In hun boek <em>Geopolitics &amp; democracy: The western liberal order from foundation to fracture <\/em>(Oxford University Press, 2023) zetten ze een overtuigend antwoord uiteen: westerse overheden hebben de banden tussen hun buitenlandse en binnenlandse politiek te zeer verzwakt, door op internationaal niveau in te zetten op open economie\u00ebn en integratie van markten en besluitvorming, en ondertussen op nationaal niveau sociale bescherming af te bouwen. Die combinatie van handelen heeft het draagvlak voor de liberale wereldorde ondermijnd en het pad vrijgemaakt aan anti-globalisme en populisme.<br><br>Het boek bevat dan ook meteen een waarschuwing voor wie denkt dat het hernieuwde gevoel van eenheid en verbondenheid in het Westen als gevolg van de oorlog in Oekra\u00efne, als vanzelf nieuw leven in de liberale wereldorde blaast. \u2018De toekomst van de liberale orde zal evenzeer worden bepaald door de druk van de binnenlandse politiek als door de geopolitiek\u2019, stellen de auteurs in de eerste paragraaf van het voorwoord. Het is ook het eerste dat Burgoon benadrukt in ons gesprek: \u2018Onze boodschap is dat je de binnenlandse politiek niet kan begrijpen los van de internationale politiek, en dat je de internationale politiek niet kan begrijpen los van de binnenlandse politiek. Bij alle belangrijke geopolitieke wendingen is sprake van deze kruisbestuiving. Onze huidige crisis in relatie tot Oekra\u00efne, en in mindere mate ook tot Gaza, maakt dat heel duidelijk.\u2019<br><br>Jullie analyse begint met de vaststelling dat de geopolitiek en de sociaal- democratie elkaar tijdens de Koude Oorlog decennialang versterkten. Hoe zit dat? Burgoon: \u2018Tijdens de Koude Oorlog moest je bij alles wat je in de binnenlandse of buitenlandse politiek wilde bereiken, veel aandacht hebben voor wat dat zou betekenen voor de veiligheidspositie van je land in het kader van de confrontatie met de Sovjet-Unie. Die confrontatie was een enorm disciplinerende factor. Een soort \u2018schaduw van bedreiging\u2019, die heel veel opties in de politiek buitenspel zette maar ook een heleboel initiatieven vleugels gaf. Investeringen in de welvaartsstaat werden makkelijker, omdat je wist dat je hart en ziel van je eigen volk moest winnen als je de Koude Oorlog wilde winnen. In feite wilde de Sovjet-Unie laten zien dat haar systeem beter was voor kwetsbare burgers.\u2019<br><br>Trubowitz: \u2018Wat het \u2018Oosten\u2019 te bieden had was een alternatieve versie van moderniteit die eigenlijk heel aantrekkelijk was voor veel arbeiders in het Westen. Het kapitalisme moest bewijzen dat het evenzeer in staat was als het communisme om in de behoeftes van arbeidersgezinnen te voorzien.\u2019<br><br>Burgoon: \u2018De Koude Oorlog was dus een doorslaggevende factor voor het ontstaan en het verdiepen van de verzorgingsstaat in het Westen\u2019. Met andere woorden, vult Trubowitz aan: \u2018Er was niet alleen een wapenwedloop, er was tegelijkertijd een welzijnswedloop. Westerse leiders erkenden dat, evenals leiders van het bedrijfsleven.\u2019<br><br>\u2018Op internationaal niveau vormde de Koude Oorlog het fundament voor de bereidheid van landen om multilaterale instituties zoals de NAVO op te richten en te versterken. Dit speelde ook een belangrijke rol bij de oprichting van de Europese gemeenschap, en later de Europese Unie. De commerci\u00eble samenwerking in Europa was een manier om een stabiele economische kracht te ontwikkelen als middel in de Koude Oorlog.\u2019<br><br>Voor Trubowitz en Burgoon zijn de geopolitieke strijd en bedreigingen van de Koude Oorlog slechts \u00e9\u00e9n pilaar van de westerse liberale orde. Ze voeren hun analyse nog een stap verder. Na de Tweede Wereldoorlog was het besef sterk onder westerse politieke leiders dat ze burgers zowel \u2018vrijheid van gebrek\u2019 als \u2018vrijheid van angst\u2019 moesten garanderen als ze draagvlak voor internationale openheid en samenwerking wilden behouden. Vanuit dat besef kwam er ook \u2018aandacht voor de groepen die in een kwetsbare positie kwamen door het multilateralisme, de globalisering en europeanisering\u2019, licht Burgoon verder toe. \u2018Dat openstellen van grenzen, voor een deel dus om de Koude Oorlog te kunnen voeren, kan pijn doen voor bepaalde mensen. Een textielwerknemer in Leiden in de jaren veertig moest opeens concurreren met de goedkope textielarbeiders in Zuid-Itali\u00eb, Zuid-Korea en later China. Als je in die kwetsbare positie komt, dan kan het best zijn dat je op een gegeven moment denkt dat de openheid van de westerse orde funest is voor je eigen belangen. Dat je geneigd bent om te zeggen, \u2018nee, laten we ons terugtrekken van die verbondenheid en internationale verplichtingen\u2019.\u2019<br><br>Dat vormt de tweede pilaar van liberale orde. Burgoon: \u2018We kunnen de westerse liberale orde begrijpen als een combinatie van steun voor de internationale rechtsorde en multilaterale instituties \u00e9n de bereidheid om militaire macht paraat te hebben en te gebruiken. Een belangrijke reden dat deze stabiele combinatie mogelijk was, was dat je iets deed voor de kwetsbare groepen. Dat je sociale zekerheid kon bieden; dat je \u00fcberhaupt een welvaartsstaat had; dat je \u2018verzekeringen\u2019 had als pensioenbeleid, volksgezondheidsbeleid en werkloosheidsbeleid voor de risico\u2019s die mensen liepen in dit soort internationale openheid.\u2019<br><br>Voor we daar verder over praten, sommige experts betogen juist dat de kwetsbaarheid die jullie noemen niet zozeer voortkomt uit globalisering maar uit technologische ontwikkelingen, zoals robotisering en digitalisering. Hoe kijken jullie daarnaar? Burgoon: \u2018Inderdaad, er zijn sociale wetenschappers die zeggen dat een verschuiving van gevraagde vaardigheden op de arbeidsmarkt door technologische verandering de boosdoener is. Heel lang werd dat gezien als belangrijkere factor dan de internationale verbondenheid of de globalisering van handel die wij noemen. Maar in de afgelopen vijftien jaar is dat niet meer zo.\u2019<br><br>Burgoon noemt twee redenen voor dat veranderende inzicht. \u2018Ten eerste hebben technologische uitvindingen effect dankzij de organisatie van productie en productieprocessen in mondiale waardeketens. Dus als je het hebt over technologische ontwikkelingen, dan heb je het eigenlijk over de verbondenheid en verwevenheid van landen.\u2019 Ten tweede ziet Burgoon in het afgelopen decennium een \u2018volwassen periode\u2019, waarin de gevolgen van eerdere ontwikkelingen als mondiale waardeketens en de liberalisering van handel zich sterk laten voelen. In het bijzonder de impact van de groeiende Chinese export op werkgelegenheid in de Europese en Amerikaanse industrie \u2018is vele malen groter dan mensen dachten\u2019.<br><br><strong>Een democratisch tekort, en hoe dat aan te vullen<\/strong><br>Verandert \u00e9\u00e9n van de twee pilaren van de liberale orde dan brokkelen coalities en draagvlak af, stellen Trubowitz en Burgoon vast. Burgoon vat de kern van het betoog samen: \u2018Een combinatie van het einde van de  Koude Oorlog en de afbrokkeling van sociale verzekeringen heeft geleid tot een situatie waarin veel mensen zeiden: \u2018dit is niet meer voor ons\u2019.\u2019 Trubowitz: \u2018Tijdens de Koude Oorlog moest je mensen internationale bescherming bieden, maar moest je ook sociale bescherming en economische veiligheid thuis bieden om te garanderen dat je internationaal kon concurreren. Het einde van de Koude Oorlog haalde die gedwongenheid weg. Natuurlijk, conservatieve leiders als Ronald Reagan en Margaret Thatcher waren al begonnen om de welvaartsstaat en de toewijding aan sociale bescherming terug te draaien. Maar in de jaren negentig van de vorige eeuw werd het makkelijker voor leiders als Bill Clinton, Tony Blair, Gerhard Schr\u00f6der en Lionel Jospin om dezelfde richting in te slaan. Het wegvallen van de geopolitieke dreiging van de Koude Oorlog bood politieke ruimte, \u00e9n bood ruimte aan partijen op extreemlinks en vooral op extreemrechts om nieuwe politieke programma\u2019s aan te bieden.\u2019<br><br>Wie het beleid van Reagan en Thatcher toejuicht, zal juist stellen dat het neoliberalisme de Koude Oorlog ten einde bracht. Het Westen kon dankzij het neoliberalisme economisch zo dynamisch worden dat de Sovjet-Unie onder enorme druk kwam te staan en instortte. Burgoon: \u2018Zelfs als je gelooft dat dat waar is, dan is dat een pyrrusoverwinning als je via dat neoliberalisme de sociale bescherming van bepaalde groepen ondermijnt. Je kunt de Koude Oorlog winnen, maar dat doe je dan ten koste van blijvend draagvlak voor het liberale internationalisme. Bovendien ben ik het niet eens met de analyse. Niet het neoliberalisme schrok de Sovjets af, maar programma\u2019s die het resultaat waren van overheidsinterventie en publieke uitgaven. Veel van de belangrijkste technologische ontwikkelingen in de Verenigde Staten waren niet het resultaat van de terugtrekking uit de geleide economie, van een kleine overheid en lage belastingen, maar kwamen voort uit macro-economische missies en investeringen in vaardigheden. Dat bracht ons eerder naar de maan.&#8217;<br><br>Als het zo duidelijk is dat westerse politieke leiders onder meer door de afbraak van sociale bescherming draagvlak verloren voor de liberale wereldorde, waarom hebben ze dan niets gedaan om het tij te keren? Trubowitz: \u2018Hoogmoed is \u00e9\u00e9n veelgehoorde verklaring hiervoor. Leiders zouden gewoon het idee hebben gehad dat het neoliberalisme werkte, dat zij het bij het juiste eind hadden. De arrogantie van de macht. Wij vinden andere verklaringen plausibeler. E\u00e9n daarvan is dat westerse leiders veel responsiever werden naar de instellingen van de internationale politiek; naar internationale organisaties en bureaucraten. Deze \u2018achterban\u2019 werd in zekere mate belangrijker voor hen dan hun kiezers. Een andere verklaring is dat politieke partijen responsiever werden naar de \u2018investeerdersklasse\u2019 binnen hun gelederen: mensen die het geld opbrachten, vaak met een groot netwerk, die profiteerden van de liberalisering van handel, institutionele samenwerking en multilateraal bestuur, en die zich weinig zorgen maakten over soevereiniteitskosten \u2013 vooral omdat ze heel gemakkelijk kapitaal konden verplaatsen. Leiders werden in zekere zin \u2018gekaapt\u2019 door dat segment van de partijpolitiek. Voor deze beide verklaringen konden we steun vinden in onze data.<br><br>Een derde mogelijke verklaring, maar daar moeten we meer onderzoek naar doen, is de verzwakking van de vakbonden in ge\u00efndustrialiseerde economie\u00ebn. In de Verenigde Staten is dat meer het geval dan in Europa, maar toch. De opkomst van de dienstensector en de neergang van de productiesectoren uiten zich in de erosie van arbeid. En zonder de vak- bonden als balans tegen de steun voor globalisering, liberalisering van handel en afbouw van de welvaartsstaat, krijgen leiders het gevoel dat ze meer speelruimte hebben. Uiteindelijk zien we dat partijen minder tegemoetkomen aan de behoeftes van hun traditionele achterban.<br><br>Burgoon: \u2018Maar de vraag waarom politieke leiders niet reageerden op het afbrokkelende binnenlandse draagvlak voor de liberale rechtsorde blijft een puzzel, vooral ook waar het gaat om de rol van individueel leiderschap. Dat vraagt ook om reflectie binnen politieke partijen zelf!\u2019<br><br>Richting de toekomst schetsen jullie drie routes die westerse politieke leiders en partijen kunnen bewandelen. Hoe wegen jullie opties? Trubowitz: \u2018De vraag is, hoe brengen we internationale doelen en binnenlandse middelen weer in evenwicht? Drie idee\u00ebn domineren dat debat. E\u00e9n is dat het Westen zich internationaal terugtrekt; de verwachtingen beperkt over wat internationaal kan worden bereikt; minder kostbare middelen inzet om een nauwere opvatting van het nationaal belang na te streven; tariefmuren opzet en meer bouwt op nationaal industriebeleid. Dit argument krijgt veel tractie in de Verenigde Staten, maar je ziet het ook in Europa en zeker ook in Aziatische democratie\u00ebn. Er bestaan verschillende versies van, maar het komt altijd neer op meer nationale controle en soevereiniteit. Wij stellen dat dat onvoldoende is. Niet internationale openheid of globalisering als zodanig zijn het probleem; het probleem is dat de inzet voor sociale bescherming en economische veiligheid geen gelijke tred heeft gehouden. Die steeds grotere kloof is de banvloek van liberaal internationalisme.\u2019<br><br>Het tweede idee is dat van een gezamenlijke dreiging. Trubowitz: \u2018Het meest gebruikelijke voorstel is dat China als \u2018vehikel\u2019 kan dienen om westerse democratie\u00ebn weer op \u00e9\u00e9n lijn te krijgen, om de inzet voor internationale veiligheid nieuw leven in te blazen en de druk van anti-globalistische stemmen thuis af te wenden. De gedachte is: zet internationaal weer meer op het spel met een confrontatie van groot- machten, en herstel zo de westerse solidariteit. Maar China stelt ons<br>niet voor dezelfde uitdaging als de Sovjet-Unie deed: het Chinese model biedt geen alternatieve versie van moderniteit die westerse arbeiders kan aantrekken. Studenten vragen ons vaak of het klimaat de Chinese dreiging kan vervangen, als een vehikel om stemmen over een breder deel van het politieke spectrum samen te brengen. Of dat dezelfde soort tractie kan krijgen als de geopolitieke uitdaging van de Sovjet-Unie is onduidelijk, maar het is het onderzoeken waard. Ook in China maken veel mensen zich zorgen over het klimaat, dus er zijn mogelijkheden om verschillen te overbruggen.<br><br>\u2018Het derde idee is om de sociaal-democratie te vernieuwen, in het besef dat je niet zomaar terug kan gaan naar de jaren vijftig van de vorige eeuw. We hebben in het boek weinig gereflecteerd op hoe we de sociaal-democratie dan kunnen heruitvinden, maar \u00e9\u00e9n richting is die van ruimtelijke investeringen \u2013 zonder individuele sociale overdrachten daarmee overboord te zetten. In veel westerse democratie\u00ebn vindt de uitholling vooral plaats op regionaal niveau. Investeringen moeten zich richten op grotere gemeenschappen, of dat nou in Noord-Frank- rijk, Noord-Engeland of de productiegordel<br>in de Verenigde Staten is. De klimaataanpak is hier onderdeel van.\u2019 Burgoon vult aan: \u2018De groene transitieprogramma\u2019s passen goed bij de missie die we voor ogen hebben. Maar dat geldt ook voor hervormingen van de welvaartsstaat die de nadruk leggen op een leven lang leren, aandacht hebben voor de combinatie van werk en zorg, activering op de arbeidsmarkt.\u2019<br><br>\u2018Overigens kunnen de internationale instituties ook niet onveranderd blijven. We zijn voorstander van hervormingen die het lidmaatschap van internationale instituties verbreden, om ruimte te geven aan opkomende machten als China en zeker ook aan niet-Westerse staten. En we kijken met belangstelling naar vormen van internationale organisaties en verdragen die ruimte geven aan de sociale afspraken waar we voor pleiten.\u2019 Denk dan aan normen voor arbeidsomstandigheden maar ook voor het klimaat en milieu als onderdeel van handelsafspraken.<br><br>\u2018Het idee is dus om de welvaartsstaat opnieuw uit te vinden, samen m\u00e9t de liberale rechtsorde. Dat is een duidelijk alternatief voor het je verschansen achter de eigen landsgrenzen, zoals de linker- en rechterflanken van het politieke spectrum bepleiten. Het is ook een goed alternatief voor de keuze om van China een politiek-ideologische vijand te maken. Dreigende oorlogstaal kan leiden tot daadwerkelijke oorlog, en dat is vreselijk. Dat er nu wel stemmen opgaan in bijvoorbeeld de VS, die dit bepleiten, is zeer zorgwekkend.\u2019<br>Het lijkt misschien nu alsof Burgoon en Trubowitz pleiten voor meer investeren in een nieuw soort welvaartsstaat, ten koste van investeren in bijvoorbeeld militaire afschrikkingsmacht. Maar dat is een suggestie die ze beiden verre van zich werpen: \u2018wij zijn van de school van de \u2018zachte realisten\u2019. Multilaterale samenwerking in internationale instituties kan, maar moet samengaan met stevig investeren in veiligheids- en defensie- capaciteit. En beiden moeten vergezeld gaan van investeringen in sociale bescherming. Hoe die combinatie er precies voor de Europese Unie uit moet zien, weten we niet precies. Economen maken voor de budgetten van staten van oudsher het onderscheid tussen staten die moeten kiezen tussen \u2018geweren\u2019 en \u2018boter\u2019, maar voor ons is het \u00e9n-\u00e9n: \u00e9n investeren in de geweren van een sterk veiligheids- en defensieapparaat, \u00e9n investeren in de boter van een nieuw soort welvaartsstaat. Geweren \u00e9n boter dus \u2013 of nou ja, tegenwoordig eerder drones \u00e9n boter\u2019.\t<\/p>\t  <\/div>\n\t<\/div>\n  <\/div>\n\n\n<div\n  id=\"\"\n  class=\"wrapper  wrapper__spacing-bottom-large--20  wrapper__gutter--none\"\n  >\n  \t<div class=\"wrapper__container wrapper__container-width-large--default\">\n\t  <div class=\"wrapper__inner wrapper__width-large--24 wrapper__width-mobile--24\">\n\t\t\t<div class=\"block-lists  block-lists__color--black\">\n\t\t<p class=\"paragraph  paragraph__color--black paragraph__size--default\">\n\t\t\t<\/p><ul class=\"block-lists lists__lists lists__weight--medium lists__color--black lists__type--default\">\n\t<\/ul>\t<\/div>\n\t\t  <\/div>\n\t<\/div>\n  <\/div>\n\n\t<\/div>\n\n\t<div class=\"block-post-content__sidebar\">\n\t\t\n\t\t\n\t\t\t<\/div>\n<\/section>\n\t  <\/div>\n\t<\/div>\n  <\/div>\n","protected":false},"excerpt":{"rendered":"","protected":false},"author":33,"featured_media":31468,"parent":0,"menu_order":0,"comment_status":"closed","ping_status":"closed","template":"","meta":{"_acf_changed":false,"footnotes":""},"themes-or-point-of-view":[],"labels":[],"search-tags":[],"class_list":["post-31467","page","type-page","status-publish","has-post-thumbnail","hentry"],"acf":[],"yoast_head":"<!-- This site is optimized with the Yoast SEO plugin v27.3 - https:\/\/yoast.com\/product\/yoast-seo-wordpress\/ -->\n<title>Mr. Hans van Mierlo stichting &#8211; Dubbelinterview Peter Trubowitz en Brian Burgoon<\/title>\n<meta name=\"robots\" content=\"index, follow, max-snippet:-1, max-image-preview:large, max-video-preview:-1\" \/>\n<link rel=\"canonical\" href=\"https:\/\/d66.nl\/vanmierlostichting\/dubbelinterview-peter-trubowitz-en-brian-burgoon\/\" \/>\n<meta property=\"og:locale\" content=\"nl_NL\" \/>\n<meta property=\"og:type\" content=\"article\" \/>\n<meta property=\"og:title\" content=\"Mr. Hans van Mierlo stichting &#8211; Dubbelinterview Peter Trubowitz en Brian Burgoon\" \/>\n<meta property=\"og:url\" content=\"https:\/\/d66.nl\/vanmierlostichting\/dubbelinterview-peter-trubowitz-en-brian-burgoon\/\" \/>\n<meta property=\"og:site_name\" content=\"Mr. Hans van Mierlo stichting\" \/>\n<meta property=\"article:publisher\" content=\"https:\/\/www.facebook.com\/vanmierlostichting\/\" \/>\n<meta property=\"article:modified_time\" content=\"2024-02-21T14:28:17+00:00\" \/>\n<meta property=\"og:image\" content=\"https:\/\/d66.nl\/vanmierlostichting\/wp-content\/uploads\/sites\/4\/2024\/01\/Schermafbeelding-2024-01-11-om-20.41.15.png\" \/>\n\t<meta property=\"og:image:width\" content=\"1240\" \/>\n\t<meta property=\"og:image:height\" content=\"806\" \/>\n\t<meta property=\"og:image:type\" content=\"image\/png\" \/>\n<meta name=\"twitter:card\" content=\"summary_large_image\" \/>\n<meta name=\"twitter:site\" content=\"@vmstichting\" \/>\n<script type=\"application\/ld+json\" class=\"yoast-schema-graph\">{\"@context\":\"https:\\\/\\\/schema.org\",\"@graph\":[{\"@type\":\"WebPage\",\"@id\":\"https:\\\/\\\/d66.nl\\\/vanmierlostichting\\\/dubbelinterview-peter-trubowitz-en-brian-burgoon\\\/\",\"url\":\"https:\\\/\\\/d66.nl\\\/vanmierlostichting\\\/dubbelinterview-peter-trubowitz-en-brian-burgoon\\\/\",\"name\":\"Mr. Hans van Mierlo stichting &#8211; Dubbelinterview Peter Trubowitz en Brian Burgoon\",\"isPartOf\":{\"@id\":\"https:\\\/\\\/d66.nl\\\/vanmierlostichting\\\/#website\"},\"primaryImageOfPage\":{\"@id\":\"https:\\\/\\\/d66.nl\\\/vanmierlostichting\\\/dubbelinterview-peter-trubowitz-en-brian-burgoon\\\/#primaryimage\"},\"image\":{\"@id\":\"https:\\\/\\\/d66.nl\\\/vanmierlostichting\\\/dubbelinterview-peter-trubowitz-en-brian-burgoon\\\/#primaryimage\"},\"thumbnailUrl\":\"https:\\\/\\\/d66.nl\\\/vanmierlostichting\\\/wp-content\\\/uploads\\\/sites\\\/4\\\/2024\\\/01\\\/Schermafbeelding-2024-01-11-om-20.41.15.png\",\"datePublished\":\"2024-01-11T19:41:56+00:00\",\"dateModified\":\"2024-02-21T14:28:17+00:00\",\"breadcrumb\":{\"@id\":\"https:\\\/\\\/d66.nl\\\/vanmierlostichting\\\/dubbelinterview-peter-trubowitz-en-brian-burgoon\\\/#breadcrumb\"},\"inLanguage\":\"nl-NL\",\"potentialAction\":[{\"@type\":\"ReadAction\",\"target\":[\"https:\\\/\\\/d66.nl\\\/vanmierlostichting\\\/dubbelinterview-peter-trubowitz-en-brian-burgoon\\\/\"]}]},{\"@type\":\"ImageObject\",\"inLanguage\":\"nl-NL\",\"@id\":\"https:\\\/\\\/d66.nl\\\/vanmierlostichting\\\/dubbelinterview-peter-trubowitz-en-brian-burgoon\\\/#primaryimage\",\"url\":\"https:\\\/\\\/d66.nl\\\/vanmierlostichting\\\/wp-content\\\/uploads\\\/sites\\\/4\\\/2024\\\/01\\\/Schermafbeelding-2024-01-11-om-20.41.15.png\",\"contentUrl\":\"https:\\\/\\\/d66.nl\\\/vanmierlostichting\\\/wp-content\\\/uploads\\\/sites\\\/4\\\/2024\\\/01\\\/Schermafbeelding-2024-01-11-om-20.41.15.png\",\"width\":1240,\"height\":806},{\"@type\":\"BreadcrumbList\",\"@id\":\"https:\\\/\\\/d66.nl\\\/vanmierlostichting\\\/dubbelinterview-peter-trubowitz-en-brian-burgoon\\\/#breadcrumb\",\"itemListElement\":[{\"@type\":\"ListItem\",\"position\":1,\"name\":\"Home\",\"item\":\"https:\\\/\\\/d66.nl\\\/vanmierlostichting\\\/\"},{\"@type\":\"ListItem\",\"position\":2,\"name\":\"Dubbelinterview Peter Trubowitz en Brian Burgoon\"}]},{\"@type\":\"WebSite\",\"@id\":\"https:\\\/\\\/d66.nl\\\/vanmierlostichting\\\/#website\",\"url\":\"https:\\\/\\\/d66.nl\\\/vanmierlostichting\\\/\",\"name\":\"Mr. Hans van Mierlo stichting\",\"description\":\"Just another WordPress site\",\"publisher\":{\"@id\":\"https:\\\/\\\/d66.nl\\\/vanmierlostichting\\\/#organization\"},\"potentialAction\":[{\"@type\":\"SearchAction\",\"target\":{\"@type\":\"EntryPoint\",\"urlTemplate\":\"https:\\\/\\\/d66.nl\\\/vanmierlostichting\\\/?s={search_term_string}\"},\"query-input\":{\"@type\":\"PropertyValueSpecification\",\"valueRequired\":true,\"valueName\":\"search_term_string\"}}],\"inLanguage\":\"nl-NL\"},{\"@type\":\"Organization\",\"@id\":\"https:\\\/\\\/d66.nl\\\/vanmierlostichting\\\/#organization\",\"name\":\"Mr. Hans van Mierlo Stichting\",\"url\":\"https:\\\/\\\/d66.nl\\\/vanmierlostichting\\\/\",\"logo\":{\"@type\":\"ImageObject\",\"inLanguage\":\"nl-NL\",\"@id\":\"https:\\\/\\\/d66.nl\\\/vanmierlostichting\\\/#\\\/schema\\\/logo\\\/image\\\/\",\"url\":\"https:\\\/\\\/d66.nl\\\/vanmierlostichting\\\/wp-content\\\/uploads\\\/sites\\\/4\\\/2021\\\/05\\\/Mr-Hans-van-Mierlo-stichting-logo.png\",\"contentUrl\":\"https:\\\/\\\/d66.nl\\\/vanmierlostichting\\\/wp-content\\\/uploads\\\/sites\\\/4\\\/2021\\\/05\\\/Mr-Hans-van-Mierlo-stichting-logo.png\",\"width\":1920,\"height\":1080,\"caption\":\"Mr. Hans van Mierlo Stichting\"},\"image\":{\"@id\":\"https:\\\/\\\/d66.nl\\\/vanmierlostichting\\\/#\\\/schema\\\/logo\\\/image\\\/\"},\"sameAs\":[\"https:\\\/\\\/www.facebook.com\\\/vanmierlostichting\\\/\",\"https:\\\/\\\/x.com\\\/vmstichting\",\"https:\\\/\\\/www.instagram.com\\\/mr.hansvanmierlostichting\\\/\"]}]}<\/script>\n<!-- \/ Yoast SEO plugin. -->","yoast_head_json":{"title":"Mr. Hans van Mierlo stichting &#8211; Dubbelinterview Peter Trubowitz en Brian Burgoon","robots":{"index":"index","follow":"follow","max-snippet":"max-snippet:-1","max-image-preview":"max-image-preview:large","max-video-preview":"max-video-preview:-1"},"canonical":"https:\/\/d66.nl\/vanmierlostichting\/dubbelinterview-peter-trubowitz-en-brian-burgoon\/","og_locale":"nl_NL","og_type":"article","og_title":"Mr. Hans van Mierlo stichting &#8211; Dubbelinterview Peter Trubowitz en Brian Burgoon","og_url":"https:\/\/d66.nl\/vanmierlostichting\/dubbelinterview-peter-trubowitz-en-brian-burgoon\/","og_site_name":"Mr. Hans van Mierlo stichting","article_publisher":"https:\/\/www.facebook.com\/vanmierlostichting\/","article_modified_time":"2024-02-21T14:28:17+00:00","og_image":[{"width":1240,"height":806,"url":"https:\/\/d66.nl\/vanmierlostichting\/wp-content\/uploads\/sites\/4\/2024\/01\/Schermafbeelding-2024-01-11-om-20.41.15.png","type":"image\/png"}],"twitter_card":"summary_large_image","twitter_site":"@vmstichting","schema":{"@context":"https:\/\/schema.org","@graph":[{"@type":"WebPage","@id":"https:\/\/d66.nl\/vanmierlostichting\/dubbelinterview-peter-trubowitz-en-brian-burgoon\/","url":"https:\/\/d66.nl\/vanmierlostichting\/dubbelinterview-peter-trubowitz-en-brian-burgoon\/","name":"Mr. Hans van Mierlo stichting &#8211; Dubbelinterview Peter Trubowitz en Brian Burgoon","isPartOf":{"@id":"https:\/\/d66.nl\/vanmierlostichting\/#website"},"primaryImageOfPage":{"@id":"https:\/\/d66.nl\/vanmierlostichting\/dubbelinterview-peter-trubowitz-en-brian-burgoon\/#primaryimage"},"image":{"@id":"https:\/\/d66.nl\/vanmierlostichting\/dubbelinterview-peter-trubowitz-en-brian-burgoon\/#primaryimage"},"thumbnailUrl":"https:\/\/d66.nl\/vanmierlostichting\/wp-content\/uploads\/sites\/4\/2024\/01\/Schermafbeelding-2024-01-11-om-20.41.15.png","datePublished":"2024-01-11T19:41:56+00:00","dateModified":"2024-02-21T14:28:17+00:00","breadcrumb":{"@id":"https:\/\/d66.nl\/vanmierlostichting\/dubbelinterview-peter-trubowitz-en-brian-burgoon\/#breadcrumb"},"inLanguage":"nl-NL","potentialAction":[{"@type":"ReadAction","target":["https:\/\/d66.nl\/vanmierlostichting\/dubbelinterview-peter-trubowitz-en-brian-burgoon\/"]}]},{"@type":"ImageObject","inLanguage":"nl-NL","@id":"https:\/\/d66.nl\/vanmierlostichting\/dubbelinterview-peter-trubowitz-en-brian-burgoon\/#primaryimage","url":"https:\/\/d66.nl\/vanmierlostichting\/wp-content\/uploads\/sites\/4\/2024\/01\/Schermafbeelding-2024-01-11-om-20.41.15.png","contentUrl":"https:\/\/d66.nl\/vanmierlostichting\/wp-content\/uploads\/sites\/4\/2024\/01\/Schermafbeelding-2024-01-11-om-20.41.15.png","width":1240,"height":806},{"@type":"BreadcrumbList","@id":"https:\/\/d66.nl\/vanmierlostichting\/dubbelinterview-peter-trubowitz-en-brian-burgoon\/#breadcrumb","itemListElement":[{"@type":"ListItem","position":1,"name":"Home","item":"https:\/\/d66.nl\/vanmierlostichting\/"},{"@type":"ListItem","position":2,"name":"Dubbelinterview Peter Trubowitz en Brian Burgoon"}]},{"@type":"WebSite","@id":"https:\/\/d66.nl\/vanmierlostichting\/#website","url":"https:\/\/d66.nl\/vanmierlostichting\/","name":"Mr. Hans van Mierlo stichting","description":"Just another WordPress site","publisher":{"@id":"https:\/\/d66.nl\/vanmierlostichting\/#organization"},"potentialAction":[{"@type":"SearchAction","target":{"@type":"EntryPoint","urlTemplate":"https:\/\/d66.nl\/vanmierlostichting\/?s={search_term_string}"},"query-input":{"@type":"PropertyValueSpecification","valueRequired":true,"valueName":"search_term_string"}}],"inLanguage":"nl-NL"},{"@type":"Organization","@id":"https:\/\/d66.nl\/vanmierlostichting\/#organization","name":"Mr. Hans van Mierlo Stichting","url":"https:\/\/d66.nl\/vanmierlostichting\/","logo":{"@type":"ImageObject","inLanguage":"nl-NL","@id":"https:\/\/d66.nl\/vanmierlostichting\/#\/schema\/logo\/image\/","url":"https:\/\/d66.nl\/vanmierlostichting\/wp-content\/uploads\/sites\/4\/2021\/05\/Mr-Hans-van-Mierlo-stichting-logo.png","contentUrl":"https:\/\/d66.nl\/vanmierlostichting\/wp-content\/uploads\/sites\/4\/2021\/05\/Mr-Hans-van-Mierlo-stichting-logo.png","width":1920,"height":1080,"caption":"Mr. Hans van Mierlo Stichting"},"image":{"@id":"https:\/\/d66.nl\/vanmierlostichting\/#\/schema\/logo\/image\/"},"sameAs":["https:\/\/www.facebook.com\/vanmierlostichting\/","https:\/\/x.com\/vmstichting","https:\/\/www.instagram.com\/mr.hansvanmierlostichting\/"]}]}},"_links":{"self":[{"href":"https:\/\/d66.nl\/vanmierlostichting\/wp-json\/wp\/v2\/pages\/31467","targetHints":{"allow":["GET"]}}],"collection":[{"href":"https:\/\/d66.nl\/vanmierlostichting\/wp-json\/wp\/v2\/pages"}],"about":[{"href":"https:\/\/d66.nl\/vanmierlostichting\/wp-json\/wp\/v2\/types\/page"}],"author":[{"embeddable":true,"href":"https:\/\/d66.nl\/vanmierlostichting\/wp-json\/wp\/v2\/users\/33"}],"replies":[{"embeddable":true,"href":"https:\/\/d66.nl\/vanmierlostichting\/wp-json\/wp\/v2\/comments?post=31467"}],"version-history":[{"count":7,"href":"https:\/\/d66.nl\/vanmierlostichting\/wp-json\/wp\/v2\/pages\/31467\/revisions"}],"predecessor-version":[{"id":31588,"href":"https:\/\/d66.nl\/vanmierlostichting\/wp-json\/wp\/v2\/pages\/31467\/revisions\/31588"}],"wp:featuredmedia":[{"embeddable":true,"href":"https:\/\/d66.nl\/vanmierlostichting\/wp-json\/wp\/v2\/media\/31468"}],"wp:attachment":[{"href":"https:\/\/d66.nl\/vanmierlostichting\/wp-json\/wp\/v2\/media?parent=31467"}],"wp:term":[{"taxonomy":"themes-or-point-of-view","embeddable":true,"href":"https:\/\/d66.nl\/vanmierlostichting\/wp-json\/wp\/v2\/themes-or-point-of-view?post=31467"},{"taxonomy":"labels","embeddable":true,"href":"https:\/\/d66.nl\/vanmierlostichting\/wp-json\/wp\/v2\/labels?post=31467"},{"taxonomy":"search-tags","embeddable":true,"href":"https:\/\/d66.nl\/vanmierlostichting\/wp-json\/wp\/v2\/search-tags?post=31467"}],"curies":[{"name":"wp","href":"https:\/\/api.w.org\/{rel}","templated":true}]}}