{"id":24343,"date":"2022-04-04T12:19:31","date_gmt":"2022-04-04T10:19:31","guid":{"rendered":"https:\/\/d66.nl\/vanmierlostichting\/?page_id=24343"},"modified":"2022-04-04T14:46:23","modified_gmt":"2022-04-04T12:46:23","slug":"interview-marian-donner-idee-213","status":"publish","type":"page","link":"https:\/\/d66.nl\/vanmierlostichting\/tijdschrift-idee\/interview-marian-donner-idee-213\/","title":{"rendered":"Interview Marian Donner"},"content":{"rendered":"<div\n  id=\"\"\n  class=\"wrapper  wrapper__spacing-bottom-large--50 wrapper__spacing-bottom-desktop--66 wrapper__spacing-bottom-mobile--76  wrapper__gutter--none\"\n  >\n  \t<div class=\"wrapper__container wrapper__container-width-large--default\">\n\t  <div class=\"wrapper__inner wrapper__width-large--14 wrapper__width-desktop--20 wrapper__width-mobile--24 wrapper__offset-large--6 wrapper__offset-desktop--4 wrapper__offset-mobile--0\">\n\t\t<h1 class=\"heading   heading__size--giant heading__font--serif heading__weight--regular  block-heading__heading\" id=\"nav-interview-marian-donner7259\"  data-nav-heading-mobile=\"Interview Marian Donner\" >\n\tInterview Marian Donner<\/h1>\t  <\/div>\n\t<\/div>\n  <\/div>\n\n\n<div\n  id=\"\"\n  class=\"wrapper  wrapper__spacing-bottom-large--50 wrapper__spacing-bottom-mobile--40  wrapper__gutter--none\"\n  >\n  \t<div class=\"wrapper__container wrapper__container-width-large--default\">\n\t  <div class=\"wrapper__inner wrapper__width-large--13 wrapper__width-desktop--22 wrapper__width-mobile--24 wrapper__offset-large--6 wrapper__offset-desktop--2 wrapper__offset-mobile--0\">\n\t\t<p\n\t\tclass=\"paragraph   paragraph__size--big   block-paragraph__paragraph\"\n\t\t\t>\n\t\t<em>\u2018We verdragen het lelijke niet meer\u2019<\/em><br><br>Wie veel tijd op sociale media doorbrengt, krijgt al snel het idee dat het zijn van \u2018de beste versie van jezelf\u2019 het belangrijkste doel in het leven is. De tijd die ons gegeven is, lijkt niet verspild te mogen worden. De keerzijde van deze focus op zelfverwezenlijking krijgt ook in toenemende mate aandacht, waarbij groeiende gevoelens van eenzaamheid en burn-outs onder jongeren vaak onderwerp van gesprek zijn. Schrijfster Marian Donner stortte zich met overgave in dit debat met haar <em>Zelfverwoestingsboek<\/em>, een pamflet tegen de maakbaarheid. Tegen het idee dat ieder mens zelf verantwoordelijk is voor zijn eigen geluk en dat iedereen de beste (lees: productiefste) versie van zichzelf moet zijn.<br><br>Interview door Anne-Lotte Masson &amp; Milan Assies\t<\/p>\t  <\/div>\n\t<\/div>\n  <\/div>\n\n\n<div\n  id=\"\"\n  class=\"wrapper  wrapper__spacing-bottom-large--50 wrapper__spacing-bottom-desktop--70 wrapper__spacing-bottom-mobile--50  wrapper__gutter--none\"\n  >\n  \t<div class=\"wrapper__container wrapper__container-width-large--default\">\n\t  <div class=\"wrapper__inner wrapper__width-large--18 wrapper__width-desktop--22 wrapper__width-mobile--24 wrapper__offset-large--6 wrapper__offset-desktop--2 wrapper__offset-mobile--0\">\n\t\t<section class=\"block-post-content\">\n\t<div class=\"block-post-content__title\">\n\t\t<h3 class=\"heading  heading__color--black heading__size--medium heading__font--sans heading__weight--bold  block-post-content__heading\" id=\"nav-7055\" data-nav-heading-mobile=\"\">\n\t<\/h3>\t<\/div>\n\t<div class=\"block-post-content__content\">\n\t\t\n<div\n  id=\"\"\n  class=\"wrapper  wrapper__spacing-bottom-large--30 wrapper__spacing-bottom-desktop--20  wrapper__gutter--none\"\n  >\n  \t<div class=\"wrapper__container wrapper__container-width-large--default\">\n\t  <div class=\"wrapper__inner wrapper__width-large--24 wrapper__width-mobile--24\">\n\t\t<p\n\t\tclass=\"paragraph paragraph__align--left paragraph__color--black paragraph__size--default   block-paragraph__paragraph\"\n\t\t\t>\n\t\t<strong>Je schrijft dat een \u2018verlangen naar zuiverheid\u2019 funest is. Waar komt dit verlangen in deze maatschappij vandaan? Waarom staan vergankelijkheid en de rauwe randjes van het leven in het verdomhoekje? <\/strong>\u2018Dat komt heel erg vanuit een gevestigd idee dat het leven maakbaar is. En als het leven dan maakbaar is, betekent dat dus dat je je leven zelf in de hand hebt. Dat maakt je bijna verplicht om jezelf te optimaliseren. Daardoor hebben we veel minder oog voor toeval gekregen. We verdragen het \u2018lelijke\u2019 niet meer \u2013 we willen alles opruimen. We zien \u2018zuiver\u2019 dus als goed. Niet alleen zuivere darmen, maar ook een zuiver hoofd. In het racisme-debat komt dat ook terug. Daar wordt je aangemoedigd om jezelf te zuiveren van verkeerde idee\u00ebn. De Zuid-Koreaanse filosoof Byung-Chul Han beschrijft mooi dat in onze moderne, hoogtechnologische samenleving alle obstakels moeten worden weggenomen. De weerhaakjes moeten weg. Alles moet positief zijn, ook tussen mensen. De troep, de rommel, de onhandigheid tussen mensen; dat moet allemaal weg. Zodat informatie en geld zo goed mogelijk kunnen stromen. Dat idee zit ook heel erg in ons maakbaarheidsdenken.\u2019<br><br><strong>Wat doet dit streven met de mens? <\/strong>\u2018Het leidt tot een enorm gevoel van schuld en schaamte. We zijn onze eigen politieagent en rechter. Je bent het aan jezelf verplicht. Je doet jezelf onrecht aan als je niet steeds \u2018het beste uit jezelf haalt\u2019. Imperfectie heb je aan jezelf te danken. Daar zit iets religieus in \u2013 het is bijna een soort erfzonde. Daar is het neoliberalisme ook op gebouwd. De schaamte om niet te voldoen. Dat alles opgelost moet worden in jezelf, dat streven naar meer. Je wordt zo ook hard voor jezelf en daarmee ook hard voor anderen, die nog niet zo \u2018zuiver\u2019 zijn als jij. Die zuiverheid is voor iedereen ook ongeveer hetzelfde, dat zie je ook op sociale media. Een gigantische eenheidsworst van \u2018positief zijn\u2019 en \u2018de schouders eronder\u2019. Er zit ook een gelijkheidsdenken achter: iedereen is gelijk dus wat je bereikt, heb je helemaal zelf in de hand. Alles moet glad en perfect zijn. Kijk bijvoorbeeld naar mijn zoontje van vijf. Er moet besloten worden of hij in groep 2 blijft of naar groep 3 gaat. Hij leert graag, is slim. Maar hij is \u00f3\u00f3k verlegen en dat vinden ze een groot probleem. In een groep straalt hij niet en dat moet hij wel kunnen. Wat ik wil zeggen: de stotteraars, de hakkelaars, de mensen die stiltes laten vallen, die zie je tegenwoordig niet meer. Iedereen moet uitblinken en dan ook nog op dezelfde vlakken.\u2019<br><br><strong>Kan je zeggen dat jongeren zwaarder getroffen zijn door deze maakbaarheidscultuur? <\/strong>\u2018Zeker! Zij zijn als een soort Obelix in de ketel van neoliberalisme gevallen. Jongeren hebben het in veel gevallen zwaarder dan vroeger: schulden, geen vaste contracten en wat al niet meer. En dan zijn daar nog het internet en sociale media bijgekomen, met het extreme vergelijken met elkaar. Ze zijn daarvan doordrenkt en geven zichzelf dus ook nog de schuld als ze falen. Schuld en schaamte, dat zijn zulke funeste gevoelens. Daar ga je op gegeven moment aan onderdoor. Die emoties vreten energie.\u2019<br><br><strong>Jij legt de schuld van de maakbaarheidscultuur bij het neoliberalisme. Meer conservatieve denkers zien de wortels van doorgeslagen individualisme in de jaren zestig van de vorige eeuw. Hoe kijk jij daarnaar? <\/strong>\u2018Economisch gezien beginnen de problemen echt in de jaren negentig, eerder veroorzaakt door Reagan en Thatcher en met de opkomst van internet. Maar veel problemen van nu zijn inderdaad ouder. Ik lees momenteel Marcuse [<em>Duitse filosoof (1898\u20131979), red.<\/em>] en heel veel van wat hij beschrijft is \u00e9\u00e9n-op-\u00e9\u00e9n op deze tijd te leggen. Dat gaat over co-optatie, ofwel hoe een systeem altijd tegenstand in zich opneemt. Dat zie je ook met <em>wokewashing <\/em>en <em>greenwashing<\/em>. Dan zeggen bedrijven: \u2018Oh, we moeten echt iets met racisme doen\u2019. En zodra dat gebeurt, is het vrijwel direct het einde van de beweging want dan is het salonf\u00e4hig gemaakt. Dan is het gevaar eruit en alles gladgestreken. Dat is ook gebeurd met de bewegingen van de jaren zestig. Wat begon als een kritiek op het kapitalisme, tegen het systeem, veranderde in een zeer individualistische beweging van zelfbevrijding. In het begin, tijdens de studentenprotesten, waren antiracisme en feminisme heel groot. Dat is eigenlijk allemaal opgegeten en persoonlijk gemaakt. De studenten wilden een onderdrukkend systeem veranderen. Dat draaide bij de hippies uit op het ideaal om jez\u00e9lf te bevrijden van een onderdrukkend systeem. En dat is toch net wat anders, of je het voor jezelf doet of voor iedereen doet. Daarin zie je hoe dingen persoonlijk worden gemaakt en dat is mettertijd steeds erger geworden.<br><br><strong>Hoe kan je als samenleving nou terugduwen, tegen dit neoliberlalisme? <\/strong>\u2018<em>That\u2019s the million dollar question! <\/em>En daar verschillen de meningen over. Er zijn mensen die heel erg geloven in het zelf doen. Broodfondsen, communes, je eigen gemeenschap cre\u00ebren. Ik ben daar zelf minder van overtuigd, omdat het toch vooral een soort hogere, creatieve klasse is die daar enthousiast van wordt. Het gevaar is dat de overheid steken laat vallen en dat enkel zo\u2019n klasse het weet op te pakken. Dat geeft een tweedeling. Uiteindelijk denk ik behoorlijk economisch, bijna marxistisch. Ik las laatst een Poolse filosoof, wiens naam me nu is ontschoten, die inging op de vraag of het mogelijk is om de mens te veranderen. Dat is namelijk waar we nu steeds mee bezig zijn, met onszelf veranderen. Onszelf steeds beter aanpassen. Hij stelt dat dat wel kan, maar niet zoals we denken. Om jezelf te veranderen moet je de omgeving veranderen. Thatcher wist dat ook heel goed. Die heeft ooit gezegd: <em>Economics is the method, the objective is to change the soul<\/em>. Dat lukt, want als je een neoliberale samenleving inricht die volledig op competitie is ingesteld, dan w\u00f3rden mensen ook competitief. Verandering zit voor mij toch in beleid. Je kunt mensen wel meer zeggenschap geven over hun eigen buurt, maar als de buurthuizen en bibliotheken zijn wegbezuinigd, sport duurder is gemaakt, de zorg prijziger wordt, als van zorgen voor je moeder je inkomen lager wordt, dan breekt wetgeving de solidariteit zo af, dat daar moeilijk tegen op te boksen is. Dus de politiek moet veranderen. Maar dat vinden mensen geen fijn idee. We willen z\u00e9lf wat kunnen doen, het in eigen hand hebben.\u2019<br><br><strong>Is je boek dan geen oproep tot de lezer, het individu, om zich non-conformistisch op te stellen? Om zich tegen het systeem te verzetten? <\/strong>\u2018Het boek is een concept, dat inderdaad verkent hoe je ondermijnend kan zijn. Van mij hoef je geen rebel te worden, maar ik hoop wel iets van de schuld en schaamte weg te nemen. Ik zeg vaak: het is niet jouw schuld, maar je hebt wel degelijk verantwoordelijkheid voor jezelf en voor elkaar. Ik geloof ook dat je jezelf kunt verbeteren, maar de vraag is w\u00e1t nou beter is. Is dat voor iedereen hetzelfde? Dat denk ik niet. In China is er nu een beweging die \u2018Vissen aanraken\u2019 heet, met enorm veel volgers op sociale media. Het is een protestbeweging tegen <em>bullshitbanen <\/em>met lange werkdagen. Het idee is om op je werk zo slecht mogelijk je best te doen. Ze delen onderling veel tips: ga zo vaak mogelijk naar de wc. Drink 2 liter water in kleine bekertjes, verspreid over de dag, zodat je steeds moet opstaan. In de VS is er het <em>nap ministry<\/em>, die propageert alleen maar rust \u2013 lekker slapen. Niet om daarna weer beter te presteren, maar gewoon om rust te krijgen. Hierachter ligt ook de vraag: voor wie werk ik eigenlijk? Het is allang niet meer zo dat je van hard werken rijk wordt. Dat word je als je rijke ouders hebt. Ik zou zeggen dat de wereld door deze tegenbewegingen niet direct verandert, maar genoeg van deze ondermijningen hebben wel degelijk potentie. Uiteindelijk moet er wetgeving veranderen.\u2019<br><br><strong>In je boek beschrijf je \u2018spijbelen\u2019 als een subversieve actie, als jezelf buiten de tijd plaatsen. Zou je deze coronatijd kunnen zien als een soort collectief spijbelen? Of is dit juist een werkelijkheid waaruit we niet kunnen ontsnappen? <\/strong>\u2018Ik vrees dat laatste. Spijbelen betekent dat de wereld doordraait en dat jij je daaraan onttrekt. Dat is niet zo als we collectief worden opgesloten. Ik ben ook niet enthousiast over de opkomst van het thuiswerken. Op zichzelf natuurlijk fijn dat je niet altijd naar kantoor hoeft en het is ook goed voor het milieu, maar ik vind het niet positief dat je werk in je priv\u00e9ruimte doordringt. Alles loopt door elkaar, helemaal als je klein behuisd bent of kinderen hebt. \u2018Mama is er wel, maar toch ook niet.\u2019 Corona versterkt bestaande tendensen, zoals dat werk dat overal in doordringt, maar ook de eenzaamheid of de focus op gezondheid en het hebben van een gezond lichaam. \u2018Boost je immuun- systeem en dan kan je corona aan.\u2019 Dat zie je ook bij die yoga-types, die zijn er volledig van overtuigd dat je er zelf iets aan moet doen. De nadruk ligt ook hier weer op het individu, op wat je zelf kunt en moet doen om jezelf te beschermen. En dat slaat ook door in \u2018eigen schuld\u2019; als je hard getroffen wordt door corona had je maar beter voor je lichaam moeten zorgen. Terwijl het eigenlijk zou moeten gaan over hoe corona in de wereld heeft kunnen komen.\u2019<br><br><strong>Zijn er nog wel positieve zaken uit deze crisis voortgekomen? <\/strong>\u2018Ja. Deze crisis heeft ons wel laten zien hoeveel er eigenlijk mogelijk is. Dat je de samenleving kan stilzetten. Dat is wel een breuk in het denken. <em>There is no alternative <\/em>\u2013 als het om kapitalisme gaat \u2013 is dus niet waar. Alles kan gewoon worden stilgelegd.\u2019<br><br><strong>Marian Donner <\/strong>is columnist en auteur. Haar <em>Zelfverwoestingsboek \u2013 waarom we meer moeten stinken, drinken, bloeden, branden en dansen <\/em>verscheen in 2019 bij Das Mag Uitgevers.<br><br><strong>Anne-Lotte Masson <\/strong>is projectleider bij Erasmus MC in Rotterdam en redactielid van <em>Idee<\/em>.<br><br><strong>Milan Assies <\/strong>is beleidsmedewerker bij het ministerie van Economische Zaken en Klimaat en redactielid van <em>Idee<\/em>.\t<\/p>\t  <\/div>\n\t<\/div>\n  <\/div>\n\n\n<div\n  id=\"\"\n  class=\"wrapper  wrapper__spacing-bottom-large--20  wrapper__gutter--none\"\n  >\n  \t<div class=\"wrapper__container wrapper__container-width-large--default\">\n\t  <div class=\"wrapper__inner wrapper__width-large--24 wrapper__width-mobile--24\">\n\t\t\t<div class=\"block-lists  block-lists__color--black\">\n\t\t<p class=\"paragraph  paragraph__color--black paragraph__size--default\">\n\t\t\t<\/p><ul class=\"block-lists lists__lists lists__weight--medium lists__color--black lists__type--default\">\n\t<\/ul>\t<\/div>\n\t\t  <\/div>\n\t<\/div>\n  <\/div>\n\n\n<div\n  id=\"\"\n  class=\"wrapper  wrapper__spacing-bottom-large--20  wrapper__gutter--none\"\n  >\n  \t<div class=\"wrapper__container wrapper__container-width-large--default\">\n\t  <div class=\"wrapper__inner wrapper__width-large--24 wrapper__width-mobile--24\">\n\t\t<div class=\"image__caption-wrapper block-image__caption-wrapper\">\n\t\t\t<div class=\"image__caption block-image__caption\">\n\t\t\t\t<p class=\"paragraph paragraph__align--left paragraph__color--black paragraph__size--small paragraph__weight--medium\">\n\t\t<span style=\"color: red\">LET OP: auteursrechten ontbreken<\/span>. <a href=\"https:\/\/d66.nl\/vanmierlostichting\/wp-admin\/upload.php?item=0\">S.v.p. de auteursrechten invullen voor deze afbeelding<\/a> before using it.\t<\/p>\t\t\t<\/div>\n\t\t<\/div>\t  <\/div>\n\t<\/div>\n  <\/div>\n\n\t<\/div>\n\n\t<div class=\"block-post-content__sidebar\">\n\t\t\n\t\t\n\t\t\t<\/div>\n<\/section>\n\t  <\/div>\n\t<\/div>\n  <\/div>\n\n\n<div\n  id=\"\"\n  class=\"wrapper  wrapper__spacing-bottom-large--50 wrapper__spacing-bottom-desktop--40 wrapper__spacing-bottom-mobile--40  wrapper__gutter--none\"\n  >\n  \t<div class=\"wrapper__container wrapper__container-width-large--default\">\n\t  <div class=\"wrapper__inner wrapper__width-large--10 wrapper__width-mobile--24 wrapper__offset-large--6\">\n\t\t<a\thref=\"https:\/\/d66.nl\/vanmierlostichting\/neem-een-abonnement-op-idee\/\"\n\tclass=\"btn btn__color--macaroni btn__size--default btn__size-width--default    block-button__btn\"\n\tid=\"\"\n\ttitle=\"Smaakt dit naar meer?\"\n\t\t\t\n\t\n\t\n\t\n\t\n\tdata-last-site-id=\"1\"\n\t>\n\t<div class=\"btn__top-wrapper\">\n\t\t\n\t\t<span class=\"btn__title\">\n\t\t\tSmaakt dit naar meer?\t\t<\/span>\n\n\t\t\t\t\t\t\t\t\t<div class=\"btn__media-icon\">\n\t\t\t\t\t<svg width='40' height='40' fill='none' xmlns='http:\/\/www.w3.org\/2000\/svg'><path d='M26.447 19.724a1 1 0 0 1 0 1.79l-4.764 2.38a1 1 0 0 1-1.447-.893v-4.765a1 1 0 0 1 1.447-.893l4.764 2.381Z' fill='#000'\/><path d='M22.236 20.619h-8' stroke='#000' stroke-width='2' stroke-linecap='round'\/><rect x='39' y='39' width='38' height='38' rx='19' transform='rotate(180 39 39)' stroke='#000' stroke-width='2'\/><\/svg>\t\t\t\t<\/div>\n\t\t\t\t\t\t<\/div>\n\n\t<span class=\"btn__description\">\n\t\tNeem dan hier een abonnement op Idee!\t<\/span>\n\n\t<span class=\"btn__spinner btn__spinner--macaroni btn__spinner--default\" aria-hidden=\"true\"><\/span>\n<\/a>\t  <\/div>\n\t<\/div>\n  <\/div>\n","protected":false},"excerpt":{"rendered":"","protected":false},"author":33,"featured_media":24344,"parent":23827,"menu_order":0,"comment_status":"closed","ping_status":"closed","template":"","meta":{"_acf_changed":false,"footnotes":""},"themes-or-point-of-view":[],"labels":[],"search-tags":[],"class_list":["post-24343","page","type-page","status-publish","has-post-thumbnail","hentry"],"acf":[],"yoast_head":"<!-- This site is optimized with the Yoast SEO plugin v27.3 - https:\/\/yoast.com\/product\/yoast-seo-wordpress\/ -->\n<title>Mr. Hans van Mierlo stichting &#8211; Interview Marian Donner<\/title>\n<meta name=\"robots\" content=\"index, follow, max-snippet:-1, max-image-preview:large, max-video-preview:-1\" \/>\n<link rel=\"canonical\" href=\"https:\/\/d66.nl\/vanmierlostichting\/tijdschrift-idee\/interview-marian-donner-idee-213\/\" \/>\n<meta property=\"og:locale\" content=\"nl_NL\" \/>\n<meta property=\"og:type\" content=\"article\" \/>\n<meta property=\"og:title\" content=\"Mr. Hans van Mierlo stichting &#8211; Interview Marian Donner\" \/>\n<meta property=\"og:url\" content=\"https:\/\/d66.nl\/vanmierlostichting\/tijdschrift-idee\/interview-marian-donner-idee-213\/\" \/>\n<meta property=\"og:site_name\" content=\"Mr. Hans van Mierlo stichting\" \/>\n<meta property=\"article:publisher\" content=\"https:\/\/www.facebook.com\/vanmierlostichting\/\" \/>\n<meta property=\"article:modified_time\" content=\"2022-04-04T12:46:23+00:00\" \/>\n<meta property=\"og:image\" content=\"https:\/\/d66.nl\/vanmierlostichting\/wp-content\/uploads\/sites\/4\/2022\/04\/Schermafbeelding-2022-04-04-om-12.18.47.png\" \/>\n\t<meta property=\"og:image:width\" content=\"944\" \/>\n\t<meta property=\"og:image:height\" content=\"592\" \/>\n\t<meta property=\"og:image:type\" content=\"image\/png\" \/>\n<meta name=\"twitter:card\" content=\"summary_large_image\" \/>\n<meta name=\"twitter:site\" content=\"@vmstichting\" \/>\n<script type=\"application\/ld+json\" class=\"yoast-schema-graph\">{\"@context\":\"https:\\\/\\\/schema.org\",\"@graph\":[{\"@type\":\"WebPage\",\"@id\":\"https:\\\/\\\/d66.nl\\\/vanmierlostichting\\\/tijdschrift-idee\\\/interview-marian-donner-idee-213\\\/\",\"url\":\"https:\\\/\\\/d66.nl\\\/vanmierlostichting\\\/tijdschrift-idee\\\/interview-marian-donner-idee-213\\\/\",\"name\":\"Mr. Hans van Mierlo stichting &#8211; Interview Marian Donner\",\"isPartOf\":{\"@id\":\"https:\\\/\\\/d66.nl\\\/vanmierlostichting\\\/#website\"},\"primaryImageOfPage\":{\"@id\":\"https:\\\/\\\/d66.nl\\\/vanmierlostichting\\\/tijdschrift-idee\\\/interview-marian-donner-idee-213\\\/#primaryimage\"},\"image\":{\"@id\":\"https:\\\/\\\/d66.nl\\\/vanmierlostichting\\\/tijdschrift-idee\\\/interview-marian-donner-idee-213\\\/#primaryimage\"},\"thumbnailUrl\":\"https:\\\/\\\/d66.nl\\\/vanmierlostichting\\\/wp-content\\\/uploads\\\/sites\\\/4\\\/2022\\\/04\\\/Schermafbeelding-2022-04-04-om-12.18.47.png\",\"datePublished\":\"2022-04-04T10:19:31+00:00\",\"dateModified\":\"2022-04-04T12:46:23+00:00\",\"breadcrumb\":{\"@id\":\"https:\\\/\\\/d66.nl\\\/vanmierlostichting\\\/tijdschrift-idee\\\/interview-marian-donner-idee-213\\\/#breadcrumb\"},\"inLanguage\":\"nl-NL\",\"potentialAction\":[{\"@type\":\"ReadAction\",\"target\":[\"https:\\\/\\\/d66.nl\\\/vanmierlostichting\\\/tijdschrift-idee\\\/interview-marian-donner-idee-213\\\/\"]}]},{\"@type\":\"ImageObject\",\"inLanguage\":\"nl-NL\",\"@id\":\"https:\\\/\\\/d66.nl\\\/vanmierlostichting\\\/tijdschrift-idee\\\/interview-marian-donner-idee-213\\\/#primaryimage\",\"url\":\"https:\\\/\\\/d66.nl\\\/vanmierlostichting\\\/wp-content\\\/uploads\\\/sites\\\/4\\\/2022\\\/04\\\/Schermafbeelding-2022-04-04-om-12.18.47.png\",\"contentUrl\":\"https:\\\/\\\/d66.nl\\\/vanmierlostichting\\\/wp-content\\\/uploads\\\/sites\\\/4\\\/2022\\\/04\\\/Schermafbeelding-2022-04-04-om-12.18.47.png\",\"width\":944,\"height\":592},{\"@type\":\"BreadcrumbList\",\"@id\":\"https:\\\/\\\/d66.nl\\\/vanmierlostichting\\\/tijdschrift-idee\\\/interview-marian-donner-idee-213\\\/#breadcrumb\",\"itemListElement\":[{\"@type\":\"ListItem\",\"position\":1,\"name\":\"Home\",\"item\":\"https:\\\/\\\/d66.nl\\\/vanmierlostichting\\\/\"},{\"@type\":\"ListItem\",\"position\":2,\"name\":\"&#8216;Idee&#8217; &#8211; Tijdschrift voor het sociaal-liberalisme\",\"item\":\"https:\\\/\\\/d66.nl\\\/vanmierlostichting\\\/tijdschrift-idee\\\/\"},{\"@type\":\"ListItem\",\"position\":3,\"name\":\"Interview Marian Donner\"}]},{\"@type\":\"WebSite\",\"@id\":\"https:\\\/\\\/d66.nl\\\/vanmierlostichting\\\/#website\",\"url\":\"https:\\\/\\\/d66.nl\\\/vanmierlostichting\\\/\",\"name\":\"Mr. Hans van Mierlo stichting\",\"description\":\"Just another WordPress site\",\"publisher\":{\"@id\":\"https:\\\/\\\/d66.nl\\\/vanmierlostichting\\\/#organization\"},\"potentialAction\":[{\"@type\":\"SearchAction\",\"target\":{\"@type\":\"EntryPoint\",\"urlTemplate\":\"https:\\\/\\\/d66.nl\\\/vanmierlostichting\\\/?s={search_term_string}\"},\"query-input\":{\"@type\":\"PropertyValueSpecification\",\"valueRequired\":true,\"valueName\":\"search_term_string\"}}],\"inLanguage\":\"nl-NL\"},{\"@type\":\"Organization\",\"@id\":\"https:\\\/\\\/d66.nl\\\/vanmierlostichting\\\/#organization\",\"name\":\"Mr. Hans van Mierlo Stichting\",\"url\":\"https:\\\/\\\/d66.nl\\\/vanmierlostichting\\\/\",\"logo\":{\"@type\":\"ImageObject\",\"inLanguage\":\"nl-NL\",\"@id\":\"https:\\\/\\\/d66.nl\\\/vanmierlostichting\\\/#\\\/schema\\\/logo\\\/image\\\/\",\"url\":\"https:\\\/\\\/d66.nl\\\/vanmierlostichting\\\/wp-content\\\/uploads\\\/sites\\\/4\\\/2021\\\/05\\\/Mr-Hans-van-Mierlo-stichting-logo.png\",\"contentUrl\":\"https:\\\/\\\/d66.nl\\\/vanmierlostichting\\\/wp-content\\\/uploads\\\/sites\\\/4\\\/2021\\\/05\\\/Mr-Hans-van-Mierlo-stichting-logo.png\",\"width\":1920,\"height\":1080,\"caption\":\"Mr. Hans van Mierlo Stichting\"},\"image\":{\"@id\":\"https:\\\/\\\/d66.nl\\\/vanmierlostichting\\\/#\\\/schema\\\/logo\\\/image\\\/\"},\"sameAs\":[\"https:\\\/\\\/www.facebook.com\\\/vanmierlostichting\\\/\",\"https:\\\/\\\/x.com\\\/vmstichting\",\"https:\\\/\\\/www.instagram.com\\\/mr.hansvanmierlostichting\\\/\"]}]}<\/script>\n<!-- \/ Yoast SEO plugin. -->","yoast_head_json":{"title":"Mr. Hans van Mierlo stichting &#8211; Interview Marian Donner","robots":{"index":"index","follow":"follow","max-snippet":"max-snippet:-1","max-image-preview":"max-image-preview:large","max-video-preview":"max-video-preview:-1"},"canonical":"https:\/\/d66.nl\/vanmierlostichting\/tijdschrift-idee\/interview-marian-donner-idee-213\/","og_locale":"nl_NL","og_type":"article","og_title":"Mr. Hans van Mierlo stichting &#8211; Interview Marian Donner","og_url":"https:\/\/d66.nl\/vanmierlostichting\/tijdschrift-idee\/interview-marian-donner-idee-213\/","og_site_name":"Mr. Hans van Mierlo stichting","article_publisher":"https:\/\/www.facebook.com\/vanmierlostichting\/","article_modified_time":"2022-04-04T12:46:23+00:00","og_image":[{"width":944,"height":592,"url":"https:\/\/d66.nl\/vanmierlostichting\/wp-content\/uploads\/sites\/4\/2022\/04\/Schermafbeelding-2022-04-04-om-12.18.47.png","type":"image\/png"}],"twitter_card":"summary_large_image","twitter_site":"@vmstichting","schema":{"@context":"https:\/\/schema.org","@graph":[{"@type":"WebPage","@id":"https:\/\/d66.nl\/vanmierlostichting\/tijdschrift-idee\/interview-marian-donner-idee-213\/","url":"https:\/\/d66.nl\/vanmierlostichting\/tijdschrift-idee\/interview-marian-donner-idee-213\/","name":"Mr. Hans van Mierlo stichting &#8211; Interview Marian Donner","isPartOf":{"@id":"https:\/\/d66.nl\/vanmierlostichting\/#website"},"primaryImageOfPage":{"@id":"https:\/\/d66.nl\/vanmierlostichting\/tijdschrift-idee\/interview-marian-donner-idee-213\/#primaryimage"},"image":{"@id":"https:\/\/d66.nl\/vanmierlostichting\/tijdschrift-idee\/interview-marian-donner-idee-213\/#primaryimage"},"thumbnailUrl":"https:\/\/d66.nl\/vanmierlostichting\/wp-content\/uploads\/sites\/4\/2022\/04\/Schermafbeelding-2022-04-04-om-12.18.47.png","datePublished":"2022-04-04T10:19:31+00:00","dateModified":"2022-04-04T12:46:23+00:00","breadcrumb":{"@id":"https:\/\/d66.nl\/vanmierlostichting\/tijdschrift-idee\/interview-marian-donner-idee-213\/#breadcrumb"},"inLanguage":"nl-NL","potentialAction":[{"@type":"ReadAction","target":["https:\/\/d66.nl\/vanmierlostichting\/tijdschrift-idee\/interview-marian-donner-idee-213\/"]}]},{"@type":"ImageObject","inLanguage":"nl-NL","@id":"https:\/\/d66.nl\/vanmierlostichting\/tijdschrift-idee\/interview-marian-donner-idee-213\/#primaryimage","url":"https:\/\/d66.nl\/vanmierlostichting\/wp-content\/uploads\/sites\/4\/2022\/04\/Schermafbeelding-2022-04-04-om-12.18.47.png","contentUrl":"https:\/\/d66.nl\/vanmierlostichting\/wp-content\/uploads\/sites\/4\/2022\/04\/Schermafbeelding-2022-04-04-om-12.18.47.png","width":944,"height":592},{"@type":"BreadcrumbList","@id":"https:\/\/d66.nl\/vanmierlostichting\/tijdschrift-idee\/interview-marian-donner-idee-213\/#breadcrumb","itemListElement":[{"@type":"ListItem","position":1,"name":"Home","item":"https:\/\/d66.nl\/vanmierlostichting\/"},{"@type":"ListItem","position":2,"name":"&#8216;Idee&#8217; &#8211; Tijdschrift voor het sociaal-liberalisme","item":"https:\/\/d66.nl\/vanmierlostichting\/tijdschrift-idee\/"},{"@type":"ListItem","position":3,"name":"Interview Marian Donner"}]},{"@type":"WebSite","@id":"https:\/\/d66.nl\/vanmierlostichting\/#website","url":"https:\/\/d66.nl\/vanmierlostichting\/","name":"Mr. Hans van Mierlo stichting","description":"Just another WordPress site","publisher":{"@id":"https:\/\/d66.nl\/vanmierlostichting\/#organization"},"potentialAction":[{"@type":"SearchAction","target":{"@type":"EntryPoint","urlTemplate":"https:\/\/d66.nl\/vanmierlostichting\/?s={search_term_string}"},"query-input":{"@type":"PropertyValueSpecification","valueRequired":true,"valueName":"search_term_string"}}],"inLanguage":"nl-NL"},{"@type":"Organization","@id":"https:\/\/d66.nl\/vanmierlostichting\/#organization","name":"Mr. Hans van Mierlo Stichting","url":"https:\/\/d66.nl\/vanmierlostichting\/","logo":{"@type":"ImageObject","inLanguage":"nl-NL","@id":"https:\/\/d66.nl\/vanmierlostichting\/#\/schema\/logo\/image\/","url":"https:\/\/d66.nl\/vanmierlostichting\/wp-content\/uploads\/sites\/4\/2021\/05\/Mr-Hans-van-Mierlo-stichting-logo.png","contentUrl":"https:\/\/d66.nl\/vanmierlostichting\/wp-content\/uploads\/sites\/4\/2021\/05\/Mr-Hans-van-Mierlo-stichting-logo.png","width":1920,"height":1080,"caption":"Mr. Hans van Mierlo Stichting"},"image":{"@id":"https:\/\/d66.nl\/vanmierlostichting\/#\/schema\/logo\/image\/"},"sameAs":["https:\/\/www.facebook.com\/vanmierlostichting\/","https:\/\/x.com\/vmstichting","https:\/\/www.instagram.com\/mr.hansvanmierlostichting\/"]}]}},"_links":{"self":[{"href":"https:\/\/d66.nl\/vanmierlostichting\/wp-json\/wp\/v2\/pages\/24343","targetHints":{"allow":["GET"]}}],"collection":[{"href":"https:\/\/d66.nl\/vanmierlostichting\/wp-json\/wp\/v2\/pages"}],"about":[{"href":"https:\/\/d66.nl\/vanmierlostichting\/wp-json\/wp\/v2\/types\/page"}],"author":[{"embeddable":true,"href":"https:\/\/d66.nl\/vanmierlostichting\/wp-json\/wp\/v2\/users\/33"}],"replies":[{"embeddable":true,"href":"https:\/\/d66.nl\/vanmierlostichting\/wp-json\/wp\/v2\/comments?post=24343"}],"version-history":[{"count":5,"href":"https:\/\/d66.nl\/vanmierlostichting\/wp-json\/wp\/v2\/pages\/24343\/revisions"}],"predecessor-version":[{"id":24417,"href":"https:\/\/d66.nl\/vanmierlostichting\/wp-json\/wp\/v2\/pages\/24343\/revisions\/24417"}],"up":[{"embeddable":true,"href":"https:\/\/d66.nl\/vanmierlostichting\/wp-json\/wp\/v2\/pages\/23827"}],"wp:featuredmedia":[{"embeddable":true,"href":"https:\/\/d66.nl\/vanmierlostichting\/wp-json\/wp\/v2\/media\/24344"}],"wp:attachment":[{"href":"https:\/\/d66.nl\/vanmierlostichting\/wp-json\/wp\/v2\/media?parent=24343"}],"wp:term":[{"taxonomy":"themes-or-point-of-view","embeddable":true,"href":"https:\/\/d66.nl\/vanmierlostichting\/wp-json\/wp\/v2\/themes-or-point-of-view?post=24343"},{"taxonomy":"labels","embeddable":true,"href":"https:\/\/d66.nl\/vanmierlostichting\/wp-json\/wp\/v2\/labels?post=24343"},{"taxonomy":"search-tags","embeddable":true,"href":"https:\/\/d66.nl\/vanmierlostichting\/wp-json\/wp\/v2\/search-tags?post=24343"}],"curies":[{"name":"wp","href":"https:\/\/api.w.org\/{rel}","templated":true}]}}