{"id":24177,"date":"2022-03-23T11:50:59","date_gmt":"2022-03-23T09:50:59","guid":{"rendered":"https:\/\/d66.nl\/vanmierlostichting\/?page_id=24177"},"modified":"2022-04-04T16:20:47","modified_gmt":"2022-04-04T14:20:47","slug":"interview-christopher-bickerton-idee-216","status":"publish","type":"page","link":"https:\/\/d66.nl\/vanmierlostichting\/tijdschrift-idee\/interview-christopher-bickerton-idee-216\/","title":{"rendered":"Interview Christopher Bickerton"},"content":{"rendered":"<div\n  id=\"\"\n  class=\"wrapper  wrapper__spacing-bottom-large--50 wrapper__spacing-bottom-desktop--66 wrapper__spacing-bottom-mobile--76  wrapper__gutter--none\"\n  >\n  \t<div class=\"wrapper__container wrapper__container-width-large--default\">\n\t  <div class=\"wrapper__inner wrapper__width-large--14 wrapper__width-desktop--20 wrapper__width-mobile--24 wrapper__offset-large--6 wrapper__offset-desktop--4 wrapper__offset-mobile--0\">\n\t\t<h1 class=\"heading   heading__size--giant heading__font--serif heading__weight--regular  block-heading__heading\" id=\"nav-interview-christopher-bickerton5006\"  data-nav-heading-mobile=\"Interview Christopher Bickerton\" >\n\tInterview Christopher Bickerton<\/h1>\t  <\/div>\n\t<\/div>\n  <\/div>\n\n\n<div\n  id=\"\"\n  class=\"wrapper  wrapper__spacing-bottom-large--50 wrapper__spacing-bottom-mobile--40  wrapper__gutter--none\"\n  >\n  \t<div class=\"wrapper__container wrapper__container-width-large--default\">\n\t  <div class=\"wrapper__inner wrapper__width-large--13 wrapper__width-desktop--22 wrapper__width-mobile--24 wrapper__offset-large--6 wrapper__offset-desktop--2 wrapper__offset-mobile--0\">\n\t\t<p\n\t\tclass=\"paragraph   paragraph__size--big   block-paragraph__paragraph\"\n\t\t\t>\n\t\t<strong>De idee\u00ebnstrijd verdwijnt uit de politiek<\/strong><br><br>Er zijn nog steeds verkiezingen, we hebben partijen, nieuwe partijen en er ontstaan nieuwe bewegingen\u2019, vertelt Christopher Bickerton als we hem ontmoeten in Groningen, nadat hij voor studenten en medewerkers aan de universiteit zijn verhaal heeft gehouden. Wat is er dan wel aan de hand? Als Bickerton en zijn coauteur de term \u2018crisis\u2019 gebruiken in hun boek <em>Technopopulism<\/em>, dan refereren ze naar een \u2018diepe crisis van politieke partijen en ideologie\u00ebn. <br><br>Door <strong><a href=\"https:\/\/d66.nl\/vanmierlostichting\/mensen\/afke-groen\/\">Afke Groen<\/a> <\/strong>en <strong><a href=\"https:\/\/d66.nl\/vanmierlostichting\/mensen\/dirk-jan-van-vliet\/\">Dirk-Jan van Vliet<\/a><\/strong><br>Vertaling uit het Engels door <strong><a href=\"https:\/\/d66.nl\/vanmierlostichting\/mensen\/noa-harmsen\/\">Noa Harmsen<\/a><\/strong>\t<\/p>\t  <\/div>\n\t<\/div>\n  <\/div>\n\n\n<div\n  id=\"\"\n  class=\"wrapper  wrapper__spacing-bottom-large--50 wrapper__spacing-bottom-desktop--70 wrapper__spacing-bottom-mobile--50  wrapper__gutter--none\"\n  >\n  \t<div class=\"wrapper__container wrapper__container-width-large--default\">\n\t  <div class=\"wrapper__inner wrapper__width-large--18 wrapper__width-desktop--22 wrapper__width-mobile--24 wrapper__offset-large--6 wrapper__offset-desktop--2 wrapper__offset-mobile--0\">\n\t\t<section class=\"block-post-content\">\n\t<div class=\"block-post-content__title\">\n\t\t<h3 class=\"heading  heading__color--black heading__size--medium heading__font--sans heading__weight--bold  block-post-content__heading\" id=\"nav-5627\" data-nav-heading-mobile=\"\">\n\t<\/h3>\t<\/div>\n\t<div class=\"block-post-content__content\">\n\t\t\n<div\n  id=\"\"\n  class=\"wrapper  wrapper__spacing-bottom-large--30 wrapper__spacing-bottom-desktop--20  wrapper__gutter--none\"\n  >\n  \t<div class=\"wrapper__container wrapper__container-width-large--default\">\n\t  <div class=\"wrapper__inner wrapper__width-large--24 wrapper__width-mobile--24\">\n\t\t<p\n\t\tclass=\"paragraph paragraph__align--left paragraph__color--black paragraph__size--default   block-paragraph__paragraph\"\n\t\t\t>\n\t\t<strong>Wat bedoel je precies met de diepe crisis van partijen en ideologie\u00ebn? <\/strong>\u2018Ons startpunt was de analyse van de inmiddels overleden Ierse politicoloog Peter Mair. Volgens Mair hebben de elites zich teruggetrokken in de staat. Partijen zijn zich voornamelijk gaan ori\u00ebnteren op nabijheid tot de macht, waardoor verkiezingen minder betwist zijn geworden. Beeld je een verkiezingsstrijd in waarbij jouw partij iets heel anders bepleit dan een andere partij. Als je verliest, dan is dat een zware nederlaag: de mensen hebben duidelijk een ander politiek project gesteund. Waarschijnlijk maak je voorlopig geen deel uit van het kabinet. Als het je doel is als politieke partij om dichter bij de macht te komen, dan heb je belang bij veel minder betwiste verkiezingen \u2013 waarin niets unieks en geen heel belangrijke onderwerpen worden besproken. Als je dan verliest, heeft niemand het gevoel dat er echt een grote politieke verandering heeft plaatsgevonden. In zo\u2019n context trekken burgers zich terug uit het maatschappelijk middenveld: ze keren ze zich tot de priv\u00e9sfeer en zijn weinig politiek betrokken. Hierdoor vormt zich wat Mair een \u2018leegte\u2019 noemt tussen burgers en de staat. Vanuit het perspectief van politici is het ingewikkeld om over deze leegte heen te regeren, omdat ze niet precies weten wat de mensen willen. Mensen lijken hun meningen en hun voorkeuren voor bepaalde politieke partijen steeds te veranderen. Politiek wordt giswerk. Mair noemt dit \u2018de crisis van de partijdemocratie.\u2019\u2019<br><br>\u00a0<strong>Mair\u2019s boek hierover, <em>Ruling the void,<\/em> werd bijna tien jaar geleden uitgegeven. Wat is de continu\u00efteit in zijn analyse?<\/strong> \u2018Er is nog steeds sprake van een breuk in de relatie tussen de samenleving en de staat. Die breuk komt voort uit het verval van het partijstelsel dat maatschappelijke conflicten vertaalde naar concurrentie tussen politieke partijen. Denk aan de conflicten tussen protestanten en katholieken, socialisten en conservatieven, communisten en liberalen. Die vormden ook het dagelijks leven van mensen. Voor zover dit stelsel niet meer bestaat, is er sprake van een serieuze, aanhoudende en langdurige malaise.\u2019<br>\u00a0<br>Met andere woorden: Bickerton ziet een ineenstorting van wat hij de \u2018ideologische logica\u2019 van de politiek noemt. \u2018Er was een manier van politiek bedrijven die diep verbonden was met een ideologische strijd\u2019, legt hij uit, maar die is \u2018verwelkt. \u2018Dit heeft de linkse partijpolitiek meer geraakt dan de rechtse partijen, want juist voor de linkse massapartijen was hun ideologie hun defini\u00ebrende eigenschap. De centrum en centrumrechtse partijen waren altijd al meer pragmatisch.\u2019<br>\u00a0<br><strong>De nieuwe politieke logica van het &#8216;technopopulisme&#8217;<\/strong><br>Voortbouwend op deze diagnose van de malaise van partijen en ideologie\u00ebn, is <em>Technopopulism <\/em>vervolgens geen analyse van wat verloren is gegaan. In tegendeel, de auteurs stellen dat een crisis een signaal is van een transitie, van een transformatie van de logica van politiek bedrijven. \u2018Politiek gaat tegenwoordig over iets anders. Als je vandaag de dag deelneemt aan verkiezingen en je gebruikt de linkse, ideologische taal uit 1970, dan is niemand in je ge\u00efnteresseerd. Een nieuwe manier van uitdrukken is dominant geworden, \u00e9\u00e9n die niet bepaald ideologisch is.\u2019 Volgens Bickerton en Ivernizzi Accetti bestaat deze nieuwe vorm van uitdrukken uit een beroep op het volk (populisme) en een beroep op competentie (technocratie). Deze twee \u2018appels\u2019 zijn de dominante basis geworden voor concurrentie tussen politieke partijen, beargumenteren ze. Enerzijds zijn populisme en technocratie twee extremen vormen van politiek bedrijven. In politieke debatten fungeren zij dan ook vaak als elkaars tegenpolen. Maar anderzijds vinden de auteurs dat de twee vormen ook op elkaar lijken. Populisme en technocratie beweren namelijk beiden toegang te hebben tot een bepaald soort waarheid. Waar populisten claimen toegang te hebben tot de \u2018wil van het volk\u2019, claimen technocraten toegang te hebben tot de wetenschappelijke \u2018waarheid\u2019 of de waarheid van experts. Het resultaat is dat vandaag de dag politieke partijen voornamelijk de concurrentie met elkaar aangaan op basis van verschillende claims op waarheid en competentie. Dat is wat Bickerton en Ivernizzi Acetti de \u2018technopopulistische logica\u2019 noemen.<br>\u00a0<br><strong>Vanuit historisch perspectief, in hoeverre is de dominantie van de technopopulistische logica in de politiek onvermijdelijk geweest? <\/strong>\u2018Ik denk niet dat het onvermijdelijk is. En het hoeft bovendien niet zo belangrijk te zijn als het geworden is. Politiek kan gaan over het centrale conflict tussen verschillende wereldbeelden. Lange tijd heeft dat conflict centraal gestaan in onze democratische systemen, te beginnen bij de late jaren 1890. Het begon echt grip te krijgen op ons politiek stelsel toen de socialistische massapartijen ontstonden. De periode tussen de wereldoorlogen was heel onstabiel, maar na de Tweede Wereldoorlog werd het stelsel stabieler. En dan, na de wijdverspreide opstanden van 1968, begint de transitie weg van deze ideologische logica naar een meer technopopulistische logica.\u2019<br>\u00a0<br><strong>De geschiedenis van D66 lijkt goed binnen dat narratief te passen. De partij is in 1966 opgericht, primair om te breken met de rigide ideologie\u00ebn van die tijd. <\/strong>\u2018De Nederlandse historische ervaring is een belangrijke. Wetenschappers zien de Nederlandse variant van het oude stelsel vaak als modelvoorbeeld van segmentatie. De zuil waar je toe behoorde, bepaalde niet alleen de partij waar je op stemde, maar ook de krant die je las of de school waar je heen ging. De transitie weg van een stelsel dat zo stevig verankerd was, is enorm. De structurele veranderingen in de Nederlandse samenleving suggereren dus dat Nederland een sterke casus is voor de aanwezigheid van de technopopulistische logica. Maar het is belangrijk om te begrijpen dat technopopulisme niet toebehoort aan \u00e9\u00e9n persoon, het is niet de eigenschap van \u00e9\u00e9n persoon. Waarschijnlijk bezitten alle politieke partijen bepaalde elementen van technopopulisme.\u2019<br>\u00a0<br><strong>Is de technopopulistische logica echt zo alomtegenwoordig? In Nederland hadden best wat mensen hoge verwachtingen dat de pandemie tot een meer ideologisch ingestoken politiek debat zou leiden. <\/strong>\u2018Natuurlijk zijn er ook uitzonderingen, momenten waarop de samenleving wel werd gemobiliseerd rondom bepaalde thema&#8217;s. Ik was in het Verenigd Koninkrijk tijdens de Brexit-campagne. Het voelde alsof politiek opeens wat begon te betekenen, op een manier waarop dat niet het geval was geweest in de jaren 1990 en 2000. Maar dat was van korte duur. Toen Jeremy Corbyn in 2015 het leiderschap van de Britse Labour Party won, gaf hij een goed voorbeeld van hoe de linkse ideologie nieuw leven ingeblazen kan worden in een anti-ideologisch tijdperk. De Corbyn-campagne was aantrekkelijk, mensen raakten echt betrokken. Maar de het was ook een totale bubbel. Hoewel mensen er echt in geloofden, sloot het niet aan bij wat mensen van de arbeiderspartij daadwerkelijk stemden. Dus ik denk dat je ideologie niet echt kunt terugbrengen zolang de samenleving niet anders ingericht is.\u00a0<br>\u00a0<br><strong>\u2018Uitwegen\u2019 uit het technopopulisme<\/strong><br>Hoewel Bickerton liever spreekt van een \u2018malaise\u2019 dan van een volledige crisis van de democratie, volgt uit de analyse in <em>Technopopulism<\/em> dat de technopopulistische logica van politiek bedrijven \u2018slecht is voor de kwaliteit van huidige democratische regimes<a href=\"#_ftn1\">[1]<\/a>\u2019. Als de politiek gedomineerd wordt door verschillende claims op de waarheid en op competentie, kan oppositie immers makkelijk weggezet worden als illegitiem. Politici vallen elkaar dus persoonlijk aan en stellen elkaars motivatie, draagvlak en eerlijkheid ter discussie<a href=\"#_ftn2\">[2]<\/a>. Daarnaast gaat de politiek steeds minder over \u2018<em>wat<\/em> er moet gebeuren\u2019 in termen van beleidstoezeggingen en \u2018steeds meer over <em>wie<\/em> doet het, <em>hoe<\/em> het gebeurt en uiteindelijk dat er <em>iets<\/em> wordt gedaan\u2019 \u2013 wat dat dan ook mag zijn. De auteurs stellen daarom dat de politiek zowel \u2018diep confronterend\u2019 als \u2018onbeduidend\u2019 is geworden<a href=\"#_ftn3\">[3]<\/a>. Dit maakt uiteindelijk de politieke onvrede groter. \u2018Op dit moment volg ik de Franse presidenti\u00eble campagne op de voet\u2019, vertelt Bickerton. \u2018Nieuwe individuen zijn opgestaan, waaronder ook zeer extreme politici. Maar de campagne vindt geen aansluiting met Frankrijk. Er is een enorme kloof tussen het zeer gepolariseerde partijstelsel en het dagelijks leven van mensen.\u2019<br>\u00a0<br><strong>Hoe komen we hieruit? <\/strong>\u2018Een manier zou kunnen zijn om de positie van lokale activisten binnen politieke partijen te versterken, door politieke partijen te democratiseren. Tegenwoordig is het electoraat steeds vaker hoogopgeleid. Politicologen en sociologen ontdekten dat burgers veel minder geneigd zijn om toe te geven aan hi\u00ebrarchische structuren. En toch heeft de politieke partij doorgaans nog steeds een zeer hi\u00ebrarchische structuur: je begint met het bijwonen van vergaderingen, volgt aanwijzingen op lokaal niveau, en probeert dan jezelf omhoog te werken. Zeker voor de jongere generatie is dat nogal onaantrekkelijk. Om hier een antwoord op te vinden hebben verschillende socialistische partijen bijvoorbeeld geprobeerd om de positie van de mensen onderaan de hi\u00ebrarchische ladder te versterken. Er zijn veel manieren om dat te doen. Maar het is aan politieke partijen zelf om die uit te vinden; van buitenaf kunnen we ze niet veranderen.\u2019<br>\u00a0<br><strong>Wat zou het teweegbrengen als we de positie van lokale activisten binnen partijen versterken? <\/strong>\u2018Het is belangrijk om te beseffen dat wat ik hier omschrijf geen eindpunt is. Versterking van het tussenniveau van de organisatie van politieke partijen is een instrument. Het is bedoeld om iets te bereiken, namelijk de grotere ideologische differentiatie tussen politieke partijen. Als je zou nadenken over hervormingen binnen D66, dan gaat het niet (alleen) om een interne democratische partij als doel op zich. Verlies niet uit het oog dat je veranderingen wil doorvoeren om een veel grotere mate van ideologische differentiatie te bewerkstelligen. Dit is hoe dat gebeurt. Uit onderzoek blijkt dat het leiderschap van partijen belang heeft bij een gematigd verkiezingsprogramma. Hun primaire doel is immers om een positie in het kabinet te bemachtigen, en met een gematigd programma is de kans groter dat je de gemiddelde kiezer binnenhaalt. Activisten hebben een stuk minder belang bij gematigdheid. Natuurlijk willen ook zij met hun partij de verkiezingen winnen, maar of de partij wint of verliest maakt voor hen niet het verschil uit tussen een ministerspost en lege handen. Voor de activisten gaat het veel meer om de idee\u00ebn: daar investeren ze hun tijd in. Dus als je de activisten als groep in de partij sterker maakt door ze meer invloed te geven op het partijprogramma, dan geef je de partij misschien ook wat meer ideologische identiteit. Dat staat of valt natuurlijk bij de mate waarin deze groep ideologisch is ingesteld. Zijn de activisten meer ideologisch gedreven? Dat is zeker niet gegarandeerd het geval.\u2019<br>\u00a0<br><strong>Het glas halfvol of halfleeg<\/strong><br>Partijen en politici die volgens Bickerton verankerd zijn in de technopopulistische logica, claimen zelf voor democratisering te staan. De Franse president Emmanuel Macron, leider van de politieke beweging <em>En Marche<\/em>, organiseerde bijvoorbeeld een Burgerconventie voor het Klimaat in 2019 en 2020 en was groot voorstander van de Conferentie over de Toekomst van Europa die momenteel loopt.<br>\u00a0<br><strong>Wat is het verschil tussen dergelijke initiatieven en jouw suggesties? <\/strong>\u2018Ik merk dat ik erg wantrouwend sta tegenover dergelijke experimenten. Ik geloof in politieke partijen als vertegenwoordigers van democratische politiek. Niets kan de zuivere onbepaaldheid van het stembiljet, van de stem, nabootsen. Tijdens de verkiezingen is het aan mensen om een keuze te maken. Geen enkel ander experiment is rond dit principe georganiseerd. De kans op een ontwrichtend resultaat is zo goed als nihil.\u2019<br>\u00a0<br><strong>Voorstanders van burgerfora wijzen op succesvollere voorbeelden, zoals de Ierse Constitutionele Conventie, die onder meer resulterende in het wettelijk homohuwelijk. <\/strong>\u2018Ja, Ierland is een interessante casus vanwege de specifieke aard van het partijstelsel. Het is \u00e9\u00e9n van de landen die sinds 1990 het meest zijn veranderd, zowel in sociaal als economisch opzicht. Maar deze veranderingen zijn nooit vertaald naar het Ierse partijstelsel. Ik kan het daarom wel waarderen dat er in Ierland, maar ook in andere landen, pogingen zijn gedaan om tot veranderingen te komen buiten het oude partijstelsel om. Sommige van de meest ontwrichtende en onverwachte momenten in de Europese politiek van de afgelopen dertig jaar hebben via referenda plaatsgevonden. De Franse en Nederlandse referenda over de Europese Grondwet in 2005 zijn heel invloedrijke momenten geweest; die hadden nooit kunnen plaatsvinden via het partijstelsel of via de gebruikelijke parlementaire kanalen. Maar tegelijkertijd zie ik niet in hoe dit ge\u00efnstitutionaliseerd zou kunnen worden. Per saldo ben ik er dus voorstander van om binnen partijstelsels te werken.<br>\u00a0<br><strong>Is het glas halfvol of halfleeg? <\/strong>\u2018Dat is een moeilijke vraag. Als je perspectief is dat er boeiende dingen gebeuren in de politiek \u2013 zoals de burgerfora en de conventies \u2013 dan zou ik zeggen dat het glas halfleeg is. Maar als je perspectief is dat de politiek geen zin heeft, dan zou ik zeggen dat het glas halfvol is. Sommige van mijn vrienden dachten dat er een burgeroorlog zou uitbreken in de Verenigde Staten. Sommigen geloven nog steeds dat het systeem aan het instorten is. Maar dat zie ik niet gebeuren. Er is veel bewijs dat de democratische politiek wel kan werken. Het werkt via de stembus.\u2019<br>\u00a0<br><strong>Christopher Bickerton<\/strong> is professor moderne Europese politiek aan University of Cambridge en auteur van onder andere <em>Technopopulism: The New Logic of Democratic Politics<\/em> (Oxford University Press, 2021, coauteur met Carlo Invernizzi Accetti). <br><br><strong><a href=\"https:\/\/d66.nl\/vanmierlostichting\/mensen\/afke-groen\/\">Afke Groen<\/a><\/strong> is wetenschappelijk medewerker van de Mr. Hans van Mierlo Stichting en hoofdredacteur van <em>Idee<\/em>.<br>\u00a0<br><strong><a href=\"https:\/\/d66.nl\/vanmierlostichting\/mensen\/dirk-jan-van-vliet\/\">Dirk-Jan van Vliet<\/a><\/strong> is liaison lokale politiek &amp; vereniging bij de Mr. Hans van Mierlo Stichting.<br><br><a href=\"#_ftnref1\">[1]<\/a> Dit citaat staat op pagina 14 in <em>Technopopulism<\/em><br><a href=\"#_ftnref2\">[2]<\/a> Zie pagina 11.<br><a href=\"#_ftnref3\">[3]<\/a> Zie pagina 12.\t<\/p>\t  <\/div>\n\t<\/div>\n  <\/div>\n\n\n<div\n  id=\"\"\n  class=\"wrapper  wrapper__spacing-bottom-large--20  wrapper__gutter--none\"\n  >\n  \t<div class=\"wrapper__container wrapper__container-width-large--default\">\n\t  <div class=\"wrapper__inner wrapper__width-large--24 wrapper__width-mobile--24\">\n\t\t\t<div class=\"block-lists  block-lists__color--black\">\n\t\t<p class=\"paragraph  paragraph__color--black paragraph__size--default\">\n\t\t\t<\/p><ul class=\"block-lists lists__lists lists__weight--medium lists__color--black lists__type--default\">\n\t<\/ul>\t<\/div>\n\t\t  <\/div>\n\t<\/div>\n  <\/div>\n\n\t<\/div>\n\n\t<div class=\"block-post-content__sidebar\">\n\t\t\n\t\t\n\t\t\t<\/div>\n<\/section>\n\t  <\/div>\n\t<\/div>\n  <\/div>\n\n\n<div\n  id=\"\"\n  class=\"wrapper  wrapper__spacing-bottom-large--50 wrapper__spacing-bottom-desktop--40 wrapper__spacing-bottom-mobile--40  wrapper__gutter--none\"\n  >\n  \t<div class=\"wrapper__container wrapper__container-width-large--default\">\n\t  <div class=\"wrapper__inner wrapper__width-large--10 wrapper__width-mobile--24 wrapper__offset-large--6\">\n\t\t<a\thref=\"https:\/\/d66.nl\/vanmierlostichting\/neem-een-abonnement-op-idee\/\"\n\tclass=\"btn btn__color--macaroni btn__size--default btn__size-width--default    block-button__btn\"\n\tid=\"\"\n\ttitle=\"Smaakt dit naar meer?\"\n\t\t\t\n\t\n\t\n\t\n\t\n\tdata-last-site-id=\"1\"\n\t>\n\t<div class=\"btn__top-wrapper\">\n\t\t\n\t\t<span class=\"btn__title\">\n\t\t\tSmaakt dit naar meer?\t\t<\/span>\n\n\t\t\t\t\t\t\t\t\t<div class=\"btn__media-icon\">\n\t\t\t\t\t<svg width='40' height='40' fill='none' xmlns='http:\/\/www.w3.org\/2000\/svg'><path d='M26.447 19.724a1 1 0 0 1 0 1.79l-4.764 2.38a1 1 0 0 1-1.447-.893v-4.765a1 1 0 0 1 1.447-.893l4.764 2.381Z' fill='#000'\/><path d='M22.236 20.619h-8' stroke='#000' stroke-width='2' stroke-linecap='round'\/><rect x='39' y='39' width='38' height='38' rx='19' transform='rotate(180 39 39)' stroke='#000' stroke-width='2'\/><\/svg>\t\t\t\t<\/div>\n\t\t\t\t\t\t<\/div>\n\n\t<span class=\"btn__description\">\n\t\tNeem dan hier een abonnement op Idee!\t<\/span>\n\n\t<span class=\"btn__spinner btn__spinner--macaroni btn__spinner--default\" aria-hidden=\"true\"><\/span>\n<\/a>\t  <\/div>\n\t<\/div>\n  <\/div>\n","protected":false},"excerpt":{"rendered":"","protected":false},"author":24,"featured_media":24424,"parent":23827,"menu_order":0,"comment_status":"closed","ping_status":"closed","template":"","meta":{"_acf_changed":false,"footnotes":""},"search-tags":[],"labels":[],"themes-or-point-of-view":[],"class_list":["post-24177","page","type-page","status-publish","has-post-thumbnail","hentry"],"acf":[],"yoast_head":"<!-- This site is optimized with the Yoast SEO plugin v27.3 - https:\/\/yoast.com\/product\/yoast-seo-wordpress\/ -->\n<title>Mr. Hans van Mierlo stichting &#8211; Interview Christopher Bickerton<\/title>\n<meta name=\"robots\" content=\"index, follow, max-snippet:-1, max-image-preview:large, max-video-preview:-1\" \/>\n<link rel=\"canonical\" href=\"https:\/\/d66.nl\/vanmierlostichting\/tijdschrift-idee\/interview-christopher-bickerton-idee-216\/\" \/>\n<meta property=\"og:locale\" content=\"nl_NL\" \/>\n<meta property=\"og:type\" content=\"article\" \/>\n<meta property=\"og:title\" content=\"Mr. Hans van Mierlo stichting &#8211; Interview Christopher Bickerton\" \/>\n<meta property=\"og:url\" content=\"https:\/\/d66.nl\/vanmierlostichting\/tijdschrift-idee\/interview-christopher-bickerton-idee-216\/\" \/>\n<meta property=\"og:site_name\" content=\"Mr. Hans van Mierlo stichting\" \/>\n<meta property=\"article:publisher\" content=\"https:\/\/www.facebook.com\/vanmierlostichting\/\" \/>\n<meta property=\"article:modified_time\" content=\"2022-04-04T14:20:47+00:00\" \/>\n<meta property=\"og:image\" content=\"https:\/\/d66.nl\/vanmierlostichting\/wp-content\/uploads\/sites\/4\/2022\/04\/Chris-Bickerton-headshot-TP-scaled.jpg\" \/>\n\t<meta property=\"og:image:width\" content=\"1920\" \/>\n\t<meta property=\"og:image:height\" content=\"2560\" \/>\n\t<meta property=\"og:image:type\" content=\"image\/jpeg\" \/>\n<meta name=\"twitter:card\" content=\"summary_large_image\" \/>\n<meta name=\"twitter:site\" content=\"@vmstichting\" \/>\n<script type=\"application\/ld+json\" class=\"yoast-schema-graph\">{\"@context\":\"https:\\\/\\\/schema.org\",\"@graph\":[{\"@type\":\"WebPage\",\"@id\":\"https:\\\/\\\/d66.nl\\\/vanmierlostichting\\\/tijdschrift-idee\\\/interview-christopher-bickerton-idee-216\\\/\",\"url\":\"https:\\\/\\\/d66.nl\\\/vanmierlostichting\\\/tijdschrift-idee\\\/interview-christopher-bickerton-idee-216\\\/\",\"name\":\"Mr. Hans van Mierlo stichting &#8211; Interview Christopher Bickerton\",\"isPartOf\":{\"@id\":\"https:\\\/\\\/d66.nl\\\/vanmierlostichting\\\/#website\"},\"primaryImageOfPage\":{\"@id\":\"https:\\\/\\\/d66.nl\\\/vanmierlostichting\\\/tijdschrift-idee\\\/interview-christopher-bickerton-idee-216\\\/#primaryimage\"},\"image\":{\"@id\":\"https:\\\/\\\/d66.nl\\\/vanmierlostichting\\\/tijdschrift-idee\\\/interview-christopher-bickerton-idee-216\\\/#primaryimage\"},\"thumbnailUrl\":\"https:\\\/\\\/d66.nl\\\/vanmierlostichting\\\/wp-content\\\/uploads\\\/sites\\\/4\\\/2022\\\/04\\\/Chris-Bickerton-headshot-TP-scaled.jpg\",\"datePublished\":\"2022-03-23T09:50:59+00:00\",\"dateModified\":\"2022-04-04T14:20:47+00:00\",\"breadcrumb\":{\"@id\":\"https:\\\/\\\/d66.nl\\\/vanmierlostichting\\\/tijdschrift-idee\\\/interview-christopher-bickerton-idee-216\\\/#breadcrumb\"},\"inLanguage\":\"nl-NL\",\"potentialAction\":[{\"@type\":\"ReadAction\",\"target\":[\"https:\\\/\\\/d66.nl\\\/vanmierlostichting\\\/tijdschrift-idee\\\/interview-christopher-bickerton-idee-216\\\/\"]}]},{\"@type\":\"ImageObject\",\"inLanguage\":\"nl-NL\",\"@id\":\"https:\\\/\\\/d66.nl\\\/vanmierlostichting\\\/tijdschrift-idee\\\/interview-christopher-bickerton-idee-216\\\/#primaryimage\",\"url\":\"https:\\\/\\\/d66.nl\\\/vanmierlostichting\\\/wp-content\\\/uploads\\\/sites\\\/4\\\/2022\\\/04\\\/Chris-Bickerton-headshot-TP-scaled.jpg\",\"contentUrl\":\"https:\\\/\\\/d66.nl\\\/vanmierlostichting\\\/wp-content\\\/uploads\\\/sites\\\/4\\\/2022\\\/04\\\/Chris-Bickerton-headshot-TP-scaled.jpg\",\"width\":1920,\"height\":2560},{\"@type\":\"BreadcrumbList\",\"@id\":\"https:\\\/\\\/d66.nl\\\/vanmierlostichting\\\/tijdschrift-idee\\\/interview-christopher-bickerton-idee-216\\\/#breadcrumb\",\"itemListElement\":[{\"@type\":\"ListItem\",\"position\":1,\"name\":\"Home\",\"item\":\"https:\\\/\\\/d66.nl\\\/vanmierlostichting\\\/\"},{\"@type\":\"ListItem\",\"position\":2,\"name\":\"&#8216;Idee&#8217; &#8211; Tijdschrift voor het sociaal-liberalisme\",\"item\":\"https:\\\/\\\/d66.nl\\\/vanmierlostichting\\\/tijdschrift-idee\\\/\"},{\"@type\":\"ListItem\",\"position\":3,\"name\":\"Interview Christopher Bickerton\"}]},{\"@type\":\"WebSite\",\"@id\":\"https:\\\/\\\/d66.nl\\\/vanmierlostichting\\\/#website\",\"url\":\"https:\\\/\\\/d66.nl\\\/vanmierlostichting\\\/\",\"name\":\"Mr. Hans van Mierlo stichting\",\"description\":\"Just another WordPress site\",\"publisher\":{\"@id\":\"https:\\\/\\\/d66.nl\\\/vanmierlostichting\\\/#organization\"},\"potentialAction\":[{\"@type\":\"SearchAction\",\"target\":{\"@type\":\"EntryPoint\",\"urlTemplate\":\"https:\\\/\\\/d66.nl\\\/vanmierlostichting\\\/?s={search_term_string}\"},\"query-input\":{\"@type\":\"PropertyValueSpecification\",\"valueRequired\":true,\"valueName\":\"search_term_string\"}}],\"inLanguage\":\"nl-NL\"},{\"@type\":\"Organization\",\"@id\":\"https:\\\/\\\/d66.nl\\\/vanmierlostichting\\\/#organization\",\"name\":\"Mr. Hans van Mierlo Stichting\",\"url\":\"https:\\\/\\\/d66.nl\\\/vanmierlostichting\\\/\",\"logo\":{\"@type\":\"ImageObject\",\"inLanguage\":\"nl-NL\",\"@id\":\"https:\\\/\\\/d66.nl\\\/vanmierlostichting\\\/#\\\/schema\\\/logo\\\/image\\\/\",\"url\":\"https:\\\/\\\/d66.nl\\\/vanmierlostichting\\\/wp-content\\\/uploads\\\/sites\\\/4\\\/2021\\\/05\\\/Mr-Hans-van-Mierlo-stichting-logo.png\",\"contentUrl\":\"https:\\\/\\\/d66.nl\\\/vanmierlostichting\\\/wp-content\\\/uploads\\\/sites\\\/4\\\/2021\\\/05\\\/Mr-Hans-van-Mierlo-stichting-logo.png\",\"width\":1920,\"height\":1080,\"caption\":\"Mr. Hans van Mierlo Stichting\"},\"image\":{\"@id\":\"https:\\\/\\\/d66.nl\\\/vanmierlostichting\\\/#\\\/schema\\\/logo\\\/image\\\/\"},\"sameAs\":[\"https:\\\/\\\/www.facebook.com\\\/vanmierlostichting\\\/\",\"https:\\\/\\\/x.com\\\/vmstichting\",\"https:\\\/\\\/www.instagram.com\\\/mr.hansvanmierlostichting\\\/\"]}]}<\/script>\n<!-- \/ Yoast SEO plugin. -->","yoast_head_json":{"title":"Mr. Hans van Mierlo stichting &#8211; Interview Christopher Bickerton","robots":{"index":"index","follow":"follow","max-snippet":"max-snippet:-1","max-image-preview":"max-image-preview:large","max-video-preview":"max-video-preview:-1"},"canonical":"https:\/\/d66.nl\/vanmierlostichting\/tijdschrift-idee\/interview-christopher-bickerton-idee-216\/","og_locale":"nl_NL","og_type":"article","og_title":"Mr. Hans van Mierlo stichting &#8211; Interview Christopher Bickerton","og_url":"https:\/\/d66.nl\/vanmierlostichting\/tijdschrift-idee\/interview-christopher-bickerton-idee-216\/","og_site_name":"Mr. Hans van Mierlo stichting","article_publisher":"https:\/\/www.facebook.com\/vanmierlostichting\/","article_modified_time":"2022-04-04T14:20:47+00:00","og_image":[{"width":1920,"height":2560,"url":"https:\/\/d66.nl\/vanmierlostichting\/wp-content\/uploads\/sites\/4\/2022\/04\/Chris-Bickerton-headshot-TP-scaled.jpg","type":"image\/jpeg"}],"twitter_card":"summary_large_image","twitter_site":"@vmstichting","schema":{"@context":"https:\/\/schema.org","@graph":[{"@type":"WebPage","@id":"https:\/\/d66.nl\/vanmierlostichting\/tijdschrift-idee\/interview-christopher-bickerton-idee-216\/","url":"https:\/\/d66.nl\/vanmierlostichting\/tijdschrift-idee\/interview-christopher-bickerton-idee-216\/","name":"Mr. Hans van Mierlo stichting &#8211; Interview Christopher Bickerton","isPartOf":{"@id":"https:\/\/d66.nl\/vanmierlostichting\/#website"},"primaryImageOfPage":{"@id":"https:\/\/d66.nl\/vanmierlostichting\/tijdschrift-idee\/interview-christopher-bickerton-idee-216\/#primaryimage"},"image":{"@id":"https:\/\/d66.nl\/vanmierlostichting\/tijdschrift-idee\/interview-christopher-bickerton-idee-216\/#primaryimage"},"thumbnailUrl":"https:\/\/d66.nl\/vanmierlostichting\/wp-content\/uploads\/sites\/4\/2022\/04\/Chris-Bickerton-headshot-TP-scaled.jpg","datePublished":"2022-03-23T09:50:59+00:00","dateModified":"2022-04-04T14:20:47+00:00","breadcrumb":{"@id":"https:\/\/d66.nl\/vanmierlostichting\/tijdschrift-idee\/interview-christopher-bickerton-idee-216\/#breadcrumb"},"inLanguage":"nl-NL","potentialAction":[{"@type":"ReadAction","target":["https:\/\/d66.nl\/vanmierlostichting\/tijdschrift-idee\/interview-christopher-bickerton-idee-216\/"]}]},{"@type":"ImageObject","inLanguage":"nl-NL","@id":"https:\/\/d66.nl\/vanmierlostichting\/tijdschrift-idee\/interview-christopher-bickerton-idee-216\/#primaryimage","url":"https:\/\/d66.nl\/vanmierlostichting\/wp-content\/uploads\/sites\/4\/2022\/04\/Chris-Bickerton-headshot-TP-scaled.jpg","contentUrl":"https:\/\/d66.nl\/vanmierlostichting\/wp-content\/uploads\/sites\/4\/2022\/04\/Chris-Bickerton-headshot-TP-scaled.jpg","width":1920,"height":2560},{"@type":"BreadcrumbList","@id":"https:\/\/d66.nl\/vanmierlostichting\/tijdschrift-idee\/interview-christopher-bickerton-idee-216\/#breadcrumb","itemListElement":[{"@type":"ListItem","position":1,"name":"Home","item":"https:\/\/d66.nl\/vanmierlostichting\/"},{"@type":"ListItem","position":2,"name":"&#8216;Idee&#8217; &#8211; Tijdschrift voor het sociaal-liberalisme","item":"https:\/\/d66.nl\/vanmierlostichting\/tijdschrift-idee\/"},{"@type":"ListItem","position":3,"name":"Interview Christopher Bickerton"}]},{"@type":"WebSite","@id":"https:\/\/d66.nl\/vanmierlostichting\/#website","url":"https:\/\/d66.nl\/vanmierlostichting\/","name":"Mr. Hans van Mierlo stichting","description":"Just another WordPress site","publisher":{"@id":"https:\/\/d66.nl\/vanmierlostichting\/#organization"},"potentialAction":[{"@type":"SearchAction","target":{"@type":"EntryPoint","urlTemplate":"https:\/\/d66.nl\/vanmierlostichting\/?s={search_term_string}"},"query-input":{"@type":"PropertyValueSpecification","valueRequired":true,"valueName":"search_term_string"}}],"inLanguage":"nl-NL"},{"@type":"Organization","@id":"https:\/\/d66.nl\/vanmierlostichting\/#organization","name":"Mr. Hans van Mierlo Stichting","url":"https:\/\/d66.nl\/vanmierlostichting\/","logo":{"@type":"ImageObject","inLanguage":"nl-NL","@id":"https:\/\/d66.nl\/vanmierlostichting\/#\/schema\/logo\/image\/","url":"https:\/\/d66.nl\/vanmierlostichting\/wp-content\/uploads\/sites\/4\/2021\/05\/Mr-Hans-van-Mierlo-stichting-logo.png","contentUrl":"https:\/\/d66.nl\/vanmierlostichting\/wp-content\/uploads\/sites\/4\/2021\/05\/Mr-Hans-van-Mierlo-stichting-logo.png","width":1920,"height":1080,"caption":"Mr. Hans van Mierlo Stichting"},"image":{"@id":"https:\/\/d66.nl\/vanmierlostichting\/#\/schema\/logo\/image\/"},"sameAs":["https:\/\/www.facebook.com\/vanmierlostichting\/","https:\/\/x.com\/vmstichting","https:\/\/www.instagram.com\/mr.hansvanmierlostichting\/"]}]}},"_links":{"self":[{"href":"https:\/\/d66.nl\/vanmierlostichting\/wp-json\/wp\/v2\/pages\/24177","targetHints":{"allow":["GET"]}}],"collection":[{"href":"https:\/\/d66.nl\/vanmierlostichting\/wp-json\/wp\/v2\/pages"}],"about":[{"href":"https:\/\/d66.nl\/vanmierlostichting\/wp-json\/wp\/v2\/types\/page"}],"author":[{"embeddable":true,"href":"https:\/\/d66.nl\/vanmierlostichting\/wp-json\/wp\/v2\/users\/24"}],"replies":[{"embeddable":true,"href":"https:\/\/d66.nl\/vanmierlostichting\/wp-json\/wp\/v2\/comments?post=24177"}],"version-history":[{"count":10,"href":"https:\/\/d66.nl\/vanmierlostichting\/wp-json\/wp\/v2\/pages\/24177\/revisions"}],"predecessor-version":[{"id":24462,"href":"https:\/\/d66.nl\/vanmierlostichting\/wp-json\/wp\/v2\/pages\/24177\/revisions\/24462"}],"up":[{"embeddable":true,"href":"https:\/\/d66.nl\/vanmierlostichting\/wp-json\/wp\/v2\/pages\/23827"}],"wp:featuredmedia":[{"embeddable":true,"href":"https:\/\/d66.nl\/vanmierlostichting\/wp-json\/wp\/v2\/media\/24424"}],"wp:attachment":[{"href":"https:\/\/d66.nl\/vanmierlostichting\/wp-json\/wp\/v2\/media?parent=24177"}],"wp:term":[{"taxonomy":"search-tags","embeddable":true,"href":"https:\/\/d66.nl\/vanmierlostichting\/wp-json\/wp\/v2\/search-tags?post=24177"},{"taxonomy":"labels","embeddable":true,"href":"https:\/\/d66.nl\/vanmierlostichting\/wp-json\/wp\/v2\/labels?post=24177"},{"taxonomy":"themes-or-point-of-view","embeddable":true,"href":"https:\/\/d66.nl\/vanmierlostichting\/wp-json\/wp\/v2\/themes-or-point-of-view?post=24177"}],"curies":[{"name":"wp","href":"https:\/\/api.w.org\/{rel}","templated":true}]}}