{"id":23827,"date":"2022-01-18T12:37:08","date_gmt":"2022-01-18T10:37:08","guid":{"rendered":"https:\/\/d66.nl\/vanmierlostichting\/?page_id=23827"},"modified":"2026-04-21T10:42:22","modified_gmt":"2026-04-21T08:42:22","slug":"tijdschrift-idee","status":"publish","type":"page","link":"https:\/\/d66.nl\/vanmierlostichting\/tijdschrift-idee\/","title":{"rendered":"&#8216;Idee&#8217; &#8211; Tijdschrift voor het sociaal-liberalisme"},"content":{"rendered":"<section class=\"block-big-hero-new\" data-video-url=\"\" style=\"--block-background-color: var(--global-colors-yellow, --global-colors-maize);\">\n\t<div class=\"block-big-hero-new__wrapper-width\">\n\t\t<div class=\"block-big-hero-new__wrapper block-big-hero-new__wrapper--left block-big-hero-new__wrapper--no-video\" style=\"background-image: url('https:\/\/media.d66.nl\/uploads\/sites\/4\/2026\/03\/Idee_header_nieuw.jpeg')\">\n\t\t\t<div class=\"block-big-hero-new__content-wrapper block-big-hero-new__content-wrapper--no-video\">\n\t\t\t\t\t\t\t\t<div class=\"block-big-hero-new__heading block-big-hero-new__heading--no-video\">\n\t\t\t\t\t<h1 class=\"heading heading__align--left heading__color--white heading__size--big heading__font--sans heading__weight--bold\" id=\"nav-het-tijdschrift-voor-het-sociaal-liberalisme4788\" data-nav-heading-mobile=\"Het tijdschrift voor het sociaal-liberalisme\">\n\tHet tijdschrift voor het sociaal-liberalisme<\/h1>\t\t\t\t<\/div>\n\n\t\t\t\t\n\t\t\t\t\t\t\t\t\t<div class=\"block-big-hero-new__cta\">\n\t\t\t\t\t\t<a href=\"https:\/\/d66.nl\/vanmierlostichting\/neem-een-abonnement-op-idee\/\" class=\"block-big-hero-new__cta-button\">Neem een abonnement op Idee!<\/a>\n\t\t\t\t\t<\/div>\n\t\t\t\t\n\t\t\t\t\t\t\t<\/div>\n\t\t<\/div>\n\n\t\t<div class=\"block-big-hero-new__wrapper block-big-hero-new__wrapper--right block-big-hero-new__wrapper--no-video\">\n\t\t\t<div class=\"block-big-hero-new__sidebar-wrapper block-big-hero-new__sidebar-wrapper--no-video\">\n\t\t\t\t<div class=\"block-big-hero-new__mini-card\">\n<div class=\"mini-card  mini-card__style mini-card__style--default\" data-post-id=\"0\">\n\t\n\t\t\t\t<div class=\"mini-card__heading\">\n\t\t\t<a href=\"https:\/\/d66.nl\/vanmierlostichting\/tijdschrift-idee\/bijdragen-aan-idee-meer-informatie\/\" class=\"mini-card__link\">\n\t\t\t\t<h2 class=\"heading heading__align--left heading__color--black heading__size--larger heading__font--sans heading__weight--bold\" id=\"nav--em-idee--em-7487\">\n\t<em>Idee<\/em><\/h2>\t\t\t<\/a>\n\t\t<\/div>\n\t\t\t\t\n\t\t\t<div class=\"mini-card__paragraph\">\n\t\t\t<p class=\"paragraph paragraph__align--left paragraph__color--black paragraph__size--default paragraph__weight--medium\">\n\t\t<em>Op zoek naar verdieping en verbreding van het sociaal-liberale gedachtegoed? Neem dan een abonnement op Idee. <\/em><br><br>Idee verschijnt drie keer per jaar. In iedere editie staat politiek-maatschappelijk thema centraal, zoals de toekomst van de politiek, het klimaat, of de macht van de markt. <br><br>Idee zet aan tot nadenken en debat, en is dus onmisbaar voor elke sociaal-liberaal. Je hoeft geen lid te zijn van D66 om Idee te lezen. <br><br>Wil je gratis \u00e9\u00e9n proef exemplaar ontvangen? Mail naar idee@d66.nl<br>\t<\/p>\t\t<\/div>\n\t\n\t<a href=\"https:\/\/d66.nl\/vanmierlostichting\/tijdschrift-idee\/bijdragen-aan-idee-meer-informatie\/\" class=\"buttonV2 buttonV2__color--transparent buttonV2__size--default buttonV2__size-width--default buttonV2__link  mini-card__buttonV2\" id=\"\" target=\"\">\n\t<div class=\"buttonV2__top-wrapper buttonV2__arrow-align--right\">\n\t\t\t\t\t<span class=\"buttonV2__title\">\n\t\t\t\tBijdrage leveren aan Idee?\t\t\t<\/span>\n\t\t\n\t\t\t\t\t<div class=\"buttonV2__icon\">\n\t\t\t\t<svg xmlns='http:\/\/www.w3.org\/2000\/svg' viewBox='0 0 58.14 50.62'><path d='m32.82 50.62 25.32-25.31L32.82 0l-4.35 4.35 17.92 17.86H0v6.21h46.39L28.47 46.33l4.35 4.29z' fill='currentColor' \/><\/svg>\t\t\t<\/div>\n\t\t\t<\/div>\n\n\t<\/a><\/div>\n<\/div>\n\t\t\t\t\t\t\t<\/div>\n\t\t<\/div>\n\t<\/div>\n<\/section>\n\n\n\n<div\n  id=\"\"\n  class=\"wrapper wrapper__spacing-top-large--70 wrapper__spacing-top-mobile--60 wrapper__spacing-bottom-large--70  wrapper__gutter--none\"\n  data-background-color=\"skyBlue\">\n  \t<div class=\"wrapper__container wrapper__container-width-large--full-width\">\n\t  <div class=\"wrapper__inner wrapper__width-large--24 wrapper__width-mobile--24\">\n\t\t\n<section\n\tclass=\"block-featured-stories js-block-featured-stories\"\n\t>\n\t<div class=\"block-featured-stories__wrapper\">\n\t\t<div class=\"swiper\">\n\t\t\t<div class=\"swiper-wrapper\">\n\t\t\t\t<article class=\"featured-story js-featured-story swiper-slide\" data-background-color=\"\">\n\t<div class=\"featured-story__wrapper\">\n\t\t\t\t\t<div class=\"featured-story__title\">\n\t\t\t\t<h3 class=\"heading   heading__size--huge\" id=\"nav-voorwoord-idee-2305292\" data-nav-heading-mobile=\"Voorwoord Idee 230\">\n\tVoorwoord Idee 230<\/h3>\t\t\t<\/div>\n\t\t\n\t\t\t\t\t<img loading=\"lazy\" decoding=\"async\" width=\"683\" height=\"1024\" src=\"https:\/\/media.d66.nl\/uploads\/sites\/4\/2026\/04\/260206_Schut_0082-aangepast-formaat.jpeg\" class=\"image featured-story__img\" alt=\"\" \/>\t\t\n\t\t\t\t\t<div class=\"featured-story__excerpt\">\n\t\t\t\t<p class=\"paragraph  paragraph__color--black paragraph__size--default\">\n\t\tIn een democratie bevecht je elkaar met woorden, niet met wapens. Want een woordenstrijd is rechtvaardiger en leidt tot betere politieke resultaten \u2013 althans, dat is de hoop.\t<\/p>\t\t\t<\/div>\n\t\t\n\t\t\t\t\t<div class=\"featured-story__button\">\n\t\t\t\t<a href=\"https:\/\/d66.nl\/vanmierlostichting\/nieuws\/voorwoord-idee-230\" class=\"btn btn__color--black btn__size--default\" id=\"\" title=\"Lees meer\" data-gtm-event=\"click\" data-gtm-group=\"story\" data-gtm-target=\"Voorwoord Idee 230\" data-last-site-id=\"1\">\n\t<div class=\"btn__top-wrapper\">\n\t\t\n\t\t<span class=\"btn__title\">\n\t\t\tLees meer\t\t<\/span>\n\n\t\t\t<\/div>\n\n\t<span class=\"btn__description\">\n\t\t\t<\/span>\n\n\t<span class=\"btn__spinner btn__spinner--black btn__spinner--default\" aria-hidden=\"true\"><\/span>\n<\/a>\t\t\t<\/div>\n\t\t\n\t<\/div>\n<\/article><article class=\"featured-story js-featured-story swiper-slide is-hidden\" data-background-color=\"\">\n\t<div class=\"featured-story__wrapper\">\n\t\t\t\t\t<div class=\"featured-story__title\">\n\t\t\t\t<h3 class=\"heading   heading__size--huge\" id=\"nav-interview--andr--s-rodriquez-pose9904\" data-nav-heading-mobile=\"Interview  Andr\u00e9s Rodriquez-Pose\">\n\tInterview  Andr\u00e9s Rodriquez-Pose<\/h3>\t\t\t<\/div>\n\t\t\n\t\t\t\t\t<img loading=\"lazy\" decoding=\"async\" width=\"683\" height=\"1024\" src=\"https:\/\/media.d66.nl\/uploads\/sites\/4\/2026\/04\/20260206_Pose_0032-2.jpg\" class=\"image featured-story__img\" alt=\"\" \/>\t\t\n\t\t\t\t\t<div class=\"featured-story__excerpt\">\n\t\t\t\t<p class=\"paragraph  paragraph__color--black paragraph__size--default\">\n\t\tFiscaal beleid \u00eds sociaal beleid \u2013 en niets illustreert dit principe beter dan de politieke discussie rondom het vaststellen van de lange termijn begroting van de Europese Unie voor de&hellip;\t<\/p>\t\t\t<\/div>\n\t\t\n\t\t\t\t\t<div class=\"featured-story__button\">\n\t\t\t\t<a href=\"https:\/\/d66.nl\/vanmierlostichting\/nieuws\/interview-andres-rodriquez-pose\" class=\"btn btn__color--black btn__size--default\" id=\"\" title=\"Lees meer\" data-gtm-event=\"click\" data-gtm-group=\"story\" data-gtm-target=\"Interview  Andr\u00e9s Rodriquez-Pose\" data-last-site-id=\"1\">\n\t<div class=\"btn__top-wrapper\">\n\t\t\n\t\t<span class=\"btn__title\">\n\t\t\tLees meer\t\t<\/span>\n\n\t\t\t<\/div>\n\n\t<span class=\"btn__description\">\n\t\t\t<\/span>\n\n\t<span class=\"btn__spinner btn__spinner--black btn__spinner--default\" aria-hidden=\"true\"><\/span>\n<\/a>\t\t\t<\/div>\n\t\t\n\t<\/div>\n<\/article><article class=\"featured-story js-featured-story swiper-slide is-hidden\" data-background-color=\"\">\n\t<div class=\"featured-story__wrapper\">\n\t\t\t\t\t<div class=\"featured-story__title\">\n\t\t\t\t<h3 class=\"heading   heading__size--huge\" id=\"nav-een-weerbare-democratische-cultuur2317\" data-nav-heading-mobile=\"Een weerbare democratische cultuur\">\n\tEen weerbare democratische cultuur<\/h3>\t\t\t<\/div>\n\t\t\n\t\t\t\t\t<img loading=\"lazy\" decoding=\"async\" width=\"651\" height=\"1024\" src=\"https:\/\/media.d66.nl\/uploads\/sites\/4\/2026\/04\/Illustratie-artikel-1-Yannou-Tamis.png\" class=\"image featured-story__img\" alt=\"\" \/>\t\t\n\t\t\t\t\t<div class=\"featured-story__excerpt\">\n\t\t\t\t<p class=\"paragraph  paragraph__color--black paragraph__size--default\">\n\t\tIn het debat over democratische weerbaarheid gaat de aandacht vaak uit naar juridische en institutionele vangrails. Minder aandacht is er voor de democratische cultuur: de houdingen, waarden en grenzen die&hellip;\t<\/p>\t\t\t<\/div>\n\t\t\n\t\t\t\t\t<div class=\"featured-story__button\">\n\t\t\t\t<a href=\"https:\/\/d66.nl\/vanmierlostichting\/nieuws\/een-weerbare-democratische-cultuur\" class=\"btn btn__color--black btn__size--default\" id=\"\" title=\"Lees meer\" data-gtm-event=\"click\" data-gtm-group=\"story\" data-gtm-target=\"Een weerbare democratische cultuur\" data-last-site-id=\"1\">\n\t<div class=\"btn__top-wrapper\">\n\t\t\n\t\t<span class=\"btn__title\">\n\t\t\tLees meer\t\t<\/span>\n\n\t\t\t<\/div>\n\n\t<span class=\"btn__description\">\n\t\t\t<\/span>\n\n\t<span class=\"btn__spinner btn__spinner--black btn__spinner--default\" aria-hidden=\"true\"><\/span>\n<\/a>\t\t\t<\/div>\n\t\t\n\t<\/div>\n<\/article><article class=\"featured-story js-featured-story swiper-slide is-hidden\" data-background-color=\"\">\n\t<div class=\"featured-story__wrapper\">\n\t\t\t\t\t<div class=\"featured-story__title\">\n\t\t\t\t<h3 class=\"heading   heading__size--huge\" id=\"nav-interview-wouter-koolmees----8216-relaties-eerst--dan-pas-de-inhoud--8217-3257\" data-nav-heading-mobile=\"Interview Wouter Koolmees: &#8216;Relaties eerst, dan pas de inhoud&#8217;\">\n\tInterview Wouter Koolmees: &#8216;Relaties eerst, dan pas de inhoud&#8217;<\/h3>\t\t\t<\/div>\n\t\t\n\t\t\t\t\t<img loading=\"lazy\" decoding=\"async\" width=\"768\" height=\"1024\" src=\"https:\/\/media.d66.nl\/uploads\/sites\/4\/2026\/03\/260130_Koolmees_0135-768x1024.jpg\" class=\"image featured-story__img\" alt=\"\" \/>\t\t\n\t\t\n\t\t\t\t\t<div class=\"featured-story__button\">\n\t\t\t\t<a href=\"https:\/\/d66.nl\/vanmierlostichting\/nieuws\/interview-wouter-koolmees-relaties-eerst-dan-pas-de-inhoud\" class=\"btn btn__color--black btn__size--default\" id=\"\" title=\"Lees meer\" data-gtm-event=\"click\" data-gtm-group=\"story\" data-gtm-target=\"Interview Wouter Koolmees: &#8216;Relaties eerst, dan pas de inhoud&#8217;\" data-last-site-id=\"1\">\n\t<div class=\"btn__top-wrapper\">\n\t\t\n\t\t<span class=\"btn__title\">\n\t\t\tLees meer\t\t<\/span>\n\n\t\t\t<\/div>\n\n\t<span class=\"btn__description\">\n\t\t\t<\/span>\n\n\t<span class=\"btn__spinner btn__spinner--black btn__spinner--default\" aria-hidden=\"true\"><\/span>\n<\/a>\t\t\t<\/div>\n\t\t\n\t<\/div>\n<\/article><article class=\"featured-story js-featured-story swiper-slide is-hidden\" data-background-color=\"\">\n\t<div class=\"featured-story__wrapper\">\n\t\t\t\t\t<div class=\"featured-story__title\">\n\t\t\t\t<h3 class=\"heading   heading__size--huge\" id=\"nav-lokaal-ideaal--kernenergie2188\" data-nav-heading-mobile=\"Lokaal ideaal: Kernenergie\">\n\tLokaal ideaal: Kernenergie<\/h3>\t\t\t<\/div>\n\t\t\n\t\t\t\t\t<img loading=\"lazy\" decoding=\"async\" width=\"1024\" height=\"683\" src=\"https:\/\/media.d66.nl\/uploads\/sites\/4\/2026\/04\/Profiel-Bas.jpg\" class=\"image featured-story__img\" alt=\"\" \/>\t\t\n\t\t\t\t\t<div class=\"featured-story__excerpt\">\n\t\t\t\t<p class=\"paragraph  paragraph__color--black paragraph__size--default\">\n\t\tBas van der Reest, D66 fractievoorzitter in Middelburg, over de landelijke plannen voor twee nieuwe kerncentrales in Zeeland.\t<\/p>\t\t\t<\/div>\n\t\t\n\t\t\t\t\t<div class=\"featured-story__button\">\n\t\t\t\t<a href=\"https:\/\/d66.nl\/vanmierlostichting\/nieuws\/lokaal-ideaal-kernenergie\" class=\"btn btn__color--black btn__size--default\" id=\"\" title=\"Lees meer\" data-gtm-event=\"click\" data-gtm-group=\"story\" data-gtm-target=\"Lokaal ideaal: Kernenergie\" data-last-site-id=\"1\">\n\t<div class=\"btn__top-wrapper\">\n\t\t\n\t\t<span class=\"btn__title\">\n\t\t\tLees meer\t\t<\/span>\n\n\t\t\t<\/div>\n\n\t<span class=\"btn__description\">\n\t\t\t<\/span>\n\n\t<span class=\"btn__spinner btn__spinner--black btn__spinner--default\" aria-hidden=\"true\"><\/span>\n<\/a>\t\t\t<\/div>\n\t\t\n\t<\/div>\n<\/article><article class=\"featured-story js-featured-story swiper-slide is-hidden\" data-background-color=\"\">\n\t<div class=\"featured-story__wrapper\">\n\t\t\t\t\t<div class=\"featured-story__title\">\n\t\t\t\t<h3 class=\"heading   heading__size--huge\" id=\"nav-interview-elisabeth-anderson2598\" data-nav-heading-mobile=\"Interview Elisabeth Anderson\">\n\tInterview Elisabeth Anderson<\/h3>\t\t\t<\/div>\n\t\t\n\t\t\t\t\t<img loading=\"lazy\" decoding=\"async\" width=\"683\" height=\"1024\" src=\"https:\/\/media.d66.nl\/uploads\/sites\/4\/2026\/04\/anderson_2019_hi-res-download_1.jpg\" class=\"image featured-story__img\" alt=\"\" \/>\t\t\n\t\t\t\t\t<div class=\"featured-story__excerpt\">\n\t\t\t\t<p class=\"paragraph  paragraph__color--black paragraph__size--default\">\n\t\tBij \u2018gelijkheid\u2019 denken sociaal-liberalen vaak als eerste aan \u2018kansengelijkheid\u2019. Maar die interpretatie leidt af van de schade die een toenemende ongelijkheid in uitkomsten aan onze democratie doet. Dat zegt de&hellip;\t<\/p>\t\t\t<\/div>\n\t\t\n\t\t\t\t\t<div class=\"featured-story__button\">\n\t\t\t\t<a href=\"https:\/\/d66.nl\/vanmierlostichting\/nieuws\/interview-elisabeth-anderson\" class=\"btn btn__color--black btn__size--default\" id=\"\" title=\"Lees meer\" data-gtm-event=\"click\" data-gtm-group=\"story\" data-gtm-target=\"Interview Elisabeth Anderson\" data-last-site-id=\"1\">\n\t<div class=\"btn__top-wrapper\">\n\t\t\n\t\t<span class=\"btn__title\">\n\t\t\tLees meer\t\t<\/span>\n\n\t\t\t<\/div>\n\n\t<span class=\"btn__description\">\n\t\t\t<\/span>\n\n\t<span class=\"btn__spinner btn__spinner--black btn__spinner--default\" aria-hidden=\"true\"><\/span>\n<\/a>\t\t\t<\/div>\n\t\t\n\t<\/div>\n<\/article><article class=\"featured-story js-featured-story swiper-slide is-hidden\" data-background-color=\"\">\n\t<div class=\"featured-story__wrapper\">\n\t\t\t\t\t<div class=\"featured-story__title\">\n\t\t\t\t<h3 class=\"heading   heading__size--huge\" id=\"nav-column-salima-belhaj8020\" data-nav-heading-mobile=\"Column Salima Belhaj\">\n\tColumn Salima Belhaj<\/h3>\t\t\t<\/div>\n\t\t\n\t\t\t\t\t<img loading=\"lazy\" decoding=\"async\" width=\"906\" height=\"1024\" src=\"https:\/\/d66.nl\/vanmierlostichting\/wp-content\/uploads\/sites\/4\/2024\/11\/240903_Belhaj_0194n-scaled-e1732192943764-906x1024.jpg\" class=\"image featured-story__img\" alt=\"\" \/>\t\t\n\t\t\t\t\t<div class=\"featured-story__excerpt\">\n\t\t\t\t<p class=\"paragraph  paragraph__color--black paragraph__size--default\">\n\t\tIn een tijd waarin oorlog steeds meer de norm lijkt te worden en oude internationale verhoudingen en instituties achteloos terzijde worden geschoven, klinkt praten over vrede misschien na\u00efef. Of zelfs&hellip;\t<\/p>\t\t\t<\/div>\n\t\t\n\t\t\t\t\t<div class=\"featured-story__button\">\n\t\t\t\t<a href=\"https:\/\/d66.nl\/vanmierlostichting\/nieuws\/column-salima-belhaj-5\" class=\"btn btn__color--black btn__size--default\" id=\"\" title=\"Lees meer\" data-gtm-event=\"click\" data-gtm-group=\"story\" data-gtm-target=\"Column Salima Belhaj\" data-last-site-id=\"1\">\n\t<div class=\"btn__top-wrapper\">\n\t\t\n\t\t<span class=\"btn__title\">\n\t\t\tLees meer\t\t<\/span>\n\n\t\t\t<\/div>\n\n\t<span class=\"btn__description\">\n\t\t\t<\/span>\n\n\t<span class=\"btn__spinner btn__spinner--black btn__spinner--default\" aria-hidden=\"true\"><\/span>\n<\/a>\t\t\t<\/div>\n\t\t\n\t<\/div>\n<\/article><article class=\"featured-story js-featured-story swiper-slide is-hidden\" data-background-color=\"\">\n\t<div class=\"featured-story__wrapper\">\n\t\t\t\t\t<div class=\"featured-story__title\">\n\t\t\t\t<h3 class=\"heading   heading__size--huge\" id=\"nav-boekrecensie-alexandre-lefebvre--liberalism-as-a-way-of-life834\" data-nav-heading-mobile=\"Boekrecensie Alexandre Lefebvre: Liberalism as a Way of Life\">\n\tBoekrecensie Alexandre Lefebvre: Liberalism as a Way of Life<\/h3>\t\t\t<\/div>\n\t\t\n\t\t\t\t\t<img loading=\"lazy\" decoding=\"async\" width=\"540\" height=\"840\" src=\"https:\/\/media.d66.nl\/uploads\/sites\/4\/2026\/04\/540x840.jpg\" class=\"image featured-story__img\" alt=\"\" \/>\t\t\n\t\t\n\t\t\t\t\t<div class=\"featured-story__button\">\n\t\t\t\t<a href=\"https:\/\/d66.nl\/vanmierlostichting\/nieuws\/boekrecensie-alexandre-lefebvre-liberalism-as-a-way-of-life\" class=\"btn btn__color--black btn__size--default\" id=\"\" title=\"Lees meer\" data-gtm-event=\"click\" data-gtm-group=\"story\" data-gtm-target=\"Boekrecensie Alexandre Lefebvre: Liberalism as a Way of Life\" data-last-site-id=\"1\">\n\t<div class=\"btn__top-wrapper\">\n\t\t\n\t\t<span class=\"btn__title\">\n\t\t\tLees meer\t\t<\/span>\n\n\t\t\t<\/div>\n\n\t<span class=\"btn__description\">\n\t\t\t<\/span>\n\n\t<span class=\"btn__spinner btn__spinner--black btn__spinner--default\" aria-hidden=\"true\"><\/span>\n<\/a>\t\t\t<\/div>\n\t\t\n\t<\/div>\n<\/article><article class=\"featured-story js-featured-story swiper-slide is-hidden\" data-background-color=\"\">\n\t<div class=\"featured-story__wrapper\">\n\t\t\t\t\t<div class=\"featured-story__title\">\n\t\t\t\t<h3 class=\"heading   heading__size--huge\" id=\"nav-boekrecensie-tim-wu--the-age-of-extraction2460\" data-nav-heading-mobile=\"Boekrecensie Tim Wu: The Age of Extraction\">\n\tBoekrecensie Tim Wu: The Age of Extraction<\/h3>\t\t\t<\/div>\n\t\t\n\t\t\t\t\t<img loading=\"lazy\" decoding=\"async\" width=\"666\" height=\"1024\" src=\"https:\/\/media.d66.nl\/uploads\/sites\/4\/2026\/04\/780x1200.jpg\" class=\"image featured-story__img\" alt=\"\" \/>\t\t\n\t\t\n\t\t\t\t\t<div class=\"featured-story__button\">\n\t\t\t\t<a href=\"https:\/\/d66.nl\/vanmierlostichting\/nieuws\/boekrecensie-tim-wu-the-age-of-extraction\" class=\"btn btn__color--black btn__size--default\" id=\"\" title=\"Lees meer\" data-gtm-event=\"click\" data-gtm-group=\"story\" data-gtm-target=\"Boekrecensie Tim Wu: The Age of Extraction\" data-last-site-id=\"1\">\n\t<div class=\"btn__top-wrapper\">\n\t\t\n\t\t<span class=\"btn__title\">\n\t\t\tLees meer\t\t<\/span>\n\n\t\t\t<\/div>\n\n\t<span class=\"btn__description\">\n\t\t\t<\/span>\n\n\t<span class=\"btn__spinner btn__spinner--black btn__spinner--default\" aria-hidden=\"true\"><\/span>\n<\/a>\t\t\t<\/div>\n\t\t\n\t<\/div>\n<\/article>\t\t\t<\/div>\n\n\n\t\t\t<div class=\"block-featured-stories__footer\">\n\t\t\t\t<div class=\"block-featured-stories__footer-wrapper\">\n\t\t\t\t\t<div class=\"block-featured-stories__navigation\">\n\t\t\t\t\t\t<div class=\"swiper-navigation\">\n\t\t\t\t\t\t\t<button class=\"block-featured-stories__nav-button block-featured-stories__nav-button--prev js-swiper-prev\" aria-label=\"Previous slide\"><\/button>\n\t\t\t\t\t\t\t<button class=\"block-featured-stories__nav-button block-featured-stories__nav-button--next js-swiper-next\" aria-label=\"Next slide\"><\/button>\n\t\t\t\t\t\t<\/div>\n\t\t\t\t\t<\/div>\n\n\t\t\t\t\t<div class=\"block-featured-stories__slides-overview\">\n\t\t\t\t\t\t\t\t\t\t\t\t\t<div class=\"block-featured-stories__slides-overview-item\">\n\t\t\t\t\t\t\t\t<div role=\"button\" tabindex=\"0\" class=\"featured-story-pagination js-featured-story-pagination\" swiper-slide-index=\"0\">\n  <div class=\"featured-story-pagination__line\"><\/div>\n  <div class=\"featured-story-pagination__category\">\n\t<p class=\"paragraph   paragraph__size--small paragraph__weight--bold\">\n\t\t\t<\/p>  <\/div>\n  <div class=\"featured-story-pagination__title\">\n\t<h3 class=\"heading   heading__size--medium heading__font--sans heading__weight--bold\" id=\"nav-voorwoord-idee-2307920\" data-nav-heading-mobile=\"Voorwoord Idee 230\">\n\tVoorwoord Idee 230<\/h3>  <\/div>\n<\/div>\t\t\t\t\t\t\t<\/div>\n\t\t\t\t\t\t\t\t\t\t\t\t\t<div class=\"block-featured-stories__slides-overview-item\">\n\t\t\t\t\t\t\t\t<div role=\"button\" tabindex=\"0\" class=\"featured-story-pagination js-featured-story-pagination\" swiper-slide-index=\"1\">\n  <div class=\"featured-story-pagination__line\"><\/div>\n  <div class=\"featured-story-pagination__category\">\n\t<p class=\"paragraph   paragraph__size--small paragraph__weight--bold\">\n\t\t\t<\/p>  <\/div>\n  <div class=\"featured-story-pagination__title\">\n\t<h3 class=\"heading   heading__size--medium heading__font--sans heading__weight--bold\" id=\"nav-interview--andr--s-rodriquez-pose7689\" data-nav-heading-mobile=\"Interview  Andr\u00e9s Rodriquez-Pose\">\n\tInterview  Andr\u00e9s Rodriquez-Pose<\/h3>  <\/div>\n<\/div>\t\t\t\t\t\t\t<\/div>\n\t\t\t\t\t\t\t\t\t\t\t\t\t<div class=\"block-featured-stories__slides-overview-item\">\n\t\t\t\t\t\t\t\t<div role=\"button\" tabindex=\"0\" class=\"featured-story-pagination js-featured-story-pagination\" swiper-slide-index=\"2\">\n  <div class=\"featured-story-pagination__line\"><\/div>\n  <div class=\"featured-story-pagination__category\">\n\t<p class=\"paragraph   paragraph__size--small paragraph__weight--bold\">\n\t\t\t<\/p>  <\/div>\n  <div class=\"featured-story-pagination__title\">\n\t<h3 class=\"heading   heading__size--medium heading__font--sans heading__weight--bold\" id=\"nav-een-weerbare-democratische-cultuur967\" data-nav-heading-mobile=\"Een weerbare democratische cultuur\">\n\tEen weerbare democratische cultuur<\/h3>  <\/div>\n<\/div>\t\t\t\t\t\t\t<\/div>\n\t\t\t\t\t\t\t\t\t\t\t\t\t<div class=\"block-featured-stories__slides-overview-item\">\n\t\t\t\t\t\t\t\t<div role=\"button\" tabindex=\"0\" class=\"featured-story-pagination js-featured-story-pagination\" swiper-slide-index=\"3\">\n  <div class=\"featured-story-pagination__line\"><\/div>\n  <div class=\"featured-story-pagination__category\">\n\t<p class=\"paragraph   paragraph__size--small paragraph__weight--bold\">\n\t\t\t<\/p>  <\/div>\n  <div class=\"featured-story-pagination__title\">\n\t<h3 class=\"heading   heading__size--medium heading__font--sans heading__weight--bold\" id=\"nav-interview-wouter-koolmees----8216-relaties-eerst--dan-pas-de-inhoud--8217-1044\" data-nav-heading-mobile=\"Interview Wouter Koolmees: &#8216;Relaties eerst, dan pas de inhoud&#8217;\">\n\tInterview Wouter Koolmees: &#8216;Relaties eerst, dan pas de inhoud&#8217;<\/h3>  <\/div>\n<\/div>\t\t\t\t\t\t\t<\/div>\n\t\t\t\t\t\t\t\t\t\t\t\t\t<div class=\"block-featured-stories__slides-overview-item\">\n\t\t\t\t\t\t\t\t<div role=\"button\" tabindex=\"0\" class=\"featured-story-pagination js-featured-story-pagination\" swiper-slide-index=\"4\">\n  <div class=\"featured-story-pagination__line\"><\/div>\n  <div class=\"featured-story-pagination__category\">\n\t<p class=\"paragraph   paragraph__size--small paragraph__weight--bold\">\n\t\t\t<\/p>  <\/div>\n  <div class=\"featured-story-pagination__title\">\n\t<h3 class=\"heading   heading__size--medium heading__font--sans heading__weight--bold\" id=\"nav-lokaal-ideaal--kernenergie3261\" data-nav-heading-mobile=\"Lokaal ideaal: Kernenergie\">\n\tLokaal ideaal: Kernenergie<\/h3>  <\/div>\n<\/div>\t\t\t\t\t\t\t<\/div>\n\t\t\t\t\t\t\t\t\t\t\t\t\t<div class=\"block-featured-stories__slides-overview-item\">\n\t\t\t\t\t\t\t\t<div role=\"button\" tabindex=\"0\" class=\"featured-story-pagination js-featured-story-pagination\" swiper-slide-index=\"5\">\n  <div class=\"featured-story-pagination__line\"><\/div>\n  <div class=\"featured-story-pagination__category\">\n\t<p class=\"paragraph   paragraph__size--small paragraph__weight--bold\">\n\t\t\t<\/p>  <\/div>\n  <div class=\"featured-story-pagination__title\">\n\t<h3 class=\"heading   heading__size--medium heading__font--sans heading__weight--bold\" id=\"nav-interview-elisabeth-anderson2561\" data-nav-heading-mobile=\"Interview Elisabeth Anderson\">\n\tInterview Elisabeth Anderson<\/h3>  <\/div>\n<\/div>\t\t\t\t\t\t\t<\/div>\n\t\t\t\t\t\t\t\t\t\t\t\t\t<div class=\"block-featured-stories__slides-overview-item\">\n\t\t\t\t\t\t\t\t<div role=\"button\" tabindex=\"0\" class=\"featured-story-pagination js-featured-story-pagination\" swiper-slide-index=\"6\">\n  <div class=\"featured-story-pagination__line\"><\/div>\n  <div class=\"featured-story-pagination__category\">\n\t<p class=\"paragraph   paragraph__size--small paragraph__weight--bold\">\n\t\t\t<\/p>  <\/div>\n  <div class=\"featured-story-pagination__title\">\n\t<h3 class=\"heading   heading__size--medium heading__font--sans heading__weight--bold\" id=\"nav-column-salima-belhaj7166\" data-nav-heading-mobile=\"Column Salima Belhaj\">\n\tColumn Salima Belhaj<\/h3>  <\/div>\n<\/div>\t\t\t\t\t\t\t<\/div>\n\t\t\t\t\t\t\t\t\t\t\t\t\t<div class=\"block-featured-stories__slides-overview-item\">\n\t\t\t\t\t\t\t\t<div role=\"button\" tabindex=\"0\" class=\"featured-story-pagination js-featured-story-pagination\" swiper-slide-index=\"7\">\n  <div class=\"featured-story-pagination__line\"><\/div>\n  <div class=\"featured-story-pagination__category\">\n\t<p class=\"paragraph   paragraph__size--small paragraph__weight--bold\">\n\t\t\t<\/p>  <\/div>\n  <div class=\"featured-story-pagination__title\">\n\t<h3 class=\"heading   heading__size--medium heading__font--sans heading__weight--bold\" id=\"nav-boekrecensie-alexandre-lefebvre--liberalism-as-a-way-of-life4809\" data-nav-heading-mobile=\"Boekrecensie Alexandre Lefebvre: Liberalism as a Way of Life\">\n\tBoekrecensie Alexandre Lefebvre: Liberalism as a Way of Life<\/h3>  <\/div>\n<\/div>\t\t\t\t\t\t\t<\/div>\n\t\t\t\t\t\t\t\t\t\t\t\t\t<div class=\"block-featured-stories__slides-overview-item\">\n\t\t\t\t\t\t\t\t<div role=\"button\" tabindex=\"0\" class=\"featured-story-pagination js-featured-story-pagination\" swiper-slide-index=\"8\">\n  <div class=\"featured-story-pagination__line\"><\/div>\n  <div class=\"featured-story-pagination__category\">\n\t<p class=\"paragraph   paragraph__size--small paragraph__weight--bold\">\n\t\t\t<\/p>  <\/div>\n  <div class=\"featured-story-pagination__title\">\n\t<h3 class=\"heading   heading__size--medium heading__font--sans heading__weight--bold\" id=\"nav-boekrecensie-tim-wu--the-age-of-extraction7209\" data-nav-heading-mobile=\"Boekrecensie Tim Wu: The Age of Extraction\">\n\tBoekrecensie Tim Wu: The Age of Extraction<\/h3>  <\/div>\n<\/div>\t\t\t\t\t\t\t<\/div>\n\t\t\t\t\t\t\t\t\t\t\t<\/div>\n\t\t\t\t<\/div>\n\t\t\t<\/div>\n\t\t<\/div>\n\t<\/div>\n<\/section>\n\t  <\/div>\n\t<\/div>\n  <\/div>\n\n\n<div\n  id=\"\"\n  class=\"wrapper wrapper__spacing-top-large--50 wrapper__spacing-top-desktop--50 wrapper__spacing-top-mobile--50 wrapper__spacing-bottom-large--50 wrapper__spacing-bottom-desktop--50 wrapper__spacing-bottom-tablet--190 wrapper__spacing-bottom-mobile--50  wrapper__gutter--none\"\n  >\n  \t<div class=\"wrapper__container wrapper__container-width-large--default\">\n\t  <div class=\"wrapper__inner wrapper__width-large--24 wrapper__width-mobile--24\">\n\t\t\n<section class=\"block-stories-wall-slider js-block-stories-wall-slider\">\n\t<div class=\"block-stories-wall-slider__content-wrapper block-stories-wall-slider__content-wrapper--default\">\n\t\t<div class=\"block-stories-wall-slider__title\">\n\t\t\t<h2 class=\"heading heading__align--left heading__color--black heading__size--huge  heading__weight--regular\" id=\"nav--em-edities--em-8159\" data-nav-heading-mobile=\"Edities\">\n\t<em>Edities<\/em><\/h2>\t\t<\/div>\n\t\t<div class=\"block-stories-wall-slider__description\">\n\t\t\t<p class=\"paragraph paragraph__align--left paragraph__color--black paragraph__size--default paragraph__weight--medium\">\n\t\t\t<\/p>\t\t<\/div>\n\t\t\t\t\t<div class=\"block-stories-wall-slider__arrow-link\">\n\t\t\t\t<a href=\"\" class=\"arrow-link arrow-link__size--default arrow-link__color--black\" id=\"\" title=\"Lees verder\">\n\t<span class=\"arrow-link__arrow\"><\/span>\n\t<span class=\"arrow-link__title\">Lees verder<\/span>\n<\/a>\t\t\t<\/div>\n\t\t\n\t\t\t<\/div>\n\n\t<div class=\"block-stories-wall-slider__slider\">\n\t\t<div class=\"carousel-slider js-carousel-slider carousel-slider__for--cards\" data-is-slider-initialized=\"0\">\n\t<div class=\"carousel-slider__wrapper js-carousel-wrapper\">\n\t\t<div class=\"swiper\">\n\t\t\t<div class=\"swiper-wrapper\">\n\t\t\t\t\t\t\t\t\t\t\t\t\t\t<div class=\"swiper-slide\">\n\t\t\t\t\t\t<article class=\"article-card article-card__color--rosePink  article-card__variation--full-height-img\" style=\"background-image: url('https:\/\/media.d66.nl\/uploads\/sites\/4\/2026\/04\/idee-230-democratie-\u2014-cover.jpg')\" data-gtm-event=\"click\" data-gtm-group=\"updates\" data-gtm-target=\"Idee 230 Strijd in\/om\/tegen democratie\">\n\t\t\t<div class=\"background-overlay\"><\/div>\n\t\t<a class=\"article-card__link\" href=\"https:\/\/d66.nl\/vanmierlostichting\/nieuws\/idee-230-strijd-in-om-tegen-democratie\" aria-label=\"Link naar artikel\">\n\t\t<header class=\"article-card__header\">\n\n\t\t\t\t\t\t<div class=\"article-card__meta-row-wrapper\">\n\t\t\t\t<div class=\"article-card__date\">\n\t\t\t\t\t\t<p class=\"paragraph   paragraph__size--medium paragraph__weight--semiBold\">\n\t\t21.04.2026\t<\/p>\t\t\t\t<\/div>\n\t\t\t<\/div>\n\t\t\t\t\t\t\t\t\t\t\t<\/header>\n\n\t\t<div class=\"article-card__body\">\n\t\t\t\t\t\t\t<h3 class=\"heading   heading__size--large heading__font--sans heading__weight--bold\" id=\"nav-idee-230-strijd-in-om-tegen-democratie1527\">\n\tIdee 230 Strijd in\/om\/tegen democratie<\/h3>\t\t\t\t\t\t\n\t\t\t<button class=\"buttonV2 buttonV2__color--transparent buttonV2__size--default buttonV2__size-width--default   article-card__buttonV2\" id=\"\">\n\t<div class=\"buttonV2__top-wrapper buttonV2__arrow-align--right\">\n\t\t\t\t\t<span class=\"buttonV2__title\">\n\t\t\t\tLees verder\t\t\t<\/span>\n\t\t\n\t\t\t\t\t<div class=\"buttonV2__icon\">\n\t\t\t\t<svg xmlns='http:\/\/www.w3.org\/2000\/svg' viewBox='0 0 58.14 50.62'><path d='m32.82 50.62 25.32-25.31L32.82 0l-4.35 4.35 17.92 17.86H0v6.21h46.39L28.47 46.33l4.35 4.29z' fill='currentColor' \/><\/svg>\t\t\t<\/div>\n\t\t\t<\/div>\n\n\t<\/button>\t\t<\/div>\n\t<\/a>\n<\/article>\t\t\t\t\t<\/div>\n\t\t\t\t\t\t\t\t\t\t\t\t\t\t<div class=\"swiper-slide\">\n\t\t\t\t\t\t<article class=\"article-card article-card__color--skyBlue  article-card__variation--full-height-img\" style=\"background-image: url('https:\/\/d66.nl\/vanmierlostichting\/wp-content\/uploads\/sites\/4\/2025\/12\/idee229\u2014Lokaal-Ideaal-XL-786x1024.jpg')\" data-gtm-event=\"click\" data-gtm-group=\"updates\" data-gtm-target=\"Idee 229 Lokaal Ideaal XL\">\n\t\t\t<div class=\"background-overlay\"><\/div>\n\t\t<a class=\"article-card__link\" href=\"https:\/\/d66.nl\/vanmierlostichting\/nieuws\/idee-229\" aria-label=\"Link naar artikel\">\n\t\t<header class=\"article-card__header\">\n\n\t\t\t\t\t\t<div class=\"article-card__meta-row-wrapper\">\n\t\t\t\t<div class=\"article-card__date\">\n\t\t\t\t\t\t<p class=\"paragraph   paragraph__size--medium paragraph__weight--semiBold\">\n\t\t16.12.2025\t<\/p>\t\t\t\t<\/div>\n\t\t\t<\/div>\n\t\t\t\t\t\t\t\t\t\t\t<\/header>\n\n\t\t<div class=\"article-card__body\">\n\t\t\t\t\t\t\t<h3 class=\"heading   heading__size--large heading__font--sans heading__weight--bold\" id=\"nav-idee-229-lokaal-ideaal-xl5118\">\n\tIdee 229 Lokaal Ideaal XL<\/h3>\t\t\t\t\t\t\n\t\t\t<button class=\"buttonV2 buttonV2__color--transparent buttonV2__size--default buttonV2__size-width--default   article-card__buttonV2\" id=\"\">\n\t<div class=\"buttonV2__top-wrapper buttonV2__arrow-align--right\">\n\t\t\t\t\t<span class=\"buttonV2__title\">\n\t\t\t\tLees verder\t\t\t<\/span>\n\t\t\n\t\t\t\t\t<div class=\"buttonV2__icon\">\n\t\t\t\t<svg xmlns='http:\/\/www.w3.org\/2000\/svg' viewBox='0 0 58.14 50.62'><path d='m32.82 50.62 25.32-25.31L32.82 0l-4.35 4.35 17.92 17.86H0v6.21h46.39L28.47 46.33l4.35 4.29z' fill='currentColor' \/><\/svg>\t\t\t<\/div>\n\t\t\t<\/div>\n\n\t<\/button>\t\t<\/div>\n\t<\/a>\n<\/article>\t\t\t\t\t<\/div>\n\t\t\t\t\t\t\t\t\t\t\t\t\t\t<div class=\"swiper-slide\">\n\t\t\t\t\t\t<article class=\"article-card article-card__color--romanSilver  article-card__variation--full-height-img\" style=\"background-image: url('https:\/\/d66.nl\/vanmierlostichting\/wp-content\/uploads\/sites\/4\/2025\/07\/idee228-water\u2014voorzijde-786x1024.jpg')\" data-gtm-event=\"click\" data-gtm-group=\"updates\" data-gtm-target=\"Idee 228 Te Veel Te Weinig Te Vies\">\n\t\t\t<div class=\"background-overlay\"><\/div>\n\t\t<a class=\"article-card__link\" href=\"https:\/\/d66.nl\/vanmierlostichting\/nieuws\/idee-228-te-veel-te-weinig-te-vies\" aria-label=\"Link naar artikel\">\n\t\t<header class=\"article-card__header\">\n\n\t\t\t\t\t\t<div class=\"article-card__meta-row-wrapper\">\n\t\t\t\t<div class=\"article-card__date\">\n\t\t\t\t\t\t<p class=\"paragraph   paragraph__size--medium paragraph__weight--semiBold\">\n\t\t07.07.2025\t<\/p>\t\t\t\t<\/div>\n\t\t\t<\/div>\n\t\t\t\t\t\t\t\t\t\t\t<\/header>\n\n\t\t<div class=\"article-card__body\">\n\t\t\t\t\t\t\t<h3 class=\"heading   heading__size--large heading__font--sans heading__weight--bold\" id=\"nav-idee-228-te-veel-te-weinig-te-vies5744\">\n\tIdee 228 Te Veel Te Weinig Te Vies<\/h3>\t\t\t\t\t\t\n\t\t\t<button class=\"buttonV2 buttonV2__color--transparent buttonV2__size--default buttonV2__size-width--default   article-card__buttonV2\" id=\"\">\n\t<div class=\"buttonV2__top-wrapper buttonV2__arrow-align--right\">\n\t\t\t\t\t<span class=\"buttonV2__title\">\n\t\t\t\tLees verder\t\t\t<\/span>\n\t\t\n\t\t\t\t\t<div class=\"buttonV2__icon\">\n\t\t\t\t<svg xmlns='http:\/\/www.w3.org\/2000\/svg' viewBox='0 0 58.14 50.62'><path d='m32.82 50.62 25.32-25.31L32.82 0l-4.35 4.35 17.92 17.86H0v6.21h46.39L28.47 46.33l4.35 4.29z' fill='currentColor' \/><\/svg>\t\t\t<\/div>\n\t\t\t<\/div>\n\n\t<\/button>\t\t<\/div>\n\t<\/a>\n<\/article>\t\t\t\t\t<\/div>\n\t\t\t\t\t\t\t\t\t\t\t\t\t\t<div class=\"swiper-slide\">\n\t\t\t\t\t\t<article class=\"article-card article-card__color--rosePink  article-card__variation--full-height-img\" style=\"background-image: url('https:\/\/d66.nl\/vanmierlostichting\/wp-content\/uploads\/sites\/4\/2025\/03\/cover-juist-791x1024.jpg')\" data-gtm-event=\"click\" data-gtm-group=\"updates\" data-gtm-target=\"Idee 227 Op je gezondheid!\">\n\t\t\t<div class=\"background-overlay\"><\/div>\n\t\t<a class=\"article-card__link\" href=\"https:\/\/d66.nl\/vanmierlostichting\/nieuws\/idee-227-op-je-gezondheid\" aria-label=\"Link naar artikel\">\n\t\t<header class=\"article-card__header\">\n\n\t\t\t\t\t\t<div class=\"article-card__meta-row-wrapper\">\n\t\t\t\t<div class=\"article-card__date\">\n\t\t\t\t\t\t<p class=\"paragraph   paragraph__size--medium paragraph__weight--semiBold\">\n\t\t17.03.2025\t<\/p>\t\t\t\t<\/div>\n\t\t\t<\/div>\n\t\t\t\t\t\t\t\t\t\t\t<\/header>\n\n\t\t<div class=\"article-card__body\">\n\t\t\t\t\t\t\t<h3 class=\"heading   heading__size--large heading__font--sans heading__weight--bold\" id=\"nav-idee-227-op-je-gezondheid-8813\">\n\tIdee 227 Op je gezondheid!<\/h3>\t\t\t\t\t\t\n\t\t\t<button class=\"buttonV2 buttonV2__color--transparent buttonV2__size--default buttonV2__size-width--default   article-card__buttonV2\" id=\"\">\n\t<div class=\"buttonV2__top-wrapper buttonV2__arrow-align--right\">\n\t\t\t\t\t<span class=\"buttonV2__title\">\n\t\t\t\tLees verder\t\t\t<\/span>\n\t\t\n\t\t\t\t\t<div class=\"buttonV2__icon\">\n\t\t\t\t<svg xmlns='http:\/\/www.w3.org\/2000\/svg' viewBox='0 0 58.14 50.62'><path d='m32.82 50.62 25.32-25.31L32.82 0l-4.35 4.35 17.92 17.86H0v6.21h46.39L28.47 46.33l4.35 4.29z' fill='currentColor' \/><\/svg>\t\t\t<\/div>\n\t\t\t<\/div>\n\n\t<\/button>\t\t<\/div>\n\t<\/a>\n<\/article>\t\t\t\t\t<\/div>\n\t\t\t\t\t\t\t\t\t\t\t\t\t\t<div class=\"swiper-slide\">\n\t\t\t\t\t\t<article class=\"article-card article-card__color--skyBlue  article-card__variation--full-height-img\" style=\"background-image: url('https:\/\/d66.nl\/vanmierlostichting\/wp-content\/uploads\/sites\/4\/2024\/11\/Omslagidee-786x1024.jpg')\" data-gtm-event=\"click\" data-gtm-group=\"updates\" data-gtm-target=\"Idee 226 De Jeugd van Tegenwoordig\">\n\t\t\t<div class=\"background-overlay\"><\/div>\n\t\t<a class=\"article-card__link\" href=\"https:\/\/d66.nl\/vanmierlostichting\/nieuws\/idee-226-de-jeugd-van-tegenwoordig\" aria-label=\"Link naar artikel\">\n\t\t<header class=\"article-card__header\">\n\n\t\t\t\t\t\t<div class=\"article-card__meta-row-wrapper\">\n\t\t\t\t<div class=\"article-card__date\">\n\t\t\t\t\t\t<p class=\"paragraph   paragraph__size--medium paragraph__weight--semiBold\">\n\t\t21.11.2024\t<\/p>\t\t\t\t<\/div>\n\t\t\t<\/div>\n\t\t\t\t\t\t\t\t\t\t\t<\/header>\n\n\t\t<div class=\"article-card__body\">\n\t\t\t\t\t\t\t<h3 class=\"heading   heading__size--large heading__font--sans heading__weight--bold\" id=\"nav-idee-226-de-jeugd-van-tegenwoordig3006\">\n\tIdee 226 De Jeugd van Tegenwoordig<\/h3>\t\t\t\t\t\t\n\t\t\t<button class=\"buttonV2 buttonV2__color--transparent buttonV2__size--default buttonV2__size-width--default   article-card__buttonV2\" id=\"\">\n\t<div class=\"buttonV2__top-wrapper buttonV2__arrow-align--right\">\n\t\t\t\t\t<span class=\"buttonV2__title\">\n\t\t\t\tLees verder\t\t\t<\/span>\n\t\t\n\t\t\t\t\t<div class=\"buttonV2__icon\">\n\t\t\t\t<svg xmlns='http:\/\/www.w3.org\/2000\/svg' viewBox='0 0 58.14 50.62'><path d='m32.82 50.62 25.32-25.31L32.82 0l-4.35 4.35 17.92 17.86H0v6.21h46.39L28.47 46.33l4.35 4.29z' fill='currentColor' \/><\/svg>\t\t\t<\/div>\n\t\t\t<\/div>\n\n\t<\/button>\t\t<\/div>\n\t<\/a>\n<\/article>\t\t\t\t\t<\/div>\n\t\t\t\t\t\t\t\t\t\t\t\t\t\t<div class=\"swiper-slide\">\n\t\t\t\t\t\t<article class=\"article-card article-card__color--rosePink  article-card__variation--full-height-img\" style=\"background-image: url('https:\/\/d66.nl\/vanmierlostichting\/wp-content\/uploads\/sites\/4\/2024\/07\/idee225-Een-nieuw-Europa\u2014voorzijde-725x1024.jpg')\" data-gtm-event=\"click\" data-gtm-group=\"updates\" data-gtm-target=\"Idee 225 Een nieuw Europa\">\n\t\t\t<div class=\"background-overlay\"><\/div>\n\t\t<a class=\"article-card__link\" href=\"https:\/\/d66.nl\/vanmierlostichting\/nieuws\/een-nieuw-europa\" aria-label=\"Link naar artikel\">\n\t\t<header class=\"article-card__header\">\n\n\t\t\t\t\t\t<div class=\"article-card__meta-row-wrapper\">\n\t\t\t\t<div class=\"article-card__date\">\n\t\t\t\t\t\t<p class=\"paragraph   paragraph__size--medium paragraph__weight--semiBold\">\n\t\t09.07.2024\t<\/p>\t\t\t\t<\/div>\n\t\t\t<\/div>\n\t\t\t\t\t\t\t\t\t\t\t<\/header>\n\n\t\t<div class=\"article-card__body\">\n\t\t\t\t\t\t\t<h3 class=\"heading   heading__size--large heading__font--sans heading__weight--bold\" id=\"nav-idee-225-een-nieuw-europa3959\">\n\tIdee 225 Een nieuw Europa<\/h3>\t\t\t\t\t\t\n\t\t\t<button class=\"buttonV2 buttonV2__color--transparent buttonV2__size--default buttonV2__size-width--default   article-card__buttonV2\" id=\"\">\n\t<div class=\"buttonV2__top-wrapper buttonV2__arrow-align--right\">\n\t\t\t\t\t<span class=\"buttonV2__title\">\n\t\t\t\tLees verder\t\t\t<\/span>\n\t\t\n\t\t\t\t\t<div class=\"buttonV2__icon\">\n\t\t\t\t<svg xmlns='http:\/\/www.w3.org\/2000\/svg' viewBox='0 0 58.14 50.62'><path d='m32.82 50.62 25.32-25.31L32.82 0l-4.35 4.35 17.92 17.86H0v6.21h46.39L28.47 46.33l4.35 4.29z' fill='currentColor' \/><\/svg>\t\t\t<\/div>\n\t\t\t<\/div>\n\n\t<\/button>\t\t<\/div>\n\t<\/a>\n<\/article>\t\t\t\t\t<\/div>\n\t\t\t\t\t\t\t\t\t\t\t\t\t\t<div class=\"swiper-slide\">\n\t\t\t\t\t\t<article class=\"article-card article-card__color--tomato  article-card__variation--full-height-img\" style=\"background-image: url('https:\/\/d66.nl\/vanmierlostichting\/wp-content\/uploads\/sites\/4\/2024\/04\/aa8bb171-d80b-4e54-b765-1c8bdf44d93c.jpeg')\" data-gtm-event=\"click\" data-gtm-group=\"updates\" data-gtm-target=\"Idee 224 &#8211; Op weg naar een wendbare democratie\">\n\t\t\t<div class=\"background-overlay\"><\/div>\n\t\t<a class=\"article-card__link\" href=\"https:\/\/d66.nl\/vanmierlostichting\/nieuws\/idee-224-op-weg-naar-een-wendbare-democratie\" aria-label=\"Link naar artikel\">\n\t\t<header class=\"article-card__header\">\n\n\t\t\t\t\t\t<div class=\"article-card__meta-row-wrapper\">\n\t\t\t\t<div class=\"article-card__date\">\n\t\t\t\t\t\t<p class=\"paragraph   paragraph__size--medium paragraph__weight--semiBold\">\n\t\t09.04.2024\t<\/p>\t\t\t\t<\/div>\n\t\t\t<\/div>\n\t\t\t\t\t\t\t\t\t\t\t<\/header>\n\n\t\t<div class=\"article-card__body\">\n\t\t\t\t\t\t\t<h3 class=\"heading   heading__size--large heading__font--sans heading__weight--bold\" id=\"nav-idee-224---8211--op-weg-naar-een-wendbare-democratie4416\">\n\tIdee 224 &#8211; Op weg naar een wendbare democratie<\/h3>\t\t\t\t\t\t\n\t\t\t<button class=\"buttonV2 buttonV2__color--transparent buttonV2__size--default buttonV2__size-width--default   article-card__buttonV2\" id=\"\">\n\t<div class=\"buttonV2__top-wrapper buttonV2__arrow-align--right\">\n\t\t\t\t\t<span class=\"buttonV2__title\">\n\t\t\t\tLees verder\t\t\t<\/span>\n\t\t\n\t\t\t\t\t<div class=\"buttonV2__icon\">\n\t\t\t\t<svg xmlns='http:\/\/www.w3.org\/2000\/svg' viewBox='0 0 58.14 50.62'><path d='m32.82 50.62 25.32-25.31L32.82 0l-4.35 4.35 17.92 17.86H0v6.21h46.39L28.47 46.33l4.35 4.29z' fill='currentColor' \/><\/svg>\t\t\t<\/div>\n\t\t\t<\/div>\n\n\t<\/button>\t\t<\/div>\n\t<\/a>\n<\/article>\t\t\t\t\t<\/div>\n\t\t\t\t\t\t\t\t\t\t\t\t\t\t<div class=\"swiper-slide\">\n\t\t\t\t\t\t<article class=\"article-card article-card__color--yellow  article-card__variation--full-height-img\" style=\"background-image: url('https:\/\/d66.nl\/vanmierlostichting\/wp-content\/uploads\/sites\/4\/2024\/01\/Schermafbeelding-2024-01-11-om-20.53.16-725x1024.png')\" data-gtm-event=\"click\" data-gtm-group=\"updates\" data-gtm-target=\"Idee 223 idealen &amp; realpolitik\">\n\t\t\t<div class=\"background-overlay\"><\/div>\n\t\t<a class=\"article-card__link\" href=\"https:\/\/d66.nl\/vanmierlostichting\/nieuws\/idee-223-idealen-realpolitik\" aria-label=\"Link naar artikel\">\n\t\t<header class=\"article-card__header\">\n\n\t\t\t\t\t\t<div class=\"article-card__meta-row-wrapper\">\n\t\t\t\t<div class=\"article-card__date\">\n\t\t\t\t\t\t<p class=\"paragraph   paragraph__size--medium paragraph__weight--semiBold\">\n\t\t11.01.2024\t<\/p>\t\t\t\t<\/div>\n\t\t\t<\/div>\n\t\t\t\t\t\t\t\t\t\t\t<\/header>\n\n\t\t<div class=\"article-card__body\">\n\t\t\t\t\t\t\t<h3 class=\"heading   heading__size--large heading__font--sans heading__weight--bold\" id=\"nav-idee-223-idealen--amp--realpolitik5262\">\n\tIdee 223 idealen &amp; realpolitik<\/h3>\t\t\t\t\t\t\n\t\t\t<button class=\"buttonV2 buttonV2__color--transparent buttonV2__size--default buttonV2__size-width--default   article-card__buttonV2\" id=\"\">\n\t<div class=\"buttonV2__top-wrapper buttonV2__arrow-align--right\">\n\t\t\t\t\t<span class=\"buttonV2__title\">\n\t\t\t\tLees verder\t\t\t<\/span>\n\t\t\n\t\t\t\t\t<div class=\"buttonV2__icon\">\n\t\t\t\t<svg xmlns='http:\/\/www.w3.org\/2000\/svg' viewBox='0 0 58.14 50.62'><path d='m32.82 50.62 25.32-25.31L32.82 0l-4.35 4.35 17.92 17.86H0v6.21h46.39L28.47 46.33l4.35 4.29z' fill='currentColor' \/><\/svg>\t\t\t<\/div>\n\t\t\t<\/div>\n\n\t<\/button>\t\t<\/div>\n\t<\/a>\n<\/article>\t\t\t\t\t<\/div>\n\t\t\t\t\t\t\t\t\t\t\t\t\t\t<div class=\"swiper-slide\">\n\t\t\t\t\t\t<article class=\"article-card article-card__color--skyBlue  article-card__variation--full-height-img\" style=\"background-image: url('https:\/\/d66.nl\/vanmierlostichting\/wp-content\/uploads\/sites\/4\/2023\/10\/idee222-\u2014-voorzijde-725x1024.jpg')\" data-gtm-event=\"click\" data-gtm-group=\"updates\" data-gtm-target=\"Idee 222: Ruimte voor nieuwe Idee\u00ebn\">\n\t\t\t<div class=\"background-overlay\"><\/div>\n\t\t<a class=\"article-card__link\" href=\"https:\/\/d66.nl\/vanmierlostichting\/nieuws\/ruimte-voor-nieuwe-ideeen\" aria-label=\"Link naar artikel\">\n\t\t<header class=\"article-card__header\">\n\n\t\t\t\t\t\t<div class=\"article-card__meta-row-wrapper\">\n\t\t\t\t<div class=\"article-card__date\">\n\t\t\t\t\t\t<p class=\"paragraph   paragraph__size--medium paragraph__weight--semiBold\">\n\t\t06.10.2023\t<\/p>\t\t\t\t<\/div>\n\t\t\t<\/div>\n\t\t\t\t\t\t\t\t\t\t\t<\/header>\n\n\t\t<div class=\"article-card__body\">\n\t\t\t\t\t\t\t<h3 class=\"heading   heading__size--large heading__font--sans heading__weight--bold\" id=\"nav-idee-222--ruimte-voor-nieuwe-idee--n1530\">\n\tIdee 222: Ruimte voor nieuwe Idee\u00ebn<\/h3>\t\t\t\t\t\t\t\t\t\t<div class=\"article-card__excerpt\">\n\t\t\t\t\t<p class=\"paragraph   paragraph__size--default paragraph__weight--medium\">\n\t\tAfgelopen zomer vond er een politieke aardverschuiving plaats. Dat biedt ruimte aan nieuwe idee\u00ebn, nieuwe keuzes en een nieuw politiek verhaal. Dit is precies wat deze nieuwste editie van Idee&hellip;\t<\/p>\t\t\t\t<\/div>\n\t\t\t\n\t\t\t<button class=\"buttonV2 buttonV2__color--transparent buttonV2__size--default buttonV2__size-width--default   article-card__buttonV2\" id=\"\">\n\t<div class=\"buttonV2__top-wrapper buttonV2__arrow-align--right\">\n\t\t\t\t\t<span class=\"buttonV2__title\">\n\t\t\t\tLees verder\t\t\t<\/span>\n\t\t\n\t\t\t\t\t<div class=\"buttonV2__icon\">\n\t\t\t\t<svg xmlns='http:\/\/www.w3.org\/2000\/svg' viewBox='0 0 58.14 50.62'><path d='m32.82 50.62 25.32-25.31L32.82 0l-4.35 4.35 17.92 17.86H0v6.21h46.39L28.47 46.33l4.35 4.29z' fill='currentColor' \/><\/svg>\t\t\t<\/div>\n\t\t\t<\/div>\n\n\t<\/button>\t\t<\/div>\n\t<\/a>\n<\/article>\t\t\t\t\t<\/div>\n\t\t\t\t\t\t\t\t\t\t\t\t\t\t<div class=\"swiper-slide\">\n\t\t\t\t\t\t<article class=\"article-card article-card__color--yellow  article-card__variation--full-height-img\" style=\"background-image: url('https:\/\/d66.nl\/vanmierlostichting\/wp-content\/uploads\/sites\/4\/2023\/07\/Idee-Kafka-voorzijde-725x1024.jpg')\" data-gtm-event=\"click\" data-gtm-group=\"updates\" data-gtm-target=\"Idee 221: Kafka 2.0\">\n\t\t\t<div class=\"background-overlay\"><\/div>\n\t\t<a class=\"article-card__link\" href=\"https:\/\/d66.nl\/vanmierlostichting\/nieuws\/idee-221-kafka-2-0\" aria-label=\"Link naar artikel\">\n\t\t<header class=\"article-card__header\">\n\n\t\t\t\t\t\t<div class=\"article-card__meta-row-wrapper\">\n\t\t\t\t<div class=\"article-card__date\">\n\t\t\t\t\t\t<p class=\"paragraph   paragraph__size--medium paragraph__weight--semiBold\">\n\t\t25.07.2023\t<\/p>\t\t\t\t<\/div>\n\t\t\t<\/div>\n\t\t\t\t\t\t\t\t\t\t\t<\/header>\n\n\t\t<div class=\"article-card__body\">\n\t\t\t\t\t\t\t<h3 class=\"heading   heading__size--large heading__font--sans heading__weight--bold\" id=\"nav-idee-221--kafka-2-01656\">\n\tIdee 221: Kafka 2.0<\/h3>\t\t\t\t\t\t\n\t\t\t<button class=\"buttonV2 buttonV2__color--transparent buttonV2__size--default buttonV2__size-width--default   article-card__buttonV2\" id=\"\">\n\t<div class=\"buttonV2__top-wrapper buttonV2__arrow-align--right\">\n\t\t\t\t\t<span class=\"buttonV2__title\">\n\t\t\t\tLees verder\t\t\t<\/span>\n\t\t\n\t\t\t\t\t<div class=\"buttonV2__icon\">\n\t\t\t\t<svg xmlns='http:\/\/www.w3.org\/2000\/svg' viewBox='0 0 58.14 50.62'><path d='m32.82 50.62 25.32-25.31L32.82 0l-4.35 4.35 17.92 17.86H0v6.21h46.39L28.47 46.33l4.35 4.29z' fill='currentColor' \/><\/svg>\t\t\t<\/div>\n\t\t\t<\/div>\n\n\t<\/button>\t\t<\/div>\n\t<\/a>\n<\/article>\t\t\t\t\t<\/div>\n\t\t\t\t\t\t\t\t\t\t\t\t\t\t<div class=\"swiper-slide\">\n\t\t\t\t\t\t<article class=\"article-card article-card__color--skyBlue  article-card__variation--full-height-img\" style=\"background-image: url('https:\/\/d66.nl\/vanmierlostichting\/wp-content\/uploads\/sites\/4\/2023\/04\/idee220-\u2014-werk-voorzijde-725x1024.jpg')\" data-gtm-event=\"click\" data-gtm-group=\"updates\" data-gtm-target=\"Idee 220: Werk\">\n\t\t\t<div class=\"background-overlay\"><\/div>\n\t\t<a class=\"article-card__link\" href=\"https:\/\/d66.nl\/vanmierlostichting\/nieuws\/nieuwe-idee-werk\" aria-label=\"Link naar artikel\">\n\t\t<header class=\"article-card__header\">\n\n\t\t\t\t\t\t<div class=\"article-card__meta-row-wrapper\">\n\t\t\t\t<div class=\"article-card__date\">\n\t\t\t\t\t\t<p class=\"paragraph   paragraph__size--medium paragraph__weight--semiBold\">\n\t\t04.04.2023\t<\/p>\t\t\t\t<\/div>\n\t\t\t<\/div>\n\t\t\t\t\t\t\t\t\t\t\t<\/header>\n\n\t\t<div class=\"article-card__body\">\n\t\t\t\t\t\t\t<h3 class=\"heading   heading__size--large heading__font--sans heading__weight--bold\" id=\"nav-idee-220--werk3546\">\n\tIdee 220: Werk<\/h3>\t\t\t\t\t\t\t\t\t\t<div class=\"article-card__excerpt\">\n\t\t\t\t\t<p class=\"paragraph   paragraph__size--default paragraph__weight--medium\">\n\t\tDe werkvloer vormt een microkosmos van de uitdagingen waar we voor staan: welk werk waarderen we? Moeten we meer arbeidsmigranten aantrekken? Precies dat onderzoekt deze nieuwe editie van Idee.\t<\/p>\t\t\t\t<\/div>\n\t\t\t\n\t\t\t<button class=\"buttonV2 buttonV2__color--transparent buttonV2__size--default buttonV2__size-width--default   article-card__buttonV2\" id=\"\">\n\t<div class=\"buttonV2__top-wrapper buttonV2__arrow-align--right\">\n\t\t\t\t\t<span class=\"buttonV2__title\">\n\t\t\t\tLees verder\t\t\t<\/span>\n\t\t\n\t\t\t\t\t<div class=\"buttonV2__icon\">\n\t\t\t\t<svg xmlns='http:\/\/www.w3.org\/2000\/svg' viewBox='0 0 58.14 50.62'><path d='m32.82 50.62 25.32-25.31L32.82 0l-4.35 4.35 17.92 17.86H0v6.21h46.39L28.47 46.33l4.35 4.29z' fill='currentColor' \/><\/svg>\t\t\t<\/div>\n\t\t\t<\/div>\n\n\t<\/button>\t\t<\/div>\n\t<\/a>\n<\/article>\t\t\t\t\t<\/div>\n\t\t\t\t\t\t\t\t\t\t\t\t\t\t<div class=\"swiper-slide\">\n\t\t\t\t\t\t<article class=\"article-card article-card__color--rosePink  article-card__variation--full-height-img\" style=\"background-image: url('https:\/\/d66.nl\/vanmierlostichting\/wp-content\/uploads\/sites\/4\/2023\/01\/idee219-\u2014-Eerlijk-delen-in-een-schoon-land-digitaal_Pagina_001-725x1024.jpg')\" data-gtm-event=\"click\" data-gtm-group=\"updates\" data-gtm-target=\"Eerlijk delen in een schoon land\">\n\t\t\t<div class=\"background-overlay\"><\/div>\n\t\t<a class=\"article-card__link\" href=\"https:\/\/d66.nl\/vanmierlostichting\/nieuws\/nieuwe-idee-eerlijk-delen-in-een-schoon-land\" aria-label=\"Link naar artikel\">\n\t\t<header class=\"article-card__header\">\n\n\t\t\t\t\t\t<div class=\"article-card__meta-row-wrapper\">\n\t\t\t\t<div class=\"article-card__date\">\n\t\t\t\t\t\t<p class=\"paragraph   paragraph__size--medium paragraph__weight--semiBold\">\n\t\t02.01.2023\t<\/p>\t\t\t\t<\/div>\n\t\t\t<\/div>\n\t\t\t\t\t\t\t\t\t\t\t<\/header>\n\n\t\t<div class=\"article-card__body\">\n\t\t\t\t\t\t\t<h3 class=\"heading   heading__size--large heading__font--sans heading__weight--bold\" id=\"nav-eerlijk-delen-in-een-schoon-land4418\">\n\tEerlijk delen in een schoon land<\/h3>\t\t\t\t\t\t\t\t\t\t<div class=\"article-card__excerpt\">\n\t\t\t\t\t<p class=\"paragraph   paragraph__size--default paragraph__weight--medium\">\n\t\tOnze nieuwste Idee blikt terug \u00e9n kijkt vooruit: vijftig jaar geleden kwam het rapport van de Club van Rome uit. Wat hebben we anno 2022 geleerd?\t<\/p>\t\t\t\t<\/div>\n\t\t\t\n\t\t\t<button class=\"buttonV2 buttonV2__color--transparent buttonV2__size--default buttonV2__size-width--default   article-card__buttonV2\" id=\"\">\n\t<div class=\"buttonV2__top-wrapper buttonV2__arrow-align--right\">\n\t\t\t\t\t<span class=\"buttonV2__title\">\n\t\t\t\tLees verder\t\t\t<\/span>\n\t\t\n\t\t\t\t\t<div class=\"buttonV2__icon\">\n\t\t\t\t<svg xmlns='http:\/\/www.w3.org\/2000\/svg' viewBox='0 0 58.14 50.62'><path d='m32.82 50.62 25.32-25.31L32.82 0l-4.35 4.35 17.92 17.86H0v6.21h46.39L28.47 46.33l4.35 4.29z' fill='currentColor' \/><\/svg>\t\t\t<\/div>\n\t\t\t<\/div>\n\n\t<\/button>\t\t<\/div>\n\t<\/a>\n<\/article>\t\t\t\t\t<\/div>\n\t\t\t\t\t\t\t\t\t\t\t\t\t\t<div class=\"swiper-slide\">\n\t\t\t\t\t\t<article class=\"article-card article-card__color--yellow  article-card__variation--full-height-img\" style=\"background-image: url('https:\/\/d66.nl\/vanmierlostichting\/wp-content\/uploads\/sites\/4\/2022\/10\/idee218-\u2014-Liberalisme-in-Crisis-725x1024.jpg')\" data-gtm-event=\"click\" data-gtm-group=\"updates\" data-gtm-target=\"Liberalisme in crisis\">\n\t\t\t<div class=\"background-overlay\"><\/div>\n\t\t<a class=\"article-card__link\" href=\"https:\/\/d66.nl\/vanmierlostichting\/nieuws\/liberalisme-in-crisis\" aria-label=\"Link naar artikel\">\n\t\t<header class=\"article-card__header\">\n\n\t\t\t\t\t\t<div class=\"article-card__meta-row-wrapper\">\n\t\t\t\t<div class=\"article-card__date\">\n\t\t\t\t\t\t<p class=\"paragraph   paragraph__size--medium paragraph__weight--semiBold\">\n\t\t10.10.2022\t<\/p>\t\t\t\t<\/div>\n\t\t\t<\/div>\n\t\t\t\t\t\t\t\t\t\t\t<\/header>\n\n\t\t<div class=\"article-card__body\">\n\t\t\t\t\t\t\t<h3 class=\"heading   heading__size--large heading__font--sans heading__weight--bold\" id=\"nav-liberalisme-in-crisis9290\">\n\tLiberalisme in crisis<\/h3>\t\t\t\t\t\t\t\t\t\t<div class=\"article-card__excerpt\">\n\t\t\t\t\t<p class=\"paragraph   paragraph__size--default paragraph__weight--medium\">\n\t\tOnze nieuwste Idee staat in het teken van Liberalisme in crisis. Kan het liberalisme nog wel antwoord geven op de grote vragen van deze tijd? Lees hier de uitgelichte artikelen.\t<\/p>\t\t\t\t<\/div>\n\t\t\t\n\t\t\t<button class=\"buttonV2 buttonV2__color--transparent buttonV2__size--default buttonV2__size-width--default   article-card__buttonV2\" id=\"\">\n\t<div class=\"buttonV2__top-wrapper buttonV2__arrow-align--right\">\n\t\t\t\t\t<span class=\"buttonV2__title\">\n\t\t\t\tLees verder\t\t\t<\/span>\n\t\t\n\t\t\t\t\t<div class=\"buttonV2__icon\">\n\t\t\t\t<svg xmlns='http:\/\/www.w3.org\/2000\/svg' viewBox='0 0 58.14 50.62'><path d='m32.82 50.62 25.32-25.31L32.82 0l-4.35 4.35 17.92 17.86H0v6.21h46.39L28.47 46.33l4.35 4.29z' fill='currentColor' \/><\/svg>\t\t\t<\/div>\n\t\t\t<\/div>\n\n\t<\/button>\t\t<\/div>\n\t<\/a>\n<\/article>\t\t\t\t\t<\/div>\n\t\t\t\t\t\t\t\t\t\t\t\t\t\t<div class=\"swiper-slide\">\n\t\t\t\t\t\t<article class=\"article-card article-card__color--romanSilver  article-card__variation--full-height-img\" style=\"background-image: url('https:\/\/d66.nl\/vanmierlostichting\/wp-content\/uploads\/sites\/4\/2021\/01\/idee211-After-Disruption-725x1024.png')\" data-gtm-event=\"click\" data-gtm-group=\"updates\" data-gtm-target=\"After Disruption\">\n\t\t\t<div class=\"background-overlay\"><\/div>\n\t\t<a class=\"article-card__link\" href=\"https:\/\/d66.nl\/vanmierlostichting\/idee\/after-disruption\/\" aria-label=\"Link naar artikel\">\n\t\t<header class=\"article-card__header\">\n\n\t\t\t\t\t\t<div class=\"article-card__meta-row-wrapper\">\n\t\t\t\t<div class=\"article-card__date\">\n\t\t\t\t\t\t<p class=\"paragraph   paragraph__size--medium paragraph__weight--semiBold\">\n\t\t07.05.2021\t<\/p>\t\t\t\t<\/div>\n\t\t\t<\/div>\n\t\t\t\t\t\t\t\t\t\t\t<\/header>\n\n\t\t<div class=\"article-card__body\">\n\t\t\t\t\t\t\t<h3 class=\"heading   heading__size--large heading__font--sans heading__weight--bold\" id=\"nav-after-disruption720\">\n\tAfter Disruption<\/h3>\t\t\t\t\t\t\n\t\t\t<button class=\"buttonV2 buttonV2__color--transparent buttonV2__size--default buttonV2__size-width--default   article-card__buttonV2\" id=\"\">\n\t<div class=\"buttonV2__top-wrapper buttonV2__arrow-align--right\">\n\t\t\t\t\t<span class=\"buttonV2__title\">\n\t\t\t\tLees verder\t\t\t<\/span>\n\t\t\n\t\t\t\t\t<div class=\"buttonV2__icon\">\n\t\t\t\t<svg xmlns='http:\/\/www.w3.org\/2000\/svg' viewBox='0 0 58.14 50.62'><path d='m32.82 50.62 25.32-25.31L32.82 0l-4.35 4.35 17.92 17.86H0v6.21h46.39L28.47 46.33l4.35 4.29z' fill='currentColor' \/><\/svg>\t\t\t<\/div>\n\t\t\t<\/div>\n\n\t<\/button>\t\t<\/div>\n\t<\/a>\n<\/article>\t\t\t\t\t<\/div>\n\t\t\t\t\t\t\t\t\t\t\t\t\t\t<div class=\"swiper-slide\">\n\t\t\t\t\t\t<article class=\"article-card article-card__color--skyBlue  article-card__variation--full-height-img\" style=\"background-image: url('https:\/\/d66.nl\/vanmierlostichting\/wp-content\/uploads\/sites\/4\/2022\/07\/Schermafbeelding-2022-07-04-om-13.18.18-728x1024.png')\" data-gtm-event=\"click\" data-gtm-group=\"updates\" data-gtm-target=\"Europese veerkracht\">\n\t\t\t<div class=\"background-overlay\"><\/div>\n\t\t<a class=\"article-card__link\" href=\"https:\/\/d66.nl\/vanmierlostichting\/nieuws\/europese-veerkracht\" aria-label=\"Link naar artikel\">\n\t\t<header class=\"article-card__header\">\n\n\t\t\t\t\t\t<div class=\"article-card__meta-row-wrapper\">\n\t\t\t\t<div class=\"article-card__date\">\n\t\t\t\t\t\t<p class=\"paragraph   paragraph__size--medium paragraph__weight--semiBold\">\n\t\t04.07.2022\t<\/p>\t\t\t\t<\/div>\n\t\t\t<\/div>\n\t\t\t\t\t\t\t\t\t\t\t<\/header>\n\n\t\t<div class=\"article-card__body\">\n\t\t\t\t\t\t\t<h3 class=\"heading   heading__size--large heading__font--sans heading__weight--bold\" id=\"nav-europese-veerkracht1587\">\n\tEuropese veerkracht<\/h3>\t\t\t\t\t\t\n\t\t\t<button class=\"buttonV2 buttonV2__color--transparent buttonV2__size--default buttonV2__size-width--default   article-card__buttonV2\" id=\"\">\n\t<div class=\"buttonV2__top-wrapper buttonV2__arrow-align--right\">\n\t\t\t\t\t<span class=\"buttonV2__title\">\n\t\t\t\tLees verder\t\t\t<\/span>\n\t\t\n\t\t\t\t\t<div class=\"buttonV2__icon\">\n\t\t\t\t<svg xmlns='http:\/\/www.w3.org\/2000\/svg' viewBox='0 0 58.14 50.62'><path d='m32.82 50.62 25.32-25.31L32.82 0l-4.35 4.35 17.92 17.86H0v6.21h46.39L28.47 46.33l4.35 4.29z' fill='currentColor' \/><\/svg>\t\t\t<\/div>\n\t\t\t<\/div>\n\n\t<\/button>\t\t<\/div>\n\t<\/a>\n<\/article>\t\t\t\t\t<\/div>\n\t\t\t\t\t\t\t\t\t\t\t\t\t\t<div class=\"swiper-slide\">\n\t\t\t\t\t\t<article class=\"article-card article-card__color--rosePink  article-card__variation--full-height-img\" style=\"background-image: url('https:\/\/d66.nl\/vanmierlostichting\/wp-content\/uploads\/sites\/4\/2022\/04\/idee-216-Toekomst-politieke-partij-1-725x1024.jpg')\" data-gtm-event=\"click\" data-gtm-group=\"updates\" data-gtm-target=\"De toekomst van de politieke partij\">\n\t\t\t<div class=\"background-overlay\"><\/div>\n\t\t<a class=\"article-card__link\" href=\"https:\/\/d66.nl\/vanmierlostichting\/nieuws\/idee-de-toekomst-van-de-poltieke-partij\" aria-label=\"Link naar artikel\">\n\t\t<header class=\"article-card__header\">\n\n\t\t\t\t\t\t<div class=\"article-card__meta-row-wrapper\">\n\t\t\t\t<div class=\"article-card__date\">\n\t\t\t\t\t\t<p class=\"paragraph   paragraph__size--medium paragraph__weight--semiBold\">\n\t\t04.04.2022\t<\/p>\t\t\t\t<\/div>\n\t\t\t<\/div>\n\t\t\t\t\t\t\t\t\t\t\t<\/header>\n\n\t\t<div class=\"article-card__body\">\n\t\t\t\t\t\t\t<h3 class=\"heading   heading__size--large heading__font--sans heading__weight--bold\" id=\"nav-de-toekomst-van-de-politieke-partij9835\">\n\tDe toekomst van de politieke partij<\/h3>\t\t\t\t\t\t\n\t\t\t<button class=\"buttonV2 buttonV2__color--transparent buttonV2__size--default buttonV2__size-width--default   article-card__buttonV2\" id=\"\">\n\t<div class=\"buttonV2__top-wrapper buttonV2__arrow-align--right\">\n\t\t\t\t\t<span class=\"buttonV2__title\">\n\t\t\t\tLees verder\t\t\t<\/span>\n\t\t\n\t\t\t\t\t<div class=\"buttonV2__icon\">\n\t\t\t\t<svg xmlns='http:\/\/www.w3.org\/2000\/svg' viewBox='0 0 58.14 50.62'><path d='m32.82 50.62 25.32-25.31L32.82 0l-4.35 4.35 17.92 17.86H0v6.21h46.39L28.47 46.33l4.35 4.29z' fill='currentColor' \/><\/svg>\t\t\t<\/div>\n\t\t\t<\/div>\n\n\t<\/button>\t\t<\/div>\n\t<\/a>\n<\/article>\t\t\t\t\t<\/div>\n\t\t\t\t\t\t\t\t\t\t\t\t\t\t<div class=\"swiper-slide\">\n\t\t\t\t\t\t<article class=\"article-card article-card__color--skyBlue  article-card__variation--full-height-img\" style=\"background-image: url('https:\/\/d66.nl\/vanmierlostichting\/wp-content\/uploads\/sites\/4\/2022\/01\/idee215-VERZET-voorzijde-725x1024.jpg')\" data-gtm-event=\"click\" data-gtm-group=\"updates\" data-gtm-target=\"Verzet\">\n\t\t\t<div class=\"background-overlay\"><\/div>\n\t\t<a class=\"article-card__link\" href=\"https:\/\/d66.nl\/vanmierlostichting\/nieuws\/nieuwe-idee-verzet\" aria-label=\"Link naar artikel\">\n\t\t<header class=\"article-card__header\">\n\n\t\t\t\t\t\t<div class=\"article-card__meta-row-wrapper\">\n\t\t\t\t<div class=\"article-card__date\">\n\t\t\t\t\t\t<p class=\"paragraph   paragraph__size--medium paragraph__weight--semiBold\">\n\t\t03.01.2022\t<\/p>\t\t\t\t<\/div>\n\t\t\t<\/div>\n\t\t\t\t\t\t\t\t\t\t\t<\/header>\n\n\t\t<div class=\"article-card__body\">\n\t\t\t\t\t\t\t<h3 class=\"heading   heading__size--large heading__font--sans heading__weight--bold\" id=\"nav-verzet3987\">\n\tVerzet<\/h3>\t\t\t\t\t\t\t\t\t\t<div class=\"article-card__excerpt\">\n\t\t\t\t\t<p class=\"paragraph   paragraph__size--default paragraph__weight--medium\">\n\t\tNieuwe Idee Verzet\t<\/p>\t\t\t\t<\/div>\n\t\t\t\n\t\t\t<button class=\"buttonV2 buttonV2__color--transparent buttonV2__size--default buttonV2__size-width--default   article-card__buttonV2\" id=\"\">\n\t<div class=\"buttonV2__top-wrapper buttonV2__arrow-align--right\">\n\t\t\t\t\t<span class=\"buttonV2__title\">\n\t\t\t\tLees verder\t\t\t<\/span>\n\t\t\n\t\t\t\t\t<div class=\"buttonV2__icon\">\n\t\t\t\t<svg xmlns='http:\/\/www.w3.org\/2000\/svg' viewBox='0 0 58.14 50.62'><path d='m32.82 50.62 25.32-25.31L32.82 0l-4.35 4.35 17.92 17.86H0v6.21h46.39L28.47 46.33l4.35 4.29z' fill='currentColor' \/><\/svg>\t\t\t<\/div>\n\t\t\t<\/div>\n\n\t<\/button>\t\t<\/div>\n\t<\/a>\n<\/article>\t\t\t\t\t<\/div>\n\t\t\t\t\t\t\t\t\t\t\t\t\t\t<div class=\"swiper-slide\">\n\t\t\t\t\t\t<article class=\"article-card article-card__color--olive  article-card__variation--full-height-img\" style=\"background-image: url('https:\/\/d66.nl\/vanmierlostichting\/wp-content\/uploads\/sites\/4\/2021\/10\/idee214-Klimaat-voorzijde-725x1024.jpg')\" data-gtm-event=\"click\" data-gtm-group=\"updates\" data-gtm-target=\"Klimaat\">\n\t\t\t<div class=\"background-overlay\"><\/div>\n\t\t<a class=\"article-card__link\" href=\"https:\/\/d66.nl\/vanmierlostichting\/idee\/idee-214-klimaat\/\" aria-label=\"Link naar artikel\">\n\t\t<header class=\"article-card__header\">\n\n\t\t\t\t\t\t<div class=\"article-card__meta-row-wrapper\">\n\t\t\t\t<div class=\"article-card__date\">\n\t\t\t\t\t\t<p class=\"paragraph   paragraph__size--medium paragraph__weight--semiBold\">\n\t\t19.10.2021\t<\/p>\t\t\t\t<\/div>\n\t\t\t<\/div>\n\t\t\t\t\t\t\t\t\t\t\t<\/header>\n\n\t\t<div class=\"article-card__body\">\n\t\t\t\t\t\t\t<h3 class=\"heading   heading__size--large heading__font--sans heading__weight--bold\" id=\"nav-klimaat813\">\n\tKlimaat<\/h3>\t\t\t\t\t\t\n\t\t\t<button class=\"buttonV2 buttonV2__color--transparent buttonV2__size--default buttonV2__size-width--default   article-card__buttonV2\" id=\"\">\n\t<div class=\"buttonV2__top-wrapper buttonV2__arrow-align--right\">\n\t\t\t\t\t<span class=\"buttonV2__title\">\n\t\t\t\tLees verder\t\t\t<\/span>\n\t\t\n\t\t\t\t\t<div class=\"buttonV2__icon\">\n\t\t\t\t<svg xmlns='http:\/\/www.w3.org\/2000\/svg' viewBox='0 0 58.14 50.62'><path d='m32.82 50.62 25.32-25.31L32.82 0l-4.35 4.35 17.92 17.86H0v6.21h46.39L28.47 46.33l4.35 4.29z' fill='currentColor' \/><\/svg>\t\t\t<\/div>\n\t\t\t<\/div>\n\n\t<\/button>\t\t<\/div>\n\t<\/a>\n<\/article>\t\t\t\t\t<\/div>\n\t\t\t\t\t\t\t\t\t\t\t\t\t\t<div class=\"swiper-slide\">\n\t\t\t\t\t\t<article class=\"article-card article-card__color--romanSilver  article-card__variation--full-height-img\" style=\"background-image: url('https:\/\/d66.nl\/vanmierlostichting\/wp-content\/uploads\/sites\/4\/2021\/07\/idee213-Vergankelijkheid-\u2014-voorzijde-725x1024.jpg')\" data-gtm-event=\"click\" data-gtm-group=\"updates\" data-gtm-target=\"Vergankelijkheid\">\n\t\t\t<div class=\"background-overlay\"><\/div>\n\t\t<a class=\"article-card__link\" href=\"https:\/\/d66.nl\/vanmierlostichting\/idee\/idee-213-vergankelijkheid\/\" aria-label=\"Link naar artikel\">\n\t\t<header class=\"article-card__header\">\n\n\t\t\t\t\t\t<div class=\"article-card__meta-row-wrapper\">\n\t\t\t\t<div class=\"article-card__date\">\n\t\t\t\t\t\t<p class=\"paragraph   paragraph__size--medium paragraph__weight--semiBold\">\n\t\t27.07.2021\t<\/p>\t\t\t\t<\/div>\n\t\t\t<\/div>\n\t\t\t\t\t\t\t\t\t\t\t<\/header>\n\n\t\t<div class=\"article-card__body\">\n\t\t\t\t\t\t\t<h3 class=\"heading   heading__size--large heading__font--sans heading__weight--bold\" id=\"nav-vergankelijkheid822\">\n\tVergankelijkheid<\/h3>\t\t\t\t\t\t\n\t\t\t<button class=\"buttonV2 buttonV2__color--transparent buttonV2__size--default buttonV2__size-width--default   article-card__buttonV2\" id=\"\">\n\t<div class=\"buttonV2__top-wrapper buttonV2__arrow-align--right\">\n\t\t\t\t\t<span class=\"buttonV2__title\">\n\t\t\t\tLees verder\t\t\t<\/span>\n\t\t\n\t\t\t\t\t<div class=\"buttonV2__icon\">\n\t\t\t\t<svg xmlns='http:\/\/www.w3.org\/2000\/svg' viewBox='0 0 58.14 50.62'><path d='m32.82 50.62 25.32-25.31L32.82 0l-4.35 4.35 17.92 17.86H0v6.21h46.39L28.47 46.33l4.35 4.29z' fill='currentColor' \/><\/svg>\t\t\t<\/div>\n\t\t\t<\/div>\n\n\t<\/button>\t\t<\/div>\n\t<\/a>\n<\/article>\t\t\t\t\t<\/div>\n\t\t\t\t\t\t\t\t\t\t\t\t\t\t<div class=\"swiper-slide\">\n\t\t\t\t\t\t<article class=\"article-card article-card__color--rosePink  article-card__variation--full-height-img\" style=\"background-image: url('https:\/\/d66.nl\/vanmierlostichting\/wp-content\/uploads\/sites\/4\/2022\/01\/idee212-Marktmacht-\u2014-voorzijde-e1618397260119.jpeg')\" data-gtm-event=\"click\" data-gtm-group=\"updates\" data-gtm-target=\"Marktmacht\">\n\t\t\t<div class=\"background-overlay\"><\/div>\n\t\t<a class=\"article-card__link\" href=\"https:\/\/d66.nl\/vanmierlostichting\/idee\/marktmacht\/\" aria-label=\"Link naar artikel\">\n\t\t<header class=\"article-card__header\">\n\n\t\t\t\t\t\t<div class=\"article-card__meta-row-wrapper\">\n\t\t\t\t<div class=\"article-card__date\">\n\t\t\t\t\t\t<p class=\"paragraph   paragraph__size--medium paragraph__weight--semiBold\">\n\t\t07.05.2021\t<\/p>\t\t\t\t<\/div>\n\t\t\t<\/div>\n\t\t\t\t\t\t\t\t\t\t\t<\/header>\n\n\t\t<div class=\"article-card__body\">\n\t\t\t\t\t\t\t<h3 class=\"heading   heading__size--large heading__font--sans heading__weight--bold\" id=\"nav-marktmacht9906\">\n\tMarktmacht<\/h3>\t\t\t\t\t\t\n\t\t\t<button class=\"buttonV2 buttonV2__color--transparent buttonV2__size--default buttonV2__size-width--default   article-card__buttonV2\" id=\"\">\n\t<div class=\"buttonV2__top-wrapper buttonV2__arrow-align--right\">\n\t\t\t\t\t<span class=\"buttonV2__title\">\n\t\t\t\tLees verder\t\t\t<\/span>\n\t\t\n\t\t\t\t\t<div class=\"buttonV2__icon\">\n\t\t\t\t<svg xmlns='http:\/\/www.w3.org\/2000\/svg' viewBox='0 0 58.14 50.62'><path d='m32.82 50.62 25.32-25.31L32.82 0l-4.35 4.35 17.92 17.86H0v6.21h46.39L28.47 46.33l4.35 4.29z' fill='currentColor' \/><\/svg>\t\t\t<\/div>\n\t\t\t<\/div>\n\n\t<\/button>\t\t<\/div>\n\t<\/a>\n<\/article>\t\t\t\t\t<\/div>\n\t\t\t\t\t\t\t<\/div>\n\t\t<\/div>\n\t<\/div>\n\n\t\t\t<div class=\"carousel-slider-navigation js-carousel-slider-navigation carousel-slider-navigation__offset--always\">\n\t<div class=\"carousel-slider-navigation__fraction-pagination-wrapper\">\n\t\t<span class=\"custom-swiper-pagination-current\">1<\/span> \/ <span class=\"custom-swiper-pagination-total\">X<\/span>\n\t<\/div>\n\t<div class=\"carousel-slider-navigation__pagination-wrapper\">\n\t\t<div class=\"carousel-slider-navigation__pagination js-swiper-progressbar\"><\/div>\n\t<\/div>\n\t<div class=\"carousel-slider-navigation__navigation\">\n\t\t<button class=\"carousel-slider-navigation__nav-button carousel-slider-navigation__nav-button--prev js-swiper-prev\" aria-label=\"Previous slide\"><\/button>\n\t\t<button class=\"carousel-slider-navigation__nav-button carousel-slider-navigation__nav-button--next js-swiper-next\" aria-label=\"Next slide\"><\/button>\n\t<\/div>\n<\/div>\t\n<\/div>\t<\/div>\n\n<\/section>\n\t  <\/div>\n\t<\/div>\n  <\/div>\n\n\n<div\n  id=\"\"\n  class=\"wrapper wrapper__spacing-top-large--50 wrapper__spacing-top-desktop--50 wrapper__spacing-top-mobile--50 wrapper__spacing-bottom-large--50 wrapper__spacing-bottom-desktop--50 wrapper__spacing-bottom-tablet--190 wrapper__spacing-bottom-mobile--50  wrapper__gutter--none\"\n  >\n  \t<div class=\"wrapper__container wrapper__container-width-large--default\">\n\t  <div class=\"wrapper__inner wrapper__width-large--24 wrapper__width-mobile--24\">\n\t\t\n<section class=\"block-stories-wall-slider js-block-stories-wall-slider\">\n\t<div class=\"block-stories-wall-slider__content-wrapper block-stories-wall-slider__content-wrapper--default\">\n\t\t<div class=\"block-stories-wall-slider__title\">\n\t\t\t<h2 class=\"heading heading__align--left heading__color--black heading__size--huge  heading__weight--regular\" id=\"nav--em-interviews--em-4518\" data-nav-heading-mobile=\"Interviews\">\n\t<em>Interviews<\/em><\/h2>\t\t<\/div>\n\t\t<div class=\"block-stories-wall-slider__description\">\n\t\t\t<p class=\"paragraph paragraph__align--left paragraph__color--black paragraph__size--default paragraph__weight--medium\">\n\t\t\t<\/p>\t\t<\/div>\n\t\t\n\t\t\t<\/div>\n\n\t<div class=\"block-stories-wall-slider__slider\">\n\t\t<div class=\"carousel-slider js-carousel-slider carousel-slider__for--cards\" data-is-slider-initialized=\"0\">\n\t<div class=\"carousel-slider__wrapper js-carousel-wrapper\">\n\t\t<div class=\"swiper\">\n\t\t\t<div class=\"swiper-wrapper\">\n\t\t\t\t\t\t\t\t\t\t\t\t\t\t<div class=\"swiper-slide\">\n\t\t\t\t\t\t<article class=\"article-card article-card__color--rosePink  article-card__variation--full-height-img\" style=\"background-image: url('https:\/\/media.d66.nl\/uploads\/sites\/4\/2026\/04\/20260206_Pose_0032-2.jpg')\" data-gtm-event=\"click\" data-gtm-group=\"updates\" data-gtm-target=\"Interview  Andr\u00e9s Rodriquez-Pose\">\n\t\t\t<div class=\"background-overlay\"><\/div>\n\t\t<a class=\"article-card__link\" href=\"https:\/\/d66.nl\/vanmierlostichting\/nieuws\/interview-andres-rodriquez-pose\" aria-label=\"Link naar artikel\">\n\t\t<header class=\"article-card__header\">\n\n\t\t\t\t\t\t<div class=\"article-card__meta-row-wrapper\">\n\t\t\t\t<div class=\"article-card__date\">\n\t\t\t\t\t\t<p class=\"paragraph   paragraph__size--medium paragraph__weight--semiBold\">\n\t\t21.04.2026\t<\/p>\t\t\t\t<\/div>\n\t\t\t<\/div>\n\t\t\t\t\t\t\t\t\t\t\t<\/header>\n\n\t\t<div class=\"article-card__body\">\n\t\t\t\t\t\t\t<h3 class=\"heading   heading__size--large heading__font--sans heading__weight--bold\" id=\"nav-interview--andr--s-rodriquez-pose5973\">\n\tInterview  Andr\u00e9s Rodriquez-Pose<\/h3>\t\t\t\t\t\t\t\t\t\t<div class=\"article-card__excerpt\">\n\t\t\t\t\t<p class=\"paragraph   paragraph__size--default paragraph__weight--medium\">\n\t\tFiscaal beleid \u00eds sociaal beleid \u2013 en niets illustreert dit principe beter dan de politieke discussie rondom het vaststellen van de lange termijn begroting van de Europese Unie voor de&hellip;\t<\/p>\t\t\t\t<\/div>\n\t\t\t\n\t\t\t<button class=\"buttonV2 buttonV2__color--transparent buttonV2__size--default buttonV2__size-width--default   article-card__buttonV2\" id=\"\">\n\t<div class=\"buttonV2__top-wrapper buttonV2__arrow-align--right\">\n\t\t\t\t\t<span class=\"buttonV2__title\">\n\t\t\t\tLees verder\t\t\t<\/span>\n\t\t\n\t\t\t\t\t<div class=\"buttonV2__icon\">\n\t\t\t\t<svg xmlns='http:\/\/www.w3.org\/2000\/svg' viewBox='0 0 58.14 50.62'><path d='m32.82 50.62 25.32-25.31L32.82 0l-4.35 4.35 17.92 17.86H0v6.21h46.39L28.47 46.33l4.35 4.29z' fill='currentColor' \/><\/svg>\t\t\t<\/div>\n\t\t\t<\/div>\n\n\t<\/button>\t\t<\/div>\n\t<\/a>\n<\/article>\t\t\t\t\t<\/div>\n\t\t\t\t\t\t\t\t\t\t\t\t\t\t<div class=\"swiper-slide\">\n\t\t\t\t\t\t<article class=\"article-card article-card__color--romanSilver  article-card__variation--full-height-img\" style=\"background-image: url('https:\/\/media.d66.nl\/uploads\/sites\/4\/2026\/04\/anderson_2019_hi-res-download_1.jpg')\" data-gtm-event=\"click\" data-gtm-group=\"updates\" data-gtm-target=\"Interview Elisabeth Anderson\">\n\t\t\t<div class=\"background-overlay\"><\/div>\n\t\t<a class=\"article-card__link\" href=\"https:\/\/d66.nl\/vanmierlostichting\/nieuws\/interview-elisabeth-anderson\" aria-label=\"Link naar artikel\">\n\t\t<header class=\"article-card__header\">\n\n\t\t\t\t\t\t<div class=\"article-card__meta-row-wrapper\">\n\t\t\t\t<div class=\"article-card__date\">\n\t\t\t\t\t\t<p class=\"paragraph   paragraph__size--medium paragraph__weight--semiBold\">\n\t\t21.04.2026\t<\/p>\t\t\t\t<\/div>\n\t\t\t<\/div>\n\t\t\t\t\t\t\t\t\t\t\t<\/header>\n\n\t\t<div class=\"article-card__body\">\n\t\t\t\t\t\t\t<h3 class=\"heading   heading__size--large heading__font--sans heading__weight--bold\" id=\"nav-interview-elisabeth-anderson801\">\n\tInterview Elisabeth Anderson<\/h3>\t\t\t\t\t\t\t\t\t\t<div class=\"article-card__excerpt\">\n\t\t\t\t\t<p class=\"paragraph   paragraph__size--default paragraph__weight--medium\">\n\t\tBij \u2018gelijkheid\u2019 denken sociaal-liberalen vaak als eerste aan \u2018kansengelijkheid\u2019. Maar die interpretatie leidt af van de schade die een toenemende ongelijkheid in uitkomsten aan onze democratie doet. Dat zegt de&hellip;\t<\/p>\t\t\t\t<\/div>\n\t\t\t\n\t\t\t<button class=\"buttonV2 buttonV2__color--transparent buttonV2__size--default buttonV2__size-width--default   article-card__buttonV2\" id=\"\">\n\t<div class=\"buttonV2__top-wrapper buttonV2__arrow-align--right\">\n\t\t\t\t\t<span class=\"buttonV2__title\">\n\t\t\t\tLees verder\t\t\t<\/span>\n\t\t\n\t\t\t\t\t<div class=\"buttonV2__icon\">\n\t\t\t\t<svg xmlns='http:\/\/www.w3.org\/2000\/svg' viewBox='0 0 58.14 50.62'><path d='m32.82 50.62 25.32-25.31L32.82 0l-4.35 4.35 17.92 17.86H0v6.21h46.39L28.47 46.33l4.35 4.29z' fill='currentColor' \/><\/svg>\t\t\t<\/div>\n\t\t\t<\/div>\n\n\t<\/button>\t\t<\/div>\n\t<\/a>\n<\/article>\t\t\t\t\t<\/div>\n\t\t\t\t\t\t\t\t\t\t\t\t\t\t<div class=\"swiper-slide\">\n\t\t\t\t\t\t<article class=\"article-card article-card__color--tomato  article-card__variation--full-height-img\" style=\"background-image: url('https:\/\/media.d66.nl\/uploads\/sites\/4\/2026\/03\/260130_Koolmees_0135-768x1024.jpg')\" data-gtm-event=\"click\" data-gtm-group=\"updates\" data-gtm-target=\"Interview Wouter Koolmees: &#8216;Relaties eerst, dan pas de inhoud&#8217;\">\n\t\t\t<div class=\"background-overlay\"><\/div>\n\t\t<a class=\"article-card__link\" href=\"https:\/\/d66.nl\/vanmierlostichting\/nieuws\/interview-wouter-koolmees-relaties-eerst-dan-pas-de-inhoud\" aria-label=\"Link naar artikel\">\n\t\t<header class=\"article-card__header\">\n\n\t\t\t\t\t\t<div class=\"article-card__meta-row-wrapper\">\n\t\t\t\t<div class=\"article-card__date\">\n\t\t\t\t\t\t<p class=\"paragraph   paragraph__size--medium paragraph__weight--semiBold\">\n\t\t26.03.2026\t<\/p>\t\t\t\t<\/div>\n\t\t\t<\/div>\n\t\t\t\t\t\t\t\t\t\t\t<\/header>\n\n\t\t<div class=\"article-card__body\">\n\t\t\t\t\t\t\t<h3 class=\"heading   heading__size--large heading__font--sans heading__weight--bold\" id=\"nav-interview-wouter-koolmees----8216-relaties-eerst--dan-pas-de-inhoud--8217-4450\">\n\tInterview Wouter Koolmees: &#8216;Relaties eerst, dan pas de inhoud&#8217;<\/h3>\t\t\t\t\t\t\n\t\t\t<button class=\"buttonV2 buttonV2__color--transparent buttonV2__size--default buttonV2__size-width--default   article-card__buttonV2\" id=\"\">\n\t<div class=\"buttonV2__top-wrapper buttonV2__arrow-align--right\">\n\t\t\t\t\t<span class=\"buttonV2__title\">\n\t\t\t\tLees verder\t\t\t<\/span>\n\t\t\n\t\t\t\t\t<div class=\"buttonV2__icon\">\n\t\t\t\t<svg xmlns='http:\/\/www.w3.org\/2000\/svg' viewBox='0 0 58.14 50.62'><path d='m32.82 50.62 25.32-25.31L32.82 0l-4.35 4.35 17.92 17.86H0v6.21h46.39L28.47 46.33l4.35 4.29z' fill='currentColor' \/><\/svg>\t\t\t<\/div>\n\t\t\t<\/div>\n\n\t<\/button>\t\t<\/div>\n\t<\/a>\n<\/article>\t\t\t\t\t<\/div>\n\t\t\t\t\t\t\t\t\t\t\t\t\t\t<div class=\"swiper-slide\">\n\t\t\t\t\t\t<article class=\"article-card article-card__color--yellow  article-card__variation--full-height-img\" style=\"background-image: url('https:\/\/d66.nl\/vanmierlostichting\/wp-content\/uploads\/sites\/4\/2025\/12\/250904_LeoniedeJonge_0037-1-1024x1024.jpg')\" data-gtm-event=\"click\" data-gtm-group=\"updates\" data-gtm-target=\"Interview met L\u00e9onie de Jonge\">\n\t\t\t<div class=\"background-overlay\"><\/div>\n\t\t<a class=\"article-card__link\" href=\"https:\/\/d66.nl\/vanmierlostichting\/nieuws\/interview-met-leonie-de-jonge\" aria-label=\"Link naar artikel\">\n\t\t<header class=\"article-card__header\">\n\n\t\t\t\t\t\t<div class=\"article-card__meta-row-wrapper\">\n\t\t\t\t<div class=\"article-card__date\">\n\t\t\t\t\t\t<p class=\"paragraph   paragraph__size--medium paragraph__weight--semiBold\">\n\t\t16.12.2025\t<\/p>\t\t\t\t<\/div>\n\t\t\t<\/div>\n\t\t\t\t\t\t\t\t\t\t\t<\/header>\n\n\t\t<div class=\"article-card__body\">\n\t\t\t\t\t\t\t<h3 class=\"heading   heading__size--large heading__font--sans heading__weight--bold\" id=\"nav-interview-met-l--onie-de-jonge6117\">\n\tInterview met L\u00e9onie de Jonge<\/h3>\t\t\t\t\t\t\t\t\t\t<div class=\"article-card__excerpt\">\n\t\t\t\t\t<p class=\"paragraph   paragraph__size--default paragraph__weight--medium\">\n\t\tD66 heeft de verkiezingen gewonnen, maar tegelijkertijd is uiterst rechts gegroeid. Te midden van alle blijdschap onder progressieven in binnen- en buitenland moeten we niet vergeten hoeveel Nederlanders zich nog&hellip;\t<\/p>\t\t\t\t<\/div>\n\t\t\t\n\t\t\t<button class=\"buttonV2 buttonV2__color--transparent buttonV2__size--default buttonV2__size-width--default   article-card__buttonV2\" id=\"\">\n\t<div class=\"buttonV2__top-wrapper buttonV2__arrow-align--right\">\n\t\t\t\t\t<span class=\"buttonV2__title\">\n\t\t\t\tLees verder\t\t\t<\/span>\n\t\t\n\t\t\t\t\t<div class=\"buttonV2__icon\">\n\t\t\t\t<svg xmlns='http:\/\/www.w3.org\/2000\/svg' viewBox='0 0 58.14 50.62'><path d='m32.82 50.62 25.32-25.31L32.82 0l-4.35 4.35 17.92 17.86H0v6.21h46.39L28.47 46.33l4.35 4.29z' fill='currentColor' \/><\/svg>\t\t\t<\/div>\n\t\t\t<\/div>\n\n\t<\/button>\t\t<\/div>\n\t<\/a>\n<\/article>\t\t\t\t\t<\/div>\n\t\t\t\t\t\t\t\t\t\t\t\t\t\t<div class=\"swiper-slide\">\n\t\t\t\t\t\t<article class=\"article-card article-card__color--rosePink  article-card__variation--full-height-img\" style=\"background-image: url('https:\/\/d66.nl\/vanmierlostichting\/wp-content\/uploads\/sites\/4\/2025\/12\/250925_Velema_0074VOORKEUR-683x1024.jpg')\" data-gtm-event=\"click\" data-gtm-group=\"updates\" data-gtm-target=\"Interview met Jaap Velema\">\n\t\t\t<div class=\"background-overlay\"><\/div>\n\t\t<a class=\"article-card__link\" href=\"https:\/\/d66.nl\/vanmierlostichting\/nieuws\/interview-jaap-velema\" aria-label=\"Link naar artikel\">\n\t\t<header class=\"article-card__header\">\n\n\t\t\t\t\t\t<div class=\"article-card__meta-row-wrapper\">\n\t\t\t\t<div class=\"article-card__date\">\n\t\t\t\t\t\t<p class=\"paragraph   paragraph__size--medium paragraph__weight--semiBold\">\n\t\t16.12.2025\t<\/p>\t\t\t\t<\/div>\n\t\t\t<\/div>\n\t\t\t\t\t\t\t\t\t\t\t<\/header>\n\n\t\t<div class=\"article-card__body\">\n\t\t\t\t\t\t\t<h3 class=\"heading   heading__size--large heading__font--sans heading__weight--bold\" id=\"nav-interview-met-jaap-velema1617\">\n\tInterview met Jaap Velema<\/h3>\t\t\t\t\t\t\t\t\t\t<div class=\"article-card__excerpt\">\n\t\t\t\t\t<p class=\"paragraph   paragraph__size--default paragraph__weight--medium\">\n\t\tTer Apel: een mooi dorp met inwoners die het gezellig hebben met elkaar, volgens burgemeester Jaap Velema. Maar \u00f3\u00f3k een dorp dat door de landelijke overheid in de steek is&hellip;\t<\/p>\t\t\t\t<\/div>\n\t\t\t\n\t\t\t<button class=\"buttonV2 buttonV2__color--transparent buttonV2__size--default buttonV2__size-width--default   article-card__buttonV2\" id=\"\">\n\t<div class=\"buttonV2__top-wrapper buttonV2__arrow-align--right\">\n\t\t\t\t\t<span class=\"buttonV2__title\">\n\t\t\t\tLees verder\t\t\t<\/span>\n\t\t\n\t\t\t\t\t<div class=\"buttonV2__icon\">\n\t\t\t\t<svg xmlns='http:\/\/www.w3.org\/2000\/svg' viewBox='0 0 58.14 50.62'><path d='m32.82 50.62 25.32-25.31L32.82 0l-4.35 4.35 17.92 17.86H0v6.21h46.39L28.47 46.33l4.35 4.29z' fill='currentColor' \/><\/svg>\t\t\t<\/div>\n\t\t\t<\/div>\n\n\t<\/button>\t\t<\/div>\n\t<\/a>\n<\/article>\t\t\t\t\t<\/div>\n\t\t\t\t\t\t\t\t\t\t\t\t\t\t<div class=\"swiper-slide\">\n\t\t\t\t\t\t<article class=\"article-card article-card__color--olive  article-card__variation--full-height-img\" style=\"background-image: url('https:\/\/d66.nl\/vanmierlostichting\/wp-content\/uploads\/sites\/4\/2025\/07\/250416_Dehue_0131c-732x1024.jpg')\" data-gtm-event=\"click\" data-gtm-group=\"updates\" data-gtm-target=\"Interview Trudy Dehue\">\n\t\t\t<div class=\"background-overlay\"><\/div>\n\t\t<a class=\"article-card__link\" href=\"https:\/\/d66.nl\/vanmierlostichting\/nieuws\/interview-trudy-dehue\" aria-label=\"Link naar artikel\">\n\t\t<header class=\"article-card__header\">\n\n\t\t\t\t\t\t<div class=\"article-card__meta-row-wrapper\">\n\t\t\t\t<div class=\"article-card__date\">\n\t\t\t\t\t\t<p class=\"paragraph   paragraph__size--medium paragraph__weight--semiBold\">\n\t\t07.07.2025\t<\/p>\t\t\t\t<\/div>\n\t\t\t<\/div>\n\t\t\t\t\t\t\t\t\t\t\t<\/header>\n\n\t\t<div class=\"article-card__body\">\n\t\t\t\t\t\t\t<h3 class=\"heading   heading__size--large heading__font--sans heading__weight--bold\" id=\"nav-interview-trudy-dehue4463\">\n\tInterview Trudy Dehue<\/h3>\t\t\t\t\t\t\t\t\t\t<div class=\"article-card__excerpt\">\n\t\t\t\t\t<p class=\"paragraph   paragraph__size--default paragraph__weight--medium\">\n\t\tDe definities van de begrippen \u2018zwangerschap\u2019 en \u2018abortus\u2019 zijn ongemerkt opgerekt, en dat heeft invloed op de rechten van vrouwen. Dat stelt Trudy Dehue, emeritus hoogleraar en auteur van het&hellip;\t<\/p>\t\t\t\t<\/div>\n\t\t\t\n\t\t\t<button class=\"buttonV2 buttonV2__color--transparent buttonV2__size--default buttonV2__size-width--default   article-card__buttonV2\" id=\"\">\n\t<div class=\"buttonV2__top-wrapper buttonV2__arrow-align--right\">\n\t\t\t\t\t<span class=\"buttonV2__title\">\n\t\t\t\tLees verder\t\t\t<\/span>\n\t\t\n\t\t\t\t\t<div class=\"buttonV2__icon\">\n\t\t\t\t<svg xmlns='http:\/\/www.w3.org\/2000\/svg' viewBox='0 0 58.14 50.62'><path d='m32.82 50.62 25.32-25.31L32.82 0l-4.35 4.35 17.92 17.86H0v6.21h46.39L28.47 46.33l4.35 4.29z' fill='currentColor' \/><\/svg>\t\t\t<\/div>\n\t\t\t<\/div>\n\n\t<\/button>\t\t<\/div>\n\t<\/a>\n<\/article>\t\t\t\t\t<\/div>\n\t\t\t\t\t\t\t\t\t\t\t\t\t\t<div class=\"swiper-slide\">\n\t\t\t\t\t\t<article class=\"article-card article-card__color--skyBlue  article-card__variation--full-height-img\" style=\"background-image: url('https:\/\/d66.nl\/vanmierlostichting\/wp-content\/uploads\/sites\/4\/2025\/07\/241008-148-VMS_Michael-Ignatieff-JeroenMooijman-1024x683.jpg')\" data-gtm-event=\"click\" data-gtm-group=\"updates\" data-gtm-target=\"Interview Alicja Gescinska\">\n\t\t\t<div class=\"background-overlay\"><\/div>\n\t\t<a class=\"article-card__link\" href=\"https:\/\/d66.nl\/vanmierlostichting\/nieuws\/interview-alicja-gescinska\" aria-label=\"Link naar artikel\">\n\t\t<header class=\"article-card__header\">\n\n\t\t\t\t\t\t<div class=\"article-card__meta-row-wrapper\">\n\t\t\t\t<div class=\"article-card__date\">\n\t\t\t\t\t\t<p class=\"paragraph   paragraph__size--medium paragraph__weight--semiBold\">\n\t\t07.07.2025\t<\/p>\t\t\t\t<\/div>\n\t\t\t<\/div>\n\t\t\t\t\t\t\t\t\t\t\t<\/header>\n\n\t\t<div class=\"article-card__body\">\n\t\t\t\t\t\t\t<h3 class=\"heading   heading__size--large heading__font--sans heading__weight--bold\" id=\"nav-interview-alicja-gescinska418\">\n\tInterview Alicja Gescinska<\/h3>\t\t\t\t\t\t\t\t\t\t<div class=\"article-card__excerpt\">\n\t\t\t\t\t<p class=\"paragraph   paragraph__size--default paragraph__weight--medium\">\n\t\tDemocratisch verval, rechts-extremistische retoriek, uitsluiting van groepen mensen: velen voelen zich er somber en machteloos door. Maar we moeten ons vooral niet laten verlammen, stelt filosoof en schrijver Alicja Gescinska.&hellip;\t<\/p>\t\t\t\t<\/div>\n\t\t\t\n\t\t\t<button class=\"buttonV2 buttonV2__color--transparent buttonV2__size--default buttonV2__size-width--default   article-card__buttonV2\" id=\"\">\n\t<div class=\"buttonV2__top-wrapper buttonV2__arrow-align--right\">\n\t\t\t\t\t<span class=\"buttonV2__title\">\n\t\t\t\tLees verder\t\t\t<\/span>\n\t\t\n\t\t\t\t\t<div class=\"buttonV2__icon\">\n\t\t\t\t<svg xmlns='http:\/\/www.w3.org\/2000\/svg' viewBox='0 0 58.14 50.62'><path d='m32.82 50.62 25.32-25.31L32.82 0l-4.35 4.35 17.92 17.86H0v6.21h46.39L28.47 46.33l4.35 4.29z' fill='currentColor' \/><\/svg>\t\t\t<\/div>\n\t\t\t<\/div>\n\n\t<\/button>\t\t<\/div>\n\t<\/a>\n<\/article>\t\t\t\t\t<\/div>\n\t\t\t\t\t\t\t\t\t\t\t\t\t\t<div class=\"swiper-slide\">\n\t\t\t\t\t\t<article class=\"article-card article-card__color--olive  article-card__variation--full-height-img\" style=\"background-image: url('https:\/\/d66.nl\/vanmierlostichting\/wp-content\/uploads\/sites\/4\/2025\/07\/Karim-Amghar-2024-00015-747x1024.jpg')\" data-gtm-event=\"click\" data-gtm-group=\"updates\" data-gtm-target=\"Interview Karim Amghar\">\n\t\t\t<div class=\"background-overlay\"><\/div>\n\t\t<a class=\"article-card__link\" href=\"https:\/\/d66.nl\/vanmierlostichting\/nieuws\/interview-karim-amghar\" aria-label=\"Link naar artikel\">\n\t\t<header class=\"article-card__header\">\n\n\t\t\t\t\t\t<div class=\"article-card__meta-row-wrapper\">\n\t\t\t\t<div class=\"article-card__date\">\n\t\t\t\t\t\t<p class=\"paragraph   paragraph__size--medium paragraph__weight--semiBold\">\n\t\t07.07.2025\t<\/p>\t\t\t\t<\/div>\n\t\t\t<\/div>\n\t\t\t\t\t\t\t\t\t\t\t<\/header>\n\n\t\t<div class=\"article-card__body\">\n\t\t\t\t\t\t\t<h3 class=\"heading   heading__size--large heading__font--sans heading__weight--bold\" id=\"nav-interview-karim-amghar1856\">\n\tInterview Karim Amghar<\/h3>\t\t\t\t\t\t\t\t\t\t<div class=\"article-card__excerpt\">\n\t\t\t\t\t<p class=\"paragraph   paragraph__size--default paragraph__weight--medium\">\n\t\t\u2018Stap uit het hoofd en de onderbuik, ontmoet elkaar in het hart\u2019\t<\/p>\t\t\t\t<\/div>\n\t\t\t\n\t\t\t<button class=\"buttonV2 buttonV2__color--transparent buttonV2__size--default buttonV2__size-width--default   article-card__buttonV2\" id=\"\">\n\t<div class=\"buttonV2__top-wrapper buttonV2__arrow-align--right\">\n\t\t\t\t\t<span class=\"buttonV2__title\">\n\t\t\t\tLees verder\t\t\t<\/span>\n\t\t\n\t\t\t\t\t<div class=\"buttonV2__icon\">\n\t\t\t\t<svg xmlns='http:\/\/www.w3.org\/2000\/svg' viewBox='0 0 58.14 50.62'><path d='m32.82 50.62 25.32-25.31L32.82 0l-4.35 4.35 17.92 17.86H0v6.21h46.39L28.47 46.33l4.35 4.29z' fill='currentColor' \/><\/svg>\t\t\t<\/div>\n\t\t\t<\/div>\n\n\t<\/button>\t\t<\/div>\n\t<\/a>\n<\/article>\t\t\t\t\t<\/div>\n\t\t\t\t\t\t\t\t\t\t\t\t\t\t<div class=\"swiper-slide\">\n\t\t\t\t\t\t<article class=\"article-card article-card__color--yellow  article-card__variation--full-height-img\" style=\"background-image: url('https:\/\/d66.nl\/vanmierlostichting\/wp-content\/uploads\/sites\/4\/2025\/03\/Evelien-Tonkens-1024x683.jpg')\" data-gtm-event=\"click\" data-gtm-group=\"updates\" data-gtm-target=\"Interview Evelien Tonkens\">\n\t\t\t<div class=\"background-overlay\"><\/div>\n\t\t<a class=\"article-card__link\" href=\"https:\/\/d66.nl\/vanmierlostichting\/nieuws\/interview-evelien-tonkens\" aria-label=\"Link naar artikel\">\n\t\t<header class=\"article-card__header\">\n\n\t\t\t\t\t\t<div class=\"article-card__meta-row-wrapper\">\n\t\t\t\t<div class=\"article-card__date\">\n\t\t\t\t\t\t<p class=\"paragraph   paragraph__size--medium paragraph__weight--semiBold\">\n\t\t17.03.2025\t<\/p>\t\t\t\t<\/div>\n\t\t\t<\/div>\n\t\t\t\t\t\t\t\t\t\t\t<\/header>\n\n\t\t<div class=\"article-card__body\">\n\t\t\t\t\t\t\t<h3 class=\"heading   heading__size--large heading__font--sans heading__weight--bold\" id=\"nav-interview-evelien-tonkens5191\">\n\tInterview Evelien Tonkens<\/h3>\t\t\t\t\t\t\t\t\t\t<div class=\"article-card__excerpt\">\n\t\t\t\t\t<p class=\"paragraph   paragraph__size--default paragraph__weight--medium\">\n\t\tWeg met marktwerking: de zorg moet weer een publieke dienst worden. Dat zegt universiteitshoogleraar Evelien Tonkens van de Universiteit voor Humanistiek in een gesprek met\u00a0Idee\u00a0over de problemen in de zorg&hellip;\t<\/p>\t\t\t\t<\/div>\n\t\t\t\n\t\t\t<button class=\"buttonV2 buttonV2__color--transparent buttonV2__size--default buttonV2__size-width--default   article-card__buttonV2\" id=\"\">\n\t<div class=\"buttonV2__top-wrapper buttonV2__arrow-align--right\">\n\t\t\t\t\t<span class=\"buttonV2__title\">\n\t\t\t\tLees verder\t\t\t<\/span>\n\t\t\n\t\t\t\t\t<div class=\"buttonV2__icon\">\n\t\t\t\t<svg xmlns='http:\/\/www.w3.org\/2000\/svg' viewBox='0 0 58.14 50.62'><path d='m32.82 50.62 25.32-25.31L32.82 0l-4.35 4.35 17.92 17.86H0v6.21h46.39L28.47 46.33l4.35 4.29z' fill='currentColor' \/><\/svg>\t\t\t<\/div>\n\t\t\t<\/div>\n\n\t<\/button>\t\t<\/div>\n\t<\/a>\n<\/article>\t\t\t\t\t<\/div>\n\t\t\t\t\t\t\t\t\t\t\t\t\t\t<div class=\"swiper-slide\">\n\t\t\t\t\t\t<article class=\"article-card article-card__color--romanSilver  article-card__variation--full-height-img\" style=\"background-image: url('https:\/\/d66.nl\/vanmierlostichting\/wp-content\/uploads\/sites\/4\/2025\/03\/Jochen-Mierau-1024x700.jpg')\" data-gtm-event=\"click\" data-gtm-group=\"updates\" data-gtm-target=\"Interview Jochen Mierau\">\n\t\t\t<div class=\"background-overlay\"><\/div>\n\t\t<a class=\"article-card__link\" href=\"https:\/\/d66.nl\/vanmierlostichting\/nieuws\/interview-jochen-mierau\" aria-label=\"Link naar artikel\">\n\t\t<header class=\"article-card__header\">\n\n\t\t\t\t\t\t<div class=\"article-card__meta-row-wrapper\">\n\t\t\t\t<div class=\"article-card__date\">\n\t\t\t\t\t\t<p class=\"paragraph   paragraph__size--medium paragraph__weight--semiBold\">\n\t\t17.03.2025\t<\/p>\t\t\t\t<\/div>\n\t\t\t<\/div>\n\t\t\t\t\t\t\t\t\t\t\t<\/header>\n\n\t\t<div class=\"article-card__body\">\n\t\t\t\t\t\t\t<h3 class=\"heading   heading__size--large heading__font--sans heading__weight--bold\" id=\"nav-interview-jochen-mierau448\">\n\tInterview Jochen Mierau<\/h3>\t\t\t\t\t\t\t\t\t\t<div class=\"article-card__excerpt\">\n\t\t\t\t\t<p class=\"paragraph   paragraph__size--default paragraph__weight--medium\">\n\t\tGezondheid is voor een belangrijk deel een economisch vraagstuk. Hoogleraar Economie van de volksgezondheid Jochen Mierau pleit dan ook voor een economische in plaats van morele benadering van gezondheidsbescherming: verbied&hellip;\t<\/p>\t\t\t\t<\/div>\n\t\t\t\n\t\t\t<button class=\"buttonV2 buttonV2__color--transparent buttonV2__size--default buttonV2__size-width--default   article-card__buttonV2\" id=\"\">\n\t<div class=\"buttonV2__top-wrapper buttonV2__arrow-align--right\">\n\t\t\t\t\t<span class=\"buttonV2__title\">\n\t\t\t\tLees verder\t\t\t<\/span>\n\t\t\n\t\t\t\t\t<div class=\"buttonV2__icon\">\n\t\t\t\t<svg xmlns='http:\/\/www.w3.org\/2000\/svg' viewBox='0 0 58.14 50.62'><path d='m32.82 50.62 25.32-25.31L32.82 0l-4.35 4.35 17.92 17.86H0v6.21h46.39L28.47 46.33l4.35 4.29z' fill='currentColor' \/><\/svg>\t\t\t<\/div>\n\t\t\t<\/div>\n\n\t<\/button>\t\t<\/div>\n\t<\/a>\n<\/article>\t\t\t\t\t<\/div>\n\t\t\t\t\t\t\t\t\t\t\t\t\t\t<div class=\"swiper-slide\">\n\t\t\t\t\t\t<article class=\"article-card article-card__color--olive  article-card__variation--full-height-img\" style=\"background-image: url('https:\/\/d66.nl\/vanmierlostichting\/wp-content\/uploads\/sites\/4\/2024\/11\/Foto-Kristina-Kallas--1024x683.jpg')\" data-gtm-event=\"click\" data-gtm-group=\"updates\" data-gtm-target=\"Interview Kristina Kallas\">\n\t\t\t<div class=\"background-overlay\"><\/div>\n\t\t<a class=\"article-card__link\" href=\"https:\/\/d66.nl\/vanmierlostichting\/nieuws\/interview-kristina-kallas\" aria-label=\"Link naar artikel\">\n\t\t<header class=\"article-card__header\">\n\n\t\t\t\t\t\t<div class=\"article-card__meta-row-wrapper\">\n\t\t\t\t<div class=\"article-card__date\">\n\t\t\t\t\t\t<p class=\"paragraph   paragraph__size--medium paragraph__weight--semiBold\">\n\t\t19.11.2024\t<\/p>\t\t\t\t<\/div>\n\t\t\t<\/div>\n\t\t\t\t\t\t\t\t\t\t\t<\/header>\n\n\t\t<div class=\"article-card__body\">\n\t\t\t\t\t\t\t<h3 class=\"heading   heading__size--large heading__font--sans heading__weight--bold\" id=\"nav-interview-kristina-kallas7965\">\n\tInterview Kristina Kallas<\/h3>\t\t\t\t\t\t\t\t\t\t<div class=\"article-card__excerpt\">\n\t\t\t\t\t<p class=\"paragraph   paragraph__size--default paragraph__weight--medium\">\n\t\tDe leerkrachten in Estland zijn tevreden, de leerlingen gemotiveerd. De scholen scoren bovendien het hoogst van alle Europese landen in het internationale PISA-onderzoek dat elke drie jaar de lees- en&hellip;\t<\/p>\t\t\t\t<\/div>\n\t\t\t\n\t\t\t<button class=\"buttonV2 buttonV2__color--transparent buttonV2__size--default buttonV2__size-width--default   article-card__buttonV2\" id=\"\">\n\t<div class=\"buttonV2__top-wrapper buttonV2__arrow-align--right\">\n\t\t\t\t\t<span class=\"buttonV2__title\">\n\t\t\t\tLees verder\t\t\t<\/span>\n\t\t\n\t\t\t\t\t<div class=\"buttonV2__icon\">\n\t\t\t\t<svg xmlns='http:\/\/www.w3.org\/2000\/svg' viewBox='0 0 58.14 50.62'><path d='m32.82 50.62 25.32-25.31L32.82 0l-4.35 4.35 17.92 17.86H0v6.21h46.39L28.47 46.33l4.35 4.29z' fill='currentColor' \/><\/svg>\t\t\t<\/div>\n\t\t\t<\/div>\n\n\t<\/button>\t\t<\/div>\n\t<\/a>\n<\/article>\t\t\t\t\t<\/div>\n\t\t\t\t\t\t\t\t\t\t\t\t\t\t<div class=\"swiper-slide\">\n\t\t\t\t\t\t<article class=\"article-card article-card__color--yellow  article-card__variation--full-height-img\" style=\"background-image: url('https:\/\/d66.nl\/vanmierlostichting\/wp-content\/uploads\/sites\/4\/2024\/11\/241008-057-VMS_Michael-Ignatieff-JeroenMooijman-1024x683.jpg')\" data-gtm-event=\"click\" data-gtm-group=\"updates\" data-gtm-target=\"Interview Michael Ignatieff\">\n\t\t\t<div class=\"background-overlay\"><\/div>\n\t\t<a class=\"article-card__link\" href=\"https:\/\/d66.nl\/vanmierlostichting\/nieuws\/interview-michael-ignatieff\" aria-label=\"Link naar artikel\">\n\t\t<header class=\"article-card__header\">\n\n\t\t\t\t\t\t<div class=\"article-card__meta-row-wrapper\">\n\t\t\t\t<div class=\"article-card__date\">\n\t\t\t\t\t\t<p class=\"paragraph   paragraph__size--medium paragraph__weight--semiBold\">\n\t\t19.11.2024\t<\/p>\t\t\t\t<\/div>\n\t\t\t<\/div>\n\t\t\t\t\t\t\t\t\t\t\t<\/header>\n\n\t\t<div class=\"article-card__body\">\n\t\t\t\t\t\t\t<h3 class=\"heading   heading__size--large heading__font--sans heading__weight--bold\" id=\"nav-interview-michael-ignatieff2051\">\n\tInterview Michael Ignatieff<\/h3>\t\t\t\t\t\t\t\t\t\t<div class=\"article-card__excerpt\">\n\t\t\t\t\t<p class=\"paragraph   paragraph__size--default paragraph__weight--medium\">\n\t\tNiet het populisme, maar de arrogantie van het \u2018eigen gelijk\u2019 van liberalen is momenteel het grootste politieke probleem. Dat stelt de Canadese historicus en oud-politicus Michael Ignatieff in een gesprek&hellip;\t<\/p>\t\t\t\t<\/div>\n\t\t\t\n\t\t\t<button class=\"buttonV2 buttonV2__color--transparent buttonV2__size--default buttonV2__size-width--default   article-card__buttonV2\" id=\"\">\n\t<div class=\"buttonV2__top-wrapper buttonV2__arrow-align--right\">\n\t\t\t\t\t<span class=\"buttonV2__title\">\n\t\t\t\tLees verder\t\t\t<\/span>\n\t\t\n\t\t\t\t\t<div class=\"buttonV2__icon\">\n\t\t\t\t<svg xmlns='http:\/\/www.w3.org\/2000\/svg' viewBox='0 0 58.14 50.62'><path d='m32.82 50.62 25.32-25.31L32.82 0l-4.35 4.35 17.92 17.86H0v6.21h46.39L28.47 46.33l4.35 4.29z' fill='currentColor' \/><\/svg>\t\t\t<\/div>\n\t\t\t<\/div>\n\n\t<\/button>\t\t<\/div>\n\t<\/a>\n<\/article>\t\t\t\t\t<\/div>\n\t\t\t\t\t\t\t\t\t\t\t\t\t\t<div class=\"swiper-slide\">\n\t\t\t\t\t\t<article class=\"article-card article-card__color--skyBlue  article-card__variation--full-height-img\" style=\"background-image: url('https:\/\/d66.nl\/vanmierlostichting\/wp-content\/uploads\/sites\/4\/2024\/11\/240909_Boelens_0009-1-1024x683.jpg')\" data-gtm-event=\"click\" data-gtm-group=\"updates\" data-gtm-target=\"Interview Neele Boelens\">\n\t\t\t<div class=\"background-overlay\"><\/div>\n\t\t<a class=\"article-card__link\" href=\"https:\/\/d66.nl\/vanmierlostichting\/nieuws\/interview-neele-boelens\" aria-label=\"Link naar artikel\">\n\t\t<header class=\"article-card__header\">\n\n\t\t\t\t\t\t<div class=\"article-card__meta-row-wrapper\">\n\t\t\t\t<div class=\"article-card__date\">\n\t\t\t\t\t\t<p class=\"paragraph   paragraph__size--medium paragraph__weight--semiBold\">\n\t\t19.11.2024\t<\/p>\t\t\t\t<\/div>\n\t\t\t<\/div>\n\t\t\t\t\t\t\t\t\t\t\t<\/header>\n\n\t\t<div class=\"article-card__body\">\n\t\t\t\t\t\t\t<h3 class=\"heading   heading__size--large heading__font--sans heading__weight--bold\" id=\"nav-interview-neele-boelens9898\">\n\tInterview Neele Boelens<\/h3>\t\t\t\t\t\t\t\t\t\t<div class=\"article-card__excerpt\">\n\t\t\t\t\t<p class=\"paragraph   paragraph__size--default paragraph__weight--medium\">\n\t\t\u201cOp mijn zestiende ging ik voor het eerst de straat op, voor het klimaat. Ik ben opgegroeid op Schiermonnikoog waar we vaak te maken kregen met hoog water. Daar leerde&hellip;\t<\/p>\t\t\t\t<\/div>\n\t\t\t\n\t\t\t<button class=\"buttonV2 buttonV2__color--transparent buttonV2__size--default buttonV2__size-width--default   article-card__buttonV2\" id=\"\">\n\t<div class=\"buttonV2__top-wrapper buttonV2__arrow-align--right\">\n\t\t\t\t\t<span class=\"buttonV2__title\">\n\t\t\t\tLees verder\t\t\t<\/span>\n\t\t\n\t\t\t\t\t<div class=\"buttonV2__icon\">\n\t\t\t\t<svg xmlns='http:\/\/www.w3.org\/2000\/svg' viewBox='0 0 58.14 50.62'><path d='m32.82 50.62 25.32-25.31L32.82 0l-4.35 4.35 17.92 17.86H0v6.21h46.39L28.47 46.33l4.35 4.29z' fill='currentColor' \/><\/svg>\t\t\t<\/div>\n\t\t\t<\/div>\n\n\t<\/button>\t\t<\/div>\n\t<\/a>\n<\/article>\t\t\t\t\t<\/div>\n\t\t\t\t\t\t\t\t\t\t\t\t\t\t<div class=\"swiper-slide\">\n\t\t\t\t\t\t<article class=\"article-card article-card__color--rosePink  article-card__variation--full-height-img\" style=\"background-image: url('https:\/\/d66.nl\/vanmierlostichting\/wp-content\/uploads\/sites\/4\/2024\/11\/240916_Krznaric_0151-731x1024.jpg')\" data-gtm-event=\"click\" data-gtm-group=\"updates\" data-gtm-target=\"Interview Roman Krznaric\">\n\t\t\t<div class=\"background-overlay\"><\/div>\n\t\t<a class=\"article-card__link\" href=\"https:\/\/d66.nl\/vanmierlostichting\/nieuws\/interview-roman-krznaric\" aria-label=\"Link naar artikel\">\n\t\t<header class=\"article-card__header\">\n\n\t\t\t\t\t\t<div class=\"article-card__meta-row-wrapper\">\n\t\t\t\t<div class=\"article-card__date\">\n\t\t\t\t\t\t<p class=\"paragraph   paragraph__size--medium paragraph__weight--semiBold\">\n\t\t19.11.2024\t<\/p>\t\t\t\t<\/div>\n\t\t\t<\/div>\n\t\t\t\t\t\t\t\t\t\t\t<\/header>\n\n\t\t<div class=\"article-card__body\">\n\t\t\t\t\t\t\t<h3 class=\"heading   heading__size--large heading__font--sans heading__weight--bold\" id=\"nav-interview-roman-krznaric5412\">\n\tInterview Roman Krznaric<\/h3>\t\t\t\t\t\t\t\t\t\t<div class=\"article-card__excerpt\">\n\t\t\t\t\t<p class=\"paragraph   paragraph__size--default paragraph__weight--medium\">\n\t\tHet verleden biedt inspiratie voor een hoopvolle toekomst. Filosoof Roman Krznaric kijkt daarvoor niet naar de geijkte helden, maar brengt de verhalen van gewone mensen en moedige activisten in herinnering.&hellip;\t<\/p>\t\t\t\t<\/div>\n\t\t\t\n\t\t\t<button class=\"buttonV2 buttonV2__color--transparent buttonV2__size--default buttonV2__size-width--default   article-card__buttonV2\" id=\"\">\n\t<div class=\"buttonV2__top-wrapper buttonV2__arrow-align--right\">\n\t\t\t\t\t<span class=\"buttonV2__title\">\n\t\t\t\tLees verder\t\t\t<\/span>\n\t\t\n\t\t\t\t\t<div class=\"buttonV2__icon\">\n\t\t\t\t<svg xmlns='http:\/\/www.w3.org\/2000\/svg' viewBox='0 0 58.14 50.62'><path d='m32.82 50.62 25.32-25.31L32.82 0l-4.35 4.35 17.92 17.86H0v6.21h46.39L28.47 46.33l4.35 4.29z' fill='currentColor' \/><\/svg>\t\t\t<\/div>\n\t\t\t<\/div>\n\n\t<\/button>\t\t<\/div>\n\t<\/a>\n<\/article>\t\t\t\t\t<\/div>\n\t\t\t\t\t\t\t\t\t\t\t\t\t\t<div class=\"swiper-slide\">\n\t\t\t\t\t\t<article class=\"article-card article-card__color--yellow  article-card__variation--full-height-img\" style=\"background-image: url('https:\/\/d66.nl\/vanmierlostichting\/wp-content\/uploads\/sites\/4\/2024\/07\/240513_Leisink_0202VOORKEUR-1024x683.jpg')\" data-gtm-event=\"click\" data-gtm-group=\"updates\" data-gtm-target=\"Interview Martijn Leisink\">\n\t\t\t<div class=\"background-overlay\"><\/div>\n\t\t<a class=\"article-card__link\" href=\"https:\/\/d66.nl\/vanmierlostichting\/nieuws\/waarom-politici-lastiger-zijn-dan-pubers\" aria-label=\"Link naar artikel\">\n\t\t<header class=\"article-card__header\">\n\n\t\t\t\t\t\t<div class=\"article-card__meta-row-wrapper\">\n\t\t\t\t<div class=\"article-card__date\">\n\t\t\t\t\t\t<p class=\"paragraph   paragraph__size--medium paragraph__weight--semiBold\">\n\t\t09.07.2024\t<\/p>\t\t\t\t<\/div>\n\t\t\t<\/div>\n\t\t\t\t\t\t\t\t\t\t\t<\/header>\n\n\t\t<div class=\"article-card__body\">\n\t\t\t\t\t\t\t<h3 class=\"heading   heading__size--large heading__font--sans heading__weight--bold\" id=\"nav-interview-martijn-leisink543\">\n\tInterview Martijn Leisink<\/h3>\t\t\t\t\t\t\n\t\t\t<button class=\"buttonV2 buttonV2__color--transparent buttonV2__size--default buttonV2__size-width--default   article-card__buttonV2\" id=\"\">\n\t<div class=\"buttonV2__top-wrapper buttonV2__arrow-align--right\">\n\t\t\t\t\t<span class=\"buttonV2__title\">\n\t\t\t\tLees verder\t\t\t<\/span>\n\t\t\n\t\t\t\t\t<div class=\"buttonV2__icon\">\n\t\t\t\t<svg xmlns='http:\/\/www.w3.org\/2000\/svg' viewBox='0 0 58.14 50.62'><path d='m32.82 50.62 25.32-25.31L32.82 0l-4.35 4.35 17.92 17.86H0v6.21h46.39L28.47 46.33l4.35 4.29z' fill='currentColor' \/><\/svg>\t\t\t<\/div>\n\t\t\t<\/div>\n\n\t<\/button>\t\t<\/div>\n\t<\/a>\n<\/article>\t\t\t\t\t<\/div>\n\t\t\t\t\t\t\t\t\t\t\t\t\t\t<div class=\"swiper-slide\">\n\t\t\t\t\t\t<article class=\"article-card article-card__color--romanSilver  article-card__variation--full-height-img\" style=\"background-image: url('https:\/\/d66.nl\/vanmierlostichting\/wp-content\/uploads\/sites\/4\/2024\/07\/Kalypso-Nicolaidis-photo.jpg')\" data-gtm-event=\"click\" data-gtm-group=\"updates\" data-gtm-target=\"Interview Kalypso Nicola\u00efdis\">\n\t\t\t<div class=\"background-overlay\"><\/div>\n\t\t<a class=\"article-card__link\" href=\"https:\/\/d66.nl\/vanmierlostichting\/nieuws\/idee-225-interview-kalypso-nicolaidis\" aria-label=\"Link naar artikel\">\n\t\t<header class=\"article-card__header\">\n\n\t\t\t\t\t\t<div class=\"article-card__meta-row-wrapper\">\n\t\t\t\t<div class=\"article-card__date\">\n\t\t\t\t\t\t<p class=\"paragraph   paragraph__size--medium paragraph__weight--semiBold\">\n\t\t04.07.2024\t<\/p>\t\t\t\t<\/div>\n\t\t\t<\/div>\n\t\t\t\t\t\t\t\t\t\t\t<\/header>\n\n\t\t<div class=\"article-card__body\">\n\t\t\t\t\t\t\t<h3 class=\"heading   heading__size--large heading__font--sans heading__weight--bold\" id=\"nav-interview-kalypso-nicola--dis2952\">\n\tInterview Kalypso Nicola\u00efdis<\/h3>\t\t\t\t\t\t\t\t\t\t<div class=\"article-card__excerpt\">\n\t\t\t\t\t<p class=\"paragraph   paragraph__size--default paragraph__weight--medium\">\n\t\t\u2018We kunnen niet langer aankomen met alleen \u2018het is goed voor de planeet\u2019 terwijl een directeur 2250 keer het minimumloon verdient.\u2019\t<\/p>\t\t\t\t<\/div>\n\t\t\t\n\t\t\t<button class=\"buttonV2 buttonV2__color--transparent buttonV2__size--default buttonV2__size-width--default   article-card__buttonV2\" id=\"\">\n\t<div class=\"buttonV2__top-wrapper buttonV2__arrow-align--right\">\n\t\t\t\t\t<span class=\"buttonV2__title\">\n\t\t\t\tLees verder\t\t\t<\/span>\n\t\t\n\t\t\t\t\t<div class=\"buttonV2__icon\">\n\t\t\t\t<svg xmlns='http:\/\/www.w3.org\/2000\/svg' viewBox='0 0 58.14 50.62'><path d='m32.82 50.62 25.32-25.31L32.82 0l-4.35 4.35 17.92 17.86H0v6.21h46.39L28.47 46.33l4.35 4.29z' fill='currentColor' \/><\/svg>\t\t\t<\/div>\n\t\t\t<\/div>\n\n\t<\/button>\t\t<\/div>\n\t<\/a>\n<\/article>\t\t\t\t\t<\/div>\n\t\t\t\t\t\t\t\t\t\t\t\t\t\t<div class=\"swiper-slide\">\n\t\t\t\t\t\t<article class=\"article-card article-card__color--skyBlue  article-card__variation--full-height-img\" style=\"background-image: url('https:\/\/d66.nl\/vanmierlostichting\/wp-content\/uploads\/sites\/4\/2021\/05\/van-mierlo-stichting-joost-roselaers.png')\" data-gtm-event=\"click\" data-gtm-group=\"updates\" data-gtm-target=\"Interview Joost R\u00f6selaers\">\n\t\t\t<div class=\"background-overlay\"><\/div>\n\t\t<a class=\"article-card__link\" href=\"https:\/\/d66.nl\/vanmierlostichting\/nieuws\/31867-2\" aria-label=\"Link naar artikel\">\n\t\t<header class=\"article-card__header\">\n\n\t\t\t\t\t\t<div class=\"article-card__meta-row-wrapper\">\n\t\t\t\t<div class=\"article-card__date\">\n\t\t\t\t\t\t<p class=\"paragraph   paragraph__size--medium paragraph__weight--semiBold\">\n\t\t04.07.2024\t<\/p>\t\t\t\t<\/div>\n\t\t\t<\/div>\n\t\t\t\t\t\t\t\t\t\t\t<\/header>\n\n\t\t<div class=\"article-card__body\">\n\t\t\t\t\t\t\t<h3 class=\"heading   heading__size--large heading__font--sans heading__weight--bold\" id=\"nav-interview-joost-r--selaers2630\">\n\tInterview Joost R\u00f6selaers<\/h3>\t\t\t\t\t\t\t\t\t\t<div class=\"article-card__excerpt\">\n\t\t\t\t\t<p class=\"paragraph   paragraph__size--default paragraph__weight--medium\">\n\t\tVrijheid in verbondenheid, dat is waar sociaal-liberalen voor staan. Maar juist verbondenheid staat onder druk, constateert Joost R\u00f6selaers.\t<\/p>\t\t\t\t<\/div>\n\t\t\t\n\t\t\t<button class=\"buttonV2 buttonV2__color--transparent buttonV2__size--default buttonV2__size-width--default   article-card__buttonV2\" id=\"\">\n\t<div class=\"buttonV2__top-wrapper buttonV2__arrow-align--right\">\n\t\t\t\t\t<span class=\"buttonV2__title\">\n\t\t\t\tLees verder\t\t\t<\/span>\n\t\t\n\t\t\t\t\t<div class=\"buttonV2__icon\">\n\t\t\t\t<svg xmlns='http:\/\/www.w3.org\/2000\/svg' viewBox='0 0 58.14 50.62'><path d='m32.82 50.62 25.32-25.31L32.82 0l-4.35 4.35 17.92 17.86H0v6.21h46.39L28.47 46.33l4.35 4.29z' fill='currentColor' \/><\/svg>\t\t\t<\/div>\n\t\t\t<\/div>\n\n\t<\/button>\t\t<\/div>\n\t<\/a>\n<\/article>\t\t\t\t\t<\/div>\n\t\t\t\t\t\t\t\t\t\t\t\t\t\t<div class=\"swiper-slide\">\n\t\t\t\t\t\t<article class=\"article-card article-card__color--olive  article-card__variation--full-height-img\" style=\"background-image: url('https:\/\/d66.nl\/vanmierlostichting\/wp-content\/uploads\/sites\/4\/2024\/07\/240425_Witteman_0037VOORKEUR-scaled-e1720516625411-1024x924.jpg')\" data-gtm-event=\"click\" data-gtm-group=\"updates\" data-gtm-target=\"Interview Lise Witteman\">\n\t\t\t<div class=\"background-overlay\"><\/div>\n\t\t<a class=\"article-card__link\" href=\"https:\/\/d66.nl\/vanmierlostichting\/nieuws\/idee-225-interview-lise-witteman\" aria-label=\"Link naar artikel\">\n\t\t<header class=\"article-card__header\">\n\n\t\t\t\t\t\t<div class=\"article-card__meta-row-wrapper\">\n\t\t\t\t<div class=\"article-card__date\">\n\t\t\t\t\t\t<p class=\"paragraph   paragraph__size--medium paragraph__weight--semiBold\">\n\t\t04.07.2024\t<\/p>\t\t\t\t<\/div>\n\t\t\t<\/div>\n\t\t\t\t\t\t\t\t\t\t\t<\/header>\n\n\t\t<div class=\"article-card__body\">\n\t\t\t\t\t\t\t<h3 class=\"heading   heading__size--large heading__font--sans heading__weight--bold\" id=\"nav-interview-lise-witteman1775\">\n\tInterview Lise Witteman<\/h3>\t\t\t\t\t\t\t\t\t\t<div class=\"article-card__excerpt\">\n\t\t\t\t\t<p class=\"paragraph   paragraph__size--default paragraph__weight--medium\">\n\t\t\u2018De democratische kloof tussen Europese burgers en Brussel is in de eerste plaats een informatiekloof. Die zorgt ervoor dat mensen hun democratische rol, stemmen, heel moeilijk kunnen vervullen.\u2019\t<\/p>\t\t\t\t<\/div>\n\t\t\t\n\t\t\t<button class=\"buttonV2 buttonV2__color--transparent buttonV2__size--default buttonV2__size-width--default   article-card__buttonV2\" id=\"\">\n\t<div class=\"buttonV2__top-wrapper buttonV2__arrow-align--right\">\n\t\t\t\t\t<span class=\"buttonV2__title\">\n\t\t\t\tLees verder\t\t\t<\/span>\n\t\t\n\t\t\t\t\t<div class=\"buttonV2__icon\">\n\t\t\t\t<svg xmlns='http:\/\/www.w3.org\/2000\/svg' viewBox='0 0 58.14 50.62'><path d='m32.82 50.62 25.32-25.31L32.82 0l-4.35 4.35 17.92 17.86H0v6.21h46.39L28.47 46.33l4.35 4.29z' fill='currentColor' \/><\/svg>\t\t\t<\/div>\n\t\t\t<\/div>\n\n\t<\/button>\t\t<\/div>\n\t<\/a>\n<\/article>\t\t\t\t\t<\/div>\n\t\t\t\t\t\t\t\t\t\t\t\t\t\t<div class=\"swiper-slide\">\n\t\t\t\t\t\t<article class=\"article-card article-card__color--yellow  article-card__variation--full-height-img\" style=\"background-image: url('https:\/\/d66.nl\/vanmierlostichting\/wp-content\/uploads\/sites\/4\/2024\/04\/post-1024x1024.jpg')\" data-gtm-event=\"click\" data-gtm-group=\"updates\" data-gtm-target=\"Dubbelinterview Afke Groen en Rob Jetten\">\n\t\t\t<div class=\"background-overlay\"><\/div>\n\t\t<a class=\"article-card__link\" href=\"https:\/\/d66.nl\/vanmierlostichting\/dubbelinterview-afke-groen-en-rob-jetten\/\" aria-label=\"Link naar artikel\">\n\t\t<header class=\"article-card__header\">\n\n\t\t\t\t\t\t<div class=\"article-card__meta-row-wrapper\">\n\t\t\t\t<div class=\"article-card__date\">\n\t\t\t\t\t\t<p class=\"paragraph   paragraph__size--medium paragraph__weight--semiBold\">\n\t\t08.04.2024\t<\/p>\t\t\t\t<\/div>\n\t\t\t<\/div>\n\t\t\t\t\t\t\t\t\t\t\t<\/header>\n\n\t\t<div class=\"article-card__body\">\n\t\t\t\t\t\t\t<h3 class=\"heading   heading__size--large heading__font--sans heading__weight--bold\" id=\"nav-dubbelinterview-afke-groen-en-rob-jetten1045\">\n\tDubbelinterview Afke Groen en Rob Jetten<\/h3>\t\t\t\t\t\t\n\t\t\t<button class=\"buttonV2 buttonV2__color--transparent buttonV2__size--default buttonV2__size-width--default   article-card__buttonV2\" id=\"\">\n\t<div class=\"buttonV2__top-wrapper buttonV2__arrow-align--right\">\n\t\t\t\t\t<span class=\"buttonV2__title\">\n\t\t\t\tLees verder\t\t\t<\/span>\n\t\t\n\t\t\t\t\t<div class=\"buttonV2__icon\">\n\t\t\t\t<svg xmlns='http:\/\/www.w3.org\/2000\/svg' viewBox='0 0 58.14 50.62'><path d='m32.82 50.62 25.32-25.31L32.82 0l-4.35 4.35 17.92 17.86H0v6.21h46.39L28.47 46.33l4.35 4.29z' fill='currentColor' \/><\/svg>\t\t\t<\/div>\n\t\t\t<\/div>\n\n\t<\/button>\t\t<\/div>\n\t<\/a>\n<\/article>\t\t\t\t\t<\/div>\n\t\t\t\t\t\t\t\t\t\t\t\t\t\t<div class=\"swiper-slide\">\n\t\t\t\t\t\t<article class=\"article-card article-card__color--skyBlue  article-card__variation--full-height-img\" style=\"background-image: url('https:\/\/d66.nl\/vanmierlostichting\/wp-content\/uploads\/sites\/4\/2024\/01\/Schermafbeelding-2024-01-11-om-19.44.33-678x1024.png')\" data-gtm-event=\"click\" data-gtm-group=\"updates\" data-gtm-target=\"Interview Anna van Zoest\">\n\t\t\t<div class=\"background-overlay\"><\/div>\n\t\t<a class=\"article-card__link\" href=\"https:\/\/d66.nl\/vanmierlostichting\/interview-anna-van-zoest\/\" aria-label=\"Link naar artikel\">\n\t\t<header class=\"article-card__header\">\n\n\t\t\t\t\t\t<div class=\"article-card__meta-row-wrapper\">\n\t\t\t\t<div class=\"article-card__date\">\n\t\t\t\t\t\t<p class=\"paragraph   paragraph__size--medium paragraph__weight--semiBold\">\n\t\t11.01.2024\t<\/p>\t\t\t\t<\/div>\n\t\t\t<\/div>\n\t\t\t\t\t\t\t\t\t\t\t<\/header>\n\n\t\t<div class=\"article-card__body\">\n\t\t\t\t\t\t\t<h3 class=\"heading   heading__size--large heading__font--sans heading__weight--bold\" id=\"nav-interview-anna-van-zoest2278\">\n\tInterview Anna van Zoest<\/h3>\t\t\t\t\t\t\n\t\t\t<button class=\"buttonV2 buttonV2__color--transparent buttonV2__size--default buttonV2__size-width--default   article-card__buttonV2\" id=\"\">\n\t<div class=\"buttonV2__top-wrapper buttonV2__arrow-align--right\">\n\t\t\t\t\t<span class=\"buttonV2__title\">\n\t\t\t\tLees verder\t\t\t<\/span>\n\t\t\n\t\t\t\t\t<div class=\"buttonV2__icon\">\n\t\t\t\t<svg xmlns='http:\/\/www.w3.org\/2000\/svg' viewBox='0 0 58.14 50.62'><path d='m32.82 50.62 25.32-25.31L32.82 0l-4.35 4.35 17.92 17.86H0v6.21h46.39L28.47 46.33l4.35 4.29z' fill='currentColor' \/><\/svg>\t\t\t<\/div>\n\t\t\t<\/div>\n\n\t<\/button>\t\t<\/div>\n\t<\/a>\n<\/article>\t\t\t\t\t<\/div>\n\t\t\t\t\t\t\t\t\t\t\t\t\t\t<div class=\"swiper-slide\">\n\t\t\t\t\t\t<article class=\"article-card article-card__color--olive  article-card__variation--full-height-img\" style=\"background-image: url('https:\/\/d66.nl\/vanmierlostichting\/wp-content\/uploads\/sites\/4\/2023\/10\/230905_Slob_0045VOORKEUR-683x1024.jpg')\" data-gtm-event=\"click\" data-gtm-group=\"updates\" data-gtm-target=\"Interview Marian Slob\">\n\t\t\t<div class=\"background-overlay\"><\/div>\n\t\t<a class=\"article-card__link\" href=\"https:\/\/d66.nl\/vanmierlostichting\/geef-elkaar-de-ruimte\/\" aria-label=\"Link naar artikel\">\n\t\t<header class=\"article-card__header\">\n\n\t\t\t\t\t\t<div class=\"article-card__meta-row-wrapper\">\n\t\t\t\t<div class=\"article-card__date\">\n\t\t\t\t\t\t<p class=\"paragraph   paragraph__size--medium paragraph__weight--semiBold\">\n\t\t06.10.2023\t<\/p>\t\t\t\t<\/div>\n\t\t\t<\/div>\n\t\t\t\t\t\t\t\t\t\t\t<\/header>\n\n\t\t<div class=\"article-card__body\">\n\t\t\t\t\t\t\t<h3 class=\"heading   heading__size--large heading__font--sans heading__weight--bold\" id=\"nav-interview-marian-slob8347\">\n\tInterview Marian Slob<\/h3>\t\t\t\t\t\t\t\t\t\t<div class=\"article-card__excerpt\">\n\t\t\t\t\t<p class=\"paragraph   paragraph__size--default paragraph__weight--medium\">\n\t\tInterview met Denker des Vaderlands Marjan Slob door Sara Visser.\t<\/p>\t\t\t\t<\/div>\n\t\t\t\n\t\t\t<button class=\"buttonV2 buttonV2__color--transparent buttonV2__size--default buttonV2__size-width--default   article-card__buttonV2\" id=\"\">\n\t<div class=\"buttonV2__top-wrapper buttonV2__arrow-align--right\">\n\t\t\t\t\t<span class=\"buttonV2__title\">\n\t\t\t\tLees verder\t\t\t<\/span>\n\t\t\n\t\t\t\t\t<div class=\"buttonV2__icon\">\n\t\t\t\t<svg xmlns='http:\/\/www.w3.org\/2000\/svg' viewBox='0 0 58.14 50.62'><path d='m32.82 50.62 25.32-25.31L32.82 0l-4.35 4.35 17.92 17.86H0v6.21h46.39L28.47 46.33l4.35 4.29z' fill='currentColor' \/><\/svg>\t\t\t<\/div>\n\t\t\t<\/div>\n\n\t<\/button>\t\t<\/div>\n\t<\/a>\n<\/article>\t\t\t\t\t<\/div>\n\t\t\t\t\t\t\t\t\t\t\t\t\t\t<div class=\"swiper-slide\">\n\t\t\t\t\t\t<article class=\"article-card article-card__color--skyBlue  article-card__variation--full-height-img\" style=\"background-image: url('https:\/\/d66.nl\/vanmierlostichting\/wp-content\/uploads\/sites\/4\/2024\/01\/Schermafbeelding-2024-01-11-om-19.59.21-683x1024.png')\" data-gtm-event=\"click\" data-gtm-group=\"updates\" data-gtm-target=\"Interview Petra Stienen\">\n\t\t\t<div class=\"background-overlay\"><\/div>\n\t\t<a class=\"article-card__link\" href=\"https:\/\/d66.nl\/vanmierlostichting\/interview-petra-stienen\/\" aria-label=\"Link naar artikel\">\n\t\t<header class=\"article-card__header\">\n\n\t\t\t\t\t\t<div class=\"article-card__meta-row-wrapper\">\n\t\t\t\t<div class=\"article-card__date\">\n\t\t\t\t\t\t<p class=\"paragraph   paragraph__size--medium paragraph__weight--semiBold\">\n\t\t11.01.2024\t<\/p>\t\t\t\t<\/div>\n\t\t\t<\/div>\n\t\t\t\t\t\t\t\t\t\t\t<\/header>\n\n\t\t<div class=\"article-card__body\">\n\t\t\t\t\t\t\t<h3 class=\"heading   heading__size--large heading__font--sans heading__weight--bold\" id=\"nav-interview-petra-stienen1629\">\n\tInterview Petra Stienen<\/h3>\t\t\t\t\t\t\n\t\t\t<button class=\"buttonV2 buttonV2__color--transparent buttonV2__size--default buttonV2__size-width--default   article-card__buttonV2\" id=\"\">\n\t<div class=\"buttonV2__top-wrapper buttonV2__arrow-align--right\">\n\t\t\t\t\t<span class=\"buttonV2__title\">\n\t\t\t\tLees verder\t\t\t<\/span>\n\t\t\n\t\t\t\t\t<div class=\"buttonV2__icon\">\n\t\t\t\t<svg xmlns='http:\/\/www.w3.org\/2000\/svg' viewBox='0 0 58.14 50.62'><path d='m32.82 50.62 25.32-25.31L32.82 0l-4.35 4.35 17.92 17.86H0v6.21h46.39L28.47 46.33l4.35 4.29z' fill='currentColor' \/><\/svg>\t\t\t<\/div>\n\t\t\t<\/div>\n\n\t<\/button>\t\t<\/div>\n\t<\/a>\n<\/article>\t\t\t\t\t<\/div>\n\t\t\t\t\t\t\t\t\t\t\t\t\t\t<div class=\"swiper-slide\">\n\t\t\t\t\t\t<article class=\"article-card article-card__color--yellow  article-card__variation--full-height-img\" style=\"background-image: url('https:\/\/d66.nl\/vanmierlostichting\/wp-content\/uploads\/sites\/4\/2024\/01\/Schermafbeelding-2024-01-11-om-20.41.15-1024x666.png')\" data-gtm-event=\"click\" data-gtm-group=\"updates\" data-gtm-target=\"Dubbelinterview Peter Trubowitz en Brian Burgoon\">\n\t\t\t<div class=\"background-overlay\"><\/div>\n\t\t<a class=\"article-card__link\" href=\"https:\/\/d66.nl\/vanmierlostichting\/dubbelinterview-peter-trubowitz-en-brian-burgoon\/\" aria-label=\"Link naar artikel\">\n\t\t<header class=\"article-card__header\">\n\n\t\t\t\t\t\t<div class=\"article-card__meta-row-wrapper\">\n\t\t\t\t<div class=\"article-card__date\">\n\t\t\t\t\t\t<p class=\"paragraph   paragraph__size--medium paragraph__weight--semiBold\">\n\t\t11.01.2024\t<\/p>\t\t\t\t<\/div>\n\t\t\t<\/div>\n\t\t\t\t\t\t\t\t\t\t\t<\/header>\n\n\t\t<div class=\"article-card__body\">\n\t\t\t\t\t\t\t<h3 class=\"heading   heading__size--large heading__font--sans heading__weight--bold\" id=\"nav-dubbelinterview-peter-trubowitz-en-brian-burgoon6662\">\n\tDubbelinterview Peter Trubowitz en Brian Burgoon<\/h3>\t\t\t\t\t\t\n\t\t\t<button class=\"buttonV2 buttonV2__color--transparent buttonV2__size--default buttonV2__size-width--default   article-card__buttonV2\" id=\"\">\n\t<div class=\"buttonV2__top-wrapper buttonV2__arrow-align--right\">\n\t\t\t\t\t<span class=\"buttonV2__title\">\n\t\t\t\tLees verder\t\t\t<\/span>\n\t\t\n\t\t\t\t\t<div class=\"buttonV2__icon\">\n\t\t\t\t<svg xmlns='http:\/\/www.w3.org\/2000\/svg' viewBox='0 0 58.14 50.62'><path d='m32.82 50.62 25.32-25.31L32.82 0l-4.35 4.35 17.92 17.86H0v6.21h46.39L28.47 46.33l4.35 4.29z' fill='currentColor' \/><\/svg>\t\t\t<\/div>\n\t\t\t<\/div>\n\n\t<\/button>\t\t<\/div>\n\t<\/a>\n<\/article>\t\t\t\t\t<\/div>\n\t\t\t\t\t\t\t\t\t\t\t\t\t\t<div class=\"swiper-slide\">\n\t\t\t\t\t\t<article class=\"article-card article-card__color--tomato  article-card__variation--full-height-img\" style=\"background-image: url('https:\/\/d66.nl\/vanmierlostichting\/wp-content\/uploads\/sites\/4\/2023\/10\/230822_Hoetink_0170VOORKEUR-1024x683.jpg')\" data-gtm-event=\"click\" data-gtm-group=\"updates\" data-gtm-target=\"Interview met Carla Hoetink. Waarom doet politieke cultuur ertoe?\">\n\t\t\t<div class=\"background-overlay\"><\/div>\n\t\t<a class=\"article-card__link\" href=\"https:\/\/d66.nl\/vanmierlostichting\/interview-met-carla-hoetink-waarom-doet-politieke-cultuur-ertoe\/\" aria-label=\"Link naar artikel\">\n\t\t<header class=\"article-card__header\">\n\n\t\t\t\t\t\t<div class=\"article-card__meta-row-wrapper\">\n\t\t\t\t<div class=\"article-card__date\">\n\t\t\t\t\t\t<p class=\"paragraph   paragraph__size--medium paragraph__weight--semiBold\">\n\t\t12.10.2023\t<\/p>\t\t\t\t<\/div>\n\t\t\t<\/div>\n\t\t\t\t\t\t\t\t\t\t\t<\/header>\n\n\t\t<div class=\"article-card__body\">\n\t\t\t\t\t\t\t<h3 class=\"heading   heading__size--large heading__font--sans heading__weight--bold\" id=\"nav-interview-met-carla-hoetink--waarom-doet-politieke-cultuur-ertoe-7409\">\n\tInterview met Carla Hoetink. Waarom doet politieke cultuur ertoe?<\/h3>\t\t\t\t\t\t\n\t\t\t<button class=\"buttonV2 buttonV2__color--transparent buttonV2__size--default buttonV2__size-width--default   article-card__buttonV2\" id=\"\">\n\t<div class=\"buttonV2__top-wrapper buttonV2__arrow-align--right\">\n\t\t\t\t\t<span class=\"buttonV2__title\">\n\t\t\t\tLees verder\t\t\t<\/span>\n\t\t\n\t\t\t\t\t<div class=\"buttonV2__icon\">\n\t\t\t\t<svg xmlns='http:\/\/www.w3.org\/2000\/svg' viewBox='0 0 58.14 50.62'><path d='m32.82 50.62 25.32-25.31L32.82 0l-4.35 4.35 17.92 17.86H0v6.21h46.39L28.47 46.33l4.35 4.29z' fill='currentColor' \/><\/svg>\t\t\t<\/div>\n\t\t\t<\/div>\n\n\t<\/button>\t\t<\/div>\n\t<\/a>\n<\/article>\t\t\t\t\t<\/div>\n\t\t\t\t\t\t\t\t\t\t\t\t\t\t<div class=\"swiper-slide\">\n\t\t\t\t\t\t<article class=\"article-card article-card__color--olive  article-card__variation--full-height-img\" style=\"background-image: url('https:\/\/d66.nl\/vanmierlostichting\/wp-content\/uploads\/sites\/4\/2023\/07\/Schermafbeelding-2023-07-25-om-11.25.29.png')\" data-gtm-event=\"click\" data-gtm-group=\"updates\" data-gtm-target=\"Interview Serv Wiemers\">\n\t\t\t<div class=\"background-overlay\"><\/div>\n\t\t<a class=\"article-card__link\" href=\"https:\/\/d66.nl\/vanmierlostichting\/interview-serv-wiemers\/\" aria-label=\"Link naar artikel\">\n\t\t<header class=\"article-card__header\">\n\n\t\t\t\t\t\t<div class=\"article-card__meta-row-wrapper\">\n\t\t\t\t<div class=\"article-card__date\">\n\t\t\t\t\t\t<p class=\"paragraph   paragraph__size--medium paragraph__weight--semiBold\">\n\t\t25.07.2023\t<\/p>\t\t\t\t<\/div>\n\t\t\t<\/div>\n\t\t\t\t\t\t\t\t\t\t\t<\/header>\n\n\t\t<div class=\"article-card__body\">\n\t\t\t\t\t\t\t<h3 class=\"heading   heading__size--large heading__font--sans heading__weight--bold\" id=\"nav-interview-serv-wiemers8466\">\n\tInterview Serv Wiemers<\/h3>\t\t\t\t\t\t\t\t\t\t<div class=\"article-card__excerpt\">\n\t\t\t\t\t<p class=\"paragraph   paragraph__size--default paragraph__weight--medium\">\n\t\t\u2018Zonder open informatie geen serieuze democratie\u2019\t<\/p>\t\t\t\t<\/div>\n\t\t\t\n\t\t\t<button class=\"buttonV2 buttonV2__color--transparent buttonV2__size--default buttonV2__size-width--default   article-card__buttonV2\" id=\"\">\n\t<div class=\"buttonV2__top-wrapper buttonV2__arrow-align--right\">\n\t\t\t\t\t<span class=\"buttonV2__title\">\n\t\t\t\tLees verder\t\t\t<\/span>\n\t\t\n\t\t\t\t\t<div class=\"buttonV2__icon\">\n\t\t\t\t<svg xmlns='http:\/\/www.w3.org\/2000\/svg' viewBox='0 0 58.14 50.62'><path d='m32.82 50.62 25.32-25.31L32.82 0l-4.35 4.35 17.92 17.86H0v6.21h46.39L28.47 46.33l4.35 4.29z' fill='currentColor' \/><\/svg>\t\t\t<\/div>\n\t\t\t<\/div>\n\n\t<\/button>\t\t<\/div>\n\t<\/a>\n<\/article>\t\t\t\t\t<\/div>\n\t\t\t\t\t\t\t\t\t\t\t\t\t\t<div class=\"swiper-slide\">\n\t\t\t\t\t\t<article class=\"article-card article-card__color--tomato  article-card__variation--full-height-img\" style=\"background-image: url('https:\/\/d66.nl\/vanmierlostichting\/wp-content\/uploads\/sites\/4\/2023\/07\/Schermafbeelding-2023-07-18-om-14.11.48-674x1024.png')\" data-gtm-event=\"click\" data-gtm-group=\"updates\" data-gtm-target=\"Interview met Philip Pettit\">\n\t\t\t<div class=\"background-overlay\"><\/div>\n\t\t<a class=\"article-card__link\" href=\"https:\/\/d66.nl\/vanmierlostichting\/interview-met-philip-pettit\/\" aria-label=\"Link naar artikel\">\n\t\t<header class=\"article-card__header\">\n\n\t\t\t\t\t\t<div class=\"article-card__meta-row-wrapper\">\n\t\t\t\t<div class=\"article-card__date\">\n\t\t\t\t\t\t<p class=\"paragraph   paragraph__size--medium paragraph__weight--semiBold\">\n\t\t18.07.2023\t<\/p>\t\t\t\t<\/div>\n\t\t\t<\/div>\n\t\t\t\t\t\t\t\t\t\t\t<\/header>\n\n\t\t<div class=\"article-card__body\">\n\t\t\t\t\t\t\t<h3 class=\"heading   heading__size--large heading__font--sans heading__weight--bold\" id=\"nav-interview-met-philip-pettit5736\">\n\tInterview met Philip Pettit<\/h3>\t\t\t\t\t\t\t\t\t\t<div class=\"article-card__excerpt\">\n\t\t\t\t\t<p class=\"paragraph   paragraph__size--default paragraph__weight--medium\">\n\t\tPhilip Pettit legt uit waarom we eerst onszelf af moeten vragen wat we met de staat als instituut k\u00fannen doen, voordat we bedenken wat we ermee w\u00edllen doen.\t<\/p>\t\t\t\t<\/div>\n\t\t\t\n\t\t\t<button class=\"buttonV2 buttonV2__color--transparent buttonV2__size--default buttonV2__size-width--default   article-card__buttonV2\" id=\"\">\n\t<div class=\"buttonV2__top-wrapper buttonV2__arrow-align--right\">\n\t\t\t\t\t<span class=\"buttonV2__title\">\n\t\t\t\tLees verder\t\t\t<\/span>\n\t\t\n\t\t\t\t\t<div class=\"buttonV2__icon\">\n\t\t\t\t<svg xmlns='http:\/\/www.w3.org\/2000\/svg' viewBox='0 0 58.14 50.62'><path d='m32.82 50.62 25.32-25.31L32.82 0l-4.35 4.35 17.92 17.86H0v6.21h46.39L28.47 46.33l4.35 4.29z' fill='currentColor' \/><\/svg>\t\t\t<\/div>\n\t\t\t<\/div>\n\n\t<\/button>\t\t<\/div>\n\t<\/a>\n<\/article>\t\t\t\t\t<\/div>\n\t\t\t\t\t\t\t\t\t\t\t\t\t\t<div class=\"swiper-slide\">\n\t\t\t\t\t\t<article class=\"article-card article-card__color--yellow  article-card__variation--full-height-img\" style=\"background-image: url('https:\/\/d66.nl\/vanmierlostichting\/wp-content\/uploads\/sites\/4\/2023\/04\/Ontwerp-zonder-titel-1.png')\" data-gtm-event=\"click\" data-gtm-group=\"updates\" data-gtm-target=\"Interview Sophie van Gool\">\n\t\t\t<div class=\"background-overlay\"><\/div>\n\t\t<a class=\"article-card__link\" href=\"https:\/\/d66.nl\/vanmierlostichting\/interview-sophie-van-gool\/\" aria-label=\"Link naar artikel\">\n\t\t<header class=\"article-card__header\">\n\n\t\t\t\t\t\t<div class=\"article-card__meta-row-wrapper\">\n\t\t\t\t<div class=\"article-card__date\">\n\t\t\t\t\t\t<p class=\"paragraph   paragraph__size--medium paragraph__weight--semiBold\">\n\t\t04.04.2023\t<\/p>\t\t\t\t<\/div>\n\t\t\t<\/div>\n\t\t\t\t\t\t\t\t\t\t\t<\/header>\n\n\t\t<div class=\"article-card__body\">\n\t\t\t\t\t\t\t<h3 class=\"heading   heading__size--large heading__font--sans heading__weight--bold\" id=\"nav-interview-sophie-van-gool9853\">\n\tInterview Sophie van Gool<\/h3>\t\t\t\t\t\t\n\t\t\t<button class=\"buttonV2 buttonV2__color--transparent buttonV2__size--default buttonV2__size-width--default   article-card__buttonV2\" id=\"\">\n\t<div class=\"buttonV2__top-wrapper buttonV2__arrow-align--right\">\n\t\t\t\t\t<span class=\"buttonV2__title\">\n\t\t\t\tLees verder\t\t\t<\/span>\n\t\t\n\t\t\t\t\t<div class=\"buttonV2__icon\">\n\t\t\t\t<svg xmlns='http:\/\/www.w3.org\/2000\/svg' viewBox='0 0 58.14 50.62'><path d='m32.82 50.62 25.32-25.31L32.82 0l-4.35 4.35 17.92 17.86H0v6.21h46.39L28.47 46.33l4.35 4.29z' fill='currentColor' \/><\/svg>\t\t\t<\/div>\n\t\t\t<\/div>\n\n\t<\/button>\t\t<\/div>\n\t<\/a>\n<\/article>\t\t\t\t\t<\/div>\n\t\t\t\t\t\t\t\t\t\t\t\t\t\t<div class=\"swiper-slide\">\n\t\t\t\t\t\t<article class=\"article-card article-card__color--skyBlue  article-card__variation--full-height-img\" style=\"background-image: url('https:\/\/d66.nl\/vanmierlostichting\/wp-content\/uploads\/sites\/4\/2023\/01\/idee219-\u2014-Eerlijk-delen-in-een-schoon-land-digitaal_Pagina_004_Afbeelding_0001.jpg')\" data-gtm-event=\"click\" data-gtm-group=\"updates\" data-gtm-target=\"Dubbelinterview Jan Terlouw &amp; Jaap Tielbeke\">\n\t\t\t<div class=\"background-overlay\"><\/div>\n\t\t<a class=\"article-card__link\" href=\"https:\/\/d66.nl\/vanmierlostichting\/dubbelinterview-jan-terlouw-jaap-tielbeke\/\" aria-label=\"Link naar artikel\">\n\t\t<header class=\"article-card__header\">\n\n\t\t\t\t\t\t<div class=\"article-card__meta-row-wrapper\">\n\t\t\t\t<div class=\"article-card__date\">\n\t\t\t\t\t\t<p class=\"paragraph   paragraph__size--medium paragraph__weight--semiBold\">\n\t\t02.01.2023\t<\/p>\t\t\t\t<\/div>\n\t\t\t<\/div>\n\t\t\t\t\t\t\t\t\t\t\t<\/header>\n\n\t\t<div class=\"article-card__body\">\n\t\t\t\t\t\t\t<h3 class=\"heading   heading__size--large heading__font--sans heading__weight--bold\" id=\"nav-dubbelinterview-jan-terlouw--amp--jaap-tielbeke6963\">\n\tDubbelinterview Jan Terlouw &amp; Jaap Tielbeke<\/h3>\t\t\t\t\t\t\n\t\t\t<button class=\"buttonV2 buttonV2__color--transparent buttonV2__size--default buttonV2__size-width--default   article-card__buttonV2\" id=\"\">\n\t<div class=\"buttonV2__top-wrapper buttonV2__arrow-align--right\">\n\t\t\t\t\t<span class=\"buttonV2__title\">\n\t\t\t\tLees verder\t\t\t<\/span>\n\t\t\n\t\t\t\t\t<div class=\"buttonV2__icon\">\n\t\t\t\t<svg xmlns='http:\/\/www.w3.org\/2000\/svg' viewBox='0 0 58.14 50.62'><path d='m32.82 50.62 25.32-25.31L32.82 0l-4.35 4.35 17.92 17.86H0v6.21h46.39L28.47 46.33l4.35 4.29z' fill='currentColor' \/><\/svg>\t\t\t<\/div>\n\t\t\t<\/div>\n\n\t<\/button>\t\t<\/div>\n\t<\/a>\n<\/article>\t\t\t\t\t<\/div>\n\t\t\t\t\t\t\t\t\t\t\t\t\t\t<div class=\"swiper-slide\">\n\t\t\t\t\t\t<article class=\"article-card article-card__color--olive  article-card__variation--full-height-img\" style=\"background-image: url('https:\/\/d66.nl\/vanmierlostichting\/wp-content\/uploads\/sites\/4\/2022\/05\/Schermafbeelding-2022-05-06-om-14.46.29-683x1024.png')\" data-gtm-event=\"click\" data-gtm-group=\"updates\" data-gtm-target=\"Interview Rebecca Gomperts\">\n\t\t\t<div class=\"background-overlay\"><\/div>\n\t\t<a class=\"article-card__link\" href=\"https:\/\/d66.nl\/vanmierlostichting\/tijdschrift-idee\/interview-rebecca-gomperts\/\" aria-label=\"Link naar artikel\">\n\t\t<header class=\"article-card__header\">\n\n\t\t\t\t\t\t<div class=\"article-card__meta-row-wrapper\">\n\t\t\t\t<div class=\"article-card__date\">\n\t\t\t\t\t\t<p class=\"paragraph   paragraph__size--medium paragraph__weight--semiBold\">\n\t\t06.05.2022\t<\/p>\t\t\t\t<\/div>\n\t\t\t<\/div>\n\t\t\t\t\t\t\t\t\t\t\t<\/header>\n\n\t\t<div class=\"article-card__body\">\n\t\t\t\t\t\t\t<h3 class=\"heading   heading__size--large heading__font--sans heading__weight--bold\" id=\"nav-interview-rebecca-gomperts9772\">\n\tInterview Rebecca Gomperts<\/h3>\t\t\t\t\t\t\n\t\t\t<button class=\"buttonV2 buttonV2__color--transparent buttonV2__size--default buttonV2__size-width--default   article-card__buttonV2\" id=\"\">\n\t<div class=\"buttonV2__top-wrapper buttonV2__arrow-align--right\">\n\t\t\t\t\t<span class=\"buttonV2__title\">\n\t\t\t\tLees verder\t\t\t<\/span>\n\t\t\n\t\t\t\t\t<div class=\"buttonV2__icon\">\n\t\t\t\t<svg xmlns='http:\/\/www.w3.org\/2000\/svg' viewBox='0 0 58.14 50.62'><path d='m32.82 50.62 25.32-25.31L32.82 0l-4.35 4.35 17.92 17.86H0v6.21h46.39L28.47 46.33l4.35 4.29z' fill='currentColor' \/><\/svg>\t\t\t<\/div>\n\t\t\t<\/div>\n\n\t<\/button>\t\t<\/div>\n\t<\/a>\n<\/article>\t\t\t\t\t<\/div>\n\t\t\t\t\t\t\t\t\t\t\t\t\t\t<div class=\"swiper-slide\">\n\t\t\t\t\t\t<article class=\"article-card article-card__color--yellow  article-card__variation--full-height-img\" style=\"background-image: url('https:\/\/d66.nl\/vanmierlostichting\/wp-content\/uploads\/sites\/4\/2022\/04\/Schermafbeelding-2022-04-04-om-12.47.32-683x1024.png')\" data-gtm-event=\"click\" data-gtm-group=\"updates\" data-gtm-target=\"Interview Helene Landemore\">\n\t\t\t<div class=\"background-overlay\"><\/div>\n\t\t<a class=\"article-card__link\" href=\"https:\/\/d66.nl\/vanmierlostichting\/tijdschrift-idee\/interview-helene-landemore-idee-216\/\" aria-label=\"Link naar artikel\">\n\t\t<header class=\"article-card__header\">\n\n\t\t\t\t\t\t<div class=\"article-card__meta-row-wrapper\">\n\t\t\t\t<div class=\"article-card__date\">\n\t\t\t\t\t\t<p class=\"paragraph   paragraph__size--medium paragraph__weight--semiBold\">\n\t\t23.03.2022\t<\/p>\t\t\t\t<\/div>\n\t\t\t<\/div>\n\t\t\t\t\t\t\t\t\t\t\t<\/header>\n\n\t\t<div class=\"article-card__body\">\n\t\t\t\t\t\t\t<h3 class=\"heading   heading__size--large heading__font--sans heading__weight--bold\" id=\"nav-interview-helene-landemore9157\">\n\tInterview Helene Landemore<\/h3>\t\t\t\t\t\t\t\t\t\t<div class=\"article-card__excerpt\">\n\t\t\t\t\t<p class=\"paragraph   paragraph__size--default paragraph__weight--medium\">\n\t\t\u201cWat ik zou willen is de kiesstelsels zodanig verbeteren dat de wetgevende macht weer bij de burgers komt te liggen\u201d.\t<\/p>\t\t\t\t<\/div>\n\t\t\t\n\t\t\t<button class=\"buttonV2 buttonV2__color--transparent buttonV2__size--default buttonV2__size-width--default   article-card__buttonV2\" id=\"\">\n\t<div class=\"buttonV2__top-wrapper buttonV2__arrow-align--right\">\n\t\t\t\t\t<span class=\"buttonV2__title\">\n\t\t\t\tLees verder\t\t\t<\/span>\n\t\t\n\t\t\t\t\t<div class=\"buttonV2__icon\">\n\t\t\t\t<svg xmlns='http:\/\/www.w3.org\/2000\/svg' viewBox='0 0 58.14 50.62'><path d='m32.82 50.62 25.32-25.31L32.82 0l-4.35 4.35 17.92 17.86H0v6.21h46.39L28.47 46.33l4.35 4.29z' fill='currentColor' \/><\/svg>\t\t\t<\/div>\n\t\t\t<\/div>\n\n\t<\/button>\t\t<\/div>\n\t<\/a>\n<\/article>\t\t\t\t\t<\/div>\n\t\t\t\t\t\t\t\t\t\t\t\t\t\t<div class=\"swiper-slide\">\n\t\t\t\t\t\t<article class=\"article-card article-card__color--romanSilver  article-card__variation--full-height-img\" style=\"background-image: url('https:\/\/d66.nl\/vanmierlostichting\/wp-content\/uploads\/sites\/4\/2022\/04\/Schermafbeelding-2022-04-04-om-13.00.16.png')\" data-gtm-event=\"click\" data-gtm-group=\"updates\" data-gtm-target=\"Interview Julia Cag\u00e9\">\n\t\t\t<div class=\"background-overlay\"><\/div>\n\t\t<a class=\"article-card__link\" href=\"https:\/\/d66.nl\/vanmierlostichting\/tijdschrift-idee\/interview-julia-cage-idee-216\/\" aria-label=\"Link naar artikel\">\n\t\t<header class=\"article-card__header\">\n\n\t\t\t\t\t\t<div class=\"article-card__meta-row-wrapper\">\n\t\t\t\t<div class=\"article-card__date\">\n\t\t\t\t\t\t<p class=\"paragraph   paragraph__size--medium paragraph__weight--semiBold\">\n\t\t23.03.2022\t<\/p>\t\t\t\t<\/div>\n\t\t\t<\/div>\n\t\t\t\t\t\t\t\t\t\t\t<\/header>\n\n\t\t<div class=\"article-card__body\">\n\t\t\t\t\t\t\t<h3 class=\"heading   heading__size--large heading__font--sans heading__weight--bold\" id=\"nav-interview-julia-cag--6408\">\n\tInterview Julia Cag\u00e9<\/h3>\t\t\t\t\t\t\t\t\t\t<div class=\"article-card__excerpt\">\n\t\t\t\t\t<p class=\"paragraph   paragraph__size--default paragraph__weight--medium\">\n\t\tCag\u00e9 stelt dat de groeiende economische ongelijkheden zorgen voor politieke ongelijkheid. Onze politiek draait nu om \u00e9\u00e9n euro, \u00e9\u00e9n stem.\t<\/p>\t\t\t\t<\/div>\n\t\t\t\n\t\t\t<button class=\"buttonV2 buttonV2__color--transparent buttonV2__size--default buttonV2__size-width--default   article-card__buttonV2\" id=\"\">\n\t<div class=\"buttonV2__top-wrapper buttonV2__arrow-align--right\">\n\t\t\t\t\t<span class=\"buttonV2__title\">\n\t\t\t\tLees verder\t\t\t<\/span>\n\t\t\n\t\t\t\t\t<div class=\"buttonV2__icon\">\n\t\t\t\t<svg xmlns='http:\/\/www.w3.org\/2000\/svg' viewBox='0 0 58.14 50.62'><path d='m32.82 50.62 25.32-25.31L32.82 0l-4.35 4.35 17.92 17.86H0v6.21h46.39L28.47 46.33l4.35 4.29z' fill='currentColor' \/><\/svg>\t\t\t<\/div>\n\t\t\t<\/div>\n\n\t<\/button>\t\t<\/div>\n\t<\/a>\n<\/article>\t\t\t\t\t<\/div>\n\t\t\t\t\t\t\t\t\t\t\t\t\t\t<div class=\"swiper-slide\">\n\t\t\t\t\t\t<article class=\"article-card article-card__color--rosePink  article-card__variation--full-height-img\" style=\"background-image: url('https:\/\/d66.nl\/vanmierlostichting\/wp-content\/uploads\/sites\/4\/2022\/04\/Chris-Bickerton-headshot-TP-768x1024.jpg')\" data-gtm-event=\"click\" data-gtm-group=\"updates\" data-gtm-target=\"Interview Christopher Bickerton\">\n\t\t\t<div class=\"background-overlay\"><\/div>\n\t\t<a class=\"article-card__link\" href=\"https:\/\/d66.nl\/vanmierlostichting\/tijdschrift-idee\/interview-christopher-bickerton-idee-216\/\" aria-label=\"Link naar artikel\">\n\t\t<header class=\"article-card__header\">\n\n\t\t\t\t\t\t<div class=\"article-card__meta-row-wrapper\">\n\t\t\t\t<div class=\"article-card__date\">\n\t\t\t\t\t\t<p class=\"paragraph   paragraph__size--medium paragraph__weight--semiBold\">\n\t\t23.03.2022\t<\/p>\t\t\t\t<\/div>\n\t\t\t<\/div>\n\t\t\t\t\t\t\t\t\t\t\t<\/header>\n\n\t\t<div class=\"article-card__body\">\n\t\t\t\t\t\t\t<h3 class=\"heading   heading__size--large heading__font--sans heading__weight--bold\" id=\"nav-interview-christopher-bickerton5556\">\n\tInterview Christopher Bickerton<\/h3>\t\t\t\t\t\t\t\t\t\t<div class=\"article-card__excerpt\">\n\t\t\t\t\t<p class=\"paragraph   paragraph__size--default paragraph__weight--medium\">\n\t\tBickerton vertelt hoe met de opkomst van het &#8216;technopopulisme&#8217; de idee\u00ebnstrijd uit de politiek verdwijnt. Dat veroorzaakt een grote kloof tussen politiek en maatschappij.\t<\/p>\t\t\t\t<\/div>\n\t\t\t\n\t\t\t<button class=\"buttonV2 buttonV2__color--transparent buttonV2__size--default buttonV2__size-width--default   article-card__buttonV2\" id=\"\">\n\t<div class=\"buttonV2__top-wrapper buttonV2__arrow-align--right\">\n\t\t\t\t\t<span class=\"buttonV2__title\">\n\t\t\t\tLees verder\t\t\t<\/span>\n\t\t\n\t\t\t\t\t<div class=\"buttonV2__icon\">\n\t\t\t\t<svg xmlns='http:\/\/www.w3.org\/2000\/svg' viewBox='0 0 58.14 50.62'><path d='m32.82 50.62 25.32-25.31L32.82 0l-4.35 4.35 17.92 17.86H0v6.21h46.39L28.47 46.33l4.35 4.29z' fill='currentColor' \/><\/svg>\t\t\t<\/div>\n\t\t\t<\/div>\n\n\t<\/button>\t\t<\/div>\n\t<\/a>\n<\/article>\t\t\t\t\t<\/div>\n\t\t\t\t\t\t\t\t\t\t\t\t\t\t<div class=\"swiper-slide\">\n\t\t\t\t\t\t<article class=\"article-card article-card__color--olive  article-card__variation--full-height-img\" style=\"background-image: url('https:\/\/d66.nl\/vanmierlostichting\/wp-content\/uploads\/sites\/4\/2022\/04\/Schermafbeelding-2022-04-04-om-11.31.32-1024x870.png')\" data-gtm-event=\"click\" data-gtm-group=\"updates\" data-gtm-target=\"Interview Diana Moukkaled\">\n\t\t\t<div class=\"background-overlay\"><\/div>\n\t\t<a class=\"article-card__link\" href=\"https:\/\/d66.nl\/vanmierlostichting\/tijdschrift-idee\/interview-diana-moukkaled-idee-215\/\" aria-label=\"Link naar artikel\">\n\t\t<header class=\"article-card__header\">\n\n\t\t\t\t\t\t<div class=\"article-card__meta-row-wrapper\">\n\t\t\t\t<div class=\"article-card__date\">\n\t\t\t\t\t\t<p class=\"paragraph   paragraph__size--medium paragraph__weight--semiBold\">\n\t\t04.04.2022\t<\/p>\t\t\t\t<\/div>\n\t\t\t<\/div>\n\t\t\t\t\t\t\t\t\t\t\t<\/header>\n\n\t\t<div class=\"article-card__body\">\n\t\t\t\t\t\t\t<h3 class=\"heading   heading__size--large heading__font--sans heading__weight--bold\" id=\"nav-interview-diana-moukkaled4358\">\n\tInterview Diana Moukkaled<\/h3>\t\t\t\t\t\t\n\t\t\t<button class=\"buttonV2 buttonV2__color--transparent buttonV2__size--default buttonV2__size-width--default   article-card__buttonV2\" id=\"\">\n\t<div class=\"buttonV2__top-wrapper buttonV2__arrow-align--right\">\n\t\t\t\t\t<span class=\"buttonV2__title\">\n\t\t\t\tLees verder\t\t\t<\/span>\n\t\t\n\t\t\t\t\t<div class=\"buttonV2__icon\">\n\t\t\t\t<svg xmlns='http:\/\/www.w3.org\/2000\/svg' viewBox='0 0 58.14 50.62'><path d='m32.82 50.62 25.32-25.31L32.82 0l-4.35 4.35 17.92 17.86H0v6.21h46.39L28.47 46.33l4.35 4.29z' fill='currentColor' \/><\/svg>\t\t\t<\/div>\n\t\t\t<\/div>\n\n\t<\/button>\t\t<\/div>\n\t<\/a>\n<\/article>\t\t\t\t\t<\/div>\n\t\t\t\t\t\t\t\t\t\t\t\t\t\t<div class=\"swiper-slide\">\n\t\t\t\t\t\t<article class=\"article-card article-card__color--romanSilver  article-card__variation--full-height-img\" style=\"background-image: url('https:\/\/d66.nl\/vanmierlostichting\/wp-content\/uploads\/sites\/4\/2022\/04\/Schermafbeelding-2022-04-04-om-11.52.52.png')\" data-gtm-event=\"click\" data-gtm-group=\"updates\" data-gtm-target=\"Interview Adriaan van Dis\">\n\t\t\t<div class=\"background-overlay\"><\/div>\n\t\t<a class=\"article-card__link\" href=\"https:\/\/d66.nl\/vanmierlostichting\/tijdschrift-idee\/interview-adriaan-van-dis-idee-214\/\" aria-label=\"Link naar artikel\">\n\t\t<header class=\"article-card__header\">\n\n\t\t\t\t\t\t<div class=\"article-card__meta-row-wrapper\">\n\t\t\t\t<div class=\"article-card__date\">\n\t\t\t\t\t\t<p class=\"paragraph   paragraph__size--medium paragraph__weight--semiBold\">\n\t\t04.04.2022\t<\/p>\t\t\t\t<\/div>\n\t\t\t<\/div>\n\t\t\t\t\t\t\t\t\t\t\t<\/header>\n\n\t\t<div class=\"article-card__body\">\n\t\t\t\t\t\t\t<h3 class=\"heading   heading__size--large heading__font--sans heading__weight--bold\" id=\"nav-interview-adriaan-van-dis912\">\n\tInterview Adriaan van Dis<\/h3>\t\t\t\t\t\t\n\t\t\t<button class=\"buttonV2 buttonV2__color--transparent buttonV2__size--default buttonV2__size-width--default   article-card__buttonV2\" id=\"\">\n\t<div class=\"buttonV2__top-wrapper buttonV2__arrow-align--right\">\n\t\t\t\t\t<span class=\"buttonV2__title\">\n\t\t\t\tLees verder\t\t\t<\/span>\n\t\t\n\t\t\t\t\t<div class=\"buttonV2__icon\">\n\t\t\t\t<svg xmlns='http:\/\/www.w3.org\/2000\/svg' viewBox='0 0 58.14 50.62'><path d='m32.82 50.62 25.32-25.31L32.82 0l-4.35 4.35 17.92 17.86H0v6.21h46.39L28.47 46.33l4.35 4.29z' fill='currentColor' \/><\/svg>\t\t\t<\/div>\n\t\t\t<\/div>\n\n\t<\/button>\t\t<\/div>\n\t<\/a>\n<\/article>\t\t\t\t\t<\/div>\n\t\t\t\t\t\t\t<\/div>\n\t\t<\/div>\n\t<\/div>\n\n\t\t\t<div class=\"carousel-slider-navigation js-carousel-slider-navigation carousel-slider-navigation__offset--always\">\n\t<div class=\"carousel-slider-navigation__fraction-pagination-wrapper\">\n\t\t<span class=\"custom-swiper-pagination-current\">1<\/span> \/ <span class=\"custom-swiper-pagination-total\">X<\/span>\n\t<\/div>\n\t<div class=\"carousel-slider-navigation__pagination-wrapper\">\n\t\t<div class=\"carousel-slider-navigation__pagination js-swiper-progressbar\"><\/div>\n\t<\/div>\n\t<div class=\"carousel-slider-navigation__navigation\">\n\t\t<button class=\"carousel-slider-navigation__nav-button carousel-slider-navigation__nav-button--prev js-swiper-prev\" aria-label=\"Previous slide\"><\/button>\n\t\t<button class=\"carousel-slider-navigation__nav-button carousel-slider-navigation__nav-button--next js-swiper-next\" aria-label=\"Next slide\"><\/button>\n\t<\/div>\n<\/div>\t\n<\/div>\t<\/div>\n\n<\/section>\n\t  <\/div>\n\t<\/div>\n  <\/div>\n\n\n<div\n  id=\"\"\n  class=\"wrapper wrapper__spacing-top-large--50 wrapper__spacing-top-desktop--50 wrapper__spacing-top-mobile--50 wrapper__spacing-bottom-large--30 wrapper__spacing-bottom-desktop--20 wrapper__spacing-bottom-mobile--30  wrapper__gutter--none\"\n  >\n  \t<div class=\"wrapper__container wrapper__container-width-large--default\">\n\t  <div class=\"wrapper__inner wrapper__width-desktop--22 wrapper__width-mobile--24 wrapper__offset-large--5 wrapper__offset-desktop--0 wrapper__offset-mobile--0\">\n\t\t<p\n\t\tclass=\"paragraph paragraph__align--left paragraph__color--black paragraph__size--default   block-paragraph__paragraph\"\n\t\t\t>\n\t\t<strong>Thema&#8217;s<\/strong><br>De Toekomst van Politieke Partijen | <a href=\"https:\/\/d66.nl\/vanmierlostichting\/nieuws\/nieuwe-idee-verzet\/\">Verzet<\/a> | <a href=\"https:\/\/d66.nl\/vanmierlostichting\/idee\/idee-214-klimaat\/\">Klimaat<\/a> | <a href=\"https:\/\/d66.nl\/vanmierlostichting\/idee\/idee-213-vergankelijkheid\/\">Vergankelijkheid<\/a> | <a href=\"https:\/\/d66.nl\/vanmierlostichting\/idee\/marktmacht\/\">Marktmacht<\/a> | <a href=\"https:\/\/d66.nl\/vanmierlostichting\/idee\/after-disruption\/\">After Disruption<\/a>\t<\/p>\t  <\/div>\n\t<\/div>\n  <\/div>\n","protected":false},"excerpt":{"rendered":"","protected":false},"author":24,"featured_media":33158,"parent":0,"menu_order":0,"comment_status":"closed","ping_status":"closed","template":"full-width.php","meta":{"_acf_changed":false,"footnotes":""},"search-tags":[],"labels":[],"themes-or-point-of-view":[],"class_list":["post-23827","page","type-page","status-publish","has-post-thumbnail","hentry"],"acf":[],"yoast_head":"<!-- This site is optimized with the Yoast SEO plugin v27.3 - https:\/\/yoast.com\/product\/yoast-seo-wordpress\/ -->\n<title>Mr. Hans van Mierlo stichting &#8211; &#039;Idee&#039; - Tijdschrift voor het sociaal-liberalisme<\/title>\n<meta name=\"description\" content=\"Op zoek naar verdieping en verbreding van het sociaal-liberale gedachtegoed? Neem dan een abonnement op Idee. Idee verschijnt drie keer per jaar. In iedere editie staat politiek-maatschappelijk thema centraal, zoals de toekomst van de politiek, het klimaat, of de macht van de markt. Idee zet aan tot nadenken en debat, en is dus onmisbaar voor elke sociaal-liberaal. Je hoeft geen lid te zijn van D66 om Idee te lezen.\" \/>\n<meta name=\"robots\" content=\"index, follow, max-snippet:-1, max-image-preview:large, max-video-preview:-1\" \/>\n<link rel=\"canonical\" href=\"https:\/\/d66.nl\/vanmierlostichting\/tijdschrift-idee\/\" \/>\n<meta property=\"og:locale\" content=\"nl_NL\" \/>\n<meta property=\"og:type\" content=\"article\" \/>\n<meta property=\"og:title\" content=\"Mr. Hans van Mierlo stichting &#8211; &#039;Idee&#039; - Tijdschrift voor het sociaal-liberalisme\" \/>\n<meta property=\"og:description\" content=\"Op zoek naar verdieping en verbreding van het sociaal-liberale gedachtegoed? Neem dan een abonnement op Idee. Idee verschijnt drie keer per jaar. In iedere editie staat politiek-maatschappelijk thema centraal, zoals de toekomst van de politiek, het klimaat, of de macht van de markt. Idee zet aan tot nadenken en debat, en is dus onmisbaar voor elke sociaal-liberaal. Je hoeft geen lid te zijn van D66 om Idee te lezen.\" \/>\n<meta property=\"og:url\" content=\"https:\/\/d66.nl\/vanmierlostichting\/tijdschrift-idee\/\" \/>\n<meta property=\"og:site_name\" content=\"Mr. Hans van Mierlo stichting\" \/>\n<meta property=\"article:publisher\" content=\"https:\/\/www.facebook.com\/vanmierlostichting\/\" \/>\n<meta property=\"article:modified_time\" content=\"2026-04-21T08:42:22+00:00\" \/>\n<meta property=\"og:image\" content=\"https:\/\/media.d66.nl\/uploads\/sites\/4\/2026\/03\/Idee_header_nieuw.jpeg\" \/>\n\t<meta property=\"og:image:width\" content=\"1200\" \/>\n\t<meta property=\"og:image:height\" content=\"800\" \/>\n\t<meta property=\"og:image:type\" content=\"image\/jpeg\" \/>\n<meta name=\"twitter:card\" content=\"summary_large_image\" \/>\n<meta name=\"twitter:site\" content=\"@vmstichting\" \/>\n<meta name=\"twitter:label1\" content=\"Geschatte leestijd\" \/>\n\t<meta name=\"twitter:data1\" content=\"1 minuut\" \/>\n<script type=\"application\/ld+json\" class=\"yoast-schema-graph\">{\"@context\":\"https:\\\/\\\/schema.org\",\"@graph\":[{\"@type\":\"WebPage\",\"@id\":\"https:\\\/\\\/d66.nl\\\/vanmierlostichting\\\/tijdschrift-idee\\\/\",\"url\":\"https:\\\/\\\/d66.nl\\\/vanmierlostichting\\\/tijdschrift-idee\\\/\",\"name\":\"Mr. Hans van Mierlo stichting &#8211; 'Idee' - Tijdschrift voor het sociaal-liberalisme\",\"isPartOf\":{\"@id\":\"https:\\\/\\\/d66.nl\\\/vanmierlostichting\\\/#website\"},\"primaryImageOfPage\":{\"@id\":\"https:\\\/\\\/d66.nl\\\/vanmierlostichting\\\/tijdschrift-idee\\\/#primaryimage\"},\"image\":{\"@id\":\"https:\\\/\\\/d66.nl\\\/vanmierlostichting\\\/tijdschrift-idee\\\/#primaryimage\"},\"thumbnailUrl\":\"https:\\\/\\\/media.d66.nl\\\/uploads\\\/sites\\\/4\\\/2026\\\/03\\\/Idee_header_nieuw.jpeg\",\"datePublished\":\"2022-01-18T10:37:08+00:00\",\"dateModified\":\"2026-04-21T08:42:22+00:00\",\"description\":\"Op zoek naar verdieping en verbreding van het sociaal-liberale gedachtegoed? Neem dan een abonnement op Idee. Idee verschijnt drie keer per jaar. In iedere editie staat politiek-maatschappelijk thema centraal, zoals de toekomst van de politiek, het klimaat, of de macht van de markt. Idee zet aan tot nadenken en debat, en is dus onmisbaar voor elke sociaal-liberaal. Je hoeft geen lid te zijn van D66 om Idee te lezen.\",\"breadcrumb\":{\"@id\":\"https:\\\/\\\/d66.nl\\\/vanmierlostichting\\\/tijdschrift-idee\\\/#breadcrumb\"},\"inLanguage\":\"nl-NL\",\"potentialAction\":[{\"@type\":\"ReadAction\",\"target\":[\"https:\\\/\\\/d66.nl\\\/vanmierlostichting\\\/tijdschrift-idee\\\/\"]}]},{\"@type\":\"ImageObject\",\"inLanguage\":\"nl-NL\",\"@id\":\"https:\\\/\\\/d66.nl\\\/vanmierlostichting\\\/tijdschrift-idee\\\/#primaryimage\",\"url\":\"https:\\\/\\\/media.d66.nl\\\/uploads\\\/sites\\\/4\\\/2026\\\/03\\\/Idee_header_nieuw.jpeg\",\"contentUrl\":\"https:\\\/\\\/media.d66.nl\\\/uploads\\\/sites\\\/4\\\/2026\\\/03\\\/Idee_header_nieuw.jpeg\",\"width\":1200,\"height\":800,\"caption\":\"Marchantlezing 2020 - Van Mierlo Stichting Tivoli Vredenburg - Utrecht Foto: Jeroen Mooijman\"},{\"@type\":\"BreadcrumbList\",\"@id\":\"https:\\\/\\\/d66.nl\\\/vanmierlostichting\\\/tijdschrift-idee\\\/#breadcrumb\",\"itemListElement\":[{\"@type\":\"ListItem\",\"position\":1,\"name\":\"Home\",\"item\":\"https:\\\/\\\/d66.nl\\\/vanmierlostichting\\\/\"},{\"@type\":\"ListItem\",\"position\":2,\"name\":\"&#8216;Idee&#8217; &#8211; Tijdschrift voor het sociaal-liberalisme\"}]},{\"@type\":\"WebSite\",\"@id\":\"https:\\\/\\\/d66.nl\\\/vanmierlostichting\\\/#website\",\"url\":\"https:\\\/\\\/d66.nl\\\/vanmierlostichting\\\/\",\"name\":\"Mr. Hans van Mierlo stichting\",\"description\":\"Just another WordPress site\",\"publisher\":{\"@id\":\"https:\\\/\\\/d66.nl\\\/vanmierlostichting\\\/#organization\"},\"potentialAction\":[{\"@type\":\"SearchAction\",\"target\":{\"@type\":\"EntryPoint\",\"urlTemplate\":\"https:\\\/\\\/d66.nl\\\/vanmierlostichting\\\/?s={search_term_string}\"},\"query-input\":{\"@type\":\"PropertyValueSpecification\",\"valueRequired\":true,\"valueName\":\"search_term_string\"}}],\"inLanguage\":\"nl-NL\"},{\"@type\":\"Organization\",\"@id\":\"https:\\\/\\\/d66.nl\\\/vanmierlostichting\\\/#organization\",\"name\":\"Mr. Hans van Mierlo Stichting\",\"url\":\"https:\\\/\\\/d66.nl\\\/vanmierlostichting\\\/\",\"logo\":{\"@type\":\"ImageObject\",\"inLanguage\":\"nl-NL\",\"@id\":\"https:\\\/\\\/d66.nl\\\/vanmierlostichting\\\/#\\\/schema\\\/logo\\\/image\\\/\",\"url\":\"https:\\\/\\\/d66.nl\\\/vanmierlostichting\\\/wp-content\\\/uploads\\\/sites\\\/4\\\/2021\\\/05\\\/Mr-Hans-van-Mierlo-stichting-logo.png\",\"contentUrl\":\"https:\\\/\\\/d66.nl\\\/vanmierlostichting\\\/wp-content\\\/uploads\\\/sites\\\/4\\\/2021\\\/05\\\/Mr-Hans-van-Mierlo-stichting-logo.png\",\"width\":1920,\"height\":1080,\"caption\":\"Mr. Hans van Mierlo Stichting\"},\"image\":{\"@id\":\"https:\\\/\\\/d66.nl\\\/vanmierlostichting\\\/#\\\/schema\\\/logo\\\/image\\\/\"},\"sameAs\":[\"https:\\\/\\\/www.facebook.com\\\/vanmierlostichting\\\/\",\"https:\\\/\\\/x.com\\\/vmstichting\",\"https:\\\/\\\/www.instagram.com\\\/mr.hansvanmierlostichting\\\/\"]}]}<\/script>\n<!-- \/ Yoast SEO plugin. -->","yoast_head_json":{"title":"Mr. Hans van Mierlo stichting &#8211; 'Idee' - Tijdschrift voor het sociaal-liberalisme","description":"Op zoek naar verdieping en verbreding van het sociaal-liberale gedachtegoed? Neem dan een abonnement op Idee. Idee verschijnt drie keer per jaar. In iedere editie staat politiek-maatschappelijk thema centraal, zoals de toekomst van de politiek, het klimaat, of de macht van de markt. Idee zet aan tot nadenken en debat, en is dus onmisbaar voor elke sociaal-liberaal. Je hoeft geen lid te zijn van D66 om Idee te lezen.","robots":{"index":"index","follow":"follow","max-snippet":"max-snippet:-1","max-image-preview":"max-image-preview:large","max-video-preview":"max-video-preview:-1"},"canonical":"https:\/\/d66.nl\/vanmierlostichting\/tijdschrift-idee\/","og_locale":"nl_NL","og_type":"article","og_title":"Mr. Hans van Mierlo stichting &#8211; 'Idee' - Tijdschrift voor het sociaal-liberalisme","og_description":"Op zoek naar verdieping en verbreding van het sociaal-liberale gedachtegoed? Neem dan een abonnement op Idee. Idee verschijnt drie keer per jaar. In iedere editie staat politiek-maatschappelijk thema centraal, zoals de toekomst van de politiek, het klimaat, of de macht van de markt. Idee zet aan tot nadenken en debat, en is dus onmisbaar voor elke sociaal-liberaal. Je hoeft geen lid te zijn van D66 om Idee te lezen.","og_url":"https:\/\/d66.nl\/vanmierlostichting\/tijdschrift-idee\/","og_site_name":"Mr. Hans van Mierlo stichting","article_publisher":"https:\/\/www.facebook.com\/vanmierlostichting\/","article_modified_time":"2026-04-21T08:42:22+00:00","og_image":[{"width":1200,"height":800,"url":"https:\/\/media.d66.nl\/uploads\/sites\/4\/2026\/03\/Idee_header_nieuw.jpeg","type":"image\/jpeg"}],"twitter_card":"summary_large_image","twitter_site":"@vmstichting","twitter_misc":{"Geschatte leestijd":"1 minuut"},"schema":{"@context":"https:\/\/schema.org","@graph":[{"@type":"WebPage","@id":"https:\/\/d66.nl\/vanmierlostichting\/tijdschrift-idee\/","url":"https:\/\/d66.nl\/vanmierlostichting\/tijdschrift-idee\/","name":"Mr. Hans van Mierlo stichting &#8211; 'Idee' - Tijdschrift voor het sociaal-liberalisme","isPartOf":{"@id":"https:\/\/d66.nl\/vanmierlostichting\/#website"},"primaryImageOfPage":{"@id":"https:\/\/d66.nl\/vanmierlostichting\/tijdschrift-idee\/#primaryimage"},"image":{"@id":"https:\/\/d66.nl\/vanmierlostichting\/tijdschrift-idee\/#primaryimage"},"thumbnailUrl":"https:\/\/media.d66.nl\/uploads\/sites\/4\/2026\/03\/Idee_header_nieuw.jpeg","datePublished":"2022-01-18T10:37:08+00:00","dateModified":"2026-04-21T08:42:22+00:00","description":"Op zoek naar verdieping en verbreding van het sociaal-liberale gedachtegoed? Neem dan een abonnement op Idee. Idee verschijnt drie keer per jaar. In iedere editie staat politiek-maatschappelijk thema centraal, zoals de toekomst van de politiek, het klimaat, of de macht van de markt. Idee zet aan tot nadenken en debat, en is dus onmisbaar voor elke sociaal-liberaal. Je hoeft geen lid te zijn van D66 om Idee te lezen.","breadcrumb":{"@id":"https:\/\/d66.nl\/vanmierlostichting\/tijdschrift-idee\/#breadcrumb"},"inLanguage":"nl-NL","potentialAction":[{"@type":"ReadAction","target":["https:\/\/d66.nl\/vanmierlostichting\/tijdschrift-idee\/"]}]},{"@type":"ImageObject","inLanguage":"nl-NL","@id":"https:\/\/d66.nl\/vanmierlostichting\/tijdschrift-idee\/#primaryimage","url":"https:\/\/media.d66.nl\/uploads\/sites\/4\/2026\/03\/Idee_header_nieuw.jpeg","contentUrl":"https:\/\/media.d66.nl\/uploads\/sites\/4\/2026\/03\/Idee_header_nieuw.jpeg","width":1200,"height":800,"caption":"Marchantlezing 2020 - Van Mierlo Stichting Tivoli Vredenburg - Utrecht Foto: Jeroen Mooijman"},{"@type":"BreadcrumbList","@id":"https:\/\/d66.nl\/vanmierlostichting\/tijdschrift-idee\/#breadcrumb","itemListElement":[{"@type":"ListItem","position":1,"name":"Home","item":"https:\/\/d66.nl\/vanmierlostichting\/"},{"@type":"ListItem","position":2,"name":"&#8216;Idee&#8217; &#8211; Tijdschrift voor het sociaal-liberalisme"}]},{"@type":"WebSite","@id":"https:\/\/d66.nl\/vanmierlostichting\/#website","url":"https:\/\/d66.nl\/vanmierlostichting\/","name":"Mr. Hans van Mierlo stichting","description":"Just another WordPress site","publisher":{"@id":"https:\/\/d66.nl\/vanmierlostichting\/#organization"},"potentialAction":[{"@type":"SearchAction","target":{"@type":"EntryPoint","urlTemplate":"https:\/\/d66.nl\/vanmierlostichting\/?s={search_term_string}"},"query-input":{"@type":"PropertyValueSpecification","valueRequired":true,"valueName":"search_term_string"}}],"inLanguage":"nl-NL"},{"@type":"Organization","@id":"https:\/\/d66.nl\/vanmierlostichting\/#organization","name":"Mr. Hans van Mierlo Stichting","url":"https:\/\/d66.nl\/vanmierlostichting\/","logo":{"@type":"ImageObject","inLanguage":"nl-NL","@id":"https:\/\/d66.nl\/vanmierlostichting\/#\/schema\/logo\/image\/","url":"https:\/\/d66.nl\/vanmierlostichting\/wp-content\/uploads\/sites\/4\/2021\/05\/Mr-Hans-van-Mierlo-stichting-logo.png","contentUrl":"https:\/\/d66.nl\/vanmierlostichting\/wp-content\/uploads\/sites\/4\/2021\/05\/Mr-Hans-van-Mierlo-stichting-logo.png","width":1920,"height":1080,"caption":"Mr. Hans van Mierlo Stichting"},"image":{"@id":"https:\/\/d66.nl\/vanmierlostichting\/#\/schema\/logo\/image\/"},"sameAs":["https:\/\/www.facebook.com\/vanmierlostichting\/","https:\/\/x.com\/vmstichting","https:\/\/www.instagram.com\/mr.hansvanmierlostichting\/"]}]}},"_links":{"self":[{"href":"https:\/\/d66.nl\/vanmierlostichting\/wp-json\/wp\/v2\/pages\/23827","targetHints":{"allow":["GET"]}}],"collection":[{"href":"https:\/\/d66.nl\/vanmierlostichting\/wp-json\/wp\/v2\/pages"}],"about":[{"href":"https:\/\/d66.nl\/vanmierlostichting\/wp-json\/wp\/v2\/types\/page"}],"author":[{"embeddable":true,"href":"https:\/\/d66.nl\/vanmierlostichting\/wp-json\/wp\/v2\/users\/24"}],"replies":[{"embeddable":true,"href":"https:\/\/d66.nl\/vanmierlostichting\/wp-json\/wp\/v2\/comments?post=23827"}],"version-history":[{"count":10,"href":"https:\/\/d66.nl\/vanmierlostichting\/wp-json\/wp\/v2\/pages\/23827\/revisions"}],"predecessor-version":[{"id":33270,"href":"https:\/\/d66.nl\/vanmierlostichting\/wp-json\/wp\/v2\/pages\/23827\/revisions\/33270"}],"wp:featuredmedia":[{"embeddable":true,"href":"https:\/\/d66.nl\/vanmierlostichting\/wp-json\/wp\/v2\/media\/33158"}],"wp:attachment":[{"href":"https:\/\/d66.nl\/vanmierlostichting\/wp-json\/wp\/v2\/media?parent=23827"}],"wp:term":[{"taxonomy":"search-tags","embeddable":true,"href":"https:\/\/d66.nl\/vanmierlostichting\/wp-json\/wp\/v2\/search-tags?post=23827"},{"taxonomy":"labels","embeddable":true,"href":"https:\/\/d66.nl\/vanmierlostichting\/wp-json\/wp\/v2\/labels?post=23827"},{"taxonomy":"themes-or-point-of-view","embeddable":true,"href":"https:\/\/d66.nl\/vanmierlostichting\/wp-json\/wp\/v2\/themes-or-point-of-view?post=23827"}],"curies":[{"name":"wp","href":"https:\/\/api.w.org\/{rel}","templated":true}]}}