{"id":19331,"date":"2021-04-29T13:29:38","date_gmt":"2021-04-29T11:29:38","guid":{"rendered":"https:\/\/d66.nl\/vanmierlostichting-2\/?page_id=19331"},"modified":"2026-04-07T16:00:41","modified_gmt":"2026-04-07T14:00:41","slug":"onze-mensen","status":"publish","type":"page","link":"https:\/\/d66.nl\/vanmierlostichting\/onze-mensen\/","title":{"rendered":"De mensen van de Mr. Hans van Mierlo Stichting"},"content":{"rendered":"<div\n  id=\"\"\n  class=\"wrapper  wrapper__spacing-bottom-large--40 wrapper__spacing-bottom-desktop--140 wrapper__spacing-bottom-mobile--110  wrapper__gutter--none\"\n  >\n  \t<div class=\"wrapper__container wrapper__container-width-large--default\">\n\t  <div class=\"wrapper__inner wrapper__width-large--24 wrapper__width-desktop--22 wrapper__width-mobile--24 wrapper__offset-large--0 wrapper__offset-desktop--2 wrapper__offset-mobile--0\">\n\t\t<section\n  class=\"block-small-hero\"\n  data-video-url=\"\"\n>\n  <div class=\"block-small-hero__wrapper\">\n\t<div class=\"block-small-hero__heading\">\n\t  <div class=\"block-small-hero__title\">\n\t\t<h1 class=\"heading heading__align--left heading__color--black heading__size--giant  heading__weight--normal\" id=\"nav-onze-mensen8495\" data-nav-heading=\"Onze mensen\" data-nav-heading-mobile=\"Onze mensen\">\n\tOnze mensen<\/h1>\t  <\/div>\n\t  \t<\/div>\n\n\t\n\t\t<div class=\"block-small-hero__columns block-small-hero__columns--one\" data-accordion-active=\"0\">\n\t  <div class=\"block-small-hero__column\">\n\t\t<p class=\"paragraph paragraph__align--left paragraph__color--black paragraph__size--default\">\n\t\tDe Mr. Hans van Mierlo Stichting staat onder leiding van een directeur en heeft medewerkers en stagiairs in dienst die zich bezig houden met onderzoek naar verschillende thema&#8217;s binnen het sociaal-liberale gedachtengoed.\t<\/p>\t  <\/div>\n\t  \t  \t<\/div>\n  <\/div>\n<\/section>\n\n\t  <\/div>\n\t<\/div>\n  <\/div>\n\n\n<div\n  id=\"\"\n  class=\"wrapper  wrapper__spacing-bottom-large--0 wrapper__spacing-bottom-tablet--190 wrapper__spacing-bottom-mobile--140  wrapper__gutter--none\"\n  >\n  \t<div class=\"wrapper__container wrapper__container-width-large--default\">\n\t  <div class=\"wrapper__inner wrapper__width-large--24 wrapper__width-mobile--24\">\n\t\t\n<section class=\"block-people-grid js-block-people-grid\">\n\t<aside\n  class=\"inside-page-navigation js-inside-page-navigation block-people-grid__inside-page-navigation\"\n  data-nav-items-number=\"5\"\n>\n  <div class=\"inside-page-navigation__wrapper\">\n\t<ol class=\"inside-page-navigation__list js-navigation-list lists__lists lists__weight--medium lists__color--black lists__type--decimal-leading-zero\">\n\tDe navigatie wordt geladen&#8230;<\/ol>  <\/div>\n<\/aside>\t<div class=\"block-people-grid__grid\">\n\t\t\t\t\t\t\t\t<div class=\"block-people-grid__item\">\n\t\t\t\t<article class=\"people-card js-people-card\">\n\t<a class=\"people-card__link\" href=\"https:\/\/d66.nl\/vanmierlostichting\/mensen\/afke-groen\/\" style=\"--people-card-background-color: var(--global-colors-wisteria)\">\n\n\t\t<div class=\"people-card__featured-image-wrapper\" style=\"background-image: url('https:\/\/d66.nl\/vanmierlostichting\/wp-content\/uploads\/sites\/4\/2022\/06\/220531MierloStichting008.jpg')\">\n\t\t\t<div class=\"background-overlay\"><\/div>\n\t\t<\/div>\n\n\t\t<div class=\"people-card__content-wrapper\">\n\t\t\t\t\t\t\t<header class=\"people-card__header\">\n\t\t\t\t\t<h2 class=\"heading   heading__size--medium heading__font--sans heading__weight--bold\" id=\"nav-dr--afke-groen8463\">\n\tDr. Afke Groen<\/h2>\t\t\t\t<\/header>\n\t\t\t\t\t\t\t\t\t\t<div class=\"people-card__description\">\n\t\t\t\t\t<p class=\"paragraph   paragraph__size--medium paragraph__weight--medium\">\n\t\tDirecteur\t<\/p>\t\t\t\t<\/div>\n\t\t\t\n\t\t\t<button class=\"buttonV2 buttonV2__color--transparent buttonV2__size--default buttonV2__size-width--default   people-card__buttonV2\" id=\"\">\n\t<div class=\"buttonV2__top-wrapper buttonV2__arrow-align--right\">\n\t\t\t\t\t<span class=\"buttonV2__title\">\n\t\t\t\tLees verder\t\t\t<\/span>\n\t\t\n\t\t\t\t\t<div class=\"buttonV2__icon\">\n\t\t\t\t<svg xmlns='http:\/\/www.w3.org\/2000\/svg' viewBox='0 0 58.14 50.62'><path d='m32.82 50.62 25.32-25.31L32.82 0l-4.35 4.35 17.92 17.86H0v6.21h46.39L28.47 46.33l4.35 4.29z' fill='currentColor' \/><\/svg>\t\t\t<\/div>\n\t\t\t<\/div>\n\n\t<\/button>\t\t<\/div>\n\t<\/a>\n<\/article>\t\t\t<\/div>\n\t\t\t\t\t\t\t\t\t<div class=\"block-people-grid__item\">\n\t\t\t\t<article class=\"people-card js-people-card\">\n\t<a class=\"people-card__link\" href=\"https:\/\/d66.nl\/vanmierlostichting\/mensen\/laura-de-vries\/\" style=\"--people-card-background-color: var(--global-colors-wisteria)\">\n\n\t\t<div class=\"people-card__featured-image-wrapper\" style=\"background-image: url('https:\/\/d66.nl\/vanmierlostichting\/wp-content\/uploads\/sites\/4\/2022\/06\/220531MierloStichting006-1-768x1152.jpg')\">\n\t\t\t<div class=\"background-overlay\"><\/div>\n\t\t<\/div>\n\n\t\t<div class=\"people-card__content-wrapper\">\n\t\t\t\t\t\t\t<header class=\"people-card__header\">\n\t\t\t\t\t<h2 class=\"heading   heading__size--medium heading__font--sans heading__weight--bold\" id=\"nav-laura-de-vries4344\">\n\tLaura de Vries<\/h2>\t\t\t\t<\/header>\n\t\t\t\t\t\t\t\t\t\t<div class=\"people-card__description\">\n\t\t\t\t\t<p class=\"paragraph   paragraph__size--medium paragraph__weight--medium\">\n\t\tWetenschappelijk Medewerker\t<\/p>\t\t\t\t<\/div>\n\t\t\t\n\t\t\t<button class=\"buttonV2 buttonV2__color--transparent buttonV2__size--default buttonV2__size-width--default   people-card__buttonV2\" id=\"\">\n\t<div class=\"buttonV2__top-wrapper buttonV2__arrow-align--right\">\n\t\t\t\t\t<span class=\"buttonV2__title\">\n\t\t\t\tLees verder\t\t\t<\/span>\n\t\t\n\t\t\t\t\t<div class=\"buttonV2__icon\">\n\t\t\t\t<svg xmlns='http:\/\/www.w3.org\/2000\/svg' viewBox='0 0 58.14 50.62'><path d='m32.82 50.62 25.32-25.31L32.82 0l-4.35 4.35 17.92 17.86H0v6.21h46.39L28.47 46.33l4.35 4.29z' fill='currentColor' \/><\/svg>\t\t\t<\/div>\n\t\t\t<\/div>\n\n\t<\/button>\t\t<\/div>\n\t<\/a>\n<\/article>\t\t\t<\/div>\n\t\t\t\t\t\t\t\t\t<div class=\"block-people-grid__item\">\n\t\t\t\t<article class=\"people-card js-people-card\">\n\t<a class=\"people-card__link\" href=\"https:\/\/d66.nl\/vanmierlostichting\/mensen\/martijn-visser\/\" style=\"--people-card-background-color: var(--global-colors-wisteria)\">\n\n\t\t<div class=\"people-card__featured-image-wrapper\" style=\"background-image: url('https:\/\/d66.nl\/vanmierlostichting\/wp-content\/uploads\/sites\/4\/2022\/06\/220531MierloStichting022-3-2.jpg')\">\n\t\t\t<div class=\"background-overlay\"><\/div>\n\t\t<\/div>\n\n\t\t<div class=\"people-card__content-wrapper\">\n\t\t\t\t\t\t\t<header class=\"people-card__header\">\n\t\t\t\t\t<h2 class=\"heading   heading__size--medium heading__font--sans heading__weight--bold\" id=\"nav-martijn-visser8079\">\n\tMartijn Visser<\/h2>\t\t\t\t<\/header>\n\t\t\t\t\t\t\t\t\t\t<div class=\"people-card__description\">\n\t\t\t\t\t<p class=\"paragraph   paragraph__size--medium paragraph__weight--medium\">\n\t\tWetenschappelijk Medewerker\t<\/p>\t\t\t\t<\/div>\n\t\t\t\n\t\t\t<button class=\"buttonV2 buttonV2__color--transparent buttonV2__size--default buttonV2__size-width--default   people-card__buttonV2\" id=\"\">\n\t<div class=\"buttonV2__top-wrapper buttonV2__arrow-align--right\">\n\t\t\t\t\t<span class=\"buttonV2__title\">\n\t\t\t\tLees verder\t\t\t<\/span>\n\t\t\n\t\t\t\t\t<div class=\"buttonV2__icon\">\n\t\t\t\t<svg xmlns='http:\/\/www.w3.org\/2000\/svg' viewBox='0 0 58.14 50.62'><path d='m32.82 50.62 25.32-25.31L32.82 0l-4.35 4.35 17.92 17.86H0v6.21h46.39L28.47 46.33l4.35 4.29z' fill='currentColor' \/><\/svg>\t\t\t<\/div>\n\t\t\t<\/div>\n\n\t<\/button>\t\t<\/div>\n\t<\/a>\n<\/article>\t\t\t<\/div>\n\t\t\t\t\t\t\t\t\t<div class=\"block-people-grid__item\">\n\t\t\t\t<article class=\"people-card js-people-card\">\n\t<a class=\"people-card__link\" href=\"https:\/\/d66.nl\/vanmierlostichting\/mensen\/suzanne-van-den-eynden\/\" style=\"--people-card-background-color: var(--global-colors-wisteria)\">\n\n\t\t<div class=\"people-card__featured-image-wrapper\" style=\"background-image: url('https:\/\/d66.nl\/vanmierlostichting\/wp-content\/uploads\/sites\/4\/2024\/11\/240903_Eynden_0086n-768x1152.jpg')\">\n\t\t\t<div class=\"background-overlay\"><\/div>\n\t\t<\/div>\n\n\t\t<div class=\"people-card__content-wrapper\">\n\t\t\t\t\t\t\t<header class=\"people-card__header\">\n\t\t\t\t\t<h2 class=\"heading   heading__size--medium heading__font--sans heading__weight--bold\" id=\"nav-suzanne-van-den-eynden7463\">\n\tSuzanne van den Eynden<\/h2>\t\t\t\t<\/header>\n\t\t\t\t\t\t\t\t\t\t<div class=\"people-card__description\">\n\t\t\t\t\t<p class=\"paragraph   paragraph__size--medium paragraph__weight--medium\">\n\t\tWetenschappelijk Medewerker\t<\/p>\t\t\t\t<\/div>\n\t\t\t\n\t\t\t<button class=\"buttonV2 buttonV2__color--transparent buttonV2__size--default buttonV2__size-width--default   people-card__buttonV2\" id=\"\">\n\t<div class=\"buttonV2__top-wrapper buttonV2__arrow-align--right\">\n\t\t\t\t\t<span class=\"buttonV2__title\">\n\t\t\t\tLees verder\t\t\t<\/span>\n\t\t\n\t\t\t\t\t<div class=\"buttonV2__icon\">\n\t\t\t\t<svg xmlns='http:\/\/www.w3.org\/2000\/svg' viewBox='0 0 58.14 50.62'><path d='m32.82 50.62 25.32-25.31L32.82 0l-4.35 4.35 17.92 17.86H0v6.21h46.39L28.47 46.33l4.35 4.29z' fill='currentColor' \/><\/svg>\t\t\t<\/div>\n\t\t\t<\/div>\n\n\t<\/button>\t\t<\/div>\n\t<\/a>\n<\/article>\t\t\t<\/div>\n\t\t\t\t\t\t\t\t\t<div class=\"block-people-grid__item\">\n\t\t\t\t<article class=\"people-card js-people-card\">\n\t<a class=\"people-card__link\" href=\"https:\/\/d66.nl\/vanmierlostichting\/mensen\/puck-rouffaer\/\" style=\"--people-card-background-color: var(--global-colors-wisteria)\">\n\n\t\t<div class=\"people-card__featured-image-wrapper\" style=\"background-image: url('https:\/\/d66.nl\/vanmierlostichting\/wp-content\/uploads\/sites\/4\/2025\/02\/DSCF5646-scaled-e1740498746831-768x1218.jpg')\">\n\t\t\t<div class=\"background-overlay\"><\/div>\n\t\t<\/div>\n\n\t\t<div class=\"people-card__content-wrapper\">\n\t\t\t\t\t\t\t<header class=\"people-card__header\">\n\t\t\t\t\t<h2 class=\"heading   heading__size--medium heading__font--sans heading__weight--bold\" id=\"nav-puck-rouffaer8705\">\n\tPuck Rouffaer<\/h2>\t\t\t\t<\/header>\n\t\t\t\t\t\t\t\t\t\t<div class=\"people-card__description\">\n\t\t\t\t\t<p class=\"paragraph   paragraph__size--medium paragraph__weight--medium\">\n\t\tProjectmedewerker\t<\/p>\t\t\t\t<\/div>\n\t\t\t\n\t\t\t<button class=\"buttonV2 buttonV2__color--transparent buttonV2__size--default buttonV2__size-width--default   people-card__buttonV2\" id=\"\">\n\t<div class=\"buttonV2__top-wrapper buttonV2__arrow-align--right\">\n\t\t\t\t\t<span class=\"buttonV2__title\">\n\t\t\t\tLees verder\t\t\t<\/span>\n\t\t\n\t\t\t\t\t<div class=\"buttonV2__icon\">\n\t\t\t\t<svg xmlns='http:\/\/www.w3.org\/2000\/svg' viewBox='0 0 58.14 50.62'><path d='m32.82 50.62 25.32-25.31L32.82 0l-4.35 4.35 17.92 17.86H0v6.21h46.39L28.47 46.33l4.35 4.29z' fill='currentColor' \/><\/svg>\t\t\t<\/div>\n\t\t\t<\/div>\n\n\t<\/button>\t\t<\/div>\n\t<\/a>\n<\/article>\t\t\t<\/div>\n\t\t\t\t\t\t\t\t\t<div class=\"block-people-grid__item\">\n\t\t\t\t<article class=\"people-card js-people-card\">\n\t<a class=\"people-card__link\" href=\"https:\/\/d66.nl\/vanmierlostichting\/mensen\/alexander-van-pallandt\/\" style=\"--people-card-background-color: var(--global-colors-wisteria)\">\n\n\t\t<div class=\"people-card__featured-image-wrapper\" style=\"background-image: url('https:\/\/d66.nl\/vanmierlostichting\/wp-content\/uploads\/sites\/4\/2025\/02\/DSCF5683-scaled-e1740499457549-768x1150.jpg')\">\n\t\t\t<div class=\"background-overlay\"><\/div>\n\t\t<\/div>\n\n\t\t<div class=\"people-card__content-wrapper\">\n\t\t\t\t\t\t\t<header class=\"people-card__header\">\n\t\t\t\t\t<h2 class=\"heading   heading__size--medium heading__font--sans heading__weight--bold\" id=\"nav-alexander-van-pallandt8402\">\n\tAlexander van Pallandt<\/h2>\t\t\t\t<\/header>\n\t\t\t\t\t\t\t\t\t\t<div class=\"people-card__description\">\n\t\t\t\t\t<p class=\"paragraph   paragraph__size--medium paragraph__weight--medium\">\n\t\tStagiair\t<\/p>\t\t\t\t<\/div>\n\t\t\t\n\t\t\t<button class=\"buttonV2 buttonV2__color--transparent buttonV2__size--default buttonV2__size-width--default   people-card__buttonV2\" id=\"\">\n\t<div class=\"buttonV2__top-wrapper buttonV2__arrow-align--right\">\n\t\t\t\t\t<span class=\"buttonV2__title\">\n\t\t\t\tLees verder\t\t\t<\/span>\n\t\t\n\t\t\t\t\t<div class=\"buttonV2__icon\">\n\t\t\t\t<svg xmlns='http:\/\/www.w3.org\/2000\/svg' viewBox='0 0 58.14 50.62'><path d='m32.82 50.62 25.32-25.31L32.82 0l-4.35 4.35 17.92 17.86H0v6.21h46.39L28.47 46.33l4.35 4.29z' fill='currentColor' \/><\/svg>\t\t\t<\/div>\n\t\t\t<\/div>\n\n\t<\/button>\t\t<\/div>\n\t<\/a>\n<\/article>\t\t\t<\/div>\n\t\t\t\t\t\t\t\t\t<div class=\"block-people-grid__item\">\n\t\t\t\t<article class=\"people-card js-people-card\">\n\t<a class=\"people-card__link\" href=\"https:\/\/d66.nl\/vanmierlostichting\/mensen\/anna-mees-groothuis\/\" style=\"--people-card-background-color: var(--global-colors-wisteria)\">\n\n\t\t<div class=\"people-card__featured-image-wrapper\" style=\"background-image: url('https:\/\/d66.nl\/vanmierlostichting\/wp-content\/uploads\/sites\/4\/2025\/02\/B0C27A8E-D819-46D4-993D-CEF88904B428-768x768.jpeg')\">\n\t\t\t<div class=\"background-overlay\"><\/div>\n\t\t<\/div>\n\n\t\t<div class=\"people-card__content-wrapper\">\n\t\t\t\t\t\t\t<header class=\"people-card__header\">\n\t\t\t\t\t<h2 class=\"heading   heading__size--medium heading__font--sans heading__weight--bold\" id=\"nav-anna-mees-groothuis6075\">\n\tAnna Mees Groothuis<\/h2>\t\t\t\t<\/header>\n\t\t\t\t\t\t\t\t\t\t<div class=\"people-card__description\">\n\t\t\t\t\t<p class=\"paragraph   paragraph__size--medium paragraph__weight--medium\">\n\t\tStagiair\t<\/p>\t\t\t\t<\/div>\n\t\t\t\n\t\t\t<button class=\"buttonV2 buttonV2__color--transparent buttonV2__size--default buttonV2__size-width--default   people-card__buttonV2\" id=\"\">\n\t<div class=\"buttonV2__top-wrapper buttonV2__arrow-align--right\">\n\t\t\t\t\t<span class=\"buttonV2__title\">\n\t\t\t\tLees verder\t\t\t<\/span>\n\t\t\n\t\t\t\t\t<div class=\"buttonV2__icon\">\n\t\t\t\t<svg xmlns='http:\/\/www.w3.org\/2000\/svg' viewBox='0 0 58.14 50.62'><path d='m32.82 50.62 25.32-25.31L32.82 0l-4.35 4.35 17.92 17.86H0v6.21h46.39L28.47 46.33l4.35 4.29z' fill='currentColor' \/><\/svg>\t\t\t<\/div>\n\t\t\t<\/div>\n\n\t<\/button>\t\t<\/div>\n\t<\/a>\n<\/article>\t\t\t<\/div>\n\t\t\t\t<\/div>\n<\/section>\n\t  <\/div>\n\t<\/div>\n  <\/div>\n\n\n<div\n  id=\"\"\n  class=\"wrapper  wrapper__spacing-bottom-large--0 wrapper__spacing-bottom-desktop--0 wrapper__spacing-bottom-tablet--0 wrapper__spacing-bottom-mobile--0  wrapper__gutter--default\"\n  >\n  \t<div class=\"wrapper__container wrapper__container-width-large--default\">\n\t  <div class=\"wrapper__inner wrapper__width-large--24 wrapper__width-mobile--24\">\n\t\t\n<a\n  id=\"meer-mensen\"\n  class=\"block-show-more-link js-show-more-link\"\n  href=\"meer-mensen\"\n>\n  Meer mensen<\/a>\n\t  <\/div>\n\t<\/div>\n  <\/div>\n\n\n<div\n  id=\"\"\n  class=\"wrapper  wrapper__spacing-bottom-large--20  wrapper__gutter--none\"\n  >\n  \t<div class=\"wrapper__container wrapper__container-width-large--default\">\n\t  <div class=\"wrapper__inner wrapper__width-large--24 wrapper__width-mobile--24\">\n\t\t<h2 class=\"heading heading__align--left heading__color--black heading__size--larger heading__font--sans heading__weight--semiBold  block-heading__heading\" id=\"nav-redactie-idee1408\" data-nav-heading=\"Redactie idee\" data-nav-heading-mobile=\"Redactie idee\" >\n\tRedactie <em>Idee<\/em><\/h2>\t  <\/div>\n\t<\/div>\n  <\/div>\n\n\n<div\n  id=\"\"\n  class=\"wrapper  wrapper__spacing-bottom-large--60 wrapper__spacing-bottom-desktop--20  wrapper__gutter--none\"\n  >\n  \t<div class=\"wrapper__container wrapper__container-width-large--default\">\n\t  <div class=\"wrapper__inner wrapper__width-large--16\">\n\t\t<p\n\t\tclass=\"paragraph paragraph__align--left paragraph__color--black paragraph__size--default   block-paragraph__paragraph\"\n\t\t\t>\n\t\t<em>Idee<\/em> is het politiek-wetenschappelijk tijdschrift van de Van Mierlo Stichting en verschijnt vier keer per jaar. <em>Idee<\/em> komt tot stand door een redactie van vrijwilligers, ondersteund door hoofd- en eindredactie vanuit de Van Mierlo Stichting. Verder wordt de redactie ondersteund door een redactieraad, die richting geeft aan en toezicht houdt op <em>Idee<\/em>. Voor vragen, idee\u00ebn of opmerkingen kunt u contact opnemen met de redactie via\u00a0<a href=\"mailto:idee@d66.nl\" target=\"_blank\" rel=\"noreferrer noopener\">idee@d66.nl<\/a> <br><br>Dani\u00ebl Schut &#8211; hoofdredacteur <br>Liang de Beer<br>Duane van Diest<br>Anne-Lotte Masson<br>Sara Visser<br>Carinne Elion-Valter<br>Abush Derks<br>Caelesta Braun<br>Araz Abbas<br>Carina Kralt-Bos<br>Jan van Staalduinen<br>Abush Derks\t<\/p>\t  <\/div>\n\t<\/div>\n  <\/div>\n\n\n<div\n  id=\"\"\n  class=\"wrapper  wrapper__spacing-bottom-large--20  wrapper__gutter--none\"\n  >\n  \t<div class=\"wrapper__container wrapper__container-width-large--default\">\n\t  <div class=\"wrapper__inner wrapper__width-large--24 wrapper__width-mobile--24\">\n\t\t<h2 class=\"heading heading__align--left heading__color--black heading__size--larger heading__font--sans heading__weight--semiBold  block-heading__heading\" id=\"nav-bestuur9349\" data-nav-heading=\"Bestuur\" data-nav-heading-mobile=\"Bestuur\" >\n\tBestuursleden<\/h2>\t  <\/div>\n\t<\/div>\n  <\/div>\n\n\n<div\n  id=\"\"\n  class=\"wrapper  wrapper__spacing-bottom-large--60 wrapper__spacing-bottom-desktop--20  wrapper__gutter--none\"\n  >\n  \t<div class=\"wrapper__container wrapper__container-width-large--default\">\n\t  <div class=\"wrapper__inner wrapper__width-large--16\">\n\t\t<p\n\t\tclass=\"paragraph paragraph__align--left paragraph__color--black paragraph__size--default   block-paragraph__paragraph\"\n\t\t\t>\n\t\tHet bestuur van de Mr. Hans van Mierlo Stichting is verantwoordelijkheid voor het vaststellen van het jaarprogramma van de Stichting, de wijze van werving van gelden, en het beheer van het vermogen van de Stichting en de besteding daarvan.<br><br>Robbert Dijkgraaf &#8211; voorzitter<br>Serhat \u00d6za\u015f\u0131k &#8211; penningmeester<br>Joost R\u00f6selaers\t<\/p>\t  <\/div>\n\t<\/div>\n  <\/div>\n","protected":false},"excerpt":{"rendered":"","protected":false},"author":22,"featured_media":20101,"parent":0,"menu_order":0,"comment_status":"closed","ping_status":"closed","template":"with-navigation.php","meta":{"_acf_changed":false,"footnotes":""},"themes-or-point-of-view":[],"labels":[],"search-tags":[],"class_list":["post-19331","page","type-page","status-publish","has-post-thumbnail","hentry"],"acf":[],"yoast_head":"<!-- This site is optimized with the Yoast SEO plugin v27.3 - https:\/\/yoast.com\/product\/yoast-seo-wordpress\/ -->\n<title>Mr. Hans van Mierlo stichting &#8211; Onze mensen<\/title>\n<meta name=\"robots\" content=\"index, follow, max-snippet:-1, max-image-preview:large, max-video-preview:-1\" \/>\n<link rel=\"canonical\" href=\"https:\/\/d66.nl\/vanmierlostichting\/onze-mensen\/\" \/>\n<meta property=\"og:locale\" content=\"nl_NL\" \/>\n<meta property=\"og:type\" content=\"article\" \/>\n<meta property=\"og:title\" content=\"Mr. Hans van Mierlo stichting &#8211; Onze mensen\" \/>\n<meta property=\"og:url\" content=\"https:\/\/d66.nl\/vanmierlostichting\/onze-mensen\/\" \/>\n<meta property=\"og:site_name\" content=\"Mr. Hans van Mierlo stichting\" \/>\n<meta property=\"article:publisher\" content=\"https:\/\/www.facebook.com\/vanmierlostichting\/\" \/>\n<meta property=\"article:modified_time\" content=\"2026-04-07T14:00:41+00:00\" \/>\n<meta property=\"og:image\" content=\"https:\/\/d66.nl\/vanmierlostichting\/wp-content\/uploads\/sites\/4\/2021\/05\/Mr-Hans-van-Mierlo-stichting-logo.png\" \/>\n\t<meta property=\"og:image:width\" content=\"1920\" \/>\n\t<meta property=\"og:image:height\" content=\"1080\" \/>\n\t<meta property=\"og:image:type\" content=\"image\/png\" \/>\n<meta name=\"twitter:card\" content=\"summary_large_image\" \/>\n<meta name=\"twitter:site\" content=\"@vmstichting\" \/>\n<meta name=\"twitter:label1\" content=\"Geschatte leestijd\" \/>\n\t<meta name=\"twitter:data1\" content=\"1 minuut\" \/>\n<script type=\"application\/ld+json\" class=\"yoast-schema-graph\">{\"@context\":\"https:\\\/\\\/schema.org\",\"@graph\":[{\"@type\":\"WebPage\",\"@id\":\"https:\\\/\\\/d66.nl\\\/vanmierlostichting\\\/onze-mensen\\\/\",\"url\":\"https:\\\/\\\/d66.nl\\\/vanmierlostichting\\\/onze-mensen\\\/\",\"name\":\"Mr. Hans van Mierlo stichting &#8211; Onze mensen\",\"isPartOf\":{\"@id\":\"https:\\\/\\\/d66.nl\\\/vanmierlostichting\\\/#website\"},\"primaryImageOfPage\":{\"@id\":\"https:\\\/\\\/d66.nl\\\/vanmierlostichting\\\/onze-mensen\\\/#primaryimage\"},\"image\":{\"@id\":\"https:\\\/\\\/d66.nl\\\/vanmierlostichting\\\/onze-mensen\\\/#primaryimage\"},\"thumbnailUrl\":\"https:\\\/\\\/d66.nl\\\/vanmierlostichting\\\/wp-content\\\/uploads\\\/sites\\\/4\\\/2021\\\/05\\\/Mr-Hans-van-Mierlo-stichting-logo.png\",\"datePublished\":\"2021-04-29T11:29:38+00:00\",\"dateModified\":\"2026-04-07T14:00:41+00:00\",\"breadcrumb\":{\"@id\":\"https:\\\/\\\/d66.nl\\\/vanmierlostichting\\\/onze-mensen\\\/#breadcrumb\"},\"inLanguage\":\"nl-NL\",\"potentialAction\":[{\"@type\":\"ReadAction\",\"target\":[\"https:\\\/\\\/d66.nl\\\/vanmierlostichting\\\/onze-mensen\\\/\"]}]},{\"@type\":\"ImageObject\",\"inLanguage\":\"nl-NL\",\"@id\":\"https:\\\/\\\/d66.nl\\\/vanmierlostichting\\\/onze-mensen\\\/#primaryimage\",\"url\":\"https:\\\/\\\/d66.nl\\\/vanmierlostichting\\\/wp-content\\\/uploads\\\/sites\\\/4\\\/2021\\\/05\\\/Mr-Hans-van-Mierlo-stichting-logo.png\",\"contentUrl\":\"https:\\\/\\\/d66.nl\\\/vanmierlostichting\\\/wp-content\\\/uploads\\\/sites\\\/4\\\/2021\\\/05\\\/Mr-Hans-van-Mierlo-stichting-logo.png\",\"width\":1920,\"height\":1080},{\"@type\":\"BreadcrumbList\",\"@id\":\"https:\\\/\\\/d66.nl\\\/vanmierlostichting\\\/onze-mensen\\\/#breadcrumb\",\"itemListElement\":[{\"@type\":\"ListItem\",\"position\":1,\"name\":\"Home\",\"item\":\"https:\\\/\\\/d66.nl\\\/vanmierlostichting\\\/\"},{\"@type\":\"ListItem\",\"position\":2,\"name\":\"De mensen van de Mr. Hans van Mierlo Stichting\"}]},{\"@type\":\"WebSite\",\"@id\":\"https:\\\/\\\/d66.nl\\\/vanmierlostichting\\\/#website\",\"url\":\"https:\\\/\\\/d66.nl\\\/vanmierlostichting\\\/\",\"name\":\"Mr. Hans van Mierlo stichting\",\"description\":\"Just another WordPress site\",\"publisher\":{\"@id\":\"https:\\\/\\\/d66.nl\\\/vanmierlostichting\\\/#organization\"},\"potentialAction\":[{\"@type\":\"SearchAction\",\"target\":{\"@type\":\"EntryPoint\",\"urlTemplate\":\"https:\\\/\\\/d66.nl\\\/vanmierlostichting\\\/?s={search_term_string}\"},\"query-input\":{\"@type\":\"PropertyValueSpecification\",\"valueRequired\":true,\"valueName\":\"search_term_string\"}}],\"inLanguage\":\"nl-NL\"},{\"@type\":\"Organization\",\"@id\":\"https:\\\/\\\/d66.nl\\\/vanmierlostichting\\\/#organization\",\"name\":\"Mr. Hans van Mierlo Stichting\",\"url\":\"https:\\\/\\\/d66.nl\\\/vanmierlostichting\\\/\",\"logo\":{\"@type\":\"ImageObject\",\"inLanguage\":\"nl-NL\",\"@id\":\"https:\\\/\\\/d66.nl\\\/vanmierlostichting\\\/#\\\/schema\\\/logo\\\/image\\\/\",\"url\":\"https:\\\/\\\/d66.nl\\\/vanmierlostichting\\\/wp-content\\\/uploads\\\/sites\\\/4\\\/2021\\\/05\\\/Mr-Hans-van-Mierlo-stichting-logo.png\",\"contentUrl\":\"https:\\\/\\\/d66.nl\\\/vanmierlostichting\\\/wp-content\\\/uploads\\\/sites\\\/4\\\/2021\\\/05\\\/Mr-Hans-van-Mierlo-stichting-logo.png\",\"width\":1920,\"height\":1080,\"caption\":\"Mr. Hans van Mierlo Stichting\"},\"image\":{\"@id\":\"https:\\\/\\\/d66.nl\\\/vanmierlostichting\\\/#\\\/schema\\\/logo\\\/image\\\/\"},\"sameAs\":[\"https:\\\/\\\/www.facebook.com\\\/vanmierlostichting\\\/\",\"https:\\\/\\\/x.com\\\/vmstichting\",\"https:\\\/\\\/www.instagram.com\\\/mr.hansvanmierlostichting\\\/\"]}]}<\/script>\n<!-- \/ Yoast SEO plugin. -->","yoast_head_json":{"title":"Mr. Hans van Mierlo stichting &#8211; Onze mensen","robots":{"index":"index","follow":"follow","max-snippet":"max-snippet:-1","max-image-preview":"max-image-preview:large","max-video-preview":"max-video-preview:-1"},"canonical":"https:\/\/d66.nl\/vanmierlostichting\/onze-mensen\/","og_locale":"nl_NL","og_type":"article","og_title":"Mr. Hans van Mierlo stichting &#8211; Onze mensen","og_url":"https:\/\/d66.nl\/vanmierlostichting\/onze-mensen\/","og_site_name":"Mr. Hans van Mierlo stichting","article_publisher":"https:\/\/www.facebook.com\/vanmierlostichting\/","article_modified_time":"2026-04-07T14:00:41+00:00","og_image":[{"width":1920,"height":1080,"url":"https:\/\/d66.nl\/vanmierlostichting\/wp-content\/uploads\/sites\/4\/2021\/05\/Mr-Hans-van-Mierlo-stichting-logo.png","type":"image\/png"}],"twitter_card":"summary_large_image","twitter_site":"@vmstichting","twitter_misc":{"Geschatte leestijd":"1 minuut"},"schema":{"@context":"https:\/\/schema.org","@graph":[{"@type":"WebPage","@id":"https:\/\/d66.nl\/vanmierlostichting\/onze-mensen\/","url":"https:\/\/d66.nl\/vanmierlostichting\/onze-mensen\/","name":"Mr. Hans van Mierlo stichting &#8211; Onze mensen","isPartOf":{"@id":"https:\/\/d66.nl\/vanmierlostichting\/#website"},"primaryImageOfPage":{"@id":"https:\/\/d66.nl\/vanmierlostichting\/onze-mensen\/#primaryimage"},"image":{"@id":"https:\/\/d66.nl\/vanmierlostichting\/onze-mensen\/#primaryimage"},"thumbnailUrl":"https:\/\/d66.nl\/vanmierlostichting\/wp-content\/uploads\/sites\/4\/2021\/05\/Mr-Hans-van-Mierlo-stichting-logo.png","datePublished":"2021-04-29T11:29:38+00:00","dateModified":"2026-04-07T14:00:41+00:00","breadcrumb":{"@id":"https:\/\/d66.nl\/vanmierlostichting\/onze-mensen\/#breadcrumb"},"inLanguage":"nl-NL","potentialAction":[{"@type":"ReadAction","target":["https:\/\/d66.nl\/vanmierlostichting\/onze-mensen\/"]}]},{"@type":"ImageObject","inLanguage":"nl-NL","@id":"https:\/\/d66.nl\/vanmierlostichting\/onze-mensen\/#primaryimage","url":"https:\/\/d66.nl\/vanmierlostichting\/wp-content\/uploads\/sites\/4\/2021\/05\/Mr-Hans-van-Mierlo-stichting-logo.png","contentUrl":"https:\/\/d66.nl\/vanmierlostichting\/wp-content\/uploads\/sites\/4\/2021\/05\/Mr-Hans-van-Mierlo-stichting-logo.png","width":1920,"height":1080},{"@type":"BreadcrumbList","@id":"https:\/\/d66.nl\/vanmierlostichting\/onze-mensen\/#breadcrumb","itemListElement":[{"@type":"ListItem","position":1,"name":"Home","item":"https:\/\/d66.nl\/vanmierlostichting\/"},{"@type":"ListItem","position":2,"name":"De mensen van de Mr. Hans van Mierlo Stichting"}]},{"@type":"WebSite","@id":"https:\/\/d66.nl\/vanmierlostichting\/#website","url":"https:\/\/d66.nl\/vanmierlostichting\/","name":"Mr. Hans van Mierlo stichting","description":"Just another WordPress site","publisher":{"@id":"https:\/\/d66.nl\/vanmierlostichting\/#organization"},"potentialAction":[{"@type":"SearchAction","target":{"@type":"EntryPoint","urlTemplate":"https:\/\/d66.nl\/vanmierlostichting\/?s={search_term_string}"},"query-input":{"@type":"PropertyValueSpecification","valueRequired":true,"valueName":"search_term_string"}}],"inLanguage":"nl-NL"},{"@type":"Organization","@id":"https:\/\/d66.nl\/vanmierlostichting\/#organization","name":"Mr. Hans van Mierlo Stichting","url":"https:\/\/d66.nl\/vanmierlostichting\/","logo":{"@type":"ImageObject","inLanguage":"nl-NL","@id":"https:\/\/d66.nl\/vanmierlostichting\/#\/schema\/logo\/image\/","url":"https:\/\/d66.nl\/vanmierlostichting\/wp-content\/uploads\/sites\/4\/2021\/05\/Mr-Hans-van-Mierlo-stichting-logo.png","contentUrl":"https:\/\/d66.nl\/vanmierlostichting\/wp-content\/uploads\/sites\/4\/2021\/05\/Mr-Hans-van-Mierlo-stichting-logo.png","width":1920,"height":1080,"caption":"Mr. Hans van Mierlo Stichting"},"image":{"@id":"https:\/\/d66.nl\/vanmierlostichting\/#\/schema\/logo\/image\/"},"sameAs":["https:\/\/www.facebook.com\/vanmierlostichting\/","https:\/\/x.com\/vmstichting","https:\/\/www.instagram.com\/mr.hansvanmierlostichting\/"]}]}},"_links":{"self":[{"href":"https:\/\/d66.nl\/vanmierlostichting\/wp-json\/wp\/v2\/pages\/19331","targetHints":{"allow":["GET"]}}],"collection":[{"href":"https:\/\/d66.nl\/vanmierlostichting\/wp-json\/wp\/v2\/pages"}],"about":[{"href":"https:\/\/d66.nl\/vanmierlostichting\/wp-json\/wp\/v2\/types\/page"}],"author":[{"embeddable":true,"href":"https:\/\/d66.nl\/vanmierlostichting\/wp-json\/wp\/v2\/users\/22"}],"replies":[{"embeddable":true,"href":"https:\/\/d66.nl\/vanmierlostichting\/wp-json\/wp\/v2\/comments?post=19331"}],"version-history":[{"count":10,"href":"https:\/\/d66.nl\/vanmierlostichting\/wp-json\/wp\/v2\/pages\/19331\/revisions"}],"predecessor-version":[{"id":33192,"href":"https:\/\/d66.nl\/vanmierlostichting\/wp-json\/wp\/v2\/pages\/19331\/revisions\/33192"}],"wp:featuredmedia":[{"embeddable":true,"href":"https:\/\/d66.nl\/vanmierlostichting\/wp-json\/wp\/v2\/media\/20101"}],"wp:attachment":[{"href":"https:\/\/d66.nl\/vanmierlostichting\/wp-json\/wp\/v2\/media?parent=19331"}],"wp:term":[{"taxonomy":"themes-or-point-of-view","embeddable":true,"href":"https:\/\/d66.nl\/vanmierlostichting\/wp-json\/wp\/v2\/themes-or-point-of-view?post=19331"},{"taxonomy":"labels","embeddable":true,"href":"https:\/\/d66.nl\/vanmierlostichting\/wp-json\/wp\/v2\/labels?post=19331"},{"taxonomy":"search-tags","embeddable":true,"href":"https:\/\/d66.nl\/vanmierlostichting\/wp-json\/wp\/v2\/search-tags?post=19331"}],"curies":[{"name":"wp","href":"https:\/\/api.w.org\/{rel}","templated":true}]}}