{"id":641,"date":"2026-01-28T13:22:30","date_gmt":"2026-01-28T13:22:30","guid":{"rendered":"https:\/\/d66.nl\/valkenswaard\/?post_type=people-type&#038;p=641"},"modified":"2026-01-29T19:46:54","modified_gmt":"2026-01-29T19:46:54","slug":"rene-van-den-kerkhof","status":"publish","type":"people-type","link":"https:\/\/d66.nl\/valkenswaard\/mensen\/rene-van-den-kerkhof\/","title":{"rendered":"Ren\u00e9 van den Kerkhof"},"content":{"rendered":"<div\n  id=\"\"\n  class=\"wrapper  wrapper__spacing-bottom-large--50 wrapper__spacing-bottom-desktop--10 wrapper__spacing-bottom-mobile--10  wrapper__gutter--none\"\n  >\n  \t<div class=\"wrapper__container wrapper__container-width-large--default\">\n\t  <div class=\"wrapper__inner wrapper__width-large--14 wrapper__width-desktop--20 wrapper__width-mobile--24 wrapper__offset-large--6 wrapper__offset-desktop--4 wrapper__offset-mobile--0\">\n\t\t<h1 class=\"heading heading__align--left heading__color--black heading__size--giant heading__font--serif heading__weight--regular  block-heading__heading\" id=\"nav-ren---van-den-kerkhof1981\"  data-nav-heading-mobile=\"Ren\u00e9 van den Kerkhof\" >\n\tRen\u00e9 van den Kerkhof<\/h1>\t  <\/div>\n\t<\/div>\n  <\/div>\n\n\n<div\n  id=\"\"\n  class=\"wrapper  wrapper__spacing-bottom-large--50 wrapper__spacing-bottom-desktop--10 wrapper__spacing-bottom-mobile--10  wrapper__gutter--none\"\n  >\n  \t<div class=\"wrapper__container wrapper__container-width-large--default\">\n\t  <div class=\"wrapper__inner wrapper__width-large--24 wrapper__width-mobile--24\">\n\t\t<section class=\"block-video\">\n\t<div\n\t\tclass=\"block-video__video-wrapper\"\n\t\tstyle=\"background-image: url('https:\/\/media.d66.nl\/uploads\/sites\/367\/2026\/01\/Rene-33.jpg')\"\n\t>\n\t\t\t<\/div>\n\n\t\t\t<div class=\"block-video__caption-wrapper\">\n\t\t\t<div class=\"block-video__caption\">\n\t\t\t\t<p class=\"paragraph paragraph__align--left paragraph__color--black paragraph__size--small paragraph__weight--medium\">\n\t\t<b>Ren\u00e9 van den Kerkhof<\/b> <i>&#045;<\/i> Beeld: Joyce Belgers\t<\/p>\t\t\t<\/div>\n\t\t<\/div>\n\t\n<\/section>\n\n\t  <\/div>\n\t<\/div>\n  <\/div>\n\n\n<div\n  id=\"\"\n  class=\"wrapper  wrapper__spacing-bottom-large--50 wrapper__spacing-bottom-desktop--70 wrapper__spacing-bottom-mobile--50  wrapper__gutter--none\"\n  >\n  \t<div class=\"wrapper__container wrapper__container-width-large--default\">\n\t  <div class=\"wrapper__inner wrapper__width-large--18 wrapper__width-desktop--22 wrapper__width-mobile--24 wrapper__offset-large--6 wrapper__offset-desktop--2 wrapper__offset-mobile--0\">\n\t\t<section class=\"block-people-introduction\">\n\t<div class=\"block-people-introduction__content\">\n\t\t<p class=\"paragraph paragraph__align--left paragraph__color--white paragraph__size--big\">\n\t\t\t<\/p><section class=\"people-bullet-point-card block-people-introduction__people-bullet-point-card\" style=\"--bg-color: var(--global-colors-lime)\">\n\t<div class=\"people-bullet-point-card__wrapper\">\n\t\t<div class=\"people-bullet-point-card__title\">\n\t\t\t<h2 class=\"heading    heading__font--sans heading__weight--bold\" id=\"nav-over-ren--5655\" data-nav-heading-mobile=\"Over Ren\u00e9\">\n\tOver Ren\u00e9<\/h2>\t\t\t<div aria-hidden=\"true\" class=\"people-bullet-point-card__border\"><\/div>\n\t\t<\/div>\n\t\t<div class=\"people-bullet-point-card__info\">\n\t\t\t<ul class=\"lists\">\n\t\t\t\t<li><label>Leeftijd<\/label><span>40 jaar<\/span><\/li>\t\t\t\t\t\t\t\t<li><label>Woonplaats<\/label><span>Dommelen<\/span><\/li>\t\t\t\t\t\t\t<\/ul>\n\t\t\t\t\t<\/div>\n\t\t\n\t\t\t\t\t<div aria-hidden=\"true\" class=\"people-bullet-point-card__border\"><\/div>\n\t\t\t<div class=\"people-bullet-point-card__socialmedia\">\n\t\t\t\t<ul class=\"people-bullet-point-card__sm_panel\"><li><a href=\"https:\/\/www.instagram.com\/renevandenkerkhof\/?hl=nl\" target=\"_blank\">Ig<\/a><\/li><li><a href=\"https:\/\/www.linkedin.com\/in\/renevdkerkhof\/?originalSubdomain=nl\" target=\"_blank\">Li<\/a><\/li><li><a href=\"https:\/\/www.facebook.com\/renevdkerkhof\/?locale=nl_NL\" target=\"_blank\">Fb<\/a><\/li><\/ul>\t\t\t<\/div>\n\t\t\n\t\t\t<\/div>\n<\/section><p class=\"paragraph paragraph__align--left paragraph__color--white paragraph__size--default\">\n\t\t\t<\/p><div class=\"content-accordion js-content-accordion\" data-accordion-opened=\"0\">\n\n\t\n\t<button id=\"content-accordion-trigger-588160080\" class=\"content-accordion__trigger js-content-accordion-trigger\" aria-label=\"Functie historie\" aria-controls>\n\t\t<div class=\"content-accordion__heading\">\n\t\t\t<h3 class=\"heading   heading__size--medium heading__font--sans heading__weight--bold\" id=\"nav-functie-historie24\">\n\tFunctie historie<\/h3>\t\t<\/div>\n\t\t<div class=\"content-accordion__icon\" aria-hidden=\"true\"><\/div>\n\t<\/button>\n\n\t<section id=\"content-accordion-panel-588160080\" class=\"content-accordion__panel js-content-accordion-panel\" aria-hidden=\"true\" aria-labelledby=\"content-accordion-trigger-588160080\">\n\t\t<div class=\"content-accordion__content-wrapper\">\n\t\t\t<div class=\"content-accordion__description\">\n\t\t\t\t<ul class=\"content-accordion lists content-accordion__lists lists__weight--medium lists__color--black lists__type--default\"><li><label>2024 &#8211; Heden<\/label><span>Projectleider Stedelijke Ontwikkeling gemeente Tilburg<\/span><\/li><li><label>2015 -2025<\/label><span>Gemeenteraadslid &amp; Fractievoorzitter D66 &#039;s-Hertogenbosch<\/span><\/li><li><label>2014 &#8211; 2024<\/label><span>Projectleider Ruimtelijke Ontwikkeling gemeente Waalre<\/span><\/li><\/ul>\t\t\t<\/div>\n\t\t<\/div>\n\t<\/section>\n\t<div aria-hidden=\"true\" class=\"content-accordion__border\"><\/div>\n<\/div>\t<\/div>\n<\/section>\n\t  <\/div>\n\t<\/div>\n  <\/div>\n\n\n<div\n  id=\"\"\n  class=\"wrapper  wrapper__spacing-bottom-large--50 wrapper__spacing-bottom-desktop--70 wrapper__spacing-bottom-mobile--50  wrapper__gutter--none\"\n  >\n  \t<div class=\"wrapper__container wrapper__container-width-large--default\">\n\t  <div class=\"wrapper__inner wrapper__width-large--18 wrapper__width-desktop--22 wrapper__width-mobile--24 wrapper__offset-large--6 wrapper__offset-desktop--2 wrapper__offset-mobile--0\">\n\t\t<section class=\"block-post-content\">\n\t<div class=\"block-post-content__title\">\n\t\t<h3 class=\"heading  heading__color--black heading__size--medium heading__font--sans heading__weight--semiBold  block-post-content__heading\" id=\"nav-lievelingsplek-in-de--br-gemeente-valkenswaard-4017\" data-nav-heading-mobile=\"Lievelingsplek in de gemeente Valkenswaard?\">\n\tLievelingsplek in de <br>gemeente Valkenswaard?<\/h3>\t<\/div>\n\t<div class=\"block-post-content__content\">\n\t\t\n<div\n  id=\"\"\n  class=\"wrapper  wrapper__spacing-bottom-large--30 wrapper__spacing-bottom-desktop--20  wrapper__gutter--none\"\n  >\n  \t<div class=\"wrapper__container wrapper__container-width-large--default\">\n\t  <div class=\"wrapper__inner wrapper__width-large--24 wrapper__width-mobile--24\">\n\t\t<p\n\t\tclass=\"paragraph paragraph__align--left paragraph__color--black paragraph__size--default   block-paragraph__paragraph\"\n\t\t\t>\n\t\tVoor de perfecte mix van rust \u00e9n reuring is Valkenswaard <em>the place to be<\/em>! \u00a0<br>\u00a0<br>Welke richting je ook op kijkt, lopend of fietsend sta je in mum van tijd in een van de vele natuurgebieden die onze gemeente rijk is. Mijn absolute favoriet? De Malpie, waar de Dommel zo prachtig door het landschap meandert.\u00a0<br>\u00a0<br>In Valkenswaard is altijd wat te doen. Bij onder meer de bloemencorso, carnaval en AmeeZing is De Statie mijn lievelingsplek!\t<\/p>\t  <\/div>\n\t<\/div>\n  <\/div>\n\n\t<\/div>\n\n\t<div class=\"block-post-content__sidebar\">\n\t\t\n\t\t\n\t\t\t<\/div>\n<\/section>\n\t  <\/div>\n\t<\/div>\n  <\/div>\n\n\n<div\n  id=\"\"\n  class=\"wrapper  wrapper__spacing-bottom-large--50 wrapper__spacing-bottom-desktop--70 wrapper__spacing-bottom-mobile--50  wrapper__gutter--none\"\n  >\n  \t<div class=\"wrapper__container wrapper__container-width-large--default\">\n\t  <div class=\"wrapper__inner wrapper__width-large--18 wrapper__width-desktop--22 wrapper__width-mobile--24 wrapper__offset-large--6 wrapper__offset-desktop--2 wrapper__offset-mobile--0\">\n\t\t<section class=\"block-post-content\">\n\t<div class=\"block-post-content__title\">\n\t\t<h3 class=\"heading  heading__color--black heading__size--medium heading__font--sans heading__weight--semiBold  block-post-content__heading\" id=\"nav-welke-kansen-zie-jij-voor-valkenswaard-3033\" data-nav-heading-mobile=\"Welke kansen zie jij voor Valkenswaard?\">\n\tWelke kansen zie jij voor Valkenswaard?<\/h3>\t<\/div>\n\t<div class=\"block-post-content__content\">\n\t\t\n<div\n  id=\"\"\n  class=\"wrapper  wrapper__spacing-bottom-large--30 wrapper__spacing-bottom-desktop--20  wrapper__gutter--none\"\n  >\n  \t<div class=\"wrapper__container wrapper__container-width-large--default\">\n\t  <div class=\"wrapper__inner wrapper__width-large--24 wrapper__width-mobile--24\">\n\t\t<p\n\t\tclass=\"paragraph paragraph__align--left paragraph__color--black paragraph__size--default   block-paragraph__paragraph\"\n\t\t\t>\n\t\tOpgaven zoals\u00a0betaalbaar wonen,\u00a0duurzame energie\u00a0en\u00a0een goede bereikbaarheid\u00a0dagen ons uit om groter te denken dan onze eigen gemeentegrens. Juist door te erkennen dat we dit samen met partijen uit de Brainport-regio moeten oplossen, ontsluiten we een wereld aan mogelijkheden.<br>\u00a0<br>De\u00a0Brainport-regio bruist\u00a0van de kansen en Valkenswaard kan als &#8216;Tuin van de Brainport&#8217; daarin een leidende rol pakken. Samen met\u00a0lokale partners\u00a0en\u00a0regionale krachten\u00a0gaan we deze uitdagingen met beide handen aan. Dit is h\u00e9t moment om samen te bouwen aan een n\u00f3g mooier Valkenswaard; <em>het kan w\u00e9l!<\/em>\t<\/p>\t  <\/div>\n\t<\/div>\n  <\/div>\n\n\t<\/div>\n\n\t<div class=\"block-post-content__sidebar\">\n\t\t\n\t\t\n\t\t\t<\/div>\n<\/section>\n\t  <\/div>\n\t<\/div>\n  <\/div>\n\n\n<div\n  id=\"\"\n  class=\"wrapper  wrapper__spacing-bottom-large--50 wrapper__spacing-bottom-desktop--70 wrapper__spacing-bottom-mobile--50  wrapper__gutter--none\"\n  >\n  \t<div class=\"wrapper__container wrapper__container-width-large--default\">\n\t  <div class=\"wrapper__inner wrapper__width-large--18 wrapper__width-desktop--22 wrapper__width-mobile--24 wrapper__offset-large--6 wrapper__offset-desktop--2 wrapper__offset-mobile--0\">\n\t\t<section class=\"block-post-content\">\n\t<div class=\"block-post-content__title\">\n\t\t<h3 class=\"heading  heading__color--black heading__size--medium heading__font--sans heading__weight--semiBold  block-post-content__heading\" id=\"nav-wat-zijn-zaken-die-jij-voor-valkenswaard-belangrijk-vindt-5334\" data-nav-heading-mobile=\"Wat zijn zaken die jij voor Valkenswaard belangrijk vindt?\">\n\tWat zijn zaken die jij voor Valkenswaard belangrijk vindt?<\/h3>\t<\/div>\n\t<div class=\"block-post-content__content\">\n\t\t\n<div\n  id=\"\"\n  class=\"wrapper  wrapper__spacing-bottom-large--30 wrapper__spacing-bottom-desktop--20  wrapper__gutter--none\"\n  >\n  \t<div class=\"wrapper__container wrapper__container-width-large--default\">\n\t  <div class=\"wrapper__inner wrapper__width-large--24 wrapper__width-mobile--24\">\n\t\t<p\n\t\tclass=\"paragraph paragraph__align--left paragraph__color--black paragraph__size--default   block-paragraph__paragraph\"\n\t\t\t>\n\t\tMet het\u00a0hoogste voorzieningenniveau per inwoner\u00a0in de hele Brainport-regio biedt Valkenswaard een ongekende rijkdom aan sport, cultuur en ontspanning. Dat is precies wat wonen en leven in ons prachtige Valkenswaard zo\u00a0uniek en bijzonder\u00a0maakt!<br>\u00a0<br>Om dit hoge niveau vast te houden en voor\u00a0iedereen\u00a0toegankelijk te maken, is het zaak om de kansen in de\u00a0Brainport-regio\u00a0slim te benutten. Door proactief in te spelen op regionale kansen, zorgen we dat onze voorzieningen bruisen als nooit tevoren. Samen maken we van Valkenswaard de\u00a0meest vitale en gastvrije tuin\u00a0van de regio.\u00a0Laten we die kansen verzilveren!\t<\/p>\t  <\/div>\n\t<\/div>\n  <\/div>\n\n\t<\/div>\n\n\t<div class=\"block-post-content__sidebar\">\n\t\t\n\t\t\n\t\t\t<\/div>\n<\/section>\n\t  <\/div>\n\t<\/div>\n  <\/div>\n","protected":false},"author":737,"featured_media":645,"menu_order":7,"template":"","labels":[],"search-tags":[],"division-tags":[32],"class_list":["post-641","people-type","type-people-type","status-publish","has-post-thumbnail","hentry","division-tags-kandidaten-d66-valkenswaard-gemeenteraadsverkiezingen-18-maart-2026"],"acf":[],"yoast_head":"<!-- This site is optimized with the Yoast SEO plugin v27.3 - https:\/\/yoast.com\/product\/yoast-seo-wordpress\/ -->\n<title>D66 Valkenswaard &#8212; Onze mensen<\/title>\n<meta name=\"robots\" content=\"index, follow, max-snippet:-1, max-image-preview:large, max-video-preview:-1\" \/>\n<link rel=\"canonical\" href=\"https:\/\/d66.nl\/valkenswaard\/mensen\/rene-van-den-kerkhof\/\" \/>\n<meta property=\"og:locale\" content=\"nl_NL\" \/>\n<meta property=\"og:type\" content=\"article\" \/>\n<meta property=\"og:title\" content=\"D66 Valkenswaard &#8212; Onze mensen\" \/>\n<meta property=\"og:url\" content=\"https:\/\/d66.nl\/valkenswaard\/mensen\/rene-van-den-kerkhof\/\" \/>\n<meta property=\"og:site_name\" content=\"D66 Valkenswaard\" \/>\n<meta property=\"article:modified_time\" content=\"2026-01-29T19:46:54+00:00\" \/>\n<meta property=\"og:image\" content=\"https:\/\/media.d66.nl\/uploads\/sites\/367\/2026\/01\/Rene-3.jpg\" \/>\n\t<meta property=\"og:image:width\" content=\"1984\" \/>\n\t<meta property=\"og:image:height\" content=\"2385\" \/>\n\t<meta property=\"og:image:type\" content=\"image\/jpeg\" \/>\n<meta name=\"twitter:card\" content=\"summary_large_image\" \/>\n<meta name=\"twitter:label1\" content=\"Geschatte leestijd\" \/>\n\t<meta name=\"twitter:data1\" content=\"1 minuut\" \/>\n<script type=\"application\/ld+json\" class=\"yoast-schema-graph\">{\"@context\":\"https:\\\/\\\/schema.org\",\"@graph\":[{\"@type\":\"WebPage\",\"@id\":\"https:\\\/\\\/d66.nl\\\/valkenswaard\\\/mensen\\\/rene-van-den-kerkhof\\\/\",\"url\":\"https:\\\/\\\/d66.nl\\\/valkenswaard\\\/mensen\\\/rene-van-den-kerkhof\\\/\",\"name\":\"D66 Valkenswaard &#8212; Onze mensen\",\"isPartOf\":{\"@id\":\"https:\\\/\\\/d66.nl\\\/valkenswaard\\\/#website\"},\"primaryImageOfPage\":{\"@id\":\"https:\\\/\\\/d66.nl\\\/valkenswaard\\\/mensen\\\/rene-van-den-kerkhof\\\/#primaryimage\"},\"image\":{\"@id\":\"https:\\\/\\\/d66.nl\\\/valkenswaard\\\/mensen\\\/rene-van-den-kerkhof\\\/#primaryimage\"},\"thumbnailUrl\":\"https:\\\/\\\/media.d66.nl\\\/uploads\\\/sites\\\/367\\\/2026\\\/01\\\/Rene-3.jpg\",\"datePublished\":\"2026-01-28T13:22:30+00:00\",\"dateModified\":\"2026-01-29T19:46:54+00:00\",\"breadcrumb\":{\"@id\":\"https:\\\/\\\/d66.nl\\\/valkenswaard\\\/mensen\\\/rene-van-den-kerkhof\\\/#breadcrumb\"},\"inLanguage\":\"nl-NL\",\"potentialAction\":[{\"@type\":\"ReadAction\",\"target\":[\"https:\\\/\\\/d66.nl\\\/valkenswaard\\\/mensen\\\/rene-van-den-kerkhof\\\/\"]}]},{\"@type\":\"ImageObject\",\"inLanguage\":\"nl-NL\",\"@id\":\"https:\\\/\\\/d66.nl\\\/valkenswaard\\\/mensen\\\/rene-van-den-kerkhof\\\/#primaryimage\",\"url\":\"https:\\\/\\\/media.d66.nl\\\/uploads\\\/sites\\\/367\\\/2026\\\/01\\\/Rene-3.jpg\",\"contentUrl\":\"https:\\\/\\\/media.d66.nl\\\/uploads\\\/sites\\\/367\\\/2026\\\/01\\\/Rene-3.jpg\",\"width\":1984,\"height\":2385},{\"@type\":\"BreadcrumbList\",\"@id\":\"https:\\\/\\\/d66.nl\\\/valkenswaard\\\/mensen\\\/rene-van-den-kerkhof\\\/#breadcrumb\",\"itemListElement\":[{\"@type\":\"ListItem\",\"position\":1,\"name\":\"Home\",\"item\":\"https:\\\/\\\/d66.nl\\\/valkenswaard\\\/\"},{\"@type\":\"ListItem\",\"position\":2,\"name\":\"Mensen\",\"item\":\"https:\\\/\\\/d66.nl\\\/valkenswaard\\\/mensen\\\/\"},{\"@type\":\"ListItem\",\"position\":3,\"name\":\"Ren\u00e9 van den Kerkhof\"}]},{\"@type\":\"WebSite\",\"@id\":\"https:\\\/\\\/d66.nl\\\/valkenswaard\\\/#website\",\"url\":\"https:\\\/\\\/d66.nl\\\/valkenswaard\\\/\",\"name\":\"D66 Valkenswaard\",\"description\":\"Just another D66 Sites site\",\"publisher\":{\"@id\":\"https:\\\/\\\/d66.nl\\\/valkenswaard\\\/#organization\"},\"potentialAction\":[{\"@type\":\"SearchAction\",\"target\":{\"@type\":\"EntryPoint\",\"urlTemplate\":\"https:\\\/\\\/d66.nl\\\/valkenswaard\\\/?s={search_term_string}\"},\"query-input\":{\"@type\":\"PropertyValueSpecification\",\"valueRequired\":true,\"valueName\":\"search_term_string\"}}],\"inLanguage\":\"nl-NL\"},{\"@type\":\"Organization\",\"@id\":\"https:\\\/\\\/d66.nl\\\/valkenswaard\\\/#organization\",\"name\":\"D66\",\"url\":\"https:\\\/\\\/d66.nl\\\/valkenswaard\\\/\",\"logo\":{\"@type\":\"ImageObject\",\"inLanguage\":\"nl-NL\",\"@id\":\"https:\\\/\\\/d66.nl\\\/valkenswaard\\\/#\\\/schema\\\/logo\\\/image\\\/\",\"url\":\"https:\\\/\\\/d66.nl\\\/valkenswaard\\\/wp-content\\\/uploads\\\/sites\\\/2\\\/2021\\\/10\\\/d66-themas-algemeen-og.png\",\"contentUrl\":\"https:\\\/\\\/d66.nl\\\/valkenswaard\\\/wp-content\\\/uploads\\\/sites\\\/2\\\/2021\\\/10\\\/d66-themas-algemeen-og.png\",\"width\":1200,\"height\":628,\"caption\":\"D66\"},\"image\":{\"@id\":\"https:\\\/\\\/d66.nl\\\/valkenswaard\\\/#\\\/schema\\\/logo\\\/image\\\/\"}}]}<\/script>\n<!-- \/ Yoast SEO plugin. -->","yoast_head_json":{"title":"D66 Valkenswaard &#8212; Onze mensen","robots":{"index":"index","follow":"follow","max-snippet":"max-snippet:-1","max-image-preview":"max-image-preview:large","max-video-preview":"max-video-preview:-1"},"canonical":"https:\/\/d66.nl\/valkenswaard\/mensen\/rene-van-den-kerkhof\/","og_locale":"nl_NL","og_type":"article","og_title":"D66 Valkenswaard &#8212; Onze mensen","og_url":"https:\/\/d66.nl\/valkenswaard\/mensen\/rene-van-den-kerkhof\/","og_site_name":"D66 Valkenswaard","article_modified_time":"2026-01-29T19:46:54+00:00","og_image":[{"width":1984,"height":2385,"url":"https:\/\/media.d66.nl\/uploads\/sites\/367\/2026\/01\/Rene-3.jpg","type":"image\/jpeg"}],"twitter_card":"summary_large_image","twitter_misc":{"Geschatte leestijd":"1 minuut"},"schema":{"@context":"https:\/\/schema.org","@graph":[{"@type":"WebPage","@id":"https:\/\/d66.nl\/valkenswaard\/mensen\/rene-van-den-kerkhof\/","url":"https:\/\/d66.nl\/valkenswaard\/mensen\/rene-van-den-kerkhof\/","name":"D66 Valkenswaard &#8212; Onze mensen","isPartOf":{"@id":"https:\/\/d66.nl\/valkenswaard\/#website"},"primaryImageOfPage":{"@id":"https:\/\/d66.nl\/valkenswaard\/mensen\/rene-van-den-kerkhof\/#primaryimage"},"image":{"@id":"https:\/\/d66.nl\/valkenswaard\/mensen\/rene-van-den-kerkhof\/#primaryimage"},"thumbnailUrl":"https:\/\/media.d66.nl\/uploads\/sites\/367\/2026\/01\/Rene-3.jpg","datePublished":"2026-01-28T13:22:30+00:00","dateModified":"2026-01-29T19:46:54+00:00","breadcrumb":{"@id":"https:\/\/d66.nl\/valkenswaard\/mensen\/rene-van-den-kerkhof\/#breadcrumb"},"inLanguage":"nl-NL","potentialAction":[{"@type":"ReadAction","target":["https:\/\/d66.nl\/valkenswaard\/mensen\/rene-van-den-kerkhof\/"]}]},{"@type":"ImageObject","inLanguage":"nl-NL","@id":"https:\/\/d66.nl\/valkenswaard\/mensen\/rene-van-den-kerkhof\/#primaryimage","url":"https:\/\/media.d66.nl\/uploads\/sites\/367\/2026\/01\/Rene-3.jpg","contentUrl":"https:\/\/media.d66.nl\/uploads\/sites\/367\/2026\/01\/Rene-3.jpg","width":1984,"height":2385},{"@type":"BreadcrumbList","@id":"https:\/\/d66.nl\/valkenswaard\/mensen\/rene-van-den-kerkhof\/#breadcrumb","itemListElement":[{"@type":"ListItem","position":1,"name":"Home","item":"https:\/\/d66.nl\/valkenswaard\/"},{"@type":"ListItem","position":2,"name":"Mensen","item":"https:\/\/d66.nl\/valkenswaard\/mensen\/"},{"@type":"ListItem","position":3,"name":"Ren\u00e9 van den Kerkhof"}]},{"@type":"WebSite","@id":"https:\/\/d66.nl\/valkenswaard\/#website","url":"https:\/\/d66.nl\/valkenswaard\/","name":"D66 Valkenswaard","description":"Just another D66 Sites site","publisher":{"@id":"https:\/\/d66.nl\/valkenswaard\/#organization"},"potentialAction":[{"@type":"SearchAction","target":{"@type":"EntryPoint","urlTemplate":"https:\/\/d66.nl\/valkenswaard\/?s={search_term_string}"},"query-input":{"@type":"PropertyValueSpecification","valueRequired":true,"valueName":"search_term_string"}}],"inLanguage":"nl-NL"},{"@type":"Organization","@id":"https:\/\/d66.nl\/valkenswaard\/#organization","name":"D66","url":"https:\/\/d66.nl\/valkenswaard\/","logo":{"@type":"ImageObject","inLanguage":"nl-NL","@id":"https:\/\/d66.nl\/valkenswaard\/#\/schema\/logo\/image\/","url":"https:\/\/d66.nl\/valkenswaard\/wp-content\/uploads\/sites\/2\/2021\/10\/d66-themas-algemeen-og.png","contentUrl":"https:\/\/d66.nl\/valkenswaard\/wp-content\/uploads\/sites\/2\/2021\/10\/d66-themas-algemeen-og.png","width":1200,"height":628,"caption":"D66"},"image":{"@id":"https:\/\/d66.nl\/valkenswaard\/#\/schema\/logo\/image\/"}}]}},"_links":{"self":[{"href":"https:\/\/d66.nl\/valkenswaard\/wp-json\/wp\/v2\/people-type\/641","targetHints":{"allow":["GET"]}}],"collection":[{"href":"https:\/\/d66.nl\/valkenswaard\/wp-json\/wp\/v2\/people-type"}],"about":[{"href":"https:\/\/d66.nl\/valkenswaard\/wp-json\/wp\/v2\/types\/people-type"}],"author":[{"embeddable":true,"href":"https:\/\/d66.nl\/valkenswaard\/wp-json\/wp\/v2\/users\/737"}],"wp:featuredmedia":[{"embeddable":true,"href":"https:\/\/d66.nl\/valkenswaard\/wp-json\/wp\/v2\/media\/645"}],"wp:attachment":[{"href":"https:\/\/d66.nl\/valkenswaard\/wp-json\/wp\/v2\/media?parent=641"}],"wp:term":[{"taxonomy":"labels","embeddable":true,"href":"https:\/\/d66.nl\/valkenswaard\/wp-json\/wp\/v2\/labels?post=641"},{"taxonomy":"search-tags","embeddable":true,"href":"https:\/\/d66.nl\/valkenswaard\/wp-json\/wp\/v2\/search-tags?post=641"},{"taxonomy":"division-tags","embeddable":true,"href":"https:\/\/d66.nl\/valkenswaard\/wp-json\/wp\/v2\/division-tags?post=641"}],"curies":[{"name":"wp","href":"https:\/\/api.w.org\/{rel}","templated":true}]}}