{"id":311,"date":"2021-10-27T12:20:35","date_gmt":"2021-10-27T12:20:35","guid":{"rendered":"https:\/\/d66.nl\/sudwestfryslan\/?page_id=311"},"modified":"2026-01-26T11:34:01","modified_gmt":"2026-01-26T11:34:01","slug":"werk-en-inkomen","status":"publish","type":"topics","link":"https:\/\/d66.nl\/sudwestfryslan\/standpunten\/werk-en-inkomen\/","title":{"rendered":"Werk en inkomen"},"content":{"rendered":"<div\n  id=\"\"\n  class=\"wrapper  wrapper__spacing-bottom-large--100 wrapper__spacing-bottom-desktop--140 wrapper__spacing-bottom-mobile--110  wrapper__gutter--none\"\n  >\n  \t<div class=\"wrapper__container wrapper__container-width-large--default\">\n\t  <div class=\"wrapper__inner wrapper__width-large--24 wrapper__width-desktop--22 wrapper__width-mobile--24 wrapper__offset-large--0 wrapper__offset-desktop--2 wrapper__offset-mobile--0\">\n\t\t<section\n  class=\"block-small-hero\"\n  data-video-url=\"\"\n>\n  <div class=\"block-small-hero__wrapper\">\n\t<div class=\"block-small-hero__heading\">\n\t  <div class=\"block-small-hero__title\">\n\t\t<h1 class=\"heading heading__align--left heading__color--black heading__size--giant  heading__weight--normal\" id=\"nav-introductie6254\" data-nav-heading=\"Introductie\" data-nav-heading-mobile=\"Introductie\">\n\tMet een eerlijke baan ben je pas echt vrij<\/h1>\t  <\/div>\n\t  \t<\/div>\n\n\t\n\t\t  <div class=\"block-small-hero__image\">\n\t\t<img loading=\"lazy\" decoding=\"async\" width=\"1024\" height=\"576\" src=\"https:\/\/d66.nl\/sudwestfryslan\/wp-content\/uploads\/sites\/3\/2021\/10\/d66-werk-inkomen_horeca_werken_iStock-1024x576.jpg\" class=\"image block-small-hero__img\" alt=\"\" \/>\n\t\t\t<div class=\"image__caption-wrapper block-small-hero__caption-wrapper\">\n\t\t\t<div class=\"image__caption block-small-hero__caption\">\n\t\t\t\t<p class=\"paragraph paragraph__align--left paragraph__color--black paragraph__size--small paragraph__weight--medium\">\n\t\tBen je echt vrij als je drie banen nodig hebt om rond te komen? <i>&#x2022;<\/i> Beeld: iSock\t<\/p>\t\t\t<\/div>\n\t\t<\/div>\t  <\/div>\n\t\t<div class=\"block-small-hero__columns block-small-hero__columns--two\" data-accordion-active=\"0\">\n\t  <div class=\"block-small-hero__column\">\n\t\t<p class=\"paragraph paragraph__align--left paragraph__color--black paragraph__size--default\">\n\t\tWerk geeft meer dan inkomen. Het geeft eigenwaarde, structuur en perspectief. Iedereen die kan en wil werken, moet de kans krijgen om mee te doen in S\u00fadwest-Frysl\u00e2n.<br><br>Wij bouwen aan een inclusieve arbeidsmarkt waarin talent centraal staat, niet afkomst, leeftijd of beperking. Werkgevers ondersteunen we bij inclusief werven en werken. Mensen met een ondersteuningsbehoefte helpen we met begeleiding, praktijkleren en loonkostensubsidies naar duurzaam werk dichtbij huis.\t<\/p>\t  <\/div>\n\t  \t  <div class=\"block-small-hero__column\">\n\t\t\t<p class=\"paragraph paragraph__align--left paragraph__color--black paragraph__size--default\">\n\t\tMet S\u00fadwest Werkt cre\u00ebren we \u00e9\u00e9n herkenbaar regionaal platform waar vacatures, stages, opleidingen en loopbaanadvies samenkomen. Zo verbinden we onderwijs, ondernemers en werkzoekenden en maken we kansen zichtbaar.<br><br>Wie zijn baan verliest, laten we niet vallen. Met om- en bijscholing en gerichte ondersteuning zorgen we dat mensen zich kunnen blijven ontwikkelen en perspectief houden op passend werk.<br>\t<\/p>\t  <\/div>\n\t  \t  \t<\/div>\n  <\/div>\n<\/section>\n\n\t  <\/div>\n\t<\/div>\n  <\/div>\n\n\n<div\n  id=\"\"\n  class=\"wrapper wrapper__spacing-top-large--0 wrapper__spacing-bottom-large--60  wrapper__gutter--none\"\n  >\n  \t<div class=\"wrapper__container wrapper__container-width-large--default\">\n\t  <div class=\"wrapper__inner wrapper__width-large--24 wrapper__width-mobile--24\">\n\t\t<h2 class=\"heading heading__align--left heading__color--black heading__size--huge heading__font--sans heading__weight--semiBold  block-heading__heading\" id=\"nav-standpunten3743\" data-nav-heading=\"Standpunten\" data-nav-heading-mobile=\"Standpunten\" >\n\tOnze standpunten<\/h2>\t  <\/div>\n\t<\/div>\n  <\/div>\n\n\n<div\n  id=\"\"\n  class=\"wrapper  wrapper__spacing-bottom-large--100  wrapper__gutter--none\"\n  >\n  \t<div class=\"wrapper__container wrapper__container-width-large--default\">\n\t  <div class=\"wrapper__inner wrapper__width-large--22 wrapper__width-mobile--24\">\n\t\t<div class=\"js-article-grid\">\n\t\t<div\n\t\tclass=\"block-article-listing js-block-article-listing\"\n\t\tdata-latest-post-id=\"949\"\n\t\tdata-how-many-to-load=\"12\"\n\t\tdata-post-type=\"manifesto\"\n\t\tdata-filtering=\"no-filter\"\t\tdata-categories=\"18\"\t\tdata-sites=\"\"\n\t\tdata-syndication=\"current-site\"\n\t\tdata-nothing-found-text=\"\"\n\n\t\t\t\t>\n\t\t<input type=\"hidden\" id=\"_wpnonce\" name=\"_wpnonce\" value=\"c773d9327a\" \/><input type=\"hidden\" name=\"_wp_http_referer\" value=\"\/sudwestfryslan\/wp-json\/wp\/v2\/standpunten\/311\" \/><div class=\"block-point-of-view-grid-new js-block-point-of-view-grid-new\">\n\t<div class=\"block-point-of-view-grid-new__grid\">\n\n\t\t\t\t\t<div class=\"block-point-of-view-grid-new__row-desktop block-point-of-view-grid-new__row-desktop-bottom\">\n\t\t\t\t\t\t\t\t\t\t\t\t\t\t\t<div class=\"block-point-of-view-grid-new__item block-point-of-view-grid-new__item--first\">\n\t\t\t\t\t\t\t<div class=\"mini-card  mini-card__style mini-card__style--spacious   block-point-of-view-grid-new__mini-card\" data-post-id=\"0\">\n\t\n\t\t\t<div class=\"mini-card__image-wrapper\">\n\t\t\t\t\t<\/div>\n\t\t\t\t<div class=\"mini-card__heading  mini-card__limit-lines mini-card__limit-lines--2\">\n\t\t\t<a href=\"https:\/\/d66.nl\/sudwestfryslan\/verkiezingsprogramma\/deelvervoer-beschikbaar-in-elke-kern\/\" class=\"mini-card__link\">\n\t\t\t\t<h2 class=\"heading heading__align--left heading__color--black heading__size--medium heading__font--sans heading__weight--bold\" id=\"nav-leefbaarheid-en-mobiliteit4906\">\n\tLeefbaarheid en mobiliteit<\/h2>\t\t\t<\/a>\n\t\t<\/div>\n\t\t\t\t\n\t\t\t<div class=\"mini-card__paragraph  mini-card__limit-lines mini-card__limit-lines--3\">\n\t\t\t<p class=\"paragraph paragraph__align--left paragraph__color--black paragraph__size--default paragraph__weight--medium\">\n\t\tDeelmobiliteit in alle 89 dorpen en steden, veilige fietsroutes en slimme verbindingen tussen fiets, openbaar vervoer en deelvervoer.\t<\/p>\t\t<\/div>\n\t\n\t<a href=\"https:\/\/d66.nl\/sudwestfryslan\/verkiezingsprogramma\/deelvervoer-beschikbaar-in-elke-kern\/\" class=\"buttonV2 buttonV2__color--transparent buttonV2__size--default buttonV2__size-width--default buttonV2__link  mini-card__buttonV2\" id=\"\" target=\"\">\n\t<div class=\"buttonV2__top-wrapper buttonV2__arrow-align--right\">\n\t\t\t\t\t<span class=\"buttonV2__title\">\n\t\t\t\tLees verder\t\t\t<\/span>\n\t\t\n\t\t\t\t\t<div class=\"buttonV2__icon\">\n\t\t\t\t<svg xmlns='http:\/\/www.w3.org\/2000\/svg' viewBox='0 0 58.14 50.62'><path d='m32.82 50.62 25.32-25.31L32.82 0l-4.35 4.35 17.92 17.86H0v6.21h46.39L28.47 46.33l4.35 4.29z' fill='currentColor' \/><\/svg>\t\t\t<\/div>\n\t\t\t<\/div>\n\n\t<\/a><\/div>\t\t\t\t\t\t<\/div>\n\t\t\t\t\t\t\t\t\t\t\t\t\t\t\t\t\t\t\t\t<div class=\"block-point-of-view-grid-new__item block-point-of-view-grid-new__item--second\">\n\t\t\t\t\t\t\t<div class=\"mini-card  mini-card__style mini-card__style--spacious   block-point-of-view-grid-new__mini-card\" data-post-id=\"0\">\n\t\n\t\t\t<div class=\"mini-card__image-wrapper\">\n\t\t\t\t\t<\/div>\n\t\t\t\t<div class=\"mini-card__heading  mini-card__limit-lines mini-card__limit-lines--2\">\n\t\t\t<a href=\"https:\/\/d66.nl\/sudwestfryslan\/verkiezingsprogramma\/100-historische-woonschepen\/\" class=\"mini-card__link\">\n\t\t\t\t<h2 class=\"heading heading__align--left heading__color--black heading__size--medium heading__font--sans heading__weight--bold\" id=\"nav-wonen2123\">\n\tWonen<\/h2>\t\t\t<\/a>\n\t\t<\/div>\n\t\t\t\t\n\t\t\t<div class=\"mini-card__paragraph  mini-card__limit-lines mini-card__limit-lines--3\">\n\t\t\t<p class=\"paragraph paragraph__align--left paragraph__color--black paragraph__size--default paragraph__weight--medium\">\n\t\tBetaalbaar wonen voor starters met honderd historische woonschepen, gerichte nieuwbouw voor jongeren en \u00e9\u00e9n- en tweepersoonshuishoudens.\t<\/p>\t\t<\/div>\n\t\n\t<a href=\"https:\/\/d66.nl\/sudwestfryslan\/verkiezingsprogramma\/100-historische-woonschepen\/\" class=\"buttonV2 buttonV2__color--transparent buttonV2__size--default buttonV2__size-width--default buttonV2__link  mini-card__buttonV2\" id=\"\" target=\"\">\n\t<div class=\"buttonV2__top-wrapper buttonV2__arrow-align--right\">\n\t\t\t\t\t<span class=\"buttonV2__title\">\n\t\t\t\tLees verder\t\t\t<\/span>\n\t\t\n\t\t\t\t\t<div class=\"buttonV2__icon\">\n\t\t\t\t<svg xmlns='http:\/\/www.w3.org\/2000\/svg' viewBox='0 0 58.14 50.62'><path d='m32.82 50.62 25.32-25.31L32.82 0l-4.35 4.35 17.92 17.86H0v6.21h46.39L28.47 46.33l4.35 4.29z' fill='currentColor' \/><\/svg>\t\t\t<\/div>\n\t\t\t<\/div>\n\n\t<\/a><\/div>\t\t\t\t\t\t<\/div>\n\t\t\t\t\t\t\t\t\t\t\t\t\t\t\t\t\t\t\t\t<div class=\"block-point-of-view-grid-new__item block-point-of-view-grid-new__item--third\">\n\t\t\t\t\t\t\t<div class=\"mini-card  mini-card__style mini-card__style--spacious   block-point-of-view-grid-new__mini-card\" data-post-id=\"0\">\n\t\n\t\t\t<div class=\"mini-card__image-wrapper\">\n\t\t\t\t\t<\/div>\n\t\t\t\t<div class=\"mini-card__heading  mini-card__limit-lines mini-card__limit-lines--2\">\n\t\t\t<a href=\"https:\/\/d66.nl\/sudwestfryslan\/verkiezingsprogramma\/6-winkelpanden-voor-6-euro-per-maand\/\" class=\"mini-card__link\">\n\t\t\t\t<h2 class=\"heading heading__align--left heading__color--black heading__size--medium heading__font--sans heading__weight--bold\" id=\"nav-ondernemerschap1350\">\n\tOndernemerschap<\/h2>\t\t\t<\/a>\n\t\t<\/div>\n\t\t\t\t\n\t\t\t<div class=\"mini-card__paragraph  mini-card__limit-lines mini-card__limit-lines--3\">\n\t\t\t<p class=\"paragraph paragraph__align--left paragraph__color--black paragraph__size--default paragraph__weight--medium\">\n\t\tzes winkelpanden voor zes euro per maand om leegstand tegen te gaan en starters en vernieuwende ondernemers ruimte te geven.\t<\/p>\t\t<\/div>\n\t\n\t<a href=\"https:\/\/d66.nl\/sudwestfryslan\/verkiezingsprogramma\/6-winkelpanden-voor-6-euro-per-maand\/\" class=\"buttonV2 buttonV2__color--transparent buttonV2__size--default buttonV2__size-width--default buttonV2__link  mini-card__buttonV2\" id=\"\" target=\"\">\n\t<div class=\"buttonV2__top-wrapper buttonV2__arrow-align--right\">\n\t\t\t\t\t<span class=\"buttonV2__title\">\n\t\t\t\tLees verder\t\t\t<\/span>\n\t\t\n\t\t\t\t\t<div class=\"buttonV2__icon\">\n\t\t\t\t<svg xmlns='http:\/\/www.w3.org\/2000\/svg' viewBox='0 0 58.14 50.62'><path d='m32.82 50.62 25.32-25.31L32.82 0l-4.35 4.35 17.92 17.86H0v6.21h46.39L28.47 46.33l4.35 4.29z' fill='currentColor' \/><\/svg>\t\t\t<\/div>\n\t\t\t<\/div>\n\n\t<\/a><\/div>\t\t\t\t\t\t<\/div>\n\t\t\t\t\t\t\t\t\t\t\t\t<\/div>\n\t\t\n\t\t\t\t\t<div class=\"block-point-of-view-grid-new__row-desktop block-point-of-view-grid-new__row-desktop-bottom\">\n\t\t\t\t\t\t\t\t\t\t\t\t\t\t\t<div class=\"block-point-of-view-grid-new__item block-point-of-view-grid-new__item--fourth\">\n\t\t\t\t\t\t\t<div class=\"mini-card  mini-card__style mini-card__style--spacious   block-point-of-view-grid-new__mini-card\" data-post-id=\"0\">\n\t\n\t\t\t<div class=\"mini-card__image-wrapper\">\n\t\t\t\t\t<\/div>\n\t\t\t\t<div class=\"mini-card__heading  mini-card__limit-lines mini-card__limit-lines--2\">\n\t\t\t<a href=\"https:\/\/d66.nl\/sudwestfryslan\/verkiezingsprogramma\/onze-dochters-veilig-op-straat\/\" class=\"mini-card__link\">\n\t\t\t\t<h2 class=\"heading heading__align--left heading__color--black heading__size--medium heading__font--sans heading__weight--bold\" id=\"nav-veiligheid9885\">\n\tVeiligheid<\/h2>\t\t\t<\/a>\n\t\t<\/div>\n\t\t\t\t\n\t\t\t<div class=\"mini-card__paragraph  mini-card__limit-lines mini-card__limit-lines--3\">\n\t\t\t<p class=\"paragraph paragraph__align--left paragraph__color--black paragraph__size--default paragraph__weight--medium\">\n\t\tInvesteren in veilige routes, goede verlichting en een duidelijke aanpak van intimidatie en geweld, zodat iedereen zich veilig voelt.\t<\/p>\t\t<\/div>\n\t\n\t<a href=\"https:\/\/d66.nl\/sudwestfryslan\/verkiezingsprogramma\/onze-dochters-veilig-op-straat\/\" class=\"buttonV2 buttonV2__color--transparent buttonV2__size--default buttonV2__size-width--default buttonV2__link  mini-card__buttonV2\" id=\"\" target=\"\">\n\t<div class=\"buttonV2__top-wrapper buttonV2__arrow-align--right\">\n\t\t\t\t\t<span class=\"buttonV2__title\">\n\t\t\t\tLees verder\t\t\t<\/span>\n\t\t\n\t\t\t\t\t<div class=\"buttonV2__icon\">\n\t\t\t\t<svg xmlns='http:\/\/www.w3.org\/2000\/svg' viewBox='0 0 58.14 50.62'><path d='m32.82 50.62 25.32-25.31L32.82 0l-4.35 4.35 17.92 17.86H0v6.21h46.39L28.47 46.33l4.35 4.29z' fill='currentColor' \/><\/svg>\t\t\t<\/div>\n\t\t\t<\/div>\n\n\t<\/a><\/div>\t\t\t\t\t\t<\/div>\n\t\t\t\t\t\t\t\t\t\t\t\t\t\t\t\t\t\t\t\t<div class=\"block-point-of-view-grid-new__item block-point-of-view-grid-new__item--fifth\">\n\t\t\t\t\t\t\t<div class=\"mini-card  mini-card__style mini-card__style--spacious   block-point-of-view-grid-new__mini-card\" data-post-id=\"0\">\n\t\n\t\t\t<div class=\"mini-card__image-wrapper\">\n\t\t\t\t\t<\/div>\n\t\t\t\t<div class=\"mini-card__heading  mini-card__limit-lines mini-card__limit-lines--2\">\n\t\t\t<a href=\"https:\/\/d66.nl\/sudwestfryslan\/verkiezingsprogramma\/inwoners-beslissen-zelf-over-hun-budget\/\" class=\"mini-card__link\">\n\t\t\t\t<h2 class=\"heading heading__align--left heading__color--black heading__size--medium heading__font--sans heading__weight--bold\" id=\"nav-inwoners-beslissen-zelf-over-hun-budget6558\">\n\tInwoners beslissen zelf over hun budget<\/h2>\t\t\t<\/a>\n\t\t<\/div>\n\t\t\t\t\n\t\t\t<div class=\"mini-card__paragraph  mini-card__limit-lines mini-card__limit-lines--3\">\n\t\t\t<p class=\"paragraph paragraph__align--left paragraph__color--black paragraph__size--default paragraph__weight--medium\">\n\t\tMeer zeggenschap voor inwoners via S\u00fadwest Begroot, waarbij dorpen en wijken zelf beslissen over hun budget.\t<\/p>\t\t<\/div>\n\t\n\t<a href=\"https:\/\/d66.nl\/sudwestfryslan\/verkiezingsprogramma\/inwoners-beslissen-zelf-over-hun-budget\/\" class=\"buttonV2 buttonV2__color--transparent buttonV2__size--default buttonV2__size-width--default buttonV2__link  mini-card__buttonV2\" id=\"\" target=\"\">\n\t<div class=\"buttonV2__top-wrapper buttonV2__arrow-align--right\">\n\t\t\t\t\t<span class=\"buttonV2__title\">\n\t\t\t\tLees verder\t\t\t<\/span>\n\t\t\n\t\t\t\t\t<div class=\"buttonV2__icon\">\n\t\t\t\t<svg xmlns='http:\/\/www.w3.org\/2000\/svg' viewBox='0 0 58.14 50.62'><path d='m32.82 50.62 25.32-25.31L32.82 0l-4.35 4.35 17.92 17.86H0v6.21h46.39L28.47 46.33l4.35 4.29z' fill='currentColor' \/><\/svg>\t\t\t<\/div>\n\t\t\t<\/div>\n\n\t<\/a><\/div>\t\t\t\t\t\t<\/div>\n\t\t\t\t\t\t\t\t\t\t\t\t\t\t\t\t\t\t\t\t<div class=\"block-point-of-view-grid-new__item block-point-of-view-grid-new__item--sixth\">\n\t\t\t\t\t\t\t<div class=\"mini-card  mini-card__style mini-card__style--spacious   block-point-of-view-grid-new__mini-card\" data-post-id=\"0\">\n\t\n\t\t\t\t<div class=\"mini-card__heading  mini-card__limit-lines mini-card__limit-lines--2\">\n\t\t\t<a href=\"https:\/\/d66.nl\/sudwestfryslan\/verkiezingsprogramma\/een-gezonde-toekomst-voor-iedereen\/\" class=\"mini-card__link\">\n\t\t\t\t<h2 class=\"heading heading__align--left heading__color--black heading__size--medium heading__font--sans heading__weight--bold\" id=\"nav-een-gezonde-toekomst-voor-iedereen6410\">\n\tEen gezonde toekomst voor iedereen<\/h2>\t\t\t<\/a>\n\t\t<\/div>\n\t\t\t\t\n\t\t\t<div class=\"mini-card__paragraph  mini-card__limit-lines mini-card__limit-lines--3\">\n\t\t\t<p class=\"paragraph paragraph__align--left paragraph__color--black paragraph__size--default paragraph__weight--medium\">\n\t\tWe bouwen aan de gezondste generatie, met preventie en sport voor iedereen. Met sterke gebiedsteams, steun voor gezinnen en mantelzorgers en huisartsen dichtbij houden we zorg toegankelijk en persoonlijk.\t<\/p>\t\t<\/div>\n\t\n\t<a href=\"https:\/\/d66.nl\/sudwestfryslan\/verkiezingsprogramma\/een-gezonde-toekomst-voor-iedereen\/\" class=\"buttonV2 buttonV2__color--transparent buttonV2__size--default buttonV2__size-width--default buttonV2__link  mini-card__buttonV2\" id=\"\" target=\"\">\n\t<div class=\"buttonV2__top-wrapper buttonV2__arrow-align--right\">\n\t\t\t\t\t<span class=\"buttonV2__title\">\n\t\t\t\tLees verder\t\t\t<\/span>\n\t\t\n\t\t\t\t\t<div class=\"buttonV2__icon\">\n\t\t\t\t<svg xmlns='http:\/\/www.w3.org\/2000\/svg' viewBox='0 0 58.14 50.62'><path d='m32.82 50.62 25.32-25.31L32.82 0l-4.35 4.35 17.92 17.86H0v6.21h46.39L28.47 46.33l4.35 4.29z' fill='currentColor' \/><\/svg>\t\t\t<\/div>\n\t\t\t<\/div>\n\n\t<\/a><\/div>\t\t\t\t\t\t<\/div>\n\t\t\t\t\t\t\t\t\t\t\t\t<\/div>\n\t\t\n\t<\/div>\n\t\t\t<div class=\"block-point-of-view-grid-new__accordions\">\n\t\t\t\t\t\t\t\t\t\t\t\t<div class=\"block-point-of-view-grid-new block-point-of-view-grid-new--first\">\n\t\t\t\t\t\t<div class=\"mini-card  mini-card__style mini-card__style--spacious   block-point-of-view-grid-new__mini-card\" data-post-id=\"0\">\n\t\n\t\t\t<div class=\"mini-card__image-wrapper\">\n\t\t\t\t\t<\/div>\n\t\t\t\t<div class=\"mini-card__heading  mini-card__limit-lines mini-card__limit-lines--2\">\n\t\t\t<a href=\"https:\/\/d66.nl\/sudwestfryslan\/verkiezingsprogramma\/deelvervoer-beschikbaar-in-elke-kern\/\" class=\"mini-card__link\">\n\t\t\t\t<h2 class=\"heading heading__align--left heading__color--black heading__size--medium heading__font--sans heading__weight--bold\" id=\"nav-leefbaarheid-en-mobiliteit1700\">\n\tLeefbaarheid en mobiliteit<\/h2>\t\t\t<\/a>\n\t\t<\/div>\n\t\t\t\t\n\t\t\t<div class=\"mini-card__paragraph  mini-card__limit-lines mini-card__limit-lines--3\">\n\t\t\t<p class=\"paragraph paragraph__align--left paragraph__color--black paragraph__size--default paragraph__weight--medium\">\n\t\tDeelmobiliteit in alle 89 dorpen en steden, veilige fietsroutes en slimme verbindingen tussen fiets, openbaar vervoer en deelvervoer.\t<\/p>\t\t<\/div>\n\t\n\t<a href=\"https:\/\/d66.nl\/sudwestfryslan\/verkiezingsprogramma\/deelvervoer-beschikbaar-in-elke-kern\/\" class=\"buttonV2 buttonV2__color--transparent buttonV2__size--default buttonV2__size-width--default buttonV2__link  mini-card__buttonV2\" id=\"\" target=\"\">\n\t<div class=\"buttonV2__top-wrapper buttonV2__arrow-align--right\">\n\t\t\t\t\t<span class=\"buttonV2__title\">\n\t\t\t\tLees verder\t\t\t<\/span>\n\t\t\n\t\t\t\t\t<div class=\"buttonV2__icon\">\n\t\t\t\t<svg xmlns='http:\/\/www.w3.org\/2000\/svg' viewBox='0 0 58.14 50.62'><path d='m32.82 50.62 25.32-25.31L32.82 0l-4.35 4.35 17.92 17.86H0v6.21h46.39L28.47 46.33l4.35 4.29z' fill='currentColor' \/><\/svg>\t\t\t<\/div>\n\t\t\t<\/div>\n\n\t<\/a><\/div>\t\t\t\t\t<\/div>\n\t\t\t\t\t\t\t\t\t\t\t\t\t\t\t\t<div class=\"block-point-of-view-grid-new block-point-of-view-grid-new--second\">\n\t\t\t\t\t\t<div class=\"mini-card  mini-card__style mini-card__style--spacious   block-point-of-view-grid-new__mini-card\" data-post-id=\"0\">\n\t\n\t\t\t<div class=\"mini-card__image-wrapper\">\n\t\t\t\t\t<\/div>\n\t\t\t\t<div class=\"mini-card__heading  mini-card__limit-lines mini-card__limit-lines--2\">\n\t\t\t<a href=\"https:\/\/d66.nl\/sudwestfryslan\/verkiezingsprogramma\/100-historische-woonschepen\/\" class=\"mini-card__link\">\n\t\t\t\t<h2 class=\"heading heading__align--left heading__color--black heading__size--medium heading__font--sans heading__weight--bold\" id=\"nav-wonen4589\">\n\tWonen<\/h2>\t\t\t<\/a>\n\t\t<\/div>\n\t\t\t\t\n\t\t\t<div class=\"mini-card__paragraph  mini-card__limit-lines mini-card__limit-lines--3\">\n\t\t\t<p class=\"paragraph paragraph__align--left paragraph__color--black paragraph__size--default paragraph__weight--medium\">\n\t\tBetaalbaar wonen voor starters met honderd historische woonschepen, gerichte nieuwbouw voor jongeren en \u00e9\u00e9n- en tweepersoonshuishoudens.\t<\/p>\t\t<\/div>\n\t\n\t<a href=\"https:\/\/d66.nl\/sudwestfryslan\/verkiezingsprogramma\/100-historische-woonschepen\/\" class=\"buttonV2 buttonV2__color--transparent buttonV2__size--default buttonV2__size-width--default buttonV2__link  mini-card__buttonV2\" id=\"\" target=\"\">\n\t<div class=\"buttonV2__top-wrapper buttonV2__arrow-align--right\">\n\t\t\t\t\t<span class=\"buttonV2__title\">\n\t\t\t\tLees verder\t\t\t<\/span>\n\t\t\n\t\t\t\t\t<div class=\"buttonV2__icon\">\n\t\t\t\t<svg xmlns='http:\/\/www.w3.org\/2000\/svg' viewBox='0 0 58.14 50.62'><path d='m32.82 50.62 25.32-25.31L32.82 0l-4.35 4.35 17.92 17.86H0v6.21h46.39L28.47 46.33l4.35 4.29z' fill='currentColor' \/><\/svg>\t\t\t<\/div>\n\t\t\t<\/div>\n\n\t<\/a><\/div>\t\t\t\t\t<\/div>\n\t\t\t\t\t\t\t\t\t\t\t\t\t\t\t\t<div class=\"block-point-of-view-grid-new block-point-of-view-grid-new--third\">\n\t\t\t\t\t\t<div class=\"mini-card  mini-card__style mini-card__style--spacious   block-point-of-view-grid-new__mini-card\" data-post-id=\"0\">\n\t\n\t\t\t<div class=\"mini-card__image-wrapper\">\n\t\t\t\t\t<\/div>\n\t\t\t\t<div class=\"mini-card__heading  mini-card__limit-lines mini-card__limit-lines--2\">\n\t\t\t<a href=\"https:\/\/d66.nl\/sudwestfryslan\/verkiezingsprogramma\/6-winkelpanden-voor-6-euro-per-maand\/\" class=\"mini-card__link\">\n\t\t\t\t<h2 class=\"heading heading__align--left heading__color--black heading__size--medium heading__font--sans heading__weight--bold\" id=\"nav-ondernemerschap1469\">\n\tOndernemerschap<\/h2>\t\t\t<\/a>\n\t\t<\/div>\n\t\t\t\t\n\t\t\t<div class=\"mini-card__paragraph  mini-card__limit-lines mini-card__limit-lines--3\">\n\t\t\t<p class=\"paragraph paragraph__align--left paragraph__color--black paragraph__size--default paragraph__weight--medium\">\n\t\tzes winkelpanden voor zes euro per maand om leegstand tegen te gaan en starters en vernieuwende ondernemers ruimte te geven.\t<\/p>\t\t<\/div>\n\t\n\t<a href=\"https:\/\/d66.nl\/sudwestfryslan\/verkiezingsprogramma\/6-winkelpanden-voor-6-euro-per-maand\/\" class=\"buttonV2 buttonV2__color--transparent buttonV2__size--default buttonV2__size-width--default buttonV2__link  mini-card__buttonV2\" id=\"\" target=\"\">\n\t<div class=\"buttonV2__top-wrapper buttonV2__arrow-align--right\">\n\t\t\t\t\t<span class=\"buttonV2__title\">\n\t\t\t\tLees verder\t\t\t<\/span>\n\t\t\n\t\t\t\t\t<div class=\"buttonV2__icon\">\n\t\t\t\t<svg xmlns='http:\/\/www.w3.org\/2000\/svg' viewBox='0 0 58.14 50.62'><path d='m32.82 50.62 25.32-25.31L32.82 0l-4.35 4.35 17.92 17.86H0v6.21h46.39L28.47 46.33l4.35 4.29z' fill='currentColor' \/><\/svg>\t\t\t<\/div>\n\t\t\t<\/div>\n\n\t<\/a><\/div>\t\t\t\t\t<\/div>\n\t\t\t\t\t\t\t\t\t\t\t\t\t\t\t\t<div class=\"block-point-of-view-grid-new block-point-of-view-grid-new--fourth\">\n\t\t\t\t\t\t<div class=\"mini-card  mini-card__style mini-card__style--spacious   block-point-of-view-grid-new__mini-card\" data-post-id=\"0\">\n\t\n\t\t\t<div class=\"mini-card__image-wrapper\">\n\t\t\t\t\t<\/div>\n\t\t\t\t<div class=\"mini-card__heading  mini-card__limit-lines mini-card__limit-lines--2\">\n\t\t\t<a href=\"https:\/\/d66.nl\/sudwestfryslan\/verkiezingsprogramma\/onze-dochters-veilig-op-straat\/\" class=\"mini-card__link\">\n\t\t\t\t<h2 class=\"heading heading__align--left heading__color--black heading__size--medium heading__font--sans heading__weight--bold\" id=\"nav-veiligheid3851\">\n\tVeiligheid<\/h2>\t\t\t<\/a>\n\t\t<\/div>\n\t\t\t\t\n\t\t\t<div class=\"mini-card__paragraph  mini-card__limit-lines mini-card__limit-lines--3\">\n\t\t\t<p class=\"paragraph paragraph__align--left paragraph__color--black paragraph__size--default paragraph__weight--medium\">\n\t\tInvesteren in veilige routes, goede verlichting en een duidelijke aanpak van intimidatie en geweld, zodat iedereen zich veilig voelt.\t<\/p>\t\t<\/div>\n\t\n\t<a href=\"https:\/\/d66.nl\/sudwestfryslan\/verkiezingsprogramma\/onze-dochters-veilig-op-straat\/\" class=\"buttonV2 buttonV2__color--transparent buttonV2__size--default buttonV2__size-width--default buttonV2__link  mini-card__buttonV2\" id=\"\" target=\"\">\n\t<div class=\"buttonV2__top-wrapper buttonV2__arrow-align--right\">\n\t\t\t\t\t<span class=\"buttonV2__title\">\n\t\t\t\tLees verder\t\t\t<\/span>\n\t\t\n\t\t\t\t\t<div class=\"buttonV2__icon\">\n\t\t\t\t<svg xmlns='http:\/\/www.w3.org\/2000\/svg' viewBox='0 0 58.14 50.62'><path d='m32.82 50.62 25.32-25.31L32.82 0l-4.35 4.35 17.92 17.86H0v6.21h46.39L28.47 46.33l4.35 4.29z' fill='currentColor' \/><\/svg>\t\t\t<\/div>\n\t\t\t<\/div>\n\n\t<\/a><\/div>\t\t\t\t\t<\/div>\n\t\t\t\t\t\t\t\t\t\t\t\t\t\t\t\t<div class=\"block-point-of-view-grid-new block-point-of-view-grid-new--fifth\">\n\t\t\t\t\t\t<div class=\"mini-card  mini-card__style mini-card__style--spacious   block-point-of-view-grid-new__mini-card\" data-post-id=\"0\">\n\t\n\t\t\t<div class=\"mini-card__image-wrapper\">\n\t\t\t\t\t<\/div>\n\t\t\t\t<div class=\"mini-card__heading  mini-card__limit-lines mini-card__limit-lines--2\">\n\t\t\t<a href=\"https:\/\/d66.nl\/sudwestfryslan\/verkiezingsprogramma\/inwoners-beslissen-zelf-over-hun-budget\/\" class=\"mini-card__link\">\n\t\t\t\t<h2 class=\"heading heading__align--left heading__color--black heading__size--medium heading__font--sans heading__weight--bold\" id=\"nav-inwoners-beslissen-zelf-over-hun-budget5236\">\n\tInwoners beslissen zelf over hun budget<\/h2>\t\t\t<\/a>\n\t\t<\/div>\n\t\t\t\t\n\t\t\t<div class=\"mini-card__paragraph  mini-card__limit-lines mini-card__limit-lines--3\">\n\t\t\t<p class=\"paragraph paragraph__align--left paragraph__color--black paragraph__size--default paragraph__weight--medium\">\n\t\tMeer zeggenschap voor inwoners via S\u00fadwest Begroot, waarbij dorpen en wijken zelf beslissen over hun budget.\t<\/p>\t\t<\/div>\n\t\n\t<a href=\"https:\/\/d66.nl\/sudwestfryslan\/verkiezingsprogramma\/inwoners-beslissen-zelf-over-hun-budget\/\" class=\"buttonV2 buttonV2__color--transparent buttonV2__size--default buttonV2__size-width--default buttonV2__link  mini-card__buttonV2\" id=\"\" target=\"\">\n\t<div class=\"buttonV2__top-wrapper buttonV2__arrow-align--right\">\n\t\t\t\t\t<span class=\"buttonV2__title\">\n\t\t\t\tLees verder\t\t\t<\/span>\n\t\t\n\t\t\t\t\t<div class=\"buttonV2__icon\">\n\t\t\t\t<svg xmlns='http:\/\/www.w3.org\/2000\/svg' viewBox='0 0 58.14 50.62'><path d='m32.82 50.62 25.32-25.31L32.82 0l-4.35 4.35 17.92 17.86H0v6.21h46.39L28.47 46.33l4.35 4.29z' fill='currentColor' \/><\/svg>\t\t\t<\/div>\n\t\t\t<\/div>\n\n\t<\/a><\/div>\t\t\t\t\t<\/div>\n\t\t\t\t\t\t\t\t\t\t\t\t\t\t\t\t<div class=\"block-point-of-view-grid-new block-point-of-view-grid-new--sixth\">\n\t\t\t\t\t\t<div class=\"mini-card  mini-card__style mini-card__style--spacious   block-point-of-view-grid-new__mini-card\" data-post-id=\"0\">\n\t\n\t\t\t\t<div class=\"mini-card__heading  mini-card__limit-lines mini-card__limit-lines--2\">\n\t\t\t<a href=\"https:\/\/d66.nl\/sudwestfryslan\/verkiezingsprogramma\/een-gezonde-toekomst-voor-iedereen\/\" class=\"mini-card__link\">\n\t\t\t\t<h2 class=\"heading heading__align--left heading__color--black heading__size--medium heading__font--sans heading__weight--bold\" id=\"nav-een-gezonde-toekomst-voor-iedereen7693\">\n\tEen gezonde toekomst voor iedereen<\/h2>\t\t\t<\/a>\n\t\t<\/div>\n\t\t\t\t\n\t\t\t<div class=\"mini-card__paragraph  mini-card__limit-lines mini-card__limit-lines--3\">\n\t\t\t<p class=\"paragraph paragraph__align--left paragraph__color--black paragraph__size--default paragraph__weight--medium\">\n\t\tWe bouwen aan de gezondste generatie, met preventie en sport voor iedereen. Met sterke gebiedsteams, steun voor gezinnen en mantelzorgers en huisartsen dichtbij houden we zorg toegankelijk en persoonlijk.\t<\/p>\t\t<\/div>\n\t\n\t<a href=\"https:\/\/d66.nl\/sudwestfryslan\/verkiezingsprogramma\/een-gezonde-toekomst-voor-iedereen\/\" class=\"buttonV2 buttonV2__color--transparent buttonV2__size--default buttonV2__size-width--default buttonV2__link  mini-card__buttonV2\" id=\"\" target=\"\">\n\t<div class=\"buttonV2__top-wrapper buttonV2__arrow-align--right\">\n\t\t\t\t\t<span class=\"buttonV2__title\">\n\t\t\t\tLees verder\t\t\t<\/span>\n\t\t\n\t\t\t\t\t<div class=\"buttonV2__icon\">\n\t\t\t\t<svg xmlns='http:\/\/www.w3.org\/2000\/svg' viewBox='0 0 58.14 50.62'><path d='m32.82 50.62 25.32-25.31L32.82 0l-4.35 4.35 17.92 17.86H0v6.21h46.39L28.47 46.33l4.35 4.29z' fill='currentColor' \/><\/svg>\t\t\t<\/div>\n\t\t\t<\/div>\n\n\t<\/a><\/div>\t\t\t\t\t<\/div>\n\t\t\t\t\t\t\t\t\t<\/div>\n\t<\/div><div class=\"block-point-of-view-grid-new js-block-point-of-view-grid-new\">\n\t<div class=\"block-point-of-view-grid-new__grid\">\n\n\t\t\t\t\t<div class=\"block-point-of-view-grid-new__row-desktop block-point-of-view-grid-new__row-desktop-bottom\">\n\t\t\t\t\t\t\t\t\t\t\t\t\t\t\t<div class=\"block-point-of-view-grid-new__item block-point-of-view-grid-new__item--first\">\n\t\t\t\t\t\t\t<div class=\"mini-card  mini-card__style mini-card__style--spacious   block-point-of-view-grid-new__mini-card\" data-post-id=\"0\">\n\t\n\t\t\t\t<div class=\"mini-card__heading  mini-card__limit-lines mini-card__limit-lines--2\">\n\t\t\t<a href=\"https:\/\/d66.nl\/sudwestfryslan\/verkiezingsprogramma\/werk-dat-werkt-voor-iedereen\/\" class=\"mini-card__link\">\n\t\t\t\t<h2 class=\"heading heading__align--left heading__color--black heading__size--medium heading__font--sans heading__weight--bold\" id=\"nav-werk-dat-werkt-voor-iedereen6805\">\n\tWerk dat werkt voor iedereen<\/h2>\t\t\t<\/a>\n\t\t<\/div>\n\t\t\t\t\n\t\t\t<div class=\"mini-card__paragraph  mini-card__limit-lines mini-card__limit-lines--3\">\n\t\t\t<p class=\"paragraph paragraph__align--left paragraph__color--black paragraph__size--default paragraph__weight--medium\">\n\t\tIedereen moet kunnen meedoen op de arbeidsmarkt. We versterken S\u00fadwest Werkt als centraal loket, investeren in ontwikkelbudgetten via S\u00fadwest leert door en bieden extra ondersteuning aan nieuwkomers, jongeren en laaggeletterden.\t<\/p>\t\t<\/div>\n\t\n\t<a href=\"https:\/\/d66.nl\/sudwestfryslan\/verkiezingsprogramma\/werk-dat-werkt-voor-iedereen\/\" class=\"buttonV2 buttonV2__color--transparent buttonV2__size--default buttonV2__size-width--default buttonV2__link  mini-card__buttonV2\" id=\"\" target=\"\">\n\t<div class=\"buttonV2__top-wrapper buttonV2__arrow-align--right\">\n\t\t\t\t\t<span class=\"buttonV2__title\">\n\t\t\t\tLees verder\t\t\t<\/span>\n\t\t\n\t\t\t\t\t<div class=\"buttonV2__icon\">\n\t\t\t\t<svg xmlns='http:\/\/www.w3.org\/2000\/svg' viewBox='0 0 58.14 50.62'><path d='m32.82 50.62 25.32-25.31L32.82 0l-4.35 4.35 17.92 17.86H0v6.21h46.39L28.47 46.33l4.35 4.29z' fill='currentColor' \/><\/svg>\t\t\t<\/div>\n\t\t\t<\/div>\n\n\t<\/a><\/div>\t\t\t\t\t\t<\/div>\n\t\t\t\t\t\t\t\t\t\t\t\t\t\t\t\t\t\t\t\t<div class=\"block-point-of-view-grid-new__item block-point-of-view-grid-new__item--second\">\n\t\t\t\t\t\t\t<div class=\"mini-card  mini-card__style mini-card__style--spacious   block-point-of-view-grid-new__mini-card\" data-post-id=\"0\">\n\t\n\t\t\t\t<div class=\"mini-card__heading  mini-card__limit-lines mini-card__limit-lines--2\">\n\t\t\t<a href=\"https:\/\/d66.nl\/sudwestfryslan\/verkiezingsprogramma\/veilig-samenleven-begint-in-de-buurt\/\" class=\"mini-card__link\">\n\t\t\t\t<h2 class=\"heading heading__align--left heading__color--black heading__size--medium heading__font--sans heading__weight--bold\" id=\"nav-veilig-samenleven-begint-in-de-buurt9403\">\n\tVeilig samenleven begint in de buurt<\/h2>\t\t\t<\/a>\n\t\t<\/div>\n\t\t\t\t\n\t\t\t<div class=\"mini-card__paragraph  mini-card__limit-lines mini-card__limit-lines--3\">\n\t\t\t<p class=\"paragraph paragraph__align--left paragraph__color--black paragraph__size--default paragraph__weight--medium\">\n\t\tVeiligheid begint bij kansen en gelijke rechten, met perspectief voor jongeren en een stevige aanpak van geweld tegen vrouwen en femicide.\t<\/p>\t\t<\/div>\n\t\n\t<a href=\"https:\/\/d66.nl\/sudwestfryslan\/verkiezingsprogramma\/veilig-samenleven-begint-in-de-buurt\/\" class=\"buttonV2 buttonV2__color--transparent buttonV2__size--default buttonV2__size-width--default buttonV2__link  mini-card__buttonV2\" id=\"\" target=\"\">\n\t<div class=\"buttonV2__top-wrapper buttonV2__arrow-align--right\">\n\t\t\t\t\t<span class=\"buttonV2__title\">\n\t\t\t\tLees verder\t\t\t<\/span>\n\t\t\n\t\t\t\t\t<div class=\"buttonV2__icon\">\n\t\t\t\t<svg xmlns='http:\/\/www.w3.org\/2000\/svg' viewBox='0 0 58.14 50.62'><path d='m32.82 50.62 25.32-25.31L32.82 0l-4.35 4.35 17.92 17.86H0v6.21h46.39L28.47 46.33l4.35 4.29z' fill='currentColor' \/><\/svg>\t\t\t<\/div>\n\t\t\t<\/div>\n\n\t<\/a><\/div>\t\t\t\t\t\t<\/div>\n\t\t\t\t\t\t\t\t\t\t\t\t\t\t\t\t\t\t\t\t<div class=\"block-point-of-view-grid-new__item block-point-of-view-grid-new__item--third\">\n\t\t\t\t\t\t\t<div class=\"mini-card  mini-card__style mini-card__style--spacious   block-point-of-view-grid-new__mini-card\" data-post-id=\"0\">\n\t\n\t\t\t\t<div class=\"mini-card__heading  mini-card__limit-lines mini-card__limit-lines--2\">\n\t\t\t<a href=\"https:\/\/d66.nl\/sudwestfryslan\/verkiezingsprogramma\/cultuur-als-hart-van-de-mienskip\/\" class=\"mini-card__link\">\n\t\t\t\t<h2 class=\"heading heading__align--left heading__color--black heading__size--medium heading__font--sans heading__weight--bold\" id=\"nav-cultuur-als-hart-van-de-mienskip2882\">\n\tCultuur als hart van de mienskip<\/h2>\t\t\t<\/a>\n\t\t<\/div>\n\t\t\t\t\n\t\t\t<div class=\"mini-card__paragraph  mini-card__limit-lines mini-card__limit-lines--3\">\n\t\t\t<p class=\"paragraph paragraph__align--left paragraph__color--black paragraph__size--default paragraph__weight--medium\">\n\t\tCultuur is er voor iedereen: met een gratis bieb voor jongeren, gratis theater voor kinderen en ruimte voor talent in elke wijk en elk dorp. We versterken onze bibliotheken, koesteren erfgoed en maken van onze steden levendige plekken vol cultuur en ontmoeting.\t<\/p>\t\t<\/div>\n\t\n\t<a href=\"https:\/\/d66.nl\/sudwestfryslan\/verkiezingsprogramma\/cultuur-als-hart-van-de-mienskip\/\" class=\"buttonV2 buttonV2__color--transparent buttonV2__size--default buttonV2__size-width--default buttonV2__link  mini-card__buttonV2\" id=\"\" target=\"\">\n\t<div class=\"buttonV2__top-wrapper buttonV2__arrow-align--right\">\n\t\t\t\t\t<span class=\"buttonV2__title\">\n\t\t\t\tLees verder\t\t\t<\/span>\n\t\t\n\t\t\t\t\t<div class=\"buttonV2__icon\">\n\t\t\t\t<svg xmlns='http:\/\/www.w3.org\/2000\/svg' viewBox='0 0 58.14 50.62'><path d='m32.82 50.62 25.32-25.31L32.82 0l-4.35 4.35 17.92 17.86H0v6.21h46.39L28.47 46.33l4.35 4.29z' fill='currentColor' \/><\/svg>\t\t\t<\/div>\n\t\t\t<\/div>\n\n\t<\/a><\/div>\t\t\t\t\t\t<\/div>\n\t\t\t\t\t\t\t\t\t\t\t\t<\/div>\n\t\t\n\t\t\t\t\t<div class=\"block-point-of-view-grid-new__row-desktop block-point-of-view-grid-new__row-desktop-bottom\">\n\t\t\t\t\t\t\t\t\t\t\t\t\t\t\t<div class=\"block-point-of-view-grid-new__item block-point-of-view-grid-new__item--fourth\">\n\t\t\t\t\t\t\t<div class=\"mini-card  mini-card__style mini-card__style--spacious   block-point-of-view-grid-new__mini-card\" data-post-id=\"0\">\n\t\n\t\t\t\t<div class=\"mini-card__heading  mini-card__limit-lines mini-card__limit-lines--2\">\n\t\t\t<a href=\"https:\/\/d66.nl\/sudwestfryslan\/verkiezingsprogramma\/uit-de-fractie\/\" class=\"mini-card__link\">\n\t\t\t\t<h2 class=\"heading heading__align--left heading__color--black heading__size--medium heading__font--sans heading__weight--bold\" id=\"nav-uit-de-fractie6088\">\n\tUit de fractie<\/h2>\t\t\t<\/a>\n\t\t<\/div>\n\t\t\t\t\n\t\n\t<a href=\"https:\/\/d66.nl\/sudwestfryslan\/verkiezingsprogramma\/uit-de-fractie\/\" class=\"buttonV2 buttonV2__color--transparent buttonV2__size--default buttonV2__size-width--default buttonV2__link  mini-card__buttonV2\" id=\"\" target=\"\">\n\t<div class=\"buttonV2__top-wrapper buttonV2__arrow-align--right\">\n\t\t\t\t\t<span class=\"buttonV2__title\">\n\t\t\t\tLees verder\t\t\t<\/span>\n\t\t\n\t\t\t\t\t<div class=\"buttonV2__icon\">\n\t\t\t\t<svg xmlns='http:\/\/www.w3.org\/2000\/svg' viewBox='0 0 58.14 50.62'><path d='m32.82 50.62 25.32-25.31L32.82 0l-4.35 4.35 17.92 17.86H0v6.21h46.39L28.47 46.33l4.35 4.29z' fill='currentColor' \/><\/svg>\t\t\t<\/div>\n\t\t\t<\/div>\n\n\t<\/a><\/div>\t\t\t\t\t\t<\/div>\n\t\t\t\t\t\t\t\t\t\t\t\t\t\t\t\t\t\t\t\t<div class=\"block-point-of-view-grid-new__item block-point-of-view-grid-new__item--fifth\">\n\t\t\t\t\t\t\t<article class=\"article-card article-card__color--skyBlue   block-point-of-view-grid-new block-point-of-view-grid-new__card block-point-of-view-grid-new__article-card\">\n\t\t<a class=\"article-card__link\" href=\"https:\/\/d66.nl\/sudwestfryslan\/verkiezingsprogramma\/6-vragen\/\" aria-label=\"Link naar artikel\">\n\t\t<header class=\"article-card__header\">\n\n\t\t\t\t\t\t\t\t\t\t<div class=\"article-card__featured-image-wrapper\">\n\t\t\t\t\t<img loading=\"lazy\" decoding=\"async\" width=\"640\" height=\"480\" src=\"https:\/\/d66.nl\/sudwestfryslan\/wp-content\/uploads\/sites\/166\/2022\/01\/IMG_6244.jpg\" class=\"image article-card__img\" alt=\"\" \/>\t\t\t\t<\/div>\n\t\t\t\t\t\t\t\t<\/header>\n\n\t\t<div class=\"article-card__body\">\n\t\t\t\t\t\t\t<h3 class=\"heading   heading__size--large heading__font--sans heading__weight--bold\" id=\"nav-zes-vragen-over-ons-programma1623\">\n\tZes vragen over ons programma<\/h3>\t\t\t\t\t\t\n\t\t\t<button class=\"buttonV2 buttonV2__color--transparent buttonV2__size--default buttonV2__size-width--default   article-card__buttonV2\" id=\"\">\n\t<div class=\"buttonV2__top-wrapper buttonV2__arrow-align--right\">\n\t\t\t\t\t<span class=\"buttonV2__title\">\n\t\t\t\tLees verder\t\t\t<\/span>\n\t\t\n\t\t\t\t\t<div class=\"buttonV2__icon\">\n\t\t\t\t<svg xmlns='http:\/\/www.w3.org\/2000\/svg' viewBox='0 0 58.14 50.62'><path d='m32.82 50.62 25.32-25.31L32.82 0l-4.35 4.35 17.92 17.86H0v6.21h46.39L28.47 46.33l4.35 4.29z' fill='currentColor' \/><\/svg>\t\t\t<\/div>\n\t\t\t<\/div>\n\n\t<\/button>\t\t<\/div>\n\t<\/a>\n<\/article>\t\t\t\t\t\t<\/div>\n\t\t\t\t\t\t\t\t\t\t\t\t\t\t\t\t\t\t\t\t<div class=\"block-point-of-view-grid-new__item block-point-of-view-grid-new__item--sixth\">\n\t\t\t\t\t\t\t<article class=\"small-article-card js-small-article-card  block-point-of-view-grid-new__small-article-card\">\n\n\t\t\t<div class=\"background-overlay\"><\/div>\n\t\t\t\n\t<a class=\"small-article-card__wrapper small-article-card__color--yellow\" style=\"background-image: url('https:\/\/d66.nl\/sudwestfryslan\/wp-content\/uploads\/sites\/166\/2022\/01\/D66-JSF-21-12-15-040-1024x683.jpg')\" href=\"https:\/\/d66.nl\/sudwestfryslan\/verkiezingsprogramma\/woord-van-de-lijsttrekker\/\">\n\t\t\n\t\t<div class=\"small-article-card__heading\">\n<h2 class=\"heading heading__align--left heading__color--white heading__size--medium heading__font--sans heading__weight--bold\" id=\"nav-woord-van-de-lijsttrekker8918\" data-nav-heading-mobile=\"Woord van de lijsttrekker\">\n\tWoord van de lijsttrekker<\/h2>\n<\/div>\t\t\t\t\t\t\t<div class=\"small-article-card__button-wrapper\">\n\t\t\t\t<button class=\"buttonV2 buttonV2__color--transparent buttonV2__size--default buttonV2__size-width--default   small-article-card__buttonV2\" id=\"\" style=\"--buttonV2-text-color: var(--global-colors-white)\">\n\t<div class=\"buttonV2__top-wrapper buttonV2__arrow-align--right\">\n\t\t\t\t\t<span class=\"buttonV2__title\">\n\t\t\t\tLees verder\t\t\t<\/span>\n\t\t\n\t\t\t\t\t<div class=\"buttonV2__icon\">\n\t\t\t\t<svg xmlns='http:\/\/www.w3.org\/2000\/svg' viewBox='0 0 58.14 50.62'><path d='m32.82 50.62 25.32-25.31L32.82 0l-4.35 4.35 17.92 17.86H0v6.21h46.39L28.47 46.33l4.35 4.29z' fill='currentColor' \/><\/svg>\t\t\t<\/div>\n\t\t\t<\/div>\n\n\t<\/button>\t\t\t<\/div>\n\t\t\t<\/a>\n<\/article>\t\t\t\t\t\t<\/div>\n\t\t\t\t\t\t\t\t\t\t\t\t<\/div>\n\t\t\n\t<\/div>\n\t\t\t<div class=\"block-point-of-view-grid-new__accordions\">\n\t\t\t\t\t\t\t\t\t\t\t\t<div class=\"block-point-of-view-grid-new block-point-of-view-grid-new--first\">\n\t\t\t\t\t\t<div class=\"mini-card  mini-card__style mini-card__style--spacious   block-point-of-view-grid-new__mini-card\" data-post-id=\"0\">\n\t\n\t\t\t\t<div class=\"mini-card__heading  mini-card__limit-lines mini-card__limit-lines--2\">\n\t\t\t<a href=\"https:\/\/d66.nl\/sudwestfryslan\/verkiezingsprogramma\/werk-dat-werkt-voor-iedereen\/\" class=\"mini-card__link\">\n\t\t\t\t<h2 class=\"heading heading__align--left heading__color--black heading__size--medium heading__font--sans heading__weight--bold\" id=\"nav-werk-dat-werkt-voor-iedereen288\">\n\tWerk dat werkt voor iedereen<\/h2>\t\t\t<\/a>\n\t\t<\/div>\n\t\t\t\t\n\t\t\t<div class=\"mini-card__paragraph  mini-card__limit-lines mini-card__limit-lines--3\">\n\t\t\t<p class=\"paragraph paragraph__align--left paragraph__color--black paragraph__size--default paragraph__weight--medium\">\n\t\tIedereen moet kunnen meedoen op de arbeidsmarkt. We versterken S\u00fadwest Werkt als centraal loket, investeren in ontwikkelbudgetten via S\u00fadwest leert door en bieden extra ondersteuning aan nieuwkomers, jongeren en laaggeletterden.\t<\/p>\t\t<\/div>\n\t\n\t<a href=\"https:\/\/d66.nl\/sudwestfryslan\/verkiezingsprogramma\/werk-dat-werkt-voor-iedereen\/\" class=\"buttonV2 buttonV2__color--transparent buttonV2__size--default buttonV2__size-width--default buttonV2__link  mini-card__buttonV2\" id=\"\" target=\"\">\n\t<div class=\"buttonV2__top-wrapper buttonV2__arrow-align--right\">\n\t\t\t\t\t<span class=\"buttonV2__title\">\n\t\t\t\tLees verder\t\t\t<\/span>\n\t\t\n\t\t\t\t\t<div class=\"buttonV2__icon\">\n\t\t\t\t<svg xmlns='http:\/\/www.w3.org\/2000\/svg' viewBox='0 0 58.14 50.62'><path d='m32.82 50.62 25.32-25.31L32.82 0l-4.35 4.35 17.92 17.86H0v6.21h46.39L28.47 46.33l4.35 4.29z' fill='currentColor' \/><\/svg>\t\t\t<\/div>\n\t\t\t<\/div>\n\n\t<\/a><\/div>\t\t\t\t\t<\/div>\n\t\t\t\t\t\t\t\t\t\t\t\t\t\t\t\t<div class=\"block-point-of-view-grid-new block-point-of-view-grid-new--second\">\n\t\t\t\t\t\t<div class=\"mini-card  mini-card__style mini-card__style--spacious   block-point-of-view-grid-new__mini-card\" data-post-id=\"0\">\n\t\n\t\t\t\t<div class=\"mini-card__heading  mini-card__limit-lines mini-card__limit-lines--2\">\n\t\t\t<a href=\"https:\/\/d66.nl\/sudwestfryslan\/verkiezingsprogramma\/veilig-samenleven-begint-in-de-buurt\/\" class=\"mini-card__link\">\n\t\t\t\t<h2 class=\"heading heading__align--left heading__color--black heading__size--medium heading__font--sans heading__weight--bold\" id=\"nav-veilig-samenleven-begint-in-de-buurt3173\">\n\tVeilig samenleven begint in de buurt<\/h2>\t\t\t<\/a>\n\t\t<\/div>\n\t\t\t\t\n\t\t\t<div class=\"mini-card__paragraph  mini-card__limit-lines mini-card__limit-lines--3\">\n\t\t\t<p class=\"paragraph paragraph__align--left paragraph__color--black paragraph__size--default paragraph__weight--medium\">\n\t\tVeiligheid begint bij kansen en gelijke rechten, met perspectief voor jongeren en een stevige aanpak van geweld tegen vrouwen en femicide.\t<\/p>\t\t<\/div>\n\t\n\t<a href=\"https:\/\/d66.nl\/sudwestfryslan\/verkiezingsprogramma\/veilig-samenleven-begint-in-de-buurt\/\" class=\"buttonV2 buttonV2__color--transparent buttonV2__size--default buttonV2__size-width--default buttonV2__link  mini-card__buttonV2\" id=\"\" target=\"\">\n\t<div class=\"buttonV2__top-wrapper buttonV2__arrow-align--right\">\n\t\t\t\t\t<span class=\"buttonV2__title\">\n\t\t\t\tLees verder\t\t\t<\/span>\n\t\t\n\t\t\t\t\t<div class=\"buttonV2__icon\">\n\t\t\t\t<svg xmlns='http:\/\/www.w3.org\/2000\/svg' viewBox='0 0 58.14 50.62'><path d='m32.82 50.62 25.32-25.31L32.82 0l-4.35 4.35 17.92 17.86H0v6.21h46.39L28.47 46.33l4.35 4.29z' fill='currentColor' \/><\/svg>\t\t\t<\/div>\n\t\t\t<\/div>\n\n\t<\/a><\/div>\t\t\t\t\t<\/div>\n\t\t\t\t\t\t\t\t\t\t\t\t\t\t\t\t<div class=\"block-point-of-view-grid-new block-point-of-view-grid-new--third\">\n\t\t\t\t\t\t<div class=\"mini-card  mini-card__style mini-card__style--spacious   block-point-of-view-grid-new__mini-card\" data-post-id=\"0\">\n\t\n\t\t\t\t<div class=\"mini-card__heading  mini-card__limit-lines mini-card__limit-lines--2\">\n\t\t\t<a href=\"https:\/\/d66.nl\/sudwestfryslan\/verkiezingsprogramma\/cultuur-als-hart-van-de-mienskip\/\" class=\"mini-card__link\">\n\t\t\t\t<h2 class=\"heading heading__align--left heading__color--black heading__size--medium heading__font--sans heading__weight--bold\" id=\"nav-cultuur-als-hart-van-de-mienskip6066\">\n\tCultuur als hart van de mienskip<\/h2>\t\t\t<\/a>\n\t\t<\/div>\n\t\t\t\t\n\t\t\t<div class=\"mini-card__paragraph  mini-card__limit-lines mini-card__limit-lines--3\">\n\t\t\t<p class=\"paragraph paragraph__align--left paragraph__color--black paragraph__size--default paragraph__weight--medium\">\n\t\tCultuur is er voor iedereen: met een gratis bieb voor jongeren, gratis theater voor kinderen en ruimte voor talent in elke wijk en elk dorp. We versterken onze bibliotheken, koesteren erfgoed en maken van onze steden levendige plekken vol cultuur en ontmoeting.\t<\/p>\t\t<\/div>\n\t\n\t<a href=\"https:\/\/d66.nl\/sudwestfryslan\/verkiezingsprogramma\/cultuur-als-hart-van-de-mienskip\/\" class=\"buttonV2 buttonV2__color--transparent buttonV2__size--default buttonV2__size-width--default buttonV2__link  mini-card__buttonV2\" id=\"\" target=\"\">\n\t<div class=\"buttonV2__top-wrapper buttonV2__arrow-align--right\">\n\t\t\t\t\t<span class=\"buttonV2__title\">\n\t\t\t\tLees verder\t\t\t<\/span>\n\t\t\n\t\t\t\t\t<div class=\"buttonV2__icon\">\n\t\t\t\t<svg xmlns='http:\/\/www.w3.org\/2000\/svg' viewBox='0 0 58.14 50.62'><path d='m32.82 50.62 25.32-25.31L32.82 0l-4.35 4.35 17.92 17.86H0v6.21h46.39L28.47 46.33l4.35 4.29z' fill='currentColor' \/><\/svg>\t\t\t<\/div>\n\t\t\t<\/div>\n\n\t<\/a><\/div>\t\t\t\t\t<\/div>\n\t\t\t\t\t\t\t\t\t\t\t\t\t\t\t\t<div class=\"block-point-of-view-grid-new block-point-of-view-grid-new--fourth\">\n\t\t\t\t\t\t<div class=\"mini-card  mini-card__style mini-card__style--spacious   block-point-of-view-grid-new__mini-card\" data-post-id=\"0\">\n\t\n\t\t\t\t<div class=\"mini-card__heading  mini-card__limit-lines mini-card__limit-lines--2\">\n\t\t\t<a href=\"https:\/\/d66.nl\/sudwestfryslan\/verkiezingsprogramma\/uit-de-fractie\/\" class=\"mini-card__link\">\n\t\t\t\t<h2 class=\"heading heading__align--left heading__color--black heading__size--medium heading__font--sans heading__weight--bold\" id=\"nav-uit-de-fractie2322\">\n\tUit de fractie<\/h2>\t\t\t<\/a>\n\t\t<\/div>\n\t\t\t\t\n\t\n\t<a href=\"https:\/\/d66.nl\/sudwestfryslan\/verkiezingsprogramma\/uit-de-fractie\/\" class=\"buttonV2 buttonV2__color--transparent buttonV2__size--default buttonV2__size-width--default buttonV2__link  mini-card__buttonV2\" id=\"\" target=\"\">\n\t<div class=\"buttonV2__top-wrapper buttonV2__arrow-align--right\">\n\t\t\t\t\t<span class=\"buttonV2__title\">\n\t\t\t\tLees verder\t\t\t<\/span>\n\t\t\n\t\t\t\t\t<div class=\"buttonV2__icon\">\n\t\t\t\t<svg xmlns='http:\/\/www.w3.org\/2000\/svg' viewBox='0 0 58.14 50.62'><path d='m32.82 50.62 25.32-25.31L32.82 0l-4.35 4.35 17.92 17.86H0v6.21h46.39L28.47 46.33l4.35 4.29z' fill='currentColor' \/><\/svg>\t\t\t<\/div>\n\t\t\t<\/div>\n\n\t<\/a><\/div>\t\t\t\t\t<\/div>\n\t\t\t\t\t\t\t\t\t\t\t\t\t\t\t\t<div class=\"block-point-of-view-grid-new block-point-of-view-grid-new--fifth\">\n\t\t\t\t\t\t<article class=\"article-card article-card__color--skyBlue   block-point-of-view-grid-new block-point-of-view-grid-new__card block-point-of-view-grid-new__article-card\">\n\t\t<a class=\"article-card__link\" href=\"https:\/\/d66.nl\/sudwestfryslan\/verkiezingsprogramma\/6-vragen\/\" aria-label=\"Link naar artikel\">\n\t\t<header class=\"article-card__header\">\n\n\t\t\t\t\t\t\t\t\t\t<div class=\"article-card__featured-image-wrapper\">\n\t\t\t\t\t<img loading=\"lazy\" decoding=\"async\" width=\"640\" height=\"480\" src=\"https:\/\/d66.nl\/sudwestfryslan\/wp-content\/uploads\/sites\/166\/2022\/01\/IMG_6244.jpg\" class=\"image article-card__img\" alt=\"\" \/>\t\t\t\t<\/div>\n\t\t\t\t\t\t\t\t<\/header>\n\n\t\t<div class=\"article-card__body\">\n\t\t\t\t\t\t\t<h3 class=\"heading   heading__size--large heading__font--sans heading__weight--bold\" id=\"nav-zes-vragen-over-ons-programma8587\">\n\tZes vragen over ons programma<\/h3>\t\t\t\t\t\t\n\t\t\t<button class=\"buttonV2 buttonV2__color--transparent buttonV2__size--default buttonV2__size-width--default   article-card__buttonV2\" id=\"\">\n\t<div class=\"buttonV2__top-wrapper buttonV2__arrow-align--right\">\n\t\t\t\t\t<span class=\"buttonV2__title\">\n\t\t\t\tLees verder\t\t\t<\/span>\n\t\t\n\t\t\t\t\t<div class=\"buttonV2__icon\">\n\t\t\t\t<svg xmlns='http:\/\/www.w3.org\/2000\/svg' viewBox='0 0 58.14 50.62'><path d='m32.82 50.62 25.32-25.31L32.82 0l-4.35 4.35 17.92 17.86H0v6.21h46.39L28.47 46.33l4.35 4.29z' fill='currentColor' \/><\/svg>\t\t\t<\/div>\n\t\t\t<\/div>\n\n\t<\/button>\t\t<\/div>\n\t<\/a>\n<\/article>\t\t\t\t\t<\/div>\n\t\t\t\t\t\t\t\t\t\t\t\t\t\t\t\t<div class=\"block-point-of-view-grid-new block-point-of-view-grid-new--sixth\">\n\t\t\t\t\t\t<article class=\"small-article-card js-small-article-card  block-point-of-view-grid-new__small-article-card\">\n\n\t\t\t<div class=\"background-overlay\"><\/div>\n\t\t\t\n\t<a class=\"small-article-card__wrapper small-article-card__color--yellow\" style=\"background-image: url('https:\/\/d66.nl\/sudwestfryslan\/wp-content\/uploads\/sites\/166\/2022\/01\/D66-JSF-21-12-15-040-1024x683.jpg')\" href=\"https:\/\/d66.nl\/sudwestfryslan\/verkiezingsprogramma\/woord-van-de-lijsttrekker\/\">\n\t\t\n\t\t<div class=\"small-article-card__heading\">\n<h2 class=\"heading heading__align--left heading__color--white heading__size--medium heading__font--sans heading__weight--bold\" id=\"nav-woord-van-de-lijsttrekker113\" data-nav-heading-mobile=\"Woord van de lijsttrekker\">\n\tWoord van de lijsttrekker<\/h2>\n<\/div>\t\t\t\t\t\t\t<div class=\"small-article-card__button-wrapper\">\n\t\t\t\t<button class=\"buttonV2 buttonV2__color--transparent buttonV2__size--default buttonV2__size-width--default   small-article-card__buttonV2\" id=\"\" style=\"--buttonV2-text-color: var(--global-colors-white)\">\n\t<div class=\"buttonV2__top-wrapper buttonV2__arrow-align--right\">\n\t\t\t\t\t<span class=\"buttonV2__title\">\n\t\t\t\tLees verder\t\t\t<\/span>\n\t\t\n\t\t\t\t\t<div class=\"buttonV2__icon\">\n\t\t\t\t<svg xmlns='http:\/\/www.w3.org\/2000\/svg' viewBox='0 0 58.14 50.62'><path d='m32.82 50.62 25.32-25.31L32.82 0l-4.35 4.35 17.92 17.86H0v6.21h46.39L28.47 46.33l4.35 4.29z' fill='currentColor' \/><\/svg>\t\t\t<\/div>\n\t\t\t<\/div>\n\n\t<\/button>\t\t\t<\/div>\n\t\t\t<\/a>\n<\/article>\t\t\t\t\t<\/div>\n\t\t\t\t\t\t\t\t\t<\/div>\n\t<\/div><p\n\t\tclass=\"paragraph paragraph__align--center      js-article-listing-pagination\"\n\t\t\t>\n\t\tToont 12 van 20\t<\/p><br \/><div class=\"block-article-listing__button\">\n<button\thref=\"#\"\n\tclass=\"btn btn__color--black btn__size--default  js-article-listing-load-more\"\n\tid=\"\"\n\ttitle=\"Meer Laden\"\n\t\t\t\n\t\n\t\n\t\n\t\n\tdata-last-post-id=\"560\"data-last-site-id=\"166\"\n\t>\n\t<div class=\"btn__top-wrapper\">\n\t\t\n\t\t<span class=\"btn__title\">\n\t\t\tMeer Laden\t\t<\/span>\n\n\t\t\t<\/div>\n\n\t<span class=\"btn__description\">\n\t\t\t<\/span>\n\n\t<span class=\"btn__spinner btn__spinner--black btn__spinner--default\" aria-hidden=\"true\"><\/span>\n<\/button>\n<\/div>\t<\/div>\n<\/div>\t  <\/div>\n\t<\/div>\n  <\/div>\n\n\n<div\n  id=\"\"\n  class=\"wrapper wrapper__spacing-top-large--0 wrapper__spacing-bottom-large--60  wrapper__gutter--none\"\n  >\n  \t<div class=\"wrapper__container wrapper__container-width-large--default\">\n\t  <div class=\"wrapper__inner wrapper__width-large--24 wrapper__width-mobile--24\">\n\t\t<h2 class=\"heading heading__align--left heading__color--black heading__size--huge heading__font--sans heading__weight--semiBold  block-heading__heading\" id=\"nav-nieuws7404\" data-nav-heading=\"Nieuws\" data-nav-heading-mobile=\"Nieuws\" >\n\tLaatste nieuws<\/h2>\t  <\/div>\n\t<\/div>\n  <\/div>\n\n\n<div\n  id=\"\"\n  class=\"wrapper  wrapper__spacing-bottom-large--220 wrapper__spacing-bottom-tablet--190 wrapper__spacing-bottom-mobile--140  wrapper__gutter--none\"\n  >\n  \t<div class=\"wrapper__container wrapper__container-width-large--default\">\n\t  <div class=\"wrapper__inner wrapper__width-large--24 wrapper__width-mobile--24\">\n\t\t\n<section class=\"block-stories-wall-slider-dynamic block-stories-wall-slider-dynamic__posttype--post js-block-stories-wall-slider-dynamic\">\n\t<div class=\"block-stories-wall-slider-dynamic__header-wrapper block-stories-wall-slider-dynamic__header-wrapper--default\">\n\t\t<div class=\"block-stories-wall-slider-dynamic__title\">\n\t\t\t<h2 class=\"heading heading__align--left heading__color--black heading__size--huge  heading__weight--bold\" id=\"nav-5803\" data-nav-heading-mobile=\"\">\n\t<\/h2>\t\t<\/div>\n\t\t\t<\/div>\n\n\t<div class=\"block-stories-wall-slider-dynamic__slider\">\n\t\t<div class=\"carousel-slider js-carousel-slider carousel-slider__for--cards\" data-is-slider-initialized=\"0\">\n\t<div class=\"carousel-slider__wrapper js-carousel-wrapper\">\n\t\t<div class=\"swiper\">\n\t\t\t<div class=\"swiper-wrapper\">\n\t\t\t\t\t\t\t\t\t\t\t\t\t\t<div class=\"swiper-slide\">\n\t\t\t\t\t\t<article class=\"article-card article-card__color--olive  article-card__variation--full-height-img\" data-gtm-event=\"click\" data-gtm-group=\"updates\" data-gtm-target=\"Fries Dagblad over de energietoeslag:\">\n\t\t\t<div class=\"background-overlay\"><\/div>\n\t\t<a class=\"article-card__link\" href=\"https:\/\/d66.nl\/sudwestfryslan\/nieuws\/fries-dagblad-over-de-energietoeslag\/\" aria-label=\"Link naar artikel\">\n\t\t<header class=\"article-card__header\">\n\n\t\t\t\t\t\t<div class=\"article-card__meta-row-wrapper\">\n\t\t\t\t<div class=\"article-card__date\">\n\t\t\t\t\t\t<p class=\"paragraph   paragraph__size--medium paragraph__weight--semiBold\">\n\t\t15.11.2022\t<\/p>\t\t\t\t<\/div>\n\t\t\t<\/div>\n\t\t\t\t\t\t\t\t\t\t\t<\/header>\n\n\t\t<div class=\"article-card__body\">\n\t\t\t\t\t\t\t<h3 class=\"heading   heading__size--large heading__font--sans heading__weight--bold\" id=\"nav-fries-dagblad-----op-initiatief-van-de-d66-fractie-in-de-gemeenteraad-wordt-de-energietoeslag-in-s--dwest-frysl--n-uitgebreid----2330\">\n\tFries Dagblad: \u201cOp initiatief van de D66-fractie in de gemeenteraad wordt de energietoeslag in S\u00fadwest-Frysl\u00e2n uitgebreid.\u201d<\/h3>\t\t\t\t\t\t\t\t\t\t<div class=\"article-card__excerpt\">\n\t\t\t\t\t<p class=\"paragraph   paragraph__size--default paragraph__weight--medium\">\n\t\tIn S\u00fadwest-Frysl\u00e2n krijgen 2159 extra gezinnen een energietoeslag. De gemeente breidt de rijksregeling uit.\t<\/p>\t\t\t\t<\/div>\n\t\t\t\n\t\t\t<button class=\"buttonV2 buttonV2__color--transparent buttonV2__size--default buttonV2__size-width--default   article-card__buttonV2\" id=\"\">\n\t<div class=\"buttonV2__top-wrapper buttonV2__arrow-align--right\">\n\t\t\t\t\t<span class=\"buttonV2__title\">\n\t\t\t\tLees verder\t\t\t<\/span>\n\t\t\n\t\t\t\t\t<div class=\"buttonV2__icon\">\n\t\t\t\t<svg xmlns='http:\/\/www.w3.org\/2000\/svg' viewBox='0 0 58.14 50.62'><path d='m32.82 50.62 25.32-25.31L32.82 0l-4.35 4.35 17.92 17.86H0v6.21h46.39L28.47 46.33l4.35 4.29z' fill='currentColor' \/><\/svg>\t\t\t<\/div>\n\t\t\t<\/div>\n\n\t<\/button>\t\t<\/div>\n\t<\/a>\n<\/article>\t\t\t\t\t<\/div>\n\t\t\t\t\t\t\t\t\t\t\t\t\t\t<div class=\"swiper-slide\">\n\t\t\t\t\t\t<article class=\"article-card article-card__color--skyBlue  article-card__variation--full-height-img\" style=\"background-image: url('https:\/\/d66.nl\/sudwestfryslan\/wp-content\/uploads\/sites\/3\/2021\/10\/d66-geschiedenis-overwinning-2021-1024x576.jpg')\" data-gtm-event=\"click\" data-gtm-group=\"updates\" data-gtm-target=\"D66 is de tweede partij van Nederland\">\n\t\t\t<div class=\"background-overlay\"><\/div>\n\t\t<a class=\"article-card__link\" href=\"https:\/\/d66.nl\/sudwestfryslan\/nieuws\/d66-is-de-tweede-partij-van-nederland\/\" aria-label=\"Link naar artikel\">\n\t\t<header class=\"article-card__header\">\n\n\t\t\t\t\t\t<div class=\"article-card__meta-row-wrapper\">\n\t\t\t\t<div class=\"article-card__date\">\n\t\t\t\t\t\t<p class=\"paragraph   paragraph__size--medium paragraph__weight--semiBold\">\n\t\t18.03.2021\t<\/p>\t\t\t\t<\/div>\n\t\t\t<\/div>\n\t\t\t\t\t\t\t\t\t\t\t<\/header>\n\n\t\t<div class=\"article-card__body\">\n\t\t\t\t\t\t\t<h3 class=\"heading   heading__size--large heading__font--sans heading__weight--bold\" id=\"nav-d66-is-de-tweede-partij-van-nederland8356\">\n\tD66 is de tweede partij van Nederland<\/h3>\t\t\t\t\t\t\t\t\t\t<div class=\"article-card__excerpt\">\n\t\t\t\t\t<p class=\"paragraph   paragraph__size--default paragraph__weight--medium\">\n\t\tD66 won de Tweede Kamerverkiezingen van 2021. Sigrid Kaag reageert op de uitslag.\t<\/p>\t\t\t\t<\/div>\n\t\t\t\n\t\t\t<button class=\"buttonV2 buttonV2__color--transparent buttonV2__size--default buttonV2__size-width--default   article-card__buttonV2\" id=\"\">\n\t<div class=\"buttonV2__top-wrapper buttonV2__arrow-align--right\">\n\t\t\t\t\t<span class=\"buttonV2__title\">\n\t\t\t\tLees verder\t\t\t<\/span>\n\t\t\n\t\t\t\t\t<div class=\"buttonV2__icon\">\n\t\t\t\t<svg xmlns='http:\/\/www.w3.org\/2000\/svg' viewBox='0 0 58.14 50.62'><path d='m32.82 50.62 25.32-25.31L32.82 0l-4.35 4.35 17.92 17.86H0v6.21h46.39L28.47 46.33l4.35 4.29z' fill='currentColor' \/><\/svg>\t\t\t<\/div>\n\t\t\t<\/div>\n\n\t<\/button>\t\t<\/div>\n\t<\/a>\n<\/article>\t\t\t\t\t<\/div>\n\t\t\t\t\t\t\t<\/div>\n\t\t<\/div>\n\t<\/div>\n\n\t\t\t<div class=\"carousel-slider-navigation js-carousel-slider-navigation carousel-slider-navigation__offset--always\">\n\t<div class=\"carousel-slider-navigation__fraction-pagination-wrapper\">\n\t\t<span class=\"custom-swiper-pagination-current\">1<\/span> \/ <span class=\"custom-swiper-pagination-total\">X<\/span>\n\t<\/div>\n\t<div class=\"carousel-slider-navigation__pagination-wrapper\">\n\t\t<div class=\"carousel-slider-navigation__pagination js-swiper-progressbar\"><\/div>\n\t<\/div>\n\t<div class=\"carousel-slider-navigation__navigation\">\n\t\t<button class=\"carousel-slider-navigation__nav-button carousel-slider-navigation__nav-button--prev js-swiper-prev\" aria-label=\"Previous slide\"><\/button>\n\t\t<button class=\"carousel-slider-navigation__nav-button carousel-slider-navigation__nav-button--next js-swiper-next\" aria-label=\"Next slide\"><\/button>\n\t<\/div>\n<\/div>\t\n<\/div>\t<\/div>\n\n<\/section>\n\t  <\/div>\n\t<\/div>\n  <\/div>\n\n\n<div\n  id=\"\"\n  class=\"wrapper wrapper__spacing-top-large--0 wrapper__spacing-bottom-large--60  wrapper__gutter--none\"\n  >\n  \t<div class=\"wrapper__container wrapper__container-width-large--default\">\n\t  <div class=\"wrapper__inner wrapper__width-large--24 wrapper__width-mobile--24\">\n\t\t<h2 class=\"heading heading__align--left heading__color--black heading__size--huge heading__font--sans heading__weight--semiBold  block-heading__heading\" id=\"nav-verkiezingsprogramma7646\" data-nav-heading=\"Verkiezingsprogramma\" data-nav-heading-mobile=\"Verkiezingsprogramma\" >\n\tHet verkiezings-<br>programma<\/h2>\t  <\/div>\n\t<\/div>\n  <\/div>\n\n\n<div\n  id=\"\"\n  class=\"wrapper  wrapper__spacing-bottom-large--60 wrapper__spacing-bottom-desktop--60 wrapper__spacing-bottom-mobile--30  wrapper__gutter--none\"\n  >\n  \t<div class=\"wrapper__container wrapper__container-width-large--default\">\n\t  <div class=\"wrapper__inner wrapper__width-large--14 wrapper__width-desktop--24 wrapper__width-mobile--24 wrapper__offset-desktop--0 wrapper__offset-mobile--0\">\n\t\t<p\n\t\tclass=\"paragraph paragraph__align--left paragraph__color--black paragraph__size--default   block-paragraph__paragraph\"\n\t\t\t>\n\t\tSamen met inwoners, ondernemers en leden hebben we nagedacht en gesproken over onze idee\u00ebn voor de toekomst. In het verkiezingsprogramma lees je deze plannen waarmee we de komende jaren aan de slag willen gaan.\t<\/p>\t  <\/div>\n\t<\/div>\n  <\/div>\n\n\n<div\n  id=\"\"\n  class=\"wrapper  wrapper__spacing-bottom-large--100 wrapper__spacing-bottom-desktop--60 wrapper__spacing-bottom-mobile--40  wrapper__gutter--none\"\n  >\n  \t<div class=\"wrapper__container wrapper__container-width-large--default\">\n\t  <div class=\"wrapper__inner wrapper__width-large--17 wrapper__width-mobile--24\">\n\t\t<div class=\"cta block-cta__cta\">\n  <div class=\"box box__style--full-width-on-mobile cta__box\" style=\"--box-bg-color: var(--global-colors-romanSilver);--box-text-color: var(--global-colors-white)\">\n\t<h2 class=\"heading heading__align--left heading__color--white heading__size--largest heading__font--sans heading__weight--semiBold  cta__heading\" id=\"nav-lees-ons-programma9792\" data-nav-heading-mobile=\"Lees ons programma\">\n\tLees ons programma<\/h2><div class=\"cta__image\">\n\n\t<img loading=\"lazy\" decoding=\"async\" width=\"1024\" height=\"576\" src=\"https:\/\/d66.nl\/sudwestfryslan\/wp-content\/uploads\/sites\/3\/2021\/10\/d66-events-191109-212-D66-Congres110-JeroenMooijman-1024x576.jpg\" class=\"image cta__img\" alt=\"\" \/>\n\t<\/div><p class=\"paragraph paragraph__align--left paragraph__color--white paragraph__size--default paragraph__weight--medium  cta__paragraph\">\n\t\tJe bent pas vrij als iedereen dat is. D66 gelooft in gelijke kansen voor iedereen en hulp voor wie het nodig heeft.\t<\/p><div class=\"cta__buttons-wrapper\"><a href=\"https:\/\/d66.nl\/sudwestfryslan\/verkiezingsprogramma\/\" class=\"btn btn__color--white btn__size--default btn__size-width--default    cta__btn\" id=\"\" title=\"Verkiezingsprogramma\" data-last-site-id=\"1\">\n\t<div class=\"btn__top-wrapper\">\n\t\t\n\t\t<span class=\"btn__title\">\n\t\t\tVerkiezingsprogramma\t\t<\/span>\n\n\t\t\t<\/div>\n\n\t<span class=\"btn__description\">\n\t\t\t<\/span>\n\n\t<span class=\"btn__spinner btn__spinner--white btn__spinner--default\" aria-hidden=\"true\"><\/span>\n<\/a><\/div><\/div><\/div>\t  <\/div>\n\t<\/div>\n  <\/div>\n","protected":false},"author":6,"featured_media":300000323,"parent":0,"menu_order":0,"template":"with-navigation.php","meta":{"_acf_changed":true},"themes-or-point-of-view":[24],"search-tags":[5],"topic-subtopics":[],"class_list":["post-311","topics","type-topics","status-publish","has-post-thumbnail","hentry","themes-or-point-of-view-theme","search-tags-werk-inkomen"],"acf":[],"yoast_head":"<!-- This site is optimized with the Yoast SEO plugin v27.3 - https:\/\/yoast.com\/product\/yoast-seo-wordpress\/ -->\n<title>S\u00fadwest Frysl\u00e2n &#8212; Werk en inkomen | Standpunten<\/title>\n<meta name=\"robots\" content=\"index, follow, max-snippet:-1, max-image-preview:large, max-video-preview:-1\" \/>\n<link rel=\"canonical\" href=\"https:\/\/d66.nl\/sudwestfryslan\/standpunten\/werk-en-inkomen\/\" \/>\n<meta property=\"og:locale\" content=\"nl_NL\" \/>\n<meta property=\"og:type\" content=\"article\" \/>\n<meta property=\"og:title\" content=\"S\u00fadwest Frysl\u00e2n &#8212; Werk en inkomen | Standpunten\" \/>\n<meta property=\"og:url\" content=\"https:\/\/d66.nl\/sudwestfryslan\/standpunten\/werk-en-inkomen\/\" \/>\n<meta property=\"og:site_name\" content=\"S\u00fadwest Frysl\u00e2n\" \/>\n<meta property=\"article:modified_time\" content=\"2026-01-26T11:34:01+00:00\" \/>\n<meta name=\"twitter:card\" content=\"summary_large_image\" \/>\n<script type=\"application\/ld+json\" class=\"yoast-schema-graph\">{\"@context\":\"https:\\\/\\\/schema.org\",\"@graph\":[{\"@type\":\"WebPage\",\"@id\":\"https:\\\/\\\/d66.nl\\\/sudwestfryslan\\\/standpunten\\\/werk-en-inkomen\\\/\",\"url\":\"https:\\\/\\\/d66.nl\\\/sudwestfryslan\\\/standpunten\\\/werk-en-inkomen\\\/\",\"name\":\"S\u00fadwest Frysl\u00e2n &#8212; Werk en inkomen | Standpunten\",\"isPartOf\":{\"@id\":\"https:\\\/\\\/d66.nl\\\/sudwestfryslan\\\/#website\"},\"primaryImageOfPage\":{\"@id\":\"https:\\\/\\\/d66.nl\\\/sudwestfryslan\\\/standpunten\\\/werk-en-inkomen\\\/#primaryimage\"},\"image\":{\"@id\":\"https:\\\/\\\/d66.nl\\\/sudwestfryslan\\\/standpunten\\\/werk-en-inkomen\\\/#primaryimage\"},\"thumbnailUrl\":\"https:\\\/\\\/d66.nl\\\/sudwestfryslan\\\/wp-content\\\/uploads\\\/sites\\\/3\\\/2021\\\/10\\\/d66-werk-inkomen_horeca_werken_iStock.jpg\",\"datePublished\":\"2021-10-27T12:20:35+00:00\",\"dateModified\":\"2026-01-26T11:34:01+00:00\",\"breadcrumb\":{\"@id\":\"https:\\\/\\\/d66.nl\\\/sudwestfryslan\\\/standpunten\\\/werk-en-inkomen\\\/#breadcrumb\"},\"inLanguage\":\"nl-NL\",\"potentialAction\":[{\"@type\":\"ReadAction\",\"target\":[\"https:\\\/\\\/d66.nl\\\/sudwestfryslan\\\/standpunten\\\/werk-en-inkomen\\\/\"]}]},{\"@type\":\"ImageObject\",\"inLanguage\":\"nl-NL\",\"@id\":\"https:\\\/\\\/d66.nl\\\/sudwestfryslan\\\/standpunten\\\/werk-en-inkomen\\\/#primaryimage\",\"url\":\"https:\\\/\\\/d66.nl\\\/sudwestfryslan\\\/wp-content\\\/uploads\\\/sites\\\/3\\\/2021\\\/10\\\/d66-werk-inkomen_horeca_werken_iStock.jpg\",\"contentUrl\":\"https:\\\/\\\/d66.nl\\\/sudwestfryslan\\\/wp-content\\\/uploads\\\/sites\\\/3\\\/2021\\\/10\\\/d66-werk-inkomen_horeca_werken_iStock.jpg\"},{\"@type\":\"BreadcrumbList\",\"@id\":\"https:\\\/\\\/d66.nl\\\/sudwestfryslan\\\/standpunten\\\/werk-en-inkomen\\\/#breadcrumb\",\"itemListElement\":[{\"@type\":\"ListItem\",\"position\":1,\"name\":\"Home\",\"item\":\"https:\\\/\\\/d66.nl\\\/sudwestfryslan\\\/\"},{\"@type\":\"ListItem\",\"position\":2,\"name\":\"Werk en inkomen\"}]},{\"@type\":\"WebSite\",\"@id\":\"https:\\\/\\\/d66.nl\\\/sudwestfryslan\\\/#website\",\"url\":\"https:\\\/\\\/d66.nl\\\/sudwestfryslan\\\/\",\"name\":\"S\u00fadwest Frysl\u00e2n\",\"description\":\"Laat iedereen vrij, maar niemand vallen\",\"publisher\":{\"@id\":\"https:\\\/\\\/d66.nl\\\/sudwestfryslan\\\/#organization\"},\"potentialAction\":[{\"@type\":\"SearchAction\",\"target\":{\"@type\":\"EntryPoint\",\"urlTemplate\":\"https:\\\/\\\/d66.nl\\\/sudwestfryslan\\\/?s={search_term_string}\"},\"query-input\":{\"@type\":\"PropertyValueSpecification\",\"valueRequired\":true,\"valueName\":\"search_term_string\"}}],\"inLanguage\":\"nl-NL\"},{\"@type\":\"Organization\",\"@id\":\"https:\\\/\\\/d66.nl\\\/sudwestfryslan\\\/#organization\",\"name\":\"D66\",\"url\":\"https:\\\/\\\/d66.nl\\\/sudwestfryslan\\\/\",\"logo\":{\"@type\":\"ImageObject\",\"inLanguage\":\"nl-NL\",\"@id\":\"https:\\\/\\\/d66.nl\\\/sudwestfryslan\\\/#\\\/schema\\\/logo\\\/image\\\/\",\"url\":\"https:\\\/\\\/d66.nl\\\/sudwestfryslan\\\/wp-content\\\/uploads\\\/sites\\\/2\\\/2021\\\/10\\\/d66-themas-algemeen-og.png\",\"contentUrl\":\"https:\\\/\\\/d66.nl\\\/sudwestfryslan\\\/wp-content\\\/uploads\\\/sites\\\/2\\\/2021\\\/10\\\/d66-themas-algemeen-og.png\",\"width\":1200,\"height\":628,\"caption\":\"D66\"},\"image\":{\"@id\":\"https:\\\/\\\/d66.nl\\\/sudwestfryslan\\\/#\\\/schema\\\/logo\\\/image\\\/\"}}]}<\/script>\n<!-- \/ Yoast SEO plugin. -->","yoast_head_json":{"title":"S\u00fadwest Frysl\u00e2n &#8212; Werk en inkomen | Standpunten","robots":{"index":"index","follow":"follow","max-snippet":"max-snippet:-1","max-image-preview":"max-image-preview:large","max-video-preview":"max-video-preview:-1"},"canonical":"https:\/\/d66.nl\/sudwestfryslan\/standpunten\/werk-en-inkomen\/","og_locale":"nl_NL","og_type":"article","og_title":"S\u00fadwest Frysl\u00e2n &#8212; Werk en inkomen | Standpunten","og_url":"https:\/\/d66.nl\/sudwestfryslan\/standpunten\/werk-en-inkomen\/","og_site_name":"S\u00fadwest Frysl\u00e2n","article_modified_time":"2026-01-26T11:34:01+00:00","twitter_card":"summary_large_image","schema":{"@context":"https:\/\/schema.org","@graph":[{"@type":"WebPage","@id":"https:\/\/d66.nl\/sudwestfryslan\/standpunten\/werk-en-inkomen\/","url":"https:\/\/d66.nl\/sudwestfryslan\/standpunten\/werk-en-inkomen\/","name":"S\u00fadwest Frysl\u00e2n &#8212; Werk en inkomen | Standpunten","isPartOf":{"@id":"https:\/\/d66.nl\/sudwestfryslan\/#website"},"primaryImageOfPage":{"@id":"https:\/\/d66.nl\/sudwestfryslan\/standpunten\/werk-en-inkomen\/#primaryimage"},"image":{"@id":"https:\/\/d66.nl\/sudwestfryslan\/standpunten\/werk-en-inkomen\/#primaryimage"},"thumbnailUrl":"https:\/\/d66.nl\/sudwestfryslan\/wp-content\/uploads\/sites\/3\/2021\/10\/d66-werk-inkomen_horeca_werken_iStock.jpg","datePublished":"2021-10-27T12:20:35+00:00","dateModified":"2026-01-26T11:34:01+00:00","breadcrumb":{"@id":"https:\/\/d66.nl\/sudwestfryslan\/standpunten\/werk-en-inkomen\/#breadcrumb"},"inLanguage":"nl-NL","potentialAction":[{"@type":"ReadAction","target":["https:\/\/d66.nl\/sudwestfryslan\/standpunten\/werk-en-inkomen\/"]}]},{"@type":"ImageObject","inLanguage":"nl-NL","@id":"https:\/\/d66.nl\/sudwestfryslan\/standpunten\/werk-en-inkomen\/#primaryimage","url":"https:\/\/d66.nl\/sudwestfryslan\/wp-content\/uploads\/sites\/3\/2021\/10\/d66-werk-inkomen_horeca_werken_iStock.jpg","contentUrl":"https:\/\/d66.nl\/sudwestfryslan\/wp-content\/uploads\/sites\/3\/2021\/10\/d66-werk-inkomen_horeca_werken_iStock.jpg"},{"@type":"BreadcrumbList","@id":"https:\/\/d66.nl\/sudwestfryslan\/standpunten\/werk-en-inkomen\/#breadcrumb","itemListElement":[{"@type":"ListItem","position":1,"name":"Home","item":"https:\/\/d66.nl\/sudwestfryslan\/"},{"@type":"ListItem","position":2,"name":"Werk en inkomen"}]},{"@type":"WebSite","@id":"https:\/\/d66.nl\/sudwestfryslan\/#website","url":"https:\/\/d66.nl\/sudwestfryslan\/","name":"S\u00fadwest Frysl\u00e2n","description":"Laat iedereen vrij, maar niemand vallen","publisher":{"@id":"https:\/\/d66.nl\/sudwestfryslan\/#organization"},"potentialAction":[{"@type":"SearchAction","target":{"@type":"EntryPoint","urlTemplate":"https:\/\/d66.nl\/sudwestfryslan\/?s={search_term_string}"},"query-input":{"@type":"PropertyValueSpecification","valueRequired":true,"valueName":"search_term_string"}}],"inLanguage":"nl-NL"},{"@type":"Organization","@id":"https:\/\/d66.nl\/sudwestfryslan\/#organization","name":"D66","url":"https:\/\/d66.nl\/sudwestfryslan\/","logo":{"@type":"ImageObject","inLanguage":"nl-NL","@id":"https:\/\/d66.nl\/sudwestfryslan\/#\/schema\/logo\/image\/","url":"https:\/\/d66.nl\/sudwestfryslan\/wp-content\/uploads\/sites\/2\/2021\/10\/d66-themas-algemeen-og.png","contentUrl":"https:\/\/d66.nl\/sudwestfryslan\/wp-content\/uploads\/sites\/2\/2021\/10\/d66-themas-algemeen-og.png","width":1200,"height":628,"caption":"D66"},"image":{"@id":"https:\/\/d66.nl\/sudwestfryslan\/#\/schema\/logo\/image\/"}}]}},"_links":{"self":[{"href":"https:\/\/d66.nl\/sudwestfryslan\/wp-json\/wp\/v2\/standpunten\/311","targetHints":{"allow":["GET"]}}],"collection":[{"href":"https:\/\/d66.nl\/sudwestfryslan\/wp-json\/wp\/v2\/standpunten"}],"about":[{"href":"https:\/\/d66.nl\/sudwestfryslan\/wp-json\/wp\/v2\/types\/topics"}],"author":[{"embeddable":true,"href":"https:\/\/d66.nl\/sudwestfryslan\/wp-json\/wp\/v2\/users\/6"}],"wp:featuredmedia":[{"embeddable":true,"href":"https:\/\/d66.nl\/sudwestfryslan\/wp-json\/"}],"wp:attachment":[{"href":"https:\/\/d66.nl\/sudwestfryslan\/wp-json\/wp\/v2\/media?parent=311"}],"wp:term":[{"taxonomy":"themes-or-point-of-view","embeddable":true,"href":"https:\/\/d66.nl\/sudwestfryslan\/wp-json\/wp\/v2\/themes-or-point-of-view?post=311"},{"taxonomy":"search-tags","embeddable":true,"href":"https:\/\/d66.nl\/sudwestfryslan\/wp-json\/wp\/v2\/search-tags?post=311"},{"taxonomy":"topic-sub-topics","embeddable":true,"href":"https:\/\/d66.nl\/sudwestfryslan\/wp-json\/wp\/v2\/topic-subtopics?post=311"}],"curies":[{"name":"wp","href":"https:\/\/api.w.org\/{rel}","templated":true}]}}