{"id":309,"date":"2021-10-27T12:18:48","date_gmt":"2021-10-27T12:18:48","guid":{"rendered":"https:\/\/d66.nl\/steenwijkerland\/?page_id=309"},"modified":"2021-11-25T20:33:58","modified_gmt":"2021-11-25T20:33:58","slug":"vrijheid-gelijkheid","status":"publish","type":"topics","link":"https:\/\/d66.nl\/steenwijkerland\/standpunten\/vrijheid-gelijkheid\/","title":{"rendered":"Vrijheid en gelijkheid"},"content":{"rendered":"<div\n  id=\"\"\n  class=\"wrapper  wrapper__spacing-bottom-large--100 wrapper__spacing-bottom-desktop--140 wrapper__spacing-bottom-mobile--110  wrapper__gutter--none\"\n  >\n  \t<div class=\"wrapper__container wrapper__container-width-large--default\">\n\t  <div class=\"wrapper__inner wrapper__width-large--24 wrapper__width-desktop--22 wrapper__width-mobile--24 wrapper__offset-large--0 wrapper__offset-desktop--2 wrapper__offset-mobile--0\">\n\t\t<section\n  class=\"block-small-hero\"\n  data-video-url=\"\"\n>\n  <div class=\"block-small-hero__wrapper\">\n\t<div class=\"block-small-hero__heading\">\n\t  <div class=\"block-small-hero__title\">\n\t\t<h1 class=\"heading heading__align--left heading__color--black heading__size--giant  heading__weight--normal\" id=\"nav-introductie5867\" data-nav-heading=\"Introductie\" data-nav-heading-mobile=\"Introductie\">\n\tVrij om overal jezelf te zijn<\/h1>\t  <\/div>\n\t  \t<\/div>\n\n\t\n\t\t  <div class=\"block-small-hero__image\">\n\t\t<img loading=\"lazy\" decoding=\"async\" width=\"1024\" height=\"576\" src=\"https:\/\/d66.nl\/steenwijkerland\/wp-content\/uploads\/sites\/3\/2021\/10\/d66-events-170805-048-D66_Pride2017-Jeroen-Mooijman-1024x576.jpg\" class=\"image block-small-hero__img\" alt=\"\" \/>\n\t\t\t<div class=\"image__caption-wrapper block-small-hero__caption-wrapper\">\n\t\t\t<div class=\"image__caption block-small-hero__caption\">\n\t\t\t\t<p class=\"paragraph paragraph__align--left paragraph__color--black paragraph__size--small paragraph__weight--medium\">\n\t\t<b>Rob Jetten<\/b> <i>&#045;<\/i> D66 vaart met de Jonge Democraten op een boot mee in de Canal Parade tijdens Pride Amsterdam. <i>&#x2022;<\/i> Beeld: Jeroen Mooijman\t<\/p>\t\t\t<\/div>\n\t\t<\/div>\t  <\/div>\n\t\t<div class=\"block-small-hero__columns block-small-hero__columns--two\" data-accordion-active=\"0\">\n\t  <div class=\"block-small-hero__column\">\n\t\t<p class=\"paragraph paragraph__align--left paragraph__color--black paragraph__size--default\">\n\t\tBen je \u00e9cht vrij als je niet wordt uitgenodigd voor een sollicitatie, omdat je een \u2018niet-Nederlands klinkende\u2019 achternaam hebt? Als je op school niet uit de kast durft te komen? Of als je als vrouw de top nog niet kunt bereiken?<br><br>In Nederland moet je altijd en overal jezelf kunnen zijn. Natuurlijk zijn we trots om het eerste land te zijn waar je mocht trouwen met iemand van je eigen geslacht.\t<\/p>\t  <\/div>\n\t  \t  <div class=\"block-small-hero__column\">\n\t\t\t<p class=\"paragraph paragraph__align--left paragraph__color--black paragraph__size--default\">\n\t\tMaar dat is geen reden om tevreden achterover te leunen. Homohaat, institutioneel racisme en genderongelijkheid is nog niet overwonnen.<br><br>Soms is de oplossing om regels aan te passen. Nieuwe wetten te maken die mensen vrijer maken. De geschiedenis leert dat de aanpak van ongelijkheid een lange mars is. En dat er sprongen worden gemaakt als mensen van zich laten horen. Dat zullen wij altijd doen.\t<\/p>\t  <\/div>\n\t  \t  \t<\/div>\n  <\/div>\n<\/section>\n\n\t  <\/div>\n\t<\/div>\n  <\/div>\n\n\n<div\n  id=\"\"\n  class=\"wrapper wrapper__spacing-top-large--0 wrapper__spacing-bottom-large--60  wrapper__gutter--none\"\n  >\n  \t<div class=\"wrapper__container wrapper__container-width-large--default\">\n\t  <div class=\"wrapper__inner wrapper__width-large--24 wrapper__width-mobile--24\">\n\t\t<h2 class=\"heading heading__align--left heading__color--black heading__size--huge heading__font--sans heading__weight--semiBold  block-heading__heading\" id=\"nav-standpunten546\" data-nav-heading=\"Standpunten\" data-nav-heading-mobile=\"Standpunten\" >\n\tOnze standpunten<\/h2>\t  <\/div>\n\t<\/div>\n  <\/div>\n\n\n<div\n  id=\"\"\n  class=\"wrapper  wrapper__spacing-bottom-large--100  wrapper__gutter--none\"\n  >\n  \t<div class=\"wrapper__container wrapper__container-width-large--default\">\n\t  <div class=\"wrapper__inner wrapper__width-large--22 wrapper__width-mobile--24\">\n\t\t<div class=\"js-article-grid\">\n\t\t<div\n\t\tclass=\"block-article-listing js-block-article-listing\"\n\t\tdata-latest-post-id=\"530\"\n\t\tdata-how-many-to-load=\"12\"\n\t\tdata-post-type=\"manifesto\"\n\t\tdata-filtering=\"no-filter\"\t\tdata-categories=\"18\"\t\tdata-sites=\"\"\n\t\tdata-syndication=\"current-site\"\n\t\tdata-nothing-found-text=\"\"\n\n\t\t\t\t>\n\t\t<input type=\"hidden\" id=\"_wpnonce\" name=\"_wpnonce\" value=\"b24bb3d543\" \/><input type=\"hidden\" name=\"_wp_http_referer\" value=\"\/steenwijkerland\/wp-json\/wp\/v2\/standpunten\/309\" \/><div class=\"block-point-of-view-grid-new js-block-point-of-view-grid-new\">\n\t<div class=\"block-point-of-view-grid-new__grid\">\n\n\t\t\t\t\t<div class=\"block-point-of-view-grid-new__row-desktop block-point-of-view-grid-new__row-desktop-bottom\">\n\t\t\t\t\t\t\t\t\t\t\t\t\t\t\t<div class=\"block-point-of-view-grid-new__item block-point-of-view-grid-new__item--first\">\n\t\t\t\t\t\t\t<article class=\"article-card article-card__color--rosePink   block-point-of-view-grid-new block-point-of-view-grid-new__card block-point-of-view-grid-new__article-card\">\n\t\t<a class=\"article-card__link\" href=\"https:\/\/d66.nl\/steenwijkerland\/verkiezingsprogramma\/hoofdstuk-10\/\" aria-label=\"Link naar artikel\">\n\t\t<header class=\"article-card__header\">\n\n\t\t\t\t\t\t\t\t\t\t<div class=\"article-card__featured-image-wrapper\">\n\t\t\t\t\t<img loading=\"lazy\" decoding=\"async\" width=\"1024\" height=\"576\" src=\"https:\/\/media.d66.nl\/uploads\/sites\/229\/2026\/02\/stadstuin-nettelbosch-1024x576.jpg\" class=\"image article-card__img\" alt=\"Bloemenperken in stadstuin de Nettelbosch in Steenwijk.\" \/>\t\t\t\t<\/div>\n\t\t\t\t\t\t\t\t<\/header>\n\n\t\t<div class=\"article-card__body\">\n\t\t\t\t\t\t\t<h3 class=\"heading   heading__size--large heading__font--sans heading__weight--bold\" id=\"nav-een-sociale-leefomgeving--die-maak-je-met-elkaar6153\">\n\tEen sociale leefomgeving: die maak je met elkaar<\/h3>\t\t\t\t\t\t\n\t\t\t<button class=\"buttonV2 buttonV2__color--transparent buttonV2__size--default buttonV2__size-width--default   article-card__buttonV2\" id=\"\">\n\t<div class=\"buttonV2__top-wrapper buttonV2__arrow-align--right\">\n\t\t\t\t\t<span class=\"buttonV2__title\">\n\t\t\t\tLees verder\t\t\t<\/span>\n\t\t\n\t\t\t\t\t<div class=\"buttonV2__icon\">\n\t\t\t\t<svg xmlns='http:\/\/www.w3.org\/2000\/svg' viewBox='0 0 58.14 50.62'><path d='m32.82 50.62 25.32-25.31L32.82 0l-4.35 4.35 17.92 17.86H0v6.21h46.39L28.47 46.33l4.35 4.29z' fill='currentColor' \/><\/svg>\t\t\t<\/div>\n\t\t\t<\/div>\n\n\t<\/button>\t\t<\/div>\n\t<\/a>\n<\/article>\t\t\t\t\t\t<\/div>\n\t\t\t\t\t\t\t\t\t\t\t\t\t\t\t\t\t\t\t\t<div class=\"block-point-of-view-grid-new__item block-point-of-view-grid-new__item--second\">\n\t\t\t\t\t\t\t<article class=\"article-card article-card__color--tomato   block-point-of-view-grid-new block-point-of-view-grid-new__card block-point-of-view-grid-new__article-card\">\n\t\t<a class=\"article-card__link\" href=\"https:\/\/d66.nl\/steenwijkerland\/verkiezingsprogramma\/hoofdstuk-9\/\" aria-label=\"Link naar artikel\">\n\t\t<header class=\"article-card__header\">\n\n\t\t\t\t\t\t\t\t\t\t<div class=\"article-card__featured-image-wrapper\">\n\t\t\t\t\t<img loading=\"lazy\" decoding=\"async\" width=\"800\" height=\"600\" src=\"https:\/\/d66.nl\/steenwijkerland\/wp-content\/uploads\/sites\/229\/2022\/02\/trekker-weiland-akkerbouw2.jpg\" class=\"image article-card__img\" alt=\"\" \/>\t\t\t\t<\/div>\n\t\t\t\t\t\t\t\t<\/header>\n\n\t\t<div class=\"article-card__body\">\n\t\t\t\t\t\t\t<h3 class=\"heading   heading__size--large heading__font--sans heading__weight--bold\" id=\"nav-landbouw--natuur--wonen-en-werken-in-kernen-en-buitengebied3940\">\n\tLandbouw, natuur, wonen en werken in kernen en buitengebied<\/h3>\t\t\t\t\t\t\n\t\t\t<button class=\"buttonV2 buttonV2__color--transparent buttonV2__size--default buttonV2__size-width--default   article-card__buttonV2\" id=\"\">\n\t<div class=\"buttonV2__top-wrapper buttonV2__arrow-align--right\">\n\t\t\t\t\t<span class=\"buttonV2__title\">\n\t\t\t\tLees verder\t\t\t<\/span>\n\t\t\n\t\t\t\t\t<div class=\"buttonV2__icon\">\n\t\t\t\t<svg xmlns='http:\/\/www.w3.org\/2000\/svg' viewBox='0 0 58.14 50.62'><path d='m32.82 50.62 25.32-25.31L32.82 0l-4.35 4.35 17.92 17.86H0v6.21h46.39L28.47 46.33l4.35 4.29z' fill='currentColor' \/><\/svg>\t\t\t<\/div>\n\t\t\t<\/div>\n\n\t<\/button>\t\t<\/div>\n\t<\/a>\n<\/article>\t\t\t\t\t\t<\/div>\n\t\t\t\t\t\t\t\t\t\t\t\t\t\t\t\t\t\t\t\t<div class=\"block-point-of-view-grid-new__item block-point-of-view-grid-new__item--third\">\n\t\t\t\t\t\t\t<article class=\"article-card article-card__color--yellow   block-point-of-view-grid-new block-point-of-view-grid-new__card block-point-of-view-grid-new__article-card\">\n\t\t<a class=\"article-card__link\" href=\"https:\/\/d66.nl\/steenwijkerland\/verkiezingsprogramma\/hoofdstuk-8\/\" aria-label=\"Link naar artikel\">\n\t\t<header class=\"article-card__header\">\n\n\t\t\t\t\t\t\t\t\t\t<div class=\"article-card__featured-image-wrapper\">\n\t\t\t\t\t<img loading=\"lazy\" decoding=\"async\" width=\"1000\" height=\"750\" src=\"https:\/\/media.d66.nl\/uploads\/sites\/229\/2026\/02\/zonnepark-emmeloord.jpg\" class=\"image article-card__img\" alt=\"Zonnepark bij Emmeloord langs het water\" \/>\t\t\t\t<\/div>\n\t\t\t\t\t\t\t\t<\/header>\n\n\t\t<div class=\"article-card__body\">\n\t\t\t\t\t\t\t<h3 class=\"heading   heading__size--large heading__font--sans heading__weight--bold\" id=\"nav-duurzaam-handelen-is-goed-voor-steenwijkerland5950\">\n\tDuurzaam handelen is goed voor Steenwijkerland<\/h3>\t\t\t\t\t\t\n\t\t\t<button class=\"buttonV2 buttonV2__color--transparent buttonV2__size--default buttonV2__size-width--default   article-card__buttonV2\" id=\"\">\n\t<div class=\"buttonV2__top-wrapper buttonV2__arrow-align--right\">\n\t\t\t\t\t<span class=\"buttonV2__title\">\n\t\t\t\tLees verder\t\t\t<\/span>\n\t\t\n\t\t\t\t\t<div class=\"buttonV2__icon\">\n\t\t\t\t<svg xmlns='http:\/\/www.w3.org\/2000\/svg' viewBox='0 0 58.14 50.62'><path d='m32.82 50.62 25.32-25.31L32.82 0l-4.35 4.35 17.92 17.86H0v6.21h46.39L28.47 46.33l4.35 4.29z' fill='currentColor' \/><\/svg>\t\t\t<\/div>\n\t\t\t<\/div>\n\n\t<\/button>\t\t<\/div>\n\t<\/a>\n<\/article>\t\t\t\t\t\t<\/div>\n\t\t\t\t\t\t\t\t\t\t\t\t<\/div>\n\t\t\n\t\t\t\t\t<div class=\"block-point-of-view-grid-new__row-desktop block-point-of-view-grid-new__row-desktop-bottom\">\n\t\t\t\t\t\t\t\t\t\t\t\t\t\t\t<div class=\"block-point-of-view-grid-new__item block-point-of-view-grid-new__item--fourth\">\n\t\t\t\t\t\t\t<article class=\"article-card article-card__color--skyBlue   block-point-of-view-grid-new block-point-of-view-grid-new__card block-point-of-view-grid-new__article-card\">\n\t\t<a class=\"article-card__link\" href=\"https:\/\/d66.nl\/steenwijkerland\/verkiezingsprogramma\/hoofdstuk-7\/\" aria-label=\"Link naar artikel\">\n\t\t<header class=\"article-card__header\">\n\n\t\t\t\t\t\t\t\t\t\t<div class=\"article-card__featured-image-wrapper\">\n\t\t\t\t\t<img loading=\"lazy\" decoding=\"async\" width=\"800\" height=\"600\" src=\"https:\/\/d66.nl\/steenwijkerland\/wp-content\/uploads\/sites\/229\/2022\/02\/fieters-op-brug-fietspad-kalenberg.jpg\" class=\"image article-card__img\" alt=\"\" \/>\t\t\t\t<\/div>\n\t\t\t\t\t\t\t\t<\/header>\n\n\t\t<div class=\"article-card__body\">\n\t\t\t\t\t\t\t<h3 class=\"heading   heading__size--large heading__font--sans heading__weight--bold\" id=\"nav-optimale-verbindingen-en-duurzaam-vervoer176\">\n\tOptimale verbindingen en duurzaam vervoer<\/h3>\t\t\t\t\t\t\n\t\t\t<button class=\"buttonV2 buttonV2__color--transparent buttonV2__size--default buttonV2__size-width--default   article-card__buttonV2\" id=\"\">\n\t<div class=\"buttonV2__top-wrapper buttonV2__arrow-align--right\">\n\t\t\t\t\t<span class=\"buttonV2__title\">\n\t\t\t\tLees verder\t\t\t<\/span>\n\t\t\n\t\t\t\t\t<div class=\"buttonV2__icon\">\n\t\t\t\t<svg xmlns='http:\/\/www.w3.org\/2000\/svg' viewBox='0 0 58.14 50.62'><path d='m32.82 50.62 25.32-25.31L32.82 0l-4.35 4.35 17.92 17.86H0v6.21h46.39L28.47 46.33l4.35 4.29z' fill='currentColor' \/><\/svg>\t\t\t<\/div>\n\t\t\t<\/div>\n\n\t<\/button>\t\t<\/div>\n\t<\/a>\n<\/article>\t\t\t\t\t\t<\/div>\n\t\t\t\t\t\t\t\t\t\t\t\t\t\t\t\t\t\t\t\t<div class=\"block-point-of-view-grid-new__item block-point-of-view-grid-new__item--fifth\">\n\t\t\t\t\t\t\t<article class=\"article-card article-card__color--romanSilver   block-point-of-view-grid-new block-point-of-view-grid-new__card block-point-of-view-grid-new__article-card\">\n\t\t<a class=\"article-card__link\" href=\"https:\/\/d66.nl\/steenwijkerland\/verkiezingsprogramma\/hoofdstuk-6\/\" aria-label=\"Link naar artikel\">\n\t\t<header class=\"article-card__header\">\n\n\t\t\t\t\t\t\t\t\t\t<div class=\"article-card__featured-image-wrapper\">\n\t\t\t\t\t<img loading=\"lazy\" decoding=\"async\" width=\"600\" height=\"800\" src=\"https:\/\/media.d66.nl\/uploads\/sites\/229\/2026\/02\/giethoorn-buitenlands-toerisme.jpg\" class=\"image article-card__img\" alt=\"Toeristen varen met huurbootjes door een gracht langs rietgedekte woningen in Giethoorn.\" \/>\t\t\t\t<\/div>\n\t\t\t\t\t\t\t\t<\/header>\n\n\t\t<div class=\"article-card__body\">\n\t\t\t\t\t\t\t<h3 class=\"heading   heading__size--large heading__font--sans heading__weight--bold\" id=\"nav-d66-stelt-belang-inwoner-boven-belang-toerist9782\">\n\tD66 stelt belang inwoner boven belang toerist<\/h3>\t\t\t\t\t\t\n\t\t\t<button class=\"buttonV2 buttonV2__color--transparent buttonV2__size--default buttonV2__size-width--default   article-card__buttonV2\" id=\"\">\n\t<div class=\"buttonV2__top-wrapper buttonV2__arrow-align--right\">\n\t\t\t\t\t<span class=\"buttonV2__title\">\n\t\t\t\tLees verder\t\t\t<\/span>\n\t\t\n\t\t\t\t\t<div class=\"buttonV2__icon\">\n\t\t\t\t<svg xmlns='http:\/\/www.w3.org\/2000\/svg' viewBox='0 0 58.14 50.62'><path d='m32.82 50.62 25.32-25.31L32.82 0l-4.35 4.35 17.92 17.86H0v6.21h46.39L28.47 46.33l4.35 4.29z' fill='currentColor' \/><\/svg>\t\t\t<\/div>\n\t\t\t<\/div>\n\n\t<\/button>\t\t<\/div>\n\t<\/a>\n<\/article>\t\t\t\t\t\t<\/div>\n\t\t\t\t\t\t\t\t\t\t\t\t\t\t\t\t\t\t\t\t<div class=\"block-point-of-view-grid-new__item block-point-of-view-grid-new__item--sixth\">\n\t\t\t\t\t\t\t<article class=\"article-card article-card__color--tomato   block-point-of-view-grid-new block-point-of-view-grid-new__card block-point-of-view-grid-new__article-card\">\n\t\t<a class=\"article-card__link\" href=\"https:\/\/d66.nl\/steenwijkerland\/verkiezingsprogramma\/hoofdstuk-5\/\" aria-label=\"Link naar artikel\">\n\t\t<header class=\"article-card__header\">\n\n\t\t\t\t\t\t\t\t\t\t<div class=\"article-card__featured-image-wrapper\">\n\t\t\t\t\t<img loading=\"lazy\" decoding=\"async\" width=\"1024\" height=\"683\" src=\"https:\/\/media.d66.nl\/uploads\/sites\/229\/2026\/02\/Zestigplus.jpg-1024x683.jpg\" class=\"image article-card__img\" alt=\"Vrouw ontspant in een groene tuin, symbool voor leefkwaliteit en welzijn\" \/>\t\t\t\t<\/div>\n\t\t\t\t\t\t\t\t<\/header>\n\n\t\t<div class=\"article-card__body\">\n\t\t\t\t\t\t\t<h3 class=\"heading   heading__size--large heading__font--sans heading__weight--bold\" id=\"nav-passende-zorg--hulp-in-de-buurt-en-betekenisvolle-sociale-contacten2153\">\n\tPassende zorg, hulp in de buurt en betekenisvolle sociale contacten<\/h3>\t\t\t\t\t\t\n\t\t\t<button class=\"buttonV2 buttonV2__color--transparent buttonV2__size--default buttonV2__size-width--default   article-card__buttonV2\" id=\"\">\n\t<div class=\"buttonV2__top-wrapper buttonV2__arrow-align--right\">\n\t\t\t\t\t<span class=\"buttonV2__title\">\n\t\t\t\tLees verder\t\t\t<\/span>\n\t\t\n\t\t\t\t\t<div class=\"buttonV2__icon\">\n\t\t\t\t<svg xmlns='http:\/\/www.w3.org\/2000\/svg' viewBox='0 0 58.14 50.62'><path d='m32.82 50.62 25.32-25.31L32.82 0l-4.35 4.35 17.92 17.86H0v6.21h46.39L28.47 46.33l4.35 4.29z' fill='currentColor' \/><\/svg>\t\t\t<\/div>\n\t\t\t<\/div>\n\n\t<\/button>\t\t<\/div>\n\t<\/a>\n<\/article>\t\t\t\t\t\t<\/div>\n\t\t\t\t\t\t\t\t\t\t\t\t<\/div>\n\t\t\n\t<\/div>\n\t\t\t<div class=\"block-point-of-view-grid-new__accordions\">\n\t\t\t\t\t\t\t\t\t\t\t\t<div class=\"block-point-of-view-grid-new block-point-of-view-grid-new--first\">\n\t\t\t\t\t\t<article class=\"article-card article-card__color--rosePink   block-point-of-view-grid-new block-point-of-view-grid-new__card block-point-of-view-grid-new__article-card\">\n\t\t<a class=\"article-card__link\" href=\"https:\/\/d66.nl\/steenwijkerland\/verkiezingsprogramma\/hoofdstuk-10\/\" aria-label=\"Link naar artikel\">\n\t\t<header class=\"article-card__header\">\n\n\t\t\t\t\t\t\t\t\t\t<div class=\"article-card__featured-image-wrapper\">\n\t\t\t\t\t<img loading=\"lazy\" decoding=\"async\" width=\"1024\" height=\"576\" src=\"https:\/\/media.d66.nl\/uploads\/sites\/229\/2026\/02\/stadstuin-nettelbosch-1024x576.jpg\" class=\"image article-card__img\" alt=\"Bloemenperken in stadstuin de Nettelbosch in Steenwijk.\" \/>\t\t\t\t<\/div>\n\t\t\t\t\t\t\t\t<\/header>\n\n\t\t<div class=\"article-card__body\">\n\t\t\t\t\t\t\t<h3 class=\"heading   heading__size--large heading__font--sans heading__weight--bold\" id=\"nav-een-sociale-leefomgeving--die-maak-je-met-elkaar5666\">\n\tEen sociale leefomgeving: die maak je met elkaar<\/h3>\t\t\t\t\t\t\n\t\t\t<button class=\"buttonV2 buttonV2__color--transparent buttonV2__size--default buttonV2__size-width--default   article-card__buttonV2\" id=\"\">\n\t<div class=\"buttonV2__top-wrapper buttonV2__arrow-align--right\">\n\t\t\t\t\t<span class=\"buttonV2__title\">\n\t\t\t\tLees verder\t\t\t<\/span>\n\t\t\n\t\t\t\t\t<div class=\"buttonV2__icon\">\n\t\t\t\t<svg xmlns='http:\/\/www.w3.org\/2000\/svg' viewBox='0 0 58.14 50.62'><path d='m32.82 50.62 25.32-25.31L32.82 0l-4.35 4.35 17.92 17.86H0v6.21h46.39L28.47 46.33l4.35 4.29z' fill='currentColor' \/><\/svg>\t\t\t<\/div>\n\t\t\t<\/div>\n\n\t<\/button>\t\t<\/div>\n\t<\/a>\n<\/article>\t\t\t\t\t<\/div>\n\t\t\t\t\t\t\t\t\t\t\t\t\t\t\t\t<div class=\"block-point-of-view-grid-new block-point-of-view-grid-new--second\">\n\t\t\t\t\t\t<article class=\"article-card article-card__color--tomato   block-point-of-view-grid-new block-point-of-view-grid-new__card block-point-of-view-grid-new__article-card\">\n\t\t<a class=\"article-card__link\" href=\"https:\/\/d66.nl\/steenwijkerland\/verkiezingsprogramma\/hoofdstuk-9\/\" aria-label=\"Link naar artikel\">\n\t\t<header class=\"article-card__header\">\n\n\t\t\t\t\t\t\t\t\t\t<div class=\"article-card__featured-image-wrapper\">\n\t\t\t\t\t<img loading=\"lazy\" decoding=\"async\" width=\"800\" height=\"600\" src=\"https:\/\/d66.nl\/steenwijkerland\/wp-content\/uploads\/sites\/229\/2022\/02\/trekker-weiland-akkerbouw2.jpg\" class=\"image article-card__img\" alt=\"\" \/>\t\t\t\t<\/div>\n\t\t\t\t\t\t\t\t<\/header>\n\n\t\t<div class=\"article-card__body\">\n\t\t\t\t\t\t\t<h3 class=\"heading   heading__size--large heading__font--sans heading__weight--bold\" id=\"nav-landbouw--natuur--wonen-en-werken-in-kernen-en-buitengebied1493\">\n\tLandbouw, natuur, wonen en werken in kernen en buitengebied<\/h3>\t\t\t\t\t\t\n\t\t\t<button class=\"buttonV2 buttonV2__color--transparent buttonV2__size--default buttonV2__size-width--default   article-card__buttonV2\" id=\"\">\n\t<div class=\"buttonV2__top-wrapper buttonV2__arrow-align--right\">\n\t\t\t\t\t<span class=\"buttonV2__title\">\n\t\t\t\tLees verder\t\t\t<\/span>\n\t\t\n\t\t\t\t\t<div class=\"buttonV2__icon\">\n\t\t\t\t<svg xmlns='http:\/\/www.w3.org\/2000\/svg' viewBox='0 0 58.14 50.62'><path d='m32.82 50.62 25.32-25.31L32.82 0l-4.35 4.35 17.92 17.86H0v6.21h46.39L28.47 46.33l4.35 4.29z' fill='currentColor' \/><\/svg>\t\t\t<\/div>\n\t\t\t<\/div>\n\n\t<\/button>\t\t<\/div>\n\t<\/a>\n<\/article>\t\t\t\t\t<\/div>\n\t\t\t\t\t\t\t\t\t\t\t\t\t\t\t\t<div class=\"block-point-of-view-grid-new block-point-of-view-grid-new--third\">\n\t\t\t\t\t\t<article class=\"article-card article-card__color--yellow   block-point-of-view-grid-new block-point-of-view-grid-new__card block-point-of-view-grid-new__article-card\">\n\t\t<a class=\"article-card__link\" href=\"https:\/\/d66.nl\/steenwijkerland\/verkiezingsprogramma\/hoofdstuk-8\/\" aria-label=\"Link naar artikel\">\n\t\t<header class=\"article-card__header\">\n\n\t\t\t\t\t\t\t\t\t\t<div class=\"article-card__featured-image-wrapper\">\n\t\t\t\t\t<img loading=\"lazy\" decoding=\"async\" width=\"1000\" height=\"750\" src=\"https:\/\/media.d66.nl\/uploads\/sites\/229\/2026\/02\/zonnepark-emmeloord.jpg\" class=\"image article-card__img\" alt=\"Zonnepark bij Emmeloord langs het water\" \/>\t\t\t\t<\/div>\n\t\t\t\t\t\t\t\t<\/header>\n\n\t\t<div class=\"article-card__body\">\n\t\t\t\t\t\t\t<h3 class=\"heading   heading__size--large heading__font--sans heading__weight--bold\" id=\"nav-duurzaam-handelen-is-goed-voor-steenwijkerland6059\">\n\tDuurzaam handelen is goed voor Steenwijkerland<\/h3>\t\t\t\t\t\t\n\t\t\t<button class=\"buttonV2 buttonV2__color--transparent buttonV2__size--default buttonV2__size-width--default   article-card__buttonV2\" id=\"\">\n\t<div class=\"buttonV2__top-wrapper buttonV2__arrow-align--right\">\n\t\t\t\t\t<span class=\"buttonV2__title\">\n\t\t\t\tLees verder\t\t\t<\/span>\n\t\t\n\t\t\t\t\t<div class=\"buttonV2__icon\">\n\t\t\t\t<svg xmlns='http:\/\/www.w3.org\/2000\/svg' viewBox='0 0 58.14 50.62'><path d='m32.82 50.62 25.32-25.31L32.82 0l-4.35 4.35 17.92 17.86H0v6.21h46.39L28.47 46.33l4.35 4.29z' fill='currentColor' \/><\/svg>\t\t\t<\/div>\n\t\t\t<\/div>\n\n\t<\/button>\t\t<\/div>\n\t<\/a>\n<\/article>\t\t\t\t\t<\/div>\n\t\t\t\t\t\t\t\t\t\t\t\t\t\t\t\t<div class=\"block-point-of-view-grid-new block-point-of-view-grid-new--fourth\">\n\t\t\t\t\t\t<article class=\"article-card article-card__color--skyBlue   block-point-of-view-grid-new block-point-of-view-grid-new__card block-point-of-view-grid-new__article-card\">\n\t\t<a class=\"article-card__link\" href=\"https:\/\/d66.nl\/steenwijkerland\/verkiezingsprogramma\/hoofdstuk-7\/\" aria-label=\"Link naar artikel\">\n\t\t<header class=\"article-card__header\">\n\n\t\t\t\t\t\t\t\t\t\t<div class=\"article-card__featured-image-wrapper\">\n\t\t\t\t\t<img loading=\"lazy\" decoding=\"async\" width=\"800\" height=\"600\" src=\"https:\/\/d66.nl\/steenwijkerland\/wp-content\/uploads\/sites\/229\/2022\/02\/fieters-op-brug-fietspad-kalenberg.jpg\" class=\"image article-card__img\" alt=\"\" \/>\t\t\t\t<\/div>\n\t\t\t\t\t\t\t\t<\/header>\n\n\t\t<div class=\"article-card__body\">\n\t\t\t\t\t\t\t<h3 class=\"heading   heading__size--large heading__font--sans heading__weight--bold\" id=\"nav-optimale-verbindingen-en-duurzaam-vervoer7238\">\n\tOptimale verbindingen en duurzaam vervoer<\/h3>\t\t\t\t\t\t\n\t\t\t<button class=\"buttonV2 buttonV2__color--transparent buttonV2__size--default buttonV2__size-width--default   article-card__buttonV2\" id=\"\">\n\t<div class=\"buttonV2__top-wrapper buttonV2__arrow-align--right\">\n\t\t\t\t\t<span class=\"buttonV2__title\">\n\t\t\t\tLees verder\t\t\t<\/span>\n\t\t\n\t\t\t\t\t<div class=\"buttonV2__icon\">\n\t\t\t\t<svg xmlns='http:\/\/www.w3.org\/2000\/svg' viewBox='0 0 58.14 50.62'><path d='m32.82 50.62 25.32-25.31L32.82 0l-4.35 4.35 17.92 17.86H0v6.21h46.39L28.47 46.33l4.35 4.29z' fill='currentColor' \/><\/svg>\t\t\t<\/div>\n\t\t\t<\/div>\n\n\t<\/button>\t\t<\/div>\n\t<\/a>\n<\/article>\t\t\t\t\t<\/div>\n\t\t\t\t\t\t\t\t\t\t\t\t\t\t\t\t<div class=\"block-point-of-view-grid-new block-point-of-view-grid-new--fifth\">\n\t\t\t\t\t\t<article class=\"article-card article-card__color--romanSilver   block-point-of-view-grid-new block-point-of-view-grid-new__card block-point-of-view-grid-new__article-card\">\n\t\t<a class=\"article-card__link\" href=\"https:\/\/d66.nl\/steenwijkerland\/verkiezingsprogramma\/hoofdstuk-6\/\" aria-label=\"Link naar artikel\">\n\t\t<header class=\"article-card__header\">\n\n\t\t\t\t\t\t\t\t\t\t<div class=\"article-card__featured-image-wrapper\">\n\t\t\t\t\t<img loading=\"lazy\" decoding=\"async\" width=\"600\" height=\"800\" src=\"https:\/\/media.d66.nl\/uploads\/sites\/229\/2026\/02\/giethoorn-buitenlands-toerisme.jpg\" class=\"image article-card__img\" alt=\"Toeristen varen met huurbootjes door een gracht langs rietgedekte woningen in Giethoorn.\" \/>\t\t\t\t<\/div>\n\t\t\t\t\t\t\t\t<\/header>\n\n\t\t<div class=\"article-card__body\">\n\t\t\t\t\t\t\t<h3 class=\"heading   heading__size--large heading__font--sans heading__weight--bold\" id=\"nav-d66-stelt-belang-inwoner-boven-belang-toerist5168\">\n\tD66 stelt belang inwoner boven belang toerist<\/h3>\t\t\t\t\t\t\n\t\t\t<button class=\"buttonV2 buttonV2__color--transparent buttonV2__size--default buttonV2__size-width--default   article-card__buttonV2\" id=\"\">\n\t<div class=\"buttonV2__top-wrapper buttonV2__arrow-align--right\">\n\t\t\t\t\t<span class=\"buttonV2__title\">\n\t\t\t\tLees verder\t\t\t<\/span>\n\t\t\n\t\t\t\t\t<div class=\"buttonV2__icon\">\n\t\t\t\t<svg xmlns='http:\/\/www.w3.org\/2000\/svg' viewBox='0 0 58.14 50.62'><path d='m32.82 50.62 25.32-25.31L32.82 0l-4.35 4.35 17.92 17.86H0v6.21h46.39L28.47 46.33l4.35 4.29z' fill='currentColor' \/><\/svg>\t\t\t<\/div>\n\t\t\t<\/div>\n\n\t<\/button>\t\t<\/div>\n\t<\/a>\n<\/article>\t\t\t\t\t<\/div>\n\t\t\t\t\t\t\t\t\t\t\t\t\t\t\t\t<div class=\"block-point-of-view-grid-new block-point-of-view-grid-new--sixth\">\n\t\t\t\t\t\t<article class=\"article-card article-card__color--tomato   block-point-of-view-grid-new block-point-of-view-grid-new__card block-point-of-view-grid-new__article-card\">\n\t\t<a class=\"article-card__link\" href=\"https:\/\/d66.nl\/steenwijkerland\/verkiezingsprogramma\/hoofdstuk-5\/\" aria-label=\"Link naar artikel\">\n\t\t<header class=\"article-card__header\">\n\n\t\t\t\t\t\t\t\t\t\t<div class=\"article-card__featured-image-wrapper\">\n\t\t\t\t\t<img loading=\"lazy\" decoding=\"async\" width=\"1024\" height=\"683\" src=\"https:\/\/media.d66.nl\/uploads\/sites\/229\/2026\/02\/Zestigplus.jpg-1024x683.jpg\" class=\"image article-card__img\" alt=\"Vrouw ontspant in een groene tuin, symbool voor leefkwaliteit en welzijn\" \/>\t\t\t\t<\/div>\n\t\t\t\t\t\t\t\t<\/header>\n\n\t\t<div class=\"article-card__body\">\n\t\t\t\t\t\t\t<h3 class=\"heading   heading__size--large heading__font--sans heading__weight--bold\" id=\"nav-passende-zorg--hulp-in-de-buurt-en-betekenisvolle-sociale-contacten8501\">\n\tPassende zorg, hulp in de buurt en betekenisvolle sociale contacten<\/h3>\t\t\t\t\t\t\n\t\t\t<button class=\"buttonV2 buttonV2__color--transparent buttonV2__size--default buttonV2__size-width--default   article-card__buttonV2\" id=\"\">\n\t<div class=\"buttonV2__top-wrapper buttonV2__arrow-align--right\">\n\t\t\t\t\t<span class=\"buttonV2__title\">\n\t\t\t\tLees verder\t\t\t<\/span>\n\t\t\n\t\t\t\t\t<div class=\"buttonV2__icon\">\n\t\t\t\t<svg xmlns='http:\/\/www.w3.org\/2000\/svg' viewBox='0 0 58.14 50.62'><path d='m32.82 50.62 25.32-25.31L32.82 0l-4.35 4.35 17.92 17.86H0v6.21h46.39L28.47 46.33l4.35 4.29z' fill='currentColor' \/><\/svg>\t\t\t<\/div>\n\t\t\t<\/div>\n\n\t<\/button>\t\t<\/div>\n\t<\/a>\n<\/article>\t\t\t\t\t<\/div>\n\t\t\t\t\t\t\t\t\t<\/div>\n\t<\/div><div class=\"block-point-of-view-grid-new js-block-point-of-view-grid-new\">\n\t<div class=\"block-point-of-view-grid-new__grid\">\n\n\t\t\t\t\t<div class=\"block-point-of-view-grid-new__row-desktop block-point-of-view-grid-new__row-desktop-bottom\">\n\t\t\t\t\t\t\t\t\t\t\t\t\t\t\t<div class=\"block-point-of-view-grid-new__item block-point-of-view-grid-new__item--first\">\n\t\t\t\t\t\t\t<article class=\"article-card article-card__color--skyBlue   block-point-of-view-grid-new block-point-of-view-grid-new__card block-point-of-view-grid-new__article-card\">\n\t\t<a class=\"article-card__link\" href=\"https:\/\/d66.nl\/steenwijkerland\/verkiezingsprogramma\/hoofdstuk-4\/\" aria-label=\"Link naar artikel\">\n\t\t<header class=\"article-card__header\">\n\n\t\t\t\t\t\t\t\t\t\t<div class=\"article-card__featured-image-wrapper\">\n\t\t\t\t\t<img loading=\"lazy\" decoding=\"async\" width=\"800\" height=\"600\" src=\"https:\/\/media.d66.nl\/uploads\/sites\/229\/2026\/02\/giethoorn-museum-olde-maat-uus.jpg\" class=\"image article-card__img\" alt=\"Museum Giethoorn \u2019t Olde Maat Uus met brug over gracht en historische boerderij.\" \/>\t\t\t\t<\/div>\n\t\t\t\t\t\t\t\t<\/header>\n\n\t\t<div class=\"article-card__body\">\n\t\t\t\t\t\t\t<h3 class=\"heading   heading__size--large heading__font--sans heading__weight--bold\" id=\"nav-sport--onderwijs--cultuur-en-kunstorganisaties-zoeken-de-inwoner-op4052\">\n\tSport, onderwijs, cultuur en kunstorganisaties zoeken de inwoner op<\/h3>\t\t\t\t\t\t\n\t\t\t<button class=\"buttonV2 buttonV2__color--transparent buttonV2__size--default buttonV2__size-width--default   article-card__buttonV2\" id=\"\">\n\t<div class=\"buttonV2__top-wrapper buttonV2__arrow-align--right\">\n\t\t\t\t\t<span class=\"buttonV2__title\">\n\t\t\t\tLees verder\t\t\t<\/span>\n\t\t\n\t\t\t\t\t<div class=\"buttonV2__icon\">\n\t\t\t\t<svg xmlns='http:\/\/www.w3.org\/2000\/svg' viewBox='0 0 58.14 50.62'><path d='m32.82 50.62 25.32-25.31L32.82 0l-4.35 4.35 17.92 17.86H0v6.21h46.39L28.47 46.33l4.35 4.29z' fill='currentColor' \/><\/svg>\t\t\t<\/div>\n\t\t\t<\/div>\n\n\t<\/button>\t\t<\/div>\n\t<\/a>\n<\/article>\t\t\t\t\t\t<\/div>\n\t\t\t\t\t\t\t\t\t\t\t\t\t\t\t\t\t\t\t\t<div class=\"block-point-of-view-grid-new__item block-point-of-view-grid-new__item--second\">\n\t\t\t\t\t\t\t<article class=\"article-card article-card__color--olive   block-point-of-view-grid-new block-point-of-view-grid-new__card block-point-of-view-grid-new__article-card\">\n\t\t<a class=\"article-card__link\" href=\"https:\/\/d66.nl\/steenwijkerland\/verkiezingsprogramma\/hoofdstuk-3\/\" aria-label=\"Link naar artikel\">\n\t\t<header class=\"article-card__header\">\n\n\t\t\t\t\t\t\t\t\t\t<div class=\"article-card__featured-image-wrapper\">\n\t\t\t\t\t<img loading=\"lazy\" decoding=\"async\" width=\"750\" height=\"1000\" src=\"https:\/\/d66.nl\/steenwijkerland\/wp-content\/uploads\/sites\/229\/2022\/01\/dyka-steenwijk.jpg\" class=\"image article-card__img\" alt=\"Het gebouw van de Dyka in Steenwijk\" \/>\t\t\t\t<\/div>\n\t\t\t\t\t\t\t\t<\/header>\n\n\t\t<div class=\"article-card__body\">\n\t\t\t\t\t\t\t<h3 class=\"heading   heading__size--large heading__font--sans heading__weight--bold\" id=\"nav-duurzame-en-vernieuwende-bedrijven-zijn-welkom8551\">\n\tDuurzame en vernieuwende bedrijven zijn welkom<\/h3>\t\t\t\t\t\t\n\t\t\t<button class=\"buttonV2 buttonV2__color--transparent buttonV2__size--default buttonV2__size-width--default   article-card__buttonV2\" id=\"\">\n\t<div class=\"buttonV2__top-wrapper buttonV2__arrow-align--right\">\n\t\t\t\t\t<span class=\"buttonV2__title\">\n\t\t\t\tLees verder\t\t\t<\/span>\n\t\t\n\t\t\t\t\t<div class=\"buttonV2__icon\">\n\t\t\t\t<svg xmlns='http:\/\/www.w3.org\/2000\/svg' viewBox='0 0 58.14 50.62'><path d='m32.82 50.62 25.32-25.31L32.82 0l-4.35 4.35 17.92 17.86H0v6.21h46.39L28.47 46.33l4.35 4.29z' fill='currentColor' \/><\/svg>\t\t\t<\/div>\n\t\t\t<\/div>\n\n\t<\/button>\t\t<\/div>\n\t<\/a>\n<\/article>\t\t\t\t\t\t<\/div>\n\t\t\t\t\t\t\t\t\t\t\t\t\t\t\t\t\t\t\t\t<div class=\"block-point-of-view-grid-new__item block-point-of-view-grid-new__item--third\">\n\t\t\t\t\t\t\t<article class=\"article-card article-card__color--romanSilver   block-point-of-view-grid-new block-point-of-view-grid-new__card block-point-of-view-grid-new__article-card\">\n\t\t<a class=\"article-card__link\" href=\"https:\/\/d66.nl\/steenwijkerland\/verkiezingsprogramma\/hoofdstuk-2\/\" aria-label=\"Link naar artikel\">\n\t\t<header class=\"article-card__header\">\n\n\t\t\t\t\t\t\t\t\t\t<div class=\"article-card__featured-image-wrapper\">\n\t\t\t\t\t<img loading=\"lazy\" decoding=\"async\" width=\"1000\" height=\"750\" src=\"https:\/\/d66.nl\/steenwijkerland\/wp-content\/uploads\/sites\/229\/2022\/01\/rabobank-steenwijk.jpg\" class=\"image article-card__img\" alt=\"Het gebouw van de Rabobank in Steenwijk.\" \/>\t\t\t\t<\/div>\n\t\t\t\t\t\t\t\t<\/header>\n\n\t\t<div class=\"article-card__body\">\n\t\t\t\t\t\t\t<h3 class=\"heading   heading__size--large heading__font--sans heading__weight--bold\" id=\"nav-het-geld-van-de-gemeente-wordt-besteed-ten-behoeve-van-de-inwoners7306\">\n\tHet geld van de gemeente wordt besteed ten behoeve van de inwoners<\/h3>\t\t\t\t\t\t\n\t\t\t<button class=\"buttonV2 buttonV2__color--transparent buttonV2__size--default buttonV2__size-width--default   article-card__buttonV2\" id=\"\">\n\t<div class=\"buttonV2__top-wrapper buttonV2__arrow-align--right\">\n\t\t\t\t\t<span class=\"buttonV2__title\">\n\t\t\t\tLees verder\t\t\t<\/span>\n\t\t\n\t\t\t\t\t<div class=\"buttonV2__icon\">\n\t\t\t\t<svg xmlns='http:\/\/www.w3.org\/2000\/svg' viewBox='0 0 58.14 50.62'><path d='m32.82 50.62 25.32-25.31L32.82 0l-4.35 4.35 17.92 17.86H0v6.21h46.39L28.47 46.33l4.35 4.29z' fill='currentColor' \/><\/svg>\t\t\t<\/div>\n\t\t\t<\/div>\n\n\t<\/button>\t\t<\/div>\n\t<\/a>\n<\/article>\t\t\t\t\t\t<\/div>\n\t\t\t\t\t\t\t\t\t\t\t\t<\/div>\n\t\t\n\t\t\t\t\t<div class=\"block-point-of-view-grid-new__row-desktop block-point-of-view-grid-new__row-desktop-bottom\">\n\t\t\t\t\t\t\t\t\t\t\t\t\t\t\t<div class=\"block-point-of-view-grid-new__item block-point-of-view-grid-new__item--fourth\">\n\t\t\t\t\t\t\t<article class=\"article-card article-card__color--skyBlue   block-point-of-view-grid-new block-point-of-view-grid-new__card block-point-of-view-grid-new__article-card\">\n\t\t<a class=\"article-card__link\" href=\"https:\/\/d66.nl\/steenwijkerland\/verkiezingsprogramma\/hoofdstuk-1\/\" aria-label=\"Link naar artikel\">\n\t\t<header class=\"article-card__header\">\n\n\t\t\t\t\t\t\t\t\t\t<div class=\"article-card__featured-image-wrapper\">\n\t\t\t\t\t<img loading=\"lazy\" decoding=\"async\" width=\"1024\" height=\"768\" src=\"https:\/\/media.d66.nl\/uploads\/sites\/229\/2026\/02\/gemeentehuis-steenwijkerland-1024x768.jpg\" class=\"image article-card__img\" alt=\"Gemeentehuis van Steenwijkerland met klokkentoren.\" \/>\t\t\t\t<\/div>\n\t\t\t\t\t\t\t\t<\/header>\n\n\t\t<div class=\"article-card__body\">\n\t\t\t\t\t\t\t<h3 class=\"heading   heading__size--large heading__font--sans heading__weight--bold\" id=\"nav-besturen-doen-we-samen8087\">\n\tBesturen doen we samen<\/h3>\t\t\t\t\t\t\n\t\t\t<button class=\"buttonV2 buttonV2__color--transparent buttonV2__size--default buttonV2__size-width--default   article-card__buttonV2\" id=\"\">\n\t<div class=\"buttonV2__top-wrapper buttonV2__arrow-align--right\">\n\t\t\t\t\t<span class=\"buttonV2__title\">\n\t\t\t\tLees verder\t\t\t<\/span>\n\t\t\n\t\t\t\t\t<div class=\"buttonV2__icon\">\n\t\t\t\t<svg xmlns='http:\/\/www.w3.org\/2000\/svg' viewBox='0 0 58.14 50.62'><path d='m32.82 50.62 25.32-25.31L32.82 0l-4.35 4.35 17.92 17.86H0v6.21h46.39L28.47 46.33l4.35 4.29z' fill='currentColor' \/><\/svg>\t\t\t<\/div>\n\t\t\t<\/div>\n\n\t<\/button>\t\t<\/div>\n\t<\/a>\n<\/article>\t\t\t\t\t\t<\/div>\n\t\t\t\t\t\t\t\t\t\t\t\t\t\t\t\t\t\t\t\t\t\t\t\t\t\t\t\t\t\t<\/div>\n\t\t\n\t<\/div>\n\t\t\t<div class=\"block-point-of-view-grid-new__accordions\">\n\t\t\t\t\t\t\t\t\t\t\t\t<div class=\"block-point-of-view-grid-new block-point-of-view-grid-new--first\">\n\t\t\t\t\t\t<article class=\"article-card article-card__color--skyBlue   block-point-of-view-grid-new block-point-of-view-grid-new__card block-point-of-view-grid-new__article-card\">\n\t\t<a class=\"article-card__link\" href=\"https:\/\/d66.nl\/steenwijkerland\/verkiezingsprogramma\/hoofdstuk-4\/\" aria-label=\"Link naar artikel\">\n\t\t<header class=\"article-card__header\">\n\n\t\t\t\t\t\t\t\t\t\t<div class=\"article-card__featured-image-wrapper\">\n\t\t\t\t\t<img loading=\"lazy\" decoding=\"async\" width=\"800\" height=\"600\" src=\"https:\/\/media.d66.nl\/uploads\/sites\/229\/2026\/02\/giethoorn-museum-olde-maat-uus.jpg\" class=\"image article-card__img\" alt=\"Museum Giethoorn \u2019t Olde Maat Uus met brug over gracht en historische boerderij.\" \/>\t\t\t\t<\/div>\n\t\t\t\t\t\t\t\t<\/header>\n\n\t\t<div class=\"article-card__body\">\n\t\t\t\t\t\t\t<h3 class=\"heading   heading__size--large heading__font--sans heading__weight--bold\" id=\"nav-sport--onderwijs--cultuur-en-kunstorganisaties-zoeken-de-inwoner-op3768\">\n\tSport, onderwijs, cultuur en kunstorganisaties zoeken de inwoner op<\/h3>\t\t\t\t\t\t\n\t\t\t<button class=\"buttonV2 buttonV2__color--transparent buttonV2__size--default buttonV2__size-width--default   article-card__buttonV2\" id=\"\">\n\t<div class=\"buttonV2__top-wrapper buttonV2__arrow-align--right\">\n\t\t\t\t\t<span class=\"buttonV2__title\">\n\t\t\t\tLees verder\t\t\t<\/span>\n\t\t\n\t\t\t\t\t<div class=\"buttonV2__icon\">\n\t\t\t\t<svg xmlns='http:\/\/www.w3.org\/2000\/svg' viewBox='0 0 58.14 50.62'><path d='m32.82 50.62 25.32-25.31L32.82 0l-4.35 4.35 17.92 17.86H0v6.21h46.39L28.47 46.33l4.35 4.29z' fill='currentColor' \/><\/svg>\t\t\t<\/div>\n\t\t\t<\/div>\n\n\t<\/button>\t\t<\/div>\n\t<\/a>\n<\/article>\t\t\t\t\t<\/div>\n\t\t\t\t\t\t\t\t\t\t\t\t\t\t\t\t<div class=\"block-point-of-view-grid-new block-point-of-view-grid-new--second\">\n\t\t\t\t\t\t<article class=\"article-card article-card__color--olive   block-point-of-view-grid-new block-point-of-view-grid-new__card block-point-of-view-grid-new__article-card\">\n\t\t<a class=\"article-card__link\" href=\"https:\/\/d66.nl\/steenwijkerland\/verkiezingsprogramma\/hoofdstuk-3\/\" aria-label=\"Link naar artikel\">\n\t\t<header class=\"article-card__header\">\n\n\t\t\t\t\t\t\t\t\t\t<div class=\"article-card__featured-image-wrapper\">\n\t\t\t\t\t<img loading=\"lazy\" decoding=\"async\" width=\"750\" height=\"1000\" src=\"https:\/\/d66.nl\/steenwijkerland\/wp-content\/uploads\/sites\/229\/2022\/01\/dyka-steenwijk.jpg\" class=\"image article-card__img\" alt=\"Het gebouw van de Dyka in Steenwijk\" \/>\t\t\t\t<\/div>\n\t\t\t\t\t\t\t\t<\/header>\n\n\t\t<div class=\"article-card__body\">\n\t\t\t\t\t\t\t<h3 class=\"heading   heading__size--large heading__font--sans heading__weight--bold\" id=\"nav-duurzame-en-vernieuwende-bedrijven-zijn-welkom2588\">\n\tDuurzame en vernieuwende bedrijven zijn welkom<\/h3>\t\t\t\t\t\t\n\t\t\t<button class=\"buttonV2 buttonV2__color--transparent buttonV2__size--default buttonV2__size-width--default   article-card__buttonV2\" id=\"\">\n\t<div class=\"buttonV2__top-wrapper buttonV2__arrow-align--right\">\n\t\t\t\t\t<span class=\"buttonV2__title\">\n\t\t\t\tLees verder\t\t\t<\/span>\n\t\t\n\t\t\t\t\t<div class=\"buttonV2__icon\">\n\t\t\t\t<svg xmlns='http:\/\/www.w3.org\/2000\/svg' viewBox='0 0 58.14 50.62'><path d='m32.82 50.62 25.32-25.31L32.82 0l-4.35 4.35 17.92 17.86H0v6.21h46.39L28.47 46.33l4.35 4.29z' fill='currentColor' \/><\/svg>\t\t\t<\/div>\n\t\t\t<\/div>\n\n\t<\/button>\t\t<\/div>\n\t<\/a>\n<\/article>\t\t\t\t\t<\/div>\n\t\t\t\t\t\t\t\t\t\t\t\t\t\t\t\t<div class=\"block-point-of-view-grid-new block-point-of-view-grid-new--third\">\n\t\t\t\t\t\t<article class=\"article-card article-card__color--romanSilver   block-point-of-view-grid-new block-point-of-view-grid-new__card block-point-of-view-grid-new__article-card\">\n\t\t<a class=\"article-card__link\" href=\"https:\/\/d66.nl\/steenwijkerland\/verkiezingsprogramma\/hoofdstuk-2\/\" aria-label=\"Link naar artikel\">\n\t\t<header class=\"article-card__header\">\n\n\t\t\t\t\t\t\t\t\t\t<div class=\"article-card__featured-image-wrapper\">\n\t\t\t\t\t<img loading=\"lazy\" decoding=\"async\" width=\"1000\" height=\"750\" src=\"https:\/\/d66.nl\/steenwijkerland\/wp-content\/uploads\/sites\/229\/2022\/01\/rabobank-steenwijk.jpg\" class=\"image article-card__img\" alt=\"Het gebouw van de Rabobank in Steenwijk.\" \/>\t\t\t\t<\/div>\n\t\t\t\t\t\t\t\t<\/header>\n\n\t\t<div class=\"article-card__body\">\n\t\t\t\t\t\t\t<h3 class=\"heading   heading__size--large heading__font--sans heading__weight--bold\" id=\"nav-het-geld-van-de-gemeente-wordt-besteed-ten-behoeve-van-de-inwoners866\">\n\tHet geld van de gemeente wordt besteed ten behoeve van de inwoners<\/h3>\t\t\t\t\t\t\n\t\t\t<button class=\"buttonV2 buttonV2__color--transparent buttonV2__size--default buttonV2__size-width--default   article-card__buttonV2\" id=\"\">\n\t<div class=\"buttonV2__top-wrapper buttonV2__arrow-align--right\">\n\t\t\t\t\t<span class=\"buttonV2__title\">\n\t\t\t\tLees verder\t\t\t<\/span>\n\t\t\n\t\t\t\t\t<div class=\"buttonV2__icon\">\n\t\t\t\t<svg xmlns='http:\/\/www.w3.org\/2000\/svg' viewBox='0 0 58.14 50.62'><path d='m32.82 50.62 25.32-25.31L32.82 0l-4.35 4.35 17.92 17.86H0v6.21h46.39L28.47 46.33l4.35 4.29z' fill='currentColor' \/><\/svg>\t\t\t<\/div>\n\t\t\t<\/div>\n\n\t<\/button>\t\t<\/div>\n\t<\/a>\n<\/article>\t\t\t\t\t<\/div>\n\t\t\t\t\t\t\t\t\t\t\t\t\t\t\t\t<div class=\"block-point-of-view-grid-new block-point-of-view-grid-new--fourth\">\n\t\t\t\t\t\t<article class=\"article-card article-card__color--skyBlue   block-point-of-view-grid-new block-point-of-view-grid-new__card block-point-of-view-grid-new__article-card\">\n\t\t<a class=\"article-card__link\" href=\"https:\/\/d66.nl\/steenwijkerland\/verkiezingsprogramma\/hoofdstuk-1\/\" aria-label=\"Link naar artikel\">\n\t\t<header class=\"article-card__header\">\n\n\t\t\t\t\t\t\t\t\t\t<div class=\"article-card__featured-image-wrapper\">\n\t\t\t\t\t<img loading=\"lazy\" decoding=\"async\" width=\"1024\" height=\"768\" src=\"https:\/\/media.d66.nl\/uploads\/sites\/229\/2026\/02\/gemeentehuis-steenwijkerland-1024x768.jpg\" class=\"image article-card__img\" alt=\"Gemeentehuis van Steenwijkerland met klokkentoren.\" \/>\t\t\t\t<\/div>\n\t\t\t\t\t\t\t\t<\/header>\n\n\t\t<div class=\"article-card__body\">\n\t\t\t\t\t\t\t<h3 class=\"heading   heading__size--large heading__font--sans heading__weight--bold\" id=\"nav-besturen-doen-we-samen9227\">\n\tBesturen doen we samen<\/h3>\t\t\t\t\t\t\n\t\t\t<button class=\"buttonV2 buttonV2__color--transparent buttonV2__size--default buttonV2__size-width--default   article-card__buttonV2\" id=\"\">\n\t<div class=\"buttonV2__top-wrapper buttonV2__arrow-align--right\">\n\t\t\t\t\t<span class=\"buttonV2__title\">\n\t\t\t\tLees verder\t\t\t<\/span>\n\t\t\n\t\t\t\t\t<div class=\"buttonV2__icon\">\n\t\t\t\t<svg xmlns='http:\/\/www.w3.org\/2000\/svg' viewBox='0 0 58.14 50.62'><path d='m32.82 50.62 25.32-25.31L32.82 0l-4.35 4.35 17.92 17.86H0v6.21h46.39L28.47 46.33l4.35 4.29z' fill='currentColor' \/><\/svg>\t\t\t<\/div>\n\t\t\t<\/div>\n\n\t<\/button>\t\t<\/div>\n\t<\/a>\n<\/article>\t\t\t\t\t<\/div>\n\t\t\t\t\t\t\t\t\t\t\t\t\t\t\t\t\t\t\t\t\t\t\t<\/div>\n\t<\/div><p\n\t\tclass=\"paragraph paragraph__align--center      js-article-listing-pagination\"\n\t\t\t>\n\t\tToont 10 van 10\t<\/p><br \/>\t<\/div>\n<\/div>\t  <\/div>\n\t<\/div>\n  <\/div>\n\n\n<div\n  id=\"\"\n  class=\"wrapper wrapper__spacing-top-large--0 wrapper__spacing-bottom-large--60  wrapper__gutter--none\"\n  >\n  \t<div class=\"wrapper__container wrapper__container-width-large--default\">\n\t  <div class=\"wrapper__inner wrapper__width-large--24 wrapper__width-mobile--24\">\n\t\t<h2 class=\"heading heading__align--left heading__color--black heading__size--huge heading__font--sans heading__weight--semiBold  block-heading__heading\" id=\"nav-standpunten9181\" data-nav-heading=\"Standpunten\" data-nav-heading-mobile=\"Standpunten\" >\n\tLaatste nieuws<\/h2>\t  <\/div>\n\t<\/div>\n  <\/div>\n\n\n<div\n  id=\"\"\n  class=\"wrapper  wrapper__spacing-bottom-large--220 wrapper__spacing-bottom-tablet--190 wrapper__spacing-bottom-mobile--140  wrapper__gutter--none\"\n  >\n  \t<div class=\"wrapper__container wrapper__container-width-large--default\">\n\t  <div class=\"wrapper__inner wrapper__width-large--24 wrapper__width-mobile--24\">\n\t\t\n<section class=\"block-stories-wall-slider-dynamic block-stories-wall-slider-dynamic__posttype--post js-block-stories-wall-slider-dynamic\">\n\t<div class=\"block-stories-wall-slider-dynamic__header-wrapper block-stories-wall-slider-dynamic__header-wrapper--default\">\n\t\t<div class=\"block-stories-wall-slider-dynamic__title\">\n\t\t\t<h2 class=\"heading heading__align--left heading__color--black heading__size--huge  heading__weight--bold\" id=\"nav-6057\" data-nav-heading-mobile=\"\">\n\t<\/h2>\t\t<\/div>\n\t\t\t<\/div>\n\n\t<div class=\"block-stories-wall-slider-dynamic__slider\">\n\t\t<div class=\"carousel-slider js-carousel-slider carousel-slider__for--cards\" data-is-slider-initialized=\"0\">\n\t<div class=\"carousel-slider__wrapper js-carousel-wrapper\">\n\t\t<div class=\"swiper\">\n\t\t\t<div class=\"swiper-wrapper\">\n\t\t\t\t\t\t\t\t\t\t\t\t\t\t<div class=\"swiper-slide\">\n\t\t\t\t\t\t<article class=\"article-card article-card__color--yellow\" data-gtm-event=\"click\" data-gtm-group=\"updates\" data-gtm-target=\"Woonwagenbeleid heeft inhaalslag nodig\">\n\t\t<a class=\"article-card__link\" href=\"https:\/\/d66.nl\/steenwijkerland\/nieuws\/woonwagenbeleid-steenwijkerland\/\" aria-label=\"Link naar artikel\">\n\t\t<header class=\"article-card__header\">\n\n\t\t\t\t\t\t<div class=\"article-card__meta-row-wrapper\">\n\t\t\t\t<div class=\"article-card__date\">\n\t\t\t\t\t\t<p class=\"paragraph   paragraph__size--medium paragraph__weight--semiBold\">\n\t\t17.12.2025\t<\/p>\t\t\t\t<\/div>\n\t\t\t<\/div>\n\t\t\t\t\t\t\t\t\t\t\t<\/header>\n\n\t\t<div class=\"article-card__body\">\n\t\t\t\t\t\t\t<h3 class=\"heading   heading__size--large heading__font--sans heading__weight--bold\" id=\"nav-woonwagenbeleid-heeft-inhaalslag-nodig8836\">\n\tWoonwagenbeleid heeft inhaalslag nodig<\/h3>\t\t\t\t\t\t\t\t\t\t<div class=\"article-card__excerpt\">\n\t\t\t\t\t<p class=\"paragraph   paragraph__size--default paragraph__weight--medium\">\n\t\tHet woonwagenbeleid raakt aan menselijkheid, rechtvaardigheid en de vraag of beleid ook \u00e9cht werkt voor mensen. D66 pleit daarom voor concrete stappen die ongelijkheid niet bestendigen, maar corrigeren.\t<\/p>\t\t\t\t<\/div>\n\t\t\t\n\t\t\t<button class=\"buttonV2 buttonV2__color--transparent buttonV2__size--default buttonV2__size-width--default   article-card__buttonV2\" id=\"\">\n\t<div class=\"buttonV2__top-wrapper buttonV2__arrow-align--right\">\n\t\t\t\t\t<span class=\"buttonV2__title\">\n\t\t\t\tLees verder\t\t\t<\/span>\n\t\t\n\t\t\t\t\t<div class=\"buttonV2__icon\">\n\t\t\t\t<svg xmlns='http:\/\/www.w3.org\/2000\/svg' viewBox='0 0 58.14 50.62'><path d='m32.82 50.62 25.32-25.31L32.82 0l-4.35 4.35 17.92 17.86H0v6.21h46.39L28.47 46.33l4.35 4.29z' fill='currentColor' \/><\/svg>\t\t\t<\/div>\n\t\t\t<\/div>\n\n\t<\/button>\t\t<\/div>\n\t<\/a>\n<\/article>\t\t\t\t\t<\/div>\n\t\t\t\t\t\t\t\t\t\t\t\t\t\t<div class=\"swiper-slide\">\n\t\t\t\t\t\t<article class=\"article-card article-card__color--tomato  article-card__variation--full-height-img\" style=\"background-image: url('https:\/\/d66.nl\/steenwijkerland\/wp-content\/uploads\/sites\/229\/2025\/07\/raadszaal-steenwijkerland-1024x576.jpg')\" data-gtm-event=\"click\" data-gtm-group=\"updates\" data-gtm-target=\"Algemene beschouwingen PPN 2025-2029\">\n\t\t\t<div class=\"background-overlay\"><\/div>\n\t\t<a class=\"article-card__link\" href=\"https:\/\/d66.nl\/steenwijkerland\/nieuws\/algemene-beschouwingen-ppn-2025-2029\/\" aria-label=\"Link naar artikel\">\n\t\t<header class=\"article-card__header\">\n\n\t\t\t\t\t\t<div class=\"article-card__meta-row-wrapper\">\n\t\t\t\t<div class=\"article-card__date\">\n\t\t\t\t\t\t<p class=\"paragraph   paragraph__size--medium paragraph__weight--semiBold\">\n\t\t01.07.2025\t<\/p>\t\t\t\t<\/div>\n\t\t\t<\/div>\n\t\t\t\t\t\t\t\t\t\t\t<\/header>\n\n\t\t<div class=\"article-card__body\">\n\t\t\t\t\t\t\t<h3 class=\"heading   heading__size--large heading__font--sans heading__weight--bold\" id=\"nav-algemene-beschouwingen-ppn-2025-20294974\">\n\tAlgemene beschouwingen PPN 2025-2029<\/h3>\t\t\t\t\t\t\t\t\t\t<div class=\"article-card__excerpt\">\n\t\t\t\t\t<p class=\"paragraph   paragraph__size--default paragraph__weight--medium\">\n\t\tDe perspectiefnota 2025-2029 was beleidsarm. D66 kiest voor vooruitdenken, voor keuzes met lange adem. Dat is precies wat we missen in deze perspectiefnota.\t<\/p>\t\t\t\t<\/div>\n\t\t\t\n\t\t\t<button class=\"buttonV2 buttonV2__color--transparent buttonV2__size--default buttonV2__size-width--default   article-card__buttonV2\" id=\"\">\n\t<div class=\"buttonV2__top-wrapper buttonV2__arrow-align--right\">\n\t\t\t\t\t<span class=\"buttonV2__title\">\n\t\t\t\tLees verder\t\t\t<\/span>\n\t\t\n\t\t\t\t\t<div class=\"buttonV2__icon\">\n\t\t\t\t<svg xmlns='http:\/\/www.w3.org\/2000\/svg' viewBox='0 0 58.14 50.62'><path d='m32.82 50.62 25.32-25.31L32.82 0l-4.35 4.35 17.92 17.86H0v6.21h46.39L28.47 46.33l4.35 4.29z' fill='currentColor' \/><\/svg>\t\t\t<\/div>\n\t\t\t<\/div>\n\n\t<\/button>\t\t<\/div>\n\t<\/a>\n<\/article>\t\t\t\t\t<\/div>\n\t\t\t\t\t\t\t\t\t\t\t\t\t\t<div class=\"swiper-slide\">\n\t\t\t\t\t\t<article class=\"article-card article-card__color--yellow\" data-gtm-event=\"click\" data-gtm-group=\"updates\" data-gtm-target=\"Motie Gaza verdient onze stem voor menselijkheid en hulp\">\n\t\t<a class=\"article-card__link\" href=\"https:\/\/d66.nl\/steenwijkerland\/nieuws\/motie-gaza\/\" aria-label=\"Link naar artikel\">\n\t\t<header class=\"article-card__header\">\n\n\t\t\t\t\t\t<div class=\"article-card__meta-row-wrapper\">\n\t\t\t\t<div class=\"article-card__date\">\n\t\t\t\t\t\t<p class=\"paragraph   paragraph__size--medium paragraph__weight--semiBold\">\n\t\t24.06.2025\t<\/p>\t\t\t\t<\/div>\n\t\t\t<\/div>\n\t\t\t\t\t\t\t\t\t\t\t<\/header>\n\n\t\t<div class=\"article-card__body\">\n\t\t\t\t\t\t\t<h3 class=\"heading   heading__size--large heading__font--sans heading__weight--bold\" id=\"nav-motie-gaza-verdient-onze-stem-voor-menselijkheid-en-hulp1247\">\n\tMotie Gaza verdient onze stem voor menselijkheid en hulp<\/h3>\t\t\t\t\t\t\t\t\t\t<div class=\"article-card__excerpt\">\n\t\t\t\t\t<p class=\"paragraph   paragraph__size--default paragraph__weight--medium\">\n\t\tDeze motie vraagt niet om partij te kiezen, maar om een signaal af te geven. Een stem v\u00f3\u00f3r menselijkheid. V\u00f3\u00f3r humanitaire toegang. V\u00f3\u00f3r respect voor het internationaal recht.\t<\/p>\t\t\t\t<\/div>\n\t\t\t\n\t\t\t<button class=\"buttonV2 buttonV2__color--transparent buttonV2__size--default buttonV2__size-width--default   article-card__buttonV2\" id=\"\">\n\t<div class=\"buttonV2__top-wrapper buttonV2__arrow-align--right\">\n\t\t\t\t\t<span class=\"buttonV2__title\">\n\t\t\t\tLees verder\t\t\t<\/span>\n\t\t\n\t\t\t\t\t<div class=\"buttonV2__icon\">\n\t\t\t\t<svg xmlns='http:\/\/www.w3.org\/2000\/svg' viewBox='0 0 58.14 50.62'><path d='m32.82 50.62 25.32-25.31L32.82 0l-4.35 4.35 17.92 17.86H0v6.21h46.39L28.47 46.33l4.35 4.29z' fill='currentColor' \/><\/svg>\t\t\t<\/div>\n\t\t\t<\/div>\n\n\t<\/button>\t\t<\/div>\n\t<\/a>\n<\/article>\t\t\t\t\t<\/div>\n\t\t\t\t\t\t\t\t\t\t\t\t\t\t<div class=\"swiper-slide\">\n\t\t\t\t\t\t<article class=\"article-card article-card__color--olive  article-card__variation--full-height-img\" style=\"background-image: url('https:\/\/d66.nl\/steenwijkerland\/wp-content\/uploads\/sites\/229\/2022\/01\/woningen-oostwijkstraat-steenwijk.jpg')\" data-gtm-event=\"click\" data-gtm-group=\"updates\" data-gtm-target=\"Verkiezingsprogramma online\">\n\t\t\t<div class=\"background-overlay\"><\/div>\n\t\t<a class=\"article-card__link\" href=\"https:\/\/d66.nl\/steenwijkerland\/nieuws\/verkiezingsprogramma-leef-duurzaam-samen\/\" aria-label=\"Link naar artikel\">\n\t\t<header class=\"article-card__header\">\n\n\t\t\t\t\t\t<div class=\"article-card__meta-row-wrapper\">\n\t\t\t\t<div class=\"article-card__date\">\n\t\t\t\t\t\t<p class=\"paragraph   paragraph__size--medium paragraph__weight--semiBold\">\n\t\t01.02.2022\t<\/p>\t\t\t\t<\/div>\n\t\t\t<\/div>\n\t\t\t\t\t\t\t\t\t\t\t<\/header>\n\n\t\t<div class=\"article-card__body\">\n\t\t\t\t\t\t\t<h3 class=\"heading   heading__size--large heading__font--sans heading__weight--bold\" id=\"nav-verkiezingsprogramma-online679\">\n\tVerkiezingsprogramma online<\/h3>\t\t\t\t\t\t\t\t\t\t<div class=\"article-card__excerpt\">\n\t\t\t\t\t<p class=\"paragraph   paragraph__size--default paragraph__weight--medium\">\n\t\tHet verkiezingsprogramma van D66 Steenwijkerland staat online. Deze kun je hier lezen.\t<\/p>\t\t\t\t<\/div>\n\t\t\t\n\t\t\t<button class=\"buttonV2 buttonV2__color--transparent buttonV2__size--default buttonV2__size-width--default   article-card__buttonV2\" id=\"\">\n\t<div class=\"buttonV2__top-wrapper buttonV2__arrow-align--right\">\n\t\t\t\t\t<span class=\"buttonV2__title\">\n\t\t\t\tLees verder\t\t\t<\/span>\n\t\t\n\t\t\t\t\t<div class=\"buttonV2__icon\">\n\t\t\t\t<svg xmlns='http:\/\/www.w3.org\/2000\/svg' viewBox='0 0 58.14 50.62'><path d='m32.82 50.62 25.32-25.31L32.82 0l-4.35 4.35 17.92 17.86H0v6.21h46.39L28.47 46.33l4.35 4.29z' fill='currentColor' \/><\/svg>\t\t\t<\/div>\n\t\t\t<\/div>\n\n\t<\/button>\t\t<\/div>\n\t<\/a>\n<\/article>\t\t\t\t\t<\/div>\n\t\t\t\t\t\t\t\t\t\t\t\t\t\t<div class=\"swiper-slide\">\n\t\t\t\t\t\t<article class=\"article-card article-card__color--tomato\" data-gtm-event=\"click\" data-gtm-group=\"updates\" data-gtm-target=\"Regenboog Manifest Steenwijkerland\">\n\t\t<a class=\"article-card__link\" href=\"https:\/\/d66.nl\/steenwijkerland\/nieuws\/regenboog-manifest\/\" aria-label=\"Link naar artikel\">\n\t\t<header class=\"article-card__header\">\n\n\t\t\t\t\t\t<div class=\"article-card__meta-row-wrapper\">\n\t\t\t\t<div class=\"article-card__date\">\n\t\t\t\t\t\t<p class=\"paragraph   paragraph__size--medium paragraph__weight--semiBold\">\n\t\t28.01.2022\t<\/p>\t\t\t\t<\/div>\n\t\t\t<\/div>\n\t\t\t\t\t\t\t\t\t\t\t<\/header>\n\n\t\t<div class=\"article-card__body\">\n\t\t\t\t\t\t\t<h3 class=\"heading   heading__size--large heading__font--sans heading__weight--bold\" id=\"nav-regenboog-manifest-steenwijkerland2015\">\n\tRegenboog Manifest Steenwijkerland<\/h3>\t\t\t\t\t\t\t\t\t\t<div class=\"article-card__excerpt\">\n\t\t\t\t\t<p class=\"paragraph   paragraph__size--default paragraph__weight--medium\">\n\t\tD66 heeft het Regenboog Manifest Steenwijkerland ondertekend, want in Nederland moet iedereen zichtbaar zichzelf kunnen zijn.\t<\/p>\t\t\t\t<\/div>\n\t\t\t\n\t\t\t<button class=\"buttonV2 buttonV2__color--transparent buttonV2__size--default buttonV2__size-width--default   article-card__buttonV2\" id=\"\">\n\t<div class=\"buttonV2__top-wrapper buttonV2__arrow-align--right\">\n\t\t\t\t\t<span class=\"buttonV2__title\">\n\t\t\t\tLees verder\t\t\t<\/span>\n\t\t\n\t\t\t\t\t<div class=\"buttonV2__icon\">\n\t\t\t\t<svg xmlns='http:\/\/www.w3.org\/2000\/svg' viewBox='0 0 58.14 50.62'><path d='m32.82 50.62 25.32-25.31L32.82 0l-4.35 4.35 17.92 17.86H0v6.21h46.39L28.47 46.33l4.35 4.29z' fill='currentColor' \/><\/svg>\t\t\t<\/div>\n\t\t\t<\/div>\n\n\t<\/button>\t\t<\/div>\n\t<\/a>\n<\/article>\t\t\t\t\t<\/div>\n\t\t\t\t\t\t\t\t\t\t\t\t\t\t<div class=\"swiper-slide\">\n\t\t\t\t\t\t<article class=\"article-card article-card__color--yellow\">\n\t\t<a class=\"article-card__link\" href=\"https:\/\/d66.nl\/steenwijkerland\/nieuws\/college-kiest-voor-uitsluiting\/\" aria-label=\"Link naar artikel\">\n\t\t<header class=\"article-card__header\">\n\n\t\t\t\t\t\t<div class=\"article-card__meta-row-wrapper\">\n\t\t\t\t<div class=\"article-card__date\">\n\t\t\t\t\t\t<p class=\"paragraph   paragraph__size--medium paragraph__weight--semiBold\">\n\t\t27.01.2022\t<\/p>\t\t\t\t<\/div>\n\t\t\t<\/div>\n\t\t\t\t\t\t\t\t\t\t\t<\/header>\n\n\t\t<div class=\"article-card__body\">\n\t\t\t\t\t\t\t<h3 class=\"heading   heading__size--large heading__font--sans heading__weight--bold\" id=\"nav-college-kiest-voor-uitsluiting1767\">\n\tCollege kiest voor uitsluiting<\/h3>\t\t\t\t\t\t\n\t\t\t<button class=\"buttonV2 buttonV2__color--transparent buttonV2__size--default buttonV2__size-width--default   article-card__buttonV2\" id=\"\">\n\t<div class=\"buttonV2__top-wrapper buttonV2__arrow-align--right\">\n\t\t\t\t\t<span class=\"buttonV2__title\">\n\t\t\t\tLees verder\t\t\t<\/span>\n\t\t\n\t\t\t\t\t<div class=\"buttonV2__icon\">\n\t\t\t\t<svg xmlns='http:\/\/www.w3.org\/2000\/svg' viewBox='0 0 58.14 50.62'><path d='m32.82 50.62 25.32-25.31L32.82 0l-4.35 4.35 17.92 17.86H0v6.21h46.39L28.47 46.33l4.35 4.29z' fill='currentColor' \/><\/svg>\t\t\t<\/div>\n\t\t\t<\/div>\n\n\t<\/button>\t\t<\/div>\n\t<\/a>\n<\/article>\t\t\t\t\t<\/div>\n\t\t\t\t\t\t\t<\/div>\n\t\t<\/div>\n\t<\/div>\n\n\t\t\t<div class=\"carousel-slider-navigation js-carousel-slider-navigation carousel-slider-navigation__offset--always\">\n\t<div class=\"carousel-slider-navigation__fraction-pagination-wrapper\">\n\t\t<span class=\"custom-swiper-pagination-current\">1<\/span> \/ <span class=\"custom-swiper-pagination-total\">X<\/span>\n\t<\/div>\n\t<div class=\"carousel-slider-navigation__pagination-wrapper\">\n\t\t<div class=\"carousel-slider-navigation__pagination js-swiper-progressbar\"><\/div>\n\t<\/div>\n\t<div class=\"carousel-slider-navigation__navigation\">\n\t\t<button class=\"carousel-slider-navigation__nav-button carousel-slider-navigation__nav-button--prev js-swiper-prev\" aria-label=\"Previous slide\"><\/button>\n\t\t<button class=\"carousel-slider-navigation__nav-button carousel-slider-navigation__nav-button--next js-swiper-next\" aria-label=\"Next slide\"><\/button>\n\t<\/div>\n<\/div>\t\n<\/div>\t<\/div>\n\n<\/section>\n\t  <\/div>\n\t<\/div>\n  <\/div>\n\n\n<div\n  id=\"\"\n  class=\"wrapper wrapper__spacing-top-large--0 wrapper__spacing-bottom-large--60  wrapper__gutter--none\"\n  >\n  \t<div class=\"wrapper__container wrapper__container-width-large--default\">\n\t  <div class=\"wrapper__inner wrapper__width-large--24 wrapper__width-mobile--24\">\n\t\t<h2 class=\"heading heading__align--left heading__color--black heading__size--huge heading__font--sans heading__weight--semiBold  block-heading__heading\" id=\"nav-verkiezingsprogramma6380\" data-nav-heading=\"Verkiezingsprogramma\" data-nav-heading-mobile=\"Verkiezingsprogramma\" >\n\tHet verkiezings-<br>programma<\/h2>\t  <\/div>\n\t<\/div>\n  <\/div>\n\n\n<div\n  id=\"\"\n  class=\"wrapper  wrapper__spacing-bottom-large--60 wrapper__spacing-bottom-desktop--60 wrapper__spacing-bottom-mobile--30  wrapper__gutter--none\"\n  >\n  \t<div class=\"wrapper__container wrapper__container-width-large--default\">\n\t  <div class=\"wrapper__inner wrapper__width-large--14 wrapper__width-desktop--24 wrapper__width-mobile--24 wrapper__offset-desktop--0 wrapper__offset-mobile--0\">\n\t\t<p\n\t\tclass=\"paragraph paragraph__align--left paragraph__color--black paragraph__size--default   block-paragraph__paragraph\"\n\t\t\t>\n\t\tSamen met inwoners, ondernemers en leden hebben we nagedacht en gesproken over onze idee\u00ebn voor de toekomst. In het verkiezingsprogramma lees je deze plannen waarmee we de komende jaren aan de slag willen gaan.\t<\/p>\t  <\/div>\n\t<\/div>\n  <\/div>\n\n\n<div\n  id=\"\"\n  class=\"wrapper  wrapper__spacing-bottom-large--100 wrapper__spacing-bottom-desktop--60 wrapper__spacing-bottom-mobile--40  wrapper__gutter--none\"\n  >\n  \t<div class=\"wrapper__container wrapper__container-width-large--default\">\n\t  <div class=\"wrapper__inner wrapper__width-large--17 wrapper__width-mobile--24\">\n\t\t<div class=\"cta block-cta__cta\">\n  <div class=\"box box__style--full-width-on-mobile cta__box\" style=\"--box-bg-color: var(--global-colors-romanSilver);--box-text-color: var(--global-colors-white)\">\n\t<h2 class=\"heading heading__align--left heading__color--white heading__size--largest heading__font--sans heading__weight--semiBold  cta__heading\" id=\"nav-lees-ons-programma1453\" data-nav-heading-mobile=\"Lees ons programma\">\n\tLees ons programma<\/h2><div class=\"cta__image\">\n\n\t<img loading=\"lazy\" decoding=\"async\" width=\"1024\" height=\"576\" src=\"https:\/\/d66.nl\/steenwijkerland\/wp-content\/uploads\/sites\/3\/2021\/10\/d66-events-191109-212-D66-Congres110-JeroenMooijman-1024x576.jpg\" class=\"image cta__img\" alt=\"\" \/>\n\t<\/div><p class=\"paragraph paragraph__align--left paragraph__color--white paragraph__size--default paragraph__weight--medium  cta__paragraph\">\n\t\tJe bent pas vrij als iedereen dat is. D66 gelooft in gelijke kansen voor iedereen en hulp voor wie het nodig heeft.\t<\/p><div class=\"cta__buttons-wrapper\"><a href=\"https:\/\/d66.nl\/steenwijkerland\/verkiezingsprogramma\/\" class=\"btn btn__color--white btn__size--default btn__size-width--default    cta__btn\" id=\"\" title=\"Verkiezingsprogramma\" data-last-site-id=\"1\">\n\t<div class=\"btn__top-wrapper\">\n\t\t\n\t\t<span class=\"btn__title\">\n\t\t\tVerkiezingsprogramma\t\t<\/span>\n\n\t\t\t<\/div>\n\n\t<span class=\"btn__description\">\n\t\t\t<\/span>\n\n\t<span class=\"btn__spinner btn__spinner--white btn__spinner--default\" aria-hidden=\"true\"><\/span>\n<\/a><\/div><\/div><\/div>\t  <\/div>\n\t<\/div>\n  <\/div>\n","protected":false},"author":6,"featured_media":300000178,"parent":0,"menu_order":0,"template":"with-navigation.php","meta":{"_acf_changed":false},"themes-or-point-of-view":[24],"search-tags":[7],"topic-subtopics":[],"class_list":["post-309","topics","type-topics","status-publish","has-post-thumbnail","hentry","themes-or-point-of-view-theme","search-tags-vrijheid-gelijkheid"],"acf":[],"yoast_head":"<!-- This site is optimized with the Yoast SEO plugin v27.3 - https:\/\/yoast.com\/product\/yoast-seo-wordpress\/ -->\n<title>D66 Steenwijkerland &#8212; Vrijheid en gelijkheid | Standpunten<\/title>\n<meta name=\"robots\" content=\"index, follow, max-snippet:-1, max-image-preview:large, max-video-preview:-1\" \/>\n<link rel=\"canonical\" href=\"https:\/\/d66.nl\/steenwijkerland\/standpunten\/vrijheid-gelijkheid\/\" \/>\n<meta property=\"og:locale\" content=\"nl_NL\" \/>\n<meta property=\"og:type\" content=\"article\" \/>\n<meta property=\"og:title\" content=\"D66 Steenwijkerland &#8212; Vrijheid en gelijkheid | Standpunten\" \/>\n<meta property=\"og:url\" content=\"https:\/\/d66.nl\/steenwijkerland\/standpunten\/vrijheid-gelijkheid\/\" \/>\n<meta property=\"og:site_name\" content=\"D66 Steenwijkerland\" \/>\n<meta property=\"article:modified_time\" content=\"2021-11-25T20:33:58+00:00\" \/>\n<meta name=\"twitter:card\" content=\"summary_large_image\" \/>\n<script type=\"application\/ld+json\" class=\"yoast-schema-graph\">{\"@context\":\"https:\\\/\\\/schema.org\",\"@graph\":[{\"@type\":\"WebPage\",\"@id\":\"https:\\\/\\\/d66.nl\\\/steenwijkerland\\\/standpunten\\\/vrijheid-gelijkheid\\\/\",\"url\":\"https:\\\/\\\/d66.nl\\\/steenwijkerland\\\/standpunten\\\/vrijheid-gelijkheid\\\/\",\"name\":\"D66 Steenwijkerland &#8212; Vrijheid en gelijkheid | Standpunten\",\"isPartOf\":{\"@id\":\"https:\\\/\\\/d66.nl\\\/steenwijkerland\\\/#website\"},\"primaryImageOfPage\":{\"@id\":\"https:\\\/\\\/d66.nl\\\/steenwijkerland\\\/standpunten\\\/vrijheid-gelijkheid\\\/#primaryimage\"},\"image\":{\"@id\":\"https:\\\/\\\/d66.nl\\\/steenwijkerland\\\/standpunten\\\/vrijheid-gelijkheid\\\/#primaryimage\"},\"thumbnailUrl\":\"https:\\\/\\\/d66.nl\\\/steenwijkerland\\\/wp-content\\\/uploads\\\/sites\\\/3\\\/2021\\\/10\\\/d66-events-170805-048-D66_Pride2017-Jeroen-Mooijman.jpg\",\"datePublished\":\"2021-10-27T12:18:48+00:00\",\"dateModified\":\"2021-11-25T20:33:58+00:00\",\"breadcrumb\":{\"@id\":\"https:\\\/\\\/d66.nl\\\/steenwijkerland\\\/standpunten\\\/vrijheid-gelijkheid\\\/#breadcrumb\"},\"inLanguage\":\"nl-NL\",\"potentialAction\":[{\"@type\":\"ReadAction\",\"target\":[\"https:\\\/\\\/d66.nl\\\/steenwijkerland\\\/standpunten\\\/vrijheid-gelijkheid\\\/\"]}]},{\"@type\":\"ImageObject\",\"inLanguage\":\"nl-NL\",\"@id\":\"https:\\\/\\\/d66.nl\\\/steenwijkerland\\\/standpunten\\\/vrijheid-gelijkheid\\\/#primaryimage\",\"url\":\"https:\\\/\\\/d66.nl\\\/steenwijkerland\\\/wp-content\\\/uploads\\\/sites\\\/3\\\/2021\\\/10\\\/d66-events-170805-048-D66_Pride2017-Jeroen-Mooijman.jpg\",\"contentUrl\":\"https:\\\/\\\/d66.nl\\\/steenwijkerland\\\/wp-content\\\/uploads\\\/sites\\\/3\\\/2021\\\/10\\\/d66-events-170805-048-D66_Pride2017-Jeroen-Mooijman.jpg\"},{\"@type\":\"BreadcrumbList\",\"@id\":\"https:\\\/\\\/d66.nl\\\/steenwijkerland\\\/standpunten\\\/vrijheid-gelijkheid\\\/#breadcrumb\",\"itemListElement\":[{\"@type\":\"ListItem\",\"position\":1,\"name\":\"Home\",\"item\":\"https:\\\/\\\/d66.nl\\\/steenwijkerland\\\/\"},{\"@type\":\"ListItem\",\"position\":2,\"name\":\"Vrijheid en gelijkheid\"}]},{\"@type\":\"WebSite\",\"@id\":\"https:\\\/\\\/d66.nl\\\/steenwijkerland\\\/#website\",\"url\":\"https:\\\/\\\/d66.nl\\\/steenwijkerland\\\/\",\"name\":\"D66 Steenwijkerland\",\"description\":\"Just another D66 Sites site\",\"publisher\":{\"@id\":\"https:\\\/\\\/d66.nl\\\/steenwijkerland\\\/#organization\"},\"potentialAction\":[{\"@type\":\"SearchAction\",\"target\":{\"@type\":\"EntryPoint\",\"urlTemplate\":\"https:\\\/\\\/d66.nl\\\/steenwijkerland\\\/?s={search_term_string}\"},\"query-input\":{\"@type\":\"PropertyValueSpecification\",\"valueRequired\":true,\"valueName\":\"search_term_string\"}}],\"inLanguage\":\"nl-NL\"},{\"@type\":\"Organization\",\"@id\":\"https:\\\/\\\/d66.nl\\\/steenwijkerland\\\/#organization\",\"name\":\"D66\",\"url\":\"https:\\\/\\\/d66.nl\\\/steenwijkerland\\\/\",\"logo\":{\"@type\":\"ImageObject\",\"inLanguage\":\"nl-NL\",\"@id\":\"https:\\\/\\\/d66.nl\\\/steenwijkerland\\\/#\\\/schema\\\/logo\\\/image\\\/\",\"url\":\"https:\\\/\\\/d66.nl\\\/steenwijkerland\\\/wp-content\\\/uploads\\\/sites\\\/2\\\/2021\\\/10\\\/d66-themas-algemeen-og.png\",\"contentUrl\":\"https:\\\/\\\/d66.nl\\\/steenwijkerland\\\/wp-content\\\/uploads\\\/sites\\\/2\\\/2021\\\/10\\\/d66-themas-algemeen-og.png\",\"width\":1200,\"height\":628,\"caption\":\"D66\"},\"image\":{\"@id\":\"https:\\\/\\\/d66.nl\\\/steenwijkerland\\\/#\\\/schema\\\/logo\\\/image\\\/\"}}]}<\/script>\n<!-- \/ Yoast SEO plugin. -->","yoast_head_json":{"title":"D66 Steenwijkerland &#8212; Vrijheid en gelijkheid | Standpunten","robots":{"index":"index","follow":"follow","max-snippet":"max-snippet:-1","max-image-preview":"max-image-preview:large","max-video-preview":"max-video-preview:-1"},"canonical":"https:\/\/d66.nl\/steenwijkerland\/standpunten\/vrijheid-gelijkheid\/","og_locale":"nl_NL","og_type":"article","og_title":"D66 Steenwijkerland &#8212; Vrijheid en gelijkheid | Standpunten","og_url":"https:\/\/d66.nl\/steenwijkerland\/standpunten\/vrijheid-gelijkheid\/","og_site_name":"D66 Steenwijkerland","article_modified_time":"2021-11-25T20:33:58+00:00","twitter_card":"summary_large_image","schema":{"@context":"https:\/\/schema.org","@graph":[{"@type":"WebPage","@id":"https:\/\/d66.nl\/steenwijkerland\/standpunten\/vrijheid-gelijkheid\/","url":"https:\/\/d66.nl\/steenwijkerland\/standpunten\/vrijheid-gelijkheid\/","name":"D66 Steenwijkerland &#8212; Vrijheid en gelijkheid | Standpunten","isPartOf":{"@id":"https:\/\/d66.nl\/steenwijkerland\/#website"},"primaryImageOfPage":{"@id":"https:\/\/d66.nl\/steenwijkerland\/standpunten\/vrijheid-gelijkheid\/#primaryimage"},"image":{"@id":"https:\/\/d66.nl\/steenwijkerland\/standpunten\/vrijheid-gelijkheid\/#primaryimage"},"thumbnailUrl":"https:\/\/d66.nl\/steenwijkerland\/wp-content\/uploads\/sites\/3\/2021\/10\/d66-events-170805-048-D66_Pride2017-Jeroen-Mooijman.jpg","datePublished":"2021-10-27T12:18:48+00:00","dateModified":"2021-11-25T20:33:58+00:00","breadcrumb":{"@id":"https:\/\/d66.nl\/steenwijkerland\/standpunten\/vrijheid-gelijkheid\/#breadcrumb"},"inLanguage":"nl-NL","potentialAction":[{"@type":"ReadAction","target":["https:\/\/d66.nl\/steenwijkerland\/standpunten\/vrijheid-gelijkheid\/"]}]},{"@type":"ImageObject","inLanguage":"nl-NL","@id":"https:\/\/d66.nl\/steenwijkerland\/standpunten\/vrijheid-gelijkheid\/#primaryimage","url":"https:\/\/d66.nl\/steenwijkerland\/wp-content\/uploads\/sites\/3\/2021\/10\/d66-events-170805-048-D66_Pride2017-Jeroen-Mooijman.jpg","contentUrl":"https:\/\/d66.nl\/steenwijkerland\/wp-content\/uploads\/sites\/3\/2021\/10\/d66-events-170805-048-D66_Pride2017-Jeroen-Mooijman.jpg"},{"@type":"BreadcrumbList","@id":"https:\/\/d66.nl\/steenwijkerland\/standpunten\/vrijheid-gelijkheid\/#breadcrumb","itemListElement":[{"@type":"ListItem","position":1,"name":"Home","item":"https:\/\/d66.nl\/steenwijkerland\/"},{"@type":"ListItem","position":2,"name":"Vrijheid en gelijkheid"}]},{"@type":"WebSite","@id":"https:\/\/d66.nl\/steenwijkerland\/#website","url":"https:\/\/d66.nl\/steenwijkerland\/","name":"D66 Steenwijkerland","description":"Just another D66 Sites site","publisher":{"@id":"https:\/\/d66.nl\/steenwijkerland\/#organization"},"potentialAction":[{"@type":"SearchAction","target":{"@type":"EntryPoint","urlTemplate":"https:\/\/d66.nl\/steenwijkerland\/?s={search_term_string}"},"query-input":{"@type":"PropertyValueSpecification","valueRequired":true,"valueName":"search_term_string"}}],"inLanguage":"nl-NL"},{"@type":"Organization","@id":"https:\/\/d66.nl\/steenwijkerland\/#organization","name":"D66","url":"https:\/\/d66.nl\/steenwijkerland\/","logo":{"@type":"ImageObject","inLanguage":"nl-NL","@id":"https:\/\/d66.nl\/steenwijkerland\/#\/schema\/logo\/image\/","url":"https:\/\/d66.nl\/steenwijkerland\/wp-content\/uploads\/sites\/2\/2021\/10\/d66-themas-algemeen-og.png","contentUrl":"https:\/\/d66.nl\/steenwijkerland\/wp-content\/uploads\/sites\/2\/2021\/10\/d66-themas-algemeen-og.png","width":1200,"height":628,"caption":"D66"},"image":{"@id":"https:\/\/d66.nl\/steenwijkerland\/#\/schema\/logo\/image\/"}}]}},"_links":{"self":[{"href":"https:\/\/d66.nl\/steenwijkerland\/wp-json\/wp\/v2\/standpunten\/309","targetHints":{"allow":["GET"]}}],"collection":[{"href":"https:\/\/d66.nl\/steenwijkerland\/wp-json\/wp\/v2\/standpunten"}],"about":[{"href":"https:\/\/d66.nl\/steenwijkerland\/wp-json\/wp\/v2\/types\/topics"}],"author":[{"embeddable":true,"href":"https:\/\/d66.nl\/steenwijkerland\/wp-json\/wp\/v2\/users\/6"}],"wp:featuredmedia":[{"embeddable":true,"href":"https:\/\/d66.nl\/steenwijkerland\/wp-json\/"}],"wp:attachment":[{"href":"https:\/\/d66.nl\/steenwijkerland\/wp-json\/wp\/v2\/media?parent=309"}],"wp:term":[{"taxonomy":"themes-or-point-of-view","embeddable":true,"href":"https:\/\/d66.nl\/steenwijkerland\/wp-json\/wp\/v2\/themes-or-point-of-view?post=309"},{"taxonomy":"search-tags","embeddable":true,"href":"https:\/\/d66.nl\/steenwijkerland\/wp-json\/wp\/v2\/search-tags?post=309"},{"taxonomy":"topic-sub-topics","embeddable":true,"href":"https:\/\/d66.nl\/steenwijkerland\/wp-json\/wp\/v2\/topic-subtopics?post=309"}],"curies":[{"name":"wp","href":"https:\/\/api.w.org\/{rel}","templated":true}]}}