{"id":2452,"date":"2025-12-15T17:26:10","date_gmt":"2025-12-15T17:26:10","guid":{"rendered":"https:\/\/d66.nl\/purmerend\/?post_type=people-type&#038;p=2452"},"modified":"2026-03-28T11:31:20","modified_gmt":"2026-03-28T11:31:20","slug":"frances-heijmans-go-10","status":"publish","type":"people-type","link":"https:\/\/d66.nl\/purmerend\/mensen\/frances-heijmans-go-10\/","title":{"rendered":"Frances Heijmans &#8211; Go"},"content":{"rendered":"<div\n  id=\"\"\n  class=\"wrapper  wrapper__spacing-bottom-large--50 wrapper__spacing-bottom-desktop--10 wrapper__spacing-bottom-mobile--10  wrapper__gutter--none\"\n  >\n  \t<div class=\"wrapper__container wrapper__container-width-large--default\">\n\t  <div class=\"wrapper__inner wrapper__width-large--14 wrapper__width-desktop--20 wrapper__width-mobile--24 wrapper__offset-large--6 wrapper__offset-desktop--4 wrapper__offset-mobile--0\">\n\t\t<h1 class=\"heading heading__align--left heading__color--black heading__size--giant heading__font--serif heading__weight--regular  block-heading__heading\" id=\"nav-frances-heijmans---go1083\"  data-nav-heading-mobile=\"Frances Heijmans - Go\" >\n\tFrances Heijmans &#8211; Go<\/h1>\t  <\/div>\n\t<\/div>\n  <\/div>\n\n\n<div\n  id=\"\"\n  class=\"wrapper  wrapper__spacing-bottom-large--50 wrapper__spacing-bottom-desktop--10 wrapper__spacing-bottom-mobile--10  wrapper__gutter--none\"\n  >\n  \t<div class=\"wrapper__container wrapper__container-width-large--default\">\n\t  <div class=\"wrapper__inner wrapper__width-large--24 wrapper__width-mobile--24\">\n\t\t<section class=\"block-video\">\n\t<div\n\t\tclass=\"block-video__video-wrapper\"\n\t\tstyle=\"background-image: url('https:\/\/media.d66.nl\/uploads\/sites\/5\/2025\/12\/Moments-by-Kelly-57-scaled.jpg')\"\n\t>\n\t\t\t<\/div>\n\n\t\t\t<div class=\"block-video__caption-wrapper\">\n\t\t\t<div class=\"block-video__caption\">\n\t\t\t\t<p class=\"paragraph paragraph__align--left paragraph__color--black paragraph__size--small paragraph__weight--medium\">\n\t\t<b>Frances Heijmans &#8211; Go<\/b> <i>&#045;<\/i> Beeld: Moments by Kelly\t<\/p>\t\t\t<\/div>\n\t\t<\/div>\n\t\n<\/section>\n\n\t  <\/div>\n\t<\/div>\n  <\/div>\n\n\n<div\n  id=\"\"\n  class=\"wrapper  wrapper__spacing-bottom-large--30 wrapper__spacing-bottom-desktop--20  wrapper__gutter--none\"\n  >\n  \t<div class=\"wrapper__container wrapper__container-width-large--default\">\n\t  <div class=\"wrapper__inner wrapper__width-large--24 wrapper__width-mobile--24\">\n\t\t<p\n\t\tclass=\"paragraph paragraph__align--left paragraph__color--black paragraph__size--default   block-paragraph__paragraph\"\n\t\t\t>\n\t\tNaam: Frances Heijmans-Go<br>Woonplaats: Zuidoostbeemster<br>Leeftijd: 79 jaar<br>Met wie woon je: met Harry Heijmans, mijn man<br><br>\t<\/p>\t  <\/div>\n\t<\/div>\n  <\/div>\n\n\n<div\n  id=\"\"\n  class=\"wrapper  wrapper__spacing-bottom-large--50 wrapper__spacing-bottom-desktop--70 wrapper__spacing-bottom-mobile--50  wrapper__gutter--none\"\n  >\n  \t<div class=\"wrapper__container wrapper__container-width-large--default\">\n\t  <div class=\"wrapper__inner wrapper__width-large--18 wrapper__width-desktop--22 wrapper__width-mobile--24 wrapper__offset-large--6 wrapper__offset-desktop--2 wrapper__offset-mobile--0\">\n\t\t<section class=\"block-text-title\">\n\t<div class=\"block-text-title__title\">\n\t\t<h3 class=\"heading  heading__color--black heading__size--medium heading__font--sans heading__weight--bold  block-text-title__heading\" id=\"nav--strong-wie-ben-je--vertel-kort-iets-over-jezelf--waar-je-woont--wat-je-in-het-dagelijks-leven-doet-en-wat-je-in-je-vrije-tijd-doet---strong-742\" data-nav-heading-mobile=\"Wie ben je? Vertel kort iets over jezelf: waar je woont, wat je in het dagelijks leven doet en wat je in je vrije tijd doet.\">\n\t<strong>Wie ben je? Vertel kort iets over jezelf: waar je woont, wat je in het dagelijks leven doet en wat je in je vrije tijd doet.<\/strong><\/h3>\t<\/div>\n\t<div class=\"block-text-title__content\">\n\t\t<p class=\"paragraph paragraph__align--left paragraph__color--black paragraph__size--default\">\n\t\tWas met veel plezier docent Engels in het voortgezet onderwijs en kom nu tijd tekort.<br>Vrijwilligerswerk bij de Wereldwinkel Purmerend, steunfractielid D66, twee leesclubs, een dialooggroep, museumgroep, en last but not least breng ik tijd door met de drie kleinzonen. Ik vind het leuk om met ze naar musea te gaan, dat doe ik dan \u00e9\u00e9n op \u00e9\u00e9n. Schaatsen en naar een film of theater soms met alle drie. En ik ga graag naar het theater.\t<\/p>\t<\/div>\n\n\t<div class=\"block-text-title__sidebar\">\n\t\t\n\t\t\n\t\t\t<\/div>\n<\/section>\n\t  <\/div>\n\t<\/div>\n  <\/div>\n\n\n<div\n  id=\"\"\n  class=\"wrapper  wrapper__spacing-bottom-large--50 wrapper__spacing-bottom-desktop--70 wrapper__spacing-bottom-mobile--50  wrapper__gutter--none\"\n  >\n  \t<div class=\"wrapper__container wrapper__container-width-large--default\">\n\t  <div class=\"wrapper__inner wrapper__width-large--18 wrapper__width-desktop--22 wrapper__width-mobile--24 wrapper__offset-large--6 wrapper__offset-desktop--2 wrapper__offset-mobile--0\">\n\t\t<section class=\"block-text-title\">\n\t<div class=\"block-text-title__title\">\n\t\t<h3 class=\"heading  heading__color--black heading__size--medium heading__font--sans heading__weight--bold  block-text-title__heading\" id=\"nav--strong-hoe-ziet-jouw-favoriete-playlist-er-uit---strong-5642\" data-nav-heading-mobile=\"Hoe ziet jouw favoriete playlist er uit?\">\n\t<strong>Hoe ziet jouw favoriete playlist er uit?<\/strong><\/h3>\t<\/div>\n\t<div class=\"block-text-title__content\">\n\t\t<p class=\"paragraph paragraph__align--left paragraph__color--black paragraph__size--default\">\n\t\tAlles van Ramses Shaffy en dan vooral de nummers waarvan zoon Maarten Heijmans een eigen arrangement heeft gemaakt\t<\/p>\t<\/div>\n\n\t<div class=\"block-text-title__sidebar\">\n\t\t\n\t\t\n\t\t\t<\/div>\n<\/section>\n\t  <\/div>\n\t<\/div>\n  <\/div>\n\n\n<div\n  id=\"\"\n  class=\"wrapper  wrapper__spacing-bottom-large--50 wrapper__spacing-bottom-desktop--70 wrapper__spacing-bottom-mobile--50  wrapper__gutter--none\"\n  >\n  \t<div class=\"wrapper__container wrapper__container-width-large--default\">\n\t  <div class=\"wrapper__inner wrapper__width-large--18 wrapper__width-desktop--22 wrapper__width-mobile--24 wrapper__offset-large--6 wrapper__offset-desktop--2 wrapper__offset-mobile--0\">\n\t\t<section class=\"block-text-title\">\n\t<div class=\"block-text-title__title\">\n\t\t<h3 class=\"heading  heading__color--black heading__size--medium heading__font--sans heading__weight--bold  block-text-title__heading\" id=\"nav--strong-wat-maakt-purmerend-voor-jou-een-fijne-gemeente-om-in-te-wonen---strong-7258\" data-nav-heading-mobile=\"Wat maakt Purmerend voor jou een fijne gemeente om in te wonen?\">\n\t<strong>Wat maakt Purmerend voor jou een fijne gemeente om in te wonen?<\/strong><\/h3>\t<\/div>\n\t<div class=\"block-text-title__content\">\n\t\t<p class=\"paragraph paragraph__align--left paragraph__color--black paragraph__size--default\">\n\t\tDe gemeente heeft alles, het stadje met theaters en restaurants en winkels en het Wereld Erfgoed Beemster. We zijn hier in 1977 komen wonen en hebben er nooit spijt van gehad.<br><br>\t<\/p>\t<\/div>\n\n\t<div class=\"block-text-title__sidebar\">\n\t\t\n\t\t\n\t\t\t<\/div>\n<\/section>\n\t  <\/div>\n\t<\/div>\n  <\/div>\n\n\n<div\n  id=\"\"\n  class=\"wrapper  wrapper__spacing-bottom-large--50 wrapper__spacing-bottom-desktop--70 wrapper__spacing-bottom-mobile--50  wrapper__gutter--none\"\n  >\n  \t<div class=\"wrapper__container wrapper__container-width-large--default\">\n\t  <div class=\"wrapper__inner wrapper__width-large--18 wrapper__width-desktop--22 wrapper__width-mobile--24 wrapper__offset-large--6 wrapper__offset-desktop--2 wrapper__offset-mobile--0\">\n\t\t<section class=\"block-text-title\">\n\t<div class=\"block-text-title__title\">\n\t\t<h3 class=\"heading  heading__color--black heading__size--medium heading__font--sans heading__weight--bold  block-text-title__heading\" id=\"nav--strong-waarom-heb-je-je-als-kandidaat-aangemeld-voor-d66-in-purmerend---strong-851\" data-nav-heading-mobile=\"Waarom heb je je als kandidaat aangemeld voor D66 in Purmerend?\">\n\t<strong>Waarom heb je je als kandidaat aangemeld voor D66 in Purmerend?<\/strong><\/h3>\t<\/div>\n\t<div class=\"block-text-title__content\">\n\t\t<p class=\"paragraph paragraph__align--left paragraph__color--black paragraph__size--default\">\n\t\tIk ben graag kandidaat voor D66 Purmerend omdat ik het optimisme en het oplossingsgericht zijn van de partij mij aanspreken. Wij zijn in 1977 lid geworden en in de jaren 90 actief geworden in de gemeente Beemster. Het zijn mensen als Jan Terlouw, Els Borst en Sigrid Kaag die mij inspireren. En met Rob Jetten, Jan Paternotte en Hans Vijlbrief is dat gevoel van \u2018Het kan w\u00e9l\u2019 alleen maar sterker geworden. We hebben een geweldige lijst met bevlogen kandidaten en we maken al jaren het verschil als fractie in de gemeenteraad van Purmerend.\t<\/p>\t<\/div>\n\n\t<div class=\"block-text-title__sidebar\">\n\t\t\n\t\t\n\t\t\t<\/div>\n<\/section>\n\t  <\/div>\n\t<\/div>\n  <\/div>\n\n\n<div\n  id=\"\"\n  class=\"wrapper  wrapper__spacing-bottom-large--50 wrapper__spacing-bottom-desktop--70 wrapper__spacing-bottom-mobile--50  wrapper__gutter--none\"\n  >\n  \t<div class=\"wrapper__container wrapper__container-width-large--default\">\n\t  <div class=\"wrapper__inner wrapper__width-large--18 wrapper__width-desktop--22 wrapper__width-mobile--24 wrapper__offset-large--6 wrapper__offset-desktop--2 wrapper__offset-mobile--0\">\n\t\t<section class=\"block-text-title\">\n\t<div class=\"block-text-title__title\">\n\t\t<h3 class=\"heading  heading__color--black heading__size--medium heading__font--sans heading__weight--bold  block-text-title__heading\" id=\"nav--strong-welk-thema-in-onze-gemeente-raakt-jou-persoonlijk-het-meest--en-waarom---strong-219\" data-nav-heading-mobile=\"Welk thema in onze gemeente raakt jou persoonlijk het meest, en waarom?\">\n\t<strong>Welk thema in onze gemeente raakt jou persoonlijk het meest, en waarom?<\/strong><\/h3>\t<\/div>\n\t<div class=\"block-text-title__content\">\n\t\t<p class=\"paragraph paragraph__align--left paragraph__color--black paragraph__size--default\">\n\t\tONDERWIJS raakt mij het meest. Door bijna veertig jaar voor de klas weet ik wat er speelt en wat er mogelijk is. Het allerbelangrijkste: de leerkrachten en een schoolbestuur dat faciliteert. De Rijke Schooldag van D66 (cultuur, sport, extra hulp voor leerlingen die dat even nodig hebben, handenarbeid en techniek) biedt ontplooiing voor alle leerlingen en rust voor de ouders die dan niet meer al vroeg in de middag voor opvang hoeven te zorgen, een win-win situatie!\t<\/p>\t<\/div>\n\n\t<div class=\"block-text-title__sidebar\">\n\t\t\n\t\t\n\t\t\t<\/div>\n<\/section>\n\t  <\/div>\n\t<\/div>\n  <\/div>\n\n\n<div\n  id=\"\"\n  class=\"wrapper  wrapper__spacing-bottom-large--50 wrapper__spacing-bottom-desktop--70 wrapper__spacing-bottom-mobile--50  wrapper__gutter--none\"\n  >\n  \t<div class=\"wrapper__container wrapper__container-width-large--default\">\n\t  <div class=\"wrapper__inner wrapper__width-large--18 wrapper__width-desktop--22 wrapper__width-mobile--24 wrapper__offset-large--6 wrapper__offset-desktop--2 wrapper__offset-mobile--0\">\n\t\t<section class=\"block-text-title\">\n\t<div class=\"block-text-title__title\">\n\t\t<h3 class=\"heading  heading__color--black heading__size--medium heading__font--sans heading__weight--bold  block-text-title__heading\" id=\"nav--strong-voor-welke-inwoners-of-groepen-in-purmerend-wil-jij-je-in-het-bijzonder-inzetten---strong-1192\" data-nav-heading-mobile=\"Voor welke inwoners of groepen in Purmerend wil jij je in het bijzonder inzetten?\">\n\t<strong>Voor welke inwoners of groepen in Purmerend wil jij je in het bijzonder inzetten?<\/strong><\/h3>\t<\/div>\n\t<div class=\"block-text-title__content\">\n\t\t<p class=\"paragraph paragraph__align--left paragraph__color--black paragraph__size--default\">\n\t\tIk wil mij in het bijzonder inzetten voor de jeugd. Als er problemen zijn dan moet er zo snel mogelijk naar worden gekeken, uitstel levert grotere problemen op in de toekomst. Dat is zeer onwenselijk, zowel voor de betrokkenen als voor de maatschappij.\t<\/p>\t<\/div>\n\n\t<div class=\"block-text-title__sidebar\">\n\t\t\n\t\t\n\t\t\t<\/div>\n<\/section>\n\t  <\/div>\n\t<\/div>\n  <\/div>\n\n\n<div\n  id=\"\"\n  class=\"wrapper  wrapper__spacing-bottom-large--50 wrapper__spacing-bottom-desktop--70 wrapper__spacing-bottom-mobile--50  wrapper__gutter--none\"\n  >\n  \t<div class=\"wrapper__container wrapper__container-width-large--default\">\n\t  <div class=\"wrapper__inner wrapper__width-large--18 wrapper__width-desktop--22 wrapper__width-mobile--24 wrapper__offset-large--6 wrapper__offset-desktop--2 wrapper__offset-mobile--0\">\n\t\t<section class=\"block-text-title\">\n\t<div class=\"block-text-title__title\">\n\t\t<h3 class=\"heading  heading__color--black heading__size--medium heading__font--sans heading__weight--bold  block-text-title__heading\" id=\"nav--strong-stel--je-mag-in-de-komende-periode-----n-concreet-resultaat-bereiken--wat-zou-dat-dan-zijn---strong-1033\" data-nav-heading-mobile=\"Stel, je mag in de komende periode \u00e9\u00e9n concreet resultaat bereiken. Wat zou dat dan zijn?\">\n\t<strong>Stel, je mag in de komende periode \u00e9\u00e9n concreet resultaat bereiken. Wat zou dat dan zijn?<\/strong><\/h3>\t<\/div>\n\t<div class=\"block-text-title__content\">\n\t\t<p class=\"paragraph paragraph__align--left paragraph__color--black paragraph__size--default\">\n\t\tHet zou geweldig zijn als mensen meer naar elkaar leren en willen luisteren. Dat geldt voor de politici maar ook voor de burgers. Concreet betekent dat een Burgerberaad waarbij de raad wordt geacht serieus met de uitkomst aan de slag te gaan. Het vertrouwen in de politiek zal daardoor toenemen en dat is hard nodig.\t<\/p>\t<\/div>\n\n\t<div class=\"block-text-title__sidebar\">\n\t\t\n\t\t\n\t\t\t<\/div>\n<\/section>\n\t  <\/div>\n\t<\/div>\n  <\/div>\n\n\n<div\n  id=\"\"\n  class=\"wrapper  wrapper__spacing-bottom-large--50 wrapper__spacing-bottom-desktop--70 wrapper__spacing-bottom-mobile--50  wrapper__gutter--none\"\n  >\n  \t<div class=\"wrapper__container wrapper__container-width-large--default\">\n\t  <div class=\"wrapper__inner wrapper__width-large--18 wrapper__width-desktop--22 wrapper__width-mobile--24 wrapper__offset-large--6 wrapper__offset-desktop--2 wrapper__offset-mobile--0\">\n\t\t<section class=\"block-text-title\">\n\t<div class=\"block-text-title__title\">\n\t\t<h3 class=\"heading  heading__color--black heading__size--medium heading__font--sans heading__weight--bold  block-text-title__heading\" id=\"nav--strong-hoe-ga-jij-contact-houden-met-inwoners-en-hoe-kunnen-mensen-jou-benaderen-met-hun-idee--n-of-zorgen---strong-8691\" data-nav-heading-mobile=\"Hoe ga jij contact houden met inwoners en hoe kunnen mensen jou benaderen met hun idee\u00ebn of zorgen?\">\n\t<strong>Hoe ga jij contact houden met inwoners en hoe kunnen mensen jou benaderen met hun idee\u00ebn of zorgen?<\/strong><\/h3>\t<\/div>\n\t<div class=\"block-text-title__content\">\n\t\t<p class=\"paragraph paragraph__align--left paragraph__color--black paragraph__size--default\">\n\t\tDe afgelopen jaren hebben inwoners mij weten te vinden, gewoon op straat en ik ga ervan uit dat dat zo blijft. En natuurlijk via de fractie en de VIPP\u2019s, de vrouwen in de Purmerendse Politiek.\t<\/p>\t<\/div>\n\n\t<div class=\"block-text-title__sidebar\">\n\t\t\n\t\t\n\t\t\t<\/div>\n<\/section>\n\t  <\/div>\n\t<\/div>\n  <\/div>\n\n\n<div\n  id=\"\"\n  class=\"wrapper  wrapper__spacing-bottom-large--50 wrapper__spacing-bottom-desktop--70 wrapper__spacing-bottom-mobile--50  wrapper__gutter--none\"\n  >\n  \t<div class=\"wrapper__container wrapper__container-width-large--default\">\n\t  <div class=\"wrapper__inner wrapper__width-large--18 wrapper__width-desktop--22 wrapper__width-mobile--24 wrapper__offset-large--6 wrapper__offset-desktop--2 wrapper__offset-mobile--0\">\n\t\t<section class=\"block-text-title\">\n\t<div class=\"block-text-title__title\">\n\t\t<h3 class=\"heading  heading__color--black heading__size--medium heading__font--sans heading__weight--bold  block-text-title__heading\" id=\"nav--strong-welke-plek-in-onze-gemeente-moeten-mensen-volgens-jou-echt-een-keer-gezien-of-bezocht-hebben-en-waarom---strong-7987\" data-nav-heading-mobile=\"Welke plek in onze gemeente moeten mensen volgens jou echt een keer gezien of bezocht hebben en waarom?\">\n\t<strong>Welke plek in onze gemeente moeten mensen volgens jou echt een keer gezien of bezocht hebben en waarom?<\/strong><\/h3>\t<\/div>\n\t<div class=\"block-text-title__content\">\n\t\t<p class=\"paragraph paragraph__align--left paragraph__color--black paragraph__size--default\">\n\t\tHet Arboretum in Zuidoostbeemster is het hele jaar een geweldige plek om te bezoeken, mede voor kinderen vanwege het Kabouterpad. Je kan er afspreken met vrienden en picknicken. Hoe leuk is dat!\t<\/p>\t<\/div>\n\n\t<div class=\"block-text-title__sidebar\">\n\t\t\n\t\t\n\t\t\t<\/div>\n<\/section>\n\t  <\/div>\n\t<\/div>\n  <\/div>\n","protected":false},"author":671,"featured_media":2454,"menu_order":0,"template":"","search-tags":[],"labels":[],"division-tags":[31,30,46],"class_list":["post-2452","people-type","type-people-type","status-publish","has-post-thumbnail","hentry","division-tags-alle","division-tags-fractie","division-tags-kandidatenlijst-gr26"],"acf":[],"yoast_head":"<!-- This site is optimized with the Yoast SEO plugin v27.3 - https:\/\/yoast.com\/product\/yoast-seo-wordpress\/ -->\n<title>D66 Purmerend &#8211; Frances Heijmans - Go<\/title>\n<meta name=\"robots\" content=\"index, follow, max-snippet:-1, max-image-preview:large, max-video-preview:-1\" \/>\n<link rel=\"canonical\" href=\"https:\/\/d66.nl\/purmerend\/mensen\/frances-heijmans-go-10\/\" \/>\n<meta property=\"og:locale\" content=\"nl_NL\" \/>\n<meta property=\"og:type\" content=\"article\" \/>\n<meta property=\"og:title\" content=\"D66 Purmerend &#8211; Frances Heijmans - Go\" \/>\n<meta property=\"og:url\" content=\"https:\/\/d66.nl\/purmerend\/mensen\/frances-heijmans-go-10\/\" \/>\n<meta property=\"og:site_name\" content=\"D66 Purmerend\" \/>\n<meta property=\"article:modified_time\" content=\"2026-03-28T11:31:20+00:00\" \/>\n<meta property=\"og:image\" content=\"https:\/\/d66.nl\/purmerend\/wp-content\/uploads\/sites\/5\/2025\/12\/Moments-by-Kelly-57-scaled.jpg\" \/>\n\t<meta property=\"og:image:width\" content=\"2560\" \/>\n\t<meta property=\"og:image:height\" content=\"1707\" \/>\n\t<meta property=\"og:image:type\" content=\"image\/jpeg\" \/>\n<meta name=\"twitter:card\" content=\"summary_large_image\" \/>\n<meta name=\"twitter:label1\" content=\"Geschatte leestijd\" \/>\n\t<meta name=\"twitter:data1\" content=\"1 minuut\" \/>\n<script type=\"application\/ld+json\" class=\"yoast-schema-graph\">{\"@context\":\"https:\\\/\\\/schema.org\",\"@graph\":[{\"@type\":\"WebPage\",\"@id\":\"https:\\\/\\\/d66.nl\\\/purmerend\\\/mensen\\\/frances-heijmans-go-10\\\/\",\"url\":\"https:\\\/\\\/d66.nl\\\/purmerend\\\/mensen\\\/frances-heijmans-go-10\\\/\",\"name\":\"D66 Purmerend &#8211; Frances Heijmans - Go\",\"isPartOf\":{\"@id\":\"https:\\\/\\\/d66.nl\\\/purmerend\\\/#website\"},\"primaryImageOfPage\":{\"@id\":\"https:\\\/\\\/d66.nl\\\/purmerend\\\/mensen\\\/frances-heijmans-go-10\\\/#primaryimage\"},\"image\":{\"@id\":\"https:\\\/\\\/d66.nl\\\/purmerend\\\/mensen\\\/frances-heijmans-go-10\\\/#primaryimage\"},\"thumbnailUrl\":\"https:\\\/\\\/d66.nl\\\/purmerend\\\/wp-content\\\/uploads\\\/sites\\\/5\\\/2025\\\/12\\\/Moments-by-Kelly-57-scaled.jpg\",\"datePublished\":\"2025-12-15T17:26:10+00:00\",\"dateModified\":\"2026-03-28T11:31:20+00:00\",\"breadcrumb\":{\"@id\":\"https:\\\/\\\/d66.nl\\\/purmerend\\\/mensen\\\/frances-heijmans-go-10\\\/#breadcrumb\"},\"inLanguage\":\"nl-NL\",\"potentialAction\":[{\"@type\":\"ReadAction\",\"target\":[\"https:\\\/\\\/d66.nl\\\/purmerend\\\/mensen\\\/frances-heijmans-go-10\\\/\"]}]},{\"@type\":\"ImageObject\",\"inLanguage\":\"nl-NL\",\"@id\":\"https:\\\/\\\/d66.nl\\\/purmerend\\\/mensen\\\/frances-heijmans-go-10\\\/#primaryimage\",\"url\":\"https:\\\/\\\/d66.nl\\\/purmerend\\\/wp-content\\\/uploads\\\/sites\\\/5\\\/2025\\\/12\\\/Moments-by-Kelly-57-scaled.jpg\",\"contentUrl\":\"https:\\\/\\\/d66.nl\\\/purmerend\\\/wp-content\\\/uploads\\\/sites\\\/5\\\/2025\\\/12\\\/Moments-by-Kelly-57-scaled.jpg\",\"width\":2560,\"height\":1707},{\"@type\":\"BreadcrumbList\",\"@id\":\"https:\\\/\\\/d66.nl\\\/purmerend\\\/mensen\\\/frances-heijmans-go-10\\\/#breadcrumb\",\"itemListElement\":[{\"@type\":\"ListItem\",\"position\":1,\"name\":\"Home\",\"item\":\"https:\\\/\\\/d66.nl\\\/purmerend\\\/\"},{\"@type\":\"ListItem\",\"position\":2,\"name\":\"Mensen\",\"item\":\"https:\\\/\\\/d66.nl\\\/purmerend\\\/mensen\\\/\"},{\"@type\":\"ListItem\",\"position\":3,\"name\":\"Frances Heijmans &#8211; Go\"}]},{\"@type\":\"WebSite\",\"@id\":\"https:\\\/\\\/d66.nl\\\/purmerend\\\/#website\",\"url\":\"https:\\\/\\\/d66.nl\\\/purmerend\\\/\",\"name\":\"D66 Purmerend\",\"description\":\"Just another D66 Sites site\",\"publisher\":{\"@id\":\"https:\\\/\\\/d66.nl\\\/purmerend\\\/#organization\"},\"potentialAction\":[{\"@type\":\"SearchAction\",\"target\":{\"@type\":\"EntryPoint\",\"urlTemplate\":\"https:\\\/\\\/d66.nl\\\/purmerend\\\/?s={search_term_string}\"},\"query-input\":{\"@type\":\"PropertyValueSpecification\",\"valueRequired\":true,\"valueName\":\"search_term_string\"}}],\"inLanguage\":\"nl-NL\"},{\"@type\":\"Organization\",\"@id\":\"https:\\\/\\\/d66.nl\\\/purmerend\\\/#organization\",\"name\":\"D66\",\"url\":\"https:\\\/\\\/d66.nl\\\/purmerend\\\/\",\"logo\":{\"@type\":\"ImageObject\",\"inLanguage\":\"nl-NL\",\"@id\":\"https:\\\/\\\/d66.nl\\\/purmerend\\\/#\\\/schema\\\/logo\\\/image\\\/\",\"url\":\"https:\\\/\\\/d66.nl\\\/purmerend\\\/wp-content\\\/uploads\\\/sites\\\/5\\\/2021\\\/10\\\/d66-themas-algemeen-og.png\",\"contentUrl\":\"https:\\\/\\\/d66.nl\\\/purmerend\\\/wp-content\\\/uploads\\\/sites\\\/5\\\/2021\\\/10\\\/d66-themas-algemeen-og.png\",\"width\":1200,\"height\":628,\"caption\":\"D66\"},\"image\":{\"@id\":\"https:\\\/\\\/d66.nl\\\/purmerend\\\/#\\\/schema\\\/logo\\\/image\\\/\"}}]}<\/script>\n<!-- \/ Yoast SEO plugin. -->","yoast_head_json":{"title":"D66 Purmerend &#8211; Frances Heijmans - Go","robots":{"index":"index","follow":"follow","max-snippet":"max-snippet:-1","max-image-preview":"max-image-preview:large","max-video-preview":"max-video-preview:-1"},"canonical":"https:\/\/d66.nl\/purmerend\/mensen\/frances-heijmans-go-10\/","og_locale":"nl_NL","og_type":"article","og_title":"D66 Purmerend &#8211; Frances Heijmans - Go","og_url":"https:\/\/d66.nl\/purmerend\/mensen\/frances-heijmans-go-10\/","og_site_name":"D66 Purmerend","article_modified_time":"2026-03-28T11:31:20+00:00","og_image":[{"width":2560,"height":1707,"url":"https:\/\/d66.nl\/purmerend\/wp-content\/uploads\/sites\/5\/2025\/12\/Moments-by-Kelly-57-scaled.jpg","type":"image\/jpeg"}],"twitter_card":"summary_large_image","twitter_misc":{"Geschatte leestijd":"1 minuut"},"schema":{"@context":"https:\/\/schema.org","@graph":[{"@type":"WebPage","@id":"https:\/\/d66.nl\/purmerend\/mensen\/frances-heijmans-go-10\/","url":"https:\/\/d66.nl\/purmerend\/mensen\/frances-heijmans-go-10\/","name":"D66 Purmerend &#8211; Frances Heijmans - Go","isPartOf":{"@id":"https:\/\/d66.nl\/purmerend\/#website"},"primaryImageOfPage":{"@id":"https:\/\/d66.nl\/purmerend\/mensen\/frances-heijmans-go-10\/#primaryimage"},"image":{"@id":"https:\/\/d66.nl\/purmerend\/mensen\/frances-heijmans-go-10\/#primaryimage"},"thumbnailUrl":"https:\/\/d66.nl\/purmerend\/wp-content\/uploads\/sites\/5\/2025\/12\/Moments-by-Kelly-57-scaled.jpg","datePublished":"2025-12-15T17:26:10+00:00","dateModified":"2026-03-28T11:31:20+00:00","breadcrumb":{"@id":"https:\/\/d66.nl\/purmerend\/mensen\/frances-heijmans-go-10\/#breadcrumb"},"inLanguage":"nl-NL","potentialAction":[{"@type":"ReadAction","target":["https:\/\/d66.nl\/purmerend\/mensen\/frances-heijmans-go-10\/"]}]},{"@type":"ImageObject","inLanguage":"nl-NL","@id":"https:\/\/d66.nl\/purmerend\/mensen\/frances-heijmans-go-10\/#primaryimage","url":"https:\/\/d66.nl\/purmerend\/wp-content\/uploads\/sites\/5\/2025\/12\/Moments-by-Kelly-57-scaled.jpg","contentUrl":"https:\/\/d66.nl\/purmerend\/wp-content\/uploads\/sites\/5\/2025\/12\/Moments-by-Kelly-57-scaled.jpg","width":2560,"height":1707},{"@type":"BreadcrumbList","@id":"https:\/\/d66.nl\/purmerend\/mensen\/frances-heijmans-go-10\/#breadcrumb","itemListElement":[{"@type":"ListItem","position":1,"name":"Home","item":"https:\/\/d66.nl\/purmerend\/"},{"@type":"ListItem","position":2,"name":"Mensen","item":"https:\/\/d66.nl\/purmerend\/mensen\/"},{"@type":"ListItem","position":3,"name":"Frances Heijmans &#8211; Go"}]},{"@type":"WebSite","@id":"https:\/\/d66.nl\/purmerend\/#website","url":"https:\/\/d66.nl\/purmerend\/","name":"D66 Purmerend","description":"Just another D66 Sites site","publisher":{"@id":"https:\/\/d66.nl\/purmerend\/#organization"},"potentialAction":[{"@type":"SearchAction","target":{"@type":"EntryPoint","urlTemplate":"https:\/\/d66.nl\/purmerend\/?s={search_term_string}"},"query-input":{"@type":"PropertyValueSpecification","valueRequired":true,"valueName":"search_term_string"}}],"inLanguage":"nl-NL"},{"@type":"Organization","@id":"https:\/\/d66.nl\/purmerend\/#organization","name":"D66","url":"https:\/\/d66.nl\/purmerend\/","logo":{"@type":"ImageObject","inLanguage":"nl-NL","@id":"https:\/\/d66.nl\/purmerend\/#\/schema\/logo\/image\/","url":"https:\/\/d66.nl\/purmerend\/wp-content\/uploads\/sites\/5\/2021\/10\/d66-themas-algemeen-og.png","contentUrl":"https:\/\/d66.nl\/purmerend\/wp-content\/uploads\/sites\/5\/2021\/10\/d66-themas-algemeen-og.png","width":1200,"height":628,"caption":"D66"},"image":{"@id":"https:\/\/d66.nl\/purmerend\/#\/schema\/logo\/image\/"}}]}},"_links":{"self":[{"href":"https:\/\/d66.nl\/purmerend\/wp-json\/wp\/v2\/people-type\/2452","targetHints":{"allow":["GET"]}}],"collection":[{"href":"https:\/\/d66.nl\/purmerend\/wp-json\/wp\/v2\/people-type"}],"about":[{"href":"https:\/\/d66.nl\/purmerend\/wp-json\/wp\/v2\/types\/people-type"}],"author":[{"embeddable":true,"href":"https:\/\/d66.nl\/purmerend\/wp-json\/wp\/v2\/users\/671"}],"wp:featuredmedia":[{"embeddable":true,"href":"https:\/\/d66.nl\/purmerend\/wp-json\/wp\/v2\/media\/2454"}],"wp:attachment":[{"href":"https:\/\/d66.nl\/purmerend\/wp-json\/wp\/v2\/media?parent=2452"}],"wp:term":[{"taxonomy":"search-tags","embeddable":true,"href":"https:\/\/d66.nl\/purmerend\/wp-json\/wp\/v2\/search-tags?post=2452"},{"taxonomy":"labels","embeddable":true,"href":"https:\/\/d66.nl\/purmerend\/wp-json\/wp\/v2\/labels?post=2452"},{"taxonomy":"division-tags","embeddable":true,"href":"https:\/\/d66.nl\/purmerend\/wp-json\/wp\/v2\/division-tags?post=2452"}],"curies":[{"name":"wp","href":"https:\/\/api.w.org\/{rel}","templated":true}]}}