{"id":1254,"date":"2023-02-24T13:59:51","date_gmt":"2023-02-24T13:59:51","guid":{"rendered":"https:\/\/d66.nl\/provincieutrecht\/?page_id=1254"},"modified":"2026-03-29T15:22:13","modified_gmt":"2026-03-29T15:22:13","slug":"verkiezingsprogramma","status":"publish","type":"page","link":"https:\/\/d66.nl\/provincieutrecht\/verkiezingsprogramma\/","title":{"rendered":"Verkiezingsprogramma 2023-2027"},"content":{"rendered":"<div\n  id=\"\"\n  class=\"wrapper wrapper__spacing-top-large--160 wrapper__spacing-top-tablet--120 wrapper__spacing-top-mobile--100 wrapper__spacing-bottom-large--90  wrapper__gutter--none\"\n  data-background-color=\"yellow\">\n  \t<div class=\"wrapper__container wrapper__container-width-large--default\">\n\t  <div class=\"wrapper__inner wrapper__width-large--24 wrapper__width-mobile--24\">\n\t\t\n<section class=\"block-topic-hero block-topic-hero__posttype--manifesto js-block-topic-hero\">\n\n\t<a href=\"https:\/\/d66.nl\/provincieutrecht\" class=\"back-button\">\n\t<div class=\"back-button__icon\" aria-hidden=\"true\">\n\t\t<svg xmlns='http:\/\/www.w3.org\/2000\/svg' viewBox='0 0 58.14 50.62'><path d='m32.82 50.62 25.32-25.31L32.82 0l-4.35 4.35 17.92 17.86H0v6.21h46.39L28.47 46.33l4.35 4.29z' fill='currentColor' \/><\/svg>\t<\/div>\n\t<div class=\"back-button__title back-button__title--hide-on-mobile\">\n\t\t\t<\/div>\n<\/a>\n\t<div class=\"block-topic-hero__content\">\n\t\t<h1 class=\"text text-huge block-topic-hero__title\"><strong>Verkiezingsprogramma<\/strong><\/h1><p class=\"text text-medium block-topic-hero__text\">D66 maakt ruimte om te wonen \u00e9n te werken, ruimte voor natuur \u00e9n landbouw, ruimte voor verkeer \u00e9n energie. Want als we slimme keuzes maken, dan kan het allemaal. Ook in onze kleine provincie. In dit programma (2023-2027) lees je hoe wij dat voor elkaar willen krijgen.<\/p>\t\t<div class=\"block-topic-hero__buttons-wrap\">\n\t\t\t<a href=\"https:\/\/d66.nl\/afdeling\/\" class=\"buttonV2  buttonV2__size--default buttonV2__size-width--default buttonV2__link  block-topic-hero__buttonV2\" id=\"\" target=\"\">\n\t<div class=\"buttonV2__top-wrapper buttonV2__arrow-align--right\">\n\t\t\t\t\t<span class=\"buttonV2__title\">\n\t\t\t\tKijk wat D66 doet in jouw gemeente\t\t\t<\/span>\n\t\t\n\t\t\t\t\t<div class=\"buttonV2__icon\">\n\t\t\t\t<svg xmlns='http:\/\/www.w3.org\/2000\/svg' viewBox='0 0 58.14 50.62'><path d='m32.82 50.62 25.32-25.31L32.82 0l-4.35 4.35 17.92 17.86H0v6.21h46.39L28.47 46.33l4.35 4.29z' fill='currentColor' \/><\/svg>\t\t\t<\/div>\n\t\t\t<\/div>\n\n\t<\/a>\t\t<\/div>\n\t<\/div>\n\n\t<div class=\"block-topic-hero__slider\">\n\t\t<div class=\"carousel-slider js-carousel-slider carousel-slider__for--cards block-topic-hero__carousel-slider\" data-is-slider-initialized=\"0\">\n\t<div class=\"carousel-slider__wrapper js-carousel-wrapper\">\n\t\t<div class=\"swiper\">\n\t\t\t<div class=\"swiper-wrapper\">\n\t\t\t\t\t\t\t\t\t\t\t\t\t\t<div class=\"swiper-slide\">\n\t\t\t\t\t\t<article class=\"article-card article-card__color--tomato\" data-gtm-event=\"click\" data-gtm-group=\"updates\" data-gtm-target=\"Samenwerken binnen een betaalbare provincie\">\n\t\t<a class=\"article-card__link\" href=\"https:\/\/d66.nl\/provincieutrecht\/verkiezingsprogramma\/bestuur-en-financien\/\" aria-label=\"Link naar artikel\">\n\t\t<header class=\"article-card__header\">\n\n\t\t\t\t\t\t\t\t\t\t\t<\/header>\n\n\t\t<div class=\"article-card__body\">\n\t\t\t\t\t\t\t<h3 class=\"heading   heading__size--large heading__font--sans heading__weight--bold\" id=\"nav-samenwerken-binnen-een-betaalbare-provincie3134\">\n\tSamenwerken binnen een betaalbare provincie<\/h3>\t\t\t\t\t\t\t\t\t\t<div class=\"article-card__excerpt\">\n\t\t\t\t\t<p class=\"paragraph   paragraph__size--default paragraph__weight--medium\">\n\t\tDe provincie staat als bestuur midden tussen de gemeenten en&hellip;\t<\/p>\t\t\t\t<\/div>\n\t\t\t\n\t\t\t<button class=\"buttonV2 buttonV2__color--transparent buttonV2__size--default buttonV2__size-width--default   article-card__buttonV2\" id=\"\">\n\t<div class=\"buttonV2__top-wrapper buttonV2__arrow-align--right\">\n\t\t\t\t\t<span class=\"buttonV2__title\">\n\t\t\t\tLees verder\t\t\t<\/span>\n\t\t\n\t\t\t\t\t<div class=\"buttonV2__icon\">\n\t\t\t\t<svg xmlns='http:\/\/www.w3.org\/2000\/svg' viewBox='0 0 58.14 50.62'><path d='m32.82 50.62 25.32-25.31L32.82 0l-4.35 4.35 17.92 17.86H0v6.21h46.39L28.47 46.33l4.35 4.29z' fill='currentColor' \/><\/svg>\t\t\t<\/div>\n\t\t\t<\/div>\n\n\t<\/button>\t\t<\/div>\n\t<\/a>\n<\/article>\t\t\t\t\t<\/div>\n\t\t\t\t\t\t\t\t\t\t\t\t\t\t<div class=\"swiper-slide\">\n\t\t\t\t\t\t<article class=\"article-card article-card__color--skyBlue\" data-gtm-event=\"click\" data-gtm-group=\"updates\" data-gtm-target=\"Duurzaam reizen in de provincie\">\n\t\t<a class=\"article-card__link\" href=\"https:\/\/d66.nl\/provincieutrecht\/verkiezingsprogramma\/ov-en-fiets\/\" aria-label=\"Link naar artikel\">\n\t\t<header class=\"article-card__header\">\n\n\t\t\t\t\t\t\t\t\t\t\t<\/header>\n\n\t\t<div class=\"article-card__body\">\n\t\t\t\t\t\t\t<h3 class=\"heading   heading__size--large heading__font--sans heading__weight--bold\" id=\"nav-duurzaam-reizen-in-de-provincie4152\">\n\tDuurzaam reizen in de provincie<\/h3>\t\t\t\t\t\t\t\t\t\t<div class=\"article-card__excerpt\">\n\t\t\t\t\t<p class=\"paragraph   paragraph__size--default paragraph__weight--medium\">\n\t\tOf het nou gaat om een veilig netwerk van fietspaden&hellip;\t<\/p>\t\t\t\t<\/div>\n\t\t\t\n\t\t\t<button class=\"buttonV2 buttonV2__color--transparent buttonV2__size--default buttonV2__size-width--default   article-card__buttonV2\" id=\"\">\n\t<div class=\"buttonV2__top-wrapper buttonV2__arrow-align--right\">\n\t\t\t\t\t<span class=\"buttonV2__title\">\n\t\t\t\tLees verder\t\t\t<\/span>\n\t\t\n\t\t\t\t\t<div class=\"buttonV2__icon\">\n\t\t\t\t<svg xmlns='http:\/\/www.w3.org\/2000\/svg' viewBox='0 0 58.14 50.62'><path d='m32.82 50.62 25.32-25.31L32.82 0l-4.35 4.35 17.92 17.86H0v6.21h46.39L28.47 46.33l4.35 4.29z' fill='currentColor' \/><\/svg>\t\t\t<\/div>\n\t\t\t<\/div>\n\n\t<\/button>\t\t<\/div>\n\t<\/a>\n<\/article>\t\t\t\t\t<\/div>\n\t\t\t\t\t\t\t\t\t\t\t\t\t\t<div class=\"swiper-slide\">\n\t\t\t\t\t\t<article class=\"article-card article-card__color--yellow\" data-gtm-event=\"click\" data-gtm-group=\"updates\" data-gtm-target=\"Zorg dragen voor natuur en landbouw\">\n\t\t<a class=\"article-card__link\" href=\"https:\/\/d66.nl\/provincieutrecht\/verkiezingsprogramma\/natuur-en-ruimte\/\" aria-label=\"Link naar artikel\">\n\t\t<header class=\"article-card__header\">\n\n\t\t\t\t\t\t\t\t\t\t\t<\/header>\n\n\t\t<div class=\"article-card__body\">\n\t\t\t\t\t\t\t<h3 class=\"heading   heading__size--large heading__font--sans heading__weight--bold\" id=\"nav-zorg-dragen-voor-natuur-en-landbouw2553\">\n\tZorg dragen voor natuur en landbouw<\/h3>\t\t\t\t\t\t\t\t\t\t<div class=\"article-card__excerpt\">\n\t\t\t\t\t<p class=\"paragraph   paragraph__size--default paragraph__weight--medium\">\n\t\tVoor natuur \u00e9n landbouw moet er in Utrecht ruimte zijn&hellip;\t<\/p>\t\t\t\t<\/div>\n\t\t\t\n\t\t\t<button class=\"buttonV2 buttonV2__color--transparent buttonV2__size--default buttonV2__size-width--default   article-card__buttonV2\" id=\"\">\n\t<div class=\"buttonV2__top-wrapper buttonV2__arrow-align--right\">\n\t\t\t\t\t<span class=\"buttonV2__title\">\n\t\t\t\tLees verder\t\t\t<\/span>\n\t\t\n\t\t\t\t\t<div class=\"buttonV2__icon\">\n\t\t\t\t<svg xmlns='http:\/\/www.w3.org\/2000\/svg' viewBox='0 0 58.14 50.62'><path d='m32.82 50.62 25.32-25.31L32.82 0l-4.35 4.35 17.92 17.86H0v6.21h46.39L28.47 46.33l4.35 4.29z' fill='currentColor' \/><\/svg>\t\t\t<\/div>\n\t\t\t<\/div>\n\n\t<\/button>\t\t<\/div>\n\t<\/a>\n<\/article>\t\t\t\t\t<\/div>\n\t\t\t\t\t\t\t\t\t\t\t\t\t\t<div class=\"swiper-slide\">\n\t\t\t\t\t\t<article class=\"article-card article-card__color--tomato\" data-gtm-event=\"click\" data-gtm-group=\"updates\" data-gtm-target=\"Wonen, werken en ontspannen in onze provincie\">\n\t\t<a class=\"article-card__link\" href=\"https:\/\/d66.nl\/provincieutrecht\/verkiezingsprogramma\/wonen\/\" aria-label=\"Link naar artikel\">\n\t\t<header class=\"article-card__header\">\n\n\t\t\t\t\t\t\t\t\t\t\t<\/header>\n\n\t\t<div class=\"article-card__body\">\n\t\t\t\t\t\t\t<h3 class=\"heading   heading__size--large heading__font--sans heading__weight--bold\" id=\"nav-wonen--werken-en-ontspannen-in-onze-provincie5708\">\n\tWonen, werken en ontspannen in onze provincie<\/h3>\t\t\t\t\t\t\t\t\t\t<div class=\"article-card__excerpt\">\n\t\t\t\t\t<p class=\"paragraph   paragraph__size--default paragraph__weight--medium\">\n\t\tDe provincie Utrecht is een mooie plek waar mensen graag&hellip;\t<\/p>\t\t\t\t<\/div>\n\t\t\t\n\t\t\t<button class=\"buttonV2 buttonV2__color--transparent buttonV2__size--default buttonV2__size-width--default   article-card__buttonV2\" id=\"\">\n\t<div class=\"buttonV2__top-wrapper buttonV2__arrow-align--right\">\n\t\t\t\t\t<span class=\"buttonV2__title\">\n\t\t\t\tLees verder\t\t\t<\/span>\n\t\t\n\t\t\t\t\t<div class=\"buttonV2__icon\">\n\t\t\t\t<svg xmlns='http:\/\/www.w3.org\/2000\/svg' viewBox='0 0 58.14 50.62'><path d='m32.82 50.62 25.32-25.31L32.82 0l-4.35 4.35 17.92 17.86H0v6.21h46.39L28.47 46.33l4.35 4.29z' fill='currentColor' \/><\/svg>\t\t\t<\/div>\n\t\t\t<\/div>\n\n\t<\/button>\t\t<\/div>\n\t<\/a>\n<\/article>\t\t\t\t\t<\/div>\n\t\t\t\t\t\t\t\t\t\t\t\t\t\t<div class=\"swiper-slide\">\n\t\t\t\t\t\t<article class=\"article-card article-card__color--yellow\" data-gtm-event=\"click\" data-gtm-group=\"updates\" data-gtm-target=\"Zo zetten wij ons in voor Klimaat en Energie\">\n\t\t<a class=\"article-card__link\" href=\"https:\/\/d66.nl\/provincieutrecht\/verkiezingsprogramma\/klimaat-en-energie\/\" aria-label=\"Link naar artikel\">\n\t\t<header class=\"article-card__header\">\n\n\t\t\t\t\t\t\t\t\t\t\t<\/header>\n\n\t\t<div class=\"article-card__body\">\n\t\t\t\t\t\t\t<h3 class=\"heading   heading__size--large heading__font--sans heading__weight--bold\" id=\"nav-zo-zetten-wij-ons-in-voor-klimaat-en-energie7249\">\n\tZo zetten wij ons in voor Klimaat en Energie<\/h3>\t\t\t\t\t\t\t\t\t\t<div class=\"article-card__excerpt\">\n\t\t\t\t\t<p class=\"paragraph   paragraph__size--default paragraph__weight--medium\">\n\t\tKlimaatbeleid en energietransitie zijn urgenter dan ooit. Het komt er&hellip;\t<\/p>\t\t\t\t<\/div>\n\t\t\t\n\t\t\t<button class=\"buttonV2 buttonV2__color--transparent buttonV2__size--default buttonV2__size-width--default   article-card__buttonV2\" id=\"\">\n\t<div class=\"buttonV2__top-wrapper buttonV2__arrow-align--right\">\n\t\t\t\t\t<span class=\"buttonV2__title\">\n\t\t\t\tLees verder\t\t\t<\/span>\n\t\t\n\t\t\t\t\t<div class=\"buttonV2__icon\">\n\t\t\t\t<svg xmlns='http:\/\/www.w3.org\/2000\/svg' viewBox='0 0 58.14 50.62'><path d='m32.82 50.62 25.32-25.31L32.82 0l-4.35 4.35 17.92 17.86H0v6.21h46.39L28.47 46.33l4.35 4.29z' fill='currentColor' \/><\/svg>\t\t\t<\/div>\n\t\t\t<\/div>\n\n\t<\/button>\t\t<\/div>\n\t<\/a>\n<\/article>\t\t\t\t\t<\/div>\n\t\t\t\t\t\t\t<\/div>\n\t\t<\/div>\n\t<\/div>\n\n\t\t\t<div class=\"carousel-slider-navigation js-carousel-slider-navigation carousel-slider-navigation__offset--always\">\n\t<div class=\"carousel-slider-navigation__fraction-pagination-wrapper\">\n\t\t<span class=\"custom-swiper-pagination-current\">1<\/span> \/ <span class=\"custom-swiper-pagination-total\">X<\/span>\n\t<\/div>\n\t<div class=\"carousel-slider-navigation__pagination-wrapper\">\n\t\t<div class=\"carousel-slider-navigation__pagination js-swiper-progressbar\"><\/div>\n\t<\/div>\n\t<div class=\"carousel-slider-navigation__navigation\">\n\t\t<button class=\"carousel-slider-navigation__nav-button carousel-slider-navigation__nav-button--prev js-swiper-prev\" aria-label=\"Previous slide\"><\/button>\n\t\t<button class=\"carousel-slider-navigation__nav-button carousel-slider-navigation__nav-button--next js-swiper-next\" aria-label=\"Next slide\"><\/button>\n\t<\/div>\n<\/div>\t\n<\/div>\t<\/div>\n\n<\/section>\n\t  <\/div>\n\t<\/div>\n  <\/div>\n\n\n<div\n  id=\"\"\n  class=\"wrapper wrapper__spacing-top-large--50 wrapper__spacing-top-desktop--50 wrapper__spacing-top-mobile--50 wrapper__spacing-bottom-large--50 wrapper__spacing-bottom-desktop--70 wrapper__spacing-bottom-mobile--50  wrapper__gutter--none\"\n  >\n  \t<div class=\"wrapper__container wrapper__container-width-large--default\">\n\t  <div class=\"wrapper__inner wrapper__width-large--18 wrapper__width-desktop--22 wrapper__width-mobile--24 wrapper__offset-large--6 wrapper__offset-desktop--2 wrapper__offset-mobile--0\">\n\t\t<section class=\"block-post-content\">\n\t<div class=\"block-post-content__title\">\n\t\t<h3 class=\"heading  heading__color--black heading__size--medium heading__font--sans heading__weight--semiBold  block-post-content__heading\" id=\"nav-volledig-verkiezingsprogramma4526\" data-nav-heading-mobile=\"Volledig verkiezingsprogramma\">\n\tVolledig verkiezingsprogramma<\/h3>\t<\/div>\n\t<div class=\"block-post-content__content\">\n\t\t\n<div\n  id=\"\"\n  class=\"wrapper  wrapper__spacing-bottom-large--30 wrapper__spacing-bottom-desktop--20  wrapper__gutter--none\"\n  >\n  \t<div class=\"wrapper__container wrapper__container-width-large--default\">\n\t  <div class=\"wrapper__inner wrapper__width-large--24 wrapper__width-mobile--24\">\n\t\t<p\n\t\tclass=\"paragraph paragraph__align--left paragraph__color--black paragraph__size--default   block-paragraph__paragraph\"\n\t\t\t>\n\t\tIn ons volledige verkiezingsprogramma leggen we je in detail uit wat onze plannen voor de provincie zijn. Ons verkiezingsprogramma is <a href=\"https:\/\/media.d66.nl\/uploads\/sites\/351\/2023\/03\/D66-Provincie-Utrecht-Verkiezingsprogramma.pdf\">hier<\/a> te vinden. Voor de toegankelijkheid vind je <a href=\"https:\/\/media.d66.nl\/uploads\/sites\/351\/2023\/03\/Verkiezingsprogramma-D66-Provincie-Utrecht.docx\">hier<\/a> een word-versie.\t<\/p>\t  <\/div>\n\t<\/div>\n  <\/div>\n\n\n<div\n  id=\"\"\n  class=\"wrapper  wrapper__spacing-bottom-large--20  wrapper__gutter--none\"\n  >\n  \t<div class=\"wrapper__container wrapper__container-width-large--default\">\n\t  <div class=\"wrapper__inner wrapper__width-large--24 wrapper__width-mobile--24\">\n\t\t<a\n\thref=\"https:\/\/media.d66.nl\/uploads\/sites\/351\/2023\/03\/D66-Provincie-Utrecht-Verkiezingsprogramma.pdf\"\n\tclass=\"arrow-link arrow-link__size--default arrow-link__color--black block-arrow-link__arrow_link\"\n\tid=\"\"\n\ttitle=\"Bekijk hier ons volledige verkiezingsprogramma PS2023\"\n\n\t\n\t>\n\t<span class=\"arrow-link__arrow\"><\/span>\n\t<span class=\"arrow-link__title\">Bekijk hier ons volledige verkiezingsprogramma PS2023<\/span>\n<\/a>\t  <\/div>\n\t<\/div>\n  <\/div>\n\n\t<\/div>\n\n\t<div class=\"block-post-content__sidebar\">\n\t\t\n\t\t\n\t\t\t<\/div>\n<\/section>\n\t  <\/div>\n\t<\/div>\n  <\/div>\n\n\n<div\n  id=\"\"\n  class=\"wrapper  wrapper__spacing-bottom-large--50 wrapper__spacing-bottom-desktop--70 wrapper__spacing-bottom-mobile--50  wrapper__gutter--none\"\n  >\n  \t<div class=\"wrapper__container wrapper__container-width-large--default\">\n\t  <div class=\"wrapper__inner wrapper__width-large--18 wrapper__width-desktop--22 wrapper__width-mobile--24 wrapper__offset-large--6 wrapper__offset-desktop--2 wrapper__offset-mobile--0\">\n\t\t<section class=\"block-post-content\">\n\t<div class=\"block-post-content__title\">\n\t\t<h3 class=\"heading  heading__color--black heading__size--medium heading__font--sans heading__weight--semiBold  block-post-content__heading\" id=\"nav-verkiezingsprogramma-in-eenvoudig-nederlands9390\" data-nav-heading-mobile=\"Verkiezingsprogramma in eenvoudig Nederlands\">\n\tVerkiezingsprogramma in eenvoudig Nederlands<\/h3>\t<\/div>\n\t<div class=\"block-post-content__content\">\n\t\t\n<div\n  id=\"\"\n  class=\"wrapper  wrapper__spacing-bottom-large--30 wrapper__spacing-bottom-desktop--20  wrapper__gutter--none\"\n  >\n  \t<div class=\"wrapper__container wrapper__container-width-large--default\">\n\t  <div class=\"wrapper__inner wrapper__width-large--24 wrapper__width-mobile--24\">\n\t\t<p\n\t\tclass=\"paragraph paragraph__align--left paragraph__color--black paragraph__size--default   block-paragraph__paragraph\"\n\t\t\t>\n\t\tProvinciale verkiezingsprogramma&#8217;s kunnen vaak vrij lang en ingewikkeld zijn. Daarom hebben we ook een verkort verkiezingsprogramma in eenvoudig Nederlands. Wel zo makkelijk! Deze is <a href=\"https:\/\/media.d66.nl\/uploads\/sites\/351\/2023\/02\/Verkiezingsprogramma-D66-Provincie-Utrecht-eenvoudig-NL.pdf\">hier<\/a> te vinden.\t<\/p>\t  <\/div>\n\t<\/div>\n  <\/div>\n\n\n<div\n  id=\"\"\n  class=\"wrapper  wrapper__spacing-bottom-large--20  wrapper__gutter--none\"\n  >\n  \t<div class=\"wrapper__container wrapper__container-width-large--default\">\n\t  <div class=\"wrapper__inner wrapper__width-large--24 wrapper__width-mobile--24\">\n\t\t<a\n\thref=\"https:\/\/media.d66.nl\/uploads\/sites\/351\/2023\/02\/Verkiezingsprogramma-D66-Provincie-Utrecht-eenvoudig-NL.pdf\"\n\tclass=\"arrow-link arrow-link__size--default arrow-link__color--black block-arrow-link__arrow_link\"\n\tid=\"\"\n\ttitle=\"Bekijk hier ons programma in eenvoudig Nederlands\"\n\n\t\n\t>\n\t<span class=\"arrow-link__arrow\"><\/span>\n\t<span class=\"arrow-link__title\">Bekijk hier ons programma in eenvoudig Nederlands<\/span>\n<\/a>\t  <\/div>\n\t<\/div>\n  <\/div>\n\n\t<\/div>\n\n\t<div class=\"block-post-content__sidebar\">\n\t\t\n\t\t\n\t\t\t<\/div>\n<\/section>\n\t  <\/div>\n\t<\/div>\n  <\/div>\n","protected":false},"excerpt":{"rendered":"","protected":false},"author":431,"featured_media":1176,"parent":0,"menu_order":0,"comment_status":"closed","ping_status":"closed","template":"full-width.php","meta":{"_acf_changed":false,"footnotes":""},"search-tags":[],"labels":[],"themes-or-point-of-view":[],"class_list":["post-1254","page","type-page","status-publish","has-post-thumbnail","hentry"],"acf":[],"yoast_head":"<!-- This site is optimized with the Yoast SEO plugin v27.3 - https:\/\/yoast.com\/product\/yoast-seo-wordpress\/ -->\n<title>D66 Provincie Utrecht &#8212; Verkiezingsprogramma 2023-2027<\/title>\n<meta name=\"description\" content=\"D66 maakt ruimte om te wonen \u00e9n te werken, ruimte voor natuur \u00e9n landbouw, ruimte voor verkeer \u00e9n energie.\" \/>\n<meta name=\"robots\" content=\"index, follow, max-snippet:-1, max-image-preview:large, max-video-preview:-1\" \/>\n<link rel=\"canonical\" href=\"https:\/\/d66.nl\/provincieutrecht\/verkiezingsprogramma\/\" \/>\n<meta property=\"og:locale\" content=\"nl_NL\" \/>\n<meta property=\"og:type\" content=\"article\" \/>\n<meta property=\"og:title\" content=\"D66 Provincie Utrecht &#8212; Verkiezingsprogramma 2023-2027\" \/>\n<meta property=\"og:description\" content=\"D66 maakt ruimte om te wonen \u00e9n te werken, ruimte voor natuur \u00e9n landbouw, ruimte voor verkeer \u00e9n energie.\" \/>\n<meta property=\"og:url\" content=\"https:\/\/d66.nl\/provincieutrecht\/verkiezingsprogramma\/\" \/>\n<meta property=\"og:site_name\" content=\"D66 Provincie Utrecht\" \/>\n<meta property=\"article:modified_time\" content=\"2026-03-29T15:22:13+00:00\" \/>\n<meta property=\"og:image\" content=\"https:\/\/d66.nl\/provincieutrecht\/wp-content\/uploads\/sites\/351\/2022\/11\/52637981502_2e77e2079f_o-scaled.jpg\" \/>\n\t<meta property=\"og:image:width\" content=\"2560\" \/>\n\t<meta property=\"og:image:height\" content=\"1707\" \/>\n\t<meta property=\"og:image:type\" content=\"image\/jpeg\" \/>\n<meta name=\"twitter:card\" content=\"summary_large_image\" \/>\n<meta name=\"twitter:label1\" content=\"Geschatte leestijd\" \/>\n\t<meta name=\"twitter:data1\" content=\"1 minuut\" \/>\n<script type=\"application\/ld+json\" class=\"yoast-schema-graph\">{\"@context\":\"https:\\\/\\\/schema.org\",\"@graph\":[{\"@type\":\"WebPage\",\"@id\":\"https:\\\/\\\/d66.nl\\\/provincieutrecht\\\/verkiezingsprogramma\\\/\",\"url\":\"https:\\\/\\\/d66.nl\\\/provincieutrecht\\\/verkiezingsprogramma\\\/\",\"name\":\"D66 Provincie Utrecht &#8212; Verkiezingsprogramma 2023-2027\",\"isPartOf\":{\"@id\":\"https:\\\/\\\/d66.nl\\\/provincieutrecht\\\/#website\"},\"primaryImageOfPage\":{\"@id\":\"https:\\\/\\\/d66.nl\\\/provincieutrecht\\\/verkiezingsprogramma\\\/#primaryimage\"},\"image\":{\"@id\":\"https:\\\/\\\/d66.nl\\\/provincieutrecht\\\/verkiezingsprogramma\\\/#primaryimage\"},\"thumbnailUrl\":\"https:\\\/\\\/d66.nl\\\/provincieutrecht\\\/wp-content\\\/uploads\\\/sites\\\/351\\\/2022\\\/11\\\/52637981502_2e77e2079f_o-scaled.jpg\",\"datePublished\":\"2023-02-24T13:59:51+00:00\",\"dateModified\":\"2026-03-29T15:22:13+00:00\",\"description\":\"D66 maakt ruimte om te wonen \u00e9n te werken, ruimte voor natuur \u00e9n landbouw, ruimte voor verkeer \u00e9n energie.\",\"breadcrumb\":{\"@id\":\"https:\\\/\\\/d66.nl\\\/provincieutrecht\\\/verkiezingsprogramma\\\/#breadcrumb\"},\"inLanguage\":\"nl-NL\",\"potentialAction\":[{\"@type\":\"ReadAction\",\"target\":[\"https:\\\/\\\/d66.nl\\\/provincieutrecht\\\/verkiezingsprogramma\\\/\"]}]},{\"@type\":\"ImageObject\",\"inLanguage\":\"nl-NL\",\"@id\":\"https:\\\/\\\/d66.nl\\\/provincieutrecht\\\/verkiezingsprogramma\\\/#primaryimage\",\"url\":\"https:\\\/\\\/d66.nl\\\/provincieutrecht\\\/wp-content\\\/uploads\\\/sites\\\/351\\\/2022\\\/11\\\/52637981502_2e77e2079f_o-scaled.jpg\",\"contentUrl\":\"https:\\\/\\\/d66.nl\\\/provincieutrecht\\\/wp-content\\\/uploads\\\/sites\\\/351\\\/2022\\\/11\\\/52637981502_2e77e2079f_o-scaled.jpg\",\"width\":2560,\"height\":1707},{\"@type\":\"BreadcrumbList\",\"@id\":\"https:\\\/\\\/d66.nl\\\/provincieutrecht\\\/verkiezingsprogramma\\\/#breadcrumb\",\"itemListElement\":[{\"@type\":\"ListItem\",\"position\":1,\"name\":\"Home\",\"item\":\"https:\\\/\\\/d66.nl\\\/provincieutrecht\\\/\"},{\"@type\":\"ListItem\",\"position\":2,\"name\":\"Verkiezingsprogramma 2023-2027\"}]},{\"@type\":\"WebSite\",\"@id\":\"https:\\\/\\\/d66.nl\\\/provincieutrecht\\\/#website\",\"url\":\"https:\\\/\\\/d66.nl\\\/provincieutrecht\\\/\",\"name\":\"D66 Provincie Utrecht\",\"description\":\"Just another D66 Sites site\",\"publisher\":{\"@id\":\"https:\\\/\\\/d66.nl\\\/provincieutrecht\\\/#organization\"},\"potentialAction\":[{\"@type\":\"SearchAction\",\"target\":{\"@type\":\"EntryPoint\",\"urlTemplate\":\"https:\\\/\\\/d66.nl\\\/provincieutrecht\\\/?s={search_term_string}\"},\"query-input\":{\"@type\":\"PropertyValueSpecification\",\"valueRequired\":true,\"valueName\":\"search_term_string\"}}],\"inLanguage\":\"nl-NL\"},{\"@type\":\"Organization\",\"@id\":\"https:\\\/\\\/d66.nl\\\/provincieutrecht\\\/#organization\",\"name\":\"D66\",\"url\":\"https:\\\/\\\/d66.nl\\\/provincieutrecht\\\/\",\"logo\":{\"@type\":\"ImageObject\",\"inLanguage\":\"nl-NL\",\"@id\":\"https:\\\/\\\/d66.nl\\\/provincieutrecht\\\/#\\\/schema\\\/logo\\\/image\\\/\",\"url\":\"https:\\\/\\\/d66.nl\\\/provincieutrecht\\\/wp-content\\\/uploads\\\/sites\\\/2\\\/2021\\\/10\\\/d66-themas-algemeen-og.png\",\"contentUrl\":\"https:\\\/\\\/d66.nl\\\/provincieutrecht\\\/wp-content\\\/uploads\\\/sites\\\/2\\\/2021\\\/10\\\/d66-themas-algemeen-og.png\",\"width\":1200,\"height\":628,\"caption\":\"D66\"},\"image\":{\"@id\":\"https:\\\/\\\/d66.nl\\\/provincieutrecht\\\/#\\\/schema\\\/logo\\\/image\\\/\"}}]}<\/script>\n<!-- \/ Yoast SEO plugin. -->","yoast_head_json":{"title":"D66 Provincie Utrecht &#8212; Verkiezingsprogramma 2023-2027","description":"D66 maakt ruimte om te wonen \u00e9n te werken, ruimte voor natuur \u00e9n landbouw, ruimte voor verkeer \u00e9n energie.","robots":{"index":"index","follow":"follow","max-snippet":"max-snippet:-1","max-image-preview":"max-image-preview:large","max-video-preview":"max-video-preview:-1"},"canonical":"https:\/\/d66.nl\/provincieutrecht\/verkiezingsprogramma\/","og_locale":"nl_NL","og_type":"article","og_title":"D66 Provincie Utrecht &#8212; Verkiezingsprogramma 2023-2027","og_description":"D66 maakt ruimte om te wonen \u00e9n te werken, ruimte voor natuur \u00e9n landbouw, ruimte voor verkeer \u00e9n energie.","og_url":"https:\/\/d66.nl\/provincieutrecht\/verkiezingsprogramma\/","og_site_name":"D66 Provincie Utrecht","article_modified_time":"2026-03-29T15:22:13+00:00","og_image":[{"width":2560,"height":1707,"url":"https:\/\/d66.nl\/provincieutrecht\/wp-content\/uploads\/sites\/351\/2022\/11\/52637981502_2e77e2079f_o-scaled.jpg","type":"image\/jpeg"}],"twitter_card":"summary_large_image","twitter_misc":{"Geschatte leestijd":"1 minuut"},"schema":{"@context":"https:\/\/schema.org","@graph":[{"@type":"WebPage","@id":"https:\/\/d66.nl\/provincieutrecht\/verkiezingsprogramma\/","url":"https:\/\/d66.nl\/provincieutrecht\/verkiezingsprogramma\/","name":"D66 Provincie Utrecht &#8212; Verkiezingsprogramma 2023-2027","isPartOf":{"@id":"https:\/\/d66.nl\/provincieutrecht\/#website"},"primaryImageOfPage":{"@id":"https:\/\/d66.nl\/provincieutrecht\/verkiezingsprogramma\/#primaryimage"},"image":{"@id":"https:\/\/d66.nl\/provincieutrecht\/verkiezingsprogramma\/#primaryimage"},"thumbnailUrl":"https:\/\/d66.nl\/provincieutrecht\/wp-content\/uploads\/sites\/351\/2022\/11\/52637981502_2e77e2079f_o-scaled.jpg","datePublished":"2023-02-24T13:59:51+00:00","dateModified":"2026-03-29T15:22:13+00:00","description":"D66 maakt ruimte om te wonen \u00e9n te werken, ruimte voor natuur \u00e9n landbouw, ruimte voor verkeer \u00e9n energie.","breadcrumb":{"@id":"https:\/\/d66.nl\/provincieutrecht\/verkiezingsprogramma\/#breadcrumb"},"inLanguage":"nl-NL","potentialAction":[{"@type":"ReadAction","target":["https:\/\/d66.nl\/provincieutrecht\/verkiezingsprogramma\/"]}]},{"@type":"ImageObject","inLanguage":"nl-NL","@id":"https:\/\/d66.nl\/provincieutrecht\/verkiezingsprogramma\/#primaryimage","url":"https:\/\/d66.nl\/provincieutrecht\/wp-content\/uploads\/sites\/351\/2022\/11\/52637981502_2e77e2079f_o-scaled.jpg","contentUrl":"https:\/\/d66.nl\/provincieutrecht\/wp-content\/uploads\/sites\/351\/2022\/11\/52637981502_2e77e2079f_o-scaled.jpg","width":2560,"height":1707},{"@type":"BreadcrumbList","@id":"https:\/\/d66.nl\/provincieutrecht\/verkiezingsprogramma\/#breadcrumb","itemListElement":[{"@type":"ListItem","position":1,"name":"Home","item":"https:\/\/d66.nl\/provincieutrecht\/"},{"@type":"ListItem","position":2,"name":"Verkiezingsprogramma 2023-2027"}]},{"@type":"WebSite","@id":"https:\/\/d66.nl\/provincieutrecht\/#website","url":"https:\/\/d66.nl\/provincieutrecht\/","name":"D66 Provincie Utrecht","description":"Just another D66 Sites site","publisher":{"@id":"https:\/\/d66.nl\/provincieutrecht\/#organization"},"potentialAction":[{"@type":"SearchAction","target":{"@type":"EntryPoint","urlTemplate":"https:\/\/d66.nl\/provincieutrecht\/?s={search_term_string}"},"query-input":{"@type":"PropertyValueSpecification","valueRequired":true,"valueName":"search_term_string"}}],"inLanguage":"nl-NL"},{"@type":"Organization","@id":"https:\/\/d66.nl\/provincieutrecht\/#organization","name":"D66","url":"https:\/\/d66.nl\/provincieutrecht\/","logo":{"@type":"ImageObject","inLanguage":"nl-NL","@id":"https:\/\/d66.nl\/provincieutrecht\/#\/schema\/logo\/image\/","url":"https:\/\/d66.nl\/provincieutrecht\/wp-content\/uploads\/sites\/2\/2021\/10\/d66-themas-algemeen-og.png","contentUrl":"https:\/\/d66.nl\/provincieutrecht\/wp-content\/uploads\/sites\/2\/2021\/10\/d66-themas-algemeen-og.png","width":1200,"height":628,"caption":"D66"},"image":{"@id":"https:\/\/d66.nl\/provincieutrecht\/#\/schema\/logo\/image\/"}}]}},"_links":{"self":[{"href":"https:\/\/d66.nl\/provincieutrecht\/wp-json\/wp\/v2\/pages\/1254","targetHints":{"allow":["GET"]}}],"collection":[{"href":"https:\/\/d66.nl\/provincieutrecht\/wp-json\/wp\/v2\/pages"}],"about":[{"href":"https:\/\/d66.nl\/provincieutrecht\/wp-json\/wp\/v2\/types\/page"}],"author":[{"embeddable":true,"href":"https:\/\/d66.nl\/provincieutrecht\/wp-json\/wp\/v2\/users\/431"}],"replies":[{"embeddable":true,"href":"https:\/\/d66.nl\/provincieutrecht\/wp-json\/wp\/v2\/comments?post=1254"}],"version-history":[{"count":10,"href":"https:\/\/d66.nl\/provincieutrecht\/wp-json\/wp\/v2\/pages\/1254\/revisions"}],"predecessor-version":[{"id":2197,"href":"https:\/\/d66.nl\/provincieutrecht\/wp-json\/wp\/v2\/pages\/1254\/revisions\/2197"}],"wp:featuredmedia":[{"embeddable":true,"href":"https:\/\/d66.nl\/provincieutrecht\/wp-json\/wp\/v2\/media\/1176"}],"wp:attachment":[{"href":"https:\/\/d66.nl\/provincieutrecht\/wp-json\/wp\/v2\/media?parent=1254"}],"wp:term":[{"taxonomy":"search-tags","embeddable":true,"href":"https:\/\/d66.nl\/provincieutrecht\/wp-json\/wp\/v2\/search-tags?post=1254"},{"taxonomy":"labels","embeddable":true,"href":"https:\/\/d66.nl\/provincieutrecht\/wp-json\/wp\/v2\/labels?post=1254"},{"taxonomy":"themes-or-point-of-view","embeddable":true,"href":"https:\/\/d66.nl\/provincieutrecht\/wp-json\/wp\/v2\/themes-or-point-of-view?post=1254"}],"curies":[{"name":"wp","href":"https:\/\/api.w.org\/{rel}","templated":true}]}}