{"id":627,"date":"2022-02-28T15:24:13","date_gmt":"2022-02-28T15:24:13","guid":{"rendered":"https:\/\/d66.nl\/provinciegroningen\/?page_id=627"},"modified":"2023-09-20T09:48:52","modified_gmt":"2023-09-20T09:48:52","slug":"de-geschiedenis-van-d66-in-de-provincie","status":"publish","type":"page","link":"https:\/\/d66.nl\/provinciegroningen\/de-geschiedenis-van-d66-in-de-provincie\/","title":{"rendered":"De geschiedenis van D66 in de provincie"},"content":{"rendered":"<div\n  id=\"\"\n  class=\"wrapper  wrapper__spacing-bottom-large--50 wrapper__spacing-bottom-desktop--66 wrapper__spacing-bottom-mobile--76  wrapper__gutter--none\"\n  >\n  \t<div class=\"wrapper__container wrapper__container-width-large--default\">\n\t  <div class=\"wrapper__inner wrapper__width-large--14 wrapper__width-desktop--20 wrapper__width-mobile--24 wrapper__offset-large--6 wrapper__offset-desktop--4 wrapper__offset-mobile--0\">\n\t\t<h1 class=\"heading   heading__size--giant heading__font--serif heading__weight--regular  block-heading__heading\" id=\"nav-d66-in-de-provincie-door-de-jaren-heen3671\"  data-nav-heading-mobile=\"D66 in de provincie door de jaren heen\" >\n\tD66 in de provincie door de jaren heen<\/h1>\t  <\/div>\n\t<\/div>\n  <\/div>\n\n\n<div\n  id=\"\"\n  class=\"wrapper  wrapper__spacing-bottom-large--50 wrapper__spacing-bottom-mobile--40  wrapper__gutter--none\"\n  >\n  \t<div class=\"wrapper__container wrapper__container-width-large--default\">\n\t  <div class=\"wrapper__inner wrapper__width-large--13 wrapper__width-desktop--22 wrapper__width-mobile--24 wrapper__offset-large--6 wrapper__offset-desktop--2 wrapper__offset-mobile--0\">\n\t\t<p\n\t\tclass=\"paragraph   paragraph__size--big   block-paragraph__paragraph\"\n\t\t\t>\n\t\tSinds de oprichting van D66 in het najaar van 1966 heeft D66 slechts \u00e9\u00e9n keer niet meegedaan als fractie in de Provinciale Staten van Groningen. Dat was in de periode tussen 1974 en 1978.<br><br>D66 heeft sinds haar ontstaan verschillende ups en downs gekend. We klommen op naar twee zetels, vier en zelfs negen in de periode 1991-1995. Daarna vielen we langzaam terug naar vijf, drie, twee tot we nog maar \u00e9\u00e9n Statenlid hadden in 2007. Maar D66 is een partij die kan klimmen, kan vallen, maar er altijd weer bovenop komt.<br><br>We hebben momenteel drie Statenleden en een gedeputeerde. Niet zo groot als we ooit waren, maar we zijn een sterke partner voor zowel coalitiegenoten als voor de oppositie. We houden ons vast aan onze idealen (duurzaamheid, bereikbaarheid, leefbaarheid en economische groei) en blijven ons inzetten voor een nog mooiere en betere provincie.\t<\/p>\t  <\/div>\n\t<\/div>\n  <\/div>\n\n\n<div\n  id=\"\"\n  class=\"wrapper  wrapper__spacing-bottom-large--50 wrapper__spacing-bottom-desktop--70 wrapper__spacing-bottom-mobile--50  wrapper__gutter--none\"\n  >\n  \t<div class=\"wrapper__container wrapper__container-width-large--default\">\n\t  <div class=\"wrapper__inner wrapper__width-large--18 wrapper__width-desktop--22 wrapper__width-mobile--24 wrapper__offset-large--6 wrapper__offset-desktop--2 wrapper__offset-mobile--0\">\n\t\t<section class=\"block-post-content\">\n\t<div class=\"block-post-content__title\">\n\t\t<h3 class=\"heading  heading__color--black heading__size--medium heading__font--sans heading__weight--semiBold  block-post-content__heading\" id=\"nav-1970-19742077\" data-nav-heading-mobile=\"1970-1974\">\n\t1970-1974<\/h3>\t<\/div>\n\t<div class=\"block-post-content__content\">\n\t\t\n<div\n  id=\"\"\n  class=\"wrapper  wrapper__spacing-bottom-large--30 wrapper__spacing-bottom-desktop--20  wrapper__gutter--none\"\n  >\n  \t<div class=\"wrapper__container wrapper__container-width-large--default\">\n\t  <div class=\"wrapper__inner wrapper__width-large--24 wrapper__width-mobile--24\">\n\t\t<p\n\t\tclass=\"paragraph paragraph__align--left paragraph__color--black paragraph__size--default   block-paragraph__paragraph\"\n\t\t\t>\n\t\tIn het najaar van 1966 is D66 opgericht. In het voorjaar van datzelfde jaar vonden de Provinciale Statenverkiezingen plaats. Het zou daarom nog vier jaar duren voordat D66 ook mee mocht doen. Tijdens de verkiezingen in maart 1970 was het zover: D66 kwam meteen binnen met twee Statenleden. Een D66-Statenfractie in Groningen was een feit geworden. In 1971 is Statenlid Brinkhorst vervangen door Jansen.\t<\/p>\t  <\/div>\n\t<\/div>\n  <\/div>\n\n\t<\/div>\n\n\t<div class=\"block-post-content__sidebar\">\n\t\t\n\t\t\n\t\t\t<\/div>\n<\/section>\n\t  <\/div>\n\t<\/div>\n  <\/div>\n\n\n<div\n  id=\"\"\n  class=\"wrapper wrapper__spacing-top-large---10 wrapper__spacing-bottom-large--80 wrapper__spacing-bottom-mobile--50  wrapper__gutter--default\"\n  >\n  \t<div class=\"wrapper__container wrapper__container-width-large--default\">\n\t  <div class=\"wrapper__inner wrapper__width-mobile--24 wrapper__offset-large--5 wrapper__offset-desktop--0\">\n\t\t\n<section class=\"block-image-carousel js-block-image-carousel\">\n\n\t<div class=\"block-image-carousel__slider\">\n\n\t  <div class=\"carousel-slider js-carousel-slider carousel-slider__for--images\" data-is-slider-initialized=\"0\">\n\t<div class=\"carousel-slider__wrapper js-carousel-wrapper\">\n\t\t<div class=\"swiper\">\n\t\t\t<div class=\"swiper-wrapper\">\n\t\t\t\t\t\t\t\t\t\t\t\t\t\t<div class=\"swiper-slide\">\n\t\t\t\t\t\t<div class=\"block-image-carousel__image-wrapper\">\n\n\t<img loading=\"lazy\" decoding=\"async\" width=\"283\" height=\"355\" src=\"https:\/\/d66.nl\/provinciegroningen\/wp-content\/uploads\/sites\/350\/2022\/01\/gerrit_mik_1922-1991_original.jpg\" class=\"image block-image-carousel__img\" alt=\"\" \/>\n\t\t\t<div class=\"image__caption-wrapper block-image-carousel__caption-wrapper\">\n\t\t\t<div class=\"image__caption block-image-carousel__caption\">\n\t\t\t\t<p class=\"paragraph paragraph__align--left paragraph__color--black paragraph__size--small paragraph__weight--medium\">\n\t\t<b>Gerrit Mik (1970-1974)<\/b> <i>&#045;<\/i> Beeld: Parlementair Documentatiecentrum\t<\/p>\t\t\t<\/div>\n\t\t<\/div>\n\t\t<\/div>\t\t\t\t\t<\/div>\n\t\t\t\t\t\t\t\t\t\t\t\t\t\t<div class=\"swiper-slide\">\n\t\t\t\t\t\t<div class=\"block-image-carousel__image-wrapper\">\n\n\t<img loading=\"lazy\" decoding=\"async\" width=\"364\" height=\"499\" src=\"https:\/\/d66.nl\/provinciegroningen\/wp-content\/uploads\/sites\/350\/2022\/01\/8694285d-eca0-f6ff-6364-dc1fe5acd8f6.jpg\" class=\"image block-image-carousel__img\" alt=\"\" \/>\n\t\t\t<div class=\"image__caption-wrapper block-image-carousel__caption-wrapper\">\n\t\t\t<div class=\"image__caption block-image-carousel__caption\">\n\t\t\t\t<p class=\"paragraph paragraph__align--left paragraph__color--black paragraph__size--small paragraph__weight--medium\">\n\t\t<b>Laurens Jan Brinkhorst (1970-1971)<\/b> <i>&#045;<\/i> Beeld: Nationaal Archief\t<\/p>\t\t\t<\/div>\n\t\t<\/div>\n\t\t<\/div>\t\t\t\t\t<\/div>\n\t\t\t\t\t\t\t\t\t\t\t\t\t\t<div class=\"swiper-slide\">\n\t\t\t\t\t\t<div class=\"block-image-carousel__image-wrapper\">\n\n\t<img loading=\"lazy\" decoding=\"async\" width=\"450\" height=\"360\" src=\"https:\/\/d66.nl\/provinciegroningen\/wp-content\/uploads\/sites\/350\/2022\/01\/persoon-man.jpeg\" class=\"image block-image-carousel__img\" alt=\"\" \/>\n\t\t\t<div class=\"image__caption-wrapper block-image-carousel__caption-wrapper\">\n\t\t\t<div class=\"image__caption block-image-carousel__caption\">\n\t\t\t\t<p class=\"paragraph paragraph__align--left paragraph__color--black paragraph__size--small paragraph__weight--medium\">\n\t\t<b>Jan Jansen (1971-1974)<\/b> <i>&#045;<\/i> Beeld: &#8211;\t<\/p>\t\t\t<\/div>\n\t\t<\/div>\n\t\t<\/div>\t\t\t\t\t<\/div>\n\t\t\t\t\t\t\t<\/div>\n\t\t<\/div>\n\t<\/div>\n\n\t\t\t<div class=\"carousel-slider-navigation js-carousel-slider-navigation carousel-slider-navigation__offset--only-large\">\n\t<div class=\"carousel-slider-navigation__fraction-pagination-wrapper\">\n\t\t<span class=\"custom-swiper-pagination-current\">1<\/span> \/ <span class=\"custom-swiper-pagination-total\">X<\/span>\n\t<\/div>\n\t<div class=\"carousel-slider-navigation__pagination-wrapper\">\n\t\t<div class=\"carousel-slider-navigation__pagination js-swiper-progressbar\"><\/div>\n\t<\/div>\n\t<div class=\"carousel-slider-navigation__navigation\">\n\t\t<button class=\"carousel-slider-navigation__nav-button carousel-slider-navigation__nav-button--prev js-swiper-prev\" aria-label=\"Previous slide\"><\/button>\n\t\t<button class=\"carousel-slider-navigation__nav-button carousel-slider-navigation__nav-button--next js-swiper-next\" aria-label=\"Next slide\"><\/button>\n\t<\/div>\n<\/div>\t\n<\/div>\t<\/div>\n\n<\/section>\n\t  <\/div>\n\t<\/div>\n  <\/div>\n\n\n<div\n  id=\"\"\n  class=\"wrapper  wrapper__spacing-bottom-large--50 wrapper__spacing-bottom-desktop--70 wrapper__spacing-bottom-mobile--50  wrapper__gutter--none\"\n  >\n  \t<div class=\"wrapper__container wrapper__container-width-large--default\">\n\t  <div class=\"wrapper__inner wrapper__width-large--18 wrapper__width-desktop--22 wrapper__width-mobile--24 wrapper__offset-large--6 wrapper__offset-desktop--2 wrapper__offset-mobile--0\">\n\t\t<section class=\"block-post-content\">\n\t<div class=\"block-post-content__title\">\n\t\t<h3 class=\"heading  heading__color--black heading__size--medium heading__font--sans heading__weight--semiBold  block-post-content__heading\" id=\"nav-1974-19789306\" data-nav-heading-mobile=\"1974-1978\">\n\t1974-1978<\/h3>\t<\/div>\n\t<div class=\"block-post-content__content\">\n\t\t\n<div\n  id=\"\"\n  class=\"wrapper  wrapper__spacing-bottom-large--30 wrapper__spacing-bottom-desktop--20  wrapper__gutter--none\"\n  >\n  \t<div class=\"wrapper__container wrapper__container-width-large--default\">\n\t  <div class=\"wrapper__inner wrapper__width-large--24 wrapper__width-mobile--24\">\n\t\t<p\n\t\tclass=\"paragraph paragraph__align--left paragraph__color--black paragraph__size--default   block-paragraph__paragraph\"\n\t\t\t>\n\t\tIn deze periode was D66 niet vertegenwoordigd in de Provinciale Staten van Groningen.\t<\/p>\t  <\/div>\n\t<\/div>\n  <\/div>\n\n\t<\/div>\n\n\t<div class=\"block-post-content__sidebar\">\n\t\t\n\t\t\n\t\t\t<\/div>\n<\/section>\n\t  <\/div>\n\t<\/div>\n  <\/div>\n\n\n<div\n  id=\"\"\n  class=\"wrapper  wrapper__spacing-bottom-large--50 wrapper__spacing-bottom-desktop--70 wrapper__spacing-bottom-mobile--50  wrapper__gutter--none\"\n  >\n  \t<div class=\"wrapper__container wrapper__container-width-large--default\">\n\t  <div class=\"wrapper__inner wrapper__width-large--18 wrapper__width-desktop--22 wrapper__width-mobile--24 wrapper__offset-large--6 wrapper__offset-desktop--2 wrapper__offset-mobile--0\">\n\t\t<section class=\"block-post-content\">\n\t<div class=\"block-post-content__title\">\n\t\t<h3 class=\"heading  heading__color--black heading__size--medium heading__font--sans heading__weight--semiBold  block-post-content__heading\" id=\"nav-1978-19825362\" data-nav-heading-mobile=\"1978-1982\">\n\t1978-1982<\/h3>\t<\/div>\n\t<div class=\"block-post-content__content\">\n\t\t\n<div\n  id=\"\"\n  class=\"wrapper  wrapper__spacing-bottom-large--30 wrapper__spacing-bottom-desktop--20  wrapper__gutter--none\"\n  >\n  \t<div class=\"wrapper__container wrapper__container-width-large--default\">\n\t  <div class=\"wrapper__inner wrapper__width-large--24 wrapper__width-mobile--24\">\n\t\t<p\n\t\tclass=\"paragraph paragraph__align--left paragraph__color--black paragraph__size--default   block-paragraph__paragraph\"\n\t\t\t>\n\t\tIn 1978 keerde D66 na afwezigheid van vier jaar terug in de Groningse provinciale politiek. Geert Mik en Willem de Roos vormden aanvankelijk de fractie en gaven het stokje halverwege de periode door aan Joan Pieters\u2013Stam en Bote Wilpstra.\t<\/p>\t  <\/div>\n\t<\/div>\n  <\/div>\n\n\t<\/div>\n\n\t<div class=\"block-post-content__sidebar\">\n\t\t\n\t\t\n\t\t\t<\/div>\n<\/section>\n\t  <\/div>\n\t<\/div>\n  <\/div>\n\n\n<div\n  id=\"\"\n  class=\"wrapper wrapper__spacing-top-large---10 wrapper__spacing-bottom-large--80 wrapper__spacing-bottom-mobile--50  wrapper__gutter--default\"\n  >\n  \t<div class=\"wrapper__container wrapper__container-width-large--default\">\n\t  <div class=\"wrapper__inner wrapper__width-large--24 wrapper__width-mobile--24 wrapper__offset-large--5 wrapper__offset-desktop--0\">\n\t\t\n<section class=\"block-image-carousel js-block-image-carousel\">\n\n\t<div class=\"block-image-carousel__slider\">\n\n\t  <div class=\"carousel-slider js-carousel-slider carousel-slider__for--images\" data-is-slider-initialized=\"0\">\n\t<div class=\"carousel-slider__wrapper js-carousel-wrapper\">\n\t\t<div class=\"swiper\">\n\t\t\t<div class=\"swiper-wrapper\">\n\t\t\t\t\t\t\t\t\t\t\t\t\t\t<div class=\"swiper-slide\">\n\t\t\t\t\t\t<div class=\"block-image-carousel__image-wrapper\">\n\n\t<img loading=\"lazy\" decoding=\"async\" width=\"283\" height=\"355\" src=\"https:\/\/d66.nl\/provinciegroningen\/wp-content\/uploads\/sites\/350\/2022\/01\/gerrit_mik_1922-1991_original-1.jpg\" class=\"image block-image-carousel__img\" alt=\"\" \/>\n\t\t\t<div class=\"image__caption-wrapper block-image-carousel__caption-wrapper\">\n\t\t\t<div class=\"image__caption block-image-carousel__caption\">\n\t\t\t\t<p class=\"paragraph paragraph__align--left paragraph__color--black paragraph__size--small paragraph__weight--medium\">\n\t\t<b>Gerrit Mik (1978-1981)<\/b> <i>&#045;<\/i> Beeld: Parlementair Documentatiecentrum\t<\/p>\t\t\t<\/div>\n\t\t<\/div>\n\t\t<\/div>\t\t\t\t\t<\/div>\n\t\t\t\t\t\t\t\t\t\t\t\t\t\t<div class=\"swiper-slide\">\n\t\t\t\t\t\t<div class=\"block-image-carousel__image-wrapper\">\n\n\t<img loading=\"lazy\" decoding=\"async\" width=\"450\" height=\"360\" src=\"https:\/\/d66.nl\/provinciegroningen\/wp-content\/uploads\/sites\/350\/2022\/01\/persoon-man-1.jpeg\" class=\"image block-image-carousel__img\" alt=\"\" \/>\n\t\t\t<div class=\"image__caption-wrapper block-image-carousel__caption-wrapper\">\n\t\t\t<div class=\"image__caption block-image-carousel__caption\">\n\t\t\t\t<p class=\"paragraph paragraph__align--left paragraph__color--black paragraph__size--small paragraph__weight--medium\">\n\t\t<b>Willem de Roos (1978-1980)<\/b> <i>&#045;<\/i> Beeld: &#8211;\t<\/p>\t\t\t<\/div>\n\t\t<\/div>\n\t\t<\/div>\t\t\t\t\t<\/div>\n\t\t\t\t\t\t\t\t\t\t\t\t\t\t<div class=\"swiper-slide\">\n\t\t\t\t\t\t<div class=\"block-image-carousel__image-wrapper\">\n\n\t<img loading=\"lazy\" decoding=\"async\" width=\"640\" height=\"478\" src=\"https:\/\/d66.nl\/provinciegroningen\/wp-content\/uploads\/sites\/350\/2022\/01\/Joan-Pieters-Stam-Beeldbank-Groningen.jpg\" class=\"image block-image-carousel__img\" alt=\"\" \/>\n\t\t\t<div class=\"image__caption-wrapper block-image-carousel__caption-wrapper\">\n\t\t\t<div class=\"image__caption block-image-carousel__caption\">\n\t\t\t\t<p class=\"paragraph paragraph__align--left paragraph__color--black paragraph__size--small paragraph__weight--medium\">\n\t\t<b>Joan Pieters-Stam (1981-1982)<\/b> <i>&#045;<\/i> Beeld: Beeldbank Groningen\t<\/p>\t\t\t<\/div>\n\t\t<\/div>\n\t\t<\/div>\t\t\t\t\t<\/div>\n\t\t\t\t\t\t\t\t\t\t\t\t\t\t<div class=\"swiper-slide\">\n\t\t\t\t\t\t<div class=\"block-image-carousel__image-wrapper\">\n\n\t<img loading=\"lazy\" decoding=\"async\" width=\"320\" height=\"480\" src=\"https:\/\/d66.nl\/provinciegroningen\/wp-content\/uploads\/sites\/350\/2022\/01\/Geschiedenis_Wilpstra2.jpg\" class=\"image block-image-carousel__img\" alt=\"\" \/>\n\t\t\t<div class=\"image__caption-wrapper block-image-carousel__caption-wrapper\">\n\t\t\t<div class=\"image__caption block-image-carousel__caption\">\n\t\t\t\t<p class=\"paragraph paragraph__align--left paragraph__color--black paragraph__size--small paragraph__weight--medium\">\n\t\t<b>Bote Wilpstra (1980-1982)<\/b> <i>&#045;<\/i> Beeld: Provincie Groningen\t<\/p>\t\t\t<\/div>\n\t\t<\/div>\n\t\t<\/div>\t\t\t\t\t<\/div>\n\t\t\t\t\t\t\t<\/div>\n\t\t<\/div>\n\t<\/div>\n\n\t\t\t<div class=\"carousel-slider-navigation js-carousel-slider-navigation carousel-slider-navigation__offset--only-large\">\n\t<div class=\"carousel-slider-navigation__fraction-pagination-wrapper\">\n\t\t<span class=\"custom-swiper-pagination-current\">1<\/span> \/ <span class=\"custom-swiper-pagination-total\">X<\/span>\n\t<\/div>\n\t<div class=\"carousel-slider-navigation__pagination-wrapper\">\n\t\t<div class=\"carousel-slider-navigation__pagination js-swiper-progressbar\"><\/div>\n\t<\/div>\n\t<div class=\"carousel-slider-navigation__navigation\">\n\t\t<button class=\"carousel-slider-navigation__nav-button carousel-slider-navigation__nav-button--prev js-swiper-prev\" aria-label=\"Previous slide\"><\/button>\n\t\t<button class=\"carousel-slider-navigation__nav-button carousel-slider-navigation__nav-button--next js-swiper-next\" aria-label=\"Next slide\"><\/button>\n\t<\/div>\n<\/div>\t\n<\/div>\t<\/div>\n\n<\/section>\n\t  <\/div>\n\t<\/div>\n  <\/div>\n\n\n<div\n  id=\"\"\n  class=\"wrapper  wrapper__spacing-bottom-large--50 wrapper__spacing-bottom-desktop--70 wrapper__spacing-bottom-mobile--50  wrapper__gutter--none\"\n  >\n  \t<div class=\"wrapper__container wrapper__container-width-large--default\">\n\t  <div class=\"wrapper__inner wrapper__width-large--18 wrapper__width-desktop--22 wrapper__width-mobile--24 wrapper__offset-large--6 wrapper__offset-desktop--2 wrapper__offset-mobile--0\">\n\t\t<section class=\"block-text-title\">\n\t<div class=\"block-text-title__title\">\n\t\t<h3 class=\"heading  heading__color--black heading__size--medium heading__font--sans heading__weight--semiBold  block-text-title__heading\" id=\"nav-1982-19873936\" data-nav-heading-mobile=\"1982-1987\">\n\t1982-1987<\/h3>\t<\/div>\n\t<div class=\"block-text-title__content\">\n\t\t<p class=\"paragraph paragraph__align--left paragraph__color--black paragraph__size--default\">\n\t\tIn 1982 was D66 erg succesvol. Een verdubbeling van de fractie betekende een team van vier Statenleden. D66 kreeg steeds meer invloed op het provinciale bestuur. Joan Pieters-Stam en Bote Wilpstra waren er weer bij. Laatstgenoemde werd halverwege 1982 gedeputeerde namens D66.\t<\/p>\t<\/div>\n\n\t<div class=\"block-text-title__sidebar\">\n\t\t\n\t\t\n\t\t\t<\/div>\n<\/section>\n\t  <\/div>\n\t<\/div>\n  <\/div>\n\n\n<div\n  id=\"\"\n  class=\"wrapper  wrapper__spacing-bottom-large--80 wrapper__spacing-bottom-mobile--50  wrapper__gutter--default\"\n  >\n  \t<div class=\"wrapper__container wrapper__container-width-large--default\">\n\t  <div class=\"wrapper__inner wrapper__width-large--24 wrapper__width-mobile--24 wrapper__offset-large--5 wrapper__offset-desktop--0\">\n\t\t\n<section class=\"block-image-carousel js-block-image-carousel\">\n\n\t<div class=\"block-image-carousel__slider\">\n\n\t  <div class=\"carousel-slider js-carousel-slider carousel-slider__for--images\" data-is-slider-initialized=\"0\">\n\t<div class=\"carousel-slider__wrapper js-carousel-wrapper\">\n\t\t<div class=\"swiper\">\n\t\t\t<div class=\"swiper-wrapper\">\n\t\t\t\t\t\t\t\t\t\t\t\t\t\t<div class=\"swiper-slide\">\n\t\t\t\t\t\t<div class=\"block-image-carousel__image-wrapper\">\n\n\t<img loading=\"lazy\" decoding=\"async\" width=\"320\" height=\"480\" src=\"https:\/\/d66.nl\/provinciegroningen\/wp-content\/uploads\/sites\/350\/2022\/02\/Geschiedenis_Wilpstra2.jpg\" class=\"image block-image-carousel__img\" alt=\"\" \/>\n\t\t\t<div class=\"image__caption-wrapper block-image-carousel__caption-wrapper\">\n\t\t\t<div class=\"image__caption block-image-carousel__caption\">\n\t\t\t\t<p class=\"paragraph paragraph__align--left paragraph__color--black paragraph__size--small paragraph__weight--medium\">\n\t\t<b>Bote Wilpstra (1982-1987)<\/b> <i>&#045;<\/i> Beeld: Provincie Groningen\t<\/p>\t\t\t<\/div>\n\t\t<\/div>\n\t\t<\/div>\t\t\t\t\t<\/div>\n\t\t\t\t\t\t\t\t\t\t\t\t\t\t<div class=\"swiper-slide\">\n\t\t\t\t\t\t<div class=\"block-image-carousel__image-wrapper\">\n\n\t<img loading=\"lazy\" decoding=\"async\" width=\"640\" height=\"478\" src=\"https:\/\/d66.nl\/provinciegroningen\/wp-content\/uploads\/sites\/350\/2022\/02\/Joan-Pieters-Stam-Beeldbank-Groningen.jpg\" class=\"image block-image-carousel__img\" alt=\"\" \/>\n\t\t\t<div class=\"image__caption-wrapper block-image-carousel__caption-wrapper\">\n\t\t\t<div class=\"image__caption block-image-carousel__caption\">\n\t\t\t\t<p class=\"paragraph paragraph__align--left paragraph__color--black paragraph__size--small paragraph__weight--medium\">\n\t\t<b>Joan Pieters-Stam (1982-1987)<\/b> <i>&#045;<\/i> Beeld: Beeldbank Groningen\t<\/p>\t\t\t<\/div>\n\t\t<\/div>\n\t\t<\/div>\t\t\t\t\t<\/div>\n\t\t\t\t\t\t\t\t\t\t\t\t\t\t<div class=\"swiper-slide\">\n\t\t\t\t\t\t<div class=\"block-image-carousel__image-wrapper\">\n\n\t<img loading=\"lazy\" decoding=\"async\" width=\"450\" height=\"360\" src=\"https:\/\/d66.nl\/provinciegroningen\/wp-content\/uploads\/sites\/350\/2022\/02\/persoon-man.jpeg\" class=\"image block-image-carousel__img\" alt=\"\" \/>\n\t\t\t<div class=\"image__caption-wrapper block-image-carousel__caption-wrapper\">\n\t\t\t<div class=\"image__caption block-image-carousel__caption\">\n\t\t\t\t<p class=\"paragraph paragraph__align--left paragraph__color--black paragraph__size--small paragraph__weight--medium\">\n\t\t<b>Jan Apotheker (1982-1987)<\/b> <i>&#045;<\/i> Beeld: Eigen foto\t<\/p>\t\t\t<\/div>\n\t\t<\/div>\n\t\t<\/div>\t\t\t\t\t<\/div>\n\t\t\t\t\t\t\t\t\t\t\t\t\t\t<div class=\"swiper-slide\">\n\t\t\t\t\t\t<div class=\"block-image-carousel__image-wrapper\">\n\n\t<img loading=\"lazy\" decoding=\"async\" width=\"450\" height=\"360\" src=\"https:\/\/d66.nl\/provinciegroningen\/wp-content\/uploads\/sites\/350\/2022\/02\/persoon-man-1.jpeg\" class=\"image block-image-carousel__img\" alt=\"\" \/>\n\t\t\t<div class=\"image__caption-wrapper block-image-carousel__caption-wrapper\">\n\t\t\t<div class=\"image__caption block-image-carousel__caption\">\n\t\t\t\t<p class=\"paragraph paragraph__align--left paragraph__color--black paragraph__size--small paragraph__weight--medium\">\n\t\t<b>Dirk Pegtel (1982-1983)<\/b> <i>&#045;<\/i> Beeld: Eigen foto\t<\/p>\t\t\t<\/div>\n\t\t<\/div>\n\t\t<\/div>\t\t\t\t\t<\/div>\n\t\t\t\t\t\t\t\t\t\t\t\t\t\t<div class=\"swiper-slide\">\n\t\t\t\t\t\t<div class=\"block-image-carousel__image-wrapper\">\n\n\t<img loading=\"lazy\" decoding=\"async\" width=\"450\" height=\"360\" src=\"https:\/\/d66.nl\/provinciegroningen\/wp-content\/uploads\/sites\/350\/2022\/02\/persoon-man-2.jpeg\" class=\"image block-image-carousel__img\" alt=\"\" \/>\n\t\t\t<div class=\"image__caption-wrapper block-image-carousel__caption-wrapper\">\n\t\t\t<div class=\"image__caption block-image-carousel__caption\">\n\t\t\t\t<p class=\"paragraph paragraph__align--left paragraph__color--black paragraph__size--small paragraph__weight--medium\">\n\t\t<b>Johanna Westra-Weijer (1983-1987)<\/b> <i>&#045;<\/i> Beeld: Eigen foto\t<\/p>\t\t\t<\/div>\n\t\t<\/div>\n\t\t<\/div>\t\t\t\t\t<\/div>\n\t\t\t\t\t\t\t\t\t\t\t\t\t\t<div class=\"swiper-slide\">\n\t\t\t\t\t\t<div class=\"block-image-carousel__image-wrapper\">\n\n\t<img loading=\"lazy\" decoding=\"async\" width=\"450\" height=\"360\" src=\"https:\/\/d66.nl\/provinciegroningen\/wp-content\/uploads\/sites\/350\/2022\/02\/persoon-man-3.jpeg\" class=\"image block-image-carousel__img\" alt=\"\" \/>\n\t\t\t<div class=\"image__caption-wrapper block-image-carousel__caption-wrapper\">\n\t\t\t<div class=\"image__caption block-image-carousel__caption\">\n\t\t\t\t<p class=\"paragraph paragraph__align--left paragraph__color--black paragraph__size--small paragraph__weight--medium\">\n\t\t<b>Fred de Vries (1984-1987)<\/b> <i>&#045;<\/i> Beeld: Eigen foto\t<\/p>\t\t\t<\/div>\n\t\t<\/div>\n\t\t<\/div>\t\t\t\t\t<\/div>\n\t\t\t\t\t\t\t<\/div>\n\t\t<\/div>\n\t<\/div>\n\n\t\t\t<div class=\"carousel-slider-navigation js-carousel-slider-navigation carousel-slider-navigation__offset--only-large\">\n\t<div class=\"carousel-slider-navigation__fraction-pagination-wrapper\">\n\t\t<span class=\"custom-swiper-pagination-current\">1<\/span> \/ <span class=\"custom-swiper-pagination-total\">X<\/span>\n\t<\/div>\n\t<div class=\"carousel-slider-navigation__pagination-wrapper\">\n\t\t<div class=\"carousel-slider-navigation__pagination js-swiper-progressbar\"><\/div>\n\t<\/div>\n\t<div class=\"carousel-slider-navigation__navigation\">\n\t\t<button class=\"carousel-slider-navigation__nav-button carousel-slider-navigation__nav-button--prev js-swiper-prev\" aria-label=\"Previous slide\"><\/button>\n\t\t<button class=\"carousel-slider-navigation__nav-button carousel-slider-navigation__nav-button--next js-swiper-next\" aria-label=\"Next slide\"><\/button>\n\t<\/div>\n<\/div>\t\n<\/div>\t<\/div>\n\n<\/section>\n\t  <\/div>\n\t<\/div>\n  <\/div>\n\n\n<div\n  id=\"\"\n  class=\"wrapper  wrapper__spacing-bottom-large--50 wrapper__spacing-bottom-desktop--70 wrapper__spacing-bottom-mobile--50  wrapper__gutter--none\"\n  >\n  \t<div class=\"wrapper__container wrapper__container-width-large--default\">\n\t  <div class=\"wrapper__inner wrapper__width-large--18 wrapper__width-desktop--22 wrapper__width-mobile--24 wrapper__offset-large--6 wrapper__offset-desktop--2 wrapper__offset-mobile--0\">\n\t\t<section class=\"block-text-title\">\n\t<div class=\"block-text-title__title\">\n\t\t<h3 class=\"heading  heading__color--black heading__size--medium heading__font--sans heading__weight--semiBold  block-text-title__heading\" id=\"nav-1987-19914108\" data-nav-heading-mobile=\"1987-1991\">\n\t1987-1991<\/h3>\t<\/div>\n\t<div class=\"block-text-title__content\">\n\t\t<p class=\"paragraph paragraph__align--left paragraph__color--black paragraph__size--default\">\n\t\t\u200bIn 1987 verloren we een plekje in de Provinciale Staten ten opzichte van de periode daarvoor. Maar met de ervaringen van Jan Apotheker en Fred de Vries in de Staten van de voorgaande jaren en nieuwkomer Koosje van Doesen-Dijkstra stond niets de fractie in de weg om het D66-geluid weer in de provincie te laten horen.\t<\/p>\t<\/div>\n\n\t<div class=\"block-text-title__sidebar\">\n\t\t\n\t\t\n\t\t\t<\/div>\n<\/section>\n\t  <\/div>\n\t<\/div>\n  <\/div>\n\n\n<div\n  id=\"\"\n  class=\"wrapper  wrapper__spacing-bottom-large--80 wrapper__spacing-bottom-mobile--50  wrapper__gutter--default\"\n  >\n  \t<div class=\"wrapper__container wrapper__container-width-large--default\">\n\t  <div class=\"wrapper__inner wrapper__width-large--24 wrapper__width-mobile--24 wrapper__offset-large--5 wrapper__offset-desktop--0\">\n\t\t\n<section class=\"block-image-carousel js-block-image-carousel\">\n\n\t<div class=\"block-image-carousel__slider\">\n\n\t  <div class=\"carousel-slider js-carousel-slider carousel-slider__for--images\" data-is-slider-initialized=\"0\">\n\t<div class=\"carousel-slider__wrapper js-carousel-wrapper\">\n\t\t<div class=\"swiper\">\n\t\t\t<div class=\"swiper-wrapper\">\n\t\t\t\t\t\t\t\t\t\t\t\t\t\t<div class=\"swiper-slide\">\n\t\t\t\t\t\t<div class=\"block-image-carousel__image-wrapper\">\n\n\t<img loading=\"lazy\" decoding=\"async\" width=\"450\" height=\"360\" src=\"https:\/\/d66.nl\/provinciegroningen\/wp-content\/uploads\/sites\/350\/2022\/02\/persoon-man-4.jpeg\" class=\"image block-image-carousel__img\" alt=\"\" \/>\n\t\t\t<div class=\"image__caption-wrapper block-image-carousel__caption-wrapper\">\n\t\t\t<div class=\"image__caption block-image-carousel__caption\">\n\t\t\t\t<p class=\"paragraph paragraph__align--left paragraph__color--black paragraph__size--small paragraph__weight--medium\">\n\t\t<b>Fred de Vries (1987-1991)<\/b> <i>&#045;<\/i> Beeld: Eigen foto\t<\/p>\t\t\t<\/div>\n\t\t<\/div>\n\t\t<\/div>\t\t\t\t\t<\/div>\n\t\t\t\t\t\t\t\t\t\t\t\t\t\t<div class=\"swiper-slide\">\n\t\t\t\t\t\t<div class=\"block-image-carousel__image-wrapper\">\n\n\t<img loading=\"lazy\" decoding=\"async\" width=\"222\" height=\"235\" src=\"https:\/\/d66.nl\/provinciegroningen\/wp-content\/uploads\/sites\/350\/2022\/02\/Geschiedenis_vanDoesen.jpg\" class=\"image block-image-carousel__img\" alt=\"\" \/>\n\t\t\t<div class=\"image__caption-wrapper block-image-carousel__caption-wrapper\">\n\t\t\t<div class=\"image__caption block-image-carousel__caption\">\n\t\t\t\t<p class=\"paragraph paragraph__align--left paragraph__color--black paragraph__size--small paragraph__weight--medium\">\n\t\t<b>Koosje van Doesen-Dijkstra (1987-1991)<\/b> <i>&#045;<\/i> Beeld: Eigen foto\t<\/p>\t\t\t<\/div>\n\t\t<\/div>\n\t\t<\/div>\t\t\t\t\t<\/div>\n\t\t\t\t\t\t\t\t\t\t\t\t\t\t<div class=\"swiper-slide\">\n\t\t\t\t\t\t<div class=\"block-image-carousel__image-wrapper\">\n\n\t<img loading=\"lazy\" decoding=\"async\" width=\"320\" height=\"480\" src=\"https:\/\/d66.nl\/provinciegroningen\/wp-content\/uploads\/sites\/350\/2022\/02\/Geschiedenis_Wilpstra2-1.jpg\" class=\"image block-image-carousel__img\" alt=\"\" \/>\n\t\t\t<div class=\"image__caption-wrapper block-image-carousel__caption-wrapper\">\n\t\t\t<div class=\"image__caption block-image-carousel__caption\">\n\t\t\t\t<p class=\"paragraph paragraph__align--left paragraph__color--black paragraph__size--small paragraph__weight--medium\">\n\t\t<b>Bote Wilpstra (1987-1987)<\/b> <i>&#045;<\/i> Beeld: Provincie Groningen\t<\/p>\t\t\t<\/div>\n\t\t<\/div>\n\t\t<\/div>\t\t\t\t\t<\/div>\n\t\t\t\t\t\t\t\t\t\t\t\t\t\t<div class=\"swiper-slide\">\n\t\t\t\t\t\t<div class=\"block-image-carousel__image-wrapper\">\n\n\t<img loading=\"lazy\" decoding=\"async\" width=\"450\" height=\"360\" src=\"https:\/\/d66.nl\/provinciegroningen\/wp-content\/uploads\/sites\/350\/2022\/02\/persoon-man-5.jpeg\" class=\"image block-image-carousel__img\" alt=\"\" \/>\n\t\t\t<div class=\"image__caption-wrapper block-image-carousel__caption-wrapper\">\n\t\t\t<div class=\"image__caption block-image-carousel__caption\">\n\t\t\t\t<p class=\"paragraph paragraph__align--left paragraph__color--black paragraph__size--small paragraph__weight--medium\">\n\t\t<b>Jan Apotheker (1987-1991)<\/b> <i>&#045;<\/i> Beeld: Eigen foto\t<\/p>\t\t\t<\/div>\n\t\t<\/div>\n\t\t<\/div>\t\t\t\t\t<\/div>\n\t\t\t\t\t\t\t<\/div>\n\t\t<\/div>\n\t<\/div>\n\n\t\t\t<div class=\"carousel-slider-navigation js-carousel-slider-navigation carousel-slider-navigation__offset--only-large\">\n\t<div class=\"carousel-slider-navigation__fraction-pagination-wrapper\">\n\t\t<span class=\"custom-swiper-pagination-current\">1<\/span> \/ <span class=\"custom-swiper-pagination-total\">X<\/span>\n\t<\/div>\n\t<div class=\"carousel-slider-navigation__pagination-wrapper\">\n\t\t<div class=\"carousel-slider-navigation__pagination js-swiper-progressbar\"><\/div>\n\t<\/div>\n\t<div class=\"carousel-slider-navigation__navigation\">\n\t\t<button class=\"carousel-slider-navigation__nav-button carousel-slider-navigation__nav-button--prev js-swiper-prev\" aria-label=\"Previous slide\"><\/button>\n\t\t<button class=\"carousel-slider-navigation__nav-button carousel-slider-navigation__nav-button--next js-swiper-next\" aria-label=\"Next slide\"><\/button>\n\t<\/div>\n<\/div>\t\n<\/div>\t<\/div>\n\n<\/section>\n\t  <\/div>\n\t<\/div>\n  <\/div>\n\n\n<div\n  id=\"\"\n  class=\"wrapper  wrapper__spacing-bottom-large--50 wrapper__spacing-bottom-desktop--70 wrapper__spacing-bottom-mobile--50  wrapper__gutter--none\"\n  >\n  \t<div class=\"wrapper__container wrapper__container-width-large--default\">\n\t  <div class=\"wrapper__inner wrapper__width-large--18 wrapper__width-desktop--22 wrapper__width-mobile--24 wrapper__offset-large--6 wrapper__offset-desktop--2 wrapper__offset-mobile--0\">\n\t\t<section class=\"block-text-title\">\n\t<div class=\"block-text-title__title\">\n\t\t<h3 class=\"heading  heading__color--black heading__size--medium heading__font--sans heading__weight--semiBold  block-text-title__heading\" id=\"nav-1991-19956103\" data-nav-heading-mobile=\"1991-1995\">\n\t1991-1995<\/h3>\t<\/div>\n\t<div class=\"block-text-title__content\">\n\t\t<p class=\"paragraph paragraph__align--left paragraph__color--black paragraph__size--default\">\n\t\t1991 was het jaar van de beste provinciale verkiezingsuitslag ooit voor D66. Het aantal Statenleden verdriedubbelde. Het betekende veel nieuwe gezichten in het D66-team.\t<\/p>\t<\/div>\n\n\t<div class=\"block-text-title__sidebar\">\n\t\t\n\t\t\n\t\t\t<\/div>\n<\/section>\n\t  <\/div>\n\t<\/div>\n  <\/div>\n\n\n<div\n  id=\"\"\n  class=\"wrapper  wrapper__spacing-bottom-large--80 wrapper__spacing-bottom-mobile--50  wrapper__gutter--default\"\n  >\n  \t<div class=\"wrapper__container wrapper__container-width-large--default\">\n\t  <div class=\"wrapper__inner wrapper__width-large--24 wrapper__width-mobile--24 wrapper__offset-large--5 wrapper__offset-desktop--0\">\n\t\t\n<section class=\"block-image-carousel js-block-image-carousel\">\n\n\t<div class=\"block-image-carousel__slider\">\n\n\t  <div class=\"carousel-slider js-carousel-slider carousel-slider__for--images\" data-is-slider-initialized=\"0\">\n\t<div class=\"carousel-slider__wrapper js-carousel-wrapper\">\n\t\t<div class=\"swiper\">\n\t\t\t<div class=\"swiper-wrapper\">\n\t\t\t\t\t\t\t\t\t\t\t\t\t\t<div class=\"swiper-slide\">\n\t\t\t\t\t\t<div class=\"block-image-carousel__image-wrapper\">\n\n\t<img loading=\"lazy\" decoding=\"async\" width=\"450\" height=\"360\" src=\"https:\/\/d66.nl\/provinciegroningen\/wp-content\/uploads\/sites\/350\/2022\/02\/persoon-man-6.jpeg\" class=\"image block-image-carousel__img\" alt=\"\" \/>\n\t\t\t<div class=\"image__caption-wrapper block-image-carousel__caption-wrapper\">\n\t\t\t<div class=\"image__caption block-image-carousel__caption\">\n\t\t\t\t<p class=\"paragraph paragraph__align--left paragraph__color--black paragraph__size--small paragraph__weight--medium\">\n\t\t<b>Jan Apotheker (1991-1995)<\/b> <i>&#045;<\/i> Beeld: Eigen foto\t<\/p>\t\t\t<\/div>\n\t\t<\/div>\n\t\t<\/div>\t\t\t\t\t<\/div>\n\t\t\t\t\t\t\t\t\t\t\t\t\t\t<div class=\"swiper-slide\">\n\t\t\t\t\t\t<div class=\"block-image-carousel__image-wrapper\">\n\n\t<img loading=\"lazy\" decoding=\"async\" width=\"450\" height=\"360\" src=\"https:\/\/d66.nl\/provinciegroningen\/wp-content\/uploads\/sites\/350\/2022\/02\/persoon-man-7.jpeg\" class=\"image block-image-carousel__img\" alt=\"\" \/>\n\t\t\t<div class=\"image__caption-wrapper block-image-carousel__caption-wrapper\">\n\t\t\t<div class=\"image__caption block-image-carousel__caption\">\n\t\t\t\t<p class=\"paragraph paragraph__align--left paragraph__color--black paragraph__size--small paragraph__weight--medium\">\n\t\t<b>Hans Boerema (1991-1995)<\/b> <i>&#045;<\/i> Beeld: Eigen foto\t<\/p>\t\t\t<\/div>\n\t\t<\/div>\n\t\t<\/div>\t\t\t\t\t<\/div>\n\t\t\t\t\t\t\t\t\t\t\t\t\t\t<div class=\"swiper-slide\">\n\t\t\t\t\t\t<div class=\"block-image-carousel__image-wrapper\">\n\n\t<img loading=\"lazy\" decoding=\"async\" width=\"222\" height=\"235\" src=\"https:\/\/d66.nl\/provinciegroningen\/wp-content\/uploads\/sites\/350\/2022\/02\/Geschiedenis_vanDoesen-1.jpg\" class=\"image block-image-carousel__img\" alt=\"\" \/>\n\t\t\t<div class=\"image__caption-wrapper block-image-carousel__caption-wrapper\">\n\t\t\t<div class=\"image__caption block-image-carousel__caption\">\n\t\t\t\t<p class=\"paragraph paragraph__align--left paragraph__color--black paragraph__size--small paragraph__weight--medium\">\n\t\t<b>Koosje van Doesen-Dijkstra (1991-1995))<\/b> <i>&#045;<\/i> Beeld: Eigen foto\t<\/p>\t\t\t<\/div>\n\t\t<\/div>\n\t\t<\/div>\t\t\t\t\t<\/div>\n\t\t\t\t\t\t\t\t\t\t\t\t\t\t<div class=\"swiper-slide\">\n\t\t\t\t\t\t<div class=\"block-image-carousel__image-wrapper\">\n\n\t<img loading=\"lazy\" decoding=\"async\" width=\"450\" height=\"360\" src=\"https:\/\/d66.nl\/provinciegroningen\/wp-content\/uploads\/sites\/350\/2022\/02\/persoon-man-8.jpeg\" class=\"image block-image-carousel__img\" alt=\"\" \/>\n\t\t\t<div class=\"image__caption-wrapper block-image-carousel__caption-wrapper\">\n\t\t\t<div class=\"image__caption block-image-carousel__caption\">\n\t\t\t\t<p class=\"paragraph paragraph__align--left paragraph__color--black paragraph__size--small paragraph__weight--medium\">\n\t\t<b>Leon Hardus (1991-1995)<\/b> <i>&#045;<\/i> Beeld: Eigen foto\t<\/p>\t\t\t<\/div>\n\t\t<\/div>\n\t\t<\/div>\t\t\t\t\t<\/div>\n\t\t\t\t\t\t\t\t\t\t\t\t\t\t<div class=\"swiper-slide\">\n\t\t\t\t\t\t<div class=\"block-image-carousel__image-wrapper\">\n\n\t<img loading=\"lazy\" decoding=\"async\" width=\"450\" height=\"360\" src=\"https:\/\/d66.nl\/provinciegroningen\/wp-content\/uploads\/sites\/350\/2022\/02\/persoon-man-9.jpeg\" class=\"image block-image-carousel__img\" alt=\"\" \/>\n\t\t\t<div class=\"image__caption-wrapper block-image-carousel__caption-wrapper\">\n\t\t\t<div class=\"image__caption block-image-carousel__caption\">\n\t\t\t\t<p class=\"paragraph paragraph__align--left paragraph__color--black paragraph__size--small paragraph__weight--medium\">\n\t\t<b>Koos van Leeuwen (1991-1995)<\/b> <i>&#045;<\/i> Beeld: Eigen foto\t<\/p>\t\t\t<\/div>\n\t\t<\/div>\n\t\t<\/div>\t\t\t\t\t<\/div>\n\t\t\t\t\t\t\t\t\t\t\t\t\t\t<div class=\"swiper-slide\">\n\t\t\t\t\t\t<div class=\"block-image-carousel__image-wrapper\">\n\n\t<img loading=\"lazy\" decoding=\"async\" width=\"450\" height=\"360\" src=\"https:\/\/d66.nl\/provinciegroningen\/wp-content\/uploads\/sites\/350\/2022\/02\/persoon-man-10.jpeg\" class=\"image block-image-carousel__img\" alt=\"\" \/>\n\t\t\t<div class=\"image__caption-wrapper block-image-carousel__caption-wrapper\">\n\t\t\t<div class=\"image__caption block-image-carousel__caption\">\n\t\t\t\t<p class=\"paragraph paragraph__align--left paragraph__color--black paragraph__size--small paragraph__weight--medium\">\n\t\t<b>Koos Riesenkamp (1991-1995)<\/b> <i>&#045;<\/i> Beeld: Eigen foto\t<\/p>\t\t\t<\/div>\n\t\t<\/div>\n\t\t<\/div>\t\t\t\t\t<\/div>\n\t\t\t\t\t\t\t\t\t\t\t\t\t\t<div class=\"swiper-slide\">\n\t\t\t\t\t\t<div class=\"block-image-carousel__image-wrapper\">\n\n\t<img loading=\"lazy\" decoding=\"async\" width=\"450\" height=\"360\" src=\"https:\/\/d66.nl\/provinciegroningen\/wp-content\/uploads\/sites\/350\/2022\/02\/persoon-man-11.jpeg\" class=\"image block-image-carousel__img\" alt=\"\" \/>\n\t\t\t<div class=\"image__caption-wrapper block-image-carousel__caption-wrapper\">\n\t\t\t<div class=\"image__caption block-image-carousel__caption\">\n\t\t\t\t<p class=\"paragraph paragraph__align--left paragraph__color--black paragraph__size--small paragraph__weight--medium\">\n\t\t<b>Margriet Smeets-van Son (1991-1995)<\/b> <i>&#045;<\/i> Beeld: Eigen foto\t<\/p>\t\t\t<\/div>\n\t\t<\/div>\n\t\t<\/div>\t\t\t\t\t<\/div>\n\t\t\t\t\t\t\t\t\t\t\t\t\t\t<div class=\"swiper-slide\">\n\t\t\t\t\t\t<div class=\"block-image-carousel__image-wrapper\">\n\n\t<img loading=\"lazy\" decoding=\"async\" width=\"450\" height=\"360\" src=\"https:\/\/d66.nl\/provinciegroningen\/wp-content\/uploads\/sites\/350\/2022\/02\/persoon-man-12.jpeg\" class=\"image block-image-carousel__img\" alt=\"\" \/>\n\t\t\t<div class=\"image__caption-wrapper block-image-carousel__caption-wrapper\">\n\t\t\t<div class=\"image__caption block-image-carousel__caption\">\n\t\t\t\t<p class=\"paragraph paragraph__align--left paragraph__color--black paragraph__size--small paragraph__weight--medium\">\n\t\t<b>Fred de Vries (1991-1995)<\/b> <i>&#045;<\/i> Beeld: Eigen foto\t<\/p>\t\t\t<\/div>\n\t\t<\/div>\n\t\t<\/div>\t\t\t\t\t<\/div>\n\t\t\t\t\t\t\t\t\t\t\t\t\t\t<div class=\"swiper-slide\">\n\t\t\t\t\t\t<div class=\"block-image-carousel__image-wrapper\">\n\n\t<img loading=\"lazy\" decoding=\"async\" width=\"466\" height=\"480\" src=\"https:\/\/d66.nl\/provinciegroningen\/wp-content\/uploads\/sites\/350\/2022\/02\/Lukas-Westra-Beeldbank-Groningen.jpg\" class=\"image block-image-carousel__img\" alt=\"\" \/>\n\t\t\t<div class=\"image__caption-wrapper block-image-carousel__caption-wrapper\">\n\t\t\t<div class=\"image__caption block-image-carousel__caption\">\n\t\t\t\t<p class=\"paragraph paragraph__align--left paragraph__color--black paragraph__size--small paragraph__weight--medium\">\n\t\t<b>Lukas Westra (1991-1994)<\/b> <i>&#045;<\/i> Beeld: Beeldbank Groningen\t<\/p>\t\t\t<\/div>\n\t\t<\/div>\n\t\t<\/div>\t\t\t\t\t<\/div>\n\t\t\t\t\t\t\t\t\t\t\t\t\t\t<div class=\"swiper-slide\">\n\t\t\t\t\t\t<div class=\"block-image-carousel__image-wrapper\">\n\n\t<img loading=\"lazy\" decoding=\"async\" width=\"450\" height=\"360\" src=\"https:\/\/d66.nl\/provinciegroningen\/wp-content\/uploads\/sites\/350\/2022\/02\/persoon-man-13.jpeg\" class=\"image block-image-carousel__img\" alt=\"\" \/>\n\t\t\t<div class=\"image__caption-wrapper block-image-carousel__caption-wrapper\">\n\t\t\t<div class=\"image__caption block-image-carousel__caption\">\n\t\t\t\t<p class=\"paragraph paragraph__align--left paragraph__color--black paragraph__size--small paragraph__weight--medium\">\n\t\t<b>Gerrit Kuijk (1994-1995)<\/b> <i>&#045;<\/i> Beeld: Eigen foto\t<\/p>\t\t\t<\/div>\n\t\t<\/div>\n\t\t<\/div>\t\t\t\t\t<\/div>\n\t\t\t\t\t\t\t<\/div>\n\t\t<\/div>\n\t<\/div>\n\n\t\t\t<div class=\"carousel-slider-navigation js-carousel-slider-navigation carousel-slider-navigation__offset--only-large\">\n\t<div class=\"carousel-slider-navigation__fraction-pagination-wrapper\">\n\t\t<span class=\"custom-swiper-pagination-current\">1<\/span> \/ <span class=\"custom-swiper-pagination-total\">X<\/span>\n\t<\/div>\n\t<div class=\"carousel-slider-navigation__pagination-wrapper\">\n\t\t<div class=\"carousel-slider-navigation__pagination js-swiper-progressbar\"><\/div>\n\t<\/div>\n\t<div class=\"carousel-slider-navigation__navigation\">\n\t\t<button class=\"carousel-slider-navigation__nav-button carousel-slider-navigation__nav-button--prev js-swiper-prev\" aria-label=\"Previous slide\"><\/button>\n\t\t<button class=\"carousel-slider-navigation__nav-button carousel-slider-navigation__nav-button--next js-swiper-next\" aria-label=\"Next slide\"><\/button>\n\t<\/div>\n<\/div>\t\n<\/div>\t<\/div>\n\n<\/section>\n\t  <\/div>\n\t<\/div>\n  <\/div>\n\n\n<div\n  id=\"\"\n  class=\"wrapper  wrapper__spacing-bottom-large--50 wrapper__spacing-bottom-desktop--70 wrapper__spacing-bottom-mobile--50  wrapper__gutter--none\"\n  >\n  \t<div class=\"wrapper__container wrapper__container-width-large--default\">\n\t  <div class=\"wrapper__inner wrapper__width-large--18 wrapper__width-desktop--22 wrapper__width-mobile--24 wrapper__offset-large--6 wrapper__offset-desktop--2 wrapper__offset-mobile--0\">\n\t\t<section class=\"block-text-title\">\n\t<div class=\"block-text-title__title\">\n\t\t<h3 class=\"heading  heading__color--black heading__size--medium heading__font--sans heading__weight--semiBold  block-text-title__heading\" id=\"nav-1995-19993606\" data-nav-heading-mobile=\"1995-1999\">\n\t1995-1999<\/h3>\t<\/div>\n\t<div class=\"block-text-title__content\">\n\t\t<p class=\"paragraph paragraph__align--left paragraph__color--black paragraph__size--default\">\n\t\tIn de periode 1995-1999 bestond de D66-fractie uit vijf personen. Niet zo groot als de fractie daarvoor, maar toch zeker nog een aanzienlijk formaat. Simon Deinum liet zich in 1996 vervangen door Koos Riesenkamp. De vijf Statenleden lieten ondanks de forse krimp ten opzichte van de periode daarvoor zich er niet van weerhouden hard aan de slag te gaan en zich in te zetten voor de belangen van alle Groningers.\t<\/p>\t<\/div>\n\n\t<div class=\"block-text-title__sidebar\">\n\t\t\n\t\t\n\t\t\t<\/div>\n<\/section>\n\t  <\/div>\n\t<\/div>\n  <\/div>\n\n\n<div\n  id=\"\"\n  class=\"wrapper  wrapper__spacing-bottom-large--80 wrapper__spacing-bottom-mobile--50  wrapper__gutter--none\"\n  >\n  \t<div class=\"wrapper__container wrapper__container-width-large--default\">\n\t  <div class=\"wrapper__inner wrapper__width-large--24 wrapper__width-mobile--24 wrapper__offset-large--5 wrapper__offset-desktop--0\">\n\t\t\n<section class=\"block-image-carousel js-block-image-carousel\">\n\n\t<div class=\"block-image-carousel__slider\">\n\n\t  <div class=\"carousel-slider js-carousel-slider carousel-slider__for--images\" data-is-slider-initialized=\"0\">\n\t<div class=\"carousel-slider__wrapper js-carousel-wrapper\">\n\t\t<div class=\"swiper\">\n\t\t\t<div class=\"swiper-wrapper\">\n\t\t\t\t\t\t\t\t\t\t\t\t\t\t<div class=\"swiper-slide\">\n\t\t\t\t\t\t<div class=\"block-image-carousel__image-wrapper\">\n\n\t<img loading=\"lazy\" decoding=\"async\" width=\"222\" height=\"235\" src=\"https:\/\/d66.nl\/provinciegroningen\/wp-content\/uploads\/sites\/350\/2022\/02\/Geschiedenis_vanDoesen-2.jpg\" class=\"image block-image-carousel__img\" alt=\"\" \/>\n\t\t\t<div class=\"image__caption-wrapper block-image-carousel__caption-wrapper\">\n\t\t\t<div class=\"image__caption block-image-carousel__caption\">\n\t\t\t\t<p class=\"paragraph paragraph__align--left paragraph__color--black paragraph__size--small paragraph__weight--medium\">\n\t\t<b>Koosje van Doesen-Dijkstra (1995-1999)<\/b> <i>&#045;<\/i> Beeld: Eigen foto\t<\/p>\t\t\t<\/div>\n\t\t<\/div>\n\t\t<\/div>\t\t\t\t\t<\/div>\n\t\t\t\t\t\t\t\t\t\t\t\t\t\t<div class=\"swiper-slide\">\n\t\t\t\t\t\t<div class=\"block-image-carousel__image-wrapper\">\n\n\t<img loading=\"lazy\" decoding=\"async\" width=\"220\" height=\"220\" src=\"https:\/\/d66.nl\/provinciegroningen\/wp-content\/uploads\/sites\/350\/2022\/02\/R.A.M.-Kerdijk-Scheepers-220x220-1.jpg\" class=\"image block-image-carousel__img\" alt=\"\" \/>\n\t\t\t<div class=\"image__caption-wrapper block-image-carousel__caption-wrapper\">\n\t\t\t<div class=\"image__caption block-image-carousel__caption\">\n\t\t\t\t<p class=\"paragraph paragraph__align--left paragraph__color--black paragraph__size--small paragraph__weight--medium\">\n\t\t<b>Renee Kerdijk-Scheepers (1995-1999)<\/b> <i>&#045;<\/i> Beeld: Eigen foto\t<\/p>\t\t\t<\/div>\n\t\t<\/div>\n\t\t<\/div>\t\t\t\t\t<\/div>\n\t\t\t\t\t\t\t\t\t\t\t\t\t\t<div class=\"swiper-slide\">\n\t\t\t\t\t\t<div class=\"block-image-carousel__image-wrapper\">\n\n\t<img loading=\"lazy\" decoding=\"async\" width=\"450\" height=\"360\" src=\"https:\/\/d66.nl\/provinciegroningen\/wp-content\/uploads\/sites\/350\/2022\/02\/persoon-man-14.jpeg\" class=\"image block-image-carousel__img\" alt=\"\" \/>\n\t\t\t<div class=\"image__caption-wrapper block-image-carousel__caption-wrapper\">\n\t\t\t<div class=\"image__caption block-image-carousel__caption\">\n\t\t\t\t<p class=\"paragraph paragraph__align--left paragraph__color--black paragraph__size--small paragraph__weight--medium\">\n\t\t<b>Margriet Smeets-van Son (1995-1999)<\/b> <i>&#045;<\/i> Beeld: Eigen foto\t<\/p>\t\t\t<\/div>\n\t\t<\/div>\n\t\t<\/div>\t\t\t\t\t<\/div>\n\t\t\t\t\t\t\t\t\t\t\t\t\t\t<div class=\"swiper-slide\">\n\t\t\t\t\t\t<div class=\"block-image-carousel__image-wrapper\">\n\n\t<img loading=\"lazy\" decoding=\"async\" width=\"450\" height=\"360\" src=\"https:\/\/d66.nl\/provinciegroningen\/wp-content\/uploads\/sites\/350\/2022\/02\/persoon-man-15.jpeg\" class=\"image block-image-carousel__img\" alt=\"\" \/>\n\t\t\t<div class=\"image__caption-wrapper block-image-carousel__caption-wrapper\">\n\t\t\t<div class=\"image__caption block-image-carousel__caption\">\n\t\t\t\t<p class=\"paragraph paragraph__align--left paragraph__color--black paragraph__size--small paragraph__weight--medium\">\n\t\t<b>Fred de Vries (1995-1999)<\/b> <i>&#045;<\/i> Beeld: Eigen foto\t<\/p>\t\t\t<\/div>\n\t\t<\/div>\n\t\t<\/div>\t\t\t\t\t<\/div>\n\t\t\t\t\t\t\t\t\t\t\t\t\t\t<div class=\"swiper-slide\">\n\t\t\t\t\t\t<div class=\"block-image-carousel__image-wrapper\">\n\n\t<img loading=\"lazy\" decoding=\"async\" width=\"246\" height=\"300\" src=\"https:\/\/d66.nl\/provinciegroningen\/wp-content\/uploads\/sites\/350\/2022\/02\/Simon-Deinum-246x300-1.jpeg\" class=\"image block-image-carousel__img\" alt=\"\" \/>\n\t\t\t<div class=\"image__caption-wrapper block-image-carousel__caption-wrapper\">\n\t\t\t<div class=\"image__caption block-image-carousel__caption\">\n\t\t\t\t<p class=\"paragraph paragraph__align--left paragraph__color--black paragraph__size--small paragraph__weight--medium\">\n\t\t<b>Simon Deinum (1995-1996)<\/b> <i>&#045;<\/i> Beeld: Eigen foto\t<\/p>\t\t\t<\/div>\n\t\t<\/div>\n\t\t<\/div>\t\t\t\t\t<\/div>\n\t\t\t\t\t\t\t\t\t\t\t\t\t\t<div class=\"swiper-slide\">\n\t\t\t\t\t\t<div class=\"block-image-carousel__image-wrapper\">\n\n\t<img loading=\"lazy\" decoding=\"async\" width=\"450\" height=\"360\" src=\"https:\/\/d66.nl\/provinciegroningen\/wp-content\/uploads\/sites\/350\/2022\/02\/persoon-man-16.jpeg\" class=\"image block-image-carousel__img\" alt=\"\" \/>\n\t\t\t<div class=\"image__caption-wrapper block-image-carousel__caption-wrapper\">\n\t\t\t<div class=\"image__caption block-image-carousel__caption\">\n\t\t\t\t<p class=\"paragraph paragraph__align--left paragraph__color--black paragraph__size--small paragraph__weight--medium\">\n\t\t<b>Koos Riesenkamp (1996-1999)<\/b> <i>&#045;<\/i> Beeld: Eigen foto\t<\/p>\t\t\t<\/div>\n\t\t<\/div>\n\t\t<\/div>\t\t\t\t\t<\/div>\n\t\t\t\t\t\t\t<\/div>\n\t\t<\/div>\n\t<\/div>\n\n\t\t\t<div class=\"carousel-slider-navigation js-carousel-slider-navigation carousel-slider-navigation__offset--only-large\">\n\t<div class=\"carousel-slider-navigation__fraction-pagination-wrapper\">\n\t\t<span class=\"custom-swiper-pagination-current\">1<\/span> \/ <span class=\"custom-swiper-pagination-total\">X<\/span>\n\t<\/div>\n\t<div class=\"carousel-slider-navigation__pagination-wrapper\">\n\t\t<div class=\"carousel-slider-navigation__pagination js-swiper-progressbar\"><\/div>\n\t<\/div>\n\t<div class=\"carousel-slider-navigation__navigation\">\n\t\t<button class=\"carousel-slider-navigation__nav-button carousel-slider-navigation__nav-button--prev js-swiper-prev\" aria-label=\"Previous slide\"><\/button>\n\t\t<button class=\"carousel-slider-navigation__nav-button carousel-slider-navigation__nav-button--next js-swiper-next\" aria-label=\"Next slide\"><\/button>\n\t<\/div>\n<\/div>\t\n<\/div>\t<\/div>\n\n<\/section>\n\t  <\/div>\n\t<\/div>\n  <\/div>\n\n\n<div\n  id=\"\"\n  class=\"wrapper  wrapper__spacing-bottom-large--50 wrapper__spacing-bottom-desktop--70 wrapper__spacing-bottom-mobile--50  wrapper__gutter--none\"\n  >\n  \t<div class=\"wrapper__container wrapper__container-width-large--default\">\n\t  <div class=\"wrapper__inner wrapper__width-large--18 wrapper__width-desktop--22 wrapper__width-mobile--24 wrapper__offset-large--6 wrapper__offset-desktop--2 wrapper__offset-mobile--0\">\n\t\t<section class=\"block-text-title\">\n\t<div class=\"block-text-title__title\">\n\t\t<h3 class=\"heading  heading__color--black heading__size--medium heading__font--sans heading__weight--semiBold  block-text-title__heading\" id=\"nav-1999-20038565\" data-nav-heading-mobile=\"1999-2003\">\n\t1999-2003<\/h3>\t<\/div>\n\t<div class=\"block-text-title__content\">\n\t\t<p class=\"paragraph paragraph__align--left paragraph__color--black paragraph__size--default\">\n\t\tVanaf 1999 had D66 een volledig vrouwelijke fractie. Johan Stehauwer liet zich namelijk na een halfjaar vervangen door Fleur Gr\u00e4per-van Koolwijk. Samen met Renee Kerdijk-Scheepers en Alida de Ridder had het D66-geluid nog steeds voet aan de Groningse grond.\t<\/p>\t<\/div>\n\n\t<div class=\"block-text-title__sidebar\">\n\t\t\n\t\t\n\t\t\t<\/div>\n<\/section>\n\t  <\/div>\n\t<\/div>\n  <\/div>\n\n\n<div\n  id=\"\"\n  class=\"wrapper  wrapper__spacing-bottom-large--80 wrapper__spacing-bottom-mobile--50  wrapper__gutter--none\"\n  >\n  \t<div class=\"wrapper__container wrapper__container-width-large--default\">\n\t  <div class=\"wrapper__inner wrapper__width-large--24 wrapper__width-mobile--24 wrapper__offset-large--5 wrapper__offset-desktop--0\">\n\t\t\n<section class=\"block-image-carousel js-block-image-carousel\">\n\n\t<div class=\"block-image-carousel__slider\">\n\n\t  <div class=\"carousel-slider js-carousel-slider carousel-slider__for--images\" data-is-slider-initialized=\"0\">\n\t<div class=\"carousel-slider__wrapper js-carousel-wrapper\">\n\t\t<div class=\"swiper\">\n\t\t\t<div class=\"swiper-wrapper\">\n\t\t\t\t\t\t\t\t\t\t\t\t\t\t<div class=\"swiper-slide\">\n\t\t\t\t\t\t<div class=\"block-image-carousel__image-wrapper\">\n\n\t<img loading=\"lazy\" decoding=\"async\" width=\"220\" height=\"220\" src=\"https:\/\/d66.nl\/provinciegroningen\/wp-content\/uploads\/sites\/350\/2022\/02\/R.A.M.-Kerdijk-Scheepers-220x220-2.jpg\" class=\"image block-image-carousel__img\" alt=\"\" \/>\n\t\t\t<div class=\"image__caption-wrapper block-image-carousel__caption-wrapper\">\n\t\t\t<div class=\"image__caption block-image-carousel__caption\">\n\t\t\t\t<p class=\"paragraph paragraph__align--left paragraph__color--black paragraph__size--small paragraph__weight--medium\">\n\t\t<b>Renee Kerdijk-Scheepers (1999-2003)<\/b> <i>&#045;<\/i> Beeld: Eigen foto\t<\/p>\t\t\t<\/div>\n\t\t<\/div>\n\t\t<\/div>\t\t\t\t\t<\/div>\n\t\t\t\t\t\t\t\t\t\t\t\t\t\t<div class=\"swiper-slide\">\n\t\t\t\t\t\t<div class=\"block-image-carousel__image-wrapper\">\n\n\t<img loading=\"lazy\" decoding=\"async\" width=\"226\" height=\"300\" src=\"https:\/\/d66.nl\/provinciegroningen\/wp-content\/uploads\/sites\/350\/2022\/02\/A.J.M.-de-Ridder-226x300-1.jpg\" class=\"image block-image-carousel__img\" alt=\"\" \/>\n\t\t\t<div class=\"image__caption-wrapper block-image-carousel__caption-wrapper\">\n\t\t\t<div class=\"image__caption block-image-carousel__caption\">\n\t\t\t\t<p class=\"paragraph paragraph__align--left paragraph__color--black paragraph__size--small paragraph__weight--medium\">\n\t\t<b>Alida de Ridder (1999-2003)<\/b> <i>&#045;<\/i> Beeld: Eigen foto\t<\/p>\t\t\t<\/div>\n\t\t<\/div>\n\t\t<\/div>\t\t\t\t\t<\/div>\n\t\t\t\t\t\t\t\t\t\t\t\t\t\t<div class=\"swiper-slide\">\n\t\t\t\t\t\t<div class=\"block-image-carousel__image-wrapper\">\n\n\t<img loading=\"lazy\" decoding=\"async\" width=\"450\" height=\"360\" src=\"https:\/\/d66.nl\/provinciegroningen\/wp-content\/uploads\/sites\/350\/2022\/02\/persoon-man-17.jpeg\" class=\"image block-image-carousel__img\" alt=\"\" \/>\n\t\t\t<div class=\"image__caption-wrapper block-image-carousel__caption-wrapper\">\n\t\t\t<div class=\"image__caption block-image-carousel__caption\">\n\t\t\t\t<p class=\"paragraph paragraph__align--left paragraph__color--black paragraph__size--small paragraph__weight--medium\">\n\t\t<b>Johan Stehauwer (1999-1999)<\/b> <i>&#045;<\/i> Beeld: Eigen foto\t<\/p>\t\t\t<\/div>\n\t\t<\/div>\n\t\t<\/div>\t\t\t\t\t<\/div>\n\t\t\t\t\t\t\t\t\t\t\t\t\t\t<div class=\"swiper-slide\">\n\t\t\t\t\t\t<div class=\"block-image-carousel__image-wrapper\">\n\n\t<img loading=\"lazy\" decoding=\"async\" width=\"680\" height=\"1021\" src=\"https:\/\/d66.nl\/provinciegroningen\/wp-content\/uploads\/sites\/350\/2022\/02\/Fleur-Graper-A-72dpi-voor-internet-18-11-2015.jpg\" class=\"image block-image-carousel__img\" alt=\"\" \/>\n\t\t\t<div class=\"image__caption-wrapper block-image-carousel__caption-wrapper\">\n\t\t\t<div class=\"image__caption block-image-carousel__caption\">\n\t\t\t\t<p class=\"paragraph paragraph__align--left paragraph__color--black paragraph__size--small paragraph__weight--medium\">\n\t\t<b>Fleur Gr\u00e4per-van Koolwijk (1999-2003)<\/b> <i>&#045;<\/i> Beeld: Provincie Groningen\t<\/p>\t\t\t<\/div>\n\t\t<\/div>\n\t\t<\/div>\t\t\t\t\t<\/div>\n\t\t\t\t\t\t\t<\/div>\n\t\t<\/div>\n\t<\/div>\n\n\t\t\t<div class=\"carousel-slider-navigation js-carousel-slider-navigation carousel-slider-navigation__offset--only-large\">\n\t<div class=\"carousel-slider-navigation__fraction-pagination-wrapper\">\n\t\t<span class=\"custom-swiper-pagination-current\">1<\/span> \/ <span class=\"custom-swiper-pagination-total\">X<\/span>\n\t<\/div>\n\t<div class=\"carousel-slider-navigation__pagination-wrapper\">\n\t\t<div class=\"carousel-slider-navigation__pagination js-swiper-progressbar\"><\/div>\n\t<\/div>\n\t<div class=\"carousel-slider-navigation__navigation\">\n\t\t<button class=\"carousel-slider-navigation__nav-button carousel-slider-navigation__nav-button--prev js-swiper-prev\" aria-label=\"Previous slide\"><\/button>\n\t\t<button class=\"carousel-slider-navigation__nav-button carousel-slider-navigation__nav-button--next js-swiper-next\" aria-label=\"Next slide\"><\/button>\n\t<\/div>\n<\/div>\t\n<\/div>\t<\/div>\n\n<\/section>\n\t  <\/div>\n\t<\/div>\n  <\/div>\n\n\n<div\n  id=\"\"\n  class=\"wrapper  wrapper__spacing-bottom-large--50 wrapper__spacing-bottom-desktop--70 wrapper__spacing-bottom-mobile--50  wrapper__gutter--none\"\n  >\n  \t<div class=\"wrapper__container wrapper__container-width-large--default\">\n\t  <div class=\"wrapper__inner wrapper__width-large--18 wrapper__width-desktop--22 wrapper__width-mobile--24 wrapper__offset-large--6 wrapper__offset-desktop--2 wrapper__offset-mobile--0\">\n\t\t<section class=\"block-text-title\">\n\t<div class=\"block-text-title__title\">\n\t\t<h3 class=\"heading  heading__color--black heading__size--medium heading__font--sans heading__weight--semiBold  block-text-title__heading\" id=\"nav-2003-20071972\" data-nav-heading-mobile=\"2003-2007\">\n\t2003-2007<\/h3>\t<\/div>\n\t<div class=\"block-text-title__content\">\n\t\t<p class=\"paragraph paragraph__align--left paragraph__color--black paragraph__size--default\">\n\t\tFleur Gr\u00e4per\u2013van Koolwijk en Margaretha Edzes-Posthumus vormden de tweekoppige D66-fractie in 2003. Gr\u00e4per liet zich in 2005 vervangen door Piet de Vey Mestdagh en Edzes liet zich in 2004 vervangen door Tettje Deinum-Bakker. D66 was nog maar zo groot als ze in het begin waren geweest in 1970, maar ze liet nog steeds het sociaalliberale geluid horen in de provinciale politiek.\t<\/p>\t<\/div>\n\n\t<div class=\"block-text-title__sidebar\">\n\t\t\n\t\t\n\t\t\t<\/div>\n<\/section>\n\t  <\/div>\n\t<\/div>\n  <\/div>\n\n\n<div\n  id=\"\"\n  class=\"wrapper  wrapper__spacing-bottom-large--80 wrapper__spacing-bottom-mobile--50  wrapper__gutter--none\"\n  >\n  \t<div class=\"wrapper__container wrapper__container-width-large--default\">\n\t  <div class=\"wrapper__inner wrapper__width-large--24 wrapper__width-mobile--24 wrapper__offset-large--5 wrapper__offset-desktop--0\">\n\t\t\n<section class=\"block-image-carousel js-block-image-carousel\">\n\n\t<div class=\"block-image-carousel__slider\">\n\n\t  <div class=\"carousel-slider js-carousel-slider carousel-slider__for--images\" data-is-slider-initialized=\"0\">\n\t<div class=\"carousel-slider__wrapper js-carousel-wrapper\">\n\t\t<div class=\"swiper\">\n\t\t\t<div class=\"swiper-wrapper\">\n\t\t\t\t\t\t\t\t\t\t\t\t\t\t<div class=\"swiper-slide\">\n\t\t\t\t\t\t<div class=\"block-image-carousel__image-wrapper\">\n\n\t<img loading=\"lazy\" decoding=\"async\" width=\"680\" height=\"1021\" src=\"https:\/\/d66.nl\/provinciegroningen\/wp-content\/uploads\/sites\/350\/2022\/02\/Fleur-Graper-A-72dpi-voor-internet-18-11-2015-1.jpg\" class=\"image block-image-carousel__img\" alt=\"\" \/>\n\t\t\t<div class=\"image__caption-wrapper block-image-carousel__caption-wrapper\">\n\t\t\t<div class=\"image__caption block-image-carousel__caption\">\n\t\t\t\t<p class=\"paragraph paragraph__align--left paragraph__color--black paragraph__size--small paragraph__weight--medium\">\n\t\t<b>Fleur Gr\u00e4per-van Koolwijk (2003-2005)<\/b> <i>&#045;<\/i> Beeld: Provincie Groningen\t<\/p>\t\t\t<\/div>\n\t\t<\/div>\n\t\t<\/div>\t\t\t\t\t<\/div>\n\t\t\t\t\t\t\t\t\t\t\t\t\t\t<div class=\"swiper-slide\">\n\t\t\t\t\t\t<div class=\"block-image-carousel__image-wrapper\">\n\n\t<img loading=\"lazy\" decoding=\"async\" width=\"500\" height=\"426\" src=\"https:\/\/d66.nl\/provinciegroningen\/wp-content\/uploads\/sites\/350\/2022\/02\/PDVM.jpg\" class=\"image block-image-carousel__img\" alt=\"\" \/>\n\t\t\t<div class=\"image__caption-wrapper block-image-carousel__caption-wrapper\">\n\t\t\t<div class=\"image__caption block-image-carousel__caption\">\n\t\t\t\t<p class=\"paragraph paragraph__align--left paragraph__color--black paragraph__size--small paragraph__weight--medium\">\n\t\t<b>Piet de Vey Mestdagh (2005-2007)<\/b> <i>&#045;<\/i> Beeld: Eigen foto\t<\/p>\t\t\t<\/div>\n\t\t<\/div>\n\t\t<\/div>\t\t\t\t\t<\/div>\n\t\t\t\t\t\t\t\t\t\t\t\t\t\t<div class=\"swiper-slide\">\n\t\t\t\t\t\t<div class=\"block-image-carousel__image-wrapper\">\n\n\t<img loading=\"lazy\" decoding=\"async\" width=\"450\" height=\"360\" src=\"https:\/\/d66.nl\/provinciegroningen\/wp-content\/uploads\/sites\/350\/2022\/02\/persoon-man-21.jpeg\" class=\"image block-image-carousel__img\" alt=\"\" \/>\n\t\t\t<div class=\"image__caption-wrapper block-image-carousel__caption-wrapper\">\n\t\t\t<div class=\"image__caption block-image-carousel__caption\">\n\t\t\t\t<p class=\"paragraph paragraph__align--left paragraph__color--black paragraph__size--small paragraph__weight--medium\">\n\t\t<b>Margaretha Edzes-Posthumus (2003-2004)<\/b> <i>&#045;<\/i> Beeld: Eigen foto\t<\/p>\t\t\t<\/div>\n\t\t<\/div>\n\t\t<\/div>\t\t\t\t\t<\/div>\n\t\t\t\t\t\t\t\t\t\t\t\t\t\t<div class=\"swiper-slide\">\n\t\t\t\t\t\t<div class=\"block-image-carousel__image-wrapper\">\n\n\t<img loading=\"lazy\" decoding=\"async\" width=\"450\" height=\"360\" src=\"https:\/\/d66.nl\/provinciegroningen\/wp-content\/uploads\/sites\/350\/2022\/02\/persoon-man-19.jpeg\" class=\"image block-image-carousel__img\" alt=\"\" \/>\n\t\t\t<div class=\"image__caption-wrapper block-image-carousel__caption-wrapper\">\n\t\t\t<div class=\"image__caption block-image-carousel__caption\">\n\t\t\t\t<p class=\"paragraph paragraph__align--left paragraph__color--black paragraph__size--small paragraph__weight--medium\">\n\t\t<b>Tettje Deinum-Bakker (2004-2007)<\/b> <i>&#045;<\/i> Beeld: Eigen foto\t<\/p>\t\t\t<\/div>\n\t\t<\/div>\n\t\t<\/div>\t\t\t\t\t<\/div>\n\t\t\t\t\t\t\t<\/div>\n\t\t<\/div>\n\t<\/div>\n\n\t\t\t<div class=\"carousel-slider-navigation js-carousel-slider-navigation carousel-slider-navigation__offset--only-large\">\n\t<div class=\"carousel-slider-navigation__fraction-pagination-wrapper\">\n\t\t<span class=\"custom-swiper-pagination-current\">1<\/span> \/ <span class=\"custom-swiper-pagination-total\">X<\/span>\n\t<\/div>\n\t<div class=\"carousel-slider-navigation__pagination-wrapper\">\n\t\t<div class=\"carousel-slider-navigation__pagination js-swiper-progressbar\"><\/div>\n\t<\/div>\n\t<div class=\"carousel-slider-navigation__navigation\">\n\t\t<button class=\"carousel-slider-navigation__nav-button carousel-slider-navigation__nav-button--prev js-swiper-prev\" aria-label=\"Previous slide\"><\/button>\n\t\t<button class=\"carousel-slider-navigation__nav-button carousel-slider-navigation__nav-button--next js-swiper-next\" aria-label=\"Next slide\"><\/button>\n\t<\/div>\n<\/div>\t\n<\/div>\t<\/div>\n\n<\/section>\n\t  <\/div>\n\t<\/div>\n  <\/div>\n\n\n<div\n  id=\"\"\n  class=\"wrapper  wrapper__spacing-bottom-large--50 wrapper__spacing-bottom-desktop--70 wrapper__spacing-bottom-mobile--50  wrapper__gutter--none\"\n  >\n  \t<div class=\"wrapper__container wrapper__container-width-large--default\">\n\t  <div class=\"wrapper__inner wrapper__width-large--18 wrapper__width-desktop--22 wrapper__width-mobile--24 wrapper__offset-large--6 wrapper__offset-desktop--2 wrapper__offset-mobile--0\">\n\t\t<section class=\"block-text-title\">\n\t<div class=\"block-text-title__title\">\n\t\t<h3 class=\"heading  heading__color--black heading__size--medium heading__font--sans heading__weight--semiBold  block-text-title__heading\" id=\"nav-2007-20115841\" data-nav-heading-mobile=\"2007-2011\">\n\t2007-2011<\/h3>\t<\/div>\n\t<div class=\"block-text-title__content\">\n\t\t<p class=\"paragraph paragraph__align--left paragraph__color--black paragraph__size--default\">\n\t\tIn de periode 2007-2011 had D66 nog maar \u00e9\u00e9n Statenlid in de Provinciale Staten van Groningen. Al het vertrouwen was gevestigd op Piet de Vey Mestdagh, die de periode daarvoor al zijn intrede had gemaakt bij de fractie.\t<\/p>\t<\/div>\n\n\t<div class=\"block-text-title__sidebar\">\n\t\t\n\t\t\n\t\t\t<\/div>\n<\/section>\n\t  <\/div>\n\t<\/div>\n  <\/div>\n\n\n<div\n  id=\"\"\n  class=\"wrapper  wrapper__spacing-bottom-large--80 wrapper__spacing-bottom-mobile--50  wrapper__gutter--none\"\n  >\n  \t<div class=\"wrapper__container wrapper__container-width-large--default\">\n\t  <div class=\"wrapper__inner wrapper__width-large--24 wrapper__width-mobile--24 wrapper__offset-large--5 wrapper__offset-desktop--0\">\n\t\t\n<section class=\"block-image-carousel js-block-image-carousel\">\n\n\t<div class=\"block-image-carousel__slider\">\n\n\t  <div class=\"carousel-slider js-carousel-slider carousel-slider__for--images\" data-is-slider-initialized=\"0\">\n\t<div class=\"carousel-slider__wrapper js-carousel-wrapper\">\n\t\t<div class=\"swiper\">\n\t\t\t<div class=\"swiper-wrapper\">\n\t\t\t\t\t\t\t\t\t\t\t\t\t\t<div class=\"swiper-slide\">\n\t\t\t\t\t\t<div class=\"block-image-carousel__image-wrapper\">\n\n\t<img loading=\"lazy\" decoding=\"async\" width=\"500\" height=\"426\" src=\"https:\/\/d66.nl\/provinciegroningen\/wp-content\/uploads\/sites\/350\/2022\/02\/PDVM-1.jpg\" class=\"image block-image-carousel__img\" alt=\"\" \/>\n\t\t\t<div class=\"image__caption-wrapper block-image-carousel__caption-wrapper\">\n\t\t\t<div class=\"image__caption block-image-carousel__caption\">\n\t\t\t\t<p class=\"paragraph paragraph__align--left paragraph__color--black paragraph__size--small paragraph__weight--medium\">\n\t\t<b>Piet de Vey Mestdagh (2007-2011)<\/b> <i>&#045;<\/i> Beeld: Eigen foto\t<\/p>\t\t\t<\/div>\n\t\t<\/div>\n\t\t<\/div>\t\t\t\t\t<\/div>\n\t\t\t\t\t\t\t<\/div>\n\t\t<\/div>\n\t<\/div>\n\n\t\t\t<div class=\"carousel-slider-navigation js-carousel-slider-navigation carousel-slider-navigation__offset--only-large\">\n\t<div class=\"carousel-slider-navigation__fraction-pagination-wrapper\">\n\t\t<span class=\"custom-swiper-pagination-current\">1<\/span> \/ <span class=\"custom-swiper-pagination-total\">X<\/span>\n\t<\/div>\n\t<div class=\"carousel-slider-navigation__pagination-wrapper\">\n\t\t<div class=\"carousel-slider-navigation__pagination js-swiper-progressbar\"><\/div>\n\t<\/div>\n\t<div class=\"carousel-slider-navigation__navigation\">\n\t\t<button class=\"carousel-slider-navigation__nav-button carousel-slider-navigation__nav-button--prev js-swiper-prev\" aria-label=\"Previous slide\"><\/button>\n\t\t<button class=\"carousel-slider-navigation__nav-button carousel-slider-navigation__nav-button--next js-swiper-next\" aria-label=\"Next slide\"><\/button>\n\t<\/div>\n<\/div>\t\n<\/div>\t<\/div>\n\n<\/section>\n\t  <\/div>\n\t<\/div>\n  <\/div>\n\n\n<div\n  id=\"\"\n  class=\"wrapper  wrapper__spacing-bottom-large--50 wrapper__spacing-bottom-desktop--70 wrapper__spacing-bottom-mobile--50  wrapper__gutter--none\"\n  >\n  \t<div class=\"wrapper__container wrapper__container-width-large--default\">\n\t  <div class=\"wrapper__inner wrapper__width-large--18 wrapper__width-desktop--22 wrapper__width-mobile--24 wrapper__offset-large--6 wrapper__offset-desktop--2 wrapper__offset-mobile--0\">\n\t\t<section class=\"block-text-title\">\n\t<div class=\"block-text-title__title\">\n\t\t<h3 class=\"heading  heading__color--black heading__size--medium heading__font--sans heading__weight--semiBold  block-text-title__heading\" id=\"nav-2011-20153425\" data-nav-heading-mobile=\"2011-2015\">\n\t2011-2015<\/h3>\t<\/div>\n\t<div class=\"block-text-title__content\">\n\t\t<p class=\"paragraph paragraph__align--left paragraph__color--black paragraph__size--default\">\n\t\tIn 2011 groeide D66 weer. Een fractie van drie Statenleden \u00e9n een gedeputeerde. Nelleke de Graaf-Drijvers, Paula Benjamins-van Oudheusden en het jongste Statenlid ooit, Tim Zwertbroek, vormden de fractie. Piet de Vey Mestdagh werd Gedeputeerde en als zodanig vervangen door Bote Wilpstra in 2013. Benjamins liet zich vervangen in 2013 door eerste lijstopvolger Doede de Vries.\t<\/p>\t<\/div>\n\n\t<div class=\"block-text-title__sidebar\">\n\t\t\n\t\t\n\t\t\t<\/div>\n<\/section>\n\t  <\/div>\n\t<\/div>\n  <\/div>\n\n\n<div\n  id=\"\"\n  class=\"wrapper  wrapper__spacing-bottom-large--80 wrapper__spacing-bottom-mobile--50  wrapper__gutter--none\"\n  >\n  \t<div class=\"wrapper__container wrapper__container-width-large--default\">\n\t  <div class=\"wrapper__inner wrapper__width-large--24 wrapper__width-mobile--24 wrapper__offset-large--5 wrapper__offset-desktop--0\">\n\t\t\n<section class=\"block-image-carousel js-block-image-carousel\">\n\n\t<div class=\"block-image-carousel__slider\">\n\n\t  <div class=\"carousel-slider js-carousel-slider carousel-slider__for--images\" data-is-slider-initialized=\"0\">\n\t<div class=\"carousel-slider__wrapper js-carousel-wrapper\">\n\t\t<div class=\"swiper\">\n\t\t\t<div class=\"swiper-wrapper\">\n\t\t\t\t\t\t\t\t\t\t\t\t\t\t<div class=\"swiper-slide\">\n\t\t\t\t\t\t<div class=\"block-image-carousel__image-wrapper\">\n\n\t<img loading=\"lazy\" decoding=\"async\" width=\"298\" height=\"234\" src=\"https:\/\/d66.nl\/provinciegroningen\/wp-content\/uploads\/sites\/350\/2022\/02\/Nelleke-de-Graaf-Drijvers.jpg\" class=\"image block-image-carousel__img\" alt=\"\" \/>\n\t\t\t<div class=\"image__caption-wrapper block-image-carousel__caption-wrapper\">\n\t\t\t<div class=\"image__caption block-image-carousel__caption\">\n\t\t\t\t<p class=\"paragraph paragraph__align--left paragraph__color--black paragraph__size--small paragraph__weight--medium\">\n\t\t<b>Nelleke de Graaf-Drijvers (2011-2015)<\/b> <i>&#045;<\/i> Beeld: Eigen foto\t<\/p>\t\t\t<\/div>\n\t\t<\/div>\n\t\t<\/div>\t\t\t\t\t<\/div>\n\t\t\t\t\t\t\t\t\t\t\t\t\t\t<div class=\"swiper-slide\">\n\t\t\t\t\t\t<div class=\"block-image-carousel__image-wrapper\">\n\n\t<img loading=\"lazy\" decoding=\"async\" width=\"684\" height=\"1024\" src=\"https:\/\/d66.nl\/provinciegroningen\/wp-content\/uploads\/sites\/350\/2022\/02\/Tim-Zwertbroek-684x1024.jpg\" class=\"image block-image-carousel__img\" alt=\"\" \/>\n\t\t\t<div class=\"image__caption-wrapper block-image-carousel__caption-wrapper\">\n\t\t\t<div class=\"image__caption block-image-carousel__caption\">\n\t\t\t\t<p class=\"paragraph paragraph__align--left paragraph__color--black paragraph__size--small paragraph__weight--medium\">\n\t\t<b>Tim Zwertbroek (2011-2015)<\/b> <i>&#045;<\/i> Beeld: Eigen foto\t<\/p>\t\t\t<\/div>\n\t\t<\/div>\n\t\t<\/div>\t\t\t\t\t<\/div>\n\t\t\t\t\t\t\t\t\t\t\t\t\t\t<div class=\"swiper-slide\">\n\t\t\t\t\t\t<div class=\"block-image-carousel__image-wrapper\">\n\n\t<img loading=\"lazy\" decoding=\"async\" width=\"1024\" height=\"683\" src=\"https:\/\/d66.nl\/provinciegroningen\/wp-content\/uploads\/sites\/350\/2022\/02\/Portret-Paula-Benjamins-van-Oudheusden-1024x683.jpg\" class=\"image block-image-carousel__img\" alt=\"\" \/>\n\t\t\t<div class=\"image__caption-wrapper block-image-carousel__caption-wrapper\">\n\t\t\t<div class=\"image__caption block-image-carousel__caption\">\n\t\t\t\t<p class=\"paragraph paragraph__align--left paragraph__color--black paragraph__size--small paragraph__weight--medium\">\n\t\t<b>Paula Benjamins-van Oudheusden (2011-2013)<\/b> <i>&#045;<\/i> Beeld: Provincie Groningen\t<\/p>\t\t\t<\/div>\n\t\t<\/div>\n\t\t<\/div>\t\t\t\t\t<\/div>\n\t\t\t\t\t\t\t\t\t\t\t\t\t\t<div class=\"swiper-slide\">\n\t\t\t\t\t\t<div class=\"block-image-carousel__image-wrapper\">\n\n\t<img loading=\"lazy\" decoding=\"async\" width=\"450\" height=\"360\" src=\"https:\/\/d66.nl\/provinciegroningen\/wp-content\/uploads\/sites\/350\/2022\/02\/persoon-man-20.jpeg\" class=\"image block-image-carousel__img\" alt=\"\" \/>\n\t\t\t<div class=\"image__caption-wrapper block-image-carousel__caption-wrapper\">\n\t\t\t<div class=\"image__caption block-image-carousel__caption\">\n\t\t\t\t<p class=\"paragraph paragraph__align--left paragraph__color--black paragraph__size--small paragraph__weight--medium\">\n\t\t<b>Doede de Vries (2013-2015)<\/b> <i>&#045;<\/i> Beeld: Eigen foto\t<\/p>\t\t\t<\/div>\n\t\t<\/div>\n\t\t<\/div>\t\t\t\t\t<\/div>\n\t\t\t\t\t\t\t\t\t\t\t\t\t\t<div class=\"swiper-slide\">\n\t\t\t\t\t\t<div class=\"block-image-carousel__image-wrapper\">\n\n\t<img loading=\"lazy\" decoding=\"async\" width=\"500\" height=\"426\" src=\"https:\/\/d66.nl\/provinciegroningen\/wp-content\/uploads\/sites\/350\/2022\/02\/PDVM-2.jpg\" class=\"image block-image-carousel__img\" alt=\"\" \/>\n\t\t\t<div class=\"image__caption-wrapper block-image-carousel__caption-wrapper\">\n\t\t\t<div class=\"image__caption block-image-carousel__caption\">\n\t\t\t\t<p class=\"paragraph paragraph__align--left paragraph__color--black paragraph__size--small paragraph__weight--medium\">\n\t\t<b>Piet de Vey Mestdagh (gedeputeerde, 2011-2013)<\/b> <i>&#045;<\/i> Beeld: Eigen foto\t<\/p>\t\t\t<\/div>\n\t\t<\/div>\n\t\t<\/div>\t\t\t\t\t<\/div>\n\t\t\t\t\t\t\t\t\t\t\t\t\t\t<div class=\"swiper-slide\">\n\t\t\t\t\t\t<div class=\"block-image-carousel__image-wrapper\">\n\n\t<img loading=\"lazy\" decoding=\"async\" width=\"320\" height=\"480\" src=\"https:\/\/d66.nl\/provinciegroningen\/wp-content\/uploads\/sites\/350\/2022\/02\/Geschiedenis_Wilpstra.jpg\" class=\"image block-image-carousel__img\" alt=\"\" \/>\n\t\t\t<div class=\"image__caption-wrapper block-image-carousel__caption-wrapper\">\n\t\t\t<div class=\"image__caption block-image-carousel__caption\">\n\t\t\t\t<p class=\"paragraph paragraph__align--left paragraph__color--black paragraph__size--small paragraph__weight--medium\">\n\t\t<b>Bote Wilpstra (gedeputeerde, 2013-2015)<\/b> <i>&#045;<\/i> Beeld: Provincie Groningen\t<\/p>\t\t\t<\/div>\n\t\t<\/div>\n\t\t<\/div>\t\t\t\t\t<\/div>\n\t\t\t\t\t\t\t<\/div>\n\t\t<\/div>\n\t<\/div>\n\n\t\t\t<div class=\"carousel-slider-navigation js-carousel-slider-navigation carousel-slider-navigation__offset--only-large\">\n\t<div class=\"carousel-slider-navigation__fraction-pagination-wrapper\">\n\t\t<span class=\"custom-swiper-pagination-current\">1<\/span> \/ <span class=\"custom-swiper-pagination-total\">X<\/span>\n\t<\/div>\n\t<div class=\"carousel-slider-navigation__pagination-wrapper\">\n\t\t<div class=\"carousel-slider-navigation__pagination js-swiper-progressbar\"><\/div>\n\t<\/div>\n\t<div class=\"carousel-slider-navigation__navigation\">\n\t\t<button class=\"carousel-slider-navigation__nav-button carousel-slider-navigation__nav-button--prev js-swiper-prev\" aria-label=\"Previous slide\"><\/button>\n\t\t<button class=\"carousel-slider-navigation__nav-button carousel-slider-navigation__nav-button--next js-swiper-next\" aria-label=\"Next slide\"><\/button>\n\t<\/div>\n<\/div>\t\n<\/div>\t<\/div>\n\n<\/section>\n\t  <\/div>\n\t<\/div>\n  <\/div>\n\n\n<div\n  id=\"\"\n  class=\"wrapper  wrapper__spacing-bottom-large--50 wrapper__spacing-bottom-desktop--70 wrapper__spacing-bottom-mobile--50  wrapper__gutter--none\"\n  >\n  \t<div class=\"wrapper__container wrapper__container-width-large--default\">\n\t  <div class=\"wrapper__inner wrapper__width-large--18 wrapper__width-desktop--22 wrapper__width-mobile--24 wrapper__offset-large--6 wrapper__offset-desktop--2 wrapper__offset-mobile--0\">\n\t\t<section class=\"block-text-title\">\n\t<div class=\"block-text-title__title\">\n\t\t<h3 class=\"heading  heading__color--black heading__size--medium heading__font--sans heading__weight--semiBold  block-text-title__heading\" id=\"nav-2015-20193594\" data-nav-heading-mobile=\"2015-2019\">\n\t2015-2019<\/h3>\t<\/div>\n\t<div class=\"block-text-title__content\">\n\t\t<p class=\"paragraph paragraph__align--left paragraph__color--black paragraph__size--default\">\n\t\tOok in 2015 was er groei, van \u00e9\u00e9n zetel. Tim Zwertbroek vormde met een deel van de vorige steunfractie een nieuwe D66-Statenfractie. Fleur Gr\u00e4per-van Koolwijk werd namens D66 gedeputeerde in het College.\t<\/p>\t<\/div>\n\n\t<div class=\"block-text-title__sidebar\">\n\t\t\n\t\t\n\t\t\t<\/div>\n<\/section>\n\t  <\/div>\n\t<\/div>\n  <\/div>\n\n\n<div\n  id=\"\"\n  class=\"wrapper  wrapper__spacing-bottom-large--80 wrapper__spacing-bottom-mobile--50  wrapper__gutter--none\"\n  >\n  \t<div class=\"wrapper__container wrapper__container-width-large--default\">\n\t  <div class=\"wrapper__inner wrapper__width-large--24 wrapper__width-mobile--24 wrapper__offset-large--5 wrapper__offset-desktop--0\">\n\t\t\n<section class=\"block-image-carousel js-block-image-carousel\">\n\n\t<div class=\"block-image-carousel__slider\">\n\n\t  <div class=\"carousel-slider js-carousel-slider carousel-slider__for--images\" data-is-slider-initialized=\"0\">\n\t<div class=\"carousel-slider__wrapper js-carousel-wrapper\">\n\t\t<div class=\"swiper\">\n\t\t\t<div class=\"swiper-wrapper\">\n\t\t\t\t\t\t\t\t\t\t\t\t\t\t<div class=\"swiper-slide\">\n\t\t\t\t\t\t<div class=\"block-image-carousel__image-wrapper\">\n\n\t<img loading=\"lazy\" decoding=\"async\" width=\"684\" height=\"1024\" src=\"https:\/\/d66.nl\/provinciegroningen\/wp-content\/uploads\/sites\/350\/2022\/02\/Tim-Zwertbroek-1-684x1024.jpg\" class=\"image block-image-carousel__img\" alt=\"\" \/>\n\t\t\t<div class=\"image__caption-wrapper block-image-carousel__caption-wrapper\">\n\t\t\t<div class=\"image__caption block-image-carousel__caption\">\n\t\t\t\t<p class=\"paragraph paragraph__align--left paragraph__color--black paragraph__size--small paragraph__weight--medium\">\n\t\t<b>Tim Zwertbroek (2015-2019)<\/b> <i>&#045;<\/i> Beeld: Eigen foto\t<\/p>\t\t\t<\/div>\n\t\t<\/div>\n\t\t<\/div>\t\t\t\t\t<\/div>\n\t\t\t\t\t\t\t\t\t\t\t\t\t\t<div class=\"swiper-slide\">\n\t\t\t\t\t\t<div class=\"block-image-carousel__image-wrapper\">\n\n\t<img loading=\"lazy\" decoding=\"async\" width=\"683\" height=\"1024\" src=\"https:\/\/d66.nl\/provinciegroningen\/wp-content\/uploads\/sites\/350\/2022\/02\/Geert-Kamminga-683x1024.jpg\" class=\"image block-image-carousel__img\" alt=\"\" \/>\n\t\t\t<div class=\"image__caption-wrapper block-image-carousel__caption-wrapper\">\n\t\t\t<div class=\"image__caption block-image-carousel__caption\">\n\t\t\t\t<p class=\"paragraph paragraph__align--left paragraph__color--black paragraph__size--small paragraph__weight--medium\">\n\t\t<b>Geert Kamminga (2015-2019)<\/b> <i>&#045;<\/i> Beeld: Eigen foto\t<\/p>\t\t\t<\/div>\n\t\t<\/div>\n\t\t<\/div>\t\t\t\t\t<\/div>\n\t\t\t\t\t\t\t\t\t\t\t\t\t\t<div class=\"swiper-slide\">\n\t\t\t\t\t\t<div class=\"block-image-carousel__image-wrapper\">\n\n\t<img loading=\"lazy\" decoding=\"async\" width=\"200\" height=\"300\" src=\"https:\/\/d66.nl\/provinciegroningen\/wp-content\/uploads\/sites\/350\/2022\/02\/Bianca-Kruize.jpg\" class=\"image block-image-carousel__img\" alt=\"\" \/>\n\t\t\t<div class=\"image__caption-wrapper block-image-carousel__caption-wrapper\">\n\t\t\t<div class=\"image__caption block-image-carousel__caption\">\n\t\t\t\t<p class=\"paragraph paragraph__align--left paragraph__color--black paragraph__size--small paragraph__weight--medium\">\n\t\t<b>Bianca Kruize (2015-2019)<\/b> <i>&#045;<\/i> Beeld: Eigen foto\t<\/p>\t\t\t<\/div>\n\t\t<\/div>\n\t\t<\/div>\t\t\t\t\t<\/div>\n\t\t\t\t\t\t\t\t\t\t\t\t\t\t<div class=\"swiper-slide\">\n\t\t\t\t\t\t<div class=\"block-image-carousel__image-wrapper\">\n\n\t<img loading=\"lazy\" decoding=\"async\" width=\"200\" height=\"300\" src=\"https:\/\/d66.nl\/provinciegroningen\/wp-content\/uploads\/sites\/350\/2022\/02\/Henri-Schijf.jpg\" class=\"image block-image-carousel__img\" alt=\"\" \/>\n\t\t\t<div class=\"image__caption-wrapper block-image-carousel__caption-wrapper\">\n\t\t\t<div class=\"image__caption block-image-carousel__caption\">\n\t\t\t\t<p class=\"paragraph paragraph__align--left paragraph__color--black paragraph__size--small paragraph__weight--medium\">\n\t\t<b>Henri Schijf (2015-2019)<\/b> <i>&#045;<\/i> Beeld: Eigen foto\t<\/p>\t\t\t<\/div>\n\t\t<\/div>\n\t\t<\/div>\t\t\t\t\t<\/div>\n\t\t\t\t\t\t\t\t\t\t\t\t\t\t<div class=\"swiper-slide\">\n\t\t\t\t\t\t<div class=\"block-image-carousel__image-wrapper\">\n\n\t<img loading=\"lazy\" decoding=\"async\" width=\"680\" height=\"1021\" src=\"https:\/\/d66.nl\/provinciegroningen\/wp-content\/uploads\/sites\/350\/2022\/02\/Fleur-Graper-A-72dpi-voor-internet-18-11-2015-2.jpg\" class=\"image block-image-carousel__img\" alt=\"\" \/>\n\t\t\t<div class=\"image__caption-wrapper block-image-carousel__caption-wrapper\">\n\t\t\t<div class=\"image__caption block-image-carousel__caption\">\n\t\t\t\t<p class=\"paragraph paragraph__align--left paragraph__color--black paragraph__size--small paragraph__weight--medium\">\n\t\t<b>Fleur Gr\u00e4per-van Koolwijk (gedeputeerde, 2015-2019)<\/b> <i>&#045;<\/i> Beeld: Eigen foto\t<\/p>\t\t\t<\/div>\n\t\t<\/div>\n\t\t<\/div>\t\t\t\t\t<\/div>\n\t\t\t\t\t\t\t<\/div>\n\t\t<\/div>\n\t<\/div>\n\n\t\t\t<div class=\"carousel-slider-navigation js-carousel-slider-navigation carousel-slider-navigation__offset--only-large\">\n\t<div class=\"carousel-slider-navigation__fraction-pagination-wrapper\">\n\t\t<span class=\"custom-swiper-pagination-current\">1<\/span> \/ <span class=\"custom-swiper-pagination-total\">X<\/span>\n\t<\/div>\n\t<div class=\"carousel-slider-navigation__pagination-wrapper\">\n\t\t<div class=\"carousel-slider-navigation__pagination js-swiper-progressbar\"><\/div>\n\t<\/div>\n\t<div class=\"carousel-slider-navigation__navigation\">\n\t\t<button class=\"carousel-slider-navigation__nav-button carousel-slider-navigation__nav-button--prev js-swiper-prev\" aria-label=\"Previous slide\"><\/button>\n\t\t<button class=\"carousel-slider-navigation__nav-button carousel-slider-navigation__nav-button--next js-swiper-next\" aria-label=\"Next slide\"><\/button>\n\t<\/div>\n<\/div>\t\n<\/div>\t<\/div>\n\n<\/section>\n\t  <\/div>\n\t<\/div>\n  <\/div>\n\n\n<div\n  id=\"\"\n  class=\"wrapper  wrapper__spacing-bottom-large--50 wrapper__spacing-bottom-desktop--70 wrapper__spacing-bottom-mobile--50  wrapper__gutter--none\"\n  >\n  \t<div class=\"wrapper__container wrapper__container-width-large--default\">\n\t  <div class=\"wrapper__inner wrapper__width-large--18 wrapper__width-desktop--22 wrapper__width-mobile--24 wrapper__offset-large--6 wrapper__offset-desktop--2 wrapper__offset-mobile--0\">\n\t\t<section class=\"block-text-title\">\n\t<div class=\"block-text-title__title\">\n\t\t<h3 class=\"heading  heading__color--black heading__size--medium heading__font--sans heading__weight--semiBold  block-text-title__heading\" id=\"nav-2019-20231000\" data-nav-heading-mobile=\"2019-2023\">\n\t2019-2023<\/h3>\t<\/div>\n\t<div class=\"block-text-title__content\">\n\t\t<p class=\"paragraph paragraph__align--left paragraph__color--black paragraph__size--default\">\n\t\t\u200bNa de verkiezingen van 2019 verloor D66 een zetel. Het verlies was echter minder groot dan in andere delen van Nederland en het positivisme bij de Statenfractie was er dan ook niet minder om. Het verlies aan ervaring van Tim Zwertbroek, Bianca Kruize en Henri Schijf werd opgevangen met nieuwe Statenleden Peter Gerrits en Carin Tappel. Jurgen Elshof werd fractievertegenwoordiger en Fleur Gr\u00e4per-van Koolwijk mocht opnieuw deelnemen aan het College als gedeputeerde. Geert Kamminga bleef aan als Statenlid en werd fractievoorzitter van de driekoppige fractie. In september 2020 nam Carin afscheid als Statenlid en werd zij opgevolgd door Jurgen. Vervolgens kondigde Geert in december van datzelfde jaar aan eveneens te stoppen, waarna Peter het fractievoorzitterschap overnam en &#8216;oude bekende&#8217; Paula Benjamins-van Oudheusden de fractie weer compleet maakte.\t<\/p>\t<\/div>\n\n\t<div class=\"block-text-title__sidebar\">\n\t\t\n\t\t\n\t\t\t<\/div>\n<\/section>\n\t  <\/div>\n\t<\/div>\n  <\/div>\n\n\n<div\n  id=\"\"\n  class=\"wrapper  wrapper__spacing-bottom-large--80 wrapper__spacing-bottom-mobile--50  wrapper__gutter--none\"\n  >\n  \t<div class=\"wrapper__container wrapper__container-width-large--default\">\n\t  <div class=\"wrapper__inner wrapper__width-large--24 wrapper__width-mobile--24 wrapper__offset-large--5 wrapper__offset-desktop--0\">\n\t\t\n<section class=\"block-image-carousel js-block-image-carousel\">\n\n\t<div class=\"block-image-carousel__slider\">\n\n\t  <div class=\"carousel-slider js-carousel-slider carousel-slider__for--images\" data-is-slider-initialized=\"0\">\n\t<div class=\"carousel-slider__wrapper js-carousel-wrapper\">\n\t\t<div class=\"swiper\">\n\t\t\t<div class=\"swiper-wrapper\">\n\t\t\t\t\t\t\t\t\t\t\t\t\t\t<div class=\"swiper-slide\">\n\t\t\t\t\t\t<div class=\"block-image-carousel__image-wrapper\">\n\n\t<img loading=\"lazy\" decoding=\"async\" width=\"544\" height=\"366\" src=\"https:\/\/d66.nl\/provinciegroningen\/wp-content\/uploads\/sites\/350\/2022\/02\/Portret-Peter-Gerrits-2.jpg\" class=\"image block-image-carousel__img\" alt=\"\" \/>\n\t\t\t<div class=\"image__caption-wrapper block-image-carousel__caption-wrapper\">\n\t\t\t<div class=\"image__caption block-image-carousel__caption\">\n\t\t\t\t<p class=\"paragraph paragraph__align--left paragraph__color--black paragraph__size--small paragraph__weight--medium\">\n\t\t<b>Peter Gerrits (2019-heden)<\/b> <i>&#045;<\/i> Beeld: Provincie Groningen\t<\/p>\t\t\t<\/div>\n\t\t<\/div>\n\t\t<\/div>\t\t\t\t\t<\/div>\n\t\t\t\t\t\t\t\t\t\t\t\t\t\t<div class=\"swiper-slide\">\n\t\t\t\t\t\t<div class=\"block-image-carousel__image-wrapper\">\n\n\t<img loading=\"lazy\" decoding=\"async\" width=\"683\" height=\"1024\" src=\"https:\/\/d66.nl\/provinciegroningen\/wp-content\/uploads\/sites\/350\/2022\/02\/Geert-Kamminga-1-683x1024.jpg\" class=\"image block-image-carousel__img\" alt=\"\" \/>\n\t\t\t<div class=\"image__caption-wrapper block-image-carousel__caption-wrapper\">\n\t\t\t<div class=\"image__caption block-image-carousel__caption\">\n\t\t\t\t<p class=\"paragraph paragraph__align--left paragraph__color--black paragraph__size--small paragraph__weight--medium\">\n\t\t<b>Geert Kamminga (2019-2020)<\/b> <i>&#045;<\/i> Beeld: Eigen foto\t<\/p>\t\t\t<\/div>\n\t\t<\/div>\n\t\t<\/div>\t\t\t\t\t<\/div>\n\t\t\t\t\t\t\t\t\t\t\t\t\t\t<div class=\"swiper-slide\">\n\t\t\t\t\t\t<div class=\"block-image-carousel__image-wrapper\">\n\n\t<img loading=\"lazy\" decoding=\"async\" width=\"1024\" height=\"1024\" src=\"https:\/\/d66.nl\/provinciegroningen\/wp-content\/uploads\/sites\/350\/2022\/02\/Carin-Tappel-1024x1024.jpg\" class=\"image block-image-carousel__img\" alt=\"\" \/>\n\t\t\t<div class=\"image__caption-wrapper block-image-carousel__caption-wrapper\">\n\t\t\t<div class=\"image__caption block-image-carousel__caption\">\n\t\t\t\t<p class=\"paragraph paragraph__align--left paragraph__color--black paragraph__size--small paragraph__weight--medium\">\n\t\t<b>Carin Tappel (2019-2020)<\/b> <i>&#045;<\/i> Beeld: Eigen foto\t<\/p>\t\t\t<\/div>\n\t\t<\/div>\n\t\t<\/div>\t\t\t\t\t<\/div>\n\t\t\t\t\t\t\t\t\t\t\t\t\t\t<div class=\"swiper-slide\">\n\t\t\t\t\t\t<div class=\"block-image-carousel__image-wrapper\">\n\n\t<img loading=\"lazy\" decoding=\"async\" width=\"683\" height=\"1024\" src=\"https:\/\/d66.nl\/provinciegroningen\/wp-content\/uploads\/sites\/350\/2023\/02\/13-4-683x1024.jpg\" class=\"image block-image-carousel__img\" alt=\"\" \/>\n\t\t\t<div class=\"image__caption-wrapper block-image-carousel__caption-wrapper\">\n\t\t\t<div class=\"image__caption block-image-carousel__caption\">\n\t\t\t\t<p class=\"paragraph paragraph__align--left paragraph__color--black paragraph__size--small paragraph__weight--medium\">\n\t\t<b>Paula Benjamins-van Oudheusden<\/b> <i>&#045;<\/i> Beeld: Arend-Jan Wonink\t<\/p>\t\t\t<\/div>\n\t\t<\/div>\n\t\t<\/div>\t\t\t\t\t<\/div>\n\t\t\t\t\t\t\t\t\t\t\t\t\t\t<div class=\"swiper-slide\">\n\t\t\t\t\t\t<div class=\"block-image-carousel__image-wrapper\">\n\n\t<img loading=\"lazy\" decoding=\"async\" width=\"683\" height=\"1024\" src=\"https:\/\/d66.nl\/provinciegroningen\/wp-content\/uploads\/sites\/350\/2023\/01\/1-683x1024.jpg\" class=\"image block-image-carousel__img\" alt=\"\" \/>\n\t\t\t<div class=\"image__caption-wrapper block-image-carousel__caption-wrapper\">\n\t\t\t<div class=\"image__caption block-image-carousel__caption\">\n\t\t\t\t<p class=\"paragraph paragraph__align--left paragraph__color--black paragraph__size--small paragraph__weight--medium\">\n\t\t<b>Jurgen Elshof<\/b> <i>&#045;<\/i> Beeld: Arend-Jan Wonink\t<\/p>\t\t\t<\/div>\n\t\t<\/div>\n\t\t<\/div>\t\t\t\t\t<\/div>\n\t\t\t\t\t\t\t\t\t\t\t\t\t\t<div class=\"swiper-slide\">\n\t\t\t\t\t\t<div class=\"block-image-carousel__image-wrapper\">\n\n\t<img loading=\"lazy\" decoding=\"async\" width=\"1024\" height=\"777\" src=\"https:\/\/d66.nl\/provinciegroningen\/wp-content\/uploads\/sites\/350\/2022\/02\/Portret-Fleur-Graper-van-Koolwijk-1024x777.jpg\" class=\"image block-image-carousel__img\" alt=\"\" \/>\n\t\t\t<div class=\"image__caption-wrapper block-image-carousel__caption-wrapper\">\n\t\t\t<div class=\"image__caption block-image-carousel__caption\">\n\t\t\t\t<p class=\"paragraph paragraph__align--left paragraph__color--black paragraph__size--small paragraph__weight--medium\">\n\t\t<b>Fleur Gr\u00e4per-van Koolwijk (gedeputeerde, 2019-heden)<\/b> <i>&#045;<\/i> Beeld: Provincie Groningen\/Balanina Photography\t<\/p>\t\t\t<\/div>\n\t\t<\/div>\n\t\t<\/div>\t\t\t\t\t<\/div>\n\t\t\t\t\t\t\t<\/div>\n\t\t<\/div>\n\t<\/div>\n\n\t\t\t<div class=\"carousel-slider-navigation js-carousel-slider-navigation carousel-slider-navigation__offset--only-large\">\n\t<div class=\"carousel-slider-navigation__fraction-pagination-wrapper\">\n\t\t<span class=\"custom-swiper-pagination-current\">1<\/span> \/ <span class=\"custom-swiper-pagination-total\">X<\/span>\n\t<\/div>\n\t<div class=\"carousel-slider-navigation__pagination-wrapper\">\n\t\t<div class=\"carousel-slider-navigation__pagination js-swiper-progressbar\"><\/div>\n\t<\/div>\n\t<div class=\"carousel-slider-navigation__navigation\">\n\t\t<button class=\"carousel-slider-navigation__nav-button carousel-slider-navigation__nav-button--prev js-swiper-prev\" aria-label=\"Previous slide\"><\/button>\n\t\t<button class=\"carousel-slider-navigation__nav-button carousel-slider-navigation__nav-button--next js-swiper-next\" aria-label=\"Next slide\"><\/button>\n\t<\/div>\n<\/div>\t\n<\/div>\t<\/div>\n\n<\/section>\n\t  <\/div>\n\t<\/div>\n  <\/div>\n\n\n<div\n  id=\"\"\n  class=\"wrapper  wrapper__spacing-bottom-large--50 wrapper__spacing-bottom-desktop--70 wrapper__spacing-bottom-mobile--50  wrapper__gutter--none\"\n  >\n  \t<div class=\"wrapper__container wrapper__container-width-large--default\">\n\t  <div class=\"wrapper__inner wrapper__width-large--18 wrapper__width-desktop--22 wrapper__width-mobile--24 wrapper__offset-large--6 wrapper__offset-desktop--2 wrapper__offset-mobile--0\">\n\t\t<section class=\"block-text-title\">\n\t<div class=\"block-text-title__title\">\n\t\t<h3 class=\"heading  heading__color--black heading__size--medium heading__font--sans heading__weight--semiBold  block-text-title__heading\" id=\"nav-2023-heden6021\" data-nav-heading-mobile=\"2023-heden\">\n\t2023-heden<\/h3>\t<\/div>\n\t<div class=\"block-text-title__content\">\n\t\t<p class=\"paragraph paragraph__align--left paragraph__color--black paragraph__size--default\">\n\t\t\u200bMet het afscheid Fleur Gr\u00e4per-van Koolwijk als lijsttrekker en gedeputeerde, nam Sander Claassen in 2023 het stokje van haar over als de nieuwe lijsttrekker. D66 verloor een zetel en kwam met twee zetels in de oppositie terecht. De fractie bestond uit Sander en Paula Benjamins-van Oudheusden, die Statenlid bleef. Nieuwkomer Floor Buigel werd fractievertegenwoordiger. Dit alles betekende een afscheid van fractievoorzitter Peter Gerrits en Statenlid Jurgen Elshof. Jurgen bleef echter samen met Arjan de Boer en Kevin W\u00f3jcik op de achtergrond betrokken in de steunfractie.\t<\/p>\t<\/div>\n\n\t<div class=\"block-text-title__sidebar\">\n\t\t\n\t\t\n\t\t\t<\/div>\n<\/section>\n\t  <\/div>\n\t<\/div>\n  <\/div>\n\n\n<div\n  id=\"\"\n  class=\"wrapper  wrapper__spacing-bottom-large--80 wrapper__spacing-bottom-mobile--50  wrapper__gutter--none\"\n  >\n  \t<div class=\"wrapper__container wrapper__container-width-large--default\">\n\t  <div class=\"wrapper__inner wrapper__width-large--24 wrapper__width-mobile--24 wrapper__offset-large--5 wrapper__offset-desktop--0\">\n\t\t\n<section class=\"block-image-carousel js-block-image-carousel\">\n\n\t<div class=\"block-image-carousel__slider\">\n\n\t  <div class=\"carousel-slider js-carousel-slider carousel-slider__for--images\" data-is-slider-initialized=\"0\">\n\t<div class=\"carousel-slider__wrapper js-carousel-wrapper\">\n\t\t<div class=\"swiper\">\n\t\t\t<div class=\"swiper-wrapper\">\n\t\t\t\t\t\t\t\t\t\t\t\t\t\t<div class=\"swiper-slide\">\n\t\t\t\t\t\t<div class=\"block-image-carousel__image-wrapper\">\n\n\t<img loading=\"lazy\" decoding=\"async\" width=\"768\" height=\"573\" src=\"https:\/\/d66.nl\/provinciegroningen\/wp-content\/uploads\/sites\/350\/2022\/07\/WhatsApp-Image-2023-01-13-at-10.20.40-e1674147410242.jpeg\" class=\"image block-image-carousel__img\" alt=\"\" \/>\n\t\t\t<div class=\"image__caption-wrapper block-image-carousel__caption-wrapper\">\n\t\t\t<div class=\"image__caption block-image-carousel__caption\">\n\t\t\t\t<p class=\"paragraph paragraph__align--left paragraph__color--black paragraph__size--small paragraph__weight--medium\">\n\t\t<b>Sander Claassen<\/b> <i>&#045;<\/i> Beeld: D66\t<\/p>\t\t\t<\/div>\n\t\t<\/div>\n\t\t<\/div>\t\t\t\t\t<\/div>\n\t\t\t\t\t\t\t\t\t\t\t\t\t\t<div class=\"swiper-slide\">\n\t\t\t\t\t\t<div class=\"block-image-carousel__image-wrapper\">\n\n\t<img loading=\"lazy\" decoding=\"async\" width=\"1024\" height=\"683\" src=\"https:\/\/d66.nl\/provinciegroningen\/wp-content\/uploads\/sites\/350\/2023\/02\/13-3-1024x683.jpg\" class=\"image block-image-carousel__img\" alt=\"\" \/>\n\t\t\t<div class=\"image__caption-wrapper block-image-carousel__caption-wrapper\">\n\t\t\t<div class=\"image__caption block-image-carousel__caption\">\n\t\t\t\t<p class=\"paragraph paragraph__align--left paragraph__color--black paragraph__size--small paragraph__weight--medium\">\n\t\t<span style=\"color: red\">LET OP: auteursrechten ontbreken<\/span>. <a href=\"https:\/\/d66.nl\/provinciegroningen\/wp-admin\/upload.php?item=2800\">S.v.p. de auteursrechten invullen voor deze afbeelding<\/a> before using it.\t<\/p>\t\t\t<\/div>\n\t\t<\/div>\n\t\t<\/div>\t\t\t\t\t<\/div>\n\t\t\t\t\t\t\t\t\t\t\t\t\t\t<div class=\"swiper-slide\">\n\t\t\t\t\t\t<div class=\"block-image-carousel__image-wrapper\">\n\n\t<img loading=\"lazy\" decoding=\"async\" width=\"1024\" height=\"683\" src=\"https:\/\/d66.nl\/provinciegroningen\/wp-content\/uploads\/sites\/350\/2023\/01\/12-1024x683.jpg\" class=\"image block-image-carousel__img\" alt=\"\" \/>\n\t\t\t<div class=\"image__caption-wrapper block-image-carousel__caption-wrapper\">\n\t\t\t<div class=\"image__caption block-image-carousel__caption\">\n\t\t\t\t<p class=\"paragraph paragraph__align--left paragraph__color--black paragraph__size--small paragraph__weight--medium\">\n\t\t<b>Floor Buigel<\/b> <i>&#045;<\/i> Beeld: Arend-Jan Wonink\t<\/p>\t\t\t<\/div>\n\t\t<\/div>\n\t\t<\/div>\t\t\t\t\t<\/div>\n\t\t\t\t\t\t\t\t\t\t\t\t\t\t<div class=\"swiper-slide\">\n\t\t\t\t\t\t<div class=\"block-image-carousel__image-wrapper\">\n\n\t<img loading=\"lazy\" decoding=\"async\" width=\"683\" height=\"1024\" src=\"https:\/\/d66.nl\/provinciegroningen\/wp-content\/uploads\/sites\/350\/2023\/01\/1-683x1024.jpg\" class=\"image block-image-carousel__img\" alt=\"\" \/>\n\t\t\t<div class=\"image__caption-wrapper block-image-carousel__caption-wrapper\">\n\t\t\t<div class=\"image__caption block-image-carousel__caption\">\n\t\t\t\t<p class=\"paragraph paragraph__align--left paragraph__color--black paragraph__size--small paragraph__weight--medium\">\n\t\t<b>Jurgen Elshof<\/b> <i>&#045;<\/i> Beeld: Arend-Jan Wonink\t<\/p>\t\t\t<\/div>\n\t\t<\/div>\n\t\t<\/div>\t\t\t\t\t<\/div>\n\t\t\t\t\t\t\t\t\t\t\t\t\t\t<div class=\"swiper-slide\">\n\t\t\t\t\t\t<div class=\"block-image-carousel__image-wrapper\">\n\n\t<img loading=\"lazy\" decoding=\"async\" width=\"1024\" height=\"683\" src=\"https:\/\/d66.nl\/provinciegroningen\/wp-content\/uploads\/sites\/350\/2023\/01\/3-1024x683.jpg\" class=\"image block-image-carousel__img\" alt=\"\" \/>\n\t\t\t<div class=\"image__caption-wrapper block-image-carousel__caption-wrapper\">\n\t\t\t<div class=\"image__caption block-image-carousel__caption\">\n\t\t\t\t<p class=\"paragraph paragraph__align--left paragraph__color--black paragraph__size--small paragraph__weight--medium\">\n\t\t<b>Arjan de Boer<\/b> <i>&#045;<\/i> Kandidaat-Statenlid D66 Groningen PS2023 <i>&#x2022;<\/i> Beeld: Arend-Jan Wonink\t<\/p>\t\t\t<\/div>\n\t\t<\/div>\n\t\t<\/div>\t\t\t\t\t<\/div>\n\t\t\t\t\t\t\t\t\t\t\t\t\t\t<div class=\"swiper-slide\">\n\t\t\t\t\t\t<div class=\"block-image-carousel__image-wrapper\">\n\n\t<img loading=\"lazy\" decoding=\"async\" width=\"400\" height=\"467\" src=\"https:\/\/d66.nl\/provinciegroningen\/wp-content\/uploads\/sites\/350\/2023\/09\/FullSizeRender-2.jpg\" class=\"image block-image-carousel__img\" alt=\"\" \/>\n\t\t\t<div class=\"image__caption-wrapper block-image-carousel__caption-wrapper\">\n\t\t\t<div class=\"image__caption block-image-carousel__caption\">\n\t\t\t\t<p class=\"paragraph paragraph__align--left paragraph__color--black paragraph__size--small paragraph__weight--medium\">\n\t\t<b>Kevin W\u00f3jcik<\/b> <i>&#045;<\/i> Beeld: D66 Provincie Groningen\t<\/p>\t\t\t<\/div>\n\t\t<\/div>\n\t\t<\/div>\t\t\t\t\t<\/div>\n\t\t\t\t\t\t\t<\/div>\n\t\t<\/div>\n\t<\/div>\n\n\t\t\t<div class=\"carousel-slider-navigation js-carousel-slider-navigation carousel-slider-navigation__offset--only-large\">\n\t<div class=\"carousel-slider-navigation__fraction-pagination-wrapper\">\n\t\t<span class=\"custom-swiper-pagination-current\">1<\/span> \/ <span class=\"custom-swiper-pagination-total\">X<\/span>\n\t<\/div>\n\t<div class=\"carousel-slider-navigation__pagination-wrapper\">\n\t\t<div class=\"carousel-slider-navigation__pagination js-swiper-progressbar\"><\/div>\n\t<\/div>\n\t<div class=\"carousel-slider-navigation__navigation\">\n\t\t<button class=\"carousel-slider-navigation__nav-button carousel-slider-navigation__nav-button--prev js-swiper-prev\" aria-label=\"Previous slide\"><\/button>\n\t\t<button class=\"carousel-slider-navigation__nav-button carousel-slider-navigation__nav-button--next js-swiper-next\" aria-label=\"Next slide\"><\/button>\n\t<\/div>\n<\/div>\t\n<\/div>\t<\/div>\n\n<\/section>\n\t  <\/div>\n\t<\/div>\n  <\/div>\n","protected":false},"excerpt":{"rendered":"","protected":false},"author":385,"featured_media":941,"parent":0,"menu_order":0,"comment_status":"closed","ping_status":"closed","template":"","meta":{"_acf_changed":false,"footnotes":""},"themes-or-point-of-view":[],"labels":[],"search-tags":[],"class_list":["post-627","page","type-page","status-publish","has-post-thumbnail","hentry"],"acf":[],"yoast_head":"<!-- This site is optimized with the Yoast SEO plugin v27.3 - https:\/\/yoast.com\/product\/yoast-seo-wordpress\/ -->\n<title>D66 Provincie Groningen &#8212; De geschiedenis van D66 in de provincie<\/title>\n<meta name=\"robots\" content=\"index, follow, max-snippet:-1, max-image-preview:large, max-video-preview:-1\" \/>\n<link rel=\"canonical\" href=\"https:\/\/d66.nl\/provinciegroningen\/de-geschiedenis-van-d66-in-de-provincie\/\" \/>\n<meta property=\"og:locale\" content=\"nl_NL\" \/>\n<meta property=\"og:type\" content=\"article\" \/>\n<meta property=\"og:title\" content=\"D66 Provincie Groningen &#8212; De geschiedenis van D66 in de provincie\" \/>\n<meta property=\"og:url\" content=\"https:\/\/d66.nl\/provinciegroningen\/de-geschiedenis-van-d66-in-de-provincie\/\" \/>\n<meta property=\"og:site_name\" content=\"D66 Provincie Groningen\" \/>\n<meta property=\"article:modified_time\" content=\"2023-09-20T09:48:52+00:00\" \/>\n<meta property=\"og:image\" content=\"https:\/\/d66.nl\/provinciegroningen\/wp-content\/uploads\/sites\/350\/2022\/02\/Overzicht-affiches-.jpg\" \/>\n\t<meta property=\"og:image:width\" content=\"1457\" \/>\n\t<meta property=\"og:image:height\" content=\"848\" \/>\n\t<meta property=\"og:image:type\" content=\"image\/jpeg\" \/>\n<meta name=\"twitter:card\" content=\"summary_large_image\" \/>\n<script type=\"application\/ld+json\" class=\"yoast-schema-graph\">{\"@context\":\"https:\\\/\\\/schema.org\",\"@graph\":[{\"@type\":\"WebPage\",\"@id\":\"https:\\\/\\\/d66.nl\\\/provinciegroningen\\\/de-geschiedenis-van-d66-in-de-provincie\\\/\",\"url\":\"https:\\\/\\\/d66.nl\\\/provinciegroningen\\\/de-geschiedenis-van-d66-in-de-provincie\\\/\",\"name\":\"D66 Provincie Groningen &#8212; De geschiedenis van D66 in de provincie\",\"isPartOf\":{\"@id\":\"https:\\\/\\\/d66.nl\\\/provinciegroningen\\\/#website\"},\"primaryImageOfPage\":{\"@id\":\"https:\\\/\\\/d66.nl\\\/provinciegroningen\\\/de-geschiedenis-van-d66-in-de-provincie\\\/#primaryimage\"},\"image\":{\"@id\":\"https:\\\/\\\/d66.nl\\\/provinciegroningen\\\/de-geschiedenis-van-d66-in-de-provincie\\\/#primaryimage\"},\"thumbnailUrl\":\"https:\\\/\\\/d66.nl\\\/provinciegroningen\\\/wp-content\\\/uploads\\\/sites\\\/350\\\/2022\\\/02\\\/Overzicht-affiches-.jpg\",\"datePublished\":\"2022-02-28T15:24:13+00:00\",\"dateModified\":\"2023-09-20T09:48:52+00:00\",\"breadcrumb\":{\"@id\":\"https:\\\/\\\/d66.nl\\\/provinciegroningen\\\/de-geschiedenis-van-d66-in-de-provincie\\\/#breadcrumb\"},\"inLanguage\":\"nl-NL\",\"potentialAction\":[{\"@type\":\"ReadAction\",\"target\":[\"https:\\\/\\\/d66.nl\\\/provinciegroningen\\\/de-geschiedenis-van-d66-in-de-provincie\\\/\"]}]},{\"@type\":\"ImageObject\",\"inLanguage\":\"nl-NL\",\"@id\":\"https:\\\/\\\/d66.nl\\\/provinciegroningen\\\/de-geschiedenis-van-d66-in-de-provincie\\\/#primaryimage\",\"url\":\"https:\\\/\\\/d66.nl\\\/provinciegroningen\\\/wp-content\\\/uploads\\\/sites\\\/350\\\/2022\\\/02\\\/Overzicht-affiches-.jpg\",\"contentUrl\":\"https:\\\/\\\/d66.nl\\\/provinciegroningen\\\/wp-content\\\/uploads\\\/sites\\\/350\\\/2022\\\/02\\\/Overzicht-affiches-.jpg\",\"width\":1457,\"height\":848},{\"@type\":\"BreadcrumbList\",\"@id\":\"https:\\\/\\\/d66.nl\\\/provinciegroningen\\\/de-geschiedenis-van-d66-in-de-provincie\\\/#breadcrumb\",\"itemListElement\":[{\"@type\":\"ListItem\",\"position\":1,\"name\":\"Home\",\"item\":\"https:\\\/\\\/d66.nl\\\/provinciegroningen\\\/\"},{\"@type\":\"ListItem\",\"position\":2,\"name\":\"De geschiedenis van D66 in de provincie\"}]},{\"@type\":\"WebSite\",\"@id\":\"https:\\\/\\\/d66.nl\\\/provinciegroningen\\\/#website\",\"url\":\"https:\\\/\\\/d66.nl\\\/provinciegroningen\\\/\",\"name\":\"D66 Provincie Groningen\",\"description\":\"Stop stilstand. Stem vooruit.\",\"potentialAction\":[{\"@type\":\"SearchAction\",\"target\":{\"@type\":\"EntryPoint\",\"urlTemplate\":\"https:\\\/\\\/d66.nl\\\/provinciegroningen\\\/?s={search_term_string}\"},\"query-input\":{\"@type\":\"PropertyValueSpecification\",\"valueRequired\":true,\"valueName\":\"search_term_string\"}}],\"inLanguage\":\"nl-NL\"}]}<\/script>\n<!-- \/ Yoast SEO plugin. -->","yoast_head_json":{"title":"D66 Provincie Groningen &#8212; De geschiedenis van D66 in de provincie","robots":{"index":"index","follow":"follow","max-snippet":"max-snippet:-1","max-image-preview":"max-image-preview:large","max-video-preview":"max-video-preview:-1"},"canonical":"https:\/\/d66.nl\/provinciegroningen\/de-geschiedenis-van-d66-in-de-provincie\/","og_locale":"nl_NL","og_type":"article","og_title":"D66 Provincie Groningen &#8212; De geschiedenis van D66 in de provincie","og_url":"https:\/\/d66.nl\/provinciegroningen\/de-geschiedenis-van-d66-in-de-provincie\/","og_site_name":"D66 Provincie Groningen","article_modified_time":"2023-09-20T09:48:52+00:00","og_image":[{"width":1457,"height":848,"url":"https:\/\/d66.nl\/provinciegroningen\/wp-content\/uploads\/sites\/350\/2022\/02\/Overzicht-affiches-.jpg","type":"image\/jpeg"}],"twitter_card":"summary_large_image","schema":{"@context":"https:\/\/schema.org","@graph":[{"@type":"WebPage","@id":"https:\/\/d66.nl\/provinciegroningen\/de-geschiedenis-van-d66-in-de-provincie\/","url":"https:\/\/d66.nl\/provinciegroningen\/de-geschiedenis-van-d66-in-de-provincie\/","name":"D66 Provincie Groningen &#8212; De geschiedenis van D66 in de provincie","isPartOf":{"@id":"https:\/\/d66.nl\/provinciegroningen\/#website"},"primaryImageOfPage":{"@id":"https:\/\/d66.nl\/provinciegroningen\/de-geschiedenis-van-d66-in-de-provincie\/#primaryimage"},"image":{"@id":"https:\/\/d66.nl\/provinciegroningen\/de-geschiedenis-van-d66-in-de-provincie\/#primaryimage"},"thumbnailUrl":"https:\/\/d66.nl\/provinciegroningen\/wp-content\/uploads\/sites\/350\/2022\/02\/Overzicht-affiches-.jpg","datePublished":"2022-02-28T15:24:13+00:00","dateModified":"2023-09-20T09:48:52+00:00","breadcrumb":{"@id":"https:\/\/d66.nl\/provinciegroningen\/de-geschiedenis-van-d66-in-de-provincie\/#breadcrumb"},"inLanguage":"nl-NL","potentialAction":[{"@type":"ReadAction","target":["https:\/\/d66.nl\/provinciegroningen\/de-geschiedenis-van-d66-in-de-provincie\/"]}]},{"@type":"ImageObject","inLanguage":"nl-NL","@id":"https:\/\/d66.nl\/provinciegroningen\/de-geschiedenis-van-d66-in-de-provincie\/#primaryimage","url":"https:\/\/d66.nl\/provinciegroningen\/wp-content\/uploads\/sites\/350\/2022\/02\/Overzicht-affiches-.jpg","contentUrl":"https:\/\/d66.nl\/provinciegroningen\/wp-content\/uploads\/sites\/350\/2022\/02\/Overzicht-affiches-.jpg","width":1457,"height":848},{"@type":"BreadcrumbList","@id":"https:\/\/d66.nl\/provinciegroningen\/de-geschiedenis-van-d66-in-de-provincie\/#breadcrumb","itemListElement":[{"@type":"ListItem","position":1,"name":"Home","item":"https:\/\/d66.nl\/provinciegroningen\/"},{"@type":"ListItem","position":2,"name":"De geschiedenis van D66 in de provincie"}]},{"@type":"WebSite","@id":"https:\/\/d66.nl\/provinciegroningen\/#website","url":"https:\/\/d66.nl\/provinciegroningen\/","name":"D66 Provincie Groningen","description":"Stop stilstand. Stem vooruit.","potentialAction":[{"@type":"SearchAction","target":{"@type":"EntryPoint","urlTemplate":"https:\/\/d66.nl\/provinciegroningen\/?s={search_term_string}"},"query-input":{"@type":"PropertyValueSpecification","valueRequired":true,"valueName":"search_term_string"}}],"inLanguage":"nl-NL"}]}},"_links":{"self":[{"href":"https:\/\/d66.nl\/provinciegroningen\/wp-json\/wp\/v2\/pages\/627","targetHints":{"allow":["GET"]}}],"collection":[{"href":"https:\/\/d66.nl\/provinciegroningen\/wp-json\/wp\/v2\/pages"}],"about":[{"href":"https:\/\/d66.nl\/provinciegroningen\/wp-json\/wp\/v2\/types\/page"}],"author":[{"embeddable":true,"href":"https:\/\/d66.nl\/provinciegroningen\/wp-json\/wp\/v2\/users\/385"}],"replies":[{"embeddable":true,"href":"https:\/\/d66.nl\/provinciegroningen\/wp-json\/wp\/v2\/comments?post=627"}],"version-history":[{"count":10,"href":"https:\/\/d66.nl\/provinciegroningen\/wp-json\/wp\/v2\/pages\/627\/revisions"}],"predecessor-version":[{"id":3383,"href":"https:\/\/d66.nl\/provinciegroningen\/wp-json\/wp\/v2\/pages\/627\/revisions\/3383"}],"wp:featuredmedia":[{"embeddable":true,"href":"https:\/\/d66.nl\/provinciegroningen\/wp-json\/wp\/v2\/media\/941"}],"wp:attachment":[{"href":"https:\/\/d66.nl\/provinciegroningen\/wp-json\/wp\/v2\/media?parent=627"}],"wp:term":[{"taxonomy":"themes-or-point-of-view","embeddable":true,"href":"https:\/\/d66.nl\/provinciegroningen\/wp-json\/wp\/v2\/themes-or-point-of-view?post=627"},{"taxonomy":"labels","embeddable":true,"href":"https:\/\/d66.nl\/provinciegroningen\/wp-json\/wp\/v2\/labels?post=627"},{"taxonomy":"search-tags","embeddable":true,"href":"https:\/\/d66.nl\/provinciegroningen\/wp-json\/wp\/v2\/search-tags?post=627"}],"curies":[{"name":"wp","href":"https:\/\/api.w.org\/{rel}","templated":true}]}}