{"id":448,"date":"2021-12-28T22:33:05","date_gmt":"2021-12-28T22:33:05","guid":{"rendered":"https:\/\/d66.nl\/olst-wijhe\/?post_type=manifesto&#038;p=448"},"modified":"2022-02-06T19:21:29","modified_gmt":"2022-02-06T19:21:29","slug":"het-kloppende-hart-verenigingen-en-kernen","status":"publish","type":"manifesto","link":"https:\/\/d66.nl\/olst-wijhe\/verkiezingsprogramma\/het-kloppende-hart-verenigingen-en-kernen\/","title":{"rendered":"Het kloppende hart: verenigingen en kernen"},"content":{"rendered":"<div\n  id=\"\"\n  class=\"wrapper  wrapper__spacing-bottom-large--20  wrapper__gutter--none\"\n  >\n  \t<div class=\"wrapper__container wrapper__container-width-large--default\">\n\t  <div class=\"wrapper__inner wrapper__width-large--14 wrapper__width-desktop--22 wrapper__width-mobile--24 wrapper__offset-large--6 wrapper__offset-desktop--2 wrapper__offset-mobile--0\">\n\t\t<h2 class=\"heading heading__align--left heading__color--black heading__size--huge heading__font--sans heading__weight--semiBold  block-heading__heading\" id=\"nav-het-kloppende-hart---br-verenigingen-en-kernen5883\"  data-nav-heading-mobile=\"Het kloppende hart: verenigingen en kernen\" >\n\tHet kloppende hart: <br>verenigingen en kernen<\/h2>\t  <\/div>\n\t<\/div>\n  <\/div>\n\n\n<section\n  class=\"block-big-hero\"\n  style=\"background-image: url('https:\/\/d66.nl\/olst-wijhe\/wp-content\/uploads\/sites\/228\/2021\/12\/IMAG0165-scaled.jpg')\"\n  data-video-url=\"\"\n>\n  <div class=\"block-big-hero__wrapper\">\n\t<div class=\"block-big-hero__content-wrapper\">\n\t  <div class=\"block-big-hero__heading\">\n\t\t<h1 class=\"heading heading__align--left heading__color--black heading__size--huge  heading__weight--bold\" id=\"nav-5105\" data-nav-heading-mobile=\"\">\n\t<\/h1>\t  <\/div>\n\n\t  \n\t<\/div>\n\n\t\n  <\/div>\n<\/section>\n\n  <\/div>\n\n\n<div\n  id=\"\"\n  class=\"wrapper wrapper__spacing-top-large--30 wrapper__spacing-bottom-large--10 wrapper__spacing-bottom-desktop--70 wrapper__spacing-bottom-mobile--50  wrapper__gutter--none\"\n  >\n  \t<div class=\"wrapper__container wrapper__container-width-large--default\">\n\t  <div class=\"wrapper__inner wrapper__width-large--18 wrapper__width-desktop--22 wrapper__width-mobile--24 wrapper__offset-large--6 wrapper__offset-desktop--2 wrapper__offset-mobile--0\">\n\t\t<section class=\"block-post-content\">\n\t<div class=\"block-post-content__title\">\n\t\t<h3 class=\"heading  heading__color--black heading__size--medium heading__font--sans heading__weight--semiBold  block-post-content__heading\" id=\"nav-het-kloppende-hart5918\" data-nav-heading-mobile=\"Het kloppende hart\">\n\tHet kloppende hart<\/h3>\t<\/div>\n\t<div class=\"block-post-content__content\">\n\t\t\n<div\n  id=\"\"\n  class=\"wrapper  wrapper__spacing-bottom-large--30 wrapper__spacing-bottom-desktop--20  wrapper__gutter--none\"\n  >\n  \t<div class=\"wrapper__container wrapper__container-width-large--default\">\n\t  <div class=\"wrapper__inner wrapper__width-large--24 wrapper__width-mobile--24\">\n\t\t<p\n\t\tclass=\"paragraph paragraph__align--left paragraph__color--black paragraph__size--default   block-paragraph__paragraph\"\n\t\t\t>\n\t\tOnze verenigingen, kernen en clubs vormen het kloppende hart van ons leven in de gemeente. Hun vrijwilligers en leden weten heel goed wat er nodig is. D66 wil dat hun initiatieven kans krijgen zich te ontwikkelen met passende ondersteuning. De gemeente is hierbij de partner voor een levendig Olst-Wijhe.<br>Hieronder ziet u hoe wij dit willen bereiken. Misschien dat uw idee\u00ebn heeft om dit te verrijken, te verscherpen of te verbeteren. Dan kan u bijdragen aan dit levende programma.\t<\/p>\t  <\/div>\n\t<\/div>\n  <\/div>\n\n\t<\/div>\n\n\t<div class=\"block-post-content__sidebar\">\n\t\t\n\t\t\n\t\t\t<\/div>\n<\/section>\n\t  <\/div>\n\t<\/div>\n  <\/div>\n\n\n<div\n  id=\"\"\n  class=\"wrapper  wrapper__spacing-bottom-large--20  wrapper__gutter--default\"\n  >\n  \t<div class=\"wrapper__container wrapper__container-width-large--default\">\n\t  <div class=\"wrapper__inner wrapper__width-large--24 wrapper__width-mobile--24\">\n\t\t<div class=\"accordion js-accordion\" data-accordion-opened=\"0\">\n\t\n\t<button id=\"accordion-trigger-1438421059\" class=\"accordion__trigger js-accordion-trigger rs_preserve\" aria-label=\"D66 wil dat initiatiefnemers met de gemeente kunnen sparren over de beste uitvoering van hun idee\u00ebn.\" aria-controls>\n\t\t<div class=\"accordion__heading\">\n\t\t\t<h3 class=\"heading heading__align--left heading__color--black heading__size--default heading__font--sans heading__weight--medium\" id=\"nav-d66-wil-dat-initiatiefnemers-met-de-gemeente-kunnen-sparren-over-de-beste-uitvoering-van-hun-idee--n-7871\" data-nav-heading-mobile=\"D66 wil dat initiatiefnemers met de gemeente kunnen sparren over de beste uitvoering van hun idee\u00ebn.\">\n\tD66 wil dat initiatiefnemers met de gemeente kunnen sparren over de beste uitvoering van hun idee\u00ebn.<\/h3>\t\t<\/div>\n\t\t<div class=\"accordion__icon\" aria-hidden=\"true\"><\/div>\n\t<\/button>\n\n\t<section id=\"accordion-panel-1438421059\" class=\"accordion__panel js-accordion-panel\" aria-hidden=\"true\" aria-labelledby=\"accordion-trigger-1438421059\">\n\t\t<div class=\"accordion__content-wrapper\">\n\t\t\t<div class=\"accordion__col accordion__col--left\">\n\t\t\t\t<div class=\"accordion__description\">\n\t\t\t\t\t<p class=\"paragraph paragraph__align--left paragraph__color--black paragraph__size--default paragraph__weight--medium\">\n\t\tAan idee\u00ebn is het in onze gemeente geen gebrek. Maar soms hebben deze idee\u00ebn iets begeleiding nodig. Daarom willen wij dat initiatiefnemers met de gemeente kunnen sparren over de beste uitvoering van hun idee\u00ebn.\t<\/p>\t\t\t\t<\/div>\n\n\t\t\t\t\t\t\t\t\t<div class=\"accordion__arrow-link\">\n\t\t\t\t\t\t<a href=\"https:\/\/docs.google.com\/forms\/d\/e\/1FAIpQLSeByrGjN2CNwwrT0uzDoSjNVaaEH55nn6LZ4pux-r8fxfix5A\/viewform?usp=sf_link\" class=\"arrow-link arrow-link__size--default arrow-link__color--black\" id=\"\" title=\"Draag bij\">\n\t<span class=\"arrow-link__arrow\"><\/span>\n\t<span class=\"arrow-link__title\">Draag bij<\/span>\n<\/a>\t\t\t\t\t<\/div>\n\t\t\t\t\t\t\t<\/div>\n\t\t\t<div class=\"accordion__col accordion__col--right\">\n\t\t\t\t\t\t\t<\/div>\n\t\t<\/div>\n\t<\/section>\n\t<div aria-hidden=\"true\" class=\"accordion__border\"><\/div>\n<\/div>\t  <\/div>\n\t<\/div>\n  <\/div>\n\n\n<div\n  id=\"\"\n  class=\"wrapper  wrapper__spacing-bottom-large--20  wrapper__gutter--default\"\n  >\n  \t<div class=\"wrapper__container wrapper__container-width-large--default\">\n\t  <div class=\"wrapper__inner wrapper__width-large--24 wrapper__width-mobile--24\">\n\t\t<div class=\"accordion js-accordion\" data-accordion-opened=\"0\">\n\t\n\t<button id=\"accordion-trigger-2472855338\" class=\"accordion__trigger js-accordion-trigger rs_preserve\" aria-label=\"D66 gaat voor het behoud van ontmoetingsplekken in de kernen; dit is een gezamenlijke verantwoording van de kernen, inwoners, ondernemers en gemeente.\" aria-controls>\n\t\t<div class=\"accordion__heading\">\n\t\t\t<h3 class=\"heading heading__align--left heading__color--black heading__size--default heading__font--sans heading__weight--medium\" id=\"nav-d66-gaat-voor-het-behoud-van-ontmoetingsplekken-in-de-kernen--dit-is-een-gezamenlijke-verantwoording-van-de-kernen--inwoners--ondernemers-en-gemeente-1655\" data-nav-heading-mobile=\"D66 gaat voor het behoud van ontmoetingsplekken in de kernen; dit is een gezamenlijke verantwoording van de kernen, inwoners, ondernemers en gemeente.\">\n\tD66 gaat voor het behoud van ontmoetingsplekken in de kernen; dit is een gezamenlijke verantwoording van de kernen, inwoners, ondernemers en gemeente.<\/h3>\t\t<\/div>\n\t\t<div class=\"accordion__icon\" aria-hidden=\"true\"><\/div>\n\t<\/button>\n\n\t<section id=\"accordion-panel-2472855338\" class=\"accordion__panel js-accordion-panel\" aria-hidden=\"true\" aria-labelledby=\"accordion-trigger-2472855338\">\n\t\t<div class=\"accordion__content-wrapper\">\n\t\t\t<div class=\"accordion__col accordion__col--left\">\n\t\t\t\t<div class=\"accordion__description\">\n\t\t\t\t\t<p class=\"paragraph paragraph__align--left paragraph__color--black paragraph__size--default paragraph__weight--medium\">\n\t\tSamen kunnen zijn, dat is het cement van onze kernen. Daarom willen wij zo veel mogelijk ontmoetingsplekken in de kernen behouden, dit moet samen met iedereen. Een voorbeeld is ZorgWelsum. \t<\/p>\t\t\t\t<\/div>\n\n\t\t\t\t\t\t\t\t\t<div class=\"accordion__arrow-link\">\n\t\t\t\t\t\t<a href=\"https:\/\/docs.google.com\/forms\/d\/e\/1FAIpQLSeByrGjN2CNwwrT0uzDoSjNVaaEH55nn6LZ4pux-r8fxfix5A\/viewform?usp=sf_link\" class=\"arrow-link arrow-link__size--default arrow-link__color--black\" id=\"\" title=\"Draag bij\">\n\t<span class=\"arrow-link__arrow\"><\/span>\n\t<span class=\"arrow-link__title\">Draag bij<\/span>\n<\/a>\t\t\t\t\t<\/div>\n\t\t\t\t\t\t\t<\/div>\n\t\t\t<div class=\"accordion__col accordion__col--right\">\n\t\t\t\t\t\t\t<\/div>\n\t\t<\/div>\n\t<\/section>\n\t<div aria-hidden=\"true\" class=\"accordion__border\"><\/div>\n<\/div>\t  <\/div>\n\t<\/div>\n  <\/div>\n\n\n<div\n  id=\"\"\n  class=\"wrapper  wrapper__spacing-bottom-large--20  wrapper__gutter--default\"\n  >\n  \t<div class=\"wrapper__container wrapper__container-width-large--default\">\n\t  <div class=\"wrapper__inner wrapper__width-large--24 wrapper__width-mobile--24\">\n\t\t<div class=\"accordion js-accordion\" data-accordion-opened=\"0\">\n\t\n\t<button id=\"accordion-trigger-3313897562\" class=\"accordion__trigger js-accordion-trigger rs_preserve\" aria-label=\"D66 wil dat de gemeente faciliteert in het koppelen van co\u00f6peraties, verenigingen en stichtingen die vergelijkbare ambities hebben.\" aria-controls>\n\t\t<div class=\"accordion__heading\">\n\t\t\t<h3 class=\"heading heading__align--left heading__color--black heading__size--default heading__font--sans heading__weight--medium\" id=\"nav-d66-wil-dat-de-gemeente-faciliteert-in-het-koppelen-van-co--peraties--verenigingen-en-stichtingen-die-vergelijkbare-ambities-hebben-5184\" data-nav-heading-mobile=\"D66 wil dat de gemeente faciliteert in het koppelen van co\u00f6peraties, verenigingen en stichtingen die vergelijkbare ambities hebben.\">\n\tD66 wil dat de gemeente faciliteert in het koppelen van co\u00f6peraties, verenigingen en stichtingen die vergelijkbare ambities hebben.<\/h3>\t\t<\/div>\n\t\t<div class=\"accordion__icon\" aria-hidden=\"true\"><\/div>\n\t<\/button>\n\n\t<section id=\"accordion-panel-3313897562\" class=\"accordion__panel js-accordion-panel\" aria-hidden=\"true\" aria-labelledby=\"accordion-trigger-3313897562\">\n\t\t<div class=\"accordion__content-wrapper\">\n\t\t\t<div class=\"accordion__col accordion__col--left\">\n\t\t\t\t<div class=\"accordion__description\">\n\t\t\t\t\t<p class=\"paragraph paragraph__align--left paragraph__color--black paragraph__size--default paragraph__weight--medium\">\n\t\tAlleen ga je sneller, samen kom je verder. Vaak zijn verschillende groepen bezig met hetzelfde. Samenwerking is dan een plus. Een voorbeeld hiervan is het Sallands Energie Initiatief. \t<\/p>\t\t\t\t<\/div>\n\n\t\t\t\t\t\t\t\t\t<div class=\"accordion__arrow-link\">\n\t\t\t\t\t\t<a href=\"https:\/\/docs.google.com\/forms\/d\/e\/1FAIpQLSeByrGjN2CNwwrT0uzDoSjNVaaEH55nn6LZ4pux-r8fxfix5A\/viewform?usp=sf_link\" class=\"arrow-link arrow-link__size--default arrow-link__color--black\" id=\"\" title=\"Draag bij\">\n\t<span class=\"arrow-link__arrow\"><\/span>\n\t<span class=\"arrow-link__title\">Draag bij<\/span>\n<\/a>\t\t\t\t\t<\/div>\n\t\t\t\t\t\t\t<\/div>\n\t\t\t<div class=\"accordion__col accordion__col--right\">\n\t\t\t\t\t\t\t<\/div>\n\t\t<\/div>\n\t<\/section>\n\t<div aria-hidden=\"true\" class=\"accordion__border\"><\/div>\n<\/div>\t  <\/div>\n\t<\/div>\n  <\/div>\n\n\n<div\n  id=\"\"\n  class=\"wrapper  wrapper__spacing-bottom-large--20  wrapper__gutter--default\"\n  >\n  \t<div class=\"wrapper__container wrapper__container-width-large--default\">\n\t  <div class=\"wrapper__inner wrapper__width-large--24 wrapper__width-mobile--24\">\n\t\t<div class=\"accordion js-accordion\" data-accordion-opened=\"0\">\n\t\n\t<button id=\"accordion-trigger-690990189\" class=\"accordion__trigger js-accordion-trigger rs_preserve\" aria-label=\"D66 is voorstander van regionale samenwerking bij initiatieven die de gemeentegrenzen overstijgen.\" aria-controls>\n\t\t<div class=\"accordion__heading\">\n\t\t\t<h3 class=\"heading heading__align--left heading__color--black heading__size--default heading__font--sans heading__weight--medium\" id=\"nav-d66-is-voorstander-van-regionale-samenwerking-bij-initiatieven-die-de-gemeentegrenzen-overstijgen-5837\" data-nav-heading-mobile=\"D66 is voorstander van regionale samenwerking bij initiatieven die de gemeentegrenzen overstijgen.\">\n\tD66 is voorstander van regionale samenwerking bij initiatieven die de gemeentegrenzen overstijgen.<\/h3>\t\t<\/div>\n\t\t<div class=\"accordion__icon\" aria-hidden=\"true\"><\/div>\n\t<\/button>\n\n\t<section id=\"accordion-panel-690990189\" class=\"accordion__panel js-accordion-panel\" aria-hidden=\"true\" aria-labelledby=\"accordion-trigger-690990189\">\n\t\t<div class=\"accordion__content-wrapper\">\n\t\t\t<div class=\"accordion__col accordion__col--left\">\n\t\t\t\t<div class=\"accordion__description\">\n\t\t\t\t\t<p class=\"paragraph paragraph__align--left paragraph__color--black paragraph__size--default paragraph__weight--medium\">\n\t\tLokaal als het kan, regionaal als het beter is. Wij willen dat de gemeente waar mogelijk opzoek gaat naar samenwerking wanneer dit Olst-Wijhe ten goede komt. \t<\/p>\t\t\t\t<\/div>\n\n\t\t\t\t\t\t\t\t\t<div class=\"accordion__arrow-link\">\n\t\t\t\t\t\t<a href=\"https:\/\/docs.google.com\/forms\/d\/e\/1FAIpQLSeByrGjN2CNwwrT0uzDoSjNVaaEH55nn6LZ4pux-r8fxfix5A\/viewform?usp=sf_link\" class=\"arrow-link arrow-link__size--default arrow-link__color--black\" id=\"\" title=\"Draag bij\">\n\t<span class=\"arrow-link__arrow\"><\/span>\n\t<span class=\"arrow-link__title\">Draag bij<\/span>\n<\/a>\t\t\t\t\t<\/div>\n\t\t\t\t\t\t\t<\/div>\n\t\t\t<div class=\"accordion__col accordion__col--right\">\n\t\t\t\t\t\t\t<\/div>\n\t\t<\/div>\n\t<\/section>\n\t<div aria-hidden=\"true\" class=\"accordion__border\"><\/div>\n<\/div>\t  <\/div>\n\t<\/div>\n  <\/div>\n\n\n<div\n  id=\"\"\n  class=\"wrapper  wrapper__spacing-bottom-large--20  wrapper__gutter--default\"\n  >\n  \t<div class=\"wrapper__container wrapper__container-width-large--default\">\n\t  <div class=\"wrapper__inner wrapper__width-large--24 wrapper__width-mobile--24\">\n\t\t<div class=\"accordion js-accordion\" data-accordion-opened=\"0\">\n\t\n\t<button id=\"accordion-trigger-2917331041\" class=\"accordion__trigger js-accordion-trigger rs_preserve\" aria-label=\"D66 wil een centraal punt waar verenigingen gebruik kunnen maken van specialistische en bestuurlijke expertise.\" aria-controls>\n\t\t<div class=\"accordion__heading\">\n\t\t\t<h3 class=\"heading heading__align--left heading__color--black heading__size--default heading__font--sans heading__weight--medium\" id=\"nav-d66-wil-een-centraal-punt-waar-verenigingen-gebruik-kunnen-maken-van-specialistische-en-bestuurlijke-expertise-9444\" data-nav-heading-mobile=\"D66 wil een centraal punt waar verenigingen gebruik kunnen maken van specialistische en bestuurlijke expertise.\">\n\tD66 wil een centraal punt waar verenigingen gebruik kunnen maken van specialistische en bestuurlijke expertise.<\/h3>\t\t<\/div>\n\t\t<div class=\"accordion__icon\" aria-hidden=\"true\"><\/div>\n\t<\/button>\n\n\t<section id=\"accordion-panel-2917331041\" class=\"accordion__panel js-accordion-panel\" aria-hidden=\"true\" aria-labelledby=\"accordion-trigger-2917331041\">\n\t\t<div class=\"accordion__content-wrapper\">\n\t\t\t<div class=\"accordion__col accordion__col--left\">\n\t\t\t\t<div class=\"accordion__description\">\n\t\t\t\t\t<p class=\"paragraph paragraph__align--left paragraph__color--black paragraph__size--default paragraph__weight--medium\">\n\t\tVerenigingen ontbreekt het vaak niet aan enthousiasme maar wel aan expertise. Wij willen dat de gemeente een centraal punt cre\u00ebert waar verenigingen voor deze expertise terecht kunnen. \t<\/p>\t\t\t\t<\/div>\n\n\t\t\t\t\t\t\t\t\t<div class=\"accordion__arrow-link\">\n\t\t\t\t\t\t<a href=\"https:\/\/docs.google.com\/forms\/d\/e\/1FAIpQLSeByrGjN2CNwwrT0uzDoSjNVaaEH55nn6LZ4pux-r8fxfix5A\/viewform?usp=sf_link\" class=\"arrow-link arrow-link__size--default arrow-link__color--black\" id=\"\" title=\"Draag bij\">\n\t<span class=\"arrow-link__arrow\"><\/span>\n\t<span class=\"arrow-link__title\">Draag bij<\/span>\n<\/a>\t\t\t\t\t<\/div>\n\t\t\t\t\t\t\t<\/div>\n\t\t\t<div class=\"accordion__col accordion__col--right\">\n\t\t\t\t\t\t\t<\/div>\n\t\t<\/div>\n\t<\/section>\n\t<div aria-hidden=\"true\" class=\"accordion__border\"><\/div>\n<\/div>\t  <\/div>\n\t<\/div>\n  <\/div>\n\n\n<div\n  id=\"\"\n  class=\"wrapper  wrapper__spacing-bottom-large--20  wrapper__gutter--default\"\n  >\n  \t<div class=\"wrapper__container wrapper__container-width-large--default\">\n\t  <div class=\"wrapper__inner wrapper__width-large--24 wrapper__width-mobile--24\">\n\t\t<div class=\"accordion js-accordion\" data-accordion-opened=\"0\">\n\t\n\t<button id=\"accordion-trigger-3214011512\" class=\"accordion__trigger js-accordion-trigger rs_preserve\" aria-label=\"D66 wil een inlevende gemeente die vragen en verzoeken van verenigingen actief opvolgt.\" aria-controls>\n\t\t<div class=\"accordion__heading\">\n\t\t\t<h3 class=\"heading heading__align--left heading__color--black heading__size--default heading__font--sans heading__weight--medium\" id=\"nav-d66-wil-een-inlevende-gemeente-die-vragen-en-verzoeken-van-verenigingen-actief-opvolgt-6354\" data-nav-heading-mobile=\"D66 wil een inlevende gemeente die vragen en verzoeken van verenigingen actief opvolgt.\">\n\tD66 wil een inlevende gemeente die vragen en verzoeken van verenigingen actief opvolgt.<\/h3>\t\t<\/div>\n\t\t<div class=\"accordion__icon\" aria-hidden=\"true\"><\/div>\n\t<\/button>\n\n\t<section id=\"accordion-panel-3214011512\" class=\"accordion__panel js-accordion-panel\" aria-hidden=\"true\" aria-labelledby=\"accordion-trigger-3214011512\">\n\t\t<div class=\"accordion__content-wrapper\">\n\t\t\t<div class=\"accordion__col accordion__col--left\">\n\t\t\t\t<div class=\"accordion__description\">\n\t\t\t\t\t<p class=\"paragraph paragraph__align--left paragraph__color--black paragraph__size--default paragraph__weight--medium\">\n\t\tSoms zoeken bestuurders van verenigingen geen zakelijk antwoord, maar betrokkenheid. Wij willen dat de gemeente actief is betrokken bij onze verenigingen. E\u00e9n duidelijk contactpersoon helpt hierbij. \t<\/p>\t\t\t\t<\/div>\n\n\t\t\t\t\t\t\t\t\t<div class=\"accordion__arrow-link\">\n\t\t\t\t\t\t<a href=\"https:\/\/docs.google.com\/forms\/d\/e\/1FAIpQLSeByrGjN2CNwwrT0uzDoSjNVaaEH55nn6LZ4pux-r8fxfix5A\/viewform?usp=sf_link\" class=\"arrow-link arrow-link__size--default arrow-link__color--black\" id=\"\" title=\"Draag bij\">\n\t<span class=\"arrow-link__arrow\"><\/span>\n\t<span class=\"arrow-link__title\">Draag bij<\/span>\n<\/a>\t\t\t\t\t<\/div>\n\t\t\t\t\t\t\t<\/div>\n\t\t\t<div class=\"accordion__col accordion__col--right\">\n\t\t\t\t\t\t\t<\/div>\n\t\t<\/div>\n\t<\/section>\n\t<div aria-hidden=\"true\" class=\"accordion__border\"><\/div>\n<\/div>\t  <\/div>\n\t<\/div>\n  <\/div>\n\n\n<div\n  id=\"\"\n  class=\"wrapper  wrapper__spacing-bottom-large--20  wrapper__gutter--default\"\n  >\n  \t<div class=\"wrapper__container wrapper__container-width-large--default\">\n\t  <div class=\"wrapper__inner wrapper__width-large--24 wrapper__width-mobile--24\">\n\t\t<div class=\"accordion js-accordion\" data-accordion-opened=\"0\">\n\t\n\t<button id=\"accordion-trigger-704280974\" class=\"accordion__trigger js-accordion-trigger rs_preserve\" aria-label=\"D66 wil co\u00f6rdinatie op de activiteiten- en evenementenagenda.\" aria-controls>\n\t\t<div class=\"accordion__heading\">\n\t\t\t<h3 class=\"heading heading__align--left heading__color--black heading__size--default heading__font--sans heading__weight--medium\" id=\"nav-d66-wil-co--rdinatie-op-de-activiteiten--en-evenementenagenda-55\" data-nav-heading-mobile=\"D66 wil co\u00f6rdinatie op de activiteiten- en evenementenagenda.\">\n\tD66 wil co\u00f6rdinatie op de activiteiten- en evenementenagenda.<\/h3>\t\t<\/div>\n\t\t<div class=\"accordion__icon\" aria-hidden=\"true\"><\/div>\n\t<\/button>\n\n\t<section id=\"accordion-panel-704280974\" class=\"accordion__panel js-accordion-panel\" aria-hidden=\"true\" aria-labelledby=\"accordion-trigger-704280974\">\n\t\t<div class=\"accordion__content-wrapper\">\n\t\t\t<div class=\"accordion__col accordion__col--left\">\n\t\t\t\t<div class=\"accordion__description\">\n\t\t\t\t\t<p class=\"paragraph paragraph__align--left paragraph__color--black paragraph__size--default paragraph__weight--medium\">\n\t\tHoewel onze gemeente nu al een activiteiten- en evenementenagenda heeft is het nu nog onduidelijk wie hier de regie heeft. Wij willen dat de gemeente die regie pakt. \t<\/p>\t\t\t\t<\/div>\n\n\t\t\t\t\t\t\t\t\t<div class=\"accordion__arrow-link\">\n\t\t\t\t\t\t<a href=\"https:\/\/docs.google.com\/forms\/d\/e\/1FAIpQLSeByrGjN2CNwwrT0uzDoSjNVaaEH55nn6LZ4pux-r8fxfix5A\/viewform?usp=sf_link\" class=\"arrow-link arrow-link__size--default arrow-link__color--black\" id=\"\" title=\"Draag bij\">\n\t<span class=\"arrow-link__arrow\"><\/span>\n\t<span class=\"arrow-link__title\">Draag bij<\/span>\n<\/a>\t\t\t\t\t<\/div>\n\t\t\t\t\t\t\t<\/div>\n\t\t\t<div class=\"accordion__col accordion__col--right\">\n\t\t\t\t\t\t\t<\/div>\n\t\t<\/div>\n\t<\/section>\n\t<div aria-hidden=\"true\" class=\"accordion__border\"><\/div>\n<\/div>\t  <\/div>\n\t<\/div>\n  <\/div>\n\n\n<div\n  id=\"\"\n  class=\"wrapper  wrapper__spacing-bottom-large--20  wrapper__gutter--default\"\n  >\n  \t<div class=\"wrapper__container wrapper__container-width-large--default\">\n\t  <div class=\"wrapper__inner wrapper__width-large--24 wrapper__width-mobile--24\">\n\t\t<div class=\"accordion js-accordion\" data-accordion-opened=\"0\">\n\t\n\t<button id=\"accordion-trigger-1611828908\" class=\"accordion__trigger js-accordion-trigger rs_preserve\" aria-label=\"D66 wil dat de gemeente \u00e9\u00e9n toegankelijk contactpersoon heeft voor verenigingen.\" aria-controls>\n\t\t<div class=\"accordion__heading\">\n\t\t\t<h3 class=\"heading heading__align--left heading__color--black heading__size--default heading__font--sans heading__weight--medium\" id=\"nav-d66-wil-dat-de-gemeente-----n-toegankelijk-contactpersoon-heeft-voor-verenigingen-2691\" data-nav-heading-mobile=\"D66 wil dat de gemeente \u00e9\u00e9n toegankelijk contactpersoon heeft voor verenigingen.\">\n\tD66 wil dat de gemeente \u00e9\u00e9n toegankelijk contactpersoon heeft voor verenigingen.<\/h3>\t\t<\/div>\n\t\t<div class=\"accordion__icon\" aria-hidden=\"true\"><\/div>\n\t<\/button>\n\n\t<section id=\"accordion-panel-1611828908\" class=\"accordion__panel js-accordion-panel\" aria-hidden=\"true\" aria-labelledby=\"accordion-trigger-1611828908\">\n\t\t<div class=\"accordion__content-wrapper\">\n\t\t\t<div class=\"accordion__col accordion__col--left\">\n\t\t\t\t<div class=\"accordion__description\">\n\t\t\t\t\t<p class=\"paragraph paragraph__align--left paragraph__color--black paragraph__size--default paragraph__weight--medium\">\n\t\tE\u00e9n duidelijk en toegankelijk contactpersoon voor verenigingen zorgt dat er rust ontstaat en de verenigingen zich bezig kunnen houden met waar zij goed in zijn. \t<\/p>\t\t\t\t<\/div>\n\n\t\t\t\t\t\t\t\t\t<div class=\"accordion__arrow-link\">\n\t\t\t\t\t\t<a href=\"https:\/\/docs.google.com\/forms\/d\/e\/1FAIpQLSeByrGjN2CNwwrT0uzDoSjNVaaEH55nn6LZ4pux-r8fxfix5A\/viewform?usp=sf_link\" class=\"arrow-link arrow-link__size--default arrow-link__color--black\" id=\"\" title=\"Draag bij\">\n\t<span class=\"arrow-link__arrow\"><\/span>\n\t<span class=\"arrow-link__title\">Draag bij<\/span>\n<\/a>\t\t\t\t\t<\/div>\n\t\t\t\t\t\t\t<\/div>\n\t\t\t<div class=\"accordion__col accordion__col--right\">\n\t\t\t\t\t\t\t<\/div>\n\t\t<\/div>\n\t<\/section>\n\t<div aria-hidden=\"true\" class=\"accordion__border\"><\/div>\n<\/div>\t  <\/div>\n\t<\/div>\n  <\/div>\n\n\n<div\n  id=\"\"\n  class=\"wrapper  wrapper__spacing-bottom-large--20  wrapper__gutter--default\"\n  >\n  \t<div class=\"wrapper__container wrapper__container-width-large--default\">\n\t  <div class=\"wrapper__inner wrapper__width-large--24 wrapper__width-mobile--24\">\n\t\t<div class=\"accordion js-accordion\" data-accordion-opened=\"0\">\n\t\n\t<button id=\"accordion-trigger-2824662095\" class=\"accordion__trigger js-accordion-trigger rs_preserve\" aria-label=\"D66 wil succesvolle initiatieven in buurgemeenten ook in Olst-Wijhe gaan gebruiken.\u00a0\u00a0\" aria-controls>\n\t\t<div class=\"accordion__heading\">\n\t\t\t<h3 class=\"heading heading__align--left heading__color--black heading__size--default heading__font--sans heading__weight--medium\" id=\"nav-d66-wil-succesvolle-initiatieven-in-buurgemeenten-ook-in-olst-wijhe-gaan-gebruiken-----30\" data-nav-heading-mobile=\"D66 wil succesvolle initiatieven in buurgemeenten ook in Olst-Wijhe gaan gebruiken.\u00a0\u00a0\">\n\tD66 wil succesvolle initiatieven in buurgemeenten ook in Olst-Wijhe gaan gebruiken.\u00a0\u00a0<\/h3>\t\t<\/div>\n\t\t<div class=\"accordion__icon\" aria-hidden=\"true\"><\/div>\n\t<\/button>\n\n\t<section id=\"accordion-panel-2824662095\" class=\"accordion__panel js-accordion-panel\" aria-hidden=\"true\" aria-labelledby=\"accordion-trigger-2824662095\">\n\t\t<div class=\"accordion__content-wrapper\">\n\t\t\t<div class=\"accordion__col accordion__col--left\">\n\t\t\t\t<div class=\"accordion__description\">\n\t\t\t\t\t<p class=\"paragraph paragraph__align--left paragraph__color--black paragraph__size--default paragraph__weight--medium\">\n\t\tLiever goed gejat, dan slecht bedacht. Wanneer initiatieven in andere gemeentes goed werken, wil D66 dat Olst-Wijhe hiervan leert. \t<\/p>\t\t\t\t<\/div>\n\n\t\t\t\t\t\t\t\t\t<div class=\"accordion__arrow-link\">\n\t\t\t\t\t\t<a href=\"https:\/\/docs.google.com\/forms\/d\/e\/1FAIpQLSeByrGjN2CNwwrT0uzDoSjNVaaEH55nn6LZ4pux-r8fxfix5A\/viewform?usp=sf_link\" class=\"arrow-link arrow-link__size--default arrow-link__color--black\" id=\"\" title=\"Draag bij\">\n\t<span class=\"arrow-link__arrow\"><\/span>\n\t<span class=\"arrow-link__title\">Draag bij<\/span>\n<\/a>\t\t\t\t\t<\/div>\n\t\t\t\t\t\t\t<\/div>\n\t\t\t<div class=\"accordion__col accordion__col--right\">\n\t\t\t\t\t\t\t<\/div>\n\t\t<\/div>\n\t<\/section>\n\t<div aria-hidden=\"true\" class=\"accordion__border\"><\/div>\n<\/div>\t  <\/div>\n\t<\/div>\n  <\/div>\n\n\n<div\n  id=\"\"\n  class=\"wrapper  wrapper__spacing-bottom-large---10 wrapper__spacing-bottom-desktop--70 wrapper__spacing-bottom-mobile--50  wrapper__gutter--none\"\n  >\n  \t<div class=\"wrapper__container wrapper__container-width-large--default\">\n\t  <div class=\"wrapper__inner wrapper__width-large--18 wrapper__width-desktop--22 wrapper__width-mobile--24 wrapper__offset-large--6 wrapper__offset-desktop--2 wrapper__offset-mobile--0\">\n\t\t<section class=\"block-post-content\">\n\t<div class=\"block-post-content__title\">\n\t\t<h3 class=\"heading  heading__color--black heading__size--medium heading__font--sans heading__weight--semiBold  block-post-content__heading\" id=\"nav-levend-programma5646\" data-nav-heading-mobile=\"Levend programma\">\n\tLevend programma<\/h3>\t<\/div>\n\t<div class=\"block-post-content__content\">\n\t\t\n<div\n  id=\"\"\n  class=\"wrapper  wrapper__spacing-bottom-large--10 wrapper__spacing-bottom-desktop--20  wrapper__gutter--none\"\n  >\n  \t<div class=\"wrapper__container wrapper__container-width-large--default\">\n\t  <div class=\"wrapper__inner wrapper__width-large--24 wrapper__width-mobile--24\">\n\t\t<p\n\t\tclass=\"paragraph paragraph__align--left paragraph__color--black paragraph__size--default   block-paragraph__paragraph\"\n\t\t\t>\n\t\tD66 Olst-Wijhe heeft een toekomstbeeld voor Olst-Wijhe en heeft ook idee\u00ebn hiervoor. Maar twee weten er meer dan \u00e9\u00e9n. Dus ook een gemeente vol mensen weet meer dan \u00e9\u00e9n partij. Daarom hebben wij gekozen voor een levend verkiezingsprogramma.<br>\t<\/p>\t  <\/div>\n\t<\/div>\n  <\/div>\n\n\t<\/div>\n\n\t<div class=\"block-post-content__sidebar\">\n\t\t\n\t\t\n\t\t\t<\/div>\n<\/section>\n\t  <\/div>\n\t<\/div>\n  <\/div>\n\n\n<div\n  id=\"\"\n  class=\"wrapper  wrapper__spacing-bottom-large---10 wrapper__spacing-bottom-desktop--70 wrapper__spacing-bottom-mobile--50  wrapper__gutter--none\"\n  >\n  \t<div class=\"wrapper__container wrapper__container-width-large--default\">\n\t  <div class=\"wrapper__inner wrapper__width-large--18 wrapper__width-desktop--22 wrapper__width-mobile--24 wrapper__offset-large--6 wrapper__offset-desktop--2 wrapper__offset-mobile--0\">\n\t\t<section class=\"block-post-content\">\n\t<div class=\"block-post-content__title\">\n\t\t<h3 class=\"heading  heading__color--black heading__size--medium heading__font--sans heading__weight--semiBold  block-post-content__heading\" id=\"nav-uw-idee--n-in-de-onderhandeling6104\" data-nav-heading-mobile=\"Uw idee\u00ebn in de onderhandeling\">\n\tUw idee\u00ebn in de onderhandeling<\/h3>\t<\/div>\n\t<div class=\"block-post-content__content\">\n\t\t\n<div\n  id=\"\"\n  class=\"wrapper  wrapper__spacing-bottom-large--10 wrapper__spacing-bottom-desktop--20  wrapper__gutter--none\"\n  >\n  \t<div class=\"wrapper__container wrapper__container-width-large--default\">\n\t  <div class=\"wrapper__inner wrapper__width-large--24 wrapper__width-mobile--24\">\n\t\t<p\n\t\tclass=\"paragraph paragraph__align--left paragraph__color--black paragraph__size--default   block-paragraph__paragraph\"\n\t\t\t>\n\t\tHet levende verkiezingsprogramma is een programma dat groeit en evolueert. Uw idee\u00ebn en input dragen hieraan bij. We gaan graag in gesprek over hoe wij, samen als Olst-Wijhe, onze gemeente (nog) beter te maken. Wellicht heeft u suggesties voor de uitvoering of concrete voorbeelden. Misschien heeft u ook een aanvulling of toevoeging op het programma? Uw input kan worden &#8216;geadopteerd&#8217; en meegenomen in de vorming van de volgende coalitie.\t<\/p>\t  <\/div>\n\t<\/div>\n  <\/div>\n\n\t<\/div>\n\n\t<div class=\"block-post-content__sidebar\">\n\t\t\n\t\t\n\t\t\t<\/div>\n<\/section>\n\t  <\/div>\n\t<\/div>\n  <\/div>\n\n\n<div\n  id=\"\"\n  class=\"wrapper  wrapper__spacing-bottom-large--50 wrapper__spacing-bottom-desktop--70 wrapper__spacing-bottom-mobile--50  wrapper__gutter--none\"\n  >\n  \t<div class=\"wrapper__container wrapper__container-width-large--default\">\n\t  <div class=\"wrapper__inner wrapper__width-large--18 wrapper__width-desktop--22 wrapper__width-mobile--24 wrapper__offset-large--6 wrapper__offset-desktop--2 wrapper__offset-mobile--0\">\n\t\t<section class=\"block-post-content\">\n\t<div class=\"block-post-content__title\">\n\t\t<h3 class=\"heading  heading__color--black heading__size--medium heading__font--sans heading__weight--semiBold  block-post-content__heading\" id=\"nav-visie-als-fundament5668\" data-nav-heading-mobile=\"Visie als fundament\">\n\tVisie als fundament<\/h3>\t<\/div>\n\t<div class=\"block-post-content__content\">\n\t\t\n<div\n  id=\"\"\n  class=\"wrapper  wrapper__spacing-bottom-large---10 wrapper__spacing-bottom-desktop--20  wrapper__gutter--none\"\n  >\n  \t<div class=\"wrapper__container wrapper__container-width-large--default\">\n\t  <div class=\"wrapper__inner wrapper__width-large--24 wrapper__width-mobile--24\">\n\t\t<p\n\t\tclass=\"paragraph paragraph__align--left paragraph__color--black paragraph__size--default   block-paragraph__paragraph\"\n\t\t\t>\n\t\tD66 Olst-Wijhe heeft een visie op de toekomst voor Olst-Wijhe. Deze staan verwerkt in de zes thema&#8217;s en de punten hierbij. Deze visie blijft voor ons het fundament. Bijdrages zullen hier dan ook aan worden afgewogen. U kunt onze standpunten verscherpen en verbeteren, niet veranderen.\t<\/p>\t  <\/div>\n\t<\/div>\n  <\/div>\n\n\t<\/div>\n\n\t<div class=\"block-post-content__sidebar\">\n\t\t\n\t\t\n\t\t\t<\/div>\n<\/section>\n\t  <\/div>\n\t<\/div>\n  <\/div>\n\n\n<div\n  id=\"\"\n  class=\"wrapper  wrapper__spacing-bottom-large--50 wrapper__spacing-bottom-desktop--70 wrapper__spacing-bottom-mobile--50  wrapper__gutter--none\"\n  >\n  \t<div class=\"wrapper__container wrapper__container-width-large--default\">\n\t  <div class=\"wrapper__inner wrapper__width-large--18 wrapper__width-desktop--22 wrapper__width-mobile--24 wrapper__offset-large--6 wrapper__offset-desktop--2 wrapper__offset-mobile--0\">\n\t\t<section class=\"block-post-content\">\n\t<div class=\"block-post-content__title\">\n\t\t<h3 class=\"heading  heading__color--black heading__size--medium heading__font--sans heading__weight--bold  block-post-content__heading\" id=\"nav-9837\" data-nav-heading-mobile=\"\">\n\t<\/h3>\t<\/div>\n\t<div class=\"block-post-content__content\">\n\t\t\n<div\n  id=\"\"\n  class=\"wrapper  wrapper__spacing-bottom-large--100 wrapper__spacing-bottom-desktop--60 wrapper__spacing-bottom-mobile--40  wrapper__gutter--none\"\n  >\n  \t<div class=\"wrapper__container wrapper__container-width-large--default\">\n\t  <div class=\"wrapper__inner wrapper__width-large--24 wrapper__width-mobile--24\">\n\t\t<div class=\"cta block-cta__cta\">\n  <div class=\"box box__style--full-width-on-mobile cta__box\" style=\"--box-bg-color: var(--global-colors-romanSilver);--box-text-color: var(--global-colors-white)\">\n\t<h2 class=\"heading heading__align--left heading__color--white heading__size--largest heading__font--sans heading__weight--semiBold  cta__heading\" id=\"nav-deel-uw457\" data-nav-heading-mobile=\"Deel uw\">\n\tDeel uw<\/h2><div class=\"cta__image\">\n\n\t<img loading=\"lazy\" decoding=\"async\" width=\"1024\" height=\"683\" src=\"https:\/\/d66.nl\/olst-wijhe\/wp-content\/uploads\/sites\/228\/2022\/02\/Privacy_laptop-1024x683.jpg\" class=\"image cta__img\" alt=\"\" \/>\n\t<\/div><p class=\"paragraph paragraph__align--left paragraph__color--white paragraph__size--default paragraph__weight--medium  cta__paragraph\">\n\t\tidee\u00ebn, suggesties, voorbeelden of vragen! Wellicht adopteren wij uw verrijking voor de onderhandelingen!\t<\/p><div class=\"cta__buttons-wrapper\"><a href=\"https:\/\/docs.google.com\/forms\/d\/e\/1FAIpQLSeByrGjN2CNwwrT0uzDoSjNVaaEH55nn6LZ4pux-r8fxfix5A\/viewform?usp=sf_link\" class=\"btn btn__color--white btn__size--default btn__size-width--default    cta__btn\" id=\"\" title=\"Draag bij!\" data-last-site-id=\"1\">\n\t<div class=\"btn__top-wrapper\">\n\t\t\n\t\t<span class=\"btn__title\">\n\t\t\tDraag bij!\t\t<\/span>\n\n\t\t\t<\/div>\n\n\t<span class=\"btn__description\">\n\t\t\t<\/span>\n\n\t<span class=\"btn__spinner btn__spinner--white btn__spinner--default\" aria-hidden=\"true\"><\/span>\n<\/a><a href=\"https:\/\/docs.google.com\/forms\/d\/e\/1FAIpQLSeByrGjN2CNwwrT0uzDoSjNVaaEH55nn6LZ4pux-r8fxfix5A\/viewform?usp=sf_link\" class=\"btn--link\" id=\"\" title=\"\" data-last-site-id=\"1\">\n\t<div class=\"btn__top-wrapper\">\n\t\t\n\t\t<span class=\"btn__title\">\n\t\t\t\t\t<\/span>\n\n\t\t\t<\/div>\n\n\t<span class=\"btn__description\">\n\t\t\t<\/span>\n\n\t<span class=\"btn__spinner btn__spinner--transparent btn__spinner--default\" aria-hidden=\"true\"><\/span>\n<\/a><\/div><\/div><\/div>\t  <\/div>\n\t<\/div>\n  <\/div>\n\n\t<\/div>\n\n\t<div class=\"block-post-content__sidebar\">\n\t\t\n\t\t\n\t\t\t<\/div>\n<\/section>\n\t  <\/div>\n\t<\/div>\n  <\/div>\n","protected":false},"author":410,"featured_media":467,"parent":0,"menu_order":0,"template":"","meta":{"_acf_changed":false},"themes-or-point-of-view":[25],"search-tags":[],"class_list":["post-448","manifesto","type-manifesto","status-publish","has-post-thumbnail","hentry","themes-or-point-of-view-point-of-view"],"acf":[],"yoast_head":"<!-- This site is optimized with the Yoast SEO plugin v27.3 - https:\/\/yoast.com\/product\/yoast-seo-wordpress\/ -->\n<title>D66 Olst-Wijhe &#8212; Het kloppende hart: verenigingen en kernen | Verkiezingsprogramma<\/title>\n<meta name=\"robots\" content=\"index, follow, max-snippet:-1, max-image-preview:large, max-video-preview:-1\" \/>\n<link rel=\"canonical\" href=\"https:\/\/d66.nl\/olst-wijhe\/verkiezingsprogramma\/het-kloppende-hart-verenigingen-en-kernen\/\" \/>\n<meta property=\"og:locale\" content=\"nl_NL\" \/>\n<meta property=\"og:type\" content=\"article\" \/>\n<meta property=\"og:title\" content=\"D66 Olst-Wijhe &#8212; Het kloppende hart: verenigingen en kernen | Verkiezingsprogramma\" \/>\n<meta property=\"og:url\" content=\"https:\/\/d66.nl\/olst-wijhe\/verkiezingsprogramma\/het-kloppende-hart-verenigingen-en-kernen\/\" \/>\n<meta property=\"og:site_name\" content=\"D66 Olst-Wijhe\" \/>\n<meta property=\"article:modified_time\" content=\"2022-02-06T19:21:29+00:00\" \/>\n<meta property=\"og:image\" content=\"https:\/\/d66.nl\/olst-wijhe\/wp-content\/uploads\/sites\/228\/2021\/12\/IMAG0165-scaled.jpg\" \/>\n\t<meta property=\"og:image:width\" content=\"2560\" \/>\n\t<meta property=\"og:image:height\" content=\"1920\" \/>\n\t<meta property=\"og:image:type\" content=\"image\/jpeg\" \/>\n<meta name=\"twitter:card\" content=\"summary_large_image\" \/>\n<script type=\"application\/ld+json\" class=\"yoast-schema-graph\">{\"@context\":\"https:\\\/\\\/schema.org\",\"@graph\":[{\"@type\":\"WebPage\",\"@id\":\"https:\\\/\\\/d66.nl\\\/olst-wijhe\\\/verkiezingsprogramma\\\/het-kloppende-hart-verenigingen-en-kernen\\\/\",\"url\":\"https:\\\/\\\/d66.nl\\\/olst-wijhe\\\/verkiezingsprogramma\\\/het-kloppende-hart-verenigingen-en-kernen\\\/\",\"name\":\"D66 Olst-Wijhe &#8212; Het kloppende hart: verenigingen en kernen | Verkiezingsprogramma\",\"isPartOf\":{\"@id\":\"https:\\\/\\\/d66.nl\\\/olst-wijhe\\\/#website\"},\"primaryImageOfPage\":{\"@id\":\"https:\\\/\\\/d66.nl\\\/olst-wijhe\\\/verkiezingsprogramma\\\/het-kloppende-hart-verenigingen-en-kernen\\\/#primaryimage\"},\"image\":{\"@id\":\"https:\\\/\\\/d66.nl\\\/olst-wijhe\\\/verkiezingsprogramma\\\/het-kloppende-hart-verenigingen-en-kernen\\\/#primaryimage\"},\"thumbnailUrl\":\"https:\\\/\\\/d66.nl\\\/olst-wijhe\\\/wp-content\\\/uploads\\\/sites\\\/228\\\/2021\\\/12\\\/IMAG0165-scaled.jpg\",\"datePublished\":\"2021-12-28T22:33:05+00:00\",\"dateModified\":\"2022-02-06T19:21:29+00:00\",\"breadcrumb\":{\"@id\":\"https:\\\/\\\/d66.nl\\\/olst-wijhe\\\/verkiezingsprogramma\\\/het-kloppende-hart-verenigingen-en-kernen\\\/#breadcrumb\"},\"inLanguage\":\"nl-NL\",\"potentialAction\":[{\"@type\":\"ReadAction\",\"target\":[\"https:\\\/\\\/d66.nl\\\/olst-wijhe\\\/verkiezingsprogramma\\\/het-kloppende-hart-verenigingen-en-kernen\\\/\"]}]},{\"@type\":\"ImageObject\",\"inLanguage\":\"nl-NL\",\"@id\":\"https:\\\/\\\/d66.nl\\\/olst-wijhe\\\/verkiezingsprogramma\\\/het-kloppende-hart-verenigingen-en-kernen\\\/#primaryimage\",\"url\":\"https:\\\/\\\/d66.nl\\\/olst-wijhe\\\/wp-content\\\/uploads\\\/sites\\\/228\\\/2021\\\/12\\\/IMAG0165-scaled.jpg\",\"contentUrl\":\"https:\\\/\\\/d66.nl\\\/olst-wijhe\\\/wp-content\\\/uploads\\\/sites\\\/228\\\/2021\\\/12\\\/IMAG0165-scaled.jpg\",\"width\":2560,\"height\":1920},{\"@type\":\"BreadcrumbList\",\"@id\":\"https:\\\/\\\/d66.nl\\\/olst-wijhe\\\/verkiezingsprogramma\\\/het-kloppende-hart-verenigingen-en-kernen\\\/#breadcrumb\",\"itemListElement\":[{\"@type\":\"ListItem\",\"position\":1,\"name\":\"Home\",\"item\":\"https:\\\/\\\/d66.nl\\\/olst-wijhe\\\/\"},{\"@type\":\"ListItem\",\"position\":2,\"name\":\"Het kloppende hart: verenigingen en kernen\"}]},{\"@type\":\"WebSite\",\"@id\":\"https:\\\/\\\/d66.nl\\\/olst-wijhe\\\/#website\",\"url\":\"https:\\\/\\\/d66.nl\\\/olst-wijhe\\\/\",\"name\":\"D66 Olst-Wijhe\",\"description\":\"Just another D66 Sites site\",\"publisher\":{\"@id\":\"https:\\\/\\\/d66.nl\\\/olst-wijhe\\\/#organization\"},\"potentialAction\":[{\"@type\":\"SearchAction\",\"target\":{\"@type\":\"EntryPoint\",\"urlTemplate\":\"https:\\\/\\\/d66.nl\\\/olst-wijhe\\\/?s={search_term_string}\"},\"query-input\":{\"@type\":\"PropertyValueSpecification\",\"valueRequired\":true,\"valueName\":\"search_term_string\"}}],\"inLanguage\":\"nl-NL\"},{\"@type\":\"Organization\",\"@id\":\"https:\\\/\\\/d66.nl\\\/olst-wijhe\\\/#organization\",\"name\":\"D66\",\"url\":\"https:\\\/\\\/d66.nl\\\/olst-wijhe\\\/\",\"logo\":{\"@type\":\"ImageObject\",\"inLanguage\":\"nl-NL\",\"@id\":\"https:\\\/\\\/d66.nl\\\/olst-wijhe\\\/#\\\/schema\\\/logo\\\/image\\\/\",\"url\":\"https:\\\/\\\/d66.nl\\\/olst-wijhe\\\/wp-content\\\/uploads\\\/sites\\\/2\\\/2021\\\/10\\\/d66-themas-algemeen-og.png\",\"contentUrl\":\"https:\\\/\\\/d66.nl\\\/olst-wijhe\\\/wp-content\\\/uploads\\\/sites\\\/2\\\/2021\\\/10\\\/d66-themas-algemeen-og.png\",\"width\":1200,\"height\":628,\"caption\":\"D66\"},\"image\":{\"@id\":\"https:\\\/\\\/d66.nl\\\/olst-wijhe\\\/#\\\/schema\\\/logo\\\/image\\\/\"}}]}<\/script>\n<!-- \/ Yoast SEO plugin. -->","yoast_head_json":{"title":"D66 Olst-Wijhe &#8212; Het kloppende hart: verenigingen en kernen | Verkiezingsprogramma","robots":{"index":"index","follow":"follow","max-snippet":"max-snippet:-1","max-image-preview":"max-image-preview:large","max-video-preview":"max-video-preview:-1"},"canonical":"https:\/\/d66.nl\/olst-wijhe\/verkiezingsprogramma\/het-kloppende-hart-verenigingen-en-kernen\/","og_locale":"nl_NL","og_type":"article","og_title":"D66 Olst-Wijhe &#8212; Het kloppende hart: verenigingen en kernen | Verkiezingsprogramma","og_url":"https:\/\/d66.nl\/olst-wijhe\/verkiezingsprogramma\/het-kloppende-hart-verenigingen-en-kernen\/","og_site_name":"D66 Olst-Wijhe","article_modified_time":"2022-02-06T19:21:29+00:00","og_image":[{"width":2560,"height":1920,"url":"https:\/\/d66.nl\/olst-wijhe\/wp-content\/uploads\/sites\/228\/2021\/12\/IMAG0165-scaled.jpg","type":"image\/jpeg"}],"twitter_card":"summary_large_image","schema":{"@context":"https:\/\/schema.org","@graph":[{"@type":"WebPage","@id":"https:\/\/d66.nl\/olst-wijhe\/verkiezingsprogramma\/het-kloppende-hart-verenigingen-en-kernen\/","url":"https:\/\/d66.nl\/olst-wijhe\/verkiezingsprogramma\/het-kloppende-hart-verenigingen-en-kernen\/","name":"D66 Olst-Wijhe &#8212; Het kloppende hart: verenigingen en kernen | Verkiezingsprogramma","isPartOf":{"@id":"https:\/\/d66.nl\/olst-wijhe\/#website"},"primaryImageOfPage":{"@id":"https:\/\/d66.nl\/olst-wijhe\/verkiezingsprogramma\/het-kloppende-hart-verenigingen-en-kernen\/#primaryimage"},"image":{"@id":"https:\/\/d66.nl\/olst-wijhe\/verkiezingsprogramma\/het-kloppende-hart-verenigingen-en-kernen\/#primaryimage"},"thumbnailUrl":"https:\/\/d66.nl\/olst-wijhe\/wp-content\/uploads\/sites\/228\/2021\/12\/IMAG0165-scaled.jpg","datePublished":"2021-12-28T22:33:05+00:00","dateModified":"2022-02-06T19:21:29+00:00","breadcrumb":{"@id":"https:\/\/d66.nl\/olst-wijhe\/verkiezingsprogramma\/het-kloppende-hart-verenigingen-en-kernen\/#breadcrumb"},"inLanguage":"nl-NL","potentialAction":[{"@type":"ReadAction","target":["https:\/\/d66.nl\/olst-wijhe\/verkiezingsprogramma\/het-kloppende-hart-verenigingen-en-kernen\/"]}]},{"@type":"ImageObject","inLanguage":"nl-NL","@id":"https:\/\/d66.nl\/olst-wijhe\/verkiezingsprogramma\/het-kloppende-hart-verenigingen-en-kernen\/#primaryimage","url":"https:\/\/d66.nl\/olst-wijhe\/wp-content\/uploads\/sites\/228\/2021\/12\/IMAG0165-scaled.jpg","contentUrl":"https:\/\/d66.nl\/olst-wijhe\/wp-content\/uploads\/sites\/228\/2021\/12\/IMAG0165-scaled.jpg","width":2560,"height":1920},{"@type":"BreadcrumbList","@id":"https:\/\/d66.nl\/olst-wijhe\/verkiezingsprogramma\/het-kloppende-hart-verenigingen-en-kernen\/#breadcrumb","itemListElement":[{"@type":"ListItem","position":1,"name":"Home","item":"https:\/\/d66.nl\/olst-wijhe\/"},{"@type":"ListItem","position":2,"name":"Het kloppende hart: verenigingen en kernen"}]},{"@type":"WebSite","@id":"https:\/\/d66.nl\/olst-wijhe\/#website","url":"https:\/\/d66.nl\/olst-wijhe\/","name":"D66 Olst-Wijhe","description":"Just another D66 Sites site","publisher":{"@id":"https:\/\/d66.nl\/olst-wijhe\/#organization"},"potentialAction":[{"@type":"SearchAction","target":{"@type":"EntryPoint","urlTemplate":"https:\/\/d66.nl\/olst-wijhe\/?s={search_term_string}"},"query-input":{"@type":"PropertyValueSpecification","valueRequired":true,"valueName":"search_term_string"}}],"inLanguage":"nl-NL"},{"@type":"Organization","@id":"https:\/\/d66.nl\/olst-wijhe\/#organization","name":"D66","url":"https:\/\/d66.nl\/olst-wijhe\/","logo":{"@type":"ImageObject","inLanguage":"nl-NL","@id":"https:\/\/d66.nl\/olst-wijhe\/#\/schema\/logo\/image\/","url":"https:\/\/d66.nl\/olst-wijhe\/wp-content\/uploads\/sites\/2\/2021\/10\/d66-themas-algemeen-og.png","contentUrl":"https:\/\/d66.nl\/olst-wijhe\/wp-content\/uploads\/sites\/2\/2021\/10\/d66-themas-algemeen-og.png","width":1200,"height":628,"caption":"D66"},"image":{"@id":"https:\/\/d66.nl\/olst-wijhe\/#\/schema\/logo\/image\/"}}]}},"_links":{"self":[{"href":"https:\/\/d66.nl\/olst-wijhe\/wp-json\/wp\/v2\/verkiezingsprogramma\/448","targetHints":{"allow":["GET"]}}],"collection":[{"href":"https:\/\/d66.nl\/olst-wijhe\/wp-json\/wp\/v2\/verkiezingsprogramma"}],"about":[{"href":"https:\/\/d66.nl\/olst-wijhe\/wp-json\/wp\/v2\/types\/manifesto"}],"author":[{"embeddable":true,"href":"https:\/\/d66.nl\/olst-wijhe\/wp-json\/wp\/v2\/users\/410"}],"wp:featuredmedia":[{"embeddable":true,"href":"https:\/\/d66.nl\/olst-wijhe\/wp-json\/wp\/v2\/media\/467"}],"wp:attachment":[{"href":"https:\/\/d66.nl\/olst-wijhe\/wp-json\/wp\/v2\/media?parent=448"}],"wp:term":[{"taxonomy":"themes-or-point-of-view","embeddable":true,"href":"https:\/\/d66.nl\/olst-wijhe\/wp-json\/wp\/v2\/themes-or-point-of-view?post=448"},{"taxonomy":"search-tags","embeddable":true,"href":"https:\/\/d66.nl\/olst-wijhe\/wp-json\/wp\/v2\/search-tags?post=448"}],"curies":[{"name":"wp","href":"https:\/\/api.w.org\/{rel}","templated":true}]}}