{"id":1591,"date":"2022-12-14T12:41:16","date_gmt":"2022-12-14T12:41:16","guid":{"rendered":"https:\/\/d66.nl\/noordholland\/?post_type=people-type&#038;p=1591"},"modified":"2026-04-13T18:27:49","modified_gmt":"2026-04-13T18:27:49","slug":"wesley-van-der-heijden","status":"publish","type":"people-type","link":"https:\/\/d66.nl\/noordholland\/mensen\/wesley-van-der-heijden\/","title":{"rendered":"Wesley van der Heijden"},"content":{"rendered":"<div\n  id=\"\"\n  class=\"wrapper  wrapper__spacing-bottom-large--50 wrapper__spacing-bottom-desktop--66 wrapper__spacing-bottom-mobile--76  wrapper__gutter--none\"\n  >\n  \t<div class=\"wrapper__container wrapper__container-width-large--default\">\n\t  <div class=\"wrapper__inner wrapper__width-large--14 wrapper__width-desktop--20 wrapper__width-mobile--24 wrapper__offset-large--6 wrapper__offset-desktop--4 wrapper__offset-mobile--0\">\n\t\t<h1 class=\"heading   heading__size--giant heading__font--serif heading__weight--regular  block-heading__heading\" id=\"nav-wesley-van-der-heijden5483\"  data-nav-heading-mobile=\"Wesley van der Heijden\" >\n\tWesley van der Heijden<\/h1>\t  <\/div>\n\t<\/div>\n  <\/div>\n\n\n<div\n  id=\"\"\n  class=\"wrapper  wrapper__spacing-bottom-large--110 wrapper__spacing-bottom-desktop--60 wrapper__spacing-bottom-mobile--50  wrapper__gutter--none\"\n  >\n  \t<div class=\"wrapper__container wrapper__container-width-large--default\">\n\t  <div class=\"wrapper__inner wrapper__width-large--24 wrapper__width-mobile--24\">\n\t\t<section class=\"block-video\">\n\t<div\n\t\tclass=\"block-video__video-wrapper\"\n\t\tstyle=\"background-image: url('https:\/\/media.d66.nl\/uploads\/sites\/340\/2026\/04\/1b264d1c-3aa4-4588-8dc7-5240b8370489.jpeg')\"\n\t>\n\t\t\t<\/div>\n\n\t\t\t<div class=\"block-video__caption-wrapper\">\n\t\t\t<div class=\"block-video__caption\">\n\t\t\t\t<p class=\"paragraph paragraph__align--left paragraph__color--black paragraph__size--small paragraph__weight--medium\">\n\t\t<b>Wesley van der Heijden<\/b> <i>&#045;<\/i> Beeld: D66-LaD\t<\/p>\t\t\t<\/div>\n\t\t<\/div>\n\t\n<\/section>\n\n\t  <\/div>\n\t<\/div>\n  <\/div>\n\n\n<div\n  id=\"\"\n  class=\"wrapper  wrapper__spacing-bottom-large--30 wrapper__spacing-bottom-desktop--20  wrapper__gutter--none\"\n  >\n  \t<div class=\"wrapper__container wrapper__container-width-large--default\">\n\t  <div class=\"wrapper__inner wrapper__width-large--24 wrapper__width-mobile--24\">\n\t\t<p\n\t\tclass=\"paragraph paragraph__align--center paragraph__color--black paragraph__size--big   block-paragraph__paragraph\"\n\t\t\t>\n\t\tDuo-commissielid met woordvoerderschap gezonde leefomgeving &amp; milieu, (circulaire) economie, bestuur, recreatie &amp; toerisme. <br>Lid van de commissie leefomgeving en de commissie bestuur. <br>Eerste aanspreekpunt voor de IJmond en de kop van Noord-Holland.<br>Wesley was enkele maanden tijdelijk Statenlid en is daarna op 2 oktober 2023<br> ge\u00efnstalleerd als duo-commissielid.\t<\/p>\t  <\/div>\n\t<\/div>\n  <\/div>\n\n\n<div\n  id=\"\"\n  class=\"wrapper  wrapper__spacing-bottom-large--10 wrapper__spacing-bottom-desktop--70 wrapper__spacing-bottom-mobile--50  wrapper__gutter--none\"\n  >\n  \t<div class=\"wrapper__container wrapper__container-width-large--default\">\n\t  <div class=\"wrapper__inner wrapper__width-large--18 wrapper__width-desktop--22 wrapper__width-mobile--24 wrapper__offset-large--6 wrapper__offset-desktop--2 wrapper__offset-mobile--0\">\n\t\t<section class=\"block-people-introduction\">\n\t<div class=\"block-people-introduction__content\">\n\t\t<p class=\"paragraph paragraph__align--left paragraph__color--black paragraph__size--big\">\n\t\tOver Wesley\t<\/p><section class=\"people-bullet-point-card block-people-introduction__people-bullet-point-card\" style=\"--bg-color: var(--global-colors-texasRose)\">\n\t<div class=\"people-bullet-point-card__wrapper\">\n\t\t<div class=\"people-bullet-point-card__title\">\n\t\t\t<h2 class=\"heading    heading__font--sans heading__weight--bold\" id=\"nav-over-wesley4490\" data-nav-heading-mobile=\"Over Wesley\">\n\tOver Wesley<\/h2>\t\t\t<div aria-hidden=\"true\" class=\"people-bullet-point-card__border\"><\/div>\n\t\t<\/div>\n\t\t<div class=\"people-bullet-point-card__info\">\n\t\t\t<ul class=\"lists\">\n\t\t\t\t<li><label>Leeftijd<\/label><span>29 jaar<\/span><\/li>\t\t\t\t<li><label>Geboorteplaats<\/label><span>Geldrop<\/span><\/li>\t\t\t\t<li><label>Woonplaats<\/label><span>Beverwijk<\/span><\/li>\t\t\t\t<li><label>Voornaamwoorden<\/label><span>Hij\/hem<\/span><\/li>\t\t\t<\/ul>\n\t\t\t\t\t<\/div>\n\t\t\t\t\t<div class=\"people-bullet-point-card__email\">\n\t\t\t\t<span>\n\t\t\t\t\tStuur Wesley een <a href=\"mailto:wesley.van.der.heijden@noord-holland.nl\">e-mail<\/a>\t\t\t\t<\/span>\n\t\t\t<\/div>\n\t\t\n\t\t\t\t\t<div aria-hidden=\"true\" class=\"people-bullet-point-card__border\"><\/div>\n\t\t\t<div class=\"people-bullet-point-card__socialmedia\">\n\t\t\t\t<ul class=\"people-bullet-point-card__sm_panel\"><li><a href=\"https:\/\/www.instagram.com\/wesleyd66\/\" target=\"_blank\">Ig<\/a><\/li><li><a href=\"https:\/\/www.linkedin.com\/in\/wesley-v-994a6910b\/\" target=\"_blank\">Li<\/a><\/li><\/ul>\t\t\t<\/div>\n\t\t\n\t\t\t<\/div>\n<\/section><p class=\"paragraph paragraph__align--left paragraph__color--black paragraph__size--default\">\n\t\tTwee jaar geleden kwam ik voor de liefde naar Noord-Holland en woon nu in de IJmond. Vanaf dag 1 voel ik me verbonden met deze provincie en zie hoeveel mooie plekken er zijn. Het behouden en versterken van onze natuur in harmonie met de opgaven die we hebben op het gebied van woningbouw, energietransitie en klimaat.<br><br><em>Wesley heeft Am\u00e9lie Strens vervangen als Statenlid tijdens haar zwangerschapsverlof in de maanden mei-augustus 2023.<\/em><br>Wesley is telefonisch te bereiken op 06-2533-6948.\t<\/p><div class=\"content-accordion js-content-accordion\" data-accordion-opened=\"0\">\n\n\t\t\t<div aria-hidden=\"true\" class=\"content-accordion__border\"><\/div>\n\t\n\t<button id=\"content-accordion-trigger-3174404608\" class=\"content-accordion__trigger js-content-accordion-trigger\" aria-label=\"Expertises (portefeuilles)\" aria-controls>\n\t\t<div class=\"content-accordion__heading\">\n\t\t\t<h3 class=\"heading   heading__size--medium heading__font--sans heading__weight--bold\" id=\"nav-expertises--portefeuilles-1161\">\n\tExpertises (portefeuilles)<\/h3>\t\t<\/div>\n\t\t<div class=\"content-accordion__icon\" aria-hidden=\"true\"><\/div>\n\t<\/button>\n\n\t<section id=\"content-accordion-panel-3174404608\" class=\"content-accordion__panel js-content-accordion-panel\" aria-hidden=\"true\" aria-labelledby=\"content-accordion-trigger-3174404608\">\n\t\t<div class=\"content-accordion__content-wrapper\">\n\t\t\t<div class=\"content-accordion__description\">\n\t\t\t\tWesley voert in de provinciale commissie bestuur \u00e9n de commissie leefomgeving het woord over diverse onderwerpen. Hij is (mede-)woordvoerder op de beleidsterreinen financien, gezonde leefomgeving &amp; milieu, (circulaire) economie, bestuur, recreatie &amp; toerisme.\t\t\t<\/div>\n\t\t<\/div>\n\t<\/section>\n\t<div aria-hidden=\"true\" class=\"content-accordion__border\"><\/div>\n<\/div><div class=\"content-accordion js-content-accordion\" data-accordion-opened=\"0\">\n\n\t\n\t<button id=\"content-accordion-trigger-3832956227\" class=\"content-accordion__trigger js-content-accordion-trigger\" aria-label=\"Functie historie\" aria-controls>\n\t\t<div class=\"content-accordion__heading\">\n\t\t\t<h3 class=\"heading   heading__size--medium heading__font--sans heading__weight--bold\" id=\"nav-functie-historie4104\">\n\tFunctie historie<\/h3>\t\t<\/div>\n\t\t<div class=\"content-accordion__icon\" aria-hidden=\"true\"><\/div>\n\t<\/button>\n\n\t<section id=\"content-accordion-panel-3832956227\" class=\"content-accordion__panel js-content-accordion-panel\" aria-hidden=\"true\" aria-labelledby=\"content-accordion-trigger-3832956227\">\n\t\t<div class=\"content-accordion__content-wrapper\">\n\t\t\t<div class=\"content-accordion__description\">\n\t\t\t\t<ul class=\"content-accordion lists content-accordion__lists lists__weight--medium lists__color--black lists__type--default\"><li><label>2017-2018<\/label><span>Leerkracht basisonderwijs<\/span><\/li><li><label>2018-2019<\/label><span>Recruiter bij Roler Onderwijs<\/span><\/li><li><label>2019-2021<\/label><span>Trainee bij De Toekomst van Brabant<\/span><\/li><li><label>2018-heden<\/label><span>Vrijwilliger bij FIRST Lego League<\/span><\/li><li><label>2021-2023<\/label><span>Bestuursadviseur Waterschap Amstel, Gooi en Vecht<\/span><\/li><li><label>2023-2025<\/label><span>Stakeholdermanager NS<\/span><\/li><li><label>2023-heden<\/label><span>Duo-commissielid D66 Noord-Holland<\/span><\/li><li><label>2025-heden<\/label><span>Directie-adviseur bij UWV Werkbedrijf<\/span><\/li><\/ul>\t\t\t<\/div>\n\t\t<\/div>\n\t<\/section>\n\t<div aria-hidden=\"true\" class=\"content-accordion__border\"><\/div>\n<\/div>\t<\/div>\n<\/section>\n\t  <\/div>\n\t<\/div>\n  <\/div>\n\n\n<div\n  id=\"\"\n  class=\"wrapper  wrapper__spacing-bottom-large--50 wrapper__spacing-bottom-desktop--40 wrapper__spacing-bottom-mobile--40  wrapper__gutter--none\"\n  >\n  \t<div class=\"wrapper__container wrapper__container-width-large--default\">\n\t  <div class=\"wrapper__inner wrapper__width-large--24 wrapper__width-mobile--24\">\n\t\t<a\thref=\"https:\/\/www.noord-holland.nl\/Bestuur\/Provinciale_Staten\/Duo_commissieleden\/Duo_commissieleden_D66\/Heijden_W_H_M_G_van_der_Wesley\"\n\tclass=\"btn btn__color--black btn__size--default btn__size-width--default    block-button__btn\"\n\tid=\"\"\n\ttitle=\"Link naar contactpagina op provinciale website\"\n\t\t\t\n\t\n\t\n\t\n\t\n\tdata-last-site-id=\"1\"\n\t>\n\t<div class=\"btn__top-wrapper\">\n\t\t\n\t\t<span class=\"btn__title\">\n\t\t\tLink naar contactpagina op provinciale website\t\t<\/span>\n\n\t\t\t<\/div>\n\n\t<span class=\"btn__description\">\n\t\t\t<\/span>\n\n\t<span class=\"btn__spinner btn__spinner--black btn__spinner--default\" aria-hidden=\"true\"><\/span>\n<\/a>\t  <\/div>\n\t<\/div>\n  <\/div>\n\n\n<div\n  id=\"\"\n  class=\"wrapper  wrapper__spacing-bottom-large--20  wrapper__gutter--none\"\n  >\n  \t<div class=\"wrapper__container wrapper__container-width-large--default\">\n\t  <div class=\"wrapper__inner wrapper__width-large--24 wrapper__width-mobile--24\">\n\t\t<img loading=\"lazy\" decoding=\"async\" width=\"1024\" height=\"768\" src=\"https:\/\/d66.nl\/noordholland\/wp-content\/uploads\/sites\/340\/2025\/09\/IMG_8136-1024x768.jpeg\" class=\"image block-image__img\" alt=\"\" srcset=\"https:\/\/d66.nl\/noordholland\/wp-content\/uploads\/sites\/340\/2025\/09\/IMG_8136-1024x768.jpeg 1024w, https:\/\/d66.nl\/noordholland\/wp-content\/uploads\/sites\/340\/2025\/09\/IMG_8136-300x225.jpeg 300w, https:\/\/d66.nl\/noordholland\/wp-content\/uploads\/sites\/340\/2025\/09\/IMG_8136-768x576.jpeg 768w, https:\/\/d66.nl\/noordholland\/wp-content\/uploads\/sites\/340\/2025\/09\/IMG_8136-1536x1152.jpeg 1536w, https:\/\/d66.nl\/noordholland\/wp-content\/uploads\/sites\/340\/2025\/09\/IMG_8136-2048x1536.jpeg 2048w\" sizes=\"auto, (max-width: 1024px) 100vw, 1024px\" \/>\n\t\t\t<div class=\"image__caption-wrapper block-image__caption-wrapper\">\n\t\t\t<div class=\"image__caption block-image__caption\">\n\t\t\t\t<p class=\"paragraph paragraph__align--left paragraph__color--black paragraph__size--small paragraph__weight--medium\">\n\t\tBeeld: ConnyvS\t<\/p>\t\t\t<\/div>\n\t\t<\/div>\t  <\/div>\n\t<\/div>\n  <\/div>\n\n\n<div\n  id=\"\"\n  class=\"wrapper  wrapper__spacing-bottom-large--50 wrapper__spacing-bottom-desktop--70 wrapper__spacing-bottom-mobile--50  wrapper__gutter--none\"\n  >\n  \t<div class=\"wrapper__container wrapper__container-width-large--default\">\n\t  <div class=\"wrapper__inner wrapper__width-large--18 wrapper__width-desktop--22 wrapper__width-mobile--24 wrapper__offset-large--6 wrapper__offset-desktop--2 wrapper__offset-mobile--0\">\n\t\t<section class=\"block-post-content\">\n\t<div class=\"block-post-content__title\">\n\t\t<h3 class=\"heading  heading__color--black heading__size--medium heading__font--sans heading__weight--semiBold  block-post-content__heading\" id=\"nav-lievelingsplek-in-noord-holland9596\" data-nav-heading-mobile=\"Lievelingsplek in Noord-Holland\">\n\tLievelingsplek in Noord-Holland<\/h3>\t<\/div>\n\t<div class=\"block-post-content__content\">\n\t\t\n<div\n  id=\"\"\n  class=\"wrapper  wrapper__spacing-bottom-large--30 wrapper__spacing-bottom-desktop--20  wrapper__gutter--none\"\n  >\n  \t<div class=\"wrapper__container wrapper__container-width-large--default\">\n\t  <div class=\"wrapper__inner wrapper__width-large--24 wrapper__width-mobile--24\">\n\t\t<p\n\t\tclass=\"paragraph paragraph__align--left paragraph__color--black paragraph__size--default   block-paragraph__paragraph\"\n\t\t\t>\n\t\tNaast de Slufter op Texel, de uitgestrekte polders en de mooie historische stadcentra van bijvoorbeeld Amsterdam, Haarlem en Enkhuizen, zijn toch de duinen bij Heemskerk en de Waterleidingduinen mijn lievelingsplek(ken). Hier kan je zo lekker verdwalen en helemaal een worden met de natuur.\t<\/p>\t  <\/div>\n\t<\/div>\n  <\/div>\n\n\t<\/div>\n\n\t<div class=\"block-post-content__sidebar\">\n\t\t\n\t\t\n\t\t\t<\/div>\n<\/section>\n\t  <\/div>\n\t<\/div>\n  <\/div>\n\n\n<div\n  id=\"\"\n  class=\"wrapper  wrapper__spacing-bottom-large--50 wrapper__spacing-bottom-desktop--70 wrapper__spacing-bottom-mobile--50  wrapper__gutter--none\"\n  >\n  \t<div class=\"wrapper__container wrapper__container-width-large--default\">\n\t  <div class=\"wrapper__inner wrapper__width-large--18 wrapper__width-desktop--22 wrapper__width-mobile--24 wrapper__offset-large--6 wrapper__offset-desktop--2 wrapper__offset-mobile--0\">\n\t\t<section class=\"block-post-content\">\n\t<div class=\"block-post-content__title\">\n\t\t<h3 class=\"heading  heading__color--black heading__size--medium heading__font--sans heading__weight--semiBold  block-post-content__heading\" id=\"nav-welke-kansen-zie-jij-voor-het-provinciaal-bestuur967\" data-nav-heading-mobile=\"Welke kansen zie jij voor het provinciaal bestuur\">\n\tWelke kansen zie jij voor het provinciaal bestuur<\/h3>\t<\/div>\n\t<div class=\"block-post-content__content\">\n\t\t\n<div\n  id=\"\"\n  class=\"wrapper  wrapper__spacing-bottom-large--30 wrapper__spacing-bottom-desktop--20  wrapper__gutter--none\"\n  >\n  \t<div class=\"wrapper__container wrapper__container-width-large--default\">\n\t  <div class=\"wrapper__inner wrapper__width-large--24 wrapper__width-mobile--24\">\n\t\t<p\n\t\tclass=\"paragraph paragraph__align--left paragraph__color--black paragraph__size--default   block-paragraph__paragraph\"\n\t\t\t>\n\t\tIk zie kansen voor de provincie om de natuur te versterken. Zodat we naast wonen en werken ook prettig kunnen recre\u00ebren in onze provincie.<br>Daarnaast zie ik een kans om de gezondheid van onze inwoners op \u00e9\u00e9n te zetten en daarnaast de werkgelegenheid van Tata en Schiphol te behouden.\t<\/p>\t  <\/div>\n\t<\/div>\n  <\/div>\n\n\n<div\n  id=\"\"\n  class=\"wrapper  wrapper__spacing-bottom-large--20  wrapper__gutter--none\"\n  >\n  \t<div class=\"wrapper__container wrapper__container-width-large--default\">\n\t  <div class=\"wrapper__inner wrapper__width-large--14 wrapper__width-desktop--22 wrapper__width-mobile--24 wrapper__offset-large--6 wrapper__offset-desktop--2 wrapper__offset-mobile--0\">\n\t\t<h2 class=\"heading heading__align--left heading__color--black heading__size--huge heading__font--sans heading__weight--semiBold  block-heading__heading\" id=\"nav-wat-wil-ik-veranderen-2842\"  data-nav-heading-mobile=\"Wat wil ik veranderen?\" >\n\tWat wil ik veranderen?<\/h2>\t  <\/div>\n\t<\/div>\n  <\/div>\n\n\n\n<div class=\"block-infographics block-infographics--no-wrapper\">\n\t\t\t\t\t<div class=\"block-infographics__wrapper\" style=\"--bg-color: var(--global-colors-pixieGreen);\">\n\t\t\t<div class=\"block-infographics__media\">\n\t\t\t\t\t\t\t\t<span class=\"block-infographics__media-icon\">\n\t\t\t\t\t<i class=\"icon\">\n\t<svg xmlns='http:\/\/www.w3.org\/2000\/svg' width='356.727' height='475.641' viewBox='0 0 356.727 475.641'><g data-name='Group 666'><path data-name='Path 162' d='M3.5 297.271a174.863 174.863 0 1 0 349.727 0C353.227 200.697 178.37 3.5 178.37 3.5S125.086 63.586 77.301 133.729c-38.7 56.814-73.8 120.275-73.8 163.542' fill='none' stroke='#000' stroke-linejoin='round' stroke-miterlimit='10' stroke-width='7'\/><\/g><\/svg><\/i>\t\t\t\t<\/span>\n\t\t\t\t\t\t\t<\/div>\n\t\t\t<div class=\"block-infographics__content\">\n\t\t\t\t<span class=\"block-infographics__content-title\">\n\t\t\t\t\tNatuur en water als uitgangspunt\t\t\t\t<\/span>\n\t\t\t\t<span class=\"block-infographics__content-text\">\n\t\t\t\t\tHet belang van natuur en water in ieder besluit meenemen\t\t\t\t<\/span>\n\t\t\t<\/div>\n\t\t<\/div>\n\t\t\t\t\t<div class=\"block-infographics__wrapper\" style=\"--bg-color: var(--global-colors-casablanca);\">\n\t\t\t<div class=\"block-infographics__media\">\n\t\t\t\t\t\t\t\t<span class=\"block-infographics__media-icon\">\n\t\t\t\t\t<i class=\"icon\">\n\t<svg xmlns='http:\/\/www.w3.org\/2000\/svg' width='466.051' height='466.051' viewBox='0 0 466.051 466.051'><g data-name='Group 720' fill='none' stroke='#000' stroke-width='7'><g data-name='Group 718'><path data-name='Path 1206' d='M37.958 252.3q1.392 5.681 3.1 11.237M428.103 252.3a201.71 201.71 0 0 0 5.757-47.961C433.86 93.417 343.944 3.5 233.026 3.5S32.191 93.417 32.191 204.335a201.224 201.224 0 0 0 5.767 47.961' stroke-linecap='round' stroke-linejoin='round'\/><path data-name='Path 1207' d='M336.093 244.808a381.457 381.457 0 0 0 2.134-40.473c0-110.918-47.1-200.835-105.2-200.835s-105.2 89.917-105.2 200.835a377.709 377.709 0 0 0 3.013 47.952m-.001.004' stroke-linecap='round' stroke-miterlimit='10'\/><path data-name='Path 1208' d='M63.072 97.682a719.124 719.124 0 0 0 169.954 20.581A719.123 719.123 0 0 0 402.98 97.682' stroke-miterlimit='10'\/><path data-name='Line 386' stroke-miterlimit='10' d='M32.5 203.551h401'\/><path data-name='Line 387' stroke-linecap='round' stroke-miterlimit='10' d='M233.502 3.551v239'\/><\/g><g data-name='Group 719' stroke-linejoin='round'><path data-name='Path 1209' d='M127.826 309.534c0 28.691-17.128 47.818-38.254 47.818s-38.254-19.127-38.254-47.818a38.256 38.256 0 0 1 38.254-38.254 38.256 38.256 0 0 1 38.254 38.254z' fill='none'\/><path data-name='Path 1210' d='M338.225 309.534c0 28.691 17.128 47.818 38.254 47.818s38.254-19.127 38.254-47.818a38.256 38.256 0 0 0-38.254-38.254 38.256 38.256 0 0 0-38.254 38.254z' fill='none'\/><path data-name='Path 1211' d='M280.844 318.036c0 35.07-21.413 58.443-47.818 58.443s-47.818-23.373-47.818-58.443c0-25.822 21.413-46.756 47.818-46.756s47.818 20.934 47.818 46.756z' fill='none'\/><path data-name='Path 1212' d='M137.39 462.551V434.08a23.8 23.8 0 0 1 14.106-21.833c15.885-7.03 44.461-16.641 82.037-16.641 37.451 0 65.558 9.544 81.175 16.574a23.782 23.782 0 0 1 13.953 21.757v28.614z' fill='none'\/><path data-name='Path 1213' d='M328.66 443.424h133.89V414.81c0-9.382-4.868-17.9-12.567-21.757-14.048-7.03-39.344-16.574-73.046-16.574a168.324 168.324 0 0 0-73.83 16.641 22.333 22.333 0 0 0-10.176 11.017' fill='none'\/><path data-name='Path 1214' d='M173.253 404.299a22.3 22.3 0 0 0-10.176-11.247c-14.048-7.029-39.344-16.573-73.046-16.573A168.325 168.325 0 0 0 16.2 393.12c-7.775 3.825-12.7 12.385-12.7 21.834v28.471h133.89' fill='none'\/><\/g><\/g><\/svg><\/i>\t\t\t\t<\/span>\n\t\t\t\t\t\t\t<\/div>\n\t\t\t<div class=\"block-infographics__content\">\n\t\t\t\t<span class=\"block-infographics__content-title\">\n\t\t\t\t\tBanen voor de toekomst\t\t\t\t<\/span>\n\t\t\t\t<span class=\"block-infographics__content-text\">\n\t\t\t\t\tDe arbeidsmarkt gaat aansluiten bij de economie van de toekomst\t\t\t\t<\/span>\n\t\t\t<\/div>\n\t\t<\/div>\n\t\t\t\t\t<div class=\"block-infographics__wrapper\" style=\"--bg-color: var(--global-colors-illusion);\">\n\t\t\t<div class=\"block-infographics__media\">\n\t\t\t\t\t\t\t\t<span class=\"block-infographics__media-icon\">\n\t\t\t\t\t<i class=\"icon\">\n\t<svg data-name='Group 1037' xmlns='http:\/\/www.w3.org\/2000\/svg' width='623.68' height='584.098' viewBox='0 0 623.68 584.098'><defs><clipPath id='11149527-468f-47b4-b599-3bdeb299f203'><path data-name='Rectangle 337' fill='none' stroke='#707070' stroke-width='7' d='M0 0h623.68v584.098H0z'\/><\/clipPath><\/defs><g data-name='Group 1084' clip-path='url(#11149527-468f-47b4-b599-3bdeb299f203)' fill='none' stroke='#353535' stroke-linecap='round' stroke-linejoin='round' stroke-width='7'><path data-name='Path 2931' d='M337.827 12.994v142.927a38.98 38.98 0 0 0 38.98 38.979h51.974' fill='none'\/><path data-name='Line 485' d='M389.8 246.874H233.88' fill='none'\/><path data-name='Path 2932' d='m233.044 246.572 44.712 83.526a78.924 78.924 0 0 1 8.1 34.818v111.5a77.959 77.959 0 0 1-68.156 77.34L80.84 571.104a67.845 67.845 0 0 1-67.846-67.847V385.692c0-102.258 82.895-307.13 185.154-307.13h.812a38.98 38.98 0 0 1 38.979 38.98v77.356' fill='none'\/><path data-name='Path 2933' d='m390.635 246.572-44.711 83.526a78.924 78.924 0 0 0-8.1 34.818v111.5a77.959 77.959 0 0 0 68.156 77.34l136.856 17.347a67.845 67.845 0 0 0 67.846-67.846V385.692c0-102.258-82.895-307.13-185.154-307.13h-.812a38.98 38.98 0 0 0-38.98 38.98v77.356' fill='none'\/><path data-name='Path 2934' d='M181.907 194.901h64.966a38.979 38.979 0 0 0 38.98-38.979V12.994' fill='none'\/><path data-name='Path 2935' d='m181.906 272.559-16.114 60.466-60.268 18.591' fill='none'\/><path data-name='Line 486' d='m165.792 333.025 16.114 69.467' fill='none'\/><path data-name='Path 2936' d='m142.927 454.466 38.979-51.974 51.974 51.974' fill='none'\/><path data-name='Path 2937' d='m443.351 272.559 16.114 60.466 60.268 18.591' fill='none'\/><path data-name='Line 487' d='m459.466 333.025-16.114 69.467' fill='none'\/><path data-name='Path 2938' d='m482.332 454.466-38.98-51.974-51.977 51.974' fill='none'\/><\/g><\/svg><\/i>\t\t\t\t<\/span>\n\t\t\t\t\t\t\t<\/div>\n\t\t\t<div class=\"block-infographics__content\">\n\t\t\t\t<span class=\"block-infographics__content-title\">\n\t\t\t\t\tBetere luchtkwaliteit\t\t\t\t<\/span>\n\t\t\t\t<span class=\"block-infographics__content-text\">\n\t\t\t\t\tDe luchtkwaliteit in de provincie mag niet meer een van de slechtste in het land zijn.\t\t\t\t<\/span>\n\t\t\t<\/div>\n\t\t<\/div>\n\t\n<\/div>\n\n\t<\/div>\n\n\t<div class=\"block-post-content__sidebar\">\n\t\t\n\t\t\n\t\t\t<\/div>\n<\/section>\n\t  <\/div>\n\t<\/div>\n  <\/div>\n\n\n<div\n  id=\"\"\n  class=\"wrapper  wrapper__spacing-bottom-large--50 wrapper__spacing-bottom-desktop--70 wrapper__spacing-bottom-mobile--50  wrapper__gutter--none\"\n  >\n  \t<div class=\"wrapper__container wrapper__container-width-large--default\">\n\t  <div class=\"wrapper__inner wrapper__width-large--18 wrapper__width-desktop--22 wrapper__width-mobile--24 wrapper__offset-large--6 wrapper__offset-desktop--2 wrapper__offset-mobile--0\">\n\t\t<section class=\"block-post-content\">\n\t<div class=\"block-post-content__title\">\n\t\t<h3 class=\"heading  heading__color--black heading__size--medium heading__font--sans heading__weight--semiBold  block-post-content__heading\" id=\"nav-wat-betekent-d66-voor-jou-7920\" data-nav-heading-mobile=\"Wat betekent D66 voor jou?\">\n\tWat betekent D66 voor jou?<\/h3>\t<\/div>\n\t<div class=\"block-post-content__content\">\n\t\t\n<div\n  id=\"\"\n  class=\"wrapper  wrapper__spacing-bottom-large--30 wrapper__spacing-bottom-desktop--20  wrapper__gutter--none\"\n  >\n  \t<div class=\"wrapper__container wrapper__container-width-large--default\">\n\t  <div class=\"wrapper__inner wrapper__width-large--24 wrapper__width-mobile--24\">\n\t\t<p\n\t\tclass=\"paragraph paragraph__align--left paragraph__color--black paragraph__size--default   block-paragraph__paragraph\"\n\t\t\t>\n\t\tD66 is voor mij een geweldige vereniging. Ik ben ooit lid geworden omdat ik me heel goed kan vinden in de richtingwijzers. Maar je blijft voor de gezelligheid en de vriendschappen die je maakt.\t<\/p>\t  <\/div>\n\t<\/div>\n  <\/div>\n\n\t<\/div>\n\n\t<div class=\"block-post-content__sidebar\">\n\t\t\n\t\t\n\t\t\t<\/div>\n<\/section>\n\t  <\/div>\n\t<\/div>\n  <\/div>\n\n\n<div\n  id=\"\"\n  class=\"wrapper  wrapper__spacing-bottom-large--220 wrapper__spacing-bottom-tablet--190 wrapper__spacing-bottom-mobile--140  wrapper__gutter--none\"\n  >\n  \t<div class=\"wrapper__container wrapper__container-width-large--default\">\n\t  <div class=\"wrapper__inner wrapper__width-large--24 wrapper__width-mobile--24\">\n\t\t\n<section class=\"block-stories-wall-slider-dynamic block-stories-wall-slider-dynamic__posttype--post js-block-stories-wall-slider-dynamic\">\n\t<div class=\"block-stories-wall-slider-dynamic__header-wrapper block-stories-wall-slider-dynamic__header-wrapper--default\">\n\t\t<div class=\"block-stories-wall-slider-dynamic__title\">\n\t\t\t<h2 class=\"heading heading__align--left heading__color--black heading__size--huge  heading__weight--regular\" id=\"nav-politiek-nieuws-van-wesley8593\" data-nav-heading-mobile=\"Politiek nieuws van Wesley\">\n\tPolitiek nieuws van Wesley<\/h2>\t\t<\/div>\n\t\t\t<\/div>\n\n\t<div class=\"block-stories-wall-slider-dynamic__slider\">\n\t\t<div class=\"carousel-slider js-carousel-slider carousel-slider__for--cards\" data-is-slider-initialized=\"0\">\n\t<div class=\"carousel-slider__wrapper js-carousel-wrapper\">\n\t\t<div class=\"swiper\">\n\t\t\t<div class=\"swiper-wrapper\">\n\t\t\t\t\t\t\t\t\t\t\t\t\t\t<div class=\"swiper-slide\">\n\t\t\t\t\t\t<article class=\"article-card article-card__color--olive  article-card__variation--full-height-img\" style=\"background-image: url('https:\/\/media.d66.nl\/uploads\/sites\/340\/2026\/03\/2bce81f4-1e19-4bff-8277-4d55744450ab-1024x768.jpeg')\" data-gtm-event=\"click\" data-gtm-group=\"updates\" data-gtm-target=\"Meer\u00a0provinciale\u00a0focus op gezonde leefomgeving\u00a0\">\n\t\t\t<div class=\"background-overlay\"><\/div>\n\t\t<a class=\"article-card__link\" href=\"https:\/\/d66.nl\/noordholland\/nieuws\/meer-provinciale-focus-op-gezonde-leefomgeving\/\" aria-label=\"Link naar artikel\">\n\t\t<header class=\"article-card__header\">\n\n\t\t\t\t\t\t<div class=\"article-card__meta-row-wrapper\">\n\t\t\t\t<div class=\"article-card__date\">\n\t\t\t\t\t\t<p class=\"paragraph   paragraph__size--medium paragraph__weight--semiBold\">\n\t\t30.03.2026\t<\/p>\t\t\t\t<\/div>\n\t\t\t<\/div>\n\t\t\t\t\t\t\t\t\t\t\t<\/header>\n\n\t\t<div class=\"article-card__body\">\n\t\t\t\t\t\t\t<h3 class=\"heading   heading__size--large heading__font--sans heading__weight--bold\" id=\"nav-meer--provinciale--focus-op-gezonde-leefomgeving--9067\">\n\tMeer\u00a0provinciale\u00a0focus op gezonde leefomgeving\u00a0<\/h3>\t\t\t\t\t\t\n\t\t\t<button class=\"buttonV2 buttonV2__color--transparent buttonV2__size--default buttonV2__size-width--default   article-card__buttonV2\" id=\"\">\n\t<div class=\"buttonV2__top-wrapper buttonV2__arrow-align--right\">\n\t\t\t\t\t<span class=\"buttonV2__title\">\n\t\t\t\tLees verder\t\t\t<\/span>\n\t\t\n\t\t\t\t\t<div class=\"buttonV2__icon\">\n\t\t\t\t<svg xmlns='http:\/\/www.w3.org\/2000\/svg' viewBox='0 0 58.14 50.62'><path d='m32.82 50.62 25.32-25.31L32.82 0l-4.35 4.35 17.92 17.86H0v6.21h46.39L28.47 46.33l4.35 4.29z' fill='currentColor' \/><\/svg>\t\t\t<\/div>\n\t\t\t<\/div>\n\n\t<\/button>\t\t<\/div>\n\t<\/a>\n<\/article>\t\t\t\t\t<\/div>\n\t\t\t\t\t\t\t\t\t\t\t\t\t\t<div class=\"swiper-slide\">\n\t\t\t\t\t\t<article class=\"article-card article-card__color--tomato\">\n\t\t<a class=\"article-card__link\" href=\"https:\/\/d66.nl\/noordholland\/nieuws\/beleidskader-gezonde-leefomgeving-goede-ambitie-maar-waar-zit-de-duidelijkheid\/\" aria-label=\"Link naar artikel\">\n\t\t<header class=\"article-card__header\">\n\n\t\t\t\t\t\t<div class=\"article-card__meta-row-wrapper\">\n\t\t\t\t<div class=\"article-card__date\">\n\t\t\t\t\t\t<p class=\"paragraph   paragraph__size--medium paragraph__weight--semiBold\">\n\t\t16.03.2026\t<\/p>\t\t\t\t<\/div>\n\t\t\t<\/div>\n\t\t\t\t\t\t\t\t\t\t<div class=\"article-card__featured-image-wrapper\">\n\t\t\t\t\t<img loading=\"lazy\" decoding=\"async\" width=\"572\" height=\"1024\" src=\"https:\/\/media.d66.nl\/uploads\/sites\/340\/2026\/03\/Gemini_Generated_Image_bszvr4bszvr4bszv-572x1024.png\" class=\"image article-card__img\" alt=\"\" \/>\t\t\t\t<\/div>\n\t\t\t\t\t\t\t\t<\/header>\n\n\t\t<div class=\"article-card__body\">\n\t\t\t\t\t\t\t<h3 class=\"heading   heading__size--large heading__font--sans heading__weight--bold\" id=\"nav-beleidskader-gezonde-leefomgeving--goede-ambitie--maar-waar-zit-de-duidelijkheid-3087\">\n\tBeleidskader Gezonde Leefomgeving: goede ambitie, maar waar zit de duidelijkheid?<\/h3>\t\t\t\t\t\t\n\t\t\t<button class=\"buttonV2 buttonV2__color--transparent buttonV2__size--default buttonV2__size-width--default   article-card__buttonV2\" id=\"\">\n\t<div class=\"buttonV2__top-wrapper buttonV2__arrow-align--right\">\n\t\t\t\t\t<span class=\"buttonV2__title\">\n\t\t\t\tLees verder\t\t\t<\/span>\n\t\t\n\t\t\t\t\t<div class=\"buttonV2__icon\">\n\t\t\t\t<svg xmlns='http:\/\/www.w3.org\/2000\/svg' viewBox='0 0 58.14 50.62'><path d='m32.82 50.62 25.32-25.31L32.82 0l-4.35 4.35 17.92 17.86H0v6.21h46.39L28.47 46.33l4.35 4.29z' fill='currentColor' \/><\/svg>\t\t\t<\/div>\n\t\t\t<\/div>\n\n\t<\/button>\t\t<\/div>\n\t<\/a>\n<\/article>\t\t\t\t\t<\/div>\n\t\t\t\t\t\t\t\t\t\t\t\t\t\t<div class=\"swiper-slide\">\n\t\t\t\t\t\t<article class=\"article-card article-card__color--rosePink  article-card__variation--full-height-img\" style=\"background-image: url('https:\/\/d66.nl\/noordholland\/wp-content\/uploads\/sites\/340\/2023\/06\/IMG_0315-1024x768.jpeg')\" data-gtm-event=\"click\" data-gtm-group=\"updates\" data-gtm-target=\"Niet\u00a0m\u00e9\u00e9r geluid toestaan rond natuurgebieden\u00a0\">\n\t\t\t<div class=\"background-overlay\"><\/div>\n\t\t<a class=\"article-card__link\" href=\"https:\/\/d66.nl\/noordholland\/nieuws\/niet-meer-geluid-toestaan-rond-natuurgebieden\/\" aria-label=\"Link naar artikel\">\n\t\t<header class=\"article-card__header\">\n\n\t\t\t\t\t\t<div class=\"article-card__meta-row-wrapper\">\n\t\t\t\t<div class=\"article-card__date\">\n\t\t\t\t\t\t<p class=\"paragraph   paragraph__size--medium paragraph__weight--semiBold\">\n\t\t03.02.2026\t<\/p>\t\t\t\t<\/div>\n\t\t\t<\/div>\n\t\t\t\t\t\t\t\t\t\t\t<\/header>\n\n\t\t<div class=\"article-card__body\">\n\t\t\t\t\t\t\t<h3 class=\"heading   heading__size--large heading__font--sans heading__weight--bold\" id=\"nav-niet--m----r-geluid-toestaan-rond-natuurgebieden--7652\">\n\tNiet\u00a0m\u00e9\u00e9r geluid toestaan rond natuurgebieden\u00a0<\/h3>\t\t\t\t\t\t\n\t\t\t<button class=\"buttonV2 buttonV2__color--transparent buttonV2__size--default buttonV2__size-width--default   article-card__buttonV2\" id=\"\">\n\t<div class=\"buttonV2__top-wrapper buttonV2__arrow-align--right\">\n\t\t\t\t\t<span class=\"buttonV2__title\">\n\t\t\t\tLees verder\t\t\t<\/span>\n\t\t\n\t\t\t\t\t<div class=\"buttonV2__icon\">\n\t\t\t\t<svg xmlns='http:\/\/www.w3.org\/2000\/svg' viewBox='0 0 58.14 50.62'><path d='m32.82 50.62 25.32-25.31L32.82 0l-4.35 4.35 17.92 17.86H0v6.21h46.39L28.47 46.33l4.35 4.29z' fill='currentColor' \/><\/svg>\t\t\t<\/div>\n\t\t\t<\/div>\n\n\t<\/button>\t\t<\/div>\n\t<\/a>\n<\/article>\t\t\t\t\t<\/div>\n\t\t\t\t\t\t\t\t\t\t\t\t\t\t<div class=\"swiper-slide\">\n\t\t\t\t\t\t<article class=\"article-card article-card__color--yellow\">\n\t\t<a class=\"article-card__link\" href=\"https:\/\/d66.nl\/noordholland\/nieuws\/betere-grip-op-groei-datacenters-nodig\/\" aria-label=\"Link naar artikel\">\n\t\t<header class=\"article-card__header\">\n\n\t\t\t\t\t\t<div class=\"article-card__meta-row-wrapper\">\n\t\t\t\t<div class=\"article-card__date\">\n\t\t\t\t\t\t<p class=\"paragraph   paragraph__size--medium paragraph__weight--semiBold\">\n\t\t03.02.2026\t<\/p>\t\t\t\t<\/div>\n\t\t\t<\/div>\n\t\t\t\t\t\t\t\t\t\t<div class=\"article-card__featured-image-wrapper\">\n\t\t\t\t\t<img loading=\"lazy\" decoding=\"async\" width=\"1024\" height=\"878\" src=\"https:\/\/d66.nl\/noordholland\/wp-content\/uploads\/sites\/340\/2023\/02\/NorthC-180528_NL_DC-Oude-Meer_026-scaled-e1677250501607-1024x878.jpg\" class=\"image article-card__img\" alt=\"\" \/>\t\t\t\t<\/div>\n\t\t\t\t\t\t\t\t<\/header>\n\n\t\t<div class=\"article-card__body\">\n\t\t\t\t\t\t\t<h3 class=\"heading   heading__size--large heading__font--sans heading__weight--bold\" id=\"nav-betere-grip-op-groei-datacenters-nodig--3749\">\n\tBetere grip op groei datacenters nodig\u00a0<\/h3>\t\t\t\t\t\t\n\t\t\t<button class=\"buttonV2 buttonV2__color--transparent buttonV2__size--default buttonV2__size-width--default   article-card__buttonV2\" id=\"\">\n\t<div class=\"buttonV2__top-wrapper buttonV2__arrow-align--right\">\n\t\t\t\t\t<span class=\"buttonV2__title\">\n\t\t\t\tLees verder\t\t\t<\/span>\n\t\t\n\t\t\t\t\t<div class=\"buttonV2__icon\">\n\t\t\t\t<svg xmlns='http:\/\/www.w3.org\/2000\/svg' viewBox='0 0 58.14 50.62'><path d='m32.82 50.62 25.32-25.31L32.82 0l-4.35 4.35 17.92 17.86H0v6.21h46.39L28.47 46.33l4.35 4.29z' fill='currentColor' \/><\/svg>\t\t\t<\/div>\n\t\t\t<\/div>\n\n\t<\/button>\t\t<\/div>\n\t<\/a>\n<\/article>\t\t\t\t\t<\/div>\n\t\t\t\t\t\t\t\t\t\t\t\t\t\t<div class=\"swiper-slide\">\n\t\t\t\t\t\t<article class=\"article-card article-card__color--tomato  article-card__variation--full-height-img\" style=\"background-image: url('https:\/\/media.d66.nl\/uploads\/sites\/340\/2026\/02\/0fb4d1dc-d1ce-4fd5-ae64-c458916d1b32-1024x768.jpeg')\" data-gtm-event=\"click\" data-gtm-group=\"updates\" data-gtm-target=\"Meedenken wordt makkelijker in de provincie\">\n\t\t\t<div class=\"background-overlay\"><\/div>\n\t\t<a class=\"article-card__link\" href=\"https:\/\/d66.nl\/noordholland\/nieuws\/hoe-de-provincie-het-meedenken-van-inwoners-makkelijker-gaat-maken\/\" aria-label=\"Link naar artikel\">\n\t\t<header class=\"article-card__header\">\n\n\t\t\t\t\t\t<div class=\"article-card__meta-row-wrapper\">\n\t\t\t\t<div class=\"article-card__date\">\n\t\t\t\t\t\t<p class=\"paragraph   paragraph__size--medium paragraph__weight--semiBold\">\n\t\t02.02.2026\t<\/p>\t\t\t\t<\/div>\n\t\t\t<\/div>\n\t\t\t\t\t\t\t\t\t\t\t<\/header>\n\n\t\t<div class=\"article-card__body\">\n\t\t\t\t\t\t\t<h3 class=\"heading   heading__size--large heading__font--sans heading__weight--bold\" id=\"nav-meedenken-wordt-makkelijker-in-de-provincie8823\">\n\tMeedenken wordt makkelijker in de provincie<\/h3>\t\t\t\t\t\t\n\t\t\t<button class=\"buttonV2 buttonV2__color--transparent buttonV2__size--default buttonV2__size-width--default   article-card__buttonV2\" id=\"\">\n\t<div class=\"buttonV2__top-wrapper buttonV2__arrow-align--right\">\n\t\t\t\t\t<span class=\"buttonV2__title\">\n\t\t\t\tLees verder\t\t\t<\/span>\n\t\t\n\t\t\t\t\t<div class=\"buttonV2__icon\">\n\t\t\t\t<svg xmlns='http:\/\/www.w3.org\/2000\/svg' viewBox='0 0 58.14 50.62'><path d='m32.82 50.62 25.32-25.31L32.82 0l-4.35 4.35 17.92 17.86H0v6.21h46.39L28.47 46.33l4.35 4.29z' fill='currentColor' \/><\/svg>\t\t\t<\/div>\n\t\t\t<\/div>\n\n\t<\/button>\t\t<\/div>\n\t<\/a>\n<\/article>\t\t\t\t\t<\/div>\n\t\t\t\t\t\t\t\t\t\t\t\t\t\t<div class=\"swiper-slide\">\n\t\t\t\t\t\t<article class=\"article-card article-card__color--olive\">\n\t\t<a class=\"article-card__link\" href=\"https:\/\/d66.nl\/noordholland\/nieuws\/laatstebegrotingswijziging2025\/\" aria-label=\"Link naar artikel\">\n\t\t<header class=\"article-card__header\">\n\n\t\t\t\t\t\t<div class=\"article-card__meta-row-wrapper\">\n\t\t\t\t<div class=\"article-card__date\">\n\t\t\t\t\t\t<p class=\"paragraph   paragraph__size--medium paragraph__weight--semiBold\">\n\t\t11.12.2025\t<\/p>\t\t\t\t<\/div>\n\t\t\t<\/div>\n\t\t\t\t\t\t\t\t\t\t<div class=\"article-card__featured-image-wrapper\">\n\t\t\t\t\t<img loading=\"lazy\" decoding=\"async\" width=\"1024\" height=\"768\" src=\"https:\/\/d66.nl\/noordholland\/wp-content\/uploads\/sites\/340\/2025\/12\/f5346b71-bbe9-4b09-9cf3-ce3c08395d9d-1024x768.jpeg\" class=\"image article-card__img\" alt=\"\" \/>\t\t\t\t<\/div>\n\t\t\t\t\t\t\t\t<\/header>\n\n\t\t<div class=\"article-card__body\">\n\t\t\t\t\t\t\t<h3 class=\"heading   heading__size--large heading__font--sans heading__weight--bold\" id=\"nav-herhaling-van-zetten-bij-financi--le-update9691\">\n\tHerhaling van zetten bij financi\u00eble update<\/h3>\t\t\t\t\t\t\n\t\t\t<button class=\"buttonV2 buttonV2__color--transparent buttonV2__size--default buttonV2__size-width--default   article-card__buttonV2\" id=\"\">\n\t<div class=\"buttonV2__top-wrapper buttonV2__arrow-align--right\">\n\t\t\t\t\t<span class=\"buttonV2__title\">\n\t\t\t\tLees verder\t\t\t<\/span>\n\t\t\n\t\t\t\t\t<div class=\"buttonV2__icon\">\n\t\t\t\t<svg xmlns='http:\/\/www.w3.org\/2000\/svg' viewBox='0 0 58.14 50.62'><path d='m32.82 50.62 25.32-25.31L32.82 0l-4.35 4.35 17.92 17.86H0v6.21h46.39L28.47 46.33l4.35 4.29z' fill='currentColor' \/><\/svg>\t\t\t<\/div>\n\t\t\t<\/div>\n\n\t<\/button>\t\t<\/div>\n\t<\/a>\n<\/article>\t\t\t\t\t<\/div>\n\t\t\t\t\t\t\t\t\t\t\t\t\t\t<div class=\"swiper-slide\">\n\t\t\t\t\t\t<article class=\"article-card article-card__color--yellow  article-card__variation--full-height-img\" style=\"background-image: url('https:\/\/d66.nl\/noordholland\/wp-content\/uploads\/sites\/340\/2023\/07\/Regenboog-groep-maart2023-1024x643.jpg')\" data-gtm-event=\"click\" data-gtm-group=\"updates\" data-gtm-target=\"Provincies bij WorldPride 2026\">\n\t\t\t<div class=\"background-overlay\"><\/div>\n\t\t<a class=\"article-card__link\" href=\"https:\/\/d66.nl\/noordholland\/nieuws\/provincies-bij-worldpride-2026\/\" aria-label=\"Link naar artikel\">\n\t\t<header class=\"article-card__header\">\n\n\t\t\t\t\t\t<div class=\"article-card__meta-row-wrapper\">\n\t\t\t\t<div class=\"article-card__date\">\n\t\t\t\t\t\t<p class=\"paragraph   paragraph__size--medium paragraph__weight--semiBold\">\n\t\t01.07.2025\t<\/p>\t\t\t\t<\/div>\n\t\t\t<\/div>\n\t\t\t\t\t\t\t\t\t\t\t<\/header>\n\n\t\t<div class=\"article-card__body\">\n\t\t\t\t\t\t\t<h3 class=\"heading   heading__size--large heading__font--sans heading__weight--bold\" id=\"nav-noord-holland-neemt-voortouw--provincies-samen-zichtbaar-op-worldpride-2026437\">\n\tNoord-Holland neemt voortouw: Provincies samen zichtbaar op WorldPride 2026<\/h3>\t\t\t\t\t\t\n\t\t\t<button class=\"buttonV2 buttonV2__color--transparent buttonV2__size--default buttonV2__size-width--default   article-card__buttonV2\" id=\"\">\n\t<div class=\"buttonV2__top-wrapper buttonV2__arrow-align--right\">\n\t\t\t\t\t<span class=\"buttonV2__title\">\n\t\t\t\tLees verder\t\t\t<\/span>\n\t\t\n\t\t\t\t\t<div class=\"buttonV2__icon\">\n\t\t\t\t<svg xmlns='http:\/\/www.w3.org\/2000\/svg' viewBox='0 0 58.14 50.62'><path d='m32.82 50.62 25.32-25.31L32.82 0l-4.35 4.35 17.92 17.86H0v6.21h46.39L28.47 46.33l4.35 4.29z' fill='currentColor' \/><\/svg>\t\t\t<\/div>\n\t\t\t<\/div>\n\n\t<\/button>\t\t<\/div>\n\t<\/a>\n<\/article>\t\t\t\t\t<\/div>\n\t\t\t\t\t\t\t\t\t\t\t\t\t\t<div class=\"swiper-slide\">\n\t\t\t\t\t\t<article class=\"article-card article-card__color--olive  article-card__variation--full-height-img\" style=\"background-image: url('https:\/\/d66.nl\/noordholland\/wp-content\/uploads\/sites\/340\/2025\/06\/Provinciehuis-Route66c.jpg')\" data-gtm-event=\"click\" data-gtm-group=\"updates\" data-gtm-target=\"Route66 en Tata\">\n\t\t\t<div class=\"background-overlay\"><\/div>\n\t\t<a class=\"article-card__link\" href=\"https:\/\/d66.nl\/noordholland\/nieuws\/route66-en-tata\/\" aria-label=\"Link naar artikel\">\n\t\t<header class=\"article-card__header\">\n\n\t\t\t\t\t\t<div class=\"article-card__meta-row-wrapper\">\n\t\t\t\t<div class=\"article-card__date\">\n\t\t\t\t\t\t<p class=\"paragraph   paragraph__size--medium paragraph__weight--semiBold\">\n\t\t16.06.2025\t<\/p>\t\t\t\t<\/div>\n\t\t\t<\/div>\n\t\t\t\t\t\t\t\t\t\t\t<\/header>\n\n\t\t<div class=\"article-card__body\">\n\t\t\t\t\t\t\t<h3 class=\"heading   heading__size--large heading__font--sans heading__weight--bold\" id=\"nav-route66-verdiept-zich-in-tata-steel3341\">\n\tRoute66 verdiept zich in Tata Steel<\/h3>\t\t\t\t\t\t\n\t\t\t<button class=\"buttonV2 buttonV2__color--transparent buttonV2__size--default buttonV2__size-width--default   article-card__buttonV2\" id=\"\">\n\t<div class=\"buttonV2__top-wrapper buttonV2__arrow-align--right\">\n\t\t\t\t\t<span class=\"buttonV2__title\">\n\t\t\t\tLees verder\t\t\t<\/span>\n\t\t\n\t\t\t\t\t<div class=\"buttonV2__icon\">\n\t\t\t\t<svg xmlns='http:\/\/www.w3.org\/2000\/svg' viewBox='0 0 58.14 50.62'><path d='m32.82 50.62 25.32-25.31L32.82 0l-4.35 4.35 17.92 17.86H0v6.21h46.39L28.47 46.33l4.35 4.29z' fill='currentColor' \/><\/svg>\t\t\t<\/div>\n\t\t\t<\/div>\n\n\t<\/button>\t\t<\/div>\n\t<\/a>\n<\/article>\t\t\t\t\t<\/div>\n\t\t\t\t\t\t\t\t\t\t\t\t\t\t<div class=\"swiper-slide\">\n\t\t\t\t\t\t<article class=\"article-card article-card__color--rosePink  article-card__variation--full-height-img\" style=\"background-image: url('https:\/\/d66.nl\/noordholland\/wp-content\/uploads\/sites\/340\/2025\/04\/f9754416-4404-4243-b401-05d6083ec6e2-1024x768.jpeg')\" data-gtm-event=\"click\" data-gtm-group=\"updates\" data-gtm-target=\"Snel actie voor groen staal en behoud werkgelegenheid in de IJmond\">\n\t\t\t<div class=\"background-overlay\"><\/div>\n\t\t<a class=\"article-card__link\" href=\"https:\/\/d66.nl\/noordholland\/nieuws\/snel-actie-voor-groen-staal-en-behoud-werkgelegenheid-in-de-ijmond\/\" aria-label=\"Link naar artikel\">\n\t\t<header class=\"article-card__header\">\n\n\t\t\t\t\t\t<div class=\"article-card__meta-row-wrapper\">\n\t\t\t\t<div class=\"article-card__date\">\n\t\t\t\t\t\t<p class=\"paragraph   paragraph__size--medium paragraph__weight--semiBold\">\n\t\t09.04.2025\t<\/p>\t\t\t\t<\/div>\n\t\t\t<\/div>\n\t\t\t\t\t\t\t\t\t\t\t<\/header>\n\n\t\t<div class=\"article-card__body\">\n\t\t\t\t\t\t\t<h3 class=\"heading   heading__size--large heading__font--sans heading__weight--bold\" id=\"nav-snel-actie-voor-groen-staal-en-behoud-werkgelegenheid-in-ijmond2875\">\n\tSnel actie voor groen staal en behoud werkgelegenheid in IJmond<\/h3>\t\t\t\t\t\t\n\t\t\t<button class=\"buttonV2 buttonV2__color--transparent buttonV2__size--default buttonV2__size-width--default   article-card__buttonV2\" id=\"\">\n\t<div class=\"buttonV2__top-wrapper buttonV2__arrow-align--right\">\n\t\t\t\t\t<span class=\"buttonV2__title\">\n\t\t\t\tLees verder\t\t\t<\/span>\n\t\t\n\t\t\t\t\t<div class=\"buttonV2__icon\">\n\t\t\t\t<svg xmlns='http:\/\/www.w3.org\/2000\/svg' viewBox='0 0 58.14 50.62'><path d='m32.82 50.62 25.32-25.31L32.82 0l-4.35 4.35 17.92 17.86H0v6.21h46.39L28.47 46.33l4.35 4.29z' fill='currentColor' \/><\/svg>\t\t\t<\/div>\n\t\t\t<\/div>\n\n\t<\/button>\t\t<\/div>\n\t<\/a>\n<\/article>\t\t\t\t\t<\/div>\n\t\t\t\t\t\t\t\t\t\t\t\t\t\t<div class=\"swiper-slide\">\n\t\t\t\t\t\t<article class=\"article-card article-card__color--yellow\">\n\t\t<a class=\"article-card__link\" href=\"https:\/\/d66.nl\/noordholland\/nieuws\/opmerkelijke-coalitie\/\" aria-label=\"Link naar artikel\">\n\t\t<header class=\"article-card__header\">\n\n\t\t\t\t\t\t<div class=\"article-card__meta-row-wrapper\">\n\t\t\t\t<div class=\"article-card__date\">\n\t\t\t\t\t\t<p class=\"paragraph   paragraph__size--medium paragraph__weight--semiBold\">\n\t\t07.04.2025\t<\/p>\t\t\t\t<\/div>\n\t\t\t<\/div>\n\t\t\t\t\t\t\t\t\t\t<div class=\"article-card__featured-image-wrapper\">\n\t\t\t\t\t<img loading=\"lazy\" decoding=\"async\" width=\"1024\" height=\"990\" src=\"https:\/\/d66.nl\/noordholland\/wp-content\/uploads\/sites\/340\/2025\/04\/GeenReferendumMeer-1024x990.jpg\" class=\"image article-card__img\" alt=\"\" \/>\t\t\t\t<\/div>\n\t\t\t\t\t\t\t\t<\/header>\n\n\t\t<div class=\"article-card__body\">\n\t\t\t\t\t\t\t<h3 class=\"heading   heading__size--large heading__font--sans heading__weight--bold\" id=\"nav-definitief-einde-voor-het-provinciaal-referendum-in-noord-holland2555\">\n\tDefinitief einde voor het provinciaal referendum in Noord-Holland<\/h3>\t\t\t\t\t\t\n\t\t\t<button class=\"buttonV2 buttonV2__color--transparent buttonV2__size--default buttonV2__size-width--default   article-card__buttonV2\" id=\"\">\n\t<div class=\"buttonV2__top-wrapper buttonV2__arrow-align--right\">\n\t\t\t\t\t<span class=\"buttonV2__title\">\n\t\t\t\tLees verder\t\t\t<\/span>\n\t\t\n\t\t\t\t\t<div class=\"buttonV2__icon\">\n\t\t\t\t<svg xmlns='http:\/\/www.w3.org\/2000\/svg' viewBox='0 0 58.14 50.62'><path d='m32.82 50.62 25.32-25.31L32.82 0l-4.35 4.35 17.92 17.86H0v6.21h46.39L28.47 46.33l4.35 4.29z' fill='currentColor' \/><\/svg>\t\t\t<\/div>\n\t\t\t<\/div>\n\n\t<\/button>\t\t<\/div>\n\t<\/a>\n<\/article>\t\t\t\t\t<\/div>\n\t\t\t\t\t\t\t\t\t\t\t\t\t\t<div class=\"swiper-slide\">\n\t\t\t\t\t\t<article class=\"article-card article-card__color--olive  article-card__variation--full-height-img\" style=\"background-image: url('https:\/\/d66.nl\/noordholland\/wp-content\/uploads\/sites\/340\/2023\/02\/NorthC-180528_NL_DC-Oude-Meer_026-scaled-e1677250501607-1024x878.jpg')\" data-gtm-event=\"click\" data-gtm-group=\"updates\" data-gtm-target=\"Datacenters zijn onmisbaar\">\n\t\t\t<div class=\"background-overlay\"><\/div>\n\t\t<a class=\"article-card__link\" href=\"https:\/\/d66.nl\/noordholland\/nieuws\/datacenters-zijn-onmisbaar\/\" aria-label=\"Link naar artikel\">\n\t\t<header class=\"article-card__header\">\n\n\t\t\t\t\t\t<div class=\"article-card__meta-row-wrapper\">\n\t\t\t\t<div class=\"article-card__date\">\n\t\t\t\t\t\t<p class=\"paragraph   paragraph__size--medium paragraph__weight--semiBold\">\n\t\t07.02.2025\t<\/p>\t\t\t\t<\/div>\n\t\t\t<\/div>\n\t\t\t\t\t\t\t\t\t\t\t<\/header>\n\n\t\t<div class=\"article-card__body\">\n\t\t\t\t\t\t\t<h3 class=\"heading   heading__size--large heading__font--sans heading__weight--bold\" id=\"nav-datacenters-zijn-onmisbaar3688\">\n\tDatacenters zijn onmisbaar<\/h3>\t\t\t\t\t\t\n\t\t\t<button class=\"buttonV2 buttonV2__color--transparent buttonV2__size--default buttonV2__size-width--default   article-card__buttonV2\" id=\"\">\n\t<div class=\"buttonV2__top-wrapper buttonV2__arrow-align--right\">\n\t\t\t\t\t<span class=\"buttonV2__title\">\n\t\t\t\tLees verder\t\t\t<\/span>\n\t\t\n\t\t\t\t\t<div class=\"buttonV2__icon\">\n\t\t\t\t<svg xmlns='http:\/\/www.w3.org\/2000\/svg' viewBox='0 0 58.14 50.62'><path d='m32.82 50.62 25.32-25.31L32.82 0l-4.35 4.35 17.92 17.86H0v6.21h46.39L28.47 46.33l4.35 4.29z' fill='currentColor' \/><\/svg>\t\t\t<\/div>\n\t\t\t<\/div>\n\n\t<\/button>\t\t<\/div>\n\t<\/a>\n<\/article>\t\t\t\t\t<\/div>\n\t\t\t\t\t\t\t\t\t\t\t\t\t\t<div class=\"swiper-slide\">\n\t\t\t\t\t\t<article class=\"article-card article-card__color--yellow  article-card__variation--full-height-img\" style=\"background-image: url('https:\/\/d66.nl\/noordholland\/wp-content\/uploads\/sites\/340\/2025\/01\/f530ebfb-2078-4c86-87fc-1c102d1182ff-1024x819.jpeg')\" data-gtm-event=\"click\" data-gtm-group=\"updates\" data-gtm-target=\"Codam investeren in de kenniseconomie\">\n\t\t\t<div class=\"background-overlay\"><\/div>\n\t\t<a class=\"article-card__link\" href=\"https:\/\/d66.nl\/noordholland\/nieuws\/coda-investeren-in-de-kenniseconomie\/\" aria-label=\"Link naar artikel\">\n\t\t<header class=\"article-card__header\">\n\n\t\t\t\t\t\t<div class=\"article-card__meta-row-wrapper\">\n\t\t\t\t<div class=\"article-card__date\">\n\t\t\t\t\t\t<p class=\"paragraph   paragraph__size--medium paragraph__weight--semiBold\">\n\t\t24.01.2025\t<\/p>\t\t\t\t<\/div>\n\t\t\t<\/div>\n\t\t\t\t\t\t\t\t\t\t\t<\/header>\n\n\t\t<div class=\"article-card__body\">\n\t\t\t\t\t\t\t<h3 class=\"heading   heading__size--large heading__font--sans heading__weight--bold\" id=\"nav-codam-coding---investeren-in-de-kenniseconomie1479\">\n\tCodam Coding = investeren in de kenniseconomie<\/h3>\t\t\t\t\t\t\n\t\t\t<button class=\"buttonV2 buttonV2__color--transparent buttonV2__size--default buttonV2__size-width--default   article-card__buttonV2\" id=\"\">\n\t<div class=\"buttonV2__top-wrapper buttonV2__arrow-align--right\">\n\t\t\t\t\t<span class=\"buttonV2__title\">\n\t\t\t\tLees verder\t\t\t<\/span>\n\t\t\n\t\t\t\t\t<div class=\"buttonV2__icon\">\n\t\t\t\t<svg xmlns='http:\/\/www.w3.org\/2000\/svg' viewBox='0 0 58.14 50.62'><path d='m32.82 50.62 25.32-25.31L32.82 0l-4.35 4.35 17.92 17.86H0v6.21h46.39L28.47 46.33l4.35 4.29z' fill='currentColor' \/><\/svg>\t\t\t<\/div>\n\t\t\t<\/div>\n\n\t<\/button>\t\t<\/div>\n\t<\/a>\n<\/article>\t\t\t\t\t<\/div>\n\t\t\t\t\t\t\t\t\t\t\t\t\t\t<div class=\"swiper-slide\">\n\t\t\t\t\t\t<article class=\"article-card article-card__color--rosePink  article-card__variation--full-height-img\" style=\"background-image: url('https:\/\/d66.nl\/noordholland\/wp-content\/uploads\/sites\/340\/2024\/09\/SijmenMulder-DennisHeijnen-768x1024.jpg')\" data-gtm-event=\"click\" data-gtm-group=\"updates\" data-gtm-target=\"Sporten-duurder-door-BTWverhoging\">\n\t\t\t<div class=\"background-overlay\"><\/div>\n\t\t<a class=\"article-card__link\" href=\"https:\/\/d66.nl\/noordholland\/nieuws\/sporten-duurder-door-btwverhoging\/\" aria-label=\"Link naar artikel\">\n\t\t<header class=\"article-card__header\">\n\n\t\t\t\t\t\t<div class=\"article-card__meta-row-wrapper\">\n\t\t\t\t<div class=\"article-card__date\">\n\t\t\t\t\t\t<p class=\"paragraph   paragraph__size--medium paragraph__weight--semiBold\">\n\t\t17.09.2024\t<\/p>\t\t\t\t<\/div>\n\t\t\t<\/div>\n\t\t\t\t\t\t\t\t\t\t\t<\/header>\n\n\t\t<div class=\"article-card__body\">\n\t\t\t\t\t\t\t<h3 class=\"heading   heading__size--large heading__font--sans heading__weight--bold\" id=\"nav-hoeveel-wordt-sporten-duurder-in-nh-door-btw-verhoging---5600\">\n\tHoeveel wordt sporten duurder in NH door BTW-verhoging?\u00a0<\/h3>\t\t\t\t\t\t\n\t\t\t<button class=\"buttonV2 buttonV2__color--transparent buttonV2__size--default buttonV2__size-width--default   article-card__buttonV2\" id=\"\">\n\t<div class=\"buttonV2__top-wrapper buttonV2__arrow-align--right\">\n\t\t\t\t\t<span class=\"buttonV2__title\">\n\t\t\t\tLees verder\t\t\t<\/span>\n\t\t\n\t\t\t\t\t<div class=\"buttonV2__icon\">\n\t\t\t\t<svg xmlns='http:\/\/www.w3.org\/2000\/svg' viewBox='0 0 58.14 50.62'><path d='m32.82 50.62 25.32-25.31L32.82 0l-4.35 4.35 17.92 17.86H0v6.21h46.39L28.47 46.33l4.35 4.29z' fill='currentColor' \/><\/svg>\t\t\t<\/div>\n\t\t\t<\/div>\n\n\t<\/button>\t\t<\/div>\n\t<\/a>\n<\/article>\t\t\t\t\t<\/div>\n\t\t\t\t\t\t\t\t\t\t\t\t\t\t<div class=\"swiper-slide\">\n\t\t\t\t\t\t<article class=\"article-card article-card__color--romanSilver  article-card__variation--full-height-img\" style=\"background-image: url('https:\/\/d66.nl\/noordholland\/wp-content\/uploads\/sites\/340\/2024\/07\/Sijmen-4juli2024d-1024x768.jpg')\" data-gtm-event=\"click\" data-gtm-group=\"updates\" data-gtm-target=\"Niet akkoord met kaderbrief, noch met nota reserves\">\n\t\t\t<div class=\"background-overlay\"><\/div>\n\t\t<a class=\"article-card__link\" href=\"https:\/\/d66.nl\/noordholland\/nieuws\/niet-akkoord-met-kaderbrief-noch-met-nota-reserves\/\" aria-label=\"Link naar artikel\">\n\t\t<header class=\"article-card__header\">\n\n\t\t\t\t\t\t<div class=\"article-card__meta-row-wrapper\">\n\t\t\t\t<div class=\"article-card__date\">\n\t\t\t\t\t\t<p class=\"paragraph   paragraph__size--medium paragraph__weight--semiBold\">\n\t\t10.07.2024\t<\/p>\t\t\t\t<\/div>\n\t\t\t<\/div>\n\t\t\t\t\t\t\t\t\t\t\t<\/header>\n\n\t\t<div class=\"article-card__body\">\n\t\t\t\t\t\t\t<h3 class=\"heading   heading__size--large heading__font--sans heading__weight--bold\" id=\"nav-niet-akkoord-met-kaderbrief--noch-met-nota-reserves2191\">\n\tNiet akkoord met kaderbrief, noch met nota reserves<\/h3>\t\t\t\t\t\t\n\t\t\t<button class=\"buttonV2 buttonV2__color--transparent buttonV2__size--default buttonV2__size-width--default   article-card__buttonV2\" id=\"\">\n\t<div class=\"buttonV2__top-wrapper buttonV2__arrow-align--right\">\n\t\t\t\t\t<span class=\"buttonV2__title\">\n\t\t\t\tLees verder\t\t\t<\/span>\n\t\t\n\t\t\t\t\t<div class=\"buttonV2__icon\">\n\t\t\t\t<svg xmlns='http:\/\/www.w3.org\/2000\/svg' viewBox='0 0 58.14 50.62'><path d='m32.82 50.62 25.32-25.31L32.82 0l-4.35 4.35 17.92 17.86H0v6.21h46.39L28.47 46.33l4.35 4.29z' fill='currentColor' \/><\/svg>\t\t\t<\/div>\n\t\t\t<\/div>\n\n\t<\/button>\t\t<\/div>\n\t<\/a>\n<\/article>\t\t\t\t\t<\/div>\n\t\t\t\t\t\t\t\t\t\t\t\t\t\t<div class=\"swiper-slide\">\n\t\t\t\t\t\t<article class=\"article-card article-card__color--rosePink  article-card__variation--full-height-img\" style=\"background-image: url('https:\/\/d66.nl\/noordholland\/wp-content\/uploads\/sites\/340\/2023\/12\/eu.png')\" data-gtm-event=\"click\" data-gtm-group=\"updates\" data-gtm-target=\"Europese Unie en Noord-Holland\">\n\t\t\t<div class=\"background-overlay\"><\/div>\n\t\t<a class=\"article-card__link\" href=\"https:\/\/d66.nl\/noordholland\/nieuws\/europese-unie-en-noord-holland\/\" aria-label=\"Link naar artikel\">\n\t\t<header class=\"article-card__header\">\n\n\t\t\t\t\t\t<div class=\"article-card__meta-row-wrapper\">\n\t\t\t\t<div class=\"article-card__date\">\n\t\t\t\t\t\t<p class=\"paragraph   paragraph__size--medium paragraph__weight--semiBold\">\n\t\t21.05.2024\t<\/p>\t\t\t\t<\/div>\n\t\t\t<\/div>\n\t\t\t\t\t\t\t\t\t\t\t<\/header>\n\n\t\t<div class=\"article-card__body\">\n\t\t\t\t\t\t\t<h3 class=\"heading   heading__size--large heading__font--sans heading__weight--bold\" id=\"nav-hoe-belangrijk-is-de-europese-unie-voor-noord-holland--de-eu-is-dichterbij-dan-je-denkt-8571\">\n\tHoe belangrijk is de Europese Unie voor Noord-Holland? De EU is dichterbij dan je denkt!<\/h3>\t\t\t\t\t\t\n\t\t\t<button class=\"buttonV2 buttonV2__color--transparent buttonV2__size--default buttonV2__size-width--default   article-card__buttonV2\" id=\"\">\n\t<div class=\"buttonV2__top-wrapper buttonV2__arrow-align--right\">\n\t\t\t\t\t<span class=\"buttonV2__title\">\n\t\t\t\tLees verder\t\t\t<\/span>\n\t\t\n\t\t\t\t\t<div class=\"buttonV2__icon\">\n\t\t\t\t<svg xmlns='http:\/\/www.w3.org\/2000\/svg' viewBox='0 0 58.14 50.62'><path d='m32.82 50.62 25.32-25.31L32.82 0l-4.35 4.35 17.92 17.86H0v6.21h46.39L28.47 46.33l4.35 4.29z' fill='currentColor' \/><\/svg>\t\t\t<\/div>\n\t\t\t<\/div>\n\n\t<\/button>\t\t<\/div>\n\t<\/a>\n<\/article>\t\t\t\t\t<\/div>\n\t\t\t\t\t\t\t\t\t\t\t\t\t\t<div class=\"swiper-slide\">\n\t\t\t\t\t\t<article class=\"article-card article-card__color--skyBlue  article-card__variation--full-height-img\" style=\"background-image: url('https:\/\/d66.nl\/noordholland\/wp-content\/uploads\/sites\/340\/2022\/04\/561C3120-5579-4DDF-B55F-F4932D6F1116-1024x768-1.jpeg')\" data-gtm-event=\"click\" data-gtm-group=\"updates\" data-gtm-target=\"Opfrisser nodig provinciaal toiletbeleid\u00a0\">\n\t\t\t<div class=\"background-overlay\"><\/div>\n\t\t<a class=\"article-card__link\" href=\"https:\/\/d66.nl\/noordholland\/nieuws\/opfrisser-nodig-provinciaal-toiletbeleid\/\" aria-label=\"Link naar artikel\">\n\t\t<header class=\"article-card__header\">\n\n\t\t\t\t\t\t<div class=\"article-card__meta-row-wrapper\">\n\t\t\t\t<div class=\"article-card__date\">\n\t\t\t\t\t\t<p class=\"paragraph   paragraph__size--medium paragraph__weight--semiBold\">\n\t\t22.04.2024\t<\/p>\t\t\t\t<\/div>\n\t\t\t<\/div>\n\t\t\t\t\t\t\t\t\t\t\t<\/header>\n\n\t\t<div class=\"article-card__body\">\n\t\t\t\t\t\t\t<h3 class=\"heading   heading__size--large heading__font--sans heading__weight--bold\" id=\"nav-opfrisser-nodig-voor-provinciaal-toiletbeleid--719\">\n\tOpfrisser nodig voor provinciaal toiletbeleid\u00a0<\/h3>\t\t\t\t\t\t\n\t\t\t<button class=\"buttonV2 buttonV2__color--transparent buttonV2__size--default buttonV2__size-width--default   article-card__buttonV2\" id=\"\">\n\t<div class=\"buttonV2__top-wrapper buttonV2__arrow-align--right\">\n\t\t\t\t\t<span class=\"buttonV2__title\">\n\t\t\t\tLees verder\t\t\t<\/span>\n\t\t\n\t\t\t\t\t<div class=\"buttonV2__icon\">\n\t\t\t\t<svg xmlns='http:\/\/www.w3.org\/2000\/svg' viewBox='0 0 58.14 50.62'><path d='m32.82 50.62 25.32-25.31L32.82 0l-4.35 4.35 17.92 17.86H0v6.21h46.39L28.47 46.33l4.35 4.29z' fill='currentColor' \/><\/svg>\t\t\t<\/div>\n\t\t\t<\/div>\n\n\t<\/button>\t\t<\/div>\n\t<\/a>\n<\/article>\t\t\t\t\t<\/div>\n\t\t\t\t\t\t\t\t\t\t\t\t\t\t<div class=\"swiper-slide\">\n\t\t\t\t\t\t<article class=\"article-card article-card__color--olive  article-card__variation--full-height-img\" style=\"background-image: url('https:\/\/d66.nl\/noordholland\/wp-content\/uploads\/sites\/340\/2023\/02\/NorthC-180528_NL_DC-Oude-Meer_026-scaled-e1677250501607-1024x878.jpg')\" data-gtm-event=\"click\" data-gtm-group=\"updates\" data-gtm-target=\"Herijken datacenter-strategie\">\n\t\t\t<div class=\"background-overlay\"><\/div>\n\t\t<a class=\"article-card__link\" href=\"https:\/\/d66.nl\/noordholland\/nieuws\/herijken-datacenter-strategie\/\" aria-label=\"Link naar artikel\">\n\t\t<header class=\"article-card__header\">\n\n\t\t\t\t\t\t<div class=\"article-card__meta-row-wrapper\">\n\t\t\t\t<div class=\"article-card__date\">\n\t\t\t\t\t\t<p class=\"paragraph   paragraph__size--medium paragraph__weight--semiBold\">\n\t\t18.03.2024\t<\/p>\t\t\t\t<\/div>\n\t\t\t<\/div>\n\t\t\t\t\t\t\t\t\t\t\t<\/header>\n\n\t\t<div class=\"article-card__body\">\n\t\t\t\t\t\t\t<h3 class=\"heading   heading__size--large heading__font--sans heading__weight--bold\" id=\"nav-de-datacenter-strategie-moet-flexibeler-voor-duurzaamheid6679\">\n\tDe datacenter-strategie moet flexibeler voor duurzaamheid<\/h3>\t\t\t\t\t\t\n\t\t\t<button class=\"buttonV2 buttonV2__color--transparent buttonV2__size--default buttonV2__size-width--default   article-card__buttonV2\" id=\"\">\n\t<div class=\"buttonV2__top-wrapper buttonV2__arrow-align--right\">\n\t\t\t\t\t<span class=\"buttonV2__title\">\n\t\t\t\tLees verder\t\t\t<\/span>\n\t\t\n\t\t\t\t\t<div class=\"buttonV2__icon\">\n\t\t\t\t<svg xmlns='http:\/\/www.w3.org\/2000\/svg' viewBox='0 0 58.14 50.62'><path d='m32.82 50.62 25.32-25.31L32.82 0l-4.35 4.35 17.92 17.86H0v6.21h46.39L28.47 46.33l4.35 4.29z' fill='currentColor' \/><\/svg>\t\t\t<\/div>\n\t\t\t<\/div>\n\n\t<\/button>\t\t<\/div>\n\t<\/a>\n<\/article>\t\t\t\t\t<\/div>\n\t\t\t\t\t\t\t\t\t\t\t\t\t\t<div class=\"swiper-slide\">\n\t\t\t\t\t\t<article class=\"article-card article-card__color--yellow\">\n\t\t<a class=\"article-card__link\" href=\"https:\/\/d66.nl\/noordholland\/nieuws\/ps-actualiteit-expertgroep-gezondheid\/\" aria-label=\"Link naar artikel\">\n\t\t<header class=\"article-card__header\">\n\n\t\t\t\t\t\t<div class=\"article-card__meta-row-wrapper\">\n\t\t\t\t<div class=\"article-card__date\">\n\t\t\t\t\t\t<p class=\"paragraph   paragraph__size--medium paragraph__weight--semiBold\">\n\t\t04.03.2024\t<\/p>\t\t\t\t<\/div>\n\t\t\t<\/div>\n\t\t\t\t\t\t\t\t\t\t<div class=\"article-card__featured-image-wrapper\">\n\t\t\t\t\t<img loading=\"lazy\" decoding=\"async\" width=\"1024\" height=\"749\" src=\"https:\/\/d66.nl\/noordholland\/wp-content\/uploads\/sites\/340\/2024\/03\/2024-03-KristaJansen-PS-1024x749.jpg\" class=\"image article-card__img\" alt=\"\" \/>\t\t\t\t<\/div>\n\t\t\t\t\t\t\t\t<\/header>\n\n\t\t<div class=\"article-card__body\">\n\t\t\t\t\t\t\t<h3 class=\"heading   heading__size--large heading__font--sans heading__weight--bold\" id=\"nav-weer-rapport-over-gezondheid-in-ijmond3381\">\n\tWeer rapport over gezondheid in IJmond<\/h3>\t\t\t\t\t\t\n\t\t\t<button class=\"buttonV2 buttonV2__color--transparent buttonV2__size--default buttonV2__size-width--default   article-card__buttonV2\" id=\"\">\n\t<div class=\"buttonV2__top-wrapper buttonV2__arrow-align--right\">\n\t\t\t\t\t<span class=\"buttonV2__title\">\n\t\t\t\tLees verder\t\t\t<\/span>\n\t\t\n\t\t\t\t\t<div class=\"buttonV2__icon\">\n\t\t\t\t<svg xmlns='http:\/\/www.w3.org\/2000\/svg' viewBox='0 0 58.14 50.62'><path d='m32.82 50.62 25.32-25.31L32.82 0l-4.35 4.35 17.92 17.86H0v6.21h46.39L28.47 46.33l4.35 4.29z' fill='currentColor' \/><\/svg>\t\t\t<\/div>\n\t\t\t<\/div>\n\n\t<\/button>\t\t<\/div>\n\t<\/a>\n<\/article>\t\t\t\t\t<\/div>\n\t\t\t\t\t\t\t<\/div>\n\t\t<\/div>\n\t<\/div>\n\n\t\t\t<div class=\"carousel-slider-navigation js-carousel-slider-navigation carousel-slider-navigation__offset--always\">\n\t<div class=\"carousel-slider-navigation__fraction-pagination-wrapper\">\n\t\t<span class=\"custom-swiper-pagination-current\">1<\/span> \/ <span class=\"custom-swiper-pagination-total\">X<\/span>\n\t<\/div>\n\t<div class=\"carousel-slider-navigation__pagination-wrapper\">\n\t\t<div class=\"carousel-slider-navigation__pagination js-swiper-progressbar\"><\/div>\n\t<\/div>\n\t<div class=\"carousel-slider-navigation__navigation\">\n\t\t<button class=\"carousel-slider-navigation__nav-button carousel-slider-navigation__nav-button--prev js-swiper-prev\" aria-label=\"Previous slide\"><\/button>\n\t\t<button class=\"carousel-slider-navigation__nav-button carousel-slider-navigation__nav-button--next js-swiper-next\" aria-label=\"Next slide\"><\/button>\n\t<\/div>\n<\/div>\t\n<\/div>\t<\/div>\n\n<\/section>\n\t  <\/div>\n\t<\/div>\n  <\/div>\n\n\n<div\n  id=\"\"\n  class=\"wrapper  wrapper__spacing-bottom-large--110 wrapper__spacing-bottom-desktop--60 wrapper__spacing-bottom-mobile--50  wrapper__gutter--none\"\n  >\n  \t<div class=\"wrapper__container wrapper__container-width-large--default\">\n\t  <div class=\"wrapper__inner wrapper__width-large--24 wrapper__width-mobile--24\">\n\t\t<section class=\"block-video\">\n\t<div\n\t\tclass=\"block-video__video-wrapper\"\n\t\tstyle=\"background-image: url('https:\/\/media.d66.nl\/uploads\/sites\/340\/2022\/12\/Wesley-Pride.jpg')\"\n\t>\n\t\t\t<\/div>\n\n\t\t\t<div class=\"block-video__caption-wrapper\">\n\t\t\t<div class=\"block-video__caption\">\n\t\t\t\t<p class=\"paragraph paragraph__align--left paragraph__color--black paragraph__size--small paragraph__weight--medium\">\n\t\t<b>Wesley van der Heijden<\/b> <i>&#045;<\/i> Beeld: WvdH\t<\/p>\t\t\t<\/div>\n\t\t<\/div>\n\t\n<\/section>\n\n\t  <\/div>\n\t<\/div>\n  <\/div>\n","protected":false},"author":981,"featured_media":5623,"menu_order":0,"template":"","labels":[],"search-tags":[59,56],"division-tags":[29],"class_list":["post-1591","people-type","type-people-type","status-publish","has-post-thumbnail","hentry","search-tags-circulaire-economie","search-tags-goed-bestuur-en-financien","division-tags-statenfractie"],"acf":[],"yoast_head":"<!-- This site is optimized with the Yoast SEO plugin v27.3 - https:\/\/yoast.com\/product\/yoast-seo-wordpress\/ -->\n<title>D66 Noord-Holland &#8212; Onze mensen<\/title>\n<meta name=\"robots\" content=\"index, follow, max-snippet:-1, max-image-preview:large, max-video-preview:-1\" \/>\n<link rel=\"canonical\" href=\"https:\/\/d66.nl\/noordholland\/mensen\/wesley-van-der-heijden\/\" \/>\n<meta property=\"og:locale\" content=\"nl_NL\" \/>\n<meta property=\"og:type\" content=\"article\" \/>\n<meta property=\"og:title\" content=\"D66 Noord-Holland &#8212; Onze mensen\" \/>\n<meta property=\"og:url\" content=\"https:\/\/d66.nl\/noordholland\/mensen\/wesley-van-der-heijden\/\" \/>\n<meta property=\"og:site_name\" content=\"D66 Noord-Holland\" \/>\n<meta property=\"article:modified_time\" content=\"2026-04-13T18:27:49+00:00\" \/>\n<meta property=\"og:image\" content=\"https:\/\/media.d66.nl\/uploads\/sites\/340\/2026\/04\/1b264d1c-3aa4-4588-8dc7-5240b8370489.jpeg\" \/>\n\t<meta property=\"og:image:width\" content=\"1536\" \/>\n\t<meta property=\"og:image:height\" content=\"2048\" \/>\n\t<meta property=\"og:image:type\" content=\"image\/jpeg\" \/>\n<meta name=\"twitter:card\" content=\"summary_large_image\" \/>\n<meta name=\"twitter:label1\" content=\"Geschatte leestijd\" \/>\n\t<meta name=\"twitter:data1\" content=\"1 minuut\" \/>\n<script type=\"application\/ld+json\" class=\"yoast-schema-graph\">{\"@context\":\"https:\\\/\\\/schema.org\",\"@graph\":[{\"@type\":\"WebPage\",\"@id\":\"https:\\\/\\\/d66.nl\\\/noordholland\\\/mensen\\\/wesley-van-der-heijden\\\/\",\"url\":\"https:\\\/\\\/d66.nl\\\/noordholland\\\/mensen\\\/wesley-van-der-heijden\\\/\",\"name\":\"D66 Noord-Holland &#8212; Onze mensen\",\"isPartOf\":{\"@id\":\"https:\\\/\\\/d66.nl\\\/noordholland\\\/#website\"},\"primaryImageOfPage\":{\"@id\":\"https:\\\/\\\/d66.nl\\\/noordholland\\\/mensen\\\/wesley-van-der-heijden\\\/#primaryimage\"},\"image\":{\"@id\":\"https:\\\/\\\/d66.nl\\\/noordholland\\\/mensen\\\/wesley-van-der-heijden\\\/#primaryimage\"},\"thumbnailUrl\":\"https:\\\/\\\/media.d66.nl\\\/uploads\\\/sites\\\/340\\\/2026\\\/04\\\/1b264d1c-3aa4-4588-8dc7-5240b8370489.jpeg\",\"datePublished\":\"2022-12-14T12:41:16+00:00\",\"dateModified\":\"2026-04-13T18:27:49+00:00\",\"breadcrumb\":{\"@id\":\"https:\\\/\\\/d66.nl\\\/noordholland\\\/mensen\\\/wesley-van-der-heijden\\\/#breadcrumb\"},\"inLanguage\":\"nl-NL\",\"potentialAction\":[{\"@type\":\"ReadAction\",\"target\":[\"https:\\\/\\\/d66.nl\\\/noordholland\\\/mensen\\\/wesley-van-der-heijden\\\/\"]}]},{\"@type\":\"ImageObject\",\"inLanguage\":\"nl-NL\",\"@id\":\"https:\\\/\\\/d66.nl\\\/noordholland\\\/mensen\\\/wesley-van-der-heijden\\\/#primaryimage\",\"url\":\"https:\\\/\\\/media.d66.nl\\\/uploads\\\/sites\\\/340\\\/2026\\\/04\\\/1b264d1c-3aa4-4588-8dc7-5240b8370489.jpeg\",\"contentUrl\":\"https:\\\/\\\/media.d66.nl\\\/uploads\\\/sites\\\/340\\\/2026\\\/04\\\/1b264d1c-3aa4-4588-8dc7-5240b8370489.jpeg\",\"width\":1536,\"height\":2048},{\"@type\":\"BreadcrumbList\",\"@id\":\"https:\\\/\\\/d66.nl\\\/noordholland\\\/mensen\\\/wesley-van-der-heijden\\\/#breadcrumb\",\"itemListElement\":[{\"@type\":\"ListItem\",\"position\":1,\"name\":\"Home\",\"item\":\"https:\\\/\\\/d66.nl\\\/noordholland\\\/\"},{\"@type\":\"ListItem\",\"position\":2,\"name\":\"Mensen\",\"item\":\"https:\\\/\\\/d66.nl\\\/noordholland\\\/mensen\\\/\"},{\"@type\":\"ListItem\",\"position\":3,\"name\":\"Wesley van der Heijden\"}]},{\"@type\":\"WebSite\",\"@id\":\"https:\\\/\\\/d66.nl\\\/noordholland\\\/#website\",\"url\":\"https:\\\/\\\/d66.nl\\\/noordholland\\\/\",\"name\":\"D66 Noord-Holland\",\"description\":\"Just another D66 Sites site\",\"publisher\":{\"@id\":\"https:\\\/\\\/d66.nl\\\/noordholland\\\/#organization\"},\"potentialAction\":[{\"@type\":\"SearchAction\",\"target\":{\"@type\":\"EntryPoint\",\"urlTemplate\":\"https:\\\/\\\/d66.nl\\\/noordholland\\\/?s={search_term_string}\"},\"query-input\":{\"@type\":\"PropertyValueSpecification\",\"valueRequired\":true,\"valueName\":\"search_term_string\"}}],\"inLanguage\":\"nl-NL\"},{\"@type\":\"Organization\",\"@id\":\"https:\\\/\\\/d66.nl\\\/noordholland\\\/#organization\",\"name\":\"D66\",\"url\":\"https:\\\/\\\/d66.nl\\\/noordholland\\\/\",\"logo\":{\"@type\":\"ImageObject\",\"inLanguage\":\"nl-NL\",\"@id\":\"https:\\\/\\\/d66.nl\\\/noordholland\\\/#\\\/schema\\\/logo\\\/image\\\/\",\"url\":\"https:\\\/\\\/d66.nl\\\/noordholland\\\/wp-content\\\/uploads\\\/sites\\\/2\\\/2021\\\/10\\\/d66-themas-algemeen-og.png\",\"contentUrl\":\"https:\\\/\\\/d66.nl\\\/noordholland\\\/wp-content\\\/uploads\\\/sites\\\/2\\\/2021\\\/10\\\/d66-themas-algemeen-og.png\",\"width\":1200,\"height\":628,\"caption\":\"D66\"},\"image\":{\"@id\":\"https:\\\/\\\/d66.nl\\\/noordholland\\\/#\\\/schema\\\/logo\\\/image\\\/\"}}]}<\/script>\n<!-- \/ Yoast SEO plugin. -->","yoast_head_json":{"title":"D66 Noord-Holland &#8212; Onze mensen","robots":{"index":"index","follow":"follow","max-snippet":"max-snippet:-1","max-image-preview":"max-image-preview:large","max-video-preview":"max-video-preview:-1"},"canonical":"https:\/\/d66.nl\/noordholland\/mensen\/wesley-van-der-heijden\/","og_locale":"nl_NL","og_type":"article","og_title":"D66 Noord-Holland &#8212; Onze mensen","og_url":"https:\/\/d66.nl\/noordholland\/mensen\/wesley-van-der-heijden\/","og_site_name":"D66 Noord-Holland","article_modified_time":"2026-04-13T18:27:49+00:00","og_image":[{"width":1536,"height":2048,"url":"https:\/\/media.d66.nl\/uploads\/sites\/340\/2026\/04\/1b264d1c-3aa4-4588-8dc7-5240b8370489.jpeg","type":"image\/jpeg"}],"twitter_card":"summary_large_image","twitter_misc":{"Geschatte leestijd":"1 minuut"},"schema":{"@context":"https:\/\/schema.org","@graph":[{"@type":"WebPage","@id":"https:\/\/d66.nl\/noordholland\/mensen\/wesley-van-der-heijden\/","url":"https:\/\/d66.nl\/noordholland\/mensen\/wesley-van-der-heijden\/","name":"D66 Noord-Holland &#8212; Onze mensen","isPartOf":{"@id":"https:\/\/d66.nl\/noordholland\/#website"},"primaryImageOfPage":{"@id":"https:\/\/d66.nl\/noordholland\/mensen\/wesley-van-der-heijden\/#primaryimage"},"image":{"@id":"https:\/\/d66.nl\/noordholland\/mensen\/wesley-van-der-heijden\/#primaryimage"},"thumbnailUrl":"https:\/\/media.d66.nl\/uploads\/sites\/340\/2026\/04\/1b264d1c-3aa4-4588-8dc7-5240b8370489.jpeg","datePublished":"2022-12-14T12:41:16+00:00","dateModified":"2026-04-13T18:27:49+00:00","breadcrumb":{"@id":"https:\/\/d66.nl\/noordholland\/mensen\/wesley-van-der-heijden\/#breadcrumb"},"inLanguage":"nl-NL","potentialAction":[{"@type":"ReadAction","target":["https:\/\/d66.nl\/noordholland\/mensen\/wesley-van-der-heijden\/"]}]},{"@type":"ImageObject","inLanguage":"nl-NL","@id":"https:\/\/d66.nl\/noordholland\/mensen\/wesley-van-der-heijden\/#primaryimage","url":"https:\/\/media.d66.nl\/uploads\/sites\/340\/2026\/04\/1b264d1c-3aa4-4588-8dc7-5240b8370489.jpeg","contentUrl":"https:\/\/media.d66.nl\/uploads\/sites\/340\/2026\/04\/1b264d1c-3aa4-4588-8dc7-5240b8370489.jpeg","width":1536,"height":2048},{"@type":"BreadcrumbList","@id":"https:\/\/d66.nl\/noordholland\/mensen\/wesley-van-der-heijden\/#breadcrumb","itemListElement":[{"@type":"ListItem","position":1,"name":"Home","item":"https:\/\/d66.nl\/noordholland\/"},{"@type":"ListItem","position":2,"name":"Mensen","item":"https:\/\/d66.nl\/noordholland\/mensen\/"},{"@type":"ListItem","position":3,"name":"Wesley van der Heijden"}]},{"@type":"WebSite","@id":"https:\/\/d66.nl\/noordholland\/#website","url":"https:\/\/d66.nl\/noordholland\/","name":"D66 Noord-Holland","description":"Just another D66 Sites site","publisher":{"@id":"https:\/\/d66.nl\/noordholland\/#organization"},"potentialAction":[{"@type":"SearchAction","target":{"@type":"EntryPoint","urlTemplate":"https:\/\/d66.nl\/noordholland\/?s={search_term_string}"},"query-input":{"@type":"PropertyValueSpecification","valueRequired":true,"valueName":"search_term_string"}}],"inLanguage":"nl-NL"},{"@type":"Organization","@id":"https:\/\/d66.nl\/noordholland\/#organization","name":"D66","url":"https:\/\/d66.nl\/noordholland\/","logo":{"@type":"ImageObject","inLanguage":"nl-NL","@id":"https:\/\/d66.nl\/noordholland\/#\/schema\/logo\/image\/","url":"https:\/\/d66.nl\/noordholland\/wp-content\/uploads\/sites\/2\/2021\/10\/d66-themas-algemeen-og.png","contentUrl":"https:\/\/d66.nl\/noordholland\/wp-content\/uploads\/sites\/2\/2021\/10\/d66-themas-algemeen-og.png","width":1200,"height":628,"caption":"D66"},"image":{"@id":"https:\/\/d66.nl\/noordholland\/#\/schema\/logo\/image\/"}}]}},"_links":{"self":[{"href":"https:\/\/d66.nl\/noordholland\/wp-json\/wp\/v2\/people-type\/1591","targetHints":{"allow":["GET"]}}],"collection":[{"href":"https:\/\/d66.nl\/noordholland\/wp-json\/wp\/v2\/people-type"}],"about":[{"href":"https:\/\/d66.nl\/noordholland\/wp-json\/wp\/v2\/types\/people-type"}],"author":[{"embeddable":true,"href":"https:\/\/d66.nl\/noordholland\/wp-json\/wp\/v2\/users\/981"}],"wp:featuredmedia":[{"embeddable":true,"href":"https:\/\/d66.nl\/noordholland\/wp-json\/wp\/v2\/media\/5623"}],"wp:attachment":[{"href":"https:\/\/d66.nl\/noordholland\/wp-json\/wp\/v2\/media?parent=1591"}],"wp:term":[{"taxonomy":"labels","embeddable":true,"href":"https:\/\/d66.nl\/noordholland\/wp-json\/wp\/v2\/labels?post=1591"},{"taxonomy":"search-tags","embeddable":true,"href":"https:\/\/d66.nl\/noordholland\/wp-json\/wp\/v2\/search-tags?post=1591"},{"taxonomy":"division-tags","embeddable":true,"href":"https:\/\/d66.nl\/noordholland\/wp-json\/wp\/v2\/division-tags?post=1591"}],"curies":[{"name":"wp","href":"https:\/\/api.w.org\/{rel}","templated":true}]}}