{"id":331,"date":"2021-10-27T13:52:18","date_gmt":"2021-10-27T13:52:18","guid":{"rendered":"https:\/\/d66.nl\/medemblik\/?page_id=331"},"modified":"2021-11-25T20:51:13","modified_gmt":"2021-11-25T20:51:13","slug":"democratie-en-bestuur","status":"publish","type":"topics","link":"https:\/\/d66.nl\/medemblik\/standpunten\/democratie-en-bestuur\/","title":{"rendered":"Democratie en bestuur"},"content":{"rendered":"<div\n  id=\"\"\n  class=\"wrapper  wrapper__spacing-bottom-large--100 wrapper__spacing-bottom-desktop--140 wrapper__spacing-bottom-mobile--110  wrapper__gutter--none\"\n  >\n  \t<div class=\"wrapper__container wrapper__container-width-large--default\">\n\t  <div class=\"wrapper__inner wrapper__width-large--24 wrapper__width-desktop--22 wrapper__width-mobile--24 wrapper__offset-large--0 wrapper__offset-desktop--2 wrapper__offset-mobile--0\">\n\t\t<section\n  class=\"block-small-hero\"\n  data-video-url=\"\"\n>\n  <div class=\"block-small-hero__wrapper\">\n\t<div class=\"block-small-hero__heading\">\n\t  <div class=\"block-small-hero__title\">\n\t\t<h1 class=\"heading heading__align--left heading__color--black heading__size--giant  heading__weight--normal\" id=\"nav-introductie3132\" data-nav-heading=\"Introductie\" data-nav-heading-mobile=\"Introductie\">\n\tVrij zijn met een overheid die beslist met jou<\/h1>\t  <\/div>\n\t  \t<\/div>\n\n\t\n\t\t  <div class=\"block-small-hero__image\">\n\t\t<img loading=\"lazy\" decoding=\"async\" width=\"1024\" height=\"576\" src=\"https:\/\/d66.nl\/medemblik\/wp-content\/uploads\/sites\/3\/2021\/10\/d66-campagne-190202-006-D66_CanvasLeiden-JeroenMooijman-1024x576.jpg\" class=\"image block-small-hero__img\" alt=\"\" \/>\n\t\t\t<div class=\"image__caption-wrapper block-small-hero__caption-wrapper\">\n\t\t\t<div class=\"image__caption block-small-hero__caption\">\n\t\t\t\t<p class=\"paragraph paragraph__align--left paragraph__color--black paragraph__size--small paragraph__weight--medium\">\n\t\t<b>Jan Paternotte<\/b> <i>&#045;<\/i> Campagnevoeren zorgt ervoor dat steeds meer mensen onze optimistische boodschap omarmen. <i>&#x2022;<\/i> Beeld: Jeroen Mooijman\t<\/p>\t\t\t<\/div>\n\t\t<\/div>\t  <\/div>\n\t\t<div class=\"block-small-hero__columns block-small-hero__columns--two\" data-accordion-active=\"0\">\n\t  <div class=\"block-small-hero__column\">\n\t\t<p class=\"paragraph paragraph__align--left paragraph__color--black paragraph__size--default\">\n\t\tDe overheid staat de afgelopen jaren te veel tegenover mensen, in plaats van naast mensen. Daardoor neemt het vertrouwen in de overheid af. Dat is een slecht teken. De overheid is er voor haar inwoners. Voor jou. Ze moet iedereen vrij laten, maar niemand laten vallen.<br><br>Als het om onze democratie gaat, mogen we nooit achterover leunen. Wij willen jou meer inspraak en invloed geven.\t<\/p>\t  <\/div>\n\t  \t  <div class=\"block-small-hero__column\">\n\t\t\t<p class=\"paragraph paragraph__align--left paragraph__color--black paragraph__size--default\">\n\t\tWe willen dat de macht van de overheid controleerbaar is. Of dat nu op Europees, nationaal, regionaal of lokaal niveau is.\u00a0<br><br>Wij willen dat iedereen mee kan doen met onze democratie. Niet \u00e9\u00e9n keer in de vier jaar, maar iedere dag. En als mensen zelf goede idee\u00ebn hebben, dan gaan we daarmee aan de slag.\t<\/p>\t  <\/div>\n\t  \t  \t<\/div>\n  <\/div>\n<\/section>\n\n\t  <\/div>\n\t<\/div>\n  <\/div>\n\n\n<div\n  id=\"\"\n  class=\"wrapper wrapper__spacing-top-large--0 wrapper__spacing-bottom-large--60  wrapper__gutter--none\"\n  >\n  \t<div class=\"wrapper__container wrapper__container-width-large--default\">\n\t  <div class=\"wrapper__inner wrapper__width-large--24 wrapper__width-mobile--24\">\n\t\t<h2 class=\"heading heading__align--left heading__color--black heading__size--huge heading__font--sans heading__weight--semiBold  block-heading__heading\" id=\"nav-standpunten2278\" data-nav-heading=\"Standpunten\" data-nav-heading-mobile=\"Standpunten\" >\n\tOnze standpunten<\/h2>\t  <\/div>\n\t<\/div>\n  <\/div>\n\n\n<div\n  id=\"\"\n  class=\"wrapper  wrapper__spacing-bottom-large--100  wrapper__gutter--none\"\n  >\n  \t<div class=\"wrapper__container wrapper__container-width-large--default\">\n\t  <div class=\"wrapper__inner wrapper__width-large--22 wrapper__width-mobile--24\">\n\t\t<div class=\"js-article-grid\">\n\t\t<div\n\t\tclass=\"block-article-listing js-block-article-listing\"\n\t\tdata-latest-post-id=\"989\"\n\t\tdata-how-many-to-load=\"12\"\n\t\tdata-post-type=\"manifesto\"\n\t\tdata-filtering=\"no-filter\"\t\tdata-categories=\"18\"\t\tdata-sites=\"\"\n\t\tdata-syndication=\"current-site\"\n\t\tdata-nothing-found-text=\"\"\n\n\t\t\t\t>\n\t\t<input type=\"hidden\" id=\"_wpnonce\" name=\"_wpnonce\" value=\"0978ea7d65\" \/><input type=\"hidden\" name=\"_wp_http_referer\" value=\"\/medemblik\/wp-json\/wp\/v2\/standpunten\/331\" \/><div class=\"block-point-of-view-grid-new js-block-point-of-view-grid-new\">\n\t<div class=\"block-point-of-view-grid-new__grid\">\n\n\t\t\t\t\t<div class=\"block-point-of-view-grid-new__row-desktop block-point-of-view-grid-new__row-desktop-bottom\">\n\t\t\t\t\t\t\t\t\t\t\t\t\t\t\t<div class=\"block-point-of-view-grid-new__item block-point-of-view-grid-new__item--first\">\n\t\t\t\t\t\t\t<div class=\"mini-card  mini-card__style mini-card__style--spacious   block-point-of-view-grid-new__mini-card\" data-post-id=\"0\">\n\t\n\t\t\t<div class=\"mini-card__image-wrapper\">\n\t\t\t\t\t<\/div>\n\t\t\t\t<div class=\"mini-card__heading  mini-card__limit-lines mini-card__limit-lines--2\">\n\t\t\t<a href=\"https:\/\/d66.nl\/medemblik\/verkiezingsprogramma\/samen-leven\/\" class=\"mini-card__link\">\n\t\t\t\t<h2 class=\"heading heading__align--left heading__color--black heading__size--medium heading__font--sans heading__weight--bold\" id=\"nav-infrastructuur-en-verkeer5306\">\n\tInfrastructuur en verkeer<\/h2>\t\t\t<\/a>\n\t\t<\/div>\n\t\t\t\t\n\t\t\t<div class=\"mini-card__paragraph  mini-card__limit-lines mini-card__limit-lines--3\">\n\t\t\t<p class=\"paragraph paragraph__align--left paragraph__color--black paragraph__size--default paragraph__weight--medium\">\n\t\tD66 Medemblik zet in op verkeersveiligheid, een prettige leefomgeving en goede verbindingen tussen dorpen, stad en buitengebied. Ook verbeteren we recreatieve routes voor fietsers en wandelaars.\t<\/p>\t\t<\/div>\n\t\n\t<a href=\"https:\/\/d66.nl\/medemblik\/verkiezingsprogramma\/samen-leven\/\" class=\"buttonV2 buttonV2__color--transparent buttonV2__size--default buttonV2__size-width--default buttonV2__link  mini-card__buttonV2\" id=\"\" target=\"\">\n\t<div class=\"buttonV2__top-wrapper buttonV2__arrow-align--right\">\n\t\t\t\t\t<span class=\"buttonV2__title\">\n\t\t\t\tLees verder\t\t\t<\/span>\n\t\t\n\t\t\t\t\t<div class=\"buttonV2__icon\">\n\t\t\t\t<svg xmlns='http:\/\/www.w3.org\/2000\/svg' viewBox='0 0 58.14 50.62'><path d='m32.82 50.62 25.32-25.31L32.82 0l-4.35 4.35 17.92 17.86H0v6.21h46.39L28.47 46.33l4.35 4.29z' fill='currentColor' \/><\/svg>\t\t\t<\/div>\n\t\t\t<\/div>\n\n\t<\/a><\/div>\t\t\t\t\t\t<\/div>\n\t\t\t\t\t\t\t\t\t\t\t\t\t\t\t\t\t\t\t\t<div class=\"block-point-of-view-grid-new__item block-point-of-view-grid-new__item--second\">\n\t\t\t\t\t\t\t<div class=\"mini-card  mini-card__style mini-card__style--spacious   block-point-of-view-grid-new__mini-card\" data-post-id=\"0\">\n\t\n\t\t\t<div class=\"mini-card__image-wrapper\">\n\t\t\t\t\t<\/div>\n\t\t\t\t<div class=\"mini-card__heading  mini-card__limit-lines mini-card__limit-lines--2\">\n\t\t\t<a href=\"https:\/\/d66.nl\/medemblik\/verkiezingsprogramma\/sociaal-domein-4\/\" class=\"mini-card__link\">\n\t\t\t\t<h2 class=\"heading heading__align--left heading__color--black heading__size--medium heading__font--sans heading__weight--bold\" id=\"nav-migratie77\">\n\tMigratie<\/h2>\t\t\t<\/a>\n\t\t<\/div>\n\t\t\t\t\n\t\t\t<div class=\"mini-card__paragraph  mini-card__limit-lines mini-card__limit-lines--3\">\n\t\t\t<p class=\"paragraph paragraph__align--left paragraph__color--black paragraph__size--default paragraph__weight--medium\">\n\t\tD66 Medemblik staat voor een menselijk en realistisch migratiebeleid.\t<\/p>\t\t<\/div>\n\t\n\t<a href=\"https:\/\/d66.nl\/medemblik\/verkiezingsprogramma\/sociaal-domein-4\/\" class=\"buttonV2 buttonV2__color--transparent buttonV2__size--default buttonV2__size-width--default buttonV2__link  mini-card__buttonV2\" id=\"\" target=\"\">\n\t<div class=\"buttonV2__top-wrapper buttonV2__arrow-align--right\">\n\t\t\t\t\t<span class=\"buttonV2__title\">\n\t\t\t\tLees verder\t\t\t<\/span>\n\t\t\n\t\t\t\t\t<div class=\"buttonV2__icon\">\n\t\t\t\t<svg xmlns='http:\/\/www.w3.org\/2000\/svg' viewBox='0 0 58.14 50.62'><path d='m32.82 50.62 25.32-25.31L32.82 0l-4.35 4.35 17.92 17.86H0v6.21h46.39L28.47 46.33l4.35 4.29z' fill='currentColor' \/><\/svg>\t\t\t<\/div>\n\t\t\t<\/div>\n\n\t<\/a><\/div>\t\t\t\t\t\t<\/div>\n\t\t\t\t\t\t\t\t\t\t\t\t\t\t\t\t\t\t\t\t<div class=\"block-point-of-view-grid-new__item block-point-of-view-grid-new__item--third\">\n\t\t\t\t\t\t\t<div class=\"mini-card  mini-card__style mini-card__style--spacious   block-point-of-view-grid-new__mini-card\" data-post-id=\"0\">\n\t\n\t\t\t<div class=\"mini-card__image-wrapper\">\n\t\t\t\t\t<\/div>\n\t\t\t\t<div class=\"mini-card__heading  mini-card__limit-lines mini-card__limit-lines--2\">\n\t\t\t<a href=\"https:\/\/d66.nl\/medemblik\/verkiezingsprogramma\/sociaal-domein-3\/\" class=\"mini-card__link\">\n\t\t\t\t<h2 class=\"heading heading__align--left heading__color--black heading__size--medium heading__font--sans heading__weight--bold\" id=\"nav-sociaal-domein2017\">\n\tSociaal domein<\/h2>\t\t\t<\/a>\n\t\t<\/div>\n\t\t\t\t\n\t\t\t<div class=\"mini-card__paragraph  mini-card__limit-lines mini-card__limit-lines--3\">\n\t\t\t<p class=\"paragraph paragraph__align--left paragraph__color--black paragraph__size--default paragraph__weight--medium\">\n\t\tDe gemeente is niet alleen luisterend, maar ook actief betrokken, met heldere kaders en verwachtingen.\t<\/p>\t\t<\/div>\n\t\n\t<a href=\"https:\/\/d66.nl\/medemblik\/verkiezingsprogramma\/sociaal-domein-3\/\" class=\"buttonV2 buttonV2__color--transparent buttonV2__size--default buttonV2__size-width--default buttonV2__link  mini-card__buttonV2\" id=\"\" target=\"\">\n\t<div class=\"buttonV2__top-wrapper buttonV2__arrow-align--right\">\n\t\t\t\t\t<span class=\"buttonV2__title\">\n\t\t\t\tLees verder\t\t\t<\/span>\n\t\t\n\t\t\t\t\t<div class=\"buttonV2__icon\">\n\t\t\t\t<svg xmlns='http:\/\/www.w3.org\/2000\/svg' viewBox='0 0 58.14 50.62'><path d='m32.82 50.62 25.32-25.31L32.82 0l-4.35 4.35 17.92 17.86H0v6.21h46.39L28.47 46.33l4.35 4.29z' fill='currentColor' \/><\/svg>\t\t\t<\/div>\n\t\t\t<\/div>\n\n\t<\/a><\/div>\t\t\t\t\t\t<\/div>\n\t\t\t\t\t\t\t\t\t\t\t\t<\/div>\n\t\t\n\t\t\t\t\t<div class=\"block-point-of-view-grid-new__row-desktop block-point-of-view-grid-new__row-desktop-bottom\">\n\t\t\t\t\t\t\t\t\t\t\t\t\t\t\t<div class=\"block-point-of-view-grid-new__item block-point-of-view-grid-new__item--fourth\">\n\t\t\t\t\t\t\t<div class=\"mini-card  mini-card__style mini-card__style--spacious   block-point-of-view-grid-new__mini-card\" data-post-id=\"0\">\n\t\n\t\t\t<div class=\"mini-card__image-wrapper\">\n\t\t\t\t\t<\/div>\n\t\t\t\t<div class=\"mini-card__heading  mini-card__limit-lines mini-card__limit-lines--2\">\n\t\t\t<a href=\"https:\/\/d66.nl\/medemblik\/verkiezingsprogramma\/sociaal-domein-2\/\" class=\"mini-card__link\">\n\t\t\t\t<h2 class=\"heading heading__align--left heading__color--black heading__size--medium heading__font--sans heading__weight--bold\" id=\"nav-sociaal-domein6888\">\n\tSociaal domein<\/h2>\t\t\t<\/a>\n\t\t<\/div>\n\t\t\t\t\n\t\t\t<div class=\"mini-card__paragraph  mini-card__limit-lines mini-card__limit-lines--3\">\n\t\t\t<p class=\"paragraph paragraph__align--left paragraph__color--black paragraph__size--default paragraph__weight--medium\">\n\t\tWe ondersteunen vrijwilligers en mantelzorgers, investeren in sport en een gezonde leefstijl en pakken armoede structureel aan. \t<\/p>\t\t<\/div>\n\t\n\t<a href=\"https:\/\/d66.nl\/medemblik\/verkiezingsprogramma\/sociaal-domein-2\/\" class=\"buttonV2 buttonV2__color--transparent buttonV2__size--default buttonV2__size-width--default buttonV2__link  mini-card__buttonV2\" id=\"\" target=\"\">\n\t<div class=\"buttonV2__top-wrapper buttonV2__arrow-align--right\">\n\t\t\t\t\t<span class=\"buttonV2__title\">\n\t\t\t\tLees verder\t\t\t<\/span>\n\t\t\n\t\t\t\t\t<div class=\"buttonV2__icon\">\n\t\t\t\t<svg xmlns='http:\/\/www.w3.org\/2000\/svg' viewBox='0 0 58.14 50.62'><path d='m32.82 50.62 25.32-25.31L32.82 0l-4.35 4.35 17.92 17.86H0v6.21h46.39L28.47 46.33l4.35 4.29z' fill='currentColor' \/><\/svg>\t\t\t<\/div>\n\t\t\t<\/div>\n\n\t<\/a><\/div>\t\t\t\t\t\t<\/div>\n\t\t\t\t\t\t\t\t\t\t\t\t\t\t\t\t\t\t\t\t<div class=\"block-point-of-view-grid-new__item block-point-of-view-grid-new__item--fifth\">\n\t\t\t\t\t\t\t<div class=\"mini-card  mini-card__style mini-card__style--spacious   block-point-of-view-grid-new__mini-card\" data-post-id=\"0\">\n\t\n\t\t\t<div class=\"mini-card__image-wrapper\">\n\t\t\t\t\t<\/div>\n\t\t\t\t<div class=\"mini-card__heading  mini-card__limit-lines mini-card__limit-lines--2\">\n\t\t\t<a href=\"https:\/\/d66.nl\/medemblik\/verkiezingsprogramma\/cultuur\/\" class=\"mini-card__link\">\n\t\t\t\t<h2 class=\"heading heading__align--left heading__color--black heading__size--medium heading__font--sans heading__weight--bold\" id=\"nav-cultuur7176\">\n\tCultuur<\/h2>\t\t\t<\/a>\n\t\t<\/div>\n\t\t\t\t\n\t\t\t<div class=\"mini-card__paragraph  mini-card__limit-lines mini-card__limit-lines--3\">\n\t\t\t<p class=\"paragraph paragraph__align--left paragraph__color--black paragraph__size--default paragraph__weight--medium\">\n\t\tIn Medemblik is cultuur een belangrijk onderdeel van de samenleving. Samenhang en geestelijke gezondheid\r\ngaan hand in hand met een actief cultuurbeleid. Koren, muziekverenigingen, toneelverenigingen, schilderen,\r\nfotograferen en oude ambachten maar ook en niet in de laatste plaats evenementen zoals festivals en\r\nkermissen zijn onlosmakelijk verbonden met Medemblik.\t<\/p>\t\t<\/div>\n\t\n\t<a href=\"https:\/\/d66.nl\/medemblik\/verkiezingsprogramma\/cultuur\/\" class=\"buttonV2 buttonV2__color--transparent buttonV2__size--default buttonV2__size-width--default buttonV2__link  mini-card__buttonV2\" id=\"\" target=\"\">\n\t<div class=\"buttonV2__top-wrapper buttonV2__arrow-align--right\">\n\t\t\t\t\t<span class=\"buttonV2__title\">\n\t\t\t\tLees verder\t\t\t<\/span>\n\t\t\n\t\t\t\t\t<div class=\"buttonV2__icon\">\n\t\t\t\t<svg xmlns='http:\/\/www.w3.org\/2000\/svg' viewBox='0 0 58.14 50.62'><path d='m32.82 50.62 25.32-25.31L32.82 0l-4.35 4.35 17.92 17.86H0v6.21h46.39L28.47 46.33l4.35 4.29z' fill='currentColor' \/><\/svg>\t\t\t<\/div>\n\t\t\t<\/div>\n\n\t<\/a><\/div>\t\t\t\t\t\t<\/div>\n\t\t\t\t\t\t\t\t\t\t\t\t\t\t\t\t\t\t\t\t<div class=\"block-point-of-view-grid-new__item block-point-of-view-grid-new__item--sixth\">\n\t\t\t\t\t\t\t<div class=\"mini-card  mini-card__style mini-card__style--spacious   block-point-of-view-grid-new__mini-card\" data-post-id=\"0\">\n\t\n\t\t\t<div class=\"mini-card__image-wrapper\">\n\t\t\t\t\t<\/div>\n\t\t\t\t<div class=\"mini-card__heading  mini-card__limit-lines mini-card__limit-lines--2\">\n\t\t\t<a href=\"https:\/\/d66.nl\/medemblik\/verkiezingsprogramma\/bedrijfsleven\/\" class=\"mini-card__link\">\n\t\t\t\t<h2 class=\"heading heading__align--left heading__color--black heading__size--medium heading__font--sans heading__weight--bold\" id=\"nav-bedrijfsleven6226\">\n\tBedrijfsleven<\/h2>\t\t\t<\/a>\n\t\t<\/div>\n\t\t\t\t\n\t\t\t<div class=\"mini-card__paragraph  mini-card__limit-lines mini-card__limit-lines--3\">\n\t\t\t<p class=\"paragraph paragraph__align--left paragraph__color--black paragraph__size--default paragraph__weight--medium\">\n\t\tD66 gelooft in de eigen kracht van ondernemers. Door de ruimte te geven aan ondernemers, wordt de vindingrijkheid van bedrijven vergroot.\t<\/p>\t\t<\/div>\n\t\n\t<a href=\"https:\/\/d66.nl\/medemblik\/verkiezingsprogramma\/bedrijfsleven\/\" class=\"buttonV2 buttonV2__color--transparent buttonV2__size--default buttonV2__size-width--default buttonV2__link  mini-card__buttonV2\" id=\"\" target=\"\">\n\t<div class=\"buttonV2__top-wrapper buttonV2__arrow-align--right\">\n\t\t\t\t\t<span class=\"buttonV2__title\">\n\t\t\t\tLees verder\t\t\t<\/span>\n\t\t\n\t\t\t\t\t<div class=\"buttonV2__icon\">\n\t\t\t\t<svg xmlns='http:\/\/www.w3.org\/2000\/svg' viewBox='0 0 58.14 50.62'><path d='m32.82 50.62 25.32-25.31L32.82 0l-4.35 4.35 17.92 17.86H0v6.21h46.39L28.47 46.33l4.35 4.29z' fill='currentColor' \/><\/svg>\t\t\t<\/div>\n\t\t\t<\/div>\n\n\t<\/a><\/div>\t\t\t\t\t\t<\/div>\n\t\t\t\t\t\t\t\t\t\t\t\t<\/div>\n\t\t\n\t<\/div>\n\t\t\t<div class=\"block-point-of-view-grid-new__accordions\">\n\t\t\t\t\t\t\t\t\t\t\t\t<div class=\"block-point-of-view-grid-new block-point-of-view-grid-new--first\">\n\t\t\t\t\t\t<div class=\"mini-card  mini-card__style mini-card__style--spacious   block-point-of-view-grid-new__mini-card\" data-post-id=\"0\">\n\t\n\t\t\t<div class=\"mini-card__image-wrapper\">\n\t\t\t\t\t<\/div>\n\t\t\t\t<div class=\"mini-card__heading  mini-card__limit-lines mini-card__limit-lines--2\">\n\t\t\t<a href=\"https:\/\/d66.nl\/medemblik\/verkiezingsprogramma\/samen-leven\/\" class=\"mini-card__link\">\n\t\t\t\t<h2 class=\"heading heading__align--left heading__color--black heading__size--medium heading__font--sans heading__weight--bold\" id=\"nav-infrastructuur-en-verkeer2454\">\n\tInfrastructuur en verkeer<\/h2>\t\t\t<\/a>\n\t\t<\/div>\n\t\t\t\t\n\t\t\t<div class=\"mini-card__paragraph  mini-card__limit-lines mini-card__limit-lines--3\">\n\t\t\t<p class=\"paragraph paragraph__align--left paragraph__color--black paragraph__size--default paragraph__weight--medium\">\n\t\tD66 Medemblik zet in op verkeersveiligheid, een prettige leefomgeving en goede verbindingen tussen dorpen, stad en buitengebied. Ook verbeteren we recreatieve routes voor fietsers en wandelaars.\t<\/p>\t\t<\/div>\n\t\n\t<a href=\"https:\/\/d66.nl\/medemblik\/verkiezingsprogramma\/samen-leven\/\" class=\"buttonV2 buttonV2__color--transparent buttonV2__size--default buttonV2__size-width--default buttonV2__link  mini-card__buttonV2\" id=\"\" target=\"\">\n\t<div class=\"buttonV2__top-wrapper buttonV2__arrow-align--right\">\n\t\t\t\t\t<span class=\"buttonV2__title\">\n\t\t\t\tLees verder\t\t\t<\/span>\n\t\t\n\t\t\t\t\t<div class=\"buttonV2__icon\">\n\t\t\t\t<svg xmlns='http:\/\/www.w3.org\/2000\/svg' viewBox='0 0 58.14 50.62'><path d='m32.82 50.62 25.32-25.31L32.82 0l-4.35 4.35 17.92 17.86H0v6.21h46.39L28.47 46.33l4.35 4.29z' fill='currentColor' \/><\/svg>\t\t\t<\/div>\n\t\t\t<\/div>\n\n\t<\/a><\/div>\t\t\t\t\t<\/div>\n\t\t\t\t\t\t\t\t\t\t\t\t\t\t\t\t<div class=\"block-point-of-view-grid-new block-point-of-view-grid-new--second\">\n\t\t\t\t\t\t<div class=\"mini-card  mini-card__style mini-card__style--spacious   block-point-of-view-grid-new__mini-card\" data-post-id=\"0\">\n\t\n\t\t\t<div class=\"mini-card__image-wrapper\">\n\t\t\t\t\t<\/div>\n\t\t\t\t<div class=\"mini-card__heading  mini-card__limit-lines mini-card__limit-lines--2\">\n\t\t\t<a href=\"https:\/\/d66.nl\/medemblik\/verkiezingsprogramma\/sociaal-domein-4\/\" class=\"mini-card__link\">\n\t\t\t\t<h2 class=\"heading heading__align--left heading__color--black heading__size--medium heading__font--sans heading__weight--bold\" id=\"nav-migratie133\">\n\tMigratie<\/h2>\t\t\t<\/a>\n\t\t<\/div>\n\t\t\t\t\n\t\t\t<div class=\"mini-card__paragraph  mini-card__limit-lines mini-card__limit-lines--3\">\n\t\t\t<p class=\"paragraph paragraph__align--left paragraph__color--black paragraph__size--default paragraph__weight--medium\">\n\t\tD66 Medemblik staat voor een menselijk en realistisch migratiebeleid.\t<\/p>\t\t<\/div>\n\t\n\t<a href=\"https:\/\/d66.nl\/medemblik\/verkiezingsprogramma\/sociaal-domein-4\/\" class=\"buttonV2 buttonV2__color--transparent buttonV2__size--default buttonV2__size-width--default buttonV2__link  mini-card__buttonV2\" id=\"\" target=\"\">\n\t<div class=\"buttonV2__top-wrapper buttonV2__arrow-align--right\">\n\t\t\t\t\t<span class=\"buttonV2__title\">\n\t\t\t\tLees verder\t\t\t<\/span>\n\t\t\n\t\t\t\t\t<div class=\"buttonV2__icon\">\n\t\t\t\t<svg xmlns='http:\/\/www.w3.org\/2000\/svg' viewBox='0 0 58.14 50.62'><path d='m32.82 50.62 25.32-25.31L32.82 0l-4.35 4.35 17.92 17.86H0v6.21h46.39L28.47 46.33l4.35 4.29z' fill='currentColor' \/><\/svg>\t\t\t<\/div>\n\t\t\t<\/div>\n\n\t<\/a><\/div>\t\t\t\t\t<\/div>\n\t\t\t\t\t\t\t\t\t\t\t\t\t\t\t\t<div class=\"block-point-of-view-grid-new block-point-of-view-grid-new--third\">\n\t\t\t\t\t\t<div class=\"mini-card  mini-card__style mini-card__style--spacious   block-point-of-view-grid-new__mini-card\" data-post-id=\"0\">\n\t\n\t\t\t<div class=\"mini-card__image-wrapper\">\n\t\t\t\t\t<\/div>\n\t\t\t\t<div class=\"mini-card__heading  mini-card__limit-lines mini-card__limit-lines--2\">\n\t\t\t<a href=\"https:\/\/d66.nl\/medemblik\/verkiezingsprogramma\/sociaal-domein-3\/\" class=\"mini-card__link\">\n\t\t\t\t<h2 class=\"heading heading__align--left heading__color--black heading__size--medium heading__font--sans heading__weight--bold\" id=\"nav-sociaal-domein8342\">\n\tSociaal domein<\/h2>\t\t\t<\/a>\n\t\t<\/div>\n\t\t\t\t\n\t\t\t<div class=\"mini-card__paragraph  mini-card__limit-lines mini-card__limit-lines--3\">\n\t\t\t<p class=\"paragraph paragraph__align--left paragraph__color--black paragraph__size--default paragraph__weight--medium\">\n\t\tDe gemeente is niet alleen luisterend, maar ook actief betrokken, met heldere kaders en verwachtingen.\t<\/p>\t\t<\/div>\n\t\n\t<a href=\"https:\/\/d66.nl\/medemblik\/verkiezingsprogramma\/sociaal-domein-3\/\" class=\"buttonV2 buttonV2__color--transparent buttonV2__size--default buttonV2__size-width--default buttonV2__link  mini-card__buttonV2\" id=\"\" target=\"\">\n\t<div class=\"buttonV2__top-wrapper buttonV2__arrow-align--right\">\n\t\t\t\t\t<span class=\"buttonV2__title\">\n\t\t\t\tLees verder\t\t\t<\/span>\n\t\t\n\t\t\t\t\t<div class=\"buttonV2__icon\">\n\t\t\t\t<svg xmlns='http:\/\/www.w3.org\/2000\/svg' viewBox='0 0 58.14 50.62'><path d='m32.82 50.62 25.32-25.31L32.82 0l-4.35 4.35 17.92 17.86H0v6.21h46.39L28.47 46.33l4.35 4.29z' fill='currentColor' \/><\/svg>\t\t\t<\/div>\n\t\t\t<\/div>\n\n\t<\/a><\/div>\t\t\t\t\t<\/div>\n\t\t\t\t\t\t\t\t\t\t\t\t\t\t\t\t<div class=\"block-point-of-view-grid-new block-point-of-view-grid-new--fourth\">\n\t\t\t\t\t\t<div class=\"mini-card  mini-card__style mini-card__style--spacious   block-point-of-view-grid-new__mini-card\" data-post-id=\"0\">\n\t\n\t\t\t<div class=\"mini-card__image-wrapper\">\n\t\t\t\t\t<\/div>\n\t\t\t\t<div class=\"mini-card__heading  mini-card__limit-lines mini-card__limit-lines--2\">\n\t\t\t<a href=\"https:\/\/d66.nl\/medemblik\/verkiezingsprogramma\/sociaal-domein-2\/\" class=\"mini-card__link\">\n\t\t\t\t<h2 class=\"heading heading__align--left heading__color--black heading__size--medium heading__font--sans heading__weight--bold\" id=\"nav-sociaal-domein5721\">\n\tSociaal domein<\/h2>\t\t\t<\/a>\n\t\t<\/div>\n\t\t\t\t\n\t\t\t<div class=\"mini-card__paragraph  mini-card__limit-lines mini-card__limit-lines--3\">\n\t\t\t<p class=\"paragraph paragraph__align--left paragraph__color--black paragraph__size--default paragraph__weight--medium\">\n\t\tWe ondersteunen vrijwilligers en mantelzorgers, investeren in sport en een gezonde leefstijl en pakken armoede structureel aan. \t<\/p>\t\t<\/div>\n\t\n\t<a href=\"https:\/\/d66.nl\/medemblik\/verkiezingsprogramma\/sociaal-domein-2\/\" class=\"buttonV2 buttonV2__color--transparent buttonV2__size--default buttonV2__size-width--default buttonV2__link  mini-card__buttonV2\" id=\"\" target=\"\">\n\t<div class=\"buttonV2__top-wrapper buttonV2__arrow-align--right\">\n\t\t\t\t\t<span class=\"buttonV2__title\">\n\t\t\t\tLees verder\t\t\t<\/span>\n\t\t\n\t\t\t\t\t<div class=\"buttonV2__icon\">\n\t\t\t\t<svg xmlns='http:\/\/www.w3.org\/2000\/svg' viewBox='0 0 58.14 50.62'><path d='m32.82 50.62 25.32-25.31L32.82 0l-4.35 4.35 17.92 17.86H0v6.21h46.39L28.47 46.33l4.35 4.29z' fill='currentColor' \/><\/svg>\t\t\t<\/div>\n\t\t\t<\/div>\n\n\t<\/a><\/div>\t\t\t\t\t<\/div>\n\t\t\t\t\t\t\t\t\t\t\t\t\t\t\t\t<div class=\"block-point-of-view-grid-new block-point-of-view-grid-new--fifth\">\n\t\t\t\t\t\t<div class=\"mini-card  mini-card__style mini-card__style--spacious   block-point-of-view-grid-new__mini-card\" data-post-id=\"0\">\n\t\n\t\t\t<div class=\"mini-card__image-wrapper\">\n\t\t\t\t\t<\/div>\n\t\t\t\t<div class=\"mini-card__heading  mini-card__limit-lines mini-card__limit-lines--2\">\n\t\t\t<a href=\"https:\/\/d66.nl\/medemblik\/verkiezingsprogramma\/cultuur\/\" class=\"mini-card__link\">\n\t\t\t\t<h2 class=\"heading heading__align--left heading__color--black heading__size--medium heading__font--sans heading__weight--bold\" id=\"nav-cultuur2434\">\n\tCultuur<\/h2>\t\t\t<\/a>\n\t\t<\/div>\n\t\t\t\t\n\t\t\t<div class=\"mini-card__paragraph  mini-card__limit-lines mini-card__limit-lines--3\">\n\t\t\t<p class=\"paragraph paragraph__align--left paragraph__color--black paragraph__size--default paragraph__weight--medium\">\n\t\tIn Medemblik is cultuur een belangrijk onderdeel van de samenleving. Samenhang en geestelijke gezondheid\r\ngaan hand in hand met een actief cultuurbeleid. Koren, muziekverenigingen, toneelverenigingen, schilderen,\r\nfotograferen en oude ambachten maar ook en niet in de laatste plaats evenementen zoals festivals en\r\nkermissen zijn onlosmakelijk verbonden met Medemblik.\t<\/p>\t\t<\/div>\n\t\n\t<a href=\"https:\/\/d66.nl\/medemblik\/verkiezingsprogramma\/cultuur\/\" class=\"buttonV2 buttonV2__color--transparent buttonV2__size--default buttonV2__size-width--default buttonV2__link  mini-card__buttonV2\" id=\"\" target=\"\">\n\t<div class=\"buttonV2__top-wrapper buttonV2__arrow-align--right\">\n\t\t\t\t\t<span class=\"buttonV2__title\">\n\t\t\t\tLees verder\t\t\t<\/span>\n\t\t\n\t\t\t\t\t<div class=\"buttonV2__icon\">\n\t\t\t\t<svg xmlns='http:\/\/www.w3.org\/2000\/svg' viewBox='0 0 58.14 50.62'><path d='m32.82 50.62 25.32-25.31L32.82 0l-4.35 4.35 17.92 17.86H0v6.21h46.39L28.47 46.33l4.35 4.29z' fill='currentColor' \/><\/svg>\t\t\t<\/div>\n\t\t\t<\/div>\n\n\t<\/a><\/div>\t\t\t\t\t<\/div>\n\t\t\t\t\t\t\t\t\t\t\t\t\t\t\t\t<div class=\"block-point-of-view-grid-new block-point-of-view-grid-new--sixth\">\n\t\t\t\t\t\t<div class=\"mini-card  mini-card__style mini-card__style--spacious   block-point-of-view-grid-new__mini-card\" data-post-id=\"0\">\n\t\n\t\t\t<div class=\"mini-card__image-wrapper\">\n\t\t\t\t\t<\/div>\n\t\t\t\t<div class=\"mini-card__heading  mini-card__limit-lines mini-card__limit-lines--2\">\n\t\t\t<a href=\"https:\/\/d66.nl\/medemblik\/verkiezingsprogramma\/bedrijfsleven\/\" class=\"mini-card__link\">\n\t\t\t\t<h2 class=\"heading heading__align--left heading__color--black heading__size--medium heading__font--sans heading__weight--bold\" id=\"nav-bedrijfsleven1605\">\n\tBedrijfsleven<\/h2>\t\t\t<\/a>\n\t\t<\/div>\n\t\t\t\t\n\t\t\t<div class=\"mini-card__paragraph  mini-card__limit-lines mini-card__limit-lines--3\">\n\t\t\t<p class=\"paragraph paragraph__align--left paragraph__color--black paragraph__size--default paragraph__weight--medium\">\n\t\tD66 gelooft in de eigen kracht van ondernemers. Door de ruimte te geven aan ondernemers, wordt de vindingrijkheid van bedrijven vergroot.\t<\/p>\t\t<\/div>\n\t\n\t<a href=\"https:\/\/d66.nl\/medemblik\/verkiezingsprogramma\/bedrijfsleven\/\" class=\"buttonV2 buttonV2__color--transparent buttonV2__size--default buttonV2__size-width--default buttonV2__link  mini-card__buttonV2\" id=\"\" target=\"\">\n\t<div class=\"buttonV2__top-wrapper buttonV2__arrow-align--right\">\n\t\t\t\t\t<span class=\"buttonV2__title\">\n\t\t\t\tLees verder\t\t\t<\/span>\n\t\t\n\t\t\t\t\t<div class=\"buttonV2__icon\">\n\t\t\t\t<svg xmlns='http:\/\/www.w3.org\/2000\/svg' viewBox='0 0 58.14 50.62'><path d='m32.82 50.62 25.32-25.31L32.82 0l-4.35 4.35 17.92 17.86H0v6.21h46.39L28.47 46.33l4.35 4.29z' fill='currentColor' \/><\/svg>\t\t\t<\/div>\n\t\t\t<\/div>\n\n\t<\/a><\/div>\t\t\t\t\t<\/div>\n\t\t\t\t\t\t\t\t\t<\/div>\n\t<\/div><div class=\"block-point-of-view-grid-new js-block-point-of-view-grid-new\">\n\t<div class=\"block-point-of-view-grid-new__grid\">\n\n\t\t\t\t\t<div class=\"block-point-of-view-grid-new__row-desktop block-point-of-view-grid-new__row-desktop-bottom\">\n\t\t\t\t\t\t\t\t\t\t\t\t\t\t\t<div class=\"block-point-of-view-grid-new__item block-point-of-view-grid-new__item--first\">\n\t\t\t\t\t\t\t<div class=\"mini-card  mini-card__style mini-card__style--spacious   block-point-of-view-grid-new__mini-card\" data-post-id=\"0\">\n\t\n\t\t\t<div class=\"mini-card__image-wrapper\">\n\t\t\t\t\t<\/div>\n\t\t\t\t<div class=\"mini-card__heading  mini-card__limit-lines mini-card__limit-lines--2\">\n\t\t\t<a href=\"https:\/\/d66.nl\/medemblik\/verkiezingsprogramma\/leefbaarheid\/\" class=\"mini-card__link\">\n\t\t\t\t<h2 class=\"heading heading__align--left heading__color--black heading__size--medium heading__font--sans heading__weight--bold\" id=\"nav-leefbaarheid5633\">\n\tLeefbaarheid<\/h2>\t\t\t<\/a>\n\t\t<\/div>\n\t\t\t\t\n\t\t\t<div class=\"mini-card__paragraph  mini-card__limit-lines mini-card__limit-lines--3\">\n\t\t\t<p class=\"paragraph paragraph__align--left paragraph__color--black paragraph__size--default paragraph__weight--medium\">\n\t\tIedere inwoner van deze gemeente woont graag in een veilige en opgeruimde omgeving. Verkeersveiligheid,\r\nparkeerfaciliteiten, recreatiemogelijkheden; voorbeelden van onderwerpen die invloed hebben op de\r\nleefbaarheid. \t<\/p>\t\t<\/div>\n\t\n\t<a href=\"https:\/\/d66.nl\/medemblik\/verkiezingsprogramma\/leefbaarheid\/\" class=\"buttonV2 buttonV2__color--transparent buttonV2__size--default buttonV2__size-width--default buttonV2__link  mini-card__buttonV2\" id=\"\" target=\"\">\n\t<div class=\"buttonV2__top-wrapper buttonV2__arrow-align--right\">\n\t\t\t\t\t<span class=\"buttonV2__title\">\n\t\t\t\tLees verder\t\t\t<\/span>\n\t\t\n\t\t\t\t\t<div class=\"buttonV2__icon\">\n\t\t\t\t<svg xmlns='http:\/\/www.w3.org\/2000\/svg' viewBox='0 0 58.14 50.62'><path d='m32.82 50.62 25.32-25.31L32.82 0l-4.35 4.35 17.92 17.86H0v6.21h46.39L28.47 46.33l4.35 4.29z' fill='currentColor' \/><\/svg>\t\t\t<\/div>\n\t\t\t<\/div>\n\n\t<\/a><\/div>\t\t\t\t\t\t<\/div>\n\t\t\t\t\t\t\t\t\t\t\t\t\t\t\t\t\t\t\t\t<div class=\"block-point-of-view-grid-new__item block-point-of-view-grid-new__item--second\">\n\t\t\t\t\t\t\t<div class=\"mini-card  mini-card__style mini-card__style--spacious   block-point-of-view-grid-new__mini-card\" data-post-id=\"0\">\n\t\n\t\t\t<div class=\"mini-card__image-wrapper\">\n\t\t\t\t\t<\/div>\n\t\t\t\t<div class=\"mini-card__heading  mini-card__limit-lines mini-card__limit-lines--2\">\n\t\t\t<a href=\"https:\/\/d66.nl\/medemblik\/verkiezingsprogramma\/bestuur\/\" class=\"mini-card__link\">\n\t\t\t\t<h2 class=\"heading heading__align--left heading__color--black heading__size--medium heading__font--sans heading__weight--bold\" id=\"nav-bestuur7781\">\n\tBestuur<\/h2>\t\t\t<\/a>\n\t\t<\/div>\n\t\t\t\t\n\t\t\t<div class=\"mini-card__paragraph  mini-card__limit-lines mini-card__limit-lines--3\">\n\t\t\t<p class=\"paragraph paragraph__align--left paragraph__color--black paragraph__size--default paragraph__weight--medium\">\n\t\tD66 Medemblik wil een betrouwbare overheid met de menselijke maat. We zorgen voor transparant bestuur, solide financi\u00ebn en een sterke organisatie. Samenwerking binnen West-Friesland is belangrijk, maar er blijft ruimte voor de eigenheid van Medemblik en haar kernen.\t<\/p>\t\t<\/div>\n\t\n\t<a href=\"https:\/\/d66.nl\/medemblik\/verkiezingsprogramma\/bestuur\/\" class=\"buttonV2 buttonV2__color--transparent buttonV2__size--default buttonV2__size-width--default buttonV2__link  mini-card__buttonV2\" id=\"\" target=\"\">\n\t<div class=\"buttonV2__top-wrapper buttonV2__arrow-align--right\">\n\t\t\t\t\t<span class=\"buttonV2__title\">\n\t\t\t\tLees verder\t\t\t<\/span>\n\t\t\n\t\t\t\t\t<div class=\"buttonV2__icon\">\n\t\t\t\t<svg xmlns='http:\/\/www.w3.org\/2000\/svg' viewBox='0 0 58.14 50.62'><path d='m32.82 50.62 25.32-25.31L32.82 0l-4.35 4.35 17.92 17.86H0v6.21h46.39L28.47 46.33l4.35 4.29z' fill='currentColor' \/><\/svg>\t\t\t<\/div>\n\t\t\t<\/div>\n\n\t<\/a><\/div>\t\t\t\t\t\t<\/div>\n\t\t\t\t\t\t\t\t\t\t\t\t\t\t\t\t\t\t\t\t<div class=\"block-point-of-view-grid-new__item block-point-of-view-grid-new__item--third\">\n\t\t\t\t\t\t\t<div class=\"mini-card  mini-card__style mini-card__style--spacious   block-point-of-view-grid-new__mini-card\" data-post-id=\"0\">\n\t\n\t\t\t<div class=\"mini-card__image-wrapper\">\n\t\t\t\t\t<\/div>\n\t\t\t\t<div class=\"mini-card__heading  mini-card__limit-lines mini-card__limit-lines--2\">\n\t\t\t<a href=\"https:\/\/d66.nl\/medemblik\/verkiezingsprogramma\/onderwijs\/\" class=\"mini-card__link\">\n\t\t\t\t<h2 class=\"heading heading__align--left heading__color--black heading__size--medium heading__font--sans heading__weight--bold\" id=\"nav-onderwijs4682\">\n\tOnderwijs<\/h2>\t\t\t<\/a>\n\t\t<\/div>\n\t\t\t\t\n\t\t\t<div class=\"mini-card__paragraph  mini-card__limit-lines mini-card__limit-lines--3\">\n\t\t\t<p class=\"paragraph paragraph__align--left paragraph__color--black paragraph__size--default paragraph__weight--medium\">\n\t\tOnderwijs is een thema dat binnen D66 een prominente plaats heeft. Op gemeentelijk niveau ligt de nadruk\r\nvooral op het faciliteren van onderwijs door passende schoolgebouwen in de kernen te faciliteren en door\r\neen schoolomgeving zo gezond en duurzaam mogelijk in te richten.\t<\/p>\t\t<\/div>\n\t\n\t<a href=\"https:\/\/d66.nl\/medemblik\/verkiezingsprogramma\/onderwijs\/\" class=\"buttonV2 buttonV2__color--transparent buttonV2__size--default buttonV2__size-width--default buttonV2__link  mini-card__buttonV2\" id=\"\" target=\"\">\n\t<div class=\"buttonV2__top-wrapper buttonV2__arrow-align--right\">\n\t\t\t\t\t<span class=\"buttonV2__title\">\n\t\t\t\tLees verder\t\t\t<\/span>\n\t\t\n\t\t\t\t\t<div class=\"buttonV2__icon\">\n\t\t\t\t<svg xmlns='http:\/\/www.w3.org\/2000\/svg' viewBox='0 0 58.14 50.62'><path d='m32.82 50.62 25.32-25.31L32.82 0l-4.35 4.35 17.92 17.86H0v6.21h46.39L28.47 46.33l4.35 4.29z' fill='currentColor' \/><\/svg>\t\t\t<\/div>\n\t\t\t<\/div>\n\n\t<\/a><\/div>\t\t\t\t\t\t<\/div>\n\t\t\t\t\t\t\t\t\t\t\t\t<\/div>\n\t\t\n\t\t\t\t\t<div class=\"block-point-of-view-grid-new__row-desktop block-point-of-view-grid-new__row-desktop-bottom\">\n\t\t\t\t\t\t\t\t\t\t\t\t\t\t\t<div class=\"block-point-of-view-grid-new__item block-point-of-view-grid-new__item--fourth\">\n\t\t\t\t\t\t\t<div class=\"mini-card  mini-card__style mini-card__style--spacious   block-point-of-view-grid-new__mini-card\" data-post-id=\"0\">\n\t\n\t\t\t<div class=\"mini-card__image-wrapper\">\n\t\t\t\t\t<\/div>\n\t\t\t\t<div class=\"mini-card__heading  mini-card__limit-lines mini-card__limit-lines--2\">\n\t\t\t<a href=\"https:\/\/d66.nl\/medemblik\/verkiezingsprogramma\/sociaal-domein\/\" class=\"mini-card__link\">\n\t\t\t\t<h2 class=\"heading heading__align--left heading__color--black heading__size--medium heading__font--sans heading__weight--bold\" id=\"nav-sociaal-domein8344\">\n\tSociaal domein<\/h2>\t\t\t<\/a>\n\t\t<\/div>\n\t\t\t\t\n\t\t\t<div class=\"mini-card__paragraph  mini-card__limit-lines mini-card__limit-lines--3\">\n\t\t\t<p class=\"paragraph paragraph__align--left paragraph__color--black paragraph__size--default paragraph__weight--medium\">\n\t\tDe organisatie en uitvoering van het sociale domein is een enorm grote uitdaging voor de gemeenten in\r\nNederland. Zorg en ondersteuning voor volwassenen moet voor een groot deel vanuit de WMO bekostigd\r\nworden en ook de uitvoering van alle jeugdzorg ligt in de handen van de gemeenten. \t<\/p>\t\t<\/div>\n\t\n\t<a href=\"https:\/\/d66.nl\/medemblik\/verkiezingsprogramma\/sociaal-domein\/\" class=\"buttonV2 buttonV2__color--transparent buttonV2__size--default buttonV2__size-width--default buttonV2__link  mini-card__buttonV2\" id=\"\" target=\"\">\n\t<div class=\"buttonV2__top-wrapper buttonV2__arrow-align--right\">\n\t\t\t\t\t<span class=\"buttonV2__title\">\n\t\t\t\tLees verder\t\t\t<\/span>\n\t\t\n\t\t\t\t\t<div class=\"buttonV2__icon\">\n\t\t\t\t<svg xmlns='http:\/\/www.w3.org\/2000\/svg' viewBox='0 0 58.14 50.62'><path d='m32.82 50.62 25.32-25.31L32.82 0l-4.35 4.35 17.92 17.86H0v6.21h46.39L28.47 46.33l4.35 4.29z' fill='currentColor' \/><\/svg>\t\t\t<\/div>\n\t\t\t<\/div>\n\n\t<\/a><\/div>\t\t\t\t\t\t<\/div>\n\t\t\t\t\t\t\t\t\t\t\t\t\t\t\t\t\t\t\t\t<div class=\"block-point-of-view-grid-new__item block-point-of-view-grid-new__item--fifth\">\n\t\t\t\t\t\t\t<div class=\"mini-card  mini-card__style mini-card__style--spacious   block-point-of-view-grid-new__mini-card\" data-post-id=\"0\">\n\t\n\t\t\t<div class=\"mini-card__image-wrapper\">\n\t\t\t\t\t<\/div>\n\t\t\t\t<div class=\"mini-card__heading  mini-card__limit-lines mini-card__limit-lines--2\">\n\t\t\t<a href=\"https:\/\/d66.nl\/medemblik\/verkiezingsprogramma\/wonen-bouwen-en-creatieve-oplossingen\/\" class=\"mini-card__link\">\n\t\t\t\t<h2 class=\"heading heading__align--left heading__color--black heading__size--medium heading__font--sans heading__weight--bold\" id=\"nav-wonen--bouwen-en-creatieve-oplossingen5997\">\n\tWonen, bouwen en creatieve oplossingen<\/h2>\t\t\t<\/a>\n\t\t<\/div>\n\t\t\t\t\n\t\t\t<div class=\"mini-card__paragraph  mini-card__limit-lines mini-card__limit-lines--3\">\n\t\t\t<p class=\"paragraph paragraph__align--left paragraph__color--black paragraph__size--default paragraph__weight--medium\">\n\t\tDe vraag naar woningen is en blijft groot, ook in onze gemeente. Bouwen moet ook in onze eigen vertrouwde buurt of dorp plaatsvinden. \t<\/p>\t\t<\/div>\n\t\n\t<a href=\"https:\/\/d66.nl\/medemblik\/verkiezingsprogramma\/wonen-bouwen-en-creatieve-oplossingen\/\" class=\"buttonV2 buttonV2__color--transparent buttonV2__size--default buttonV2__size-width--default buttonV2__link  mini-card__buttonV2\" id=\"\" target=\"\">\n\t<div class=\"buttonV2__top-wrapper buttonV2__arrow-align--right\">\n\t\t\t\t\t<span class=\"buttonV2__title\">\n\t\t\t\tLees verder\t\t\t<\/span>\n\t\t\n\t\t\t\t\t<div class=\"buttonV2__icon\">\n\t\t\t\t<svg xmlns='http:\/\/www.w3.org\/2000\/svg' viewBox='0 0 58.14 50.62'><path d='m32.82 50.62 25.32-25.31L32.82 0l-4.35 4.35 17.92 17.86H0v6.21h46.39L28.47 46.33l4.35 4.29z' fill='currentColor' \/><\/svg>\t\t\t<\/div>\n\t\t\t<\/div>\n\n\t<\/a><\/div>\t\t\t\t\t\t<\/div>\n\t\t\t\t\t\t\t\t\t\t\t\t\t\t\t\t\t\t\t\t<div class=\"block-point-of-view-grid-new__item block-point-of-view-grid-new__item--sixth\">\n\t\t\t\t\t\t\t<div class=\"mini-card  mini-card__style mini-card__style--spacious   block-point-of-view-grid-new__mini-card\" data-post-id=\"0\">\n\t\n\t\t\t<div class=\"mini-card__image-wrapper\">\n\t\t\t\t\t<\/div>\n\t\t\t\t<div class=\"mini-card__heading  mini-card__limit-lines mini-card__limit-lines--2\">\n\t\t\t<a href=\"https:\/\/d66.nl\/medemblik\/verkiezingsprogramma\/hoofdstuk-1\/\" class=\"mini-card__link\">\n\t\t\t\t<h2 class=\"heading heading__align--left heading__color--black heading__size--medium heading__font--sans heading__weight--bold\" id=\"nav-duurzaamheid2928\">\n\tDuurzaamheid<\/h2>\t\t\t<\/a>\n\t\t<\/div>\n\t\t\t\t\n\t\t\t<div class=\"mini-card__paragraph  mini-card__limit-lines mini-card__limit-lines--3\">\n\t\t\t<p class=\"paragraph paragraph__align--left paragraph__color--black paragraph__size--default paragraph__weight--medium\">\n\t\tDuurzaamheid staat bij D66 hoog op de agenda. Er moet actie ondernomen worden om het klimaat te verbeteren en onze wereld leefbaar te houden.\t<\/p>\t\t<\/div>\n\t\n\t<a href=\"https:\/\/d66.nl\/medemblik\/verkiezingsprogramma\/hoofdstuk-1\/\" class=\"buttonV2 buttonV2__color--transparent buttonV2__size--default buttonV2__size-width--default buttonV2__link  mini-card__buttonV2\" id=\"\" target=\"\">\n\t<div class=\"buttonV2__top-wrapper buttonV2__arrow-align--right\">\n\t\t\t\t\t<span class=\"buttonV2__title\">\n\t\t\t\tLees verder\t\t\t<\/span>\n\t\t\n\t\t\t\t\t<div class=\"buttonV2__icon\">\n\t\t\t\t<svg xmlns='http:\/\/www.w3.org\/2000\/svg' viewBox='0 0 58.14 50.62'><path d='m32.82 50.62 25.32-25.31L32.82 0l-4.35 4.35 17.92 17.86H0v6.21h46.39L28.47 46.33l4.35 4.29z' fill='currentColor' \/><\/svg>\t\t\t<\/div>\n\t\t\t<\/div>\n\n\t<\/a><\/div>\t\t\t\t\t\t<\/div>\n\t\t\t\t\t\t\t\t\t\t\t\t<\/div>\n\t\t\n\t<\/div>\n\t\t\t<div class=\"block-point-of-view-grid-new__accordions\">\n\t\t\t\t\t\t\t\t\t\t\t\t<div class=\"block-point-of-view-grid-new block-point-of-view-grid-new--first\">\n\t\t\t\t\t\t<div class=\"mini-card  mini-card__style mini-card__style--spacious   block-point-of-view-grid-new__mini-card\" data-post-id=\"0\">\n\t\n\t\t\t<div class=\"mini-card__image-wrapper\">\n\t\t\t\t\t<\/div>\n\t\t\t\t<div class=\"mini-card__heading  mini-card__limit-lines mini-card__limit-lines--2\">\n\t\t\t<a href=\"https:\/\/d66.nl\/medemblik\/verkiezingsprogramma\/leefbaarheid\/\" class=\"mini-card__link\">\n\t\t\t\t<h2 class=\"heading heading__align--left heading__color--black heading__size--medium heading__font--sans heading__weight--bold\" id=\"nav-leefbaarheid1378\">\n\tLeefbaarheid<\/h2>\t\t\t<\/a>\n\t\t<\/div>\n\t\t\t\t\n\t\t\t<div class=\"mini-card__paragraph  mini-card__limit-lines mini-card__limit-lines--3\">\n\t\t\t<p class=\"paragraph paragraph__align--left paragraph__color--black paragraph__size--default paragraph__weight--medium\">\n\t\tIedere inwoner van deze gemeente woont graag in een veilige en opgeruimde omgeving. Verkeersveiligheid,\r\nparkeerfaciliteiten, recreatiemogelijkheden; voorbeelden van onderwerpen die invloed hebben op de\r\nleefbaarheid. \t<\/p>\t\t<\/div>\n\t\n\t<a href=\"https:\/\/d66.nl\/medemblik\/verkiezingsprogramma\/leefbaarheid\/\" class=\"buttonV2 buttonV2__color--transparent buttonV2__size--default buttonV2__size-width--default buttonV2__link  mini-card__buttonV2\" id=\"\" target=\"\">\n\t<div class=\"buttonV2__top-wrapper buttonV2__arrow-align--right\">\n\t\t\t\t\t<span class=\"buttonV2__title\">\n\t\t\t\tLees verder\t\t\t<\/span>\n\t\t\n\t\t\t\t\t<div class=\"buttonV2__icon\">\n\t\t\t\t<svg xmlns='http:\/\/www.w3.org\/2000\/svg' viewBox='0 0 58.14 50.62'><path d='m32.82 50.62 25.32-25.31L32.82 0l-4.35 4.35 17.92 17.86H0v6.21h46.39L28.47 46.33l4.35 4.29z' fill='currentColor' \/><\/svg>\t\t\t<\/div>\n\t\t\t<\/div>\n\n\t<\/a><\/div>\t\t\t\t\t<\/div>\n\t\t\t\t\t\t\t\t\t\t\t\t\t\t\t\t<div class=\"block-point-of-view-grid-new block-point-of-view-grid-new--second\">\n\t\t\t\t\t\t<div class=\"mini-card  mini-card__style mini-card__style--spacious   block-point-of-view-grid-new__mini-card\" data-post-id=\"0\">\n\t\n\t\t\t<div class=\"mini-card__image-wrapper\">\n\t\t\t\t\t<\/div>\n\t\t\t\t<div class=\"mini-card__heading  mini-card__limit-lines mini-card__limit-lines--2\">\n\t\t\t<a href=\"https:\/\/d66.nl\/medemblik\/verkiezingsprogramma\/bestuur\/\" class=\"mini-card__link\">\n\t\t\t\t<h2 class=\"heading heading__align--left heading__color--black heading__size--medium heading__font--sans heading__weight--bold\" id=\"nav-bestuur3766\">\n\tBestuur<\/h2>\t\t\t<\/a>\n\t\t<\/div>\n\t\t\t\t\n\t\t\t<div class=\"mini-card__paragraph  mini-card__limit-lines mini-card__limit-lines--3\">\n\t\t\t<p class=\"paragraph paragraph__align--left paragraph__color--black paragraph__size--default paragraph__weight--medium\">\n\t\tD66 Medemblik wil een betrouwbare overheid met de menselijke maat. We zorgen voor transparant bestuur, solide financi\u00ebn en een sterke organisatie. Samenwerking binnen West-Friesland is belangrijk, maar er blijft ruimte voor de eigenheid van Medemblik en haar kernen.\t<\/p>\t\t<\/div>\n\t\n\t<a href=\"https:\/\/d66.nl\/medemblik\/verkiezingsprogramma\/bestuur\/\" class=\"buttonV2 buttonV2__color--transparent buttonV2__size--default buttonV2__size-width--default buttonV2__link  mini-card__buttonV2\" id=\"\" target=\"\">\n\t<div class=\"buttonV2__top-wrapper buttonV2__arrow-align--right\">\n\t\t\t\t\t<span class=\"buttonV2__title\">\n\t\t\t\tLees verder\t\t\t<\/span>\n\t\t\n\t\t\t\t\t<div class=\"buttonV2__icon\">\n\t\t\t\t<svg xmlns='http:\/\/www.w3.org\/2000\/svg' viewBox='0 0 58.14 50.62'><path d='m32.82 50.62 25.32-25.31L32.82 0l-4.35 4.35 17.92 17.86H0v6.21h46.39L28.47 46.33l4.35 4.29z' fill='currentColor' \/><\/svg>\t\t\t<\/div>\n\t\t\t<\/div>\n\n\t<\/a><\/div>\t\t\t\t\t<\/div>\n\t\t\t\t\t\t\t\t\t\t\t\t\t\t\t\t<div class=\"block-point-of-view-grid-new block-point-of-view-grid-new--third\">\n\t\t\t\t\t\t<div class=\"mini-card  mini-card__style mini-card__style--spacious   block-point-of-view-grid-new__mini-card\" data-post-id=\"0\">\n\t\n\t\t\t<div class=\"mini-card__image-wrapper\">\n\t\t\t\t\t<\/div>\n\t\t\t\t<div class=\"mini-card__heading  mini-card__limit-lines mini-card__limit-lines--2\">\n\t\t\t<a href=\"https:\/\/d66.nl\/medemblik\/verkiezingsprogramma\/onderwijs\/\" class=\"mini-card__link\">\n\t\t\t\t<h2 class=\"heading heading__align--left heading__color--black heading__size--medium heading__font--sans heading__weight--bold\" id=\"nav-onderwijs4283\">\n\tOnderwijs<\/h2>\t\t\t<\/a>\n\t\t<\/div>\n\t\t\t\t\n\t\t\t<div class=\"mini-card__paragraph  mini-card__limit-lines mini-card__limit-lines--3\">\n\t\t\t<p class=\"paragraph paragraph__align--left paragraph__color--black paragraph__size--default paragraph__weight--medium\">\n\t\tOnderwijs is een thema dat binnen D66 een prominente plaats heeft. Op gemeentelijk niveau ligt de nadruk\r\nvooral op het faciliteren van onderwijs door passende schoolgebouwen in de kernen te faciliteren en door\r\neen schoolomgeving zo gezond en duurzaam mogelijk in te richten.\t<\/p>\t\t<\/div>\n\t\n\t<a href=\"https:\/\/d66.nl\/medemblik\/verkiezingsprogramma\/onderwijs\/\" class=\"buttonV2 buttonV2__color--transparent buttonV2__size--default buttonV2__size-width--default buttonV2__link  mini-card__buttonV2\" id=\"\" target=\"\">\n\t<div class=\"buttonV2__top-wrapper buttonV2__arrow-align--right\">\n\t\t\t\t\t<span class=\"buttonV2__title\">\n\t\t\t\tLees verder\t\t\t<\/span>\n\t\t\n\t\t\t\t\t<div class=\"buttonV2__icon\">\n\t\t\t\t<svg xmlns='http:\/\/www.w3.org\/2000\/svg' viewBox='0 0 58.14 50.62'><path d='m32.82 50.62 25.32-25.31L32.82 0l-4.35 4.35 17.92 17.86H0v6.21h46.39L28.47 46.33l4.35 4.29z' fill='currentColor' \/><\/svg>\t\t\t<\/div>\n\t\t\t<\/div>\n\n\t<\/a><\/div>\t\t\t\t\t<\/div>\n\t\t\t\t\t\t\t\t\t\t\t\t\t\t\t\t<div class=\"block-point-of-view-grid-new block-point-of-view-grid-new--fourth\">\n\t\t\t\t\t\t<div class=\"mini-card  mini-card__style mini-card__style--spacious   block-point-of-view-grid-new__mini-card\" data-post-id=\"0\">\n\t\n\t\t\t<div class=\"mini-card__image-wrapper\">\n\t\t\t\t\t<\/div>\n\t\t\t\t<div class=\"mini-card__heading  mini-card__limit-lines mini-card__limit-lines--2\">\n\t\t\t<a href=\"https:\/\/d66.nl\/medemblik\/verkiezingsprogramma\/sociaal-domein\/\" class=\"mini-card__link\">\n\t\t\t\t<h2 class=\"heading heading__align--left heading__color--black heading__size--medium heading__font--sans heading__weight--bold\" id=\"nav-sociaal-domein2593\">\n\tSociaal domein<\/h2>\t\t\t<\/a>\n\t\t<\/div>\n\t\t\t\t\n\t\t\t<div class=\"mini-card__paragraph  mini-card__limit-lines mini-card__limit-lines--3\">\n\t\t\t<p class=\"paragraph paragraph__align--left paragraph__color--black paragraph__size--default paragraph__weight--medium\">\n\t\tDe organisatie en uitvoering van het sociale domein is een enorm grote uitdaging voor de gemeenten in\r\nNederland. Zorg en ondersteuning voor volwassenen moet voor een groot deel vanuit de WMO bekostigd\r\nworden en ook de uitvoering van alle jeugdzorg ligt in de handen van de gemeenten. \t<\/p>\t\t<\/div>\n\t\n\t<a href=\"https:\/\/d66.nl\/medemblik\/verkiezingsprogramma\/sociaal-domein\/\" class=\"buttonV2 buttonV2__color--transparent buttonV2__size--default buttonV2__size-width--default buttonV2__link  mini-card__buttonV2\" id=\"\" target=\"\">\n\t<div class=\"buttonV2__top-wrapper buttonV2__arrow-align--right\">\n\t\t\t\t\t<span class=\"buttonV2__title\">\n\t\t\t\tLees verder\t\t\t<\/span>\n\t\t\n\t\t\t\t\t<div class=\"buttonV2__icon\">\n\t\t\t\t<svg xmlns='http:\/\/www.w3.org\/2000\/svg' viewBox='0 0 58.14 50.62'><path d='m32.82 50.62 25.32-25.31L32.82 0l-4.35 4.35 17.92 17.86H0v6.21h46.39L28.47 46.33l4.35 4.29z' fill='currentColor' \/><\/svg>\t\t\t<\/div>\n\t\t\t<\/div>\n\n\t<\/a><\/div>\t\t\t\t\t<\/div>\n\t\t\t\t\t\t\t\t\t\t\t\t\t\t\t\t<div class=\"block-point-of-view-grid-new block-point-of-view-grid-new--fifth\">\n\t\t\t\t\t\t<div class=\"mini-card  mini-card__style mini-card__style--spacious   block-point-of-view-grid-new__mini-card\" data-post-id=\"0\">\n\t\n\t\t\t<div class=\"mini-card__image-wrapper\">\n\t\t\t\t\t<\/div>\n\t\t\t\t<div class=\"mini-card__heading  mini-card__limit-lines mini-card__limit-lines--2\">\n\t\t\t<a href=\"https:\/\/d66.nl\/medemblik\/verkiezingsprogramma\/wonen-bouwen-en-creatieve-oplossingen\/\" class=\"mini-card__link\">\n\t\t\t\t<h2 class=\"heading heading__align--left heading__color--black heading__size--medium heading__font--sans heading__weight--bold\" id=\"nav-wonen--bouwen-en-creatieve-oplossingen4748\">\n\tWonen, bouwen en creatieve oplossingen<\/h2>\t\t\t<\/a>\n\t\t<\/div>\n\t\t\t\t\n\t\t\t<div class=\"mini-card__paragraph  mini-card__limit-lines mini-card__limit-lines--3\">\n\t\t\t<p class=\"paragraph paragraph__align--left paragraph__color--black paragraph__size--default paragraph__weight--medium\">\n\t\tDe vraag naar woningen is en blijft groot, ook in onze gemeente. Bouwen moet ook in onze eigen vertrouwde buurt of dorp plaatsvinden. \t<\/p>\t\t<\/div>\n\t\n\t<a href=\"https:\/\/d66.nl\/medemblik\/verkiezingsprogramma\/wonen-bouwen-en-creatieve-oplossingen\/\" class=\"buttonV2 buttonV2__color--transparent buttonV2__size--default buttonV2__size-width--default buttonV2__link  mini-card__buttonV2\" id=\"\" target=\"\">\n\t<div class=\"buttonV2__top-wrapper buttonV2__arrow-align--right\">\n\t\t\t\t\t<span class=\"buttonV2__title\">\n\t\t\t\tLees verder\t\t\t<\/span>\n\t\t\n\t\t\t\t\t<div class=\"buttonV2__icon\">\n\t\t\t\t<svg xmlns='http:\/\/www.w3.org\/2000\/svg' viewBox='0 0 58.14 50.62'><path d='m32.82 50.62 25.32-25.31L32.82 0l-4.35 4.35 17.92 17.86H0v6.21h46.39L28.47 46.33l4.35 4.29z' fill='currentColor' \/><\/svg>\t\t\t<\/div>\n\t\t\t<\/div>\n\n\t<\/a><\/div>\t\t\t\t\t<\/div>\n\t\t\t\t\t\t\t\t\t\t\t\t\t\t\t\t<div class=\"block-point-of-view-grid-new block-point-of-view-grid-new--sixth\">\n\t\t\t\t\t\t<div class=\"mini-card  mini-card__style mini-card__style--spacious   block-point-of-view-grid-new__mini-card\" data-post-id=\"0\">\n\t\n\t\t\t<div class=\"mini-card__image-wrapper\">\n\t\t\t\t\t<\/div>\n\t\t\t\t<div class=\"mini-card__heading  mini-card__limit-lines mini-card__limit-lines--2\">\n\t\t\t<a href=\"https:\/\/d66.nl\/medemblik\/verkiezingsprogramma\/hoofdstuk-1\/\" class=\"mini-card__link\">\n\t\t\t\t<h2 class=\"heading heading__align--left heading__color--black heading__size--medium heading__font--sans heading__weight--bold\" id=\"nav-duurzaamheid789\">\n\tDuurzaamheid<\/h2>\t\t\t<\/a>\n\t\t<\/div>\n\t\t\t\t\n\t\t\t<div class=\"mini-card__paragraph  mini-card__limit-lines mini-card__limit-lines--3\">\n\t\t\t<p class=\"paragraph paragraph__align--left paragraph__color--black paragraph__size--default paragraph__weight--medium\">\n\t\tDuurzaamheid staat bij D66 hoog op de agenda. Er moet actie ondernomen worden om het klimaat te verbeteren en onze wereld leefbaar te houden.\t<\/p>\t\t<\/div>\n\t\n\t<a href=\"https:\/\/d66.nl\/medemblik\/verkiezingsprogramma\/hoofdstuk-1\/\" class=\"buttonV2 buttonV2__color--transparent buttonV2__size--default buttonV2__size-width--default buttonV2__link  mini-card__buttonV2\" id=\"\" target=\"\">\n\t<div class=\"buttonV2__top-wrapper buttonV2__arrow-align--right\">\n\t\t\t\t\t<span class=\"buttonV2__title\">\n\t\t\t\tLees verder\t\t\t<\/span>\n\t\t\n\t\t\t\t\t<div class=\"buttonV2__icon\">\n\t\t\t\t<svg xmlns='http:\/\/www.w3.org\/2000\/svg' viewBox='0 0 58.14 50.62'><path d='m32.82 50.62 25.32-25.31L32.82 0l-4.35 4.35 17.92 17.86H0v6.21h46.39L28.47 46.33l4.35 4.29z' fill='currentColor' \/><\/svg>\t\t\t<\/div>\n\t\t\t<\/div>\n\n\t<\/a><\/div>\t\t\t\t\t<\/div>\n\t\t\t\t\t\t\t\t\t<\/div>\n\t<\/div><p\n\t\tclass=\"paragraph paragraph__align--center      js-article-listing-pagination\"\n\t\t\t>\n\t\tToont 12 van 12\t<\/p><br \/>\t<\/div>\n<\/div>\t  <\/div>\n\t<\/div>\n  <\/div>\n\n\n<div\n  id=\"\"\n  class=\"wrapper wrapper__spacing-top-large--0 wrapper__spacing-bottom-large--60  wrapper__gutter--none\"\n  >\n  \t<div class=\"wrapper__container wrapper__container-width-large--default\">\n\t  <div class=\"wrapper__inner wrapper__width-large--24 wrapper__width-mobile--24\">\n\t\t<h2 class=\"heading heading__align--left heading__color--black heading__size--huge heading__font--sans heading__weight--semiBold  block-heading__heading\" id=\"nav-nieuws8353\" data-nav-heading=\"Nieuws\" data-nav-heading-mobile=\"Nieuws\" >\n\tLaatste nieuws<\/h2>\t  <\/div>\n\t<\/div>\n  <\/div>\n\n\n<div\n  id=\"\"\n  class=\"wrapper  wrapper__spacing-bottom-large--220 wrapper__spacing-bottom-tablet--190 wrapper__spacing-bottom-mobile--140  wrapper__gutter--none\"\n  >\n  \t<div class=\"wrapper__container wrapper__container-width-large--default\">\n\t  <div class=\"wrapper__inner wrapper__width-large--24 wrapper__width-mobile--24\">\n\t\t\n<section class=\"block-stories-wall-slider-dynamic block-stories-wall-slider-dynamic__posttype--post js-block-stories-wall-slider-dynamic\">\n\t<div class=\"block-stories-wall-slider-dynamic__header-wrapper block-stories-wall-slider-dynamic__header-wrapper--default\">\n\t\t<div class=\"block-stories-wall-slider-dynamic__title\">\n\t\t\t<h2 class=\"heading heading__align--left heading__color--black heading__size--huge  heading__weight--bold\" id=\"nav-2982\" data-nav-heading-mobile=\"\">\n\t<\/h2>\t\t<\/div>\n\t\t\t<\/div>\n\n\t<div class=\"block-stories-wall-slider-dynamic__slider\">\n\t\t<div class=\"carousel-slider js-carousel-slider carousel-slider__for--cards\" data-is-slider-initialized=\"0\">\n\t<div class=\"carousel-slider__wrapper js-carousel-wrapper\">\n\t\t<div class=\"swiper\">\n\t\t\t<div class=\"swiper-wrapper\">\n\t\t\t\t\t\t\t\t\t\t\t\t\t\t<div class=\"swiper-slide\">\n\t\t\t\t\t\t<article class=\"article-card article-card__color--skyBlue\" data-gtm-event=\"click\" data-gtm-group=\"updates\" data-gtm-target=\"Stevige algemene beschouwing Geert Mos\">\n\t\t<a class=\"article-card__link\" href=\"https:\/\/d66.nl\/medemblik\/nieuws\/stevige-algemene-beschouwing-geert-mos\/\" aria-label=\"Link naar artikel\">\n\t\t<header class=\"article-card__header\">\n\n\t\t\t\t\t\t<div class=\"article-card__meta-row-wrapper\">\n\t\t\t\t<div class=\"article-card__date\">\n\t\t\t\t\t\t<p class=\"paragraph   paragraph__size--medium paragraph__weight--semiBold\">\n\t\t03.11.2021\t<\/p>\t\t\t\t<\/div>\n\t\t\t<\/div>\n\t\t\t\t\t\t\t\t\t\t\t<\/header>\n\n\t\t<div class=\"article-card__body\">\n\t\t\t\t\t\t\t<h3 class=\"heading   heading__size--large heading__font--sans heading__weight--bold\" id=\"nav-stevige-algemene-beschouwing-geert-mos1401\">\n\tStevige algemene beschouwing Geert Mos<\/h3>\t\t\t\t\t\t\n\t\t\t<button class=\"buttonV2 buttonV2__color--transparent buttonV2__size--default buttonV2__size-width--default   article-card__buttonV2\" id=\"\">\n\t<div class=\"buttonV2__top-wrapper buttonV2__arrow-align--right\">\n\t\t\t\t\t<span class=\"buttonV2__title\">\n\t\t\t\tLees verder\t\t\t<\/span>\n\t\t\n\t\t\t\t\t<div class=\"buttonV2__icon\">\n\t\t\t\t<svg xmlns='http:\/\/www.w3.org\/2000\/svg' viewBox='0 0 58.14 50.62'><path d='m32.82 50.62 25.32-25.31L32.82 0l-4.35 4.35 17.92 17.86H0v6.21h46.39L28.47 46.33l4.35 4.29z' fill='currentColor' \/><\/svg>\t\t\t<\/div>\n\t\t\t<\/div>\n\n\t<\/button>\t\t<\/div>\n\t<\/a>\n<\/article>\t\t\t\t\t<\/div>\n\t\t\t\t\t\t\t\t\t\t\t\t\t\t<div class=\"swiper-slide\">\n\t\t\t\t\t\t<article class=\"article-card article-card__color--yellow\" data-gtm-event=\"click\" data-gtm-group=\"updates\" data-gtm-target=\"Vijf plannen voor een sterke rechtsstaat\">\n\t\t<a class=\"article-card__link\" href=\"https:\/\/d66.nl\/medemblik\/nieuws\/vijf-plannen-voor-een-sterke-rechtsstaat\/\" aria-label=\"Link naar artikel\">\n\t\t<header class=\"article-card__header\">\n\n\t\t\t\t\t\t<div class=\"article-card__meta-row-wrapper\">\n\t\t\t\t<div class=\"article-card__date\">\n\t\t\t\t\t\t<p class=\"paragraph   paragraph__size--medium paragraph__weight--semiBold\">\n\t\t25.10.2021\t<\/p>\t\t\t\t<\/div>\n\t\t\t<\/div>\n\t\t\t\t\t\t\t\t\t\t\t<\/header>\n\n\t\t<div class=\"article-card__body\">\n\t\t\t\t\t\t\t<h3 class=\"heading   heading__size--large heading__font--sans heading__weight--bold\" id=\"nav-vijf-plannen-voor-een-sterke-rechtsstaat1122\">\n\tVijf plannen voor een sterke rechtsstaat<\/h3>\t\t\t\t\t\t\t\t\t\t<div class=\"article-card__excerpt\">\n\t\t\t\t\t<p class=\"paragraph   paragraph__size--default paragraph__weight--medium\">\n\t\tDe rechtsstaat is van ongekend belang voor een goed werkende democratie. Een goed functionerende rechtsstaat zorgt voor gelijkheid en echte vrijheid.\t<\/p>\t\t\t\t<\/div>\n\t\t\t\n\t\t\t<button class=\"buttonV2 buttonV2__color--transparent buttonV2__size--default buttonV2__size-width--default   article-card__buttonV2\" id=\"\">\n\t<div class=\"buttonV2__top-wrapper buttonV2__arrow-align--right\">\n\t\t\t\t\t<span class=\"buttonV2__title\">\n\t\t\t\tLees verder\t\t\t<\/span>\n\t\t\n\t\t\t\t\t<div class=\"buttonV2__icon\">\n\t\t\t\t<svg xmlns='http:\/\/www.w3.org\/2000\/svg' viewBox='0 0 58.14 50.62'><path d='m32.82 50.62 25.32-25.31L32.82 0l-4.35 4.35 17.92 17.86H0v6.21h46.39L28.47 46.33l4.35 4.29z' fill='currentColor' \/><\/svg>\t\t\t<\/div>\n\t\t\t<\/div>\n\n\t<\/button>\t\t<\/div>\n\t<\/a>\n<\/article>\t\t\t\t\t<\/div>\n\t\t\t\t\t\t\t<\/div>\n\t\t<\/div>\n\t<\/div>\n\n\t\t\t<div class=\"carousel-slider-navigation js-carousel-slider-navigation carousel-slider-navigation__offset--always\">\n\t<div class=\"carousel-slider-navigation__fraction-pagination-wrapper\">\n\t\t<span class=\"custom-swiper-pagination-current\">1<\/span> \/ <span class=\"custom-swiper-pagination-total\">X<\/span>\n\t<\/div>\n\t<div class=\"carousel-slider-navigation__pagination-wrapper\">\n\t\t<div class=\"carousel-slider-navigation__pagination js-swiper-progressbar\"><\/div>\n\t<\/div>\n\t<div class=\"carousel-slider-navigation__navigation\">\n\t\t<button class=\"carousel-slider-navigation__nav-button carousel-slider-navigation__nav-button--prev js-swiper-prev\" aria-label=\"Previous slide\"><\/button>\n\t\t<button class=\"carousel-slider-navigation__nav-button carousel-slider-navigation__nav-button--next js-swiper-next\" aria-label=\"Next slide\"><\/button>\n\t<\/div>\n<\/div>\t\n<\/div>\t<\/div>\n\n<\/section>\n\t  <\/div>\n\t<\/div>\n  <\/div>\n\n\n<div\n  id=\"\"\n  class=\"wrapper wrapper__spacing-top-large--0 wrapper__spacing-bottom-large--60  wrapper__gutter--none\"\n  >\n  \t<div class=\"wrapper__container wrapper__container-width-large--default\">\n\t  <div class=\"wrapper__inner wrapper__width-large--24 wrapper__width-mobile--24\">\n\t\t<h2 class=\"heading heading__align--left heading__color--black heading__size--huge heading__font--sans heading__weight--semiBold  block-heading__heading\" id=\"nav-verkiezingsprogramma5750\" data-nav-heading=\"Verkiezingsprogramma\" data-nav-heading-mobile=\"Verkiezingsprogramma\" >\n\tHet verkiezings-<br>programma<\/h2>\t  <\/div>\n\t<\/div>\n  <\/div>\n\n\n<div\n  id=\"\"\n  class=\"wrapper  wrapper__spacing-bottom-large--60 wrapper__spacing-bottom-desktop--60 wrapper__spacing-bottom-mobile--30  wrapper__gutter--none\"\n  >\n  \t<div class=\"wrapper__container wrapper__container-width-large--default\">\n\t  <div class=\"wrapper__inner wrapper__width-large--14 wrapper__width-desktop--24 wrapper__width-mobile--24 wrapper__offset-desktop--0 wrapper__offset-mobile--0\">\n\t\t<p\n\t\tclass=\"paragraph paragraph__align--left paragraph__color--black paragraph__size--default   block-paragraph__paragraph\"\n\t\t\t>\n\t\tSamen met inwoners, ondernemers en leden hebben we nagedacht en gesproken over onze idee\u00ebn voor de toekomst. In het verkiezingsprogramma lees je deze plannen waarmee we de komende jaren aan de slag willen gaan.\t<\/p>\t  <\/div>\n\t<\/div>\n  <\/div>\n\n\n<div\n  id=\"\"\n  class=\"wrapper  wrapper__spacing-bottom-large--100 wrapper__spacing-bottom-desktop--60 wrapper__spacing-bottom-mobile--40  wrapper__gutter--none\"\n  >\n  \t<div class=\"wrapper__container wrapper__container-width-large--default\">\n\t  <div class=\"wrapper__inner wrapper__width-large--17 wrapper__width-mobile--24\">\n\t\t<div class=\"cta block-cta__cta\">\n  <div class=\"box box__style--full-width-on-mobile cta__box\" style=\"--box-bg-color: var(--global-colors-romanSilver);--box-text-color: var(--global-colors-white)\">\n\t<h2 class=\"heading heading__align--left heading__color--white heading__size--largest heading__font--sans heading__weight--semiBold  cta__heading\" id=\"nav-lees-ons-programma6898\" data-nav-heading-mobile=\"Lees ons programma\">\n\tLees ons programma<\/h2><div class=\"cta__image\">\n\n\t<img loading=\"lazy\" decoding=\"async\" width=\"1024\" height=\"576\" src=\"https:\/\/d66.nl\/medemblik\/wp-content\/uploads\/sites\/3\/2021\/10\/d66-events-191109-212-D66-Congres110-JeroenMooijman-1024x576.jpg\" class=\"image cta__img\" alt=\"\" \/>\n\t<\/div><p class=\"paragraph paragraph__align--left paragraph__color--white paragraph__size--default paragraph__weight--medium  cta__paragraph\">\n\t\tJe bent pas vrij als iedereen dat is. D66 gelooft in gelijke kansen voor iedereen en hulp voor wie het nodig heeft.\t<\/p><div class=\"cta__buttons-wrapper\"><a href=\"https:\/\/d66.nl\/medemblik\/verkiezingsprogramma\/\" class=\"btn btn__color--white btn__size--default btn__size-width--default    cta__btn\" id=\"\" title=\"Verkiezingsprogramma\" data-last-site-id=\"1\">\n\t<div class=\"btn__top-wrapper\">\n\t\t\n\t\t<span class=\"btn__title\">\n\t\t\tVerkiezingsprogramma\t\t<\/span>\n\n\t\t\t<\/div>\n\n\t<span class=\"btn__description\">\n\t\t\t<\/span>\n\n\t<span class=\"btn__spinner btn__spinner--white btn__spinner--default\" aria-hidden=\"true\"><\/span>\n<\/a><\/div><\/div><\/div>\t  <\/div>\n\t<\/div>\n  <\/div>\n","protected":false},"author":6,"featured_media":300000189,"parent":0,"menu_order":0,"template":"with-navigation.php","meta":{"_acf_changed":false},"search-tags":[12],"topic-subtopics":[],"themes-or-point-of-view":[24],"class_list":["post-331","topics","type-topics","status-publish","has-post-thumbnail","hentry","search-tags-democratie-bestuur","themes-or-point-of-view-theme"],"acf":[],"yoast_head":"<!-- This site is optimized with the Yoast SEO plugin v27.3 - https:\/\/yoast.com\/product\/yoast-seo-wordpress\/ -->\n<title>D66 Medemblik &#8212; Democratie en bestuur | Standpunten<\/title>\n<meta name=\"robots\" content=\"index, follow, max-snippet:-1, max-image-preview:large, max-video-preview:-1\" \/>\n<link rel=\"canonical\" href=\"https:\/\/d66.nl\/medemblik\/standpunten\/democratie-en-bestuur\/\" \/>\n<meta property=\"og:locale\" content=\"nl_NL\" \/>\n<meta property=\"og:type\" content=\"article\" \/>\n<meta property=\"og:title\" content=\"D66 Medemblik &#8212; Democratie en bestuur | Standpunten\" \/>\n<meta property=\"og:url\" content=\"https:\/\/d66.nl\/medemblik\/standpunten\/democratie-en-bestuur\/\" \/>\n<meta property=\"og:site_name\" content=\"D66 Medemblik\" \/>\n<meta property=\"article:modified_time\" content=\"2021-11-25T20:51:13+00:00\" \/>\n<meta name=\"twitter:card\" content=\"summary_large_image\" \/>\n<script type=\"application\/ld+json\" class=\"yoast-schema-graph\">{\"@context\":\"https:\\\/\\\/schema.org\",\"@graph\":[{\"@type\":\"WebPage\",\"@id\":\"https:\\\/\\\/d66.nl\\\/medemblik\\\/standpunten\\\/democratie-en-bestuur\\\/\",\"url\":\"https:\\\/\\\/d66.nl\\\/medemblik\\\/standpunten\\\/democratie-en-bestuur\\\/\",\"name\":\"D66 Medemblik &#8212; Democratie en bestuur | Standpunten\",\"isPartOf\":{\"@id\":\"https:\\\/\\\/d66.nl\\\/medemblik\\\/#website\"},\"primaryImageOfPage\":{\"@id\":\"https:\\\/\\\/d66.nl\\\/medemblik\\\/standpunten\\\/democratie-en-bestuur\\\/#primaryimage\"},\"image\":{\"@id\":\"https:\\\/\\\/d66.nl\\\/medemblik\\\/standpunten\\\/democratie-en-bestuur\\\/#primaryimage\"},\"thumbnailUrl\":\"https:\\\/\\\/d66.nl\\\/medemblik\\\/wp-content\\\/uploads\\\/sites\\\/3\\\/2021\\\/10\\\/d66-campagne-190202-006-D66_CanvasLeiden-JeroenMooijman.jpg\",\"datePublished\":\"2021-10-27T13:52:18+00:00\",\"dateModified\":\"2021-11-25T20:51:13+00:00\",\"breadcrumb\":{\"@id\":\"https:\\\/\\\/d66.nl\\\/medemblik\\\/standpunten\\\/democratie-en-bestuur\\\/#breadcrumb\"},\"inLanguage\":\"nl-NL\",\"potentialAction\":[{\"@type\":\"ReadAction\",\"target\":[\"https:\\\/\\\/d66.nl\\\/medemblik\\\/standpunten\\\/democratie-en-bestuur\\\/\"]}]},{\"@type\":\"ImageObject\",\"inLanguage\":\"nl-NL\",\"@id\":\"https:\\\/\\\/d66.nl\\\/medemblik\\\/standpunten\\\/democratie-en-bestuur\\\/#primaryimage\",\"url\":\"https:\\\/\\\/d66.nl\\\/medemblik\\\/wp-content\\\/uploads\\\/sites\\\/3\\\/2021\\\/10\\\/d66-campagne-190202-006-D66_CanvasLeiden-JeroenMooijman.jpg\",\"contentUrl\":\"https:\\\/\\\/d66.nl\\\/medemblik\\\/wp-content\\\/uploads\\\/sites\\\/3\\\/2021\\\/10\\\/d66-campagne-190202-006-D66_CanvasLeiden-JeroenMooijman.jpg\"},{\"@type\":\"BreadcrumbList\",\"@id\":\"https:\\\/\\\/d66.nl\\\/medemblik\\\/standpunten\\\/democratie-en-bestuur\\\/#breadcrumb\",\"itemListElement\":[{\"@type\":\"ListItem\",\"position\":1,\"name\":\"Home\",\"item\":\"https:\\\/\\\/d66.nl\\\/medemblik\\\/\"},{\"@type\":\"ListItem\",\"position\":2,\"name\":\"Democratie en bestuur\"}]},{\"@type\":\"WebSite\",\"@id\":\"https:\\\/\\\/d66.nl\\\/medemblik\\\/#website\",\"url\":\"https:\\\/\\\/d66.nl\\\/medemblik\\\/\",\"name\":\"D66 Medemblik\",\"description\":\"Just another D66 Sites site\",\"publisher\":{\"@id\":\"https:\\\/\\\/d66.nl\\\/medemblik\\\/#organization\"},\"potentialAction\":[{\"@type\":\"SearchAction\",\"target\":{\"@type\":\"EntryPoint\",\"urlTemplate\":\"https:\\\/\\\/d66.nl\\\/medemblik\\\/?s={search_term_string}\"},\"query-input\":{\"@type\":\"PropertyValueSpecification\",\"valueRequired\":true,\"valueName\":\"search_term_string\"}}],\"inLanguage\":\"nl-NL\"},{\"@type\":\"Organization\",\"@id\":\"https:\\\/\\\/d66.nl\\\/medemblik\\\/#organization\",\"name\":\"D66\",\"url\":\"https:\\\/\\\/d66.nl\\\/medemblik\\\/\",\"logo\":{\"@type\":\"ImageObject\",\"inLanguage\":\"nl-NL\",\"@id\":\"https:\\\/\\\/d66.nl\\\/medemblik\\\/#\\\/schema\\\/logo\\\/image\\\/\",\"url\":\"https:\\\/\\\/d66.nl\\\/medemblik\\\/wp-content\\\/uploads\\\/sites\\\/238\\\/2021\\\/10\\\/d66-themas-algemeen-og.png\",\"contentUrl\":\"https:\\\/\\\/d66.nl\\\/medemblik\\\/wp-content\\\/uploads\\\/sites\\\/238\\\/2021\\\/10\\\/d66-themas-algemeen-og.png\",\"width\":1200,\"height\":628,\"caption\":\"D66\"},\"image\":{\"@id\":\"https:\\\/\\\/d66.nl\\\/medemblik\\\/#\\\/schema\\\/logo\\\/image\\\/\"}}]}<\/script>\n<!-- \/ Yoast SEO plugin. -->","yoast_head_json":{"title":"D66 Medemblik &#8212; Democratie en bestuur | Standpunten","robots":{"index":"index","follow":"follow","max-snippet":"max-snippet:-1","max-image-preview":"max-image-preview:large","max-video-preview":"max-video-preview:-1"},"canonical":"https:\/\/d66.nl\/medemblik\/standpunten\/democratie-en-bestuur\/","og_locale":"nl_NL","og_type":"article","og_title":"D66 Medemblik &#8212; Democratie en bestuur | Standpunten","og_url":"https:\/\/d66.nl\/medemblik\/standpunten\/democratie-en-bestuur\/","og_site_name":"D66 Medemblik","article_modified_time":"2021-11-25T20:51:13+00:00","twitter_card":"summary_large_image","schema":{"@context":"https:\/\/schema.org","@graph":[{"@type":"WebPage","@id":"https:\/\/d66.nl\/medemblik\/standpunten\/democratie-en-bestuur\/","url":"https:\/\/d66.nl\/medemblik\/standpunten\/democratie-en-bestuur\/","name":"D66 Medemblik &#8212; Democratie en bestuur | Standpunten","isPartOf":{"@id":"https:\/\/d66.nl\/medemblik\/#website"},"primaryImageOfPage":{"@id":"https:\/\/d66.nl\/medemblik\/standpunten\/democratie-en-bestuur\/#primaryimage"},"image":{"@id":"https:\/\/d66.nl\/medemblik\/standpunten\/democratie-en-bestuur\/#primaryimage"},"thumbnailUrl":"https:\/\/d66.nl\/medemblik\/wp-content\/uploads\/sites\/3\/2021\/10\/d66-campagne-190202-006-D66_CanvasLeiden-JeroenMooijman.jpg","datePublished":"2021-10-27T13:52:18+00:00","dateModified":"2021-11-25T20:51:13+00:00","breadcrumb":{"@id":"https:\/\/d66.nl\/medemblik\/standpunten\/democratie-en-bestuur\/#breadcrumb"},"inLanguage":"nl-NL","potentialAction":[{"@type":"ReadAction","target":["https:\/\/d66.nl\/medemblik\/standpunten\/democratie-en-bestuur\/"]}]},{"@type":"ImageObject","inLanguage":"nl-NL","@id":"https:\/\/d66.nl\/medemblik\/standpunten\/democratie-en-bestuur\/#primaryimage","url":"https:\/\/d66.nl\/medemblik\/wp-content\/uploads\/sites\/3\/2021\/10\/d66-campagne-190202-006-D66_CanvasLeiden-JeroenMooijman.jpg","contentUrl":"https:\/\/d66.nl\/medemblik\/wp-content\/uploads\/sites\/3\/2021\/10\/d66-campagne-190202-006-D66_CanvasLeiden-JeroenMooijman.jpg"},{"@type":"BreadcrumbList","@id":"https:\/\/d66.nl\/medemblik\/standpunten\/democratie-en-bestuur\/#breadcrumb","itemListElement":[{"@type":"ListItem","position":1,"name":"Home","item":"https:\/\/d66.nl\/medemblik\/"},{"@type":"ListItem","position":2,"name":"Democratie en bestuur"}]},{"@type":"WebSite","@id":"https:\/\/d66.nl\/medemblik\/#website","url":"https:\/\/d66.nl\/medemblik\/","name":"D66 Medemblik","description":"Just another D66 Sites site","publisher":{"@id":"https:\/\/d66.nl\/medemblik\/#organization"},"potentialAction":[{"@type":"SearchAction","target":{"@type":"EntryPoint","urlTemplate":"https:\/\/d66.nl\/medemblik\/?s={search_term_string}"},"query-input":{"@type":"PropertyValueSpecification","valueRequired":true,"valueName":"search_term_string"}}],"inLanguage":"nl-NL"},{"@type":"Organization","@id":"https:\/\/d66.nl\/medemblik\/#organization","name":"D66","url":"https:\/\/d66.nl\/medemblik\/","logo":{"@type":"ImageObject","inLanguage":"nl-NL","@id":"https:\/\/d66.nl\/medemblik\/#\/schema\/logo\/image\/","url":"https:\/\/d66.nl\/medemblik\/wp-content\/uploads\/sites\/238\/2021\/10\/d66-themas-algemeen-og.png","contentUrl":"https:\/\/d66.nl\/medemblik\/wp-content\/uploads\/sites\/238\/2021\/10\/d66-themas-algemeen-og.png","width":1200,"height":628,"caption":"D66"},"image":{"@id":"https:\/\/d66.nl\/medemblik\/#\/schema\/logo\/image\/"}}]}},"_links":{"self":[{"href":"https:\/\/d66.nl\/medemblik\/wp-json\/wp\/v2\/standpunten\/331","targetHints":{"allow":["GET"]}}],"collection":[{"href":"https:\/\/d66.nl\/medemblik\/wp-json\/wp\/v2\/standpunten"}],"about":[{"href":"https:\/\/d66.nl\/medemblik\/wp-json\/wp\/v2\/types\/topics"}],"author":[{"embeddable":true,"href":"https:\/\/d66.nl\/medemblik\/wp-json\/wp\/v2\/users\/6"}],"wp:featuredmedia":[{"embeddable":true,"href":"https:\/\/d66.nl\/medemblik\/wp-json\/"}],"wp:attachment":[{"href":"https:\/\/d66.nl\/medemblik\/wp-json\/wp\/v2\/media?parent=331"}],"wp:term":[{"taxonomy":"search-tags","embeddable":true,"href":"https:\/\/d66.nl\/medemblik\/wp-json\/wp\/v2\/search-tags?post=331"},{"taxonomy":"topic-sub-topics","embeddable":true,"href":"https:\/\/d66.nl\/medemblik\/wp-json\/wp\/v2\/topic-subtopics?post=331"},{"taxonomy":"themes-or-point-of-view","embeddable":true,"href":"https:\/\/d66.nl\/medemblik\/wp-json\/wp\/v2\/themes-or-point-of-view?post=331"}],"curies":[{"name":"wp","href":"https:\/\/api.w.org\/{rel}","templated":true}]}}