{"id":1032,"date":"2026-02-12T22:25:09","date_gmt":"2026-02-12T22:25:09","guid":{"rendered":"https:\/\/d66.nl\/medemblik\/?post_type=people-type&#038;p=1032"},"modified":"2026-02-13T18:20:54","modified_gmt":"2026-02-13T18:20:54","slug":"paul-laseur-2","status":"publish","type":"people-type","link":"https:\/\/d66.nl\/medemblik\/mensen\/paul-laseur-2\/","title":{"rendered":"Muri\u00ebl Molenaar"},"content":{"rendered":"<div\n  id=\"\"\n  class=\"wrapper  wrapper__spacing-bottom-large--50 wrapper__spacing-bottom-desktop--66 wrapper__spacing-bottom-mobile--76  wrapper__gutter--none\"\n  >\n  \t<div class=\"wrapper__container wrapper__container-width-large--default\">\n\t  <div class=\"wrapper__inner wrapper__width-large--14 wrapper__width-desktop--20 wrapper__width-mobile--24 wrapper__offset-large--6 wrapper__offset-desktop--4 wrapper__offset-mobile--0\">\n\t\t<h1 class=\"heading   heading__size--giant heading__font--serif heading__weight--regular  block-heading__heading\" id=\"nav-muri--l-molenaar7720\"  data-nav-heading-mobile=\"Muri\u00ebl Molenaar\" >\n\tMuri\u00ebl Molenaar<\/h1>\t  <\/div>\n\t<\/div>\n  <\/div>\n\n\n<div\n  id=\"\"\n  class=\"wrapper  wrapper__spacing-bottom-large--110 wrapper__spacing-bottom-desktop--60 wrapper__spacing-bottom-mobile--50  wrapper__gutter--none\"\n  >\n  \t<div class=\"wrapper__container wrapper__container-width-large--default\">\n\t  <div class=\"wrapper__inner wrapper__width-large--24 wrapper__width-mobile--24\">\n\t\t<section class=\"block-video\">\n\t<div\n\t\tclass=\"block-video__video-wrapper\"\n\t\tstyle=\"background-image: url('https:\/\/media.d66.nl\/uploads\/sites\/238\/2026\/02\/foto28-scaled.jpg')\"\n\t>\n\t\t\t<\/div>\n\n\t\t\t<div class=\"block-video__caption-wrapper\">\n\t\t\t<div class=\"block-video__caption\">\n\t\t\t\t<p class=\"paragraph paragraph__align--left paragraph__color--black paragraph__size--small paragraph__weight--medium\">\n\t\tBeeld: Ferry Floor\t<\/p>\t\t\t<\/div>\n\t\t<\/div>\n\t\n<\/section>\n\n\t  <\/div>\n\t<\/div>\n  <\/div>\n\n\n<div\n  id=\"\"\n  class=\"wrapper  wrapper__spacing-bottom-large--50 wrapper__spacing-bottom-desktop--70 wrapper__spacing-bottom-mobile--50  wrapper__gutter--none\"\n  >\n  \t<div class=\"wrapper__container wrapper__container-width-large--default\">\n\t  <div class=\"wrapper__inner wrapper__width-large--18 wrapper__width-desktop--22 wrapper__width-mobile--24 wrapper__offset-large--6 wrapper__offset-desktop--2 wrapper__offset-mobile--0\">\n\t\t<section class=\"block-text-title\">\n\t<div class=\"block-text-title__title\">\n\t\t<h3 class=\"heading  heading__color--black heading__size--medium heading__font--sans heading__weight--bold  block-text-title__heading\" id=\"nav-5848\" data-nav-heading-mobile=\"\">\n\t<\/h3>\t<\/div>\n\t<div class=\"block-text-title__content\">\n\t\t<p class=\"paragraph paragraph__align--left paragraph__color--black paragraph__size--default\">\n\t\t<strong>Muri\u00ebl Molenaar woont in Zwaagdijk-Oost en werkt als jurist omgevingsrecht voor gemeenten in Noord-Holland \u00e9n binnen het familiebedrijf in vastgoed in Enkhuizen. Met haar kennis van het recht en de lokale overheid zet zij zich in voor een gemeente die inwoners serieus neemt en helder communiceert over gemaakte keuzes.<\/strong>\t<\/p>\t<\/div>\n\n\t<div class=\"block-text-title__sidebar\">\n\t\t\n\t\t\n\t\t\t<\/div>\n<\/section>\n\t  <\/div>\n\t<\/div>\n  <\/div>\n\n\n<div\n  id=\"\"\n  class=\"wrapper  wrapper__spacing-bottom-large--50 wrapper__spacing-bottom-desktop--70 wrapper__spacing-bottom-mobile--50  wrapper__gutter--none\"\n  >\n  \t<div class=\"wrapper__container wrapper__container-width-large--default\">\n\t  <div class=\"wrapper__inner wrapper__width-large--18 wrapper__width-desktop--22 wrapper__width-mobile--24 wrapper__offset-large--6 wrapper__offset-desktop--2 wrapper__offset-mobile--0\">\n\t\t<section class=\"block-text-title\">\n\t<div class=\"block-text-title__title\">\n\t\t<h3 class=\"heading  heading__color--black heading__size--medium heading__font--sans heading__weight--bold  block-text-title__heading\" id=\"nav-8357\" data-nav-heading-mobile=\"\">\n\t<\/h3>\t<\/div>\n\t<div class=\"block-text-title__content\">\n\t\t<p class=\"paragraph paragraph__align--left paragraph__color--black paragraph__size--default\">\n\t\tMuri\u00ebl vindt het belangrijk dat de gemeente dichter bij haar inwoners staat en weet wat er \u00e9cht leeft. Ze wil bouwen aan sterke dorpen en stad, denken in kansen en Medemblik n\u00f3g mooier maken. Haar overtuiging: \u2019t k\u00e9n w\u00e9l.<br><br>Binnen D66 is Muri\u00ebl actief als bestuurslid van de afdeling West-Friesland en als fractielid in Medemblik. Ze staat voor het maken van duidelijke keuzes \u2013 ook als die niet altijd de makkelijkste zijn \u2013 met oog voor een fijne leefomgeving, een sterke economie en ruimte voor ondernemerschap.<br><br>Wat haar typeert? Gedrevenheid, energie en een kritische blik, gecombineerd met een sterke verbindende kracht. Samen bereik je immers meer.\t<\/p>\t<\/div>\n\n\t<div class=\"block-text-title__sidebar\">\n\t\t\n\t\t\n\t\t\t<\/div>\n<\/section>\n\t  <\/div>\n\t<\/div>\n  <\/div>\n","protected":false},"author":39,"featured_media":1005,"menu_order":0,"template":"","labels":[],"search-tags":[],"division-tags":[],"class_list":["post-1032","people-type","type-people-type","status-publish","has-post-thumbnail","hentry"],"acf":[],"yoast_head":"<!-- This site is optimized with the Yoast SEO plugin v27.3 - https:\/\/yoast.com\/product\/yoast-seo-wordpress\/ -->\n<title>D66 Medemblik &#8212; Onze mensen<\/title>\n<meta name=\"robots\" content=\"index, follow, max-snippet:-1, max-image-preview:large, max-video-preview:-1\" \/>\n<link rel=\"canonical\" href=\"https:\/\/d66.nl\/medemblik\/mensen\/paul-laseur-2\/\" \/>\n<meta property=\"og:locale\" content=\"nl_NL\" \/>\n<meta property=\"og:type\" content=\"article\" \/>\n<meta property=\"og:title\" content=\"D66 Medemblik &#8212; Onze mensen\" \/>\n<meta property=\"og:url\" content=\"https:\/\/d66.nl\/medemblik\/mensen\/paul-laseur-2\/\" \/>\n<meta property=\"og:site_name\" content=\"D66 Medemblik\" \/>\n<meta property=\"article:modified_time\" content=\"2026-02-13T18:20:54+00:00\" \/>\n<meta property=\"og:image\" content=\"https:\/\/media.d66.nl\/uploads\/sites\/238\/2026\/02\/foto2-scaled.jpg\" \/>\n\t<meta property=\"og:image:width\" content=\"1440\" \/>\n\t<meta property=\"og:image:height\" content=\"2560\" \/>\n\t<meta property=\"og:image:type\" content=\"image\/jpeg\" \/>\n<meta name=\"twitter:card\" content=\"summary_large_image\" \/>\n<meta name=\"twitter:label1\" content=\"Geschatte leestijd\" \/>\n\t<meta name=\"twitter:data1\" content=\"1 minuut\" \/>\n<script type=\"application\/ld+json\" class=\"yoast-schema-graph\">{\"@context\":\"https:\\\/\\\/schema.org\",\"@graph\":[{\"@type\":\"WebPage\",\"@id\":\"https:\\\/\\\/d66.nl\\\/medemblik\\\/mensen\\\/paul-laseur-2\\\/\",\"url\":\"https:\\\/\\\/d66.nl\\\/medemblik\\\/mensen\\\/paul-laseur-2\\\/\",\"name\":\"D66 Medemblik &#8212; Onze mensen\",\"isPartOf\":{\"@id\":\"https:\\\/\\\/d66.nl\\\/medemblik\\\/#website\"},\"primaryImageOfPage\":{\"@id\":\"https:\\\/\\\/d66.nl\\\/medemblik\\\/mensen\\\/paul-laseur-2\\\/#primaryimage\"},\"image\":{\"@id\":\"https:\\\/\\\/d66.nl\\\/medemblik\\\/mensen\\\/paul-laseur-2\\\/#primaryimage\"},\"thumbnailUrl\":\"https:\\\/\\\/media.d66.nl\\\/uploads\\\/sites\\\/238\\\/2026\\\/02\\\/foto2-scaled.jpg\",\"datePublished\":\"2026-02-12T22:25:09+00:00\",\"dateModified\":\"2026-02-13T18:20:54+00:00\",\"breadcrumb\":{\"@id\":\"https:\\\/\\\/d66.nl\\\/medemblik\\\/mensen\\\/paul-laseur-2\\\/#breadcrumb\"},\"inLanguage\":\"nl-NL\",\"potentialAction\":[{\"@type\":\"ReadAction\",\"target\":[\"https:\\\/\\\/d66.nl\\\/medemblik\\\/mensen\\\/paul-laseur-2\\\/\"]}]},{\"@type\":\"ImageObject\",\"inLanguage\":\"nl-NL\",\"@id\":\"https:\\\/\\\/d66.nl\\\/medemblik\\\/mensen\\\/paul-laseur-2\\\/#primaryimage\",\"url\":\"https:\\\/\\\/media.d66.nl\\\/uploads\\\/sites\\\/238\\\/2026\\\/02\\\/foto2-scaled.jpg\",\"contentUrl\":\"https:\\\/\\\/media.d66.nl\\\/uploads\\\/sites\\\/238\\\/2026\\\/02\\\/foto2-scaled.jpg\",\"width\":1440,\"height\":2560},{\"@type\":\"BreadcrumbList\",\"@id\":\"https:\\\/\\\/d66.nl\\\/medemblik\\\/mensen\\\/paul-laseur-2\\\/#breadcrumb\",\"itemListElement\":[{\"@type\":\"ListItem\",\"position\":1,\"name\":\"Home\",\"item\":\"https:\\\/\\\/d66.nl\\\/medemblik\\\/\"},{\"@type\":\"ListItem\",\"position\":2,\"name\":\"Mensen\",\"item\":\"https:\\\/\\\/d66.nl\\\/medemblik\\\/mensen\\\/\"},{\"@type\":\"ListItem\",\"position\":3,\"name\":\"Muri\u00ebl Molenaar\"}]},{\"@type\":\"WebSite\",\"@id\":\"https:\\\/\\\/d66.nl\\\/medemblik\\\/#website\",\"url\":\"https:\\\/\\\/d66.nl\\\/medemblik\\\/\",\"name\":\"D66 Medemblik\",\"description\":\"Just another D66 Sites site\",\"publisher\":{\"@id\":\"https:\\\/\\\/d66.nl\\\/medemblik\\\/#organization\"},\"potentialAction\":[{\"@type\":\"SearchAction\",\"target\":{\"@type\":\"EntryPoint\",\"urlTemplate\":\"https:\\\/\\\/d66.nl\\\/medemblik\\\/?s={search_term_string}\"},\"query-input\":{\"@type\":\"PropertyValueSpecification\",\"valueRequired\":true,\"valueName\":\"search_term_string\"}}],\"inLanguage\":\"nl-NL\"},{\"@type\":\"Organization\",\"@id\":\"https:\\\/\\\/d66.nl\\\/medemblik\\\/#organization\",\"name\":\"D66\",\"url\":\"https:\\\/\\\/d66.nl\\\/medemblik\\\/\",\"logo\":{\"@type\":\"ImageObject\",\"inLanguage\":\"nl-NL\",\"@id\":\"https:\\\/\\\/d66.nl\\\/medemblik\\\/#\\\/schema\\\/logo\\\/image\\\/\",\"url\":\"https:\\\/\\\/d66.nl\\\/medemblik\\\/wp-content\\\/uploads\\\/sites\\\/238\\\/2021\\\/10\\\/d66-themas-algemeen-og.png\",\"contentUrl\":\"https:\\\/\\\/d66.nl\\\/medemblik\\\/wp-content\\\/uploads\\\/sites\\\/238\\\/2021\\\/10\\\/d66-themas-algemeen-og.png\",\"width\":1200,\"height\":628,\"caption\":\"D66\"},\"image\":{\"@id\":\"https:\\\/\\\/d66.nl\\\/medemblik\\\/#\\\/schema\\\/logo\\\/image\\\/\"}}]}<\/script>\n<!-- \/ Yoast SEO plugin. -->","yoast_head_json":{"title":"D66 Medemblik &#8212; Onze mensen","robots":{"index":"index","follow":"follow","max-snippet":"max-snippet:-1","max-image-preview":"max-image-preview:large","max-video-preview":"max-video-preview:-1"},"canonical":"https:\/\/d66.nl\/medemblik\/mensen\/paul-laseur-2\/","og_locale":"nl_NL","og_type":"article","og_title":"D66 Medemblik &#8212; Onze mensen","og_url":"https:\/\/d66.nl\/medemblik\/mensen\/paul-laseur-2\/","og_site_name":"D66 Medemblik","article_modified_time":"2026-02-13T18:20:54+00:00","og_image":[{"width":1440,"height":2560,"url":"https:\/\/media.d66.nl\/uploads\/sites\/238\/2026\/02\/foto2-scaled.jpg","type":"image\/jpeg"}],"twitter_card":"summary_large_image","twitter_misc":{"Geschatte leestijd":"1 minuut"},"schema":{"@context":"https:\/\/schema.org","@graph":[{"@type":"WebPage","@id":"https:\/\/d66.nl\/medemblik\/mensen\/paul-laseur-2\/","url":"https:\/\/d66.nl\/medemblik\/mensen\/paul-laseur-2\/","name":"D66 Medemblik &#8212; Onze mensen","isPartOf":{"@id":"https:\/\/d66.nl\/medemblik\/#website"},"primaryImageOfPage":{"@id":"https:\/\/d66.nl\/medemblik\/mensen\/paul-laseur-2\/#primaryimage"},"image":{"@id":"https:\/\/d66.nl\/medemblik\/mensen\/paul-laseur-2\/#primaryimage"},"thumbnailUrl":"https:\/\/media.d66.nl\/uploads\/sites\/238\/2026\/02\/foto2-scaled.jpg","datePublished":"2026-02-12T22:25:09+00:00","dateModified":"2026-02-13T18:20:54+00:00","breadcrumb":{"@id":"https:\/\/d66.nl\/medemblik\/mensen\/paul-laseur-2\/#breadcrumb"},"inLanguage":"nl-NL","potentialAction":[{"@type":"ReadAction","target":["https:\/\/d66.nl\/medemblik\/mensen\/paul-laseur-2\/"]}]},{"@type":"ImageObject","inLanguage":"nl-NL","@id":"https:\/\/d66.nl\/medemblik\/mensen\/paul-laseur-2\/#primaryimage","url":"https:\/\/media.d66.nl\/uploads\/sites\/238\/2026\/02\/foto2-scaled.jpg","contentUrl":"https:\/\/media.d66.nl\/uploads\/sites\/238\/2026\/02\/foto2-scaled.jpg","width":1440,"height":2560},{"@type":"BreadcrumbList","@id":"https:\/\/d66.nl\/medemblik\/mensen\/paul-laseur-2\/#breadcrumb","itemListElement":[{"@type":"ListItem","position":1,"name":"Home","item":"https:\/\/d66.nl\/medemblik\/"},{"@type":"ListItem","position":2,"name":"Mensen","item":"https:\/\/d66.nl\/medemblik\/mensen\/"},{"@type":"ListItem","position":3,"name":"Muri\u00ebl Molenaar"}]},{"@type":"WebSite","@id":"https:\/\/d66.nl\/medemblik\/#website","url":"https:\/\/d66.nl\/medemblik\/","name":"D66 Medemblik","description":"Just another D66 Sites site","publisher":{"@id":"https:\/\/d66.nl\/medemblik\/#organization"},"potentialAction":[{"@type":"SearchAction","target":{"@type":"EntryPoint","urlTemplate":"https:\/\/d66.nl\/medemblik\/?s={search_term_string}"},"query-input":{"@type":"PropertyValueSpecification","valueRequired":true,"valueName":"search_term_string"}}],"inLanguage":"nl-NL"},{"@type":"Organization","@id":"https:\/\/d66.nl\/medemblik\/#organization","name":"D66","url":"https:\/\/d66.nl\/medemblik\/","logo":{"@type":"ImageObject","inLanguage":"nl-NL","@id":"https:\/\/d66.nl\/medemblik\/#\/schema\/logo\/image\/","url":"https:\/\/d66.nl\/medemblik\/wp-content\/uploads\/sites\/238\/2021\/10\/d66-themas-algemeen-og.png","contentUrl":"https:\/\/d66.nl\/medemblik\/wp-content\/uploads\/sites\/238\/2021\/10\/d66-themas-algemeen-og.png","width":1200,"height":628,"caption":"D66"},"image":{"@id":"https:\/\/d66.nl\/medemblik\/#\/schema\/logo\/image\/"}}]}},"_links":{"self":[{"href":"https:\/\/d66.nl\/medemblik\/wp-json\/wp\/v2\/people-type\/1032","targetHints":{"allow":["GET"]}}],"collection":[{"href":"https:\/\/d66.nl\/medemblik\/wp-json\/wp\/v2\/people-type"}],"about":[{"href":"https:\/\/d66.nl\/medemblik\/wp-json\/wp\/v2\/types\/people-type"}],"author":[{"embeddable":true,"href":"https:\/\/d66.nl\/medemblik\/wp-json\/wp\/v2\/users\/39"}],"wp:featuredmedia":[{"embeddable":true,"href":"https:\/\/d66.nl\/medemblik\/wp-json\/wp\/v2\/media\/1005"}],"wp:attachment":[{"href":"https:\/\/d66.nl\/medemblik\/wp-json\/wp\/v2\/media?parent=1032"}],"wp:term":[{"taxonomy":"labels","embeddable":true,"href":"https:\/\/d66.nl\/medemblik\/wp-json\/wp\/v2\/labels?post=1032"},{"taxonomy":"search-tags","embeddable":true,"href":"https:\/\/d66.nl\/medemblik\/wp-json\/wp\/v2\/search-tags?post=1032"},{"taxonomy":"division-tags","embeddable":true,"href":"https:\/\/d66.nl\/medemblik\/wp-json\/wp\/v2\/division-tags?post=1032"}],"curies":[{"name":"wp","href":"https:\/\/api.w.org\/{rel}","templated":true}]}}