{"id":488,"date":"2022-11-18T16:39:25","date_gmt":"2022-11-18T16:39:25","guid":{"rendered":"https:\/\/d66.nl\/limburg\/?post_type=people-type&#038;p=488"},"modified":"2026-04-10T08:41:06","modified_gmt":"2026-04-10T08:41:06","slug":"marlou-jenneskens","status":"publish","type":"people-type","link":"https:\/\/d66.nl\/limburg\/mensen\/marlou-jenneskens\/","title":{"rendered":"Marlou Jenneskens"},"content":{"rendered":"<div\n  id=\"\"\n  class=\"wrapper  wrapper__spacing-bottom-large--50 wrapper__spacing-bottom-desktop--66 wrapper__spacing-bottom-mobile--76  wrapper__gutter--none\"\n  >\n  \t<div class=\"wrapper__container wrapper__container-width-large--default\">\n\t  <div class=\"wrapper__inner wrapper__width-large--14 wrapper__width-desktop--20 wrapper__width-mobile--24 wrapper__offset-large--6 wrapper__offset-desktop--4 wrapper__offset-mobile--0\">\n\t\t<h1 class=\"heading   heading__size--giant heading__font--serif heading__weight--regular  block-heading__heading\" id=\"nav-marlou-jenneskens9020\"  data-nav-heading-mobile=\"Marlou Jenneskens\" >\n\tMarlou Jenneskens<\/h1>\t  <\/div>\n\t<\/div>\n  <\/div>\n\n\n<div\n  id=\"\"\n  class=\"wrapper  wrapper__spacing-bottom-large--110 wrapper__spacing-bottom-desktop--60 wrapper__spacing-bottom-mobile--50  wrapper__gutter--none\"\n  >\n  \t<div class=\"wrapper__container wrapper__container-width-large--default\">\n\t  <div class=\"wrapper__inner wrapper__width-large--24 wrapper__width-mobile--24\">\n\t\t<section class=\"block-video\">\n\t<div\n\t\tclass=\"block-video__video-wrapper\"\n\t\tstyle=\"background-image: url('https:\/\/media.d66.nl\/uploads\/sites\/324\/2026\/03\/D66-Limburg-Marlou.jpg')\"\n\t>\n\t\t\t\t\t<div class=\"block-video__video-meta\">\n\t\t\t\t<button class=\"video-btn video-btn__style--no-thumbnail  js-play-button video-btn__color--white\" data-micromodal-trigger=\"video-modal13\" aria-label=\"Video afspelen\">\n  <span class=\"video-btn__play-button\"><\/span>\n<\/button>\t\t\t\t<div class=\"block-video__video-description\">\n\t\t\t\t\t<p class=\"paragraph paragraph__align--left paragraph__color--white paragraph__size--default paragraph__weight--medium\">\n\t\t<kbd><strong>Bekijk de campagnespot<\/strong><\/kbd>\t<\/p>\t\t\t\t<\/div>\n\t\t\t<\/div>\n\t\t\t<\/div>\n\n\t\t\t<div class=\"block-video__caption-wrapper\">\n\t\t\t<div class=\"block-video__caption\">\n\t\t\t\t<p class=\"paragraph paragraph__align--left paragraph__color--black paragraph__size--small paragraph__weight--medium\">\n\t\tBeeld: Jonathan Vos Photography\t<\/p>\t\t\t<\/div>\n\t\t<\/div>\n\t\n<\/section>\n\n<div id=\"video-modal13\" class=\"video-modal js-video-modal\" aria-hidden=\"true\">\n\n\t<div class=\"video-modal__overlay\" tabindex=\"-1\" data-micromodal-close>\n\n\t\t<div class=\"video-modal__dialog\" role=\"dialog\" aria-label=\"\">\n\n\t\t\t<header class=\"video-modal__header\">\n\t\t\t\t<div class=\"video-modal__header-container\">\n\t\t\t\t\t<button class=\"video-modal__close\" aria-label=\"Close modal\" data-micromodal-close><\/button>\n\t\t\t\t<\/div>\n\t\t\t<\/header>\n\n\t\t\t<section class=\"video-modal__content\" id=\"video-modal13-content\">\n\t\t\t\t<div class=\"responsive-embed\">\n\t\t\t\t\t<iframe loading=\"lazy\" title=\"Lijsttrekker D66 Provinciale Staten 2023 : Marlou Jenneskens\" width=\"500\" height=\"281\" src=\"https:\/\/www.youtube-nocookie.com\/embed\/AK3_UYWz1FY?feature=oembed&amp;enablejsapi=1\" frameborder=\"0\" allow=\"accelerometer; autoplay; clipboard-write; encrypted-media; gyroscope; picture-in-picture; web-share\" referrerpolicy=\"strict-origin-when-cross-origin\" allowfullscreen><\/iframe>\t\t\t\t<\/div>\n\t\t\t<\/section>\n\n\t\t\t<footer class=\"video-modal__footer\">\n\t\t\t\t<button class=\"video-modal__accessibility-button\" data-micromodal-close>\n\t\t\t\t\tSluit module\t\t\t\t<\/button>\n\t\t\t<\/footer>\n\n\t\t<\/div>\n\t<\/div>\n<\/div>\t  <\/div>\n\t<\/div>\n  <\/div>\n\n\n<div\n  id=\"\"\n  class=\"wrapper  wrapper__spacing-bottom-large--50 wrapper__spacing-bottom-desktop--70 wrapper__spacing-bottom-mobile--50  wrapper__gutter--none\"\n  >\n  \t<div class=\"wrapper__container wrapper__container-width-large--default\">\n\t  <div class=\"wrapper__inner wrapper__width-large--18 wrapper__width-desktop--22 wrapper__width-mobile--24 wrapper__offset-large--6 wrapper__offset-desktop--2 wrapper__offset-mobile--0\">\n\t\t<section class=\"block-people-introduction\">\n\t<div class=\"block-people-introduction__content\">\n\t\t<p class=\"paragraph paragraph__align--left paragraph__color--black paragraph__size--big\">\n\t\tMarlou Jenneskens is Statenlid. \t<\/p><section class=\"people-bullet-point-card block-people-introduction__people-bullet-point-card\" style=\"--bg-color: var(--global-colors-yellow)\">\n\t<div class=\"people-bullet-point-card__wrapper\">\n\t\t<div class=\"people-bullet-point-card__title\">\n\t\t\t<h2 class=\"heading    heading__font--sans heading__weight--bold\" id=\"nav-over-marlou6467\" data-nav-heading-mobile=\"Over Marlou\">\n\tOver Marlou<\/h2>\t\t\t<div aria-hidden=\"true\" class=\"people-bullet-point-card__border\"><\/div>\n\t\t<\/div>\n\t\t<div class=\"people-bullet-point-card__info\">\n\t\t\t<ul class=\"lists\">\n\t\t\t\t<li><label>Leeftijd<\/label><span>34 jaar<\/span><\/li>\t\t\t\t<li><label>Geboorteplaats<\/label><span>Meerlo<\/span><\/li>\t\t\t\t<li><label>Woonplaats<\/label><span>Maastricht<\/span><\/li>\t\t\t\t\t\t\t<\/ul>\n\t\t\t\t\t<\/div>\n\t\t\t\t\t<div class=\"people-bullet-point-card__email\">\n\t\t\t\t<span>\n\t\t\t\t\tStuur Marlou een <a href=\"mailto:m.jenneskens@prvlimburg.nl\">e-mail<\/a>\t\t\t\t<\/span>\n\t\t\t<\/div>\n\t\t\n\t\t\n\t\t\t<\/div>\n<\/section><p class=\"paragraph paragraph__align--left paragraph__color--black paragraph__size--default\">\n\t\tTijdens de campagne voor de verkiezingen in 2023 zei Marlou het volgende: \u201cIn een steeds harder wordend politiek klimaat lijken de schreeuwers alsmaar harder te klinken. Terwijl juist al die mensen die w\u00e9l willen ook gehoord moeten worden. Juist daarom zou ik tegen al die mensen willen zeggen: wees niet onverschillig, denk niet dat het er niet toe doet. Laat je stem klinken 15 maart!\u201c<br><br>Veertig groene schoolpleinen en meer geld naar cultuur en sport in \u00e1lle delen van Limburg, dat is wat Marlou het meest trots maakt als zij terug kijkt naar de afgelopen 4 jaar als Statenlid en fractievoorzitter in het Limburgs Parlement.<br><br>Deze positieve lijn van oppakken, aanpakken en doorpakken zet ze graag nog eens vier jaar door om een verschil te maken in de kansen van een volgende generatie, van talent, tot gezondheid tot klimaat. Naast haar tomeloze inzet in de provinciale staten werkt ze hier ook iedere dag hard aan als projectleider en regio co\u00f6rdinator binnen de Gelijke Kansen Alliantie van het ministerie van OCW. Marlou gelooft dat we ons geen uitstel of afstel meer kunnen permitteren in Limburg en ze heeft vertrouwen in de capaciteit van alle Limburgers om samen van bedreigingen kansen te maken. Zodat niet waar je vandaan komt maar waar je naartoe wilt bepaalt hoe ver je kan komen.\t<\/p><div class=\"content-accordion js-content-accordion\" data-accordion-opened=\"0\">\n\n\t\n\t<button id=\"content-accordion-trigger-1462536387\" class=\"content-accordion__trigger js-content-accordion-trigger\" aria-label=\"Functie historie\" aria-controls>\n\t\t<div class=\"content-accordion__heading\">\n\t\t\t<h3 class=\"heading   heading__size--medium heading__font--sans heading__weight--bold\" id=\"nav-functie-historie4244\">\n\tFunctie historie<\/h3>\t\t<\/div>\n\t\t<div class=\"content-accordion__icon\" aria-hidden=\"true\"><\/div>\n\t<\/button>\n\n\t<section id=\"content-accordion-panel-1462536387\" class=\"content-accordion__panel js-content-accordion-panel\" aria-hidden=\"true\" aria-labelledby=\"content-accordion-trigger-1462536387\">\n\t\t<div class=\"content-accordion__content-wrapper\">\n\t\t\t<div class=\"content-accordion__description\">\n\t\t\t\t<ul class=\"content-accordion lists content-accordion__lists lists__weight--medium lists__color--black lists__type--default\"><li><label>2019 &#8211; 2020<\/label><span>Statenlid<\/span><\/li><li><label>2020<\/label><span>Oprichtster Els Borst netwerk Limburg<\/span><\/li><li><label>2020<\/label><span>Initiatiefneemster Limburgse Lichting<\/span><\/li><li><label>2020 &#8211; heden<\/label><span>Fractievoorzitter<\/span><\/li><li><label><\/label><span><\/span><\/li><\/ul>\t\t\t<\/div>\n\t\t<\/div>\n\t<\/section>\n\t<div aria-hidden=\"true\" class=\"content-accordion__border\"><\/div>\n<\/div>\t<\/div>\n<\/section>\n\t  <\/div>\n\t<\/div>\n  <\/div>\n\n\n<div\n  id=\"\"\n  class=\"wrapper  wrapper__spacing-bottom-large--50 wrapper__spacing-bottom-desktop--70 wrapper__spacing-bottom-mobile--50  wrapper__gutter--none\"\n  >\n  \t<div class=\"wrapper__container wrapper__container-width-large--default\">\n\t  <div class=\"wrapper__inner wrapper__width-large--18 wrapper__width-desktop--22 wrapper__width-mobile--24 wrapper__offset-large--6 wrapper__offset-desktop--2 wrapper__offset-mobile--0\">\n\t\t<section class=\"block-text-title\">\n\t<div class=\"block-text-title__title\">\n\t\t<h3 class=\"heading  heading__color--black heading__size--medium heading__font--sans heading__weight--semiBold  block-text-title__heading\" id=\"nav-waarom-kunnen-kiezers-op-jou-rekenen-6138\" data-nav-heading-mobile=\"Waarom kunnen kiezers op jou rekenen?\">\n\tWaarom kunnen kiezers op jou rekenen?<\/h3>\t<\/div>\n\t<div class=\"block-text-title__content\">\n\t\t<p class=\"paragraph paragraph__align--left paragraph__color--black paragraph__size--default\">\n\t\tOmdat ik politiek benader met \u2019n warm hart en koel hoofd. Omdat ik er ben, bereikbaar, toegankelijk. En omdat ik geloof dat we er samen uit kunnen komen. En altijd in gesprek wil gaan, hoe ingewikkeld ook.\t<\/p>\t<\/div>\n\n\t<div class=\"block-text-title__sidebar\">\n\t\t\n\t\t\n\t\t\t<\/div>\n<\/section>\n\t  <\/div>\n\t<\/div>\n  <\/div>\n\n\n<div\n  id=\"\"\n  class=\"wrapper  wrapper__spacing-bottom-large--50 wrapper__spacing-bottom-desktop--70 wrapper__spacing-bottom-mobile--50  wrapper__gutter--none\"\n  >\n  \t<div class=\"wrapper__container wrapper__container-width-large--default\">\n\t  <div class=\"wrapper__inner wrapper__width-large--18 wrapper__width-desktop--22 wrapper__width-mobile--24 wrapper__offset-large--6 wrapper__offset-desktop--2 wrapper__offset-mobile--0\">\n\t\t<section class=\"block-text-title\">\n\t<div class=\"block-text-title__title\">\n\t\t<h3 class=\"heading  heading__color--black heading__size--medium heading__font--sans heading__weight--semiBold  block-text-title__heading\" id=\"nav-favoriete-plek-in-limburg-en-waarom-juist-deze-plek-802\" data-nav-heading-mobile=\"Favoriete plek in Limburg en waarom juist deze plek?\">\n\tFavoriete plek in Limburg en waarom juist deze plek?<\/h3>\t<\/div>\n\t<div class=\"block-text-title__content\">\n\t\t<p class=\"paragraph paragraph__align--left paragraph__color--black paragraph__size--default\">\n\t\tOoijen-Wanssum. Het bewijs dat Limburg beter en mooier en sterker wordt als we uitdagingen voortvarend oppakken en een beetje lef hebben. Geen overstromingen toen het water hoog stond \u00e9n een geweldig mooi stukje nieuwe natuur. Zo hoop ik dat de provincie samen met gemeenten de volgende periode veel m\u00e9\u00e9r grote ontwikkelingen goed aan gaat pakken!\t<\/p>\t<\/div>\n\n\t<div class=\"block-text-title__sidebar\">\n\t\t\n\t\t\n\t\t\t<\/div>\n<\/section>\n\t  <\/div>\n\t<\/div>\n  <\/div>\n","protected":false},"author":645,"featured_media":1334,"menu_order":1,"template":"","search-tags":[],"labels":[],"division-tags":[30],"class_list":["post-488","people-type","type-people-type","status-publish","has-post-thumbnail","hentry","division-tags-statenfractie"],"acf":[],"yoast_head":"<!-- This site is optimized with the Yoast SEO plugin v27.3 - https:\/\/yoast.com\/product\/yoast-seo-wordpress\/ -->\n<title>D66 Limburg &#8212; Onze mensen<\/title>\n<meta name=\"robots\" content=\"index, follow, max-snippet:-1, max-image-preview:large, max-video-preview:-1\" \/>\n<link rel=\"canonical\" href=\"https:\/\/d66.nl\/limburg\/mensen\/marlou-jenneskens\/\" \/>\n<meta property=\"og:locale\" content=\"nl_NL\" \/>\n<meta property=\"og:type\" content=\"article\" \/>\n<meta property=\"og:title\" content=\"D66 Limburg &#8212; Onze mensen\" \/>\n<meta property=\"og:url\" content=\"https:\/\/d66.nl\/limburg\/mensen\/marlou-jenneskens\/\" \/>\n<meta property=\"og:site_name\" content=\"D66 Limburg\" \/>\n<meta property=\"article:modified_time\" content=\"2026-04-10T08:41:06+00:00\" \/>\n<meta property=\"og:image\" content=\"https:\/\/d66.nl\/limburg\/wp-content\/uploads\/sites\/324\/2025\/04\/D66-LR-66-e1743676245460.jpg\" \/>\n\t<meta property=\"og:image:width\" content=\"1338\" \/>\n\t<meta property=\"og:image:height\" content=\"1963\" \/>\n\t<meta property=\"og:image:type\" content=\"image\/jpeg\" \/>\n<meta name=\"twitter:card\" content=\"summary_large_image\" \/>\n<meta name=\"twitter:label1\" content=\"Geschatte leestijd\" \/>\n\t<meta name=\"twitter:data1\" content=\"1 minuut\" \/>\n<script type=\"application\/ld+json\" class=\"yoast-schema-graph\">{\"@context\":\"https:\\\/\\\/schema.org\",\"@graph\":[{\"@type\":\"WebPage\",\"@id\":\"https:\\\/\\\/d66.nl\\\/limburg\\\/mensen\\\/marlou-jenneskens\\\/\",\"url\":\"https:\\\/\\\/d66.nl\\\/limburg\\\/mensen\\\/marlou-jenneskens\\\/\",\"name\":\"D66 Limburg &#8212; Onze mensen\",\"isPartOf\":{\"@id\":\"https:\\\/\\\/d66.nl\\\/limburg\\\/#website\"},\"primaryImageOfPage\":{\"@id\":\"https:\\\/\\\/d66.nl\\\/limburg\\\/mensen\\\/marlou-jenneskens\\\/#primaryimage\"},\"image\":{\"@id\":\"https:\\\/\\\/d66.nl\\\/limburg\\\/mensen\\\/marlou-jenneskens\\\/#primaryimage\"},\"thumbnailUrl\":\"https:\\\/\\\/d66.nl\\\/limburg\\\/wp-content\\\/uploads\\\/sites\\\/324\\\/2025\\\/04\\\/D66-LR-66-e1743676245460.jpg\",\"datePublished\":\"2022-11-18T16:39:25+00:00\",\"dateModified\":\"2026-04-10T08:41:06+00:00\",\"breadcrumb\":{\"@id\":\"https:\\\/\\\/d66.nl\\\/limburg\\\/mensen\\\/marlou-jenneskens\\\/#breadcrumb\"},\"inLanguage\":\"nl-NL\",\"potentialAction\":[{\"@type\":\"ReadAction\",\"target\":[\"https:\\\/\\\/d66.nl\\\/limburg\\\/mensen\\\/marlou-jenneskens\\\/\"]}]},{\"@type\":\"ImageObject\",\"inLanguage\":\"nl-NL\",\"@id\":\"https:\\\/\\\/d66.nl\\\/limburg\\\/mensen\\\/marlou-jenneskens\\\/#primaryimage\",\"url\":\"https:\\\/\\\/d66.nl\\\/limburg\\\/wp-content\\\/uploads\\\/sites\\\/324\\\/2025\\\/04\\\/D66-LR-66-e1743676245460.jpg\",\"contentUrl\":\"https:\\\/\\\/d66.nl\\\/limburg\\\/wp-content\\\/uploads\\\/sites\\\/324\\\/2025\\\/04\\\/D66-LR-66-e1743676245460.jpg\",\"width\":1338,\"height\":1963,\"caption\":\"Marlou Jenneskens (Jonathan Vos Photography)\"},{\"@type\":\"BreadcrumbList\",\"@id\":\"https:\\\/\\\/d66.nl\\\/limburg\\\/mensen\\\/marlou-jenneskens\\\/#breadcrumb\",\"itemListElement\":[{\"@type\":\"ListItem\",\"position\":1,\"name\":\"Home\",\"item\":\"https:\\\/\\\/d66.nl\\\/limburg\\\/\"},{\"@type\":\"ListItem\",\"position\":2,\"name\":\"Mensen\",\"item\":\"https:\\\/\\\/d66.nl\\\/limburg\\\/mensen\\\/\"},{\"@type\":\"ListItem\",\"position\":3,\"name\":\"Marlou Jenneskens\"}]},{\"@type\":\"WebSite\",\"@id\":\"https:\\\/\\\/d66.nl\\\/limburg\\\/#website\",\"url\":\"https:\\\/\\\/d66.nl\\\/limburg\\\/\",\"name\":\"D66 Limburg\",\"description\":\"Just another D66 Sites site\",\"publisher\":{\"@id\":\"https:\\\/\\\/d66.nl\\\/limburg\\\/#organization\"},\"potentialAction\":[{\"@type\":\"SearchAction\",\"target\":{\"@type\":\"EntryPoint\",\"urlTemplate\":\"https:\\\/\\\/d66.nl\\\/limburg\\\/?s={search_term_string}\"},\"query-input\":{\"@type\":\"PropertyValueSpecification\",\"valueRequired\":true,\"valueName\":\"search_term_string\"}}],\"inLanguage\":\"nl-NL\"},{\"@type\":\"Organization\",\"@id\":\"https:\\\/\\\/d66.nl\\\/limburg\\\/#organization\",\"name\":\"D66\",\"url\":\"https:\\\/\\\/d66.nl\\\/limburg\\\/\",\"logo\":{\"@type\":\"ImageObject\",\"inLanguage\":\"nl-NL\",\"@id\":\"https:\\\/\\\/d66.nl\\\/limburg\\\/#\\\/schema\\\/logo\\\/image\\\/\",\"url\":\"https:\\\/\\\/d66.nl\\\/limburg\\\/wp-content\\\/uploads\\\/sites\\\/2\\\/2021\\\/10\\\/d66-themas-algemeen-og.png\",\"contentUrl\":\"https:\\\/\\\/d66.nl\\\/limburg\\\/wp-content\\\/uploads\\\/sites\\\/2\\\/2021\\\/10\\\/d66-themas-algemeen-og.png\",\"width\":1200,\"height\":628,\"caption\":\"D66\"},\"image\":{\"@id\":\"https:\\\/\\\/d66.nl\\\/limburg\\\/#\\\/schema\\\/logo\\\/image\\\/\"}}]}<\/script>\n<!-- \/ Yoast SEO plugin. -->","yoast_head_json":{"title":"D66 Limburg &#8212; Onze mensen","robots":{"index":"index","follow":"follow","max-snippet":"max-snippet:-1","max-image-preview":"max-image-preview:large","max-video-preview":"max-video-preview:-1"},"canonical":"https:\/\/d66.nl\/limburg\/mensen\/marlou-jenneskens\/","og_locale":"nl_NL","og_type":"article","og_title":"D66 Limburg &#8212; Onze mensen","og_url":"https:\/\/d66.nl\/limburg\/mensen\/marlou-jenneskens\/","og_site_name":"D66 Limburg","article_modified_time":"2026-04-10T08:41:06+00:00","og_image":[{"width":1338,"height":1963,"url":"https:\/\/d66.nl\/limburg\/wp-content\/uploads\/sites\/324\/2025\/04\/D66-LR-66-e1743676245460.jpg","type":"image\/jpeg"}],"twitter_card":"summary_large_image","twitter_misc":{"Geschatte leestijd":"1 minuut"},"schema":{"@context":"https:\/\/schema.org","@graph":[{"@type":"WebPage","@id":"https:\/\/d66.nl\/limburg\/mensen\/marlou-jenneskens\/","url":"https:\/\/d66.nl\/limburg\/mensen\/marlou-jenneskens\/","name":"D66 Limburg &#8212; Onze mensen","isPartOf":{"@id":"https:\/\/d66.nl\/limburg\/#website"},"primaryImageOfPage":{"@id":"https:\/\/d66.nl\/limburg\/mensen\/marlou-jenneskens\/#primaryimage"},"image":{"@id":"https:\/\/d66.nl\/limburg\/mensen\/marlou-jenneskens\/#primaryimage"},"thumbnailUrl":"https:\/\/d66.nl\/limburg\/wp-content\/uploads\/sites\/324\/2025\/04\/D66-LR-66-e1743676245460.jpg","datePublished":"2022-11-18T16:39:25+00:00","dateModified":"2026-04-10T08:41:06+00:00","breadcrumb":{"@id":"https:\/\/d66.nl\/limburg\/mensen\/marlou-jenneskens\/#breadcrumb"},"inLanguage":"nl-NL","potentialAction":[{"@type":"ReadAction","target":["https:\/\/d66.nl\/limburg\/mensen\/marlou-jenneskens\/"]}]},{"@type":"ImageObject","inLanguage":"nl-NL","@id":"https:\/\/d66.nl\/limburg\/mensen\/marlou-jenneskens\/#primaryimage","url":"https:\/\/d66.nl\/limburg\/wp-content\/uploads\/sites\/324\/2025\/04\/D66-LR-66-e1743676245460.jpg","contentUrl":"https:\/\/d66.nl\/limburg\/wp-content\/uploads\/sites\/324\/2025\/04\/D66-LR-66-e1743676245460.jpg","width":1338,"height":1963,"caption":"Marlou Jenneskens (Jonathan Vos Photography)"},{"@type":"BreadcrumbList","@id":"https:\/\/d66.nl\/limburg\/mensen\/marlou-jenneskens\/#breadcrumb","itemListElement":[{"@type":"ListItem","position":1,"name":"Home","item":"https:\/\/d66.nl\/limburg\/"},{"@type":"ListItem","position":2,"name":"Mensen","item":"https:\/\/d66.nl\/limburg\/mensen\/"},{"@type":"ListItem","position":3,"name":"Marlou Jenneskens"}]},{"@type":"WebSite","@id":"https:\/\/d66.nl\/limburg\/#website","url":"https:\/\/d66.nl\/limburg\/","name":"D66 Limburg","description":"Just another D66 Sites site","publisher":{"@id":"https:\/\/d66.nl\/limburg\/#organization"},"potentialAction":[{"@type":"SearchAction","target":{"@type":"EntryPoint","urlTemplate":"https:\/\/d66.nl\/limburg\/?s={search_term_string}"},"query-input":{"@type":"PropertyValueSpecification","valueRequired":true,"valueName":"search_term_string"}}],"inLanguage":"nl-NL"},{"@type":"Organization","@id":"https:\/\/d66.nl\/limburg\/#organization","name":"D66","url":"https:\/\/d66.nl\/limburg\/","logo":{"@type":"ImageObject","inLanguage":"nl-NL","@id":"https:\/\/d66.nl\/limburg\/#\/schema\/logo\/image\/","url":"https:\/\/d66.nl\/limburg\/wp-content\/uploads\/sites\/2\/2021\/10\/d66-themas-algemeen-og.png","contentUrl":"https:\/\/d66.nl\/limburg\/wp-content\/uploads\/sites\/2\/2021\/10\/d66-themas-algemeen-og.png","width":1200,"height":628,"caption":"D66"},"image":{"@id":"https:\/\/d66.nl\/limburg\/#\/schema\/logo\/image\/"}}]}},"_links":{"self":[{"href":"https:\/\/d66.nl\/limburg\/wp-json\/wp\/v2\/people-type\/488","targetHints":{"allow":["GET"]}}],"collection":[{"href":"https:\/\/d66.nl\/limburg\/wp-json\/wp\/v2\/people-type"}],"about":[{"href":"https:\/\/d66.nl\/limburg\/wp-json\/wp\/v2\/types\/people-type"}],"author":[{"embeddable":true,"href":"https:\/\/d66.nl\/limburg\/wp-json\/wp\/v2\/users\/645"}],"wp:featuredmedia":[{"embeddable":true,"href":"https:\/\/d66.nl\/limburg\/wp-json\/wp\/v2\/media\/1334"}],"wp:attachment":[{"href":"https:\/\/d66.nl\/limburg\/wp-json\/wp\/v2\/media?parent=488"}],"wp:term":[{"taxonomy":"search-tags","embeddable":true,"href":"https:\/\/d66.nl\/limburg\/wp-json\/wp\/v2\/search-tags?post=488"},{"taxonomy":"labels","embeddable":true,"href":"https:\/\/d66.nl\/limburg\/wp-json\/wp\/v2\/labels?post=488"},{"taxonomy":"division-tags","embeddable":true,"href":"https:\/\/d66.nl\/limburg\/wp-json\/wp\/v2\/division-tags?post=488"}],"curies":[{"name":"wp","href":"https:\/\/api.w.org\/{rel}","templated":true}]}}