{"id":3990,"date":"2026-01-01T16:25:26","date_gmt":"2026-01-01T16:25:26","guid":{"rendered":"https:\/\/d66.nl\/leudal\/?post_type=manifesto&#038;p=3990"},"modified":"2026-02-09T11:24:09","modified_gmt":"2026-02-09T10:24:09","slug":"cultuur-en-kunst-dichtbij-van-en-voor-ons-allemaal","status":"publish","type":"manifesto","link":"https:\/\/d66.nl\/leudal\/verkiezingsprogramma\/cultuur-en-kunst-dichtbij-van-en-voor-ons-allemaal\/","title":{"rendered":"18. Cultuur en kunst dichtbij \u2013 van en voor ons allemaal"},"content":{"rendered":"<div\n  id=\"\"\n  class=\"wrapper  wrapper__spacing-bottom-large--50 wrapper__spacing-bottom-desktop--66 wrapper__spacing-bottom-mobile--76  wrapper__gutter--none\"\n  >\n  \t<div class=\"wrapper__container wrapper__container-width-large--default\">\n\t  <div class=\"wrapper__inner wrapper__width-large--14 wrapper__width-desktop--20 wrapper__width-mobile--24 wrapper__offset-large--6 wrapper__offset-desktop--4 wrapper__offset-mobile--0\">\n\t\t<h1 class=\"heading   heading__size--giant heading__font--serif heading__weight--regular  block-heading__heading\" id=\"nav-18--cultuur-en-kunst-dichtbij-----van-en-voor-ons-allemaal2809\"  data-nav-heading-mobile=\"18. Cultuur en kunst dichtbij \u2013 van en voor ons allemaal\" >\n\t18. Cultuur en kunst dichtbij \u2013 van en voor ons allemaal<\/h1>\t  <\/div>\n\t<\/div>\n  <\/div>\n\n\n<div\n  id=\"\"\n  class=\"wrapper  wrapper__spacing-bottom-large--50 wrapper__spacing-bottom-mobile--40  wrapper__gutter--none\"\n  >\n  \t<div class=\"wrapper__container wrapper__container-width-large--default\">\n\t  <div class=\"wrapper__inner wrapper__width-large--13 wrapper__width-desktop--22 wrapper__width-mobile--24 wrapper__offset-large--6 wrapper__offset-desktop--2 wrapper__offset-mobile--0\">\n\t\t<p\n\t\tclass=\"paragraph   paragraph__size--big   block-paragraph__paragraph\"\n\t\t\t>\n\t\tCultuur en kunst zit in Leudal in het hart van onze dorpen: muziek-, toneel- en carnavalsverenigingen, schutterijen, evenementen, buurthuizen: ze brengen mensen van alle generaties samen, versterken de leefbaarheid en geven kleur en identiteit aan onze gemeenschap. Het OLS in Heythuysen liet zien hoe mooi het is als dorpen, verenigingen en vrijwilligers samen iets groots neerzetten.\t<\/p>\t  <\/div>\n\t<\/div>\n  <\/div>\n\n\n<div\n  id=\"\"\n  class=\"wrapper  wrapper__spacing-bottom-large--50 wrapper__spacing-bottom-desktop--70 wrapper__spacing-bottom-mobile--50  wrapper__gutter--none\"\n  >\n  \t<div class=\"wrapper__container wrapper__container-width-large--default\">\n\t  <div class=\"wrapper__inner wrapper__width-large--18 wrapper__width-desktop--22 wrapper__width-mobile--24 wrapper__offset-large--6 wrapper__offset-desktop--2 wrapper__offset-mobile--0\">\n\t\t<section class=\"block-post-content\">\n\t<div class=\"block-post-content__title\">\n\t\t<h3 class=\"heading  heading__color--black heading__size--medium heading__font--sans heading__weight--bold  block-post-content__heading\" id=\"nav-m----r-dan-vermaak2433\" data-nav-heading-mobile=\"m\u00e9\u00e9r dan vermaak\">\n\tm\u00e9\u00e9r dan vermaak<\/h3>\t<\/div>\n\t<div class=\"block-post-content__content\">\n\t\t\n<div\n  id=\"\"\n  class=\"wrapper  wrapper__spacing-bottom-large--20  wrapper__gutter--none\"\n  >\n  \t<div class=\"wrapper__container wrapper__container-width-large--default\">\n\t  <div class=\"wrapper__inner wrapper__width-large--24 wrapper__width-mobile--24\">\n\t\t<img loading=\"lazy\" decoding=\"async\" width=\"1024\" height=\"683\" src=\"https:\/\/d66.nl\/leudal\/wp-content\/uploads\/sites\/165\/2022\/01\/pleinfestijn-1024x683.jpg\" class=\"image block-image__img\" alt=\"\" srcset=\"https:\/\/d66.nl\/leudal\/wp-content\/uploads\/sites\/165\/2022\/01\/pleinfestijn-1024x683.jpg 1024w, https:\/\/d66.nl\/leudal\/wp-content\/uploads\/sites\/165\/2022\/01\/pleinfestijn-300x200.jpg 300w, https:\/\/d66.nl\/leudal\/wp-content\/uploads\/sites\/165\/2022\/01\/pleinfestijn-768x512.jpg 768w, https:\/\/d66.nl\/leudal\/wp-content\/uploads\/sites\/165\/2022\/01\/pleinfestijn-1536x1024.jpg 1536w, https:\/\/d66.nl\/leudal\/wp-content\/uploads\/sites\/165\/2022\/01\/pleinfestijn-2048x1365.jpg 2048w\" sizes=\"auto, (max-width: 1024px) 100vw, 1024px\" \/>\n\t\t\t<div class=\"image__caption-wrapper block-image__caption-wrapper\">\n\t\t\t<div class=\"image__caption block-image__caption\">\n\t\t\t\t<p class=\"paragraph paragraph__align--left paragraph__color--black paragraph__size--small paragraph__weight--medium\">\n\t\t<b>Carnaval Heythuysen<\/b> <i>&#045;<\/i> Beeld: Robert Sanders\t<\/p>\t\t\t<\/div>\n\t\t<\/div>\t  <\/div>\n\t<\/div>\n  <\/div>\n\n\n<div\n  id=\"\"\n  class=\"wrapper  wrapper__spacing-bottom-large--30 wrapper__spacing-bottom-desktop--20  wrapper__gutter--none\"\n  >\n  \t<div class=\"wrapper__container wrapper__container-width-large--default\">\n\t  <div class=\"wrapper__inner wrapper__width-large--24 wrapper__width-mobile--24\">\n\t\t<p\n\t\tclass=\"paragraph paragraph__align--left paragraph__color--black paragraph__size--default   block-paragraph__paragraph\"\n\t\t\t>\n\t\tCultuur is m\u00e9\u00e9r dan vermaak: het draagt bij aan welzijn, maatschappelijke verbondenheid \u00e9n werkgelegenheid. Door te investeren in lokale initiatieven en samenwerking &#8211; tussen dorpsraden, verenigingen, scholen en ondernemers &#8211; zorgen we dat cultuur stevig verankerd blijft in onze samenleving.\t<\/p>\t  <\/div>\n\t<\/div>\n  <\/div>\n\n\t<\/div>\n\n\t<div class=\"block-post-content__sidebar\">\n\t\t\n\t\t\n\t\t\t<\/div>\n<\/section>\n\t  <\/div>\n\t<\/div>\n  <\/div>\n\n\n<div\n  id=\"\"\n  class=\"wrapper  wrapper__spacing-bottom-large--50 wrapper__spacing-bottom-desktop--70 wrapper__spacing-bottom-mobile--50  wrapper__gutter--none\"\n  >\n  \t<div class=\"wrapper__container wrapper__container-width-large--default\">\n\t  <div class=\"wrapper__inner wrapper__width-large--18 wrapper__width-desktop--22 wrapper__width-mobile--24 wrapper__offset-large--6 wrapper__offset-desktop--2 wrapper__offset-mobile--0\">\n\t\t<section class=\"block-post-content\">\n\t<div class=\"block-post-content__title\">\n\t\t<h3 class=\"heading  heading__color--black heading__size--medium heading__font--sans heading__weight--bold  block-post-content__heading\" id=\"nav-voor-iedereen-bereikbaar4750\" data-nav-heading-mobile=\"voor iedereen bereikbaar\">\n\tvoor iedereen bereikbaar<\/h3>\t<\/div>\n\t<div class=\"block-post-content__content\">\n\t\t\n<div\n  id=\"\"\n  class=\"wrapper  wrapper__spacing-bottom-large--30 wrapper__spacing-bottom-desktop--20  wrapper__gutter--none\"\n  >\n  \t<div class=\"wrapper__container wrapper__container-width-large--default\">\n\t  <div class=\"wrapper__inner wrapper__width-large--24 wrapper__width-mobile--24\">\n\t\t<p\n\t\tclass=\"paragraph paragraph__align--left paragraph__color--black paragraph__size--default   block-paragraph__paragraph\"\n\t\t\t>\n\t\tWe geloven dat cultuur voor iedereen bereikbaar moet zijn. Daarom willen we dat inwoners makkelijk kunnen meedoen \u2013 als bezoeker, vrijwilliger of maker. Verenigingen, die vaak draaien op de inzet van talloze vrijwilligers, verdienen ondersteuning, waardering \u00e9n ruimte om te groeien. Want zij zijn het kloppend hart van de leefbaarheid in onze kernen.\t<\/p>\t  <\/div>\n\t<\/div>\n  <\/div>\n\n\t<\/div>\n\n\t<div class=\"block-post-content__sidebar\">\n\t\t\n\t\t\n\t\t\t<\/div>\n<\/section>\n\t  <\/div>\n\t<\/div>\n  <\/div>\n\n\n<div\n  id=\"\"\n  class=\"wrapper  wrapper__spacing-bottom-large--50 wrapper__spacing-bottom-desktop--70 wrapper__spacing-bottom-mobile--50  wrapper__gutter--none\"\n  >\n  \t<div class=\"wrapper__container wrapper__container-width-large--default\">\n\t  <div class=\"wrapper__inner wrapper__width-large--18 wrapper__width-desktop--22 wrapper__width-mobile--24 wrapper__offset-large--6 wrapper__offset-desktop--2 wrapper__offset-mobile--0\">\n\t\t<section class=\"block-post-content\">\n\t<div class=\"block-post-content__title\">\n\t\t<h3 class=\"heading  heading__color--black heading__size--medium heading__font--sans heading__weight--bold  block-post-content__heading\" id=\"nav-laagdrempelig1340\" data-nav-heading-mobile=\"laagdrempelig\">\n\tlaagdrempelig<\/h3>\t<\/div>\n\t<div class=\"block-post-content__content\">\n\t\t\n<div\n  id=\"\"\n  class=\"wrapper  wrapper__spacing-bottom-large--30 wrapper__spacing-bottom-desktop--20  wrapper__gutter--none\"\n  >\n  \t<div class=\"wrapper__container wrapper__container-width-large--default\">\n\t  <div class=\"wrapper__inner wrapper__width-large--24 wrapper__width-mobile--24\">\n\t\t<p\n\t\tclass=\"paragraph paragraph__align--left paragraph__color--black paragraph__size--default   block-paragraph__paragraph\"\n\t\t\t>\n\t\tWe zetten in op cultuur waar het gebeurt: in gemeenschapshuizen, op straten en pleinen, in de klas en op het podium. Met een laagdrempelig, lokaal aanbod houden we cultuur toegankelijk en betaalbaar voor jong en oud.\t<\/p>\t  <\/div>\n\t<\/div>\n  <\/div>\n\n\t<\/div>\n\n\t<div class=\"block-post-content__sidebar\">\n\t\t\n\t\t\n\t\t\t<\/div>\n<\/section>\n\t  <\/div>\n\t<\/div>\n  <\/div>\n\n\n<div\n  id=\"\"\n  class=\"wrapper  wrapper__spacing-bottom-large--50 wrapper__spacing-bottom-desktop--70 wrapper__spacing-bottom-mobile--50  wrapper__gutter--none\"\n  >\n  \t<div class=\"wrapper__container wrapper__container-width-large--default\">\n\t  <div class=\"wrapper__inner wrapper__width-large--18 wrapper__width-desktop--22 wrapper__width-mobile--24 wrapper__offset-large--6 wrapper__offset-desktop--2 wrapper__offset-mobile--0\">\n\t\t<section class=\"block-post-content\">\n\t<div class=\"block-post-content__title\">\n\t\t<h3 class=\"heading  heading__color--black heading__size--medium heading__font--sans heading__weight--bold  block-post-content__heading\" id=\"nav-centrale-plek8212\" data-nav-heading-mobile=\"centrale plek\">\n\tcentrale plek<\/h3>\t<\/div>\n\t<div class=\"block-post-content__content\">\n\t\t\n<div\n  id=\"\"\n  class=\"wrapper  wrapper__spacing-bottom-large--20  wrapper__gutter--none\"\n  >\n  \t<div class=\"wrapper__container wrapper__container-width-large--default\">\n\t  <div class=\"wrapper__inner wrapper__width-large--24 wrapper__width-mobile--24\">\n\t\t<img loading=\"lazy\" decoding=\"async\" width=\"1024\" height=\"683\" src=\"https:\/\/d66.nl\/leudal\/wp-content\/uploads\/sites\/165\/2026\/01\/IMG_9592-1024x683.jpg\" class=\"image block-image__img\" alt=\"\" srcset=\"https:\/\/d66.nl\/leudal\/wp-content\/uploads\/sites\/165\/2026\/01\/IMG_9592-1024x683.jpg 1024w, https:\/\/d66.nl\/leudal\/wp-content\/uploads\/sites\/165\/2026\/01\/IMG_9592-300x200.jpg 300w, https:\/\/d66.nl\/leudal\/wp-content\/uploads\/sites\/165\/2026\/01\/IMG_9592-768x512.jpg 768w, https:\/\/d66.nl\/leudal\/wp-content\/uploads\/sites\/165\/2026\/01\/IMG_9592-1536x1024.jpg 1536w, https:\/\/d66.nl\/leudal\/wp-content\/uploads\/sites\/165\/2026\/01\/IMG_9592-2048x1365.jpg 2048w\" sizes=\"auto, (max-width: 1024px) 100vw, 1024px\" \/>\n\t\t\t<div class=\"image__caption-wrapper block-image__caption-wrapper\">\n\t\t\t<div class=\"image__caption block-image__caption\">\n\t\t\t\t<p class=\"paragraph paragraph__align--left paragraph__color--black paragraph__size--small paragraph__weight--medium\">\n\t\t<b>Landart Leudal<\/b> <i>&#045;<\/i> klooster Sint Elisabeth, Haelen <i>&#x2022;<\/i> Beeld: Leo Schouten\t<\/p>\t\t\t<\/div>\n\t\t<\/div>\t  <\/div>\n\t<\/div>\n  <\/div>\n\n\n<div\n  id=\"\"\n  class=\"wrapper  wrapper__spacing-bottom-large--30 wrapper__spacing-bottom-desktop--20  wrapper__gutter--none\"\n  >\n  \t<div class=\"wrapper__container wrapper__container-width-large--default\">\n\t  <div class=\"wrapper__inner wrapper__width-large--24 wrapper__width-mobile--24\">\n\t\t<p\n\t\tclass=\"paragraph paragraph__align--left paragraph__color--black paragraph__size--default   block-paragraph__paragraph\"\n\t\t\t>\n\t\tWij pleiten ervoor om cultuur een centrale plek te geven in het beleid van Leudal. Want investeren in cultuur en de creatieve sector is investeren in een levendige en sterke gemeente.\t<\/p>\t  <\/div>\n\t<\/div>\n  <\/div>\n\n\t<\/div>\n\n\t<div class=\"block-post-content__sidebar\">\n\t\t\n\t\t\n\t\t\t<\/div>\n<\/section>\n\t  <\/div>\n\t<\/div>\n  <\/div>\n\n\n<div\n  id=\"\"\n  class=\"wrapper  wrapper__spacing-bottom-large--50 wrapper__spacing-bottom-desktop--70 wrapper__spacing-bottom-mobile--50  wrapper__gutter--none\"\n  >\n  \t<div class=\"wrapper__container wrapper__container-width-large--default\">\n\t  <div class=\"wrapper__inner wrapper__width-large--18 wrapper__width-desktop--22 wrapper__width-mobile--24 wrapper__offset-large--6 wrapper__offset-desktop--2 wrapper__offset-mobile--0\">\n\t\t<section class=\"block-post-content\">\n\t<div class=\"block-post-content__title\">\n\t\t<h3 class=\"heading  heading__color--black heading__size--medium heading__font--sans heading__weight--bold  block-post-content__heading\" id=\"nav-concrete-actiepunten-d66-leudal-8199\" data-nav-heading-mobile=\"Concrete actiepunten D66 Leudal:\">\n\tConcrete actiepunten D66 Leudal:<\/h3>\t<\/div>\n\t<div class=\"block-post-content__content\">\n\t\t\n<div\n  id=\"\"\n  class=\"wrapper  wrapper__spacing-bottom-large--20  wrapper__gutter--none\"\n  >\n  \t<div class=\"wrapper__container wrapper__container-width-large--default\">\n\t  <div class=\"wrapper__inner wrapper__width-large--24 wrapper__width-mobile--24\">\n\t\t\t<div class=\"block-lists  block-lists__color--black\">\n\t\t<p class=\"paragraph  paragraph__color--black paragraph__size--default\">\n\t\t\t<\/p><ul class=\"block-lists lists__lists lists__weight--medium lists__color--black lists__type--default\">\n\t<li>Gemeenschapshuizen en -pleinen, kleine podia: elk dorp verdient een plek waar cultuur, muziek en ontmoeting samenkomen. Wij kijken samen met verenigingen naar passende en toekomstbestendige huisvesting;<\/li><li>Stichting Kunst &amp; Cultuur Leudal, de Bombardon en het Limburg Festival kunnen op ons rekenen;<\/li><li>Wij houden tradities in stand: wij ondersteunen schutterijen, harmonie\u00ebn, het Leudal Museum en heemkundeverenigingen;<\/li><li>Maar we willen ook ruimte maken voor de nieuwe generatie: we juichen een gratis popfestival voor jongeren in Leudal toe en willen korting voor de jeugd bij culturele activiteiten in Leudal;<br>Meer kunst in de openbare gebouwen en ruimte.<\/li><\/ul>\t<\/div>\n\t\t  <\/div>\n\t<\/div>\n  <\/div>\n\n\t<\/div>\n\n\t<div class=\"block-post-content__sidebar\">\n\t\t\n\t\t\n\t\t\t<\/div>\n<\/section>\n\t  <\/div>\n\t<\/div>\n  <\/div>\n\n\n<div\n  id=\"\"\n  class=\"wrapper  wrapper__spacing-bottom-large--50 wrapper__spacing-bottom-desktop--70 wrapper__spacing-bottom-mobile--50  wrapper__gutter--none\"\n  >\n  \t<div class=\"wrapper__container wrapper__container-width-large--default\">\n\t  <div class=\"wrapper__inner wrapper__width-large--18 wrapper__width-desktop--22 wrapper__width-mobile--24 wrapper__offset-large--6 wrapper__offset-desktop--2 wrapper__offset-mobile--0\">\n\t\t<section class=\"block-post-content\">\n\t<div class=\"block-post-content__title\">\n\t\t<h3 class=\"heading  heading__color--black heading__size--medium heading__font--sans heading__weight--bold  block-post-content__heading\" id=\"nav-2427\" data-nav-heading-mobile=\"\">\n\t<\/h3>\t<\/div>\n\t<div class=\"block-post-content__content\">\n\t\t\n<div\n  id=\"\"\n  class=\"wrapper  wrapper__spacing-bottom-large--30 wrapper__spacing-bottom-desktop--20  wrapper__gutter--none\"\n  >\n  \t<div class=\"wrapper__container wrapper__container-width-large--default\">\n\t  <div class=\"wrapper__inner wrapper__width-large--24 wrapper__width-mobile--24\">\n\t\t<p\n\t\tclass=\"paragraph paragraph__align--left paragraph__color--black paragraph__size--default   block-paragraph__paragraph\"\n\t\t\t>\n\t\t\t<\/p>\t  <\/div>\n\t<\/div>\n  <\/div>\n\n\n<div\n  id=\"\"\n  class=\"wrapper  wrapper__spacing-bottom-large--20  wrapper__gutter--default\"\n  >\n  \t<div class=\"wrapper__container wrapper__container-width-large--default\">\n\t  <div class=\"wrapper__inner wrapper__width-large--24 wrapper__width-mobile--24\">\n\t\t<div class=\"block-download-list\">\n\t<h3 class=\"heading  heading__color--black heading__size--medium heading__font--sans heading__weight--bold\" id=\"nav-3451\" data-nav-heading-mobile=\"\">\n\t<\/h3>\t<div class=\"block-download-list__content-wrap\">\n\t\t<p class=\"paragraph paragraph__align--left paragraph__color--black paragraph__size--default\">\n\t\t\t<\/p>\t\t<div class=\"block-download-list__content-wrap-inner\">\n\t\t\t\n\n<div class=\"block-download-list-item\">\n\t<div class=\"block-download-list-item__content-wrap\">\n\t\t<a class=\"block-download-list-item__download-button\" href=\"https:\/\/d66.nl\/leudal\/verkiezingsprogramma\/\" target=&quot;_blank&quot;>\n\t\t\t<p class=\"paragraph paragraph__align--left paragraph__color--black paragraph__size--default\">\n\t\tNaar de inhoudsopgave\t<\/p>\t\t\t<div class=\"block-download-list-item__hover-text\">\n\t\t\t\t<p class=\"paragraph paragraph__align--left paragraph__color--black paragraph__size--default\">\n\t\tLees verder\t<\/p>\t\t\t<\/div>\n\t\t\t<div class=\"block-download-list-item__media-icon\">\n\t\t\t\t<svg width='40' height='40' fill='none' xmlns='http:\/\/www.w3.org\/2000\/svg'><path d='M26.447 19.724a1 1 0 0 1 0 1.79l-4.764 2.38a1 1 0 0 1-1.447-.893v-4.765a1 1 0 0 1 1.447-.893l4.764 2.381Z' fill='#000'\/><path d='M22.236 20.619h-8' stroke='#000' stroke-width='2' stroke-linecap='round'\/><rect x='39' y='39' width='38' height='38' rx='19' transform='rotate(180 39 39)' stroke='#000' stroke-width='2'\/><\/svg>\t\t\t<\/div>\n\t\t<\/a>\n\t<\/div>\n<\/div>\n\n\n\n<div class=\"block-download-list-item\">\n\t<div class=\"block-download-list-item__content-wrap\">\n\t\t<a class=\"block-download-list-item__download-button\" href=\"https:\/\/d66.nl\/leudal\/verkiezingsprogramma\/leudal-een-gemeente-waar-iedereen-welkom-is\/\" target=&quot;_blank&quot;>\n\t\t\t<p class=\"paragraph paragraph__align--left paragraph__color--black paragraph__size--default\">\n\t\tTerug naar paragraaf 17: Diversiteit\t<\/p>\t\t\t<div class=\"block-download-list-item__hover-text\">\n\t\t\t\t<p class=\"paragraph paragraph__align--left paragraph__color--black paragraph__size--default\">\n\t\tLees verder\t<\/p>\t\t\t<\/div>\n\t\t\t<div class=\"block-download-list-item__media-icon\">\n\t\t\t\t<svg width='40' height='40' fill='none' xmlns='http:\/\/www.w3.org\/2000\/svg'><path d='M26.447 19.724a1 1 0 0 1 0 1.79l-4.764 2.38a1 1 0 0 1-1.447-.893v-4.765a1 1 0 0 1 1.447-.893l4.764 2.381Z' fill='#000'\/><path d='M22.236 20.619h-8' stroke='#000' stroke-width='2' stroke-linecap='round'\/><rect x='39' y='39' width='38' height='38' rx='19' transform='rotate(180 39 39)' stroke='#000' stroke-width='2'\/><\/svg>\t\t\t<\/div>\n\t\t<\/a>\n\t<\/div>\n<\/div>\n\n\n\n<div class=\"block-download-list-item\">\n\t<div class=\"block-download-list-item__content-wrap\">\n\t\t<a class=\"block-download-list-item__download-button\" href=\"https:\/\/d66.nl\/leudal\/verkiezingsprogramma\/samen-sterk-voor-een-veilig-leudal\/\" target=&quot;_blank&quot;>\n\t\t\t<p class=\"paragraph paragraph__align--left paragraph__color--black paragraph__size--default\">\n\t\tVerder naar paragraaf 19: Veiligheid\t<\/p>\t\t\t<div class=\"block-download-list-item__hover-text\">\n\t\t\t\t<p class=\"paragraph paragraph__align--left paragraph__color--black paragraph__size--default\">\n\t\tLees verder\t<\/p>\t\t\t<\/div>\n\t\t\t<div class=\"block-download-list-item__media-icon\">\n\t\t\t\t<svg width='40' height='40' fill='none' xmlns='http:\/\/www.w3.org\/2000\/svg'><path d='M26.447 19.724a1 1 0 0 1 0 1.79l-4.764 2.38a1 1 0 0 1-1.447-.893v-4.765a1 1 0 0 1 1.447-.893l4.764 2.381Z' fill='#000'\/><path d='M22.236 20.619h-8' stroke='#000' stroke-width='2' stroke-linecap='round'\/><rect x='39' y='39' width='38' height='38' rx='19' transform='rotate(180 39 39)' stroke='#000' stroke-width='2'\/><\/svg>\t\t\t<\/div>\n\t\t<\/a>\n\t<\/div>\n<\/div>\n\n\n\n<div class=\"block-download-list-item\">\n\t<div class=\"block-download-list-item__content-wrap\">\n\t\t<a class=\"block-download-list-item__download-button\" href=\"https:\/\/d66.nl\/leudal\/publicaties\/verkiezingsprogramma-2026-2030\/\" target=&quot;_blank&quot;>\n\t\t\t<p class=\"paragraph paragraph__align--left paragraph__color--black paragraph__size--default\">\n\t\tDownload ons verkiezingsprogramma (pdf)\t<\/p>\t\t\t<div class=\"block-download-list-item__hover-text\">\n\t\t\t\t<p class=\"paragraph paragraph__align--left paragraph__color--black paragraph__size--default\">\n\t\tLees verder\t<\/p>\t\t\t<\/div>\n\t\t\t<div class=\"block-download-list-item__media-icon\">\n\t\t\t\t<svg width='40' height='40' fill='none' xmlns='http:\/\/www.w3.org\/2000\/svg'><path d='M26.447 19.724a1 1 0 0 1 0 1.79l-4.764 2.38a1 1 0 0 1-1.447-.893v-4.765a1 1 0 0 1 1.447-.893l4.764 2.381Z' fill='#000'\/><path d='M22.236 20.619h-8' stroke='#000' stroke-width='2' stroke-linecap='round'\/><rect x='39' y='39' width='38' height='38' rx='19' transform='rotate(180 39 39)' stroke='#000' stroke-width='2'\/><\/svg>\t\t\t<\/div>\n\t\t<\/a>\n\t<\/div>\n<\/div>\n\n\t\t<\/div>\n\t<\/div>\n<\/div>\n\t  <\/div>\n\t<\/div>\n  <\/div>\n\n\t<\/div>\n\n\t<div class=\"block-post-content__sidebar\">\n\t\t\n\t\t\n\t\t\t<\/div>\n<\/section>\n\t  <\/div>\n\t<\/div>\n  <\/div>\n","protected":false},"author":362,"featured_media":3991,"parent":0,"menu_order":0,"template":"","meta":{"_acf_changed":true},"themes-or-point-of-view":[25],"search-tags":[11],"class_list":["post-3990","manifesto","type-manifesto","status-publish","has-post-thumbnail","hentry","themes-or-point-of-view-point-of-view","search-tags-kunst-cultuur-media"],"acf":[],"yoast_head":"<!-- This site is optimized with the Yoast SEO plugin v27.3 - https:\/\/yoast.com\/product\/yoast-seo-wordpress\/ -->\n<title>D66 Leudal &#8212; 18. Cultuur en kunst dichtbij \u2013 van en voor ons allemaal | Verkiezingsprogramma<\/title>\n<meta name=\"robots\" content=\"index, follow, max-snippet:-1, max-image-preview:large, max-video-preview:-1\" \/>\n<link rel=\"canonical\" href=\"https:\/\/d66.nl\/leudal\/verkiezingsprogramma\/cultuur-en-kunst-dichtbij-van-en-voor-ons-allemaal\/\" \/>\n<meta property=\"og:locale\" content=\"nl_NL\" \/>\n<meta property=\"og:type\" content=\"article\" \/>\n<meta property=\"og:title\" content=\"D66 Leudal &#8212; 18. Cultuur en kunst dichtbij \u2013 van en voor ons allemaal | Verkiezingsprogramma\" \/>\n<meta property=\"og:url\" content=\"https:\/\/d66.nl\/leudal\/verkiezingsprogramma\/cultuur-en-kunst-dichtbij-van-en-voor-ons-allemaal\/\" \/>\n<meta property=\"og:site_name\" content=\"D66 Leudal\" \/>\n<meta property=\"article:publisher\" content=\"https:\/\/www.facebook.com\/d66leudal\" \/>\n<meta property=\"article:modified_time\" content=\"2026-02-09T10:24:09+00:00\" \/>\n<meta property=\"og:image\" content=\"https:\/\/d66.nl\/leudal\/wp-content\/uploads\/sites\/165\/2026\/01\/IMG_9592-scaled.jpg\" \/>\n\t<meta property=\"og:image:width\" content=\"2560\" \/>\n\t<meta property=\"og:image:height\" content=\"1707\" \/>\n\t<meta property=\"og:image:type\" content=\"image\/jpeg\" \/>\n<meta name=\"twitter:card\" content=\"summary_large_image\" \/>\n<meta name=\"twitter:site\" content=\"@D66leudal\" \/>\n<meta name=\"twitter:label1\" content=\"Geschatte leestijd\" \/>\n\t<meta name=\"twitter:data1\" content=\"1 minuut\" \/>\n<script type=\"application\/ld+json\" class=\"yoast-schema-graph\">{\"@context\":\"https:\\\/\\\/schema.org\",\"@graph\":[{\"@type\":\"WebPage\",\"@id\":\"https:\\\/\\\/d66.nl\\\/leudal\\\/verkiezingsprogramma\\\/cultuur-en-kunst-dichtbij-van-en-voor-ons-allemaal\\\/\",\"url\":\"https:\\\/\\\/d66.nl\\\/leudal\\\/verkiezingsprogramma\\\/cultuur-en-kunst-dichtbij-van-en-voor-ons-allemaal\\\/\",\"name\":\"D66 Leudal &#8212; 18. Cultuur en kunst dichtbij \u2013 van en voor ons allemaal | Verkiezingsprogramma\",\"isPartOf\":{\"@id\":\"https:\\\/\\\/d66.nl\\\/leudal\\\/#website\"},\"primaryImageOfPage\":{\"@id\":\"https:\\\/\\\/d66.nl\\\/leudal\\\/verkiezingsprogramma\\\/cultuur-en-kunst-dichtbij-van-en-voor-ons-allemaal\\\/#primaryimage\"},\"image\":{\"@id\":\"https:\\\/\\\/d66.nl\\\/leudal\\\/verkiezingsprogramma\\\/cultuur-en-kunst-dichtbij-van-en-voor-ons-allemaal\\\/#primaryimage\"},\"thumbnailUrl\":\"https:\\\/\\\/d66.nl\\\/leudal\\\/wp-content\\\/uploads\\\/sites\\\/165\\\/2026\\\/01\\\/IMG_9592-scaled.jpg\",\"datePublished\":\"2026-01-01T16:25:26+00:00\",\"dateModified\":\"2026-02-09T10:24:09+00:00\",\"breadcrumb\":{\"@id\":\"https:\\\/\\\/d66.nl\\\/leudal\\\/verkiezingsprogramma\\\/cultuur-en-kunst-dichtbij-van-en-voor-ons-allemaal\\\/#breadcrumb\"},\"inLanguage\":\"nl-NL\",\"potentialAction\":[{\"@type\":\"ReadAction\",\"target\":[\"https:\\\/\\\/d66.nl\\\/leudal\\\/verkiezingsprogramma\\\/cultuur-en-kunst-dichtbij-van-en-voor-ons-allemaal\\\/\"]}]},{\"@type\":\"ImageObject\",\"inLanguage\":\"nl-NL\",\"@id\":\"https:\\\/\\\/d66.nl\\\/leudal\\\/verkiezingsprogramma\\\/cultuur-en-kunst-dichtbij-van-en-voor-ons-allemaal\\\/#primaryimage\",\"url\":\"https:\\\/\\\/d66.nl\\\/leudal\\\/wp-content\\\/uploads\\\/sites\\\/165\\\/2026\\\/01\\\/IMG_9592-scaled.jpg\",\"contentUrl\":\"https:\\\/\\\/d66.nl\\\/leudal\\\/wp-content\\\/uploads\\\/sites\\\/165\\\/2026\\\/01\\\/IMG_9592-scaled.jpg\",\"width\":2560,\"height\":1707,\"caption\":\"kunst cultuur landart\"},{\"@type\":\"BreadcrumbList\",\"@id\":\"https:\\\/\\\/d66.nl\\\/leudal\\\/verkiezingsprogramma\\\/cultuur-en-kunst-dichtbij-van-en-voor-ons-allemaal\\\/#breadcrumb\",\"itemListElement\":[{\"@type\":\"ListItem\",\"position\":1,\"name\":\"Home\",\"item\":\"https:\\\/\\\/d66.nl\\\/leudal\\\/\"},{\"@type\":\"ListItem\",\"position\":2,\"name\":\"18. Cultuur en kunst dichtbij \u2013 van en voor ons allemaal\"}]},{\"@type\":\"WebSite\",\"@id\":\"https:\\\/\\\/d66.nl\\\/leudal\\\/#website\",\"url\":\"https:\\\/\\\/d66.nl\\\/leudal\\\/\",\"name\":\"D66 Leudal\",\"description\":\"Just another D66 Sites site\",\"publisher\":{\"@id\":\"https:\\\/\\\/d66.nl\\\/leudal\\\/#organization\"},\"potentialAction\":[{\"@type\":\"SearchAction\",\"target\":{\"@type\":\"EntryPoint\",\"urlTemplate\":\"https:\\\/\\\/d66.nl\\\/leudal\\\/?s={search_term_string}\"},\"query-input\":{\"@type\":\"PropertyValueSpecification\",\"valueRequired\":true,\"valueName\":\"search_term_string\"}}],\"inLanguage\":\"nl-NL\"},{\"@type\":\"Organization\",\"@id\":\"https:\\\/\\\/d66.nl\\\/leudal\\\/#organization\",\"name\":\"D66\",\"url\":\"https:\\\/\\\/d66.nl\\\/leudal\\\/\",\"logo\":{\"@type\":\"ImageObject\",\"inLanguage\":\"nl-NL\",\"@id\":\"https:\\\/\\\/d66.nl\\\/leudal\\\/#\\\/schema\\\/logo\\\/image\\\/\",\"url\":\"https:\\\/\\\/d66.nl\\\/leudal\\\/wp-content\\\/uploads\\\/sites\\\/165\\\/2021\\\/10\\\/d66-themas-algemeen-og.png\",\"contentUrl\":\"https:\\\/\\\/d66.nl\\\/leudal\\\/wp-content\\\/uploads\\\/sites\\\/165\\\/2021\\\/10\\\/d66-themas-algemeen-og.png\",\"width\":1200,\"height\":628,\"caption\":\"D66\"},\"image\":{\"@id\":\"https:\\\/\\\/d66.nl\\\/leudal\\\/#\\\/schema\\\/logo\\\/image\\\/\"},\"sameAs\":[\"https:\\\/\\\/www.facebook.com\\\/d66leudal\",\"https:\\\/\\\/x.com\\\/D66leudal\",\"https:\\\/\\\/www.instagram.com\\\/d66leudal\\\/\",\"https:\\\/\\\/www.youtube.com\\\/channel\\\/UCbdbgvkZun7iMr1AnVVY_YQ\"]}]}<\/script>\n<!-- \/ Yoast SEO plugin. -->","yoast_head_json":{"title":"D66 Leudal &#8212; 18. Cultuur en kunst dichtbij \u2013 van en voor ons allemaal | Verkiezingsprogramma","robots":{"index":"index","follow":"follow","max-snippet":"max-snippet:-1","max-image-preview":"max-image-preview:large","max-video-preview":"max-video-preview:-1"},"canonical":"https:\/\/d66.nl\/leudal\/verkiezingsprogramma\/cultuur-en-kunst-dichtbij-van-en-voor-ons-allemaal\/","og_locale":"nl_NL","og_type":"article","og_title":"D66 Leudal &#8212; 18. Cultuur en kunst dichtbij \u2013 van en voor ons allemaal | Verkiezingsprogramma","og_url":"https:\/\/d66.nl\/leudal\/verkiezingsprogramma\/cultuur-en-kunst-dichtbij-van-en-voor-ons-allemaal\/","og_site_name":"D66 Leudal","article_publisher":"https:\/\/www.facebook.com\/d66leudal","article_modified_time":"2026-02-09T10:24:09+00:00","og_image":[{"width":2560,"height":1707,"url":"https:\/\/d66.nl\/leudal\/wp-content\/uploads\/sites\/165\/2026\/01\/IMG_9592-scaled.jpg","type":"image\/jpeg"}],"twitter_card":"summary_large_image","twitter_site":"@D66leudal","twitter_misc":{"Geschatte leestijd":"1 minuut"},"schema":{"@context":"https:\/\/schema.org","@graph":[{"@type":"WebPage","@id":"https:\/\/d66.nl\/leudal\/verkiezingsprogramma\/cultuur-en-kunst-dichtbij-van-en-voor-ons-allemaal\/","url":"https:\/\/d66.nl\/leudal\/verkiezingsprogramma\/cultuur-en-kunst-dichtbij-van-en-voor-ons-allemaal\/","name":"D66 Leudal &#8212; 18. Cultuur en kunst dichtbij \u2013 van en voor ons allemaal | Verkiezingsprogramma","isPartOf":{"@id":"https:\/\/d66.nl\/leudal\/#website"},"primaryImageOfPage":{"@id":"https:\/\/d66.nl\/leudal\/verkiezingsprogramma\/cultuur-en-kunst-dichtbij-van-en-voor-ons-allemaal\/#primaryimage"},"image":{"@id":"https:\/\/d66.nl\/leudal\/verkiezingsprogramma\/cultuur-en-kunst-dichtbij-van-en-voor-ons-allemaal\/#primaryimage"},"thumbnailUrl":"https:\/\/d66.nl\/leudal\/wp-content\/uploads\/sites\/165\/2026\/01\/IMG_9592-scaled.jpg","datePublished":"2026-01-01T16:25:26+00:00","dateModified":"2026-02-09T10:24:09+00:00","breadcrumb":{"@id":"https:\/\/d66.nl\/leudal\/verkiezingsprogramma\/cultuur-en-kunst-dichtbij-van-en-voor-ons-allemaal\/#breadcrumb"},"inLanguage":"nl-NL","potentialAction":[{"@type":"ReadAction","target":["https:\/\/d66.nl\/leudal\/verkiezingsprogramma\/cultuur-en-kunst-dichtbij-van-en-voor-ons-allemaal\/"]}]},{"@type":"ImageObject","inLanguage":"nl-NL","@id":"https:\/\/d66.nl\/leudal\/verkiezingsprogramma\/cultuur-en-kunst-dichtbij-van-en-voor-ons-allemaal\/#primaryimage","url":"https:\/\/d66.nl\/leudal\/wp-content\/uploads\/sites\/165\/2026\/01\/IMG_9592-scaled.jpg","contentUrl":"https:\/\/d66.nl\/leudal\/wp-content\/uploads\/sites\/165\/2026\/01\/IMG_9592-scaled.jpg","width":2560,"height":1707,"caption":"kunst cultuur landart"},{"@type":"BreadcrumbList","@id":"https:\/\/d66.nl\/leudal\/verkiezingsprogramma\/cultuur-en-kunst-dichtbij-van-en-voor-ons-allemaal\/#breadcrumb","itemListElement":[{"@type":"ListItem","position":1,"name":"Home","item":"https:\/\/d66.nl\/leudal\/"},{"@type":"ListItem","position":2,"name":"18. Cultuur en kunst dichtbij \u2013 van en voor ons allemaal"}]},{"@type":"WebSite","@id":"https:\/\/d66.nl\/leudal\/#website","url":"https:\/\/d66.nl\/leudal\/","name":"D66 Leudal","description":"Just another D66 Sites site","publisher":{"@id":"https:\/\/d66.nl\/leudal\/#organization"},"potentialAction":[{"@type":"SearchAction","target":{"@type":"EntryPoint","urlTemplate":"https:\/\/d66.nl\/leudal\/?s={search_term_string}"},"query-input":{"@type":"PropertyValueSpecification","valueRequired":true,"valueName":"search_term_string"}}],"inLanguage":"nl-NL"},{"@type":"Organization","@id":"https:\/\/d66.nl\/leudal\/#organization","name":"D66","url":"https:\/\/d66.nl\/leudal\/","logo":{"@type":"ImageObject","inLanguage":"nl-NL","@id":"https:\/\/d66.nl\/leudal\/#\/schema\/logo\/image\/","url":"https:\/\/d66.nl\/leudal\/wp-content\/uploads\/sites\/165\/2021\/10\/d66-themas-algemeen-og.png","contentUrl":"https:\/\/d66.nl\/leudal\/wp-content\/uploads\/sites\/165\/2021\/10\/d66-themas-algemeen-og.png","width":1200,"height":628,"caption":"D66"},"image":{"@id":"https:\/\/d66.nl\/leudal\/#\/schema\/logo\/image\/"},"sameAs":["https:\/\/www.facebook.com\/d66leudal","https:\/\/x.com\/D66leudal","https:\/\/www.instagram.com\/d66leudal\/","https:\/\/www.youtube.com\/channel\/UCbdbgvkZun7iMr1AnVVY_YQ"]}]}},"_links":{"self":[{"href":"https:\/\/d66.nl\/leudal\/wp-json\/wp\/v2\/verkiezingsprogramma\/3990","targetHints":{"allow":["GET"]}}],"collection":[{"href":"https:\/\/d66.nl\/leudal\/wp-json\/wp\/v2\/verkiezingsprogramma"}],"about":[{"href":"https:\/\/d66.nl\/leudal\/wp-json\/wp\/v2\/types\/manifesto"}],"author":[{"embeddable":true,"href":"https:\/\/d66.nl\/leudal\/wp-json\/wp\/v2\/users\/362"}],"wp:featuredmedia":[{"embeddable":true,"href":"https:\/\/d66.nl\/leudal\/wp-json\/wp\/v2\/media\/3991"}],"wp:attachment":[{"href":"https:\/\/d66.nl\/leudal\/wp-json\/wp\/v2\/media?parent=3990"}],"wp:term":[{"taxonomy":"themes-or-point-of-view","embeddable":true,"href":"https:\/\/d66.nl\/leudal\/wp-json\/wp\/v2\/themes-or-point-of-view?post=3990"},{"taxonomy":"search-tags","embeddable":true,"href":"https:\/\/d66.nl\/leudal\/wp-json\/wp\/v2\/search-tags?post=3990"}],"curies":[{"name":"wp","href":"https:\/\/api.w.org\/{rel}","templated":true}]}}