{"id":1035,"date":"2025-12-20T12:22:20","date_gmt":"2025-12-20T12:22:20","guid":{"rendered":"https:\/\/d66.nl\/landvancuijk\/?post_type=manifesto&#038;p=1035"},"modified":"2025-12-23T18:34:43","modified_gmt":"2025-12-23T18:34:43","slug":"democratie-en-veiligheid","status":"publish","type":"manifesto","link":"https:\/\/d66.nl\/landvancuijk\/verkiezingsprogramma\/democratie-en-veiligheid\/","title":{"rendered":"Democratie en veiligheid"},"content":{"rendered":"<p><style>.wrapper__gutter--default {padding-left: 10px;padding-right: 10px;}<\/style>\n<\/p>\n\n<div\n  id=\"\"\n  class=\"wrapper  wrapper__spacing-bottom-large--0  wrapper__gutter--none\"\n  >\n  \t<div class=\"wrapper__container wrapper__container-width-large--default wrapper__container-width-desktop--default wrapper__container-width-mobile--default\">\n\t  <div class=\"wrapper__inner wrapper__width-large--16 wrapper__width-mobile--24 wrapper__offset-large--4 wrapper__offset-desktop--0 wrapper__offset-mobile--0\">\n\t\t<h1 class=\"heading heading__align--left heading__color--black heading__size--largest heading__font--sans heading__weight--bold  block-heading__heading\" id=\"nav-democratie-en-veiligheid1295\"  data-nav-heading-mobile=\"Democratie en veiligheid\" >\n\tDemocratie en veiligheid<\/h1>\t  <\/div>\n\t<\/div>\n  <\/div>\n\n\n<div\n  id=\"\"\n  class=\"wrapper wrapper__spacing-top-large--20 wrapper__spacing-bottom-large--20  wrapper__gutter--none\"\n  >\n  \t<div class=\"wrapper__container wrapper__container-width-large--default wrapper__container-width-desktop--default wrapper__container-width-mobile--default\">\n\t  <div class=\"wrapper__inner wrapper__width-large--16 wrapper__width-mobile--24 wrapper__offset-large--4 wrapper__offset-desktop--0 wrapper__offset-mobile--0\">\n\t\t<img loading=\"lazy\" decoding=\"async\" width=\"1024\" height=\"589\" src=\"https:\/\/d66.nl\/landvancuijk\/wp-content\/uploads\/sites\/7\/2025\/12\/democratie-en-veiligheid-1024x589.png\" class=\"image block-image__img\" alt=\"\" srcset=\"https:\/\/d66.nl\/landvancuijk\/wp-content\/uploads\/sites\/7\/2025\/12\/democratie-en-veiligheid-1024x589.png 1024w, https:\/\/d66.nl\/landvancuijk\/wp-content\/uploads\/sites\/7\/2025\/12\/democratie-en-veiligheid-300x173.png 300w, https:\/\/d66.nl\/landvancuijk\/wp-content\/uploads\/sites\/7\/2025\/12\/democratie-en-veiligheid-768x442.png 768w, https:\/\/d66.nl\/landvancuijk\/wp-content\/uploads\/sites\/7\/2025\/12\/democratie-en-veiligheid.png 1107w\" sizes=\"auto, (max-width: 1024px) 100vw, 1024px\" \/>\n\t\t\t<div class=\"image__caption-wrapper block-image__caption-wrapper\">\n\t\t\t<div class=\"image__caption block-image__caption\">\n\t\t\t\t<p class=\"paragraph paragraph__align--left paragraph__color--black paragraph__size--small paragraph__weight--medium\">\n\t\tBeeld: D66\t<\/p>\t\t\t<\/div>\n\t\t<\/div>\t  <\/div>\n\t<\/div>\n  <\/div>\n\n\n<div\n  id=\"\"\n  class=\"wrapper wrapper__spacing-top-large--40 wrapper__spacing-bottom-large--0  wrapper__gutter--default\"\n  >\n  \t<div class=\"wrapper__container wrapper__container-width-large--default wrapper__container-width-desktop--default wrapper__container-width-mobile--default\">\n\t  <div class=\"wrapper__inner wrapper__width-large--16 wrapper__width-mobile--24 wrapper__offset-large--4 wrapper__offset-desktop--0 wrapper__offset-mobile--0\">\n\t\t\n<div class=\"block-columns block-columns__gutter-large--none block-columns__horizontal-spacing-large--none\">\n  \n\n<div class=\"block-column block-column__width-large--24 block-column__width-desktop--24 block-column__width-mobile--24 block-column__offset-large--0 block-column__offset-desktop--0 block-column__offset-mobile--0\">\n  \n<div id=\"\" class=\"wrapper wrapper__spacing-top-large--10 wrapper__spacing-bottom-large--10  wrapper__gutter--default\">\n  \t<div class=\"wrapper__container\">\n\t  <div class=\"wrapper__inner wrapper__width-large--24 wrapper__width-mobile--24 wrapper__offset-large--0\">\n\t\t\n<div class=\"block-columns block-columns__gutter-large--none block-columns__horizontal-spacing-large--none\">\n  \n\n<div class=\"block-column block-column__width-large--5 block-column__width-desktop--24 block-column__width-mobile--24 block-column__offset-desktop--0 block-column__offset-mobile--0\">\n  \n<div id=\"\" class=\"wrapper  wrapper__spacing-bottom-large--30 wrapper__spacing-bottom-desktop--20  wrapper__gutter--none\">\n  \t<div class=\"wrapper__container wrapper__container-width-large--default\">\n\t  <div class=\"wrapper__inner wrapper__width-large--24 wrapper__width-mobile--24\">\n\t\t<p class=\"paragraph paragraph__align--left paragraph__color--black paragraph__size--default   block-paragraph__paragraph\">\n\t\t<strong>Een vrij en veerkrachtige samenleving<\/strong>\t<\/p>\t  <\/div>\n\t<\/div>\n  <\/div>\n\n<\/div>\n\n\n\n<div class=\"block-column block-column__width-large--18 block-column__width-desktop--24 block-column__width-mobile--24 block-column__offset-large--1 block-column__offset-desktop--0 block-column__offset-mobile--0\">\n  \n<div id=\"\" class=\"wrapper  wrapper__spacing-bottom-large--30 wrapper__spacing-bottom-desktop--20  wrapper__gutter--none\">\n  \t<div class=\"wrapper__container wrapper__container-width-large--default\">\n\t  <div class=\"wrapper__inner wrapper__width-large--24 wrapper__width-mobile--24 wrapper__offset-large--0\">\n\t\t<p class=\"paragraph paragraph__align--left paragraph__color--black paragraph__size--default   block-paragraph__paragraph\">\n\t\tD66 Land van Cuijk wil bouwen aan een vrije en veerkrachtige samenleving. Een samenleving waar je je veilig voelt op straat, thuis en online en waarin iedereen kan stemmen, meepraten en meebeslissen. Een samenleving met vertrouwen in elkaar en in de toekomst en iedereen invloed kan uitoefenen \u2013 ook in de wijk en de gemeente.<br><br>Daarom is het zo belangrijk dat er zo veel mogelijk naar de mening van inwoners wordt geluisterd. Dit mag echter nooit een argument worden waarachter de gemeenteraad zich mag verschuilen met besluiteloosheid. De gemeenteraad heeft tot taak om het algemeen belang en de belangen van minderheden of degenen die niet zoveel van zich laten horen, in het oog te houden. Gemeenteraadsleden moeten transparant en integer zijn in hun besluitvorming. Daarbij baseren wij ons vanzelfsprekend op feiten.<br><br>Dit vraagt om een democratie die dichter bij de mensen staat en die meer is dan \u00e9\u00e9n keer in de vier jaar stemmen op een kandidaat van een politieke partij. Dit betekent inwoners m\u00e9\u00e9r invloed geven op de beslissingen die hen aangaan en het vergroten van hun actieve betrokkenheid. Beleidskeuzes maken we samen en daarom zijn we voorstander van burgerberaden: een manier om inwoners actief te betrekken bij grote, complexe of langetermijn vraagstukken. Deze gelote afspiegeling van de bevolking kan zonder politieke bagage zwaarwegende adviezen geven aan de gemeenteraad. Inwoners worden op deze manier mede-eigenaar van de oplossing en hun stem doet er daadwerkelijk toe.\t<\/p>\t  <\/div>\n\t<\/div>\n  <\/div>\n\n<\/div>\n\n<\/div>\n\t  <\/div>\n\t<\/div>\n  <\/div>\n\n<\/div>\n\n\n\n<div class=\"block-column block-column__width-large--24 block-column__width-desktop--24 block-column__width-mobile--24 block-column__offset-large--0 block-column__offset-desktop--0 block-column__offset-mobile--0\">\n  \n<div id=\"\" class=\"wrapper wrapper__spacing-top-large--10 wrapper__spacing-bottom-large--10  wrapper__gutter--default\">\n  \t<div class=\"wrapper__container\">\n\t  <div class=\"wrapper__inner wrapper__width-large--24 wrapper__width-mobile--24 wrapper__offset-large--0\">\n\t\t\n<div class=\"block-columns block-columns__gutter-large--none block-columns__horizontal-spacing-large--none\">\n  \n\n<div class=\"block-column block-column__width-large--5 block-column__width-desktop--24 block-column__width-mobile--24 block-column__offset-desktop--0 block-column__offset-mobile--0\">\n  \n<div id=\"\" class=\"wrapper  wrapper__spacing-bottom-large--30 wrapper__spacing-bottom-desktop--20  wrapper__gutter--none\">\n  \t<div class=\"wrapper__container wrapper__container-width-large--default\">\n\t  <div class=\"wrapper__inner wrapper__width-large--24 wrapper__width-mobile--24\">\n\t\t<p class=\"paragraph paragraph__align--left paragraph__color--black paragraph__size--default   block-paragraph__paragraph\">\n\t\t<strong>Veiligheid door preventie<\/strong>\t<\/p>\t  <\/div>\n\t<\/div>\n  <\/div>\n\n<\/div>\n\n\n\n<div class=\"block-column block-column__width-large--18 block-column__width-desktop--24 block-column__width-mobile--24 block-column__offset-large--1 block-column__offset-desktop--0 block-column__offset-mobile--0\">\n  \n<div id=\"\" class=\"wrapper  wrapper__spacing-bottom-large--30 wrapper__spacing-bottom-desktop--20  wrapper__gutter--none\">\n  \t<div class=\"wrapper__container wrapper__container-width-large--default\">\n\t  <div class=\"wrapper__inner wrapper__width-large--24 wrapper__width-mobile--24 wrapper__offset-large--0\">\n\t\t<p class=\"paragraph paragraph__align--left paragraph__color--black paragraph__size--default   block-paragraph__paragraph\">\n\t\tOnveiligheid pakken we bij de bron aan: met preventie waar het kan, slim straffen waar het moet. Met agenten, Boa\u2019s, jongerenwerkers in de wijk en samenwerking tussen school, zorg en politie. Iedereen heeft een rol in de bevordering van veiligheid binnen onze gemeente. In samenwerking met inwoners worden oplossingen gezocht die de veiligheid \u00e9cht vergroten. En mensen met onbegrepen of onveilig gedrag hebben meestal geen politie nodig, maar zorg.<br><br>Ondermijnend gedrag van criminelen is in Land van Cuijk een serieuze zaak. Via verschillende wegen probeert de onderwereld druk uit te oefenen op ondernemers of beslissers om illegale activiteiten mogelijk te maken. We onderkennen de serieuze aard hiervan, zorgen voor educatie, voorlichting en voor een laagdrempelige mogelijkheid tot gesprek over ondermijning.\t<\/p>\t  <\/div>\n\t<\/div>\n  <\/div>\n\n<\/div>\n\n<\/div>\n\t  <\/div>\n\t<\/div>\n  <\/div>\n\n<\/div>\n\n\n\n<div class=\"block-column block-column__width-large--24 block-column__width-desktop--24 block-column__width-mobile--24 block-column__offset-large--0 block-column__offset-desktop--0 block-column__offset-mobile--0\">\n  \n<div id=\"\" class=\"wrapper wrapper__spacing-top-large--10 wrapper__spacing-bottom-large--10  wrapper__gutter--default\">\n  \t<div class=\"wrapper__container\">\n\t  <div class=\"wrapper__inner wrapper__width-large--24 wrapper__width-mobile--24 wrapper__offset-large--0\">\n\t\t\n<div class=\"block-columns block-columns__gutter-large--none block-columns__horizontal-spacing-large--none\">\n  \n\n<div class=\"block-column block-column__width-large--5 block-column__width-desktop--24 block-column__width-mobile--24 block-column__offset-desktop--0 block-column__offset-mobile--0\">\n  \n<div id=\"\" class=\"wrapper  wrapper__spacing-bottom-large--30 wrapper__spacing-bottom-desktop--20  wrapper__gutter--none\">\n  \t<div class=\"wrapper__container wrapper__container-width-large--default\">\n\t  <div class=\"wrapper__inner wrapper__width-large--24 wrapper__width-mobile--24\">\n\t\t<p class=\"paragraph paragraph__align--left paragraph__color--black paragraph__size--default   block-paragraph__paragraph\">\n\t\t<strong>Extra aandacht voor Grave<\/strong>\t<\/p>\t  <\/div>\n\t<\/div>\n  <\/div>\n\n<\/div>\n\n\n\n<div class=\"block-column block-column__width-large--18 block-column__width-desktop--24 block-column__width-mobile--24 block-column__offset-large--1 block-column__offset-desktop--0 block-column__offset-mobile--0\">\n  \n<div id=\"\" class=\"wrapper  wrapper__spacing-bottom-large--30 wrapper__spacing-bottom-desktop--20  wrapper__gutter--none\">\n  \t<div class=\"wrapper__container wrapper__container-width-large--default\">\n\t  <div class=\"wrapper__inner wrapper__width-large--24 wrapper__width-mobile--24 wrapper__offset-large--0\">\n\t\t<p class=\"paragraph paragraph__align--left paragraph__color--black paragraph__size--default   block-paragraph__paragraph\">\n\t\tDe komende jaren hebben we op het gebied van veiligheid speciale aandacht voor Grave. We hebben het AZC de mogelijkheid gegeven om tot 2055 op de huidige locatie in Grave te blijven. We begrijpen de zorgen die hierover in Velp en Grave leven en zijn de inwoners dankbaar voor het feit dat zij op een constructieve manier de gemeenteraad hierover hebben laten besluiten. We voelen ons verplicht om de komende jaren extra aandacht aan de veiligheid in relatie tot het AZC te besteden.\t<\/p>\t  <\/div>\n\t<\/div>\n  <\/div>\n\n<\/div>\n\n<\/div>\n\t  <\/div>\n\t<\/div>\n  <\/div>\n\n<\/div>\n\n\n\n<div class=\"block-column block-column__width-large--24 block-column__offset-large--0\">\n  \n<div id=\"\" class=\"wrapper wrapper__spacing-top-large--10 wrapper__spacing-bottom-large--10  wrapper__gutter--default\">\n  \t<div class=\"wrapper__container\">\n\t  <div class=\"wrapper__inner wrapper__width-large--24 wrapper__width-mobile--24 wrapper__offset-large--0\">\n\t\t\n<div class=\"block-columns block-columns__gutter-large--none block-columns__horizontal-spacing-large--none\">\n  \n\n<div class=\"block-column block-column__width-large--5 block-column__width-desktop--24 block-column__width-mobile--24 block-column__offset-desktop--0 block-column__offset-mobile--0\">\n  \n<div id=\"\" class=\"wrapper  wrapper__spacing-bottom-large--30 wrapper__spacing-bottom-desktop--20  wrapper__gutter--none\">\n  \t<div class=\"wrapper__container wrapper__container-width-large--default\">\n\t  <div class=\"wrapper__inner wrapper__width-large--24 wrapper__width-mobile--24\">\n\t\t<p class=\"paragraph paragraph__align--left paragraph__color--black paragraph__size--default   block-paragraph__paragraph\">\n\t\t<strong>Emancipatie en inclusie als uitgangspunt<\/strong>\t<\/p>\t  <\/div>\n\t<\/div>\n  <\/div>\n\n<\/div>\n\n\n\n<div class=\"block-column block-column__width-large--18 block-column__width-desktop--24 block-column__width-mobile--24 block-column__offset-large--1 block-column__offset-desktop--0 block-column__offset-mobile--0\">\n  \n<div id=\"\" class=\"wrapper  wrapper__spacing-bottom-large--30 wrapper__spacing-bottom-desktop--20  wrapper__gutter--none\">\n  \t<div class=\"wrapper__container wrapper__container-width-large--default\">\n\t  <div class=\"wrapper__inner wrapper__width-large--24 wrapper__width-mobile--24 wrapper__offset-large--0\">\n\t\t<p class=\"paragraph paragraph__align--left paragraph__color--black paragraph__size--default   block-paragraph__paragraph\">\n\t\tEmancipatie en inclusie zijn geen bijzaak; ze zijn het uitgangspunt van alles wat we doen. D66 Land van Cuijk wil alle vormen van uitsluiting, racisme en discriminatie doorbreken: of het nu gaat om afkomst of geloof, huidskleur, leeftijd, armoede, beperking, neurodiversiteit, seksuele ori\u00ebntatie of genderidentiteit of omdat iemand een vrouw is. We hebben daarbij in het bijzonder oog voor situaties waarin mensen om meerdere redenen tegelijk worden buitengesloten. De gemeente geeft het goede voorbeeld. Iedereen moet mee kunnen doen.\t<\/p>\t  <\/div>\n\t<\/div>\n  <\/div>\n\n<\/div>\n\n<\/div>\n\t  <\/div>\n\t<\/div>\n  <\/div>\n\n<\/div>\n\n<\/div>\n\t  <\/div>\n\t<\/div>\n  <\/div>\n\n\n<div\n  id=\"\"\n  class=\"wrapper wrapper__spacing-top-large--40 wrapper__spacing-bottom-large--0  wrapper__gutter--default\"\n  >\n  \t<div class=\"wrapper__container wrapper__container-width-large--default wrapper__container-width-desktop--default wrapper__container-width-mobile--default\">\n\t  <div class=\"wrapper__inner wrapper__width-large--16 wrapper__width-mobile--24 wrapper__offset-large--4 wrapper__offset-desktop--0 wrapper__offset-mobile--0\">\n\t\t\n<div class=\"block-columns block-columns__gutter-large--none block-columns__horizontal-spacing-large--none\">\n  \n\n<div class=\"block-column block-column__width-large--24 block-column__width-desktop--24 block-column__width-mobile--24 block-column__offset-large--0 block-column__offset-desktop--0 block-column__offset-mobile--0\">\n  \n<div id=\"\" class=\"wrapper wrapper__spacing-top-large--30 wrapper__spacing-bottom-large--30  wrapper__gutter--default\" data-background-color=\"skyBlue\">\n  \t<div class=\"wrapper__container\">\n\t  <div class=\"wrapper__inner wrapper__width-large--24 wrapper__width-mobile--24 wrapper__offset-large--0\">\n\t\t\n<div class=\"block-columns block-columns__gutter-large--none block-columns__horizontal-spacing-large--none\">\n  \n\n<div class=\"block-column block-column__width-large--4 block-column__width-desktop--24 block-column__width-mobile--24 block-column__offset-desktop--0 block-column__offset-mobile--0\">\n  \n<div id=\"\" class=\"wrapper  wrapper__spacing-bottom-large--30 wrapper__spacing-bottom-desktop--20  wrapper__gutter--none\">\n  \t<div class=\"wrapper__container wrapper__container-width-large--default\">\n\t  <div class=\"wrapper__inner wrapper__width-large--24 wrapper__width-mobile--24\">\n\t\t<p class=\"paragraph paragraph__align--left paragraph__color--black paragraph__size--default   block-paragraph__paragraph\">\n\t\t<strong>Onze concrete ambities<\/strong>\t<\/p>\t  <\/div>\n\t<\/div>\n  <\/div>\n\n<\/div>\n\n\n\n<div class=\"block-column block-column__width-large--20 block-column__width-desktop--24 block-column__width-mobile--24 block-column__offset-desktop--0 block-column__offset-mobile--0\">\n  \n<div id=\"\" class=\"wrapper wrapper__spacing-top-large--0 wrapper__spacing-bottom-large--20  wrapper__gutter--default\">\n  \t<div class=\"wrapper__container wrapper__container-width-large--default\">\n\t  <div class=\"wrapper__inner wrapper__width-large--24 wrapper__width-mobile--24\">\n\t\t\n<div class=\"block-columns block-columns__gutter-large--none block-columns__horizontal-spacing-large--none\">\n  \n\n<div class=\"block-column block-column__width-large--2 block-column__offset-large--0\">\n  \n<div id=\"\" class=\"wrapper  wrapper__spacing-bottom-large--30 wrapper__spacing-bottom-desktop--20  wrapper__gutter--none\">\n  \t<div class=\"wrapper__container wrapper__container-width-large--default\">\n\t  <div class=\"wrapper__inner wrapper__width-large--24 wrapper__width-mobile--24\">\n\t\t<p class=\"paragraph paragraph__align--left paragraph__color--black paragraph__size--default   block-paragraph__paragraph\">\n\t\t\u2713\t<\/p>\t  <\/div>\n\t<\/div>\n  <\/div>\n\n<\/div>\n\n\n\n<div class=\"block-column block-column__width-large--22 block-column__offset-large--0\">\n  \n<div id=\"\" class=\"wrapper wrapper__spacing-top-large--0 wrapper__spacing-bottom-large--0 wrapper__spacing-bottom-desktop--20  wrapper__gutter--none\">\n  \t<div class=\"wrapper__container wrapper__container-width-large--default\">\n\t  <div class=\"wrapper__inner wrapper__width-large--24 wrapper__width-mobile--24 wrapper__offset-large--0\">\n\t\t<p class=\"paragraph  paragraph__color--black paragraph__size--default   block-paragraph__paragraph\">\n\t\tIntroductie van het burgerberaad als instrument om inwoners mee te laten denken en beslissen. Het streven is de komende raadsperiode in ieder geval \u00e9\u00e9n burgerberaad te organiseren, bijvoorbeeld over de vraag op welke wijze de gemeente vorm en inhoud kan geven aan preventieve gezondheidszorg.\t<\/p>\t  <\/div>\n\t<\/div>\n  <\/div>\n\n<\/div>\n\n<\/div>\n\t  <\/div>\n\t<\/div>\n  <\/div>\n\n\n<div id=\"\" class=\"wrapper wrapper__spacing-top-large--0 wrapper__spacing-bottom-large--20  wrapper__gutter--default\">\n  \t<div class=\"wrapper__container wrapper__container-width-large--default\">\n\t  <div class=\"wrapper__inner wrapper__width-large--24 wrapper__width-mobile--24\">\n\t\t\n<div class=\"block-columns block-columns__gutter-large--none block-columns__horizontal-spacing-large--none\">\n  \n\n<div class=\"block-column block-column__width-large--2 block-column__offset-large--0\">\n  \n<div id=\"\" class=\"wrapper  wrapper__spacing-bottom-large--30 wrapper__spacing-bottom-desktop--20  wrapper__gutter--none\">\n  \t<div class=\"wrapper__container wrapper__container-width-large--default\">\n\t  <div class=\"wrapper__inner wrapper__width-large--24 wrapper__width-mobile--24\">\n\t\t<p class=\"paragraph paragraph__align--left paragraph__color--black paragraph__size--default   block-paragraph__paragraph\">\n\t\t\u2713\t<\/p>\t  <\/div>\n\t<\/div>\n  <\/div>\n\n<\/div>\n\n\n\n<div class=\"block-column block-column__width-large--22 block-column__offset-large--0\">\n  \n<div id=\"\" class=\"wrapper wrapper__spacing-top-large--0 wrapper__spacing-bottom-large--0 wrapper__spacing-bottom-desktop--20  wrapper__gutter--none\">\n  \t<div class=\"wrapper__container wrapper__container-width-large--default\">\n\t  <div class=\"wrapper__inner wrapper__width-large--24 wrapper__width-mobile--24 wrapper__offset-large--0\">\n\t\t<p class=\"paragraph  paragraph__color--black paragraph__size--default   block-paragraph__paragraph\">\n\t\tPreventie is de beste bescherming bij toenemend middelengebruik onder jongeren. We zorgen voor wijkgerichte aanpakken waarin veiligheid, zorg, werk, onderwijs en wonen samenkomen.\t<\/p>\t  <\/div>\n\t<\/div>\n  <\/div>\n\n<\/div>\n\n<\/div>\n\t  <\/div>\n\t<\/div>\n  <\/div>\n\n\n<div id=\"\" class=\"wrapper wrapper__spacing-top-large--0 wrapper__spacing-bottom-large--20  wrapper__gutter--default\">\n  \t<div class=\"wrapper__container wrapper__container-width-large--default\">\n\t  <div class=\"wrapper__inner wrapper__width-large--24 wrapper__width-mobile--24\">\n\t\t\n<div class=\"block-columns block-columns__gutter-large--none block-columns__horizontal-spacing-large--none\">\n  \n\n<div class=\"block-column block-column__width-large--2 block-column__offset-large--0\">\n  \n<div id=\"\" class=\"wrapper  wrapper__spacing-bottom-large--30 wrapper__spacing-bottom-desktop--20  wrapper__gutter--none\">\n  \t<div class=\"wrapper__container wrapper__container-width-large--default\">\n\t  <div class=\"wrapper__inner wrapper__width-large--24 wrapper__width-mobile--24\">\n\t\t<p class=\"paragraph paragraph__align--left paragraph__color--black paragraph__size--default   block-paragraph__paragraph\">\n\t\t\u2713\t<\/p>\t  <\/div>\n\t<\/div>\n  <\/div>\n\n<\/div>\n\n\n\n<div class=\"block-column block-column__width-large--22 block-column__offset-large--0\">\n  \n<div id=\"\" class=\"wrapper wrapper__spacing-top-large--0 wrapper__spacing-bottom-large--0 wrapper__spacing-bottom-desktop--20  wrapper__gutter--none\">\n  \t<div class=\"wrapper__container wrapper__container-width-large--default\">\n\t  <div class=\"wrapper__inner wrapper__width-large--24 wrapper__width-mobile--24 wrapper__offset-large--0\">\n\t\t<p class=\"paragraph  paragraph__color--black paragraph__size--default   block-paragraph__paragraph\">\n\t\tOntwikkeling van wijk- en buurtpreventieprogramma\u2019s om criminaliteit en overlast in (problematische) buurten te reduceren.\t<\/p>\t  <\/div>\n\t<\/div>\n  <\/div>\n\n<\/div>\n\n<\/div>\n\t  <\/div>\n\t<\/div>\n  <\/div>\n\n\n<div id=\"\" class=\"wrapper wrapper__spacing-top-large--0 wrapper__spacing-bottom-large--20  wrapper__gutter--default\">\n  \t<div class=\"wrapper__container wrapper__container-width-large--default\">\n\t  <div class=\"wrapper__inner wrapper__width-large--24 wrapper__width-mobile--24\">\n\t\t\n<div class=\"block-columns block-columns__gutter-large--none block-columns__horizontal-spacing-large--none\">\n  \n\n<div class=\"block-column block-column__width-large--2 block-column__offset-large--0\">\n  \n<div id=\"\" class=\"wrapper  wrapper__spacing-bottom-large--30 wrapper__spacing-bottom-desktop--20  wrapper__gutter--none\">\n  \t<div class=\"wrapper__container wrapper__container-width-large--default\">\n\t  <div class=\"wrapper__inner wrapper__width-large--24 wrapper__width-mobile--24\">\n\t\t<p class=\"paragraph paragraph__align--left paragraph__color--black paragraph__size--default   block-paragraph__paragraph\">\n\t\t\u2713\t<\/p>\t  <\/div>\n\t<\/div>\n  <\/div>\n\n<\/div>\n\n\n\n<div class=\"block-column block-column__width-large--22 block-column__offset-large--0\">\n  \n<div id=\"\" class=\"wrapper wrapper__spacing-top-large--0 wrapper__spacing-bottom-large--0 wrapper__spacing-bottom-desktop--20  wrapper__gutter--none\">\n  \t<div class=\"wrapper__container wrapper__container-width-large--default\">\n\t  <div class=\"wrapper__inner wrapper__width-large--24 wrapper__width-mobile--24 wrapper__offset-large--0\">\n\t\t<p class=\"paragraph  paragraph__color--black paragraph__size--default   block-paragraph__paragraph\">\n\t\tOndersteunen van (digitale) buurtinitiatieven in alle kernen voor meer lokale betrokkenheid en versterken van samenwerking tussen politie, inwoners en maatschappelijke organisaties.\t<\/p>\t  <\/div>\n\t<\/div>\n  <\/div>\n\n<\/div>\n\n<\/div>\n\t  <\/div>\n\t<\/div>\n  <\/div>\n\n\n<div id=\"\" class=\"wrapper wrapper__spacing-top-large--0 wrapper__spacing-bottom-large--20  wrapper__gutter--default\">\n  \t<div class=\"wrapper__container wrapper__container-width-large--default\">\n\t  <div class=\"wrapper__inner wrapper__width-large--24 wrapper__width-mobile--24\">\n\t\t\n<div class=\"block-columns block-columns__gutter-large--none block-columns__horizontal-spacing-large--none\">\n  \n\n<div class=\"block-column block-column__width-large--2 block-column__offset-large--0\">\n  \n<div id=\"\" class=\"wrapper  wrapper__spacing-bottom-large--30 wrapper__spacing-bottom-desktop--20  wrapper__gutter--none\">\n  \t<div class=\"wrapper__container wrapper__container-width-large--default\">\n\t  <div class=\"wrapper__inner wrapper__width-large--24 wrapper__width-mobile--24\">\n\t\t<p class=\"paragraph paragraph__align--left paragraph__color--black paragraph__size--default   block-paragraph__paragraph\">\n\t\t\u2713\t<\/p>\t  <\/div>\n\t<\/div>\n  <\/div>\n\n<\/div>\n\n\n\n<div class=\"block-column block-column__width-large--22 block-column__offset-large--0\">\n  \n<div id=\"\" class=\"wrapper wrapper__spacing-top-large--0 wrapper__spacing-bottom-large--0 wrapper__spacing-bottom-desktop--20  wrapper__gutter--none\">\n  \t<div class=\"wrapper__container wrapper__container-width-large--default\">\n\t  <div class=\"wrapper__inner wrapper__width-large--24 wrapper__width-mobile--24 wrapper__offset-large--0\">\n\t\t<p class=\"paragraph  paragraph__color--black paragraph__size--default   block-paragraph__paragraph\">\n\t\tVersterken van de openbare ruimte door verbetering en verduurzaming van openbare (dynamische) verlichting en straatinrichting in probleemgebieden en daar waar inwoners onveiligheid ervaren.\t<\/p>\t  <\/div>\n\t<\/div>\n  <\/div>\n\n<\/div>\n\n<\/div>\n\t  <\/div>\n\t<\/div>\n  <\/div>\n\n\n<div id=\"\" class=\"wrapper wrapper__spacing-top-large--0 wrapper__spacing-bottom-large--20  wrapper__gutter--default\">\n  \t<div class=\"wrapper__container wrapper__container-width-large--default\">\n\t  <div class=\"wrapper__inner wrapper__width-large--24 wrapper__width-mobile--24\">\n\t\t\n<div class=\"block-columns block-columns__gutter-large--none block-columns__horizontal-spacing-large--none\">\n  \n\n<div class=\"block-column block-column__width-large--2 block-column__offset-large--0\">\n  \n<div id=\"\" class=\"wrapper  wrapper__spacing-bottom-large--30 wrapper__spacing-bottom-desktop--20  wrapper__gutter--none\">\n  \t<div class=\"wrapper__container wrapper__container-width-large--default\">\n\t  <div class=\"wrapper__inner wrapper__width-large--24 wrapper__width-mobile--24\">\n\t\t<p class=\"paragraph paragraph__align--left paragraph__color--black paragraph__size--default   block-paragraph__paragraph\">\n\t\t\u2713\t<\/p>\t  <\/div>\n\t<\/div>\n  <\/div>\n\n<\/div>\n\n\n\n<div class=\"block-column block-column__width-large--22 block-column__offset-large--0\">\n  \n<div id=\"\" class=\"wrapper wrapper__spacing-top-large--0 wrapper__spacing-bottom-large--0 wrapper__spacing-bottom-desktop--20  wrapper__gutter--none\">\n  \t<div class=\"wrapper__container wrapper__container-width-large--default\">\n\t  <div class=\"wrapper__inner wrapper__width-large--24 wrapper__width-mobile--24 wrapper__offset-large--0\">\n\t\t<p class=\"paragraph  paragraph__color--black paragraph__size--default   block-paragraph__paragraph\">\n\t\tAlle bestaande en te realiseren openbare gebouwen moeten voor iedereen toegankelijk zijn, ongeacht leeftijd of beperking.\t<\/p>\t  <\/div>\n\t<\/div>\n  <\/div>\n\n<\/div>\n\n<\/div>\n\t  <\/div>\n\t<\/div>\n  <\/div>\n\n\n<div id=\"\" class=\"wrapper wrapper__spacing-top-large--0 wrapper__spacing-bottom-large--20  wrapper__gutter--default\">\n  \t<div class=\"wrapper__container wrapper__container-width-large--default\">\n\t  <div class=\"wrapper__inner wrapper__width-large--24 wrapper__width-mobile--24\">\n\t\t\n<div class=\"block-columns block-columns__gutter-large--none block-columns__horizontal-spacing-large--none\">\n  \n\n<div class=\"block-column block-column__width-large--2 block-column__offset-large--0\">\n  \n<div id=\"\" class=\"wrapper  wrapper__spacing-bottom-large--30 wrapper__spacing-bottom-desktop--20  wrapper__gutter--none\">\n  \t<div class=\"wrapper__container wrapper__container-width-large--default\">\n\t  <div class=\"wrapper__inner wrapper__width-large--24 wrapper__width-mobile--24\">\n\t\t<p class=\"paragraph paragraph__align--left paragraph__color--black paragraph__size--default   block-paragraph__paragraph\">\n\t\t\u2713\t<\/p>\t  <\/div>\n\t<\/div>\n  <\/div>\n\n<\/div>\n\n\n\n<div class=\"block-column block-column__width-large--22 block-column__offset-large--0\">\n  \n<div id=\"\" class=\"wrapper wrapper__spacing-top-large--0 wrapper__spacing-bottom-large--0 wrapper__spacing-bottom-desktop--20  wrapper__gutter--none\">\n  \t<div class=\"wrapper__container wrapper__container-width-large--default\">\n\t  <div class=\"wrapper__inner wrapper__width-large--24 wrapper__width-mobile--24 wrapper__offset-large--0\">\n\t\t<p class=\"paragraph  paragraph__color--black paragraph__size--default   block-paragraph__paragraph\">\n\t\tStimuleren van gemeentelijk beleid waarin diversiteit en gelijkheid expliciet worden meegenomen, met als doel een inclusieve gemeenschap.\t<\/p>\t  <\/div>\n\t<\/div>\n  <\/div>\n\n<\/div>\n\n<\/div>\n\t  <\/div>\n\t<\/div>\n  <\/div>\n\n\n<div id=\"\" class=\"wrapper wrapper__spacing-top-large--0 wrapper__spacing-bottom-large--20  wrapper__gutter--default\">\n  \t<div class=\"wrapper__container wrapper__container-width-large--default\">\n\t  <div class=\"wrapper__inner wrapper__width-large--24 wrapper__width-mobile--24\">\n\t\t\n<div class=\"block-columns block-columns__gutter-large--none block-columns__horizontal-spacing-large--none\">\n  \n\n<div class=\"block-column block-column__width-large--2 block-column__offset-large--0\">\n  \n<div id=\"\" class=\"wrapper  wrapper__spacing-bottom-large--30 wrapper__spacing-bottom-desktop--20  wrapper__gutter--none\">\n  \t<div class=\"wrapper__container wrapper__container-width-large--default\">\n\t  <div class=\"wrapper__inner wrapper__width-large--24 wrapper__width-mobile--24\">\n\t\t<p class=\"paragraph paragraph__align--left paragraph__color--black paragraph__size--default   block-paragraph__paragraph\">\n\t\t\u2713\t<\/p>\t  <\/div>\n\t<\/div>\n  <\/div>\n\n<\/div>\n\n\n\n<div class=\"block-column block-column__width-large--22 block-column__offset-large--0\">\n  \n<div id=\"\" class=\"wrapper wrapper__spacing-top-large--0 wrapper__spacing-bottom-large--0 wrapper__spacing-bottom-desktop--20  wrapper__gutter--none\">\n  \t<div class=\"wrapper__container wrapper__container-width-large--default\">\n\t  <div class=\"wrapper__inner wrapper__width-large--24 wrapper__width-mobile--24 wrapper__offset-large--0\">\n\t\t<p class=\"paragraph  paragraph__color--black paragraph__size--default   block-paragraph__paragraph\">\n\t\tIn de aanpak van drugscriminaliteit is toezicht en voorlichting belangrijk. De Boa\u2019s zijn meer zichtbaar en beter benaderbaar om het gevoel van veiligheid te vergroten.\t<\/p>\t  <\/div>\n\t<\/div>\n  <\/div>\n\n<\/div>\n\n<\/div>\n\t  <\/div>\n\t<\/div>\n  <\/div>\n\n<\/div>\n\n<\/div>\n\t  <\/div>\n\t<\/div>\n  <\/div>\n\n<\/div>\n\n<\/div>\n\t  <\/div>\n\t<\/div>\n  <\/div>\n","protected":false},"author":1877,"featured_media":1489,"parent":0,"menu_order":0,"template":"","meta":{"_acf_changed":false},"search-tags":[],"themes-or-point-of-view":[25],"class_list":["post-1035","manifesto","type-manifesto","status-publish","has-post-thumbnail","hentry","themes-or-point-of-view-point-of-view"],"acf":[],"yoast_head":"<!-- This site is optimized with the Yoast SEO plugin v27.3 - https:\/\/yoast.com\/product\/yoast-seo-wordpress\/ -->\n<title>Democratie en veiligheid &#8211; D66 Land van Cuijk<\/title>\n<meta name=\"robots\" content=\"index, follow, max-snippet:-1, max-image-preview:large, max-video-preview:-1\" \/>\n<link rel=\"canonical\" href=\"https:\/\/d66.nl\/landvancuijk\/verkiezingsprogramma\/democratie-en-veiligheid\/\" \/>\n<meta property=\"og:locale\" content=\"nl_NL\" \/>\n<meta property=\"og:type\" content=\"article\" \/>\n<meta property=\"og:title\" content=\"Democratie en veiligheid &#8211; D66 Land van Cuijk\" \/>\n<meta property=\"og:url\" content=\"https:\/\/d66.nl\/landvancuijk\/verkiezingsprogramma\/democratie-en-veiligheid\/\" \/>\n<meta property=\"og:site_name\" content=\"D66 Land van Cuijk\" \/>\n<meta property=\"article:modified_time\" content=\"2025-12-23T18:34:43+00:00\" \/>\n<meta property=\"og:image\" content=\"https:\/\/d66.nl\/landvancuijk\/wp-content\/uploads\/sites\/7\/2025\/12\/democratie-en-veiligheid.png\" \/>\n\t<meta property=\"og:image:width\" content=\"1107\" \/>\n\t<meta property=\"og:image:height\" content=\"637\" \/>\n\t<meta property=\"og:image:type\" content=\"image\/png\" \/>\n<meta name=\"twitter:card\" content=\"summary_large_image\" \/>\n<meta name=\"twitter:label1\" content=\"Geschatte leestijd\" \/>\n\t<meta name=\"twitter:data1\" content=\"1 minuut\" \/>\n<script type=\"application\/ld+json\" class=\"yoast-schema-graph\">{\"@context\":\"https:\\\/\\\/schema.org\",\"@graph\":[{\"@type\":\"WebPage\",\"@id\":\"https:\\\/\\\/d66.nl\\\/landvancuijk\\\/verkiezingsprogramma\\\/democratie-en-veiligheid\\\/\",\"url\":\"https:\\\/\\\/d66.nl\\\/landvancuijk\\\/verkiezingsprogramma\\\/democratie-en-veiligheid\\\/\",\"name\":\"Democratie en veiligheid &#8211; D66 Land van Cuijk\",\"isPartOf\":{\"@id\":\"https:\\\/\\\/d66.nl\\\/landvancuijk\\\/#website\"},\"primaryImageOfPage\":{\"@id\":\"https:\\\/\\\/d66.nl\\\/landvancuijk\\\/verkiezingsprogramma\\\/democratie-en-veiligheid\\\/#primaryimage\"},\"image\":{\"@id\":\"https:\\\/\\\/d66.nl\\\/landvancuijk\\\/verkiezingsprogramma\\\/democratie-en-veiligheid\\\/#primaryimage\"},\"thumbnailUrl\":\"https:\\\/\\\/d66.nl\\\/landvancuijk\\\/wp-content\\\/uploads\\\/sites\\\/7\\\/2025\\\/12\\\/democratie-en-veiligheid.png\",\"datePublished\":\"2025-12-20T12:22:20+00:00\",\"dateModified\":\"2025-12-23T18:34:43+00:00\",\"breadcrumb\":{\"@id\":\"https:\\\/\\\/d66.nl\\\/landvancuijk\\\/verkiezingsprogramma\\\/democratie-en-veiligheid\\\/#breadcrumb\"},\"inLanguage\":\"nl-NL\",\"potentialAction\":[{\"@type\":\"ReadAction\",\"target\":[\"https:\\\/\\\/d66.nl\\\/landvancuijk\\\/verkiezingsprogramma\\\/democratie-en-veiligheid\\\/\"]}]},{\"@type\":\"ImageObject\",\"inLanguage\":\"nl-NL\",\"@id\":\"https:\\\/\\\/d66.nl\\\/landvancuijk\\\/verkiezingsprogramma\\\/democratie-en-veiligheid\\\/#primaryimage\",\"url\":\"https:\\\/\\\/d66.nl\\\/landvancuijk\\\/wp-content\\\/uploads\\\/sites\\\/7\\\/2025\\\/12\\\/democratie-en-veiligheid.png\",\"contentUrl\":\"https:\\\/\\\/d66.nl\\\/landvancuijk\\\/wp-content\\\/uploads\\\/sites\\\/7\\\/2025\\\/12\\\/democratie-en-veiligheid.png\",\"width\":1107,\"height\":637},{\"@type\":\"BreadcrumbList\",\"@id\":\"https:\\\/\\\/d66.nl\\\/landvancuijk\\\/verkiezingsprogramma\\\/democratie-en-veiligheid\\\/#breadcrumb\",\"itemListElement\":[{\"@type\":\"ListItem\",\"position\":1,\"name\":\"Home\",\"item\":\"https:\\\/\\\/d66.nl\\\/landvancuijk\\\/\"},{\"@type\":\"ListItem\",\"position\":2,\"name\":\"Democratie en veiligheid\"}]},{\"@type\":\"WebSite\",\"@id\":\"https:\\\/\\\/d66.nl\\\/landvancuijk\\\/#website\",\"url\":\"https:\\\/\\\/d66.nl\\\/landvancuijk\\\/\",\"name\":\"D66 Land van Cuijk\",\"description\":\"Just another D66 Sites site\",\"publisher\":{\"@id\":\"https:\\\/\\\/d66.nl\\\/landvancuijk\\\/#organization\"},\"potentialAction\":[{\"@type\":\"SearchAction\",\"target\":{\"@type\":\"EntryPoint\",\"urlTemplate\":\"https:\\\/\\\/d66.nl\\\/landvancuijk\\\/?s={search_term_string}\"},\"query-input\":{\"@type\":\"PropertyValueSpecification\",\"valueRequired\":true,\"valueName\":\"search_term_string\"}}],\"inLanguage\":\"nl-NL\"},{\"@type\":\"Organization\",\"@id\":\"https:\\\/\\\/d66.nl\\\/landvancuijk\\\/#organization\",\"name\":\"D66\",\"url\":\"https:\\\/\\\/d66.nl\\\/landvancuijk\\\/\",\"logo\":{\"@type\":\"ImageObject\",\"inLanguage\":\"nl-NL\",\"@id\":\"https:\\\/\\\/d66.nl\\\/landvancuijk\\\/#\\\/schema\\\/logo\\\/image\\\/\",\"url\":\"https:\\\/\\\/d66.nl\\\/landvancuijk\\\/wp-content\\\/uploads\\\/sites\\\/7\\\/2021\\\/10\\\/d66-themas-algemeen-og.png\",\"contentUrl\":\"https:\\\/\\\/d66.nl\\\/landvancuijk\\\/wp-content\\\/uploads\\\/sites\\\/7\\\/2021\\\/10\\\/d66-themas-algemeen-og.png\",\"width\":1200,\"height\":628,\"caption\":\"D66\"},\"image\":{\"@id\":\"https:\\\/\\\/d66.nl\\\/landvancuijk\\\/#\\\/schema\\\/logo\\\/image\\\/\"}}]}<\/script>\n<!-- \/ Yoast SEO plugin. -->","yoast_head_json":{"title":"Democratie en veiligheid &#8211; D66 Land van Cuijk","robots":{"index":"index","follow":"follow","max-snippet":"max-snippet:-1","max-image-preview":"max-image-preview:large","max-video-preview":"max-video-preview:-1"},"canonical":"https:\/\/d66.nl\/landvancuijk\/verkiezingsprogramma\/democratie-en-veiligheid\/","og_locale":"nl_NL","og_type":"article","og_title":"Democratie en veiligheid &#8211; D66 Land van Cuijk","og_url":"https:\/\/d66.nl\/landvancuijk\/verkiezingsprogramma\/democratie-en-veiligheid\/","og_site_name":"D66 Land van Cuijk","article_modified_time":"2025-12-23T18:34:43+00:00","og_image":[{"width":1107,"height":637,"url":"https:\/\/d66.nl\/landvancuijk\/wp-content\/uploads\/sites\/7\/2025\/12\/democratie-en-veiligheid.png","type":"image\/png"}],"twitter_card":"summary_large_image","twitter_misc":{"Geschatte leestijd":"1 minuut"},"schema":{"@context":"https:\/\/schema.org","@graph":[{"@type":"WebPage","@id":"https:\/\/d66.nl\/landvancuijk\/verkiezingsprogramma\/democratie-en-veiligheid\/","url":"https:\/\/d66.nl\/landvancuijk\/verkiezingsprogramma\/democratie-en-veiligheid\/","name":"Democratie en veiligheid &#8211; D66 Land van Cuijk","isPartOf":{"@id":"https:\/\/d66.nl\/landvancuijk\/#website"},"primaryImageOfPage":{"@id":"https:\/\/d66.nl\/landvancuijk\/verkiezingsprogramma\/democratie-en-veiligheid\/#primaryimage"},"image":{"@id":"https:\/\/d66.nl\/landvancuijk\/verkiezingsprogramma\/democratie-en-veiligheid\/#primaryimage"},"thumbnailUrl":"https:\/\/d66.nl\/landvancuijk\/wp-content\/uploads\/sites\/7\/2025\/12\/democratie-en-veiligheid.png","datePublished":"2025-12-20T12:22:20+00:00","dateModified":"2025-12-23T18:34:43+00:00","breadcrumb":{"@id":"https:\/\/d66.nl\/landvancuijk\/verkiezingsprogramma\/democratie-en-veiligheid\/#breadcrumb"},"inLanguage":"nl-NL","potentialAction":[{"@type":"ReadAction","target":["https:\/\/d66.nl\/landvancuijk\/verkiezingsprogramma\/democratie-en-veiligheid\/"]}]},{"@type":"ImageObject","inLanguage":"nl-NL","@id":"https:\/\/d66.nl\/landvancuijk\/verkiezingsprogramma\/democratie-en-veiligheid\/#primaryimage","url":"https:\/\/d66.nl\/landvancuijk\/wp-content\/uploads\/sites\/7\/2025\/12\/democratie-en-veiligheid.png","contentUrl":"https:\/\/d66.nl\/landvancuijk\/wp-content\/uploads\/sites\/7\/2025\/12\/democratie-en-veiligheid.png","width":1107,"height":637},{"@type":"BreadcrumbList","@id":"https:\/\/d66.nl\/landvancuijk\/verkiezingsprogramma\/democratie-en-veiligheid\/#breadcrumb","itemListElement":[{"@type":"ListItem","position":1,"name":"Home","item":"https:\/\/d66.nl\/landvancuijk\/"},{"@type":"ListItem","position":2,"name":"Democratie en veiligheid"}]},{"@type":"WebSite","@id":"https:\/\/d66.nl\/landvancuijk\/#website","url":"https:\/\/d66.nl\/landvancuijk\/","name":"D66 Land van Cuijk","description":"Just another D66 Sites site","publisher":{"@id":"https:\/\/d66.nl\/landvancuijk\/#organization"},"potentialAction":[{"@type":"SearchAction","target":{"@type":"EntryPoint","urlTemplate":"https:\/\/d66.nl\/landvancuijk\/?s={search_term_string}"},"query-input":{"@type":"PropertyValueSpecification","valueRequired":true,"valueName":"search_term_string"}}],"inLanguage":"nl-NL"},{"@type":"Organization","@id":"https:\/\/d66.nl\/landvancuijk\/#organization","name":"D66","url":"https:\/\/d66.nl\/landvancuijk\/","logo":{"@type":"ImageObject","inLanguage":"nl-NL","@id":"https:\/\/d66.nl\/landvancuijk\/#\/schema\/logo\/image\/","url":"https:\/\/d66.nl\/landvancuijk\/wp-content\/uploads\/sites\/7\/2021\/10\/d66-themas-algemeen-og.png","contentUrl":"https:\/\/d66.nl\/landvancuijk\/wp-content\/uploads\/sites\/7\/2021\/10\/d66-themas-algemeen-og.png","width":1200,"height":628,"caption":"D66"},"image":{"@id":"https:\/\/d66.nl\/landvancuijk\/#\/schema\/logo\/image\/"}}]}},"_links":{"self":[{"href":"https:\/\/d66.nl\/landvancuijk\/wp-json\/wp\/v2\/verkiezingsprogramma\/1035","targetHints":{"allow":["GET"]}}],"collection":[{"href":"https:\/\/d66.nl\/landvancuijk\/wp-json\/wp\/v2\/verkiezingsprogramma"}],"about":[{"href":"https:\/\/d66.nl\/landvancuijk\/wp-json\/wp\/v2\/types\/manifesto"}],"author":[{"embeddable":true,"href":"https:\/\/d66.nl\/landvancuijk\/wp-json\/wp\/v2\/users\/1877"}],"wp:featuredmedia":[{"embeddable":true,"href":"https:\/\/d66.nl\/landvancuijk\/wp-json\/wp\/v2\/media\/1489"}],"wp:attachment":[{"href":"https:\/\/d66.nl\/landvancuijk\/wp-json\/wp\/v2\/media?parent=1035"}],"wp:term":[{"taxonomy":"search-tags","embeddable":true,"href":"https:\/\/d66.nl\/landvancuijk\/wp-json\/wp\/v2\/search-tags?post=1035"},{"taxonomy":"themes-or-point-of-view","embeddable":true,"href":"https:\/\/d66.nl\/landvancuijk\/wp-json\/wp\/v2\/themes-or-point-of-view?post=1035"}],"curies":[{"name":"wp","href":"https:\/\/api.w.org\/{rel}","templated":true}]}}