{"id":544,"date":"2022-01-16T11:14:32","date_gmt":"2022-01-16T11:14:32","guid":{"rendered":"https:\/\/d66.nl\/landsmeer\/?post_type=people-type&#038;p=544"},"modified":"2026-03-03T13:47:29","modified_gmt":"2026-03-03T13:47:29","slug":"annet-schelling","status":"publish","type":"people-type","link":"https:\/\/d66.nl\/landsmeer\/mensen\/annet-schelling\/","title":{"rendered":"Annet Schelling"},"content":{"rendered":"<div\n  id=\"\"\n  class=\"wrapper  wrapper__spacing-bottom-large--50 wrapper__spacing-bottom-desktop--66 wrapper__spacing-bottom-mobile--76  wrapper__gutter--none\"\n  >\n  \t<div class=\"wrapper__container wrapper__container-width-large--default\">\n\t  <div class=\"wrapper__inner wrapper__width-large--14 wrapper__width-desktop--20 wrapper__width-mobile--24 wrapper__offset-large--6 wrapper__offset-desktop--4 wrapper__offset-mobile--0\">\n\t\t<h1 class=\"heading   heading__size--giant heading__font--serif heading__weight--regular  block-heading__heading\" id=\"nav-annet-schelling5453\"  data-nav-heading-mobile=\"Annet Schelling\" >\n\tAnnet Schelling<\/h1>\t  <\/div>\n\t<\/div>\n  <\/div>\n\n\n<div\n  id=\"\"\n  class=\"wrapper  wrapper__spacing-bottom-large--20  wrapper__gutter--none\"\n  >\n  \t<div class=\"wrapper__container wrapper__container-width-large--default\">\n\t  <div class=\"wrapper__inner wrapper__width-large--24 wrapper__width-mobile--24\">\n\t\t<img loading=\"lazy\" decoding=\"async\" width=\"681\" height=\"1024\" src=\"https:\/\/media.d66.nl\/uploads\/sites\/191\/2022\/01\/D66Landsmeer-CindyvanRees-20260117-HR-DSC_0334-681x1024.jpg\" class=\"image block-image__img\" alt=\"\" srcset=\"https:\/\/media.d66.nl\/uploads\/sites\/191\/2022\/01\/D66Landsmeer-CindyvanRees-20260117-HR-DSC_0334-681x1024.jpg 681w, https:\/\/media.d66.nl\/uploads\/sites\/191\/2022\/01\/D66Landsmeer-CindyvanRees-20260117-HR-DSC_0334-200x300.jpg 200w, https:\/\/media.d66.nl\/uploads\/sites\/191\/2022\/01\/D66Landsmeer-CindyvanRees-20260117-HR-DSC_0334-768x1154.jpg 768w, https:\/\/media.d66.nl\/uploads\/sites\/191\/2022\/01\/D66Landsmeer-CindyvanRees-20260117-HR-DSC_0334-1022x1536.jpg 1022w, https:\/\/media.d66.nl\/uploads\/sites\/191\/2022\/01\/D66Landsmeer-CindyvanRees-20260117-HR-DSC_0334.jpg 1024w\" sizes=\"auto, (max-width: 681px) 100vw, 681px\" \/>\n\t\t\t<div class=\"image__caption-wrapper block-image__caption-wrapper\">\n\t\t\t<div class=\"image__caption block-image__caption\">\n\t\t\t\t<p class=\"paragraph paragraph__align--left paragraph__color--black paragraph__size--small paragraph__weight--medium\">\n\t\tBeeld: D66 Landsmeer\t<\/p>\t\t\t<\/div>\n\t\t<\/div>\t  <\/div>\n\t<\/div>\n  <\/div>\n\n\n<div\n  id=\"\"\n  class=\"wrapper  wrapper__spacing-bottom-large--50 wrapper__spacing-bottom-desktop--70 wrapper__spacing-bottom-mobile--50  wrapper__gutter--none\"\n  >\n  \t<div class=\"wrapper__container wrapper__container-width-large--default\">\n\t  <div class=\"wrapper__inner wrapper__width-large--18 wrapper__width-desktop--22 wrapper__width-mobile--24 wrapper__offset-large--6 wrapper__offset-desktop--2 wrapper__offset-mobile--0\">\n\t\t<section class=\"block-people-introduction\">\n\t<div class=\"block-people-introduction__content\">\n\t\t<p class=\"paragraph paragraph__align--left paragraph__color--black paragraph__size--big\">\n\t\t\t<\/p><section class=\"people-bullet-point-card block-people-introduction__people-bullet-point-card\" style=\"--bg-color: var(--global-colors-texasRose)\">\n\t<div class=\"people-bullet-point-card__wrapper\">\n\t\t<div class=\"people-bullet-point-card__title\">\n\t\t\t<h2 class=\"heading    heading__font--sans heading__weight--bold\" id=\"nav-over-annet-schelling3691\" data-nav-heading-mobile=\"Over Annet Schelling\">\n\tOver Annet Schelling<\/h2>\t\t\t<div aria-hidden=\"true\" class=\"people-bullet-point-card__border\"><\/div>\n\t\t<\/div>\n\t\t<div class=\"people-bullet-point-card__info\">\n\t\t\t<ul class=\"lists\">\n\t\t\t\t<li><label>Leeftijd<\/label><span>44 jaar<\/span><\/li>\t\t\t\t<li><label>Geboorteplaats<\/label><span>Lienden<\/span><\/li>\t\t\t\t<li><label>Woonplaats<\/label><span>Landsmeer<\/span><\/li>\t\t\t\t<li><label>Voornaamwoorden<\/label><span>Zij\/haar<\/span><\/li>\t\t\t<\/ul>\n\t\t\t\t\t<\/div>\n\t\t\t\t\t<div class=\"people-bullet-point-card__email\">\n\t\t\t\t<span>\n\t\t\t\t\tStuur Annet Schelling een <a href=\"mailto:info@d66landsmeer.nl\">e-mail<\/a>\t\t\t\t<\/span>\n\t\t\t<\/div>\n\t\t\n\t\t\t\t\t<div aria-hidden=\"true\" class=\"people-bullet-point-card__border\"><\/div>\n\t\t\t<div class=\"people-bullet-point-card__socialmedia\">\n\t\t\t\t<ul class=\"people-bullet-point-card__sm_panel\"><li><a href=\"https:\/\/www.instagram.com\/d66_landsmeer\/\" target=\"_blank\">Ig<\/a><\/li><li><a href=\"https:\/\/www.facebook.com\/d66landsmeer\" target=\"_blank\">Fb<\/a><\/li><\/ul>\t\t\t<\/div>\n\t\t\n\t\t\t<\/div>\n<\/section><p class=\"paragraph paragraph__align--left paragraph__color--black paragraph__size--default\">\n\t\tIk spreek me uit voor goed en toegankelijk basis en middelbaar onderwijs in Landsmeer en Amsterdam. Daarnaast is het de toon die de muziek maakt. Juist in deze tijd waarin de tegenstellingen uitvergroot lijken te worden, wil ik me inzetten om tegenstellingen te verkleinen en te streven naar een harmonieus en duurzaam Landsmeer.\t<\/p><div class=\"content-accordion js-content-accordion\" data-accordion-opened=\"0\">\n\n\t\t\t<div aria-hidden=\"true\" class=\"content-accordion__border\"><\/div>\n\t\n\t<button id=\"content-accordion-trigger-2617719108\" class=\"content-accordion__trigger js-content-accordion-trigger\" aria-label=\"Expertises (portefeuilles)\" aria-controls>\n\t\t<div class=\"content-accordion__heading\">\n\t\t\t<h3 class=\"heading   heading__size--medium heading__font--sans heading__weight--bold\" id=\"nav-expertises--portefeuilles-6912\">\n\tExpertises (portefeuilles)<\/h3>\t\t<\/div>\n\t\t<div class=\"content-accordion__icon\" aria-hidden=\"true\"><\/div>\n\t<\/button>\n\n\t<section id=\"content-accordion-panel-2617719108\" class=\"content-accordion__panel js-content-accordion-panel\" aria-hidden=\"true\" aria-labelledby=\"content-accordion-trigger-2617719108\">\n\t\t<div class=\"content-accordion__content-wrapper\">\n\t\t\t<div class=\"content-accordion__description\">\n\t\t\t\tOnderwijs<br \/>\r\nKlimaat en milieu<br \/>\r\nDuurzaamheid<br \/>\r\nWonen\t\t\t<\/div>\n\t\t<\/div>\n\t<\/section>\n\t<div aria-hidden=\"true\" class=\"content-accordion__border\"><\/div>\n<\/div><div class=\"content-accordion js-content-accordion\" data-accordion-opened=\"0\">\n\n\t\n\t<button id=\"content-accordion-trigger-3583007996\" class=\"content-accordion__trigger js-content-accordion-trigger\" aria-label=\"Functie historie\" aria-controls>\n\t\t<div class=\"content-accordion__heading\">\n\t\t\t<h3 class=\"heading   heading__size--medium heading__font--sans heading__weight--bold\" id=\"nav-functie-historie9026\">\n\tFunctie historie<\/h3>\t\t<\/div>\n\t\t<div class=\"content-accordion__icon\" aria-hidden=\"true\"><\/div>\n\t<\/button>\n\n\t<section id=\"content-accordion-panel-3583007996\" class=\"content-accordion__panel js-content-accordion-panel\" aria-hidden=\"true\" aria-labelledby=\"content-accordion-trigger-3583007996\">\n\t\t<div class=\"content-accordion__content-wrapper\">\n\t\t\t<div class=\"content-accordion__description\">\n\t\t\t\t<ul class=\"content-accordion lists content-accordion__lists lists__weight--medium lists__color--black lists__type--default\"><li><label>2022- heden<\/label><span>Gemeenteraadslid<\/span><\/li><\/ul>\t\t\t<\/div>\n\t\t<\/div>\n\t<\/section>\n\t<div aria-hidden=\"true\" class=\"content-accordion__border\"><\/div>\n<\/div>\t<\/div>\n<\/section>\n\t  <\/div>\n\t<\/div>\n  <\/div>\n\n\n<div\n  id=\"\"\n  class=\"wrapper  wrapper__spacing-bottom-large--50 wrapper__spacing-bottom-desktop--70 wrapper__spacing-bottom-mobile--50  wrapper__gutter--none\"\n  >\n  \t<div class=\"wrapper__container wrapper__container-width-large--default\">\n\t  <div class=\"wrapper__inner wrapper__width-large--18 wrapper__width-desktop--22 wrapper__width-mobile--24 wrapper__offset-large--6 wrapper__offset-desktop--2 wrapper__offset-mobile--0\">\n\t\t<section class=\"block-post-content\">\n\t<div class=\"block-post-content__title\">\n\t\t<h3 class=\"heading  heading__color--black heading__size--medium heading__font--sans heading__weight--semiBold  block-post-content__heading\" id=\"nav-lievelingsplek-in-je-gemeente--en-waarom--5866\" data-nav-heading-mobile=\"Lievelingsplek in je gemeente (en waarom?)\">\n\tLievelingsplek in je gemeente (en waarom?)<\/h3>\t<\/div>\n\t<div class=\"block-post-content__content\">\n\t\t\n<div\n  id=\"\"\n  class=\"wrapper  wrapper__spacing-bottom-large--30 wrapper__spacing-bottom-desktop--20  wrapper__gutter--none\"\n  >\n  \t<div class=\"wrapper__container wrapper__container-width-large--default\">\n\t  <div class=\"wrapper__inner wrapper__width-large--24 wrapper__width-mobile--24\">\n\t\t<p\n\t\tclass=\"paragraph paragraph__align--left paragraph__color--black paragraph__size--default   block-paragraph__paragraph\"\n\t\t\t>\n\t\tSportpark de Breek! Het is de plek om lekker buiten te zijn en actief te bewegen.\u00a0Op zaterdagochtend sta ik langs de lijn, vol spanning, en elke week train ik met plezier bij mijn bootcampclubje. Het sportpark wordt steeds mooier. Nieuwe toestellen bij de ingang maken het nog leuker om te sporten, en iedereen heeft reikhalzend uitgekeken naar het voorjaar en de opening van restaurant de Breek. Het wordt een plek waar bewegen, ontmoeten en genieten samenkomen. Kortom: een plek waar ik blij van\u00a0word!\u00a0\t<\/p>\t  <\/div>\n\t<\/div>\n  <\/div>\n\n\t<\/div>\n\n\t<div class=\"block-post-content__sidebar\">\n\t\t\n\t\t\n\t\t\t<\/div>\n<\/section>\n\t  <\/div>\n\t<\/div>\n  <\/div>\n\n\n<div\n  id=\"\"\n  class=\"wrapper  wrapper__spacing-bottom-large--50 wrapper__spacing-bottom-desktop--70 wrapper__spacing-bottom-mobile--50  wrapper__gutter--none\"\n  >\n  \t<div class=\"wrapper__container wrapper__container-width-large--default\">\n\t  <div class=\"wrapper__inner wrapper__width-large--18 wrapper__width-desktop--22 wrapper__width-mobile--24 wrapper__offset-large--6 wrapper__offset-desktop--2 wrapper__offset-mobile--0\">\n\t\t<section class=\"block-post-content\">\n\t<div class=\"block-post-content__title\">\n\t\t<h3 class=\"heading  heading__color--black heading__size--medium heading__font--sans heading__weight--semiBold  block-post-content__heading\" id=\"nav-welke-kansen-zie-jij-voor-je-gemeente-4751\" data-nav-heading-mobile=\"Welke kansen zie jij voor je gemeente?\">\n\tWelke kansen zie jij voor je gemeente?<\/h3>\t<\/div>\n\t<div class=\"block-post-content__content\">\n\t\t\n<div\n  id=\"\"\n  class=\"wrapper  wrapper__spacing-bottom-large--30 wrapper__spacing-bottom-desktop--20  wrapper__gutter--none\"\n  >\n  \t<div class=\"wrapper__container wrapper__container-width-large--default\">\n\t  <div class=\"wrapper__inner wrapper__width-large--24 wrapper__width-mobile--24\">\n\t\t<p\n\t\tclass=\"paragraph paragraph__align--left paragraph__color--black paragraph__size--default   block-paragraph__paragraph\"\n\t\t\t>\n\t\t1. Gezondheid, welzijn, sport en cultuur voorop<br>Bij elk besluit stellen we \u00e9\u00e9n vraag centraal:\u00a0<em>wat betekent dit voor onze kinderen?<\/em><br>Door kinderen centraal te zetten, versterken we hun directe omgeving: ouders, grootouders, opvang, scholen, muziek- en sportverenigingen. Het hele dorp doet mee. Zo signaleren we (mentale) problemen eerder en ondersteunen we elkaar beter.<br>Maar het gaat niet alleen om kinderen. Door vanuit hun perspectief te denken, zetten we het welzijn van \u00e9lke Landmeerder, Den Ilper en Purmerlander voorop, jong \u00e9n oud, gezinnen \u00e9n alleenstaanden.<br><br>2. Goede schoolhuisvesting en sterke voorzieningen<br>Met inzet van D66 heeft de gemeente Landsmeer middelen beschikbaar gesteld voor goede basisschoolhuisvesting. Nu is het aan het college om samen met de schoolbesturen te investeren in toekomstbestendige scholen.<br>We volgen dit traject met vertrouwen, maar zijn pas echt tevreden als:<br>de scholen zijn vernieuwd,<br>schoolpleinen groen en toegankelijk blijven, \u00a0ook na schooltijd,<br>en onze voorzieningen worden versterkt.<br>Naast investeringen in de basisscholen, pleiten we ook voor investeringen in andere voorzieningen, te beginnen bij de eigendommen van de gemeente. Goede huisvesting en sterke voorzieningen zijn de basis van een levendige gemeenschap.<br><br>3. Veilig over straat<br>We kiezen \u00e9cht voor de fietser en de voetganger. Een maximumsnelheid van 30 km per uur in de dorpen moet de norm worden.<br>Kinderen moeten veilig naar de basis- en middelbare school kunnen fietsen. Overdag \u00e9n \u2019s nachts moet iedereen zich veilig kunnen verplaatsen, lopend op de fiets en met het openbaar vervoer.\u00a0Daar zet ik me voor in.<br>\t<\/p>\t  <\/div>\n\t<\/div>\n  <\/div>\n\n\t<\/div>\n\n\t<div class=\"block-post-content__sidebar\">\n\t\t\n\t\t\n\t\t\t<\/div>\n<\/section>\n\t  <\/div>\n\t<\/div>\n  <\/div>\n\n\n<div\n  id=\"\"\n  class=\"wrapper  wrapper__spacing-bottom-large--50 wrapper__spacing-bottom-desktop--70 wrapper__spacing-bottom-mobile--50  wrapper__gutter--none\"\n  >\n  \t<div class=\"wrapper__container wrapper__container-width-large--default\">\n\t  <div class=\"wrapper__inner wrapper__width-large--18 wrapper__width-desktop--22 wrapper__width-mobile--24 wrapper__offset-large--6 wrapper__offset-desktop--2 wrapper__offset-mobile--0\">\n\t\t<section class=\"block-post-content\">\n\t<div class=\"block-post-content__title\">\n\t\t<h3 class=\"heading  heading__color--black heading__size--medium heading__font--sans heading__weight--semiBold  block-post-content__heading\" id=\"nav-wat-zijn-drie-zaken-die-jij-als-raadslid-wil-veranderen-4545\" data-nav-heading-mobile=\"Wat zijn drie zaken die jij als raadslid wil veranderen?\">\n\tWat zijn drie zaken die jij als raadslid wil veranderen?<\/h3>\t<\/div>\n\t<div class=\"block-post-content__content\">\n\t\t\n<div\n  id=\"\"\n  class=\"wrapper  wrapper__spacing-bottom-large--20  wrapper__gutter--none\"\n  >\n  \t<div class=\"wrapper__container wrapper__container-width-large--default\">\n\t  <div class=\"wrapper__inner wrapper__width-large--24 wrapper__width-mobile--24\">\n\t\t\t<div class=\"block-lists  block-lists__color--black\">\n\t\t<p class=\"paragraph  paragraph__color--black paragraph__size--default\">\n\t\t\t<\/p><ul class=\"block-lists lists__lists lists__weight--medium lists__color--black lists__type--default\">\n\t<li>Goed onderwijs, huisvesting en toegang tot middelbare scholen in de regio<\/li><li>Veilig fietsen over &#8216;t lint<\/li><li>Plekken cre\u00ebren voor elektrische deelauto&#8217;s. Zo kunnen we lekker elektrisch de stad in.\u00a0<\/li><\/ul>\t<\/div>\n\t\t  <\/div>\n\t<\/div>\n  <\/div>\n\n\t<\/div>\n\n\t<div class=\"block-post-content__sidebar\">\n\t\t\n\t\t\n\t\t\t<\/div>\n<\/section>\n\t  <\/div>\n\t<\/div>\n  <\/div>\n","protected":false},"author":215,"featured_media":996,"menu_order":0,"template":"","labels":[],"search-tags":[],"division-tags":[31,30],"class_list":["post-544","people-type","type-people-type","status-publish","has-post-thumbnail","hentry","division-tags-dit-is-onze-fractie-en-wethouder","division-tags-kandidaten"],"acf":[],"yoast_head":"<!-- This site is optimized with the Yoast SEO plugin v27.3 - https:\/\/yoast.com\/product\/yoast-seo-wordpress\/ -->\n<title>D66 Landsmeer &#8212; Onze mensen<\/title>\n<meta name=\"robots\" content=\"index, follow, max-snippet:-1, max-image-preview:large, max-video-preview:-1\" \/>\n<link rel=\"canonical\" href=\"https:\/\/d66.nl\/landsmeer\/mensen\/annet-schelling\/\" \/>\n<meta property=\"og:locale\" content=\"nl_NL\" \/>\n<meta property=\"og:type\" content=\"article\" \/>\n<meta property=\"og:title\" content=\"D66 Landsmeer &#8212; Onze mensen\" \/>\n<meta property=\"og:url\" content=\"https:\/\/d66.nl\/landsmeer\/mensen\/annet-schelling\/\" \/>\n<meta property=\"og:site_name\" content=\"D66 Landsmeer\" \/>\n<meta property=\"article:modified_time\" content=\"2026-03-03T13:47:29+00:00\" \/>\n<meta property=\"og:image\" content=\"https:\/\/media.d66.nl\/uploads\/sites\/191\/2022\/01\/D66Landsmeer-CindyvanRees-20260117-HR-DSC_0334.jpg\" \/>\n\t<meta property=\"og:image:width\" content=\"1024\" \/>\n\t<meta property=\"og:image:height\" content=\"1539\" \/>\n\t<meta property=\"og:image:type\" content=\"image\/jpeg\" \/>\n<meta name=\"twitter:card\" content=\"summary_large_image\" \/>\n<meta name=\"twitter:label1\" content=\"Geschatte leestijd\" \/>\n\t<meta name=\"twitter:data1\" content=\"1 minuut\" \/>\n<script type=\"application\/ld+json\" class=\"yoast-schema-graph\">{\"@context\":\"https:\\\/\\\/schema.org\",\"@graph\":[{\"@type\":\"WebPage\",\"@id\":\"https:\\\/\\\/d66.nl\\\/landsmeer\\\/mensen\\\/annet-schelling\\\/\",\"url\":\"https:\\\/\\\/d66.nl\\\/landsmeer\\\/mensen\\\/annet-schelling\\\/\",\"name\":\"D66 Landsmeer &#8212; Onze mensen\",\"isPartOf\":{\"@id\":\"https:\\\/\\\/d66.nl\\\/landsmeer\\\/#website\"},\"primaryImageOfPage\":{\"@id\":\"https:\\\/\\\/d66.nl\\\/landsmeer\\\/mensen\\\/annet-schelling\\\/#primaryimage\"},\"image\":{\"@id\":\"https:\\\/\\\/d66.nl\\\/landsmeer\\\/mensen\\\/annet-schelling\\\/#primaryimage\"},\"thumbnailUrl\":\"https:\\\/\\\/media.d66.nl\\\/uploads\\\/sites\\\/191\\\/2022\\\/01\\\/D66Landsmeer-CindyvanRees-20260117-HR-DSC_0334.jpg\",\"datePublished\":\"2022-01-16T11:14:32+00:00\",\"dateModified\":\"2026-03-03T13:47:29+00:00\",\"breadcrumb\":{\"@id\":\"https:\\\/\\\/d66.nl\\\/landsmeer\\\/mensen\\\/annet-schelling\\\/#breadcrumb\"},\"inLanguage\":\"nl-NL\",\"potentialAction\":[{\"@type\":\"ReadAction\",\"target\":[\"https:\\\/\\\/d66.nl\\\/landsmeer\\\/mensen\\\/annet-schelling\\\/\"]}]},{\"@type\":\"ImageObject\",\"inLanguage\":\"nl-NL\",\"@id\":\"https:\\\/\\\/d66.nl\\\/landsmeer\\\/mensen\\\/annet-schelling\\\/#primaryimage\",\"url\":\"https:\\\/\\\/media.d66.nl\\\/uploads\\\/sites\\\/191\\\/2022\\\/01\\\/D66Landsmeer-CindyvanRees-20260117-HR-DSC_0334.jpg\",\"contentUrl\":\"https:\\\/\\\/media.d66.nl\\\/uploads\\\/sites\\\/191\\\/2022\\\/01\\\/D66Landsmeer-CindyvanRees-20260117-HR-DSC_0334.jpg\",\"width\":1024,\"height\":1539},{\"@type\":\"BreadcrumbList\",\"@id\":\"https:\\\/\\\/d66.nl\\\/landsmeer\\\/mensen\\\/annet-schelling\\\/#breadcrumb\",\"itemListElement\":[{\"@type\":\"ListItem\",\"position\":1,\"name\":\"Home\",\"item\":\"https:\\\/\\\/d66.nl\\\/landsmeer\\\/\"},{\"@type\":\"ListItem\",\"position\":2,\"name\":\"Mensen\",\"item\":\"https:\\\/\\\/d66.nl\\\/landsmeer\\\/mensen\\\/\"},{\"@type\":\"ListItem\",\"position\":3,\"name\":\"Annet Schelling\"}]},{\"@type\":\"WebSite\",\"@id\":\"https:\\\/\\\/d66.nl\\\/landsmeer\\\/#website\",\"url\":\"https:\\\/\\\/d66.nl\\\/landsmeer\\\/\",\"name\":\"D66 Landsmeer\",\"description\":\"Just another D66 Sites site\",\"publisher\":{\"@id\":\"https:\\\/\\\/d66.nl\\\/landsmeer\\\/#organization\"},\"potentialAction\":[{\"@type\":\"SearchAction\",\"target\":{\"@type\":\"EntryPoint\",\"urlTemplate\":\"https:\\\/\\\/d66.nl\\\/landsmeer\\\/?s={search_term_string}\"},\"query-input\":{\"@type\":\"PropertyValueSpecification\",\"valueRequired\":true,\"valueName\":\"search_term_string\"}}],\"inLanguage\":\"nl-NL\"},{\"@type\":\"Organization\",\"@id\":\"https:\\\/\\\/d66.nl\\\/landsmeer\\\/#organization\",\"name\":\"D66\",\"url\":\"https:\\\/\\\/d66.nl\\\/landsmeer\\\/\",\"logo\":{\"@type\":\"ImageObject\",\"inLanguage\":\"nl-NL\",\"@id\":\"https:\\\/\\\/d66.nl\\\/landsmeer\\\/#\\\/schema\\\/logo\\\/image\\\/\",\"url\":\"https:\\\/\\\/d66.nl\\\/landsmeer\\\/wp-content\\\/uploads\\\/sites\\\/2\\\/2021\\\/10\\\/d66-themas-algemeen-og.png\",\"contentUrl\":\"https:\\\/\\\/d66.nl\\\/landsmeer\\\/wp-content\\\/uploads\\\/sites\\\/2\\\/2021\\\/10\\\/d66-themas-algemeen-og.png\",\"width\":1200,\"height\":628,\"caption\":\"D66\"},\"image\":{\"@id\":\"https:\\\/\\\/d66.nl\\\/landsmeer\\\/#\\\/schema\\\/logo\\\/image\\\/\"}}]}<\/script>\n<!-- \/ Yoast SEO plugin. -->","yoast_head_json":{"title":"D66 Landsmeer &#8212; Onze mensen","robots":{"index":"index","follow":"follow","max-snippet":"max-snippet:-1","max-image-preview":"max-image-preview:large","max-video-preview":"max-video-preview:-1"},"canonical":"https:\/\/d66.nl\/landsmeer\/mensen\/annet-schelling\/","og_locale":"nl_NL","og_type":"article","og_title":"D66 Landsmeer &#8212; Onze mensen","og_url":"https:\/\/d66.nl\/landsmeer\/mensen\/annet-schelling\/","og_site_name":"D66 Landsmeer","article_modified_time":"2026-03-03T13:47:29+00:00","og_image":[{"width":1024,"height":1539,"url":"https:\/\/media.d66.nl\/uploads\/sites\/191\/2022\/01\/D66Landsmeer-CindyvanRees-20260117-HR-DSC_0334.jpg","type":"image\/jpeg"}],"twitter_card":"summary_large_image","twitter_misc":{"Geschatte leestijd":"1 minuut"},"schema":{"@context":"https:\/\/schema.org","@graph":[{"@type":"WebPage","@id":"https:\/\/d66.nl\/landsmeer\/mensen\/annet-schelling\/","url":"https:\/\/d66.nl\/landsmeer\/mensen\/annet-schelling\/","name":"D66 Landsmeer &#8212; Onze mensen","isPartOf":{"@id":"https:\/\/d66.nl\/landsmeer\/#website"},"primaryImageOfPage":{"@id":"https:\/\/d66.nl\/landsmeer\/mensen\/annet-schelling\/#primaryimage"},"image":{"@id":"https:\/\/d66.nl\/landsmeer\/mensen\/annet-schelling\/#primaryimage"},"thumbnailUrl":"https:\/\/media.d66.nl\/uploads\/sites\/191\/2022\/01\/D66Landsmeer-CindyvanRees-20260117-HR-DSC_0334.jpg","datePublished":"2022-01-16T11:14:32+00:00","dateModified":"2026-03-03T13:47:29+00:00","breadcrumb":{"@id":"https:\/\/d66.nl\/landsmeer\/mensen\/annet-schelling\/#breadcrumb"},"inLanguage":"nl-NL","potentialAction":[{"@type":"ReadAction","target":["https:\/\/d66.nl\/landsmeer\/mensen\/annet-schelling\/"]}]},{"@type":"ImageObject","inLanguage":"nl-NL","@id":"https:\/\/d66.nl\/landsmeer\/mensen\/annet-schelling\/#primaryimage","url":"https:\/\/media.d66.nl\/uploads\/sites\/191\/2022\/01\/D66Landsmeer-CindyvanRees-20260117-HR-DSC_0334.jpg","contentUrl":"https:\/\/media.d66.nl\/uploads\/sites\/191\/2022\/01\/D66Landsmeer-CindyvanRees-20260117-HR-DSC_0334.jpg","width":1024,"height":1539},{"@type":"BreadcrumbList","@id":"https:\/\/d66.nl\/landsmeer\/mensen\/annet-schelling\/#breadcrumb","itemListElement":[{"@type":"ListItem","position":1,"name":"Home","item":"https:\/\/d66.nl\/landsmeer\/"},{"@type":"ListItem","position":2,"name":"Mensen","item":"https:\/\/d66.nl\/landsmeer\/mensen\/"},{"@type":"ListItem","position":3,"name":"Annet Schelling"}]},{"@type":"WebSite","@id":"https:\/\/d66.nl\/landsmeer\/#website","url":"https:\/\/d66.nl\/landsmeer\/","name":"D66 Landsmeer","description":"Just another D66 Sites site","publisher":{"@id":"https:\/\/d66.nl\/landsmeer\/#organization"},"potentialAction":[{"@type":"SearchAction","target":{"@type":"EntryPoint","urlTemplate":"https:\/\/d66.nl\/landsmeer\/?s={search_term_string}"},"query-input":{"@type":"PropertyValueSpecification","valueRequired":true,"valueName":"search_term_string"}}],"inLanguage":"nl-NL"},{"@type":"Organization","@id":"https:\/\/d66.nl\/landsmeer\/#organization","name":"D66","url":"https:\/\/d66.nl\/landsmeer\/","logo":{"@type":"ImageObject","inLanguage":"nl-NL","@id":"https:\/\/d66.nl\/landsmeer\/#\/schema\/logo\/image\/","url":"https:\/\/d66.nl\/landsmeer\/wp-content\/uploads\/sites\/2\/2021\/10\/d66-themas-algemeen-og.png","contentUrl":"https:\/\/d66.nl\/landsmeer\/wp-content\/uploads\/sites\/2\/2021\/10\/d66-themas-algemeen-og.png","width":1200,"height":628,"caption":"D66"},"image":{"@id":"https:\/\/d66.nl\/landsmeer\/#\/schema\/logo\/image\/"}}]}},"_links":{"self":[{"href":"https:\/\/d66.nl\/landsmeer\/wp-json\/wp\/v2\/people-type\/544","targetHints":{"allow":["GET"]}}],"collection":[{"href":"https:\/\/d66.nl\/landsmeer\/wp-json\/wp\/v2\/people-type"}],"about":[{"href":"https:\/\/d66.nl\/landsmeer\/wp-json\/wp\/v2\/types\/people-type"}],"author":[{"embeddable":true,"href":"https:\/\/d66.nl\/landsmeer\/wp-json\/wp\/v2\/users\/215"}],"wp:featuredmedia":[{"embeddable":true,"href":"https:\/\/d66.nl\/landsmeer\/wp-json\/wp\/v2\/media\/996"}],"wp:attachment":[{"href":"https:\/\/d66.nl\/landsmeer\/wp-json\/wp\/v2\/media?parent=544"}],"wp:term":[{"taxonomy":"labels","embeddable":true,"href":"https:\/\/d66.nl\/landsmeer\/wp-json\/wp\/v2\/labels?post=544"},{"taxonomy":"search-tags","embeddable":true,"href":"https:\/\/d66.nl\/landsmeer\/wp-json\/wp\/v2\/search-tags?post=544"},{"taxonomy":"division-tags","embeddable":true,"href":"https:\/\/d66.nl\/landsmeer\/wp-json\/wp\/v2\/division-tags?post=544"}],"curies":[{"name":"wp","href":"https:\/\/api.w.org\/{rel}","templated":true}]}}