{"id":1425,"date":"2025-12-02T14:41:23","date_gmt":"2025-12-02T14:41:23","guid":{"rendered":"https:\/\/d66.nl\/land-van-heusden-en-altena\/?post_type=manifesto&#038;p=1425"},"modified":"2026-01-28T13:11:54","modified_gmt":"2026-01-28T13:11:54","slug":"voor-elke-nederlander-onderwijs-op-maat","status":"publish","type":"manifesto","link":"https:\/\/d66.nl\/land-van-heusden-en-altena\/verkiezingsprogramma\/voor-elke-nederlander-onderwijs-op-maat\/","title":{"rendered":"Voor elke Nederlander onderwijs op maat"},"content":{"rendered":"<section\n  class=\"block-big-hero\"\n  style=\"background-image: url('https:\/\/media.d66.nl\/uploads\/sites\/108\/2025\/12\/iStock-1295413468.jpg.jpg')\"\n  data-video-url=\"\"\n>\n  <div class=\"block-big-hero__wrapper\">\n\t<div class=\"block-big-hero__content-wrapper\">\n\t  <div class=\"block-big-hero__heading\">\n\t\t<h1 class=\"heading heading__align--left heading__color--white heading__size--huge  heading__weight--bold\" id=\"nav-5520\" data-nav-heading-mobile=\"\">\n\t<\/h1>\t  <\/div>\n\n\t  \n\t<\/div>\n\n\t\n  <\/div>\n<\/section>\n\n  <\/div>\n\n\n<div\n  id=\"\"\n  class=\"wrapper  wrapper__spacing-bottom-large--20  wrapper__gutter--none\"\n  >\n  \t<div class=\"wrapper__container wrapper__container-width-large--default\">\n\t  <div class=\"wrapper__inner wrapper__width-large--23 wrapper__width-mobile--24 wrapper__offset-large--1\">\n\t\t<h2 class=\"heading heading__align--left heading__color--black heading__size--huge heading__font--sans heading__weight--bold  block-heading__heading\" id=\"nav-voor-elke-nederlander-onderwijs-op-maat6006\"  data-nav-heading-mobile=\"Voor elke Nederlander onderwijs op maat\" >\n\tVoor elke Nederlander onderwijs op maat<\/h2>\t  <\/div>\n\t<\/div>\n  <\/div>\n\n\n<div\n  id=\"\"\n  class=\"wrapper wrapper__spacing-top-large--10 wrapper__spacing-bottom-large--10 wrapper__spacing-bottom-desktop--20  wrapper__gutter--none\"\n  >\n  \t<div class=\"wrapper__container wrapper__container-width-large--default\">\n\t  <div class=\"wrapper__inner wrapper__width-large--23 wrapper__width-mobile--24 wrapper__offset-large--1\">\n\t\t<p\n\t\tclass=\"paragraph paragraph__align--left paragraph__color--black paragraph__size--default   block-paragraph__paragraph\"\n\t\t\t>\n\t\tJe afkomst en inkomen van je ouders bepaalt nog te vaak je kansen in het onderwijs. Volgens D66 verdient ieder kind goed onderwijs, ongeacht waar je wieg heeft gestaan. Dat begint bij een goede leraar voor de klas, een fijn en goed schoolgebouw en een gezonde omgeving. In het onderwijs krijg je de kans om te groeien en je talent te ontdekken. Daartoe geven we leerlingen zoveel mogelijk ruimte.<br>In het mbo krijgen studenten de kans om te ontdekken waar ze goed in zijn. Zij zullen gaan bouwen aan de toekomst van Nederland. Of dit nu in de zorg, de ICT, de kinderopvang of de energietransitie is, een sterk mbo is een goede investering in onze lokale economie. We versterken de samenwerking met het mbo om stages en banen te cre\u00ebren die kansen bieden voor de toekomst van onze jongeren.\t<\/p>\t  <\/div>\n\t<\/div>\n  <\/div>\n\n\n<div\n  id=\"\"\n  class=\"wrapper  wrapper__spacing-bottom-large--10 wrapper__spacing-bottom-desktop--70 wrapper__spacing-bottom-mobile--50  wrapper__gutter--default\"\n  >\n  \t<div class=\"wrapper__container wrapper__container-width-large--default\">\n\t  <div class=\"wrapper__inner wrapper__width-large--24 wrapper__width-desktop--22 wrapper__width-mobile--24 wrapper__offset-large--6 wrapper__offset-desktop--2 wrapper__offset-mobile--0\">\n\t\t<section class=\"block-post-content\">\n\t<div class=\"block-post-content__title\">\n\t\t<h3 class=\"heading  heading__color--black heading__size--medium heading__font--sans heading__weight--bold  block-post-content__heading\" id=\"nav-gelijke-kansen-met-de-rijke-schooldag6093\" data-nav-heading-mobile=\"Gelijke kansen met de rijke schooldag\">\n\tGelijke kansen met de rijke schooldag<\/h3>\t<\/div>\n\t<div class=\"block-post-content__content\">\n\t\t\n<div\n  id=\"\"\n  class=\"wrapper  wrapper__spacing-bottom-large--30 wrapper__spacing-bottom-desktop--20  wrapper__gutter--none\"\n  >\n  \t<div class=\"wrapper__container wrapper__container-width-large--default\">\n\t  <div class=\"wrapper__inner wrapper__width-large--23 wrapper__width-mobile--24 wrapper__offset-large--0\">\n\t\t<p\n\t\tclass=\"paragraph paragraph__align--left paragraph__color--black paragraph__size--default   block-paragraph__paragraph\"\n\t\t\t>\n\t\tAlle basisscholen sluiten aan op het programma Rijke Schooldag. Hierdoor komen kinderen op school en tijdens de buitenschoolse opvang in aanraking met sport, cultuur, muziek, gezonde schoollunches, natuur en huiswerkbegeleiding. Deze schooldag duurt langer en is goed voor de ontwikkeling van kinderen en ontzorgt ouders.\t<\/p>\t  <\/div>\n\t<\/div>\n  <\/div>\n\n\t<\/div>\n\n\t<div class=\"block-post-content__sidebar\">\n\t\t\n\t\t\n\t\t\t<\/div>\n<\/section>\n\t  <\/div>\n\t<\/div>\n  <\/div>\n\n\n<div\n  id=\"\"\n  class=\"wrapper  wrapper__spacing-bottom-large--10 wrapper__spacing-bottom-desktop--70 wrapper__spacing-bottom-mobile--50  wrapper__gutter--default\"\n  >\n  \t<div class=\"wrapper__container wrapper__container-width-large--default\">\n\t  <div class=\"wrapper__inner wrapper__width-large--24 wrapper__width-desktop--22 wrapper__width-mobile--24 wrapper__offset-large--6 wrapper__offset-desktop--2 wrapper__offset-mobile--0\">\n\t\t<section class=\"block-post-content\">\n\t<div class=\"block-post-content__title\">\n\t\t<h3 class=\"heading  heading__color--black heading__size--medium heading__font--sans heading__weight--bold  block-post-content__heading\" id=\"nav-de-gezonde-en-veilig-bereikbare-school5771\" data-nav-heading-mobile=\"De gezonde en veilig bereikbare school\">\n\tDe gezonde en veilig bereikbare school<\/h3>\t<\/div>\n\t<div class=\"block-post-content__content\">\n\t\t\n<div\n  id=\"\"\n  class=\"wrapper  wrapper__spacing-bottom-large--30 wrapper__spacing-bottom-desktop--20  wrapper__gutter--none\"\n  >\n  \t<div class=\"wrapper__container wrapper__container-width-large--default\">\n\t  <div class=\"wrapper__inner wrapper__width-large--23 wrapper__width-mobile--24 wrapper__offset-large--0\">\n\t\t<p\n\t\tclass=\"paragraph paragraph__align--left paragraph__color--black paragraph__size--default   block-paragraph__paragraph\"\n\t\t\t>\n\t\tWe investeren in de verduurzaming van schoolgebouwen, waarbij we zorgen voor voldoende groen, frisse lucht en ruimte voor beweging. Scholen zijn zoveel mogelijk en goed met de fiets en lopend te bereiken via veilige fietsroutes en er zijn voldoende plekken om de fiets te stallen. Waar nodig maken we zebrapaden zodat met name de basisschool leerlingen veilig naar school kunnen.\t<\/p>\t  <\/div>\n\t<\/div>\n  <\/div>\n\n\t<\/div>\n\n\t<div class=\"block-post-content__sidebar\">\n\t\t\n\t\t\n\t\t\t<\/div>\n<\/section>\n\t  <\/div>\n\t<\/div>\n  <\/div>\n\n\n<div\n  id=\"\"\n  class=\"wrapper  wrapper__spacing-bottom-large--10 wrapper__spacing-bottom-desktop--70 wrapper__spacing-bottom-mobile--50  wrapper__gutter--default\"\n  >\n  \t<div class=\"wrapper__container wrapper__container-width-large--default\">\n\t  <div class=\"wrapper__inner wrapper__width-large--24 wrapper__width-desktop--22 wrapper__width-mobile--24 wrapper__offset-large--6 wrapper__offset-desktop--2 wrapper__offset-mobile--0\">\n\t\t<section class=\"block-post-content\">\n\t<div class=\"block-post-content__title\">\n\t\t<h3 class=\"heading  heading__color--black heading__size--medium heading__font--sans heading__weight--bold  block-post-content__heading\" id=\"nav-lezen-en-schrijven-op-----n7852\" data-nav-heading-mobile=\"Lezen en schrijven op \u00e9\u00e9n\">\n\tLezen en schrijven op \u00e9\u00e9n<\/h3>\t<\/div>\n\t<div class=\"block-post-content__content\">\n\t\t\n<div\n  id=\"\"\n  class=\"wrapper  wrapper__spacing-bottom-large--30 wrapper__spacing-bottom-desktop--20  wrapper__gutter--none\"\n  >\n  \t<div class=\"wrapper__container wrapper__container-width-large--default\">\n\t  <div class=\"wrapper__inner wrapper__width-large--23 wrapper__width-mobile--24 wrapper__offset-large--0\">\n\t\t<p\n\t\tclass=\"paragraph paragraph__align--left paragraph__color--black paragraph__size--default   block-paragraph__paragraph\"\n\t\t\t>\n\t\tLezen is leuk en belangrijk voor ontspanning, ontwikkeling en werk. In de strijd tegen de dalende leesvaardigheid willen we boeken voor iedereen bereikbaar maken. In iedere wijk\/ieder dorp is er de mogelijkheid om boeken te lenen of te ruilen.\t<\/p>\t  <\/div>\n\t<\/div>\n  <\/div>\n\n\t<\/div>\n\n\t<div class=\"block-post-content__sidebar\">\n\t\t\n\t\t\n\t\t\t<\/div>\n<\/section>\n\t  <\/div>\n\t<\/div>\n  <\/div>\n\n\n<div\n  id=\"\"\n  class=\"wrapper  wrapper__spacing-bottom-large--10 wrapper__spacing-bottom-desktop--70 wrapper__spacing-bottom-mobile--50  wrapper__gutter--default\"\n  >\n  \t<div class=\"wrapper__container wrapper__container-width-large--default\">\n\t  <div class=\"wrapper__inner wrapper__width-large--24 wrapper__width-desktop--22 wrapper__width-mobile--24 wrapper__offset-large--6 wrapper__offset-desktop--2 wrapper__offset-mobile--0\">\n\t\t<section class=\"block-post-content\">\n\t<div class=\"block-post-content__title\">\n\t\t<h3 class=\"heading  heading__color--black heading__size--medium heading__font--sans heading__weight--bold  block-post-content__heading\" id=\"nav-een-goede-leraar-voor-de-klas7990\" data-nav-heading-mobile=\"Een goede leraar voor de klas\">\n\tEen goede leraar voor de klas<\/h3>\t<\/div>\n\t<div class=\"block-post-content__content\">\n\t\t\n<div\n  id=\"\"\n  class=\"wrapper  wrapper__spacing-bottom-large--30 wrapper__spacing-bottom-desktop--20  wrapper__gutter--none\"\n  >\n  \t<div class=\"wrapper__container wrapper__container-width-large--default\">\n\t  <div class=\"wrapper__inner wrapper__width-large--23 wrapper__width-mobile--24 wrapper__offset-large--0\">\n\t\t<p\n\t\tclass=\"paragraph paragraph__align--left paragraph__color--black paragraph__size--default   block-paragraph__paragraph\"\n\t\t\t>\n\t\tEen gemeente die kampt met grote tekorten in het onderwijs (of andere kritieke sectoren), moet voorrang kunnen verlenen aan docenten die op zoek zijn naar een huis. Zo wordt het docentschap aantrekkelijker en kun je beter inzetten op het lerarentekort in de gemeente.\t<\/p>\t  <\/div>\n\t<\/div>\n  <\/div>\n\n\t<\/div>\n\n\t<div class=\"block-post-content__sidebar\">\n\t\t\n\t\t\n\t\t\t<\/div>\n<\/section>\n\t  <\/div>\n\t<\/div>\n  <\/div>\n\n\n<div\n  id=\"\"\n  class=\"wrapper  wrapper__spacing-bottom-large--10 wrapper__spacing-bottom-desktop--70 wrapper__spacing-bottom-mobile--50  wrapper__gutter--none\"\n  >\n  \t<div class=\"wrapper__container wrapper__container-width-large--default\">\n\t  <div class=\"wrapper__inner wrapper__width-large--24 wrapper__width-desktop--22 wrapper__width-mobile--24 wrapper__offset-large--6 wrapper__offset-desktop--2 wrapper__offset-mobile--0\">\n\t\t<section class=\"block-post-content\">\n\t<div class=\"block-post-content__title\">\n\t\t<h3 class=\"heading  heading__color--black heading__size--medium heading__font--sans heading__weight--bold  block-post-content__heading\" id=\"nav-een-conci--rge-op-elke-school167\" data-nav-heading-mobile=\"Een conci\u00ebrge op elke school\">\n\tEen conci\u00ebrge op elke school<\/h3>\t<\/div>\n\t<div class=\"block-post-content__content\">\n\t\t\n<div\n  id=\"\"\n  class=\"wrapper  wrapper__spacing-bottom-large--30 wrapper__spacing-bottom-desktop--20  wrapper__gutter--none\"\n  >\n  \t<div class=\"wrapper__container wrapper__container-width-large--default\">\n\t  <div class=\"wrapper__inner wrapper__width-large--23 wrapper__width-mobile--24 wrapper__offset-large--0\">\n\t\t<p\n\t\tclass=\"paragraph paragraph__align--left paragraph__color--black paragraph__size--default   block-paragraph__paragraph\"\n\t\t\t>\n\t\tD66 wil dat conci\u00ebrges voor scholen behouden blijven en\/of terugkeren. Een conci\u00ebrge is de oren en ogen van de school, verricht klein onderhoud en weet wat er op school speelt. De conci\u00ebrge draagt bij aan een veilige school. Bovendien ondersteunt een conci\u00ebrge docenten en neemt taken uit handen, waardoor docenten zich beter op de leerlingen kunnen richten.\t<\/p>\t  <\/div>\n\t<\/div>\n  <\/div>\n\n\t<\/div>\n\n\t<div class=\"block-post-content__sidebar\">\n\t\t\n\t\t\n\t\t\t<\/div>\n<\/section>\n\t  <\/div>\n\t<\/div>\n  <\/div>\n\n\n<div\n  id=\"\"\n  class=\"wrapper  wrapper__spacing-bottom-large--10 wrapper__spacing-bottom-desktop--70 wrapper__spacing-bottom-mobile--50  wrapper__gutter--none\"\n  >\n  \t<div class=\"wrapper__container wrapper__container-width-large--default\">\n\t  <div class=\"wrapper__inner wrapper__width-large--24 wrapper__width-desktop--22 wrapper__width-mobile--24 wrapper__offset-large--6 wrapper__offset-desktop--2 wrapper__offset-mobile--0\">\n\t\t<section class=\"block-post-content\">\n\t<div class=\"block-post-content__title\">\n\t\t<h3 class=\"heading  heading__color--black heading__size--medium heading__font--sans heading__weight--bold  block-post-content__heading\" id=\"nav-versterk-de-samenwerking-met-het-mbo4003\" data-nav-heading-mobile=\"Versterk de samenwerking met het mbo\">\n\tVersterk de samenwerking met het mbo<\/h3>\t<\/div>\n\t<div class=\"block-post-content__content\">\n\t\t\n<div\n  id=\"\"\n  class=\"wrapper  wrapper__spacing-bottom-large--30 wrapper__spacing-bottom-desktop--20  wrapper__gutter--none\"\n  >\n  \t<div class=\"wrapper__container wrapper__container-width-large--default\">\n\t  <div class=\"wrapper__inner wrapper__width-large--23 wrapper__width-mobile--24 wrapper__offset-large--0\">\n\t\t<p\n\t\tclass=\"paragraph paragraph__align--left paragraph__color--black paragraph__size--default   block-paragraph__paragraph\"\n\t\t\t>\n\t\tHet MBO is essentieel voor de economie van de toekomst. Om die reden wil D66 dat gemeenten samen met het bedrijfsleven en het mbo, werkt om (toekomstige) tekorten in kaart te brengen. Kies je een opleiding die hierop aansluit, zoals binnen de zorg of techniek, dan helpt de gemeente je bij het vinden van een stageplaats en baan in de stad. De gemeente geeft hierin het goede voorbeeld door eigen stages ook open te stellen voor mbo-studenten.\t<\/p>\t  <\/div>\n\t<\/div>\n  <\/div>\n\n\t<\/div>\n\n\t<div class=\"block-post-content__sidebar\">\n\t\t\n\t\t\n\t\t\t<\/div>\n<\/section>\n\t  <\/div>\n\t<\/div>\n  <\/div>\n\n\n<div\n  id=\"\"\n  class=\"wrapper  wrapper__spacing-bottom-large--50 wrapper__spacing-bottom-desktop--70 wrapper__spacing-bottom-mobile--50  wrapper__gutter--none\"\n  >\n  \t<div class=\"wrapper__container wrapper__container-width-large--default\">\n\t  <div class=\"wrapper__inner wrapper__width-large--24 wrapper__width-desktop--22 wrapper__width-mobile--24 wrapper__offset-large--6 wrapper__offset-desktop--2 wrapper__offset-mobile--0\">\n\t\t<section class=\"block-post-content\">\n\t<div class=\"block-post-content__title\">\n\t\t<h3 class=\"heading  heading__color--black heading__size--medium heading__font--sans heading__weight--bold  block-post-content__heading\" id=\"nav-iedereen-doet-mee5144\" data-nav-heading-mobile=\"Iedereen doet mee\">\n\tIedereen doet mee<\/h3>\t<\/div>\n\t<div class=\"block-post-content__content\">\n\t\t\n<div\n  id=\"\"\n  class=\"wrapper  wrapper__spacing-bottom-large--10 wrapper__spacing-bottom-desktop--20  wrapper__gutter--none\"\n  >\n  \t<div class=\"wrapper__container wrapper__container-width-large--default\">\n\t  <div class=\"wrapper__inner wrapper__width-large--23 wrapper__width-mobile--24 wrapper__offset-large--0\">\n\t\t<p\n\t\tclass=\"paragraph paragraph__align--left paragraph__color--black paragraph__size--default   block-paragraph__paragraph\"\n\t\t\t>\n\t\tAlle kinderen hebben het recht om mee te kunnen doen op school. We streven er naar nul thuiszitters te hebben in de gemeente en we stimuleren inclusief onderwijs. Ook het tegengaan van voortijdig schoolverlaten valt hieronder. D66 wil dat alle jongeren met een startkwalificatie de school verlaten. De handhaving van de leerplicht moet niet pas starten als de problemen al heel groot zijn, maar juist als problemen nog voorkomen kunnen worden.\t<\/p>\t  <\/div>\n\t<\/div>\n  <\/div>\n\n\t<\/div>\n\n\t<div class=\"block-post-content__sidebar\">\n\t\t\n\t\t\n\t\t\t<\/div>\n<\/section>\n\t  <\/div>\n\t<\/div>\n  <\/div>\n\n\n<div\n  id=\"\"\n  class=\"wrapper  wrapper__spacing-bottom-large--50 wrapper__spacing-bottom-desktop--70 wrapper__spacing-bottom-mobile--50  wrapper__gutter--none\"\n  >\n  \t<div class=\"wrapper__container wrapper__container-width-large--default\">\n\t  <div class=\"wrapper__inner wrapper__width-large--18 wrapper__width-desktop--22 wrapper__width-mobile--24 wrapper__offset-large--6 wrapper__offset-desktop--2 wrapper__offset-mobile--0\">\n\t\t<section class=\"block-post-content\">\n\t<div class=\"block-post-content__title\">\n\t\t<h3 class=\"heading  heading__color--black heading__size--medium heading__font--sans heading__weight--bold  block-post-content__heading\" id=\"nav-gratis-bibliotheekpas-tot-30-jaar1638\" data-nav-heading-mobile=\"Gratis bibliotheekpas tot 30 jaar\">\n\tGratis bibliotheekpas tot 30 jaar<\/h3>\t<\/div>\n\t<div class=\"block-post-content__content\">\n\t\t\n<div\n  id=\"\"\n  class=\"wrapper  wrapper__spacing-bottom-large--30 wrapper__spacing-bottom-desktop--20  wrapper__gutter--none\"\n  >\n  \t<div class=\"wrapper__container wrapper__container-width-large--default\">\n\t  <div class=\"wrapper__inner wrapper__width-large--24 wrapper__width-mobile--24\">\n\t\t<p\n\t\tclass=\"paragraph paragraph__align--left paragraph__color--black paragraph__size--default   block-paragraph__paragraph\"\n\t\t\t>\n\t\tIedere inwoner van Heusden tot 30 jaar oud komt in aanmerking voor een gratis bibliotheekpas. Zo willen we het lezen onder jongeren stimuleren.\t<\/p>\t  <\/div>\n\t<\/div>\n  <\/div>\n\n\t<\/div>\n\n\t<div class=\"block-post-content__sidebar\">\n\t\t\n\t\t\n\t\t\t<\/div>\n<\/section>\n\t  <\/div>\n\t<\/div>\n  <\/div>\n","protected":false},"author":749,"featured_media":1646,"parent":0,"menu_order":0,"template":"","meta":{"_acf_changed":false},"search-tags":[86,67],"themes-or-point-of-view":[25],"class_list":["post-1425","manifesto","type-manifesto","status-publish","has-post-thumbnail","hentry","search-tags-onderwijs-op-maat","search-tags-waarden-en-doelen","themes-or-point-of-view-point-of-view"],"acf":[],"yoast_head":"<!-- This site is optimized with the Yoast SEO plugin v27.3 - https:\/\/yoast.com\/product\/yoast-seo-wordpress\/ -->\n<title>D66 Land van Heusden en Altena &#8212; Voor elke Nederlander onderwijs op maat | Verkiezingsprogramma<\/title>\n<meta name=\"robots\" content=\"index, follow, max-snippet:-1, max-image-preview:large, max-video-preview:-1\" \/>\n<link rel=\"canonical\" href=\"https:\/\/d66.nl\/land-van-heusden-en-altena\/verkiezingsprogramma\/voor-elke-nederlander-onderwijs-op-maat\/\" \/>\n<meta property=\"og:locale\" content=\"nl_NL\" \/>\n<meta property=\"og:type\" content=\"article\" \/>\n<meta property=\"og:title\" content=\"D66 Land van Heusden en Altena &#8212; Voor elke Nederlander onderwijs op maat | Verkiezingsprogramma\" \/>\n<meta property=\"og:url\" content=\"https:\/\/d66.nl\/land-van-heusden-en-altena\/verkiezingsprogramma\/voor-elke-nederlander-onderwijs-op-maat\/\" \/>\n<meta property=\"og:site_name\" content=\"D66 Land van Heusden en Altena\" \/>\n<meta property=\"article:publisher\" content=\"https:\/\/www.facebook.com\/D66xHeusden\" \/>\n<meta property=\"article:modified_time\" content=\"2026-01-28T13:11:54+00:00\" \/>\n<meta property=\"og:image\" content=\"https:\/\/media.d66.nl\/uploads\/sites\/108\/2025\/12\/iStock-1295413468.jpg.jpg\" \/>\n\t<meta property=\"og:image:width\" content=\"1600\" \/>\n\t<meta property=\"og:image:height\" content=\"1067\" \/>\n\t<meta property=\"og:image:type\" content=\"image\/jpeg\" \/>\n<meta name=\"twitter:card\" content=\"summary_large_image\" \/>\n<meta name=\"twitter:label1\" content=\"Geschatte leestijd\" \/>\n\t<meta name=\"twitter:data1\" content=\"1 minuut\" \/>\n<script type=\"application\/ld+json\" class=\"yoast-schema-graph\">{\"@context\":\"https:\\\/\\\/schema.org\",\"@graph\":[{\"@type\":\"WebPage\",\"@id\":\"https:\\\/\\\/d66.nl\\\/land-van-heusden-en-altena\\\/verkiezingsprogramma\\\/voor-elke-nederlander-onderwijs-op-maat\\\/\",\"url\":\"https:\\\/\\\/d66.nl\\\/land-van-heusden-en-altena\\\/verkiezingsprogramma\\\/voor-elke-nederlander-onderwijs-op-maat\\\/\",\"name\":\"D66 Land van Heusden en Altena &#8212; Voor elke Nederlander onderwijs op maat | Verkiezingsprogramma\",\"isPartOf\":{\"@id\":\"https:\\\/\\\/d66.nl\\\/land-van-heusden-en-altena\\\/#website\"},\"primaryImageOfPage\":{\"@id\":\"https:\\\/\\\/d66.nl\\\/land-van-heusden-en-altena\\\/verkiezingsprogramma\\\/voor-elke-nederlander-onderwijs-op-maat\\\/#primaryimage\"},\"image\":{\"@id\":\"https:\\\/\\\/d66.nl\\\/land-van-heusden-en-altena\\\/verkiezingsprogramma\\\/voor-elke-nederlander-onderwijs-op-maat\\\/#primaryimage\"},\"thumbnailUrl\":\"https:\\\/\\\/media.d66.nl\\\/uploads\\\/sites\\\/108\\\/2025\\\/12\\\/iStock-1295413468.jpg.jpg\",\"datePublished\":\"2025-12-02T14:41:23+00:00\",\"dateModified\":\"2026-01-28T13:11:54+00:00\",\"breadcrumb\":{\"@id\":\"https:\\\/\\\/d66.nl\\\/land-van-heusden-en-altena\\\/verkiezingsprogramma\\\/voor-elke-nederlander-onderwijs-op-maat\\\/#breadcrumb\"},\"inLanguage\":\"nl-NL\",\"potentialAction\":[{\"@type\":\"ReadAction\",\"target\":[\"https:\\\/\\\/d66.nl\\\/land-van-heusden-en-altena\\\/verkiezingsprogramma\\\/voor-elke-nederlander-onderwijs-op-maat\\\/\"]}]},{\"@type\":\"ImageObject\",\"inLanguage\":\"nl-NL\",\"@id\":\"https:\\\/\\\/d66.nl\\\/land-van-heusden-en-altena\\\/verkiezingsprogramma\\\/voor-elke-nederlander-onderwijs-op-maat\\\/#primaryimage\",\"url\":\"https:\\\/\\\/media.d66.nl\\\/uploads\\\/sites\\\/108\\\/2025\\\/12\\\/iStock-1295413468.jpg.jpg\",\"contentUrl\":\"https:\\\/\\\/media.d66.nl\\\/uploads\\\/sites\\\/108\\\/2025\\\/12\\\/iStock-1295413468.jpg.jpg\",\"width\":1600,\"height\":1067},{\"@type\":\"BreadcrumbList\",\"@id\":\"https:\\\/\\\/d66.nl\\\/land-van-heusden-en-altena\\\/verkiezingsprogramma\\\/voor-elke-nederlander-onderwijs-op-maat\\\/#breadcrumb\",\"itemListElement\":[{\"@type\":\"ListItem\",\"position\":1,\"name\":\"Home\",\"item\":\"https:\\\/\\\/d66.nl\\\/land-van-heusden-en-altena\\\/\"},{\"@type\":\"ListItem\",\"position\":2,\"name\":\"D66 Heusden en Altena\",\"item\":\"https:\\\/\\\/d66.nl\\\/land-van-heusden-en-altena\\\/search-tags\\\/d66-heusden-en-altena\\\/\"},{\"@type\":\"ListItem\",\"position\":3,\"name\":\"Waarden en doelen\",\"item\":\"https:\\\/\\\/d66.nl\\\/land-van-heusden-en-altena\\\/search-tags\\\/d66-heusden-en-altena\\\/deelafdeling-heusden\\\/verkiezingen-gemeenteraad\\\/waarden-en-doelen\\\/\"},{\"@type\":\"ListItem\",\"position\":4,\"name\":\"Voor elke Nederlander onderwijs op maat\"}]},{\"@type\":\"WebSite\",\"@id\":\"https:\\\/\\\/d66.nl\\\/land-van-heusden-en-altena\\\/#website\",\"url\":\"https:\\\/\\\/d66.nl\\\/land-van-heusden-en-altena\\\/\",\"name\":\"D66 Land van Heusden en Altena\",\"description\":\"Just another D66 Sites site\",\"publisher\":{\"@id\":\"https:\\\/\\\/d66.nl\\\/land-van-heusden-en-altena\\\/#organization\"},\"potentialAction\":[{\"@type\":\"SearchAction\",\"target\":{\"@type\":\"EntryPoint\",\"urlTemplate\":\"https:\\\/\\\/d66.nl\\\/land-van-heusden-en-altena\\\/?s={search_term_string}\"},\"query-input\":{\"@type\":\"PropertyValueSpecification\",\"valueRequired\":true,\"valueName\":\"search_term_string\"}}],\"inLanguage\":\"nl-NL\"},{\"@type\":\"Organization\",\"@id\":\"https:\\\/\\\/d66.nl\\\/land-van-heusden-en-altena\\\/#organization\",\"name\":\"D66\",\"url\":\"https:\\\/\\\/d66.nl\\\/land-van-heusden-en-altena\\\/\",\"logo\":{\"@type\":\"ImageObject\",\"inLanguage\":\"nl-NL\",\"@id\":\"https:\\\/\\\/d66.nl\\\/land-van-heusden-en-altena\\\/#\\\/schema\\\/logo\\\/image\\\/\",\"url\":\"\",\"contentUrl\":\"\",\"caption\":\"D66\"},\"image\":{\"@id\":\"https:\\\/\\\/d66.nl\\\/land-van-heusden-en-altena\\\/#\\\/schema\\\/logo\\\/image\\\/\"},\"sameAs\":[\"https:\\\/\\\/www.facebook.com\\\/D66xHeusden\",\"https:\\\/\\\/www.instagram.com\\\/d66_heusden\\\/\",\"https:\\\/\\\/www.youtube.com\\\/channel\\\/UCCaAJHmRrJ9M6-SAfjh7z6Q\"]}]}<\/script>\n<!-- \/ Yoast SEO plugin. -->","yoast_head_json":{"title":"D66 Land van Heusden en Altena &#8212; Voor elke Nederlander onderwijs op maat | Verkiezingsprogramma","robots":{"index":"index","follow":"follow","max-snippet":"max-snippet:-1","max-image-preview":"max-image-preview:large","max-video-preview":"max-video-preview:-1"},"canonical":"https:\/\/d66.nl\/land-van-heusden-en-altena\/verkiezingsprogramma\/voor-elke-nederlander-onderwijs-op-maat\/","og_locale":"nl_NL","og_type":"article","og_title":"D66 Land van Heusden en Altena &#8212; Voor elke Nederlander onderwijs op maat | Verkiezingsprogramma","og_url":"https:\/\/d66.nl\/land-van-heusden-en-altena\/verkiezingsprogramma\/voor-elke-nederlander-onderwijs-op-maat\/","og_site_name":"D66 Land van Heusden en Altena","article_publisher":"https:\/\/www.facebook.com\/D66xHeusden","article_modified_time":"2026-01-28T13:11:54+00:00","og_image":[{"width":1600,"height":1067,"url":"https:\/\/media.d66.nl\/uploads\/sites\/108\/2025\/12\/iStock-1295413468.jpg.jpg","type":"image\/jpeg"}],"twitter_card":"summary_large_image","twitter_misc":{"Geschatte leestijd":"1 minuut"},"schema":{"@context":"https:\/\/schema.org","@graph":[{"@type":"WebPage","@id":"https:\/\/d66.nl\/land-van-heusden-en-altena\/verkiezingsprogramma\/voor-elke-nederlander-onderwijs-op-maat\/","url":"https:\/\/d66.nl\/land-van-heusden-en-altena\/verkiezingsprogramma\/voor-elke-nederlander-onderwijs-op-maat\/","name":"D66 Land van Heusden en Altena &#8212; Voor elke Nederlander onderwijs op maat | Verkiezingsprogramma","isPartOf":{"@id":"https:\/\/d66.nl\/land-van-heusden-en-altena\/#website"},"primaryImageOfPage":{"@id":"https:\/\/d66.nl\/land-van-heusden-en-altena\/verkiezingsprogramma\/voor-elke-nederlander-onderwijs-op-maat\/#primaryimage"},"image":{"@id":"https:\/\/d66.nl\/land-van-heusden-en-altena\/verkiezingsprogramma\/voor-elke-nederlander-onderwijs-op-maat\/#primaryimage"},"thumbnailUrl":"https:\/\/media.d66.nl\/uploads\/sites\/108\/2025\/12\/iStock-1295413468.jpg.jpg","datePublished":"2025-12-02T14:41:23+00:00","dateModified":"2026-01-28T13:11:54+00:00","breadcrumb":{"@id":"https:\/\/d66.nl\/land-van-heusden-en-altena\/verkiezingsprogramma\/voor-elke-nederlander-onderwijs-op-maat\/#breadcrumb"},"inLanguage":"nl-NL","potentialAction":[{"@type":"ReadAction","target":["https:\/\/d66.nl\/land-van-heusden-en-altena\/verkiezingsprogramma\/voor-elke-nederlander-onderwijs-op-maat\/"]}]},{"@type":"ImageObject","inLanguage":"nl-NL","@id":"https:\/\/d66.nl\/land-van-heusden-en-altena\/verkiezingsprogramma\/voor-elke-nederlander-onderwijs-op-maat\/#primaryimage","url":"https:\/\/media.d66.nl\/uploads\/sites\/108\/2025\/12\/iStock-1295413468.jpg.jpg","contentUrl":"https:\/\/media.d66.nl\/uploads\/sites\/108\/2025\/12\/iStock-1295413468.jpg.jpg","width":1600,"height":1067},{"@type":"BreadcrumbList","@id":"https:\/\/d66.nl\/land-van-heusden-en-altena\/verkiezingsprogramma\/voor-elke-nederlander-onderwijs-op-maat\/#breadcrumb","itemListElement":[{"@type":"ListItem","position":1,"name":"Home","item":"https:\/\/d66.nl\/land-van-heusden-en-altena\/"},{"@type":"ListItem","position":2,"name":"D66 Heusden en Altena","item":"https:\/\/d66.nl\/land-van-heusden-en-altena\/search-tags\/d66-heusden-en-altena\/"},{"@type":"ListItem","position":3,"name":"Waarden en doelen","item":"https:\/\/d66.nl\/land-van-heusden-en-altena\/search-tags\/d66-heusden-en-altena\/deelafdeling-heusden\/verkiezingen-gemeenteraad\/waarden-en-doelen\/"},{"@type":"ListItem","position":4,"name":"Voor elke Nederlander onderwijs op maat"}]},{"@type":"WebSite","@id":"https:\/\/d66.nl\/land-van-heusden-en-altena\/#website","url":"https:\/\/d66.nl\/land-van-heusden-en-altena\/","name":"D66 Land van Heusden en Altena","description":"Just another D66 Sites site","publisher":{"@id":"https:\/\/d66.nl\/land-van-heusden-en-altena\/#organization"},"potentialAction":[{"@type":"SearchAction","target":{"@type":"EntryPoint","urlTemplate":"https:\/\/d66.nl\/land-van-heusden-en-altena\/?s={search_term_string}"},"query-input":{"@type":"PropertyValueSpecification","valueRequired":true,"valueName":"search_term_string"}}],"inLanguage":"nl-NL"},{"@type":"Organization","@id":"https:\/\/d66.nl\/land-van-heusden-en-altena\/#organization","name":"D66","url":"https:\/\/d66.nl\/land-van-heusden-en-altena\/","logo":{"@type":"ImageObject","inLanguage":"nl-NL","@id":"https:\/\/d66.nl\/land-van-heusden-en-altena\/#\/schema\/logo\/image\/","url":"","contentUrl":"","caption":"D66"},"image":{"@id":"https:\/\/d66.nl\/land-van-heusden-en-altena\/#\/schema\/logo\/image\/"},"sameAs":["https:\/\/www.facebook.com\/D66xHeusden","https:\/\/www.instagram.com\/d66_heusden\/","https:\/\/www.youtube.com\/channel\/UCCaAJHmRrJ9M6-SAfjh7z6Q"]}]}},"_links":{"self":[{"href":"https:\/\/d66.nl\/land-van-heusden-en-altena\/wp-json\/wp\/v2\/verkiezingsprogramma\/1425","targetHints":{"allow":["GET"]}}],"collection":[{"href":"https:\/\/d66.nl\/land-van-heusden-en-altena\/wp-json\/wp\/v2\/verkiezingsprogramma"}],"about":[{"href":"https:\/\/d66.nl\/land-van-heusden-en-altena\/wp-json\/wp\/v2\/types\/manifesto"}],"author":[{"embeddable":true,"href":"https:\/\/d66.nl\/land-van-heusden-en-altena\/wp-json\/wp\/v2\/users\/749"}],"wp:featuredmedia":[{"embeddable":true,"href":"https:\/\/d66.nl\/land-van-heusden-en-altena\/wp-json\/wp\/v2\/media\/1646"}],"wp:attachment":[{"href":"https:\/\/d66.nl\/land-van-heusden-en-altena\/wp-json\/wp\/v2\/media?parent=1425"}],"wp:term":[{"taxonomy":"search-tags","embeddable":true,"href":"https:\/\/d66.nl\/land-van-heusden-en-altena\/wp-json\/wp\/v2\/search-tags?post=1425"},{"taxonomy":"themes-or-point-of-view","embeddable":true,"href":"https:\/\/d66.nl\/land-van-heusden-en-altena\/wp-json\/wp\/v2\/themes-or-point-of-view?post=1425"}],"curies":[{"name":"wp","href":"https:\/\/api.w.org\/{rel}","templated":true}]}}