{"id":702,"date":"2024-01-31T08:25:10","date_gmt":"2024-01-31T08:25:10","guid":{"rendered":"https:\/\/d66.nl\/hattem\/?page_id=702"},"modified":"2025-02-11T08:50:14","modified_gmt":"2025-02-11T08:50:14","slug":"interview-met-fractievoorzitter","status":"publish","type":"page","link":"https:\/\/d66.nl\/hattem\/interview-met-fractievoorzitter\/","title":{"rendered":"Interview met fractievoorzitter"},"content":{"rendered":"<div\n  id=\"\"\n  class=\"wrapper  wrapper__spacing-bottom-large--50 wrapper__spacing-bottom-desktop--66 wrapper__spacing-bottom-mobile--76  wrapper__gutter--none\"\n  >\n  \t<div class=\"wrapper__container wrapper__container-width-large--default\">\n\t  <div class=\"wrapper__inner wrapper__width-large--14 wrapper__width-desktop--20 wrapper__width-mobile--24 wrapper__offset-large--6 wrapper__offset-desktop--4 wrapper__offset-mobile--0\">\n\t\t<h1 class=\"heading   heading__size--giant heading__font--serif heading__weight--regular  block-heading__heading\" id=\"nav-duurzaamheid-in-hattem5031\"  data-nav-heading-mobile=\"Duurzaamheid in Hattem\" >\n\tDuurzaamheid in Hattem<\/h1>\t  <\/div>\n\t<\/div>\n  <\/div>\n\n\n<div\n  id=\"\"\n  class=\"wrapper  wrapper__spacing-bottom-large--50 wrapper__spacing-bottom-mobile--40  wrapper__gutter--none\"\n  >\n  \t<div class=\"wrapper__container wrapper__container-width-large--default\">\n\t  <div class=\"wrapper__inner wrapper__width-large--13 wrapper__width-desktop--22 wrapper__width-mobile--24 wrapper__offset-large--6 wrapper__offset-desktop--2 wrapper__offset-mobile--0\">\n\t\t<p\n\t\tclass=\"paragraph   paragraph__size--big   block-paragraph__paragraph\"\n\t\t\t>\n\t\tIn deze rubriek komt de fractievoorzitter aan het woord over een voor D66 belangrijk thema. Hier staat duurzaamheid centraal.\t<\/p>\t  <\/div>\n\t<\/div>\n  <\/div>\n\n\n<div\n  id=\"\"\n  class=\"wrapper  wrapper__spacing-bottom-large--50 wrapper__spacing-bottom-desktop--70 wrapper__spacing-bottom-mobile--50  wrapper__gutter--none\"\n  >\n  \t<div class=\"wrapper__container wrapper__container-width-large--default\">\n\t  <div class=\"wrapper__inner wrapper__width-large--18 wrapper__width-desktop--22 wrapper__width-mobile--24 wrapper__offset-large--6 wrapper__offset-desktop--2 wrapper__offset-mobile--0\">\n\t\t<section class=\"block-post-content\">\n\t<div class=\"block-post-content__title\">\n\t\t<h3 class=\"heading  heading__color--black heading__size--medium heading__font--sans heading__weight--bold  block-post-content__heading\" id=\"nav--strong-energieakkoord--strong-4472\" data-nav-heading-mobile=\"Energieakkoord\">\n\t<strong>Energieakkoord<\/strong><\/h3>\t<\/div>\n\t<div class=\"block-post-content__content\">\n\t\t\n<div\n  id=\"\"\n  class=\"wrapper  wrapper__spacing-bottom-large--30 wrapper__spacing-bottom-desktop--20  wrapper__gutter--none\"\n  >\n  \t<div class=\"wrapper__container wrapper__container-width-large--default\">\n\t  <div class=\"wrapper__inner wrapper__width-large--24 wrapper__width-mobile--24\">\n\t\t<p\n\t\tclass=\"paragraph paragraph__align--left paragraph__color--black paragraph__size--default   block-paragraph__paragraph\"\n\t\t\t>\n\t\tNiet alleen landelijk staat D66 bekend als partij die zich maximaal inzet voor een beter klimaat, een schoner milieu en misschien wel de belangrijkste beweging die dat mogelijk maakt: verduurzaming. We spraken Erwin Kwakkel, de fractievoorzitter van D66 Hattem, over dit belangrijke dossier. \u201cOp provinciaal niveau is er een mooi energieakkoord gekomen. Daar staan we achter, hoewel de haalbaarheid van volledige energieneutraliteit die daarin wordt voorgesteld, voor Hattem ver weg ligt.\u201d\t<\/p>\t  <\/div>\n\t<\/div>\n  <\/div>\n\n\n<div\n  id=\"\"\n  class=\"wrapper  wrapper__spacing-bottom-large--20  wrapper__gutter--none\"\n  >\n  \t<div class=\"wrapper__container wrapper__container-width-large--default\">\n\t  <div class=\"wrapper__inner wrapper__width-large--24 wrapper__width-mobile--24\">\n\t\t<img loading=\"lazy\" decoding=\"async\" width=\"1024\" height=\"871\" src=\"https:\/\/d66.nl\/hattem\/wp-content\/uploads\/sites\/311\/2024\/01\/zonnepanelen-dak-1024x871.jpg\" class=\"image block-image__img\" alt=\"\" srcset=\"https:\/\/d66.nl\/hattem\/wp-content\/uploads\/sites\/311\/2024\/01\/zonnepanelen-dak-1024x871.jpg 1024w, https:\/\/d66.nl\/hattem\/wp-content\/uploads\/sites\/311\/2024\/01\/zonnepanelen-dak-300x255.jpg 300w, https:\/\/d66.nl\/hattem\/wp-content\/uploads\/sites\/311\/2024\/01\/zonnepanelen-dak-768x653.jpg 768w, https:\/\/d66.nl\/hattem\/wp-content\/uploads\/sites\/311\/2024\/01\/zonnepanelen-dak-1536x1307.jpg 1536w, https:\/\/d66.nl\/hattem\/wp-content\/uploads\/sites\/311\/2024\/01\/zonnepanelen-dak.jpg 2005w\" sizes=\"auto, (max-width: 1024px) 100vw, 1024px\" \/>\n\t\t\t<div class=\"image__caption-wrapper block-image__caption-wrapper\">\n\t\t\t<div class=\"image__caption block-image__caption\">\n\t\t\t\t<p class=\"paragraph paragraph__align--left paragraph__color--black paragraph__size--small paragraph__weight--medium\">\n\t\tBeeld: Joeri Redder-Veen\t<\/p>\t\t\t<\/div>\n\t\t<\/div>\t  <\/div>\n\t<\/div>\n  <\/div>\n\n\t<\/div>\n\n\t<div class=\"block-post-content__sidebar\">\n\t\t\n\t\t\n\t\t\t<\/div>\n<\/section>\n\t  <\/div>\n\t<\/div>\n  <\/div>\n\n\n<div\n  id=\"\"\n  class=\"wrapper  wrapper__spacing-bottom-large--50 wrapper__spacing-bottom-desktop--70 wrapper__spacing-bottom-mobile--50  wrapper__gutter--none\"\n  >\n  \t<div class=\"wrapper__container wrapper__container-width-large--default\">\n\t  <div class=\"wrapper__inner wrapper__width-large--18 wrapper__width-desktop--22 wrapper__width-mobile--24 wrapper__offset-large--6 wrapper__offset-desktop--2 wrapper__offset-mobile--0\">\n\t\t<section class=\"block-text-title\">\n\t<div class=\"block-text-title__title\">\n\t\t<h3 class=\"heading  heading__color--black heading__size--medium heading__font--sans heading__weight--bold  block-text-title__heading\" id=\"nav--strong-energieneutraal---strong-9173\" data-nav-heading-mobile=\"Energieneutraal?\">\n\t<strong>Energieneutraal?<\/strong><\/h3>\t<\/div>\n\t<div class=\"block-text-title__content\">\n\t\t<p class=\"paragraph paragraph__align--left paragraph__color--black paragraph__size--default\">\n\t\tOm energieneutraal te worden moet er binnen de gemeentegrens net zoveel energie worden opgewekt als dat daar wordt verbruikt, en uiteraard bij voorkeur op duurzame wijze. \u201cHet is zeker nastrevenswaardig. En als je bereid bent om flink te investeren in zon en wind, kan je een behoorlijk stuk ambitie behalen.\u201d Maar het vereist wel omdenken en bereidwilligheid, ook van de inwoner. Bijvoorbeeld bij de afweging of er een<s>\u00a0tweede<\/s>\u00a0windturbine geplaatst moet worden. Kwakkel: \u201cEen dergelijke stap brengt in \u00e9\u00e9n klap een groot deel van je energieambities binnen handbereik. Ambities die met alternatieven zoals een zonnepark niet haalbaar zijn. Maar het is een lastige afweging in de raad.\u201d\t<\/p>\t<\/div>\n\n\t<div class=\"block-text-title__sidebar\">\n\t\t\n\t\t\n\t\t\t<\/div>\n<\/section>\n\t  <\/div>\n\t<\/div>\n  <\/div>\n\n\n<div\n  id=\"\"\n  class=\"wrapper  wrapper__spacing-bottom-large--50 wrapper__spacing-bottom-desktop--70 wrapper__spacing-bottom-mobile--50  wrapper__gutter--none\"\n  >\n  \t<div class=\"wrapper__container wrapper__container-width-large--default\">\n\t  <div class=\"wrapper__inner wrapper__width-large--18 wrapper__width-desktop--22 wrapper__width-mobile--24 wrapper__offset-large--6 wrapper__offset-desktop--2 wrapper__offset-mobile--0\">\n\t\t<section class=\"block-text-title\">\n\t<div class=\"block-text-title__title\">\n\t\t<h3 class=\"heading  heading__color--black heading__size--medium heading__font--sans heading__weight--bold  block-text-title__heading\" id=\"nav--strong--strong-besparing--strong---strong-475\" data-nav-heading-mobile=\"Besparing\">\n\t<strong><strong>Besparing<\/strong><\/strong><\/h3>\t<\/div>\n\t<div class=\"block-text-title__content\">\n\t\t<p class=\"paragraph paragraph__align--left paragraph__color--black paragraph__size--default\">\n\t\tDe m\u00e9\u00e9st duurzame energie is de energie die je \u00fcberhaupt niet hebt verbruikt. Kwakkel: \u201cDaarom zetten we in op reductie van gebruik, door bijvoorbeeld isolatie, innovatie en alternatief materiaal en slimme ruimtelijke inrichting.\u201d Het is een fabel dat je als gemeente nu eenmaal vastzit aan je energieverbruik voor openbare verlichting bijvoorbeeld. Welke belichting je bijvoorbeeld kiest of de plaatsing ervan bepalen mede het gebruik.\t<\/p>\t<\/div>\n\n\t<div class=\"block-text-title__sidebar\">\n\t\t\n\t\t\n\t\t\t<\/div>\n<\/section>\n\t  <\/div>\n\t<\/div>\n  <\/div>\n\n\n<div\n  id=\"\"\n  class=\"wrapper  wrapper__spacing-bottom-large--50 wrapper__spacing-bottom-desktop--70 wrapper__spacing-bottom-mobile--50  wrapper__gutter--none\"\n  >\n  \t<div class=\"wrapper__container wrapper__container-width-large--default\">\n\t  <div class=\"wrapper__inner wrapper__width-large--18 wrapper__width-desktop--22 wrapper__width-mobile--24 wrapper__offset-large--6 wrapper__offset-desktop--2 wrapper__offset-mobile--0\">\n\t\t<section class=\"block-text-title\">\n\t<div class=\"block-text-title__title\">\n\t\t<h3 class=\"heading  heading__color--black heading__size--medium heading__font--sans heading__weight--bold  block-text-title__heading\" id=\"nav--strong--strong--strong-zonne-energie-of-toch-wind---strong---strong---strong-3784\" data-nav-heading-mobile=\"Zonne-energie of toch wind?\">\n\t<strong><strong><strong>Zonne-energie of toch wind?<\/strong><\/strong><\/strong><\/h3>\t<\/div>\n\t<div class=\"block-text-title__content\">\n\t\t<p class=\"paragraph paragraph__align--left paragraph__color--black paragraph__size--default\">\n\t\tMet de zon opgewekte energie op daken of op wat grotere schaal op locaties die de gemeente onderzoekt, zoals de voormalige vuilstort. Dat zijn opties die de gemeente verkent. Kwakkel: \u201cMet enkel de zon op daken komen we niet aan de doelstellingen van de stad. Dus samen met de D66 achterban zoeken we alle alternatieven uit om de gemeente zo goed mogelijk energieneutraal te krijgen.\u201d\t<\/p>\t<\/div>\n\n\t<div class=\"block-text-title__sidebar\">\n\t\t\n\t\t\n\t\t\t<\/div>\n<\/section>\n\t  <\/div>\n\t<\/div>\n  <\/div>\n\n\n<div\n  id=\"\"\n  class=\"wrapper  wrapper__spacing-bottom-large--50 wrapper__spacing-bottom-desktop--70 wrapper__spacing-bottom-mobile--50  wrapper__gutter--none\"\n  >\n  \t<div class=\"wrapper__container wrapper__container-width-large--default\">\n\t  <div class=\"wrapper__inner wrapper__width-large--18 wrapper__width-desktop--22 wrapper__width-mobile--24 wrapper__offset-large--6 wrapper__offset-desktop--2 wrapper__offset-mobile--0\">\n\t\t<section class=\"block-text-title\">\n\t<div class=\"block-text-title__title\">\n\t\t<h3 class=\"heading  heading__color--black heading__size--medium heading__font--sans heading__weight--bold  block-text-title__heading\" id=\"nav--strong-verduurzaming--van-iedereen--strong-8863\" data-nav-heading-mobile=\"Verduurzaming: van iedereen\">\n\t<strong>Verduurzaming: van iedereen<\/strong><\/h3>\t<\/div>\n\t<div class=\"block-text-title__content\">\n\t\t<p class=\"paragraph paragraph__align--left paragraph__color--black paragraph__size--default\">\n\t\tHet is voor Kwakkel van groot belang dat de beweging van verduurzaming er voor iedereen is. \u201cOverheid, inwoner en ondernemer zijn allemaal aan zet. Dat betekent dus ook dat dit geen inkomenskwestie zou moeten zijn,\u201d stelt de fractievoorzitter. \u201cNiet enkel mensen met een riant inkomen zouden hun huis moeten kunnen verduurzamen, en ook kleine ondernemers kunnen toch grote stappen zetten. Waar nodig kan de gemeente daarbij ondersteuning bieden.<br><br><a href=\"https:\/\/d66.nl\/hattem\/dossier-duurzaamheid\/\">Lees meer over het dossier duurzaamheid.<\/a>\t<\/p>\t<\/div>\n\n\t<div class=\"block-text-title__sidebar\">\n\t\t\n\t\t\n\t\t\t<\/div>\n<\/section>\n\t  <\/div>\n\t<\/div>\n  <\/div>\n","protected":false},"excerpt":{"rendered":"","protected":false},"author":1458,"featured_media":437,"parent":0,"menu_order":0,"comment_status":"closed","ping_status":"closed","template":"","meta":{"_acf_changed":false,"footnotes":""},"search-tags":[],"labels":[],"themes-or-point-of-view":[],"class_list":["post-702","page","type-page","status-publish","has-post-thumbnail","hentry"],"acf":[],"yoast_head":"<!-- This site is optimized with the Yoast SEO plugin v27.3 - https:\/\/yoast.com\/product\/yoast-seo-wordpress\/ -->\n<title>D66 Hattem &#8212; Interview met fractievoorzitter<\/title>\n<meta name=\"robots\" content=\"index, follow, max-snippet:-1, max-image-preview:large, max-video-preview:-1\" \/>\n<link rel=\"canonical\" href=\"https:\/\/d66.nl\/hattem\/interview-met-fractievoorzitter\/\" \/>\n<meta property=\"og:locale\" content=\"nl_NL\" \/>\n<meta property=\"og:type\" content=\"article\" \/>\n<meta property=\"og:title\" content=\"D66 Hattem &#8212; Interview met fractievoorzitter\" \/>\n<meta property=\"og:url\" content=\"https:\/\/d66.nl\/hattem\/interview-met-fractievoorzitter\/\" \/>\n<meta property=\"og:site_name\" content=\"D66 Hattem\" \/>\n<meta property=\"article:modified_time\" content=\"2025-02-11T08:50:14+00:00\" \/>\n<meta property=\"og:image\" content=\"https:\/\/d66.nl\/hattem\/wp-content\/uploads\/sites\/311\/2022\/01\/1559720510392.jpg\" \/>\n\t<meta property=\"og:image:width\" content=\"500\" \/>\n\t<meta property=\"og:image:height\" content=\"500\" \/>\n\t<meta property=\"og:image:type\" content=\"image\/jpeg\" \/>\n<meta name=\"twitter:card\" content=\"summary_large_image\" \/>\n<script type=\"application\/ld+json\" class=\"yoast-schema-graph\">{\"@context\":\"https:\\\/\\\/schema.org\",\"@graph\":[{\"@type\":\"WebPage\",\"@id\":\"https:\\\/\\\/d66.nl\\\/hattem\\\/interview-met-fractievoorzitter\\\/\",\"url\":\"https:\\\/\\\/d66.nl\\\/hattem\\\/interview-met-fractievoorzitter\\\/\",\"name\":\"D66 Hattem &#8212; Interview met fractievoorzitter\",\"isPartOf\":{\"@id\":\"https:\\\/\\\/d66.nl\\\/hattem\\\/#website\"},\"primaryImageOfPage\":{\"@id\":\"https:\\\/\\\/d66.nl\\\/hattem\\\/interview-met-fractievoorzitter\\\/#primaryimage\"},\"image\":{\"@id\":\"https:\\\/\\\/d66.nl\\\/hattem\\\/interview-met-fractievoorzitter\\\/#primaryimage\"},\"thumbnailUrl\":\"https:\\\/\\\/d66.nl\\\/hattem\\\/wp-content\\\/uploads\\\/sites\\\/311\\\/2022\\\/01\\\/1559720510392.jpg\",\"datePublished\":\"2024-01-31T08:25:10+00:00\",\"dateModified\":\"2025-02-11T08:50:14+00:00\",\"breadcrumb\":{\"@id\":\"https:\\\/\\\/d66.nl\\\/hattem\\\/interview-met-fractievoorzitter\\\/#breadcrumb\"},\"inLanguage\":\"nl-NL\",\"potentialAction\":[{\"@type\":\"ReadAction\",\"target\":[\"https:\\\/\\\/d66.nl\\\/hattem\\\/interview-met-fractievoorzitter\\\/\"]}]},{\"@type\":\"ImageObject\",\"inLanguage\":\"nl-NL\",\"@id\":\"https:\\\/\\\/d66.nl\\\/hattem\\\/interview-met-fractievoorzitter\\\/#primaryimage\",\"url\":\"https:\\\/\\\/d66.nl\\\/hattem\\\/wp-content\\\/uploads\\\/sites\\\/311\\\/2022\\\/01\\\/1559720510392.jpg\",\"contentUrl\":\"https:\\\/\\\/d66.nl\\\/hattem\\\/wp-content\\\/uploads\\\/sites\\\/311\\\/2022\\\/01\\\/1559720510392.jpg\",\"width\":500,\"height\":500,\"caption\":\"Fractievoorzitter Erwin Kwakkel\"},{\"@type\":\"BreadcrumbList\",\"@id\":\"https:\\\/\\\/d66.nl\\\/hattem\\\/interview-met-fractievoorzitter\\\/#breadcrumb\",\"itemListElement\":[{\"@type\":\"ListItem\",\"position\":1,\"name\":\"Home\",\"item\":\"https:\\\/\\\/d66.nl\\\/hattem\\\/\"},{\"@type\":\"ListItem\",\"position\":2,\"name\":\"Interview met fractievoorzitter\"}]},{\"@type\":\"WebSite\",\"@id\":\"https:\\\/\\\/d66.nl\\\/hattem\\\/#website\",\"url\":\"https:\\\/\\\/d66.nl\\\/hattem\\\/\",\"name\":\"D66 Hattem\",\"description\":\"Just another D66 Sites site\",\"publisher\":{\"@id\":\"https:\\\/\\\/d66.nl\\\/hattem\\\/#organization\"},\"potentialAction\":[{\"@type\":\"SearchAction\",\"target\":{\"@type\":\"EntryPoint\",\"urlTemplate\":\"https:\\\/\\\/d66.nl\\\/hattem\\\/?s={search_term_string}\"},\"query-input\":{\"@type\":\"PropertyValueSpecification\",\"valueRequired\":true,\"valueName\":\"search_term_string\"}}],\"inLanguage\":\"nl-NL\"},{\"@type\":\"Organization\",\"@id\":\"https:\\\/\\\/d66.nl\\\/hattem\\\/#organization\",\"name\":\"D66\",\"url\":\"https:\\\/\\\/d66.nl\\\/hattem\\\/\",\"logo\":{\"@type\":\"ImageObject\",\"inLanguage\":\"nl-NL\",\"@id\":\"https:\\\/\\\/d66.nl\\\/hattem\\\/#\\\/schema\\\/logo\\\/image\\\/\",\"url\":\"https:\\\/\\\/d66.nl\\\/hattem\\\/wp-content\\\/uploads\\\/sites\\\/2\\\/2021\\\/10\\\/d66-themas-algemeen-og.png\",\"contentUrl\":\"https:\\\/\\\/d66.nl\\\/hattem\\\/wp-content\\\/uploads\\\/sites\\\/2\\\/2021\\\/10\\\/d66-themas-algemeen-og.png\",\"width\":1200,\"height\":628,\"caption\":\"D66\"},\"image\":{\"@id\":\"https:\\\/\\\/d66.nl\\\/hattem\\\/#\\\/schema\\\/logo\\\/image\\\/\"}}]}<\/script>\n<!-- \/ Yoast SEO plugin. -->","yoast_head_json":{"title":"D66 Hattem &#8212; Interview met fractievoorzitter","robots":{"index":"index","follow":"follow","max-snippet":"max-snippet:-1","max-image-preview":"max-image-preview:large","max-video-preview":"max-video-preview:-1"},"canonical":"https:\/\/d66.nl\/hattem\/interview-met-fractievoorzitter\/","og_locale":"nl_NL","og_type":"article","og_title":"D66 Hattem &#8212; Interview met fractievoorzitter","og_url":"https:\/\/d66.nl\/hattem\/interview-met-fractievoorzitter\/","og_site_name":"D66 Hattem","article_modified_time":"2025-02-11T08:50:14+00:00","og_image":[{"width":500,"height":500,"url":"https:\/\/d66.nl\/hattem\/wp-content\/uploads\/sites\/311\/2022\/01\/1559720510392.jpg","type":"image\/jpeg"}],"twitter_card":"summary_large_image","schema":{"@context":"https:\/\/schema.org","@graph":[{"@type":"WebPage","@id":"https:\/\/d66.nl\/hattem\/interview-met-fractievoorzitter\/","url":"https:\/\/d66.nl\/hattem\/interview-met-fractievoorzitter\/","name":"D66 Hattem &#8212; Interview met fractievoorzitter","isPartOf":{"@id":"https:\/\/d66.nl\/hattem\/#website"},"primaryImageOfPage":{"@id":"https:\/\/d66.nl\/hattem\/interview-met-fractievoorzitter\/#primaryimage"},"image":{"@id":"https:\/\/d66.nl\/hattem\/interview-met-fractievoorzitter\/#primaryimage"},"thumbnailUrl":"https:\/\/d66.nl\/hattem\/wp-content\/uploads\/sites\/311\/2022\/01\/1559720510392.jpg","datePublished":"2024-01-31T08:25:10+00:00","dateModified":"2025-02-11T08:50:14+00:00","breadcrumb":{"@id":"https:\/\/d66.nl\/hattem\/interview-met-fractievoorzitter\/#breadcrumb"},"inLanguage":"nl-NL","potentialAction":[{"@type":"ReadAction","target":["https:\/\/d66.nl\/hattem\/interview-met-fractievoorzitter\/"]}]},{"@type":"ImageObject","inLanguage":"nl-NL","@id":"https:\/\/d66.nl\/hattem\/interview-met-fractievoorzitter\/#primaryimage","url":"https:\/\/d66.nl\/hattem\/wp-content\/uploads\/sites\/311\/2022\/01\/1559720510392.jpg","contentUrl":"https:\/\/d66.nl\/hattem\/wp-content\/uploads\/sites\/311\/2022\/01\/1559720510392.jpg","width":500,"height":500,"caption":"Fractievoorzitter Erwin Kwakkel"},{"@type":"BreadcrumbList","@id":"https:\/\/d66.nl\/hattem\/interview-met-fractievoorzitter\/#breadcrumb","itemListElement":[{"@type":"ListItem","position":1,"name":"Home","item":"https:\/\/d66.nl\/hattem\/"},{"@type":"ListItem","position":2,"name":"Interview met fractievoorzitter"}]},{"@type":"WebSite","@id":"https:\/\/d66.nl\/hattem\/#website","url":"https:\/\/d66.nl\/hattem\/","name":"D66 Hattem","description":"Just another D66 Sites site","publisher":{"@id":"https:\/\/d66.nl\/hattem\/#organization"},"potentialAction":[{"@type":"SearchAction","target":{"@type":"EntryPoint","urlTemplate":"https:\/\/d66.nl\/hattem\/?s={search_term_string}"},"query-input":{"@type":"PropertyValueSpecification","valueRequired":true,"valueName":"search_term_string"}}],"inLanguage":"nl-NL"},{"@type":"Organization","@id":"https:\/\/d66.nl\/hattem\/#organization","name":"D66","url":"https:\/\/d66.nl\/hattem\/","logo":{"@type":"ImageObject","inLanguage":"nl-NL","@id":"https:\/\/d66.nl\/hattem\/#\/schema\/logo\/image\/","url":"https:\/\/d66.nl\/hattem\/wp-content\/uploads\/sites\/2\/2021\/10\/d66-themas-algemeen-og.png","contentUrl":"https:\/\/d66.nl\/hattem\/wp-content\/uploads\/sites\/2\/2021\/10\/d66-themas-algemeen-og.png","width":1200,"height":628,"caption":"D66"},"image":{"@id":"https:\/\/d66.nl\/hattem\/#\/schema\/logo\/image\/"}}]}},"_links":{"self":[{"href":"https:\/\/d66.nl\/hattem\/wp-json\/wp\/v2\/pages\/702","targetHints":{"allow":["GET"]}}],"collection":[{"href":"https:\/\/d66.nl\/hattem\/wp-json\/wp\/v2\/pages"}],"about":[{"href":"https:\/\/d66.nl\/hattem\/wp-json\/wp\/v2\/types\/page"}],"author":[{"embeddable":true,"href":"https:\/\/d66.nl\/hattem\/wp-json\/wp\/v2\/users\/1458"}],"replies":[{"embeddable":true,"href":"https:\/\/d66.nl\/hattem\/wp-json\/wp\/v2\/comments?post=702"}],"version-history":[{"count":3,"href":"https:\/\/d66.nl\/hattem\/wp-json\/wp\/v2\/pages\/702\/revisions"}],"predecessor-version":[{"id":728,"href":"https:\/\/d66.nl\/hattem\/wp-json\/wp\/v2\/pages\/702\/revisions\/728"}],"wp:featuredmedia":[{"embeddable":true,"href":"https:\/\/d66.nl\/hattem\/wp-json\/wp\/v2\/media\/437"}],"wp:attachment":[{"href":"https:\/\/d66.nl\/hattem\/wp-json\/wp\/v2\/media?parent=702"}],"wp:term":[{"taxonomy":"search-tags","embeddable":true,"href":"https:\/\/d66.nl\/hattem\/wp-json\/wp\/v2\/search-tags?post=702"},{"taxonomy":"labels","embeddable":true,"href":"https:\/\/d66.nl\/hattem\/wp-json\/wp\/v2\/labels?post=702"},{"taxonomy":"themes-or-point-of-view","embeddable":true,"href":"https:\/\/d66.nl\/hattem\/wp-json\/wp\/v2\/themes-or-point-of-view?post=702"}],"curies":[{"name":"wp","href":"https:\/\/api.w.org\/{rel}","templated":true}]}}