{"id":1458,"date":"2026-02-14T18:48:24","date_gmt":"2026-02-14T18:48:24","guid":{"rendered":"https:\/\/d66.nl\/gilze-en-rijen\/?post_type=manifesto&#038;p=1458"},"modified":"2026-02-14T22:06:06","modified_gmt":"2026-02-14T22:06:06","slug":"6-sociale-gemeente","status":"publish","type":"manifesto","link":"https:\/\/d66.nl\/gilze-en-rijen\/verkiezingsprogramma\/6-sociale-gemeente\/","title":{"rendered":"6 Sociale gemeente"},"content":{"rendered":"<div\n  id=\"\"\n  class=\"wrapper  wrapper__spacing-bottom-large--50 wrapper__spacing-bottom-desktop--66 wrapper__spacing-bottom-mobile--76  wrapper__gutter--none\"\n  >\n  \t<div class=\"wrapper__container wrapper__container-width-large--default\">\n\t  <div class=\"wrapper__inner wrapper__width-large--14 wrapper__width-desktop--20 wrapper__width-mobile--24 wrapper__offset-large--6 wrapper__offset-desktop--4 wrapper__offset-mobile--0\">\n\t\t<h1 class=\"heading   heading__size--giant heading__font--serif heading__weight--regular  block-heading__heading\" id=\"nav-sociale-gemeente8966\"  data-nav-heading-mobile=\"Sociale gemeente\" >\n\tSociale gemeente<\/h1>\t  <\/div>\n\t<\/div>\n  <\/div>\n\n\n<div\n  id=\"\"\n  class=\"wrapper  wrapper__spacing-bottom-large--50 wrapper__spacing-bottom-mobile--40  wrapper__gutter--none\"\n  >\n  \t<div class=\"wrapper__container wrapper__container-width-large--default\">\n\t  <div class=\"wrapper__inner wrapper__width-large--13 wrapper__width-desktop--22 wrapper__width-mobile--24 wrapper__offset-large--6 wrapper__offset-desktop--2 wrapper__offset-mobile--0\">\n\t\t<p\n\t\tclass=\"paragraph   paragraph__size--big   block-paragraph__paragraph\"\n\t\t\t>\n\t\tD66 wil dat Gilze en Rijen een gemeente is waar iedereen mee kan doen. Ieder kind krijgt een goede start, sterke scholen in de eigen dorpen en ruimte om talenten te ontwikkelen.<br><br>We willen toegankelijke zorg en ondersteuning, \u00e9\u00e9n duidelijk aanspreekpunt en sterke lokale teams. Armoede mag niemand buitensluiten, en inclusie staat voorop: iedereen hoort erbij.<br><br>We zetten in op ontmoeting, voorkomen van eenzaamheid en passende woonvormen voor ouderen, zodat iedereen prettig kan meedoen in de samenleving.\t<\/p>\t  <\/div>\n\t<\/div>\n  <\/div>\n\n\n<div\n  id=\"\"\n  class=\"wrapper  wrapper__spacing-bottom-large--50 wrapper__spacing-bottom-desktop--70 wrapper__spacing-bottom-mobile--50  wrapper__gutter--none\"\n  >\n  \t<div class=\"wrapper__container wrapper__container-width-large--default\">\n\t  <div class=\"wrapper__inner wrapper__width-large--18 wrapper__width-desktop--22 wrapper__width-mobile--24 wrapper__offset-large--6 wrapper__offset-desktop--2 wrapper__offset-mobile--0\">\n\t\t<section class=\"block-post-content\">\n\t<div class=\"block-post-content__title\">\n\t\t<h3 class=\"heading  heading__color--black heading__size--medium heading__font--sans heading__weight--bold  block-post-content__heading\" id=\"nav--strong-onderwijs--gelijke-kansen--dichtbij-en-toekomstgericht--strong-756\" data-nav-heading-mobile=\"Onderwijs: gelijke kansen, dichtbij en toekomstgericht\">\n\t<strong>Onderwijs: gelijke kansen, dichtbij en toekomstgericht<\/strong><\/h3>\t<\/div>\n\t<div class=\"block-post-content__content\">\n\t\t\n<div\n  id=\"\"\n  class=\"wrapper  wrapper__spacing-bottom-large--30 wrapper__spacing-bottom-desktop--20  wrapper__gutter--none\"\n  >\n  \t<div class=\"wrapper__container wrapper__container-width-large--default\">\n\t  <div class=\"wrapper__inner wrapper__width-large--24 wrapper__width-mobile--24\">\n\t\t<p\n\t\tclass=\"paragraph paragraph__align--left paragraph__color--black paragraph__size--default   block-paragraph__paragraph\"\n\t\t\t>\n\t\tGoed onderwijs is de sterkste motor voor gelijke kansen. Het geeft kinderen de ruimte om zich te ontwikkelen, talenten te ontdekken en volwaardig mee te doen in de samenleving. D66 gelooft dat ieder kind, ongeacht achtergrond of thuissituatie, recht heeft op een goede start en ondersteuning die past. Onderwijs is niet alleen leren maar groeien.\t<\/p>\t  <\/div>\n\t<\/div>\n  <\/div>\n\n\t<\/div>\n\n\t<div class=\"block-post-content__sidebar\">\n\t\t\n\t\t\n\t\t\t<\/div>\n<\/section>\n\t  <\/div>\n\t<\/div>\n  <\/div>\n\n\n<div\n  id=\"\"\n  class=\"wrapper  wrapper__spacing-bottom-large--50 wrapper__spacing-bottom-desktop--70 wrapper__spacing-bottom-mobile--50  wrapper__gutter--none\"\n  >\n  \t<div class=\"wrapper__container wrapper__container-width-large--default\">\n\t  <div class=\"wrapper__inner wrapper__width-large--18 wrapper__width-desktop--22 wrapper__width-mobile--24 wrapper__offset-large--6 wrapper__offset-desktop--2 wrapper__offset-mobile--0\">\n\t\t<section class=\"block-post-content\">\n\t<div class=\"block-post-content__title\">\n\t\t<h3 class=\"heading  heading__color--black heading__size--medium heading__font--sans heading__weight--bold  block-post-content__heading\" id=\"nav--strong--strong-een-sterke-start-voor-ieder-kind--strong---strong-2634\" data-nav-heading-mobile=\"Een sterke start voor ieder kind\">\n\t<strong><strong>Een sterke start voor ieder kind<\/strong><\/strong><\/h3>\t<\/div>\n\t<div class=\"block-post-content__content\">\n\t\t\n<div\n  id=\"\"\n  class=\"wrapper  wrapper__spacing-bottom-large--30 wrapper__spacing-bottom-desktop--20  wrapper__gutter--none\"\n  >\n  \t<div class=\"wrapper__container wrapper__container-width-large--default\">\n\t  <div class=\"wrapper__inner wrapper__width-large--24 wrapper__width-mobile--24\">\n\t\t<p\n\t\tclass=\"paragraph paragraph__align--left paragraph__color--black paragraph__size--default   block-paragraph__paragraph\"\n\t\t\t>\n\t\tGelijke kansen beginnen vroeg. Daarom investeren we in toegankelijke voorschoolse educatie en ondersteunen we ouders bij taal en ontwikkeling. Voor nieuwkomers is extra aandacht voor taal en integratie essentieel zodat een taaldrempel geen ontwikkelingsachterstand wordt. Een goede start voorkomt problemen later.\t<\/p>\t  <\/div>\n\t<\/div>\n  <\/div>\n\n\t<\/div>\n\n\t<div class=\"block-post-content__sidebar\">\n\t\t\n\t\t\n\t\t\t<\/div>\n<\/section>\n\t  <\/div>\n\t<\/div>\n  <\/div>\n\n\n<div\n  id=\"\"\n  class=\"wrapper  wrapper__spacing-bottom-large--50 wrapper__spacing-bottom-desktop--70 wrapper__spacing-bottom-mobile--50  wrapper__gutter--none\"\n  >\n  \t<div class=\"wrapper__container wrapper__container-width-large--default\">\n\t  <div class=\"wrapper__inner wrapper__width-large--18 wrapper__width-desktop--22 wrapper__width-mobile--24 wrapper__offset-large--6 wrapper__offset-desktop--2 wrapper__offset-mobile--0\">\n\t\t<section class=\"block-post-content\">\n\t<div class=\"block-post-content__title\">\n\t\t<h3 class=\"heading  heading__color--black heading__size--medium heading__font--sans heading__weight--bold  block-post-content__heading\" id=\"nav--strong--strong-sterke-scholen-in-alle-dorpen--strong---strong-3872\" data-nav-heading-mobile=\"Sterke scholen in alle dorpen\">\n\t<strong><strong>Sterke scholen in alle dorpen<\/strong><\/strong><\/h3>\t<\/div>\n\t<div class=\"block-post-content__content\">\n\t\t\n<div\n  id=\"\"\n  class=\"wrapper  wrapper__spacing-bottom-large--30 wrapper__spacing-bottom-desktop--20  wrapper__gutter--none\"\n  >\n  \t<div class=\"wrapper__container wrapper__container-width-large--default\">\n\t  <div class=\"wrapper__inner wrapper__width-large--24 wrapper__width-mobile--24\">\n\t\t<p\n\t\tclass=\"paragraph paragraph__align--left paragraph__color--black paragraph__size--default   block-paragraph__paragraph\"\n\t\t\t>\n\t\tD66 wil dat kinderen zoveel mogelijk in hun eigen dorp naar school kunnen. We zetten in op het behoud van sterke basisscholen in de kernen en stimuleren samenwerking tussen kleinere scholen om kwaliteit te waarborgen.<br><br>Schoolgebouwen moeten modern, duurzaam en passend zijn bij hedendaags onderwijs. Daarom bevorderen we samenwerking tussen scholen, kinderopvang en bibliotheek, zodat onderwijs, taal en ontwikkeling elkaar versterken. Scholen horen midden in de gemeenschap.\t<\/p>\t  <\/div>\n\t<\/div>\n  <\/div>\n\n\t<\/div>\n\n\t<div class=\"block-post-content__sidebar\">\n\t\t\n\t\t\n\t\t\t<\/div>\n<\/section>\n\t  <\/div>\n\t<\/div>\n  <\/div>\n\n\n<div\n  id=\"\"\n  class=\"wrapper  wrapper__spacing-bottom-large--50 wrapper__spacing-bottom-desktop--70 wrapper__spacing-bottom-mobile--50  wrapper__gutter--none\"\n  >\n  \t<div class=\"wrapper__container wrapper__container-width-large--default\">\n\t  <div class=\"wrapper__inner wrapper__width-large--18 wrapper__width-desktop--22 wrapper__width-mobile--24 wrapper__offset-large--6 wrapper__offset-desktop--2 wrapper__offset-mobile--0\">\n\t\t<section class=\"block-post-content\">\n\t<div class=\"block-post-content__title\">\n\t\t<h3 class=\"heading  heading__color--black heading__size--medium heading__font--sans heading__weight--bold  block-post-content__heading\" id=\"nav--strong--strong-rijke-schooldag--leren-met-hoofd--hart-en-handen--strong---strong-627\" data-nav-heading-mobile=\"Rijke schooldag: leren met hoofd, hart en handen\">\n\t<strong><strong>Rijke schooldag: leren met hoofd, hart en handen<\/strong><\/strong><\/h3>\t<\/div>\n\t<div class=\"block-post-content__content\">\n\t\t\n<div\n  id=\"\"\n  class=\"wrapper  wrapper__spacing-bottom-large--30 wrapper__spacing-bottom-desktop--20  wrapper__gutter--none\"\n  >\n  \t<div class=\"wrapper__container wrapper__container-width-large--default\">\n\t  <div class=\"wrapper__inner wrapper__width-large--24 wrapper__width-mobile--24\">\n\t\t<p\n\t\tclass=\"paragraph paragraph__align--left paragraph__color--black paragraph__size--default   block-paragraph__paragraph\"\n\t\t\t>\n\t\tKinderen leren meer dan alleen uit boeken. D66 zet in op een rijke schooldag, met ruimte voor sport, cultuur, natuur en creativiteit. We stimuleren samenwerking tussen scholen, verenigingen en culturele instellingen. Aandacht voor beweging, gezonde leefstijl en schoolzwemmen hoort daarbij. Zo krijgen kinderen de kans zich breed te ontwikkelen.\t<\/p>\t  <\/div>\n\t<\/div>\n  <\/div>\n\n\t<\/div>\n\n\t<div class=\"block-post-content__sidebar\">\n\t\t\n\t\t\n\t\t\t<\/div>\n<\/section>\n\t  <\/div>\n\t<\/div>\n  <\/div>\n\n\n<div\n  id=\"\"\n  class=\"wrapper  wrapper__spacing-bottom-large--50 wrapper__spacing-bottom-desktop--70 wrapper__spacing-bottom-mobile--50  wrapper__gutter--none\"\n  >\n  \t<div class=\"wrapper__container wrapper__container-width-large--default\">\n\t  <div class=\"wrapper__inner wrapper__width-large--18 wrapper__width-desktop--22 wrapper__width-mobile--24 wrapper__offset-large--6 wrapper__offset-desktop--2 wrapper__offset-mobile--0\">\n\t\t<section class=\"block-post-content\">\n\t<div class=\"block-post-content__title\">\n\t\t<h3 class=\"heading  heading__color--black heading__size--medium heading__font--sans heading__weight--bold  block-post-content__heading\" id=\"nav--strong--strong-toegankelijke-en-toekomstbestendige-schoolgebouwen--strong---strong-5161\" data-nav-heading-mobile=\"Toegankelijke en toekomstbestendige schoolgebouwen\">\n\t<strong><strong>Toegankelijke en toekomstbestendige schoolgebouwen<\/strong><\/strong><\/h3>\t<\/div>\n\t<div class=\"block-post-content__content\">\n\t\t\n<div\n  id=\"\"\n  class=\"wrapper  wrapper__spacing-bottom-large--30 wrapper__spacing-bottom-desktop--20  wrapper__gutter--none\"\n  >\n  \t<div class=\"wrapper__container wrapper__container-width-large--default\">\n\t  <div class=\"wrapper__inner wrapper__width-large--24 wrapper__width-mobile--24\">\n\t\t<p\n\t\tclass=\"paragraph paragraph__align--left paragraph__color--black paragraph__size--default   block-paragraph__paragraph\"\n\t\t\t>\n\t\tEen school moet uitnodigend en toegankelijk zijn voor ieder kind. Daarom werken we aan de fysieke toegankelijkheid van schoolgebouwen. Voor De Kring en De Bolster kiezen we voor uitbreiding op de huidige locatie zodat deze scholen klaar zijn voor de toekomst. Groeiende scholen moeten tijdig de ruimte krijgen die nodig is. Goede huisvesting is een voorwaarde voor passend onderwijs.\t<\/p>\t  <\/div>\n\t<\/div>\n  <\/div>\n\n\t<\/div>\n\n\t<div class=\"block-post-content__sidebar\">\n\t\t\n\t\t\n\t\t\t<\/div>\n<\/section>\n\t  <\/div>\n\t<\/div>\n  <\/div>\n\n\n<div\n  id=\"\"\n  class=\"wrapper  wrapper__spacing-bottom-large--50 wrapper__spacing-bottom-desktop--70 wrapper__spacing-bottom-mobile--50  wrapper__gutter--none\"\n  >\n  \t<div class=\"wrapper__container wrapper__container-width-large--default\">\n\t  <div class=\"wrapper__inner wrapper__width-large--18 wrapper__width-desktop--22 wrapper__width-mobile--24 wrapper__offset-large--6 wrapper__offset-desktop--2 wrapper__offset-mobile--0\">\n\t\t<section class=\"block-post-content\">\n\t<div class=\"block-post-content__title\">\n\t\t<h3 class=\"heading  heading__color--black heading__size--medium heading__font--sans heading__weight--bold  block-post-content__heading\" id=\"nav--strong--strong-onderwijs-samen-met-de-omgeving--strong---strong-6756\" data-nav-heading-mobile=\"Onderwijs samen met de omgeving\">\n\t<strong><strong>Onderwijs samen met de omgeving<\/strong><\/strong><\/h3>\t<\/div>\n\t<div class=\"block-post-content__content\">\n\t\t\n<div\n  id=\"\"\n  class=\"wrapper  wrapper__spacing-bottom-large--30 wrapper__spacing-bottom-desktop--20  wrapper__gutter--none\"\n  >\n  \t<div class=\"wrapper__container wrapper__container-width-large--default\">\n\t  <div class=\"wrapper__inner wrapper__width-large--24 wrapper__width-mobile--24\">\n\t\t<p\n\t\tclass=\"paragraph paragraph__align--left paragraph__color--black paragraph__size--default   block-paragraph__paragraph\"\n\t\t\t>\n\t\tGoed onderwijs is de sterkste motor voor gelijke kansen. Het geeft Onderwijs staat niet op zichzelf. Kinderen groeien wanneer school en omgeving samenwerken. D66 stimuleert verbinding tussen scholen, ouders, buurt, verenigingen en lokale initiatieven. Projecten rond cultuur, natuur, techniek, burgerschap en duurzaamheid brengen leren tot leven en versterken de band met de leefomgeving.\t<\/p>\t  <\/div>\n\t<\/div>\n  <\/div>\n\n\t<\/div>\n\n\t<div class=\"block-post-content__sidebar\">\n\t\t\n\t\t\n\t\t\t<\/div>\n<\/section>\n\t  <\/div>\n\t<\/div>\n  <\/div>\n\n\n<div\n  id=\"\"\n  class=\"wrapper  wrapper__spacing-bottom-large--50 wrapper__spacing-bottom-desktop--70 wrapper__spacing-bottom-mobile--50  wrapper__gutter--none\"\n  >\n  \t<div class=\"wrapper__container wrapper__container-width-large--default\">\n\t  <div class=\"wrapper__inner wrapper__width-large--18 wrapper__width-desktop--22 wrapper__width-mobile--24 wrapper__offset-large--6 wrapper__offset-desktop--2 wrapper__offset-mobile--0\">\n\t\t<section class=\"block-post-content\">\n\t<div class=\"block-post-content__title\">\n\t\t<h3 class=\"heading  heading__color--black heading__size--medium heading__font--sans heading__weight--bold  block-post-content__heading\" id=\"nav--strong--strong-menselijk--dichtbij-en-voor-iedereen--strong---strong-5648\" data-nav-heading-mobile=\"Menselijk, dichtbij en voor iedereen\">\n\t<strong><strong>Menselijk, dichtbij en voor iedereen<\/strong><\/strong><\/h3>\t<\/div>\n\t<div class=\"block-post-content__content\">\n\t\t\n<div\n  id=\"\"\n  class=\"wrapper  wrapper__spacing-bottom-large--30 wrapper__spacing-bottom-desktop--20  wrapper__gutter--none\"\n  >\n  \t<div class=\"wrapper__container wrapper__container-width-large--default\">\n\t  <div class=\"wrapper__inner wrapper__width-large--24 wrapper__width-mobile--24\">\n\t\t<p\n\t\tclass=\"paragraph paragraph__align--left paragraph__color--black paragraph__size--default   block-paragraph__paragraph\"\n\t\t\t>\n\t\tZorg moet begrijpelijk, bereikbaar en menselijk zijn. D66 wil dat inwoners in Gilze en Rijen snel de juiste ondersteuning krijgen zonder onnodige drempels of bureaucratie. Of het nu gaat om jeugdzorg, WMO of armoedebestrijding: kwaliteit en toegankelijkheid zijn geen luxe maar een basisrecht.\t<\/p>\t  <\/div>\n\t<\/div>\n  <\/div>\n\n\t<\/div>\n\n\t<div class=\"block-post-content__sidebar\">\n\t\t\n\t\t\n\t\t\t<\/div>\n<\/section>\n\t  <\/div>\n\t<\/div>\n  <\/div>\n\n\n<div\n  id=\"\"\n  class=\"wrapper  wrapper__spacing-bottom-large--50 wrapper__spacing-bottom-desktop--70 wrapper__spacing-bottom-mobile--50  wrapper__gutter--none\"\n  >\n  \t<div class=\"wrapper__container wrapper__container-width-large--default\">\n\t  <div class=\"wrapper__inner wrapper__width-large--18 wrapper__width-desktop--22 wrapper__width-mobile--24 wrapper__offset-large--6 wrapper__offset-desktop--2 wrapper__offset-mobile--0\">\n\t\t<section class=\"block-post-content\">\n\t<div class=\"block-post-content__title\">\n\t\t<h3 class=\"heading  heading__color--black heading__size--medium heading__font--sans heading__weight--bold  block-post-content__heading\" id=\"nav--strong--strong-goede-zorg-dichter-bij-de-mensen--strong---strong-4084\" data-nav-heading-mobile=\"Goede zorg dichter bij de mensen\">\n\t<strong><strong>Goede zorg dichter bij de mensen<\/strong><\/strong><\/h3>\t<\/div>\n\t<div class=\"block-post-content__content\">\n\t\t\n<div\n  id=\"\"\n  class=\"wrapper  wrapper__spacing-bottom-large--30 wrapper__spacing-bottom-desktop--20  wrapper__gutter--none\"\n  >\n  \t<div class=\"wrapper__container wrapper__container-width-large--default\">\n\t  <div class=\"wrapper__inner wrapper__width-large--24 wrapper__width-mobile--24\">\n\t\t<p\n\t\tclass=\"paragraph paragraph__align--left paragraph__color--black paragraph__size--default   block-paragraph__paragraph\"\n\t\t\t>\n\t\tVeel inwoners zijn afhankelijk van zorg en ondersteuning maar weten die nog te vaak niet te vinden. Slechts ongeveer de helft weet waar men terechtkan voor Wmo-voorzieningen; bij mantelzorgondersteuning en financi\u00eble hulp is dat aandeel nog lager. Daardoor bereiken we een deel van de mensen die hulp nodig hebben niet &#8211; en dat moet veranderen.<br><br>Daarnaast mijden sommige inwoners zorg, bijvoorbeeld uit financi\u00eble zorgen of omdat hulp vragen moeilijk voelt. Meer dan 60% van de volwassenen ervaart drempels om hulp te zoeken bij gezondheidsproblemen met als gevolg dat noodzakelijke zorg wordt gemist. D66 wil dit doorbreken. Wij pleiten voor extra aandacht voor zorgmijding en \u2018zorgverlegenheid\u2019, en voor een actieve rol van gemeente en zorgorganisaties om signalen tijdig op te vangen en mensen beter te bereiken.<br><br>Er zijn ook signalen van inwoners met een bijstandsuitkering dan wel ge\u00efndiceerde zorg (WMO of jeugdhulp) die het niet eens zijn met de hoogte\/omvang ervan. Zij weten soms niet hoe dit aan te kaarten. We willen stimuleren dat zij via de beschikbare kanalen kunnen vragen om andere oplossingen.\t<\/p>\t  <\/div>\n\t<\/div>\n  <\/div>\n\n\t<\/div>\n\n\t<div class=\"block-post-content__sidebar\">\n\t\t\n\t\t\n\t\t\t<\/div>\n<\/section>\n\t  <\/div>\n\t<\/div>\n  <\/div>\n\n\n<div\n  id=\"\"\n  class=\"wrapper  wrapper__spacing-bottom-large--50 wrapper__spacing-bottom-desktop--70 wrapper__spacing-bottom-mobile--50  wrapper__gutter--none\"\n  >\n  \t<div class=\"wrapper__container wrapper__container-width-large--default\">\n\t  <div class=\"wrapper__inner wrapper__width-large--18 wrapper__width-desktop--22 wrapper__width-mobile--24 wrapper__offset-large--6 wrapper__offset-desktop--2 wrapper__offset-mobile--0\">\n\t\t<section class=\"block-post-content\">\n\t<div class=\"block-post-content__title\">\n\t\t<h3 class=\"heading  heading__color--black heading__size--medium heading__font--sans heading__weight--bold  block-post-content__heading\" id=\"nav--strong--strong-toegankelijke-en-sterke--jeugd-zorg--strong---strong-8715\" data-nav-heading-mobile=\"Toegankelijke en sterke (jeugd)zorg\">\n\t<strong><strong>Toegankelijke en sterke (jeugd)zorg<\/strong><\/strong><\/h3>\t<\/div>\n\t<div class=\"block-post-content__content\">\n\t\t\n<div\n  id=\"\"\n  class=\"wrapper  wrapper__spacing-bottom-large--30 wrapper__spacing-bottom-desktop--20  wrapper__gutter--none\"\n  >\n  \t<div class=\"wrapper__container wrapper__container-width-large--default\">\n\t  <div class=\"wrapper__inner wrapper__width-large--24 wrapper__width-mobile--24\">\n\t\t<p\n\t\tclass=\"paragraph paragraph__align--left paragraph__color--black paragraph__size--default   block-paragraph__paragraph\"\n\t\t\t>\n\t\tWe werken aan kortere wachttijden, \u00e9\u00e9n duidelijk aanspreekpunt voor gezinnen en minder papierwerk voor zorgverleners. Jeugdzorg moet eerder en dichterbij beginnen: met preventie, ondersteuning op school en het versterken van gezinnen.<br><br>De kwaliteit van de geboden jeugdzorg is helaas nog lang niet waar die moet zijn. De tevredenheid over de jeugdzorg is fors achteruit gegaan. Ongeveer een vijfde deel van de jongeren in jeugdzorg heeft daar onvoldoende baat bij. Bij de inkoop en (bij-)sturing van de jeugdzorg moet de gemeente (en de regio) scherper letten op de kwaliteit. <br><br>Ook moet een einde komen aan de (tot op heden onbeheersbare) groei van jeugdzorgkosten door meer te doen aan preventie, inzet van algemene voorzieningen en normalisatie.\t<\/p>\t  <\/div>\n\t<\/div>\n  <\/div>\n\n\t<\/div>\n\n\t<div class=\"block-post-content__sidebar\">\n\t\t\n\t\t\n\t\t\t<\/div>\n<\/section>\n\t  <\/div>\n\t<\/div>\n  <\/div>\n\n\n<div\n  id=\"\"\n  class=\"wrapper  wrapper__spacing-bottom-large--50 wrapper__spacing-bottom-desktop--70 wrapper__spacing-bottom-mobile--50  wrapper__gutter--none\"\n  >\n  \t<div class=\"wrapper__container wrapper__container-width-large--default\">\n\t  <div class=\"wrapper__inner wrapper__width-large--18 wrapper__width-desktop--22 wrapper__width-mobile--24 wrapper__offset-large--6 wrapper__offset-desktop--2 wrapper__offset-mobile--0\">\n\t\t<section class=\"block-post-content\">\n\t<div class=\"block-post-content__title\">\n\t\t<h3 class=\"heading  heading__color--black heading__size--medium heading__font--sans heading__weight--bold  block-post-content__heading\" id=\"nav--strong--strong-toegankelijke-zorgondersteuning--via-o-a--de-wmo--met-maatwerk--strong---strong-1829\" data-nav-heading-mobile=\"Toegankelijke zorgondersteuning (via o.a. de WMO) met maatwerk\">\n\t<strong><strong>Toegankelijke zorgondersteuning (via o.a. de WMO) met maatwerk<\/strong><\/strong><\/h3>\t<\/div>\n\t<div class=\"block-post-content__content\">\n\t\t\n<div\n  id=\"\"\n  class=\"wrapper  wrapper__spacing-bottom-large--30 wrapper__spacing-bottom-desktop--20  wrapper__gutter--none\"\n  >\n  \t<div class=\"wrapper__container wrapper__container-width-large--default\">\n\t  <div class=\"wrapper__inner wrapper__width-large--24 wrapper__width-mobile--24\">\n\t\t<p\n\t\tclass=\"paragraph paragraph__align--left paragraph__color--black paragraph__size--default   block-paragraph__paragraph\"\n\t\t\t>\n\t\tBinnen de WMO staat maatwerk centraal met respect voor de eigen regie van inwoners. Goede zorg is tijdig, passend en menselijk. Het zonder voorafgaande effectmeting bezuinigen op de huishoudelijke hulp, zoals met ingang van 2026 gebeurt, is onacceptabel.\t<\/p>\t  <\/div>\n\t<\/div>\n  <\/div>\n\n\t<\/div>\n\n\t<div class=\"block-post-content__sidebar\">\n\t\t\n\t\t\n\t\t\t<\/div>\n<\/section>\n\t  <\/div>\n\t<\/div>\n  <\/div>\n\n\n<div\n  id=\"\"\n  class=\"wrapper  wrapper__spacing-bottom-large--50 wrapper__spacing-bottom-desktop--70 wrapper__spacing-bottom-mobile--50  wrapper__gutter--none\"\n  >\n  \t<div class=\"wrapper__container wrapper__container-width-large--default\">\n\t  <div class=\"wrapper__inner wrapper__width-large--18 wrapper__width-desktop--22 wrapper__width-mobile--24 wrapper__offset-large--6 wrapper__offset-desktop--2 wrapper__offset-mobile--0\">\n\t\t<section class=\"block-post-content\">\n\t<div class=\"block-post-content__title\">\n\t\t<h3 class=\"heading  heading__color--black heading__size--medium heading__font--sans heading__weight--bold  block-post-content__heading\" id=\"nav--strong--strong-geen-bezuinigingen-op-het-sociaal-domein--strong---strong-634\" data-nav-heading-mobile=\"Geen bezuinigingen op het sociaal domein\">\n\t<strong><strong>Geen bezuinigingen op het sociaal domein<\/strong><\/strong><\/h3>\t<\/div>\n\t<div class=\"block-post-content__content\">\n\t\t\n<div\n  id=\"\"\n  class=\"wrapper  wrapper__spacing-bottom-large--30 wrapper__spacing-bottom-desktop--20  wrapper__gutter--none\"\n  >\n  \t<div class=\"wrapper__container wrapper__container-width-large--default\">\n\t  <div class=\"wrapper__inner wrapper__width-large--24 wrapper__width-mobile--24\">\n\t\t<p\n\t\tclass=\"paragraph paragraph__align--left paragraph__color--black paragraph__size--default   block-paragraph__paragraph\"\n\t\t\t>\n\t\tVoor D66 is de zorg voor kwetsbare inwoners geen sluitpost. Wij verzetten ons tegen bezuinigingen op het sociaal domein. Juist door te investeren in preventie, samenwerking tussen zorg, welzijn, scholen en verenigingen en een slimme organisatie voorkomen we zwaardere en duurdere zorg later. Zo behouden we voorzieningen \u00e9n waardigheid.\t<\/p>\t  <\/div>\n\t<\/div>\n  <\/div>\n\n\t<\/div>\n\n\t<div class=\"block-post-content__sidebar\">\n\t\t\n\t\t\n\t\t\t<\/div>\n<\/section>\n\t  <\/div>\n\t<\/div>\n  <\/div>\n\n\n<div\n  id=\"\"\n  class=\"wrapper  wrapper__spacing-bottom-large--50 wrapper__spacing-bottom-desktop--70 wrapper__spacing-bottom-mobile--50  wrapper__gutter--none\"\n  >\n  \t<div class=\"wrapper__container wrapper__container-width-large--default\">\n\t  <div class=\"wrapper__inner wrapper__width-large--18 wrapper__width-desktop--22 wrapper__width-mobile--24 wrapper__offset-large--6 wrapper__offset-desktop--2 wrapper__offset-mobile--0\">\n\t\t<section class=\"block-post-content\">\n\t<div class=\"block-post-content__title\">\n\t\t<h3 class=\"heading  heading__color--black heading__size--medium heading__font--sans heading__weight--bold  block-post-content__heading\" id=\"nav--strong--strong-sterke-lokale-teams-voor-zorg-en-ondersteuning--strong---strong-4176\" data-nav-heading-mobile=\"Sterke lokale teams voor zorg en ondersteuning\">\n\t<strong><strong>Sterke lokale teams voor zorg en ondersteuning<\/strong><\/strong><\/h3>\t<\/div>\n\t<div class=\"block-post-content__content\">\n\t\t\n<div\n  id=\"\"\n  class=\"wrapper  wrapper__spacing-bottom-large--30 wrapper__spacing-bottom-desktop--20  wrapper__gutter--none\"\n  >\n  \t<div class=\"wrapper__container wrapper__container-width-large--default\">\n\t  <div class=\"wrapper__inner wrapper__width-large--24 wrapper__width-mobile--24\">\n\t\t<p\n\t\tclass=\"paragraph paragraph__align--left paragraph__color--black paragraph__size--default   block-paragraph__paragraph\"\n\t\t\t>\n\t\tD66 Gilze en Rijen pleitte al acht jaar geleden als enige partij voor \u00e9\u00e9n fysiek zorgloket waar inwoners terechtkunnen voor vragen over Wmo, welzijn, gezondheid, opvoeding, jeugdhulp en participatie. Een plek waar professionals samenwerken, waar advies en doorverwijzing direct mogelijk zijn en waar ook vrijwilligersorganisaties een duidelijke rol hebben.<br><br>Uit dat pleidooi is het Dorpsteam ontstaan, waarin IMW, ContourdeTwern en MEE samenwerken met spreekuren in Gilze en Rijen. Dat was een belangrijke stap vooruit. Tegelijk zien wij dat dit nog niet voldoende is. Het Dorpsteam is in de kernen fysiek te weinig zichtbaar en mist sterke, cli\u00ebntgerichte verbindingen met huisartsen, het (peuter)consultatiebureau en lokale vrijwilligersorganisaties, zoals seniorenverenigingen.<br><br>D66 wil daarom doorpakken. Wij kiezen voor een doorontwikkeling waarbij het Dorpsteam uitgroeit tot een echte eerstelijnsvoorziening en samenkomt met het gemeentelijke Sociaal Team. E\u00e9n integraal, lokaal team, met \u00e9\u00e9n herkenbaar aanspreekpunt. Zo maken we zorg en ondersteuning toegankelijker, overzichtelijker en dichter bij inwoners. Minder loketten, meer samenhang. Het k\u00e1n wel.\t<\/p>\t  <\/div>\n\t<\/div>\n  <\/div>\n\n\t<\/div>\n\n\t<div class=\"block-post-content__sidebar\">\n\t\t\n\t\t\n\t\t\t<\/div>\n<\/section>\n\t  <\/div>\n\t<\/div>\n  <\/div>\n\n\n<div\n  id=\"\"\n  class=\"wrapper  wrapper__spacing-bottom-large--50 wrapper__spacing-bottom-desktop--70 wrapper__spacing-bottom-mobile--50  wrapper__gutter--none\"\n  >\n  \t<div class=\"wrapper__container wrapper__container-width-large--default\">\n\t  <div class=\"wrapper__inner wrapper__width-large--18 wrapper__width-desktop--22 wrapper__width-mobile--24 wrapper__offset-large--6 wrapper__offset-desktop--2 wrapper__offset-mobile--0\">\n\t\t<section class=\"block-post-content\">\n\t<div class=\"block-post-content__title\">\n\t\t<h3 class=\"heading  heading__color--black heading__size--medium heading__font--sans heading__weight--bold  block-post-content__heading\" id=\"nav--strong--strong-armoede-hoort-niet-in-gilze-en-rijen--strong---strong-7807\" data-nav-heading-mobile=\"Armoede hoort niet in Gilze en Rijen\">\n\t<strong><strong>Armoede hoort niet in Gilze en Rijen<\/strong><\/strong><\/h3>\t<\/div>\n\t<div class=\"block-post-content__content\">\n\t\t\n<div\n  id=\"\"\n  class=\"wrapper  wrapper__spacing-bottom-large--30 wrapper__spacing-bottom-desktop--20  wrapper__gutter--none\"\n  >\n  \t<div class=\"wrapper__container wrapper__container-width-large--default\">\n\t  <div class=\"wrapper__inner wrapper__width-large--24 wrapper__width-mobile--24\">\n\t\t<p\n\t\tclass=\"paragraph paragraph__align--left paragraph__color--black paragraph__size--default   block-paragraph__paragraph\"\n\t\t\t>\n\t\tEen laag inkomen of een uitkering mag niemand buitensluiten van meedoen in de samenleving. Daarom steunt D66 kinderen uit gezinnen met weinig geld zodat zij kunnen sporten, leren en opgroeien zonder achterstand.<br><br>Maar ondersteuning moet niet stoppen bij kinderen. Ook senioren die rondkomen van het sociaal minimum verdienen meer ruimte om mee te blijven doen. Daarom wil D66 de inkomensgrens voor regelingen zoals de bijzondere bijstand verhogen naar 130% van het sociaal minimum. Die ruimte moet er ook zijn voor werkenden zolang dit geen armoedeval veroorzaakt.<br><br>Daarnaast kijken we vooruit. Door het bestaande pakket aan minima-voorzieningen uit te breiden met gratis openbaar vervoer maken we deelname aan de samenleving eenvoudiger en vergroten we de zelfstandigheid van inwoners. Meedoen moet kunnen &#8211; voor iedereen.<br><br>Armoede tast gezondheid, kansen en zelfvertrouwen aan. D66 kiest voor een actieve armoedestrategie met vroegsignalering, toegankelijke schuldhulp en structurele ondersteuning voor gezinnen. We zorgen dat sport, cultuur en onderwijs bereikbaar blijven en bieden hulp bij hoge energielasten. Werk moet lonen: daarom stimuleren we re-integratie en scholing. Niemand mag buitenspel staan door geldzorgen.\t<\/p>\t  <\/div>\n\t<\/div>\n  <\/div>\n\n\t<\/div>\n\n\t<div class=\"block-post-content__sidebar\">\n\t\t\n\t\t\n\t\t\t<\/div>\n<\/section>\n\t  <\/div>\n\t<\/div>\n  <\/div>\n\n\n<div\n  id=\"\"\n  class=\"wrapper  wrapper__spacing-bottom-large--50 wrapper__spacing-bottom-desktop--70 wrapper__spacing-bottom-mobile--50  wrapper__gutter--none\"\n  >\n  \t<div class=\"wrapper__container wrapper__container-width-large--default\">\n\t  <div class=\"wrapper__inner wrapper__width-large--18 wrapper__width-desktop--22 wrapper__width-mobile--24 wrapper__offset-large--6 wrapper__offset-desktop--2 wrapper__offset-mobile--0\">\n\t\t<section class=\"block-post-content\">\n\t<div class=\"block-post-content__title\">\n\t\t<h3 class=\"heading  heading__color--black heading__size--medium heading__font--sans heading__weight--bold  block-post-content__heading\" id=\"nav--strong-inclusie--iedereen-hoort-erbij--strong-7509\" data-nav-heading-mobile=\"Inclusie: iedereen hoort erbij\">\n\t<strong>Inclusie: iedereen hoort erbij<\/strong><\/h3>\t<\/div>\n\t<div class=\"block-post-content__content\">\n\t\t\n<div\n  id=\"\"\n  class=\"wrapper  wrapper__spacing-bottom-large--30 wrapper__spacing-bottom-desktop--20  wrapper__gutter--none\"\n  >\n  \t<div class=\"wrapper__container wrapper__container-width-large--default\">\n\t  <div class=\"wrapper__inner wrapper__width-large--24 wrapper__width-mobile--24\">\n\t\t<p\n\t\tclass=\"paragraph paragraph__align--left paragraph__color--black paragraph__size--default   block-paragraph__paragraph\"\n\t\t\t>\n\t\tInclusie is voor D66 geen project maar een houding. Iedereen moet volwaardig mee kunnen doen, ongeacht afkomst, beperking, gender, leeftijd of inkomen. Dat vraagt om toegankelijke openbare gebouwen, duidelijke communicatie, veilige scholen, inclusief sportbeleid en een gemeente die discriminatie actief tegengaat. We werken samen met ervaringsdeskundigen en maatschappelijke organisaties. Verschillen maken onze gemeente sterker.\t<\/p>\t  <\/div>\n\t<\/div>\n  <\/div>\n\n\t<\/div>\n\n\t<div class=\"block-post-content__sidebar\">\n\t\t\n\t\t\n\t\t\t<\/div>\n<\/section>\n\t  <\/div>\n\t<\/div>\n  <\/div>\n\n\n<div\n  id=\"\"\n  class=\"wrapper  wrapper__spacing-bottom-large--50 wrapper__spacing-bottom-desktop--70 wrapper__spacing-bottom-mobile--50  wrapper__gutter--none\"\n  >\n  \t<div class=\"wrapper__container wrapper__container-width-large--default\">\n\t  <div class=\"wrapper__inner wrapper__width-large--18 wrapper__width-desktop--22 wrapper__width-mobile--24 wrapper__offset-large--6 wrapper__offset-desktop--2 wrapper__offset-mobile--0\">\n\t\t<section class=\"block-post-content\">\n\t<div class=\"block-post-content__title\">\n\t\t<h3 class=\"heading  heading__color--black heading__size--medium heading__font--sans heading__weight--bold  block-post-content__heading\" id=\"nav--strong--strong-toegankelijke-voorzieningen-voor-ouderen-en-anderen-die-moeilijk-te-been-zijn--strong---strong-4776\" data-nav-heading-mobile=\"Toegankelijke voorzieningen voor ouderen en anderen die moeilijk te been zijn\">\n\t<strong><strong>Toegankelijke voorzieningen voor ouderen en anderen die moeilijk te been zijn<\/strong><\/strong><\/h3>\t<\/div>\n\t<div class=\"block-post-content__content\">\n\t\t\n<div\n  id=\"\"\n  class=\"wrapper  wrapper__spacing-bottom-large--30 wrapper__spacing-bottom-desktop--20  wrapper__gutter--none\"\n  >\n  \t<div class=\"wrapper__container wrapper__container-width-large--default\">\n\t  <div class=\"wrapper__inner wrapper__width-large--24 wrapper__width-mobile--24\">\n\t\t<p\n\t\tclass=\"paragraph paragraph__align--left paragraph__color--black paragraph__size--default   block-paragraph__paragraph\"\n\t\t\t>\n\t\tIn 2030 is naar verwachting \u00e9\u00e9n op de vier inwoners van Gilze en Rijen 65 jaar of ouder. Daarom investeren we in een veilige en toegankelijke leefomgeving: goed onderhouden stoepen, lage stoepranden, voldoende verlichting en veilige oversteekplaatsen. Ook zetten we ons in voor het behoud van basisvoorzieningen zoals bankdiensten, pinautomaten, servicepunten en brievenbussen zodat ouderen zelfstandig kunnen blijven deelnemen aan het dagelijks leven.\t<\/p>\t  <\/div>\n\t<\/div>\n  <\/div>\n\n\t<\/div>\n\n\t<div class=\"block-post-content__sidebar\">\n\t\t\n\t\t\n\t\t\t<\/div>\n<\/section>\n\t  <\/div>\n\t<\/div>\n  <\/div>\n\n\n<div\n  id=\"\"\n  class=\"wrapper  wrapper__spacing-bottom-large--50 wrapper__spacing-bottom-desktop--70 wrapper__spacing-bottom-mobile--50  wrapper__gutter--none\"\n  >\n  \t<div class=\"wrapper__container wrapper__container-width-large--default\">\n\t  <div class=\"wrapper__inner wrapper__width-large--18 wrapper__width-desktop--22 wrapper__width-mobile--24 wrapper__offset-large--6 wrapper__offset-desktop--2 wrapper__offset-mobile--0\">\n\t\t<section class=\"block-post-content\">\n\t<div class=\"block-post-content__title\">\n\t\t<h3 class=\"heading  heading__color--black heading__size--medium heading__font--sans heading__weight--bold  block-post-content__heading\" id=\"nav--strong--strong-eenzaamheid-voorkomen--strong---strong-9270\" data-nav-heading-mobile=\"Eenzaamheid voorkomen\">\n\t<strong><strong>Eenzaamheid voorkomen<\/strong><\/strong><\/h3>\t<\/div>\n\t<div class=\"block-post-content__content\">\n\t\t\n<div\n  id=\"\"\n  class=\"wrapper  wrapper__spacing-bottom-large--30 wrapper__spacing-bottom-desktop--20  wrapper__gutter--none\"\n  >\n  \t<div class=\"wrapper__container wrapper__container-width-large--default\">\n\t  <div class=\"wrapper__inner wrapper__width-large--24 wrapper__width-mobile--24\">\n\t\t<p\n\t\tclass=\"paragraph paragraph__align--left paragraph__color--black paragraph__size--default   block-paragraph__paragraph\"\n\t\t\t>\n\t\tDe gemeente heeft zich in 2020 aangesloten bij het landelijke actieprogramma E\u00e9n tegen eenzaamheid. Dat is een goede stap maar in de praktijk merken nog te veel inwoners hier te weinig van. Er zijn nog altijd ouderen en andere hulpbehoevenden die zich eenzaam voelen en behoefte hebben aan meer sociaal contact.<br><br>Er gebeurt al het nodige en seniorenverenigingen vervullen een belangrijke en onmisbare rol in ontmoeting en ontspanning. Tegelijk is dit niet genoeg. D66 ziet ruimte \u00e9n noodzaak voor meer initiatieven, meer aansprekende activiteiten en een groter bereik voor jong en oud. Daarom willen wij nieuwe idee\u00ebn actief verwelkomen, ondersteunen en helpen groeien. Een gemeente waarin niemand zich alleen hoeft te voelen: het kan w\u00e9l.\t<\/p>\t  <\/div>\n\t<\/div>\n  <\/div>\n\n\t<\/div>\n\n\t<div class=\"block-post-content__sidebar\">\n\t\t\n\t\t\n\t\t\t<\/div>\n<\/section>\n\t  <\/div>\n\t<\/div>\n  <\/div>\n\n\n<div\n  id=\"\"\n  class=\"wrapper  wrapper__spacing-bottom-large--50 wrapper__spacing-bottom-desktop--70 wrapper__spacing-bottom-mobile--50  wrapper__gutter--none\"\n  >\n  \t<div class=\"wrapper__container wrapper__container-width-large--default\">\n\t  <div class=\"wrapper__inner wrapper__width-large--18 wrapper__width-desktop--22 wrapper__width-mobile--24 wrapper__offset-large--6 wrapper__offset-desktop--2 wrapper__offset-mobile--0\">\n\t\t<section class=\"block-post-content\">\n\t<div class=\"block-post-content__title\">\n\t\t<h3 class=\"heading  heading__color--black heading__size--medium heading__font--sans heading__weight--bold  block-post-content__heading\" id=\"nav--strong--strong--strong-waardige-zorg-en-prettig-wonen--strong---strong---strong-9893\" data-nav-heading-mobile=\"Waardige zorg en prettig wonen\">\n\t<strong><strong><strong>Waardige zorg en prettig wonen<\/strong><\/strong><\/strong><\/h3>\t<\/div>\n\t<div class=\"block-post-content__content\">\n\t\t\n<div\n  id=\"\"\n  class=\"wrapper  wrapper__spacing-bottom-large--30 wrapper__spacing-bottom-desktop--20  wrapper__gutter--none\"\n  >\n  \t<div class=\"wrapper__container wrapper__container-width-large--default\">\n\t  <div class=\"wrapper__inner wrapper__width-large--24 wrapper__width-mobile--24\">\n\t\t<p\n\t\tclass=\"paragraph paragraph__align--left paragraph__color--black paragraph__size--default   block-paragraph__paragraph\"\n\t\t\t>\n\t\tVeel ouderen willen zelfstandig blijven wonen met zorg en ontmoeting dichtbij. D66 wil daarom passende woonvormen realiseren zoals appartementen waar ouderen zelfstandig wonen, zorg kunnen krijgen wanneer dat nodig is en gebruik kunnen maken van gezamenlijke ruimtes. Zo maken we het mogelijk dat mensen prettig en met vertrouwen in hun eigen dorp oud kunnen worden.\t<\/p>\t  <\/div>\n\t<\/div>\n  <\/div>\n\n\t<\/div>\n\n\t<div class=\"block-post-content__sidebar\">\n\t\t\n\t\t\n\t\t\t<\/div>\n<\/section>\n\t  <\/div>\n\t<\/div>\n  <\/div>\n\n\n<div\n  id=\"\"\n  class=\"wrapper  wrapper__spacing-bottom-large--50 wrapper__spacing-bottom-desktop--70 wrapper__spacing-bottom-mobile--50  wrapper__gutter--none\"\n  >\n  \t<div class=\"wrapper__container wrapper__container-width-large--default\">\n\t  <div class=\"wrapper__inner wrapper__width-large--18 wrapper__width-desktop--22 wrapper__width-mobile--24 wrapper__offset-large--6 wrapper__offset-desktop--2 wrapper__offset-mobile--0\">\n\t\t<section class=\"block-post-content\">\n\t<div class=\"block-post-content__title\">\n\t\t<h3 class=\"heading  heading__color--black heading__size--medium heading__font--sans heading__weight--bold  block-post-content__heading\" id=\"nav--strong--strong--strong--strong-ontmoeting-dichtbij--strong---strong---strong---strong-5471\" data-nav-heading-mobile=\"Ontmoeting dichtbij\">\n\t<strong><strong><strong><strong>Ontmoeting dichtbij<\/strong><\/strong><\/strong><\/strong><\/h3>\t<\/div>\n\t<div class=\"block-post-content__content\">\n\t\t\n<div\n  id=\"\"\n  class=\"wrapper  wrapper__spacing-bottom-large--30 wrapper__spacing-bottom-desktop--20  wrapper__gutter--none\"\n  >\n  \t<div class=\"wrapper__container wrapper__container-width-large--default\">\n\t  <div class=\"wrapper__inner wrapper__width-large--24 wrapper__width-mobile--24\">\n\t\t<p\n\t\tclass=\"paragraph paragraph__align--left paragraph__color--black paragraph__size--default   block-paragraph__paragraph\"\n\t\t\t>\n\t\tEenzaamheid voorkomen begint met ontmoeting. D66 wil in de gemeente meerdere laagdrempelige projecten en plekken waar inwoners elkaar kunnen ontmoeten en vijf dagen per week samen kunnen eten tegen een betaalbare prijs. Zo versterken we sociale verbinding tussen jong en oud dichtbij huis\t<\/p>\t  <\/div>\n\t<\/div>\n  <\/div>\n\n\t<\/div>\n\n\t<div class=\"block-post-content__sidebar\">\n\t\t\n\t\t\n\t\t\t<\/div>\n<\/section>\n\t  <\/div>\n\t<\/div>\n  <\/div>\n\n\n<div\n  id=\"\"\n  class=\"wrapper  wrapper__spacing-bottom-large--50 wrapper__spacing-bottom-desktop--70 wrapper__spacing-bottom-mobile--50  wrapper__gutter--none\"\n  >\n  \t<div class=\"wrapper__container wrapper__container-width-large--default\">\n\t  <div class=\"wrapper__inner wrapper__width-large--18 wrapper__width-desktop--22 wrapper__width-mobile--24 wrapper__offset-large--6 wrapper__offset-desktop--2 wrapper__offset-mobile--0\">\n\t\t<section class=\"block-post-content\">\n\t<div class=\"block-post-content__title\">\n\t\t<h3 class=\"heading  heading__color--black heading__size--medium heading__font--sans heading__weight--bold  block-post-content__heading\" id=\"nav--strong-dat-doen-we-door---strong-3701\" data-nav-heading-mobile=\"Dat doen we door:\">\n\t<strong>Dat doen we door:<\/strong><\/h3>\t<\/div>\n\t<div class=\"block-post-content__content\">\n\t\t\n<div\n  id=\"\"\n  class=\"wrapper  wrapper__spacing-bottom-large--20  wrapper__gutter--none\"\n  >\n  \t<div class=\"wrapper__container wrapper__container-width-large--default\">\n\t  <div class=\"wrapper__inner wrapper__width-large--24 wrapper__width-mobile--24\">\n\t\t\t<div class=\"block-lists  block-lists__color--black\">\n\t\t<p class=\"paragraph  paragraph__color--black paragraph__size--default\">\n\t\t\t<\/p><ul class=\"block-lists lists__lists lists__weight--medium lists__color--black lists__type--default\">\n\t<li>gelijke kansen vanaf de start<\/li><li>sterke basisscholen in de dorpen<\/li><li>goede en toekomstbestendige schoolgebouwen<\/li><li>uitbreiding van De Kring en De Bolster<\/li><li>een rijke schooldag met sport, cultuur en natuur<\/li><li>samenwerking tussen school en gemeenschap<\/li><li>betere toegankelijkheid en kwaliteit van (jeugd)zorg en WMO<\/li><li>geen bezuinigingen op het sociaal domein<\/li><li>een actieve aanpak van armoede en schulden<\/li><li>\u00e9cht inclusiebeleid: iedereen doet mee<\/li><li>vitaal ouder worden en waardige zorg<\/li><li>toegankelijke voorzieningen en openbare ruimte<\/li><li>ontmoeting dichtbij en het tegengaan van eenzaamheid<\/li><\/ul>\t<\/div>\n\t\t  <\/div>\n\t<\/div>\n  <\/div>\n\n\t<\/div>\n\n\t<div class=\"block-post-content__sidebar\">\n\t\t\n\t\t\n\t\t\t<\/div>\n<\/section>\n\t  <\/div>\n\t<\/div>\n  <\/div>\n","protected":false},"author":892,"featured_media":1494,"parent":0,"menu_order":6,"template":"","meta":{"_acf_changed":true},"search-tags":[26,2,7,4,6],"themes-or-point-of-view":[25],"class_list":["post-1458","manifesto","type-manifesto","status-publish","has-post-thumbnail","hentry","search-tags-lokaal","search-tags-onderwijs","search-tags-vrijheid-gelijkheid","search-tags-wonen","search-tags-zorg-gezondheid-sport","themes-or-point-of-view-point-of-view"],"acf":[],"yoast_head":"<!-- This site is optimized with the Yoast SEO plugin v27.3 - https:\/\/yoast.com\/product\/yoast-seo-wordpress\/ -->\n<title>D66 Gilze en Rijen &#8212; 6 Sociale gemeente | Verkiezingsprogramma<\/title>\n<meta name=\"robots\" content=\"index, follow, max-snippet:-1, max-image-preview:large, max-video-preview:-1\" \/>\n<link rel=\"canonical\" href=\"https:\/\/d66.nl\/gilze-en-rijen\/verkiezingsprogramma\/6-sociale-gemeente\/\" \/>\n<meta property=\"og:locale\" content=\"nl_NL\" \/>\n<meta property=\"og:type\" content=\"article\" \/>\n<meta property=\"og:title\" content=\"D66 Gilze en Rijen &#8212; 6 Sociale gemeente | Verkiezingsprogramma\" \/>\n<meta property=\"og:url\" content=\"https:\/\/d66.nl\/gilze-en-rijen\/verkiezingsprogramma\/6-sociale-gemeente\/\" \/>\n<meta property=\"og:site_name\" content=\"D66 Gilze en Rijen\" \/>\n<meta property=\"article:modified_time\" content=\"2026-02-14T22:06:06+00:00\" \/>\n<meta property=\"og:image\" content=\"https:\/\/media.d66.nl\/uploads\/sites\/308\/2026\/02\/Onderwijs_school_JeroenMooijman.jpg\" \/>\n\t<meta property=\"og:image:width\" content=\"1600\" \/>\n\t<meta property=\"og:image:height\" content=\"1060\" \/>\n\t<meta property=\"og:image:type\" content=\"image\/jpeg\" \/>\n<meta name=\"twitter:card\" content=\"summary_large_image\" \/>\n<meta name=\"twitter:label1\" content=\"Geschatte leestijd\" \/>\n\t<meta name=\"twitter:data1\" content=\"1 minuut\" \/>\n<script type=\"application\/ld+json\" class=\"yoast-schema-graph\">{\"@context\":\"https:\\\/\\\/schema.org\",\"@graph\":[{\"@type\":\"WebPage\",\"@id\":\"https:\\\/\\\/d66.nl\\\/gilze-en-rijen\\\/verkiezingsprogramma\\\/6-sociale-gemeente\\\/\",\"url\":\"https:\\\/\\\/d66.nl\\\/gilze-en-rijen\\\/verkiezingsprogramma\\\/6-sociale-gemeente\\\/\",\"name\":\"D66 Gilze en Rijen &#8212; 6 Sociale gemeente | Verkiezingsprogramma\",\"isPartOf\":{\"@id\":\"https:\\\/\\\/d66.nl\\\/gilze-en-rijen\\\/#website\"},\"primaryImageOfPage\":{\"@id\":\"https:\\\/\\\/d66.nl\\\/gilze-en-rijen\\\/verkiezingsprogramma\\\/6-sociale-gemeente\\\/#primaryimage\"},\"image\":{\"@id\":\"https:\\\/\\\/d66.nl\\\/gilze-en-rijen\\\/verkiezingsprogramma\\\/6-sociale-gemeente\\\/#primaryimage\"},\"thumbnailUrl\":\"https:\\\/\\\/media.d66.nl\\\/uploads\\\/sites\\\/308\\\/2026\\\/02\\\/Onderwijs_school_JeroenMooijman.jpg\",\"datePublished\":\"2026-02-14T18:48:24+00:00\",\"dateModified\":\"2026-02-14T22:06:06+00:00\",\"breadcrumb\":{\"@id\":\"https:\\\/\\\/d66.nl\\\/gilze-en-rijen\\\/verkiezingsprogramma\\\/6-sociale-gemeente\\\/#breadcrumb\"},\"inLanguage\":\"nl-NL\",\"potentialAction\":[{\"@type\":\"ReadAction\",\"target\":[\"https:\\\/\\\/d66.nl\\\/gilze-en-rijen\\\/verkiezingsprogramma\\\/6-sociale-gemeente\\\/\"]}]},{\"@type\":\"ImageObject\",\"inLanguage\":\"nl-NL\",\"@id\":\"https:\\\/\\\/d66.nl\\\/gilze-en-rijen\\\/verkiezingsprogramma\\\/6-sociale-gemeente\\\/#primaryimage\",\"url\":\"https:\\\/\\\/media.d66.nl\\\/uploads\\\/sites\\\/308\\\/2026\\\/02\\\/Onderwijs_school_JeroenMooijman.jpg\",\"contentUrl\":\"https:\\\/\\\/media.d66.nl\\\/uploads\\\/sites\\\/308\\\/2026\\\/02\\\/Onderwijs_school_JeroenMooijman.jpg\",\"width\":1600,\"height\":1060},{\"@type\":\"BreadcrumbList\",\"@id\":\"https:\\\/\\\/d66.nl\\\/gilze-en-rijen\\\/verkiezingsprogramma\\\/6-sociale-gemeente\\\/#breadcrumb\",\"itemListElement\":[{\"@type\":\"ListItem\",\"position\":1,\"name\":\"Home\",\"item\":\"https:\\\/\\\/d66.nl\\\/gilze-en-rijen\\\/\"},{\"@type\":\"ListItem\",\"position\":2,\"name\":\"6 Sociale gemeente\"}]},{\"@type\":\"WebSite\",\"@id\":\"https:\\\/\\\/d66.nl\\\/gilze-en-rijen\\\/#website\",\"url\":\"https:\\\/\\\/d66.nl\\\/gilze-en-rijen\\\/\",\"name\":\"D66 Gilze en Rijen\",\"description\":\"Just another D66 Sites site\",\"publisher\":{\"@id\":\"https:\\\/\\\/d66.nl\\\/gilze-en-rijen\\\/#organization\"},\"potentialAction\":[{\"@type\":\"SearchAction\",\"target\":{\"@type\":\"EntryPoint\",\"urlTemplate\":\"https:\\\/\\\/d66.nl\\\/gilze-en-rijen\\\/?s={search_term_string}\"},\"query-input\":{\"@type\":\"PropertyValueSpecification\",\"valueRequired\":true,\"valueName\":\"search_term_string\"}}],\"inLanguage\":\"nl-NL\"},{\"@type\":\"Organization\",\"@id\":\"https:\\\/\\\/d66.nl\\\/gilze-en-rijen\\\/#organization\",\"name\":\"D66\",\"url\":\"https:\\\/\\\/d66.nl\\\/gilze-en-rijen\\\/\",\"logo\":{\"@type\":\"ImageObject\",\"inLanguage\":\"nl-NL\",\"@id\":\"https:\\\/\\\/d66.nl\\\/gilze-en-rijen\\\/#\\\/schema\\\/logo\\\/image\\\/\",\"url\":\"https:\\\/\\\/d66.nl\\\/gilze-en-rijen\\\/wp-content\\\/uploads\\\/sites\\\/2\\\/2021\\\/10\\\/d66-themas-algemeen-og.png\",\"contentUrl\":\"https:\\\/\\\/d66.nl\\\/gilze-en-rijen\\\/wp-content\\\/uploads\\\/sites\\\/2\\\/2021\\\/10\\\/d66-themas-algemeen-og.png\",\"width\":1200,\"height\":628,\"caption\":\"D66\"},\"image\":{\"@id\":\"https:\\\/\\\/d66.nl\\\/gilze-en-rijen\\\/#\\\/schema\\\/logo\\\/image\\\/\"}}]}<\/script>\n<!-- \/ Yoast SEO plugin. -->","yoast_head_json":{"title":"D66 Gilze en Rijen &#8212; 6 Sociale gemeente | Verkiezingsprogramma","robots":{"index":"index","follow":"follow","max-snippet":"max-snippet:-1","max-image-preview":"max-image-preview:large","max-video-preview":"max-video-preview:-1"},"canonical":"https:\/\/d66.nl\/gilze-en-rijen\/verkiezingsprogramma\/6-sociale-gemeente\/","og_locale":"nl_NL","og_type":"article","og_title":"D66 Gilze en Rijen &#8212; 6 Sociale gemeente | Verkiezingsprogramma","og_url":"https:\/\/d66.nl\/gilze-en-rijen\/verkiezingsprogramma\/6-sociale-gemeente\/","og_site_name":"D66 Gilze en Rijen","article_modified_time":"2026-02-14T22:06:06+00:00","og_image":[{"width":1600,"height":1060,"url":"https:\/\/media.d66.nl\/uploads\/sites\/308\/2026\/02\/Onderwijs_school_JeroenMooijman.jpg","type":"image\/jpeg"}],"twitter_card":"summary_large_image","twitter_misc":{"Geschatte leestijd":"1 minuut"},"schema":{"@context":"https:\/\/schema.org","@graph":[{"@type":"WebPage","@id":"https:\/\/d66.nl\/gilze-en-rijen\/verkiezingsprogramma\/6-sociale-gemeente\/","url":"https:\/\/d66.nl\/gilze-en-rijen\/verkiezingsprogramma\/6-sociale-gemeente\/","name":"D66 Gilze en Rijen &#8212; 6 Sociale gemeente | Verkiezingsprogramma","isPartOf":{"@id":"https:\/\/d66.nl\/gilze-en-rijen\/#website"},"primaryImageOfPage":{"@id":"https:\/\/d66.nl\/gilze-en-rijen\/verkiezingsprogramma\/6-sociale-gemeente\/#primaryimage"},"image":{"@id":"https:\/\/d66.nl\/gilze-en-rijen\/verkiezingsprogramma\/6-sociale-gemeente\/#primaryimage"},"thumbnailUrl":"https:\/\/media.d66.nl\/uploads\/sites\/308\/2026\/02\/Onderwijs_school_JeroenMooijman.jpg","datePublished":"2026-02-14T18:48:24+00:00","dateModified":"2026-02-14T22:06:06+00:00","breadcrumb":{"@id":"https:\/\/d66.nl\/gilze-en-rijen\/verkiezingsprogramma\/6-sociale-gemeente\/#breadcrumb"},"inLanguage":"nl-NL","potentialAction":[{"@type":"ReadAction","target":["https:\/\/d66.nl\/gilze-en-rijen\/verkiezingsprogramma\/6-sociale-gemeente\/"]}]},{"@type":"ImageObject","inLanguage":"nl-NL","@id":"https:\/\/d66.nl\/gilze-en-rijen\/verkiezingsprogramma\/6-sociale-gemeente\/#primaryimage","url":"https:\/\/media.d66.nl\/uploads\/sites\/308\/2026\/02\/Onderwijs_school_JeroenMooijman.jpg","contentUrl":"https:\/\/media.d66.nl\/uploads\/sites\/308\/2026\/02\/Onderwijs_school_JeroenMooijman.jpg","width":1600,"height":1060},{"@type":"BreadcrumbList","@id":"https:\/\/d66.nl\/gilze-en-rijen\/verkiezingsprogramma\/6-sociale-gemeente\/#breadcrumb","itemListElement":[{"@type":"ListItem","position":1,"name":"Home","item":"https:\/\/d66.nl\/gilze-en-rijen\/"},{"@type":"ListItem","position":2,"name":"6 Sociale gemeente"}]},{"@type":"WebSite","@id":"https:\/\/d66.nl\/gilze-en-rijen\/#website","url":"https:\/\/d66.nl\/gilze-en-rijen\/","name":"D66 Gilze en Rijen","description":"Just another D66 Sites site","publisher":{"@id":"https:\/\/d66.nl\/gilze-en-rijen\/#organization"},"potentialAction":[{"@type":"SearchAction","target":{"@type":"EntryPoint","urlTemplate":"https:\/\/d66.nl\/gilze-en-rijen\/?s={search_term_string}"},"query-input":{"@type":"PropertyValueSpecification","valueRequired":true,"valueName":"search_term_string"}}],"inLanguage":"nl-NL"},{"@type":"Organization","@id":"https:\/\/d66.nl\/gilze-en-rijen\/#organization","name":"D66","url":"https:\/\/d66.nl\/gilze-en-rijen\/","logo":{"@type":"ImageObject","inLanguage":"nl-NL","@id":"https:\/\/d66.nl\/gilze-en-rijen\/#\/schema\/logo\/image\/","url":"https:\/\/d66.nl\/gilze-en-rijen\/wp-content\/uploads\/sites\/2\/2021\/10\/d66-themas-algemeen-og.png","contentUrl":"https:\/\/d66.nl\/gilze-en-rijen\/wp-content\/uploads\/sites\/2\/2021\/10\/d66-themas-algemeen-og.png","width":1200,"height":628,"caption":"D66"},"image":{"@id":"https:\/\/d66.nl\/gilze-en-rijen\/#\/schema\/logo\/image\/"}}]}},"_links":{"self":[{"href":"https:\/\/d66.nl\/gilze-en-rijen\/wp-json\/wp\/v2\/verkiezingsprogramma\/1458","targetHints":{"allow":["GET"]}}],"collection":[{"href":"https:\/\/d66.nl\/gilze-en-rijen\/wp-json\/wp\/v2\/verkiezingsprogramma"}],"about":[{"href":"https:\/\/d66.nl\/gilze-en-rijen\/wp-json\/wp\/v2\/types\/manifesto"}],"author":[{"embeddable":true,"href":"https:\/\/d66.nl\/gilze-en-rijen\/wp-json\/wp\/v2\/users\/892"}],"wp:featuredmedia":[{"embeddable":true,"href":"https:\/\/d66.nl\/gilze-en-rijen\/wp-json\/wp\/v2\/media\/1494"}],"wp:attachment":[{"href":"https:\/\/d66.nl\/gilze-en-rijen\/wp-json\/wp\/v2\/media?parent=1458"}],"wp:term":[{"taxonomy":"search-tags","embeddable":true,"href":"https:\/\/d66.nl\/gilze-en-rijen\/wp-json\/wp\/v2\/search-tags?post=1458"},{"taxonomy":"themes-or-point-of-view","embeddable":true,"href":"https:\/\/d66.nl\/gilze-en-rijen\/wp-json\/wp\/v2\/themes-or-point-of-view?post=1458"}],"curies":[{"name":"wp","href":"https:\/\/api.w.org\/{rel}","templated":true}]}}