{"id":229,"date":"2024-04-25T14:51:16","date_gmt":"2024-04-25T14:51:16","guid":{"rendered":"https:\/\/d66.nl\/europa\/?post_type=people-type&#038;p=229"},"modified":"2026-04-28T07:35:50","modified_gmt":"2026-04-28T07:35:50","slug":"raquel-garcia-hermida-van-der-walle","status":"publish","type":"people-type","link":"https:\/\/d66.nl\/europa\/mensen\/raquel-garcia-hermida-van-der-walle\/","title":{"rendered":"Raquel Garc\u00eda Hermida-van Der Walle"},"content":{"rendered":"<div\n  id=\"\"\n  class=\"wrapper  wrapper__spacing-bottom-large--50 wrapper__spacing-bottom-desktop--66 wrapper__spacing-bottom-mobile--76  wrapper__gutter--none\"\n  >\n  \t<div class=\"wrapper__container wrapper__container-width-large--default\">\n\t  <div class=\"wrapper__inner wrapper__width-large--14 wrapper__width-desktop--20 wrapper__width-mobile--24 wrapper__offset-large--6 wrapper__offset-desktop--4 wrapper__offset-mobile--0\">\n\t\t<h1 class=\"heading heading__align--left heading__color--black heading__size--giant heading__font--serif heading__weight--regular  block-heading__heading\" id=\"nav--strong-raquel-garc--a-hermida-van-der-walle--strong-4125\"  data-nav-heading-mobile=\"Raquel Garc\u00eda Hermida-van Der Walle\" >\n\t<strong>Raquel Garc\u00eda Hermida-van Der Walle<\/strong><\/h1>\t  <\/div>\n\t<\/div>\n  <\/div>\n\n\n<div\n  id=\"\"\n  class=\"wrapper wrapper__spacing-top-large--20 wrapper__spacing-top-desktop--10 wrapper__spacing-top-mobile--10 wrapper__spacing-bottom-large--20 wrapper__spacing-bottom-desktop--10 wrapper__spacing-bottom-mobile--10  wrapper__gutter--none\"\n  >\n  \t<div class=\"wrapper__container wrapper__container-width-large--default\">\n\t  <div class=\"wrapper__inner wrapper__width-large--24 wrapper__width-mobile--24\">\n\t\t<section class=\"block-video\">\n\t<div\n\t\tclass=\"block-video__video-wrapper\"\n\t\tstyle=\"background-image: url('https:\/\/media.d66.nl\/uploads\/sites\/434\/2026\/04\/1732638986361_20241126_EP-175847A_STP_0039-scaled-1.jpg')\"\n\t>\n\t\t\t<\/div>\n\n\t\t\t<div class=\"block-video__caption-wrapper\">\n\t\t\t<div class=\"block-video__caption\">\n\t\t\t\t<p class=\"paragraph paragraph__align--left paragraph__color--black paragraph__size--small paragraph__weight--medium\">\n\t\tBeeld: Philippe STIRNWEISS, Europees Parlement 2024\t<\/p>\t\t\t<\/div>\n\t\t<\/div>\n\t\n<\/section>\n\n\t  <\/div>\n\t<\/div>\n  <\/div>\n\n\n<div\n  id=\"\"\n  class=\"wrapper  wrapper__spacing-bottom-large--50 wrapper__spacing-bottom-desktop--70 wrapper__spacing-bottom-mobile--50  wrapper__gutter--none\"\n  >\n  \t<div class=\"wrapper__container wrapper__container-width-large--default\">\n\t  <div class=\"wrapper__inner wrapper__width-large--18 wrapper__width-desktop--22 wrapper__width-mobile--24 wrapper__offset-large--6 wrapper__offset-desktop--2 wrapper__offset-mobile--0\">\n\t\t<section class=\"block-people-introduction\">\n\t<div class=\"block-people-introduction__content\">\n\t\t<p class=\"paragraph paragraph__align--left paragraph__color--black paragraph__size--big\">\n\t\tRaquel Garc\u00eda Hermida-Van Der Walle is Europarlementari\u00ebr voor D66. Raquel is Spanjaard van geboorte, Nederlander bij keuze en Europeaan van overtuiging. \t<\/p><section class=\"people-bullet-point-card block-people-introduction__people-bullet-point-card\" style=\"--bg-color: var(--global-colors-yellow)\">\n\t<div class=\"people-bullet-point-card__wrapper\">\n\t\t<div class=\"people-bullet-point-card__title\">\n\t\t\t<h2 class=\"heading    heading__font--sans heading__weight--bold\" id=\"nav-over-raquel4784\" data-nav-heading-mobile=\"Over Raquel\">\n\tOver Raquel<\/h2>\t\t\t<div aria-hidden=\"true\" class=\"people-bullet-point-card__border\"><\/div>\n\t\t<\/div>\n\t\t<div class=\"people-bullet-point-card__info\">\n\t\t\t<ul class=\"lists\">\n\t\t\t\t<li><label>Leeftijd<\/label><span>42 jaar<\/span><\/li>\t\t\t\t\t\t\t\t<li><label>Woonplaats<\/label><span>Gorredijk<\/span><\/li>\t\t\t\t<li><label>Voornaamwoorden<\/label><span>Zij\/haar<\/span><\/li>\t\t\t<\/ul>\n\t\t\t\t\t<\/div>\n\t\t\t\t\t<div class=\"people-bullet-point-card__email\">\n\t\t\t\t<span>\n\t\t\t\t\tStuur Raquel een <a href=\"mailto:raquel.garciahermida-vanderwalle@europarl.europa.eu\">e-mail<\/a>\t\t\t\t<\/span>\n\t\t\t<\/div>\n\t\t\n\t\t\t\t\t<div aria-hidden=\"true\" class=\"people-bullet-point-card__border\"><\/div>\n\t\t\t<div class=\"people-bullet-point-card__socialmedia\">\n\t\t\t\t<ul class=\"people-bullet-point-card__sm_panel\"><li><a href=\"https:\/\/www.instagram.com\/raquelineuropa\/\" target=\"_blank\">Ig<\/a><\/li><li><a href=\"https:\/\/x.com\/RaquelGarciaHer\" target=\"_blank\">Tw<\/a><\/li><li><a href=\"https:\/\/nl.linkedin.com\/in\/raquel-garcia-hermida-van-der-walle-2a6b074\" target=\"_blank\">Li<\/a><\/li><\/ul>\t\t\t<\/div>\n\t\t\n\t\t\t\t\t<div aria-hidden=\"true\" class=\"people-bullet-point-card__border\"><\/div>\n\n\t\t\t<div class=\"people-bullet-point-card__supportemail\">\n\t\t\t\t<span>\n\t\t\t\t\t<a href=\"https:\/\/www.d66.nl\/europa\/contact\">Contact met persvoorlichting en ondersteuners<\/a>\t\t\t\t<\/span>\n\t\t\t<\/div>\n\t\t\t<\/div>\n<\/section><p class=\"paragraph paragraph__align--left paragraph__color--black paragraph__size--default\">\n\t\tIn 2019 was Raquel eerder kandidaat voor het Europees Parlement en won zij de Els Borst Netwerk Inspiratieprijs. Nu ze Europarlementari\u00ebr is wil Raquel werken aan een Europa waarin alle inwoners, in alle regio\u2019s, evenveel tellen en zich vertegenwoordigd voelen.\u00a0Ze werkte voor verschillende internationale organisaties op gebied van milieu, mensenrechten en dierenwelzijn, en was tot voor kort directeur-bestuurder van een openbare bibliotheek.<br><br>\t<\/p><div class=\"content-accordion js-content-accordion\" data-accordion-opened=\"0\">\n\n\t\t\t<div aria-hidden=\"true\" class=\"content-accordion__border\"><\/div>\n\t\n\t<button id=\"content-accordion-trigger-3764139219\" class=\"content-accordion__trigger js-content-accordion-trigger\" aria-label=\"Expertises (portefeuilles)\" aria-controls>\n\t\t<div class=\"content-accordion__heading\">\n\t\t\t<h3 class=\"heading   heading__size--medium heading__font--sans heading__weight--bold\" id=\"nav-expertises--portefeuilles-5946\">\n\tExpertises (portefeuilles)<\/h3>\t\t<\/div>\n\t\t<div class=\"content-accordion__icon\" aria-hidden=\"true\"><\/div>\n\t<\/button>\n\n\t<section id=\"content-accordion-panel-3764139219\" class=\"content-accordion__panel js-content-accordion-panel\" aria-hidden=\"true\" aria-labelledby=\"content-accordion-trigger-3764139219\">\n\t\t<div class=\"content-accordion__content-wrapper\">\n\t\t\t<div class=\"content-accordion__description\">\n\t\t\t\tRegionale ontwikkeling en cohesie<br \/>\r\nBurgerlijke vrijheden en justitie<br \/>\r\nVrouwenrechten<br \/>\r\nBetrekkingen met Afghanistan<br \/>\r\nAnti-corruptiewetgeving\t\t\t<\/div>\n\t\t<\/div>\n\t<\/section>\n\t<div aria-hidden=\"true\" class=\"content-accordion__border\"><\/div>\n<\/div><div class=\"content-accordion js-content-accordion\" data-accordion-opened=\"0\">\n\n\t\n\t<button id=\"content-accordion-trigger-2304577694\" class=\"content-accordion__trigger js-content-accordion-trigger\" aria-label=\"Functie historie\" aria-controls>\n\t\t<div class=\"content-accordion__heading\">\n\t\t\t<h3 class=\"heading   heading__size--medium heading__font--sans heading__weight--bold\" id=\"nav-functie-historie8465\">\n\tFunctie historie<\/h3>\t\t<\/div>\n\t\t<div class=\"content-accordion__icon\" aria-hidden=\"true\"><\/div>\n\t<\/button>\n\n\t<section id=\"content-accordion-panel-2304577694\" class=\"content-accordion__panel js-content-accordion-panel\" aria-hidden=\"true\" aria-labelledby=\"content-accordion-trigger-2304577694\">\n\t\t<div class=\"content-accordion__content-wrapper\">\n\t\t\t<div class=\"content-accordion__description\">\n\t\t\t\t<ul class=\"content-accordion lists content-accordion__lists lists__weight--medium lists__color--black lists__type--default\"><li><label>2003-2006<\/label><span>Communications Director bij Juntos por Pinto <\/span><\/li><li><label>2007-2009<\/label><span>Communications Manager bij Earth Day Network <\/span><\/li><li><label>2009-2013<\/label><span>Outreach Manager bij Survival International<\/span><\/li><li><label>2013-2020<\/label><span>Voorzitter Wildlife Working Group bij Eurogroup for Animals <\/span><\/li><li><label>2019-2023<\/label><span>Voorzitter Regiobestuur bij D66 Frysl\u00e2n<\/span><\/li><li><label>2020-2023<\/label><span>Directeur-bestuurder bij Bibliotheek Hoogeveen\/Verhalenwerf <\/span><\/li><li><label>2022-2024<\/label><span>Lid Raad van Toezicht bij Stichting AAP <\/span><\/li><li><label>2024-heden<\/label><span>Europarlementari\u00ebr namens D66<\/span><\/li><\/ul>\t\t\t<\/div>\n\t\t<\/div>\n\t<\/section>\n\t<div aria-hidden=\"true\" class=\"content-accordion__border\"><\/div>\n<\/div>\t<\/div>\n<\/section>\n\t  <\/div>\n\t<\/div>\n  <\/div>\n\n\n<div\n  id=\"\"\n  class=\"wrapper  wrapper__spacing-bottom-large--30 wrapper__spacing-bottom-desktop--20  wrapper__gutter--none\"\n  >\n  \t<div class=\"wrapper__container wrapper__container-width-large--default\">\n\t  <div class=\"wrapper__inner wrapper__width-large--10 wrapper__width-desktop--22 wrapper__width-mobile--24 wrapper__offset-large--6 wrapper__offset-desktop--2 wrapper__offset-mobile--0\">\n\t\t<p\n\t\tclass=\"paragraph paragraph__align--left paragraph__color--black paragraph__size--default   block-paragraph__paragraph\"\n\t\t\t>\n\t\tGarc\u00eda Hermida-van der Walle groeide op in Madrid\u00a0en studeerde daar journalistiek. Tijdens haar studie was ze al politiek actief voor een lokale politieke partij. Na haar studie werkte Garc\u00eda Hermida-van der Walle voor verschillende NGO&#8217;s zoals, Earth Day Network, Survival International en Stichting AAP. Hierna is Garc\u00eda Hermida-van der Walle naar Nederland verhuist en  de politiek in gegaan voor D66. Van 2019 tot 2023 was ze voorzitter van D66 Frysl\u00e2n en kandidaat voor het Europees Parlement in 2019. <br><br>Garc\u00eda Hermida-van der Walle was voor haar verkiezing tot Europarlementari\u00ebr in 2024, directeur van de openbare bibliotheek in Hoogeveen. \t<\/p>\t  <\/div>\n\t<\/div>\n  <\/div>\n\n\n<div\n  id=\"\"\n  class=\"wrapper  wrapper__spacing-bottom-large--30 wrapper__spacing-bottom-desktop--20  wrapper__gutter--none\"\n  >\n  \t<div class=\"wrapper__container wrapper__container-width-large--default\">\n\t  <div class=\"wrapper__inner wrapper__width-large--10 wrapper__width-desktop--22 wrapper__width-mobile--24 wrapper__offset-large--6 wrapper__offset-desktop--2 wrapper__offset-mobile--0\">\n\t\t<p\n\t\tclass=\"paragraph paragraph__align--left paragraph__color--black paragraph__size--default   block-paragraph__paragraph\"\n\t\t\t>\n\t\t<strong>Europarlementari\u00ebr<\/strong> <br>In het Europees Parlement houdt Raquel zich bezig met regionale ontwikkeling en cohesie, burgerlijke vrijheden, justitie en vrouwenrechten. Zij is rapporteur namens het Europees Parlement voor anti-corruptiewetgeving. Ook is zij voorzitter van de delegatie van het Europees Parlement voor betrekkingen met Afghanistan. \t<\/p>\t  <\/div>\n\t<\/div>\n  <\/div>\n","protected":false},"author":1518,"featured_media":1336,"menu_order":0,"template":"","labels":[],"search-tags":[],"division-tags":[44],"class_list":["post-229","people-type","type-people-type","status-publish","has-post-thumbnail","hentry","division-tags-europees-parlement"],"acf":[],"yoast_head":"<!-- This site is optimized with the Yoast SEO plugin v27.3 - https:\/\/yoast.com\/product\/yoast-seo-wordpress\/ -->\n<title>Raquel Garc\u00eda Hermida-van Der Walle<\/title>\n<meta name=\"description\" content=\"Raquel Garcia Hermida-Van Der Walle is Europarlementari\u00ebr voor D66.\" \/>\n<meta name=\"robots\" content=\"index, follow, max-snippet:-1, max-image-preview:large, max-video-preview:-1\" \/>\n<link rel=\"canonical\" href=\"https:\/\/d66.nl\/europa\/mensen\/raquel-garcia-hermida-van-der-walle\/\" \/>\n<meta property=\"og:locale\" content=\"nl_NL\" \/>\n<meta property=\"og:type\" content=\"article\" \/>\n<meta property=\"og:title\" content=\"Raquel Garc\u00eda Hermida-van Der Walle\" \/>\n<meta property=\"og:description\" content=\"Raquel Garcia Hermida-Van Der Walle is Europarlementari\u00ebr voor D66.\" \/>\n<meta property=\"og:url\" content=\"https:\/\/d66.nl\/europa\/mensen\/raquel-garcia-hermida-van-der-walle\/\" \/>\n<meta property=\"og:site_name\" content=\"D66 Europa\" \/>\n<meta property=\"article:modified_time\" content=\"2026-04-28T07:35:50+00:00\" \/>\n<meta property=\"og:image\" content=\"https:\/\/d66.nl\/europa\/wp-content\/uploads\/sites\/434\/2025\/09\/Raquel-Garcia-Hermida-Van-Der-Wallev.jpg\" \/>\n\t<meta property=\"og:image:width\" content=\"1125\" \/>\n\t<meta property=\"og:image:height\" content=\"2000\" \/>\n\t<meta property=\"og:image:type\" content=\"image\/jpeg\" \/>\n<meta name=\"twitter:card\" content=\"summary_large_image\" \/>\n<meta name=\"twitter:label1\" content=\"Geschatte leestijd\" \/>\n\t<meta name=\"twitter:data1\" content=\"1 minuut\" \/>\n<script type=\"application\/ld+json\" class=\"yoast-schema-graph\">{\"@context\":\"https:\\\/\\\/schema.org\",\"@graph\":[{\"@type\":\"WebPage\",\"@id\":\"https:\\\/\\\/d66.nl\\\/europa\\\/mensen\\\/raquel-garcia-hermida-van-der-walle\\\/\",\"url\":\"https:\\\/\\\/d66.nl\\\/europa\\\/mensen\\\/raquel-garcia-hermida-van-der-walle\\\/\",\"name\":\"Raquel Garc\u00eda Hermida-van Der Walle\",\"isPartOf\":{\"@id\":\"https:\\\/\\\/d66.nl\\\/europa\\\/#website\"},\"primaryImageOfPage\":{\"@id\":\"https:\\\/\\\/d66.nl\\\/europa\\\/mensen\\\/raquel-garcia-hermida-van-der-walle\\\/#primaryimage\"},\"image\":{\"@id\":\"https:\\\/\\\/d66.nl\\\/europa\\\/mensen\\\/raquel-garcia-hermida-van-der-walle\\\/#primaryimage\"},\"thumbnailUrl\":\"https:\\\/\\\/d66.nl\\\/europa\\\/wp-content\\\/uploads\\\/sites\\\/434\\\/2025\\\/09\\\/Raquel-Garcia-Hermida-Van-Der-Wallev.jpg\",\"datePublished\":\"2024-04-25T14:51:16+00:00\",\"dateModified\":\"2026-04-28T07:35:50+00:00\",\"description\":\"Raquel Garcia Hermida-Van Der Walle is Europarlementari\u00ebr voor D66.\",\"breadcrumb\":{\"@id\":\"https:\\\/\\\/d66.nl\\\/europa\\\/mensen\\\/raquel-garcia-hermida-van-der-walle\\\/#breadcrumb\"},\"inLanguage\":\"nl-NL\",\"potentialAction\":[{\"@type\":\"ReadAction\",\"target\":[\"https:\\\/\\\/d66.nl\\\/europa\\\/mensen\\\/raquel-garcia-hermida-van-der-walle\\\/\"]}]},{\"@type\":\"ImageObject\",\"inLanguage\":\"nl-NL\",\"@id\":\"https:\\\/\\\/d66.nl\\\/europa\\\/mensen\\\/raquel-garcia-hermida-van-der-walle\\\/#primaryimage\",\"url\":\"https:\\\/\\\/d66.nl\\\/europa\\\/wp-content\\\/uploads\\\/sites\\\/434\\\/2025\\\/09\\\/Raquel-Garcia-Hermida-Van-Der-Wallev.jpg\",\"contentUrl\":\"https:\\\/\\\/d66.nl\\\/europa\\\/wp-content\\\/uploads\\\/sites\\\/434\\\/2025\\\/09\\\/Raquel-Garcia-Hermida-Van-Der-Wallev.jpg\",\"width\":1125,\"height\":2000},{\"@type\":\"BreadcrumbList\",\"@id\":\"https:\\\/\\\/d66.nl\\\/europa\\\/mensen\\\/raquel-garcia-hermida-van-der-walle\\\/#breadcrumb\",\"itemListElement\":[{\"@type\":\"ListItem\",\"position\":1,\"name\":\"Home\",\"item\":\"https:\\\/\\\/d66.nl\\\/europa\\\/\"},{\"@type\":\"ListItem\",\"position\":2,\"name\":\"Mensen\",\"item\":\"https:\\\/\\\/d66.nl\\\/europa\\\/mensen\\\/\"},{\"@type\":\"ListItem\",\"position\":3,\"name\":\"Raquel Garc\u00eda Hermida-van Der Walle\"}]},{\"@type\":\"WebSite\",\"@id\":\"https:\\\/\\\/d66.nl\\\/europa\\\/#website\",\"url\":\"https:\\\/\\\/d66.nl\\\/europa\\\/\",\"name\":\"D66 Europa\",\"description\":\"\u2060Het kan w\u00e9l\",\"potentialAction\":[{\"@type\":\"SearchAction\",\"target\":{\"@type\":\"EntryPoint\",\"urlTemplate\":\"https:\\\/\\\/d66.nl\\\/europa\\\/?s={search_term_string}\"},\"query-input\":{\"@type\":\"PropertyValueSpecification\",\"valueRequired\":true,\"valueName\":\"search_term_string\"}}],\"inLanguage\":\"nl-NL\"}]}<\/script>\n<!-- \/ Yoast SEO plugin. -->","yoast_head_json":{"title":"Raquel Garc\u00eda Hermida-van Der Walle","description":"Raquel Garcia Hermida-Van Der Walle is Europarlementari\u00ebr voor D66.","robots":{"index":"index","follow":"follow","max-snippet":"max-snippet:-1","max-image-preview":"max-image-preview:large","max-video-preview":"max-video-preview:-1"},"canonical":"https:\/\/d66.nl\/europa\/mensen\/raquel-garcia-hermida-van-der-walle\/","og_locale":"nl_NL","og_type":"article","og_title":"Raquel Garc\u00eda Hermida-van Der Walle","og_description":"Raquel Garcia Hermida-Van Der Walle is Europarlementari\u00ebr voor D66.","og_url":"https:\/\/d66.nl\/europa\/mensen\/raquel-garcia-hermida-van-der-walle\/","og_site_name":"D66 Europa","article_modified_time":"2026-04-28T07:35:50+00:00","og_image":[{"width":1125,"height":2000,"url":"https:\/\/d66.nl\/europa\/wp-content\/uploads\/sites\/434\/2025\/09\/Raquel-Garcia-Hermida-Van-Der-Wallev.jpg","type":"image\/jpeg"}],"twitter_card":"summary_large_image","twitter_misc":{"Geschatte leestijd":"1 minuut"},"schema":{"@context":"https:\/\/schema.org","@graph":[{"@type":"WebPage","@id":"https:\/\/d66.nl\/europa\/mensen\/raquel-garcia-hermida-van-der-walle\/","url":"https:\/\/d66.nl\/europa\/mensen\/raquel-garcia-hermida-van-der-walle\/","name":"Raquel Garc\u00eda Hermida-van Der Walle","isPartOf":{"@id":"https:\/\/d66.nl\/europa\/#website"},"primaryImageOfPage":{"@id":"https:\/\/d66.nl\/europa\/mensen\/raquel-garcia-hermida-van-der-walle\/#primaryimage"},"image":{"@id":"https:\/\/d66.nl\/europa\/mensen\/raquel-garcia-hermida-van-der-walle\/#primaryimage"},"thumbnailUrl":"https:\/\/d66.nl\/europa\/wp-content\/uploads\/sites\/434\/2025\/09\/Raquel-Garcia-Hermida-Van-Der-Wallev.jpg","datePublished":"2024-04-25T14:51:16+00:00","dateModified":"2026-04-28T07:35:50+00:00","description":"Raquel Garcia Hermida-Van Der Walle is Europarlementari\u00ebr voor D66.","breadcrumb":{"@id":"https:\/\/d66.nl\/europa\/mensen\/raquel-garcia-hermida-van-der-walle\/#breadcrumb"},"inLanguage":"nl-NL","potentialAction":[{"@type":"ReadAction","target":["https:\/\/d66.nl\/europa\/mensen\/raquel-garcia-hermida-van-der-walle\/"]}]},{"@type":"ImageObject","inLanguage":"nl-NL","@id":"https:\/\/d66.nl\/europa\/mensen\/raquel-garcia-hermida-van-der-walle\/#primaryimage","url":"https:\/\/d66.nl\/europa\/wp-content\/uploads\/sites\/434\/2025\/09\/Raquel-Garcia-Hermida-Van-Der-Wallev.jpg","contentUrl":"https:\/\/d66.nl\/europa\/wp-content\/uploads\/sites\/434\/2025\/09\/Raquel-Garcia-Hermida-Van-Der-Wallev.jpg","width":1125,"height":2000},{"@type":"BreadcrumbList","@id":"https:\/\/d66.nl\/europa\/mensen\/raquel-garcia-hermida-van-der-walle\/#breadcrumb","itemListElement":[{"@type":"ListItem","position":1,"name":"Home","item":"https:\/\/d66.nl\/europa\/"},{"@type":"ListItem","position":2,"name":"Mensen","item":"https:\/\/d66.nl\/europa\/mensen\/"},{"@type":"ListItem","position":3,"name":"Raquel Garc\u00eda Hermida-van Der Walle"}]},{"@type":"WebSite","@id":"https:\/\/d66.nl\/europa\/#website","url":"https:\/\/d66.nl\/europa\/","name":"D66 Europa","description":"\u2060Het kan w\u00e9l","potentialAction":[{"@type":"SearchAction","target":{"@type":"EntryPoint","urlTemplate":"https:\/\/d66.nl\/europa\/?s={search_term_string}"},"query-input":{"@type":"PropertyValueSpecification","valueRequired":true,"valueName":"search_term_string"}}],"inLanguage":"nl-NL"}]}},"_links":{"self":[{"href":"https:\/\/d66.nl\/europa\/wp-json\/wp\/v2\/people-type\/229","targetHints":{"allow":["GET"]}}],"collection":[{"href":"https:\/\/d66.nl\/europa\/wp-json\/wp\/v2\/people-type"}],"about":[{"href":"https:\/\/d66.nl\/europa\/wp-json\/wp\/v2\/types\/people-type"}],"author":[{"embeddable":true,"href":"https:\/\/d66.nl\/europa\/wp-json\/wp\/v2\/users\/1518"}],"wp:featuredmedia":[{"embeddable":true,"href":"https:\/\/d66.nl\/europa\/wp-json\/wp\/v2\/media\/1336"}],"wp:attachment":[{"href":"https:\/\/d66.nl\/europa\/wp-json\/wp\/v2\/media?parent=229"}],"wp:term":[{"taxonomy":"labels","embeddable":true,"href":"https:\/\/d66.nl\/europa\/wp-json\/wp\/v2\/labels?post=229"},{"taxonomy":"search-tags","embeddable":true,"href":"https:\/\/d66.nl\/europa\/wp-json\/wp\/v2\/search-tags?post=229"},{"taxonomy":"division-tags","embeddable":true,"href":"https:\/\/d66.nl\/europa\/wp-json\/wp\/v2\/division-tags?post=229"}],"curies":[{"name":"wp","href":"https:\/\/api.w.org\/{rel}","templated":true}]}}