{"id":2,"date":"2024-01-10T11:54:38","date_gmt":"2024-01-10T11:54:38","guid":{"rendered":"https:\/\/d66.nl\/europeseparlementsverkiezingen2024\/?page_id=2"},"modified":"2026-04-29T12:54:40","modified_gmt":"2026-04-29T12:54:40","slug":"d66-in-europa-sterk-europa-voor-nederland","status":"publish","type":"page","link":"https:\/\/d66.nl\/europa\/","title":{"rendered":"Homepage"},"content":{"rendered":"<section class=\"block-big-hero-new\" data-video-url=\"\" style=\"--block-background-color: var(--global-colors-yellow, --global-colors-maize);\">\n\t<div class=\"block-big-hero-new__wrapper-width\">\n\t\t<div class=\"block-big-hero-new__wrapper block-big-hero-new__wrapper--left block-big-hero-new__wrapper--no-video\" style=\"background-image: url('https:\/\/media.d66.nl\/uploads\/sites\/434\/2026\/02\/Rob-Jetten-RallyForEurope020-JeroenMooijman-ezgif.com-webp-to-png-converter-1.png')\">\n\t\t\t<div class=\"block-big-hero-new__content-wrapper block-big-hero-new__content-wrapper--no-video\">\n\t\t\t\t\t\t\t\t\t<div class=\"block-big-hero-new__location block-big-hero-new__location--no-video\">\n\t\t\t\t\t\t<svg height='12px' width='12px' fill=\"#000000\" xmlns=\"http:\/\/www.w3.org\/2000\/svg\" xmlns:xlink=\"http:\/\/www.w3.org\/1999\/xlink\" version=\"1.1\" x=\"0px\" y=\"0px\" viewBox=\"0 0 55 55\" style=\"enable-background:new 0 0 55 55;\" xml:space=\"preserve\">\n\t\t\t\t\t\t\t<g>\n\t\t\t\t\t\t\t\t<g>\n\t\t\t\t\t\t\t\t\t<g>\n\t\t\t\t\t\t\t\t\t\t<path d=\"M27.5,3.5c-10.9299927,0-18,7.9100342-18,20.1600342c0,13.0200195,16.6599731,27.0200195,17.3699951,27.5998535     C27.0499878,51.4200439,27.2799683,51.5,27.5,51.5c0.2299805,0,0.460022-0.0799561,0.6400146-0.2401123     C28.8499756,50.6800537,45.5,36.6800537,45.5,23.6600342C45.5,11.4100342,38.4400024,3.5,27.5,3.5z M27.5,31.9200439     c-4.3499756,0-7.9000244-3.5500488-7.9000244-7.9101563c0-4.3498535,3.5500488-7.8999023,7.9000244-7.8999023     c4.3599854,0,7.9099731,3.5500488,7.9099731,7.8999023C35.4099731,28.3699951,31.8599854,31.9200439,27.5,31.9200439z\"><\/path>\n\t\t\t\t\t\t\t\t\t<\/g>\n\t\t\t\t\t\t\t\t<\/g>\n\t\t\t\t\t\t\t<\/g>\n\t\t\t\t\t\t<\/svg>\n\t\t\t\t\t\tEuropa\t\t\t\t\t<\/div>\n\t\t\t\t\t\t\t\t<div class=\"block-big-hero-new__heading block-big-hero-new__heading--no-video\">\n\t\t\t\t\t<h1 class=\"heading heading__align--left heading__color--white heading__size--big heading__font--sans heading__weight--bold\" id=\"nav-europa-verdient-beter--het-kan-w--l-9216\" data-nav-heading-mobile=\"Europa verdient beter. Het kan w\u00e9l.\">\n\tEuropa verdient beter. Het kan w\u00e9l.<\/h1>\t\t\t\t<\/div>\n\n\t\t\t\t\n\t\t\t\t\n\t\t\t\t\t\t\t\t\t<div class=\"block-big-hero-new__links\">\n\t\t\t\t\t\t<span class=\"block-big-hero-new__links-title\"><\/span>\n\t\t\t\t\t\t<div class=\"block-big-hero-new__links-list\">\n\t\t\t\t\t\t\t\t\t\t\t\t\t\t\t<a href=\"https:\/\/actie.d66.nl\/wordlid\" class=\"block-big-hero-new__links-list-item\">\n\t\t\t\t\t\t\t\t\tSluit je aan bij D66\t\t\t\t\t\t\t\t\t\t\t\t\t\t\t\t\t\t\t<svg xmlns=\"http:\/\/www.w3.org\/2000\/svg\" fill=\"none\" viewBox=\"0 0 20 20\"><path fill=\"#fff\" d=\"M7.5 4.595v1.66h5.065L4.562 14.24l1.177 1.18 8.025-8.009V12.5h1.673V4.595H7.5Z\"\/><\/svg>\n\t\t\t\t\t\t\t\t\t\t\t\t\t\t\t\t\t<\/a>\n\t\t\t\t\t\t\t\t\t\t\t\t\t<\/div>\n\t\t\t\t\t<\/div>\n\t\t\t\t\t\t\t<\/div>\n\t\t<\/div>\n\n\t\t<div class=\"block-big-hero-new__wrapper block-big-hero-new__wrapper--right block-big-hero-new__wrapper--no-video\">\n\t\t\t<div class=\"block-big-hero-new__sidebar-wrapper block-big-hero-new__sidebar-wrapper--no-video\">\n\t\t\t\t<div class=\"block-big-hero-new__mini-card\">\n<div class=\"mini-card  mini-card__style mini-card__style--default\" data-post-id=\"0\">\n\t\n\t\t\t\t<div class=\"mini-card__heading\">\n\t\t\t<a href=\"https:\/\/actie.d66.nl\/wordlid\" class=\"mini-card__link\">\n\t\t\t\t<h2 class=\"heading heading__align--left heading__color--black heading__size--larger heading__font--sans heading__weight--bold\" id=\"nav-d66-is-d---europapartij-van-nederland3524\">\n\tD66 is d\u00e9 Europapartij van Nederland<\/h2>\t\t\t<\/a>\n\t\t<\/div>\n\t\t\t\t\n\t\t\t<div class=\"mini-card__paragraph\">\n\t\t\t<p class=\"paragraph paragraph__align--left paragraph__color--black paragraph__size--default paragraph__weight--medium\">\n\t\tWij zijn jouw stem in het Europees Parlement v\u00f3\u00f3r Europa. <br><br>Wij werken vandaag aan de Europese Unie van morgen. Groener, welvarender en veiliger. Verenigd, democratisch en vrij. Het kan w\u00e9l. \t<\/p>\t\t<\/div>\n\t\n\t<a href=\"https:\/\/actie.d66.nl\/wordlid\" class=\"buttonV2 buttonV2__color--transparent buttonV2__size--default buttonV2__size-width--default buttonV2__link  mini-card__buttonV2\" id=\"\" target=\"\">\n\t<div class=\"buttonV2__top-wrapper buttonV2__arrow-align--right\">\n\t\t\t\t\t<span class=\"buttonV2__title\">\n\t\t\t\tDoe mee met D66\t\t\t<\/span>\n\t\t\n\t\t\t\t\t<div class=\"buttonV2__icon\">\n\t\t\t\t<svg xmlns='http:\/\/www.w3.org\/2000\/svg' viewBox='0 0 58.14 50.62'><path d='m32.82 50.62 25.32-25.31L32.82 0l-4.35 4.35 17.92 17.86H0v6.21h46.39L28.47 46.33l4.35 4.29z' fill='currentColor' \/><\/svg>\t\t\t<\/div>\n\t\t\t<\/div>\n\n\t<\/a><\/div>\n<\/div>\n\t\t\t\t\t\t\t<\/div>\n\t\t<\/div>\n\t<\/div>\n<\/section>\n\n\n\n<div\n  id=\"\"\n  class=\"wrapper wrapper__spacing-top-large--70 wrapper__spacing-top-desktop--50 wrapper__spacing-top-mobile--50 wrapper__spacing-bottom-large--30 wrapper__spacing-bottom-desktop--50 wrapper__spacing-bottom-mobile--50  wrapper__gutter--none\"\n  data-background-color=\"wisteria\">\n  \t<div class=\"wrapper__container wrapper__container-width-large--full-width\">\n\t  <div class=\"wrapper__inner wrapper__width-large--24 wrapper__width-mobile--24\">\n\t\t\n<section\n\tclass=\"block-featured-stories js-block-featured-stories\"\n\t\t\tdata-autoplay\n\t>\n\t<div class=\"block-featured-stories__wrapper\">\n\t\t<div class=\"swiper\">\n\t\t\t<div class=\"swiper-wrapper\">\n\t\t\t\t<article class=\"featured-story js-featured-story swiper-slide\" data-background-color=\"wisteria\">\n\t<div class=\"featured-story__wrapper\">\n\t\t\t\t\t<div class=\"featured-story__title\">\n\t\t\t\t<h3 class=\"heading   heading__size--huge\" id=\"nav-kom-naar-de-nacht-van-europa8373\" data-nav-heading-mobile=\"Kom naar de Nacht van Europa\">\n\tKom naar de Nacht van Europa<\/h3>\t\t\t<\/div>\n\t\t\n\t\t\t\t\t<img loading=\"lazy\" decoding=\"async\" width=\"1024\" height=\"683\" src=\"https:\/\/media.d66.nl\/uploads\/sites\/434\/2026\/04\/IMG_1249.jpg\" class=\"image featured-story__img\" alt=\"\" \/>\t\t\n\t\t\t\t\t<div class=\"featured-story__excerpt\">\n\t\t\t\t<p class=\"paragraph  paragraph__color--black paragraph__size--default\">\n\t\tOp vrijdag 8 mei komen we samen om de nacht van Europa te vieren. Omdat Europa ons vrede en vrijheid biedt en het vieren waard is!\t<\/p>\t\t\t<\/div>\n\t\t\n\t\t\t\t\t<div class=\"featured-story__button\">\n\t\t\t\t<a href=\"https:\/\/d66.nl\/europa\/nieuws\/europanacht\" class=\"btn btn__color--black btn__size--default\" id=\"\" title=\"Kom ook!\" data-gtm-event=\"click\" data-gtm-group=\"story\" data-gtm-target=\"Kom naar de Nacht van Europa\" data-last-site-id=\"1\">\n\t<div class=\"btn__top-wrapper\">\n\t\t\n\t\t<span class=\"btn__title\">\n\t\t\tKom ook!\t\t<\/span>\n\n\t\t\t<\/div>\n\n\t<span class=\"btn__description\">\n\t\t\t<\/span>\n\n\t<span class=\"btn__spinner btn__spinner--black btn__spinner--default\" aria-hidden=\"true\"><\/span>\n<\/a>\t\t\t<\/div>\n\t\t\n\t<\/div>\n<\/article><article class=\"featured-story js-featured-story swiper-slide is-hidden\" data-background-color=\"skyBlue\">\n\t<div class=\"featured-story__wrapper\">\n\t\t\t\t\t<div class=\"featured-story__title\">\n\t\t\t\t<h3 class=\"heading   heading__size--huge\" id=\"nav-europa-is-onze-beste-kans5593\" data-nav-heading-mobile=\"Europa is onze beste kans\">\n\tEuropa is onze beste kans<\/h3>\t\t\t<\/div>\n\t\t\n\t\t\t\t\t<img loading=\"lazy\" decoding=\"async\" width=\"1024\" height=\"683\" src=\"https:\/\/d66.nl\/europa\/wp-content\/uploads\/sites\/434\/2025\/09\/20250910_EP-189906A_AR1_EG_0184-1024x683.jpg\" class=\"image featured-story__img\" alt=\"\" \/>\t\t\n\t\t\t\t\t<div class=\"featured-story__excerpt\">\n\t\t\t\t<p class=\"paragraph  paragraph__color--black paragraph__size--default\">\n\t\tEuropa is niet veroordeeld tot zwakte. Integendeel! Keer op keer heeft Europa bewezen onze beste kans te zijn. We hebben de ingenieurs, de wetenschappers, de soldaten, de boeren, de ondernemers.&hellip;\t<\/p>\t\t\t<\/div>\n\t\t\n\t\t\t\t\t<div class=\"featured-story__button\">\n\t\t\t\t<a href=\"https:\/\/d66.nl\/europa\/nieuws\/europa-is-onze-beste-kans\" class=\"btn btn__color--black btn__size--default\" id=\"\" title=\"Lees de bijdrage\" data-gtm-event=\"click\" data-gtm-group=\"story\" data-gtm-target=\"Europa is onze beste kans\" data-last-site-id=\"1\">\n\t<div class=\"btn__top-wrapper\">\n\t\t\n\t\t<span class=\"btn__title\">\n\t\t\tLees de bijdrage\t\t<\/span>\n\n\t\t\t<\/div>\n\n\t<span class=\"btn__description\">\n\t\t\t<\/span>\n\n\t<span class=\"btn__spinner btn__spinner--black btn__spinner--default\" aria-hidden=\"true\"><\/span>\n<\/a>\t\t\t<\/div>\n\t\t\n\t<\/div>\n<\/article><article class=\"featured-story js-featured-story swiper-slide is-hidden\" data-background-color=\"skyBlue\">\n\t<div class=\"featured-story__wrapper\">\n\t\t\t\t\t<div class=\"featured-story__title\">\n\t\t\t\t<h3 class=\"heading   heading__size--huge\" id=\"nav-sinds---8217-66-d---europapartij-van-nederland8842\" data-nav-heading-mobile=\"Sinds &#8217;66 d\u00e9 Europapartij van Nederland\">\n\tSinds &#8217;66 d\u00e9 Europapartij van Nederland<\/h3>\t\t\t<\/div>\n\t\t\n\t\t\t\t\t<img loading=\"lazy\" decoding=\"async\" width=\"1024\" height=\"576\" src=\"https:\/\/d66.nl\/europa\/wp-content\/uploads\/sites\/434\/2025\/01\/d66-themas-ereleden-1024x576-1.jpg\" class=\"image featured-story__img\" alt=\"\" \/>\t\t\n\t\t\t\t\t<div class=\"featured-story__excerpt\">\n\t\t\t\t<p class=\"paragraph  paragraph__color--black paragraph__size--default\">\n\t\tWelke partij is uitgesproken v\u00f3\u00f3r Europa? D66! Lees hier waarom D66 sinds jaar en dag d\u00e9 Europapartij van Nederland is.\t<\/p>\t\t\t<\/div>\n\t\t\n\t\t\t\t\t<div class=\"featured-story__button\">\n\t\t\t\t<a href=\"https:\/\/d66.nl\/europa\/geschiedenis\/\" class=\"btn btn__color--black btn__size--default\" id=\"\" title=\"Lees meer\" data-gtm-event=\"click\" data-gtm-group=\"story\" data-gtm-target=\"Sinds &#8217;66 d\u00e9 Europapartij van Nederland\" data-last-site-id=\"1\">\n\t<div class=\"btn__top-wrapper\">\n\t\t\n\t\t<span class=\"btn__title\">\n\t\t\tLees meer\t\t<\/span>\n\n\t\t\t<\/div>\n\n\t<span class=\"btn__description\">\n\t\t\t<\/span>\n\n\t<span class=\"btn__spinner btn__spinner--black btn__spinner--default\" aria-hidden=\"true\"><\/span>\n<\/a>\t\t\t<\/div>\n\t\t\n\t<\/div>\n<\/article><article class=\"featured-story js-featured-story swiper-slide is-hidden\" data-background-color=\"skyBlue\">\n\t<div class=\"featured-story__wrapper\">\n\t\t\t\t\t<div class=\"featured-story__title\">\n\t\t\t\t<h3 class=\"heading   heading__size--huge\" id=\"nav-tijd-voor-europese-liberalen-om-op-te-staan7632\" data-nav-heading-mobile=\"Tijd voor Europese liberalen om op te staan\">\n\tTijd voor Europese liberalen om op te staan<\/h3>\t\t\t<\/div>\n\t\t\n\t\t\t\t\t<img loading=\"lazy\" decoding=\"async\" width=\"1024\" height=\"683\" src=\"https:\/\/d66.nl\/europa\/wp-content\/uploads\/sites\/434\/2025\/06\/54614178322_dc11b41c47_o-1024x683.jpg\" class=\"image featured-story__img\" alt=\"\" \/>\t\t\n\t\t\t\t\t<div class=\"featured-story__excerpt\">\n\t\t\t\t<p class=\"paragraph  paragraph__color--black paragraph__size--default\">\n\t\tIn een wereld van autocraten verliezen we allemaal. Daarom pleit delegatieleider Gerben-Jan Gerbrandy op de Europese liberale top voor vijf actiepunten waarmee liberalen weer in de aanval kunnen gaan.\t<\/p>\t\t\t<\/div>\n\t\t\n\t\t\t\t\t<div class=\"featured-story__button\">\n\t\t\t\t<a href=\"https:\/\/d66.nl\/europa\/nieuws\/tijd-voor-europese-liberalen-om-op-te-staan\" class=\"btn btn__color--black btn__size--default\" id=\"\" title=\"Lees meer\" data-gtm-event=\"click\" data-gtm-group=\"story\" data-gtm-target=\"Tijd voor Europese liberalen om op te staan\" data-last-site-id=\"1\">\n\t<div class=\"btn__top-wrapper\">\n\t\t\n\t\t<span class=\"btn__title\">\n\t\t\tLees meer\t\t<\/span>\n\n\t\t\t<\/div>\n\n\t<span class=\"btn__description\">\n\t\t\t<\/span>\n\n\t<span class=\"btn__spinner btn__spinner--black btn__spinner--default\" aria-hidden=\"true\"><\/span>\n<\/a>\t\t\t<\/div>\n\t\t\n\t<\/div>\n<\/article>\t\t\t<\/div>\n\n\n\t\t\t<div class=\"block-featured-stories__footer\">\n\t\t\t\t<div class=\"block-featured-stories__footer-wrapper\">\n\t\t\t\t\t<div class=\"block-featured-stories__navigation\">\n\t\t\t\t\t\t<div class=\"swiper-navigation\">\n\t\t\t\t\t\t\t<button class=\"block-featured-stories__nav-button block-featured-stories__nav-button--prev js-swiper-prev\" aria-label=\"Previous slide\"><\/button>\n\t\t\t\t\t\t\t<button class=\"block-featured-stories__nav-button block-featured-stories__nav-button--next js-swiper-next\" aria-label=\"Next slide\"><\/button>\n\t\t\t\t\t\t<\/div>\n\t\t\t\t\t<\/div>\n\n\t\t\t\t\t<div class=\"block-featured-stories__slides-overview\">\n\t\t\t\t\t\t\t\t\t\t\t\t\t<div class=\"block-featured-stories__slides-overview-item\">\n\t\t\t\t\t\t\t\t<div role=\"button\" tabindex=\"0\" class=\"featured-story-pagination js-featured-story-pagination\" swiper-slide-index=\"0\">\n  <div class=\"featured-story-pagination__line\"><\/div>\n  <div class=\"featured-story-pagination__category\">\n\t<p class=\"paragraph   paragraph__size--small paragraph__weight--bold\">\n\t\tEuropanacht\t<\/p>  <\/div>\n  <div class=\"featured-story-pagination__title\">\n\t<h3 class=\"heading   heading__size--medium heading__font--sans heading__weight--bold\" id=\"nav-kom-naar-de-nacht-van-europa9270\" data-nav-heading-mobile=\"Kom naar de Nacht van Europa\">\n\tKom naar de Nacht van Europa<\/h3>  <\/div>\n<\/div>\t\t\t\t\t\t\t<\/div>\n\t\t\t\t\t\t\t\t\t\t\t\t\t<div class=\"block-featured-stories__slides-overview-item\">\n\t\t\t\t\t\t\t\t<div role=\"button\" tabindex=\"0\" class=\"featured-story-pagination js-featured-story-pagination\" swiper-slide-index=\"1\">\n  <div class=\"featured-story-pagination__line\"><\/div>\n  <div class=\"featured-story-pagination__category\">\n\t<p class=\"paragraph   paragraph__size--small paragraph__weight--bold\">\n\t\tState of the Union\t<\/p>  <\/div>\n  <div class=\"featured-story-pagination__title\">\n\t<h3 class=\"heading   heading__size--medium heading__font--sans heading__weight--bold\" id=\"nav-europa-is-onze-beste-kans1903\" data-nav-heading-mobile=\"Europa is onze beste kans\">\n\tEuropa is onze beste kans<\/h3>  <\/div>\n<\/div>\t\t\t\t\t\t\t<\/div>\n\t\t\t\t\t\t\t\t\t\t\t\t\t<div class=\"block-featured-stories__slides-overview-item\">\n\t\t\t\t\t\t\t\t<div role=\"button\" tabindex=\"0\" class=\"featured-story-pagination js-featured-story-pagination\" swiper-slide-index=\"2\">\n  <div class=\"featured-story-pagination__line\"><\/div>\n  <div class=\"featured-story-pagination__category\">\n\t<p class=\"paragraph   paragraph__size--small paragraph__weight--bold\">\n\t\tGeschiedenis\t<\/p>  <\/div>\n  <div class=\"featured-story-pagination__title\">\n\t<h3 class=\"heading   heading__size--medium heading__font--sans heading__weight--bold\" id=\"nav-sinds---8217-66-d---europapartij-van-nederland5677\" data-nav-heading-mobile=\"Sinds &#8217;66 d\u00e9 Europapartij van Nederland\">\n\tSinds &#8217;66 d\u00e9 Europapartij van Nederland<\/h3>  <\/div>\n<\/div>\t\t\t\t\t\t\t<\/div>\n\t\t\t\t\t\t\t\t\t\t\t\t\t<div class=\"block-featured-stories__slides-overview-item\">\n\t\t\t\t\t\t\t\t<div role=\"button\" tabindex=\"0\" class=\"featured-story-pagination js-featured-story-pagination\" swiper-slide-index=\"3\">\n  <div class=\"featured-story-pagination__line\"><\/div>\n  <div class=\"featured-story-pagination__category\">\n\t<p class=\"paragraph   paragraph__size--small paragraph__weight--bold\">\n\t\tLiberaal manifest\t<\/p>  <\/div>\n  <div class=\"featured-story-pagination__title\">\n\t<h3 class=\"heading   heading__size--medium heading__font--sans heading__weight--bold\" id=\"nav-tijd-voor-europese-liberalen-om-op-te-staan5498\" data-nav-heading-mobile=\"Tijd voor Europese liberalen om op te staan\">\n\tTijd voor Europese liberalen om op te staan<\/h3>  <\/div>\n<\/div>\t\t\t\t\t\t\t<\/div>\n\t\t\t\t\t\t\t\t\t\t\t<\/div>\n\t\t\t\t<\/div>\n\t\t\t<\/div>\n\t\t<\/div>\n\t<\/div>\n<\/section>\n\t  <\/div>\n\t<\/div>\n  <\/div>\n\n\n<div\n  id=\"\"\n  class=\"wrapper wrapper__spacing-top-large--30 wrapper__spacing-top-desktop--50 wrapper__spacing-top-tablet--120 wrapper__spacing-top-mobile--50 wrapper__spacing-bottom-large--30 wrapper__spacing-bottom-desktop--50 wrapper__spacing-bottom-mobile--50  wrapper__gutter--none\"\n  data-background-color=\"skyBlue\">\n  \t<div class=\"wrapper__container wrapper__container-width-large--default\">\n\t  <div class=\"wrapper__inner wrapper__width-large--24 wrapper__width-mobile--24\">\n\t\t\n<section class=\"block-topic-hero block-topic-hero__posttype--page js-block-topic-hero\">\n\n\t\n\t<div class=\"block-topic-hero__content\">\n\t\t<h1 class=\"text text-big block-topic-hero__title\"><strong>Ons team<\/strong><\/h1><p class=\"text text-medium block-topic-hero__text\">Jouw stem in het Europees Parlement.<\/p>\t\t<div class=\"block-topic-hero__buttons-wrap\">\n\t\t\t<a href=\"https:\/\/d66.nl\/europa\/contact\/\" class=\"buttonV2  buttonV2__size--default buttonV2__size-width--default buttonV2__link  block-topic-hero__buttonV2\" id=\"\" target=\"\">\n\t<div class=\"buttonV2__top-wrapper buttonV2__arrow-align--left\">\n\t\t\t\t\t<span class=\"buttonV2__title\">\n\t\t\t\tContact opnemen\t\t\t<\/span>\n\t\t\n\t\t\t\t\t<div class=\"buttonV2__icon\">\n\t\t\t\t<svg xmlns='http:\/\/www.w3.org\/2000\/svg' viewBox='0 0 58.14 50.62'><path d='m32.82 50.62 25.32-25.31L32.82 0l-4.35 4.35 17.92 17.86H0v6.21h46.39L28.47 46.33l4.35 4.29z' fill='currentColor' \/><\/svg>\t\t\t<\/div>\n\t\t\t<\/div>\n\n\t<\/a>\t\t<\/div>\n\t<\/div>\n\n\t<div class=\"block-topic-hero__slider\">\n\t\t<div class=\"carousel-slider js-carousel-slider carousel-slider__for--cards block-topic-hero__carousel-slider\" data-is-slider-initialized=\"0\">\n\t<div class=\"carousel-slider__wrapper js-carousel-wrapper\">\n\t\t<div class=\"swiper\">\n\t\t\t<div class=\"swiper-wrapper\">\n\t\t\t\t\t\t\t\t\t\t\t\t\t\t<div class=\"swiper-slide\">\n\t\t\t\t\t\t<article class=\"article-card article-card__color--romanSilver  article-card__variation--full-height-img\" style=\"background-image: url('https:\/\/d66.nl\/europa\/wp-content\/uploads\/sites\/434\/2024\/04\/d66-gerben-jan-gerbrandywv-576x1024.jpg')\" data-gtm-event=\"click\" data-gtm-group=\"updates\" data-gtm-target=\"Gerben-Jan Gerbrandy Mensen\">\n\t\t\t<div class=\"background-overlay\"><\/div>\n\t\t<a class=\"article-card__link\" href=\"https:\/\/d66.nl\/europa\/gerben-jan-gerbrandy\/\" aria-label=\"Link naar artikel\">\n\t\t<header class=\"article-card__header\">\n\n\t\t\t\t\t\t<div class=\"article-card__meta-row-wrapper\">\n\t\t\t\t<div class=\"article-card__date\">\n\t\t\t\t\t\t<p class=\"paragraph   paragraph__size--medium paragraph__weight--semiBold\">\n\t\t09.09.2025\t<\/p>\t\t\t\t<\/div>\n\t\t\t<\/div>\n\t\t\t\t\t\t\t\t\t\t\t<\/header>\n\n\t\t<div class=\"article-card__body\">\n\t\t\t\t\t\t\t<h3 class=\"heading   heading__size--large heading__font--sans heading__weight--bold\" id=\"nav-gerben-jan-gerbrandy4405\">\n\tGerben-Jan Gerbrandy<\/h3>\t\t\t\t\t\t\t\t\t\t<div class=\"article-card__excerpt\">\n\t\t\t\t\t<p class=\"paragraph   paragraph__size--default paragraph__weight--medium\">\n\t\tDelegatieleider\t<\/p>\t\t\t\t<\/div>\n\t\t\t\n\t\t\t<button class=\"buttonV2 buttonV2__color--transparent buttonV2__size--default buttonV2__size-width--default   article-card__buttonV2\" id=\"\">\n\t<div class=\"buttonV2__top-wrapper buttonV2__arrow-align--right\">\n\t\t\t\t\t<span class=\"buttonV2__title\">\n\t\t\t\tLees verder\t\t\t<\/span>\n\t\t\n\t\t\t\t\t<div class=\"buttonV2__icon\">\n\t\t\t\t<svg xmlns='http:\/\/www.w3.org\/2000\/svg' viewBox='0 0 58.14 50.62'><path d='m32.82 50.62 25.32-25.31L32.82 0l-4.35 4.35 17.92 17.86H0v6.21h46.39L28.47 46.33l4.35 4.29z' fill='currentColor' \/><\/svg>\t\t\t<\/div>\n\t\t\t<\/div>\n\n\t<\/button>\t\t<\/div>\n\t<\/a>\n<\/article>\t\t\t\t\t<\/div>\n\t\t\t\t\t\t\t\t\t\t\t\t\t\t<div class=\"swiper-slide\">\n\t\t\t\t\t\t<article class=\"article-card article-card__color--olive  article-card__variation--full-height-img\" style=\"background-image: url('https:\/\/d66.nl\/europa\/wp-content\/uploads\/sites\/434\/2025\/09\/Raquel-Garcia-Hermida-Van-Der-Wallev-576x1024.jpg')\" data-gtm-event=\"click\" data-gtm-group=\"updates\" data-gtm-target=\"Raquel Garc\u00eda Hermida-van Der Walle Mensen\">\n\t\t\t<div class=\"background-overlay\"><\/div>\n\t\t<a class=\"article-card__link\" href=\"https:\/\/d66.nl\/europa\/raquel-garcia-hermida-van-der-walle-2\/\" aria-label=\"Link naar artikel\">\n\t\t<header class=\"article-card__header\">\n\n\t\t\t\t\t\t<div class=\"article-card__meta-row-wrapper\">\n\t\t\t\t<div class=\"article-card__date\">\n\t\t\t\t\t\t<p class=\"paragraph   paragraph__size--medium paragraph__weight--semiBold\">\n\t\t09.09.2025\t<\/p>\t\t\t\t<\/div>\n\t\t\t<\/div>\n\t\t\t\t\t\t\t\t\t\t\t<\/header>\n\n\t\t<div class=\"article-card__body\">\n\t\t\t\t\t\t\t<h3 class=\"heading   heading__size--large heading__font--sans heading__weight--bold\" id=\"nav-raquel-garc--a-hermida-van-der-walle7074\">\n\tRaquel Garc\u00eda Hermida-van Der Walle<\/h3>\t\t\t\t\t\t\t\t\t\t<div class=\"article-card__excerpt\">\n\t\t\t\t\t<p class=\"paragraph   paragraph__size--default paragraph__weight--medium\">\n\t\tEuroparlementari\u00ebr\t<\/p>\t\t\t\t<\/div>\n\t\t\t\n\t\t\t<button class=\"buttonV2 buttonV2__color--transparent buttonV2__size--default buttonV2__size-width--default   article-card__buttonV2\" id=\"\">\n\t<div class=\"buttonV2__top-wrapper buttonV2__arrow-align--right\">\n\t\t\t\t\t<span class=\"buttonV2__title\">\n\t\t\t\tLees verder\t\t\t<\/span>\n\t\t\n\t\t\t\t\t<div class=\"buttonV2__icon\">\n\t\t\t\t<svg xmlns='http:\/\/www.w3.org\/2000\/svg' viewBox='0 0 58.14 50.62'><path d='m32.82 50.62 25.32-25.31L32.82 0l-4.35 4.35 17.92 17.86H0v6.21h46.39L28.47 46.33l4.35 4.29z' fill='currentColor' \/><\/svg>\t\t\t<\/div>\n\t\t\t<\/div>\n\n\t<\/button>\t\t<\/div>\n\t<\/a>\n<\/article>\t\t\t\t\t<\/div>\n\t\t\t\t\t\t\t\t\t\t\t\t\t\t<div class=\"swiper-slide\">\n\t\t\t\t\t\t<article class=\"article-card article-card__color--tomato  article-card__variation--full-height-img\" style=\"background-image: url('https:\/\/d66.nl\/europa\/wp-content\/uploads\/sites\/434\/2025\/09\/3.-Brigitte-van-den-Bergv-576x1024.jpg')\" data-gtm-event=\"click\" data-gtm-group=\"updates\" data-gtm-target=\"Brigitte van den Berg Mensen\">\n\t\t\t<div class=\"background-overlay\"><\/div>\n\t\t<a class=\"article-card__link\" href=\"https:\/\/d66.nl\/europa\/brigitte-van-den-berg\/\" aria-label=\"Link naar artikel\">\n\t\t<header class=\"article-card__header\">\n\n\t\t\t\t\t\t<div class=\"article-card__meta-row-wrapper\">\n\t\t\t\t<div class=\"article-card__date\">\n\t\t\t\t\t\t<p class=\"paragraph   paragraph__size--medium paragraph__weight--semiBold\">\n\t\t09.09.2025\t<\/p>\t\t\t\t<\/div>\n\t\t\t<\/div>\n\t\t\t\t\t\t\t\t\t\t\t<\/header>\n\n\t\t<div class=\"article-card__body\">\n\t\t\t\t\t\t\t<h3 class=\"heading   heading__size--large heading__font--sans heading__weight--bold\" id=\"nav-brigitte-van-den-berg3399\">\n\tBrigitte van den Berg<\/h3>\t\t\t\t\t\t\t\t\t\t<div class=\"article-card__excerpt\">\n\t\t\t\t\t<p class=\"paragraph   paragraph__size--default paragraph__weight--medium\">\n\t\tEuroparlementari\u00ebr\t<\/p>\t\t\t\t<\/div>\n\t\t\t\n\t\t\t<button class=\"buttonV2 buttonV2__color--transparent buttonV2__size--default buttonV2__size-width--default   article-card__buttonV2\" id=\"\">\n\t<div class=\"buttonV2__top-wrapper buttonV2__arrow-align--right\">\n\t\t\t\t\t<span class=\"buttonV2__title\">\n\t\t\t\tLees verder\t\t\t<\/span>\n\t\t\n\t\t\t\t\t<div class=\"buttonV2__icon\">\n\t\t\t\t<svg xmlns='http:\/\/www.w3.org\/2000\/svg' viewBox='0 0 58.14 50.62'><path d='m32.82 50.62 25.32-25.31L32.82 0l-4.35 4.35 17.92 17.86H0v6.21h46.39L28.47 46.33l4.35 4.29z' fill='currentColor' \/><\/svg>\t\t\t<\/div>\n\t\t\t<\/div>\n\n\t<\/button>\t\t<\/div>\n\t<\/a>\n<\/article>\t\t\t\t\t<\/div>\n\t\t\t\t\t\t\t<\/div>\n\t\t<\/div>\n\t<\/div>\n\n\t\t\t<div class=\"carousel-slider-navigation js-carousel-slider-navigation carousel-slider-navigation__offset--always\">\n\t<div class=\"carousel-slider-navigation__fraction-pagination-wrapper\">\n\t\t<span class=\"custom-swiper-pagination-current\">1<\/span> \/ <span class=\"custom-swiper-pagination-total\">X<\/span>\n\t<\/div>\n\t<div class=\"carousel-slider-navigation__pagination-wrapper\">\n\t\t<div class=\"carousel-slider-navigation__pagination js-swiper-progressbar\"><\/div>\n\t<\/div>\n\t<div class=\"carousel-slider-navigation__navigation\">\n\t\t<button class=\"carousel-slider-navigation__nav-button carousel-slider-navigation__nav-button--prev js-swiper-prev\" aria-label=\"Previous slide\"><\/button>\n\t\t<button class=\"carousel-slider-navigation__nav-button carousel-slider-navigation__nav-button--next js-swiper-next\" aria-label=\"Next slide\"><\/button>\n\t<\/div>\n<\/div>\t\n<\/div>\t<\/div>\n\n<\/section>\n\t  <\/div>\n\t<\/div>\n  <\/div>\n\n\n<div\n  id=\"\"\n  class=\"wrapper wrapper__spacing-top-large--50 wrapper__spacing-top-desktop--50 wrapper__spacing-top-mobile--50 wrapper__spacing-bottom-large--70 wrapper__spacing-bottom-desktop--50 wrapper__spacing-bottom-tablet--190 wrapper__spacing-bottom-mobile--50  wrapper__gutter--none\"\n  data-background-color=\"skyBlue\">\n  \t<div class=\"wrapper__container wrapper__container-width-large--default\">\n\t  <div class=\"wrapper__inner wrapper__width-large--24 wrapper__width-mobile--24\">\n\t\t\n<section class=\"block-stories-wall-slider-dynamic block-stories-wall-slider-dynamic__posttype--post js-block-stories-wall-slider-dynamic\">\n\t<div class=\"block-stories-wall-slider-dynamic__header-wrapper block-stories-wall-slider-dynamic__header-wrapper--default\">\n\t\t<div class=\"block-stories-wall-slider-dynamic__title\">\n\t\t\t<h2 class=\"heading heading__align--left heading__color--black heading__size--huge  heading__weight--bold\" id=\"nav-standpunten8160\" data-nav-heading-mobile=\"Standpunten\">\n\tStandpunten<\/h2>\t\t<\/div>\n\t\t\t<\/div>\n\n\t<div class=\"block-stories-wall-slider-dynamic__slider\">\n\t\t<div class=\"carousel-slider js-carousel-slider carousel-slider__for--cards\" data-is-slider-initialized=\"0\">\n\t<div class=\"carousel-slider__wrapper js-carousel-wrapper\">\n\t\t<div class=\"swiper\">\n\t\t\t<div class=\"swiper-wrapper\">\n\t\t\t\t\t\t\t\t\t\t\t\t\t\t<div class=\"swiper-slide\">\n\t\t\t\t\t\t<article class=\"article-card article-card__color--yellow  article-card__variation--full-height-img\" style=\"background-image: url('https:\/\/d66.nl\/europa\/wp-content\/uploads\/sites\/434\/2025\/01\/1730206248389_20241023_EP-175020A_202_014-1024x683.jpg')\" data-gtm-event=\"click\" data-gtm-group=\"updates\" data-gtm-target=\"Bouwen aan een nieuw Europa\">\n\t\t\t<div class=\"background-overlay\"><\/div>\n\t\t<a class=\"article-card__link\" href=\"https:\/\/d66.nl\/europa\/nieuws\/een-nieuw-europa\/\" aria-label=\"Link naar artikel\">\n\t\t<header class=\"article-card__header\">\n\n\t\t\t\t\t\t<div class=\"article-card__meta-row-wrapper\">\n\t\t\t\t<div class=\"article-card__date\">\n\t\t\t\t\t\t<p class=\"paragraph   paragraph__size--medium paragraph__weight--semiBold\">\n\t\t18.01.2025\t<\/p>\t\t\t\t<\/div>\n\t\t\t<\/div>\n\t\t\t\t\t\t\t\t\t\t\t<\/header>\n\n\t\t<div class=\"article-card__body\">\n\t\t\t\t\t\t\t<h3 class=\"heading   heading__size--large heading__font--sans heading__weight--bold\" id=\"nav-bouwen-aan-een-nieuw-europa577\">\n\tBouwen aan een nieuw Europa<\/h3>\t\t\t\t\t\t\t\t\t\t<div class=\"article-card__excerpt\">\n\t\t\t\t\t<p class=\"paragraph   paragraph__size--default paragraph__weight--medium\">\n\t\tAl meer dan 70 jaar brengt Europese integratie ons vrijheid, veiligheid en welvaart. Dankzij de EU werken we samen in plaats van oorlog te voeren, verdienen we een derde van&hellip;\t<\/p>\t\t\t\t<\/div>\n\t\t\t\n\t\t\t<button class=\"buttonV2 buttonV2__color--transparent buttonV2__size--default buttonV2__size-width--default   article-card__buttonV2\" id=\"\">\n\t<div class=\"buttonV2__top-wrapper buttonV2__arrow-align--right\">\n\t\t\t\t\t<span class=\"buttonV2__title\">\n\t\t\t\tLees verder\t\t\t<\/span>\n\t\t\n\t\t\t\t\t<div class=\"buttonV2__icon\">\n\t\t\t\t<svg xmlns='http:\/\/www.w3.org\/2000\/svg' viewBox='0 0 58.14 50.62'><path d='m32.82 50.62 25.32-25.31L32.82 0l-4.35 4.35 17.92 17.86H0v6.21h46.39L28.47 46.33l4.35 4.29z' fill='currentColor' \/><\/svg>\t\t\t<\/div>\n\t\t\t<\/div>\n\n\t<\/button>\t\t<\/div>\n\t<\/a>\n<\/article>\t\t\t\t\t<\/div>\n\t\t\t\t\t\t\t\t\t\t\t\t\t\t<div class=\"swiper-slide\">\n\t\t\t\t\t\t<article class=\"article-card article-card__color--romanSilver  article-card__variation--full-height-img\" style=\"background-image: url('https:\/\/d66.nl\/europa\/wp-content\/uploads\/sites\/434\/2024\/01\/1730206528108_20241023_EP-175020A_202_012-1024x683.jpg')\" data-gtm-event=\"click\" data-gtm-group=\"updates\" data-gtm-target=\"Europese integratie\">\n\t\t\t<div class=\"background-overlay\"><\/div>\n\t\t<a class=\"article-card__link\" href=\"https:\/\/d66.nl\/europa\/verkiezingsprogramma\/fundamenten-voor-een-vrij-rechtvaardig-en-democratisch-europa\/\" aria-label=\"Link naar artikel\">\n\t\t<header class=\"article-card__header\">\n\n\t\t\t\t\t\t\t\t\t\t\t<\/header>\n\n\t\t<div class=\"article-card__body\">\n\t\t\t\t\t\t\t<h3 class=\"heading   heading__size--large heading__font--sans heading__weight--bold\" id=\"nav-europese-integratie5364\">\n\tEuropese integratie<\/h3>\t\t\t\t\t\t\t\t\t\t<div class=\"article-card__excerpt\">\n\t\t\t\t\t<p class=\"paragraph   paragraph__size--default paragraph__weight--medium\">\n\t\tEuropa, dat zijn wij. D66 staat voor een democratisch Europa, waarin burgers een stem hebben op alle niveaus: van de plek waar ze wonen tot het nationale en Europese beleid.&hellip;\t<\/p>\t\t\t\t<\/div>\n\t\t\t\n\t\t\t<button class=\"buttonV2 buttonV2__color--transparent buttonV2__size--default buttonV2__size-width--default   article-card__buttonV2\" id=\"\">\n\t<div class=\"buttonV2__top-wrapper buttonV2__arrow-align--right\">\n\t\t\t\t\t<span class=\"buttonV2__title\">\n\t\t\t\tLees verder\t\t\t<\/span>\n\t\t\n\t\t\t\t\t<div class=\"buttonV2__icon\">\n\t\t\t\t<svg xmlns='http:\/\/www.w3.org\/2000\/svg' viewBox='0 0 58.14 50.62'><path d='m32.82 50.62 25.32-25.31L32.82 0l-4.35 4.35 17.92 17.86H0v6.21h46.39L28.47 46.33l4.35 4.29z' fill='currentColor' \/><\/svg>\t\t\t<\/div>\n\t\t\t<\/div>\n\n\t<\/button>\t\t<\/div>\n\t<\/a>\n<\/article>\t\t\t\t\t<\/div>\n\t\t\t\t\t\t\t\t\t\t\t\t\t\t<div class=\"swiper-slide\">\n\t\t\t\t\t\t<article class=\"article-card article-card__color--yellow  article-card__variation--full-height-img\" style=\"background-image: url('https:\/\/d66.nl\/europa\/wp-content\/uploads\/sites\/434\/2024\/01\/664A2878-scaled-e1733482938951-1024x956.jpg')\" data-gtm-event=\"click\" data-gtm-group=\"updates\" data-gtm-target=\"Onderwijs en vakmensen\">\n\t\t\t<div class=\"background-overlay\"><\/div>\n\t\t<a class=\"article-card__link\" href=\"https:\/\/d66.nl\/europa\/standpunten\/onderwijs\/\" aria-label=\"Link naar artikel\">\n\t\t<header class=\"article-card__header\">\n\n\t\t\t\t\t\t\t\t\t\t\t<\/header>\n\n\t\t<div class=\"article-card__body\">\n\t\t\t\t\t\t\t<h3 class=\"heading   heading__size--large heading__font--sans heading__weight--bold\" id=\"nav-onderwijs-en-vakmensen7778\">\n\tOnderwijs en vakmensen<\/h3>\t\t\t\t\t\t\t\t\t\t<div class=\"article-card__excerpt\">\n\t\t\t\t\t<p class=\"paragraph   paragraph__size--default paragraph__weight--medium\">\n\t\tWe willen dat Europa de beste en schoonste plek is om te leven, waar we investeren in onderwijs en mobiliteit: dat geeft mensen vrijheid.\t<\/p>\t\t\t\t<\/div>\n\t\t\t\n\t\t\t<button class=\"buttonV2 buttonV2__color--transparent buttonV2__size--default buttonV2__size-width--default   article-card__buttonV2\" id=\"\">\n\t<div class=\"buttonV2__top-wrapper buttonV2__arrow-align--right\">\n\t\t\t\t\t<span class=\"buttonV2__title\">\n\t\t\t\tLees verder\t\t\t<\/span>\n\t\t\n\t\t\t\t\t<div class=\"buttonV2__icon\">\n\t\t\t\t<svg xmlns='http:\/\/www.w3.org\/2000\/svg' viewBox='0 0 58.14 50.62'><path d='m32.82 50.62 25.32-25.31L32.82 0l-4.35 4.35 17.92 17.86H0v6.21h46.39L28.47 46.33l4.35 4.29z' fill='currentColor' \/><\/svg>\t\t\t<\/div>\n\t\t\t<\/div>\n\n\t<\/button>\t\t<\/div>\n\t<\/a>\n<\/article>\t\t\t\t\t<\/div>\n\t\t\t\t\t\t\t\t\t\t\t\t\t\t<div class=\"swiper-slide\">\n\t\t\t\t\t\t<article class=\"article-card article-card__color--tomato  article-card__variation--full-height-img\" style=\"background-image: url('https:\/\/d66.nl\/europa\/wp-content\/uploads\/sites\/434\/2024\/01\/d66-thema-klimaat-1024x576.jpg')\" data-gtm-event=\"click\" data-gtm-group=\"updates\" data-gtm-target=\"Klimaat, natuur en milieu\">\n\t\t\t<div class=\"background-overlay\"><\/div>\n\t\t<a class=\"article-card__link\" href=\"https:\/\/d66.nl\/europa\/verkiezingsprogramma\/de-grote-transities\/\" aria-label=\"Link naar artikel\">\n\t\t<header class=\"article-card__header\">\n\n\t\t\t\t\t\t\t\t\t\t\t<\/header>\n\n\t\t<div class=\"article-card__body\">\n\t\t\t\t\t\t\t<h3 class=\"heading   heading__size--large heading__font--sans heading__weight--bold\" id=\"nav-klimaat--natuur-en-milieu6846\">\n\tKlimaat, natuur en milieu<\/h3>\t\t\t\t\t\t\t\t\t\t<div class=\"article-card__excerpt\">\n\t\t\t\t\t<p class=\"paragraph   paragraph__size--default paragraph__weight--medium\">\n\t\tIedereen merkt de effecten van klimaatverandering, of het nou gaat om bosbranden, droogte, hittegolven of overstromingen. Dat vraagt om Europese actie en samenwerking.\t<\/p>\t\t\t\t<\/div>\n\t\t\t\n\t\t\t<button class=\"buttonV2 buttonV2__color--transparent buttonV2__size--default buttonV2__size-width--default   article-card__buttonV2\" id=\"\">\n\t<div class=\"buttonV2__top-wrapper buttonV2__arrow-align--right\">\n\t\t\t\t\t<span class=\"buttonV2__title\">\n\t\t\t\tLees verder\t\t\t<\/span>\n\t\t\n\t\t\t\t\t<div class=\"buttonV2__icon\">\n\t\t\t\t<svg xmlns='http:\/\/www.w3.org\/2000\/svg' viewBox='0 0 58.14 50.62'><path d='m32.82 50.62 25.32-25.31L32.82 0l-4.35 4.35 17.92 17.86H0v6.21h46.39L28.47 46.33l4.35 4.29z' fill='currentColor' \/><\/svg>\t\t\t<\/div>\n\t\t\t<\/div>\n\n\t<\/button>\t\t<\/div>\n\t<\/a>\n<\/article>\t\t\t\t\t<\/div>\n\t\t\t\t\t\t\t\t\t\t\t\t\t\t<div class=\"swiper-slide\">\n\t\t\t\t\t\t<article class=\"article-card article-card__color--skyBlue  article-card__variation--full-height-img\" style=\"background-image: url('https:\/\/d66.nl\/europa\/wp-content\/uploads\/sites\/434\/2024\/01\/d66-thema-veiligheid-1024x576.jpg')\" data-gtm-event=\"click\" data-gtm-group=\"updates\" data-gtm-target=\"Europese veiligheid en defensie\">\n\t\t\t<div class=\"background-overlay\"><\/div>\n\t\t<a class=\"article-card__link\" href=\"https:\/\/d66.nl\/europa\/verkiezingsprogramma\/een-geopolitiek-sterk-europa-voor-vrijheid-democratie-en-veiligheid\/\" aria-label=\"Link naar artikel\">\n\t\t<header class=\"article-card__header\">\n\n\t\t\t\t\t\t\t\t\t\t\t<\/header>\n\n\t\t<div class=\"article-card__body\">\n\t\t\t\t\t\t\t<h3 class=\"heading   heading__size--large heading__font--sans heading__weight--bold\" id=\"nav-europese-veiligheid-en-defensie8083\">\n\tEuropese veiligheid en defensie<\/h3>\t\t\t\t\t\t\t\t\t\t<div class=\"article-card__excerpt\">\n\t\t\t\t\t<p class=\"paragraph   paragraph__size--default paragraph__weight--medium\">\n\t\tEuropa staat van oudsher voor vrijheid, democratie en veiligheid. Opkomen voor de mensenrechten en eerlijke handel, vanuit de overtuiging dat er uiteindelijk meer zaken zijn die ons binden in de&hellip;\t<\/p>\t\t\t\t<\/div>\n\t\t\t\n\t\t\t<button class=\"buttonV2 buttonV2__color--transparent buttonV2__size--default buttonV2__size-width--default   article-card__buttonV2\" id=\"\">\n\t<div class=\"buttonV2__top-wrapper buttonV2__arrow-align--right\">\n\t\t\t\t\t<span class=\"buttonV2__title\">\n\t\t\t\tLees verder\t\t\t<\/span>\n\t\t\n\t\t\t\t\t<div class=\"buttonV2__icon\">\n\t\t\t\t<svg xmlns='http:\/\/www.w3.org\/2000\/svg' viewBox='0 0 58.14 50.62'><path d='m32.82 50.62 25.32-25.31L32.82 0l-4.35 4.35 17.92 17.86H0v6.21h46.39L28.47 46.33l4.35 4.29z' fill='currentColor' \/><\/svg>\t\t\t<\/div>\n\t\t\t<\/div>\n\n\t<\/button>\t\t<\/div>\n\t<\/a>\n<\/article>\t\t\t\t\t<\/div>\n\t\t\t\t\t\t\t\t\t\t\t\t\t\t<div class=\"swiper-slide\">\n\t\t\t\t\t\t<article class=\"article-card article-card__color--tomato  article-card__variation--full-height-img\" style=\"background-image: url('https:\/\/d66.nl\/europa\/wp-content\/uploads\/sites\/434\/2024\/01\/WhatsApp-Image-2025-06-27-at-15.40.58-683x1024.jpeg')\" data-gtm-event=\"click\" data-gtm-group=\"updates\" data-gtm-target=\"Sterke regio&#8217;s\">\n\t\t\t<div class=\"background-overlay\"><\/div>\n\t\t<a class=\"article-card__link\" href=\"https:\/\/d66.nl\/europa\/standpunten\/sterke-regios\/\" aria-label=\"Link naar artikel\">\n\t\t<header class=\"article-card__header\">\n\n\t\t\t\t\t\t\t\t\t\t\t<\/header>\n\n\t\t<div class=\"article-card__body\">\n\t\t\t\t\t\t\t<h3 class=\"heading   heading__size--large heading__font--sans heading__weight--bold\" id=\"nav-sterke-regio--8217-s5663\">\n\tSterke regio&#8217;s<\/h3>\t\t\t\t\t\t\t\t\t\t<div class=\"article-card__excerpt\">\n\t\t\t\t\t<p class=\"paragraph   paragraph__size--default paragraph__weight--medium\">\n\t\tDe verschillen \u00e9n de verbindingen tussen regio\u2019s maken ons sterk. We staan voor een Europa dat er is voor alle Europeanen en alle regio&#8217;s.\t<\/p>\t\t\t\t<\/div>\n\t\t\t\n\t\t\t<button class=\"buttonV2 buttonV2__color--transparent buttonV2__size--default buttonV2__size-width--default   article-card__buttonV2\" id=\"\">\n\t<div class=\"buttonV2__top-wrapper buttonV2__arrow-align--right\">\n\t\t\t\t\t<span class=\"buttonV2__title\">\n\t\t\t\tLees verder\t\t\t<\/span>\n\t\t\n\t\t\t\t\t<div class=\"buttonV2__icon\">\n\t\t\t\t<svg xmlns='http:\/\/www.w3.org\/2000\/svg' viewBox='0 0 58.14 50.62'><path d='m32.82 50.62 25.32-25.31L32.82 0l-4.35 4.35 17.92 17.86H0v6.21h46.39L28.47 46.33l4.35 4.29z' fill='currentColor' \/><\/svg>\t\t\t<\/div>\n\t\t\t<\/div>\n\n\t<\/button>\t\t<\/div>\n\t<\/a>\n<\/article>\t\t\t\t\t<\/div>\n\t\t\t\t\t\t\t\t\t\t\t\t\t\t<div class=\"swiper-slide\">\n\t\t\t\t\t\t<article class=\"article-card article-card__color--rosePink  article-card__variation--full-height-img\" style=\"background-image: url('https:\/\/d66.nl\/europa\/wp-content\/uploads\/sites\/434\/2024\/07\/Foto-Democraat-1024x825.jpg')\" data-gtm-event=\"click\" data-gtm-group=\"updates\" data-gtm-target=\"Lees al onze plannen voor Europa\">\n\t\t\t<div class=\"background-overlay\"><\/div>\n\t\t<a class=\"article-card__link\" href=\"https:\/\/d66.nl\/europa\/plannen\/\" aria-label=\"Link naar artikel\">\n\t\t<header class=\"article-card__header\">\n\n\t\t\t\t\t\t<div class=\"article-card__meta-row-wrapper\">\n\t\t\t\t<div class=\"article-card__date\">\n\t\t\t\t\t\t<p class=\"paragraph   paragraph__size--medium paragraph__weight--semiBold\">\n\t\t18.01.2024\t<\/p>\t\t\t\t<\/div>\n\t\t\t<\/div>\n\t\t\t\t\t\t\t\t\t\t\t<\/header>\n\n\t\t<div class=\"article-card__body\">\n\t\t\t\t\t\t\t<h3 class=\"heading   heading__size--large heading__font--sans heading__weight--bold\" id=\"nav-lees-al-onze-plannen-voor-europa839\">\n\tLees al onze plannen voor Europa<\/h3>\t\t\t\t\t\t\t\t\t\t<div class=\"article-card__excerpt\">\n\t\t\t\t\t<p class=\"paragraph   paragraph__size--default paragraph__weight--medium\">\n\t\tWat D66 betreft is de Europese Unie over vijf jaar groener, welvarender en veiliger dan ooit tevoren. Hier lees je meer over onze standpunten.\t<\/p>\t\t\t\t<\/div>\n\t\t\t\n\t\t\t<button class=\"buttonV2 buttonV2__color--transparent buttonV2__size--default buttonV2__size-width--default   article-card__buttonV2\" id=\"\">\n\t<div class=\"buttonV2__top-wrapper buttonV2__arrow-align--right\">\n\t\t\t\t\t<span class=\"buttonV2__title\">\n\t\t\t\tLees verder\t\t\t<\/span>\n\t\t\n\t\t\t\t\t<div class=\"buttonV2__icon\">\n\t\t\t\t<svg xmlns='http:\/\/www.w3.org\/2000\/svg' viewBox='0 0 58.14 50.62'><path d='m32.82 50.62 25.32-25.31L32.82 0l-4.35 4.35 17.92 17.86H0v6.21h46.39L28.47 46.33l4.35 4.29z' fill='currentColor' \/><\/svg>\t\t\t<\/div>\n\t\t\t<\/div>\n\n\t<\/button>\t\t<\/div>\n\t<\/a>\n<\/article>\t\t\t\t\t<\/div>\n\t\t\t\t\t\t\t<\/div>\n\t\t<\/div>\n\t<\/div>\n\n\t\t\t<div class=\"carousel-slider-navigation js-carousel-slider-navigation carousel-slider-navigation__offset--always\">\n\t<div class=\"carousel-slider-navigation__fraction-pagination-wrapper\">\n\t\t<span class=\"custom-swiper-pagination-current\">1<\/span> \/ <span class=\"custom-swiper-pagination-total\">X<\/span>\n\t<\/div>\n\t<div class=\"carousel-slider-navigation__pagination-wrapper\">\n\t\t<div class=\"carousel-slider-navigation__pagination js-swiper-progressbar\"><\/div>\n\t<\/div>\n\t<div class=\"carousel-slider-navigation__navigation\">\n\t\t<button class=\"carousel-slider-navigation__nav-button carousel-slider-navigation__nav-button--prev js-swiper-prev\" aria-label=\"Previous slide\"><\/button>\n\t\t<button class=\"carousel-slider-navigation__nav-button carousel-slider-navigation__nav-button--next js-swiper-next\" aria-label=\"Next slide\"><\/button>\n\t<\/div>\n<\/div>\t\n<\/div>\t<\/div>\n\n<\/section>\n\t  <\/div>\n\t<\/div>\n  <\/div>\n\n\n<div\n  id=\"\"\n  class=\"wrapper wrapper__spacing-top-large--150 wrapper__spacing-top-mobile--60 wrapper__spacing-bottom-large--70  wrapper__gutter--none\"\n  data-background-color=\"skyBlue\">\n  \t<div class=\"wrapper__container wrapper__container-width-large--full-width\">\n\t  <div class=\"wrapper__inner wrapper__width-large--24 wrapper__width-mobile--24\">\n\t\t\n<section\n\tclass=\"block-featured-stories js-block-featured-stories\"\n\t\t\tdata-autoplay\n\t>\n\t<div class=\"block-featured-stories__wrapper\">\n\t\t<div class=\"swiper\">\n\t\t\t<div class=\"swiper-wrapper\">\n\t\t\t\t<article class=\"featured-story js-featured-story swiper-slide\" data-background-color=\"skyBlue\">\n\t<div class=\"featured-story__wrapper\">\n\t\t\t\t\t<div class=\"featured-story__title\">\n\t\t\t\t<h3 class=\"heading   heading__size--huge\" id=\"nav-doe-en-denk-mee-met-europa6125\" data-nav-heading-mobile=\"Doe en denk mee met Europa\">\n\tDoe en denk mee met Europa<\/h3>\t\t\t<\/div>\n\t\t\n\t\t\t\t\t<img loading=\"lazy\" decoding=\"async\" width=\"1024\" height=\"683\" src=\"https:\/\/d66.nl\/europa\/wp-content\/uploads\/sites\/434\/2025\/01\/1709230736271_20240229_EP-165893A_DLL_289-1024x683.jpg\" class=\"image featured-story__img\" alt=\"\" \/>\t\t\n\t\t\t\t\t<div class=\"featured-story__excerpt\">\n\t\t\t\t<p class=\"paragraph  paragraph__color--black paragraph__size--default\">\n\t\tVia de thema-afdeling Europa kan jij bijdragen aan het Europese project. Praat mee over het Europese nieuws en denk vandaag mee over de Europese Unie van morgen.\t<\/p>\t\t\t<\/div>\n\t\t\n\t\t\t\t\t<div class=\"featured-story__button\">\n\t\t\t\t<a href=\"https:\/\/d66.nl\/europa\/ta\/\" class=\"btn btn__color--black btn__size--default\" id=\"\" title=\"Ik wil me uitspreken\" data-gtm-event=\"click\" data-gtm-group=\"story\" data-gtm-target=\"Doe en denk mee met Europa\" data-last-site-id=\"1\">\n\t<div class=\"btn__top-wrapper\">\n\t\t\n\t\t<span class=\"btn__title\">\n\t\t\tIk wil me uitspreken\t\t<\/span>\n\n\t\t\t<\/div>\n\n\t<span class=\"btn__description\">\n\t\t\t<\/span>\n\n\t<span class=\"btn__spinner btn__spinner--black btn__spinner--default\" aria-hidden=\"true\"><\/span>\n<\/a>\t\t\t<\/div>\n\t\t\n\t<\/div>\n<\/article><article class=\"featured-story js-featured-story swiper-slide is-hidden\" data-background-color=\"skyBlue\">\n\t<div class=\"featured-story__wrapper\">\n\t\t\t\t\t<div class=\"featured-story__title\">\n\t\t\t\t<h3 class=\"heading   heading__size--huge\" id=\"nav-jong-en-pro-europees5377\" data-nav-heading-mobile=\"Jong en pro-Europees\">\n\tJong en pro-Europees<\/h3>\t\t\t<\/div>\n\t\t\n\t\t\t\t\t<img loading=\"lazy\" decoding=\"async\" width=\"1024\" height=\"683\" src=\"https:\/\/d66.nl\/europa\/wp-content\/uploads\/sites\/434\/2025\/03\/54134839305_3bc15688bd_o.jpg\" class=\"image featured-story__img\" alt=\"\" \/>\t\t\n\t\t\t\t\t<div class=\"featured-story__excerpt\">\n\t\t\t\t<p class=\"paragraph  paragraph__color--black paragraph__size--default\">\n\t\tJij bent niet de enige jonge Europeaan die zich nu zorgen maakt over onze toekomst. Help ons om te kiezen voor onze toekomst. Voor een sterk Europa. Voor onze vrijheid.\t<\/p>\t\t\t<\/div>\n\t\t\n\t\t\t\t\t<div class=\"featured-story__button\">\n\t\t\t\t<a href=\"https:\/\/d66.nl\/europa\/jong-en-pro-europees\/\" class=\"btn btn__color--black btn__size--default\" id=\"\" title=\"Lees meer\" data-gtm-event=\"click\" data-gtm-group=\"story\" data-gtm-target=\"Jong en pro-Europees\" data-last-site-id=\"1\">\n\t<div class=\"btn__top-wrapper\">\n\t\t\n\t\t<span class=\"btn__title\">\n\t\t\tLees meer\t\t<\/span>\n\n\t\t\t<\/div>\n\n\t<span class=\"btn__description\">\n\t\t\t<\/span>\n\n\t<span class=\"btn__spinner btn__spinner--black btn__spinner--default\" aria-hidden=\"true\"><\/span>\n<\/a>\t\t\t<\/div>\n\t\t\n\t<\/div>\n<\/article><article class=\"featured-story js-featured-story swiper-slide is-hidden\" data-background-color=\"skyBlue\">\n\t<div class=\"featured-story__wrapper\">\n\t\t\t\t\t<div class=\"featured-story__title\">\n\t\t\t\t<h3 class=\"heading   heading__size--huge\" id=\"nav-kom-naar-het-europees-parlement5102\" data-nav-heading-mobile=\"Kom naar het Europees Parlement\">\n\tKom naar het Europees Parlement<\/h3>\t\t\t<\/div>\n\t\t\n\t\t\t\t\t<img loading=\"lazy\" decoding=\"async\" width=\"768\" height=\"1024\" src=\"https:\/\/d66.nl\/europa\/wp-content\/uploads\/sites\/434\/2025\/01\/WhatsApp-Image-2025-01-06-at-14.58.43-768x1024.jpeg\" class=\"image featured-story__img\" alt=\"\" \/>\t\t\n\t\t\t\t\t<div class=\"featured-story__excerpt\">\n\t\t\t\t<p class=\"paragraph  paragraph__color--black paragraph__size--default\">\n\t\tWil jij langskomen bij D66 in het Europees Parlement? Neem dan contact met ons op!\t<\/p>\t\t\t<\/div>\n\t\t\n\t\t\t\t\t<div class=\"featured-story__button\">\n\t\t\t\t<a href=\"https:\/\/d66.nl\/europa\/kom-naar-het-europees-parlement\/\" class=\"btn btn__color--black btn__size--default\" id=\"\" title=\"Lees meer\" data-gtm-event=\"click\" data-gtm-group=\"story\" data-gtm-target=\"Kom naar het Europees Parlement\" data-last-site-id=\"1\">\n\t<div class=\"btn__top-wrapper\">\n\t\t\n\t\t<span class=\"btn__title\">\n\t\t\tLees meer\t\t<\/span>\n\n\t\t\t<\/div>\n\n\t<span class=\"btn__description\">\n\t\t\t<\/span>\n\n\t<span class=\"btn__spinner btn__spinner--black btn__spinner--default\" aria-hidden=\"true\"><\/span>\n<\/a>\t\t\t<\/div>\n\t\t\n\t<\/div>\n<\/article><article class=\"featured-story js-featured-story swiper-slide is-hidden\" data-background-color=\"skyBlue\">\n\t<div class=\"featured-story__wrapper\">\n\t\t\t\t\t<div class=\"featured-story__title\">\n\t\t\t\t<h3 class=\"heading   heading__size--huge\" id=\"nav-14-missies-voor-europa3483\" data-nav-heading-mobile=\"14 missies voor Europa\">\n\t14 missies voor Europa<\/h3>\t\t\t<\/div>\n\t\t\n\t\t\t\t\t<img loading=\"lazy\" decoding=\"async\" width=\"570\" height=\"578\" src=\"https:\/\/d66.nl\/europa\/wp-content\/uploads\/sites\/434\/2025\/01\/Missies-voor-Europa-e1708591803465.png\" class=\"image featured-story__img\" alt=\"\" \/>\t\t\n\t\t\t\t\t<div class=\"featured-story__excerpt\">\n\t\t\t\t<p class=\"paragraph  paragraph__color--black paragraph__size--default\">\n\t\tDe Mr. Hans van Mierlo Stichting bracht als onafhankelijk wetenschappelijk bureau van D66 een boek uit over Europa.\t<\/p>\t\t\t<\/div>\n\t\t\n\t\t\t\t\t<div class=\"featured-story__button\">\n\t\t\t\t<a href=\"https:\/\/d66.nl\/europa\/nieuws\/14-missies-voor-europa\" class=\"btn btn__color--black btn__size--default\" id=\"\" title=\"Lees meer\" data-gtm-event=\"click\" data-gtm-group=\"story\" data-gtm-target=\"14 missies voor Europa\" data-last-site-id=\"1\">\n\t<div class=\"btn__top-wrapper\">\n\t\t\n\t\t<span class=\"btn__title\">\n\t\t\tLees meer\t\t<\/span>\n\n\t\t\t<\/div>\n\n\t<span class=\"btn__description\">\n\t\t\t<\/span>\n\n\t<span class=\"btn__spinner btn__spinner--black btn__spinner--default\" aria-hidden=\"true\"><\/span>\n<\/a>\t\t\t<\/div>\n\t\t\n\t<\/div>\n<\/article>\t\t\t<\/div>\n\n\n\t\t\t<div class=\"block-featured-stories__footer\">\n\t\t\t\t<div class=\"block-featured-stories__footer-wrapper\">\n\t\t\t\t\t<div class=\"block-featured-stories__navigation\">\n\t\t\t\t\t\t<div class=\"swiper-navigation\">\n\t\t\t\t\t\t\t<button class=\"block-featured-stories__nav-button block-featured-stories__nav-button--prev js-swiper-prev\" aria-label=\"Previous slide\"><\/button>\n\t\t\t\t\t\t\t<button class=\"block-featured-stories__nav-button block-featured-stories__nav-button--next js-swiper-next\" aria-label=\"Next slide\"><\/button>\n\t\t\t\t\t\t<\/div>\n\t\t\t\t\t<\/div>\n\n\t\t\t\t\t<div class=\"block-featured-stories__slides-overview\">\n\t\t\t\t\t\t\t\t\t\t\t\t\t<div class=\"block-featured-stories__slides-overview-item\">\n\t\t\t\t\t\t\t\t<div role=\"button\" tabindex=\"0\" class=\"featured-story-pagination js-featured-story-pagination\" swiper-slide-index=\"0\">\n  <div class=\"featured-story-pagination__line\"><\/div>\n  <div class=\"featured-story-pagination__category\">\n\t<p class=\"paragraph   paragraph__size--small paragraph__weight--bold\">\n\t\tActief worden\t<\/p>  <\/div>\n  <div class=\"featured-story-pagination__title\">\n\t<h3 class=\"heading   heading__size--medium heading__font--sans heading__weight--bold\" id=\"nav-doe-en-denk-mee-met-europa4264\" data-nav-heading-mobile=\"Doe en denk mee met Europa\">\n\tDoe en denk mee met Europa<\/h3>  <\/div>\n<\/div>\t\t\t\t\t\t\t<\/div>\n\t\t\t\t\t\t\t\t\t\t\t\t\t<div class=\"block-featured-stories__slides-overview-item\">\n\t\t\t\t\t\t\t\t<div role=\"button\" tabindex=\"0\" class=\"featured-story-pagination js-featured-story-pagination\" swiper-slide-index=\"1\">\n  <div class=\"featured-story-pagination__line\"><\/div>\n  <div class=\"featured-story-pagination__category\">\n\t<p class=\"paragraph   paragraph__size--small paragraph__weight--bold\">\n\t\tJongeren\t<\/p>  <\/div>\n  <div class=\"featured-story-pagination__title\">\n\t<h3 class=\"heading   heading__size--medium heading__font--sans heading__weight--bold\" id=\"nav-jong-en-pro-europees7071\" data-nav-heading-mobile=\"Jong en pro-Europees\">\n\tJong en pro-Europees<\/h3>  <\/div>\n<\/div>\t\t\t\t\t\t\t<\/div>\n\t\t\t\t\t\t\t\t\t\t\t\t\t<div class=\"block-featured-stories__slides-overview-item\">\n\t\t\t\t\t\t\t\t<div role=\"button\" tabindex=\"0\" class=\"featured-story-pagination js-featured-story-pagination\" swiper-slide-index=\"2\">\n  <div class=\"featured-story-pagination__line\"><\/div>\n  <div class=\"featured-story-pagination__category\">\n\t<p class=\"paragraph   paragraph__size--small paragraph__weight--bold\">\n\t\tBezoeken\t<\/p>  <\/div>\n  <div class=\"featured-story-pagination__title\">\n\t<h3 class=\"heading   heading__size--medium heading__font--sans heading__weight--bold\" id=\"nav-kom-naar-het-europees-parlement7914\" data-nav-heading-mobile=\"Kom naar het Europees Parlement\">\n\tKom naar het Europees Parlement<\/h3>  <\/div>\n<\/div>\t\t\t\t\t\t\t<\/div>\n\t\t\t\t\t\t\t\t\t\t\t\t\t<div class=\"block-featured-stories__slides-overview-item\">\n\t\t\t\t\t\t\t\t<div role=\"button\" tabindex=\"0\" class=\"featured-story-pagination js-featured-story-pagination\" swiper-slide-index=\"3\">\n  <div class=\"featured-story-pagination__line\"><\/div>\n  <div class=\"featured-story-pagination__category\">\n\t<p class=\"paragraph   paragraph__size--small paragraph__weight--bold\">\n\t\tBoek\t<\/p>  <\/div>\n  <div class=\"featured-story-pagination__title\">\n\t<h3 class=\"heading   heading__size--medium heading__font--sans heading__weight--bold\" id=\"nav-14-missies-voor-europa8641\" data-nav-heading-mobile=\"14 missies voor Europa\">\n\t14 missies voor Europa<\/h3>  <\/div>\n<\/div>\t\t\t\t\t\t\t<\/div>\n\t\t\t\t\t\t\t\t\t\t\t<\/div>\n\t\t\t\t<\/div>\n\t\t\t<\/div>\n\t\t<\/div>\n\t<\/div>\n<\/section>\n\t  <\/div>\n\t<\/div>\n  <\/div>\n\n\n<div\n  id=\"\"\n  class=\"wrapper wrapper__spacing-top-large--50 wrapper__spacing-top-desktop--50 wrapper__spacing-top-mobile--50 wrapper__spacing-bottom-large--50 wrapper__spacing-bottom-desktop--50 wrapper__spacing-bottom-tablet--190 wrapper__spacing-bottom-mobile--50  wrapper__gutter--none\"\n  >\n  \t<div class=\"wrapper__container wrapper__container-width-large--default\">\n\t  <div class=\"wrapper__inner wrapper__width-large--24 wrapper__width-mobile--24\">\n\t\t\n<section class=\"block-stories-wall-slider-dynamic block-stories-wall-slider-dynamic__posttype--post js-block-stories-wall-slider-dynamic\">\n\t<div class=\"block-stories-wall-slider-dynamic__header-wrapper block-stories-wall-slider-dynamic__header-wrapper--default\">\n\t\t<div class=\"block-stories-wall-slider-dynamic__title\">\n\t\t\t<h2 class=\"heading heading__align--left heading__color--black heading__size--huge  heading__weight--bold\" id=\"nav-laatste-nieuws1242\" data-nav-heading-mobile=\"Laatste nieuws\">\n\tLaatste nieuws<\/h2>\t\t<\/div>\n\t\t\t\t\t<div class=\"block-stories-wall-slider-dynamic__arrow-link\">\n\t\t\t\t<a href=\"https:\/\/d66.nl\/europa\/nieuws\/\" class=\"arrow-link arrow-link__size--default arrow-link__color--black\" id=\"\" title=\"Bekijk alle berichten\">\n\t<span class=\"arrow-link__arrow\"><\/span>\n\t<span class=\"arrow-link__title\">Bekijk alle berichten<\/span>\n<\/a>\t\t\t<\/div>\n\t\t\t<\/div>\n\n\t<div class=\"block-stories-wall-slider-dynamic__slider\">\n\t\t<div class=\"carousel-slider js-carousel-slider carousel-slider__for--cards\" data-is-slider-initialized=\"0\">\n\t<div class=\"carousel-slider__wrapper js-carousel-wrapper\">\n\t\t<div class=\"swiper\">\n\t\t\t<div class=\"swiper-wrapper\">\n\t\t\t\t\t\t\t\t\t\t\t\t\t\t<div class=\"swiper-slide\">\n\t\t\t\t\t\t<article class=\"article-card article-card__color--rosePink\">\n\t\t<a class=\"article-card__link\" href=\"https:\/\/d66.nl\/europa\/nieuws\/europese-commissie-komt-met-nieuwe-vuurwerkwet-knaller-van-een-besluit\/\" aria-label=\"Link naar artikel\">\n\t\t<header class=\"article-card__header\">\n\n\t\t\t\t\t\t<div class=\"article-card__meta-row-wrapper\">\n\t\t\t\t<div class=\"article-card__date\">\n\t\t\t\t\t\t<p class=\"paragraph   paragraph__size--medium paragraph__weight--semiBold\">\n\t\t29.04.2026\t<\/p>\t\t\t\t<\/div>\n\t\t\t<\/div>\n\t\t\t\t\t\t\t\t\t\t<div class=\"article-card__featured-image-wrapper\">\n\t\t\t\t\t<img loading=\"lazy\" decoding=\"async\" width=\"683\" height=\"1024\" src=\"https:\/\/media.d66.nl\/uploads\/sites\/434\/2026\/04\/20260414_EP-203360A_LBI_0163.jpg\" class=\"image article-card__img\" alt=\"\" \/>\t\t\t\t<\/div>\n\t\t\t\t\t\t\t\t<\/header>\n\n\t\t<div class=\"article-card__body\">\n\t\t\t\t\t\t\t<h3 class=\"heading   heading__size--large heading__font--sans heading__weight--bold\" id=\"nav-europese-commissie-komt-met-nieuwe-vuurwerkwet-----knaller-van-een-besluit---7016\">\n\tEuropese Commissie komt met nieuwe vuurwerkwet: \u201cKnaller van een besluit\u201d<\/h3>\t\t\t\t\t\t\n\t\t\t<button class=\"buttonV2 buttonV2__color--transparent buttonV2__size--default buttonV2__size-width--default   article-card__buttonV2\" id=\"\">\n\t<div class=\"buttonV2__top-wrapper buttonV2__arrow-align--right\">\n\t\t\t\t\t<span class=\"buttonV2__title\">\n\t\t\t\tLees verder\t\t\t<\/span>\n\t\t\n\t\t\t\t\t<div class=\"buttonV2__icon\">\n\t\t\t\t<svg xmlns='http:\/\/www.w3.org\/2000\/svg' viewBox='0 0 58.14 50.62'><path d='m32.82 50.62 25.32-25.31L32.82 0l-4.35 4.35 17.92 17.86H0v6.21h46.39L28.47 46.33l4.35 4.29z' fill='currentColor' \/><\/svg>\t\t\t<\/div>\n\t\t\t<\/div>\n\n\t<\/button>\t\t<\/div>\n\t<\/a>\n<\/article>\t\t\t\t\t<\/div>\n\t\t\t\t\t\t\t\t\t\t\t\t\t\t<div class=\"swiper-slide\">\n\t\t\t\t\t\t<article class=\"article-card article-card__color--yellow\">\n\t\t<a class=\"article-card__link\" href=\"https:\/\/d66.nl\/europa\/nieuws\/hongaarse-anti-homowet-van-tafel\/\" aria-label=\"Link naar artikel\">\n\t\t<header class=\"article-card__header\">\n\n\t\t\t\t\t\t<div class=\"article-card__meta-row-wrapper\">\n\t\t\t\t<div class=\"article-card__date\">\n\t\t\t\t\t\t<p class=\"paragraph   paragraph__size--medium paragraph__weight--semiBold\">\n\t\t21.04.2026\t<\/p>\t\t\t\t<\/div>\n\t\t\t<\/div>\n\t\t\t\t\t\t\t\t\t\t<div class=\"article-card__featured-image-wrapper\">\n\t\t\t\t\t<img loading=\"lazy\" decoding=\"async\" width=\"1024\" height=\"577\" src=\"https:\/\/media.d66.nl\/uploads\/sites\/434\/2026\/04\/Pride-Flaggen-01-scaled-1.jpg\" class=\"image article-card__img\" alt=\"\" \/>\t\t\t\t<\/div>\n\t\t\t\t\t\t\t\t<\/header>\n\n\t\t<div class=\"article-card__body\">\n\t\t\t\t\t\t\t<h3 class=\"heading   heading__size--large heading__font--sans heading__weight--bold\" id=\"nav-europees-hof-vernietigt-----anti-homopropagandawet----hongarije8436\">\n\tEuropees Hof vernietigt\u00a0\u2018anti-homopropagandawet\u2019 Hongarije<\/h3>\t\t\t\t\t\t\n\t\t\t<button class=\"buttonV2 buttonV2__color--transparent buttonV2__size--default buttonV2__size-width--default   article-card__buttonV2\" id=\"\">\n\t<div class=\"buttonV2__top-wrapper buttonV2__arrow-align--right\">\n\t\t\t\t\t<span class=\"buttonV2__title\">\n\t\t\t\tLees verder\t\t\t<\/span>\n\t\t\n\t\t\t\t\t<div class=\"buttonV2__icon\">\n\t\t\t\t<svg xmlns='http:\/\/www.w3.org\/2000\/svg' viewBox='0 0 58.14 50.62'><path d='m32.82 50.62 25.32-25.31L32.82 0l-4.35 4.35 17.92 17.86H0v6.21h46.39L28.47 46.33l4.35 4.29z' fill='currentColor' \/><\/svg>\t\t\t<\/div>\n\t\t\t<\/div>\n\n\t<\/button>\t\t<\/div>\n\t<\/a>\n<\/article>\t\t\t\t\t<\/div>\n\t\t\t\t\t\t\t\t\t\t\t\t\t\t<div class=\"swiper-slide\">\n\t\t\t\t\t\t<article class=\"article-card article-card__color--romanSilver\">\n\t\t<a class=\"article-card__link\" href=\"https:\/\/d66.nl\/europa\/nieuws\/nieuwe-europese-anticorruptiewet\/\" aria-label=\"Link naar artikel\">\n\t\t<header class=\"article-card__header\">\n\n\t\t\t\t\t\t<div class=\"article-card__meta-row-wrapper\">\n\t\t\t\t<div class=\"article-card__date\">\n\t\t\t\t\t\t<p class=\"paragraph   paragraph__size--medium paragraph__weight--semiBold\">\n\t\t26.03.2026\t<\/p>\t\t\t\t<\/div>\n\t\t\t<\/div>\n\t\t\t\t\t\t\t\t\t\t<div class=\"article-card__featured-image-wrapper\">\n\t\t\t\t\t<img loading=\"lazy\" decoding=\"async\" width=\"683\" height=\"1024\" src=\"https:\/\/media.d66.nl\/uploads\/sites\/434\/2026\/04\/20260326_EP-202264A_LD1_0600.jpg\" class=\"image article-card__img\" alt=\"\" \/>\t\t\t\t<\/div>\n\t\t\t\t\t\t\t\t<\/header>\n\n\t\t<div class=\"article-card__body\">\n\t\t\t\t\t\t\t<h3 class=\"heading   heading__size--large heading__font--sans heading__weight--bold\" id=\"nav-nieuwe--europese--anti-corruptiewet-aangenomen9708\">\n\tNieuwe\u00a0Europese\u00a0anti-corruptiewet aangenomen<\/h3>\t\t\t\t\t\t\n\t\t\t<button class=\"buttonV2 buttonV2__color--transparent buttonV2__size--default buttonV2__size-width--default   article-card__buttonV2\" id=\"\">\n\t<div class=\"buttonV2__top-wrapper buttonV2__arrow-align--right\">\n\t\t\t\t\t<span class=\"buttonV2__title\">\n\t\t\t\tLees verder\t\t\t<\/span>\n\t\t\n\t\t\t\t\t<div class=\"buttonV2__icon\">\n\t\t\t\t<svg xmlns='http:\/\/www.w3.org\/2000\/svg' viewBox='0 0 58.14 50.62'><path d='m32.82 50.62 25.32-25.31L32.82 0l-4.35 4.35 17.92 17.86H0v6.21h46.39L28.47 46.33l4.35 4.29z' fill='currentColor' \/><\/svg>\t\t\t<\/div>\n\t\t\t<\/div>\n\n\t<\/button>\t\t<\/div>\n\t<\/a>\n<\/article>\t\t\t\t\t<\/div>\n\t\t\t\t\t\t\t\t\t\t\t\t\t\t<div class=\"swiper-slide\">\n\t\t\t\t\t\t<article class=\"article-card article-card__color--olive  article-card__variation--full-height-img\" style=\"background-image: url('https:\/\/media.d66.nl\/uploads\/sites\/434\/2026\/03\/20260310_EP-200461D_AR2_FMA_132-683x1024.jpg')\" data-gtm-event=\"click\" data-gtm-group=\"updates\" data-gtm-target=\"Stemverklaring D66 over opsporing online kindermisbruik\">\n\t\t\t<div class=\"background-overlay\"><\/div>\n\t\t<a class=\"article-card__link\" href=\"https:\/\/d66.nl\/europa\/nieuws\/tijdelijke-wet-opsporing-kindermisbruik\/\" aria-label=\"Link naar artikel\">\n\t\t<header class=\"article-card__header\">\n\n\t\t\t\t\t\t<div class=\"article-card__meta-row-wrapper\">\n\t\t\t\t<div class=\"article-card__date\">\n\t\t\t\t\t\t<p class=\"paragraph   paragraph__size--medium paragraph__weight--semiBold\">\n\t\t11.03.2026\t<\/p>\t\t\t\t<\/div>\n\t\t\t<\/div>\n\t\t\t\t\t\t\t\t\t\t\t<\/header>\n\n\t\t<div class=\"article-card__body\">\n\t\t\t\t\t\t\t<h3 class=\"heading   heading__size--large heading__font--sans heading__weight--bold\" id=\"nav-stemverklaring-d66-over-opsporing-online-kindermisbruik9265\">\n\tStemverklaring D66 over opsporing online kindermisbruik<\/h3>\t\t\t\t\t\t\t\t\t\t<div class=\"article-card__excerpt\">\n\t\t\t\t\t<p class=\"paragraph   paragraph__size--default paragraph__weight--medium\">\n\t\tVandaag stemde het Europees Parlement over een tijdelijke verlenging van de wet die de opsporing van online kindermisbruik mogelijk maakt. D66 stemde daar voor, om kinderen te beschermen zonder onze&hellip;\t<\/p>\t\t\t\t<\/div>\n\t\t\t\n\t\t\t<button class=\"buttonV2 buttonV2__color--transparent buttonV2__size--default buttonV2__size-width--default   article-card__buttonV2\" id=\"\">\n\t<div class=\"buttonV2__top-wrapper buttonV2__arrow-align--right\">\n\t\t\t\t\t<span class=\"buttonV2__title\">\n\t\t\t\tLees verder\t\t\t<\/span>\n\t\t\n\t\t\t\t\t<div class=\"buttonV2__icon\">\n\t\t\t\t<svg xmlns='http:\/\/www.w3.org\/2000\/svg' viewBox='0 0 58.14 50.62'><path d='m32.82 50.62 25.32-25.31L32.82 0l-4.35 4.35 17.92 17.86H0v6.21h46.39L28.47 46.33l4.35 4.29z' fill='currentColor' \/><\/svg>\t\t\t<\/div>\n\t\t\t<\/div>\n\n\t<\/button>\t\t<\/div>\n\t<\/a>\n<\/article>\t\t\t\t\t<\/div>\n\t\t\t\t\t\t\t\t\t\t\t\t\t\t<div class=\"swiper-slide\">\n\t\t\t\t\t\t<article class=\"article-card article-card__color--tomato  article-card__variation--full-height-img\" style=\"background-image: url('https:\/\/media.d66.nl\/uploads\/sites\/434\/2026\/02\/muur-gesneuvelden-kyiv-1024x576.jpg')\" data-gtm-event=\"click\" data-gtm-group=\"updates\" data-gtm-target=\"Europese wintersteun voor Oekra\u00efne\">\n\t\t\t<div class=\"background-overlay\"><\/div>\n\t\t<a class=\"article-card__link\" href=\"https:\/\/d66.nl\/europa\/nieuws\/oekraine-lening-wintersteun\/\" aria-label=\"Link naar artikel\">\n\t\t<header class=\"article-card__header\">\n\n\t\t\t\t\t\t<div class=\"article-card__meta-row-wrapper\">\n\t\t\t\t<div class=\"article-card__date\">\n\t\t\t\t\t\t<p class=\"paragraph   paragraph__size--medium paragraph__weight--semiBold\">\n\t\t11.02.2026\t<\/p>\t\t\t\t<\/div>\n\t\t\t<\/div>\n\t\t\t\t\t\t\t\t\t\t\t<\/header>\n\n\t\t<div class=\"article-card__body\">\n\t\t\t\t\t\t\t<h3 class=\"heading   heading__size--large heading__font--sans heading__weight--bold\" id=\"nav-europese-wintersteun-voor-oekra--ne4596\">\n\tEuropese wintersteun voor Oekra\u00efne<\/h3>\t\t\t\t\t\t\t\t\t\t<div class=\"article-card__excerpt\">\n\t\t\t\t\t<p class=\"paragraph   paragraph__size--default paragraph__weight--medium\">\n\t\tEuropa leent 90 miljard euro aan Oekra\u00efne om zo het land de winter door te helpen. Een noodzakelijke lening voor de veiligheid op het Europese continent.\t<\/p>\t\t\t\t<\/div>\n\t\t\t\n\t\t\t<button class=\"buttonV2 buttonV2__color--transparent buttonV2__size--default buttonV2__size-width--default   article-card__buttonV2\" id=\"\">\n\t<div class=\"buttonV2__top-wrapper buttonV2__arrow-align--right\">\n\t\t\t\t\t<span class=\"buttonV2__title\">\n\t\t\t\tLees verder\t\t\t<\/span>\n\t\t\n\t\t\t\t\t<div class=\"buttonV2__icon\">\n\t\t\t\t<svg xmlns='http:\/\/www.w3.org\/2000\/svg' viewBox='0 0 58.14 50.62'><path d='m32.82 50.62 25.32-25.31L32.82 0l-4.35 4.35 17.92 17.86H0v6.21h46.39L28.47 46.33l4.35 4.29z' fill='currentColor' \/><\/svg>\t\t\t<\/div>\n\t\t\t<\/div>\n\n\t<\/button>\t\t<\/div>\n\t<\/a>\n<\/article>\t\t\t\t\t<\/div>\n\t\t\t\t\t\t\t\t\t\t\t\t\t\t<div class=\"swiper-slide\">\n\t\t\t\t\t\t<article class=\"article-card article-card__color--olive  article-card__variation--full-height-img\" style=\"background-image: url('https:\/\/media.d66.nl\/uploads\/sites\/434\/2026\/02\/Bos-in-Europa-1024x684.jpg')\" data-gtm-event=\"click\" data-gtm-group=\"updates\" data-gtm-target=\"2040, here we come!\">\n\t\t\t<div class=\"background-overlay\"><\/div>\n\t\t<a class=\"article-card__link\" href=\"https:\/\/d66.nl\/europa\/nieuws\/klimaatdoel-2040-aangenomen\/\" aria-label=\"Link naar artikel\">\n\t\t<header class=\"article-card__header\">\n\n\t\t\t\t\t\t<div class=\"article-card__meta-row-wrapper\">\n\t\t\t\t<div class=\"article-card__date\">\n\t\t\t\t\t\t<p class=\"paragraph   paragraph__size--medium paragraph__weight--semiBold\">\n\t\t10.02.2026\t<\/p>\t\t\t\t<\/div>\n\t\t\t<\/div>\n\t\t\t\t\t\t\t\t\t\t\t<\/header>\n\n\t\t<div class=\"article-card__body\">\n\t\t\t\t\t\t\t<h3 class=\"heading   heading__size--large heading__font--sans heading__weight--bold\" id=\"nav-2040--here-we-come-8434\">\n\t2040, here we come!<\/h3>\t\t\t\t\t\t\t\t\t\t<div class=\"article-card__excerpt\">\n\t\t\t\t\t<p class=\"paragraph   paragraph__size--default paragraph__weight--medium\">\n\t\tMede dankzij D66 heeft het Europees Parlement vandaag de klimaatambitie van Europa versterkt, door in te stemmen met 90% minder CO2 in 2040.\t<\/p>\t\t\t\t<\/div>\n\t\t\t\n\t\t\t<button class=\"buttonV2 buttonV2__color--transparent buttonV2__size--default buttonV2__size-width--default   article-card__buttonV2\" id=\"\">\n\t<div class=\"buttonV2__top-wrapper buttonV2__arrow-align--right\">\n\t\t\t\t\t<span class=\"buttonV2__title\">\n\t\t\t\tLees verder\t\t\t<\/span>\n\t\t\n\t\t\t\t\t<div class=\"buttonV2__icon\">\n\t\t\t\t<svg xmlns='http:\/\/www.w3.org\/2000\/svg' viewBox='0 0 58.14 50.62'><path d='m32.82 50.62 25.32-25.31L32.82 0l-4.35 4.35 17.92 17.86H0v6.21h46.39L28.47 46.33l4.35 4.29z' fill='currentColor' \/><\/svg>\t\t\t<\/div>\n\t\t\t<\/div>\n\n\t<\/button>\t\t<\/div>\n\t<\/a>\n<\/article>\t\t\t\t\t<\/div>\n\t\t\t\t\t\t\t\t\t\t\t\t\t\t<div class=\"swiper-slide\">\n\t\t\t\t\t\t<article class=\"article-card article-card__color--yellow  article-card__variation--full-height-img\" style=\"background-image: url('https:\/\/media.d66.nl\/uploads\/sites\/434\/2026\/01\/MR6_2210-1024x683.jpg')\" data-gtm-event=\"click\" data-gtm-group=\"updates\" data-gtm-target=\"Muur doorbroken in Brussel: mbo-studenten beginnen Europese adviesraad\">\n\t\t\t<div class=\"background-overlay\"><\/div>\n\t\t<a class=\"article-card__link\" href=\"https:\/\/d66.nl\/europa\/nieuws\/mbo-adviesraad\/\" aria-label=\"Link naar artikel\">\n\t\t<header class=\"article-card__header\">\n\n\t\t\t\t\t\t<div class=\"article-card__meta-row-wrapper\">\n\t\t\t\t<div class=\"article-card__date\">\n\t\t\t\t\t\t<p class=\"paragraph   paragraph__size--medium paragraph__weight--semiBold\">\n\t\t30.01.2026\t<\/p>\t\t\t\t<\/div>\n\t\t\t<\/div>\n\t\t\t\t\t\t\t\t\t\t\t<\/header>\n\n\t\t<div class=\"article-card__body\">\n\t\t\t\t\t\t\t<h3 class=\"heading   heading__size--large heading__font--sans heading__weight--bold\" id=\"nav-muur-doorbroken-in-brussel--mbo-studenten-beginnen-europese-adviesraad6293\">\n\tMuur doorbroken in Brussel: mbo-studenten beginnen Europese adviesraad<\/h3>\t\t\t\t\t\t\t\t\t\t<div class=\"article-card__excerpt\">\n\t\t\t\t\t<p class=\"paragraph   paragraph__size--default paragraph__weight--medium\">\n\t\t28 mbo-studenten van dertien mbo-scholen verspreid over heel Nederland startten vandaag een adviesraad aan de Europese politiek.\t<\/p>\t\t\t\t<\/div>\n\t\t\t\n\t\t\t<button class=\"buttonV2 buttonV2__color--transparent buttonV2__size--default buttonV2__size-width--default   article-card__buttonV2\" id=\"\">\n\t<div class=\"buttonV2__top-wrapper buttonV2__arrow-align--right\">\n\t\t\t\t\t<span class=\"buttonV2__title\">\n\t\t\t\tLees verder\t\t\t<\/span>\n\t\t\n\t\t\t\t\t<div class=\"buttonV2__icon\">\n\t\t\t\t<svg xmlns='http:\/\/www.w3.org\/2000\/svg' viewBox='0 0 58.14 50.62'><path d='m32.82 50.62 25.32-25.31L32.82 0l-4.35 4.35 17.92 17.86H0v6.21h46.39L28.47 46.33l4.35 4.29z' fill='currentColor' \/><\/svg>\t\t\t<\/div>\n\t\t\t<\/div>\n\n\t<\/button>\t\t<\/div>\n\t<\/a>\n<\/article>\t\t\t\t\t<\/div>\n\t\t\t\t\t\t\t\t\t\t\t\t\t\t<div class=\"swiper-slide\">\n\t\t\t\t\t\t<article class=\"article-card article-card__color--rosePink  article-card__variation--full-height-img\" style=\"background-image: url('https:\/\/d66.nl\/europa\/wp-content\/uploads\/sites\/434\/2025\/12\/signal-2025-12-02-184355_003-1024x458.jpeg')\" data-gtm-event=\"click\" data-gtm-group=\"updates\" data-gtm-target=\"Europese doorbraak tegen corruptie:\u00a0voorlopig\u00a0akkoord op tafel\">\n\t\t\t<div class=\"background-overlay\"><\/div>\n\t\t<a class=\"article-card__link\" href=\"https:\/\/d66.nl\/europa\/nieuws\/europese-doorbraak-tegen-corruptie-voorlopig-akkoord-op-tafel\/\" aria-label=\"Link naar artikel\">\n\t\t<header class=\"article-card__header\">\n\n\t\t\t\t\t\t<div class=\"article-card__meta-row-wrapper\">\n\t\t\t\t<div class=\"article-card__date\">\n\t\t\t\t\t\t<p class=\"paragraph   paragraph__size--medium paragraph__weight--semiBold\">\n\t\t02.12.2025\t<\/p>\t\t\t\t<\/div>\n\t\t\t<\/div>\n\t\t\t\t\t\t\t\t\t\t\t<\/header>\n\n\t\t<div class=\"article-card__body\">\n\t\t\t\t\t\t\t<h3 class=\"heading   heading__size--large heading__font--sans heading__weight--bold\" id=\"nav-europese-doorbraak-tegen-corruptie---voorlopig--akkoord-op-tafel6287\">\n\tEuropese doorbraak tegen corruptie:\u00a0voorlopig\u00a0akkoord op tafel<\/h3>\t\t\t\t\t\t\t\t\t\t<div class=\"article-card__excerpt\">\n\t\t\t\t\t<p class=\"paragraph   paragraph__size--default paragraph__weight--medium\">\n\t\tHet Europees Parlement heeft samen met de lidstaten van de Europese Unie een\u00a0voorlopig\u00a0akkoord bereikt over een nieuwe Europese anti-corruptiewet.\t<\/p>\t\t\t\t<\/div>\n\t\t\t\n\t\t\t<button class=\"buttonV2 buttonV2__color--transparent buttonV2__size--default buttonV2__size-width--default   article-card__buttonV2\" id=\"\">\n\t<div class=\"buttonV2__top-wrapper buttonV2__arrow-align--right\">\n\t\t\t\t\t<span class=\"buttonV2__title\">\n\t\t\t\tLees verder\t\t\t<\/span>\n\t\t\n\t\t\t\t\t<div class=\"buttonV2__icon\">\n\t\t\t\t<svg xmlns='http:\/\/www.w3.org\/2000\/svg' viewBox='0 0 58.14 50.62'><path d='m32.82 50.62 25.32-25.31L32.82 0l-4.35 4.35 17.92 17.86H0v6.21h46.39L28.47 46.33l4.35 4.29z' fill='currentColor' \/><\/svg>\t\t\t<\/div>\n\t\t\t<\/div>\n\n\t<\/button>\t\t<\/div>\n\t<\/a>\n<\/article>\t\t\t\t\t<\/div>\n\t\t\t\t\t\t\t\t\t\t\t\t\t\t<div class=\"swiper-slide\">\n\t\t\t\t\t\t<article class=\"article-card article-card__color--skyBlue  article-card__variation--full-height-img\" style=\"background-image: url('https:\/\/d66.nl\/europa\/wp-content\/uploads\/sites\/434\/2025\/11\/WhatsApp-Image-2025-11-05-at-11.11.52-682x1024.jpeg')\" data-gtm-event=\"click\" data-gtm-group=\"updates\" data-gtm-target=\"Vrouwencommissie Europees Parlement: burgerinitiatief abortus mag door\">\n\t\t\t<div class=\"background-overlay\"><\/div>\n\t\t<a class=\"article-card__link\" href=\"https:\/\/d66.nl\/europa\/nieuws\/vrouwenrechtencommissie-stemt-voor-burgerinitiatief-abortus\/\" aria-label=\"Link naar artikel\">\n\t\t<header class=\"article-card__header\">\n\n\t\t\t\t\t\t<div class=\"article-card__meta-row-wrapper\">\n\t\t\t\t<div class=\"article-card__date\">\n\t\t\t\t\t\t<p class=\"paragraph   paragraph__size--medium paragraph__weight--semiBold\">\n\t\t05.11.2025\t<\/p>\t\t\t\t<\/div>\n\t\t\t<\/div>\n\t\t\t\t\t\t\t\t\t\t\t<\/header>\n\n\t\t<div class=\"article-card__body\">\n\t\t\t\t\t\t\t<h3 class=\"heading   heading__size--large heading__font--sans heading__weight--bold\" id=\"nav-vrouwencommissie-europees-parlement--burgerinitiatief-abortus-mag-door3456\">\n\tVrouwencommissie Europees Parlement: burgerinitiatief abortus mag door<\/h3>\t\t\t\t\t\t\n\t\t\t<button class=\"buttonV2 buttonV2__color--transparent buttonV2__size--default buttonV2__size-width--default   article-card__buttonV2\" id=\"\">\n\t<div class=\"buttonV2__top-wrapper buttonV2__arrow-align--right\">\n\t\t\t\t\t<span class=\"buttonV2__title\">\n\t\t\t\tLees verder\t\t\t<\/span>\n\t\t\n\t\t\t\t\t<div class=\"buttonV2__icon\">\n\t\t\t\t<svg xmlns='http:\/\/www.w3.org\/2000\/svg' viewBox='0 0 58.14 50.62'><path d='m32.82 50.62 25.32-25.31L32.82 0l-4.35 4.35 17.92 17.86H0v6.21h46.39L28.47 46.33l4.35 4.29z' fill='currentColor' \/><\/svg>\t\t\t<\/div>\n\t\t\t<\/div>\n\n\t<\/button>\t\t<\/div>\n\t<\/a>\n<\/article>\t\t\t\t\t<\/div>\n\t\t\t\t\t\t\t\t\t\t\t\t\t\t<div class=\"swiper-slide\">\n\t\t\t\t\t\t<article class=\"article-card article-card__color--yellow  article-card__variation--full-height-img\" style=\"background-image: url('https:\/\/d66.nl\/europa\/wp-content\/uploads\/sites\/434\/2025\/11\/European_Commission-1024x682.jpg')\" data-gtm-event=\"click\" data-gtm-group=\"updates\" data-gtm-target=\"Europese Commissie stuurt aan op wijziging vuurwerkwetgeving in &#8216;snoeihard&#8217; rapport\">\n\t\t\t<div class=\"background-overlay\"><\/div>\n\t\t<a class=\"article-card__link\" href=\"https:\/\/d66.nl\/europa\/nieuws\/europese-commissie-stuurt-aan-op-wijziging-vuurwerkwetgeving-in-snoeihard-rapport\/\" aria-label=\"Link naar artikel\">\n\t\t<header class=\"article-card__header\">\n\n\t\t\t\t\t\t<div class=\"article-card__meta-row-wrapper\">\n\t\t\t\t<div class=\"article-card__date\">\n\t\t\t\t\t\t<p class=\"paragraph   paragraph__size--medium paragraph__weight--semiBold\">\n\t\t05.11.2025\t<\/p>\t\t\t\t<\/div>\n\t\t\t<\/div>\n\t\t\t\t\t\t\t\t\t\t\t<\/header>\n\n\t\t<div class=\"article-card__body\">\n\t\t\t\t\t\t\t<h3 class=\"heading   heading__size--large heading__font--sans heading__weight--bold\" id=\"nav-europese-commissie-stuurt-aan-op-wijziging-vuurwerkwetgeving-in---8216-snoeihard--8217--rapport1105\">\n\tEuropese Commissie stuurt aan op wijziging vuurwerkwetgeving in &#8216;snoeihard&#8217; rapport<\/h3>\t\t\t\t\t\t\t\t\t\t<div class=\"article-card__excerpt\">\n\t\t\t\t\t<p class=\"paragraph   paragraph__size--default paragraph__weight--medium\">\n\t\tDe Europese Commissie heeft vandaag een kritisch rapport gepubliceerd over de Europese vuurwerkwet. D66-Europarlementari\u00ebr Raquel Garcia Hermida-van der-Walle grijpt het rapport aan om op te roepen tot snelle actie: \u201cHet&hellip;\t<\/p>\t\t\t\t<\/div>\n\t\t\t\n\t\t\t<button class=\"buttonV2 buttonV2__color--transparent buttonV2__size--default buttonV2__size-width--default   article-card__buttonV2\" id=\"\">\n\t<div class=\"buttonV2__top-wrapper buttonV2__arrow-align--right\">\n\t\t\t\t\t<span class=\"buttonV2__title\">\n\t\t\t\tLees verder\t\t\t<\/span>\n\t\t\n\t\t\t\t\t<div class=\"buttonV2__icon\">\n\t\t\t\t<svg xmlns='http:\/\/www.w3.org\/2000\/svg' viewBox='0 0 58.14 50.62'><path d='m32.82 50.62 25.32-25.31L32.82 0l-4.35 4.35 17.92 17.86H0v6.21h46.39L28.47 46.33l4.35 4.29z' fill='currentColor' \/><\/svg>\t\t\t<\/div>\n\t\t\t<\/div>\n\n\t<\/button>\t\t<\/div>\n\t<\/a>\n<\/article>\t\t\t\t\t<\/div>\n\t\t\t\t\t\t\t\t\t\t\t\t\t\t<div class=\"swiper-slide\">\n\t\t\t\t\t\t<article class=\"article-card article-card__color--skyBlue\">\n\t\t<a class=\"article-card__link\" href=\"https:\/\/d66.nl\/europa\/nieuws\/europese-landen-willen-klimaatdoel-afzwakken\/\" aria-label=\"Link naar artikel\">\n\t\t<header class=\"article-card__header\">\n\n\t\t\t\t\t\t<div class=\"article-card__meta-row-wrapper\">\n\t\t\t\t<div class=\"article-card__date\">\n\t\t\t\t\t\t<p class=\"paragraph   paragraph__size--medium paragraph__weight--semiBold\">\n\t\t05.11.2025\t<\/p>\t\t\t\t<\/div>\n\t\t\t<\/div>\n\t\t\t\t\t\t\t\t\t\t<div class=\"article-card__featured-image-wrapper\">\n\t\t\t\t\t<img loading=\"lazy\" decoding=\"async\" width=\"1024\" height=\"683\" src=\"https:\/\/d66.nl\/europa\/wp-content\/uploads\/sites\/434\/2025\/11\/20251008_EP-191452G_CU__PST_005-1024x683.jpg\" class=\"image article-card__img\" alt=\"\" \/>\t\t\t\t<\/div>\n\t\t\t\t\t\t\t\t<\/header>\n\n\t\t<div class=\"article-card__body\">\n\t\t\t\t\t\t\t<h3 class=\"heading   heading__size--large heading__font--sans heading__weight--bold\" id=\"nav-europese-landen-willen-klimaatdoel-afzwakken6151\">\n\tEuropese landen willen klimaatdoel afzwakken<\/h3>\t\t\t\t\t\t\n\t\t\t<button class=\"buttonV2 buttonV2__color--transparent buttonV2__size--default buttonV2__size-width--default   article-card__buttonV2\" id=\"\">\n\t<div class=\"buttonV2__top-wrapper buttonV2__arrow-align--right\">\n\t\t\t\t\t<span class=\"buttonV2__title\">\n\t\t\t\tLees verder\t\t\t<\/span>\n\t\t\n\t\t\t\t\t<div class=\"buttonV2__icon\">\n\t\t\t\t<svg xmlns='http:\/\/www.w3.org\/2000\/svg' viewBox='0 0 58.14 50.62'><path d='m32.82 50.62 25.32-25.31L32.82 0l-4.35 4.35 17.92 17.86H0v6.21h46.39L28.47 46.33l4.35 4.29z' fill='currentColor' \/><\/svg>\t\t\t<\/div>\n\t\t\t<\/div>\n\n\t<\/button>\t\t<\/div>\n\t<\/a>\n<\/article>\t\t\t\t\t<\/div>\n\t\t\t\t\t\t\t\t\t\t\t\t\t\t<div class=\"swiper-slide\">\n\t\t\t\t\t\t<article class=\"article-card article-card__color--olive\">\n\t\t<a class=\"article-card__link\" href=\"https:\/\/d66.nl\/europa\/nieuws\/europese-commissie-slaat-alarm-vuurwerkwetgeving-faalt\/\" aria-label=\"Link naar artikel\">\n\t\t<header class=\"article-card__header\">\n\n\t\t\t\t\t\t<div class=\"article-card__meta-row-wrapper\">\n\t\t\t\t<div class=\"article-card__date\">\n\t\t\t\t\t\t<p class=\"paragraph   paragraph__size--medium paragraph__weight--semiBold\">\n\t\t09.10.2025\t<\/p>\t\t\t\t<\/div>\n\t\t\t<\/div>\n\t\t\t\t\t\t\t\t\t\t<div class=\"article-card__featured-image-wrapper\">\n\t\t\t\t\t<img loading=\"lazy\" decoding=\"async\" width=\"1024\" height=\"685\" src=\"https:\/\/d66.nl\/europa\/wp-content\/uploads\/sites\/434\/2025\/10\/cloud-sky-sunlight-dusk-fire-explosion-37948-pxhere.com_-1024x685.jpg\" class=\"image article-card__img\" alt=\"\" \/>\t\t\t\t<\/div>\n\t\t\t\t\t\t\t\t<\/header>\n\n\t\t<div class=\"article-card__body\">\n\t\t\t\t\t\t\t<h3 class=\"heading   heading__size--large heading__font--sans heading__weight--bold\" id=\"nav-europese-commissie-slaat-alarm--vuurwerkwetgeving-faalt4489\">\n\tEuropese Commissie slaat alarm: vuurwerkwetgeving faalt<\/h3>\t\t\t\t\t\t\n\t\t\t<button class=\"buttonV2 buttonV2__color--transparent buttonV2__size--default buttonV2__size-width--default   article-card__buttonV2\" id=\"\">\n\t<div class=\"buttonV2__top-wrapper buttonV2__arrow-align--right\">\n\t\t\t\t\t<span class=\"buttonV2__title\">\n\t\t\t\tLees verder\t\t\t<\/span>\n\t\t\n\t\t\t\t\t<div class=\"buttonV2__icon\">\n\t\t\t\t<svg xmlns='http:\/\/www.w3.org\/2000\/svg' viewBox='0 0 58.14 50.62'><path d='m32.82 50.62 25.32-25.31L32.82 0l-4.35 4.35 17.92 17.86H0v6.21h46.39L28.47 46.33l4.35 4.29z' fill='currentColor' \/><\/svg>\t\t\t<\/div>\n\t\t\t<\/div>\n\n\t<\/button>\t\t<\/div>\n\t<\/a>\n<\/article>\t\t\t\t\t<\/div>\n\t\t\t\t\t\t\t\t\t\t\t\t\t\t<div class=\"swiper-slide\">\n\t\t\t\t\t\t<article class=\"article-card article-card__color--rosePink\">\n\t\t<a class=\"article-card__link\" href=\"https:\/\/d66.nl\/europa\/nieuws\/europees-parlement-steun-afghanen-die-voor-europese-landen-werkten\/\" aria-label=\"Link naar artikel\">\n\t\t<header class=\"article-card__header\">\n\n\t\t\t\t\t\t<div class=\"article-card__meta-row-wrapper\">\n\t\t\t\t<div class=\"article-card__date\">\n\t\t\t\t\t\t<p class=\"paragraph   paragraph__size--medium paragraph__weight--semiBold\">\n\t\t09.10.2025\t<\/p>\t\t\t\t<\/div>\n\t\t\t<\/div>\n\t\t\t\t\t\t\t\t\t\t<div class=\"article-card__featured-image-wrapper\">\n\t\t\t\t\t<img loading=\"lazy\" decoding=\"async\" width=\"1024\" height=\"683\" src=\"https:\/\/d66.nl\/europa\/wp-content\/uploads\/sites\/434\/2025\/10\/afghan-women.jpg\" class=\"image article-card__img\" alt=\"\" \/>\t\t\t\t<\/div>\n\t\t\t\t\t\t\t\t<\/header>\n\n\t\t<div class=\"article-card__body\">\n\t\t\t\t\t\t\t<h3 class=\"heading   heading__size--large heading__font--sans heading__weight--bold\" id=\"nav-europees-parlement-----steun-afghanen-die-voor-europese-landen-werkten---6046\">\n\tEuropees Parlement: \u201cSteun Afghanen die voor Europese landen werkten\u201d<\/h3>\t\t\t\t\t\t\n\t\t\t<button class=\"buttonV2 buttonV2__color--transparent buttonV2__size--default buttonV2__size-width--default   article-card__buttonV2\" id=\"\">\n\t<div class=\"buttonV2__top-wrapper buttonV2__arrow-align--right\">\n\t\t\t\t\t<span class=\"buttonV2__title\">\n\t\t\t\tLees verder\t\t\t<\/span>\n\t\t\n\t\t\t\t\t<div class=\"buttonV2__icon\">\n\t\t\t\t<svg xmlns='http:\/\/www.w3.org\/2000\/svg' viewBox='0 0 58.14 50.62'><path d='m32.82 50.62 25.32-25.31L32.82 0l-4.35 4.35 17.92 17.86H0v6.21h46.39L28.47 46.33l4.35 4.29z' fill='currentColor' \/><\/svg>\t\t\t<\/div>\n\t\t\t<\/div>\n\n\t<\/button>\t\t<\/div>\n\t<\/a>\n<\/article>\t\t\t\t\t<\/div>\n\t\t\t\t\t\t\t\t\t\t\t\t\t\t<div class=\"swiper-slide\">\n\t\t\t\t\t\t<article class=\"article-card article-card__color--yellow\">\n\t\t<a class=\"article-card__link\" href=\"https:\/\/d66.nl\/europa\/nieuws\/europa-is-onze-beste-kans\/\" aria-label=\"Link naar artikel\">\n\t\t<header class=\"article-card__header\">\n\n\t\t\t\t\t\t<div class=\"article-card__meta-row-wrapper\">\n\t\t\t\t<div class=\"article-card__date\">\n\t\t\t\t\t\t<p class=\"paragraph   paragraph__size--medium paragraph__weight--semiBold\">\n\t\t10.09.2025\t<\/p>\t\t\t\t<\/div>\n\t\t\t<\/div>\n\t\t\t\t\t\t\t\t\t\t<div class=\"article-card__featured-image-wrapper\">\n\t\t\t\t\t<img loading=\"lazy\" decoding=\"async\" width=\"1024\" height=\"683\" src=\"https:\/\/d66.nl\/europa\/wp-content\/uploads\/sites\/434\/2025\/09\/20250910_EP-189906A_AR1_EG_0184-1024x683.jpg\" class=\"image article-card__img\" alt=\"\" \/>\t\t\t\t<\/div>\n\t\t\t\t\t\t\t\t<\/header>\n\n\t\t<div class=\"article-card__body\">\n\t\t\t\t\t\t\t<h3 class=\"heading   heading__size--large heading__font--sans heading__weight--bold\" id=\"nav-europa-is-onze-beste-kans1380\">\n\tEuropa is onze beste kans<\/h3>\t\t\t\t\t\t\n\t\t\t<button class=\"buttonV2 buttonV2__color--transparent buttonV2__size--default buttonV2__size-width--default   article-card__buttonV2\" id=\"\">\n\t<div class=\"buttonV2__top-wrapper buttonV2__arrow-align--right\">\n\t\t\t\t\t<span class=\"buttonV2__title\">\n\t\t\t\tLees verder\t\t\t<\/span>\n\t\t\n\t\t\t\t\t<div class=\"buttonV2__icon\">\n\t\t\t\t<svg xmlns='http:\/\/www.w3.org\/2000\/svg' viewBox='0 0 58.14 50.62'><path d='m32.82 50.62 25.32-25.31L32.82 0l-4.35 4.35 17.92 17.86H0v6.21h46.39L28.47 46.33l4.35 4.29z' fill='currentColor' \/><\/svg>\t\t\t<\/div>\n\t\t\t<\/div>\n\n\t<\/button>\t\t<\/div>\n\t<\/a>\n<\/article>\t\t\t\t\t<\/div>\n\t\t\t\t\t\t\t\t\t\t\t\t\t\t<div class=\"swiper-slide\">\n\t\t\t\t\t\t<article class=\"article-card article-card__color--tomato\">\n\t\t<a class=\"article-card__link\" href=\"https:\/\/d66.nl\/europa\/nieuws\/d66-stemt-niet-in-met-maas-in-de-wet-voor-hongarije\/\" aria-label=\"Link naar artikel\">\n\t\t<header class=\"article-card__header\">\n\n\t\t\t\t\t\t<div class=\"article-card__meta-row-wrapper\">\n\t\t\t\t<div class=\"article-card__date\">\n\t\t\t\t\t\t<p class=\"paragraph   paragraph__size--medium paragraph__weight--semiBold\">\n\t\t10.09.2025\t<\/p>\t\t\t\t<\/div>\n\t\t\t<\/div>\n\t\t\t\t\t\t\t\t\t\t<div class=\"article-card__featured-image-wrapper\">\n\t\t\t\t\t<img loading=\"lazy\" decoding=\"async\" width=\"1024\" height=\"683\" src=\"https:\/\/d66.nl\/europa\/wp-content\/uploads\/sites\/434\/2025\/09\/20250910_EP-189906B_FM2_CCR_0019-1024x683.jpg\" class=\"image article-card__img\" alt=\"\" \/>\t\t\t\t<\/div>\n\t\t\t\t\t\t\t\t<\/header>\n\n\t\t<div class=\"article-card__body\">\n\t\t\t\t\t\t\t<h3 class=\"heading   heading__size--large heading__font--sans heading__weight--bold\" id=\"nav-d66-stemt-niet-in-met-maas-in-de-wet-voor-hongarije7525\">\n\tD66 stemt niet in met maas in de wet voor Hongarije<\/h3>\t\t\t\t\t\t\n\t\t\t<button class=\"buttonV2 buttonV2__color--transparent buttonV2__size--default buttonV2__size-width--default   article-card__buttonV2\" id=\"\">\n\t<div class=\"buttonV2__top-wrapper buttonV2__arrow-align--right\">\n\t\t\t\t\t<span class=\"buttonV2__title\">\n\t\t\t\tLees verder\t\t\t<\/span>\n\t\t\n\t\t\t\t\t<div class=\"buttonV2__icon\">\n\t\t\t\t<svg xmlns='http:\/\/www.w3.org\/2000\/svg' viewBox='0 0 58.14 50.62'><path d='m32.82 50.62 25.32-25.31L32.82 0l-4.35 4.35 17.92 17.86H0v6.21h46.39L28.47 46.33l4.35 4.29z' fill='currentColor' \/><\/svg>\t\t\t<\/div>\n\t\t\t<\/div>\n\n\t<\/button>\t\t<\/div>\n\t<\/a>\n<\/article>\t\t\t\t\t<\/div>\n\t\t\t\t\t\t\t\t\t\t\t\t\t\t<div class=\"swiper-slide\">\n\t\t\t\t\t\t<article class=\"article-card article-card__color--yellow\">\n\t\t<a class=\"article-card__link\" href=\"https:\/\/d66.nl\/europa\/nieuws\/gerbrandy-europa-kan-wel-samenwerken\/\" aria-label=\"Link naar artikel\">\n\t\t<header class=\"article-card__header\">\n\n\t\t\t\t\t\t<div class=\"article-card__meta-row-wrapper\">\n\t\t\t\t<div class=\"article-card__date\">\n\t\t\t\t\t\t<p class=\"paragraph   paragraph__size--medium paragraph__weight--semiBold\">\n\t\t10.09.2025\t<\/p>\t\t\t\t<\/div>\n\t\t\t<\/div>\n\t\t\t\t\t\t\t\t\t\t<div class=\"article-card__featured-image-wrapper\">\n\t\t\t\t\t<img loading=\"lazy\" decoding=\"async\" width=\"1024\" height=\"683\" src=\"https:\/\/d66.nl\/europa\/wp-content\/uploads\/sites\/434\/2025\/09\/20250910_EP-189906A_AR1_EG_0184-1024x683.jpg\" class=\"image article-card__img\" alt=\"\" \/>\t\t\t\t<\/div>\n\t\t\t\t\t\t\t\t<\/header>\n\n\t\t<div class=\"article-card__body\">\n\t\t\t\t\t\t\t<h3 class=\"heading   heading__size--large heading__font--sans heading__weight--bold\" id=\"nav-gerbrandy--europa-kan-w--l-samenwerken3002\">\n\tGerbrandy: Europa kan w\u00e9l samenwerken<\/h3>\t\t\t\t\t\t\n\t\t\t<button class=\"buttonV2 buttonV2__color--transparent buttonV2__size--default buttonV2__size-width--default   article-card__buttonV2\" id=\"\">\n\t<div class=\"buttonV2__top-wrapper buttonV2__arrow-align--right\">\n\t\t\t\t\t<span class=\"buttonV2__title\">\n\t\t\t\tLees verder\t\t\t<\/span>\n\t\t\n\t\t\t\t\t<div class=\"buttonV2__icon\">\n\t\t\t\t<svg xmlns='http:\/\/www.w3.org\/2000\/svg' viewBox='0 0 58.14 50.62'><path d='m32.82 50.62 25.32-25.31L32.82 0l-4.35 4.35 17.92 17.86H0v6.21h46.39L28.47 46.33l4.35 4.29z' fill='currentColor' \/><\/svg>\t\t\t<\/div>\n\t\t\t<\/div>\n\n\t<\/button>\t\t<\/div>\n\t<\/a>\n<\/article>\t\t\t\t\t<\/div>\n\t\t\t\t\t\t\t\t\t\t\t\t\t\t<div class=\"swiper-slide\">\n\t\t\t\t\t\t<article class=\"article-card article-card__color--skyBlue\">\n\t\t<a class=\"article-card__link\" href=\"https:\/\/d66.nl\/europa\/nieuws\/abortusrecht-haalt-miljoen-handtekeningen\/\" aria-label=\"Link naar artikel\">\n\t\t<header class=\"article-card__header\">\n\n\t\t\t\t\t\t<div class=\"article-card__meta-row-wrapper\">\n\t\t\t\t<div class=\"article-card__date\">\n\t\t\t\t\t\t<p class=\"paragraph   paragraph__size--medium paragraph__weight--semiBold\">\n\t\t04.09.2025\t<\/p>\t\t\t\t<\/div>\n\t\t\t<\/div>\n\t\t\t\t\t\t\t\t\t\t<div class=\"article-card__featured-image-wrapper\">\n\t\t\t\t\t<img loading=\"lazy\" decoding=\"async\" width=\"1024\" height=\"683\" src=\"https:\/\/d66.nl\/europa\/wp-content\/uploads\/sites\/434\/2025\/09\/IMG_7110.JPG-1024x683.jpg\" class=\"image article-card__img\" alt=\"\" \/>\t\t\t\t<\/div>\n\t\t\t\t\t\t\t\t<\/header>\n\n\t\t<div class=\"article-card__body\">\n\t\t\t\t\t\t\t<h3 class=\"heading   heading__size--large heading__font--sans heading__weight--bold\" id=\"nav-europees-abortusrecht-haalt-meer-dan-een-miljoen-handtekeningen1038\">\n\tEuropees abortusrecht haalt meer dan een miljoen handtekeningen<\/h3>\t\t\t\t\t\t\n\t\t\t<button class=\"buttonV2 buttonV2__color--transparent buttonV2__size--default buttonV2__size-width--default   article-card__buttonV2\" id=\"\">\n\t<div class=\"buttonV2__top-wrapper buttonV2__arrow-align--right\">\n\t\t\t\t\t<span class=\"buttonV2__title\">\n\t\t\t\tLees verder\t\t\t<\/span>\n\t\t\n\t\t\t\t\t<div class=\"buttonV2__icon\">\n\t\t\t\t<svg xmlns='http:\/\/www.w3.org\/2000\/svg' viewBox='0 0 58.14 50.62'><path d='m32.82 50.62 25.32-25.31L32.82 0l-4.35 4.35 17.92 17.86H0v6.21h46.39L28.47 46.33l4.35 4.29z' fill='currentColor' \/><\/svg>\t\t\t<\/div>\n\t\t\t<\/div>\n\n\t<\/button>\t\t<\/div>\n\t<\/a>\n<\/article>\t\t\t\t\t<\/div>\n\t\t\t\t\t\t\t\t\t\t\t\t\t\t<div class=\"swiper-slide\">\n\t\t\t\t\t\t<article class=\"article-card article-card__color--rosePink\">\n\t\t<a class=\"article-card__link\" href=\"https:\/\/d66.nl\/europa\/nieuws\/brandbrief-burgemeesters-aan-brussel-om-vuurwerk-vindt-gehoor-europarlementarier-in-actie\/\" aria-label=\"Link naar artikel\">\n\t\t<header class=\"article-card__header\">\n\n\t\t\t\t\t\t<div class=\"article-card__meta-row-wrapper\">\n\t\t\t\t<div class=\"article-card__date\">\n\t\t\t\t\t\t<p class=\"paragraph   paragraph__size--medium paragraph__weight--semiBold\">\n\t\t29.08.2025\t<\/p>\t\t\t\t<\/div>\n\t\t\t<\/div>\n\t\t\t\t\t\t\t\t\t\t<div class=\"article-card__featured-image-wrapper\">\n\t\t\t\t\t<img loading=\"lazy\" decoding=\"async\" width=\"1024\" height=\"683\" src=\"https:\/\/d66.nl\/europa\/wp-content\/uploads\/sites\/434\/2025\/08\/1750254941061_20250618_EP-186521E_LD1_FMA_039-1024x683.jpg\" class=\"image article-card__img\" alt=\"\" \/>\t\t\t\t<\/div>\n\t\t\t\t\t\t\t\t<\/header>\n\n\t\t<div class=\"article-card__body\">\n\t\t\t\t\t\t\t<h3 class=\"heading   heading__size--large heading__font--sans heading__weight--bold\" id=\"nav-brandbrief-burgemeesters-aan-brussel-om-vuurwerk-vindt-gehoor--europarlementari--r-in-actie2722\">\n\tBrandbrief burgemeesters aan Brussel om vuurwerk vindt gehoor: Europarlementari\u00ebr in actie<\/h3>\t\t\t\t\t\t\n\t\t\t<button class=\"buttonV2 buttonV2__color--transparent buttonV2__size--default buttonV2__size-width--default   article-card__buttonV2\" id=\"\">\n\t<div class=\"buttonV2__top-wrapper buttonV2__arrow-align--right\">\n\t\t\t\t\t<span class=\"buttonV2__title\">\n\t\t\t\tLees verder\t\t\t<\/span>\n\t\t\n\t\t\t\t\t<div class=\"buttonV2__icon\">\n\t\t\t\t<svg xmlns='http:\/\/www.w3.org\/2000\/svg' viewBox='0 0 58.14 50.62'><path d='m32.82 50.62 25.32-25.31L32.82 0l-4.35 4.35 17.92 17.86H0v6.21h46.39L28.47 46.33l4.35 4.29z' fill='currentColor' \/><\/svg>\t\t\t<\/div>\n\t\t\t<\/div>\n\n\t<\/button>\t\t<\/div>\n\t<\/a>\n<\/article>\t\t\t\t\t<\/div>\n\t\t\t\t\t\t\t\t\t\t\t\t\t\t<div class=\"swiper-slide\">\n\t\t\t\t\t\t<article class=\"article-card article-card__color--yellow\">\n\t\t<a class=\"article-card__link\" href=\"https:\/\/d66.nl\/europa\/nieuws\/100-stageplekken-voor-mboers-in-europa\/\" aria-label=\"Link naar artikel\">\n\t\t<header class=\"article-card__header\">\n\n\t\t\t\t\t\t<div class=\"article-card__meta-row-wrapper\">\n\t\t\t\t<div class=\"article-card__date\">\n\t\t\t\t\t\t<p class=\"paragraph   paragraph__size--medium paragraph__weight--semiBold\">\n\t\t02.07.2025\t<\/p>\t\t\t\t<\/div>\n\t\t\t<\/div>\n\t\t\t\t\t\t\t\t\t\t<div class=\"article-card__featured-image-wrapper\">\n\t\t\t\t\t<img loading=\"lazy\" decoding=\"async\" width=\"882\" height=\"1024\" src=\"https:\/\/d66.nl\/europa\/wp-content\/uploads\/sites\/434\/2025\/07\/IMG_6257-882x1024.jpeg\" class=\"image article-card__img\" alt=\"\" \/>\t\t\t\t<\/div>\n\t\t\t\t\t\t\t\t<\/header>\n\n\t\t<div class=\"article-card__body\">\n\t\t\t\t\t\t\t<h3 class=\"heading   heading__size--large heading__font--sans heading__weight--bold\" id=\"nav-gefixt--100-plekken-voor-mbo---ers-in-europa-1848\">\n\tGefixt: 100 plekken voor mbo\u2019ers in Europa!<\/h3>\t\t\t\t\t\t\n\t\t\t<button class=\"buttonV2 buttonV2__color--transparent buttonV2__size--default buttonV2__size-width--default   article-card__buttonV2\" id=\"\">\n\t<div class=\"buttonV2__top-wrapper buttonV2__arrow-align--right\">\n\t\t\t\t\t<span class=\"buttonV2__title\">\n\t\t\t\tLees verder\t\t\t<\/span>\n\t\t\n\t\t\t\t\t<div class=\"buttonV2__icon\">\n\t\t\t\t<svg xmlns='http:\/\/www.w3.org\/2000\/svg' viewBox='0 0 58.14 50.62'><path d='m32.82 50.62 25.32-25.31L32.82 0l-4.35 4.35 17.92 17.86H0v6.21h46.39L28.47 46.33l4.35 4.29z' fill='currentColor' \/><\/svg>\t\t\t<\/div>\n\t\t\t<\/div>\n\n\t<\/button>\t\t<\/div>\n\t<\/a>\n<\/article>\t\t\t\t\t<\/div>\n\t\t\t\t\t\t\t\t\t\t\t\t\t\t<div class=\"swiper-slide\">\n\t\t\t\t\t\t<article class=\"article-card article-card__color--rosePink\">\n\t\t<a class=\"article-card__link\" href=\"https:\/\/d66.nl\/europa\/nieuws\/klimaatdoel-2040\/\" aria-label=\"Link naar artikel\">\n\t\t<header class=\"article-card__header\">\n\n\t\t\t\t\t\t<div class=\"article-card__meta-row-wrapper\">\n\t\t\t\t<div class=\"article-card__date\">\n\t\t\t\t\t\t<p class=\"paragraph   paragraph__size--medium paragraph__weight--semiBold\">\n\t\t02.07.2025\t<\/p>\t\t\t\t<\/div>\n\t\t\t<\/div>\n\t\t\t\t\t\t\t\t\t\t<div class=\"article-card__featured-image-wrapper\">\n\t\t\t\t\t<img loading=\"lazy\" decoding=\"async\" width=\"819\" height=\"1024\" src=\"https:\/\/d66.nl\/europa\/wp-content\/uploads\/sites\/434\/2025\/07\/IMG_6506-819x1024.jpg\" class=\"image article-card__img\" alt=\"\" \/>\t\t\t\t<\/div>\n\t\t\t\t\t\t\t\t<\/header>\n\n\t\t<div class=\"article-card__body\">\n\t\t\t\t\t\t\t<h3 class=\"heading   heading__size--large heading__font--sans heading__weight--bold\" id=\"nav-commissie-houdt-vast-aan-klimaatdoel-2040----8216-goed-nieuws-voor-planeet-en-economie--8217-1092\">\n\tCommissie houdt vast aan klimaatdoel 2040: &#8216;Goed nieuws voor planeet en economie&#8217;<\/h3>\t\t\t\t\t\t\n\t\t\t<button class=\"buttonV2 buttonV2__color--transparent buttonV2__size--default buttonV2__size-width--default   article-card__buttonV2\" id=\"\">\n\t<div class=\"buttonV2__top-wrapper buttonV2__arrow-align--right\">\n\t\t\t\t\t<span class=\"buttonV2__title\">\n\t\t\t\tLees verder\t\t\t<\/span>\n\t\t\n\t\t\t\t\t<div class=\"buttonV2__icon\">\n\t\t\t\t<svg xmlns='http:\/\/www.w3.org\/2000\/svg' viewBox='0 0 58.14 50.62'><path d='m32.82 50.62 25.32-25.31L32.82 0l-4.35 4.35 17.92 17.86H0v6.21h46.39L28.47 46.33l4.35 4.29z' fill='currentColor' \/><\/svg>\t\t\t<\/div>\n\t\t\t<\/div>\n\n\t<\/button>\t\t<\/div>\n\t<\/a>\n<\/article>\t\t\t\t\t<\/div>\n\t\t\t\t\t\t\t\t\t\t\t\t\t\t<div class=\"swiper-slide\">\n\t\t\t\t\t\t<article class=\"article-card article-card__color--yellow\">\n\t\t<a class=\"article-card__link\" href=\"https:\/\/d66.nl\/europa\/nieuws\/sterke-regio-sterk-europa\/\" aria-label=\"Link naar artikel\">\n\t\t<header class=\"article-card__header\">\n\n\t\t\t\t\t\t<div class=\"article-card__meta-row-wrapper\">\n\t\t\t\t<div class=\"article-card__date\">\n\t\t\t\t\t\t<p class=\"paragraph   paragraph__size--medium paragraph__weight--semiBold\">\n\t\t02.07.2025\t<\/p>\t\t\t\t<\/div>\n\t\t\t<\/div>\n\t\t\t\t\t\t\t\t\t\t<div class=\"article-card__featured-image-wrapper\">\n\t\t\t\t\t<img loading=\"lazy\" decoding=\"async\" width=\"1024\" height=\"1024\" src=\"https:\/\/d66.nl\/europa\/wp-content\/uploads\/sites\/434\/2025\/07\/IMG_6132-1-1024x1024.jpeg\" class=\"image article-card__img\" alt=\"\" \/>\t\t\t\t<\/div>\n\t\t\t\t\t\t\t\t<\/header>\n\n\t\t<div class=\"article-card__body\">\n\t\t\t\t\t\t\t<h3 class=\"heading   heading__size--large heading__font--sans heading__weight--bold\" id=\"nav-sterke-regio--sterk-europa-9537\">\n\tSterke regio, Sterk Europa!<\/h3>\t\t\t\t\t\t\n\t\t\t<button class=\"buttonV2 buttonV2__color--transparent buttonV2__size--default buttonV2__size-width--default   article-card__buttonV2\" id=\"\">\n\t<div class=\"buttonV2__top-wrapper buttonV2__arrow-align--right\">\n\t\t\t\t\t<span class=\"buttonV2__title\">\n\t\t\t\tLees verder\t\t\t<\/span>\n\t\t\n\t\t\t\t\t<div class=\"buttonV2__icon\">\n\t\t\t\t<svg xmlns='http:\/\/www.w3.org\/2000\/svg' viewBox='0 0 58.14 50.62'><path d='m32.82 50.62 25.32-25.31L32.82 0l-4.35 4.35 17.92 17.86H0v6.21h46.39L28.47 46.33l4.35 4.29z' fill='currentColor' \/><\/svg>\t\t\t<\/div>\n\t\t\t<\/div>\n\n\t<\/button>\t\t<\/div>\n\t<\/a>\n<\/article>\t\t\t\t\t<\/div>\n\t\t\t\t\t\t\t\t\t\t\t\t\t\t<div class=\"swiper-slide\">\n\t\t\t\t\t\t<article class=\"article-card article-card__color--olive\">\n\t\t<a class=\"article-card__link\" href=\"https:\/\/d66.nl\/europa\/nieuws\/europese-wetenschap-koers-houden-met-klimaatbeleid\/\" aria-label=\"Link naar artikel\">\n\t\t<header class=\"article-card__header\">\n\n\t\t\t\t\t\t<div class=\"article-card__meta-row-wrapper\">\n\t\t\t\t<div class=\"article-card__date\">\n\t\t\t\t\t\t<p class=\"paragraph   paragraph__size--medium paragraph__weight--semiBold\">\n\t\t03.06.2025\t<\/p>\t\t\t\t<\/div>\n\t\t\t<\/div>\n\t\t\t\t\t\t\t\t\t\t<div class=\"article-card__featured-image-wrapper\">\n\t\t\t\t\t<img loading=\"lazy\" decoding=\"async\" width=\"1024\" height=\"683\" src=\"https:\/\/d66.nl\/europa\/wp-content\/uploads\/sites\/434\/2025\/06\/1744124705553_20250408_EP-183649B_LD1_0583-1024x683.jpg\" class=\"image article-card__img\" alt=\"\" \/>\t\t\t\t<\/div>\n\t\t\t\t\t\t\t\t<\/header>\n\n\t\t<div class=\"article-card__body\">\n\t\t\t\t\t\t\t<h3 class=\"heading   heading__size--large heading__font--sans heading__weight--bold\" id=\"nav-europese-wetenschap--koers-houden-met-klimaatbeleid6322\">\n\tEuropese wetenschap: koers houden met klimaatbeleid<\/h3>\t\t\t\t\t\t\n\t\t\t<button class=\"buttonV2 buttonV2__color--transparent buttonV2__size--default buttonV2__size-width--default   article-card__buttonV2\" id=\"\">\n\t<div class=\"buttonV2__top-wrapper buttonV2__arrow-align--right\">\n\t\t\t\t\t<span class=\"buttonV2__title\">\n\t\t\t\tLees verder\t\t\t<\/span>\n\t\t\n\t\t\t\t\t<div class=\"buttonV2__icon\">\n\t\t\t\t<svg xmlns='http:\/\/www.w3.org\/2000\/svg' viewBox='0 0 58.14 50.62'><path d='m32.82 50.62 25.32-25.31L32.82 0l-4.35 4.35 17.92 17.86H0v6.21h46.39L28.47 46.33l4.35 4.29z' fill='currentColor' \/><\/svg>\t\t\t<\/div>\n\t\t\t<\/div>\n\n\t<\/button>\t\t<\/div>\n\t<\/a>\n<\/article>\t\t\t\t\t<\/div>\n\t\t\t\t\t\t\t\t\t\t\t\t\t\t<div class=\"swiper-slide\">\n\t\t\t\t\t\t<article class=\"article-card article-card__color--romanSilver\">\n\t\t<a class=\"article-card__link\" href=\"https:\/\/d66.nl\/europa\/nieuws\/von-der-leyen-mocht-smsjes-met-pfizer-ceo-niet-achterhouden\/\" aria-label=\"Link naar artikel\">\n\t\t<header class=\"article-card__header\">\n\n\t\t\t\t\t\t<div class=\"article-card__meta-row-wrapper\">\n\t\t\t\t<div class=\"article-card__date\">\n\t\t\t\t\t\t<p class=\"paragraph   paragraph__size--medium paragraph__weight--semiBold\">\n\t\t14.05.2025\t<\/p>\t\t\t\t<\/div>\n\t\t\t<\/div>\n\t\t\t\t\t\t\t\t\t\t<div class=\"article-card__featured-image-wrapper\">\n\t\t\t\t\t<img loading=\"lazy\" decoding=\"async\" width=\"1024\" height=\"683\" src=\"https:\/\/d66.nl\/europa\/wp-content\/uploads\/sites\/434\/2025\/05\/IMG_6783-1024x683.jpg\" class=\"image article-card__img\" alt=\"\" \/>\t\t\t\t<\/div>\n\t\t\t\t\t\t\t\t<\/header>\n\n\t\t<div class=\"article-card__body\">\n\t\t\t\t\t\t\t<h3 class=\"heading   heading__size--large heading__font--sans heading__weight--bold\" id=\"nav-von-der-leyen-mocht-sms---jes-met-pfizer-ceo-niet-achterhouden7027\">\n\tVon der Leyen mocht sms\u2019jes met Pfizer-CEO niet achterhouden<\/h3>\t\t\t\t\t\t\n\t\t\t<button class=\"buttonV2 buttonV2__color--transparent buttonV2__size--default buttonV2__size-width--default   article-card__buttonV2\" id=\"\">\n\t<div class=\"buttonV2__top-wrapper buttonV2__arrow-align--right\">\n\t\t\t\t\t<span class=\"buttonV2__title\">\n\t\t\t\tLees verder\t\t\t<\/span>\n\t\t\n\t\t\t\t\t<div class=\"buttonV2__icon\">\n\t\t\t\t<svg xmlns='http:\/\/www.w3.org\/2000\/svg' viewBox='0 0 58.14 50.62'><path d='m32.82 50.62 25.32-25.31L32.82 0l-4.35 4.35 17.92 17.86H0v6.21h46.39L28.47 46.33l4.35 4.29z' fill='currentColor' \/><\/svg>\t\t\t<\/div>\n\t\t\t<\/div>\n\n\t<\/button>\t\t<\/div>\n\t<\/a>\n<\/article>\t\t\t\t\t<\/div>\n\t\t\t\t\t\t\t\t\t\t\t\t\t\t<div class=\"swiper-slide\">\n\t\t\t\t\t\t<article class=\"article-card article-card__color--yellow\">\n\t\t<a class=\"article-card__link\" href=\"https:\/\/d66.nl\/europa\/nieuws\/de-dag-van-europa\/\" aria-label=\"Link naar artikel\">\n\t\t<header class=\"article-card__header\">\n\n\t\t\t\t\t\t<div class=\"article-card__meta-row-wrapper\">\n\t\t\t\t<div class=\"article-card__date\">\n\t\t\t\t\t\t<p class=\"paragraph   paragraph__size--medium paragraph__weight--semiBold\">\n\t\t07.05.2025\t<\/p>\t\t\t\t<\/div>\n\t\t\t<\/div>\n\t\t\t\t\t\t\t\t\t\t<div class=\"article-card__featured-image-wrapper\">\n\t\t\t\t\t<img loading=\"lazy\" decoding=\"async\" width=\"945\" height=\"1024\" src=\"https:\/\/d66.nl\/europa\/wp-content\/uploads\/sites\/434\/2025\/05\/IMG_6289-945x1024.jpeg\" class=\"image article-card__img\" alt=\"\" \/>\t\t\t\t<\/div>\n\t\t\t\t\t\t\t\t<\/header>\n\n\t\t<div class=\"article-card__body\">\n\t\t\t\t\t\t\t<h3 class=\"heading   heading__size--large heading__font--sans heading__weight--bold\" id=\"nav-de-dag-van-europa5283\">\n\tDe dag van Europa<\/h3>\t\t\t\t\t\t\n\t\t\t<button class=\"buttonV2 buttonV2__color--transparent buttonV2__size--default buttonV2__size-width--default   article-card__buttonV2\" id=\"\">\n\t<div class=\"buttonV2__top-wrapper buttonV2__arrow-align--right\">\n\t\t\t\t\t<span class=\"buttonV2__title\">\n\t\t\t\tLees verder\t\t\t<\/span>\n\t\t\n\t\t\t\t\t<div class=\"buttonV2__icon\">\n\t\t\t\t<svg xmlns='http:\/\/www.w3.org\/2000\/svg' viewBox='0 0 58.14 50.62'><path d='m32.82 50.62 25.32-25.31L32.82 0l-4.35 4.35 17.92 17.86H0v6.21h46.39L28.47 46.33l4.35 4.29z' fill='currentColor' \/><\/svg>\t\t\t<\/div>\n\t\t\t<\/div>\n\n\t<\/button>\t\t<\/div>\n\t<\/a>\n<\/article>\t\t\t\t\t<\/div>\n\t\t\t\t\t\t\t\t\t\t\t\t\t\t<div class=\"swiper-slide\">\n\t\t\t\t\t\t<article class=\"article-card article-card__color--romanSilver\">\n\t\t<a class=\"article-card__link\" href=\"https:\/\/d66.nl\/europa\/nieuws\/eindelijk-mbo-stages-in-het-europees-parlement\/\" aria-label=\"Link naar artikel\">\n\t\t<header class=\"article-card__header\">\n\n\t\t\t\t\t\t<div class=\"article-card__meta-row-wrapper\">\n\t\t\t\t<div class=\"article-card__date\">\n\t\t\t\t\t\t<p class=\"paragraph   paragraph__size--medium paragraph__weight--semiBold\">\n\t\t06.05.2025\t<\/p>\t\t\t\t<\/div>\n\t\t\t<\/div>\n\t\t\t\t\t\t\t\t\t\t<div class=\"article-card__featured-image-wrapper\">\n\t\t\t\t\t<img loading=\"lazy\" decoding=\"async\" width=\"1024\" height=\"683\" src=\"https:\/\/d66.nl\/europa\/wp-content\/uploads\/sites\/434\/2025\/05\/1746597290290_Page_1-1024x683.jpg\" class=\"image article-card__img\" alt=\"\" \/>\t\t\t\t<\/div>\n\t\t\t\t\t\t\t\t<\/header>\n\n\t\t<div class=\"article-card__body\">\n\t\t\t\t\t\t\t<h3 class=\"heading   heading__size--large heading__font--sans heading__weight--bold\" id=\"nav-d66--eindelijk-mbo-stages-in-het-europees-parlement6592\">\n\tD66: Eindelijk mbo-stages in het Europees Parlement<\/h3>\t\t\t\t\t\t\n\t\t\t<button class=\"buttonV2 buttonV2__color--transparent buttonV2__size--default buttonV2__size-width--default   article-card__buttonV2\" id=\"\">\n\t<div class=\"buttonV2__top-wrapper buttonV2__arrow-align--right\">\n\t\t\t\t\t<span class=\"buttonV2__title\">\n\t\t\t\tLees verder\t\t\t<\/span>\n\t\t\n\t\t\t\t\t<div class=\"buttonV2__icon\">\n\t\t\t\t<svg xmlns='http:\/\/www.w3.org\/2000\/svg' viewBox='0 0 58.14 50.62'><path d='m32.82 50.62 25.32-25.31L32.82 0l-4.35 4.35 17.92 17.86H0v6.21h46.39L28.47 46.33l4.35 4.29z' fill='currentColor' \/><\/svg>\t\t\t<\/div>\n\t\t\t<\/div>\n\n\t<\/button>\t\t<\/div>\n\t<\/a>\n<\/article>\t\t\t\t\t<\/div>\n\t\t\t\t\t\t\t\t\t\t\t\t\t\t<div class=\"swiper-slide\">\n\t\t\t\t\t\t<article class=\"article-card article-card__color--tomato  article-card__variation--full-height-img\" style=\"background-image: url('https:\/\/d66.nl\/europa\/wp-content\/uploads\/sites\/434\/2025\/01\/1730206248389_20241023_EP-175020A_202_014-1024x683.jpg')\" data-gtm-event=\"click\" data-gtm-group=\"updates\" data-gtm-target=\"Bouwen aan een nieuw Europa\">\n\t\t\t<div class=\"background-overlay\"><\/div>\n\t\t<a class=\"article-card__link\" href=\"https:\/\/d66.nl\/europa\/nieuws\/een-nieuw-europa\/\" aria-label=\"Link naar artikel\">\n\t\t<header class=\"article-card__header\">\n\n\t\t\t\t\t\t<div class=\"article-card__meta-row-wrapper\">\n\t\t\t\t<div class=\"article-card__date\">\n\t\t\t\t\t\t<p class=\"paragraph   paragraph__size--medium paragraph__weight--semiBold\">\n\t\t18.01.2025\t<\/p>\t\t\t\t<\/div>\n\t\t\t<\/div>\n\t\t\t\t\t\t\t\t\t\t\t<\/header>\n\n\t\t<div class=\"article-card__body\">\n\t\t\t\t\t\t\t<h3 class=\"heading   heading__size--large heading__font--sans heading__weight--bold\" id=\"nav-bouwen-aan-een-nieuw-europa7091\">\n\tBouwen aan een nieuw Europa<\/h3>\t\t\t\t\t\t\t\t\t\t<div class=\"article-card__excerpt\">\n\t\t\t\t\t<p class=\"paragraph   paragraph__size--default paragraph__weight--medium\">\n\t\tAl meer dan 70 jaar brengt Europese integratie ons vrijheid, veiligheid en welvaart. Dankzij de EU werken we samen in plaats van oorlog te voeren, verdienen we een derde van&hellip;\t<\/p>\t\t\t\t<\/div>\n\t\t\t\n\t\t\t<button class=\"buttonV2 buttonV2__color--transparent buttonV2__size--default buttonV2__size-width--default   article-card__buttonV2\" id=\"\">\n\t<div class=\"buttonV2__top-wrapper buttonV2__arrow-align--right\">\n\t\t\t\t\t<span class=\"buttonV2__title\">\n\t\t\t\tLees verder\t\t\t<\/span>\n\t\t\n\t\t\t\t\t<div class=\"buttonV2__icon\">\n\t\t\t\t<svg xmlns='http:\/\/www.w3.org\/2000\/svg' viewBox='0 0 58.14 50.62'><path d='m32.82 50.62 25.32-25.31L32.82 0l-4.35 4.35 17.92 17.86H0v6.21h46.39L28.47 46.33l4.35 4.29z' fill='currentColor' \/><\/svg>\t\t\t<\/div>\n\t\t\t<\/div>\n\n\t<\/button>\t\t<\/div>\n\t<\/a>\n<\/article>\t\t\t\t\t<\/div>\n\t\t\t\t\t\t\t\t\t\t\t\t\t\t<div class=\"swiper-slide\">\n\t\t\t\t\t\t<article class=\"article-card article-card__color--yellow\">\n\t\t<a class=\"article-card__link\" href=\"https:\/\/d66.nl\/europa\/nieuws\/bridge-for-eu\/\" aria-label=\"Link naar artikel\">\n\t\t<header class=\"article-card__header\">\n\n\t\t\t\t\t\t<div class=\"article-card__meta-row-wrapper\">\n\t\t\t\t<div class=\"article-card__date\">\n\t\t\t\t\t\t<p class=\"paragraph   paragraph__size--medium paragraph__weight--semiBold\">\n\t\t05.05.2025\t<\/p>\t\t\t\t<\/div>\n\t\t\t<\/div>\n\t\t\t\t\t\t\t\t\t\t<div class=\"article-card__featured-image-wrapper\">\n\t\t\t\t\t<img loading=\"lazy\" decoding=\"async\" width=\"1024\" height=\"683\" src=\"https:\/\/d66.nl\/europa\/wp-content\/uploads\/sites\/434\/2025\/05\/1746627015906_20250507_EP-185221A_DLL_044-1024x683.jpg\" class=\"image article-card__img\" alt=\"\" \/>\t\t\t\t<\/div>\n\t\t\t\t\t\t\t\t<\/header>\n\n\t\t<div class=\"article-card__body\">\n\t\t\t\t\t\t\t<h3 class=\"heading   heading__size--large heading__font--sans heading__weight--bold\" id=\"nav-nieuwe-europese-wetgeving-tegen-belemmeringen-aan-de-grens7307\">\n\tNieuwe Europese wetgeving tegen belemmeringen aan de grens<\/h3>\t\t\t\t\t\t\n\t\t\t<button class=\"buttonV2 buttonV2__color--transparent buttonV2__size--default buttonV2__size-width--default   article-card__buttonV2\" id=\"\">\n\t<div class=\"buttonV2__top-wrapper buttonV2__arrow-align--right\">\n\t\t\t\t\t<span class=\"buttonV2__title\">\n\t\t\t\tLees verder\t\t\t<\/span>\n\t\t\n\t\t\t\t\t<div class=\"buttonV2__icon\">\n\t\t\t\t<svg xmlns='http:\/\/www.w3.org\/2000\/svg' viewBox='0 0 58.14 50.62'><path d='m32.82 50.62 25.32-25.31L32.82 0l-4.35 4.35 17.92 17.86H0v6.21h46.39L28.47 46.33l4.35 4.29z' fill='currentColor' \/><\/svg>\t\t\t<\/div>\n\t\t\t<\/div>\n\n\t<\/button>\t\t<\/div>\n\t<\/a>\n<\/article>\t\t\t\t\t<\/div>\n\t\t\t\t\t\t\t\t\t\t\t\t\t\t<div class=\"swiper-slide\">\n\t\t\t\t\t\t<article class=\"article-card article-card__color--skyBlue\">\n\t\t<a class=\"article-card__link\" href=\"https:\/\/d66.nl\/europa\/nieuws\/trump-stort-wereld-in-een-nieuwe-aidscrisis-keert-europa-het-tij\/\" aria-label=\"Link naar artikel\">\n\t\t<header class=\"article-card__header\">\n\n\t\t\t\t\t\t<div class=\"article-card__meta-row-wrapper\">\n\t\t\t\t<div class=\"article-card__date\">\n\t\t\t\t\t\t<p class=\"paragraph   paragraph__size--medium paragraph__weight--semiBold\">\n\t\t04.05.2025\t<\/p>\t\t\t\t<\/div>\n\t\t\t<\/div>\n\t\t\t\t\t\t\t\t\t\t<div class=\"article-card__featured-image-wrapper\">\n\t\t\t\t\t<img loading=\"lazy\" decoding=\"async\" width=\"768\" height=\"1024\" src=\"https:\/\/d66.nl\/europa\/wp-content\/uploads\/sites\/434\/2025\/01\/WhatsApp-Image-2025-01-06-at-17.10.42-768x1024.jpeg\" class=\"image article-card__img\" alt=\"\" \/>\t\t\t\t<\/div>\n\t\t\t\t\t\t\t\t<\/header>\n\n\t\t<div class=\"article-card__body\">\n\t\t\t\t\t\t\t<h3 class=\"heading   heading__size--large heading__font--sans heading__weight--bold\" id=\"nav-trump-stort-wereld-in-een-nieuwe-aidscrisis--keert-europa-het-tij-7091\">\n\tTrump stort wereld in een nieuwe aidscrisis, keert Europa het tij?<\/h3>\t\t\t\t\t\t\n\t\t\t<button class=\"buttonV2 buttonV2__color--transparent buttonV2__size--default buttonV2__size-width--default   article-card__buttonV2\" id=\"\">\n\t<div class=\"buttonV2__top-wrapper buttonV2__arrow-align--right\">\n\t\t\t\t\t<span class=\"buttonV2__title\">\n\t\t\t\tLees verder\t\t\t<\/span>\n\t\t\n\t\t\t\t\t<div class=\"buttonV2__icon\">\n\t\t\t\t<svg xmlns='http:\/\/www.w3.org\/2000\/svg' viewBox='0 0 58.14 50.62'><path d='m32.82 50.62 25.32-25.31L32.82 0l-4.35 4.35 17.92 17.86H0v6.21h46.39L28.47 46.33l4.35 4.29z' fill='currentColor' \/><\/svg>\t\t\t<\/div>\n\t\t\t<\/div>\n\n\t<\/button>\t\t<\/div>\n\t<\/a>\n<\/article>\t\t\t\t\t<\/div>\n\t\t\t\t\t\t\t\t\t\t\t\t\t\t<div class=\"swiper-slide\">\n\t\t\t\t\t\t<article class=\"article-card article-card__color--romanSilver\">\n\t\t<a class=\"article-card__link\" href=\"https:\/\/d66.nl\/europa\/nieuws\/europese-pfas-ban-hard-nodig\/\" aria-label=\"Link naar artikel\">\n\t\t<header class=\"article-card__header\">\n\n\t\t\t\t\t\t<div class=\"article-card__meta-row-wrapper\">\n\t\t\t\t<div class=\"article-card__date\">\n\t\t\t\t\t\t<p class=\"paragraph   paragraph__size--medium paragraph__weight--semiBold\">\n\t\t24.04.2025\t<\/p>\t\t\t\t<\/div>\n\t\t\t<\/div>\n\t\t\t\t\t\t\t\t\t\t<div class=\"article-card__featured-image-wrapper\">\n\t\t\t\t\t<img loading=\"lazy\" decoding=\"async\" width=\"1024\" height=\"683\" src=\"https:\/\/d66.nl\/europa\/wp-content\/uploads\/sites\/434\/2025\/05\/1744124674839_20250408_EP-183649B_LD1_0592-1024x683.jpg\" class=\"image article-card__img\" alt=\"\" \/>\t\t\t\t<\/div>\n\t\t\t\t\t\t\t\t<\/header>\n\n\t\t<div class=\"article-card__body\">\n\t\t\t\t\t\t\t<h3 class=\"heading   heading__size--large heading__font--sans heading__weight--bold\" id=\"nav-europese-pfas-ban-hard-nodig8185\">\n\tEuropese PFAS-ban hard nodig<\/h3>\t\t\t\t\t\t\n\t\t\t<button class=\"buttonV2 buttonV2__color--transparent buttonV2__size--default buttonV2__size-width--default   article-card__buttonV2\" id=\"\">\n\t<div class=\"buttonV2__top-wrapper buttonV2__arrow-align--right\">\n\t\t\t\t\t<span class=\"buttonV2__title\">\n\t\t\t\tLees verder\t\t\t<\/span>\n\t\t\n\t\t\t\t\t<div class=\"buttonV2__icon\">\n\t\t\t\t<svg xmlns='http:\/\/www.w3.org\/2000\/svg' viewBox='0 0 58.14 50.62'><path d='m32.82 50.62 25.32-25.31L32.82 0l-4.35 4.35 17.92 17.86H0v6.21h46.39L28.47 46.33l4.35 4.29z' fill='currentColor' \/><\/svg>\t\t\t<\/div>\n\t\t\t<\/div>\n\n\t<\/button>\t\t<\/div>\n\t<\/a>\n<\/article>\t\t\t\t\t<\/div>\n\t\t\t\t\t\t\t\t\t\t\t\t\t\t<div class=\"swiper-slide\">\n\t\t\t\t\t\t<article class=\"article-card article-card__color--tomato\">\n\t\t<a class=\"article-card__link\" href=\"https:\/\/d66.nl\/europa\/nieuws\/onderhandelingen-anti-corruptie-op-stoom\/\" aria-label=\"Link naar artikel\">\n\t\t<header class=\"article-card__header\">\n\n\t\t\t\t\t\t<div class=\"article-card__meta-row-wrapper\">\n\t\t\t\t<div class=\"article-card__date\">\n\t\t\t\t\t\t<p class=\"paragraph   paragraph__size--medium paragraph__weight--semiBold\">\n\t\t23.04.2025\t<\/p>\t\t\t\t<\/div>\n\t\t\t<\/div>\n\t\t\t\t\t\t\t\t\t\t<div class=\"article-card__featured-image-wrapper\">\n\t\t\t\t\t<img loading=\"lazy\" decoding=\"async\" width=\"1024\" height=\"683\" src=\"https:\/\/d66.nl\/europa\/wp-content\/uploads\/sites\/434\/2025\/01\/1738083944328_20250128_EP-179196A_PB9_102-1-1024x683.jpg\" class=\"image article-card__img\" alt=\"\" \/>\t\t\t\t<\/div>\n\t\t\t\t\t\t\t\t<\/header>\n\n\t\t<div class=\"article-card__body\">\n\t\t\t\t\t\t\t<h3 class=\"heading   heading__size--large heading__font--sans heading__weight--bold\" id=\"nav-onderhandelingen-over-nieuwe-europese-anti-corruptiewet-op-stoom8918\">\n\tOnderhandelingen over nieuwe Europese anti-corruptiewet op stoom<\/h3>\t\t\t\t\t\t\n\t\t\t<button class=\"buttonV2 buttonV2__color--transparent buttonV2__size--default buttonV2__size-width--default   article-card__buttonV2\" id=\"\">\n\t<div class=\"buttonV2__top-wrapper buttonV2__arrow-align--right\">\n\t\t\t\t\t<span class=\"buttonV2__title\">\n\t\t\t\tLees verder\t\t\t<\/span>\n\t\t\n\t\t\t\t\t<div class=\"buttonV2__icon\">\n\t\t\t\t<svg xmlns='http:\/\/www.w3.org\/2000\/svg' viewBox='0 0 58.14 50.62'><path d='m32.82 50.62 25.32-25.31L32.82 0l-4.35 4.35 17.92 17.86H0v6.21h46.39L28.47 46.33l4.35 4.29z' fill='currentColor' \/><\/svg>\t\t\t<\/div>\n\t\t\t<\/div>\n\n\t<\/button>\t\t<\/div>\n\t<\/a>\n<\/article>\t\t\t\t\t<\/div>\n\t\t\t\t\t\t\t\t\t\t\t\t\t\t<div class=\"swiper-slide\">\n\t\t\t\t\t\t<article class=\"article-card article-card__color--rosePink\">\n\t\t<a class=\"article-card__link\" href=\"https:\/\/d66.nl\/europa\/nieuws\/gerben-jan-gerbrandy-dit-is-het-moment-voor-europa\/\" aria-label=\"Link naar artikel\">\n\t\t<header class=\"article-card__header\">\n\n\t\t\t\t\t\t<div class=\"article-card__meta-row-wrapper\">\n\t\t\t\t<div class=\"article-card__date\">\n\t\t\t\t\t\t<p class=\"paragraph   paragraph__size--medium paragraph__weight--semiBold\">\n\t\t14.04.2025\t<\/p>\t\t\t\t<\/div>\n\t\t\t<\/div>\n\t\t\t\t\t\t\t\t\t\t<div class=\"article-card__featured-image-wrapper\">\n\t\t\t\t\t<img loading=\"lazy\" decoding=\"async\" width=\"1024\" height=\"1024\" src=\"https:\/\/d66.nl\/europa\/wp-content\/uploads\/sites\/434\/2025\/04\/WhatsApp-Image-2025-04-14-at-11.41.35-1024x1024.jpeg\" class=\"image article-card__img\" alt=\"\" \/>\t\t\t\t<\/div>\n\t\t\t\t\t\t\t\t<\/header>\n\n\t\t<div class=\"article-card__body\">\n\t\t\t\t\t\t\t<h3 class=\"heading   heading__size--large heading__font--sans heading__weight--bold\" id=\"nav-dit-is-h--t-moment-voor-europa9071\">\n\tDit is h\u00e9t moment voor Europa<\/h3>\t\t\t\t\t\t\n\t\t\t<button class=\"buttonV2 buttonV2__color--transparent buttonV2__size--default buttonV2__size-width--default   article-card__buttonV2\" id=\"\">\n\t<div class=\"buttonV2__top-wrapper buttonV2__arrow-align--right\">\n\t\t\t\t\t<span class=\"buttonV2__title\">\n\t\t\t\tLees verder\t\t\t<\/span>\n\t\t\n\t\t\t\t\t<div class=\"buttonV2__icon\">\n\t\t\t\t<svg xmlns='http:\/\/www.w3.org\/2000\/svg' viewBox='0 0 58.14 50.62'><path d='m32.82 50.62 25.32-25.31L32.82 0l-4.35 4.35 17.92 17.86H0v6.21h46.39L28.47 46.33l4.35 4.29z' fill='currentColor' \/><\/svg>\t\t\t<\/div>\n\t\t\t<\/div>\n\n\t<\/button>\t\t<\/div>\n\t<\/a>\n<\/article>\t\t\t\t\t<\/div>\n\t\t\t\t\t\t\t\t\t\t\t\t\t\t<div class=\"swiper-slide\">\n\t\t\t\t\t\t<article class=\"article-card article-card__color--yellow\">\n\t\t<a class=\"article-card__link\" href=\"https:\/\/d66.nl\/europa\/nieuws\/huidige-begroting-minuscuul\/\" aria-label=\"Link naar artikel\">\n\t\t<header class=\"article-card__header\">\n\n\t\t\t\t\t\t<div class=\"article-card__meta-row-wrapper\">\n\t\t\t\t<div class=\"article-card__date\">\n\t\t\t\t\t\t<p class=\"paragraph   paragraph__size--medium paragraph__weight--semiBold\">\n\t\t12.02.2025\t<\/p>\t\t\t\t<\/div>\n\t\t\t<\/div>\n\t\t\t\t\t\t\t\t\t\t<div class=\"article-card__featured-image-wrapper\">\n\t\t\t\t\t<img loading=\"lazy\" decoding=\"async\" width=\"1024\" height=\"683\" src=\"https:\/\/d66.nl\/europa\/wp-content\/uploads\/sites\/434\/2025\/02\/1737552916878_20250122_EP-178172D_DE1_0434-1024x683.jpg\" class=\"image article-card__img\" alt=\"\" \/>\t\t\t\t<\/div>\n\t\t\t\t\t\t\t\t<\/header>\n\n\t\t<div class=\"article-card__body\">\n\t\t\t\t\t\t\t<h3 class=\"heading   heading__size--large heading__font--sans heading__weight--bold\" id=\"nav-d66-pleit-voor-hervorming-europese-begroting---huidige-begroting-minuscuul-2492\">\n\tD66 pleit voor hervorming Europese begroting: &#8220;Huidige begroting minuscuul&#8221;<\/h3>\t\t\t\t\t\t\n\t\t\t<button class=\"buttonV2 buttonV2__color--transparent buttonV2__size--default buttonV2__size-width--default   article-card__buttonV2\" id=\"\">\n\t<div class=\"buttonV2__top-wrapper buttonV2__arrow-align--right\">\n\t\t\t\t\t<span class=\"buttonV2__title\">\n\t\t\t\tLees verder\t\t\t<\/span>\n\t\t\n\t\t\t\t\t<div class=\"buttonV2__icon\">\n\t\t\t\t<svg xmlns='http:\/\/www.w3.org\/2000\/svg' viewBox='0 0 58.14 50.62'><path d='m32.82 50.62 25.32-25.31L32.82 0l-4.35 4.35 17.92 17.86H0v6.21h46.39L28.47 46.33l4.35 4.29z' fill='currentColor' \/><\/svg>\t\t\t<\/div>\n\t\t\t<\/div>\n\n\t<\/button>\t\t<\/div>\n\t<\/a>\n<\/article>\t\t\t\t\t<\/div>\n\t\t\t\t\t\t\t\t\t\t\t\t\t\t<div class=\"swiper-slide\">\n\t\t\t\t\t\t<article class=\"article-card article-card__color--romanSilver\">\n\t\t<a class=\"article-card__link\" href=\"https:\/\/d66.nl\/europa\/nieuws\/onderhandelingen-anticorruptie-gestart\/\" aria-label=\"Link naar artikel\">\n\t\t<header class=\"article-card__header\">\n\n\t\t\t\t\t\t<div class=\"article-card__meta-row-wrapper\">\n\t\t\t\t<div class=\"article-card__date\">\n\t\t\t\t\t\t<p class=\"paragraph   paragraph__size--medium paragraph__weight--semiBold\">\n\t\t31.01.2025\t<\/p>\t\t\t\t<\/div>\n\t\t\t<\/div>\n\t\t\t\t\t\t\t\t\t\t<div class=\"article-card__featured-image-wrapper\">\n\t\t\t\t\t<img loading=\"lazy\" decoding=\"async\" width=\"1024\" height=\"683\" src=\"https:\/\/d66.nl\/europa\/wp-content\/uploads\/sites\/434\/2025\/01\/1738084456040_20250128_EP-179196A_PB9_070-1024x683.jpg\" class=\"image article-card__img\" alt=\"\" \/>\t\t\t\t<\/div>\n\t\t\t\t\t\t\t\t<\/header>\n\n\t\t<div class=\"article-card__body\">\n\t\t\t\t\t\t\t<h3 class=\"heading   heading__size--large heading__font--sans heading__weight--bold\" id=\"nav-onderhandelingen-over-anti-corruptiewet-van-start7434\">\n\tOnderhandelingen over anti-corruptiewet van start<\/h3>\t\t\t\t\t\t\n\t\t\t<button class=\"buttonV2 buttonV2__color--transparent buttonV2__size--default buttonV2__size-width--default   article-card__buttonV2\" id=\"\">\n\t<div class=\"buttonV2__top-wrapper buttonV2__arrow-align--right\">\n\t\t\t\t\t<span class=\"buttonV2__title\">\n\t\t\t\tLees verder\t\t\t<\/span>\n\t\t\n\t\t\t\t\t<div class=\"buttonV2__icon\">\n\t\t\t\t<svg xmlns='http:\/\/www.w3.org\/2000\/svg' viewBox='0 0 58.14 50.62'><path d='m32.82 50.62 25.32-25.31L32.82 0l-4.35 4.35 17.92 17.86H0v6.21h46.39L28.47 46.33l4.35 4.29z' fill='currentColor' \/><\/svg>\t\t\t<\/div>\n\t\t\t<\/div>\n\n\t<\/button>\t\t<\/div>\n\t<\/a>\n<\/article>\t\t\t\t\t<\/div>\n\t\t\t\t\t\t\t\t\t\t\t\t\t\t<div class=\"swiper-slide\">\n\t\t\t\t\t\t<article class=\"article-card article-card__color--yellow\">\n\t\t<a class=\"article-card__link\" href=\"https:\/\/d66.nl\/europa\/nieuws\/clean-industrial-deal\/\" aria-label=\"Link naar artikel\">\n\t\t<header class=\"article-card__header\">\n\n\t\t\t\t\t\t<div class=\"article-card__meta-row-wrapper\">\n\t\t\t\t<div class=\"article-card__date\">\n\t\t\t\t\t\t<p class=\"paragraph   paragraph__size--medium paragraph__weight--semiBold\">\n\t\t29.01.2025\t<\/p>\t\t\t\t<\/div>\n\t\t\t<\/div>\n\t\t\t\t\t\t\t\t\t\t<div class=\"article-card__featured-image-wrapper\">\n\t\t\t\t\t<img loading=\"lazy\" decoding=\"async\" width=\"1024\" height=\"683\" src=\"https:\/\/d66.nl\/europa\/wp-content\/uploads\/sites\/434\/2025\/01\/1737552877550_20250122_EP-178172D_DE1_0420-1024x683.jpg\" class=\"image article-card__img\" alt=\"\" \/>\t\t\t\t<\/div>\n\t\t\t\t\t\t\t\t<\/header>\n\n\t\t<div class=\"article-card__body\">\n\t\t\t\t\t\t\t<h3 class=\"heading   heading__size--large heading__font--sans heading__weight--bold\" id=\"nav-clean-industrial-deal--een-kans-om-europa---s-kracht-te-bevestigen500\">\n\tClean Industrial Deal: een kans om Europa\u2019s kracht te bevestigen<\/h3>\t\t\t\t\t\t\n\t\t\t<button class=\"buttonV2 buttonV2__color--transparent buttonV2__size--default buttonV2__size-width--default   article-card__buttonV2\" id=\"\">\n\t<div class=\"buttonV2__top-wrapper buttonV2__arrow-align--right\">\n\t\t\t\t\t<span class=\"buttonV2__title\">\n\t\t\t\tLees verder\t\t\t<\/span>\n\t\t\n\t\t\t\t\t<div class=\"buttonV2__icon\">\n\t\t\t\t<svg xmlns='http:\/\/www.w3.org\/2000\/svg' viewBox='0 0 58.14 50.62'><path d='m32.82 50.62 25.32-25.31L32.82 0l-4.35 4.35 17.92 17.86H0v6.21h46.39L28.47 46.33l4.35 4.29z' fill='currentColor' \/><\/svg>\t\t\t<\/div>\n\t\t\t<\/div>\n\n\t<\/button>\t\t<\/div>\n\t<\/a>\n<\/article>\t\t\t\t\t<\/div>\n\t\t\t\t\t\t\t\t\t\t\t\t\t\t<div class=\"swiper-slide\">\n\t\t\t\t\t\t<article class=\"article-card article-card__color--rosePink\">\n\t\t<a class=\"article-card__link\" href=\"https:\/\/d66.nl\/europa\/nieuws\/starlinkdeal\/\" aria-label=\"Link naar artikel\">\n\t\t<header class=\"article-card__header\">\n\n\t\t\t\t\t\t<div class=\"article-card__meta-row-wrapper\">\n\t\t\t\t<div class=\"article-card__date\">\n\t\t\t\t\t\t<p class=\"paragraph   paragraph__size--medium paragraph__weight--semiBold\">\n\t\t07.01.2025\t<\/p>\t\t\t\t<\/div>\n\t\t\t<\/div>\n\t\t\t\t\t\t\t\t\t\t<div class=\"article-card__featured-image-wrapper\">\n\t\t\t\t\t<img loading=\"lazy\" decoding=\"async\" width=\"800\" height=\"533\" src=\"https:\/\/d66.nl\/europa\/wp-content\/uploads\/sites\/434\/2025\/01\/619ecfd_1730734614179-maxnewsfrfive810990.png\" class=\"image article-card__img\" alt=\"\" \/>\t\t\t\t<\/div>\n\t\t\t\t\t\t\t\t<\/header>\n\n\t\t<div class=\"article-card__body\">\n\t\t\t\t\t\t\t<h3 class=\"heading   heading__size--large heading__font--sans heading__weight--bold\" id=\"nav-europarlementari--rs-trekken-aan-de-bel-om-italiaanse-starlinkdeal-----schijn-van-gevaarlijke-vriendjespolitiek-----7139\">\n\tEuroparlementari\u00ebrs trekken aan de bel om Italiaanse Starlinkdeal: \u201cSchijn van gevaarlijke vriendjespolitiek\u201d\u00a0<\/h3>\t\t\t\t\t\t\n\t\t\t<button class=\"buttonV2 buttonV2__color--transparent buttonV2__size--default buttonV2__size-width--default   article-card__buttonV2\" id=\"\">\n\t<div class=\"buttonV2__top-wrapper buttonV2__arrow-align--right\">\n\t\t\t\t\t<span class=\"buttonV2__title\">\n\t\t\t\tLees verder\t\t\t<\/span>\n\t\t\n\t\t\t\t\t<div class=\"buttonV2__icon\">\n\t\t\t\t<svg xmlns='http:\/\/www.w3.org\/2000\/svg' viewBox='0 0 58.14 50.62'><path d='m32.82 50.62 25.32-25.31L32.82 0l-4.35 4.35 17.92 17.86H0v6.21h46.39L28.47 46.33l4.35 4.29z' fill='currentColor' \/><\/svg>\t\t\t<\/div>\n\t\t\t<\/div>\n\n\t<\/button>\t\t<\/div>\n\t<\/a>\n<\/article>\t\t\t\t\t<\/div>\n\t\t\t\t\t\t\t\t\t\t\t\t\t\t<div class=\"swiper-slide\">\n\t\t\t\t\t\t<article class=\"article-card article-card__color--olive\">\n\t\t<a class=\"article-card__link\" href=\"https:\/\/d66.nl\/europa\/nieuws\/europees-vuurwerkverbod\/\" aria-label=\"Link naar artikel\">\n\t\t<header class=\"article-card__header\">\n\n\t\t\t\t\t\t<div class=\"article-card__meta-row-wrapper\">\n\t\t\t\t<div class=\"article-card__date\">\n\t\t\t\t\t\t<p class=\"paragraph   paragraph__size--medium paragraph__weight--semiBold\">\n\t\t18.12.2024\t<\/p>\t\t\t\t<\/div>\n\t\t\t<\/div>\n\t\t\t\t\t\t\t\t\t\t<div class=\"article-card__featured-image-wrapper\">\n\t\t\t\t\t<img loading=\"lazy\" decoding=\"async\" width=\"1024\" height=\"683\" src=\"https:\/\/d66.nl\/europa\/wp-content\/uploads\/sites\/434\/2025\/01\/sylvester-1125786_1920-1024x683.jpg\" class=\"image article-card__img\" alt=\"\" \/>\t\t\t\t<\/div>\n\t\t\t\t\t\t\t\t<\/header>\n\n\t\t<div class=\"article-card__body\">\n\t\t\t\t\t\t\t<h3 class=\"heading   heading__size--large heading__font--sans heading__weight--bold\" id=\"nav-d66-wil-zwaar-vuurwerk-europees-aan-banden-leggen8042\">\n\tD66 wil zwaar vuurwerk Europees aan banden leggen<\/h3>\t\t\t\t\t\t\n\t\t\t<button class=\"buttonV2 buttonV2__color--transparent buttonV2__size--default buttonV2__size-width--default   article-card__buttonV2\" id=\"\">\n\t<div class=\"buttonV2__top-wrapper buttonV2__arrow-align--right\">\n\t\t\t\t\t<span class=\"buttonV2__title\">\n\t\t\t\tLees verder\t\t\t<\/span>\n\t\t\n\t\t\t\t\t<div class=\"buttonV2__icon\">\n\t\t\t\t<svg xmlns='http:\/\/www.w3.org\/2000\/svg' viewBox='0 0 58.14 50.62'><path d='m32.82 50.62 25.32-25.31L32.82 0l-4.35 4.35 17.92 17.86H0v6.21h46.39L28.47 46.33l4.35 4.29z' fill='currentColor' \/><\/svg>\t\t\t<\/div>\n\t\t\t<\/div>\n\n\t<\/button>\t\t<\/div>\n\t<\/a>\n<\/article>\t\t\t\t\t<\/div>\n\t\t\t\t\t\t\t\t\t\t\t\t\t\t<div class=\"swiper-slide\">\n\t\t\t\t\t\t<article class=\"article-card article-card__color--tomato\">\n\t\t<a class=\"article-card__link\" href=\"https:\/\/d66.nl\/europa\/nieuws\/tata-steel\/\" aria-label=\"Link naar artikel\">\n\t\t<header class=\"article-card__header\">\n\n\t\t\t\t\t\t<div class=\"article-card__meta-row-wrapper\">\n\t\t\t\t<div class=\"article-card__date\">\n\t\t\t\t\t\t<p class=\"paragraph   paragraph__size--medium paragraph__weight--semiBold\">\n\t\t18.12.2024\t<\/p>\t\t\t\t<\/div>\n\t\t\t<\/div>\n\t\t\t\t\t\t\t\t\t\t<div class=\"article-card__featured-image-wrapper\">\n\t\t\t\t\t<img loading=\"lazy\" decoding=\"async\" width=\"1024\" height=\"683\" src=\"https:\/\/d66.nl\/europa\/wp-content\/uploads\/sites\/434\/2024\/12\/yasin-hemmati-zHK__gTTTds-unsplash-1024x683.jpg\" class=\"image article-card__img\" alt=\"\" \/>\t\t\t\t<\/div>\n\t\t\t\t\t\t\t\t<\/header>\n\n\t\t<div class=\"article-card__body\">\n\t\t\t\t\t\t\t<h3 class=\"heading   heading__size--large heading__font--sans heading__weight--bold\" id=\"nav-een-oplossing-voor-tata-steel7348\">\n\tEen oplossing voor Tata Steel<\/h3>\t\t\t\t\t\t\n\t\t\t<button class=\"buttonV2 buttonV2__color--transparent buttonV2__size--default buttonV2__size-width--default   article-card__buttonV2\" id=\"\">\n\t<div class=\"buttonV2__top-wrapper buttonV2__arrow-align--right\">\n\t\t\t\t\t<span class=\"buttonV2__title\">\n\t\t\t\tLees verder\t\t\t<\/span>\n\t\t\n\t\t\t\t\t<div class=\"buttonV2__icon\">\n\t\t\t\t<svg xmlns='http:\/\/www.w3.org\/2000\/svg' viewBox='0 0 58.14 50.62'><path d='m32.82 50.62 25.32-25.31L32.82 0l-4.35 4.35 17.92 17.86H0v6.21h46.39L28.47 46.33l4.35 4.29z' fill='currentColor' \/><\/svg>\t\t\t<\/div>\n\t\t\t<\/div>\n\n\t<\/button>\t\t<\/div>\n\t<\/a>\n<\/article>\t\t\t\t\t<\/div>\n\t\t\t\t\t\t\t\t\t\t\t\t\t\t<div class=\"swiper-slide\">\n\t\t\t\t\t\t<article class=\"article-card article-card__color--rosePink\">\n\t\t<a class=\"article-card__link\" href=\"https:\/\/d66.nl\/europa\/nieuws\/d66-wil-europese-minimumleeftijd-van-15-jaar-voor-social-media\/\" aria-label=\"Link naar artikel\">\n\t\t<header class=\"article-card__header\">\n\n\t\t\t\t\t\t<div class=\"article-card__meta-row-wrapper\">\n\t\t\t\t<div class=\"article-card__date\">\n\t\t\t\t\t\t<p class=\"paragraph   paragraph__size--medium paragraph__weight--semiBold\">\n\t\t16.12.2024\t<\/p>\t\t\t\t<\/div>\n\t\t\t<\/div>\n\t\t\t\t\t\t\t\t\t\t<div class=\"article-card__featured-image-wrapper\">\n\t\t\t\t\t<img loading=\"lazy\" decoding=\"async\" width=\"1024\" height=\"683\" src=\"https:\/\/d66.nl\/europa\/wp-content\/uploads\/sites\/434\/2024\/12\/D66_1PN3277-1024x683.jpg\" class=\"image article-card__img\" alt=\"\" \/>\t\t\t\t<\/div>\n\t\t\t\t\t\t\t\t<\/header>\n\n\t\t<div class=\"article-card__body\">\n\t\t\t\t\t\t\t<h3 class=\"heading   heading__size--large heading__font--sans heading__weight--bold\" id=\"nav-d66-wil-europese-minimumleeftijd-van-15-jaar-voor-social-media5781\">\n\tD66 wil Europese minimumleeftijd van 15 jaar voor social media<\/h3>\t\t\t\t\t\t\n\t\t\t<button class=\"buttonV2 buttonV2__color--transparent buttonV2__size--default buttonV2__size-width--default   article-card__buttonV2\" id=\"\">\n\t<div class=\"buttonV2__top-wrapper buttonV2__arrow-align--right\">\n\t\t\t\t\t<span class=\"buttonV2__title\">\n\t\t\t\tLees verder\t\t\t<\/span>\n\t\t\n\t\t\t\t\t<div class=\"buttonV2__icon\">\n\t\t\t\t<svg xmlns='http:\/\/www.w3.org\/2000\/svg' viewBox='0 0 58.14 50.62'><path d='m32.82 50.62 25.32-25.31L32.82 0l-4.35 4.35 17.92 17.86H0v6.21h46.39L28.47 46.33l4.35 4.29z' fill='currentColor' \/><\/svg>\t\t\t<\/div>\n\t\t\t<\/div>\n\n\t<\/button>\t\t<\/div>\n\t<\/a>\n<\/article>\t\t\t\t\t<\/div>\n\t\t\t\t\t\t\t\t\t\t\t\t\t\t<div class=\"swiper-slide\">\n\t\t\t\t\t\t<article class=\"article-card article-card__color--tomato\">\n\t\t<a class=\"article-card__link\" href=\"https:\/\/d66.nl\/europa\/nieuws\/minderheidstalen-krijgen-opnieuw-plek-in-het-europees-parlement\/\" aria-label=\"Link naar artikel\">\n\t\t<header class=\"article-card__header\">\n\n\t\t\t\t\t\t<div class=\"article-card__meta-row-wrapper\">\n\t\t\t\t<div class=\"article-card__date\">\n\t\t\t\t\t\t<p class=\"paragraph   paragraph__size--medium paragraph__weight--semiBold\">\n\t\t12.12.2024\t<\/p>\t\t\t\t<\/div>\n\t\t\t<\/div>\n\t\t\t\t\t\t\t\t\t\t<div class=\"article-card__featured-image-wrapper\">\n\t\t\t\t\t<img loading=\"lazy\" decoding=\"async\" width=\"1024\" height=\"683\" src=\"https:\/\/d66.nl\/europa\/wp-content\/uploads\/sites\/434\/2025\/01\/1729707348219_20241023_EP-174102G_ENG_PST_047-1024x683.jpg\" class=\"image article-card__img\" alt=\"\" \/>\t\t\t\t<\/div>\n\t\t\t\t\t\t\t\t<\/header>\n\n\t\t<div class=\"article-card__body\">\n\t\t\t\t\t\t\t<h3 class=\"heading   heading__size--large heading__font--sans heading__weight--bold\" id=\"nav-minderheidstalen-krijgen-opnieuw-plek-in-ep4705\">\n\tMinderheidstalen krijgen opnieuw plek in EP<\/h3>\t\t\t\t\t\t\n\t\t\t<button class=\"buttonV2 buttonV2__color--transparent buttonV2__size--default buttonV2__size-width--default   article-card__buttonV2\" id=\"\">\n\t<div class=\"buttonV2__top-wrapper buttonV2__arrow-align--right\">\n\t\t\t\t\t<span class=\"buttonV2__title\">\n\t\t\t\tLees verder\t\t\t<\/span>\n\t\t\n\t\t\t\t\t<div class=\"buttonV2__icon\">\n\t\t\t\t<svg xmlns='http:\/\/www.w3.org\/2000\/svg' viewBox='0 0 58.14 50.62'><path d='m32.82 50.62 25.32-25.31L32.82 0l-4.35 4.35 17.92 17.86H0v6.21h46.39L28.47 46.33l4.35 4.29z' fill='currentColor' \/><\/svg>\t\t\t<\/div>\n\t\t\t<\/div>\n\n\t<\/button>\t\t<\/div>\n\t<\/a>\n<\/article>\t\t\t\t\t<\/div>\n\t\t\t\t\t\t\t\t\t\t\t\t\t\t<div class=\"swiper-slide\">\n\t\t\t\t\t\t<article class=\"article-card article-card__color--skyBlue\">\n\t\t<a class=\"article-card__link\" href=\"https:\/\/d66.nl\/europa\/nieuws\/opluchting-over-ontbossingswet\/\" aria-label=\"Link naar artikel\">\n\t\t<header class=\"article-card__header\">\n\n\t\t\t\t\t\t<div class=\"article-card__meta-row-wrapper\">\n\t\t\t\t<div class=\"article-card__date\">\n\t\t\t\t\t\t<p class=\"paragraph   paragraph__size--medium paragraph__weight--semiBold\">\n\t\t06.12.2024\t<\/p>\t\t\t\t<\/div>\n\t\t\t<\/div>\n\t\t\t\t\t\t\t\t\t\t<div class=\"article-card__featured-image-wrapper\">\n\t\t\t\t\t<img loading=\"lazy\" decoding=\"async\" width=\"1024\" height=\"576\" src=\"https:\/\/d66.nl\/europa\/wp-content\/uploads\/sites\/434\/2024\/04\/d66-gerben-jan-gerbrandy-congrestoespraak-1024x576.jpg\" class=\"image article-card__img\" alt=\"\" \/>\t\t\t\t<\/div>\n\t\t\t\t\t\t\t\t<\/header>\n\n\t\t<div class=\"article-card__body\">\n\t\t\t\t\t\t\t<h3 class=\"heading   heading__size--large heading__font--sans heading__weight--bold\" id=\"nav-opluchting-over-ontbossingswet9625\">\n\tOpluchting over ontbossingswet<\/h3>\t\t\t\t\t\t\n\t\t\t<button class=\"buttonV2 buttonV2__color--transparent buttonV2__size--default buttonV2__size-width--default   article-card__buttonV2\" id=\"\">\n\t<div class=\"buttonV2__top-wrapper buttonV2__arrow-align--right\">\n\t\t\t\t\t<span class=\"buttonV2__title\">\n\t\t\t\tLees verder\t\t\t<\/span>\n\t\t\n\t\t\t\t\t<div class=\"buttonV2__icon\">\n\t\t\t\t<svg xmlns='http:\/\/www.w3.org\/2000\/svg' viewBox='0 0 58.14 50.62'><path d='m32.82 50.62 25.32-25.31L32.82 0l-4.35 4.35 17.92 17.86H0v6.21h46.39L28.47 46.33l4.35 4.29z' fill='currentColor' \/><\/svg>\t\t\t<\/div>\n\t\t\t<\/div>\n\n\t<\/button>\t\t<\/div>\n\t<\/a>\n<\/article>\t\t\t\t\t<\/div>\n\t\t\t\t\t\t\t\t\t\t\t\t\t\t<div class=\"swiper-slide\">\n\t\t\t\t\t\t<article class=\"article-card article-card__color--olive\">\n\t\t<a class=\"article-card__link\" href=\"https:\/\/d66.nl\/europa\/nieuws\/er-is-een-alternatief-voor-de-grenscontroles\/\" aria-label=\"Link naar artikel\">\n\t\t<header class=\"article-card__header\">\n\n\t\t\t\t\t\t<div class=\"article-card__meta-row-wrapper\">\n\t\t\t\t<div class=\"article-card__date\">\n\t\t\t\t\t\t<p class=\"paragraph   paragraph__size--medium paragraph__weight--semiBold\">\n\t\t05.12.2024\t<\/p>\t\t\t\t<\/div>\n\t\t\t<\/div>\n\t\t\t\t\t\t\t\t\t\t<div class=\"article-card__featured-image-wrapper\">\n\t\t\t\t\t<img loading=\"lazy\" decoding=\"async\" width=\"1024\" height=\"667\" src=\"https:\/\/d66.nl\/europa\/wp-content\/uploads\/sites\/434\/2024\/12\/082ad7130b7a3bf0d32f17e117dfcef30c19a6d5-1024x667.jpg\" class=\"image article-card__img\" alt=\"\" \/>\t\t\t\t<\/div>\n\t\t\t\t\t\t\t\t<\/header>\n\n\t\t<div class=\"article-card__body\">\n\t\t\t\t\t\t\t<h3 class=\"heading   heading__size--large heading__font--sans heading__weight--bold\" id=\"nav-ons-plan-tegen-grenscontroles4447\">\n\tOns plan tegen grenscontroles<\/h3>\t\t\t\t\t\t\n\t\t\t<button class=\"buttonV2 buttonV2__color--transparent buttonV2__size--default buttonV2__size-width--default   article-card__buttonV2\" id=\"\">\n\t<div class=\"buttonV2__top-wrapper buttonV2__arrow-align--right\">\n\t\t\t\t\t<span class=\"buttonV2__title\">\n\t\t\t\tLees verder\t\t\t<\/span>\n\t\t\n\t\t\t\t\t<div class=\"buttonV2__icon\">\n\t\t\t\t<svg xmlns='http:\/\/www.w3.org\/2000\/svg' viewBox='0 0 58.14 50.62'><path d='m32.82 50.62 25.32-25.31L32.82 0l-4.35 4.35 17.92 17.86H0v6.21h46.39L28.47 46.33l4.35 4.29z' fill='currentColor' \/><\/svg>\t\t\t<\/div>\n\t\t\t<\/div>\n\n\t<\/button>\t\t<\/div>\n\t<\/a>\n<\/article>\t\t\t\t\t<\/div>\n\t\t\t\t\t\t\t\t\t\t\t\t\t\t<div class=\"swiper-slide\">\n\t\t\t\t\t\t<article class=\"article-card article-card__color--rosePink\">\n\t\t<a class=\"article-card__link\" href=\"https:\/\/d66.nl\/europa\/nieuws\/d66-europarlementarier-toponderhandelaar-europese-anti-corruptiewet\/\" aria-label=\"Link naar artikel\">\n\t\t<header class=\"article-card__header\">\n\n\t\t\t\t\t\t<div class=\"article-card__meta-row-wrapper\">\n\t\t\t\t<div class=\"article-card__date\">\n\t\t\t\t\t\t<p class=\"paragraph   paragraph__size--medium paragraph__weight--semiBold\">\n\t\t04.12.2024\t<\/p>\t\t\t\t<\/div>\n\t\t\t<\/div>\n\t\t\t\t\t\t\t\t\t\t<div class=\"article-card__featured-image-wrapper\">\n\t\t\t\t\t<img loading=\"lazy\" decoding=\"async\" width=\"1024\" height=\"683\" src=\"https:\/\/d66.nl\/europa\/wp-content\/uploads\/sites\/434\/2024\/12\/1732638986361_20241126_EP-175847A_STP_0039-1024x683.jpg\" class=\"image article-card__img\" alt=\"\" \/>\t\t\t\t<\/div>\n\t\t\t\t\t\t\t\t<\/header>\n\n\t\t<div class=\"article-card__body\">\n\t\t\t\t\t\t\t<h3 class=\"heading   heading__size--large heading__font--sans heading__weight--bold\" id=\"nav-d66-europarlementari--r-toponderhandelaar-anti-corruptiewet1292\">\n\tD66-Europarlementari\u00ebr toponderhandelaar anti-corruptiewet<\/h3>\t\t\t\t\t\t\n\t\t\t<button class=\"buttonV2 buttonV2__color--transparent buttonV2__size--default buttonV2__size-width--default   article-card__buttonV2\" id=\"\">\n\t<div class=\"buttonV2__top-wrapper buttonV2__arrow-align--right\">\n\t\t\t\t\t<span class=\"buttonV2__title\">\n\t\t\t\tLees verder\t\t\t<\/span>\n\t\t\n\t\t\t\t\t<div class=\"buttonV2__icon\">\n\t\t\t\t<svg xmlns='http:\/\/www.w3.org\/2000\/svg' viewBox='0 0 58.14 50.62'><path d='m32.82 50.62 25.32-25.31L32.82 0l-4.35 4.35 17.92 17.86H0v6.21h46.39L28.47 46.33l4.35 4.29z' fill='currentColor' \/><\/svg>\t\t\t<\/div>\n\t\t\t<\/div>\n\n\t<\/button>\t\t<\/div>\n\t<\/a>\n<\/article>\t\t\t\t\t<\/div>\n\t\t\t\t\t\t\t\t\t\t\t\t\t\t<div class=\"swiper-slide\">\n\t\t\t\t\t\t<article class=\"article-card article-card__color--yellow\">\n\t\t<a class=\"article-card__link\" href=\"https:\/\/d66.nl\/europa\/nieuws\/brigitte-van-den-berg-reageert-op-protesten-georgiers-willen-hun-eigen-toekomst-kunnen-kiezen\/\" aria-label=\"Link naar artikel\">\n\t\t<header class=\"article-card__header\">\n\n\t\t\t\t\t\t<div class=\"article-card__meta-row-wrapper\">\n\t\t\t\t<div class=\"article-card__date\">\n\t\t\t\t\t\t<p class=\"paragraph   paragraph__size--medium paragraph__weight--semiBold\">\n\t\t01.12.2024\t<\/p>\t\t\t\t<\/div>\n\t\t\t<\/div>\n\t\t\t\t\t\t\t\t\t\t<div class=\"article-card__featured-image-wrapper\">\n\t\t\t\t\t<img loading=\"lazy\" decoding=\"async\" width=\"1024\" height=\"577\" src=\"https:\/\/d66.nl\/europa\/wp-content\/uploads\/sites\/434\/2024\/12\/sheldon-kennedy-y1vuKOp-p2U-unsplash-1024x577.jpg\" class=\"image article-card__img\" alt=\"\" \/>\t\t\t\t<\/div>\n\t\t\t\t\t\t\t\t<\/header>\n\n\t\t<div class=\"article-card__body\">\n\t\t\t\t\t\t\t<h3 class=\"heading   heading__size--large heading__font--sans heading__weight--bold\" id=\"nav-georgi---hoort-bij-europa5953\">\n\tGeorgi\u00eb hoort bij Europa<\/h3>\t\t\t\t\t\t\n\t\t\t<button class=\"buttonV2 buttonV2__color--transparent buttonV2__size--default buttonV2__size-width--default   article-card__buttonV2\" id=\"\">\n\t<div class=\"buttonV2__top-wrapper buttonV2__arrow-align--right\">\n\t\t\t\t\t<span class=\"buttonV2__title\">\n\t\t\t\tLees verder\t\t\t<\/span>\n\t\t\n\t\t\t\t\t<div class=\"buttonV2__icon\">\n\t\t\t\t<svg xmlns='http:\/\/www.w3.org\/2000\/svg' viewBox='0 0 58.14 50.62'><path d='m32.82 50.62 25.32-25.31L32.82 0l-4.35 4.35 17.92 17.86H0v6.21h46.39L28.47 46.33l4.35 4.29z' fill='currentColor' \/><\/svg>\t\t\t<\/div>\n\t\t\t<\/div>\n\n\t<\/button>\t\t<\/div>\n\t<\/a>\n<\/article>\t\t\t\t\t<\/div>\n\t\t\t\t\t\t\t\t\t\t\t\t\t\t<div class=\"swiper-slide\">\n\t\t\t\t\t\t<article class=\"article-card article-card__color--rosePink\">\n\t\t<a class=\"article-card__link\" href=\"https:\/\/d66.nl\/europa\/nieuws\/nieuwe-europese-commissie\/\" aria-label=\"Link naar artikel\">\n\t\t<header class=\"article-card__header\">\n\n\t\t\t\t\t\t<div class=\"article-card__meta-row-wrapper\">\n\t\t\t\t<div class=\"article-card__date\">\n\t\t\t\t\t\t<p class=\"paragraph   paragraph__size--medium paragraph__weight--semiBold\">\n\t\t27.11.2024\t<\/p>\t\t\t\t<\/div>\n\t\t\t<\/div>\n\t\t\t\t\t\t\t\t\t\t<div class=\"article-card__featured-image-wrapper\">\n\t\t\t\t\t<img loading=\"lazy\" decoding=\"async\" width=\"1024\" height=\"683\" src=\"https:\/\/d66.nl\/europa\/wp-content\/uploads\/sites\/434\/2024\/11\/1732712746898_20241127_EP-176159B_DLL_282-1024x683.jpg\" class=\"image article-card__img\" alt=\"De nieuwe Commissievoorzitter Ursula von der Leyen met Parlementsvoorzitter Metsola\" \/>\t\t\t\t<\/div>\n\t\t\t\t\t\t\t\t<\/header>\n\n\t\t<div class=\"article-card__body\">\n\t\t\t\t\t\t\t<h3 class=\"heading   heading__size--large heading__font--sans heading__weight--bold\" id=\"nav-d66-stemt-voor-ambitieuze-europese-commissie8180\">\n\tD66 stemt voor ambitieuze Europese Commissie<\/h3>\t\t\t\t\t\t\n\t\t\t<button class=\"buttonV2 buttonV2__color--transparent buttonV2__size--default buttonV2__size-width--default   article-card__buttonV2\" id=\"\">\n\t<div class=\"buttonV2__top-wrapper buttonV2__arrow-align--right\">\n\t\t\t\t\t<span class=\"buttonV2__title\">\n\t\t\t\tLees verder\t\t\t<\/span>\n\t\t\n\t\t\t\t\t<div class=\"buttonV2__icon\">\n\t\t\t\t<svg xmlns='http:\/\/www.w3.org\/2000\/svg' viewBox='0 0 58.14 50.62'><path d='m32.82 50.62 25.32-25.31L32.82 0l-4.35 4.35 17.92 17.86H0v6.21h46.39L28.47 46.33l4.35 4.29z' fill='currentColor' \/><\/svg>\t\t\t<\/div>\n\t\t\t<\/div>\n\n\t<\/button>\t\t<\/div>\n\t<\/a>\n<\/article>\t\t\t\t\t<\/div>\n\t\t\t\t\t\t\t\t\t\t\t\t\t\t<div class=\"swiper-slide\">\n\t\t\t\t\t\t<article class=\"article-card article-card__color--tomato\">\n\t\t<a class=\"article-card__link\" href=\"https:\/\/d66.nl\/europa\/nieuws\/de-europese-krachten-hebben-gewonnen\/\" aria-label=\"Link naar artikel\">\n\t\t<header class=\"article-card__header\">\n\n\t\t\t\t\t\t<div class=\"article-card__meta-row-wrapper\">\n\t\t\t\t<div class=\"article-card__date\">\n\t\t\t\t\t\t<p class=\"paragraph   paragraph__size--medium paragraph__weight--semiBold\">\n\t\t06.06.2024\t<\/p>\t\t\t\t<\/div>\n\t\t\t<\/div>\n\t\t\t\t\t\t\t\t\t\t<div class=\"article-card__featured-image-wrapper\">\n\t\t\t\t\t<img loading=\"lazy\" decoding=\"async\" width=\"1024\" height=\"576\" src=\"https:\/\/d66.nl\/europa\/wp-content\/uploads\/sites\/434\/2024\/06\/d66-rob-jetten-uitslagenavond-3-1024x576.jpg\" class=\"image article-card__img\" alt=\"\" \/>\t\t\t\t<\/div>\n\t\t\t\t\t\t\t\t<\/header>\n\n\t\t<div class=\"article-card__body\">\n\t\t\t\t\t\t\t<h3 class=\"heading   heading__size--large heading__font--sans heading__weight--bold\" id=\"nav-de-europese-krachten-hebben-gewonnen5956\">\n\tDe Europese krachten hebben gewonnen<\/h3>\t\t\t\t\t\t\n\t\t\t<button class=\"buttonV2 buttonV2__color--transparent buttonV2__size--default buttonV2__size-width--default   article-card__buttonV2\" id=\"\">\n\t<div class=\"buttonV2__top-wrapper buttonV2__arrow-align--right\">\n\t\t\t\t\t<span class=\"buttonV2__title\">\n\t\t\t\tLees verder\t\t\t<\/span>\n\t\t\n\t\t\t\t\t<div class=\"buttonV2__icon\">\n\t\t\t\t<svg xmlns='http:\/\/www.w3.org\/2000\/svg' viewBox='0 0 58.14 50.62'><path d='m32.82 50.62 25.32-25.31L32.82 0l-4.35 4.35 17.92 17.86H0v6.21h46.39L28.47 46.33l4.35 4.29z' fill='currentColor' \/><\/svg>\t\t\t<\/div>\n\t\t\t<\/div>\n\n\t<\/button>\t\t<\/div>\n\t<\/a>\n<\/article>\t\t\t\t\t<\/div>\n\t\t\t\t\t\t\t\t\t\t\t\t\t\t<div class=\"swiper-slide\">\n\t\t\t\t\t\t<article class=\"article-card article-card__color--skyBlue  article-card__variation--full-height-img\" style=\"background-image: url('https:\/\/d66.nl\/europa\/wp-content\/uploads\/sites\/434\/2024\/04\/d66-gerben-jan-gerbrandy-congrestoespraak-1024x576.jpg')\" data-gtm-event=\"click\" data-gtm-group=\"updates\" data-gtm-target=\"Speech lijsttrekker Gerbrandy: Sterk Europa voor Nederland (congres 119)\">\n\t\t\t<div class=\"background-overlay\"><\/div>\n\t\t<a class=\"article-card__link\" href=\"https:\/\/d66.nl\/europa\/nieuws\/speech-gerben-jan-gerbrandy-congres-119\/\" aria-label=\"Link naar artikel\">\n\t\t<header class=\"article-card__header\">\n\n\t\t\t\t\t\t<div class=\"article-card__meta-row-wrapper\">\n\t\t\t\t<div class=\"article-card__date\">\n\t\t\t\t\t\t<p class=\"paragraph   paragraph__size--medium paragraph__weight--semiBold\">\n\t\t06.04.2024\t<\/p>\t\t\t\t<\/div>\n\t\t\t<\/div>\n\t\t\t\t\t\t\t\t\t\t\t<\/header>\n\n\t\t<div class=\"article-card__body\">\n\t\t\t\t\t\t\t<h3 class=\"heading   heading__size--large heading__font--sans heading__weight--bold\" id=\"nav-lijsttrekker-gerbrandy--sterk-europa-voor-nederland8070\">\n\tLijsttrekker Gerbrandy: Sterk Europa voor Nederland<\/h3>\t\t\t\t\t\t\t\t\t\t<div class=\"article-card__excerpt\">\n\t\t\t\t\t<p class=\"paragraph   paragraph__size--default paragraph__weight--medium\">\n\t\tEr raast een oorlog langs de randen van de Europese Unie. En er hangt een donkere wolk boven ons continent. We moeten opstaan tegen partijen die de rechtsstaat afbreken.\u00a0\t<\/p>\t\t\t\t<\/div>\n\t\t\t\n\t\t\t<button class=\"buttonV2 buttonV2__color--transparent buttonV2__size--default buttonV2__size-width--default   article-card__buttonV2\" id=\"\">\n\t<div class=\"buttonV2__top-wrapper buttonV2__arrow-align--right\">\n\t\t\t\t\t<span class=\"buttonV2__title\">\n\t\t\t\tLees verder\t\t\t<\/span>\n\t\t\n\t\t\t\t\t<div class=\"buttonV2__icon\">\n\t\t\t\t<svg xmlns='http:\/\/www.w3.org\/2000\/svg' viewBox='0 0 58.14 50.62'><path d='m32.82 50.62 25.32-25.31L32.82 0l-4.35 4.35 17.92 17.86H0v6.21h46.39L28.47 46.33l4.35 4.29z' fill='currentColor' \/><\/svg>\t\t\t<\/div>\n\t\t\t<\/div>\n\n\t<\/button>\t\t<\/div>\n\t<\/a>\n<\/article>\t\t\t\t\t<\/div>\n\t\t\t\t\t\t\t\t\t\t\t\t\t\t<div class=\"swiper-slide\">\n\t\t\t\t\t\t<article class=\"article-card article-card__color--tomato\" data-gtm-event=\"click\" data-gtm-group=\"updates\" data-gtm-target=\"Verkiezingsprogramma Europa\">\n\t\t<a class=\"article-card__link\" href=\"https:\/\/d66.nl\/europa\/nieuws\/verkiezingsprogramma-europa\/\" aria-label=\"Link naar artikel\">\n\t\t<header class=\"article-card__header\">\n\n\t\t\t\t\t\t<div class=\"article-card__meta-row-wrapper\">\n\t\t\t\t<div class=\"article-card__date\">\n\t\t\t\t\t\t<p class=\"paragraph   paragraph__size--medium paragraph__weight--semiBold\">\n\t\t06.04.2024\t<\/p>\t\t\t\t<\/div>\n\t\t\t<\/div>\n\t\t\t\t\t\t\t\t\t\t\t<\/header>\n\n\t\t<div class=\"article-card__body\">\n\t\t\t\t\t\t\t<h3 class=\"heading   heading__size--large heading__font--sans heading__weight--bold\" id=\"nav-verkiezingsprogramma-europa8493\">\n\tVerkiezingsprogramma Europa<\/h3>\t\t\t\t\t\t\t\t\t\t<div class=\"article-card__excerpt\">\n\t\t\t\t\t<p class=\"paragraph   paragraph__size--default paragraph__weight--medium\">\n\t\tIn juni van dit jaar kiezen we een nieuw Europees Parlement voor vijf jaar. Wat D66 betreft is de Europese Unie aan het einde van die periode groener, welvarender en&hellip;\t<\/p>\t\t\t\t<\/div>\n\t\t\t\n\t\t\t<button class=\"buttonV2 buttonV2__color--transparent buttonV2__size--default buttonV2__size-width--default   article-card__buttonV2\" id=\"\">\n\t<div class=\"buttonV2__top-wrapper buttonV2__arrow-align--right\">\n\t\t\t\t\t<span class=\"buttonV2__title\">\n\t\t\t\tLees verder\t\t\t<\/span>\n\t\t\n\t\t\t\t\t<div class=\"buttonV2__icon\">\n\t\t\t\t<svg xmlns='http:\/\/www.w3.org\/2000\/svg' viewBox='0 0 58.14 50.62'><path d='m32.82 50.62 25.32-25.31L32.82 0l-4.35 4.35 17.92 17.86H0v6.21h46.39L28.47 46.33l4.35 4.29z' fill='currentColor' \/><\/svg>\t\t\t<\/div>\n\t\t\t<\/div>\n\n\t<\/button>\t\t<\/div>\n\t<\/a>\n<\/article>\t\t\t\t\t<\/div>\n\t\t\t\t\t\t\t<\/div>\n\t\t<\/div>\n\t<\/div>\n\n\t\t\t<div class=\"carousel-slider-navigation js-carousel-slider-navigation carousel-slider-navigation__offset--always\">\n\t<div class=\"carousel-slider-navigation__fraction-pagination-wrapper\">\n\t\t<span class=\"custom-swiper-pagination-current\">1<\/span> \/ <span class=\"custom-swiper-pagination-total\">X<\/span>\n\t<\/div>\n\t<div class=\"carousel-slider-navigation__pagination-wrapper\">\n\t\t<div class=\"carousel-slider-navigation__pagination js-swiper-progressbar\"><\/div>\n\t<\/div>\n\t<div class=\"carousel-slider-navigation__navigation\">\n\t\t<button class=\"carousel-slider-navigation__nav-button carousel-slider-navigation__nav-button--prev js-swiper-prev\" aria-label=\"Previous slide\"><\/button>\n\t\t<button class=\"carousel-slider-navigation__nav-button carousel-slider-navigation__nav-button--next js-swiper-next\" aria-label=\"Next slide\"><\/button>\n\t<\/div>\n<\/div>\t\n<\/div>\t<\/div>\n\n<\/section>\n\t  <\/div>\n\t<\/div>\n  <\/div>\n\n\n<div\n  id=\"\"\n  class=\"wrapper wrapper__spacing-top-large--50 wrapper__spacing-top-desktop--50 wrapper__spacing-top-mobile--50 wrapper__spacing-bottom-large--50 wrapper__spacing-bottom-desktop--50 wrapper__spacing-bottom-mobile--50  wrapper__gutter--none\"\n  >\n  \t<div class=\"wrapper__container wrapper__container-width-large--default\">\n\t  <div class=\"wrapper__inner wrapper__width-large--24 wrapper__width-mobile--24\">\n\t\t<div class=\"cta block-cta__cta\">\n  <div class=\"box box__style--full-width-on-mobile cta__box\" style=\"--box-bg-color: var(--global-colors-yellow)\">\n\t<h2 class=\"heading heading__align--left heading__color--white heading__size--largest heading__font--sans heading__weight--bold  cta__heading\" id=\"nav-bouwen-aan-een-nieuw-europa7435\" data-nav-heading-mobile=\"Bouwen aan een nieuw Europa\">\n\tBouwen aan een nieuw Europa<\/h2><div class=\"cta__image\">\n\n\t<img loading=\"lazy\" decoding=\"async\" width=\"1024\" height=\"825\" src=\"https:\/\/media.d66.nl\/uploads\/sites\/434\/2026\/02\/Foto-Democraat-1024x825-1.jpg\" class=\"image cta__img\" alt=\"\" \/>\n\t<\/div><p class=\"paragraph paragraph__align--left paragraph__color--white paragraph__size--default paragraph__weight--medium  cta__paragraph\">\n\t\tIn het Europees Parlement werken we samen met alle Europese liberalen die willen bouwen aan een nieuw Europa, Renew Europe. Samen zetten we ons in voor Europa, voor vrede, vrijheid en welvaart. Onze delegatieleider Gerben-Jan Gerbrandy is vice-voorzitter van Renew Europe. \t<\/p><div class=\"cta__buttons-wrapper\"><a href=\"https:\/\/www.reneweuropegroup.eu\/\" class=\"btn btn__color--white btn__size--default btn__size-width--default    cta__btn\" id=\"\" title=\"Lees meer over Renew Europe\" data-last-site-id=\"1\">\n\t<div class=\"btn__top-wrapper\">\n\t\t\n\t\t<span class=\"btn__title\">\n\t\t\tLees meer over Renew Europe\t\t<\/span>\n\n\t\t\t<\/div>\n\n\t<span class=\"btn__description\">\n\t\t\t<\/span>\n\n\t<span class=\"btn__spinner btn__spinner--white btn__spinner--default\" aria-hidden=\"true\"><\/span>\n<\/a><\/div><\/div><\/div>\t  <\/div>\n\t<\/div>\n  <\/div>\n","protected":false},"excerpt":{"rendered":"","protected":false},"author":1081,"featured_media":603,"parent":0,"menu_order":0,"comment_status":"closed","ping_status":"open","template":"full-width.php","meta":{"_acf_changed":false,"footnotes":""},"themes-or-point-of-view":[],"labels":[],"search-tags":[],"class_list":["post-2","page","type-page","status-publish","has-post-thumbnail","hentry"],"acf":[],"yoast_head":"<!-- This site is optimized with the Yoast SEO plugin v27.3 - https:\/\/yoast.com\/product\/yoast-seo-wordpress\/ -->\n<title>D66 in het Europees Parlement<\/title>\n<meta name=\"description\" content=\"Onze Europarlementari\u00ebrs werken iedere dag aan een groener, welvarender en veiliger Europa.\" \/>\n<meta name=\"robots\" content=\"index, follow, max-snippet:-1, max-image-preview:large, max-video-preview:-1\" \/>\n<link rel=\"canonical\" href=\"https:\/\/d66.nl\/europa\/\" \/>\n<meta property=\"og:locale\" content=\"nl_NL\" \/>\n<meta property=\"og:type\" content=\"article\" \/>\n<meta property=\"og:title\" content=\"D66 in het Europees Parlement\" \/>\n<meta property=\"og:description\" content=\"Onze Europarlementari\u00ebrs werken iedere dag aan een groener, welvarender en veiliger Europa.\" \/>\n<meta property=\"og:url\" content=\"https:\/\/d66.nl\/europa\/\" \/>\n<meta property=\"og:site_name\" content=\"D66 Europa\" \/>\n<meta property=\"article:modified_time\" content=\"2026-04-29T12:54:40+00:00\" \/>\n<meta property=\"og:image\" content=\"https:\/\/d66.nl\/europa\/wp-content\/uploads\/sites\/434\/2024\/07\/Foto-Democraat-scaled.jpg\" \/>\n\t<meta property=\"og:image:width\" content=\"2560\" \/>\n\t<meta property=\"og:image:height\" content=\"2062\" \/>\n\t<meta property=\"og:image:type\" content=\"image\/jpeg\" \/>\n<meta name=\"twitter:card\" content=\"summary_large_image\" \/>\n<meta name=\"twitter:label1\" content=\"Geschatte leestijd\" \/>\n\t<meta name=\"twitter:data1\" content=\"1 minuut\" \/>\n<script type=\"application\/ld+json\" class=\"yoast-schema-graph\">{\"@context\":\"https:\\\/\\\/schema.org\",\"@graph\":[{\"@type\":\"WebPage\",\"@id\":\"https:\\\/\\\/d66.nl\\\/europa\\\/\",\"url\":\"https:\\\/\\\/d66.nl\\\/europa\\\/\",\"name\":\"D66 in het Europees Parlement\",\"isPartOf\":{\"@id\":\"https:\\\/\\\/d66.nl\\\/europa\\\/#website\"},\"primaryImageOfPage\":{\"@id\":\"https:\\\/\\\/d66.nl\\\/europa\\\/#primaryimage\"},\"image\":{\"@id\":\"https:\\\/\\\/d66.nl\\\/europa\\\/#primaryimage\"},\"thumbnailUrl\":\"https:\\\/\\\/d66.nl\\\/europa\\\/wp-content\\\/uploads\\\/sites\\\/434\\\/2024\\\/07\\\/Foto-Democraat-scaled.jpg\",\"datePublished\":\"2024-01-10T11:54:38+00:00\",\"dateModified\":\"2026-04-29T12:54:40+00:00\",\"description\":\"Onze Europarlementari\u00ebrs werken iedere dag aan een groener, welvarender en veiliger Europa.\",\"breadcrumb\":{\"@id\":\"https:\\\/\\\/d66.nl\\\/europa\\\/#breadcrumb\"},\"inLanguage\":\"nl-NL\",\"potentialAction\":[{\"@type\":\"ReadAction\",\"target\":[\"https:\\\/\\\/d66.nl\\\/europa\\\/\"]}]},{\"@type\":\"ImageObject\",\"inLanguage\":\"nl-NL\",\"@id\":\"https:\\\/\\\/d66.nl\\\/europa\\\/#primaryimage\",\"url\":\"https:\\\/\\\/d66.nl\\\/europa\\\/wp-content\\\/uploads\\\/sites\\\/434\\\/2024\\\/07\\\/Foto-Democraat-scaled.jpg\",\"contentUrl\":\"https:\\\/\\\/d66.nl\\\/europa\\\/wp-content\\\/uploads\\\/sites\\\/434\\\/2024\\\/07\\\/Foto-Democraat-scaled.jpg\",\"width\":2560,\"height\":2062,\"caption\":\"Den Haag, 03-03-2024 D66, kandidaten Europese verkiezingen Foto Martijn Beekman\"},{\"@type\":\"BreadcrumbList\",\"@id\":\"https:\\\/\\\/d66.nl\\\/europa\\\/#breadcrumb\",\"itemListElement\":[{\"@type\":\"ListItem\",\"position\":1,\"name\":\"Home\",\"item\":\"https:\\\/\\\/d66.nl\\\/europa\\\/\"},{\"@type\":\"ListItem\",\"position\":2,\"name\":\"Home\"}]},{\"@type\":\"WebSite\",\"@id\":\"https:\\\/\\\/d66.nl\\\/europa\\\/#website\",\"url\":\"https:\\\/\\\/d66.nl\\\/europa\\\/\",\"name\":\"D66 Europa\",\"description\":\"\u2060Het kan w\u00e9l\",\"potentialAction\":[{\"@type\":\"SearchAction\",\"target\":{\"@type\":\"EntryPoint\",\"urlTemplate\":\"https:\\\/\\\/d66.nl\\\/europa\\\/?s={search_term_string}\"},\"query-input\":{\"@type\":\"PropertyValueSpecification\",\"valueRequired\":true,\"valueName\":\"search_term_string\"}}],\"inLanguage\":\"nl-NL\"}]}<\/script>\n<!-- \/ Yoast SEO plugin. -->","yoast_head_json":{"title":"D66 in het Europees Parlement","description":"Onze Europarlementari\u00ebrs werken iedere dag aan een groener, welvarender en veiliger Europa.","robots":{"index":"index","follow":"follow","max-snippet":"max-snippet:-1","max-image-preview":"max-image-preview:large","max-video-preview":"max-video-preview:-1"},"canonical":"https:\/\/d66.nl\/europa\/","og_locale":"nl_NL","og_type":"article","og_title":"D66 in het Europees Parlement","og_description":"Onze Europarlementari\u00ebrs werken iedere dag aan een groener, welvarender en veiliger Europa.","og_url":"https:\/\/d66.nl\/europa\/","og_site_name":"D66 Europa","article_modified_time":"2026-04-29T12:54:40+00:00","og_image":[{"width":2560,"height":2062,"url":"https:\/\/d66.nl\/europa\/wp-content\/uploads\/sites\/434\/2024\/07\/Foto-Democraat-scaled.jpg","type":"image\/jpeg"}],"twitter_card":"summary_large_image","twitter_misc":{"Geschatte leestijd":"1 minuut"},"schema":{"@context":"https:\/\/schema.org","@graph":[{"@type":"WebPage","@id":"https:\/\/d66.nl\/europa\/","url":"https:\/\/d66.nl\/europa\/","name":"D66 in het Europees Parlement","isPartOf":{"@id":"https:\/\/d66.nl\/europa\/#website"},"primaryImageOfPage":{"@id":"https:\/\/d66.nl\/europa\/#primaryimage"},"image":{"@id":"https:\/\/d66.nl\/europa\/#primaryimage"},"thumbnailUrl":"https:\/\/d66.nl\/europa\/wp-content\/uploads\/sites\/434\/2024\/07\/Foto-Democraat-scaled.jpg","datePublished":"2024-01-10T11:54:38+00:00","dateModified":"2026-04-29T12:54:40+00:00","description":"Onze Europarlementari\u00ebrs werken iedere dag aan een groener, welvarender en veiliger Europa.","breadcrumb":{"@id":"https:\/\/d66.nl\/europa\/#breadcrumb"},"inLanguage":"nl-NL","potentialAction":[{"@type":"ReadAction","target":["https:\/\/d66.nl\/europa\/"]}]},{"@type":"ImageObject","inLanguage":"nl-NL","@id":"https:\/\/d66.nl\/europa\/#primaryimage","url":"https:\/\/d66.nl\/europa\/wp-content\/uploads\/sites\/434\/2024\/07\/Foto-Democraat-scaled.jpg","contentUrl":"https:\/\/d66.nl\/europa\/wp-content\/uploads\/sites\/434\/2024\/07\/Foto-Democraat-scaled.jpg","width":2560,"height":2062,"caption":"Den Haag, 03-03-2024 D66, kandidaten Europese verkiezingen Foto Martijn Beekman"},{"@type":"BreadcrumbList","@id":"https:\/\/d66.nl\/europa\/#breadcrumb","itemListElement":[{"@type":"ListItem","position":1,"name":"Home","item":"https:\/\/d66.nl\/europa\/"},{"@type":"ListItem","position":2,"name":"Home"}]},{"@type":"WebSite","@id":"https:\/\/d66.nl\/europa\/#website","url":"https:\/\/d66.nl\/europa\/","name":"D66 Europa","description":"\u2060Het kan w\u00e9l","potentialAction":[{"@type":"SearchAction","target":{"@type":"EntryPoint","urlTemplate":"https:\/\/d66.nl\/europa\/?s={search_term_string}"},"query-input":{"@type":"PropertyValueSpecification","valueRequired":true,"valueName":"search_term_string"}}],"inLanguage":"nl-NL"}]}},"_links":{"self":[{"href":"https:\/\/d66.nl\/europa\/wp-json\/wp\/v2\/pages\/2","targetHints":{"allow":["GET"]}}],"collection":[{"href":"https:\/\/d66.nl\/europa\/wp-json\/wp\/v2\/pages"}],"about":[{"href":"https:\/\/d66.nl\/europa\/wp-json\/wp\/v2\/types\/page"}],"author":[{"embeddable":true,"href":"https:\/\/d66.nl\/europa\/wp-json\/wp\/v2\/users\/1081"}],"replies":[{"embeddable":true,"href":"https:\/\/d66.nl\/europa\/wp-json\/wp\/v2\/comments?post=2"}],"version-history":[{"count":10,"href":"https:\/\/d66.nl\/europa\/wp-json\/wp\/v2\/pages\/2\/revisions"}],"predecessor-version":[{"id":1578,"href":"https:\/\/d66.nl\/europa\/wp-json\/wp\/v2\/pages\/2\/revisions\/1578"}],"wp:featuredmedia":[{"embeddable":true,"href":"https:\/\/d66.nl\/europa\/wp-json\/wp\/v2\/media\/603"}],"wp:attachment":[{"href":"https:\/\/d66.nl\/europa\/wp-json\/wp\/v2\/media?parent=2"}],"wp:term":[{"taxonomy":"themes-or-point-of-view","embeddable":true,"href":"https:\/\/d66.nl\/europa\/wp-json\/wp\/v2\/themes-or-point-of-view?post=2"},{"taxonomy":"labels","embeddable":true,"href":"https:\/\/d66.nl\/europa\/wp-json\/wp\/v2\/labels?post=2"},{"taxonomy":"search-tags","embeddable":true,"href":"https:\/\/d66.nl\/europa\/wp-json\/wp\/v2\/search-tags?post=2"}],"curies":[{"name":"wp","href":"https:\/\/api.w.org\/{rel}","templated":true}]}}