{"id":950,"date":"2022-02-16T16:10:35","date_gmt":"2022-02-16T16:10:35","guid":{"rendered":"https:\/\/d66.nl\/denhaag\/?page_id=950"},"modified":"2026-02-18T10:59:53","modified_gmt":"2026-02-18T10:59:53","slug":"eregalerij","status":"publish","type":"page","link":"https:\/\/d66.nl\/denhaag\/eregalerij\/","title":{"rendered":"Eregalerij"},"content":{"rendered":"<div\n  id=\"\"\n  class=\"wrapper wrapper__spacing-top-large--160 wrapper__spacing-top-tablet--120 wrapper__spacing-top-mobile--100 wrapper__spacing-bottom-large--90  wrapper__gutter--none\"\n  data-background-color=\"yellow\">\n  \t<div class=\"wrapper__container wrapper__container-width-large--default\">\n\t  <div class=\"wrapper__inner wrapper__width-large--24 wrapper__width-mobile--24\">\n\t\t\n<section class=\"block-video-hero js-block-video-hero\">\n\n\t<a href=\"https:\/\/d66.nl\/denhaag\" class=\"back-button\">\n\t<div class=\"back-button__icon\" aria-hidden=\"true\">\n\t\t<svg xmlns='http:\/\/www.w3.org\/2000\/svg' viewBox='0 0 58.14 50.62'><path d='m32.82 50.62 25.32-25.31L32.82 0l-4.35 4.35 17.92 17.86H0v6.21h46.39L28.47 46.33l4.35 4.29z' fill='currentColor' \/><\/svg>\t<\/div>\n\t<div class=\"back-button__title back-button__title--hide-on-mobile\">\n\t\t\t<\/div>\n<\/a>\n\t<div class=\"block-video-hero__content\">\n\t\t<h1 class=\"text text-big block-video-hero__title\"><strong>Eregalerij<\/strong><\/h1><p class=\"text text-medium block-video-hero__text\">Al sinds 1970 maakt D66 deel uit van de Haagse gemeenteraad. Door de jaren heen hebben de raadsleden zich ingezet om de sociaal-liberale standpunten uit te dragen in de stad. De fractie heeft daarom een eregalerij gemaakt van de raadsleden die D66 hebben vertegenwoordigd.<\/p>\t\t<div class=\"block-video-hero__buttons-wrap\">\n\t\t\t\t\t<\/div>\n\t<\/div>\n\n\t<div class=\"block-video-hero__media\">\n\t\t<div\n\t\t\tclass=\"block-video-hero__video-wrapper\"\n\t\t\tstyle=\"background-image: url('https:\/\/media.d66.nl\/uploads\/sites\/194\/2026\/02\/OUDE-FRACTIE-scaled.png')\">\n\t\t\t\t\t<\/div>\n\n\t\t\t\t\t<div class=\"block-video-hero__caption-wrapper\">\n\t\t\t\t<div class=\"block-video-hero__caption\">\n\t\t\t\t\t<p class=\"paragraph paragraph__align--left paragraph__color--black paragraph__size--small paragraph__weight--medium\">\n\t\tBeeld: D66 Den Haag\t<\/p>\t\t\t\t<\/div>\n\t\t\t<\/div>\n\t\t\t<\/div>\n\n\t<\/section>\n\t  <\/div>\n\t<\/div>\n  <\/div>\n\n\n<div\n  id=\"\"\n  class=\"wrapper wrapper__spacing-top-large--50 wrapper__spacing-bottom-large--50 wrapper__spacing-bottom-desktop--70 wrapper__spacing-bottom-mobile--50  wrapper__gutter--none\"\n  >\n  \t<div class=\"wrapper__container wrapper__container-width-large--default\">\n\t  <div class=\"wrapper__inner wrapper__width-large--18 wrapper__width-desktop--22 wrapper__width-mobile--24 wrapper__offset-large--6 wrapper__offset-desktop--2 wrapper__offset-mobile--0\">\n\t\t<section class=\"block-post-content\">\n\t<div class=\"block-post-content__title\">\n\t\t<h3 class=\"heading  heading__color--black heading__size--medium heading__font--sans heading__weight--semiBold  block-post-content__heading\" id=\"nav--strong-de-fractie-door--strong--br--strong-de-jaren-heen--strong-3692\" data-nav-heading-mobile=\"De fractie doorde jaren heen\">\n\t<strong>De fractie door<\/strong><br><strong>de jaren heen<\/strong><\/h3>\t<\/div>\n\t<div class=\"block-post-content__content\">\n\t\t\n<div\n  id=\"\"\n  class=\"wrapper  wrapper__spacing-bottom-large--30 wrapper__spacing-bottom-desktop--20  wrapper__gutter--none\"\n  >\n  \t<div class=\"wrapper__container wrapper__container-width-large--default\">\n\t  <div class=\"wrapper__inner wrapper__width-large--24 wrapper__width-mobile--24\">\n\t\t<p\n\t\tclass=\"paragraph paragraph__align--left paragraph__color--black paragraph__size--default   block-paragraph__paragraph\"\n\t\t\t>\n\t\t<strong>1970-1974: (3 zetels)<\/strong><br>Pieter van Baarsel<br>Hanneke Gelderblom<br>Henri Dorpema (tot 4-7-1972 en van 4-3-1974 tot 3-9-1974)<br>Hendrik Gerard van Driel (van 24-7-1972 tot 4-3-1974)<br><br><strong>1974-1978: (0 zetels)<br><\/strong><br><strong>1978-1982: (3 zetels)<\/strong><br>Hanneke Gelderblom<br>Ren\u00e9 Vlaanderen<br>Mischa Wladimiroff<br><strong><br>1982-1986: (2 zetels)<\/strong><br>Hanneke Gelderblom<br>Ren\u00e9 Vlaanderen<br><strong><br>1986-1990: (2 zetels)<\/strong><br>Ren\u00e9 Vlaanderen<br>Cathrien van Herwaarden<br><strong><br>1990-1994: (7 zetels)<\/strong><br>Ren\u00e9 Vlaanderen<br>Cathrien van Herwaarden (tot 21-4-1992)<br>Karin de Graaf<br>Corrie Hoekstra (vanaf 23-4-1992 tot 11-4-1994)<br>Anja Overhoff<br>Hennie Pieters<br>Bert van Swoll<br>Jan-Ewout van der Putten<br><strong><br>1994-1998: (7 zetels)<\/strong><br>Karin de Graaf<br>Anja Overhoff<br>Han Polman<br>Jan-Ewout van der Putten<br>Albert van der Zalm<br>Robert van Lente<br>Hennie Pieters<br><strong><br>1998-2002: (3 zetels)<\/strong><br>Han Polman (tot 6-7-2000)<br>Arthur van Buitenen (vanaf 6-7-2000 tot 13-3-2002)<br>Albert van der Zalm<br>Robert van Lente<br><strong><br>2002-2006: (3 zetels)<\/strong><br>Jan Brink (vanaf 7-4-2005)<br>Marjolein de Jong<br>Albert van der Zalm<br>Robert van Lente (tot 7-4-2005)<br><strong><br>2006-2010: (2 zetels)<\/strong><br>Marjolein de Jong<br>Jan Brink (tot 6-11-2008)<br>Rachid Guernaoui (vanaf 6-11-2008)<br><strong><br>2010-2014: (6 zetels)<\/strong><br>Marjolein de Jong (tot 27-5-2010)<br>Rachid Guernaoui<br>Tobias Dander<br>Joost Sneller<br>Kim Waanders<br>Martijn Bordewijk<br>Irene van Geest (vanaf 27-5-2010)<br><strong><br>2014-2018: (8 zetels)<\/strong><br>Ingrid van Engelshoven (tot 26-6-2014)<br>Tobias Dander (tot 03-03-2016)<br>Mehmet Eser<br>Birg\u00fcl \u00d6zmen<br>Kim Waanders<br>Robert van Asten<br>Rachid Guernaoui (tot 16-02-2017)<br>Marjolein de Jong (tot 21-5-2015)<br>Hanneke van der Werf (vanaf 15-4-2014)<br>Dani\u00ebl Scheper (5-6-2014 tot 28-8-2014 en vanaf 3-3-2016)<br>Anne Toeters (vanaf 21-5-2015)<br><strong><br>2018-2022 (6 zetels)<\/strong><br>Hanneke van der Werf (tot 15-4-2021)<br>Dennis Groenewold<br>Marieke van Doorn<br>Fonda Sahla (tot 4-11-2021)<br>Dani\u00ebl Scheper<br>Birg\u00fcl \u00d6zmen<br>Marije Mostert (vanaf 15-4-2021)<br>Anno Fekkes (vanaf 4-11-2021)\t<\/p>\t  <\/div>\n\t<\/div>\n  <\/div>\n\n\t<\/div>\n\n\t<div class=\"block-post-content__sidebar\">\n\t\t\n\t\t\n\t\t\t<\/div>\n<\/section>\n\t  <\/div>\n\t<\/div>\n  <\/div>\n\n\n<div\n  id=\"\"\n  class=\"wrapper  wrapper__spacing-bottom-large--50 wrapper__spacing-bottom-desktop--70 wrapper__spacing-bottom-mobile--50  wrapper__gutter--none\"\n  >\n  \t<div class=\"wrapper__container wrapper__container-width-large--default\">\n\t  <div class=\"wrapper__inner wrapper__width-large--18 wrapper__width-desktop--22 wrapper__width-mobile--24 wrapper__offset-large--6 wrapper__offset-desktop--2 wrapper__offset-mobile--0\">\n\t\t<section class=\"block-post-content\">\n\t<div class=\"block-post-content__title\">\n\t\t<h3 class=\"heading  heading__color--black heading__size--medium heading__font--sans heading__weight--semiBold  block-post-content__heading\" id=\"nav--strong-wethouders-door--strong--br--strong-de-jaren-heen--strong-2281\" data-nav-heading-mobile=\"Wethouders doorde jaren heen\">\n\t<strong>Wethouders door<\/strong><br><strong>de jaren heen<\/strong><\/h3>\t<\/div>\n\t<div class=\"block-post-content__content\">\n\t\t\n<div\n  id=\"\"\n  class=\"wrapper  wrapper__spacing-bottom-large--30 wrapper__spacing-bottom-desktop--20  wrapper__gutter--none\"\n  >\n  \t<div class=\"wrapper__container wrapper__container-width-large--default\">\n\t  <div class=\"wrapper__inner wrapper__width-large--24 wrapper__width-mobile--24\">\n\t\t<p\n\t\tclass=\"paragraph paragraph__align--left paragraph__color--black paragraph__size--default   block-paragraph__paragraph\"\n\t\t\t>\n\t\tRen\u00e9 Vlaanderen (vanaf 29-4-1986 tot 21-5-1992)<br>Jan-Ewout van der Putten (vanaf 21-5-1992 tot 04-03-1998)<br>Marjolein de Jong (vanaf 27-5-2010 tot 26-6-2014)<br>Ingrid van Engelshoven (vanaf 27-5-2010 tot 16-02-2017)<br>Tom de Bruijn (vanaf 26-6-2014 tot 7 juni 2018)<br>Saskia Bruines (vanaf 16-02-2017 tot heden)<br>Robert van Asten (vanaf 7 juni 2018 tot heden)\t<\/p>\t  <\/div>\n\t<\/div>\n  <\/div>\n\n\t<\/div>\n\n\t<div class=\"block-post-content__sidebar\">\n\t\t\n\t\t\n\t\t\t<\/div>\n<\/section>\n\t  <\/div>\n\t<\/div>\n  <\/div>\n\n\n<div\n  id=\"\"\n  class=\"wrapper  wrapper__spacing-bottom-large--20  wrapper__gutter--none\"\n  >\n  \t<div class=\"wrapper__container wrapper__container-width-large--default\">\n\t  <div class=\"wrapper__inner wrapper__width-large--9 wrapper__width-mobile--24 wrapper__offset-large--6\">\n\t\t<img loading=\"lazy\" decoding=\"async\" width=\"1024\" height=\"956\" src=\"https:\/\/media.d66.nl\/uploads\/sites\/194\/2026\/02\/Robert-Scheers-Haags-Gemeentearchief-1024x956.png\" class=\"image block-image__img\" alt=\"\" srcset=\"https:\/\/media.d66.nl\/uploads\/sites\/194\/2026\/02\/Robert-Scheers-Haags-Gemeentearchief-1024x956.png 1024w, https:\/\/media.d66.nl\/uploads\/sites\/194\/2026\/02\/Robert-Scheers-Haags-Gemeentearchief-300x280.png 300w, https:\/\/media.d66.nl\/uploads\/sites\/194\/2026\/02\/Robert-Scheers-Haags-Gemeentearchief-768x717.png 768w, https:\/\/media.d66.nl\/uploads\/sites\/194\/2026\/02\/Robert-Scheers-Haags-Gemeentearchief-1536x1435.png 1536w, https:\/\/media.d66.nl\/uploads\/sites\/194\/2026\/02\/Robert-Scheers-Haags-Gemeentearchief-2048x1913.png 2048w\" sizes=\"auto, (max-width: 1024px) 100vw, 1024px\" \/>\n\t\t\t<div class=\"image__caption-wrapper block-image__caption-wrapper\">\n\t\t\t<div class=\"image__caption block-image__caption\">\n\t\t\t\t<p class=\"paragraph paragraph__align--left paragraph__color--black paragraph__size--small paragraph__weight--medium\">\n\t\tBeeld: D66 Den Haag\t<\/p>\t\t\t<\/div>\n\t\t<\/div>\t  <\/div>\n\t<\/div>\n  <\/div>\n\n\n<div\n  id=\"\"\n  class=\"wrapper  wrapper__spacing-bottom-large--50 wrapper__spacing-bottom-desktop--70 wrapper__spacing-bottom-mobile--50  wrapper__gutter--none\"\n  >\n  \t<div class=\"wrapper__container wrapper__container-width-large--default\">\n\t  <div class=\"wrapper__inner wrapper__width-large--18 wrapper__width-desktop--22 wrapper__width-mobile--24 wrapper__offset-large--6 wrapper__offset-desktop--2 wrapper__offset-mobile--0\">\n\t\t<section class=\"block-post-content\">\n\t<div class=\"block-post-content__title\">\n\t\t<h3 class=\"heading  heading__color--black heading__size--medium heading__font--sans heading__weight--semiBold  block-post-content__heading\" id=\"nav--strong--strong-jet-de-bussy--strong---strong--br--strong--strong-penning---strong---strong-5710\" data-nav-heading-mobile=\"Jet de BussyPenning:\">\n\t<strong><strong>Jet de Bussy<\/strong><\/strong><br><strong><strong>Penning:<\/strong><\/strong><\/h3>\t<\/div>\n\t<div class=\"block-post-content__content\">\n\t\t\n<div\n  id=\"\"\n  class=\"wrapper  wrapper__spacing-bottom-large--30 wrapper__spacing-bottom-desktop--20  wrapper__gutter--none\"\n  >\n  \t<div class=\"wrapper__container wrapper__container-width-large--default\">\n\t  <div class=\"wrapper__inner wrapper__width-large--24 wrapper__width-mobile--24\">\n\t\t<p\n\t\tclass=\"paragraph paragraph__align--left paragraph__color--black paragraph__size--default   block-paragraph__paragraph\"\n\t\t\t>\n\t\tSinds 2003 reikt D66 de Jet de Bussy-penning uit aan vrijwilligers die zich op lokaal en\/of regionaal niveau bijzonder en langdurig hebben ingezet voor de partij. De penning is vernoemd naar Jet de Bussy, lid van het eerste uur. Zij was het type lid dat zorgt dat anderen zorgeloos op de voorgrond kunnen treden. Zij stond klaar in weer en wind, in voor- en tegenspoed, jaar in, jaar uit, 32 jaar lang. Hieronder vindt u de namen van Haagse leden die deze penning de afgelopen jaren hebben ontvangen in willekeurige volgorde.<br><br>Stijn Verbeek<br>Bettie Groen<br>Ange de Beer\t<\/p>\t  <\/div>\n\t<\/div>\n  <\/div>\n\n\t<\/div>\n\n\t<div class=\"block-post-content__sidebar\">\n\t\t\n\t\t\n\t\t\t<\/div>\n<\/section>\n\t  <\/div>\n\t<\/div>\n  <\/div>\n\n\n<div\n  id=\"\"\n  class=\"wrapper  wrapper__spacing-bottom-large--50 wrapper__spacing-bottom-desktop--70 wrapper__spacing-bottom-mobile--50  wrapper__gutter--none\"\n  >\n  \t<div class=\"wrapper__container wrapper__container-width-large--default\">\n\t  <div class=\"wrapper__inner wrapper__width-large--18 wrapper__width-desktop--22 wrapper__width-mobile--24 wrapper__offset-large--6 wrapper__offset-desktop--2 wrapper__offset-mobile--0\">\n\t\t<section class=\"block-post-content\">\n\t<div class=\"block-post-content__title\">\n\t\t<h3 class=\"heading  heading__color--black heading__size--medium heading__font--sans heading__weight--semiBold  block-post-content__heading\" id=\"nav-niek-roozenburg-br-penning-7950\" data-nav-heading-mobile=\"Niek RoozenburgPenning:\">\n\tNiek Roozenburg<br>Penning:<\/h3>\t<\/div>\n\t<div class=\"block-post-content__content\">\n\t\t\n<div\n  id=\"\"\n  class=\"wrapper  wrapper__spacing-bottom-large--30 wrapper__spacing-bottom-desktop--20  wrapper__gutter--none\"\n  >\n  \t<div class=\"wrapper__container wrapper__container-width-large--default\">\n\t  <div class=\"wrapper__inner wrapper__width-large--24 wrapper__width-mobile--24\">\n\t\t<p\n\t\tclass=\"paragraph paragraph__align--left paragraph__color--black paragraph__size--default   block-paragraph__paragraph\"\n\t\t\t>\n\t\tDe Niek Roozenburg-penning wordt uitgereikt aan Haagse leden die zich uitzonderlijk hebben ingezet voor de afdeling, specifiek tijdens campagnes. De penning is vernoemd naar Niek Roozenburg, die in zijn jaren bij onze afdeling onmisbaar was in talloze landelijke, provinciale en gemeentelijke verkiezingen. In 2023 maakte Niek bekend dat hij Den Haag zou verlaten, en om hem te bedanken voor al zijn jaren trouwe inzet is deze penning in het leven geroepen.<br><br>Niek Roozenburg\t<\/p>\t  <\/div>\n\t<\/div>\n  <\/div>\n\n\t<\/div>\n\n\t<div class=\"block-post-content__sidebar\">\n\t\t\n\t\t\n\t\t\t<\/div>\n<\/section>\n\t  <\/div>\n\t<\/div>\n  <\/div>\n\n\n<div\n  id=\"\"\n  class=\"wrapper  wrapper__spacing-bottom-large--20  wrapper__gutter--none\"\n  >\n  \t<div class=\"wrapper__container wrapper__container-width-large--default\">\n\t  <div class=\"wrapper__inner wrapper__width-large--12 wrapper__width-mobile--24 wrapper__offset-large--6\">\n\t\t<img loading=\"lazy\" decoding=\"async\" width=\"1024\" height=\"721\" src=\"https:\/\/media.d66.nl\/uploads\/sites\/194\/2026\/02\/HGA001018691-scaled-1-1024x721.jpg\" class=\"image block-image__img\" alt=\"\" srcset=\"https:\/\/media.d66.nl\/uploads\/sites\/194\/2026\/02\/HGA001018691-scaled-1-1024x721.jpg 1024w, https:\/\/media.d66.nl\/uploads\/sites\/194\/2026\/02\/HGA001018691-scaled-1-300x211.jpg 300w, https:\/\/media.d66.nl\/uploads\/sites\/194\/2026\/02\/HGA001018691-scaled-1-768x541.jpg 768w, https:\/\/media.d66.nl\/uploads\/sites\/194\/2026\/02\/HGA001018691-scaled-1-1536x1082.jpg 1536w, https:\/\/media.d66.nl\/uploads\/sites\/194\/2026\/02\/HGA001018691-scaled-1-2048x1442.jpg 2048w\" sizes=\"auto, (max-width: 1024px) 100vw, 1024px\" \/>\n\t\t\t<div class=\"image__caption-wrapper block-image__caption-wrapper\">\n\t\t\t<div class=\"image__caption block-image__caption\">\n\t\t\t\t<p class=\"paragraph paragraph__align--left paragraph__color--black paragraph__size--small paragraph__weight--medium\">\n\t\tBeeld: D66 Den Haag\t<\/p>\t\t\t<\/div>\n\t\t<\/div>\t  <\/div>\n\t<\/div>\n  <\/div>\n","protected":false},"excerpt":{"rendered":"","protected":false},"author":767,"featured_media":3249,"parent":0,"menu_order":0,"comment_status":"closed","ping_status":"closed","template":"full-width.php","meta":{"_acf_changed":false,"footnotes":""},"themes-or-point-of-view":[],"labels":[],"search-tags":[],"class_list":["post-950","page","type-page","status-publish","has-post-thumbnail","hentry"],"acf":[],"yoast_head":"<!-- This site is optimized with the Yoast SEO plugin v27.3 - https:\/\/yoast.com\/product\/yoast-seo-wordpress\/ -->\n<title>D66 Den Haag &#8212; Eregalerij<\/title>\n<meta name=\"robots\" content=\"index, follow, max-snippet:-1, max-image-preview:large, max-video-preview:-1\" \/>\n<link rel=\"canonical\" href=\"https:\/\/d66.nl\/denhaag\/eregalerij\/\" \/>\n<meta property=\"og:locale\" content=\"nl_NL\" \/>\n<meta property=\"og:type\" content=\"article\" \/>\n<meta property=\"og:title\" content=\"D66 Den Haag &#8212; Eregalerij\" \/>\n<meta property=\"og:url\" content=\"https:\/\/d66.nl\/denhaag\/eregalerij\/\" \/>\n<meta property=\"og:site_name\" content=\"D66 Den Haag\" \/>\n<meta property=\"article:modified_time\" content=\"2026-02-18T10:59:53+00:00\" \/>\n<meta property=\"og:image\" content=\"https:\/\/d66.nl\/denhaag\/wp-content\/uploads\/sites\/194\/2023\/07\/OUDE-FRACTIE-1024x854.png\" \/>\n\t<meta property=\"og:image:width\" content=\"1024\" \/>\n\t<meta property=\"og:image:height\" content=\"854\" \/>\n\t<meta property=\"og:image:type\" content=\"image\/png\" \/>\n<meta name=\"twitter:card\" content=\"summary_large_image\" \/>\n<meta name=\"twitter:label1\" content=\"Geschatte leestijd\" \/>\n\t<meta name=\"twitter:data1\" content=\"1 minuut\" \/>\n<script type=\"application\/ld+json\" class=\"yoast-schema-graph\">{\"@context\":\"https:\\\/\\\/schema.org\",\"@graph\":[{\"@type\":\"WebPage\",\"@id\":\"https:\\\/\\\/d66.nl\\\/denhaag\\\/eregalerij\\\/\",\"url\":\"https:\\\/\\\/d66.nl\\\/denhaag\\\/eregalerij\\\/\",\"name\":\"D66 Den Haag &#8212; Eregalerij\",\"isPartOf\":{\"@id\":\"https:\\\/\\\/d66.nl\\\/denhaag\\\/#website\"},\"primaryImageOfPage\":{\"@id\":\"https:\\\/\\\/d66.nl\\\/denhaag\\\/eregalerij\\\/#primaryimage\"},\"image\":{\"@id\":\"https:\\\/\\\/d66.nl\\\/denhaag\\\/eregalerij\\\/#primaryimage\"},\"thumbnailUrl\":\"https:\\\/\\\/d66.nl\\\/denhaag\\\/wp-content\\\/uploads\\\/sites\\\/194\\\/2023\\\/07\\\/OUDE-FRACTIE.png\",\"datePublished\":\"2022-02-16T16:10:35+00:00\",\"dateModified\":\"2026-02-18T10:59:53+00:00\",\"breadcrumb\":{\"@id\":\"https:\\\/\\\/d66.nl\\\/denhaag\\\/eregalerij\\\/#breadcrumb\"},\"inLanguage\":\"nl-NL\",\"potentialAction\":[{\"@type\":\"ReadAction\",\"target\":[\"https:\\\/\\\/d66.nl\\\/denhaag\\\/eregalerij\\\/\"]}]},{\"@type\":\"ImageObject\",\"inLanguage\":\"nl-NL\",\"@id\":\"https:\\\/\\\/d66.nl\\\/denhaag\\\/eregalerij\\\/#primaryimage\",\"url\":\"https:\\\/\\\/d66.nl\\\/denhaag\\\/wp-content\\\/uploads\\\/sites\\\/194\\\/2023\\\/07\\\/OUDE-FRACTIE.png\",\"contentUrl\":\"https:\\\/\\\/d66.nl\\\/denhaag\\\/wp-content\\\/uploads\\\/sites\\\/194\\\/2023\\\/07\\\/OUDE-FRACTIE.png\",\"width\":2801,\"height\":2337},{\"@type\":\"BreadcrumbList\",\"@id\":\"https:\\\/\\\/d66.nl\\\/denhaag\\\/eregalerij\\\/#breadcrumb\",\"itemListElement\":[{\"@type\":\"ListItem\",\"position\":1,\"name\":\"Home\",\"item\":\"https:\\\/\\\/d66.nl\\\/denhaag\\\/\"},{\"@type\":\"ListItem\",\"position\":2,\"name\":\"Eregalerij\"}]},{\"@type\":\"WebSite\",\"@id\":\"https:\\\/\\\/d66.nl\\\/denhaag\\\/#website\",\"url\":\"https:\\\/\\\/d66.nl\\\/denhaag\\\/\",\"name\":\"D66 Den Haag\",\"description\":\"Just another D66 Sites site\",\"publisher\":{\"@id\":\"https:\\\/\\\/d66.nl\\\/denhaag\\\/#organization\"},\"potentialAction\":[{\"@type\":\"SearchAction\",\"target\":{\"@type\":\"EntryPoint\",\"urlTemplate\":\"https:\\\/\\\/d66.nl\\\/denhaag\\\/?s={search_term_string}\"},\"query-input\":{\"@type\":\"PropertyValueSpecification\",\"valueRequired\":true,\"valueName\":\"search_term_string\"}}],\"inLanguage\":\"nl-NL\"},{\"@type\":\"Organization\",\"@id\":\"https:\\\/\\\/d66.nl\\\/denhaag\\\/#organization\",\"name\":\"D66\",\"url\":\"https:\\\/\\\/d66.nl\\\/denhaag\\\/\",\"logo\":{\"@type\":\"ImageObject\",\"inLanguage\":\"nl-NL\",\"@id\":\"https:\\\/\\\/d66.nl\\\/denhaag\\\/#\\\/schema\\\/logo\\\/image\\\/\",\"url\":\"https:\\\/\\\/d66.nl\\\/denhaag\\\/wp-content\\\/uploads\\\/sites\\\/2\\\/2021\\\/10\\\/d66-themas-algemeen-og.png\",\"contentUrl\":\"https:\\\/\\\/d66.nl\\\/denhaag\\\/wp-content\\\/uploads\\\/sites\\\/2\\\/2021\\\/10\\\/d66-themas-algemeen-og.png\",\"width\":1200,\"height\":628,\"caption\":\"D66\"},\"image\":{\"@id\":\"https:\\\/\\\/d66.nl\\\/denhaag\\\/#\\\/schema\\\/logo\\\/image\\\/\"}}]}<\/script>\n<!-- \/ Yoast SEO plugin. -->","yoast_head_json":{"title":"D66 Den Haag &#8212; Eregalerij","robots":{"index":"index","follow":"follow","max-snippet":"max-snippet:-1","max-image-preview":"max-image-preview:large","max-video-preview":"max-video-preview:-1"},"canonical":"https:\/\/d66.nl\/denhaag\/eregalerij\/","og_locale":"nl_NL","og_type":"article","og_title":"D66 Den Haag &#8212; Eregalerij","og_url":"https:\/\/d66.nl\/denhaag\/eregalerij\/","og_site_name":"D66 Den Haag","article_modified_time":"2026-02-18T10:59:53+00:00","og_image":[{"width":1024,"height":854,"url":"https:\/\/d66.nl\/denhaag\/wp-content\/uploads\/sites\/194\/2023\/07\/OUDE-FRACTIE-1024x854.png","type":"image\/png"}],"twitter_card":"summary_large_image","twitter_misc":{"Geschatte leestijd":"1 minuut"},"schema":{"@context":"https:\/\/schema.org","@graph":[{"@type":"WebPage","@id":"https:\/\/d66.nl\/denhaag\/eregalerij\/","url":"https:\/\/d66.nl\/denhaag\/eregalerij\/","name":"D66 Den Haag &#8212; Eregalerij","isPartOf":{"@id":"https:\/\/d66.nl\/denhaag\/#website"},"primaryImageOfPage":{"@id":"https:\/\/d66.nl\/denhaag\/eregalerij\/#primaryimage"},"image":{"@id":"https:\/\/d66.nl\/denhaag\/eregalerij\/#primaryimage"},"thumbnailUrl":"https:\/\/d66.nl\/denhaag\/wp-content\/uploads\/sites\/194\/2023\/07\/OUDE-FRACTIE.png","datePublished":"2022-02-16T16:10:35+00:00","dateModified":"2026-02-18T10:59:53+00:00","breadcrumb":{"@id":"https:\/\/d66.nl\/denhaag\/eregalerij\/#breadcrumb"},"inLanguage":"nl-NL","potentialAction":[{"@type":"ReadAction","target":["https:\/\/d66.nl\/denhaag\/eregalerij\/"]}]},{"@type":"ImageObject","inLanguage":"nl-NL","@id":"https:\/\/d66.nl\/denhaag\/eregalerij\/#primaryimage","url":"https:\/\/d66.nl\/denhaag\/wp-content\/uploads\/sites\/194\/2023\/07\/OUDE-FRACTIE.png","contentUrl":"https:\/\/d66.nl\/denhaag\/wp-content\/uploads\/sites\/194\/2023\/07\/OUDE-FRACTIE.png","width":2801,"height":2337},{"@type":"BreadcrumbList","@id":"https:\/\/d66.nl\/denhaag\/eregalerij\/#breadcrumb","itemListElement":[{"@type":"ListItem","position":1,"name":"Home","item":"https:\/\/d66.nl\/denhaag\/"},{"@type":"ListItem","position":2,"name":"Eregalerij"}]},{"@type":"WebSite","@id":"https:\/\/d66.nl\/denhaag\/#website","url":"https:\/\/d66.nl\/denhaag\/","name":"D66 Den Haag","description":"Just another D66 Sites site","publisher":{"@id":"https:\/\/d66.nl\/denhaag\/#organization"},"potentialAction":[{"@type":"SearchAction","target":{"@type":"EntryPoint","urlTemplate":"https:\/\/d66.nl\/denhaag\/?s={search_term_string}"},"query-input":{"@type":"PropertyValueSpecification","valueRequired":true,"valueName":"search_term_string"}}],"inLanguage":"nl-NL"},{"@type":"Organization","@id":"https:\/\/d66.nl\/denhaag\/#organization","name":"D66","url":"https:\/\/d66.nl\/denhaag\/","logo":{"@type":"ImageObject","inLanguage":"nl-NL","@id":"https:\/\/d66.nl\/denhaag\/#\/schema\/logo\/image\/","url":"https:\/\/d66.nl\/denhaag\/wp-content\/uploads\/sites\/2\/2021\/10\/d66-themas-algemeen-og.png","contentUrl":"https:\/\/d66.nl\/denhaag\/wp-content\/uploads\/sites\/2\/2021\/10\/d66-themas-algemeen-og.png","width":1200,"height":628,"caption":"D66"},"image":{"@id":"https:\/\/d66.nl\/denhaag\/#\/schema\/logo\/image\/"}}]}},"_links":{"self":[{"href":"https:\/\/d66.nl\/denhaag\/wp-json\/wp\/v2\/pages\/950","targetHints":{"allow":["GET"]}}],"collection":[{"href":"https:\/\/d66.nl\/denhaag\/wp-json\/wp\/v2\/pages"}],"about":[{"href":"https:\/\/d66.nl\/denhaag\/wp-json\/wp\/v2\/types\/page"}],"author":[{"embeddable":true,"href":"https:\/\/d66.nl\/denhaag\/wp-json\/wp\/v2\/users\/767"}],"replies":[{"embeddable":true,"href":"https:\/\/d66.nl\/denhaag\/wp-json\/wp\/v2\/comments?post=950"}],"version-history":[{"count":10,"href":"https:\/\/d66.nl\/denhaag\/wp-json\/wp\/v2\/pages\/950\/revisions"}],"predecessor-version":[{"id":6136,"href":"https:\/\/d66.nl\/denhaag\/wp-json\/wp\/v2\/pages\/950\/revisions\/6136"}],"wp:featuredmedia":[{"embeddable":true,"href":"https:\/\/d66.nl\/denhaag\/wp-json\/wp\/v2\/media\/3249"}],"wp:attachment":[{"href":"https:\/\/d66.nl\/denhaag\/wp-json\/wp\/v2\/media?parent=950"}],"wp:term":[{"taxonomy":"themes-or-point-of-view","embeddable":true,"href":"https:\/\/d66.nl\/denhaag\/wp-json\/wp\/v2\/themes-or-point-of-view?post=950"},{"taxonomy":"labels","embeddable":true,"href":"https:\/\/d66.nl\/denhaag\/wp-json\/wp\/v2\/labels?post=950"},{"taxonomy":"search-tags","embeddable":true,"href":"https:\/\/d66.nl\/denhaag\/wp-json\/wp\/v2\/search-tags?post=950"}],"curies":[{"name":"wp","href":"https:\/\/api.w.org\/{rel}","templated":true}]}}