{"id":1029,"date":"2026-03-10T15:26:45","date_gmt":"2026-03-10T15:26:45","guid":{"rendered":"https:\/\/d66.nl\/capelleaandenijssel\/?post_type=manifesto&#038;p=1029"},"modified":"2026-03-17T10:49:16","modified_gmt":"2026-03-17T10:49:16","slug":"zorg-en-welzijn","status":"publish","type":"manifesto","link":"https:\/\/d66.nl\/capelleaandenijssel\/verkiezingsprogramma\/zorg-en-welzijn\/","title":{"rendered":"Zorg en Welzijn"},"content":{"rendered":"<div\n  id=\"\"\n  class=\"wrapper wrapper__spacing-top-large--160 wrapper__spacing-top-tablet--120 wrapper__spacing-top-mobile--100 wrapper__spacing-bottom-large--90  wrapper__gutter--none\"\n  data-background-color=\"maize\">\n  \t<div class=\"wrapper__container wrapper__container-width-large--default\">\n\t  <div class=\"wrapper__inner wrapper__width-large--24 wrapper__width-mobile--24\">\n\t\t\n<section class=\"block-video-hero js-block-video-hero\">\n\n\t<a href=\"https:\/\/d66.nl\/capelleaandenijssel\/verkiezingsprogramma\/\" class=\"back-button\">\n\t<div class=\"back-button__icon\" aria-hidden=\"true\">\n\t\t<svg xmlns='http:\/\/www.w3.org\/2000\/svg' viewBox='0 0 58.14 50.62'><path d='m32.82 50.62 25.32-25.31L32.82 0l-4.35 4.35 17.92 17.86H0v6.21h46.39L28.47 46.33l4.35 4.29z' fill='currentColor' \/><\/svg>\t<\/div>\n\t<div class=\"back-button__title back-button__title--hide-on-mobile\">\n\t\t\t<\/div>\n<\/a>\n\t<div class=\"block-video-hero__content\">\n\t\t<h1 class=\"text text-big block-video-hero__title\">4. Zorg &amp; Welzijn<\/h1><p class=\"text text-medium block-video-hero__text\"><strong>Passende zorg en een mensgerichte aanpak<\/strong><br><br>D66 Capelle streeft naar een samenleving waarin iedereen volwaardig kan meedoen en de juiste ondersteuning krijgt wanneer dat nodig is. Zorg en welzijn zijn geen luxe, maar een fundament voor een veerkrachtige en inclusieve gemeente. De afgelopen jaren hebben we ons ingezet voor een Capelle waar preventie centraal staat, waar iedereen toegang heeft tot passende zorg en waar we omzien naar elkaar. Voor de komende periode bouwen we voort op deze pijlers, met extra aandacht voor innovatie, een mensgerichte aanpak en de kracht van de gemeenschap.\u00a0<strong>\u00a0<\/strong><\/p>\t\t<div class=\"block-video-hero__buttons-wrap\">\n\t\t\t\t\t<\/div>\n\t<\/div>\n\n\t<div class=\"block-video-hero__media\">\n\t\t<div\n\t\t\tclass=\"block-video-hero__video-wrapper\"\n\t\t\tstyle=\"background-image: url('https:\/\/media.d66.nl\/uploads\/sites\/20\/2026\/03\/pexels-karola-g-4386466-scaled.jpg')\">\n\t\t\t\t\t<\/div>\n\n\t\t\t\t\t<div class=\"block-video-hero__caption-wrapper\">\n\t\t\t\t<div class=\"block-video-hero__caption\">\n\t\t\t\t\t<p class=\"paragraph paragraph__align--left paragraph__color--black paragraph__size--small paragraph__weight--medium\">\n\t\tBeeld: Pexels\t<\/p>\t\t\t\t<\/div>\n\t\t\t<\/div>\n\t\t\t<\/div>\n\n\t<\/section>\n\t  <\/div>\n\t<\/div>\n  <\/div>\n\n\n<div\n  id=\"\"\n  class=\"wrapper wrapper__spacing-top-large--90 wrapper__spacing-bottom-large--20  wrapper__gutter--none\"\n  >\n  \t<div class=\"wrapper__container wrapper__container-width-large--default\">\n\t  <div class=\"wrapper__inner wrapper__width-large--14 wrapper__width-desktop--22 wrapper__width-mobile--24 wrapper__offset-large--6 wrapper__offset-desktop--2 wrapper__offset-mobile--0\">\n\t\t<h2 class=\"heading heading__align--left heading__color--black heading__size--larger heading__font--sans heading__weight--bold  block-heading__heading\" id=\"nav-preventie-voorop--gezondheid-begint-thuis--2571\"  data-nav-heading-mobile=\"Preventie voorop: Gezondheid begint thuis\u00a0\" >\n\tPreventie voorop: Gezondheid begint thuis\u00a0<\/h2>\t  <\/div>\n\t<\/div>\n  <\/div>\n\n\n<div\n  id=\"\"\n  class=\"wrapper  wrapper__spacing-bottom-large--30 wrapper__spacing-bottom-desktop--20  wrapper__gutter--none\"\n  >\n  \t<div class=\"wrapper__container wrapper__container-width-large--default\">\n\t  <div class=\"wrapper__inner wrapper__width-large--10 wrapper__width-desktop--22 wrapper__width-mobile--24 wrapper__offset-large--6 wrapper__offset-desktop--2 wrapper__offset-mobile--0\">\n\t\t<p\n\t\tclass=\"paragraph paragraph__align--left paragraph__color--black paragraph__size--default   block-paragraph__paragraph\"\n\t\t\t>\n\t\tD66 Capelle gelooft sterk in het voorkomen van zorgvragen en het bevorderen van een gezonde leefstijl. Dit vermindert niet alleen de druk op de zorg, maar verhoogt ook de kwaliteit van leven van onze inwoners.\u00a0\t<\/p>\t  <\/div>\n\t<\/div>\n  <\/div>\n\n\n<div\n  id=\"\"\n  class=\"wrapper  wrapper__spacing-bottom-large--50 wrapper__spacing-bottom-desktop--70 wrapper__spacing-bottom-mobile--50  wrapper__gutter--none\"\n  >\n  \t<div class=\"wrapper__container wrapper__container-width-large--default\">\n\t  <div class=\"wrapper__inner wrapper__width-large--24 wrapper__width-desktop--22 wrapper__width-mobile--24 wrapper__offset-large--5 wrapper__offset-desktop--2 wrapper__offset-mobile--0\">\n\t\t<section class=\"block-post-content\">\n\t<div class=\"block-post-content__title\">\n\t\t<h3 class=\"heading  heading__color--black heading__size--medium heading__font--sans heading__weight--bold  block-post-content__heading\" id=\"nav-meer-inzet-op-vroegsignalering-en-preventie--3087\" data-nav-heading-mobile=\"Meer inzet op vroegsignalering en preventie\u00a0\">\n\tMeer inzet op vroegsignalering en preventie\u00a0<\/h3>\t<\/div>\n\t<div class=\"block-post-content__content\">\n\t\t\n<div\n  id=\"\"\n  class=\"wrapper  wrapper__spacing-bottom-large--30 wrapper__spacing-bottom-desktop--20  wrapper__gutter--none\"\n  >\n  \t<div class=\"wrapper__container wrapper__container-width-large--default\">\n\t  <div class=\"wrapper__inner wrapper__width-large--24 wrapper__width-mobile--24\">\n\t\t<p\n\t\tclass=\"paragraph paragraph__align--left paragraph__color--black paragraph__size--default   block-paragraph__paragraph\"\n\t\t\t>\n\t\tWe zetten in op programma&#8217;s die problemen in een vroeg stadium signaleren, zoals eenzaamheid, armoede en beginnende gezondheidsproblemen. Dit doen we in samenwerking met huisartsen, scholen, welzijnsorganisaties en wijkteams. Denk aan laagdrempelige gezondheidschecks in de wijk en workshops over mentaal welzijn.\u00a0\t<\/p>\t  <\/div>\n\t<\/div>\n  <\/div>\n\n\t<\/div>\n\n\t<div class=\"block-post-content__sidebar\">\n\t\t\n\t\t\n\t\t\t<\/div>\n<\/section>\n\t  <\/div>\n\t<\/div>\n  <\/div>\n\n\n<div\n  id=\"\"\n  class=\"wrapper  wrapper__spacing-bottom-large--50 wrapper__spacing-bottom-desktop--70 wrapper__spacing-bottom-mobile--50  wrapper__gutter--none\"\n  >\n  \t<div class=\"wrapper__container wrapper__container-width-large--default\">\n\t  <div class=\"wrapper__inner wrapper__width-large--24 wrapper__width-desktop--22 wrapper__width-mobile--24 wrapper__offset-large--5 wrapper__offset-desktop--2 wrapper__offset-mobile--0\">\n\t\t<section class=\"block-post-content\">\n\t<div class=\"block-post-content__title\">\n\t\t<h3 class=\"heading  heading__color--black heading__size--medium heading__font--sans heading__weight--bold  block-post-content__heading\" id=\"nav-gezonder-leven2966\" data-nav-heading-mobile=\"Gezonder leven\">\n\tGezonder leven<\/h3>\t<\/div>\n\t<div class=\"block-post-content__content\">\n\t\t\n<div\n  id=\"\"\n  class=\"wrapper  wrapper__spacing-bottom-large--30 wrapper__spacing-bottom-desktop--20  wrapper__gutter--none\"\n  >\n  \t<div class=\"wrapper__container wrapper__container-width-large--default\">\n\t  <div class=\"wrapper__inner wrapper__width-large--24 wrapper__width-mobile--24\">\n\t\t<p\n\t\tclass=\"paragraph paragraph__align--left paragraph__color--black paragraph__size--default   block-paragraph__paragraph\"\n\t\t\t>\n\t\tGezondheidsproblematiek raakt alle inwoners, maar de mensen met lage inkomens disproportioneel hard. D66 Capelle wil dat de gemeente elk jaar de Capelse Preventie Week organiseert, waarin we inwoners van alle leeftijden informeren hoe ze met kleine veranderingen gezonder kunnen leven. Ongedwongen, laagdrempelige informatie over beweging, gezond eten en het belang van tijdige check ups. Want vrij zijn kan alleen in een gezond lichaam.\u00a0\t<\/p>\t  <\/div>\n\t<\/div>\n  <\/div>\n\n\t<\/div>\n\n\t<div class=\"block-post-content__sidebar\">\n\t\t\n\t\t\n\t\t\t<\/div>\n<\/section>\n\t  <\/div>\n\t<\/div>\n  <\/div>\n\n\n<div\n  id=\"\"\n  class=\"wrapper  wrapper__spacing-bottom-large--50 wrapper__spacing-bottom-desktop--70 wrapper__spacing-bottom-mobile--50  wrapper__gutter--none\"\n  >\n  \t<div class=\"wrapper__container wrapper__container-width-large--default\">\n\t  <div class=\"wrapper__inner wrapper__width-large--24 wrapper__width-desktop--22 wrapper__width-mobile--24 wrapper__offset-large--5 wrapper__offset-desktop--2 wrapper__offset-mobile--0\">\n\t\t<section class=\"block-post-content\">\n\t<div class=\"block-post-content__title\">\n\t\t<h3 class=\"heading  heading__color--black heading__size--medium heading__font--sans heading__weight--bold  block-post-content__heading\" id=\"nav-sport--bewegen-en-gezonde-voeding-stimuleren8865\" data-nav-heading-mobile=\"Sport, bewegen en gezonde voeding stimuleren\">\n\tSport, bewegen en gezonde voeding stimuleren<\/h3>\t<\/div>\n\t<div class=\"block-post-content__content\">\n\t\t\n<div\n  id=\"\"\n  class=\"wrapper  wrapper__spacing-bottom-large--30 wrapper__spacing-bottom-desktop--20  wrapper__gutter--none\"\n  >\n  \t<div class=\"wrapper__container wrapper__container-width-large--default\">\n\t  <div class=\"wrapper__inner wrapper__width-large--24 wrapper__width-mobile--24\">\n\t\t<p\n\t\tclass=\"paragraph paragraph__align--left paragraph__color--black paragraph__size--default   block-paragraph__paragraph\"\n\t\t\t>\n\t\tWe blijven investeren in sportfaciliteiten en beweegprogramma&#8217;s voor alle leeftijden. Wij zien hierin een mooie rol voor Sportief Capelle weggelegd, die hier nu ook al veelvuldig mee bezig is. Ook zetten we in op het toegankelijker maken van gezonde voeding, bijvoorbeeld door het ondersteunen van initiatieven voor moestuinen in de wijk en door te pleiten voor gezondere opties in publieke instellingen.\u00a0\t<\/p>\t  <\/div>\n\t<\/div>\n  <\/div>\n\n\t<\/div>\n\n\t<div class=\"block-post-content__sidebar\">\n\t\t\n\t\t\n\t\t\t<\/div>\n<\/section>\n\t  <\/div>\n\t<\/div>\n  <\/div>\n\n\n<div\n  id=\"\"\n  class=\"wrapper  wrapper__spacing-bottom-large--50 wrapper__spacing-bottom-desktop--70 wrapper__spacing-bottom-mobile--50  wrapper__gutter--none\"\n  >\n  \t<div class=\"wrapper__container wrapper__container-width-large--default\">\n\t  <div class=\"wrapper__inner wrapper__width-large--24 wrapper__width-desktop--22 wrapper__width-mobile--24 wrapper__offset-large--5 wrapper__offset-desktop--2 wrapper__offset-mobile--0\">\n\t\t<section class=\"block-post-content\">\n\t<div class=\"block-post-content__title\">\n\t\t<h3 class=\"heading  heading__color--black heading__size--medium heading__font--sans heading__weight--bold  block-post-content__heading\" id=\"nav-mentale-gezondheid-bespreekbaar-maken--3742\" data-nav-heading-mobile=\"Mentale gezondheid bespreekbaar maken\u00a0\">\n\tMentale gezondheid bespreekbaar maken\u00a0<\/h3>\t<\/div>\n\t<div class=\"block-post-content__content\">\n\t\t\n<div\n  id=\"\"\n  class=\"wrapper  wrapper__spacing-bottom-large--30 wrapper__spacing-bottom-desktop--20  wrapper__gutter--none\"\n  >\n  \t<div class=\"wrapper__container wrapper__container-width-large--default\">\n\t  <div class=\"wrapper__inner wrapper__width-large--24 wrapper__width-mobile--24\">\n\t\t<p\n\t\tclass=\"paragraph paragraph__align--left paragraph__color--black paragraph__size--default   block-paragraph__paragraph\"\n\t\t\t>\n\t\tDe drempel om over psychische klachten te praten moet lager. We ondersteunen initiatieven die mentale weerbaarheid bevorderen, zeker onder jongeren, en zorgen voor laagdrempelige toegang tot ondersteuning en advies. Denk aan de inzet van jongerenwerkers die geschoold zijn in het herkennen van mentale problemen.\u00a0\t<\/p>\t  <\/div>\n\t<\/div>\n  <\/div>\n\n\t<\/div>\n\n\t<div class=\"block-post-content__sidebar\">\n\t\t\n\t\t\n\t\t\t<\/div>\n<\/section>\n\t  <\/div>\n\t<\/div>\n  <\/div>\n\n\n<div\n  id=\"\"\n  class=\"wrapper  wrapper__spacing-bottom-large--50 wrapper__spacing-bottom-desktop--70 wrapper__spacing-bottom-mobile--50  wrapper__gutter--none\"\n  >\n  \t<div class=\"wrapper__container wrapper__container-width-large--default\">\n\t  <div class=\"wrapper__inner wrapper__width-large--24 wrapper__width-desktop--22 wrapper__width-mobile--24 wrapper__offset-large--5 wrapper__offset-desktop--2 wrapper__offset-mobile--0\">\n\t\t<section class=\"block-post-content\">\n\t<div class=\"block-post-content__title\">\n\t\t<h3 class=\"heading  heading__color--black heading__size--medium heading__font--sans heading__weight--bold  block-post-content__heading\" id=\"nav-eenzaamheid-bestrijden9840\" data-nav-heading-mobile=\"Eenzaamheid bestrijden\">\n\tEenzaamheid bestrijden<\/h3>\t<\/div>\n\t<div class=\"block-post-content__content\">\n\t\t\n<div\n  id=\"\"\n  class=\"wrapper  wrapper__spacing-bottom-large--30 wrapper__spacing-bottom-desktop--20  wrapper__gutter--none\"\n  >\n  \t<div class=\"wrapper__container wrapper__container-width-large--default\">\n\t  <div class=\"wrapper__inner wrapper__width-large--24 wrapper__width-mobile--24\">\n\t\t<p\n\t\tclass=\"paragraph paragraph__align--left paragraph__color--black paragraph__size--default   block-paragraph__paragraph\"\n\t\t\t>\n\t\tEenzaamheid is nog steeds een probleem. We stimuleren ontmoetingsplekken en activiteiten in de wijken die mensen met elkaar verbinden, en ondersteunen vrijwilligersinitiatieven die zich  richten op het doorbreken van sociaal isolement.\u00a0\t<\/p>\t  <\/div>\n\t<\/div>\n  <\/div>\n\n\t<\/div>\n\n\t<div class=\"block-post-content__sidebar\">\n\t\t\n\t\t\n\t\t\t<\/div>\n<\/section>\n\t  <\/div>\n\t<\/div>\n  <\/div>\n\n\n<div\n  id=\"\"\n  class=\"wrapper  wrapper__spacing-bottom-large--20  wrapper__gutter--none\"\n  >\n  \t<div class=\"wrapper__container wrapper__container-width-large--default\">\n\t  <div class=\"wrapper__inner wrapper__width-large--14 wrapper__width-desktop--22 wrapper__width-mobile--24 wrapper__offset-large--6 wrapper__offset-desktop--2 wrapper__offset-mobile--0\">\n\t\t<h2 class=\"heading heading__align--left heading__color--black heading__size--larger heading__font--sans heading__weight--bold  block-heading__heading\" id=\"nav--br-zorg-op-maat--dichtbij-en-passend--6978\"  data-nav-heading-mobile=\"Zorg op maat: Dichtbij en passend\u00a0\" >\n\t<br>Zorg op maat: Dichtbij en passend\u00a0<\/h2>\t  <\/div>\n\t<\/div>\n  <\/div>\n\n\n<div\n  id=\"\"\n  class=\"wrapper  wrapper__spacing-bottom-large--30 wrapper__spacing-bottom-desktop--20  wrapper__gutter--none\"\n  >\n  \t<div class=\"wrapper__container wrapper__container-width-large--default\">\n\t  <div class=\"wrapper__inner wrapper__width-large--10 wrapper__width-desktop--22 wrapper__width-mobile--24 wrapper__offset-large--6 wrapper__offset-desktop--2 wrapper__offset-mobile--0\">\n\t\t<p\n\t\tclass=\"paragraph paragraph__align--left paragraph__color--black paragraph__size--default   block-paragraph__paragraph\"\n\t\t\t>\n\t\tWanneer zorg nodig is, moet deze laagdrempelig, passend en dichtbij georganiseerd zijn. D66 Capelle zet in op een mensgerichte en een integrale aanpak, waarbij de behoeften van de inwoner centraal staan.\u00a0\t<\/p>\t  <\/div>\n\t<\/div>\n  <\/div>\n\n\n<div\n  id=\"\"\n  class=\"wrapper  wrapper__spacing-bottom-large--50 wrapper__spacing-bottom-desktop--70 wrapper__spacing-bottom-mobile--50  wrapper__gutter--none\"\n  >\n  \t<div class=\"wrapper__container wrapper__container-width-large--default\">\n\t  <div class=\"wrapper__inner wrapper__width-large--24 wrapper__width-desktop--22 wrapper__width-mobile--24 wrapper__offset-large--5 wrapper__offset-desktop--2 wrapper__offset-mobile--0\">\n\t\t<section class=\"block-post-content\">\n\t<div class=\"block-post-content__title\">\n\t\t<h3 class=\"heading  heading__color--black heading__size--medium heading__font--sans heading__weight--bold  block-post-content__heading\" id=\"nav-versterking-van-de-sociale-wijkteams-en-wijkteams-plus---7331\" data-nav-heading-mobile=\"Versterking van de Sociale Wijkteams en Wijkteams Plus:\u00a0\">\n\tVersterking van de Sociale Wijkteams en Wijkteams Plus:\u00a0<\/h3>\t<\/div>\n\t<div class=\"block-post-content__content\">\n\t\t\n<div\n  id=\"\"\n  class=\"wrapper  wrapper__spacing-bottom-large--30 wrapper__spacing-bottom-desktop--20  wrapper__gutter--none\"\n  >\n  \t<div class=\"wrapper__container wrapper__container-width-large--default\">\n\t  <div class=\"wrapper__inner wrapper__width-large--24 wrapper__width-mobile--24\">\n\t\t<p\n\t\tclass=\"paragraph paragraph__align--left paragraph__color--black paragraph__size--default   block-paragraph__paragraph\"\n\t\t\t>\n\t\tDe wijkteams zijn het hart van de sociale basis. We investeren in voldoende gekwalificeerd personeel en zorgen voor korte lijnen met andere professionals, zoals huisartsen en specialisten. We onderzoeken de mogelijkheid van Wijkteams Plus,\u00a0waar naast generalisten ook specialisten op het gebied van bijvoorbeeld jeugd, gezondheidszorg, schuldhulpverlening en Wmo direct aanspreekbaar zijn.\u00a0\t<\/p>\t  <\/div>\n\t<\/div>\n  <\/div>\n\n\t<\/div>\n\n\t<div class=\"block-post-content__sidebar\">\n\t\t\n\t\t\n\t\t\t<\/div>\n<\/section>\n\t  <\/div>\n\t<\/div>\n  <\/div>\n\n\n<div\n  id=\"\"\n  class=\"wrapper  wrapper__spacing-bottom-large--50 wrapper__spacing-bottom-desktop--70 wrapper__spacing-bottom-mobile--50  wrapper__gutter--none\"\n  >\n  \t<div class=\"wrapper__container wrapper__container-width-large--default\">\n\t  <div class=\"wrapper__inner wrapper__width-large--24 wrapper__width-desktop--22 wrapper__width-mobile--24 wrapper__offset-large--5 wrapper__offset-desktop--2 wrapper__offset-mobile--0\">\n\t\t<section class=\"block-post-content\">\n\t<div class=\"block-post-content__title\">\n\t\t<h3 class=\"heading  heading__color--black heading__size--medium heading__font--sans heading__weight--bold  block-post-content__heading\" id=\"nav-zorg-in-de-buurt2245\" data-nav-heading-mobile=\"Zorg in de buurt\">\n\tZorg in de buurt<\/h3>\t<\/div>\n\t<div class=\"block-post-content__content\">\n\t\t\n<div\n  id=\"\"\n  class=\"wrapper  wrapper__spacing-bottom-large--30 wrapper__spacing-bottom-desktop--20  wrapper__gutter--none\"\n  >\n  \t<div class=\"wrapper__container wrapper__container-width-large--default\">\n\t  <div class=\"wrapper__inner wrapper__width-large--24 wrapper__width-mobile--24\">\n\t\t<p\n\t\tclass=\"paragraph paragraph__align--left paragraph__color--black paragraph__size--default   block-paragraph__paragraph\"\n\t\t\t>\n\t\tWe zetten in op laagdrempelige voorzieningen in de buurt waar inwoners binnen kunnen lopen voor coaching, informatie en een luisterend oor. Indien gewenst zorgen wijkteams voor ondersteuning en hulp bij zorg- en welzijnsvragen. Wij zetten ons in om samen met huisartsen en pati\u00ebnten een geschikte praktijkruimte te vinden. Het liefst samen met andere gezondheidsdisciplines, zoals fysiotherapie en wijkverpleging, zodat samenwerken wordt vergemakkelijkt en voorzieningen in de buurt voor de bewoners behouden blijven.\u00a0\t<\/p>\t  <\/div>\n\t<\/div>\n  <\/div>\n\n\t<\/div>\n\n\t<div class=\"block-post-content__sidebar\">\n\t\t\n\t\t\n\t\t\t<\/div>\n<\/section>\n\t  <\/div>\n\t<\/div>\n  <\/div>\n\n\n<div\n  id=\"\"\n  class=\"wrapper  wrapper__spacing-bottom-large--50 wrapper__spacing-bottom-desktop--70 wrapper__spacing-bottom-mobile--50  wrapper__gutter--none\"\n  >\n  \t<div class=\"wrapper__container wrapper__container-width-large--default\">\n\t  <div class=\"wrapper__inner wrapper__width-large--24 wrapper__width-desktop--22 wrapper__width-mobile--24 wrapper__offset-large--5 wrapper__offset-desktop--2 wrapper__offset-mobile--0\">\n\t\t<section class=\"block-post-content\">\n\t<div class=\"block-post-content__title\">\n\t\t<h3 class=\"heading  heading__color--black heading__size--medium heading__font--sans heading__weight--bold  block-post-content__heading\" id=\"nav-e--n-huishouden------n-loket------n-plan------n-team8897\" data-nav-heading-mobile=\"E\u00e9n huishouden, \u00e9\u00e9n loket, \u00e9\u00e9n plan, \u00e9\u00e9n team\">\n\tE\u00e9n huishouden, \u00e9\u00e9n loket, \u00e9\u00e9n plan, \u00e9\u00e9n team<\/h3>\t<\/div>\n\t<div class=\"block-post-content__content\">\n\t\t\n<div\n  id=\"\"\n  class=\"wrapper  wrapper__spacing-bottom-large--30 wrapper__spacing-bottom-desktop--20  wrapper__gutter--none\"\n  >\n  \t<div class=\"wrapper__container wrapper__container-width-large--default\">\n\t  <div class=\"wrapper__inner wrapper__width-large--24 wrapper__width-mobile--24\">\n\t\t<p\n\t\tclass=\"paragraph paragraph__align--left paragraph__color--black paragraph__size--default   block-paragraph__paragraph\"\n\t\t\t>\n\t\tBij complexe problematiek streven we naar \u00e9\u00e9n gezinsplan of \u00e9\u00e9n integraal plan, 1-loket en \u00e9\u00e9n team. Dit vermindert bureaucratie en zorgt voor een effici\u00ebntere aanpak. Onder andere Welzijn Capelle, het Centrum voor Jeugd en Gezin (CJG), Wmo loket en de Gemeenschappelijke Regeling IJsselgemeenten (GRIJ) kunnen hier een belangrijke rol in spelen.\u00a0\t<\/p>\t  <\/div>\n\t<\/div>\n  <\/div>\n\n\t<\/div>\n\n\t<div class=\"block-post-content__sidebar\">\n\t\t\n\t\t\n\t\t\t<\/div>\n<\/section>\n\t  <\/div>\n\t<\/div>\n  <\/div>\n\n\n<div\n  id=\"\"\n  class=\"wrapper  wrapper__spacing-bottom-large--20  wrapper__gutter--none\"\n  >\n  \t<div class=\"wrapper__container wrapper__container-width-large--default\">\n\t  <div class=\"wrapper__inner wrapper__width-large--14 wrapper__width-desktop--22 wrapper__width-mobile--24 wrapper__offset-large--6 wrapper__offset-desktop--2 wrapper__offset-mobile--0\">\n\t\t<h2 class=\"heading heading__align--left heading__color--black heading__size--larger heading__font--sans heading__weight--bold  block-heading__heading\" id=\"nav-jeugd-en-gezin--een-veilige--gezonde-en-kansrijke-start--4635\"  data-nav-heading-mobile=\"Jeugd en gezin: Een veilige, gezonde en kansrijke start\u00a0\" >\n\tJeugd en gezin: Een veilige, gezonde en kansrijke start\u00a0<\/h2>\t  <\/div>\n\t<\/div>\n  <\/div>\n\n\n<div\n  id=\"\"\n  class=\"wrapper  wrapper__spacing-bottom-large--30 wrapper__spacing-bottom-desktop--20  wrapper__gutter--none\"\n  >\n  \t<div class=\"wrapper__container wrapper__container-width-large--default\">\n\t  <div class=\"wrapper__inner wrapper__width-large--10 wrapper__width-desktop--22 wrapper__width-mobile--24 wrapper__offset-large--6 wrapper__offset-desktop--2 wrapper__offset-mobile--0\">\n\t\t<p\n\t\tclass=\"paragraph paragraph__align--left paragraph__color--black paragraph__size--default   block-paragraph__paragraph\"\n\t\t\t>\n\t\tIeder kind in Capelle verdient de beste start in het leven. D66 Capelle zet zich in voor een veilige, gezonde en stimulerende omgeving voor alle jeugdigen en gezinnen.\u00a0\t<\/p>\t  <\/div>\n\t<\/div>\n  <\/div>\n\n\n<div\n  id=\"\"\n  class=\"wrapper  wrapper__spacing-bottom-large--50 wrapper__spacing-bottom-desktop--70 wrapper__spacing-bottom-mobile--50  wrapper__gutter--none\"\n  >\n  \t<div class=\"wrapper__container wrapper__container-width-large--default\">\n\t  <div class=\"wrapper__inner wrapper__width-large--24 wrapper__width-desktop--22 wrapper__width-mobile--24 wrapper__offset-large--5 wrapper__offset-desktop--2 wrapper__offset-mobile--0\">\n\t\t<section class=\"block-post-content\">\n\t<div class=\"block-post-content__title\">\n\t\t<h3 class=\"heading  heading__color--black heading__size--medium heading__font--sans heading__weight--bold  block-post-content__heading\" id=\"nav-kansrijke-start-voor-ieder-kind1642\" data-nav-heading-mobile=\"Kansrijke start voor ieder kind\">\n\tKansrijke start voor ieder kind<\/h3>\t<\/div>\n\t<div class=\"block-post-content__content\">\n\t\t\n<div\n  id=\"\"\n  class=\"wrapper  wrapper__spacing-bottom-large--30 wrapper__spacing-bottom-desktop--20  wrapper__gutter--none\"\n  >\n  \t<div class=\"wrapper__container wrapper__container-width-large--default\">\n\t  <div class=\"wrapper__inner wrapper__width-large--24 wrapper__width-mobile--24\">\n\t\t<p\n\t\tclass=\"paragraph paragraph__align--left paragraph__color--black paragraph__size--default   block-paragraph__paragraph\"\n\t\t\t>\n\t\tWe continueren de deelname voor alle kwetsbare gezinnen aan het programma Kansrijke Start, waarbij jonge ouders tijdens de eerste 1000 dagen van een kind ondersteund worden.\u00a0\t<\/p>\t  <\/div>\n\t<\/div>\n  <\/div>\n\n\t<\/div>\n\n\t<div class=\"block-post-content__sidebar\">\n\t\t\n\t\t\n\t\t\t<\/div>\n<\/section>\n\t  <\/div>\n\t<\/div>\n  <\/div>\n\n\n<div\n  id=\"\"\n  class=\"wrapper  wrapper__spacing-bottom-large--50 wrapper__spacing-bottom-desktop--70 wrapper__spacing-bottom-mobile--50  wrapper__gutter--none\"\n  >\n  \t<div class=\"wrapper__container wrapper__container-width-large--default\">\n\t  <div class=\"wrapper__inner wrapper__width-large--24 wrapper__width-desktop--22 wrapper__width-mobile--24 wrapper__offset-large--5 wrapper__offset-desktop--2 wrapper__offset-mobile--0\">\n\t\t<section class=\"block-post-content\">\n\t<div class=\"block-post-content__title\">\n\t\t<h3 class=\"heading  heading__color--black heading__size--medium heading__font--sans heading__weight--bold  block-post-content__heading\" id=\"nav-vroegtijdige-hulp-voor-jeugd5556\" data-nav-heading-mobile=\"Vroegtijdige hulp voor jeugd\">\n\tVroegtijdige hulp voor jeugd<\/h3>\t<\/div>\n\t<div class=\"block-post-content__content\">\n\t\t\n<div\n  id=\"\"\n  class=\"wrapper  wrapper__spacing-bottom-large--30 wrapper__spacing-bottom-desktop--20  wrapper__gutter--none\"\n  >\n  \t<div class=\"wrapper__container wrapper__container-width-large--default\">\n\t  <div class=\"wrapper__inner wrapper__width-large--24 wrapper__width-mobile--24\">\n\t\t<p\n\t\tclass=\"paragraph paragraph__align--left paragraph__color--black paragraph__size--default   block-paragraph__paragraph\"\n\t\t\t>\n\t\tWe zorgen ervoor dat jongeren en gezinnen met problemen snel en adequaat geholpen worden, met laagdrempelige toegang tot jeugdhulp. De overgang van jeugdhulp naar volwassenenzorg moet soepel verlopen. Wij zien hierin een grote en voorname rol weggelegd voor het Centrum voor Jeugd en Gezin (CJG).\u00a0\t<\/p>\t  <\/div>\n\t<\/div>\n  <\/div>\n\n\t<\/div>\n\n\t<div class=\"block-post-content__sidebar\">\n\t\t\n\t\t\n\t\t\t<\/div>\n<\/section>\n\t  <\/div>\n\t<\/div>\n  <\/div>\n\n\n<div\n  id=\"\"\n  class=\"wrapper  wrapper__spacing-bottom-large--50 wrapper__spacing-bottom-desktop--70 wrapper__spacing-bottom-mobile--50  wrapper__gutter--none\"\n  >\n  \t<div class=\"wrapper__container wrapper__container-width-large--default\">\n\t  <div class=\"wrapper__inner wrapper__width-large--24 wrapper__width-desktop--22 wrapper__width-mobile--24 wrapper__offset-large--5 wrapper__offset-desktop--2 wrapper__offset-mobile--0\">\n\t\t<section class=\"block-post-content\">\n\t<div class=\"block-post-content__title\">\n\t\t<h3 class=\"heading  heading__color--black heading__size--medium heading__font--sans heading__weight--bold  block-post-content__heading\" id=\"nav-inclusieve-jeugdzorg376\" data-nav-heading-mobile=\"Inclusieve jeugdzorg\">\n\tInclusieve jeugdzorg<\/h3>\t<\/div>\n\t<div class=\"block-post-content__content\">\n\t\t\n<div\n  id=\"\"\n  class=\"wrapper  wrapper__spacing-bottom-large--30 wrapper__spacing-bottom-desktop--20  wrapper__gutter--none\"\n  >\n  \t<div class=\"wrapper__container wrapper__container-width-large--default\">\n\t  <div class=\"wrapper__inner wrapper__width-large--24 wrapper__width-mobile--24\">\n\t\t<p\n\t\tclass=\"paragraph paragraph__align--left paragraph__color--black paragraph__size--default   block-paragraph__paragraph\"\n\t\t\t>\n\t\tWe zorgen ervoor dat jeugdzorg aansluit bij de diversiteit van onze Capelse jeugd. Er moet voldoende aandacht zijn voor specifieke behoeften, bijvoorbeeld van jongeren met een licht verstandelijke beperking of genderdiverse jeugdigen.\u00a0\t<\/p>\t  <\/div>\n\t<\/div>\n  <\/div>\n\n\t<\/div>\n\n\t<div class=\"block-post-content__sidebar\">\n\t\t\n\t\t\n\t\t\t<\/div>\n<\/section>\n\t  <\/div>\n\t<\/div>\n  <\/div>\n\n\n<div\n  id=\"\"\n  class=\"wrapper  wrapper__spacing-bottom-large--50 wrapper__spacing-bottom-desktop--70 wrapper__spacing-bottom-mobile--50  wrapper__gutter--none\"\n  >\n  \t<div class=\"wrapper__container wrapper__container-width-large--default\">\n\t  <div class=\"wrapper__inner wrapper__width-large--24 wrapper__width-desktop--22 wrapper__width-mobile--24 wrapper__offset-large--5 wrapper__offset-desktop--2 wrapper__offset-mobile--0\">\n\t\t<section class=\"block-post-content\">\n\t<div class=\"block-post-content__title\">\n\t\t<h3 class=\"heading  heading__color--black heading__size--medium heading__font--sans heading__weight--bold  block-post-content__heading\" id=\"nav-krachtige-netwerken--br-rondom-jongeren--9579\" data-nav-heading-mobile=\"Krachtige netwerken rondom jongeren\u00a0\">\n\tKrachtige netwerken <br>rondom jongeren\u00a0<\/h3>\t<\/div>\n\t<div class=\"block-post-content__content\">\n\t\t\n<div\n  id=\"\"\n  class=\"wrapper  wrapper__spacing-bottom-large--30 wrapper__spacing-bottom-desktop--20  wrapper__gutter--none\"\n  >\n  \t<div class=\"wrapper__container wrapper__container-width-large--default\">\n\t  <div class=\"wrapper__inner wrapper__width-large--24 wrapper__width-mobile--24\">\n\t\t<p\n\t\tclass=\"paragraph paragraph__align--left paragraph__color--black paragraph__size--default   block-paragraph__paragraph\"\n\t\t\t>\n\t\tWe stimuleren een nauwere samenwerking tussen scholen en jeugdhulpverleners, zodat problemen snel worden gesignaleerd en de juiste ondersteuning geboden kan worden. Denk aan de aanwezigheid van jeugdprofessionals op scholen.\u00a0\t<\/p>\t  <\/div>\n\t<\/div>\n  <\/div>\n\n\t<\/div>\n\n\t<div class=\"block-post-content__sidebar\">\n\t\t\n\t\t\n\t\t\t<\/div>\n<\/section>\n\t  <\/div>\n\t<\/div>\n  <\/div>\n\n\n<div\n  id=\"\"\n  class=\"wrapper  wrapper__spacing-bottom-large--50 wrapper__spacing-bottom-desktop--70 wrapper__spacing-bottom-mobile--50  wrapper__gutter--none\"\n  >\n  \t<div class=\"wrapper__container wrapper__container-width-large--default\">\n\t  <div class=\"wrapper__inner wrapper__width-large--24 wrapper__width-desktop--22 wrapper__width-mobile--24 wrapper__offset-large--5 wrapper__offset-desktop--2 wrapper__offset-mobile--0\">\n\t\t<section class=\"block-post-content\">\n\t<div class=\"block-post-content__title\">\n\t\t<h3 class=\"heading  heading__color--black heading__size--medium heading__font--sans heading__weight--bold  block-post-content__heading\" id=\"nav-aanpak-van-problematisch-middelengebruik-en-gokverslaving-onder-jongeren--5974\" data-nav-heading-mobile=\"Aanpak van problematisch middelengebruik en gokverslaving onder jongeren\u00a0\">\n\tAanpak van problematisch middelengebruik en gokverslaving onder jongeren\u00a0<\/h3>\t<\/div>\n\t<div class=\"block-post-content__content\">\n\t\t\n<div\n  id=\"\"\n  class=\"wrapper  wrapper__spacing-bottom-large--30 wrapper__spacing-bottom-desktop--20  wrapper__gutter--none\"\n  >\n  \t<div class=\"wrapper__container wrapper__container-width-large--default\">\n\t  <div class=\"wrapper__inner wrapper__width-large--24 wrapper__width-mobile--24\">\n\t\t<p\n\t\tclass=\"paragraph paragraph__align--left paragraph__color--black paragraph__size--default   block-paragraph__paragraph\"\n\t\t\t>\n\t\tWe intensiveren preventiecampagnes en zorgen voor laagdrempelige toegang tot hulp voor jongeren die kampen met verslavingsproblematiek.\u00a0\t<\/p>\t  <\/div>\n\t<\/div>\n  <\/div>\n\n\t<\/div>\n\n\t<div class=\"block-post-content__sidebar\">\n\t\t\n\t\t\n\t\t\t<\/div>\n<\/section>\n\t  <\/div>\n\t<\/div>\n  <\/div>\n\n\n<div\n  id=\"\"\n  class=\"wrapper  wrapper__spacing-bottom-large--50 wrapper__spacing-bottom-desktop--70 wrapper__spacing-bottom-mobile--50  wrapper__gutter--none\"\n  >\n  \t<div class=\"wrapper__container wrapper__container-width-large--default\">\n\t  <div class=\"wrapper__inner wrapper__width-large--24 wrapper__width-desktop--22 wrapper__width-mobile--24 wrapper__offset-large--5 wrapper__offset-desktop--2 wrapper__offset-mobile--0\">\n\t\t<section class=\"block-post-content\">\n\t<div class=\"block-post-content__title\">\n\t\t<h3 class=\"heading  heading__color--black heading__size--medium heading__font--sans heading__weight--bold  block-post-content__heading\" id=\"nav-leren-van--br-andere-gemeenten8539\" data-nav-heading-mobile=\"Leren van andere gemeenten\">\n\tLeren van <br>andere gemeenten<\/h3>\t<\/div>\n\t<div class=\"block-post-content__content\">\n\t\t\n<div\n  id=\"\"\n  class=\"wrapper  wrapper__spacing-bottom-large--30 wrapper__spacing-bottom-desktop--20  wrapper__gutter--none\"\n  >\n  \t<div class=\"wrapper__container wrapper__container-width-large--default\">\n\t  <div class=\"wrapper__inner wrapper__width-large--24 wrapper__width-mobile--24\">\n\t\t<p\n\t\tclass=\"paragraph paragraph__align--left paragraph__color--black paragraph__size--default   block-paragraph__paragraph\"\n\t\t\t>\n\t\tIn Nederland is door verschillende gemeenten gekozen voor een andere aanpak van de jeugdzorg, bijvoorbeeld in Veendam. D66 wil leren van andere gemeenten wat wel en niet werkt in de jeugdzorg en dat vertalen naar de Capelse situatie.\u00a0\t<\/p>\t  <\/div>\n\t<\/div>\n  <\/div>\n\n\t<\/div>\n\n\t<div class=\"block-post-content__sidebar\">\n\t\t\n\t\t\n\t\t\t<\/div>\n<\/section>\n\t  <\/div>\n\t<\/div>\n  <\/div>\n\n\n<div\n  id=\"\"\n  class=\"wrapper  wrapper__spacing-bottom-large--20  wrapper__gutter--none\"\n  >\n  \t<div class=\"wrapper__container wrapper__container-width-large--default\">\n\t  <div class=\"wrapper__inner wrapper__width-large--14 wrapper__width-desktop--22 wrapper__width-mobile--24 wrapper__offset-large--6 wrapper__offset-desktop--2 wrapper__offset-mobile--0\">\n\t\t<h2 class=\"heading heading__align--left heading__color--black heading__size--larger heading__font--sans heading__weight--bold  block-heading__heading\" id=\"nav--br-senioren-in-capelle--actief-en-zelfredzaam--3708\"  data-nav-heading-mobile=\"Senioren in Capelle: Actief en zelfredzaam\u00a0\" >\n\t<br>Senioren in Capelle: Actief en zelfredzaam\u00a0<\/h2>\t  <\/div>\n\t<\/div>\n  <\/div>\n\n\n<div\n  id=\"\"\n  class=\"wrapper  wrapper__spacing-bottom-large--30 wrapper__spacing-bottom-desktop--20  wrapper__gutter--none\"\n  >\n  \t<div class=\"wrapper__container wrapper__container-width-large--default\">\n\t  <div class=\"wrapper__inner wrapper__width-large--10 wrapper__width-desktop--22 wrapper__width-mobile--24 wrapper__offset-large--6 wrapper__offset-desktop--2 wrapper__offset-mobile--0\">\n\t\t<p\n\t\tclass=\"paragraph paragraph__align--left paragraph__color--black paragraph__size--default   block-paragraph__paragraph\"\n\t\t\t>\n\t\tD66 Capelle wil dat senioren zo lang mogelijk zelfstandig en actief kunnen deelnemen aan de samenleving. We zetten in op voorzieningen die hen daarbij ondersteunen.\u00a0\t<\/p>\t  <\/div>\n\t<\/div>\n  <\/div>\n\n\n<div\n  id=\"\"\n  class=\"wrapper  wrapper__spacing-bottom-large--50 wrapper__spacing-bottom-desktop--70 wrapper__spacing-bottom-mobile--50  wrapper__gutter--none\"\n  >\n  \t<div class=\"wrapper__container wrapper__container-width-large--default\">\n\t  <div class=\"wrapper__inner wrapper__width-large--24 wrapper__width-desktop--22 wrapper__width-mobile--24 wrapper__offset-large--5 wrapper__offset-desktop--2 wrapper__offset-mobile--0\">\n\t\t<section class=\"block-post-content\">\n\t<div class=\"block-post-content__title\">\n\t\t<h3 class=\"heading  heading__color--black heading__size--medium heading__font--sans heading__weight--bold  block-post-content__heading\" id=\"nav-woonvormen-voor-senioren4337\" data-nav-heading-mobile=\"Woonvormen voor senioren\">\n\tWoonvormen voor senioren<\/h3>\t<\/div>\n\t<div class=\"block-post-content__content\">\n\t\t\n<div\n  id=\"\"\n  class=\"wrapper  wrapper__spacing-bottom-large--30 wrapper__spacing-bottom-desktop--20  wrapper__gutter--none\"\n  >\n  \t<div class=\"wrapper__container wrapper__container-width-large--default\">\n\t  <div class=\"wrapper__inner wrapper__width-large--24 wrapper__width-mobile--24\">\n\t\t<p\n\t\tclass=\"paragraph paragraph__align--left paragraph__color--black paragraph__size--default   block-paragraph__paragraph\"\n\t\t\t>\n\t\tWe stimuleren de ontwikkeling van diverse woonvormen die aansluiten bij de behoeften van senioren, van levensloopbestendige woningen tot kleinschalige woonzorgconcepten. Dit is tevens een belangrijk onderdeel in het oplossen van de schaarste op de woningmarkt: het bouwen van woningen\/appartementen voor senioren zorgt voor doorstroming op de woningmarkt.\u00a0\t<\/p>\t  <\/div>\n\t<\/div>\n  <\/div>\n\n\t<\/div>\n\n\t<div class=\"block-post-content__sidebar\">\n\t\t\n\t\t\n\t\t\t<\/div>\n<\/section>\n\t  <\/div>\n\t<\/div>\n  <\/div>\n\n\n<div\n  id=\"\"\n  class=\"wrapper  wrapper__spacing-bottom-large--50 wrapper__spacing-bottom-desktop--70 wrapper__spacing-bottom-mobile--50  wrapper__gutter--none\"\n  >\n  \t<div class=\"wrapper__container wrapper__container-width-large--default\">\n\t  <div class=\"wrapper__inner wrapper__width-large--24 wrapper__width-desktop--22 wrapper__width-mobile--24 wrapper__offset-large--5 wrapper__offset-desktop--2 wrapper__offset-mobile--0\">\n\t\t<section class=\"block-post-content\">\n\t<div class=\"block-post-content__title\">\n\t\t<h3 class=\"heading  heading__color--black heading__size--medium heading__font--sans heading__weight--bold  block-post-content__heading\" id=\"nav-sociale-cohesie-en-ontmoeting--8381\" data-nav-heading-mobile=\"Sociale cohesie en ontmoeting\u00a0\">\n\tSociale cohesie en ontmoeting\u00a0<\/h3>\t<\/div>\n\t<div class=\"block-post-content__content\">\n\t\t\n<div\n  id=\"\"\n  class=\"wrapper  wrapper__spacing-bottom-large--30 wrapper__spacing-bottom-desktop--20  wrapper__gutter--none\"\n  >\n  \t<div class=\"wrapper__container wrapper__container-width-large--default\">\n\t  <div class=\"wrapper__inner wrapper__width-large--24 wrapper__width-mobile--24\">\n\t\t<p\n\t\tclass=\"paragraph paragraph__align--left paragraph__color--black paragraph__size--default   block-paragraph__paragraph\"\n\t\t\t>\n\t\tWe investeren in ontmoetingsplekken en activiteiten voor senioren in de wijken, om eenzaamheid te voorkomen en sociale contacten te stimuleren. Denk aan buurthuizen, seniorenverenigingen en beweeggroepen, maar ook culturele podia zoals het Isala Theater en het Van Cappellenhuis.\u00a0\t<\/p>\t  <\/div>\n\t<\/div>\n  <\/div>\n\n\t<\/div>\n\n\t<div class=\"block-post-content__sidebar\">\n\t\t\n\t\t\n\t\t\t<\/div>\n<\/section>\n\t  <\/div>\n\t<\/div>\n  <\/div>\n\n\n<div\n  id=\"\"\n  class=\"wrapper  wrapper__spacing-bottom-large--50 wrapper__spacing-bottom-desktop--70 wrapper__spacing-bottom-mobile--50  wrapper__gutter--none\"\n  >\n  \t<div class=\"wrapper__container wrapper__container-width-large--default\">\n\t  <div class=\"wrapper__inner wrapper__width-large--24 wrapper__width-desktop--22 wrapper__width-mobile--24 wrapper__offset-large--5 wrapper__offset-desktop--2 wrapper__offset-mobile--0\">\n\t\t<section class=\"block-post-content\">\n\t<div class=\"block-post-content__title\">\n\t\t<h3 class=\"heading  heading__color--black heading__size--medium heading__font--sans heading__weight--bold  block-post-content__heading\" id=\"nav-ondersteuning-bij-technologie--4092\" data-nav-heading-mobile=\"Ondersteuning bij technologie\u00a0\">\n\tOndersteuning bij technologie\u00a0<\/h3>\t<\/div>\n\t<div class=\"block-post-content__content\">\n\t\t\n<div\n  id=\"\"\n  class=\"wrapper  wrapper__spacing-bottom-large--30 wrapper__spacing-bottom-desktop--20  wrapper__gutter--none\"\n  >\n  \t<div class=\"wrapper__container wrapper__container-width-large--default\">\n\t  <div class=\"wrapper__inner wrapper__width-large--24 wrapper__width-mobile--24\">\n\t\t<p\n\t\tclass=\"paragraph paragraph__align--left paragraph__color--black paragraph__size--default   block-paragraph__paragraph\"\n\t\t\t>\n\t\tWe helpen senioren bij het gebruik van digitale hulpmiddelen, zodat zij langer zelfstandig kunnen blijven wonen en participeren in de maatschappij. Dit kan door middel van cursussen of \u2018digitale maatjes\u2019. De Bibliotheek aan den IJssel verzorgt nu ook al dit soort cursussen en wij zien graag dat zij dit kunnen blijven doen.\u00a0\t<\/p>\t  <\/div>\n\t<\/div>\n  <\/div>\n\n\t<\/div>\n\n\t<div class=\"block-post-content__sidebar\">\n\t\t\n\t\t\n\t\t\t<\/div>\n<\/section>\n\t  <\/div>\n\t<\/div>\n  <\/div>\n\n\n<div\n  id=\"\"\n  class=\"wrapper  wrapper__spacing-bottom-large--50 wrapper__spacing-bottom-desktop--70 wrapper__spacing-bottom-mobile--50  wrapper__gutter--none\"\n  >\n  \t<div class=\"wrapper__container wrapper__container-width-large--default\">\n\t  <div class=\"wrapper__inner wrapper__width-large--24 wrapper__width-desktop--22 wrapper__width-mobile--24 wrapper__offset-large--5 wrapper__offset-desktop--2 wrapper__offset-mobile--0\">\n\t\t<section class=\"block-post-content\">\n\t<div class=\"block-post-content__title\">\n\t\t<h3 class=\"heading  heading__color--black heading__size--medium heading__font--sans heading__weight--bold  block-post-content__heading\" id=\"nav-toegankelijkheid-van--br-openbare-ruimte-en-voorzieningen---8209\" data-nav-heading-mobile=\"Toegankelijkheid van openbare ruimte en voorzieningen:\u00a0\">\n\tToegankelijkheid van <br>openbare ruimte en voorzieningen:\u00a0<\/h3>\t<\/div>\n\t<div class=\"block-post-content__content\">\n\t\t\n<div\n  id=\"\"\n  class=\"wrapper  wrapper__spacing-bottom-large--30 wrapper__spacing-bottom-desktop--20  wrapper__gutter--none\"\n  >\n  \t<div class=\"wrapper__container wrapper__container-width-large--default\">\n\t  <div class=\"wrapper__inner wrapper__width-large--24 wrapper__width-mobile--24\">\n\t\t<p\n\t\tclass=\"paragraph paragraph__align--left paragraph__color--black paragraph__size--default   block-paragraph__paragraph\"\n\t\t\t>\n\t\tWe blijven aandacht houden voor de toegankelijkheid van de openbare ruimte, openbaar vervoer en publieke gebouwen, zodat senioren zich vrij kunnen bewegen in Capelle.\u00a0\t<\/p>\t  <\/div>\n\t<\/div>\n  <\/div>\n\n\t<\/div>\n\n\t<div class=\"block-post-content__sidebar\">\n\t\t\n\t\t\n\t\t\t<\/div>\n<\/section>\n\t  <\/div>\n\t<\/div>\n  <\/div>\n\n\n<div\n  id=\"\"\n  class=\"wrapper  wrapper__spacing-bottom-large--20  wrapper__gutter--none\"\n  >\n  \t<div class=\"wrapper__container wrapper__container-width-large--default\">\n\t  <div class=\"wrapper__inner wrapper__width-large--14 wrapper__width-desktop--22 wrapper__width-mobile--24 wrapper__offset-large--6 wrapper__offset-desktop--2 wrapper__offset-mobile--0\">\n\t\t<h2 class=\"heading heading__align--left heading__color--black heading__size--larger heading__font--sans heading__weight--bold  block-heading__heading\" id=\"nav--br-dierenwelzijn7134\"  data-nav-heading-mobile=\"Dierenwelzijn\" >\n\t<br>Dierenwelzijn<\/h2>\t  <\/div>\n\t<\/div>\n  <\/div>\n\n\n<div\n  id=\"\"\n  class=\"wrapper  wrapper__spacing-bottom-large--30 wrapper__spacing-bottom-desktop--20  wrapper__gutter--none\"\n  >\n  \t<div class=\"wrapper__container wrapper__container-width-large--default\">\n\t  <div class=\"wrapper__inner wrapper__width-large--10 wrapper__width-desktop--22 wrapper__width-mobile--24 wrapper__offset-large--6 wrapper__offset-desktop--2 wrapper__offset-mobile--0\">\n\t\t<p\n\t\tclass=\"paragraph paragraph__align--left paragraph__color--black paragraph__size--default   block-paragraph__paragraph\"\n\t\t\t>\n\t\tHuisdieren zijn een verrijking voor het leven van vele Capellenaren. Huisdieren helpen tegen eenzaamheid, maar dieren zoals insecten zijn ook belangrijk voor het voortbestaan van onze flora en fauna. Dierenwelzijn dient prominenter dan tot nu toe op de gemeentelijke agenda te komen. Met de genoemde maatregelen willen we verwaarlozing van dieren en dierenleed (proberen te) voorkomen.\u00a0\t<\/p>\t  <\/div>\n\t<\/div>\n  <\/div>\n\n\n<div\n  id=\"\"\n  class=\"wrapper  wrapper__spacing-bottom-large--50 wrapper__spacing-bottom-desktop--70 wrapper__spacing-bottom-mobile--50  wrapper__gutter--none\"\n  >\n  \t<div class=\"wrapper__container wrapper__container-width-large--default\">\n\t  <div class=\"wrapper__inner wrapper__width-large--24 wrapper__width-desktop--22 wrapper__width-mobile--24 wrapper__offset-large--5 wrapper__offset-desktop--2 wrapper__offset-mobile--0\">\n\t\t<section class=\"block-post-content\">\n\t<div class=\"block-post-content__title\">\n\t\t<h3 class=\"heading  heading__color--black heading__size--medium heading__font--sans heading__weight--bold  block-post-content__heading\" id=\"nav-chippen-en-registratie--br-van-katten4028\" data-nav-heading-mobile=\"Chippen en registratie van katten\">\n\tChippen en registratie <br>van katten<\/h3>\t<\/div>\n\t<div class=\"block-post-content__content\">\n\t\t\n<div\n  id=\"\"\n  class=\"wrapper  wrapper__spacing-bottom-large--30 wrapper__spacing-bottom-desktop--20  wrapper__gutter--none\"\n  >\n  \t<div class=\"wrapper__container wrapper__container-width-large--default\">\n\t  <div class=\"wrapper__inner wrapper__width-large--24 wrapper__width-mobile--24\">\n\t\t<p\n\t\tclass=\"paragraph paragraph__align--left paragraph__color--black paragraph__size--default   block-paragraph__paragraph\"\n\t\t\t>\n\t\tDe verplichting tot het chippen en registreren van de chip van katten: dat maakt het makkelijker het baasje te vinden.\u00a0\t<\/p>\t  <\/div>\n\t<\/div>\n  <\/div>\n\n\t<\/div>\n\n\t<div class=\"block-post-content__sidebar\">\n\t\t\n\t\t\n\t\t\t<\/div>\n<\/section>\n\t  <\/div>\n\t<\/div>\n  <\/div>\n\n\n<div\n  id=\"\"\n  class=\"wrapper  wrapper__spacing-bottom-large--50 wrapper__spacing-bottom-desktop--70 wrapper__spacing-bottom-mobile--50  wrapper__gutter--none\"\n  >\n  \t<div class=\"wrapper__container wrapper__container-width-large--default\">\n\t  <div class=\"wrapper__inner wrapper__width-large--24 wrapper__width-desktop--22 wrapper__width-mobile--24 wrapper__offset-large--5 wrapper__offset-desktop--2 wrapper__offset-mobile--0\">\n\t\t<section class=\"block-post-content\">\n\t<div class=\"block-post-content__title\">\n\t\t<h3 class=\"heading  heading__color--black heading__size--medium heading__font--sans heading__weight--bold  block-post-content__heading\" id=\"nav-aansluiten-bij--br-dierenbuddy-programma2708\" data-nav-heading-mobile=\"Aansluiten bij dierenbuddy programma\">\n\tAansluiten bij <br>dierenbuddy programma<\/h3>\t<\/div>\n\t<div class=\"block-post-content__content\">\n\t\t\n<div\n  id=\"\"\n  class=\"wrapper  wrapper__spacing-bottom-large--30 wrapper__spacing-bottom-desktop--20  wrapper__gutter--none\"\n  >\n  \t<div class=\"wrapper__container wrapper__container-width-large--default\">\n\t  <div class=\"wrapper__inner wrapper__width-large--24 wrapper__width-mobile--24\">\n\t\t<p\n\t\tclass=\"paragraph paragraph__align--left paragraph__color--black paragraph__size--default   block-paragraph__paragraph\"\n\t\t\t>\n\t\tCapelle sluit zich aan bij het dierenbuddy programma. Op deze manier hoeven ouderen en chronisch zieken geen afscheid te nemen van hun huisdieren, ondanks dat ze minder goed kunnen zorgen voor ze. De vrijwillige dierenbuddy\u2019s helpen deze mensen namelijk met de dagelijkse zorg voor hun huisdieren.\u00a0\t<\/p>\t  <\/div>\n\t<\/div>\n  <\/div>\n\n\t<\/div>\n\n\t<div class=\"block-post-content__sidebar\">\n\t\t\n\t\t\n\t\t\t<\/div>\n<\/section>\n\t  <\/div>\n\t<\/div>\n  <\/div>\n\n\n<div\n  id=\"\"\n  class=\"wrapper  wrapper__spacing-bottom-large--50 wrapper__spacing-bottom-desktop--70 wrapper__spacing-bottom-mobile--50  wrapper__gutter--none\"\n  >\n  \t<div class=\"wrapper__container wrapper__container-width-large--default\">\n\t  <div class=\"wrapper__inner wrapper__width-large--24 wrapper__width-desktop--22 wrapper__width-mobile--24 wrapper__offset-large--5 wrapper__offset-desktop--2 wrapper__offset-mobile--0\">\n\t\t<section class=\"block-post-content\">\n\t<div class=\"block-post-content__title\">\n\t\t<h3 class=\"heading  heading__color--black heading__size--medium heading__font--sans heading__weight--bold  block-post-content__heading\" id=\"nav-bewuste-aanschaf--huis-dieren5734\" data-nav-heading-mobile=\"Bewuste aanschaf (huis)dieren\">\n\tBewuste aanschaf (huis)dieren<\/h3>\t<\/div>\n\t<div class=\"block-post-content__content\">\n\t\t\n<div\n  id=\"\"\n  class=\"wrapper  wrapper__spacing-bottom-large--30 wrapper__spacing-bottom-desktop--20  wrapper__gutter--none\"\n  >\n  \t<div class=\"wrapper__container wrapper__container-width-large--default\">\n\t  <div class=\"wrapper__inner wrapper__width-large--24 wrapper__width-mobile--24\">\n\t\t<p\n\t\tclass=\"paragraph paragraph__align--left paragraph__color--black paragraph__size--default   block-paragraph__paragraph\"\n\t\t\t>\n\t\tWe maken ons hard voor een grotere bewustwording van het aanschaffen van een dier en de verplichtingen die hierbij komen kijken om verwaarlozing ne problemen binnen huishoudens te voorkomen. Denk hierbij aan voorlichting vanuit de gemeente en samenwerking met dierenwinkels.\u00a0\t<\/p>\t  <\/div>\n\t<\/div>\n  <\/div>\n\n\t<\/div>\n\n\t<div class=\"block-post-content__sidebar\">\n\t\t\n\t\t\n\t\t\t<\/div>\n<\/section>\n\t  <\/div>\n\t<\/div>\n  <\/div>\n\n\n<div\n  id=\"\"\n  class=\"wrapper  wrapper__spacing-bottom-large--50 wrapper__spacing-bottom-desktop--70 wrapper__spacing-bottom-mobile--50  wrapper__gutter--none\"\n  >\n  \t<div class=\"wrapper__container wrapper__container-width-large--default\">\n\t  <div class=\"wrapper__inner wrapper__width-large--24 wrapper__width-desktop--22 wrapper__width-mobile--24 wrapper__offset-large--5 wrapper__offset-desktop--2 wrapper__offset-mobile--0\">\n\t\t<section class=\"block-post-content\">\n\t<div class=\"block-post-content__title\">\n\t\t<h3 class=\"heading  heading__color--black heading__size--medium heading__font--sans heading__weight--bold  block-post-content__heading\" id=\"nav-ongedierte-bestrijding4746\" data-nav-heading-mobile=\"Ongedierte bestrijding\">\n\tOngedierte bestrijding<\/h3>\t<\/div>\n\t<div class=\"block-post-content__content\">\n\t\t\n<div\n  id=\"\"\n  class=\"wrapper  wrapper__spacing-bottom-large--30 wrapper__spacing-bottom-desktop--20  wrapper__gutter--none\"\n  >\n  \t<div class=\"wrapper__container wrapper__container-width-large--default\">\n\t  <div class=\"wrapper__inner wrapper__width-large--24 wrapper__width-mobile--24\">\n\t\t<p\n\t\tclass=\"paragraph paragraph__align--left paragraph__color--black paragraph__size--default   block-paragraph__paragraph\"\n\t\t\t>\n\t\tOverlast van ongedierte voorkomen we door continue voorlichting en bestrijden we waar nodig op een diervriendelijke en ecologische manier.\u00a0\t<\/p>\t  <\/div>\n\t<\/div>\n  <\/div>\n\n\t<\/div>\n\n\t<div class=\"block-post-content__sidebar\">\n\t\t\n\t\t\n\t\t\t<\/div>\n<\/section>\n\t  <\/div>\n\t<\/div>\n  <\/div>\n\n\n<div\n  id=\"\"\n  class=\"wrapper  wrapper__spacing-bottom-large--50 wrapper__spacing-bottom-desktop--70 wrapper__spacing-bottom-mobile--50  wrapper__gutter--none\"\n  >\n  \t<div class=\"wrapper__container wrapper__container-width-large--default\">\n\t  <div class=\"wrapper__inner wrapper__width-large--24 wrapper__width-desktop--22 wrapper__width-mobile--24 wrapper__offset-large--5 wrapper__offset-desktop--2 wrapper__offset-mobile--0\">\n\t\t<section class=\"block-post-content\">\n\t<div class=\"block-post-content__title\">\n\t\t<h3 class=\"heading  heading__color--black heading__size--medium heading__font--sans heading__weight--bold  block-post-content__heading\" id=\"nav-voederverbod-voor-ganzen--eenden-en-zwanen--3494\" data-nav-heading-mobile=\"Voederverbod voor ganzen, eenden en zwanen\u00a0\">\n\tVoederverbod voor ganzen, eenden en zwanen\u00a0<\/h3>\t<\/div>\n\t<div class=\"block-post-content__content\">\n\t\t\n<div\n  id=\"\"\n  class=\"wrapper  wrapper__spacing-bottom-large--30 wrapper__spacing-bottom-desktop--20  wrapper__gutter--none\"\n  >\n  \t<div class=\"wrapper__container wrapper__container-width-large--default\">\n\t  <div class=\"wrapper__inner wrapper__width-large--24 wrapper__width-mobile--24\">\n\t\t<p\n\t\tclass=\"paragraph paragraph__align--left paragraph__color--black paragraph__size--default   block-paragraph__paragraph\"\n\t\t\t>\n\t\tDit voorkomt overlast van ratten die het eten opeten en dat ganzen, eenden en zwanen eten krijgen dat niet goed voor hen is.\u00a0\t<\/p>\t  <\/div>\n\t<\/div>\n  <\/div>\n\n\t<\/div>\n\n\t<div class=\"block-post-content__sidebar\">\n\t\t\n\t\t\n\t\t\t<\/div>\n<\/section>\n\t  <\/div>\n\t<\/div>\n  <\/div>\n\n\n<div\n  id=\"\"\n  class=\"wrapper  wrapper__spacing-bottom-large--50 wrapper__spacing-bottom-desktop--70 wrapper__spacing-bottom-mobile--50  wrapper__gutter--none\"\n  >\n  \t<div class=\"wrapper__container wrapper__container-width-large--default\">\n\t  <div class=\"wrapper__inner wrapper__width-large--24 wrapper__width-desktop--22 wrapper__width-mobile--24 wrapper__offset-large--5 wrapper__offset-desktop--2 wrapper__offset-mobile--0\">\n\t\t<section class=\"block-post-content\">\n\t<div class=\"block-post-content__title\">\n\t\t<h3 class=\"heading  heading__color--black heading__size--medium heading__font--sans heading__weight--bold  block-post-content__heading\" id=\"nav-hulp-bij-medische-kosten--3466\" data-nav-heading-mobile=\"Hulp bij medische kosten\u00a0\">\n\tHulp bij medische kosten\u00a0<\/h3>\t<\/div>\n\t<div class=\"block-post-content__content\">\n\t\t\n<div\n  id=\"\"\n  class=\"wrapper  wrapper__spacing-bottom-large--30 wrapper__spacing-bottom-desktop--20  wrapper__gutter--none\"\n  >\n  \t<div class=\"wrapper__container wrapper__container-width-large--default\">\n\t  <div class=\"wrapper__inner wrapper__width-large--24 wrapper__width-mobile--24\">\n\t\t<p\n\t\tclass=\"paragraph paragraph__align--left paragraph__color--black paragraph__size--default   block-paragraph__paragraph\"\n\t\t\t>\n\t\tCapelle legt in haar richtlijnen van de Bijzondere Bijstand vast dat inwoners met een laag inkomen een regeling kunnen treffen bij onvoorziene noodzakelijke medische kosten voor \u00e9\u00e9n huisdier.\u00a0\t<\/p>\t  <\/div>\n\t<\/div>\n  <\/div>\n\n\t<\/div>\n\n\t<div class=\"block-post-content__sidebar\">\n\t\t\n\t\t\n\t\t\t<\/div>\n<\/section>\n\t  <\/div>\n\t<\/div>\n  <\/div>\n\n\n<div\n  id=\"\"\n  class=\"wrapper  wrapper__spacing-bottom-large--50 wrapper__spacing-bottom-desktop--70 wrapper__spacing-bottom-mobile--50  wrapper__gutter--none\"\n  >\n  \t<div class=\"wrapper__container wrapper__container-width-large--default\">\n\t  <div class=\"wrapper__inner wrapper__width-large--24 wrapper__width-desktop--22 wrapper__width-mobile--24 wrapper__offset-large--5 wrapper__offset-desktop--2 wrapper__offset-mobile--0\">\n\t\t<section class=\"block-post-content\">\n\t<div class=\"block-post-content__title\">\n\t\t<h3 class=\"heading  heading__color--black heading__size--medium heading__font--sans heading__weight--bold  block-post-content__heading\" id=\"nav-handhaven-verbod-bomenkap2211\" data-nav-heading-mobile=\"Handhaven verbod bomenkap\">\n\tHandhaven verbod bomenkap<\/h3>\t<\/div>\n\t<div class=\"block-post-content__content\">\n\t\t\n<div\n  id=\"\"\n  class=\"wrapper  wrapper__spacing-bottom-large--30 wrapper__spacing-bottom-desktop--20  wrapper__gutter--none\"\n  >\n  \t<div class=\"wrapper__container wrapper__container-width-large--default\">\n\t  <div class=\"wrapper__inner wrapper__width-large--24 wrapper__width-mobile--24\">\n\t\t<p\n\t\tclass=\"paragraph paragraph__align--left paragraph__color--black paragraph__size--default   block-paragraph__paragraph\"\n\t\t\t>\n\t\tIn lijn met de adviezen van de dierenbescherming willen we niet alleen dat het verbod op bomenkap in het broedseizoen strenger wordt gehandhaafd, maar ook kijken naar het beperken van het maai- en snoei activiteiten tijdens het broedseizoen. Dit in lijn met\/als aanvulling op het al doorgevoerde ecologisch maaibeleid.\u00a0\t<\/p>\t  <\/div>\n\t<\/div>\n  <\/div>\n\n\t<\/div>\n\n\t<div class=\"block-post-content__sidebar\">\n\t\t\n\t\t\n\t\t\t<\/div>\n<\/section>\n\t  <\/div>\n\t<\/div>\n  <\/div>\n\n\n<div\n  id=\"\"\n  class=\"wrapper  wrapper__spacing-bottom-large--50 wrapper__spacing-bottom-desktop--70 wrapper__spacing-bottom-mobile--50  wrapper__gutter--none\"\n  >\n  \t<div class=\"wrapper__container wrapper__container-width-large--default\">\n\t  <div class=\"wrapper__inner wrapper__width-large--24 wrapper__width-desktop--22 wrapper__width-mobile--24 wrapper__offset-large--5 wrapper__offset-desktop--2 wrapper__offset-mobile--0\">\n\t\t<section class=\"block-post-content\">\n\t<div class=\"block-post-content__title\">\n\t\t<h3 class=\"heading  heading__color--black heading__size--medium heading__font--sans heading__weight--bold  block-post-content__heading\" id=\"nav-meldpunt-gevaarlijke-honden5575\" data-nav-heading-mobile=\"Meldpunt gevaarlijke honden\">\n\tMeldpunt gevaarlijke honden<\/h3>\t<\/div>\n\t<div class=\"block-post-content__content\">\n\t\t\n<div\n  id=\"\"\n  class=\"wrapper  wrapper__spacing-bottom-large--30 wrapper__spacing-bottom-desktop--20  wrapper__gutter--none\"\n  >\n  \t<div class=\"wrapper__container wrapper__container-width-large--default\">\n\t  <div class=\"wrapper__inner wrapper__width-large--24 wrapper__width-mobile--24\">\n\t\t<p\n\t\tclass=\"paragraph paragraph__align--left paragraph__color--black paragraph__size--default   block-paragraph__paragraph\"\n\t\t\t>\n\t\tZowel hondeneigenaren als niet-hondeneigenaren hebben er mee te maken; gevaarlijke honden. Door een meldpunt gevaarlijke honden in te stellen kunnen bijtincidenten voorkomen worden. Zo blijft de buitenruimte veilig voor mens en dier.\u00a0\t<\/p>\t  <\/div>\n\t<\/div>\n  <\/div>\n\n\t<\/div>\n\n\t<div class=\"block-post-content__sidebar\">\n\t\t\n\t\t\n\t\t\t<\/div>\n<\/section>\n\t  <\/div>\n\t<\/div>\n  <\/div>\n\n\n<div\n  id=\"\"\n  class=\"wrapper  wrapper__spacing-bottom-large--70 wrapper__spacing-bottom-desktop--65 wrapper__spacing-bottom-mobile--50  wrapper__gutter--none\"\n  >\n  \t<div class=\"wrapper__container wrapper__container-width-large--default\">\n\t  <div class=\"wrapper__inner wrapper__width-large--14 wrapper__width-desktop--24 wrapper__offset-large--3 wrapper__offset-desktop--0\">\n\t\t<section class=\"block-quote\">\n\t\t\t<p class=\"paragraph  paragraph__color--black     block-quote__quote\">\n\t\t<em>Capelle kiest voor zorg op maat, met speciale aandacht voor preventie en vroegsignalering, zodat iedere inwoner de ondersteuning krijgt die nodig is. Digitale hulp maakt het mogelijk voor senioren om langer zelfstandig te blijven. Een toegankelijke stad en een gezonde leefomgeving met voldoende uitdagingen staan centraal, waarbij het welzijn en de zorg voor mens en dier vooropgaan.\u00a0<\/em>\t<\/p>\t\n\t<\/section>\n\t  <\/div>\n\t<\/div>\n  <\/div>\n","protected":false},"author":586,"featured_media":1030,"parent":0,"menu_order":0,"template":"full-width.php","meta":{"_acf_changed":true},"search-tags":[],"themes-or-point-of-view":[25],"class_list":["post-1029","manifesto","type-manifesto","status-publish","has-post-thumbnail","hentry","themes-or-point-of-view-point-of-view"],"acf":[],"yoast_head":"<!-- This site is optimized with the Yoast SEO plugin v27.3 - https:\/\/yoast.com\/product\/yoast-seo-wordpress\/ -->\n<title>D66 Capelle aan den IJssel &#8212; Zorg en Welzijn | Verkiezingsprogramma<\/title>\n<meta name=\"description\" content=\"D66 Capelle zet in op preventie, zorg op maat en welzijn voor alle inwoners \u2014 van jeugd tot senioren \u2014 dichtbij en toegankelijk.\" \/>\n<meta name=\"robots\" content=\"index, follow, max-snippet:-1, max-image-preview:large, max-video-preview:-1\" \/>\n<link rel=\"canonical\" href=\"https:\/\/d66.nl\/capelleaandenijssel\/verkiezingsprogramma\/zorg-en-welzijn\/\" \/>\n<meta property=\"og:locale\" content=\"nl_NL\" \/>\n<meta property=\"og:type\" content=\"article\" \/>\n<meta property=\"og:title\" content=\"D66 Capelle aan den IJssel &#8212; Zorg en Welzijn | Verkiezingsprogramma\" \/>\n<meta property=\"og:description\" content=\"D66 Capelle zet in op preventie, zorg op maat en welzijn voor alle inwoners \u2014 van jeugd tot senioren \u2014 dichtbij en toegankelijk.\" \/>\n<meta property=\"og:url\" content=\"https:\/\/d66.nl\/capelleaandenijssel\/verkiezingsprogramma\/zorg-en-welzijn\/\" \/>\n<meta property=\"og:site_name\" content=\"D66 Capelle aan den IJssel\" \/>\n<meta property=\"article:modified_time\" content=\"2026-03-17T10:49:16+00:00\" \/>\n<meta property=\"og:image\" content=\"https:\/\/media.d66.nl\/uploads\/sites\/20\/2026\/03\/pexels-karola-g-4386466-scaled.jpg\" \/>\n\t<meta property=\"og:image:width\" content=\"2560\" \/>\n\t<meta property=\"og:image:height\" content=\"1707\" \/>\n\t<meta property=\"og:image:type\" content=\"image\/jpeg\" \/>\n<meta name=\"twitter:card\" content=\"summary_large_image\" \/>\n<meta name=\"twitter:label1\" content=\"Geschatte leestijd\" \/>\n\t<meta name=\"twitter:data1\" content=\"1 minuut\" \/>\n<script type=\"application\/ld+json\" class=\"yoast-schema-graph\">{\"@context\":\"https:\\\/\\\/schema.org\",\"@graph\":[{\"@type\":\"WebPage\",\"@id\":\"https:\\\/\\\/d66.nl\\\/capelleaandenijssel\\\/verkiezingsprogramma\\\/zorg-en-welzijn\\\/\",\"url\":\"https:\\\/\\\/d66.nl\\\/capelleaandenijssel\\\/verkiezingsprogramma\\\/zorg-en-welzijn\\\/\",\"name\":\"D66 Capelle aan den IJssel &#8212; Zorg en Welzijn | Verkiezingsprogramma\",\"isPartOf\":{\"@id\":\"https:\\\/\\\/d66.nl\\\/capelleaandenijssel\\\/#website\"},\"primaryImageOfPage\":{\"@id\":\"https:\\\/\\\/d66.nl\\\/capelleaandenijssel\\\/verkiezingsprogramma\\\/zorg-en-welzijn\\\/#primaryimage\"},\"image\":{\"@id\":\"https:\\\/\\\/d66.nl\\\/capelleaandenijssel\\\/verkiezingsprogramma\\\/zorg-en-welzijn\\\/#primaryimage\"},\"thumbnailUrl\":\"https:\\\/\\\/media.d66.nl\\\/uploads\\\/sites\\\/20\\\/2026\\\/03\\\/pexels-karola-g-4386466-scaled.jpg\",\"datePublished\":\"2026-03-10T15:26:45+00:00\",\"dateModified\":\"2026-03-17T10:49:16+00:00\",\"description\":\"D66 Capelle zet in op preventie, zorg op maat en welzijn voor alle inwoners \u2014 van jeugd tot senioren \u2014 dichtbij en toegankelijk.\",\"breadcrumb\":{\"@id\":\"https:\\\/\\\/d66.nl\\\/capelleaandenijssel\\\/verkiezingsprogramma\\\/zorg-en-welzijn\\\/#breadcrumb\"},\"inLanguage\":\"nl-NL\",\"potentialAction\":[{\"@type\":\"ReadAction\",\"target\":[\"https:\\\/\\\/d66.nl\\\/capelleaandenijssel\\\/verkiezingsprogramma\\\/zorg-en-welzijn\\\/\"]}]},{\"@type\":\"ImageObject\",\"inLanguage\":\"nl-NL\",\"@id\":\"https:\\\/\\\/d66.nl\\\/capelleaandenijssel\\\/verkiezingsprogramma\\\/zorg-en-welzijn\\\/#primaryimage\",\"url\":\"https:\\\/\\\/media.d66.nl\\\/uploads\\\/sites\\\/20\\\/2026\\\/03\\\/pexels-karola-g-4386466-scaled.jpg\",\"contentUrl\":\"https:\\\/\\\/media.d66.nl\\\/uploads\\\/sites\\\/20\\\/2026\\\/03\\\/pexels-karola-g-4386466-scaled.jpg\",\"width\":2560,\"height\":1707},{\"@type\":\"BreadcrumbList\",\"@id\":\"https:\\\/\\\/d66.nl\\\/capelleaandenijssel\\\/verkiezingsprogramma\\\/zorg-en-welzijn\\\/#breadcrumb\",\"itemListElement\":[{\"@type\":\"ListItem\",\"position\":1,\"name\":\"Home\",\"item\":\"https:\\\/\\\/d66.nl\\\/capelleaandenijssel\\\/\"},{\"@type\":\"ListItem\",\"position\":2,\"name\":\"Zorg en Welzijn\"}]},{\"@type\":\"WebSite\",\"@id\":\"https:\\\/\\\/d66.nl\\\/capelleaandenijssel\\\/#website\",\"url\":\"https:\\\/\\\/d66.nl\\\/capelleaandenijssel\\\/\",\"name\":\"D66 Capelle aan den IJssel\",\"description\":\"Het kan in Capelle\",\"publisher\":{\"@id\":\"https:\\\/\\\/d66.nl\\\/capelleaandenijssel\\\/#organization\"},\"potentialAction\":[{\"@type\":\"SearchAction\",\"target\":{\"@type\":\"EntryPoint\",\"urlTemplate\":\"https:\\\/\\\/d66.nl\\\/capelleaandenijssel\\\/?s={search_term_string}\"},\"query-input\":{\"@type\":\"PropertyValueSpecification\",\"valueRequired\":true,\"valueName\":\"search_term_string\"}}],\"inLanguage\":\"nl-NL\"},{\"@type\":\"Organization\",\"@id\":\"https:\\\/\\\/d66.nl\\\/capelleaandenijssel\\\/#organization\",\"name\":\"D66\",\"url\":\"https:\\\/\\\/d66.nl\\\/capelleaandenijssel\\\/\",\"logo\":{\"@type\":\"ImageObject\",\"inLanguage\":\"nl-NL\",\"@id\":\"https:\\\/\\\/d66.nl\\\/capelleaandenijssel\\\/#\\\/schema\\\/logo\\\/image\\\/\",\"url\":\"https:\\\/\\\/d66.nl\\\/capelleaandenijssel\\\/wp-content\\\/uploads\\\/sites\\\/2\\\/2021\\\/10\\\/d66-themas-algemeen-og.png\",\"contentUrl\":\"https:\\\/\\\/d66.nl\\\/capelleaandenijssel\\\/wp-content\\\/uploads\\\/sites\\\/2\\\/2021\\\/10\\\/d66-themas-algemeen-og.png\",\"width\":1200,\"height\":628,\"caption\":\"D66\"},\"image\":{\"@id\":\"https:\\\/\\\/d66.nl\\\/capelleaandenijssel\\\/#\\\/schema\\\/logo\\\/image\\\/\"}}]}<\/script>\n<!-- \/ Yoast SEO plugin. -->","yoast_head_json":{"title":"D66 Capelle aan den IJssel &#8212; Zorg en Welzijn | Verkiezingsprogramma","description":"D66 Capelle zet in op preventie, zorg op maat en welzijn voor alle inwoners \u2014 van jeugd tot senioren \u2014 dichtbij en toegankelijk.","robots":{"index":"index","follow":"follow","max-snippet":"max-snippet:-1","max-image-preview":"max-image-preview:large","max-video-preview":"max-video-preview:-1"},"canonical":"https:\/\/d66.nl\/capelleaandenijssel\/verkiezingsprogramma\/zorg-en-welzijn\/","og_locale":"nl_NL","og_type":"article","og_title":"D66 Capelle aan den IJssel &#8212; Zorg en Welzijn | Verkiezingsprogramma","og_description":"D66 Capelle zet in op preventie, zorg op maat en welzijn voor alle inwoners \u2014 van jeugd tot senioren \u2014 dichtbij en toegankelijk.","og_url":"https:\/\/d66.nl\/capelleaandenijssel\/verkiezingsprogramma\/zorg-en-welzijn\/","og_site_name":"D66 Capelle aan den IJssel","article_modified_time":"2026-03-17T10:49:16+00:00","og_image":[{"width":2560,"height":1707,"url":"https:\/\/media.d66.nl\/uploads\/sites\/20\/2026\/03\/pexels-karola-g-4386466-scaled.jpg","type":"image\/jpeg"}],"twitter_card":"summary_large_image","twitter_misc":{"Geschatte leestijd":"1 minuut"},"schema":{"@context":"https:\/\/schema.org","@graph":[{"@type":"WebPage","@id":"https:\/\/d66.nl\/capelleaandenijssel\/verkiezingsprogramma\/zorg-en-welzijn\/","url":"https:\/\/d66.nl\/capelleaandenijssel\/verkiezingsprogramma\/zorg-en-welzijn\/","name":"D66 Capelle aan den IJssel &#8212; Zorg en Welzijn | Verkiezingsprogramma","isPartOf":{"@id":"https:\/\/d66.nl\/capelleaandenijssel\/#website"},"primaryImageOfPage":{"@id":"https:\/\/d66.nl\/capelleaandenijssel\/verkiezingsprogramma\/zorg-en-welzijn\/#primaryimage"},"image":{"@id":"https:\/\/d66.nl\/capelleaandenijssel\/verkiezingsprogramma\/zorg-en-welzijn\/#primaryimage"},"thumbnailUrl":"https:\/\/media.d66.nl\/uploads\/sites\/20\/2026\/03\/pexels-karola-g-4386466-scaled.jpg","datePublished":"2026-03-10T15:26:45+00:00","dateModified":"2026-03-17T10:49:16+00:00","description":"D66 Capelle zet in op preventie, zorg op maat en welzijn voor alle inwoners \u2014 van jeugd tot senioren \u2014 dichtbij en toegankelijk.","breadcrumb":{"@id":"https:\/\/d66.nl\/capelleaandenijssel\/verkiezingsprogramma\/zorg-en-welzijn\/#breadcrumb"},"inLanguage":"nl-NL","potentialAction":[{"@type":"ReadAction","target":["https:\/\/d66.nl\/capelleaandenijssel\/verkiezingsprogramma\/zorg-en-welzijn\/"]}]},{"@type":"ImageObject","inLanguage":"nl-NL","@id":"https:\/\/d66.nl\/capelleaandenijssel\/verkiezingsprogramma\/zorg-en-welzijn\/#primaryimage","url":"https:\/\/media.d66.nl\/uploads\/sites\/20\/2026\/03\/pexels-karola-g-4386466-scaled.jpg","contentUrl":"https:\/\/media.d66.nl\/uploads\/sites\/20\/2026\/03\/pexels-karola-g-4386466-scaled.jpg","width":2560,"height":1707},{"@type":"BreadcrumbList","@id":"https:\/\/d66.nl\/capelleaandenijssel\/verkiezingsprogramma\/zorg-en-welzijn\/#breadcrumb","itemListElement":[{"@type":"ListItem","position":1,"name":"Home","item":"https:\/\/d66.nl\/capelleaandenijssel\/"},{"@type":"ListItem","position":2,"name":"Zorg en Welzijn"}]},{"@type":"WebSite","@id":"https:\/\/d66.nl\/capelleaandenijssel\/#website","url":"https:\/\/d66.nl\/capelleaandenijssel\/","name":"D66 Capelle aan den IJssel","description":"Het kan in Capelle","publisher":{"@id":"https:\/\/d66.nl\/capelleaandenijssel\/#organization"},"potentialAction":[{"@type":"SearchAction","target":{"@type":"EntryPoint","urlTemplate":"https:\/\/d66.nl\/capelleaandenijssel\/?s={search_term_string}"},"query-input":{"@type":"PropertyValueSpecification","valueRequired":true,"valueName":"search_term_string"}}],"inLanguage":"nl-NL"},{"@type":"Organization","@id":"https:\/\/d66.nl\/capelleaandenijssel\/#organization","name":"D66","url":"https:\/\/d66.nl\/capelleaandenijssel\/","logo":{"@type":"ImageObject","inLanguage":"nl-NL","@id":"https:\/\/d66.nl\/capelleaandenijssel\/#\/schema\/logo\/image\/","url":"https:\/\/d66.nl\/capelleaandenijssel\/wp-content\/uploads\/sites\/2\/2021\/10\/d66-themas-algemeen-og.png","contentUrl":"https:\/\/d66.nl\/capelleaandenijssel\/wp-content\/uploads\/sites\/2\/2021\/10\/d66-themas-algemeen-og.png","width":1200,"height":628,"caption":"D66"},"image":{"@id":"https:\/\/d66.nl\/capelleaandenijssel\/#\/schema\/logo\/image\/"}}]}},"_links":{"self":[{"href":"https:\/\/d66.nl\/capelleaandenijssel\/wp-json\/wp\/v2\/verkiezingsprogramma\/1029","targetHints":{"allow":["GET"]}}],"collection":[{"href":"https:\/\/d66.nl\/capelleaandenijssel\/wp-json\/wp\/v2\/verkiezingsprogramma"}],"about":[{"href":"https:\/\/d66.nl\/capelleaandenijssel\/wp-json\/wp\/v2\/types\/manifesto"}],"author":[{"embeddable":true,"href":"https:\/\/d66.nl\/capelleaandenijssel\/wp-json\/wp\/v2\/users\/586"}],"wp:featuredmedia":[{"embeddable":true,"href":"https:\/\/d66.nl\/capelleaandenijssel\/wp-json\/wp\/v2\/media\/1030"}],"wp:attachment":[{"href":"https:\/\/d66.nl\/capelleaandenijssel\/wp-json\/wp\/v2\/media?parent=1029"}],"wp:term":[{"taxonomy":"search-tags","embeddable":true,"href":"https:\/\/d66.nl\/capelleaandenijssel\/wp-json\/wp\/v2\/search-tags?post=1029"},{"taxonomy":"themes-or-point-of-view","embeddable":true,"href":"https:\/\/d66.nl\/capelleaandenijssel\/wp-json\/wp\/v2\/themes-or-point-of-view?post=1029"}],"curies":[{"name":"wp","href":"https:\/\/api.w.org\/{rel}","templated":true}]}}