{"id":1081,"date":"2022-02-03T21:38:36","date_gmt":"2022-02-03T21:38:36","guid":{"rendered":"https:\/\/d66.nl\/breda\/?post_type=manifesto&#038;p=1081"},"modified":"2026-01-12T14:41:02","modified_gmt":"2026-01-12T14:41:02","slug":"breda-is-van-iedereen","status":"publish","type":"manifesto","link":"https:\/\/d66.nl\/breda\/verkiezingsprogramma\/breda-is-van-iedereen\/","title":{"rendered":"Breda is van iedereen\u00a0\u00a0"},"content":{"rendered":"<div\n  id=\"\"\n  class=\"wrapper  wrapper__spacing-bottom-large--50 wrapper__spacing-bottom-desktop--66 wrapper__spacing-bottom-mobile--76  wrapper__gutter--none\"\n  >\n  \t<div class=\"wrapper__container wrapper__container-width-large--default\">\n\t  <div class=\"wrapper__inner wrapper__width-large--14 wrapper__width-desktop--20 wrapper__width-mobile--24 wrapper__offset-large--6 wrapper__offset-desktop--4 wrapper__offset-mobile--0\">\n\t\t<h1 class=\"heading   heading__size--giant heading__font--serif heading__weight--regular  block-heading__heading\" id=\"nav-breda-is-----br-van-iedereen-br-9623\"  data-nav-heading-mobile=\"Breda is\u00a0\u00a0van iedereen\" >\n\tBreda is\u00a0\u00a0<br>van iedereen<br><\/h1>\t  <\/div>\n\t<\/div>\n  <\/div>\n\n\n<div\n  id=\"\"\n  class=\"wrapper  wrapper__spacing-bottom-large--50 wrapper__spacing-bottom-mobile--40  wrapper__gutter--none\"\n  >\n  \t<div class=\"wrapper__container wrapper__container-width-large--default\">\n\t  <div class=\"wrapper__inner wrapper__width-large--13 wrapper__width-desktop--22 wrapper__width-mobile--24 wrapper__offset-large--6 wrapper__offset-desktop--2 wrapper__offset-mobile--0\">\n\t\t<p\n\t\tclass=\"paragraph   paragraph__size--big   block-paragraph__paragraph\"\n\t\t\t>\n\t\tBreda is van iedereen. D66 Breda wil dat al onze inwoners hier zichzelf kunnen zijn. We willen het beste\u00a0 onderwijs voor alle jongeren. We willen dat de dorpen, wijken en straten veilig zijn, dag en nacht. We\u00a0 denken na over wat toegankelijkheid en inclusie echt betekenen. En we verwelkomen nieuwkomers,\u00a0 omdat wij alle Bredanaars waardevol vinden.\u00a0\t<\/p>\t  <\/div>\n\t<\/div>\n  <\/div>\n\n\n<div\n  id=\"\"\n  class=\"wrapper  wrapper__spacing-bottom-desktop--40 wrapper__spacing-bottom-tablet--40 wrapper__spacing-bottom-mobile--30 wrapper__hide-block-large wrapper__gutter--none\"\n  >\n  \t<div class=\"wrapper__container wrapper__container-width-large--default\">\n\t  <div class=\"wrapper__inner wrapper__width-large--24 wrapper__width-mobile--24\">\n\t\t<div\n  class=\"inside-page-navigation-mobile js-inside-page-navigation-mobile block-inside-page-nav__inside-page-navigation-mobile\"\n  data-nav-items-number=\"5\"\n>\n  <div class=\"inside-page-navigation-mobile__wrapper\">\n\t<div class=\"select js-select js-select  select__style--small select--has-loader is-loading js-select-manually-made-fancy block-inside-page-nav__select js-inside-page-navigation-mobile-select-parent\">\n\t<div class=\"label__label-wrap block-inside-page-nav__label-wrap\">\n\t<label id=\"\" for=\"\" class=\"label block-inside-page-nav__label\">\n\t\t\t<\/label>\n\n\t<\/div>\t<div class=\"select__content-wrap js-select-content-wrap\">\n\t\t<select name=\"mobile-inside-page-nav\" class=\"select__select js-select-select js-inside-page-navigation-mobile-select\">\n\t\t\t\t\t<\/select>\n\t<\/div>\n<\/div>  <\/div>\n<\/div>\t  <\/div>\n\t<\/div>\n  <\/div>\n\n\n<div\n  id=\"\"\n  class=\"wrapper  wrapper__spacing-bottom-large--50 wrapper__spacing-bottom-desktop--70 wrapper__spacing-bottom-mobile--50  wrapper__gutter--none\"\n  >\n  \t<div class=\"wrapper__container wrapper__container-width-large--default\">\n\t  <div class=\"wrapper__inner wrapper__width-large--18 wrapper__width-desktop--22 wrapper__width-mobile--24 wrapper__offset-large--6 wrapper__offset-desktop--2 wrapper__offset-mobile--0\">\n\t\t<section class=\"block-post-content\">\n\t<div class=\"block-post-content__title\">\n\t\t<h3 class=\"heading  heading__color--black heading__size--medium heading__font--sans heading__weight--bold  block-post-content__heading\" id=\"nav-6760\" data-nav-heading-mobile=\"\">\n\t<\/h3>\t<\/div>\n\t<div class=\"block-post-content__content\">\n\t\t\n<div\n  id=\"\"\n  class=\"wrapper  wrapper__spacing-bottom-large--30 wrapper__spacing-bottom-desktop--20  wrapper__gutter--none\"\n  >\n  \t<div class=\"wrapper__container wrapper__container-width-large--default\">\n\t  <div class=\"wrapper__inner wrapper__width-large--24 wrapper__width-mobile--24\">\n\t\t<p\n\t\tclass=\"paragraph paragraph__align--left paragraph__color--black paragraph__size--default   block-paragraph__paragraph\"\n\t\t\t>\n\t\t\t<\/p>\t  <\/div>\n\t<\/div>\n  <\/div>\n\n\n<div\n  id=\"\"\n  class=\"wrapper  wrapper__spacing-bottom-large--20  wrapper__gutter--none\"\n  >\n  \t<div class=\"wrapper__container wrapper__container-width-large--default\">\n\t  <div class=\"wrapper__inner wrapper__width-large--24 wrapper__width-mobile--24\">\n\t\t<img loading=\"lazy\" decoding=\"async\" width=\"1024\" height=\"682\" src=\"https:\/\/d66.nl\/breda\/wp-content\/uploads\/sites\/387\/2024\/01\/37951d2b62399696db5cb06fb3a23d2fa558df94-1024x682.jpeg\" class=\"image block-image__img\" alt=\"\" srcset=\"https:\/\/d66.nl\/breda\/wp-content\/uploads\/sites\/387\/2024\/01\/37951d2b62399696db5cb06fb3a23d2fa558df94-1024x682.jpeg 1024w, https:\/\/d66.nl\/breda\/wp-content\/uploads\/sites\/387\/2024\/01\/37951d2b62399696db5cb06fb3a23d2fa558df94-300x200.jpeg 300w, https:\/\/d66.nl\/breda\/wp-content\/uploads\/sites\/387\/2024\/01\/37951d2b62399696db5cb06fb3a23d2fa558df94-768x512.jpeg 768w, https:\/\/d66.nl\/breda\/wp-content\/uploads\/sites\/387\/2024\/01\/37951d2b62399696db5cb06fb3a23d2fa558df94-1536x1023.jpeg 1536w, https:\/\/d66.nl\/breda\/wp-content\/uploads\/sites\/387\/2024\/01\/37951d2b62399696db5cb06fb3a23d2fa558df94.jpeg 1600w\" sizes=\"auto, (max-width: 1024px) 100vw, 1024px\" \/>\n\t\t\t<div class=\"image__caption-wrapper block-image__caption-wrapper\">\n\t\t\t<div class=\"image__caption block-image__caption\">\n\t\t\t\t<p class=\"paragraph paragraph__align--left paragraph__color--black paragraph__size--small paragraph__weight--medium\">\n\t\tBeeld: Beeldbank D66\t<\/p>\t\t\t<\/div>\n\t\t<\/div>\t  <\/div>\n\t<\/div>\n  <\/div>\n\n\t<\/div>\n\n\t<div class=\"block-post-content__sidebar\">\n\t\t\n\t\t\n\t\t\t<\/div>\n<\/section>\n\t  <\/div>\n\t<\/div>\n  <\/div>\n\n\n<div\n  id=\"\"\n  class=\"wrapper  wrapper__spacing-bottom-large--50 wrapper__spacing-bottom-desktop--70 wrapper__spacing-bottom-mobile--50  wrapper__gutter--none\"\n  >\n  \t<div class=\"wrapper__container wrapper__container-width-large--default\">\n\t  <div class=\"wrapper__inner wrapper__width-large--18 wrapper__width-desktop--22 wrapper__width-mobile--24 wrapper__offset-large--6 wrapper__offset-desktop--2 wrapper__offset-mobile--0\">\n\t\t<section class=\"block-post-content\">\n\t<div class=\"block-post-content__title\">\n\t\t<h3 class=\"heading  heading__color--black heading__size--medium heading__font--sans heading__weight--semiBold  block-post-content__heading\" id=\"nav-goed-onderwijs--voor-gelijke-kansen476\" data-nav-heading-mobile=\"Goed onderwijs, voor gelijke kansen\">\n\tGoed onderwijs, voor gelijke kansen<\/h3>\t<\/div>\n\t<div class=\"block-post-content__content\">\n\t\t\n<div\n  id=\"\"\n  class=\"wrapper  wrapper__spacing-bottom-large--30 wrapper__spacing-bottom-desktop--20  wrapper__gutter--none\"\n  >\n  \t<div class=\"wrapper__container wrapper__container-width-large--default\">\n\t  <div class=\"wrapper__inner wrapper__width-large--24 wrapper__width-mobile--24\">\n\t\t<p\n\t\tclass=\"paragraph paragraph__align--left paragraph__color--black paragraph__size--default   block-paragraph__paragraph\"\n\t\t\t>\n\t\tBreda groeit en dat vraagt om sterk en toekomstgericht onderwijs. Voor D66 Breda is onderwijs h\u00e9t\u00a0 fundament van onze stad. Het opent deuren, vergroot kansengelijkheid en bindt jong talent aan Breda.\u00a0 Wij zien een stad waar kinderen, scholieren en studenten de beste kansen krijgen om zich te\u00a0 ontwikkelen van voorschool tot universiteit, van mbo tot leven lang leren.\u00a0<br><br>\u2022 We investeren in goede schoolgebouwen. De afgelopen jaren zijn dankzij D66 een aantal\u00a0 schoolgebouwen gemoderniseerd, maar er zijn nog veel schoolgebouwen verouderd en niet\u00a0 duurzaam. In een te koude en tochtige of juist een te warme klas kunnen kinderen niet goed leren.\u00a0 Daarom moeten we duurzaam investeren.\u00a0<br><br>\u2022 We ontwikkelen een onderwijscampus rondom BUas, Avans en de Trip van Zoutlandtkazerne.\u00a0 Studenten kunnen hier wonen, leren, werken en recre\u00ebren. Zo cre\u00ebren we een plek waar studenten\u00a0 en scholieren elkaar op kunnen zoeken en maken we Breda aantrekkelijk als studentenstad met\u00a0 voldoende studentenwoningen.\u00a0<br><br>\u2022 We hebben al de KMA maar we willen ook een dependance van een burger universiteit in onze stad,\u00a0 bijvoorbeeld op \u2018t Zoet. Het liefst willen we universitaire bachelor- en masteropleidingen aanbieden\u00a0 die aansluiten bij onze ambities, zoals toegepaste technologie en creativiteit. Zo cre\u00ebren we\u00a0 werkgelegenheid en zetten we in op meer jonge inwoners van Breda.\u00a0\u00a0<br><br>\u2022 We betrekken studenten(sport)verenigingen bij studentenzaken, zoals het vinden van geschikte\u00a0 locaties voor evenementen, studentenhuisvesting, mentaal welzijn van studenten en ruimte voor\u00a0 ontmoeting. De studentenverenigingen zijn essentieel voor het bruisende studentenleven in Breda.\u00a0 Na een mooie studententijd willen we onze Bredase studenten graag in Breda houden. Door in\u00a0 gesprek te gaan en ze een stem te geven bij onderwerpen die hen direct aangaan, binden we\u00a0 Bredase studenten ook op de lange termijn met de stad.\u00a0<br><br>\u2022 De jaarlijkse introductieweek vindt wat D66 Breda betreft plaats in de binnenstad.\u00a0\u00a0<br><br>\u2022 Op \u2019t Zoet realiseren we hoogwaardig onderwijs en durven we te experimenteren. Zo onderzoeken\u00a0 we de mogelijkheden voor \u00e9\u00e9n brede school voor primair \u00e9n voortgezet onderwijs, om de kloof\u00a0 tussen onderwijsvormen te doorbreken.<br><br>\u2022 We stimuleren diversiteit in het lerarenteam en moedigen scholen aan om verschillende feestdagen\u00a0 zoals Kerst, Keti Koti, Paarse Vrijdag, carnaval en het Suikerfeest te vieren. D66 Breda wil dat\u00a0 onderwijs voor iedereen werkt en op deze manier kan iedereen zich welkom voelen. We gaan\u00a0 hierover in gesprek met scholen en denken mee over het wegnemen van mogelijke barri\u00e8res.\u00a0\u00a0<br><br>\u2022 We lanceren een nieuw initiatief om scholieren en studenten te betrekken bij de politiek: \u201cHet\u00a0 Bredaas Burgerschap\u201d. Dit draagt bij aan de kennis over en het imago van de gemeente.\u00a0\u00a0<br><br>\u2022 We zetten in op positieve campagnes om het imago van het beroepsonderwijs te versterken.\u00a0 Mbo\u2019ers en vakmensen zijn de motor van de economie en onmisbaar bij de grote maatschappelijke\u00a0 transities. Daarom geven we extra waardering en aandacht aan mbo-opleidingen in sectoren waar\u00a0 we mensen hard nodig hebben, zoals de zorg, de IT, de bouw en de energietransitie.\u00a0<br><br>\u2022 We willen een rijke schooldag voor ieder kind. Scholen werken daarin samen met andere instellingen\u00a0 om aan elk kind sport, cultuur, burgerschap en (huiswerk)begeleiding aan te bieden buiten de vaste\u00a0 schooluren. Dit draagt bij aan gelijke kansen van onze jongeren.\u00a0<br>\u00a0<br>\u2022 We faciliteren initiatieven die ouders helpen de Nederlandse taal te leren extra. Zo zijn ouders in\u00a0 staat om te begrijpen wat er op de school van hun kinderen gebeurt. Zo werken we aan sociale\u00a0 cohesie maar ook aan het lees- en schrijfniveau van het hele gezin.\u00a0<br><br>\u2022 We gaan initiatieven zoals stichting JOBi, die zorgen voor een voedzaam ontbijt voor alle Bredase\u00a0 kinderen, structureel ondersteunen omdat we vinden dat gezonde voeding een recht is van ieder\u00a0 kind. Zonder een gevulde maag kunnen kinderen niet goed leren.<br><br><br>\t<\/p>\t  <\/div>\n\t<\/div>\n  <\/div>\n\n\t<\/div>\n\n\t<div class=\"block-post-content__sidebar\">\n\t\t\n\t\t\n\t\t\t<\/div>\n<\/section>\n\t  <\/div>\n\t<\/div>\n  <\/div>\n\n\n<div\n  id=\"\"\n  class=\"wrapper  wrapper__spacing-bottom-large--50 wrapper__spacing-bottom-desktop--70 wrapper__spacing-bottom-mobile--50  wrapper__gutter--none\"\n  >\n  \t<div class=\"wrapper__container wrapper__container-width-large--default\">\n\t  <div class=\"wrapper__inner wrapper__width-large--18 wrapper__width-desktop--22 wrapper__width-mobile--24 wrapper__offset-large--6 wrapper__offset-desktop--2 wrapper__offset-mobile--0\">\n\t\t<section class=\"block-post-content\">\n\t<div class=\"block-post-content__title\">\n\t\t<h3 class=\"heading  heading__color--black heading__size--medium heading__font--sans heading__weight--semiBold  block-post-content__heading\" id=\"nav-de-veilige-stad7199\" data-nav-heading-mobile=\"De veilige stad\">\n\tDe veilige stad<\/h3>\t<\/div>\n\t<div class=\"block-post-content__content\">\n\t\t\n<div\n  id=\"\"\n  class=\"wrapper  wrapper__spacing-bottom-large--30 wrapper__spacing-bottom-desktop--20  wrapper__gutter--none\"\n  >\n  \t<div class=\"wrapper__container wrapper__container-width-large--default\">\n\t  <div class=\"wrapper__inner wrapper__width-large--24 wrapper__width-mobile--24\">\n\t\t<p\n\t\tclass=\"paragraph paragraph__align--left paragraph__color--black paragraph__size--default   block-paragraph__paragraph\"\n\t\t\t>\n\t\tD66 Breda kiest voor veiligheid door te investeren in preventie en sociale cohesie. We zetten in op\u00a0 mentale gezondheid, jongerenwerk en onderwijs, zodat we problemen voorkomen in plaats van\u00a0 bestrijden. Diversiteit en inclusie horen bij een goed veiligheidsbeleid. We willen dat iedereen in onze\u00a0 gemeente zich veilig voelt en zichzelf kan zijn.\u00a0\u00a0<br><br>\u2022 Op scholen geven we lessen over diversiteit en weerbaarheid en pakken we discriminatie en\u00a0 straatintimidatie gericht aan. Breda ondersteunt en promoot het meldpunt IntimideerMijNiet.nl, waar\u00a0 meldingen van straatintimidatie worden verzameld en hotspots gericht worden aangepakt. Ook\u00a0 werken we aan bewustwording en meer sociale veiligheid in de openbare ruimte.\u00a0<br><br>\u2022 De geleerde lessen uit het programma \u2018Preventie met gezag\u2019 in de Hoge Vucht, dat zich richt op het\u00a0 tegengaan van deelname aan criminele activiteiten, gaan we toepassen op jongeren in de rest van\u00a0 Breda. Ondermijning is een groot probleem, waar onze jongeren tegen beschermd moeten worden.\u00a0<br><br>\u2022 D66 Breda wil een actieplan \u201cWillemstraat en Valkenberg\u201d en een actieplan \u201cHaagdijk\u201d. Deze\u00a0 plekken staan al jaren bekend als onveilig. Voor deze actieplannen werken we samen met inwoners,\u00a0 ondernemers, politie, handhaving en welzijnsorganisaties. We kijken hierbij voornamelijk naar\u00a0 preventie. Zo moeten bijvoorbeeld overlastgevers die zorg nodig hebben, zorg krijgen.\u00a0\u00a0<br><br>\u2022 We richten de openbare ruimte in met het belang van kwetsbare doelgroepen in het achterhoofd,\u00a0 bijvoorbeeld door strategisch verlichting te plaatsen. Door bestaande wijken en dorpen veilig te\u00a0 herinrichten, bijvoorbeeld door kwetsbare plekken groener, overzichtelijker en uitnodigend te maken,\u00a0 zorgen we dat iedereen, ongeacht achtergrond of identiteit, zich welkom en veilig voelt op straat. Wij\u00a0 hebben bijzondere aandacht voor het perspectief van vrouwen, gemarginaliseerden en de lhbti+- gemeenschap in de openbare ruimte.\u00a0\u00a0<br><br>\u2022 Ook nieuwe wijken zoals \u2018t Zoet en Klavers Janssen richten we veilig in met overzichtelijke straten,\u00a0 strategisch groen en goede verlichting. We kunnen en moeten het nu in \u00e9\u00e9n keer goed doen.\u00a0\u00a0<br><br>\u2022 We willen dat Breda een Filomena locatie krijgt. D66 Breda neemt stelling tegen femicide en\u00a0 gendergerelateerd geweld. Teveel vrouwen worden nog geconfronteerd met bedreiging, geweld\u00a0 of zelfs moord door (ex)partners. Filomena combineert veiligheid met specialistische hulp en\u00a0 doorbreekt de stilte rond gendergerelateerd geweld. Breda moet laten zien dat we vrouwen\u00a0 beschermen en geweld nooit accepteren.\u00a0<br><br>\u2022 Taken van de politie moeten door de politie worden opgepakt. Tegelijkertijd zien we dat door\u00a0 capaciteitstekorten bij de politie, steeds meer van hun taken door gemeentelijke handhavers\u00a0 uitgevoerd worden. Dat vinden we onwenselijk. We willen daarom dat er een oplossing komt voor het\u00a0 capaciteitstekort bij de politie.\u00a0\u00a0<br><br>\u2022 D66 Breda wil dat handhavers hun werk professioneel doen, en dus altijd met begrip voor mensen.\u00a0 Ze zijn zichtbaar op straat, praten met bewoners en proberen problemen te voorkomen.\u00a0<br><br>\u2022 D66 Breda vindt dat je kwetsbare mensen niet helpt met een boete. Daarom kiezen we ervoor het\u00a0 bedelverbod en het verbod op buiten slapen af te schaffen. We geven hulp in plaats van straf.\u00a0 Met sociaal en maatschappelijk werk zorgen we dat mensen zonder huis weer een veilige plek en perspectief krijgen.\u00a0<br><br>\u2022 We stoppen met de proef van de korte wapenstok voor boa\u2019s. Andere geweldsmiddelen van de\u00a0 politie, zoals pepperspray, worden eveneens niet aan gemeentelijke handhavers toegekend. We\u00a0 vinden het bewapenen van boa\u2019s niet passen bij de preventieve en de-escalerende taak van een\u00a0 gemeentelijke handhaver.\u00a0\u00a0<br><br>\u2022 Buurtpreventie 2.0 krijgt een stevige plek in ons beleid. Met dit programma wordt de buurtpreventie\u00a0 doorontwikkeld voor een weerbaardere stad, zodat er een betere samenwerking tussen vrijwilligers\u00a0 en hulpdiensten komt. Buurtbewoners die zich inzetten voor hun wijk verdienen waardering,\u00a0 middelen en structurele samenwerking met gemeente, politie en handhaving. Dit is immers\u00a0 bevorderlijk voor de sociale cohesie in onze wijken en dorpen.\u00a0<br><br>\u2022 We investeren in duidelijke crisiscommunicatie en organiseren, samen met de Veiligheidsregio,\u00a0 weerbaarheidstrainingen op scholen, in buurthuizen en in dorpen en wijken. Op die manier vergroten\u00a0 we de weerbaarheid tegen rampen en crises. Of het nu gaat om stroomuitval, overstroming of een\u00a0 grote brand, inwoners moeten weten wat ze kunnen doen en waar ze terecht kunnen.\u00a0<br><br>\u2022 Door noodscenario\u2019s, voorlichting en afstemming met de Veiligheidsregio, het Waterschap Brabantse\u00a0 Delta, natuurorganisaties en andere crisispartners, bereiden we Breda voor op de gevolgen van\u00a0 klimaatverandering, zoals extreme hitte, hevige regenval en langdurige droogte. We stimuleren dat\u00a0 er voldoende noodsteunpunten in de gemeente komen.\u00a0\u00a0<br><br>\u2022 We zetten het wietexperiment in Breda voort en versterken het verder. Breda blijft hiermee voorop\u00a0 lopen in een eerlijk, veilig en gezond cannabisbeleid. Daarmee zorgen we dat de hele keten, van\u00a0 teelt tot verkoop, legaal en gecontroleerd verloopt. Zo maken we een einde aan de criminaliteit\u00a0 achter de achterdeur, verbeteren we de kwaliteit en veiligheid voor gebruikers en verlichten we de\u00a0 druk op politie en justitie.\u00a0<br><br>\u2022 Daarnaast willen we dat in Breda harddrugs getest moeten kunnen worden. Zo zorgen we voor veilig\u00a0 gebruik. Door gebruikers proactief te informeren over de gevaren van het gebruik van harddrugs\u00a0 maken we onze inwoners bewust van de risico\u2019s van gebruik van verdovende middelen.\t<\/p>\t  <\/div>\n\t<\/div>\n  <\/div>\n\n\t<\/div>\n\n\t<div class=\"block-post-content__sidebar\">\n\t\t\n\t\t\n\t\t\t<\/div>\n<\/section>\n\t  <\/div>\n\t<\/div>\n  <\/div>\n\n\n<div\n  id=\"\"\n  class=\"wrapper  wrapper__spacing-bottom-large--50 wrapper__spacing-bottom-desktop--70 wrapper__spacing-bottom-mobile--50  wrapper__gutter--none\"\n  >\n  \t<div class=\"wrapper__container wrapper__container-width-large--default\">\n\t  <div class=\"wrapper__inner wrapper__width-large--18 wrapper__width-desktop--22 wrapper__width-mobile--24 wrapper__offset-large--6 wrapper__offset-desktop--2 wrapper__offset-mobile--0\">\n\t\t<section class=\"block-post-content\">\n\t<div class=\"block-post-content__title\">\n\t\t<h3 class=\"heading  heading__color--black heading__size--medium heading__font--sans heading__weight--semiBold  block-post-content__heading\" id=\"nav-nieuwkomers-zijn-welkom9834\" data-nav-heading-mobile=\"Nieuwkomers zijn welkom\">\n\tNieuwkomers zijn welkom<\/h3>\t<\/div>\n\t<div class=\"block-post-content__content\">\n\t\t\n<div\n  id=\"\"\n  class=\"wrapper  wrapper__spacing-bottom-large--30 wrapper__spacing-bottom-desktop--20  wrapper__gutter--none\"\n  >\n  \t<div class=\"wrapper__container wrapper__container-width-large--default\">\n\t  <div class=\"wrapper__inner wrapper__width-large--24 wrapper__width-mobile--24\">\n\t\t<p\n\t\tclass=\"paragraph paragraph__align--left paragraph__color--black paragraph__size--default   block-paragraph__paragraph\"\n\t\t\t>\n\t\tD66 Breda ziet nieuwkomers als deel van onze toekomst. Iedereen die hier aankomt, verdient veiligheid,\u00a0 stabiliteit en kansen om mee te doen. Breda neemt haar aandeel en verantwoordelijkheid hierin. Wij\u00a0 kiezen voor een humane opvang, investeren in integratie vanaf dag \u00e9\u00e9n en het benutten de talenten die\u00a0 mensen meebrengen. Zo bouwen we samen aan een stad waarin we nieuwkomers laten bijdragen aan\u00a0 onze samenleving.\u00a0\u00a0<br><br>\u2022 We realiseren voldoende opvangplekken voor asielzoekers, waarbij kwaliteit van wonen en\u00a0 draagvlak in de wijk vooropstaan. Breda neemt haar verantwoordelijkheid voor het aandeel dat zij\u00a0 heeft in deze landelijke opgave. Iedereen verdient een veilige plek, daarom gaan wij niet mee in\u00a0 discriminerende of stigmatiserende retoriek.\u00a0\u00a0<br><br>\u2022 We zorgen dat er genoeg geld is om de bed-bad-broodvoorziening te behouden en waar nodig uit te\u00a0 breiden. Tegelijkertijd investeren we in integratie.\u00a0<br><br>\u2022 We breiden de capaciteit van de internationale schakelklas uit. Kinderen die opgroeien in een\u00a0 asielzoekerscentrum verdienen extra kansen in het onderwijs. Zij moeten snel Nederlands leren en\u00a0 hun talenten kunnen ontwikkelen.\u00a0\u00a0<br><br>\u2022 We investeren in taalonderwijs voor asielzoekers en statushouders en ondersteunen initiatieven\u00a0 zoals Stichting Welkomsttaal. Nieuwkomers brengen talenten mee die we vanaf dag \u00e9\u00e9n willen\u00a0 benutten. Werk, inburgering en begeleiding sluiten we beter op elkaar aan, zodat meedoen vanaf het\u00a0 begin een structureel onderdeel wordt van het arbeidsmarktbeleid. Dit helpt niet alleen nieuwkomers\u00a0 vooruit, maar ook sectoren zoals zorg en onderwijs die kampen met personeelstekorten.\u00a0<br><br>\u2022 Projecten als Buddy to Buddy en de Cultuurkantine, die door middel van ontmoeting en taal helpen\u00a0 bij integratie, blijven we structureel ondersteunen. Deze initiatieven zorgen voor een zachte landing\u00a0 voor nieuwkomers en dragen bij aan een snelle inburgering.\u00a0\u00a0<br><br>\u2022 Statushouders houden, net als andere doelgroepen met urgentie, voorrang op een sociale\u00a0 huurwoning. Niet alleen om de druk op opvang te verlichten, maar omdat iedereen recht heeft op\u00a0 een huis. Een stabiele woonplek is de basis voor een geslaagde inburgering en deelname aan onze\u00a0samenleving.\u00a0<br><br>\u2022 We richten tijdelijke opvanglocaties voor Oekra\u00efense vluchtelingen in voor langdurig verblijf.\u00a0 In de dorpen kiezen we voor kleinschalige locaties in samenwerking met de buurt. Voorbeelden\u00a0 zoals het kindertehuis in Bavel laten zien hoe succesvol dit kan zijn.\u00a0<br>\t<\/p>\t  <\/div>\n\t<\/div>\n  <\/div>\n\n\t<\/div>\n\n\t<div class=\"block-post-content__sidebar\">\n\t\t\n\t\t\n\t\t\t<\/div>\n<\/section>\n\t  <\/div>\n\t<\/div>\n  <\/div>\n\n\n<div\n  id=\"\"\n  class=\"wrapper  wrapper__spacing-bottom-large--50 wrapper__spacing-bottom-desktop--70 wrapper__spacing-bottom-mobile--50  wrapper__gutter--none\"\n  >\n  \t<div class=\"wrapper__container wrapper__container-width-large--default\">\n\t  <div class=\"wrapper__inner wrapper__width-large--18 wrapper__width-desktop--22 wrapper__width-mobile--24 wrapper__offset-large--6 wrapper__offset-desktop--2 wrapper__offset-mobile--0\">\n\t\t<section class=\"block-post-content\">\n\t<div class=\"block-post-content__title\">\n\t\t<h3 class=\"heading  heading__color--black heading__size--medium heading__font--sans heading__weight--semiBold  block-post-content__heading\" id=\"nav-vrij--veilig-en-gelijk-breda4920\" data-nav-heading-mobile=\"Vrij, veilig en gelijk Breda\">\n\tVrij, veilig en gelijk Breda<\/h3>\t<\/div>\n\t<div class=\"block-post-content__content\">\n\t\t\n<div\n  id=\"\"\n  class=\"wrapper  wrapper__spacing-bottom-large--30 wrapper__spacing-bottom-desktop--20  wrapper__gutter--none\"\n  >\n  \t<div class=\"wrapper__container wrapper__container-width-large--default\">\n\t  <div class=\"wrapper__inner wrapper__width-large--24 wrapper__width-mobile--24\">\n\t\t<p\n\t\tclass=\"paragraph paragraph__align--left paragraph__color--black paragraph__size--default   block-paragraph__paragraph\"\n\t\t\t>\n\t\tBreda is er voor iedereen. Of je nu jong of oud bent, met of zonder beperking, welke achtergrond, religie\u00a0 of liefde je ook hebt: iedereen moet zich welkom en vrij voelen in onze stad. D66 Breda kiest voor echte\u00a0 inclusie, zichtbaar in de straten, scholen en wijken. Samen maken we Breda toegankelijk, gelijkwaardig\u00a0 en trots op haar diversiteit.\u00a0<br><br>\u2022 Op alle beleidsterreinen, van openbare ruimte en onderwijs tot evenementen en cultuur, worden\u00a0 toegankelijkheid en gelijkwaardigheid vaste uitgangspunten. Dat betekent dat er bij beleid een\u00a0 toegankelijkheids- en gelijkwaardigheidstoets wordt ingevoerd, die we ontwikkelen samen met de\u00a0 doelgroep, bijvoorbeeld Breda Senior en Breda Gelijk. Zo zorgen we onder andere voor inclusieve\u00a0 speeltuinen, toegankelijke parken en veilige routes naar school.\u00a0\u00a0<br><br>\u2022 We bouwen aan wijken met logische oversteekplekken, rustpunten en duidelijke visuele en tactiele\u00a0 informatie, zodat iedereen zich vrij en veilig kan bewegen. Breda is daardoor toegankelijk voor\u00a0 iedereen: van mensen die slecht ter been zijn tot inwoners met een auditieve of visuele beperking.\u00a0\u00a0<br><br>\u2022 We zorgen voor voldoende rolstoeltoegankelijke toiletten en investeren in een changing place, ook\u00a0 bij evenementen. Het mag niet zo zijn dat inwoners met een beperking thuis moeten blijven omdat er\u00a0 geen geschikte toiletten aanwezig zijn.\u00a0\u00a0<br><br>\u2022 Diversiteitsonderwijs hoort volgens D66 Breda in het standaard curriculum: net zo belangrijk als\u00a0 taal en rekenen. Alle kinderen krijgen les in respectvol samenleven, diversiteit en weerbaarheid.\u00a0 Zichtbaarheid van diversiteit is essentieel.\u00a0\u00a0<br><br>\u2022 We blijven ons inzetten voor een Bredase Pride en ondersteunen initiatieven die de lhbti+- gemeenschap en andere gemarginaliseerde groepen zichtbaar maken en versterken. We laten dit\u00a0 niet alleen afhangen van vrijwilligers, maar stellen ook ambtelijke ondersteuning beschikbaar.\u00a0<br><br>\u2022 Wij bedden beleid voor lhbti+-emancipatie en gendergelijkheid structureel in. Dat betekent dat er\u00a0 blijvend aandacht, voldoende middelen en steun beschikbaar zijn, zodat we initiatieven zoals Bohaus\u00a0 kunnen blijven financieren. Zo zorgen we voor veilige plekken waar vrouwen en mensen uit de queer\u00a0 gemeenschap zich gezien, gesteund en beschermd voelen.\u00a0<br><br>\u2022 Breda moet een veilige plek zijn voor iedereen. D66 Breda wil dat ook lhbti+ asielzoekers, biculturele\u00a0 lhbti+ personen en mensen die thuis of in een religieuze gemeenschap niet veilig zijn, terechtkunnen\u00a0 bij gespecialiseerde hulp en opvang. We zorgen dat deze ondersteuning bekend, bereikbaar en\u00a0 respectvol is ingericht.\u00a0<br><br>\u2022 Discriminatie en racisme horen niet thuis in Breda. Toch zien we dat met name transmensen\u00a0 en mensen uit de moslimgemeenschap veel met discriminatie en racisme te maken hebben.\u00a0 Meldpunten en antidiscriminatievoorzieningen moeten laagdrempelig en zichtbaar zijn, en signalen\u00a0 worden serieus opgepakt. Scholen, werkgevers en sportclubs stimuleren we om actief te werken\u00a0 aan gelijke kansen en respectvolle omgang. Afkomst, huidskleur, religie of geaardheid mogen nooit\u00a0 een belemmering zijn om volwaardig mee te doen.\u00a0<br><br>\u2022 Iedereen moet veilig kunnen sporten. D66 Breda wil dat sportclubs actief werken aan een open en\u00a0 respectvolle cultuur. We ondersteunen clubs die zich inzetten voor inclusie, pakken discriminerend\u00a0 gedrag of spreekkoren aan en maken ruimte voor initiatieven van lhbti+ sporters.\u00a0<br><br>\u2022 We verbeteren onze digitale dienstverlening. Gemeentelijke informatie moet altijd beschikbaar zijn\u00a0 in begrijpelijke taal, met persoonlijke ondersteuning voor wie dat nodig heeft. Zo voorkomen we dat\u00a0 inwoners buitengesloten raken van basisvoorzieningen.\u00a0<br><br>\u2022 De gemeente geeft zelf het goede voorbeeld als inclusieve werkgever en biedt stage- en\u00a0 leerwerkplekken op alle opleidingsniveaus aan aan mensen met een beperking of afstand tot de\u00a0 arbeidsmarkt.<br><br><br>\t<\/p>\t  <\/div>\n\t<\/div>\n  <\/div>\n\n\t<\/div>\n\n\t<div class=\"block-post-content__sidebar\">\n\t\t\n\t\t\n\t\t\t<\/div>\n<\/section>\n\t  <\/div>\n\t<\/div>\n  <\/div>\n\n\n","protected":false},"author":299,"featured_media":0,"parent":0,"menu_order":0,"template":"","meta":{"_acf_changed":true},"themes-or-point-of-view":[25],"search-tags":[14,5],"class_list":["post-1081","manifesto","type-manifesto","status-publish","hentry","themes-or-point-of-view-point-of-view","search-tags-ondernemen-innoveren","search-tags-werk-inkomen"],"acf":[],"yoast_head":"<!-- This site is optimized with the Yoast SEO plugin v27.3 - https:\/\/yoast.com\/product\/yoast-seo-wordpress\/ -->\n<title>D66 Breda &#8212; Breda is van iedereen\u00a0\u00a0 | Verkiezingsprogramma<\/title>\n<meta name=\"robots\" content=\"index, follow, max-snippet:-1, max-image-preview:large, max-video-preview:-1\" \/>\n<link rel=\"canonical\" href=\"https:\/\/d66.nl\/breda\/verkiezingsprogramma\/breda-is-van-iedereen\/\" \/>\n<meta property=\"og:locale\" content=\"nl_NL\" \/>\n<meta property=\"og:type\" content=\"article\" \/>\n<meta property=\"og:title\" content=\"D66 Breda &#8212; Breda is van iedereen\u00a0\u00a0 | Verkiezingsprogramma\" \/>\n<meta property=\"og:url\" content=\"https:\/\/d66.nl\/breda\/verkiezingsprogramma\/breda-is-van-iedereen\/\" \/>\n<meta property=\"og:site_name\" content=\"D66 Breda\" \/>\n<meta property=\"article:modified_time\" content=\"2026-01-12T14:41:02+00:00\" \/>\n<meta name=\"twitter:card\" content=\"summary_large_image\" \/>\n<script type=\"application\/ld+json\" class=\"yoast-schema-graph\">{\"@context\":\"https:\\\/\\\/schema.org\",\"@graph\":[{\"@type\":\"WebPage\",\"@id\":\"https:\\\/\\\/d66.nl\\\/breda\\\/verkiezingsprogramma\\\/breda-is-van-iedereen\\\/\",\"url\":\"https:\\\/\\\/d66.nl\\\/breda\\\/verkiezingsprogramma\\\/breda-is-van-iedereen\\\/\",\"name\":\"D66 Breda &#8212; Breda is van iedereen\u00a0\u00a0 | Verkiezingsprogramma\",\"isPartOf\":{\"@id\":\"https:\\\/\\\/d66.nl\\\/breda\\\/#website\"},\"datePublished\":\"2022-02-03T21:38:36+00:00\",\"dateModified\":\"2026-01-12T14:41:02+00:00\",\"breadcrumb\":{\"@id\":\"https:\\\/\\\/d66.nl\\\/breda\\\/verkiezingsprogramma\\\/breda-is-van-iedereen\\\/#breadcrumb\"},\"inLanguage\":\"nl-NL\",\"potentialAction\":[{\"@type\":\"ReadAction\",\"target\":[\"https:\\\/\\\/d66.nl\\\/breda\\\/verkiezingsprogramma\\\/breda-is-van-iedereen\\\/\"]}]},{\"@type\":\"BreadcrumbList\",\"@id\":\"https:\\\/\\\/d66.nl\\\/breda\\\/verkiezingsprogramma\\\/breda-is-van-iedereen\\\/#breadcrumb\",\"itemListElement\":[{\"@type\":\"ListItem\",\"position\":1,\"name\":\"Home\",\"item\":\"https:\\\/\\\/d66.nl\\\/breda\\\/\"},{\"@type\":\"ListItem\",\"position\":2,\"name\":\"Breda is van iedereen\u00a0\u00a0\"}]},{\"@type\":\"WebSite\",\"@id\":\"https:\\\/\\\/d66.nl\\\/breda\\\/#website\",\"url\":\"https:\\\/\\\/d66.nl\\\/breda\\\/\",\"name\":\"D66 Breda\",\"description\":\"Just another D66 Sites site\",\"publisher\":{\"@id\":\"https:\\\/\\\/d66.nl\\\/breda\\\/#organization\"},\"potentialAction\":[{\"@type\":\"SearchAction\",\"target\":{\"@type\":\"EntryPoint\",\"urlTemplate\":\"https:\\\/\\\/d66.nl\\\/breda\\\/?s={search_term_string}\"},\"query-input\":{\"@type\":\"PropertyValueSpecification\",\"valueRequired\":true,\"valueName\":\"search_term_string\"}}],\"inLanguage\":\"nl-NL\"},{\"@type\":\"Organization\",\"@id\":\"https:\\\/\\\/d66.nl\\\/breda\\\/#organization\",\"name\":\"D66\",\"url\":\"https:\\\/\\\/d66.nl\\\/breda\\\/\",\"logo\":{\"@type\":\"ImageObject\",\"inLanguage\":\"nl-NL\",\"@id\":\"https:\\\/\\\/d66.nl\\\/breda\\\/#\\\/schema\\\/logo\\\/image\\\/\",\"url\":\"https:\\\/\\\/d66.nl\\\/breda\\\/wp-content\\\/uploads\\\/sites\\\/387\\\/2021\\\/10\\\/d66-themas-algemeen-og.png\",\"contentUrl\":\"https:\\\/\\\/d66.nl\\\/breda\\\/wp-content\\\/uploads\\\/sites\\\/387\\\/2021\\\/10\\\/d66-themas-algemeen-og.png\",\"width\":1200,\"height\":628,\"caption\":\"D66\"},\"image\":{\"@id\":\"https:\\\/\\\/d66.nl\\\/breda\\\/#\\\/schema\\\/logo\\\/image\\\/\"}}]}<\/script>\n<!-- \/ Yoast SEO plugin. -->","yoast_head_json":{"title":"D66 Breda &#8212; Breda is van iedereen\u00a0\u00a0 | Verkiezingsprogramma","robots":{"index":"index","follow":"follow","max-snippet":"max-snippet:-1","max-image-preview":"max-image-preview:large","max-video-preview":"max-video-preview:-1"},"canonical":"https:\/\/d66.nl\/breda\/verkiezingsprogramma\/breda-is-van-iedereen\/","og_locale":"nl_NL","og_type":"article","og_title":"D66 Breda &#8212; Breda is van iedereen\u00a0\u00a0 | Verkiezingsprogramma","og_url":"https:\/\/d66.nl\/breda\/verkiezingsprogramma\/breda-is-van-iedereen\/","og_site_name":"D66 Breda","article_modified_time":"2026-01-12T14:41:02+00:00","twitter_card":"summary_large_image","schema":{"@context":"https:\/\/schema.org","@graph":[{"@type":"WebPage","@id":"https:\/\/d66.nl\/breda\/verkiezingsprogramma\/breda-is-van-iedereen\/","url":"https:\/\/d66.nl\/breda\/verkiezingsprogramma\/breda-is-van-iedereen\/","name":"D66 Breda &#8212; Breda is van iedereen\u00a0\u00a0 | Verkiezingsprogramma","isPartOf":{"@id":"https:\/\/d66.nl\/breda\/#website"},"datePublished":"2022-02-03T21:38:36+00:00","dateModified":"2026-01-12T14:41:02+00:00","breadcrumb":{"@id":"https:\/\/d66.nl\/breda\/verkiezingsprogramma\/breda-is-van-iedereen\/#breadcrumb"},"inLanguage":"nl-NL","potentialAction":[{"@type":"ReadAction","target":["https:\/\/d66.nl\/breda\/verkiezingsprogramma\/breda-is-van-iedereen\/"]}]},{"@type":"BreadcrumbList","@id":"https:\/\/d66.nl\/breda\/verkiezingsprogramma\/breda-is-van-iedereen\/#breadcrumb","itemListElement":[{"@type":"ListItem","position":1,"name":"Home","item":"https:\/\/d66.nl\/breda\/"},{"@type":"ListItem","position":2,"name":"Breda is van iedereen\u00a0\u00a0"}]},{"@type":"WebSite","@id":"https:\/\/d66.nl\/breda\/#website","url":"https:\/\/d66.nl\/breda\/","name":"D66 Breda","description":"Just another D66 Sites site","publisher":{"@id":"https:\/\/d66.nl\/breda\/#organization"},"potentialAction":[{"@type":"SearchAction","target":{"@type":"EntryPoint","urlTemplate":"https:\/\/d66.nl\/breda\/?s={search_term_string}"},"query-input":{"@type":"PropertyValueSpecification","valueRequired":true,"valueName":"search_term_string"}}],"inLanguage":"nl-NL"},{"@type":"Organization","@id":"https:\/\/d66.nl\/breda\/#organization","name":"D66","url":"https:\/\/d66.nl\/breda\/","logo":{"@type":"ImageObject","inLanguage":"nl-NL","@id":"https:\/\/d66.nl\/breda\/#\/schema\/logo\/image\/","url":"https:\/\/d66.nl\/breda\/wp-content\/uploads\/sites\/387\/2021\/10\/d66-themas-algemeen-og.png","contentUrl":"https:\/\/d66.nl\/breda\/wp-content\/uploads\/sites\/387\/2021\/10\/d66-themas-algemeen-og.png","width":1200,"height":628,"caption":"D66"},"image":{"@id":"https:\/\/d66.nl\/breda\/#\/schema\/logo\/image\/"}}]}},"_links":{"self":[{"href":"https:\/\/d66.nl\/breda\/wp-json\/wp\/v2\/verkiezingsprogramma\/1081","targetHints":{"allow":["GET"]}}],"collection":[{"href":"https:\/\/d66.nl\/breda\/wp-json\/wp\/v2\/verkiezingsprogramma"}],"about":[{"href":"https:\/\/d66.nl\/breda\/wp-json\/wp\/v2\/types\/manifesto"}],"author":[{"embeddable":true,"href":"https:\/\/d66.nl\/breda\/wp-json\/wp\/v2\/users\/299"}],"wp:attachment":[{"href":"https:\/\/d66.nl\/breda\/wp-json\/wp\/v2\/media?parent=1081"}],"wp:term":[{"taxonomy":"themes-or-point-of-view","embeddable":true,"href":"https:\/\/d66.nl\/breda\/wp-json\/wp\/v2\/themes-or-point-of-view?post=1081"},{"taxonomy":"search-tags","embeddable":true,"href":"https:\/\/d66.nl\/breda\/wp-json\/wp\/v2\/search-tags?post=1081"}],"curies":[{"name":"wp","href":"https:\/\/api.w.org\/{rel}","templated":true}]}}