{"id":307,"date":"2021-10-27T12:12:52","date_gmt":"2021-10-27T12:12:52","guid":{"rendered":"https:\/\/d66.nl\/brabant\/?page_id=307"},"modified":"2022-06-10T09:52:28","modified_gmt":"2022-06-10T09:52:28","slug":"zorg-gezondheid-en-sport","status":"publish","type":"topics","link":"https:\/\/d66.nl\/brabant\/standpunten\/zorg-gezondheid-en-sport\/","title":{"rendered":"Europa"},"content":{"rendered":"<div\n  id=\"\"\n  class=\"wrapper  wrapper__spacing-bottom-large--100 wrapper__spacing-bottom-desktop--140 wrapper__spacing-bottom-mobile--110  wrapper__gutter--none\"\n  >\n  \t<div class=\"wrapper__container wrapper__container-width-large--default\">\n\t  <div class=\"wrapper__inner wrapper__width-large--24 wrapper__width-desktop--22 wrapper__width-mobile--24 wrapper__offset-large--0 wrapper__offset-desktop--2 wrapper__offset-mobile--0\">\n\t\t<section\n  class=\"block-small-hero\"\n  data-video-url=\"\"\n>\n  <div class=\"block-small-hero__wrapper\">\n\t<div class=\"block-small-hero__heading\">\n\t  <div class=\"block-small-hero__title\">\n\t\t<h1 class=\"heading heading__align--left heading__color--black heading__size--giant  heading__weight--normal\" id=\"nav-introductie4975\" data-nav-heading=\"Introductie\" data-nav-heading-mobile=\"Introductie\">\n\tOver de grens kijken en internationaliseren.<\/h1>\t  <\/div>\n\t  \t<\/div>\n\n\t\n\t\t  <div class=\"block-small-hero__image\">\n\t\t<img loading=\"lazy\" decoding=\"async\" width=\"1024\" height=\"576\" src=\"https:\/\/d66.nl\/brabant\/wp-content\/uploads\/sites\/3\/2021\/10\/d66\u2014zorg-en-gezondheid_zorg_patient_ziekenhuis_iStock-1024x576.jpg\" class=\"image block-small-hero__img\" alt=\"\" \/>\n\t\t\t<div class=\"image__caption-wrapper block-small-hero__caption-wrapper\">\n\t\t\t<div class=\"image__caption block-small-hero__caption\">\n\t\t\t\t<p class=\"paragraph paragraph__align--left paragraph__color--black paragraph__size--small paragraph__weight--medium\">\n\t\ten vrije samenleving begint bij een goede gezondheid. Als je niet gezond bent, dan word je zoveel mogelijk geholpen, zodat ook jij zoveel mogelijk vrij kunt zijn. <i>&#x2022;<\/i> Beeld: iStock\t<\/p>\t\t\t<\/div>\n\t\t<\/div>\t  <\/div>\n\t\t<div class=\"block-small-hero__columns block-small-hero__columns--two\" data-accordion-active=\"0\">\n\t  <div class=\"block-small-hero__column\">\n\t\t<p class=\"paragraph paragraph__align--left paragraph__color--black paragraph__size--default\">\n\t\tD66 wil werken in het buitenland makkelijker maken. En omgekeerd moet het voor Brabantse bedrijven makkelijker worden om werknemers uit Duitsland, Belgi\u00eb of elders aan te nemen. In Europees verband wil D66 dat Brabant de samenwerking met Vlaanderen en het Roergebied verder verstevigt samen met de provincies Gelderland, Limburg en Zeeland.\t<\/p>\t  <\/div>\n\t  \t  <div class=\"block-small-hero__column\">\n\t\t\t<p class=\"paragraph paragraph__align--left paragraph__color--black paragraph__size--default\">\n\t\tOnze ouderen voldoende aandacht krijgen in het verpleeghuis, omdat er meer zorgpersoneel is.\u00a0Er\u00a0voldoende medicijnen beschikbaar zijn, omdat Europa eindelijk onafhankelijk is van de medicijnproductie in China en India.<br><br>Gezondheid is meer dan alleen \u2018niet ziek zijn\u2019. Schone lucht, goed werk, voldoende sporten en geestelijke gezondheid zijn het startpunt van een gezond leven. Voorkomen dat mensen ziek worden is ten slotte het beste medicijn voor een vrije samenleving.\t<\/p>\t  <\/div>\n\t  \t  \t<\/div>\n  <\/div>\n<\/section>\n\n\t  <\/div>\n\t<\/div>\n  <\/div>\n\n\n<div\n  id=\"\"\n  class=\"wrapper wrapper__spacing-top-large--0 wrapper__spacing-bottom-large--60  wrapper__gutter--none\"\n  >\n  \t<div class=\"wrapper__container wrapper__container-width-large--default\">\n\t  <div class=\"wrapper__inner wrapper__width-large--24 wrapper__width-mobile--24\">\n\t\t<h2 class=\"heading heading__align--left heading__color--black heading__size--huge heading__font--sans heading__weight--semiBold  block-heading__heading\" id=\"nav-standpunten7128\" data-nav-heading=\"Standpunten\" data-nav-heading-mobile=\"Standpunten\" >\n\tOnze standpunten<\/h2>\t  <\/div>\n\t<\/div>\n  <\/div>\n\n\n<div\n  id=\"\"\n  class=\"wrapper  wrapper__spacing-bottom-large--30 wrapper__spacing-bottom-desktop--20  wrapper__gutter--none\"\n  >\n  \t<div class=\"wrapper__container wrapper__container-width-large--default\">\n\t  <div class=\"wrapper__inner wrapper__width-large--24 wrapper__width-mobile--24\">\n\t\t<p\n\t\tclass=\"paragraph paragraph__align--left paragraph__color--black paragraph__size--default   block-paragraph__paragraph\"\n\t\t\t>\n\t\t<strong>Internationale positionering<\/strong><br>\u2018Brabant-branding\u2019 draagt bij aan groei van zowel bedrijfsleven als toerisme. D66 ziet voordelen in de internationale positionering van Brabant, met als onderscheidende kenmerken: de rijke cultuur en de hightech industri\u00eble en agrarische complexen. Behoud van de historische kenmerken en duurzaam, multifunctioneel gebruik van het landschap staan hierbij voorop. D66 wil dat Brabant zich ontwikkelt tot een sterke regio waar met innovatief en duurzaam beleid een aangenaam werk- en leefklimaat wordt gecre\u00eberd.\t<\/p>\t  <\/div>\n\t<\/div>\n  <\/div>\n\n\n<div\n  id=\"\"\n  class=\"wrapper  wrapper__spacing-bottom-large--30 wrapper__spacing-bottom-desktop--20  wrapper__gutter--none\"\n  >\n  \t<div class=\"wrapper__container wrapper__container-width-large--default\">\n\t  <div class=\"wrapper__inner wrapper__width-large--24 wrapper__width-mobile--24\">\n\t\t<p\n\t\tclass=\"paragraph paragraph__align--left paragraph__color--black paragraph__size--default   block-paragraph__paragraph\"\n\t\t\t>\n\t\t<strong>Internationale samenwerking<\/strong><br>In Europees verband wil D66 meer samenwerken met ons omringende landen op het gebied van economische ontwikkeling, rampenbestrijding, vervoer, transport en het wegnemen van belemmeringen voor grensoverschrijdend werken en leven. Zodat Brabant zich ontwikkelt tot een sterke regio waar met innovatief en duurzaam beleid een aangenaam en veilig werk- en leefklimaat wordt gecre\u00eberd.<br><br><br>\t<\/p>\t  <\/div>\n\t<\/div>\n  <\/div>\n\n\n<div\n  id=\"\"\n  class=\"wrapper  wrapper__spacing-bottom-large--100  wrapper__gutter--none\"\n  >\n  \t<div class=\"wrapper__container wrapper__container-width-large--default\">\n\t  <div class=\"wrapper__inner wrapper__width-large--22 wrapper__width-mobile--24\">\n\t\t<div class=\"js-article-grid\">\n\t\t<div\n\t\tclass=\"block-article-listing js-block-article-listing\"\n\t\tdata-latest-post-id=\"1656\"\n\t\tdata-how-many-to-load=\"12\"\n\t\tdata-post-type=\"manifesto\"\n\t\tdata-filtering=\"no-filter\"\t\tdata-categories=\"18\"\t\tdata-sites=\"\"\n\t\tdata-syndication=\"current-site\"\n\t\tdata-nothing-found-text=\"\"\n\n\t\t\t\t>\n\t\t<input type=\"hidden\" id=\"_wpnonce\" name=\"_wpnonce\" value=\"0978ea7d65\" \/><input type=\"hidden\" name=\"_wp_http_referer\" value=\"\/brabant\/wp-json\/wp\/v2\/standpunten\/307\" \/><div class=\"block-point-of-view-grid-new js-block-point-of-view-grid-new\">\n\t<div class=\"block-point-of-view-grid-new__grid\">\n\n\t\t\t\t\t<div class=\"block-point-of-view-grid-new__row-desktop block-point-of-view-grid-new__row-desktop-bottom\">\n\t\t\t\t\t\t\t\t\t\t\t\t\t\t\t<div class=\"block-point-of-view-grid-new__item block-point-of-view-grid-new__item--first\">\n\t\t\t\t\t\t\t<article class=\"small-article-card js-small-article-card  block-point-of-view-grid-new__small-article-card\">\n\n\t\t\t<div class=\"background-overlay\"><\/div>\n\t\t\t\n\t<a class=\"small-article-card__wrapper small-article-card__color--rosePink\" style=\"background-image: url('https:\/\/d66.nl\/brabant\/wp-content\/uploads\/sites\/406\/2023\/01\/9cff1012c5038aed5dcf057525572a31d090b592-1024x683.jpg')\" href=\"https:\/\/d66.nl\/brabant\/verkiezingsprogramma\/colofon\/\">\n\t\t\n\t\t<div class=\"small-article-card__heading\">\n<h2 class=\"heading heading__align--left heading__color--white heading__size--medium heading__font--sans heading__weight--bold\" id=\"nav-colofon6535\" data-nav-heading-mobile=\"Colofon\">\n\tColofon<\/h2>\n<\/div>\t\t\t\t\t\t\t<div class=\"small-article-card__button-wrapper\">\n\t\t\t\t<button class=\"buttonV2 buttonV2__color--transparent buttonV2__size--default buttonV2__size-width--default   small-article-card__buttonV2\" id=\"\" style=\"--buttonV2-text-color: var(--global-colors-white)\">\n\t<div class=\"buttonV2__top-wrapper buttonV2__arrow-align--right\">\n\t\t\t\t\t<span class=\"buttonV2__title\">\n\t\t\t\tLees verder\t\t\t<\/span>\n\t\t\n\t\t\t\t\t<div class=\"buttonV2__icon\">\n\t\t\t\t<svg xmlns='http:\/\/www.w3.org\/2000\/svg' viewBox='0 0 58.14 50.62'><path d='m32.82 50.62 25.32-25.31L32.82 0l-4.35 4.35 17.92 17.86H0v6.21h46.39L28.47 46.33l4.35 4.29z' fill='currentColor' \/><\/svg>\t\t\t<\/div>\n\t\t\t<\/div>\n\n\t<\/button>\t\t\t<\/div>\n\t\t\t<\/a>\n<\/article>\t\t\t\t\t\t<\/div>\n\t\t\t\t\t\t\t\t\t\t\t\t\t\t\t\t\t\t\t\t<div class=\"block-point-of-view-grid-new__item block-point-of-view-grid-new__item--second\">\n\t\t\t\t\t\t\t<article class=\"small-article-card js-small-article-card  block-point-of-view-grid-new__small-article-card\">\n\n\t\t\t<div class=\"background-overlay\"><\/div>\n\t\t\t\n\t<a class=\"small-article-card__wrapper small-article-card__color--romanSilver\" style=\"background-image: url('https:\/\/d66.nl\/brabant\/wp-content\/uploads\/sites\/406\/2023\/01\/IMG_0708-1024x768.jpg')\" href=\"https:\/\/d66.nl\/brabant\/verkiezingsprogramma\/bestuur-en-financien-maken-samen-een-brabant-dat-werkt\/\">\n\t\t\n\t\t<div class=\"small-article-card__heading\">\n<h2 class=\"heading heading__align--left heading__color--white heading__size--medium heading__font--sans heading__weight--bold\" id=\"nav-bestuur-en-financi--n-maken-samen-----n-brabant-dat-werkt6500\" data-nav-heading-mobile=\"Bestuur en financi\u00ebn maken samen \u00e9\u00e9n Brabant dat werkt\">\n\tBestuur en financi\u00ebn maken samen \u00e9\u00e9n Brabant dat werkt<\/h2>\n<\/div>\t\t\t\t\t\t\t<div class=\"small-article-card__button-wrapper\">\n\t\t\t\t<button class=\"buttonV2 buttonV2__color--transparent buttonV2__size--default buttonV2__size-width--default   small-article-card__buttonV2\" id=\"\" style=\"--buttonV2-text-color: var(--global-colors-white)\">\n\t<div class=\"buttonV2__top-wrapper buttonV2__arrow-align--right\">\n\t\t\t\t\t<span class=\"buttonV2__title\">\n\t\t\t\tLees verder\t\t\t<\/span>\n\t\t\n\t\t\t\t\t<div class=\"buttonV2__icon\">\n\t\t\t\t<svg xmlns='http:\/\/www.w3.org\/2000\/svg' viewBox='0 0 58.14 50.62'><path d='m32.82 50.62 25.32-25.31L32.82 0l-4.35 4.35 17.92 17.86H0v6.21h46.39L28.47 46.33l4.35 4.29z' fill='currentColor' \/><\/svg>\t\t\t<\/div>\n\t\t\t<\/div>\n\n\t<\/button>\t\t\t<\/div>\n\t\t\t<\/a>\n<\/article>\t\t\t\t\t\t<\/div>\n\t\t\t\t\t\t\t\t\t\t\t\t\t\t\t\t\t\t\t\t<div class=\"block-point-of-view-grid-new__item block-point-of-view-grid-new__item--third\">\n\t\t\t\t\t\t\t<article class=\"small-article-card js-small-article-card  block-point-of-view-grid-new__small-article-card\">\n\n\t\t\t<div class=\"background-overlay\"><\/div>\n\t\t\t\n\t<a class=\"small-article-card__wrapper small-article-card__color--olive\" style=\"background-image: url('https:\/\/d66.nl\/brabant\/wp-content\/uploads\/sites\/406\/2023\/01\/fc17d55d42ba8d73a3ce8dcf38b769c713f6232b-1024x670.jpg')\" href=\"https:\/\/d66.nl\/brabant\/verkiezingsprogramma\/een-welvarend-brabant-in-balans\/\">\n\t\t\n\t\t<div class=\"small-article-card__heading\">\n<h2 class=\"heading heading__align--left heading__color--white heading__size--medium heading__font--sans heading__weight--bold\" id=\"nav-een-welvarend-brabant-in-balans1728\" data-nav-heading-mobile=\"Een welvarend Brabant in Balans\">\n\tEen welvarend Brabant in Balans<\/h2>\n<\/div>\t\t\t\t\t\t\t<div class=\"small-article-card__button-wrapper\">\n\t\t\t\t<button class=\"buttonV2 buttonV2__color--transparent buttonV2__size--default buttonV2__size-width--default   small-article-card__buttonV2\" id=\"\" style=\"--buttonV2-text-color: var(--global-colors-white)\">\n\t<div class=\"buttonV2__top-wrapper buttonV2__arrow-align--right\">\n\t\t\t\t\t<span class=\"buttonV2__title\">\n\t\t\t\tLees verder\t\t\t<\/span>\n\t\t\n\t\t\t\t\t<div class=\"buttonV2__icon\">\n\t\t\t\t<svg xmlns='http:\/\/www.w3.org\/2000\/svg' viewBox='0 0 58.14 50.62'><path d='m32.82 50.62 25.32-25.31L32.82 0l-4.35 4.35 17.92 17.86H0v6.21h46.39L28.47 46.33l4.35 4.29z' fill='currentColor' \/><\/svg>\t\t\t<\/div>\n\t\t\t<\/div>\n\n\t<\/button>\t\t\t<\/div>\n\t\t\t<\/a>\n<\/article>\t\t\t\t\t\t<\/div>\n\t\t\t\t\t\t\t\t\t\t\t\t<\/div>\n\t\t\n\t\t\t\t\t<div class=\"block-point-of-view-grid-new__row-desktop block-point-of-view-grid-new__row-desktop-bottom\">\n\t\t\t\t\t\t\t\t\t\t\t\t\t\t\t<div class=\"block-point-of-view-grid-new__item block-point-of-view-grid-new__item--fourth\">\n\t\t\t\t\t\t\t<article class=\"small-article-card js-small-article-card  block-point-of-view-grid-new__small-article-card\">\n\n\t\t\t<div class=\"background-overlay\"><\/div>\n\t\t\t\n\t<a class=\"small-article-card__wrapper small-article-card__color--romanSilver\" style=\"background-image: url('https:\/\/d66.nl\/brabant\/wp-content\/uploads\/sites\/406\/2023\/01\/24bfb2e4fb178748ea8793a44d5cd29b3aa3897d-1024x703.jpg')\" href=\"https:\/\/d66.nl\/brabant\/verkiezingsprogramma\/de-brabantse-kunst-van-het-samen-leven\/\">\n\t\t\n\t\t<div class=\"small-article-card__heading\">\n<h2 class=\"heading heading__align--left heading__color--white heading__size--medium heading__font--sans heading__weight--bold\" id=\"nav-de-brabantse-kunst-van-het-samen-leven1453\" data-nav-heading-mobile=\"De Brabantse kunst van het samen leven\">\n\tDe Brabantse kunst van het samen leven<\/h2>\n<\/div>\t\t\t\t\t\t\t<div class=\"small-article-card__button-wrapper\">\n\t\t\t\t<button class=\"buttonV2 buttonV2__color--transparent buttonV2__size--default buttonV2__size-width--default   small-article-card__buttonV2\" id=\"\" style=\"--buttonV2-text-color: var(--global-colors-white)\">\n\t<div class=\"buttonV2__top-wrapper buttonV2__arrow-align--right\">\n\t\t\t\t\t<span class=\"buttonV2__title\">\n\t\t\t\tLees verder\t\t\t<\/span>\n\t\t\n\t\t\t\t\t<div class=\"buttonV2__icon\">\n\t\t\t\t<svg xmlns='http:\/\/www.w3.org\/2000\/svg' viewBox='0 0 58.14 50.62'><path d='m32.82 50.62 25.32-25.31L32.82 0l-4.35 4.35 17.92 17.86H0v6.21h46.39L28.47 46.33l4.35 4.29z' fill='currentColor' \/><\/svg>\t\t\t<\/div>\n\t\t\t<\/div>\n\n\t<\/button>\t\t\t<\/div>\n\t\t\t<\/a>\n<\/article>\t\t\t\t\t\t<\/div>\n\t\t\t\t\t\t\t\t\t\t\t\t\t\t\t\t\t\t\t\t<div class=\"block-point-of-view-grid-new__item block-point-of-view-grid-new__item--fifth\">\n\t\t\t\t\t\t\t<article class=\"small-article-card js-small-article-card  block-point-of-view-grid-new__small-article-card\">\n\n\t\t\t<div class=\"background-overlay\"><\/div>\n\t\t\t\n\t<a class=\"small-article-card__wrapper small-article-card__color--tomato\" style=\"background-image: url('https:\/\/d66.nl\/brabant\/wp-content\/uploads\/sites\/406\/2023\/01\/a3152d587764262b6e75dc76f3bd9686ff76364e-1024x683.jpg')\" href=\"https:\/\/d66.nl\/brabant\/verkiezingsprogramma\/brabant-in-beweging-en-bereikbaar\/\">\n\t\t\n\t\t<div class=\"small-article-card__heading\">\n<h2 class=\"heading heading__align--left heading__color--white heading__size--medium heading__font--sans heading__weight--bold\" id=\"nav-brabant-in-beweging-en-bereikbaar13\" data-nav-heading-mobile=\"Brabant in beweging en bereikbaar\">\n\tBrabant in beweging en bereikbaar<\/h2>\n<\/div>\t\t\t\t\t\t\t<div class=\"small-article-card__button-wrapper\">\n\t\t\t\t<button class=\"buttonV2 buttonV2__color--transparent buttonV2__size--default buttonV2__size-width--default   small-article-card__buttonV2\" id=\"\" style=\"--buttonV2-text-color: var(--global-colors-white)\">\n\t<div class=\"buttonV2__top-wrapper buttonV2__arrow-align--right\">\n\t\t\t\t\t<span class=\"buttonV2__title\">\n\t\t\t\tLees verder\t\t\t<\/span>\n\t\t\n\t\t\t\t\t<div class=\"buttonV2__icon\">\n\t\t\t\t<svg xmlns='http:\/\/www.w3.org\/2000\/svg' viewBox='0 0 58.14 50.62'><path d='m32.82 50.62 25.32-25.31L32.82 0l-4.35 4.35 17.92 17.86H0v6.21h46.39L28.47 46.33l4.35 4.29z' fill='currentColor' \/><\/svg>\t\t\t<\/div>\n\t\t\t<\/div>\n\n\t<\/button>\t\t\t<\/div>\n\t\t\t<\/a>\n<\/article>\t\t\t\t\t\t<\/div>\n\t\t\t\t\t\t\t\t\t\t\t\t\t\t\t\t\t\t\t\t<div class=\"block-point-of-view-grid-new__item block-point-of-view-grid-new__item--sixth\">\n\t\t\t\t\t\t\t<article class=\"small-article-card js-small-article-card  block-point-of-view-grid-new__small-article-card\">\n\n\t\t\t<div class=\"background-overlay\"><\/div>\n\t\t\t\n\t<a class=\"small-article-card__wrapper small-article-card__color--skyBlue\" style=\"background-image: url('https:\/\/d66.nl\/brabant\/wp-content\/uploads\/sites\/406\/2023\/01\/fd643aa5f7a8226086d176026d01e714b6047666-1024x683.jpg')\" href=\"https:\/\/d66.nl\/brabant\/verkiezingsprogramma\/nieuwe-balans-in-natuur-water-landschap-en-landbouw\/\">\n\t\t\n\t\t<div class=\"small-article-card__heading\">\n<h2 class=\"heading heading__align--left heading__color--white heading__size--medium heading__font--sans heading__weight--bold\" id=\"nav-nieuwe-balans-in-natuur--water--landschap-en-landbouw1730\" data-nav-heading-mobile=\"Nieuwe balans in natuur, water, landschap en landbouw\">\n\tNieuwe balans in natuur, water, landschap en landbouw<\/h2>\n<\/div>\t\t\t\t\t\t\t<div class=\"small-article-card__button-wrapper\">\n\t\t\t\t<button class=\"buttonV2 buttonV2__color--transparent buttonV2__size--default buttonV2__size-width--default   small-article-card__buttonV2\" id=\"\" style=\"--buttonV2-text-color: var(--global-colors-white)\">\n\t<div class=\"buttonV2__top-wrapper buttonV2__arrow-align--right\">\n\t\t\t\t\t<span class=\"buttonV2__title\">\n\t\t\t\tLees verder\t\t\t<\/span>\n\t\t\n\t\t\t\t\t<div class=\"buttonV2__icon\">\n\t\t\t\t<svg xmlns='http:\/\/www.w3.org\/2000\/svg' viewBox='0 0 58.14 50.62'><path d='m32.82 50.62 25.32-25.31L32.82 0l-4.35 4.35 17.92 17.86H0v6.21h46.39L28.47 46.33l4.35 4.29z' fill='currentColor' \/><\/svg>\t\t\t<\/div>\n\t\t\t<\/div>\n\n\t<\/button>\t\t\t<\/div>\n\t\t\t<\/a>\n<\/article>\t\t\t\t\t\t<\/div>\n\t\t\t\t\t\t\t\t\t\t\t\t<\/div>\n\t\t\n\t<\/div>\n\t\t\t<div class=\"block-point-of-view-grid-new__accordions\">\n\t\t\t\t\t\t\t\t\t\t\t\t<div class=\"block-point-of-view-grid-new block-point-of-view-grid-new--first\">\n\t\t\t\t\t\t<article class=\"small-article-card js-small-article-card  block-point-of-view-grid-new__small-article-card\">\n\n\t\t\t<div class=\"background-overlay\"><\/div>\n\t\t\t\n\t<a class=\"small-article-card__wrapper small-article-card__color--rosePink\" style=\"background-image: url('https:\/\/d66.nl\/brabant\/wp-content\/uploads\/sites\/406\/2023\/01\/9cff1012c5038aed5dcf057525572a31d090b592-1024x683.jpg')\" href=\"https:\/\/d66.nl\/brabant\/verkiezingsprogramma\/colofon\/\">\n\t\t\n\t\t<div class=\"small-article-card__heading\">\n<h2 class=\"heading heading__align--left heading__color--white heading__size--medium heading__font--sans heading__weight--bold\" id=\"nav-colofon1550\" data-nav-heading-mobile=\"Colofon\">\n\tColofon<\/h2>\n<\/div>\t\t\t\t\t\t\t<div class=\"small-article-card__button-wrapper\">\n\t\t\t\t<button class=\"buttonV2 buttonV2__color--transparent buttonV2__size--default buttonV2__size-width--default   small-article-card__buttonV2\" id=\"\" style=\"--buttonV2-text-color: var(--global-colors-white)\">\n\t<div class=\"buttonV2__top-wrapper buttonV2__arrow-align--right\">\n\t\t\t\t\t<span class=\"buttonV2__title\">\n\t\t\t\tLees verder\t\t\t<\/span>\n\t\t\n\t\t\t\t\t<div class=\"buttonV2__icon\">\n\t\t\t\t<svg xmlns='http:\/\/www.w3.org\/2000\/svg' viewBox='0 0 58.14 50.62'><path d='m32.82 50.62 25.32-25.31L32.82 0l-4.35 4.35 17.92 17.86H0v6.21h46.39L28.47 46.33l4.35 4.29z' fill='currentColor' \/><\/svg>\t\t\t<\/div>\n\t\t\t<\/div>\n\n\t<\/button>\t\t\t<\/div>\n\t\t\t<\/a>\n<\/article>\t\t\t\t\t<\/div>\n\t\t\t\t\t\t\t\t\t\t\t\t\t\t\t\t<div class=\"block-point-of-view-grid-new block-point-of-view-grid-new--second\">\n\t\t\t\t\t\t<article class=\"small-article-card js-small-article-card  block-point-of-view-grid-new__small-article-card\">\n\n\t\t\t<div class=\"background-overlay\"><\/div>\n\t\t\t\n\t<a class=\"small-article-card__wrapper small-article-card__color--romanSilver\" style=\"background-image: url('https:\/\/d66.nl\/brabant\/wp-content\/uploads\/sites\/406\/2023\/01\/IMG_0708-1024x768.jpg')\" href=\"https:\/\/d66.nl\/brabant\/verkiezingsprogramma\/bestuur-en-financien-maken-samen-een-brabant-dat-werkt\/\">\n\t\t\n\t\t<div class=\"small-article-card__heading\">\n<h2 class=\"heading heading__align--left heading__color--white heading__size--medium heading__font--sans heading__weight--bold\" id=\"nav-bestuur-en-financi--n-maken-samen-----n-brabant-dat-werkt1569\" data-nav-heading-mobile=\"Bestuur en financi\u00ebn maken samen \u00e9\u00e9n Brabant dat werkt\">\n\tBestuur en financi\u00ebn maken samen \u00e9\u00e9n Brabant dat werkt<\/h2>\n<\/div>\t\t\t\t\t\t\t<div class=\"small-article-card__button-wrapper\">\n\t\t\t\t<button class=\"buttonV2 buttonV2__color--transparent buttonV2__size--default buttonV2__size-width--default   small-article-card__buttonV2\" id=\"\" style=\"--buttonV2-text-color: var(--global-colors-white)\">\n\t<div class=\"buttonV2__top-wrapper buttonV2__arrow-align--right\">\n\t\t\t\t\t<span class=\"buttonV2__title\">\n\t\t\t\tLees verder\t\t\t<\/span>\n\t\t\n\t\t\t\t\t<div class=\"buttonV2__icon\">\n\t\t\t\t<svg xmlns='http:\/\/www.w3.org\/2000\/svg' viewBox='0 0 58.14 50.62'><path d='m32.82 50.62 25.32-25.31L32.82 0l-4.35 4.35 17.92 17.86H0v6.21h46.39L28.47 46.33l4.35 4.29z' fill='currentColor' \/><\/svg>\t\t\t<\/div>\n\t\t\t<\/div>\n\n\t<\/button>\t\t\t<\/div>\n\t\t\t<\/a>\n<\/article>\t\t\t\t\t<\/div>\n\t\t\t\t\t\t\t\t\t\t\t\t\t\t\t\t<div class=\"block-point-of-view-grid-new block-point-of-view-grid-new--third\">\n\t\t\t\t\t\t<article class=\"small-article-card js-small-article-card  block-point-of-view-grid-new__small-article-card\">\n\n\t\t\t<div class=\"background-overlay\"><\/div>\n\t\t\t\n\t<a class=\"small-article-card__wrapper small-article-card__color--olive\" style=\"background-image: url('https:\/\/d66.nl\/brabant\/wp-content\/uploads\/sites\/406\/2023\/01\/fc17d55d42ba8d73a3ce8dcf38b769c713f6232b-1024x670.jpg')\" href=\"https:\/\/d66.nl\/brabant\/verkiezingsprogramma\/een-welvarend-brabant-in-balans\/\">\n\t\t\n\t\t<div class=\"small-article-card__heading\">\n<h2 class=\"heading heading__align--left heading__color--white heading__size--medium heading__font--sans heading__weight--bold\" id=\"nav-een-welvarend-brabant-in-balans7140\" data-nav-heading-mobile=\"Een welvarend Brabant in Balans\">\n\tEen welvarend Brabant in Balans<\/h2>\n<\/div>\t\t\t\t\t\t\t<div class=\"small-article-card__button-wrapper\">\n\t\t\t\t<button class=\"buttonV2 buttonV2__color--transparent buttonV2__size--default buttonV2__size-width--default   small-article-card__buttonV2\" id=\"\" style=\"--buttonV2-text-color: var(--global-colors-white)\">\n\t<div class=\"buttonV2__top-wrapper buttonV2__arrow-align--right\">\n\t\t\t\t\t<span class=\"buttonV2__title\">\n\t\t\t\tLees verder\t\t\t<\/span>\n\t\t\n\t\t\t\t\t<div class=\"buttonV2__icon\">\n\t\t\t\t<svg xmlns='http:\/\/www.w3.org\/2000\/svg' viewBox='0 0 58.14 50.62'><path d='m32.82 50.62 25.32-25.31L32.82 0l-4.35 4.35 17.92 17.86H0v6.21h46.39L28.47 46.33l4.35 4.29z' fill='currentColor' \/><\/svg>\t\t\t<\/div>\n\t\t\t<\/div>\n\n\t<\/button>\t\t\t<\/div>\n\t\t\t<\/a>\n<\/article>\t\t\t\t\t<\/div>\n\t\t\t\t\t\t\t\t\t\t\t\t\t\t\t\t<div class=\"block-point-of-view-grid-new block-point-of-view-grid-new--fourth\">\n\t\t\t\t\t\t<article class=\"small-article-card js-small-article-card  block-point-of-view-grid-new__small-article-card\">\n\n\t\t\t<div class=\"background-overlay\"><\/div>\n\t\t\t\n\t<a class=\"small-article-card__wrapper small-article-card__color--romanSilver\" style=\"background-image: url('https:\/\/d66.nl\/brabant\/wp-content\/uploads\/sites\/406\/2023\/01\/24bfb2e4fb178748ea8793a44d5cd29b3aa3897d-1024x703.jpg')\" href=\"https:\/\/d66.nl\/brabant\/verkiezingsprogramma\/de-brabantse-kunst-van-het-samen-leven\/\">\n\t\t\n\t\t<div class=\"small-article-card__heading\">\n<h2 class=\"heading heading__align--left heading__color--white heading__size--medium heading__font--sans heading__weight--bold\" id=\"nav-de-brabantse-kunst-van-het-samen-leven2467\" data-nav-heading-mobile=\"De Brabantse kunst van het samen leven\">\n\tDe Brabantse kunst van het samen leven<\/h2>\n<\/div>\t\t\t\t\t\t\t<div class=\"small-article-card__button-wrapper\">\n\t\t\t\t<button class=\"buttonV2 buttonV2__color--transparent buttonV2__size--default buttonV2__size-width--default   small-article-card__buttonV2\" id=\"\" style=\"--buttonV2-text-color: var(--global-colors-white)\">\n\t<div class=\"buttonV2__top-wrapper buttonV2__arrow-align--right\">\n\t\t\t\t\t<span class=\"buttonV2__title\">\n\t\t\t\tLees verder\t\t\t<\/span>\n\t\t\n\t\t\t\t\t<div class=\"buttonV2__icon\">\n\t\t\t\t<svg xmlns='http:\/\/www.w3.org\/2000\/svg' viewBox='0 0 58.14 50.62'><path d='m32.82 50.62 25.32-25.31L32.82 0l-4.35 4.35 17.92 17.86H0v6.21h46.39L28.47 46.33l4.35 4.29z' fill='currentColor' \/><\/svg>\t\t\t<\/div>\n\t\t\t<\/div>\n\n\t<\/button>\t\t\t<\/div>\n\t\t\t<\/a>\n<\/article>\t\t\t\t\t<\/div>\n\t\t\t\t\t\t\t\t\t\t\t\t\t\t\t\t<div class=\"block-point-of-view-grid-new block-point-of-view-grid-new--fifth\">\n\t\t\t\t\t\t<article class=\"small-article-card js-small-article-card  block-point-of-view-grid-new__small-article-card\">\n\n\t\t\t<div class=\"background-overlay\"><\/div>\n\t\t\t\n\t<a class=\"small-article-card__wrapper small-article-card__color--tomato\" style=\"background-image: url('https:\/\/d66.nl\/brabant\/wp-content\/uploads\/sites\/406\/2023\/01\/a3152d587764262b6e75dc76f3bd9686ff76364e-1024x683.jpg')\" href=\"https:\/\/d66.nl\/brabant\/verkiezingsprogramma\/brabant-in-beweging-en-bereikbaar\/\">\n\t\t\n\t\t<div class=\"small-article-card__heading\">\n<h2 class=\"heading heading__align--left heading__color--white heading__size--medium heading__font--sans heading__weight--bold\" id=\"nav-brabant-in-beweging-en-bereikbaar2659\" data-nav-heading-mobile=\"Brabant in beweging en bereikbaar\">\n\tBrabant in beweging en bereikbaar<\/h2>\n<\/div>\t\t\t\t\t\t\t<div class=\"small-article-card__button-wrapper\">\n\t\t\t\t<button class=\"buttonV2 buttonV2__color--transparent buttonV2__size--default buttonV2__size-width--default   small-article-card__buttonV2\" id=\"\" style=\"--buttonV2-text-color: var(--global-colors-white)\">\n\t<div class=\"buttonV2__top-wrapper buttonV2__arrow-align--right\">\n\t\t\t\t\t<span class=\"buttonV2__title\">\n\t\t\t\tLees verder\t\t\t<\/span>\n\t\t\n\t\t\t\t\t<div class=\"buttonV2__icon\">\n\t\t\t\t<svg xmlns='http:\/\/www.w3.org\/2000\/svg' viewBox='0 0 58.14 50.62'><path d='m32.82 50.62 25.32-25.31L32.82 0l-4.35 4.35 17.92 17.86H0v6.21h46.39L28.47 46.33l4.35 4.29z' fill='currentColor' \/><\/svg>\t\t\t<\/div>\n\t\t\t<\/div>\n\n\t<\/button>\t\t\t<\/div>\n\t\t\t<\/a>\n<\/article>\t\t\t\t\t<\/div>\n\t\t\t\t\t\t\t\t\t\t\t\t\t\t\t\t<div class=\"block-point-of-view-grid-new block-point-of-view-grid-new--sixth\">\n\t\t\t\t\t\t<article class=\"small-article-card js-small-article-card  block-point-of-view-grid-new__small-article-card\">\n\n\t\t\t<div class=\"background-overlay\"><\/div>\n\t\t\t\n\t<a class=\"small-article-card__wrapper small-article-card__color--skyBlue\" style=\"background-image: url('https:\/\/d66.nl\/brabant\/wp-content\/uploads\/sites\/406\/2023\/01\/fd643aa5f7a8226086d176026d01e714b6047666-1024x683.jpg')\" href=\"https:\/\/d66.nl\/brabant\/verkiezingsprogramma\/nieuwe-balans-in-natuur-water-landschap-en-landbouw\/\">\n\t\t\n\t\t<div class=\"small-article-card__heading\">\n<h2 class=\"heading heading__align--left heading__color--white heading__size--medium heading__font--sans heading__weight--bold\" id=\"nav-nieuwe-balans-in-natuur--water--landschap-en-landbouw290\" data-nav-heading-mobile=\"Nieuwe balans in natuur, water, landschap en landbouw\">\n\tNieuwe balans in natuur, water, landschap en landbouw<\/h2>\n<\/div>\t\t\t\t\t\t\t<div class=\"small-article-card__button-wrapper\">\n\t\t\t\t<button class=\"buttonV2 buttonV2__color--transparent buttonV2__size--default buttonV2__size-width--default   small-article-card__buttonV2\" id=\"\" style=\"--buttonV2-text-color: var(--global-colors-white)\">\n\t<div class=\"buttonV2__top-wrapper buttonV2__arrow-align--right\">\n\t\t\t\t\t<span class=\"buttonV2__title\">\n\t\t\t\tLees verder\t\t\t<\/span>\n\t\t\n\t\t\t\t\t<div class=\"buttonV2__icon\">\n\t\t\t\t<svg xmlns='http:\/\/www.w3.org\/2000\/svg' viewBox='0 0 58.14 50.62'><path d='m32.82 50.62 25.32-25.31L32.82 0l-4.35 4.35 17.92 17.86H0v6.21h46.39L28.47 46.33l4.35 4.29z' fill='currentColor' \/><\/svg>\t\t\t<\/div>\n\t\t\t<\/div>\n\n\t<\/button>\t\t\t<\/div>\n\t\t\t<\/a>\n<\/article>\t\t\t\t\t<\/div>\n\t\t\t\t\t\t\t\t\t<\/div>\n\t<\/div><div class=\"block-point-of-view-grid-new js-block-point-of-view-grid-new\">\n\t<div class=\"block-point-of-view-grid-new__grid\">\n\n\t\t\t\t\t<div class=\"block-point-of-view-grid-new__row-desktop block-point-of-view-grid-new__row-desktop-bottom\">\n\t\t\t\t\t\t\t\t\t\t\t\t\t\t\t<div class=\"block-point-of-view-grid-new__item block-point-of-view-grid-new__item--first\">\n\t\t\t\t\t\t\t<article class=\"small-article-card js-small-article-card  block-point-of-view-grid-new__small-article-card\">\n\n\t\t\t<div class=\"background-overlay\"><\/div>\n\t\t\t\n\t<a class=\"small-article-card__wrapper small-article-card__color--rosePink\" style=\"background-image: url('https:\/\/d66.nl\/brabant\/wp-content\/uploads\/sites\/406\/2023\/01\/0e49e173db664c3805388b924d78539350b2ccba-1024x552.jpg')\" href=\"https:\/\/d66.nl\/brabant\/verkiezingsprogramma\/prettig-wonen-werken-en-leven-in-een-energiek-brabant\/\">\n\t\t\n\t\t<div class=\"small-article-card__heading\">\n<h2 class=\"heading heading__align--left heading__color--white heading__size--medium heading__font--sans heading__weight--bold\" id=\"nav-prettig-wonen--werken-en-leven-in-een-energiek-brabant9707\" data-nav-heading-mobile=\"Prettig wonen, werken en leven in een energiek Brabant\">\n\tPrettig wonen, werken en leven in een energiek Brabant<\/h2>\n<\/div>\t\t\t\t\t\t\t<div class=\"small-article-card__button-wrapper\">\n\t\t\t\t<button class=\"buttonV2 buttonV2__color--transparent buttonV2__size--default buttonV2__size-width--default   small-article-card__buttonV2\" id=\"\" style=\"--buttonV2-text-color: var(--global-colors-white)\">\n\t<div class=\"buttonV2__top-wrapper buttonV2__arrow-align--right\">\n\t\t\t\t\t<span class=\"buttonV2__title\">\n\t\t\t\tLees verder\t\t\t<\/span>\n\t\t\n\t\t\t\t\t<div class=\"buttonV2__icon\">\n\t\t\t\t<svg xmlns='http:\/\/www.w3.org\/2000\/svg' viewBox='0 0 58.14 50.62'><path d='m32.82 50.62 25.32-25.31L32.82 0l-4.35 4.35 17.92 17.86H0v6.21h46.39L28.47 46.33l4.35 4.29z' fill='currentColor' \/><\/svg>\t\t\t<\/div>\n\t\t\t<\/div>\n\n\t<\/button>\t\t\t<\/div>\n\t\t\t<\/a>\n<\/article>\t\t\t\t\t\t<\/div>\n\t\t\t\t\t\t\t\t\t\t\t\t\t\t\t\t\t\t\t\t<div class=\"block-point-of-view-grid-new__item block-point-of-view-grid-new__item--second\">\n\t\t\t\t\t\t\t<article class=\"small-article-card js-small-article-card  block-point-of-view-grid-new__small-article-card\">\n\n\t\t\t<div class=\"background-overlay\"><\/div>\n\t\t\t\n\t<a class=\"small-article-card__wrapper small-article-card__color--rosePink\" style=\"background-image: url('https:\/\/d66.nl\/brabant\/wp-content\/uploads\/sites\/406\/2023\/01\/e3474e88c63e3bc83726e63d5458dc093bba5741-1024x1024.png')\" href=\"https:\/\/d66.nl\/brabant\/verkiezingsprogramma\/inleiding-brabant-in-balans\/\">\n\t\t\n\t\t<div class=\"small-article-card__heading\">\n<h2 class=\"heading heading__align--left heading__color--white heading__size--medium heading__font--sans heading__weight--bold\" id=\"nav-inleiding--brabant-in-balans3343\" data-nav-heading-mobile=\"Inleiding: Brabant in Balans\">\n\tInleiding: Brabant in Balans<\/h2>\n<\/div>\t\t\t\t\t\t\t<div class=\"small-article-card__button-wrapper\">\n\t\t\t\t<button class=\"buttonV2 buttonV2__color--transparent buttonV2__size--default buttonV2__size-width--default   small-article-card__buttonV2\" id=\"\" style=\"--buttonV2-text-color: var(--global-colors-white)\">\n\t<div class=\"buttonV2__top-wrapper buttonV2__arrow-align--right\">\n\t\t\t\t\t<span class=\"buttonV2__title\">\n\t\t\t\tLees verder\t\t\t<\/span>\n\t\t\n\t\t\t\t\t<div class=\"buttonV2__icon\">\n\t\t\t\t<svg xmlns='http:\/\/www.w3.org\/2000\/svg' viewBox='0 0 58.14 50.62'><path d='m32.82 50.62 25.32-25.31L32.82 0l-4.35 4.35 17.92 17.86H0v6.21h46.39L28.47 46.33l4.35 4.29z' fill='currentColor' \/><\/svg>\t\t\t<\/div>\n\t\t\t<\/div>\n\n\t<\/button>\t\t\t<\/div>\n\t\t\t<\/a>\n<\/article>\t\t\t\t\t\t<\/div>\n\t\t\t\t\t\t\t\t\t\t\t\t\t\t\t\t\t\t\t\t<div class=\"block-point-of-view-grid-new__item block-point-of-view-grid-new__item--third\">\n\t\t\t\t\t\t\t<article class=\"small-article-card js-small-article-card  block-point-of-view-grid-new__small-article-card\">\n\n\t\t\t<div class=\"background-overlay\"><\/div>\n\t\t\t\n\t<a class=\"small-article-card__wrapper small-article-card__color--rosePink\" style=\"background-image: url('https:\/\/d66.nl\/brabant\/wp-content\/uploads\/sites\/406\/2023\/01\/D66-gekozen-48-1024x683.jpg')\" href=\"https:\/\/d66.nl\/brabant\/verkiezingsprogramma\/voorwoord\/\">\n\t\t\n\t\t<div class=\"small-article-card__heading\">\n<h2 class=\"heading heading__align--left heading__color--white heading__size--medium heading__font--sans heading__weight--bold\" id=\"nav-voorwoord-van-de-lijsttrekker1584\" data-nav-heading-mobile=\"Voorwoord van de lijsttrekker\">\n\tVoorwoord van de lijsttrekker<\/h2>\n<\/div>\t\t\t\t\t\t\t<div class=\"small-article-card__button-wrapper\">\n\t\t\t\t<button class=\"buttonV2 buttonV2__color--transparent buttonV2__size--default buttonV2__size-width--default   small-article-card__buttonV2\" id=\"\" style=\"--buttonV2-text-color: var(--global-colors-white)\">\n\t<div class=\"buttonV2__top-wrapper buttonV2__arrow-align--right\">\n\t\t\t\t\t<span class=\"buttonV2__title\">\n\t\t\t\tLees verder\t\t\t<\/span>\n\t\t\n\t\t\t\t\t<div class=\"buttonV2__icon\">\n\t\t\t\t<svg xmlns='http:\/\/www.w3.org\/2000\/svg' viewBox='0 0 58.14 50.62'><path d='m32.82 50.62 25.32-25.31L32.82 0l-4.35 4.35 17.92 17.86H0v6.21h46.39L28.47 46.33l4.35 4.29z' fill='currentColor' \/><\/svg>\t\t\t<\/div>\n\t\t\t<\/div>\n\n\t<\/button>\t\t\t<\/div>\n\t\t\t<\/a>\n<\/article>\t\t\t\t\t\t<\/div>\n\t\t\t\t\t\t\t\t\t\t\t\t<\/div>\n\t\t\n\t\t\n\t<\/div>\n\t\t\t<div class=\"block-point-of-view-grid-new__accordions\">\n\t\t\t\t\t\t\t\t\t\t\t\t<div class=\"block-point-of-view-grid-new block-point-of-view-grid-new--first\">\n\t\t\t\t\t\t<article class=\"small-article-card js-small-article-card  block-point-of-view-grid-new__small-article-card\">\n\n\t\t\t<div class=\"background-overlay\"><\/div>\n\t\t\t\n\t<a class=\"small-article-card__wrapper small-article-card__color--rosePink\" style=\"background-image: url('https:\/\/d66.nl\/brabant\/wp-content\/uploads\/sites\/406\/2023\/01\/0e49e173db664c3805388b924d78539350b2ccba-1024x552.jpg')\" href=\"https:\/\/d66.nl\/brabant\/verkiezingsprogramma\/prettig-wonen-werken-en-leven-in-een-energiek-brabant\/\">\n\t\t\n\t\t<div class=\"small-article-card__heading\">\n<h2 class=\"heading heading__align--left heading__color--white heading__size--medium heading__font--sans heading__weight--bold\" id=\"nav-prettig-wonen--werken-en-leven-in-een-energiek-brabant8508\" data-nav-heading-mobile=\"Prettig wonen, werken en leven in een energiek Brabant\">\n\tPrettig wonen, werken en leven in een energiek Brabant<\/h2>\n<\/div>\t\t\t\t\t\t\t<div class=\"small-article-card__button-wrapper\">\n\t\t\t\t<button class=\"buttonV2 buttonV2__color--transparent buttonV2__size--default buttonV2__size-width--default   small-article-card__buttonV2\" id=\"\" style=\"--buttonV2-text-color: var(--global-colors-white)\">\n\t<div class=\"buttonV2__top-wrapper buttonV2__arrow-align--right\">\n\t\t\t\t\t<span class=\"buttonV2__title\">\n\t\t\t\tLees verder\t\t\t<\/span>\n\t\t\n\t\t\t\t\t<div class=\"buttonV2__icon\">\n\t\t\t\t<svg xmlns='http:\/\/www.w3.org\/2000\/svg' viewBox='0 0 58.14 50.62'><path d='m32.82 50.62 25.32-25.31L32.82 0l-4.35 4.35 17.92 17.86H0v6.21h46.39L28.47 46.33l4.35 4.29z' fill='currentColor' \/><\/svg>\t\t\t<\/div>\n\t\t\t<\/div>\n\n\t<\/button>\t\t\t<\/div>\n\t\t\t<\/a>\n<\/article>\t\t\t\t\t<\/div>\n\t\t\t\t\t\t\t\t\t\t\t\t\t\t\t\t<div class=\"block-point-of-view-grid-new block-point-of-view-grid-new--second\">\n\t\t\t\t\t\t<article class=\"small-article-card js-small-article-card  block-point-of-view-grid-new__small-article-card\">\n\n\t\t\t<div class=\"background-overlay\"><\/div>\n\t\t\t\n\t<a class=\"small-article-card__wrapper small-article-card__color--rosePink\" style=\"background-image: url('https:\/\/d66.nl\/brabant\/wp-content\/uploads\/sites\/406\/2023\/01\/e3474e88c63e3bc83726e63d5458dc093bba5741-1024x1024.png')\" href=\"https:\/\/d66.nl\/brabant\/verkiezingsprogramma\/inleiding-brabant-in-balans\/\">\n\t\t\n\t\t<div class=\"small-article-card__heading\">\n<h2 class=\"heading heading__align--left heading__color--white heading__size--medium heading__font--sans heading__weight--bold\" id=\"nav-inleiding--brabant-in-balans2958\" data-nav-heading-mobile=\"Inleiding: Brabant in Balans\">\n\tInleiding: Brabant in Balans<\/h2>\n<\/div>\t\t\t\t\t\t\t<div class=\"small-article-card__button-wrapper\">\n\t\t\t\t<button class=\"buttonV2 buttonV2__color--transparent buttonV2__size--default buttonV2__size-width--default   small-article-card__buttonV2\" id=\"\" style=\"--buttonV2-text-color: var(--global-colors-white)\">\n\t<div class=\"buttonV2__top-wrapper buttonV2__arrow-align--right\">\n\t\t\t\t\t<span class=\"buttonV2__title\">\n\t\t\t\tLees verder\t\t\t<\/span>\n\t\t\n\t\t\t\t\t<div class=\"buttonV2__icon\">\n\t\t\t\t<svg xmlns='http:\/\/www.w3.org\/2000\/svg' viewBox='0 0 58.14 50.62'><path d='m32.82 50.62 25.32-25.31L32.82 0l-4.35 4.35 17.92 17.86H0v6.21h46.39L28.47 46.33l4.35 4.29z' fill='currentColor' \/><\/svg>\t\t\t<\/div>\n\t\t\t<\/div>\n\n\t<\/button>\t\t\t<\/div>\n\t\t\t<\/a>\n<\/article>\t\t\t\t\t<\/div>\n\t\t\t\t\t\t\t\t\t\t\t\t\t\t\t\t<div class=\"block-point-of-view-grid-new block-point-of-view-grid-new--third\">\n\t\t\t\t\t\t<article class=\"small-article-card js-small-article-card  block-point-of-view-grid-new__small-article-card\">\n\n\t\t\t<div class=\"background-overlay\"><\/div>\n\t\t\t\n\t<a class=\"small-article-card__wrapper small-article-card__color--rosePink\" style=\"background-image: url('https:\/\/d66.nl\/brabant\/wp-content\/uploads\/sites\/406\/2023\/01\/D66-gekozen-48-1024x683.jpg')\" href=\"https:\/\/d66.nl\/brabant\/verkiezingsprogramma\/voorwoord\/\">\n\t\t\n\t\t<div class=\"small-article-card__heading\">\n<h2 class=\"heading heading__align--left heading__color--white heading__size--medium heading__font--sans heading__weight--bold\" id=\"nav-voorwoord-van-de-lijsttrekker1292\" data-nav-heading-mobile=\"Voorwoord van de lijsttrekker\">\n\tVoorwoord van de lijsttrekker<\/h2>\n<\/div>\t\t\t\t\t\t\t<div class=\"small-article-card__button-wrapper\">\n\t\t\t\t<button class=\"buttonV2 buttonV2__color--transparent buttonV2__size--default buttonV2__size-width--default   small-article-card__buttonV2\" id=\"\" style=\"--buttonV2-text-color: var(--global-colors-white)\">\n\t<div class=\"buttonV2__top-wrapper buttonV2__arrow-align--right\">\n\t\t\t\t\t<span class=\"buttonV2__title\">\n\t\t\t\tLees verder\t\t\t<\/span>\n\t\t\n\t\t\t\t\t<div class=\"buttonV2__icon\">\n\t\t\t\t<svg xmlns='http:\/\/www.w3.org\/2000\/svg' viewBox='0 0 58.14 50.62'><path d='m32.82 50.62 25.32-25.31L32.82 0l-4.35 4.35 17.92 17.86H0v6.21h46.39L28.47 46.33l4.35 4.29z' fill='currentColor' \/><\/svg>\t\t\t<\/div>\n\t\t\t<\/div>\n\n\t<\/button>\t\t\t<\/div>\n\t\t\t<\/a>\n<\/article>\t\t\t\t\t<\/div>\n\t\t\t\t\t\t\t\t\t\t\t\t\t\t\t\t\t\t\t\t\t\t\t\t\t\t\t\t\t\t<\/div>\n\t<\/div><p\n\t\tclass=\"paragraph paragraph__align--center      js-article-listing-pagination\"\n\t\t\t>\n\t\tToont 9 van 9\t<\/p><br \/>\t<\/div>\n<\/div>\t  <\/div>\n\t<\/div>\n  <\/div>\n\n\n<div\n  id=\"\"\n  class=\"wrapper wrapper__spacing-top-large--0 wrapper__spacing-bottom-large--60  wrapper__gutter--none\"\n  >\n  \t<div class=\"wrapper__container wrapper__container-width-large--default\">\n\t  <div class=\"wrapper__inner wrapper__width-large--24 wrapper__width-mobile--24\">\n\t\t<h2 class=\"heading heading__align--left heading__color--black heading__size--huge heading__font--sans heading__weight--semiBold  block-heading__heading\" id=\"nav-nieuws7939\" data-nav-heading=\"Nieuws\" data-nav-heading-mobile=\"Nieuws\" >\n\tLaatste nieuws<\/h2>\t  <\/div>\n\t<\/div>\n  <\/div>\n\n\n<div\n  id=\"\"\n  class=\"wrapper  wrapper__spacing-bottom-large--220 wrapper__spacing-bottom-tablet--190 wrapper__spacing-bottom-mobile--140  wrapper__gutter--none\"\n  >\n  \t<div class=\"wrapper__container wrapper__container-width-large--default\">\n\t  <div class=\"wrapper__inner wrapper__width-large--24 wrapper__width-mobile--24\">\n\t\t\n<section class=\"block-stories-wall-slider-dynamic block-stories-wall-slider-dynamic__posttype--post js-block-stories-wall-slider-dynamic\">\n\t<div class=\"block-stories-wall-slider-dynamic__header-wrapper block-stories-wall-slider-dynamic__header-wrapper--default\">\n\t\t<div class=\"block-stories-wall-slider-dynamic__title\">\n\t\t\t<h2 class=\"heading heading__align--left heading__color--black heading__size--huge  heading__weight--bold\" id=\"nav-6602\" data-nav-heading-mobile=\"\">\n\t<\/h2>\t\t<\/div>\n\t\t\t<\/div>\n\n\t<div class=\"block-stories-wall-slider-dynamic__slider\">\n\t\t<div class=\"carousel-slider js-carousel-slider carousel-slider__for--cards\" data-is-slider-initialized=\"0\">\n\t<div class=\"carousel-slider__wrapper js-carousel-wrapper\">\n\t\t<div class=\"swiper\">\n\t\t\t<div class=\"swiper-wrapper\">\n\t\t\t\t\t\t\t\t\t\t\t\t\t\t<div class=\"swiper-slide\">\n\t\t\t\t\t\t<article class=\"article-card article-card__color--skyBlue  article-card__variation--full-height-img\" style=\"background-image: url('https:\/\/d66.nl\/brabant\/wp-content\/uploads\/sites\/406\/2023\/07\/Dianne.png')\" data-gtm-event=\"click\" data-gtm-group=\"updates\" data-gtm-target=\"D66 Brabant wilt maatregelen om de luchtkwaliteit te verbeteren en de voorbereiding op toekomstige pandemie\u00ebn\">\n\t\t\t<div class=\"background-overlay\"><\/div>\n\t\t<a class=\"article-card__link\" href=\"https:\/\/d66.nl\/brabant\/nieuws\/schriftelijke-vragen-corona-luchtkwaliteit\/\" aria-label=\"Link naar artikel\">\n\t\t<header class=\"article-card__header\">\n\n\t\t\t\t\t\t<div class=\"article-card__meta-row-wrapper\">\n\t\t\t\t<div class=\"article-card__date\">\n\t\t\t\t\t\t<p class=\"paragraph   paragraph__size--medium paragraph__weight--semiBold\">\n\t\t04.04.2024\t<\/p>\t\t\t\t<\/div>\n\t\t\t<\/div>\n\t\t\t\t\t\t\t\t\t\t\t<\/header>\n\n\t\t<div class=\"article-card__body\">\n\t\t\t\t\t\t\t<h3 class=\"heading   heading__size--large heading__font--sans heading__weight--bold\" id=\"nav-d66-brabant-wilt-maatregelen-om-de-luchtkwaliteit-te-verbeteren-en-de-voorbereiding-op-toekomstige-pandemie--n8109\">\n\tD66 Brabant wilt maatregelen om de luchtkwaliteit te verbeteren en de voorbereiding op toekomstige pandemie\u00ebn<\/h3>\t\t\t\t\t\t\n\t\t\t<button class=\"buttonV2 buttonV2__color--transparent buttonV2__size--default buttonV2__size-width--default   article-card__buttonV2\" id=\"\">\n\t<div class=\"buttonV2__top-wrapper buttonV2__arrow-align--right\">\n\t\t\t\t\t<span class=\"buttonV2__title\">\n\t\t\t\tLees verder\t\t\t<\/span>\n\t\t\n\t\t\t\t\t<div class=\"buttonV2__icon\">\n\t\t\t\t<svg xmlns='http:\/\/www.w3.org\/2000\/svg' viewBox='0 0 58.14 50.62'><path d='m32.82 50.62 25.32-25.31L32.82 0l-4.35 4.35 17.92 17.86H0v6.21h46.39L28.47 46.33l4.35 4.29z' fill='currentColor' \/><\/svg>\t\t\t<\/div>\n\t\t\t<\/div>\n\n\t<\/button>\t\t<\/div>\n\t<\/a>\n<\/article>\t\t\t\t\t<\/div>\n\t\t\t\t\t\t\t\t\t\t\t\t\t\t<div class=\"swiper-slide\">\n\t\t\t\t\t\t<article class=\"article-card article-card__color--olive  article-card__variation--full-height-img\" style=\"background-image: url('https:\/\/d66.nl\/brabant\/wp-content\/uploads\/sites\/406\/2023\/11\/Staalslakken-1024x683.jpg')\" data-gtm-event=\"click\" data-gtm-group=\"updates\" data-gtm-target=\"Schriftelijke vragen staalslakken\">\n\t\t\t<div class=\"background-overlay\"><\/div>\n\t\t<a class=\"article-card__link\" href=\"https:\/\/d66.nl\/brabant\/nieuws\/schriftelijke-vragen-staalslakken\/\" aria-label=\"Link naar artikel\">\n\t\t<header class=\"article-card__header\">\n\n\t\t\t\t\t\t<div class=\"article-card__meta-row-wrapper\">\n\t\t\t\t<div class=\"article-card__date\">\n\t\t\t\t\t\t<p class=\"paragraph   paragraph__size--medium paragraph__weight--semiBold\">\n\t\t10.11.2023\t<\/p>\t\t\t\t<\/div>\n\t\t\t<\/div>\n\t\t\t\t\t\t\t\t\t\t\t<\/header>\n\n\t\t<div class=\"article-card__body\">\n\t\t\t\t\t\t\t<h3 class=\"heading   heading__size--large heading__font--sans heading__weight--bold\" id=\"nav-schriftelijke-vragen-staalslakken5627\">\n\tSchriftelijke vragen staalslakken<\/h3>\t\t\t\t\t\t\t\t\t\t<div class=\"article-card__excerpt\">\n\t\t\t\t\t<p class=\"paragraph   paragraph__size--default paragraph__weight--medium\">\n\t\tSchriftelijke vragen staalslakken\t<\/p>\t\t\t\t<\/div>\n\t\t\t\n\t\t\t<button class=\"buttonV2 buttonV2__color--transparent buttonV2__size--default buttonV2__size-width--default   article-card__buttonV2\" id=\"\">\n\t<div class=\"buttonV2__top-wrapper buttonV2__arrow-align--right\">\n\t\t\t\t\t<span class=\"buttonV2__title\">\n\t\t\t\tLees verder\t\t\t<\/span>\n\t\t\n\t\t\t\t\t<div class=\"buttonV2__icon\">\n\t\t\t\t<svg xmlns='http:\/\/www.w3.org\/2000\/svg' viewBox='0 0 58.14 50.62'><path d='m32.82 50.62 25.32-25.31L32.82 0l-4.35 4.35 17.92 17.86H0v6.21h46.39L28.47 46.33l4.35 4.29z' fill='currentColor' \/><\/svg>\t\t\t<\/div>\n\t\t\t<\/div>\n\n\t<\/button>\t\t<\/div>\n\t<\/a>\n<\/article>\t\t\t\t\t<\/div>\n\t\t\t\t\t\t\t\t\t\t\t\t\t\t<div class=\"swiper-slide\">\n\t\t\t\t\t\t<article class=\"article-card article-card__color--rosePink  article-card__variation--full-height-img\" style=\"background-image: url('https:\/\/d66.nl\/brabant\/wp-content\/uploads\/sites\/406\/2022\/05\/0779f44401d62356dbbbf5c5af4d767a758c659a-1024x683.jpg')\" data-gtm-event=\"click\" data-gtm-group=\"updates\" data-gtm-target=\"Spreektekst Perspectiefnota\">\n\t\t\t<div class=\"background-overlay\"><\/div>\n\t\t<a class=\"article-card__link\" href=\"https:\/\/d66.nl\/brabant\/nieuws\/perspectiefnota-2023-brede-welvaart\/\" aria-label=\"Link naar artikel\">\n\t\t<header class=\"article-card__header\">\n\n\t\t\t\t\t\t<div class=\"article-card__meta-row-wrapper\">\n\t\t\t\t<div class=\"article-card__date\">\n\t\t\t\t\t\t<p class=\"paragraph   paragraph__size--medium paragraph__weight--semiBold\">\n\t\t13.05.2022\t<\/p>\t\t\t\t<\/div>\n\t\t\t<\/div>\n\t\t\t\t\t\t\t\t\t\t\t<\/header>\n\n\t\t<div class=\"article-card__body\">\n\t\t\t\t\t\t\t<h3 class=\"heading   heading__size--large heading__font--sans heading__weight--bold\" id=\"nav-spreektekst-perspectiefnota3770\">\n\tSpreektekst Perspectiefnota<\/h3>\t\t\t\t\t\t\t\t\t\t<div class=\"article-card__excerpt\">\n\t\t\t\t\t<p class=\"paragraph   paragraph__size--default paragraph__weight--medium\">\n\t\tD66 legt het accent op Brede Welvaart. Dit vereist een goede balans tussen economische groei en kwaliteit van leven. Hiervoor is duurzaam investeren noodzakelijk.\t<\/p>\t\t\t\t<\/div>\n\t\t\t\n\t\t\t<button class=\"buttonV2 buttonV2__color--transparent buttonV2__size--default buttonV2__size-width--default   article-card__buttonV2\" id=\"\">\n\t<div class=\"buttonV2__top-wrapper buttonV2__arrow-align--right\">\n\t\t\t\t\t<span class=\"buttonV2__title\">\n\t\t\t\tLees verder\t\t\t<\/span>\n\t\t\n\t\t\t\t\t<div class=\"buttonV2__icon\">\n\t\t\t\t<svg xmlns='http:\/\/www.w3.org\/2000\/svg' viewBox='0 0 58.14 50.62'><path d='m32.82 50.62 25.32-25.31L32.82 0l-4.35 4.35 17.92 17.86H0v6.21h46.39L28.47 46.33l4.35 4.29z' fill='currentColor' \/><\/svg>\t\t\t<\/div>\n\t\t\t<\/div>\n\n\t<\/button>\t\t<\/div>\n\t<\/a>\n<\/article>\t\t\t\t\t<\/div>\n\t\t\t\t\t\t\t\t\t\t\t\t\t\t<div class=\"swiper-slide\">\n\t\t\t\t\t\t<article class=\"article-card article-card__color--tomato\" data-gtm-event=\"click\" data-gtm-group=\"updates\" data-gtm-target=\"Begroting 2022\">\n\t\t<a class=\"article-card__link\" href=\"https:\/\/d66.nl\/brabant\/nieuws\/begroting-2022\/\" aria-label=\"Link naar artikel\">\n\t\t<header class=\"article-card__header\">\n\n\t\t\t\t\t\t<div class=\"article-card__meta-row-wrapper\">\n\t\t\t\t<div class=\"article-card__date\">\n\t\t\t\t\t\t<p class=\"paragraph   paragraph__size--medium paragraph__weight--semiBold\">\n\t\t05.11.2021\t<\/p>\t\t\t\t<\/div>\n\t\t\t<\/div>\n\t\t\t\t\t\t\t\t\t\t\t<\/header>\n\n\t\t<div class=\"article-card__body\">\n\t\t\t\t\t\t\t<h3 class=\"heading   heading__size--large heading__font--sans heading__weight--bold\" id=\"nav-begroting-20226195\">\n\tBegroting 2022<\/h3>\t\t\t\t\t\t\t\t\t\t<div class=\"article-card__excerpt\">\n\t\t\t\t\t<p class=\"paragraph   paragraph__size--default paragraph__weight--medium\">\n\t\tTijdens de begrotingsonderhandelingen legt D66 de nadruk op de Brede Welvaart als bril en kompas bij onze keuzes.\t<\/p>\t\t\t\t<\/div>\n\t\t\t\n\t\t\t<button class=\"buttonV2 buttonV2__color--transparent buttonV2__size--default buttonV2__size-width--default   article-card__buttonV2\" id=\"\">\n\t<div class=\"buttonV2__top-wrapper buttonV2__arrow-align--right\">\n\t\t\t\t\t<span class=\"buttonV2__title\">\n\t\t\t\tLees verder\t\t\t<\/span>\n\t\t\n\t\t\t\t\t<div class=\"buttonV2__icon\">\n\t\t\t\t<svg xmlns='http:\/\/www.w3.org\/2000\/svg' viewBox='0 0 58.14 50.62'><path d='m32.82 50.62 25.32-25.31L32.82 0l-4.35 4.35 17.92 17.86H0v6.21h46.39L28.47 46.33l4.35 4.29z' fill='currentColor' \/><\/svg>\t\t\t<\/div>\n\t\t\t<\/div>\n\n\t<\/button>\t\t<\/div>\n\t<\/a>\n<\/article>\t\t\t\t\t<\/div>\n\t\t\t\t\t\t\t\t\t\t\t\t\t\t<div class=\"swiper-slide\">\n\t\t\t\t\t\t<article class=\"article-card article-card__color--yellow\" data-gtm-event=\"click\" data-gtm-group=\"updates\" data-gtm-target=\"Beleidskader Gezondheid 2021-2030\">\n\t\t<a class=\"article-card__link\" href=\"https:\/\/d66.nl\/brabant\/nieuws\/beleidskader-gezondheid-2021-2030\/\" aria-label=\"Link naar artikel\">\n\t\t<header class=\"article-card__header\">\n\n\t\t\t\t\t\t<div class=\"article-card__meta-row-wrapper\">\n\t\t\t\t<div class=\"article-card__date\">\n\t\t\t\t\t\t<p class=\"paragraph   paragraph__size--medium paragraph__weight--semiBold\">\n\t\t05.11.2021\t<\/p>\t\t\t\t<\/div>\n\t\t\t<\/div>\n\t\t\t\t\t\t\t\t\t\t\t<\/header>\n\n\t\t<div class=\"article-card__body\">\n\t\t\t\t\t\t\t<h3 class=\"heading   heading__size--large heading__font--sans heading__weight--bold\" id=\"nav-beleidskader-gezondheid-2021-20303933\">\n\tBeleidskader Gezondheid 2021-2030<\/h3>\t\t\t\t\t\t\t\t\t\t<div class=\"article-card__excerpt\">\n\t\t\t\t\t<p class=\"paragraph   paragraph__size--default paragraph__weight--medium\">\n\t\tSpreektekst van Ine Meeuwis tijdens de kaderstellende bijeenkomst.\t<\/p>\t\t\t\t<\/div>\n\t\t\t\n\t\t\t<button class=\"buttonV2 buttonV2__color--transparent buttonV2__size--default buttonV2__size-width--default   article-card__buttonV2\" id=\"\">\n\t<div class=\"buttonV2__top-wrapper buttonV2__arrow-align--right\">\n\t\t\t\t\t<span class=\"buttonV2__title\">\n\t\t\t\tLees verder\t\t\t<\/span>\n\t\t\n\t\t\t\t\t<div class=\"buttonV2__icon\">\n\t\t\t\t<svg xmlns='http:\/\/www.w3.org\/2000\/svg' viewBox='0 0 58.14 50.62'><path d='m32.82 50.62 25.32-25.31L32.82 0l-4.35 4.35 17.92 17.86H0v6.21h46.39L28.47 46.33l4.35 4.29z' fill='currentColor' \/><\/svg>\t\t\t<\/div>\n\t\t\t<\/div>\n\n\t<\/button>\t\t<\/div>\n\t<\/a>\n<\/article>\t\t\t\t\t<\/div>\n\t\t\t\t\t\t\t\t\t\t\t\t\t\t<div class=\"swiper-slide\">\n\t\t\t\t\t\t<article class=\"article-card article-card__color--olive\" data-gtm-event=\"click\" data-gtm-group=\"updates\" data-gtm-target=\"Perspresentatie Addendum bestuursakkoord\">\n\t\t<a class=\"article-card__link\" href=\"https:\/\/d66.nl\/brabant\/nieuws\/perspresentatie-addendum-bestuursakkoord\/\" aria-label=\"Link naar artikel\">\n\t\t<header class=\"article-card__header\">\n\n\t\t\t\t\t\t<div class=\"article-card__meta-row-wrapper\">\n\t\t\t\t<div class=\"article-card__date\">\n\t\t\t\t\t\t<p class=\"paragraph   paragraph__size--medium paragraph__weight--semiBold\">\n\t\t04.07.2021\t<\/p>\t\t\t\t<\/div>\n\t\t\t<\/div>\n\t\t\t\t\t\t\t\t\t\t\t<\/header>\n\n\t\t<div class=\"article-card__body\">\n\t\t\t\t\t\t\t<h3 class=\"heading   heading__size--large heading__font--sans heading__weight--bold\" id=\"nav-perspresentatie-addendum-bestuursakkoord9704\">\n\tPerspresentatie Addendum bestuursakkoord<\/h3>\t\t\t\t\t\t\t\t\t\t<div class=\"article-card__excerpt\">\n\t\t\t\t\t<p class=\"paragraph   paragraph__size--default paragraph__weight--medium\">\n\t\tFractievoorzitter Ine Meeuwis praat de pers bij over het Addendum op het bestuursakkoord.\t<\/p>\t\t\t\t<\/div>\n\t\t\t\n\t\t\t<button class=\"buttonV2 buttonV2__color--transparent buttonV2__size--default buttonV2__size-width--default   article-card__buttonV2\" id=\"\">\n\t<div class=\"buttonV2__top-wrapper buttonV2__arrow-align--right\">\n\t\t\t\t\t<span class=\"buttonV2__title\">\n\t\t\t\tLees verder\t\t\t<\/span>\n\t\t\n\t\t\t\t\t<div class=\"buttonV2__icon\">\n\t\t\t\t<svg xmlns='http:\/\/www.w3.org\/2000\/svg' viewBox='0 0 58.14 50.62'><path d='m32.82 50.62 25.32-25.31L32.82 0l-4.35 4.35 17.92 17.86H0v6.21h46.39L28.47 46.33l4.35 4.29z' fill='currentColor' \/><\/svg>\t\t\t<\/div>\n\t\t\t<\/div>\n\n\t<\/button>\t\t<\/div>\n\t<\/a>\n<\/article>\t\t\t\t\t<\/div>\n\t\t\t\t\t\t\t<\/div>\n\t\t<\/div>\n\t<\/div>\n\n\t\t\t<div class=\"carousel-slider-navigation js-carousel-slider-navigation carousel-slider-navigation__offset--always\">\n\t<div class=\"carousel-slider-navigation__fraction-pagination-wrapper\">\n\t\t<span class=\"custom-swiper-pagination-current\">1<\/span> \/ <span class=\"custom-swiper-pagination-total\">X<\/span>\n\t<\/div>\n\t<div class=\"carousel-slider-navigation__pagination-wrapper\">\n\t\t<div class=\"carousel-slider-navigation__pagination js-swiper-progressbar\"><\/div>\n\t<\/div>\n\t<div class=\"carousel-slider-navigation__navigation\">\n\t\t<button class=\"carousel-slider-navigation__nav-button carousel-slider-navigation__nav-button--prev js-swiper-prev\" aria-label=\"Previous slide\"><\/button>\n\t\t<button class=\"carousel-slider-navigation__nav-button carousel-slider-navigation__nav-button--next js-swiper-next\" aria-label=\"Next slide\"><\/button>\n\t<\/div>\n<\/div>\t\n<\/div>\t<\/div>\n\n<\/section>\n\t  <\/div>\n\t<\/div>\n  <\/div>\n\n\n<div\n  id=\"\"\n  class=\"wrapper wrapper__spacing-top-large--0 wrapper__spacing-bottom-large--60  wrapper__gutter--none\"\n  >\n  \t<div class=\"wrapper__container wrapper__container-width-large--default\">\n\t  <div class=\"wrapper__inner wrapper__width-large--24 wrapper__width-mobile--24\">\n\t\t<h2 class=\"heading heading__align--left heading__color--black heading__size--huge heading__font--sans heading__weight--semiBold  block-heading__heading\" id=\"nav-verkiezingsprogramma1681\" data-nav-heading=\"Verkiezingsprogramma\" data-nav-heading-mobile=\"Verkiezingsprogramma\" >\n\tHet verkiezings-<br>programma<\/h2>\t  <\/div>\n\t<\/div>\n  <\/div>\n\n\n<div\n  id=\"\"\n  class=\"wrapper  wrapper__spacing-bottom-large--60 wrapper__spacing-bottom-desktop--60 wrapper__spacing-bottom-mobile--30  wrapper__gutter--none\"\n  >\n  \t<div class=\"wrapper__container wrapper__container-width-large--default\">\n\t  <div class=\"wrapper__inner wrapper__width-large--14 wrapper__width-desktop--24 wrapper__width-mobile--24 wrapper__offset-desktop--0 wrapper__offset-mobile--0\">\n\t\t<p\n\t\tclass=\"paragraph paragraph__align--left paragraph__color--black paragraph__size--default   block-paragraph__paragraph\"\n\t\t\t>\n\t\tSamen met inwoners, ondernemers en leden hebben we nagedacht en gesproken over onze idee\u00ebn voor de toekomst. In het verkiezingsprogramma lees je deze plannen waarmee we de komende jaren aan de slag willen gaan.\t<\/p>\t  <\/div>\n\t<\/div>\n  <\/div>\n\n\n<div\n  id=\"\"\n  class=\"wrapper  wrapper__spacing-bottom-large--100 wrapper__spacing-bottom-desktop--60 wrapper__spacing-bottom-mobile--40  wrapper__gutter--none\"\n  >\n  \t<div class=\"wrapper__container wrapper__container-width-large--default\">\n\t  <div class=\"wrapper__inner wrapper__width-large--17 wrapper__width-mobile--24\">\n\t\t<div class=\"cta block-cta__cta\">\n  <div class=\"box box__style--full-width-on-mobile cta__box\" style=\"--box-bg-color: var(--global-colors-romanSilver);--box-text-color: var(--global-colors-white)\">\n\t<h2 class=\"heading heading__align--left heading__color--white heading__size--largest heading__font--sans heading__weight--semiBold  cta__heading\" id=\"nav-lees-ons-programma9269\" data-nav-heading-mobile=\"Lees ons programma\">\n\tLees ons programma<\/h2><div class=\"cta__image\">\n\n\t<img loading=\"lazy\" decoding=\"async\" width=\"1024\" height=\"576\" src=\"https:\/\/d66.nl\/brabant\/wp-content\/uploads\/sites\/3\/2021\/10\/d66-events-191109-212-D66-Congres110-JeroenMooijman-1024x576.jpg\" class=\"image cta__img\" alt=\"\" \/>\n\t<\/div><p class=\"paragraph paragraph__align--left paragraph__color--white paragraph__size--default paragraph__weight--medium  cta__paragraph\">\n\t\tJe bent pas vrij als iedereen dat is. D66 gelooft in gelijke kansen voor iedereen en hulp voor wie het nodig heeft.\t<\/p><div class=\"cta__buttons-wrapper\"><a href=\"https:\/\/d66.nl\/noordbrabant\/verkiezingsprogramma\/\" class=\"btn btn__color--white btn__size--default btn__size-width--default    cta__btn\" id=\"\" title=\"Verkiezingsprogramma\" data-last-site-id=\"1\">\n\t<div class=\"btn__top-wrapper\">\n\t\t\n\t\t<span class=\"btn__title\">\n\t\t\tVerkiezingsprogramma\t\t<\/span>\n\n\t\t\t<\/div>\n\n\t<span class=\"btn__description\">\n\t\t\t<\/span>\n\n\t<span class=\"btn__spinner btn__spinner--white btn__spinner--default\" aria-hidden=\"true\"><\/span>\n<\/a><\/div><\/div><\/div>\t  <\/div>\n\t<\/div>\n  <\/div>\n","protected":false},"author":6,"featured_media":300000212,"parent":0,"menu_order":0,"template":"with-navigation.php","meta":{"_acf_changed":false},"search-tags":[6],"topic-subtopics":[],"themes-or-point-of-view":[24],"class_list":["post-307","topics","type-topics","status-publish","has-post-thumbnail","hentry","search-tags-zorg-gezondheid-sport","themes-or-point-of-view-theme"],"acf":[],"yoast_head":"<!-- This site is optimized with the Yoast SEO plugin v27.3 - https:\/\/yoast.com\/product\/yoast-seo-wordpress\/ -->\n<title>D66 Brabant &#8212; Europa | Standpunten<\/title>\n<meta name=\"robots\" content=\"index, follow, max-snippet:-1, max-image-preview:large, max-video-preview:-1\" \/>\n<link rel=\"canonical\" href=\"https:\/\/d66.nl\/brabant\/standpunten\/zorg-gezondheid-en-sport\/\" \/>\n<meta property=\"og:locale\" content=\"nl_NL\" \/>\n<meta property=\"og:type\" content=\"article\" \/>\n<meta property=\"og:title\" content=\"D66 Brabant &#8212; Europa | Standpunten\" \/>\n<meta property=\"og:url\" content=\"https:\/\/d66.nl\/brabant\/standpunten\/zorg-gezondheid-en-sport\/\" \/>\n<meta property=\"og:site_name\" content=\"D66 Brabant\" \/>\n<meta property=\"article:modified_time\" content=\"2022-06-10T09:52:28+00:00\" \/>\n<meta name=\"twitter:card\" content=\"summary_large_image\" \/>\n<script type=\"application\/ld+json\" class=\"yoast-schema-graph\">{\"@context\":\"https:\\\/\\\/schema.org\",\"@graph\":[{\"@type\":\"WebPage\",\"@id\":\"https:\\\/\\\/d66.nl\\\/brabant\\\/standpunten\\\/zorg-gezondheid-en-sport\\\/\",\"url\":\"https:\\\/\\\/d66.nl\\\/brabant\\\/standpunten\\\/zorg-gezondheid-en-sport\\\/\",\"name\":\"D66 Brabant &#8212; Europa | Standpunten\",\"isPartOf\":{\"@id\":\"https:\\\/\\\/d66.nl\\\/brabant\\\/#website\"},\"primaryImageOfPage\":{\"@id\":\"https:\\\/\\\/d66.nl\\\/brabant\\\/standpunten\\\/zorg-gezondheid-en-sport\\\/#primaryimage\"},\"image\":{\"@id\":\"https:\\\/\\\/d66.nl\\\/brabant\\\/standpunten\\\/zorg-gezondheid-en-sport\\\/#primaryimage\"},\"thumbnailUrl\":\"https:\\\/\\\/d66.nl\\\/brabant\\\/wp-content\\\/uploads\\\/sites\\\/3\\\/2021\\\/10\\\/d66\u2014zorg-en-gezondheid_zorg_patient_ziekenhuis_iStock.jpg\",\"datePublished\":\"2021-10-27T12:12:52+00:00\",\"dateModified\":\"2022-06-10T09:52:28+00:00\",\"breadcrumb\":{\"@id\":\"https:\\\/\\\/d66.nl\\\/brabant\\\/standpunten\\\/zorg-gezondheid-en-sport\\\/#breadcrumb\"},\"inLanguage\":\"nl-NL\",\"potentialAction\":[{\"@type\":\"ReadAction\",\"target\":[\"https:\\\/\\\/d66.nl\\\/brabant\\\/standpunten\\\/zorg-gezondheid-en-sport\\\/\"]}]},{\"@type\":\"ImageObject\",\"inLanguage\":\"nl-NL\",\"@id\":\"https:\\\/\\\/d66.nl\\\/brabant\\\/standpunten\\\/zorg-gezondheid-en-sport\\\/#primaryimage\",\"url\":\"https:\\\/\\\/d66.nl\\\/brabant\\\/wp-content\\\/uploads\\\/sites\\\/3\\\/2021\\\/10\\\/d66\u2014zorg-en-gezondheid_zorg_patient_ziekenhuis_iStock.jpg\",\"contentUrl\":\"https:\\\/\\\/d66.nl\\\/brabant\\\/wp-content\\\/uploads\\\/sites\\\/3\\\/2021\\\/10\\\/d66\u2014zorg-en-gezondheid_zorg_patient_ziekenhuis_iStock.jpg\"},{\"@type\":\"BreadcrumbList\",\"@id\":\"https:\\\/\\\/d66.nl\\\/brabant\\\/standpunten\\\/zorg-gezondheid-en-sport\\\/#breadcrumb\",\"itemListElement\":[{\"@type\":\"ListItem\",\"position\":1,\"name\":\"Home\",\"item\":\"https:\\\/\\\/d66.nl\\\/brabant\\\/\"},{\"@type\":\"ListItem\",\"position\":2,\"name\":\"Europa\"}]},{\"@type\":\"WebSite\",\"@id\":\"https:\\\/\\\/d66.nl\\\/brabant\\\/#website\",\"url\":\"https:\\\/\\\/d66.nl\\\/brabant\\\/\",\"name\":\"D66 Brabant\",\"description\":\"Stop stilstand. Stem vooruit.\",\"publisher\":{\"@id\":\"https:\\\/\\\/d66.nl\\\/brabant\\\/#organization\"},\"potentialAction\":[{\"@type\":\"SearchAction\",\"target\":{\"@type\":\"EntryPoint\",\"urlTemplate\":\"https:\\\/\\\/d66.nl\\\/brabant\\\/?s={search_term_string}\"},\"query-input\":{\"@type\":\"PropertyValueSpecification\",\"valueRequired\":true,\"valueName\":\"search_term_string\"}}],\"inLanguage\":\"nl-NL\"},{\"@type\":\"Organization\",\"@id\":\"https:\\\/\\\/d66.nl\\\/brabant\\\/#organization\",\"name\":\"D66\",\"url\":\"https:\\\/\\\/d66.nl\\\/brabant\\\/\",\"logo\":{\"@type\":\"ImageObject\",\"inLanguage\":\"nl-NL\",\"@id\":\"https:\\\/\\\/d66.nl\\\/brabant\\\/#\\\/schema\\\/logo\\\/image\\\/\",\"url\":\"https:\\\/\\\/d66.nl\\\/brabant\\\/wp-content\\\/uploads\\\/sites\\\/2\\\/2021\\\/10\\\/d66-themas-algemeen-og.png\",\"contentUrl\":\"https:\\\/\\\/d66.nl\\\/brabant\\\/wp-content\\\/uploads\\\/sites\\\/2\\\/2021\\\/10\\\/d66-themas-algemeen-og.png\",\"width\":1200,\"height\":628,\"caption\":\"D66\"},\"image\":{\"@id\":\"https:\\\/\\\/d66.nl\\\/brabant\\\/#\\\/schema\\\/logo\\\/image\\\/\"}}]}<\/script>\n<!-- \/ Yoast SEO plugin. -->","yoast_head_json":{"title":"D66 Brabant &#8212; Europa | Standpunten","robots":{"index":"index","follow":"follow","max-snippet":"max-snippet:-1","max-image-preview":"max-image-preview:large","max-video-preview":"max-video-preview:-1"},"canonical":"https:\/\/d66.nl\/brabant\/standpunten\/zorg-gezondheid-en-sport\/","og_locale":"nl_NL","og_type":"article","og_title":"D66 Brabant &#8212; Europa | Standpunten","og_url":"https:\/\/d66.nl\/brabant\/standpunten\/zorg-gezondheid-en-sport\/","og_site_name":"D66 Brabant","article_modified_time":"2022-06-10T09:52:28+00:00","twitter_card":"summary_large_image","schema":{"@context":"https:\/\/schema.org","@graph":[{"@type":"WebPage","@id":"https:\/\/d66.nl\/brabant\/standpunten\/zorg-gezondheid-en-sport\/","url":"https:\/\/d66.nl\/brabant\/standpunten\/zorg-gezondheid-en-sport\/","name":"D66 Brabant &#8212; Europa | Standpunten","isPartOf":{"@id":"https:\/\/d66.nl\/brabant\/#website"},"primaryImageOfPage":{"@id":"https:\/\/d66.nl\/brabant\/standpunten\/zorg-gezondheid-en-sport\/#primaryimage"},"image":{"@id":"https:\/\/d66.nl\/brabant\/standpunten\/zorg-gezondheid-en-sport\/#primaryimage"},"thumbnailUrl":"https:\/\/d66.nl\/brabant\/wp-content\/uploads\/sites\/3\/2021\/10\/d66\u2014zorg-en-gezondheid_zorg_patient_ziekenhuis_iStock.jpg","datePublished":"2021-10-27T12:12:52+00:00","dateModified":"2022-06-10T09:52:28+00:00","breadcrumb":{"@id":"https:\/\/d66.nl\/brabant\/standpunten\/zorg-gezondheid-en-sport\/#breadcrumb"},"inLanguage":"nl-NL","potentialAction":[{"@type":"ReadAction","target":["https:\/\/d66.nl\/brabant\/standpunten\/zorg-gezondheid-en-sport\/"]}]},{"@type":"ImageObject","inLanguage":"nl-NL","@id":"https:\/\/d66.nl\/brabant\/standpunten\/zorg-gezondheid-en-sport\/#primaryimage","url":"https:\/\/d66.nl\/brabant\/wp-content\/uploads\/sites\/3\/2021\/10\/d66\u2014zorg-en-gezondheid_zorg_patient_ziekenhuis_iStock.jpg","contentUrl":"https:\/\/d66.nl\/brabant\/wp-content\/uploads\/sites\/3\/2021\/10\/d66\u2014zorg-en-gezondheid_zorg_patient_ziekenhuis_iStock.jpg"},{"@type":"BreadcrumbList","@id":"https:\/\/d66.nl\/brabant\/standpunten\/zorg-gezondheid-en-sport\/#breadcrumb","itemListElement":[{"@type":"ListItem","position":1,"name":"Home","item":"https:\/\/d66.nl\/brabant\/"},{"@type":"ListItem","position":2,"name":"Europa"}]},{"@type":"WebSite","@id":"https:\/\/d66.nl\/brabant\/#website","url":"https:\/\/d66.nl\/brabant\/","name":"D66 Brabant","description":"Stop stilstand. Stem vooruit.","publisher":{"@id":"https:\/\/d66.nl\/brabant\/#organization"},"potentialAction":[{"@type":"SearchAction","target":{"@type":"EntryPoint","urlTemplate":"https:\/\/d66.nl\/brabant\/?s={search_term_string}"},"query-input":{"@type":"PropertyValueSpecification","valueRequired":true,"valueName":"search_term_string"}}],"inLanguage":"nl-NL"},{"@type":"Organization","@id":"https:\/\/d66.nl\/brabant\/#organization","name":"D66","url":"https:\/\/d66.nl\/brabant\/","logo":{"@type":"ImageObject","inLanguage":"nl-NL","@id":"https:\/\/d66.nl\/brabant\/#\/schema\/logo\/image\/","url":"https:\/\/d66.nl\/brabant\/wp-content\/uploads\/sites\/2\/2021\/10\/d66-themas-algemeen-og.png","contentUrl":"https:\/\/d66.nl\/brabant\/wp-content\/uploads\/sites\/2\/2021\/10\/d66-themas-algemeen-og.png","width":1200,"height":628,"caption":"D66"},"image":{"@id":"https:\/\/d66.nl\/brabant\/#\/schema\/logo\/image\/"}}]}},"_links":{"self":[{"href":"https:\/\/d66.nl\/brabant\/wp-json\/wp\/v2\/standpunten\/307","targetHints":{"allow":["GET"]}}],"collection":[{"href":"https:\/\/d66.nl\/brabant\/wp-json\/wp\/v2\/standpunten"}],"about":[{"href":"https:\/\/d66.nl\/brabant\/wp-json\/wp\/v2\/types\/topics"}],"author":[{"embeddable":true,"href":"https:\/\/d66.nl\/brabant\/wp-json\/wp\/v2\/users\/6"}],"wp:featuredmedia":[{"embeddable":true,"href":"https:\/\/d66.nl\/brabant\/wp-json\/"}],"wp:attachment":[{"href":"https:\/\/d66.nl\/brabant\/wp-json\/wp\/v2\/media?parent=307"}],"wp:term":[{"taxonomy":"search-tags","embeddable":true,"href":"https:\/\/d66.nl\/brabant\/wp-json\/wp\/v2\/search-tags?post=307"},{"taxonomy":"topic-sub-topics","embeddable":true,"href":"https:\/\/d66.nl\/brabant\/wp-json\/wp\/v2\/topic-subtopics?post=307"},{"taxonomy":"themes-or-point-of-view","embeddable":true,"href":"https:\/\/d66.nl\/brabant\/wp-json\/wp\/v2\/themes-or-point-of-view?post=307"}],"curies":[{"name":"wp","href":"https:\/\/api.w.org\/{rel}","templated":true}]}}