{"id":301,"date":"2021-10-27T12:07:20","date_gmt":"2021-10-27T12:07:20","guid":{"rendered":"https:\/\/d66.nl\/brabant\/?page_id=301"},"modified":"2022-06-10T09:39:01","modified_gmt":"2022-06-10T09:39:01","slug":"klimaat-natuur-en-milieu","status":"publish","type":"topics","link":"https:\/\/d66.nl\/brabant\/standpunten\/klimaat-natuur-en-milieu\/","title":{"rendered":"Innovatie"},"content":{"rendered":"<div\n  id=\"\"\n  class=\"wrapper  wrapper__spacing-bottom-large--100 wrapper__spacing-bottom-desktop--140 wrapper__spacing-bottom-mobile--110  wrapper__gutter--none\"\n  >\n  \t<div class=\"wrapper__container wrapper__container-width-large--default\">\n\t  <div class=\"wrapper__inner wrapper__width-large--24 wrapper__width-desktop--22 wrapper__width-mobile--24 wrapper__offset-large--0 wrapper__offset-desktop--2 wrapper__offset-mobile--0\">\n\t\t<section\n  class=\"block-small-hero\"\n  data-video-url=\"\"\n>\n  <div class=\"block-small-hero__wrapper\">\n\t<div class=\"block-small-hero__heading\">\n\t  <div class=\"block-small-hero__title\">\n\t\t<h1 class=\"heading heading__align--left heading__color--black heading__size--giant  heading__weight--normal\" id=\"nav-introductie1245\" data-nav-heading=\"Introductie\" data-nav-heading-mobile=\"Introductie\">\n\tD66 streeft naar zowel technologische als sociale innovatie<\/h1>\t  <\/div>\n\t  \t<\/div>\n\n\t\n\t\t  <div class=\"block-small-hero__image\">\n\t\t<img loading=\"lazy\" decoding=\"async\" width=\"1024\" height=\"576\" src=\"https:\/\/d66.nl\/brabant\/wp-content\/uploads\/sites\/3\/2021\/10\/d66\u2014klimaat-natuur-en-milieu_bos_heide_-veluwe_unsplash-1024x576.jpg\" class=\"image block-small-hero__img\" alt=\"\" \/>\n\t\t\t<div class=\"image__caption-wrapper block-small-hero__caption-wrapper\">\n\t\t\t<div class=\"image__caption block-small-hero__caption\">\n\t\t\t\t<p class=\"paragraph paragraph__align--left paragraph__color--black paragraph__size--small paragraph__weight--medium\">\n\t\tHeide op de Veluwe. <i>&#x2022;<\/i> Beeld: Unsplash\t<\/p>\t\t\t<\/div>\n\t\t<\/div>\t  <\/div>\n\t\t<div class=\"block-small-hero__columns block-small-hero__columns--two\" data-accordion-active=\"0\">\n\t  <div class=\"block-small-hero__column\">\n\t\t<p class=\"paragraph paragraph__align--left paragraph__color--black paragraph__size--default\">\n\t\tD66 ziet creativiteit en innovatie als de pijlers van de Brabantse economie. D66 kiest daarom voor het cre\u00ebren van experimenteerruimte voor bedrijven die activiteiten willen ontplooien waarvoor de regelgeving geen antwoord biedt. D66 wil dat de provincie meer doet om banen te cre\u00ebren. Daarom moet een deel van de Essentgelden ge\u00efnvesteerd worden in de regionale economie. D66 wil dat Brabant d\u00e9 provincie is waar deze bedrijven een thuis vinden.\u00a0<br><br>De provincie heeft een belangrijke voorbeeldfunctie bij het versnellen van de overgang van de op fossiele brandstof gebaseerde economie naar de circulaire economie. De circulaire economie vergt een radicale aanpassing van productie, gebruik en verwerking van producten.\t<\/p>\t  <\/div>\n\t  \t  <div class=\"block-small-hero__column\">\n\t\t\t<p class=\"paragraph paragraph__align--left paragraph__color--black paragraph__size--default\">\n\t\tNa het Parijsakkoord, de historische klimaatwet van politieke partijen van links tot rechts en een klimaatakkoord is het tijd voor daden. We sluiten kolencentrales en kiezen voor zon en wind. Schone energie wordt makkelijker betaalbaar. En de overheid helpt je als een elektrische auto of zonnepanelen te duur zijn.<br><br>Samen zetten we koers naar een schone aarde. We laten iedereen vrij van zorgen en zorgen dat iedereen mee kan doen.\t<\/p>\t  <\/div>\n\t  \t  \t<\/div>\n  <\/div>\n<\/section>\n\n\t  <\/div>\n\t<\/div>\n  <\/div>\n\n\n<div\n  id=\"\"\n  class=\"wrapper wrapper__spacing-top-large--0 wrapper__spacing-bottom-large--60  wrapper__gutter--none\"\n  >\n  \t<div class=\"wrapper__container wrapper__container-width-large--default\">\n\t  <div class=\"wrapper__inner wrapper__width-large--24 wrapper__width-mobile--24\">\n\t\t<h2 class=\"heading heading__align--left heading__color--black heading__size--huge heading__font--sans heading__weight--semiBold  block-heading__heading\" id=\"nav-standpunten8773\" data-nav-heading=\"Standpunten\" data-nav-heading-mobile=\"Standpunten\" >\n\tOnze standpunten<\/h2>\t  <\/div>\n\t<\/div>\n  <\/div>\n\n\n<div\n  id=\"\"\n  class=\"wrapper  wrapper__spacing-bottom-large--30 wrapper__spacing-bottom-desktop--20  wrapper__gutter--none\"\n  >\n  \t<div class=\"wrapper__container wrapper__container-width-large--default\">\n\t  <div class=\"wrapper__inner wrapper__width-large--24 wrapper__width-mobile--24\">\n\t\t<p\n\t\tclass=\"paragraph paragraph__align--left paragraph__color--black paragraph__size--default   block-paragraph__paragraph\"\n\t\t\t>\n\t\t<strong>Circulaire economie<\/strong><br><br>De provincie heeft een belangrijke voorbeeldfunctie bij het versnellen van de overgang van de op fossiele brandstof gebaseerde economie naar de circulaire economie. Zij kan door inkoop innovatie stimuleren en de gemeenten in deze processen begeleiden. Onderzoek en bedrijfsleven moeten de biologische en technische kringlopen ontrafelen en voor nieuwe ontwikkelingen open staan. D66 wil dat Brabant d\u00e9 provincie is waar deze bedrijven een thuis vinden.<br><br><br>\t<\/p>\t  <\/div>\n\t<\/div>\n  <\/div>\n\n\n<div\n  id=\"\"\n  class=\"wrapper  wrapper__spacing-bottom-large--30 wrapper__spacing-bottom-desktop--20  wrapper__gutter--none\"\n  >\n  \t<div class=\"wrapper__container wrapper__container-width-large--default\">\n\t  <div class=\"wrapper__inner wrapper__width-large--24 wrapper__width-mobile--24\">\n\t\t<p\n\t\tclass=\"paragraph paragraph__align--left paragraph__color--black paragraph__size--default   block-paragraph__paragraph\"\n\t\t\t>\n\t\t<strong>Sociale innovatie<\/strong><br><br>D66 kiest voor sociale innovatie, zoals: aansluiting van onderwijs op de arbeidsmarkt en een leven lang leren. En het leren van ambachten op hbo-niveau. Sociale innovatie biedt nieuwe samenwerkingsvormen, beloningsstructuren en verdienmodellen die leiden naar de benodigde technische innovatie.\t<\/p>\t  <\/div>\n\t<\/div>\n  <\/div>\n\n\n<div\n  id=\"\"\n  class=\"wrapper  wrapper__spacing-bottom-large--30 wrapper__spacing-bottom-desktop--20  wrapper__gutter--none\"\n  >\n  \t<div class=\"wrapper__container wrapper__container-width-large--default\">\n\t  <div class=\"wrapper__inner wrapper__width-large--24 wrapper__width-mobile--24\">\n\t\t<p\n\t\tclass=\"paragraph paragraph__align--left paragraph__color--black paragraph__size--default   block-paragraph__paragraph\"\n\t\t\t>\n\t\t<strong>Technische innovatie<\/strong><br><br>D66 wil ruimte bieden aan technische innovaties. Bijvoorbeeld op het gebied van duurzame energieopwekking, duurzame landbouw en bio-based ontwikkelingen. D66 wil daarnaast ook aandacht voor sociale innovatie in Brabant.\t<\/p>\t  <\/div>\n\t<\/div>\n  <\/div>\n\n\n<div\n  id=\"\"\n  class=\"wrapper  wrapper__spacing-bottom-large--100 wrapper__spacing-bottom-desktop--60 wrapper__spacing-bottom-mobile--40  wrapper__gutter--none\"\n  >\n  \t<div class=\"wrapper__container wrapper__container-width-large--default\">\n\t  <div class=\"wrapper__inner wrapper__width-large--17 wrapper__width-mobile--24\">\n\t\t<div class=\"cta block-cta__cta\">\n  <div class=\"box box__style--full-width-on-mobile cta__box\" style=\"--box-bg-color: var(--global-colors-romanSilver);--box-text-color: var(--global-colors-white)\">\n\t<h2 class=\"heading heading__align--left heading__color--white heading__size--largest heading__font--sans heading__weight--semiBold  cta__heading\" id=\"nav-lees-ons-programma768\" data-nav-heading-mobile=\"Lees ons programma\">\n\tLees ons programma<\/h2><div class=\"cta__image\">\n\n\t<img loading=\"lazy\" decoding=\"async\" width=\"1024\" height=\"576\" src=\"https:\/\/d66.nl\/brabant\/wp-content\/uploads\/sites\/3\/2021\/10\/d66-events-191109-212-D66-Congres110-JeroenMooijman-1024x576.jpg\" class=\"image cta__img\" alt=\"\" \/>\n\t<\/div><p class=\"paragraph paragraph__align--left paragraph__color--white paragraph__size--default paragraph__weight--medium  cta__paragraph\">\n\t\tJe bent pas vrij als iedereen dat is. D66 gelooft in gelijke kansen voor iedereen en hulp voor wie het nodig heeft.\t<\/p><div class=\"cta__buttons-wrapper\"><a href=\"https:\/\/d66.nl\/noordbrabant\/verkiezingsprogramma\/\" class=\"btn btn__color--white btn__size--default btn__size-width--default    cta__btn\" id=\"\" title=\"Verkiezingsprogramma\" data-last-site-id=\"1\">\n\t<div class=\"btn__top-wrapper\">\n\t\t\n\t\t<span class=\"btn__title\">\n\t\t\tVerkiezingsprogramma\t\t<\/span>\n\n\t\t\t<\/div>\n\n\t<span class=\"btn__description\">\n\t\t\t<\/span>\n\n\t<span class=\"btn__spinner btn__spinner--white btn__spinner--default\" aria-hidden=\"true\"><\/span>\n<\/a><\/div><\/div><\/div>\t  <\/div>\n\t<\/div>\n  <\/div>\n\n\n<div\n  id=\"\"\n  class=\"wrapper  wrapper__spacing-bottom-large--20  wrapper__gutter--none\"\n  >\n  \t<div class=\"wrapper__container wrapper__container-width-large--default\">\n\t  <div class=\"wrapper__inner wrapper__width-large--24 wrapper__width-mobile--24\">\n\t\t<div class=\"js-article-grid\">\n\t\t<div\n\t\tclass=\"block-article-listing js-block-article-listing\"\n\t\tdata-latest-post-id=\"3091\"\n\t\tdata-how-many-to-load=\"6\"\n\t\tdata-post-type=\"post\"\n\t\tdata-filtering=\"no-filter\"\t\t\t\tdata-sites=\"\"\n\t\tdata-syndication=\"current-site\"\n\t\tdata-nothing-found-text=\"\"\n\n\t\t\t\t>\n\t\t<input type=\"hidden\" id=\"_wpnonce\" name=\"_wpnonce\" value=\"0978ea7d65\" \/><input type=\"hidden\" name=\"_wp_http_referer\" value=\"\/brabant\/wp-json\/wp\/v2\/standpunten\/301\" \/><div class=\"block-point-of-view-grid-new js-block-point-of-view-grid-new\">\n\t<div class=\"block-point-of-view-grid-new__grid\">\n\n\t\t\t\t\t<div class=\"block-point-of-view-grid-new__row-desktop block-point-of-view-grid-new__row-desktop-bottom\">\n\t\t\t\t\t\t\t\t\t\t\t\t\t\t\t<div class=\"block-point-of-view-grid-new__item block-point-of-view-grid-new__item--first\">\n\t\t\t\t\t\t\t<article class=\"small-article-card js-small-article-card  block-point-of-view-grid-new__small-article-card\">\n\n\t\t\t<div class=\"background-overlay\"><\/div>\n\t\t\t\n\t<a class=\"small-article-card__wrapper small-article-card__color--romanSilver\" style=\"background-image: url('https:\/\/media.d66.nl\/uploads\/sites\/406\/2026\/04\/2c9ed2a3-fe7f-423c-b699-f89fd8aa4387.jpg')\" href=\"https:\/\/d66.nl\/brabant\/nieuws\/d66-brabant-en-zeeland-in-brussel\/\">\n\t\t\t\t\t<div class=\"block-point-of-view-grid-new__date\">\n\t\t\t\t<p class=\"paragraph  paragraph__color--white paragraph__size--medium paragraph__weight--semiBold\">\n\t\t24.04.2026\t<\/p>\t\t\t<\/div>\n\t\t\n\t\t<div class=\"small-article-card__heading\">\n<h2 class=\"heading heading__align--left heading__color--white heading__size--medium heading__font--sans heading__weight--bold\" id=\"nav-d66-brabant-en-zeeland-in-brussel5309\" data-nav-heading-mobile=\"D66 Brabant en Zeeland in Brussel\">\n\tD66 Brabant en Zeeland in Brussel<\/h2>\n<\/div>\t\t\t\t\t\t\t<div class=\"small-article-card__button-wrapper\">\n\t\t\t\t<button class=\"buttonV2 buttonV2__color--transparent buttonV2__size--default buttonV2__size-width--default   small-article-card__buttonV2\" id=\"\" style=\"--buttonV2-text-color: var(--global-colors-white)\">\n\t<div class=\"buttonV2__top-wrapper buttonV2__arrow-align--right\">\n\t\t\t\t\t<span class=\"buttonV2__title\">\n\t\t\t\tLees verder\t\t\t<\/span>\n\t\t\n\t\t\t\t\t<div class=\"buttonV2__icon\">\n\t\t\t\t<svg xmlns='http:\/\/www.w3.org\/2000\/svg' viewBox='0 0 58.14 50.62'><path d='m32.82 50.62 25.32-25.31L32.82 0l-4.35 4.35 17.92 17.86H0v6.21h46.39L28.47 46.33l4.35 4.29z' fill='currentColor' \/><\/svg>\t\t\t<\/div>\n\t\t\t<\/div>\n\n\t<\/button>\t\t\t<\/div>\n\t\t\t<\/a>\n<\/article>\t\t\t\t\t\t<\/div>\n\t\t\t\t\t\t\t\t\t\t\t\t\t\t\t\t\t\t\t\t<div class=\"block-point-of-view-grid-new__item block-point-of-view-grid-new__item--second\">\n\t\t\t\t\t\t\t<article class=\"small-article-card js-small-article-card  block-point-of-view-grid-new__small-article-card\">\n\n\t\t\t<div class=\"background-overlay\"><\/div>\n\t\t\t\n\t<a class=\"small-article-card__wrapper small-article-card__color--skyBlue\" style=\"background-image: url('https:\/\/media.d66.nl\/uploads\/sites\/406\/2026\/04\/WhatsApp-Image-2026-04-10-at-17.30.37.jpeg')\" href=\"https:\/\/d66.nl\/brabant\/nieuws\/d66-bouwt-door-aan-brabant-en-investeert-in-bereikbaarheid-en-gezondheid\/\">\n\t\t\t\t\t<div class=\"block-point-of-view-grid-new__date\">\n\t\t\t\t<p class=\"paragraph  paragraph__color--white paragraph__size--medium paragraph__weight--semiBold\">\n\t\t11.04.2026\t<\/p>\t\t\t<\/div>\n\t\t\n\t\t<div class=\"small-article-card__heading\">\n<h2 class=\"heading heading__align--left heading__color--white heading__size--medium heading__font--sans heading__weight--bold\" id=\"nav-d66-bouwt-door-aan-brabant-en-investeert-in-bereikbaarheid-en-gezondheid--8217-418\" data-nav-heading-mobile=\"D66 bouwt door aan Brabant en investeert in bereikbaarheid en gezondheid&#8217;\">\n\tD66 bouwt door aan Brabant en investeert in bereikbaarheid en gezondheid&#8217;<\/h2>\n<\/div>\t\t\t\t\t\t\t<div class=\"small-article-card__button-wrapper\">\n\t\t\t\t<button class=\"buttonV2 buttonV2__color--transparent buttonV2__size--default buttonV2__size-width--default   small-article-card__buttonV2\" id=\"\" style=\"--buttonV2-text-color: var(--global-colors-white)\">\n\t<div class=\"buttonV2__top-wrapper buttonV2__arrow-align--right\">\n\t\t\t\t\t<span class=\"buttonV2__title\">\n\t\t\t\tLees verder\t\t\t<\/span>\n\t\t\n\t\t\t\t\t<div class=\"buttonV2__icon\">\n\t\t\t\t<svg xmlns='http:\/\/www.w3.org\/2000\/svg' viewBox='0 0 58.14 50.62'><path d='m32.82 50.62 25.32-25.31L32.82 0l-4.35 4.35 17.92 17.86H0v6.21h46.39L28.47 46.33l4.35 4.29z' fill='currentColor' \/><\/svg>\t\t\t<\/div>\n\t\t\t<\/div>\n\n\t<\/button>\t\t\t<\/div>\n\t\t\t<\/a>\n<\/article>\t\t\t\t\t\t<\/div>\n\t\t\t\t\t\t\t\t\t\t\t\t\t\t\t\t\t\t\t\t<div class=\"block-point-of-view-grid-new__item block-point-of-view-grid-new__item--third\">\n\t\t\t\t\t\t\t<article class=\"small-article-card js-small-article-card  block-point-of-view-grid-new__small-article-card\">\n\n\t\t\t<div class=\"background-overlay\"><\/div>\n\t\t\t\n\t<a class=\"small-article-card__wrapper small-article-card__color--tomato\" style=\"background-image: url('https:\/\/media.d66.nl\/uploads\/sites\/406\/2026\/03\/Afbeelding-1024x681.jpeg')\" href=\"https:\/\/d66.nl\/brabant\/nieuws\/unieke-kans-mee-naar-het-europees-parlement-in-brussel\/\">\n\t\t\t\t\t<div class=\"block-point-of-view-grid-new__date\">\n\t\t\t\t<p class=\"paragraph  paragraph__color--white paragraph__size--medium paragraph__weight--semiBold\">\n\t\t27.03.2026\t<\/p>\t\t\t<\/div>\n\t\t\n\t\t<div class=\"small-article-card__heading\">\n<h2 class=\"heading heading__align--left heading__color--white heading__size--medium heading__font--sans heading__weight--bold\" id=\"nav-unieke-kans--mee-naar-het-europees-parlement-in-brussel5100\" data-nav-heading-mobile=\"Unieke kans: mee naar het Europees Parlement in Brussel\">\n\tUnieke kans: mee naar het Europees Parlement in Brussel<\/h2>\n<\/div>\t\t\t\t\t\t\t<div class=\"small-article-card__button-wrapper\">\n\t\t\t\t<button class=\"buttonV2 buttonV2__color--transparent buttonV2__size--default buttonV2__size-width--default   small-article-card__buttonV2\" id=\"\" style=\"--buttonV2-text-color: var(--global-colors-white)\">\n\t<div class=\"buttonV2__top-wrapper buttonV2__arrow-align--right\">\n\t\t\t\t\t<span class=\"buttonV2__title\">\n\t\t\t\tLees verder\t\t\t<\/span>\n\t\t\n\t\t\t\t\t<div class=\"buttonV2__icon\">\n\t\t\t\t<svg xmlns='http:\/\/www.w3.org\/2000\/svg' viewBox='0 0 58.14 50.62'><path d='m32.82 50.62 25.32-25.31L32.82 0l-4.35 4.35 17.92 17.86H0v6.21h46.39L28.47 46.33l4.35 4.29z' fill='currentColor' \/><\/svg>\t\t\t<\/div>\n\t\t\t<\/div>\n\n\t<\/button>\t\t\t<\/div>\n\t\t\t<\/a>\n<\/article>\t\t\t\t\t\t<\/div>\n\t\t\t\t\t\t\t\t\t\t\t\t<\/div>\n\t\t\n\t\t\t\t\t<div class=\"block-point-of-view-grid-new__row-desktop block-point-of-view-grid-new__row-desktop-bottom\">\n\t\t\t\t\t\t\t\t\t\t\t\t\t\t\t<div class=\"block-point-of-view-grid-new__item block-point-of-view-grid-new__item--fourth\">\n\t\t\t\t\t\t\t<article class=\"small-article-card js-small-article-card  block-point-of-view-grid-new__small-article-card\">\n\n\t\t\t<div class=\"background-overlay\"><\/div>\n\t\t\t\n\t<a class=\"small-article-card__wrapper small-article-card__color--romanSilver\" style=\"background-image: url('https:\/\/media.d66.nl\/uploads\/sites\/406\/2026\/03\/IMG_1299-1024x874.jpeg')\" href=\"https:\/\/d66.nl\/brabant\/nieuws\/d66-boekt-winst-in-brabant\/\">\n\t\t\t\t\t<div class=\"block-point-of-view-grid-new__date\">\n\t\t\t\t<p class=\"paragraph  paragraph__color--white paragraph__size--medium paragraph__weight--semiBold\">\n\t\t23.03.2026\t<\/p>\t\t\t<\/div>\n\t\t\n\t\t<div class=\"small-article-card__heading\">\n<h2 class=\"heading heading__align--left heading__color--white heading__size--medium heading__font--sans heading__weight--bold\" id=\"nav-d66-boekt-winst-in-brabant1647\" data-nav-heading-mobile=\"D66 boekt winst in Brabant\">\n\tD66 boekt winst in Brabant<\/h2>\n<\/div>\t\t\t\t\t\t\t<div class=\"small-article-card__button-wrapper\">\n\t\t\t\t<button class=\"buttonV2 buttonV2__color--transparent buttonV2__size--default buttonV2__size-width--default   small-article-card__buttonV2\" id=\"\" style=\"--buttonV2-text-color: var(--global-colors-white)\">\n\t<div class=\"buttonV2__top-wrapper buttonV2__arrow-align--right\">\n\t\t\t\t\t<span class=\"buttonV2__title\">\n\t\t\t\tLees verder\t\t\t<\/span>\n\t\t\n\t\t\t\t\t<div class=\"buttonV2__icon\">\n\t\t\t\t<svg xmlns='http:\/\/www.w3.org\/2000\/svg' viewBox='0 0 58.14 50.62'><path d='m32.82 50.62 25.32-25.31L32.82 0l-4.35 4.35 17.92 17.86H0v6.21h46.39L28.47 46.33l4.35 4.29z' fill='currentColor' \/><\/svg>\t\t\t<\/div>\n\t\t\t<\/div>\n\n\t<\/button>\t\t\t<\/div>\n\t\t\t<\/a>\n<\/article>\t\t\t\t\t\t<\/div>\n\t\t\t\t\t\t\t\t\t\t\t\t\t\t\t\t\t\t\t\t<div class=\"block-point-of-view-grid-new__item block-point-of-view-grid-new__item--fifth\">\n\t\t\t\t\t\t\t<article class=\"small-article-card js-small-article-card  block-point-of-view-grid-new__small-article-card\">\n\n\t\t\t<div class=\"background-overlay\"><\/div>\n\t\t\t\n\t<a class=\"small-article-card__wrapper small-article-card__color--yellow\" style=\"background-image: url('https:\/\/media.d66.nl\/uploads\/sites\/406\/2026\/03\/WhatsApp-Image-2026-03-13-at-15.33.02-1024x768.jpeg')\" href=\"https:\/\/d66.nl\/brabant\/nieuws\/nieuw-statenlid\/\">\n\t\t\t\t\t<div class=\"block-point-of-view-grid-new__date\">\n\t\t\t\t<p class=\"paragraph  paragraph__color--white paragraph__size--medium paragraph__weight--semiBold\">\n\t\t16.03.2026\t<\/p>\t\t\t<\/div>\n\t\t\n\t\t<div class=\"small-article-card__heading\">\n<h2 class=\"heading heading__align--left heading__color--white heading__size--medium heading__font--sans heading__weight--bold\" id=\"nav-bettine-van-boxel-benoemd-tot-statenlid641\" data-nav-heading-mobile=\"Bettine van Boxel benoemd tot statenlid\">\n\tBettine van Boxel benoemd tot statenlid<\/h2>\n<\/div>\t\t\t\t\t\t\t<div class=\"small-article-card__button-wrapper\">\n\t\t\t\t<button class=\"buttonV2 buttonV2__color--transparent buttonV2__size--default buttonV2__size-width--default   small-article-card__buttonV2\" id=\"\" style=\"--buttonV2-text-color: var(--global-colors-white)\">\n\t<div class=\"buttonV2__top-wrapper buttonV2__arrow-align--right\">\n\t\t\t\t\t<span class=\"buttonV2__title\">\n\t\t\t\tLees verder\t\t\t<\/span>\n\t\t\n\t\t\t\t\t<div class=\"buttonV2__icon\">\n\t\t\t\t<svg xmlns='http:\/\/www.w3.org\/2000\/svg' viewBox='0 0 58.14 50.62'><path d='m32.82 50.62 25.32-25.31L32.82 0l-4.35 4.35 17.92 17.86H0v6.21h46.39L28.47 46.33l4.35 4.29z' fill='currentColor' \/><\/svg>\t\t\t<\/div>\n\t\t\t<\/div>\n\n\t<\/button>\t\t\t<\/div>\n\t\t\t<\/a>\n<\/article>\t\t\t\t\t\t<\/div>\n\t\t\t\t\t\t\t\t\t\t\t\t\t\t\t\t\t\t\t\t<div class=\"block-point-of-view-grid-new__item block-point-of-view-grid-new__item--sixth\">\n\t\t\t\t\t\t\t<article class=\"small-article-card js-small-article-card  block-point-of-view-grid-new__small-article-card\">\n\n\t\t\t<div class=\"background-overlay\"><\/div>\n\t\t\t\n\t<a class=\"small-article-card__wrapper small-article-card__color--rosePink\" style=\"background-image: url('https:\/\/d66.nl\/brabant\/wp-content\/uploads\/sites\/406\/2024\/10\/D66CzRK-0993-1024x683.jpg')\" href=\"https:\/\/d66.nl\/brabant\/nieuws\/vier-nieuwe-bestuursleden-d66-brabant\/\">\n\t\t\t\t\t<div class=\"block-point-of-view-grid-new__date\">\n\t\t\t\t<p class=\"paragraph  paragraph__color--white paragraph__size--medium paragraph__weight--semiBold\">\n\t\t28.01.2026\t<\/p>\t\t\t<\/div>\n\t\t\n\t\t<div class=\"small-article-card__heading\">\n<h2 class=\"heading heading__align--left heading__color--white heading__size--medium heading__font--sans heading__weight--bold\" id=\"nav-vier-nieuwe-bestuursleden-d66-brabant9001\" data-nav-heading-mobile=\"Vier nieuwe bestuursleden D66 Brabant\">\n\tVier nieuwe bestuursleden D66 Brabant<\/h2>\n<\/div>\t\t\t\t\t\t\t<div class=\"small-article-card__button-wrapper\">\n\t\t\t\t<button class=\"buttonV2 buttonV2__color--transparent buttonV2__size--default buttonV2__size-width--default   small-article-card__buttonV2\" id=\"\" style=\"--buttonV2-text-color: var(--global-colors-white)\">\n\t<div class=\"buttonV2__top-wrapper buttonV2__arrow-align--right\">\n\t\t\t\t\t<span class=\"buttonV2__title\">\n\t\t\t\tLees verder\t\t\t<\/span>\n\t\t\n\t\t\t\t\t<div class=\"buttonV2__icon\">\n\t\t\t\t<svg xmlns='http:\/\/www.w3.org\/2000\/svg' viewBox='0 0 58.14 50.62'><path d='m32.82 50.62 25.32-25.31L32.82 0l-4.35 4.35 17.92 17.86H0v6.21h46.39L28.47 46.33l4.35 4.29z' fill='currentColor' \/><\/svg>\t\t\t<\/div>\n\t\t\t<\/div>\n\n\t<\/button>\t\t\t<\/div>\n\t\t\t<\/a>\n<\/article>\t\t\t\t\t\t<\/div>\n\t\t\t\t\t\t\t\t\t\t\t\t<\/div>\n\t\t\n\t<\/div>\n\t\t\t<div class=\"block-point-of-view-grid-new__accordions\">\n\t\t\t\t\t\t\t\t\t\t\t\t<div class=\"block-point-of-view-grid-new block-point-of-view-grid-new--first\">\n\t\t\t\t\t\t<article class=\"small-article-card js-small-article-card  block-point-of-view-grid-new__small-article-card\">\n\n\t\t\t<div class=\"background-overlay\"><\/div>\n\t\t\t\n\t<a class=\"small-article-card__wrapper small-article-card__color--romanSilver\" style=\"background-image: url('https:\/\/media.d66.nl\/uploads\/sites\/406\/2026\/04\/2c9ed2a3-fe7f-423c-b699-f89fd8aa4387.jpg')\" href=\"https:\/\/d66.nl\/brabant\/nieuws\/d66-brabant-en-zeeland-in-brussel\/\">\n\t\t\t\t\t<div class=\"block-point-of-view-grid-new__date\">\n\t\t\t\t<p class=\"paragraph  paragraph__color--white paragraph__size--medium paragraph__weight--semiBold\">\n\t\t24.04.2026\t<\/p>\t\t\t<\/div>\n\t\t\n\t\t<div class=\"small-article-card__heading\">\n<h2 class=\"heading heading__align--left heading__color--white heading__size--medium heading__font--sans heading__weight--bold\" id=\"nav-d66-brabant-en-zeeland-in-brussel5597\" data-nav-heading-mobile=\"D66 Brabant en Zeeland in Brussel\">\n\tD66 Brabant en Zeeland in Brussel<\/h2>\n<\/div>\t\t\t\t\t\t\t<div class=\"small-article-card__button-wrapper\">\n\t\t\t\t<button class=\"buttonV2 buttonV2__color--transparent buttonV2__size--default buttonV2__size-width--default   small-article-card__buttonV2\" id=\"\" style=\"--buttonV2-text-color: var(--global-colors-white)\">\n\t<div class=\"buttonV2__top-wrapper buttonV2__arrow-align--right\">\n\t\t\t\t\t<span class=\"buttonV2__title\">\n\t\t\t\tLees verder\t\t\t<\/span>\n\t\t\n\t\t\t\t\t<div class=\"buttonV2__icon\">\n\t\t\t\t<svg xmlns='http:\/\/www.w3.org\/2000\/svg' viewBox='0 0 58.14 50.62'><path d='m32.82 50.62 25.32-25.31L32.82 0l-4.35 4.35 17.92 17.86H0v6.21h46.39L28.47 46.33l4.35 4.29z' fill='currentColor' \/><\/svg>\t\t\t<\/div>\n\t\t\t<\/div>\n\n\t<\/button>\t\t\t<\/div>\n\t\t\t<\/a>\n<\/article>\t\t\t\t\t<\/div>\n\t\t\t\t\t\t\t\t\t\t\t\t\t\t\t\t<div class=\"block-point-of-view-grid-new block-point-of-view-grid-new--second\">\n\t\t\t\t\t\t<article class=\"small-article-card js-small-article-card  block-point-of-view-grid-new__small-article-card\">\n\n\t\t\t<div class=\"background-overlay\"><\/div>\n\t\t\t\n\t<a class=\"small-article-card__wrapper small-article-card__color--skyBlue\" style=\"background-image: url('https:\/\/media.d66.nl\/uploads\/sites\/406\/2026\/04\/WhatsApp-Image-2026-04-10-at-17.30.37.jpeg')\" href=\"https:\/\/d66.nl\/brabant\/nieuws\/d66-bouwt-door-aan-brabant-en-investeert-in-bereikbaarheid-en-gezondheid\/\">\n\t\t\t\t\t<div class=\"block-point-of-view-grid-new__date\">\n\t\t\t\t<p class=\"paragraph  paragraph__color--white paragraph__size--medium paragraph__weight--semiBold\">\n\t\t11.04.2026\t<\/p>\t\t\t<\/div>\n\t\t\n\t\t<div class=\"small-article-card__heading\">\n<h2 class=\"heading heading__align--left heading__color--white heading__size--medium heading__font--sans heading__weight--bold\" id=\"nav-d66-bouwt-door-aan-brabant-en-investeert-in-bereikbaarheid-en-gezondheid--8217-5379\" data-nav-heading-mobile=\"D66 bouwt door aan Brabant en investeert in bereikbaarheid en gezondheid&#8217;\">\n\tD66 bouwt door aan Brabant en investeert in bereikbaarheid en gezondheid&#8217;<\/h2>\n<\/div>\t\t\t\t\t\t\t<div class=\"small-article-card__button-wrapper\">\n\t\t\t\t<button class=\"buttonV2 buttonV2__color--transparent buttonV2__size--default buttonV2__size-width--default   small-article-card__buttonV2\" id=\"\" style=\"--buttonV2-text-color: var(--global-colors-white)\">\n\t<div class=\"buttonV2__top-wrapper buttonV2__arrow-align--right\">\n\t\t\t\t\t<span class=\"buttonV2__title\">\n\t\t\t\tLees verder\t\t\t<\/span>\n\t\t\n\t\t\t\t\t<div class=\"buttonV2__icon\">\n\t\t\t\t<svg xmlns='http:\/\/www.w3.org\/2000\/svg' viewBox='0 0 58.14 50.62'><path d='m32.82 50.62 25.32-25.31L32.82 0l-4.35 4.35 17.92 17.86H0v6.21h46.39L28.47 46.33l4.35 4.29z' fill='currentColor' \/><\/svg>\t\t\t<\/div>\n\t\t\t<\/div>\n\n\t<\/button>\t\t\t<\/div>\n\t\t\t<\/a>\n<\/article>\t\t\t\t\t<\/div>\n\t\t\t\t\t\t\t\t\t\t\t\t\t\t\t\t<div class=\"block-point-of-view-grid-new block-point-of-view-grid-new--third\">\n\t\t\t\t\t\t<article class=\"small-article-card js-small-article-card  block-point-of-view-grid-new__small-article-card\">\n\n\t\t\t<div class=\"background-overlay\"><\/div>\n\t\t\t\n\t<a class=\"small-article-card__wrapper small-article-card__color--tomato\" style=\"background-image: url('https:\/\/media.d66.nl\/uploads\/sites\/406\/2026\/03\/Afbeelding-1024x681.jpeg')\" href=\"https:\/\/d66.nl\/brabant\/nieuws\/unieke-kans-mee-naar-het-europees-parlement-in-brussel\/\">\n\t\t\t\t\t<div class=\"block-point-of-view-grid-new__date\">\n\t\t\t\t<p class=\"paragraph  paragraph__color--white paragraph__size--medium paragraph__weight--semiBold\">\n\t\t27.03.2026\t<\/p>\t\t\t<\/div>\n\t\t\n\t\t<div class=\"small-article-card__heading\">\n<h2 class=\"heading heading__align--left heading__color--white heading__size--medium heading__font--sans heading__weight--bold\" id=\"nav-unieke-kans--mee-naar-het-europees-parlement-in-brussel1972\" data-nav-heading-mobile=\"Unieke kans: mee naar het Europees Parlement in Brussel\">\n\tUnieke kans: mee naar het Europees Parlement in Brussel<\/h2>\n<\/div>\t\t\t\t\t\t\t<div class=\"small-article-card__button-wrapper\">\n\t\t\t\t<button class=\"buttonV2 buttonV2__color--transparent buttonV2__size--default buttonV2__size-width--default   small-article-card__buttonV2\" id=\"\" style=\"--buttonV2-text-color: var(--global-colors-white)\">\n\t<div class=\"buttonV2__top-wrapper buttonV2__arrow-align--right\">\n\t\t\t\t\t<span class=\"buttonV2__title\">\n\t\t\t\tLees verder\t\t\t<\/span>\n\t\t\n\t\t\t\t\t<div class=\"buttonV2__icon\">\n\t\t\t\t<svg xmlns='http:\/\/www.w3.org\/2000\/svg' viewBox='0 0 58.14 50.62'><path d='m32.82 50.62 25.32-25.31L32.82 0l-4.35 4.35 17.92 17.86H0v6.21h46.39L28.47 46.33l4.35 4.29z' fill='currentColor' \/><\/svg>\t\t\t<\/div>\n\t\t\t<\/div>\n\n\t<\/button>\t\t\t<\/div>\n\t\t\t<\/a>\n<\/article>\t\t\t\t\t<\/div>\n\t\t\t\t\t\t\t\t\t\t\t\t\t\t\t\t<div class=\"block-point-of-view-grid-new block-point-of-view-grid-new--fourth\">\n\t\t\t\t\t\t<article class=\"small-article-card js-small-article-card  block-point-of-view-grid-new__small-article-card\">\n\n\t\t\t<div class=\"background-overlay\"><\/div>\n\t\t\t\n\t<a class=\"small-article-card__wrapper small-article-card__color--romanSilver\" style=\"background-image: url('https:\/\/media.d66.nl\/uploads\/sites\/406\/2026\/03\/IMG_1299-1024x874.jpeg')\" href=\"https:\/\/d66.nl\/brabant\/nieuws\/d66-boekt-winst-in-brabant\/\">\n\t\t\t\t\t<div class=\"block-point-of-view-grid-new__date\">\n\t\t\t\t<p class=\"paragraph  paragraph__color--white paragraph__size--medium paragraph__weight--semiBold\">\n\t\t23.03.2026\t<\/p>\t\t\t<\/div>\n\t\t\n\t\t<div class=\"small-article-card__heading\">\n<h2 class=\"heading heading__align--left heading__color--white heading__size--medium heading__font--sans heading__weight--bold\" id=\"nav-d66-boekt-winst-in-brabant2464\" data-nav-heading-mobile=\"D66 boekt winst in Brabant\">\n\tD66 boekt winst in Brabant<\/h2>\n<\/div>\t\t\t\t\t\t\t<div class=\"small-article-card__button-wrapper\">\n\t\t\t\t<button class=\"buttonV2 buttonV2__color--transparent buttonV2__size--default buttonV2__size-width--default   small-article-card__buttonV2\" id=\"\" style=\"--buttonV2-text-color: var(--global-colors-white)\">\n\t<div class=\"buttonV2__top-wrapper buttonV2__arrow-align--right\">\n\t\t\t\t\t<span class=\"buttonV2__title\">\n\t\t\t\tLees verder\t\t\t<\/span>\n\t\t\n\t\t\t\t\t<div class=\"buttonV2__icon\">\n\t\t\t\t<svg xmlns='http:\/\/www.w3.org\/2000\/svg' viewBox='0 0 58.14 50.62'><path d='m32.82 50.62 25.32-25.31L32.82 0l-4.35 4.35 17.92 17.86H0v6.21h46.39L28.47 46.33l4.35 4.29z' fill='currentColor' \/><\/svg>\t\t\t<\/div>\n\t\t\t<\/div>\n\n\t<\/button>\t\t\t<\/div>\n\t\t\t<\/a>\n<\/article>\t\t\t\t\t<\/div>\n\t\t\t\t\t\t\t\t\t\t\t\t\t\t\t\t<div class=\"block-point-of-view-grid-new block-point-of-view-grid-new--fifth\">\n\t\t\t\t\t\t<article class=\"small-article-card js-small-article-card  block-point-of-view-grid-new__small-article-card\">\n\n\t\t\t<div class=\"background-overlay\"><\/div>\n\t\t\t\n\t<a class=\"small-article-card__wrapper small-article-card__color--yellow\" style=\"background-image: url('https:\/\/media.d66.nl\/uploads\/sites\/406\/2026\/03\/WhatsApp-Image-2026-03-13-at-15.33.02-1024x768.jpeg')\" href=\"https:\/\/d66.nl\/brabant\/nieuws\/nieuw-statenlid\/\">\n\t\t\t\t\t<div class=\"block-point-of-view-grid-new__date\">\n\t\t\t\t<p class=\"paragraph  paragraph__color--white paragraph__size--medium paragraph__weight--semiBold\">\n\t\t16.03.2026\t<\/p>\t\t\t<\/div>\n\t\t\n\t\t<div class=\"small-article-card__heading\">\n<h2 class=\"heading heading__align--left heading__color--white heading__size--medium heading__font--sans heading__weight--bold\" id=\"nav-bettine-van-boxel-benoemd-tot-statenlid3384\" data-nav-heading-mobile=\"Bettine van Boxel benoemd tot statenlid\">\n\tBettine van Boxel benoemd tot statenlid<\/h2>\n<\/div>\t\t\t\t\t\t\t<div class=\"small-article-card__button-wrapper\">\n\t\t\t\t<button class=\"buttonV2 buttonV2__color--transparent buttonV2__size--default buttonV2__size-width--default   small-article-card__buttonV2\" id=\"\" style=\"--buttonV2-text-color: var(--global-colors-white)\">\n\t<div class=\"buttonV2__top-wrapper buttonV2__arrow-align--right\">\n\t\t\t\t\t<span class=\"buttonV2__title\">\n\t\t\t\tLees verder\t\t\t<\/span>\n\t\t\n\t\t\t\t\t<div class=\"buttonV2__icon\">\n\t\t\t\t<svg xmlns='http:\/\/www.w3.org\/2000\/svg' viewBox='0 0 58.14 50.62'><path d='m32.82 50.62 25.32-25.31L32.82 0l-4.35 4.35 17.92 17.86H0v6.21h46.39L28.47 46.33l4.35 4.29z' fill='currentColor' \/><\/svg>\t\t\t<\/div>\n\t\t\t<\/div>\n\n\t<\/button>\t\t\t<\/div>\n\t\t\t<\/a>\n<\/article>\t\t\t\t\t<\/div>\n\t\t\t\t\t\t\t\t\t\t\t\t\t\t\t\t<div class=\"block-point-of-view-grid-new block-point-of-view-grid-new--sixth\">\n\t\t\t\t\t\t<article class=\"small-article-card js-small-article-card  block-point-of-view-grid-new__small-article-card\">\n\n\t\t\t<div class=\"background-overlay\"><\/div>\n\t\t\t\n\t<a class=\"small-article-card__wrapper small-article-card__color--rosePink\" style=\"background-image: url('https:\/\/d66.nl\/brabant\/wp-content\/uploads\/sites\/406\/2024\/10\/D66CzRK-0993-1024x683.jpg')\" href=\"https:\/\/d66.nl\/brabant\/nieuws\/vier-nieuwe-bestuursleden-d66-brabant\/\">\n\t\t\t\t\t<div class=\"block-point-of-view-grid-new__date\">\n\t\t\t\t<p class=\"paragraph  paragraph__color--white paragraph__size--medium paragraph__weight--semiBold\">\n\t\t28.01.2026\t<\/p>\t\t\t<\/div>\n\t\t\n\t\t<div class=\"small-article-card__heading\">\n<h2 class=\"heading heading__align--left heading__color--white heading__size--medium heading__font--sans heading__weight--bold\" id=\"nav-vier-nieuwe-bestuursleden-d66-brabant3631\" data-nav-heading-mobile=\"Vier nieuwe bestuursleden D66 Brabant\">\n\tVier nieuwe bestuursleden D66 Brabant<\/h2>\n<\/div>\t\t\t\t\t\t\t<div class=\"small-article-card__button-wrapper\">\n\t\t\t\t<button class=\"buttonV2 buttonV2__color--transparent buttonV2__size--default buttonV2__size-width--default   small-article-card__buttonV2\" id=\"\" style=\"--buttonV2-text-color: var(--global-colors-white)\">\n\t<div class=\"buttonV2__top-wrapper buttonV2__arrow-align--right\">\n\t\t\t\t\t<span class=\"buttonV2__title\">\n\t\t\t\tLees verder\t\t\t<\/span>\n\t\t\n\t\t\t\t\t<div class=\"buttonV2__icon\">\n\t\t\t\t<svg xmlns='http:\/\/www.w3.org\/2000\/svg' viewBox='0 0 58.14 50.62'><path d='m32.82 50.62 25.32-25.31L32.82 0l-4.35 4.35 17.92 17.86H0v6.21h46.39L28.47 46.33l4.35 4.29z' fill='currentColor' \/><\/svg>\t\t\t<\/div>\n\t\t\t<\/div>\n\n\t<\/button>\t\t\t<\/div>\n\t\t\t<\/a>\n<\/article>\t\t\t\t\t<\/div>\n\t\t\t\t\t\t\t\t\t<\/div>\n\t<\/div><p\n\t\tclass=\"paragraph paragraph__align--center      js-article-listing-pagination\"\n\t\t\t>\n\t\tToont 6 van 96\t<\/p><br \/><div class=\"block-article-listing__button\">\n<button\thref=\"#\"\n\tclass=\"btn btn__color--black btn__size--default  js-article-listing-load-more\"\n\tid=\"\"\n\ttitle=\"Meer Laden\"\n\t\t\t\n\t\n\t\n\t\n\t\n\tdata-last-post-id=\"2962\"data-last-site-id=\"406\"\n\t>\n\t<div class=\"btn__top-wrapper\">\n\t\t\n\t\t<span class=\"btn__title\">\n\t\t\tMeer Laden\t\t<\/span>\n\n\t\t\t<\/div>\n\n\t<span class=\"btn__description\">\n\t\t\t<\/span>\n\n\t<span class=\"btn__spinner btn__spinner--black btn__spinner--default\" aria-hidden=\"true\"><\/span>\n<\/button>\n<\/div>\t<\/div>\n<\/div>\t  <\/div>\n\t<\/div>\n  <\/div>\n","protected":false},"author":6,"featured_media":300000222,"parent":0,"menu_order":0,"template":"with-navigation.php","meta":{"_acf_changed":false},"search-tags":[3],"topic-subtopics":[],"themes-or-point-of-view":[24],"class_list":["post-301","topics","type-topics","status-publish","has-post-thumbnail","hentry","search-tags-klimaat","themes-or-point-of-view-theme"],"acf":[],"yoast_head":"<!-- This site is optimized with the Yoast SEO plugin v27.3 - https:\/\/yoast.com\/product\/yoast-seo-wordpress\/ -->\n<title>D66 Brabant &#8212; Innovatie | Standpunten<\/title>\n<meta name=\"robots\" content=\"index, follow, max-snippet:-1, max-image-preview:large, max-video-preview:-1\" \/>\n<link rel=\"canonical\" href=\"https:\/\/d66.nl\/brabant\/standpunten\/klimaat-natuur-en-milieu\/\" \/>\n<meta property=\"og:locale\" content=\"nl_NL\" \/>\n<meta property=\"og:type\" content=\"article\" \/>\n<meta property=\"og:title\" content=\"D66 Brabant &#8212; Innovatie | Standpunten\" \/>\n<meta property=\"og:url\" content=\"https:\/\/d66.nl\/brabant\/standpunten\/klimaat-natuur-en-milieu\/\" \/>\n<meta property=\"og:site_name\" content=\"D66 Brabant\" \/>\n<meta property=\"article:modified_time\" content=\"2022-06-10T09:39:01+00:00\" \/>\n<meta name=\"twitter:card\" content=\"summary_large_image\" \/>\n<script type=\"application\/ld+json\" class=\"yoast-schema-graph\">{\"@context\":\"https:\\\/\\\/schema.org\",\"@graph\":[{\"@type\":\"WebPage\",\"@id\":\"https:\\\/\\\/d66.nl\\\/brabant\\\/standpunten\\\/klimaat-natuur-en-milieu\\\/\",\"url\":\"https:\\\/\\\/d66.nl\\\/brabant\\\/standpunten\\\/klimaat-natuur-en-milieu\\\/\",\"name\":\"D66 Brabant &#8212; Innovatie | Standpunten\",\"isPartOf\":{\"@id\":\"https:\\\/\\\/d66.nl\\\/brabant\\\/#website\"},\"primaryImageOfPage\":{\"@id\":\"https:\\\/\\\/d66.nl\\\/brabant\\\/standpunten\\\/klimaat-natuur-en-milieu\\\/#primaryimage\"},\"image\":{\"@id\":\"https:\\\/\\\/d66.nl\\\/brabant\\\/standpunten\\\/klimaat-natuur-en-milieu\\\/#primaryimage\"},\"thumbnailUrl\":\"https:\\\/\\\/d66.nl\\\/brabant\\\/wp-content\\\/uploads\\\/sites\\\/3\\\/2021\\\/10\\\/d66\u2014klimaat-natuur-en-milieu_bos_heide_-veluwe_unsplash.jpg\",\"datePublished\":\"2021-10-27T12:07:20+00:00\",\"dateModified\":\"2022-06-10T09:39:01+00:00\",\"breadcrumb\":{\"@id\":\"https:\\\/\\\/d66.nl\\\/brabant\\\/standpunten\\\/klimaat-natuur-en-milieu\\\/#breadcrumb\"},\"inLanguage\":\"nl-NL\",\"potentialAction\":[{\"@type\":\"ReadAction\",\"target\":[\"https:\\\/\\\/d66.nl\\\/brabant\\\/standpunten\\\/klimaat-natuur-en-milieu\\\/\"]}]},{\"@type\":\"ImageObject\",\"inLanguage\":\"nl-NL\",\"@id\":\"https:\\\/\\\/d66.nl\\\/brabant\\\/standpunten\\\/klimaat-natuur-en-milieu\\\/#primaryimage\",\"url\":\"https:\\\/\\\/d66.nl\\\/brabant\\\/wp-content\\\/uploads\\\/sites\\\/3\\\/2021\\\/10\\\/d66\u2014klimaat-natuur-en-milieu_bos_heide_-veluwe_unsplash.jpg\",\"contentUrl\":\"https:\\\/\\\/d66.nl\\\/brabant\\\/wp-content\\\/uploads\\\/sites\\\/3\\\/2021\\\/10\\\/d66\u2014klimaat-natuur-en-milieu_bos_heide_-veluwe_unsplash.jpg\"},{\"@type\":\"BreadcrumbList\",\"@id\":\"https:\\\/\\\/d66.nl\\\/brabant\\\/standpunten\\\/klimaat-natuur-en-milieu\\\/#breadcrumb\",\"itemListElement\":[{\"@type\":\"ListItem\",\"position\":1,\"name\":\"Home\",\"item\":\"https:\\\/\\\/d66.nl\\\/brabant\\\/\"},{\"@type\":\"ListItem\",\"position\":2,\"name\":\"Innovatie\"}]},{\"@type\":\"WebSite\",\"@id\":\"https:\\\/\\\/d66.nl\\\/brabant\\\/#website\",\"url\":\"https:\\\/\\\/d66.nl\\\/brabant\\\/\",\"name\":\"D66 Brabant\",\"description\":\"Stop stilstand. Stem vooruit.\",\"publisher\":{\"@id\":\"https:\\\/\\\/d66.nl\\\/brabant\\\/#organization\"},\"potentialAction\":[{\"@type\":\"SearchAction\",\"target\":{\"@type\":\"EntryPoint\",\"urlTemplate\":\"https:\\\/\\\/d66.nl\\\/brabant\\\/?s={search_term_string}\"},\"query-input\":{\"@type\":\"PropertyValueSpecification\",\"valueRequired\":true,\"valueName\":\"search_term_string\"}}],\"inLanguage\":\"nl-NL\"},{\"@type\":\"Organization\",\"@id\":\"https:\\\/\\\/d66.nl\\\/brabant\\\/#organization\",\"name\":\"D66\",\"url\":\"https:\\\/\\\/d66.nl\\\/brabant\\\/\",\"logo\":{\"@type\":\"ImageObject\",\"inLanguage\":\"nl-NL\",\"@id\":\"https:\\\/\\\/d66.nl\\\/brabant\\\/#\\\/schema\\\/logo\\\/image\\\/\",\"url\":\"https:\\\/\\\/d66.nl\\\/brabant\\\/wp-content\\\/uploads\\\/sites\\\/2\\\/2021\\\/10\\\/d66-themas-algemeen-og.png\",\"contentUrl\":\"https:\\\/\\\/d66.nl\\\/brabant\\\/wp-content\\\/uploads\\\/sites\\\/2\\\/2021\\\/10\\\/d66-themas-algemeen-og.png\",\"width\":1200,\"height\":628,\"caption\":\"D66\"},\"image\":{\"@id\":\"https:\\\/\\\/d66.nl\\\/brabant\\\/#\\\/schema\\\/logo\\\/image\\\/\"}}]}<\/script>\n<!-- \/ Yoast SEO plugin. -->","yoast_head_json":{"title":"D66 Brabant &#8212; Innovatie | Standpunten","robots":{"index":"index","follow":"follow","max-snippet":"max-snippet:-1","max-image-preview":"max-image-preview:large","max-video-preview":"max-video-preview:-1"},"canonical":"https:\/\/d66.nl\/brabant\/standpunten\/klimaat-natuur-en-milieu\/","og_locale":"nl_NL","og_type":"article","og_title":"D66 Brabant &#8212; Innovatie | Standpunten","og_url":"https:\/\/d66.nl\/brabant\/standpunten\/klimaat-natuur-en-milieu\/","og_site_name":"D66 Brabant","article_modified_time":"2022-06-10T09:39:01+00:00","twitter_card":"summary_large_image","schema":{"@context":"https:\/\/schema.org","@graph":[{"@type":"WebPage","@id":"https:\/\/d66.nl\/brabant\/standpunten\/klimaat-natuur-en-milieu\/","url":"https:\/\/d66.nl\/brabant\/standpunten\/klimaat-natuur-en-milieu\/","name":"D66 Brabant &#8212; Innovatie | Standpunten","isPartOf":{"@id":"https:\/\/d66.nl\/brabant\/#website"},"primaryImageOfPage":{"@id":"https:\/\/d66.nl\/brabant\/standpunten\/klimaat-natuur-en-milieu\/#primaryimage"},"image":{"@id":"https:\/\/d66.nl\/brabant\/standpunten\/klimaat-natuur-en-milieu\/#primaryimage"},"thumbnailUrl":"https:\/\/d66.nl\/brabant\/wp-content\/uploads\/sites\/3\/2021\/10\/d66\u2014klimaat-natuur-en-milieu_bos_heide_-veluwe_unsplash.jpg","datePublished":"2021-10-27T12:07:20+00:00","dateModified":"2022-06-10T09:39:01+00:00","breadcrumb":{"@id":"https:\/\/d66.nl\/brabant\/standpunten\/klimaat-natuur-en-milieu\/#breadcrumb"},"inLanguage":"nl-NL","potentialAction":[{"@type":"ReadAction","target":["https:\/\/d66.nl\/brabant\/standpunten\/klimaat-natuur-en-milieu\/"]}]},{"@type":"ImageObject","inLanguage":"nl-NL","@id":"https:\/\/d66.nl\/brabant\/standpunten\/klimaat-natuur-en-milieu\/#primaryimage","url":"https:\/\/d66.nl\/brabant\/wp-content\/uploads\/sites\/3\/2021\/10\/d66\u2014klimaat-natuur-en-milieu_bos_heide_-veluwe_unsplash.jpg","contentUrl":"https:\/\/d66.nl\/brabant\/wp-content\/uploads\/sites\/3\/2021\/10\/d66\u2014klimaat-natuur-en-milieu_bos_heide_-veluwe_unsplash.jpg"},{"@type":"BreadcrumbList","@id":"https:\/\/d66.nl\/brabant\/standpunten\/klimaat-natuur-en-milieu\/#breadcrumb","itemListElement":[{"@type":"ListItem","position":1,"name":"Home","item":"https:\/\/d66.nl\/brabant\/"},{"@type":"ListItem","position":2,"name":"Innovatie"}]},{"@type":"WebSite","@id":"https:\/\/d66.nl\/brabant\/#website","url":"https:\/\/d66.nl\/brabant\/","name":"D66 Brabant","description":"Stop stilstand. Stem vooruit.","publisher":{"@id":"https:\/\/d66.nl\/brabant\/#organization"},"potentialAction":[{"@type":"SearchAction","target":{"@type":"EntryPoint","urlTemplate":"https:\/\/d66.nl\/brabant\/?s={search_term_string}"},"query-input":{"@type":"PropertyValueSpecification","valueRequired":true,"valueName":"search_term_string"}}],"inLanguage":"nl-NL"},{"@type":"Organization","@id":"https:\/\/d66.nl\/brabant\/#organization","name":"D66","url":"https:\/\/d66.nl\/brabant\/","logo":{"@type":"ImageObject","inLanguage":"nl-NL","@id":"https:\/\/d66.nl\/brabant\/#\/schema\/logo\/image\/","url":"https:\/\/d66.nl\/brabant\/wp-content\/uploads\/sites\/2\/2021\/10\/d66-themas-algemeen-og.png","contentUrl":"https:\/\/d66.nl\/brabant\/wp-content\/uploads\/sites\/2\/2021\/10\/d66-themas-algemeen-og.png","width":1200,"height":628,"caption":"D66"},"image":{"@id":"https:\/\/d66.nl\/brabant\/#\/schema\/logo\/image\/"}}]}},"_links":{"self":[{"href":"https:\/\/d66.nl\/brabant\/wp-json\/wp\/v2\/standpunten\/301","targetHints":{"allow":["GET"]}}],"collection":[{"href":"https:\/\/d66.nl\/brabant\/wp-json\/wp\/v2\/standpunten"}],"about":[{"href":"https:\/\/d66.nl\/brabant\/wp-json\/wp\/v2\/types\/topics"}],"author":[{"embeddable":true,"href":"https:\/\/d66.nl\/brabant\/wp-json\/wp\/v2\/users\/6"}],"wp:featuredmedia":[{"embeddable":true,"href":"https:\/\/d66.nl\/brabant\/wp-json\/"}],"wp:attachment":[{"href":"https:\/\/d66.nl\/brabant\/wp-json\/wp\/v2\/media?parent=301"}],"wp:term":[{"taxonomy":"search-tags","embeddable":true,"href":"https:\/\/d66.nl\/brabant\/wp-json\/wp\/v2\/search-tags?post=301"},{"taxonomy":"topic-sub-topics","embeddable":true,"href":"https:\/\/d66.nl\/brabant\/wp-json\/wp\/v2\/topic-subtopics?post=301"},{"taxonomy":"themes-or-point-of-view","embeddable":true,"href":"https:\/\/d66.nl\/brabant\/wp-json\/wp\/v2\/themes-or-point-of-view?post=301"}],"curies":[{"name":"wp","href":"https:\/\/api.w.org\/{rel}","templated":true}]}}