{"id":5417,"date":"2026-04-13T05:15:32","date_gmt":"2026-04-13T05:15:32","guid":{"rendered":"https:\/\/d66.nl\/amsterdam\/?post_type=events&#038;p=5417"},"modified":"2026-04-24T07:11:47","modified_gmt":"2026-04-24T07:11:47","slug":"8-mei-nacht-van-europa","status":"publish","type":"events","link":"https:\/\/d66.nl\/amsterdam\/events\/8-mei-nacht-van-europa\/","title":{"rendered":"8 mei | Nacht van Europa"},"content":{"rendered":"<div\n  id=\"\"\n  class=\"wrapper  wrapper__spacing-bottom-large--50 wrapper__spacing-bottom-desktop--66 wrapper__spacing-bottom-mobile--76  wrapper__gutter--none\"\n  >\n  \t<div class=\"wrapper__container wrapper__container-width-large--default\">\n\t  <div class=\"wrapper__inner wrapper__width-large--14 wrapper__width-desktop--20 wrapper__width-mobile--24 wrapper__offset-large--6 wrapper__offset-desktop--4 wrapper__offset-mobile--0\">\n\t\t<h1 class=\"heading   heading__size--giant heading__font--serif heading__weight--regular  block-heading__heading\" id=\"nav-8-mei---nacht-van-europa4319\"  data-nav-heading-mobile=\"8 mei | Nacht van Europa\" >\n\t8 mei | Nacht van Europa<\/h1>\t  <\/div>\n\t<\/div>\n  <\/div>\n\n\n<div\n  id=\"\"\n  class=\"wrapper  wrapper__spacing-bottom-large--110 wrapper__spacing-bottom-desktop--60 wrapper__spacing-bottom-mobile--50  wrapper__gutter--none\"\n  >\n  \t<div class=\"wrapper__container wrapper__container-width-large--default\">\n\t  <div class=\"wrapper__inner wrapper__width-large--24 wrapper__width-mobile--24\">\n\t\t<section class=\"block-video\">\n\t<div\n\t\tclass=\"block-video__video-wrapper\"\n\t\tstyle=\"background-image: url('')\"\n\t>\n\t\t\t<\/div>\n\n\t\t\t<div class=\"block-video__caption-wrapper\">\n\t\t\t<div class=\"block-video__caption\">\n\t\t\t\t<p class=\"paragraph paragraph__align--left paragraph__color--black paragraph__size--small paragraph__weight--medium\">\n\t\t<span style=\"color: red\">LET OP: auteursrechten ontbreken<\/span>. <a href=\"https:\/\/d66.nl\/amsterdam\/wp-admin\/upload.php?item=0\">S.v.p. de auteursrechten invullen voor deze afbeelding<\/a> before using it.\t<\/p>\t\t\t<\/div>\n\t\t<\/div>\n\t\n<\/section>\n\n\t  <\/div>\n\t<\/div>\n  <\/div>\n\n\n<div\n  id=\"\"\n  class=\"wrapper  wrapper__spacing-bottom-large--20  wrapper__gutter--none\"\n  >\n  \t<div class=\"wrapper__container wrapper__container-width-large--default\">\n\t  <div class=\"wrapper__inner wrapper__width-large--18 wrapper__width-desktop--20 wrapper__width-mobile--24 wrapper__offset-large--6 wrapper__offset-desktop--4 wrapper__offset-mobile--0\">\n\t\t<div class=\"block-event-meta-data block-event-meta-data__color--black js-block-event-meta-data\">\n\t<div class=\"block-event-meta-data__date_time\">\n\t\t<p class=\"paragraph paragraph__align--left paragraph__color--black paragraph__size--medium paragraph__weight--medium\">\n\t\t<b>08.05.2026<\/b><span class=\"line backgroundcolor--black\"><\/span><span>vanaf 18:00 uur<\/span><span> tot 00:00 uur<\/span>\t<\/p>\t<\/div>\n\t<div class=\"block-event-meta-data__location\">\n\t\t<p class=\"paragraph paragraph__align--left paragraph__color--black paragraph__size--medium paragraph__weight--medium\">\n\t\tNoorderlicht, Amsterdam\t<\/p>\t<\/div>\n<\/div>\t  <\/div>\n\t<\/div>\n  <\/div>\n\n\n<div\n  id=\"\"\n  class=\"wrapper  wrapper__spacing-bottom-large--50 wrapper__spacing-bottom-mobile--40  wrapper__gutter--none\"\n  >\n  \t<div class=\"wrapper__container wrapper__container-width-large--default\">\n\t  <div class=\"wrapper__inner wrapper__width-large--13 wrapper__width-desktop--22 wrapper__width-mobile--24 wrapper__offset-large--6 wrapper__offset-desktop--2 wrapper__offset-mobile--0\">\n\t\t<p\n\t\tclass=\"paragraph   paragraph__size--big   block-paragraph__paragraph\"\n\t\t\t>\n\t\tD66 is sinds haar oprichting d\u00e9 Europapartij van Nederland. Met de constructieve, liberale krachten in het Europees Parlement werken we samen in Renew Europe. Voor een Europa waarin iedereen vrij is. Voor een democratisch Europa. En voor een sterk Nederland, in een sterk Europa. Samen met jou markeren we waarom dat nu belangrijker is dan ooit. Samen zorgen we voor vooruitgang.<br><br><strong>Programma<\/strong><br>Het avondprogramma zit vol inspiratie, vermaak, comedy en muziek. Er is reden voor hoop en optimisme, nu Victor Orb\u00e1n vertrokken is. Europarlementari\u00ebr Gerben-Jan Gerbrandy geeft de keynote speech van de avond over de kansen die dat biedt voor een nieuw Europa. Tweede Kamerlid Felix Klos gaat het gesprek aan met Bernard Hammelburg over wat Europa w\u00e9l kan nu de wereldorde instabiel is. En Europarlementari\u00ebr Raquel Garc\u00eda Hermida-van der Walle geeft het antwoord op de vraag vertelt over feminisme.<br><br><a href=\"https:\/\/shop.weeztix.com\/43a7fdcc-265a-42af-87e8-835d4018611e\/tickets?shop_code=yqykfv9q\" id=\"https:\/\/shop.weeztix.com\/43a7fdcc-265a-42af-87e8-835d4018611e\/tickets?shop_code=yqykfv9q\">Meld je aan!<\/a><br><br><em>De nacht van Europa is toegankelijk voor iedereen, daarom krijg je in ruil voor de kleine bijdrage het eerste drankje gratis. Ook mensen die geen lid zijn van D66 zijn van harte welkom.<\/em>\t<\/p>\t  <\/div>\n\t<\/div>\n  <\/div>\n\n\n<div\n  id=\"\"\n  class=\"wrapper  wrapper__spacing-bottom-large--20 wrapper__spacing-bottom-desktop--10 wrapper__spacing-bottom-mobile--10  wrapper__gutter--none\"\n  >\n  \t<div class=\"wrapper__container wrapper__container-width-large--default\">\n\t  <div class=\"wrapper__inner wrapper__width-large--18 wrapper__width-desktop--22 wrapper__width-mobile--24 wrapper__offset-large--6 wrapper__offset-desktop--2 wrapper__offset-mobile--0\">\n\t\t<section class=\"block-post-content\">\n\t<div class=\"block-post-content__title\">\n\t\t<h3 class=\"heading  heading__color--black heading__size--medium heading__font--sans heading__weight--bold  block-post-content__heading\" id=\"nav-locatie-en-tijd5227\" data-nav-heading-mobile=\"Locatie en tijd\">\n\tLocatie en tijd<\/h3>\t<\/div>\n\t<div class=\"block-post-content__content\">\n\t\t\n<div\n  id=\"\"\n  class=\"wrapper  wrapper__spacing-bottom-large--30 wrapper__spacing-bottom-desktop--20  wrapper__gutter--none\"\n  >\n  \t<div class=\"wrapper__container wrapper__container-width-large--default\">\n\t  <div class=\"wrapper__inner wrapper__width-large--24 wrapper__width-mobile--24\">\n\t\t<p\n\t\tclass=\"paragraph paragraph__align--left paragraph__color--black paragraph__size--default   block-paragraph__paragraph\"\n\t\t\t>\n\t\t<a href=\"https:\/\/noorderlichtcafe.nl\/\">Noorderlicht<\/a><br>NDSM-Plein 102<br>1033 WB Amsterdam<br><br>18:00 uur inloop<br>18.30 uur start programma\t<\/p>\t  <\/div>\n\t<\/div>\n  <\/div>\n\n\t<\/div>\n\n\t<div class=\"block-post-content__sidebar\">\n\t\t\n\t\t\n\t\t\t<\/div>\n<\/section>\n\t  <\/div>\n\t<\/div>\n  <\/div>\n","protected":false},"author":1376,"featured_media":5418,"parent":0,"menu_order":0,"template":"","meta":{"_acf_changed":true},"search-tags":[],"class_list":["post-5417","events","type-events","status-publish","has-post-thumbnail","hentry"],"acf":[],"yoast_head":"<!-- This site is optimized with the Yoast SEO plugin v27.3 - https:\/\/yoast.com\/product\/yoast-seo-wordpress\/ -->\n<title>D66 Amsterdam &#8212; 8 mei | Nacht van Europa<\/title>\n<meta name=\"robots\" content=\"index, follow, max-snippet:-1, max-image-preview:large, max-video-preview:-1\" \/>\n<link rel=\"canonical\" href=\"https:\/\/d66.nl\/amsterdam\/events\/8-mei-nacht-van-europa\/\" \/>\n<meta property=\"og:locale\" content=\"nl_NL\" \/>\n<meta property=\"og:type\" content=\"article\" \/>\n<meta property=\"og:title\" content=\"D66 Amsterdam &#8212; 8 mei | Nacht van Europa\" \/>\n<meta property=\"og:url\" content=\"https:\/\/d66.nl\/amsterdam\/events\/8-mei-nacht-van-europa\/\" \/>\n<meta property=\"og:site_name\" content=\"D66 Amsterdam\" \/>\n<meta property=\"article:publisher\" content=\"https:\/\/www.facebook.com\/D66Amsterdam\" \/>\n<meta property=\"article:modified_time\" content=\"2026-04-24T07:11:47+00:00\" \/>\n<meta property=\"og:image\" content=\"https:\/\/media.d66.nl\/uploads\/sites\/237\/2026\/04\/Europa-en-internationaal_europa_vlag_unsplash.jpg\" \/>\n\t<meta property=\"og:image:width\" content=\"5504\" \/>\n\t<meta property=\"og:image:height\" content=\"3220\" \/>\n\t<meta property=\"og:image:type\" content=\"image\/jpeg\" \/>\n<meta name=\"twitter:card\" content=\"summary_large_image\" \/>\n<meta name=\"twitter:site\" content=\"@d66amsterdam\" \/>\n<meta name=\"twitter:label1\" content=\"Geschatte leestijd\" \/>\n\t<meta name=\"twitter:data1\" content=\"1 minuut\" \/>\n<script type=\"application\/ld+json\" class=\"yoast-schema-graph\">{\"@context\":\"https:\\\/\\\/schema.org\",\"@graph\":[{\"@type\":\"WebPage\",\"@id\":\"https:\\\/\\\/d66.nl\\\/amsterdam\\\/events\\\/8-mei-nacht-van-europa\\\/\",\"url\":\"https:\\\/\\\/d66.nl\\\/amsterdam\\\/events\\\/8-mei-nacht-van-europa\\\/\",\"name\":\"D66 Amsterdam &#8212; 8 mei | Nacht van Europa\",\"isPartOf\":{\"@id\":\"https:\\\/\\\/d66.nl\\\/amsterdam\\\/#website\"},\"primaryImageOfPage\":{\"@id\":\"https:\\\/\\\/d66.nl\\\/amsterdam\\\/events\\\/8-mei-nacht-van-europa\\\/#primaryimage\"},\"image\":{\"@id\":\"https:\\\/\\\/d66.nl\\\/amsterdam\\\/events\\\/8-mei-nacht-van-europa\\\/#primaryimage\"},\"thumbnailUrl\":\"https:\\\/\\\/media.d66.nl\\\/uploads\\\/sites\\\/237\\\/2026\\\/04\\\/Europa-en-internationaal_europa_vlag_unsplash.jpg\",\"datePublished\":\"2026-04-13T05:15:32+00:00\",\"dateModified\":\"2026-04-24T07:11:47+00:00\",\"breadcrumb\":{\"@id\":\"https:\\\/\\\/d66.nl\\\/amsterdam\\\/events\\\/8-mei-nacht-van-europa\\\/#breadcrumb\"},\"inLanguage\":\"nl-NL\",\"potentialAction\":[{\"@type\":\"ReadAction\",\"target\":[\"https:\\\/\\\/d66.nl\\\/amsterdam\\\/events\\\/8-mei-nacht-van-europa\\\/\"]}]},{\"@type\":\"ImageObject\",\"inLanguage\":\"nl-NL\",\"@id\":\"https:\\\/\\\/d66.nl\\\/amsterdam\\\/events\\\/8-mei-nacht-van-europa\\\/#primaryimage\",\"url\":\"https:\\\/\\\/media.d66.nl\\\/uploads\\\/sites\\\/237\\\/2026\\\/04\\\/Europa-en-internationaal_europa_vlag_unsplash.jpg\",\"contentUrl\":\"https:\\\/\\\/media.d66.nl\\\/uploads\\\/sites\\\/237\\\/2026\\\/04\\\/Europa-en-internationaal_europa_vlag_unsplash.jpg\",\"width\":5504,\"height\":3220},{\"@type\":\"BreadcrumbList\",\"@id\":\"https:\\\/\\\/d66.nl\\\/amsterdam\\\/events\\\/8-mei-nacht-van-europa\\\/#breadcrumb\",\"itemListElement\":[{\"@type\":\"ListItem\",\"position\":1,\"name\":\"Home\",\"item\":\"https:\\\/\\\/d66.nl\\\/amsterdam\\\/\"},{\"@type\":\"ListItem\",\"position\":2,\"name\":\"Events\",\"item\":\"https:\\\/\\\/d66.nl\\\/amsterdam\\\/events\\\/\"},{\"@type\":\"ListItem\",\"position\":3,\"name\":\"8 mei | Nacht van Europa\"}]},{\"@type\":\"WebSite\",\"@id\":\"https:\\\/\\\/d66.nl\\\/amsterdam\\\/#website\",\"url\":\"https:\\\/\\\/d66.nl\\\/amsterdam\\\/\",\"name\":\"D66 Amsterdam\",\"description\":\"Just another D66 Sites site\",\"publisher\":{\"@id\":\"https:\\\/\\\/d66.nl\\\/amsterdam\\\/#organization\"},\"potentialAction\":[{\"@type\":\"SearchAction\",\"target\":{\"@type\":\"EntryPoint\",\"urlTemplate\":\"https:\\\/\\\/d66.nl\\\/amsterdam\\\/?s={search_term_string}\"},\"query-input\":{\"@type\":\"PropertyValueSpecification\",\"valueRequired\":true,\"valueName\":\"search_term_string\"}}],\"inLanguage\":\"nl-NL\"},{\"@type\":\"Organization\",\"@id\":\"https:\\\/\\\/d66.nl\\\/amsterdam\\\/#organization\",\"name\":\"D66\",\"url\":\"https:\\\/\\\/d66.nl\\\/amsterdam\\\/\",\"logo\":{\"@type\":\"ImageObject\",\"inLanguage\":\"nl-NL\",\"@id\":\"https:\\\/\\\/d66.nl\\\/amsterdam\\\/#\\\/schema\\\/logo\\\/image\\\/\",\"url\":\"https:\\\/\\\/d66.nl\\\/amsterdam\\\/wp-content\\\/uploads\\\/sites\\\/237\\\/2021\\\/10\\\/d66-themas-algemeen-og.png\",\"contentUrl\":\"https:\\\/\\\/d66.nl\\\/amsterdam\\\/wp-content\\\/uploads\\\/sites\\\/237\\\/2021\\\/10\\\/d66-themas-algemeen-og.png\",\"width\":1200,\"height\":628,\"caption\":\"D66\"},\"image\":{\"@id\":\"https:\\\/\\\/d66.nl\\\/amsterdam\\\/#\\\/schema\\\/logo\\\/image\\\/\"},\"sameAs\":[\"https:\\\/\\\/www.facebook.com\\\/D66Amsterdam\",\"https:\\\/\\\/x.com\\\/d66amsterdam\",\"https:\\\/\\\/instagram.com\\\/d66amsterdam?utm_medium=copy_link\",\"https:\\\/\\\/www.linkedin.com\\\/company\\\/d66-amsterdam\"]}]}<\/script>\n<!-- \/ Yoast SEO plugin. -->","yoast_head_json":{"title":"D66 Amsterdam &#8212; 8 mei | Nacht van Europa","robots":{"index":"index","follow":"follow","max-snippet":"max-snippet:-1","max-image-preview":"max-image-preview:large","max-video-preview":"max-video-preview:-1"},"canonical":"https:\/\/d66.nl\/amsterdam\/events\/8-mei-nacht-van-europa\/","og_locale":"nl_NL","og_type":"article","og_title":"D66 Amsterdam &#8212; 8 mei | Nacht van Europa","og_url":"https:\/\/d66.nl\/amsterdam\/events\/8-mei-nacht-van-europa\/","og_site_name":"D66 Amsterdam","article_publisher":"https:\/\/www.facebook.com\/D66Amsterdam","article_modified_time":"2026-04-24T07:11:47+00:00","og_image":[{"width":5504,"height":3220,"url":"https:\/\/media.d66.nl\/uploads\/sites\/237\/2026\/04\/Europa-en-internationaal_europa_vlag_unsplash.jpg","type":"image\/jpeg"}],"twitter_card":"summary_large_image","twitter_site":"@d66amsterdam","twitter_misc":{"Geschatte leestijd":"1 minuut"},"schema":{"@context":"https:\/\/schema.org","@graph":[{"@type":"WebPage","@id":"https:\/\/d66.nl\/amsterdam\/events\/8-mei-nacht-van-europa\/","url":"https:\/\/d66.nl\/amsterdam\/events\/8-mei-nacht-van-europa\/","name":"D66 Amsterdam &#8212; 8 mei | Nacht van Europa","isPartOf":{"@id":"https:\/\/d66.nl\/amsterdam\/#website"},"primaryImageOfPage":{"@id":"https:\/\/d66.nl\/amsterdam\/events\/8-mei-nacht-van-europa\/#primaryimage"},"image":{"@id":"https:\/\/d66.nl\/amsterdam\/events\/8-mei-nacht-van-europa\/#primaryimage"},"thumbnailUrl":"https:\/\/media.d66.nl\/uploads\/sites\/237\/2026\/04\/Europa-en-internationaal_europa_vlag_unsplash.jpg","datePublished":"2026-04-13T05:15:32+00:00","dateModified":"2026-04-24T07:11:47+00:00","breadcrumb":{"@id":"https:\/\/d66.nl\/amsterdam\/events\/8-mei-nacht-van-europa\/#breadcrumb"},"inLanguage":"nl-NL","potentialAction":[{"@type":"ReadAction","target":["https:\/\/d66.nl\/amsterdam\/events\/8-mei-nacht-van-europa\/"]}]},{"@type":"ImageObject","inLanguage":"nl-NL","@id":"https:\/\/d66.nl\/amsterdam\/events\/8-mei-nacht-van-europa\/#primaryimage","url":"https:\/\/media.d66.nl\/uploads\/sites\/237\/2026\/04\/Europa-en-internationaal_europa_vlag_unsplash.jpg","contentUrl":"https:\/\/media.d66.nl\/uploads\/sites\/237\/2026\/04\/Europa-en-internationaal_europa_vlag_unsplash.jpg","width":5504,"height":3220},{"@type":"BreadcrumbList","@id":"https:\/\/d66.nl\/amsterdam\/events\/8-mei-nacht-van-europa\/#breadcrumb","itemListElement":[{"@type":"ListItem","position":1,"name":"Home","item":"https:\/\/d66.nl\/amsterdam\/"},{"@type":"ListItem","position":2,"name":"Events","item":"https:\/\/d66.nl\/amsterdam\/events\/"},{"@type":"ListItem","position":3,"name":"8 mei | Nacht van Europa"}]},{"@type":"WebSite","@id":"https:\/\/d66.nl\/amsterdam\/#website","url":"https:\/\/d66.nl\/amsterdam\/","name":"D66 Amsterdam","description":"Just another D66 Sites site","publisher":{"@id":"https:\/\/d66.nl\/amsterdam\/#organization"},"potentialAction":[{"@type":"SearchAction","target":{"@type":"EntryPoint","urlTemplate":"https:\/\/d66.nl\/amsterdam\/?s={search_term_string}"},"query-input":{"@type":"PropertyValueSpecification","valueRequired":true,"valueName":"search_term_string"}}],"inLanguage":"nl-NL"},{"@type":"Organization","@id":"https:\/\/d66.nl\/amsterdam\/#organization","name":"D66","url":"https:\/\/d66.nl\/amsterdam\/","logo":{"@type":"ImageObject","inLanguage":"nl-NL","@id":"https:\/\/d66.nl\/amsterdam\/#\/schema\/logo\/image\/","url":"https:\/\/d66.nl\/amsterdam\/wp-content\/uploads\/sites\/237\/2021\/10\/d66-themas-algemeen-og.png","contentUrl":"https:\/\/d66.nl\/amsterdam\/wp-content\/uploads\/sites\/237\/2021\/10\/d66-themas-algemeen-og.png","width":1200,"height":628,"caption":"D66"},"image":{"@id":"https:\/\/d66.nl\/amsterdam\/#\/schema\/logo\/image\/"},"sameAs":["https:\/\/www.facebook.com\/D66Amsterdam","https:\/\/x.com\/d66amsterdam","https:\/\/instagram.com\/d66amsterdam?utm_medium=copy_link","https:\/\/www.linkedin.com\/company\/d66-amsterdam"]}]}},"_links":{"self":[{"href":"https:\/\/d66.nl\/amsterdam\/wp-json\/wp\/v2\/events\/5417","targetHints":{"allow":["GET"]}}],"collection":[{"href":"https:\/\/d66.nl\/amsterdam\/wp-json\/wp\/v2\/events"}],"about":[{"href":"https:\/\/d66.nl\/amsterdam\/wp-json\/wp\/v2\/types\/events"}],"author":[{"embeddable":true,"href":"https:\/\/d66.nl\/amsterdam\/wp-json\/wp\/v2\/users\/1376"}],"wp:featuredmedia":[{"embeddable":true,"href":"https:\/\/d66.nl\/amsterdam\/wp-json\/wp\/v2\/media\/5418"}],"wp:attachment":[{"href":"https:\/\/d66.nl\/amsterdam\/wp-json\/wp\/v2\/media?parent=5417"}],"wp:term":[{"taxonomy":"search-tags","embeddable":true,"href":"https:\/\/d66.nl\/amsterdam\/wp-json\/wp\/v2\/search-tags?post=5417"}],"curies":[{"name":"wp","href":"https:\/\/api.w.org\/{rel}","templated":true}]}}