{"id":586,"date":"2022-01-05T21:15:58","date_gmt":"2022-01-05T21:15:58","guid":{"rendered":"https:\/\/d66.nl\/almere\/?post_type=people-type&#038;p=586"},"modified":"2026-04-02T10:17:54","modified_gmt":"2026-04-02T10:17:54","slug":"maak-kennis-met-d66-almere-raadslid-meke-smeulders","status":"publish","type":"people-type","link":"https:\/\/d66.nl\/almere\/mensen\/maak-kennis-met-d66-almere-raadslid-meke-smeulders\/","title":{"rendered":"Meke Smeulders"},"content":{"rendered":"<div\n  id=\"\"\n  class=\"wrapper  wrapper__spacing-bottom-large--50 wrapper__spacing-bottom-desktop--66 wrapper__spacing-bottom-mobile--76  wrapper__gutter--none\"\n  >\n  \t<div class=\"wrapper__container wrapper__container-width-large--default\">\n\t  <div class=\"wrapper__inner wrapper__width-large--14 wrapper__width-desktop--20 wrapper__width-mobile--24 wrapper__offset-large--6 wrapper__offset-desktop--4 wrapper__offset-mobile--0\">\n\t\t<h1 class=\"heading   heading__size--giant heading__font--serif heading__weight--regular  block-heading__heading\" id=\"nav-meke-smeulders9285\"  data-nav-heading-mobile=\"Meke Smeulders\" >\n\tMeke Smeulders<\/h1>\t  <\/div>\n\t<\/div>\n  <\/div>\n\n\n<div\n  id=\"\"\n  class=\"wrapper  wrapper__spacing-bottom-large--20  wrapper__gutter--none\"\n  >\n  \t<div class=\"wrapper__container wrapper__container-width-large--default\">\n\t  <div class=\"wrapper__inner wrapper__width-large--24 wrapper__width-mobile--24\">\n\t\t<img loading=\"lazy\" decoding=\"async\" width=\"1024\" height=\"683\" src=\"https:\/\/d66.nl\/almere\/wp-content\/uploads\/sites\/188\/2025\/12\/WhatsApp-Image-2025-12-08-at-00.16.00-3-1024x683.jpeg\" class=\"image block-image__img\" alt=\"Lijsttrekker Meke Smeulders\" srcset=\"https:\/\/d66.nl\/almere\/wp-content\/uploads\/sites\/188\/2025\/12\/WhatsApp-Image-2025-12-08-at-00.16.00-3-1024x683.jpeg 1024w, https:\/\/d66.nl\/almere\/wp-content\/uploads\/sites\/188\/2025\/12\/WhatsApp-Image-2025-12-08-at-00.16.00-3-300x200.jpeg 300w, https:\/\/d66.nl\/almere\/wp-content\/uploads\/sites\/188\/2025\/12\/WhatsApp-Image-2025-12-08-at-00.16.00-3-768x512.jpeg 768w, https:\/\/d66.nl\/almere\/wp-content\/uploads\/sites\/188\/2025\/12\/WhatsApp-Image-2025-12-08-at-00.16.00-3-1536x1025.jpeg 1536w, https:\/\/d66.nl\/almere\/wp-content\/uploads\/sites\/188\/2025\/12\/WhatsApp-Image-2025-12-08-at-00.16.00-3.jpeg 2048w\" sizes=\"auto, (max-width: 1024px) 100vw, 1024px\" \/>\n\t\t\t<div class=\"image__caption-wrapper block-image__caption-wrapper\">\n\t\t\t<div class=\"image__caption block-image__caption\">\n\t\t\t\t<p class=\"paragraph paragraph__align--left paragraph__color--black paragraph__size--small paragraph__weight--medium\">\n\t\t<b>Meke Smeulders<\/b> <i>&#045;<\/i> Beeld: D66 Almere\t<\/p>\t\t\t<\/div>\n\t\t<\/div>\t  <\/div>\n\t<\/div>\n  <\/div>\n\n\n<div\n  id=\"\"\n  class=\"wrapper  wrapper__spacing-bottom-large--50 wrapper__spacing-bottom-mobile--40  wrapper__gutter--none\"\n  >\n  \t<div class=\"wrapper__container wrapper__container-width-large--default\">\n\t  <div class=\"wrapper__inner wrapper__width-large--13 wrapper__width-desktop--22 wrapper__width-mobile--24 wrapper__offset-large--6 wrapper__offset-desktop--2 wrapper__offset-mobile--0\">\n\t\t<p\n\t\tclass=\"paragraph   paragraph__size--big   block-paragraph__paragraph\"\n\t\t\t>\n\t\tMeke Smeulders is raadslid namens D66 Almere. Zij zit sinds 2022 als in de Almeerse gemeenteraad. In 2018 begon zij als fractieassistent en in de periode 2022-2026 was zij fractievoorzitter.   <br><br>Meke is woordvoerder op financi\u00ebn, fonds Verstedelijking\/Almere 2.0, jeugd, publiek verantwoorden, sociaal domein W&amp;I en WMO, welzijn, toerisme en recreatie. Daarnaast is zij het aanspreekpunt in de fractie voor Almere Haven.\t<\/p>\t  <\/div>\n\t<\/div>\n  <\/div>\n\n\n<div\n  id=\"\"\n  class=\"wrapper  wrapper__spacing-bottom-large--30 wrapper__spacing-bottom-desktop--20  wrapper__gutter--none\"\n  >\n  \t<div class=\"wrapper__container wrapper__container-width-large--default\">\n\t  <div class=\"wrapper__inner wrapper__width-large--10 wrapper__width-desktop--22 wrapper__width-mobile--24 wrapper__offset-large--6 wrapper__offset-desktop--2 wrapper__offset-mobile--0\">\n\t\t<p\n\t\tclass=\"paragraph paragraph__align--left paragraph__color--black paragraph__size--default   block-paragraph__paragraph\"\n\t\t\t>\n\t\tAlmere biedt als stad prachtige kansen. De mix van stedelijke voorzieningen, ruimte \u00e9n natuur en dat allemaal dichtbij is uniek in Nederland. Dit moeten we koesteren. Almere is vernieuwend en niet bang om lef te tonen, om innovatief te zijn. Voor mij redenen om al 21 jaar met veel plezier in de stad te wonen. D66 staat voor vrijheid en de eigen kracht van mensen. Voorwaarde hiervoor is wel dat mensen gelijke kansen krijgen. Dat zijn voor mij de belangrijke kernwaarden van D66.\t<\/p>\t  <\/div>\n\t<\/div>\n  <\/div>\n\n\n<div\n  id=\"\"\n  class=\"wrapper  wrapper__spacing-bottom-large--50 wrapper__spacing-bottom-desktop--70 wrapper__spacing-bottom-mobile--50  wrapper__gutter--none\"\n  >\n  \t<div class=\"wrapper__container wrapper__container-width-large--default\">\n\t  <div class=\"wrapper__inner wrapper__width-large--18 wrapper__width-desktop--22 wrapper__width-mobile--24 wrapper__offset-large--6 wrapper__offset-desktop--2 wrapper__offset-mobile--0\">\n\t\t<section class=\"block-post-content\">\n\t<div class=\"block-post-content__title\">\n\t\t<h3 class=\"heading  heading__color--black heading__size--medium heading__font--sans heading__weight--semiBold  block-post-content__heading\" id=\"nav-meke-als-fractievoorzitter5101\" data-nav-heading-mobile=\"Meke als fractievoorzitter\">\n\tMeke als fractievoorzitter<\/h3>\t<\/div>\n\t<div class=\"block-post-content__content\">\n\t\t\n<div\n  id=\"\"\n  class=\"wrapper  wrapper__spacing-bottom-large--30 wrapper__spacing-bottom-desktop--20  wrapper__gutter--none\"\n  >\n  \t<div class=\"wrapper__container wrapper__container-width-large--default\">\n\t  <div class=\"wrapper__inner wrapper__width-large--24 wrapper__width-mobile--24\">\n\t\t<p\n\t\tclass=\"paragraph paragraph__align--left paragraph__color--black paragraph__size--default   block-paragraph__paragraph\"\n\t\t\t>\n\t\tAls fractievoorzitter geef ik graag leiding aan onze energieke, diverse fractie. Door richting, ondersteuning en vooral ook ruimte te geven. Zo kan iedereen kiezen welke onderwerpen en rollen het beste passen, vullen we elkaar aan en houden we elkaar scherp. Dat maakt de fractie sterk.\t<\/p>\t  <\/div>\n\t<\/div>\n  <\/div>\n\n\t<\/div>\n\n\t<div class=\"block-post-content__sidebar\">\n\t\t\n\t\t\n\t\t\t<\/div>\n<\/section>\n\t  <\/div>\n\t<\/div>\n  <\/div>\n\n\n<div\n  id=\"\"\n  class=\"wrapper  wrapper__spacing-bottom-large--50 wrapper__spacing-bottom-desktop--70 wrapper__spacing-bottom-mobile--50  wrapper__gutter--none\"\n  >\n  \t<div class=\"wrapper__container wrapper__container-width-large--default\">\n\t  <div class=\"wrapper__inner wrapper__width-large--18 wrapper__width-desktop--22 wrapper__width-mobile--24 wrapper__offset-large--6 wrapper__offset-desktop--2 wrapper__offset-mobile--0\">\n\t\t<section class=\"block-post-content\">\n\t<div class=\"block-post-content__title\">\n\t\t<h3 class=\"heading  heading__color--black heading__size--medium heading__font--sans heading__weight--bold  block-post-content__heading\" id=\"nav-onderhandelen-over-het-coalitieakkoord19\" data-nav-heading-mobile=\"Onderhandelen over het coalitieakkoord\">\n\tOnderhandelen over het coalitieakkoord<\/h3>\t<\/div>\n\t<div class=\"block-post-content__content\">\n\t\t\n<div\n  id=\"\"\n  class=\"wrapper  wrapper__spacing-bottom-large--30 wrapper__spacing-bottom-desktop--20  wrapper__gutter--none\"\n  >\n  \t<div class=\"wrapper__container wrapper__container-width-large--default\">\n\t  <div class=\"wrapper__inner wrapper__width-large--24 wrapper__width-mobile--24\">\n\t\t<p\n\t\tclass=\"paragraph paragraph__align--left paragraph__color--black paragraph__size--default   block-paragraph__paragraph\"\n\t\t\t>\n\t\tBij de onderhandelingen is het gelukt belangrijke D66 punten te verankeren in het coalitieakkoord. Op onderwijs en economie, waar we stevig inzetten op goede banen voor onze inwoners, met goed aansluitend onderwijs op MBO, HBO \u00e9n universitair niveau. Die inzet betaalt zich uit. Landelijk wordt Almere gezien als 5e high tech hot spot en zijn er mooie kansen dat passende high tech bedrijven en instellingen zich hier vestigen of uitbreiden. Belangrijk, want de uitgaande pendel naar voornamelijk Amsterdam is te groot en talentvolle jongeren verlaten onze stad. Met passend onderwijs \u00e9n goede banen behouden we jongeren en kunnen inwoners hier wonen, werken en hun vrije tijd besteden.\t<\/p>\t  <\/div>\n\t<\/div>\n  <\/div>\n\n\t<\/div>\n\n\t<div class=\"block-post-content__sidebar\">\n\t\t\n\t\t\n\t\t\t<\/div>\n<\/section>\n\t  <\/div>\n\t<\/div>\n  <\/div>\n\n\n<div\n  id=\"\"\n  class=\"wrapper  wrapper__spacing-bottom-large--50 wrapper__spacing-bottom-desktop--70 wrapper__spacing-bottom-mobile--50  wrapper__gutter--none\"\n  >\n  \t<div class=\"wrapper__container wrapper__container-width-large--default\">\n\t  <div class=\"wrapper__inner wrapper__width-large--18 wrapper__width-desktop--22 wrapper__width-mobile--24 wrapper__offset-large--6 wrapper__offset-desktop--2 wrapper__offset-mobile--0\">\n\t\t<section class=\"block-post-content\">\n\t<div class=\"block-post-content__title\">\n\t\t<h3 class=\"heading  heading__color--black heading__size--medium heading__font--sans heading__weight--semiBold  block-post-content__heading\" id=\"nav-meke-als-raadslid4488\" data-nav-heading-mobile=\"Meke als raadslid\">\n\tMeke als raadslid<\/h3>\t<\/div>\n\t<div class=\"block-post-content__content\">\n\t\t\n<div\n  id=\"\"\n  class=\"wrapper  wrapper__spacing-bottom-large--20  wrapper__gutter--none\"\n  >\n  \t<div class=\"wrapper__container wrapper__container-width-large--default\">\n\t  <div class=\"wrapper__inner wrapper__width-large--24 wrapper__width-mobile--24\">\n\t\t\t<div class=\"block-lists  block-lists__color--black\">\n\t\t<p class=\"paragraph  paragraph__color--black paragraph__size--default\">\n\t\t\t<\/p><ul class=\"block-lists lists__lists lists__weight--medium lists__color--black lists__type--default\">\n\t<li>Zelf heb ik ervoor gekozen naast de rol als fractievoorzitter woordvoerder te blijven op de portefeuilles Zorg, Gezondheid, Welzijn, Werk en Inkomen en Financi\u00ebn. De combinatie is best pittig, maar het loslaten van de inhoud van ons werk zou niet bij me passen.<\/li><li>Voldoende kwalitatief goed en passend werk in en om Almere. Nu reizen nog teveel inwoners naar andere steden en is er niet voor iedereen passend werk;<\/li><li>Goede \u00e9n betaalbare (jeugd)zorg. Het is \u00e9cht tijd voor een andere aanpak;<\/li><li>Goed breed en divers onderwijs in aantrekkelijke gebouwen die een brede functie vervullen in de wijk.<\/li><\/ul>\t<\/div>\n\t\t  <\/div>\n\t<\/div>\n  <\/div>\n\n\t<\/div>\n\n\t<div class=\"block-post-content__sidebar\">\n\t\t\n\t\t\n\t\t\t<\/div>\n<\/section>\n\t  <\/div>\n\t<\/div>\n  <\/div>\n\n\n<div\n  id=\"\"\n  class=\"wrapper  wrapper__spacing-bottom-large--50 wrapper__spacing-bottom-desktop--70 wrapper__spacing-bottom-mobile--50  wrapper__gutter--none\"\n  >\n  \t<div class=\"wrapper__container wrapper__container-width-large--default\">\n\t  <div class=\"wrapper__inner wrapper__width-large--18 wrapper__width-desktop--22 wrapper__width-mobile--24 wrapper__offset-large--6 wrapper__offset-desktop--2 wrapper__offset-mobile--0\">\n\t\t<section class=\"block-post-content\">\n\t<div class=\"block-post-content__title\">\n\t\t<h3 class=\"heading  heading__color--black heading__size--medium heading__font--sans heading__weight--bold  block-post-content__heading\" id=\"nav-de-cultuursector-in-almere9430\" data-nav-heading-mobile=\"De cultuursector in Almere\">\n\tDe cultuursector in Almere<\/h3>\t<\/div>\n\t<div class=\"block-post-content__content\">\n\t\t\n<div\n  id=\"\"\n  class=\"wrapper  wrapper__spacing-bottom-large--30 wrapper__spacing-bottom-desktop--20  wrapper__gutter--none\"\n  >\n  \t<div class=\"wrapper__container wrapper__container-width-large--default\">\n\t  <div class=\"wrapper__inner wrapper__width-large--24 wrapper__width-mobile--24\">\n\t\t<p\n\t\tclass=\"paragraph paragraph__align--left paragraph__color--black paragraph__size--default   block-paragraph__paragraph\"\n\t\t\t>\n\t\tOok voor de cultuursector hebben we ons punt kunnen maken. De sociale binding in Almere staat onder druk. Mensen ontmoeten, kennen elkaar niet en er is veel eenzaamheid. Dat heeft zijn weerslag op de eigen kracht van mensen \u00e9n er is te weinig samenkracht. Het belang van cultuur voor de levendigheid \u00e9n sociale binding in Almere wordt nu breed onderkend in de raad. Waar ik voor wil gaan is dat het budget voor cultuur vergroot wordt en minstens in lijn wordt gebracht met de andere grote steden. Door de contante financi\u00eble druk is dat tot nu toe niet mogelijk. Bij de volgende onderhandelingen is dat zeker \u00e9\u00e9n van de D66 punten. Het is wel gelukt het budget voor cultuur te handhaven, tijdelijk extra geld vrij te maken en de bestaande culturele organisaties in stand te houden. Daar ben ik best trots op.<br><br>\t<\/p>\t  <\/div>\n\t<\/div>\n  <\/div>\n\n\t<\/div>\n\n\t<div class=\"block-post-content__sidebar\">\n\t\t\n\t\t\n\t\t\t<\/div>\n<\/section>\n\t  <\/div>\n\t<\/div>\n  <\/div>\n\n\n<div\n  id=\"\"\n  class=\"wrapper  wrapper__spacing-bottom-large--50 wrapper__spacing-bottom-desktop--70 wrapper__spacing-bottom-mobile--50  wrapper__gutter--none\"\n  >\n  \t<div class=\"wrapper__container wrapper__container-width-large--default\">\n\t  <div class=\"wrapper__inner wrapper__width-large--18 wrapper__width-desktop--22 wrapper__width-mobile--24 wrapper__offset-large--6 wrapper__offset-desktop--2 wrapper__offset-mobile--0\">\n\t\t<section class=\"block-post-content\">\n\t<div class=\"block-post-content__title\">\n\t\t<h3 class=\"heading  heading__color--black heading__size--medium heading__font--sans heading__weight--bold  block-post-content__heading\" id=\"nav-aandacht-voor-zorg-en-welzijn4083\" data-nav-heading-mobile=\"Aandacht voor zorg en welzijn\">\n\tAandacht voor zorg en welzijn<\/h3>\t<\/div>\n\t<div class=\"block-post-content__content\">\n\t\t\n<div\n  id=\"\"\n  class=\"wrapper  wrapper__spacing-bottom-large--30 wrapper__spacing-bottom-desktop--20  wrapper__gutter--none\"\n  >\n  \t<div class=\"wrapper__container wrapper__container-width-large--default\">\n\t  <div class=\"wrapper__inner wrapper__width-large--24 wrapper__width-mobile--24\">\n\t\t<p\n\t\tclass=\"paragraph paragraph__align--left paragraph__color--black paragraph__size--default   block-paragraph__paragraph\"\n\t\t\t>\n\t\tVeel van mijn aandacht is uitgegaan naar Zorg en Welzijn. De kosten van met name de jeugdzorg blijven maar stijgen, terwijl de gezinnen die \u00e9cht hulp nodig hebben geen goede hulp krijgen. Door verbinding te zoeken met andere partijen is het gelukt een innovatieve aanpak te starten voor goede, duurzaam betaalbare zorg voor mensen die het nodig hebben. De aanpak is innovatief, omdat we samenwerken met ambtenaren, de wethouders, organisaties in de stad en inwoners. We kijken breed over de grenzen van de zorg heen en betrekken bijvoorbeeld onderwijs, welzijn en cultuur. We werken er hard aan om deze aanpak v\u00f3\u00f3r de verkiezingen in 2026 af te ronden. Niet in het minst omdat we daarmee ook zorgen voor voldoende geld voor de andere zo belangrijke voorzieningen en onze natuur, kortom de unieke kroonjuwelen van Almere.\u2019 Het zou een prestatie zijn, maar ik heb er het volste vertrouwen in dat het gaat lukken.\t<\/p>\t  <\/div>\n\t<\/div>\n  <\/div>\n\n\t<\/div>\n\n\t<div class=\"block-post-content__sidebar\">\n\t\t\n\t\t\n\t\t\t<\/div>\n<\/section>\n\t  <\/div>\n\t<\/div>\n  <\/div>\n\n\n<div\n  id=\"\"\n  class=\"wrapper  wrapper__spacing-bottom-large--50 wrapper__spacing-bottom-desktop--70 wrapper__spacing-bottom-mobile--50  wrapper__gutter--none\"\n  >\n  \t<div class=\"wrapper__container wrapper__container-width-large--default\">\n\t  <div class=\"wrapper__inner wrapper__width-large--18 wrapper__width-desktop--22 wrapper__width-mobile--24 wrapper__offset-large--6 wrapper__offset-desktop--2 wrapper__offset-mobile--0\">\n\t\t<section class=\"block-post-content\">\n\t<div class=\"block-post-content__title\">\n\t\t<h3 class=\"heading  heading__color--black heading__size--medium heading__font--sans heading__weight--bold  block-post-content__heading\" id=\"nav-campagne-gemeenteraadsverkiezingen-2026502\" data-nav-heading-mobile=\"Campagne Gemeenteraadsverkiezingen 2026\">\n\tCampagne Gemeenteraadsverkiezingen 2026<\/h3>\t<\/div>\n\t<div class=\"block-post-content__content\">\n\t\t\n<div\n  id=\"\"\n  class=\"wrapper  wrapper__spacing-bottom-large--30 wrapper__spacing-bottom-desktop--20  wrapper__gutter--none\"\n  >\n  \t<div class=\"wrapper__container wrapper__container-width-large--default\">\n\t  <div class=\"wrapper__inner wrapper__width-large--24 wrapper__width-mobile--24\">\n\t\t<p\n\t\tclass=\"paragraph paragraph__align--left paragraph__color--black paragraph__size--default   block-paragraph__paragraph\"\n\t\t\t>\n\t\tIk kijk uit naar de campagne voor de gemeenteraadsverkiezingen in 2026. D66 heeft veel te bieden. Dat aan onze inwoners laten zien, hen te overtuigen is een mooie uitdaging. Voor mij is het belangrijk dat we verbinding maken met de stad, mensen meer ruimte en vertrouwen geven. Alleen dan win je vertrouwen terug en dat is hard nodig. Verschillen met de andere partijen maken we goed duidelijk. Daarvoor is het niet nodig om tegenover elkaar te gaan staan, elkaar de maat te meten. Ons sterke verhaal vertellen, vanuit eigen kracht, voor vrijheid en gelijke kansen voor \u00e1lle inwoners.\t<\/p>\t  <\/div>\n\t<\/div>\n  <\/div>\n\n\t<\/div>\n\n\t<div class=\"block-post-content__sidebar\">\n\t\t\n\t\t\n\t\t\t<\/div>\n<\/section>\n\t  <\/div>\n\t<\/div>\n  <\/div>\n\n\n<div\n  id=\"\"\n  class=\"wrapper  wrapper__spacing-bottom-large--50 wrapper__spacing-bottom-desktop--70 wrapper__spacing-bottom-mobile--50  wrapper__gutter--none\"\n  >\n  \t<div class=\"wrapper__container wrapper__container-width-large--default\">\n\t  <div class=\"wrapper__inner wrapper__width-large--18 wrapper__width-desktop--22 wrapper__width-mobile--24 wrapper__offset-large--6 wrapper__offset-desktop--2 wrapper__offset-mobile--0\">\n\t\t<section class=\"block-post-content\">\n\t<div class=\"block-post-content__title\">\n\t\t<h3 class=\"heading  heading__color--black heading__size--medium heading__font--sans heading__weight--semiBold  block-post-content__heading\" id=\"nav-favoriete-boek3343\" data-nav-heading-mobile=\"Favoriete boek\">\n\tFavoriete boek<\/h3>\t<\/div>\n\t<div class=\"block-post-content__content\">\n\t\t\n<div\n  id=\"\"\n  class=\"wrapper  wrapper__spacing-bottom-large--30 wrapper__spacing-bottom-desktop--20  wrapper__gutter--none\"\n  >\n  \t<div class=\"wrapper__container wrapper__container-width-large--default\">\n\t  <div class=\"wrapper__inner wrapper__width-large--24 wrapper__width-mobile--24\">\n\t\t<p\n\t\tclass=\"paragraph paragraph__align--left paragraph__color--black paragraph__size--default   block-paragraph__paragraph\"\n\t\t\t>\n\t\tDat zijn er echt meerdere. De boeken van Ken Follett vind ik bijvoorbeeld heerlijk om te lezen, maar ook Stephen Hawking; a brief history of time. Als ik echt tijd heb het GCHQ puzzelboek.\t<\/p>\t  <\/div>\n\t<\/div>\n  <\/div>\n\n\t<\/div>\n\n\t<div class=\"block-post-content__sidebar\">\n\t\t\n\t\t\n\t\t\t<\/div>\n<\/section>\n\t  <\/div>\n\t<\/div>\n  <\/div>\n\n\n<div\n  id=\"\"\n  class=\"wrapper  wrapper__spacing-bottom-large--50 wrapper__spacing-bottom-desktop--70 wrapper__spacing-bottom-mobile--50  wrapper__gutter--none\"\n  >\n  \t<div class=\"wrapper__container wrapper__container-width-large--default\">\n\t  <div class=\"wrapper__inner wrapper__width-large--18 wrapper__width-desktop--22 wrapper__width-mobile--24 wrapper__offset-large--6 wrapper__offset-desktop--2 wrapper__offset-mobile--0\">\n\t\t<section class=\"block-post-content\">\n\t<div class=\"block-post-content__title\">\n\t\t<h3 class=\"heading  heading__color--black heading__size--medium heading__font--sans heading__weight--semiBold  block-post-content__heading\" id=\"nav-favoriete-plek-in-almere1298\" data-nav-heading-mobile=\"Favoriete plek in Almere\">\n\tFavoriete plek in Almere<\/h3>\t<\/div>\n\t<div class=\"block-post-content__content\">\n\t\t\n<div\n  id=\"\"\n  class=\"wrapper  wrapper__spacing-bottom-large--30 wrapper__spacing-bottom-desktop--20  wrapper__gutter--none\"\n  >\n  \t<div class=\"wrapper__container wrapper__container-width-large--default\">\n\t  <div class=\"wrapper__inner wrapper__width-large--24 wrapper__width-mobile--24\">\n\t\t<p\n\t\tclass=\"paragraph paragraph__align--left paragraph__color--black paragraph__size--default   block-paragraph__paragraph\"\n\t\t\t>\n\t\tMijn favoriete plek is het stuk tussen de Oostvaarders- en Lepelaarsplassen; bij de Trekvogel. Hier vind je niet alleen de geschiedenis van Almere, prachtige natuur, maar ook zoveel mogelijkheden voor de toekomst\t<\/p>\t  <\/div>\n\t<\/div>\n  <\/div>\n\n\t<\/div>\n\n\t<div class=\"block-post-content__sidebar\">\n\t\t\n\t\t\n\t\t\t<\/div>\n<\/section>\n\t  <\/div>\n\t<\/div>\n  <\/div>\n","protected":false},"author":404,"featured_media":1119,"menu_order":9,"template":"","labels":[],"search-tags":[34,26],"division-tags":[31],"class_list":["post-586","people-type","type-people-type","status-publish","has-post-thumbnail","hentry","search-tags-gemeenteraadsverkiezingen-2026","search-tags-lokaal","division-tags-d66-fractie-gemeenteraad-almere"],"acf":[],"yoast_head":"<!-- This site is optimized with the Yoast SEO plugin v27.3 - https:\/\/yoast.com\/product\/yoast-seo-wordpress\/ -->\n<title>D66 Almere &#8212; Raadslid D66 Almere<\/title>\n<meta name=\"description\" content=\"Meke Smeulders zit sinds 2022 in de Almeerse gemeenteraad en is fractievoorzitter van D66 Almere. Lees hier hoe zij zich inzet voor de stad.\" \/>\n<meta name=\"robots\" content=\"index, follow, max-snippet:-1, max-image-preview:large, max-video-preview:-1\" \/>\n<link rel=\"canonical\" href=\"https:\/\/d66.nl\/almere\/mensen\/maak-kennis-met-d66-almere-raadslid-meke-smeulders\/\" \/>\n<meta property=\"og:locale\" content=\"nl_NL\" \/>\n<meta property=\"og:type\" content=\"article\" \/>\n<meta property=\"og:title\" content=\"D66 Almere &#8212; Raadslid D66 Almere\" \/>\n<meta property=\"og:description\" content=\"Meke Smeulders zit sinds 2022 in de Almeerse gemeenteraad en is fractievoorzitter van D66 Almere. Lees hier hoe zij zich inzet voor de stad.\" \/>\n<meta property=\"og:url\" content=\"https:\/\/d66.nl\/almere\/mensen\/maak-kennis-met-d66-almere-raadslid-meke-smeulders\/\" \/>\n<meta property=\"og:site_name\" content=\"D66 Almere\" \/>\n<meta property=\"article:modified_time\" content=\"2026-04-02T10:17:54+00:00\" \/>\n<meta property=\"og:image\" content=\"https:\/\/d66.nl\/almere\/wp-content\/uploads\/sites\/188\/2025\/12\/WhatsApp-Image-2025-12-08-at-00.16.00-3.jpeg\" \/>\n\t<meta property=\"og:image:width\" content=\"2048\" \/>\n\t<meta property=\"og:image:height\" content=\"1366\" \/>\n\t<meta property=\"og:image:type\" content=\"image\/jpeg\" \/>\n<meta name=\"twitter:card\" content=\"summary_large_image\" \/>\n<meta name=\"twitter:label1\" content=\"Geschatte leestijd\" \/>\n\t<meta name=\"twitter:data1\" content=\"1 minuut\" \/>\n<script type=\"application\/ld+json\" class=\"yoast-schema-graph\">{\"@context\":\"https:\\\/\\\/schema.org\",\"@graph\":[{\"@type\":\"WebPage\",\"@id\":\"https:\\\/\\\/d66.nl\\\/almere\\\/mensen\\\/maak-kennis-met-d66-almere-raadslid-meke-smeulders\\\/\",\"url\":\"https:\\\/\\\/d66.nl\\\/almere\\\/mensen\\\/maak-kennis-met-d66-almere-raadslid-meke-smeulders\\\/\",\"name\":\"D66 Almere &#8212; Raadslid D66 Almere\",\"isPartOf\":{\"@id\":\"https:\\\/\\\/d66.nl\\\/almere\\\/#website\"},\"primaryImageOfPage\":{\"@id\":\"https:\\\/\\\/d66.nl\\\/almere\\\/mensen\\\/maak-kennis-met-d66-almere-raadslid-meke-smeulders\\\/#primaryimage\"},\"image\":{\"@id\":\"https:\\\/\\\/d66.nl\\\/almere\\\/mensen\\\/maak-kennis-met-d66-almere-raadslid-meke-smeulders\\\/#primaryimage\"},\"thumbnailUrl\":\"https:\\\/\\\/d66.nl\\\/almere\\\/wp-content\\\/uploads\\\/sites\\\/188\\\/2025\\\/12\\\/WhatsApp-Image-2025-12-08-at-00.16.00-3.jpeg\",\"datePublished\":\"2022-01-05T21:15:58+00:00\",\"dateModified\":\"2026-04-02T10:17:54+00:00\",\"description\":\"Meke Smeulders zit sinds 2022 in de Almeerse gemeenteraad en is fractievoorzitter van D66 Almere. Lees hier hoe zij zich inzet voor de stad.\",\"breadcrumb\":{\"@id\":\"https:\\\/\\\/d66.nl\\\/almere\\\/mensen\\\/maak-kennis-met-d66-almere-raadslid-meke-smeulders\\\/#breadcrumb\"},\"inLanguage\":\"nl-NL\",\"potentialAction\":[{\"@type\":\"ReadAction\",\"target\":[\"https:\\\/\\\/d66.nl\\\/almere\\\/mensen\\\/maak-kennis-met-d66-almere-raadslid-meke-smeulders\\\/\"]}]},{\"@type\":\"ImageObject\",\"inLanguage\":\"nl-NL\",\"@id\":\"https:\\\/\\\/d66.nl\\\/almere\\\/mensen\\\/maak-kennis-met-d66-almere-raadslid-meke-smeulders\\\/#primaryimage\",\"url\":\"https:\\\/\\\/d66.nl\\\/almere\\\/wp-content\\\/uploads\\\/sites\\\/188\\\/2025\\\/12\\\/WhatsApp-Image-2025-12-08-at-00.16.00-3.jpeg\",\"contentUrl\":\"https:\\\/\\\/d66.nl\\\/almere\\\/wp-content\\\/uploads\\\/sites\\\/188\\\/2025\\\/12\\\/WhatsApp-Image-2025-12-08-at-00.16.00-3.jpeg\",\"width\":2048,\"height\":1366,\"caption\":\"Lijsttrekker Meke Smeulders\"},{\"@type\":\"BreadcrumbList\",\"@id\":\"https:\\\/\\\/d66.nl\\\/almere\\\/mensen\\\/maak-kennis-met-d66-almere-raadslid-meke-smeulders\\\/#breadcrumb\",\"itemListElement\":[{\"@type\":\"ListItem\",\"position\":1,\"name\":\"Home\",\"item\":\"https:\\\/\\\/d66.nl\\\/almere\\\/\"},{\"@type\":\"ListItem\",\"position\":2,\"name\":\"Mensen\",\"item\":\"https:\\\/\\\/d66.nl\\\/almere\\\/mensen\\\/\"},{\"@type\":\"ListItem\",\"position\":3,\"name\":\"Meke Smeulders\"}]},{\"@type\":\"WebSite\",\"@id\":\"https:\\\/\\\/d66.nl\\\/almere\\\/#website\",\"url\":\"https:\\\/\\\/d66.nl\\\/almere\\\/\",\"name\":\"D66 Almere\",\"description\":\"Laat iedereen vrij, maar niemand vallen\",\"publisher\":{\"@id\":\"https:\\\/\\\/d66.nl\\\/almere\\\/#organization\"},\"potentialAction\":[{\"@type\":\"SearchAction\",\"target\":{\"@type\":\"EntryPoint\",\"urlTemplate\":\"https:\\\/\\\/d66.nl\\\/almere\\\/?s={search_term_string}\"},\"query-input\":{\"@type\":\"PropertyValueSpecification\",\"valueRequired\":true,\"valueName\":\"search_term_string\"}}],\"inLanguage\":\"nl-NL\"},{\"@type\":\"Organization\",\"@id\":\"https:\\\/\\\/d66.nl\\\/almere\\\/#organization\",\"name\":\"D66\",\"url\":\"https:\\\/\\\/d66.nl\\\/almere\\\/\",\"logo\":{\"@type\":\"ImageObject\",\"inLanguage\":\"nl-NL\",\"@id\":\"https:\\\/\\\/d66.nl\\\/almere\\\/#\\\/schema\\\/logo\\\/image\\\/\",\"url\":\"https:\\\/\\\/d66.nl\\\/almere\\\/wp-content\\\/uploads\\\/sites\\\/2\\\/2021\\\/10\\\/d66-themas-algemeen-og.png\",\"contentUrl\":\"https:\\\/\\\/d66.nl\\\/almere\\\/wp-content\\\/uploads\\\/sites\\\/2\\\/2021\\\/10\\\/d66-themas-algemeen-og.png\",\"width\":1200,\"height\":628,\"caption\":\"D66\"},\"image\":{\"@id\":\"https:\\\/\\\/d66.nl\\\/almere\\\/#\\\/schema\\\/logo\\\/image\\\/\"}}]}<\/script>\n<!-- \/ Yoast SEO plugin. -->","yoast_head_json":{"title":"D66 Almere &#8212; Raadslid D66 Almere","description":"Meke Smeulders zit sinds 2022 in de Almeerse gemeenteraad en is fractievoorzitter van D66 Almere. Lees hier hoe zij zich inzet voor de stad.","robots":{"index":"index","follow":"follow","max-snippet":"max-snippet:-1","max-image-preview":"max-image-preview:large","max-video-preview":"max-video-preview:-1"},"canonical":"https:\/\/d66.nl\/almere\/mensen\/maak-kennis-met-d66-almere-raadslid-meke-smeulders\/","og_locale":"nl_NL","og_type":"article","og_title":"D66 Almere &#8212; Raadslid D66 Almere","og_description":"Meke Smeulders zit sinds 2022 in de Almeerse gemeenteraad en is fractievoorzitter van D66 Almere. Lees hier hoe zij zich inzet voor de stad.","og_url":"https:\/\/d66.nl\/almere\/mensen\/maak-kennis-met-d66-almere-raadslid-meke-smeulders\/","og_site_name":"D66 Almere","article_modified_time":"2026-04-02T10:17:54+00:00","og_image":[{"width":2048,"height":1366,"url":"https:\/\/d66.nl\/almere\/wp-content\/uploads\/sites\/188\/2025\/12\/WhatsApp-Image-2025-12-08-at-00.16.00-3.jpeg","type":"image\/jpeg"}],"twitter_card":"summary_large_image","twitter_misc":{"Geschatte leestijd":"1 minuut"},"schema":{"@context":"https:\/\/schema.org","@graph":[{"@type":"WebPage","@id":"https:\/\/d66.nl\/almere\/mensen\/maak-kennis-met-d66-almere-raadslid-meke-smeulders\/","url":"https:\/\/d66.nl\/almere\/mensen\/maak-kennis-met-d66-almere-raadslid-meke-smeulders\/","name":"D66 Almere &#8212; Raadslid D66 Almere","isPartOf":{"@id":"https:\/\/d66.nl\/almere\/#website"},"primaryImageOfPage":{"@id":"https:\/\/d66.nl\/almere\/mensen\/maak-kennis-met-d66-almere-raadslid-meke-smeulders\/#primaryimage"},"image":{"@id":"https:\/\/d66.nl\/almere\/mensen\/maak-kennis-met-d66-almere-raadslid-meke-smeulders\/#primaryimage"},"thumbnailUrl":"https:\/\/d66.nl\/almere\/wp-content\/uploads\/sites\/188\/2025\/12\/WhatsApp-Image-2025-12-08-at-00.16.00-3.jpeg","datePublished":"2022-01-05T21:15:58+00:00","dateModified":"2026-04-02T10:17:54+00:00","description":"Meke Smeulders zit sinds 2022 in de Almeerse gemeenteraad en is fractievoorzitter van D66 Almere. Lees hier hoe zij zich inzet voor de stad.","breadcrumb":{"@id":"https:\/\/d66.nl\/almere\/mensen\/maak-kennis-met-d66-almere-raadslid-meke-smeulders\/#breadcrumb"},"inLanguage":"nl-NL","potentialAction":[{"@type":"ReadAction","target":["https:\/\/d66.nl\/almere\/mensen\/maak-kennis-met-d66-almere-raadslid-meke-smeulders\/"]}]},{"@type":"ImageObject","inLanguage":"nl-NL","@id":"https:\/\/d66.nl\/almere\/mensen\/maak-kennis-met-d66-almere-raadslid-meke-smeulders\/#primaryimage","url":"https:\/\/d66.nl\/almere\/wp-content\/uploads\/sites\/188\/2025\/12\/WhatsApp-Image-2025-12-08-at-00.16.00-3.jpeg","contentUrl":"https:\/\/d66.nl\/almere\/wp-content\/uploads\/sites\/188\/2025\/12\/WhatsApp-Image-2025-12-08-at-00.16.00-3.jpeg","width":2048,"height":1366,"caption":"Lijsttrekker Meke Smeulders"},{"@type":"BreadcrumbList","@id":"https:\/\/d66.nl\/almere\/mensen\/maak-kennis-met-d66-almere-raadslid-meke-smeulders\/#breadcrumb","itemListElement":[{"@type":"ListItem","position":1,"name":"Home","item":"https:\/\/d66.nl\/almere\/"},{"@type":"ListItem","position":2,"name":"Mensen","item":"https:\/\/d66.nl\/almere\/mensen\/"},{"@type":"ListItem","position":3,"name":"Meke Smeulders"}]},{"@type":"WebSite","@id":"https:\/\/d66.nl\/almere\/#website","url":"https:\/\/d66.nl\/almere\/","name":"D66 Almere","description":"Laat iedereen vrij, maar niemand vallen","publisher":{"@id":"https:\/\/d66.nl\/almere\/#organization"},"potentialAction":[{"@type":"SearchAction","target":{"@type":"EntryPoint","urlTemplate":"https:\/\/d66.nl\/almere\/?s={search_term_string}"},"query-input":{"@type":"PropertyValueSpecification","valueRequired":true,"valueName":"search_term_string"}}],"inLanguage":"nl-NL"},{"@type":"Organization","@id":"https:\/\/d66.nl\/almere\/#organization","name":"D66","url":"https:\/\/d66.nl\/almere\/","logo":{"@type":"ImageObject","inLanguage":"nl-NL","@id":"https:\/\/d66.nl\/almere\/#\/schema\/logo\/image\/","url":"https:\/\/d66.nl\/almere\/wp-content\/uploads\/sites\/2\/2021\/10\/d66-themas-algemeen-og.png","contentUrl":"https:\/\/d66.nl\/almere\/wp-content\/uploads\/sites\/2\/2021\/10\/d66-themas-algemeen-og.png","width":1200,"height":628,"caption":"D66"},"image":{"@id":"https:\/\/d66.nl\/almere\/#\/schema\/logo\/image\/"}}]}},"_links":{"self":[{"href":"https:\/\/d66.nl\/almere\/wp-json\/wp\/v2\/people-type\/586","targetHints":{"allow":["GET"]}}],"collection":[{"href":"https:\/\/d66.nl\/almere\/wp-json\/wp\/v2\/people-type"}],"about":[{"href":"https:\/\/d66.nl\/almere\/wp-json\/wp\/v2\/types\/people-type"}],"author":[{"embeddable":true,"href":"https:\/\/d66.nl\/almere\/wp-json\/wp\/v2\/users\/404"}],"wp:featuredmedia":[{"embeddable":true,"href":"https:\/\/d66.nl\/almere\/wp-json\/wp\/v2\/media\/1119"}],"wp:attachment":[{"href":"https:\/\/d66.nl\/almere\/wp-json\/wp\/v2\/media?parent=586"}],"wp:term":[{"taxonomy":"labels","embeddable":true,"href":"https:\/\/d66.nl\/almere\/wp-json\/wp\/v2\/labels?post=586"},{"taxonomy":"search-tags","embeddable":true,"href":"https:\/\/d66.nl\/almere\/wp-json\/wp\/v2\/search-tags?post=586"},{"taxonomy":"division-tags","embeddable":true,"href":"https:\/\/d66.nl\/almere\/wp-json\/wp\/v2\/division-tags?post=586"}],"curies":[{"name":"wp","href":"https:\/\/api.w.org\/{rel}","templated":true}]}}