{"id":22,"date":"2021-10-20T19:18:08","date_gmt":"2021-10-20T19:18:08","guid":{"rendered":"https:\/\/d66.nl\/almere\/?page_id=22"},"modified":"2023-05-16T09:26:25","modified_gmt":"2023-05-16T09:26:25","slug":"nieuws","status":"publish","type":"page","link":"https:\/\/d66.nl\/almere\/nieuws\/","title":{"rendered":"Nieuws"},"content":{"rendered":"<div\n  id=\"\"\n  class=\"wrapper  wrapper__spacing-bottom-large--50 wrapper__spacing-bottom-desktop--66 wrapper__spacing-bottom-mobile--76  wrapper__gutter--none\"\n  >\n  \t<div class=\"wrapper__container wrapper__container-width-large--default\">\n\t  <div class=\"wrapper__inner wrapper__width-large--14 wrapper__width-desktop--20 wrapper__width-mobile--24 wrapper__offset-large--6 wrapper__offset-desktop--4 wrapper__offset-mobile--0\">\n\t\t<h1 class=\"heading   heading__size--giant heading__font--serif heading__weight--regular  block-heading__heading\" id=\"nav-nieuwspagina4361\"  data-nav-heading-mobile=\"Nieuwspagina\" >\n\tNieuwspagina<\/h1>\t  <\/div>\n\t<\/div>\n  <\/div>\n\n\n<div\n  id=\"\"\n  class=\"wrapper  wrapper__spacing-bottom-large--50 wrapper__spacing-bottom-mobile--40  wrapper__gutter--none\"\n  >\n  \t<div class=\"wrapper__container wrapper__container-width-large--default\">\n\t  <div class=\"wrapper__inner wrapper__width-large--13 wrapper__width-desktop--22 wrapper__width-mobile--24 wrapper__offset-large--6 wrapper__offset-desktop--2 wrapper__offset-mobile--0\">\n\t\t<p\n\t\tclass=\"paragraph   paragraph__size--big   block-paragraph__paragraph\"\n\t\t\t>\n\t\tHet nieuwsoverzicht wordt ingeladen als je template &#8220;Overview News&#8221; selecteert.\t<\/p>\t  <\/div>\n\t<\/div>\n  <\/div>\n\n\n<div\n  id=\"\"\n  class=\"wrapper  wrapper__spacing-bottom-large--20  wrapper__gutter--none\"\n  >\n  \t<div class=\"wrapper__container wrapper__container-width-large--default\">\n\t  <div class=\"wrapper__inner wrapper__width-large--18 wrapper__width-desktop--22 wrapper__width-mobile--24 wrapper__offset-large--6 wrapper__offset-desktop--2 wrapper__offset-mobile--0\">\n\t\t<div class=\"js-article-grid\">\n\t\t<div\n\t\tclass=\"block-article-listing js-block-article-listing\"\n\t\tdata-latest-post-id=\"1406\"\n\t\tdata-how-many-to-load=\"30\"\n\t\tdata-post-type=\"post\"\n\t\tdata-filtering=\"no-filter\"\t\t\t\tdata-sites=\"\"\n\t\tdata-syndication=\"current-site\"\n\t\tdata-nothing-found-text=\"\"\n\n\t\t\t\t>\n\t\t<input type=\"hidden\" id=\"_wpnonce\" name=\"_wpnonce\" value=\"0978ea7d65\" \/><input type=\"hidden\" name=\"_wp_http_referer\" value=\"\/almere\/wp-json\/wp\/v2\/pages\/22\" \/><div class=\"block-point-of-view-grid-new js-block-point-of-view-grid-new\">\n\t<div class=\"block-point-of-view-grid-new__grid\">\n\n\t\t\t\t\t<div class=\"block-point-of-view-grid-new__row-desktop block-point-of-view-grid-new__row-desktop-bottom\">\n\t\t\t\t\t\t\t\t\t\t\t\t\t\t\t<div class=\"block-point-of-view-grid-new__item block-point-of-view-grid-new__item--first\">\n\t\t\t\t\t\t\t<article class=\"small-article-card js-small-article-card  block-point-of-view-grid-new__small-article-card\">\n\n\t\t\t<div class=\"background-overlay\"><\/div>\n\t\t\t\n\t<a class=\"small-article-card__wrapper small-article-card__color--rosePink\" style=\"background-image: url('https:\/\/media.d66.nl\/uploads\/sites\/188\/2026\/04\/Inbreng-Suus-verkenning.jpg')\" href=\"https:\/\/d66.nl\/almere\/nieuws\/uitnodiging-coalitiegesprekken\/\">\n\t\t\t\t\t<div class=\"block-point-of-view-grid-new__date\">\n\t\t\t\t<p class=\"paragraph  paragraph__color--white paragraph__size--medium paragraph__weight--semiBold\">\n\t\t17.04.2026\t<\/p>\t\t\t<\/div>\n\t\t\n\t\t<div class=\"small-article-card__heading\">\n<h2 class=\"heading heading__align--left heading__color--white heading__size--medium heading__font--sans heading__weight--bold\" id=\"nav-uitnodiging-coalitiegesprekken2956\" data-nav-heading-mobile=\"Uitnodiging coalitiegesprekken\">\n\tUitnodiging coalitiegesprekken<\/h2>\n<\/div>\t\t\t\t\t\t\t<div class=\"small-article-card__button-wrapper\">\n\t\t\t\t<button class=\"buttonV2 buttonV2__color--transparent buttonV2__size--default buttonV2__size-width--default   small-article-card__buttonV2\" id=\"\" style=\"--buttonV2-text-color: var(--global-colors-white)\">\n\t<div class=\"buttonV2__top-wrapper buttonV2__arrow-align--right\">\n\t\t\t\t\t<span class=\"buttonV2__title\">\n\t\t\t\tLees verder\t\t\t<\/span>\n\t\t\n\t\t\t\t\t<div class=\"buttonV2__icon\">\n\t\t\t\t<svg xmlns='http:\/\/www.w3.org\/2000\/svg' viewBox='0 0 58.14 50.62'><path d='m32.82 50.62 25.32-25.31L32.82 0l-4.35 4.35 17.92 17.86H0v6.21h46.39L28.47 46.33l4.35 4.29z' fill='currentColor' \/><\/svg>\t\t\t<\/div>\n\t\t\t<\/div>\n\n\t<\/button>\t\t\t<\/div>\n\t\t\t<\/a>\n<\/article>\t\t\t\t\t\t<\/div>\n\t\t\t\t\t\t\t\t\t\t\t\t\t\t\t\t\t\t\t\t<div class=\"block-point-of-view-grid-new__item block-point-of-view-grid-new__item--second\">\n\t\t\t\t\t\t\t<article class=\"small-article-card js-small-article-card  block-point-of-view-grid-new__small-article-card\">\n\n\t\t\t<div class=\"background-overlay\"><\/div>\n\t\t\t\n\t<a class=\"small-article-card__wrapper small-article-card__color--skyBlue\" style=\"background-image: url('https:\/\/media.d66.nl\/uploads\/sites\/188\/2026\/04\/WhatsApp-Image-2026-04-03-at-14.54.23.jpeg')\" href=\"https:\/\/d66.nl\/almere\/nieuws\/algemene-beschouwingen-gemeenteraadsverkiezingen-2026\/\">\n\t\t\t\t\t<div class=\"block-point-of-view-grid-new__date\">\n\t\t\t\t<p class=\"paragraph  paragraph__color--white paragraph__size--medium paragraph__weight--semiBold\">\n\t\t07.04.2026\t<\/p>\t\t\t<\/div>\n\t\t\n\t\t<div class=\"small-article-card__heading\">\n<h2 class=\"heading heading__align--left heading__color--white heading__size--medium heading__font--sans heading__weight--bold\" id=\"nav-algemene-beschouwingen-april-20265224\" data-nav-heading-mobile=\"Algemene Beschouwingen april 2026\">\n\tAlgemene Beschouwingen april 2026<\/h2>\n<\/div>\t\t\t\t\t\t\t<div class=\"small-article-card__button-wrapper\">\n\t\t\t\t<button class=\"buttonV2 buttonV2__color--transparent buttonV2__size--default buttonV2__size-width--default   small-article-card__buttonV2\" id=\"\" style=\"--buttonV2-text-color: var(--global-colors-white)\">\n\t<div class=\"buttonV2__top-wrapper buttonV2__arrow-align--right\">\n\t\t\t\t\t<span class=\"buttonV2__title\">\n\t\t\t\tLees verder\t\t\t<\/span>\n\t\t\n\t\t\t\t\t<div class=\"buttonV2__icon\">\n\t\t\t\t<svg xmlns='http:\/\/www.w3.org\/2000\/svg' viewBox='0 0 58.14 50.62'><path d='m32.82 50.62 25.32-25.31L32.82 0l-4.35 4.35 17.92 17.86H0v6.21h46.39L28.47 46.33l4.35 4.29z' fill='currentColor' \/><\/svg>\t\t\t<\/div>\n\t\t\t<\/div>\n\n\t<\/button>\t\t\t<\/div>\n\t\t\t<\/a>\n<\/article>\t\t\t\t\t\t<\/div>\n\t\t\t\t\t\t\t\t\t\t\t\t\t\t\t\t\t\t\t\t<div class=\"block-point-of-view-grid-new__item block-point-of-view-grid-new__item--third\">\n\t\t\t\t\t\t\t<article class=\"small-article-card js-small-article-card  block-point-of-view-grid-new__small-article-card\">\n\n\t\t\t<div class=\"background-overlay\"><\/div>\n\t\t\t\n\t<a class=\"small-article-card__wrapper small-article-card__color--olive\" style=\"background-image: url('https:\/\/media.d66.nl\/uploads\/sites\/188\/2026\/03\/WhatsApp-Image-2026-04-02-at-11.03.39-1-1024x683.jpeg')\" href=\"https:\/\/d66.nl\/almere\/nieuws\/de-nieuwe-d66-fractie-van-de-almeerse-gemeenteraad-heeft-op-19-maart-een-nieuwe-fractievoorzitter-gekozen\/\">\n\t\t\t\t\t<div class=\"block-point-of-view-grid-new__date\">\n\t\t\t\t<p class=\"paragraph  paragraph__color--white paragraph__size--medium paragraph__weight--semiBold\">\n\t\t03.04.2026\t<\/p>\t\t\t<\/div>\n\t\t\n\t\t<div class=\"small-article-card__heading\">\n<h2 class=\"heading heading__align--left heading__color--white heading__size--medium heading__font--sans heading__weight--bold\" id=\"nav-fractie-d66-almere-kiest-fractievoorzitter3807\" data-nav-heading-mobile=\"Fractie D66 Almere kiest fractievoorzitter\">\n\tFractie D66 Almere kiest fractievoorzitter<\/h2>\n<\/div>\t\t\t\t\t\t\t<div class=\"small-article-card__button-wrapper\">\n\t\t\t\t<button class=\"buttonV2 buttonV2__color--transparent buttonV2__size--default buttonV2__size-width--default   small-article-card__buttonV2\" id=\"\" style=\"--buttonV2-text-color: var(--global-colors-white)\">\n\t<div class=\"buttonV2__top-wrapper buttonV2__arrow-align--right\">\n\t\t\t\t\t<span class=\"buttonV2__title\">\n\t\t\t\tLees verder\t\t\t<\/span>\n\t\t\n\t\t\t\t\t<div class=\"buttonV2__icon\">\n\t\t\t\t<svg xmlns='http:\/\/www.w3.org\/2000\/svg' viewBox='0 0 58.14 50.62'><path d='m32.82 50.62 25.32-25.31L32.82 0l-4.35 4.35 17.92 17.86H0v6.21h46.39L28.47 46.33l4.35 4.29z' fill='currentColor' \/><\/svg>\t\t\t<\/div>\n\t\t\t<\/div>\n\n\t<\/button>\t\t\t<\/div>\n\t\t\t<\/a>\n<\/article>\t\t\t\t\t\t<\/div>\n\t\t\t\t\t\t\t\t\t\t\t\t<\/div>\n\t\t\n\t\t\t\t\t<div class=\"block-point-of-view-grid-new__row-desktop block-point-of-view-grid-new__row-desktop-bottom\">\n\t\t\t\t\t\t\t\t\t\t\t\t\t\t\t<div class=\"block-point-of-view-grid-new__item block-point-of-view-grid-new__item--fourth\">\n\t\t\t\t\t\t\t<article class=\"small-article-card js-small-article-card  block-point-of-view-grid-new__small-article-card\">\n\n\t\t\t<div class=\"background-overlay\"><\/div>\n\t\t\t\n\t<a class=\"small-article-card__wrapper small-article-card__color--yellow\" style=\"background-image: url('https:\/\/d66.nl\/almere\/wp-content\/uploads\/sites\/188\/2025\/12\/WhatsApp-Image-2025-12-18-at-08.31.29-1-973x1024.jpeg')\" href=\"https:\/\/d66.nl\/almere\/nieuws\/d66-almere-kiest-voor-een-menselijke-en-verantwoorde-aanpak-voor-dakloosheid\/\">\n\t\t\t\t\t<div class=\"block-point-of-view-grid-new__date\">\n\t\t\t\t<p class=\"paragraph  paragraph__color--white paragraph__size--medium paragraph__weight--semiBold\">\n\t\t29.12.2025\t<\/p>\t\t\t<\/div>\n\t\t\n\t\t<div class=\"small-article-card__heading\">\n<h2 class=\"heading heading__align--left heading__color--white heading__size--medium heading__font--sans heading__weight--bold\" id=\"nav-d66-almere-kiest-voor-een-menselijke-en-verantwoorde-aanpak-voor-dakloosheid1218\" data-nav-heading-mobile=\"D66 Almere kiest voor een menselijke en verantwoorde aanpak voor dakloosheid\">\n\tD66 Almere kiest voor een menselijke en verantwoorde aanpak voor dakloosheid<\/h2>\n<\/div>\t\t\t\t\t\t\t<div class=\"small-article-card__button-wrapper\">\n\t\t\t\t<button class=\"buttonV2 buttonV2__color--transparent buttonV2__size--default buttonV2__size-width--default   small-article-card__buttonV2\" id=\"\" style=\"--buttonV2-text-color: var(--global-colors-white)\">\n\t<div class=\"buttonV2__top-wrapper buttonV2__arrow-align--right\">\n\t\t\t\t\t<span class=\"buttonV2__title\">\n\t\t\t\tLees verder\t\t\t<\/span>\n\t\t\n\t\t\t\t\t<div class=\"buttonV2__icon\">\n\t\t\t\t<svg xmlns='http:\/\/www.w3.org\/2000\/svg' viewBox='0 0 58.14 50.62'><path d='m32.82 50.62 25.32-25.31L32.82 0l-4.35 4.35 17.92 17.86H0v6.21h46.39L28.47 46.33l4.35 4.29z' fill='currentColor' \/><\/svg>\t\t\t<\/div>\n\t\t\t<\/div>\n\n\t<\/button>\t\t\t<\/div>\n\t\t\t<\/a>\n<\/article>\t\t\t\t\t\t<\/div>\n\t\t\t\t\t\t\t\t\t\t\t\t\t\t\t\t\t\t\t\t<div class=\"block-point-of-view-grid-new__item block-point-of-view-grid-new__item--fifth\">\n\t\t\t\t\t\t\t<article class=\"article-card article-card__color--rosePink   block-point-of-view-grid-new block-point-of-view-grid-new__card block-point-of-view-grid-new__article-card\">\n\t\t<a class=\"article-card__link\" href=\"https:\/\/d66.nl\/almere\/nieuws\/presentatie-kandidatenlijst-gr2026\/\" aria-label=\"Link naar artikel\">\n\t\t<header class=\"article-card__header\">\n\n\t\t\t\t\t\t<div class=\"article-card__meta-row-wrapper\">\n\t\t\t\t<div class=\"article-card__date\">\n\t\t\t\t\t\t<p class=\"paragraph   paragraph__size--medium paragraph__weight--semiBold\">\n\t\t09.12.2025\t<\/p>\t\t\t\t<\/div>\n\t\t\t<\/div>\n\t\t\t\t\t\t\t\t\t\t<div class=\"article-card__featured-image-wrapper\">\n\t\t\t\t\t<img loading=\"lazy\" decoding=\"async\" width=\"682\" height=\"1024\" src=\"https:\/\/d66.nl\/almere\/wp-content\/uploads\/sites\/188\/2025\/12\/WhatsApp-Image-2025-12-07-at-21.51.50-682x1024.jpeg\" class=\"image article-card__img\" alt=\"kandidaten D66 Almere gemeenteraadsverkiezingen 2026\" \/>\t\t\t\t<\/div>\n\t\t\t\t\t\t\t\t<\/header>\n\n\t\t<div class=\"article-card__body\">\n\t\t\t\t\t\t\t<h3 class=\"heading   heading__size--large heading__font--sans heading__weight--bold\" id=\"nav-kandidatenlijst-gr20264271\">\n\tKandidatenlijst GR2026<\/h3>\t\t\t\t\t\t\n\t\t\t<button class=\"buttonV2 buttonV2__color--transparent buttonV2__size--default buttonV2__size-width--default   article-card__buttonV2\" id=\"\">\n\t<div class=\"buttonV2__top-wrapper buttonV2__arrow-align--right\">\n\t\t\t\t\t<span class=\"buttonV2__title\">\n\t\t\t\tLees verder\t\t\t<\/span>\n\t\t\n\t\t\t\t\t<div class=\"buttonV2__icon\">\n\t\t\t\t<svg xmlns='http:\/\/www.w3.org\/2000\/svg' viewBox='0 0 58.14 50.62'><path d='m32.82 50.62 25.32-25.31L32.82 0l-4.35 4.35 17.92 17.86H0v6.21h46.39L28.47 46.33l4.35 4.29z' fill='currentColor' \/><\/svg>\t\t\t<\/div>\n\t\t\t<\/div>\n\n\t<\/button>\t\t<\/div>\n\t<\/a>\n<\/article>\t\t\t\t\t\t<\/div>\n\t\t\t\t\t\t\t\t\t\t\t\t\t\t\t\t\t\t\t\t<div class=\"block-point-of-view-grid-new__item block-point-of-view-grid-new__item--sixth\">\n\t\t\t\t\t\t\t<div class=\"mini-card  mini-card__style mini-card__style--spacious   block-point-of-view-grid-new__mini-card\" data-post-id=\"0\">\n\t\t\t<div class=\"mini-card__date\">\n\t\t\t<p class=\"paragraph paragraph__align--left paragraph__color--black paragraph__size--default paragraph__weight--medium\">\n\t\t29.04.2024\t<\/p>\t\t<\/div>\n\t\n\t\t\t<div class=\"mini-card__image-wrapper\">\n\t\t\t\t\t<\/div>\n\t\t\t\t<div class=\"mini-card__heading  mini-card__limit-lines mini-card__limit-lines--2\">\n\t\t\t<a href=\"https:\/\/d66.nl\/almere\/nieuws\/voetgangers-fietsers-en-ov-op-eerste-plaats-in-nieuw-stadsdeel-pampus\/\" class=\"mini-card__link\">\n\t\t\t\t<h2 class=\"heading heading__align--left heading__color--black heading__size--medium heading__font--sans heading__weight--bold\" id=\"nav-voetgangers--fietsers-en-ov-op-eerste-plaats-in-nieuw-stadsdeel-pampus-7421\">\n\tVoetgangers, fietsers en OV op eerste plaats in nieuw stadsdeel Pampus!<\/h2>\t\t\t<\/a>\n\t\t<\/div>\n\t\t\t\t\n\t\t\t<div class=\"mini-card__paragraph  mini-card__limit-lines mini-card__limit-lines--3\">\n\t\t\t<p class=\"paragraph paragraph__align--left paragraph__color--black paragraph__size--default paragraph__weight--medium\">\n\t\tHet nieuwe stadsdeel Almere Pampus wordt zo ingericht dat voetgangers, fietsers en het openbaar vervoer op de eerste plek komen.\t<\/p>\t\t<\/div>\n\t\n\t<a href=\"https:\/\/d66.nl\/almere\/nieuws\/voetgangers-fietsers-en-ov-op-eerste-plaats-in-nieuw-stadsdeel-pampus\/\" class=\"buttonV2 buttonV2__color--transparent buttonV2__size--default buttonV2__size-width--default buttonV2__link  mini-card__buttonV2\" id=\"\" target=\"\">\n\t<div class=\"buttonV2__top-wrapper buttonV2__arrow-align--right\">\n\t\t\t\t\t<span class=\"buttonV2__title\">\n\t\t\t\tLees verder\t\t\t<\/span>\n\t\t\n\t\t\t\t\t<div class=\"buttonV2__icon\">\n\t\t\t\t<svg xmlns='http:\/\/www.w3.org\/2000\/svg' viewBox='0 0 58.14 50.62'><path d='m32.82 50.62 25.32-25.31L32.82 0l-4.35 4.35 17.92 17.86H0v6.21h46.39L28.47 46.33l4.35 4.29z' fill='currentColor' \/><\/svg>\t\t\t<\/div>\n\t\t\t<\/div>\n\n\t<\/a><\/div>\t\t\t\t\t\t<\/div>\n\t\t\t\t\t\t\t\t\t\t\t\t<\/div>\n\t\t\n\t<\/div>\n\t\t\t<div class=\"block-point-of-view-grid-new__accordions\">\n\t\t\t\t\t\t\t\t\t\t\t\t<div class=\"block-point-of-view-grid-new block-point-of-view-grid-new--first\">\n\t\t\t\t\t\t<article class=\"small-article-card js-small-article-card  block-point-of-view-grid-new__small-article-card\">\n\n\t\t\t<div class=\"background-overlay\"><\/div>\n\t\t\t\n\t<a class=\"small-article-card__wrapper small-article-card__color--rosePink\" style=\"background-image: url('https:\/\/media.d66.nl\/uploads\/sites\/188\/2026\/04\/Inbreng-Suus-verkenning.jpg')\" href=\"https:\/\/d66.nl\/almere\/nieuws\/uitnodiging-coalitiegesprekken\/\">\n\t\t\t\t\t<div class=\"block-point-of-view-grid-new__date\">\n\t\t\t\t<p class=\"paragraph  paragraph__color--white paragraph__size--medium paragraph__weight--semiBold\">\n\t\t17.04.2026\t<\/p>\t\t\t<\/div>\n\t\t\n\t\t<div class=\"small-article-card__heading\">\n<h2 class=\"heading heading__align--left heading__color--white heading__size--medium heading__font--sans heading__weight--bold\" id=\"nav-uitnodiging-coalitiegesprekken6600\" data-nav-heading-mobile=\"Uitnodiging coalitiegesprekken\">\n\tUitnodiging coalitiegesprekken<\/h2>\n<\/div>\t\t\t\t\t\t\t<div class=\"small-article-card__button-wrapper\">\n\t\t\t\t<button class=\"buttonV2 buttonV2__color--transparent buttonV2__size--default buttonV2__size-width--default   small-article-card__buttonV2\" id=\"\" style=\"--buttonV2-text-color: var(--global-colors-white)\">\n\t<div class=\"buttonV2__top-wrapper buttonV2__arrow-align--right\">\n\t\t\t\t\t<span class=\"buttonV2__title\">\n\t\t\t\tLees verder\t\t\t<\/span>\n\t\t\n\t\t\t\t\t<div class=\"buttonV2__icon\">\n\t\t\t\t<svg xmlns='http:\/\/www.w3.org\/2000\/svg' viewBox='0 0 58.14 50.62'><path d='m32.82 50.62 25.32-25.31L32.82 0l-4.35 4.35 17.92 17.86H0v6.21h46.39L28.47 46.33l4.35 4.29z' fill='currentColor' \/><\/svg>\t\t\t<\/div>\n\t\t\t<\/div>\n\n\t<\/button>\t\t\t<\/div>\n\t\t\t<\/a>\n<\/article>\t\t\t\t\t<\/div>\n\t\t\t\t\t\t\t\t\t\t\t\t\t\t\t\t<div class=\"block-point-of-view-grid-new block-point-of-view-grid-new--second\">\n\t\t\t\t\t\t<article class=\"small-article-card js-small-article-card  block-point-of-view-grid-new__small-article-card\">\n\n\t\t\t<div class=\"background-overlay\"><\/div>\n\t\t\t\n\t<a class=\"small-article-card__wrapper small-article-card__color--skyBlue\" style=\"background-image: url('https:\/\/media.d66.nl\/uploads\/sites\/188\/2026\/04\/WhatsApp-Image-2026-04-03-at-14.54.23.jpeg')\" href=\"https:\/\/d66.nl\/almere\/nieuws\/algemene-beschouwingen-gemeenteraadsverkiezingen-2026\/\">\n\t\t\t\t\t<div class=\"block-point-of-view-grid-new__date\">\n\t\t\t\t<p class=\"paragraph  paragraph__color--white paragraph__size--medium paragraph__weight--semiBold\">\n\t\t07.04.2026\t<\/p>\t\t\t<\/div>\n\t\t\n\t\t<div class=\"small-article-card__heading\">\n<h2 class=\"heading heading__align--left heading__color--white heading__size--medium heading__font--sans heading__weight--bold\" id=\"nav-algemene-beschouwingen-april-20267279\" data-nav-heading-mobile=\"Algemene Beschouwingen april 2026\">\n\tAlgemene Beschouwingen april 2026<\/h2>\n<\/div>\t\t\t\t\t\t\t<div class=\"small-article-card__button-wrapper\">\n\t\t\t\t<button class=\"buttonV2 buttonV2__color--transparent buttonV2__size--default buttonV2__size-width--default   small-article-card__buttonV2\" id=\"\" style=\"--buttonV2-text-color: var(--global-colors-white)\">\n\t<div class=\"buttonV2__top-wrapper buttonV2__arrow-align--right\">\n\t\t\t\t\t<span class=\"buttonV2__title\">\n\t\t\t\tLees verder\t\t\t<\/span>\n\t\t\n\t\t\t\t\t<div class=\"buttonV2__icon\">\n\t\t\t\t<svg xmlns='http:\/\/www.w3.org\/2000\/svg' viewBox='0 0 58.14 50.62'><path d='m32.82 50.62 25.32-25.31L32.82 0l-4.35 4.35 17.92 17.86H0v6.21h46.39L28.47 46.33l4.35 4.29z' fill='currentColor' \/><\/svg>\t\t\t<\/div>\n\t\t\t<\/div>\n\n\t<\/button>\t\t\t<\/div>\n\t\t\t<\/a>\n<\/article>\t\t\t\t\t<\/div>\n\t\t\t\t\t\t\t\t\t\t\t\t\t\t\t\t<div class=\"block-point-of-view-grid-new block-point-of-view-grid-new--third\">\n\t\t\t\t\t\t<article class=\"small-article-card js-small-article-card  block-point-of-view-grid-new__small-article-card\">\n\n\t\t\t<div class=\"background-overlay\"><\/div>\n\t\t\t\n\t<a class=\"small-article-card__wrapper small-article-card__color--olive\" style=\"background-image: url('https:\/\/media.d66.nl\/uploads\/sites\/188\/2026\/03\/WhatsApp-Image-2026-04-02-at-11.03.39-1-1024x683.jpeg')\" href=\"https:\/\/d66.nl\/almere\/nieuws\/de-nieuwe-d66-fractie-van-de-almeerse-gemeenteraad-heeft-op-19-maart-een-nieuwe-fractievoorzitter-gekozen\/\">\n\t\t\t\t\t<div class=\"block-point-of-view-grid-new__date\">\n\t\t\t\t<p class=\"paragraph  paragraph__color--white paragraph__size--medium paragraph__weight--semiBold\">\n\t\t03.04.2026\t<\/p>\t\t\t<\/div>\n\t\t\n\t\t<div class=\"small-article-card__heading\">\n<h2 class=\"heading heading__align--left heading__color--white heading__size--medium heading__font--sans heading__weight--bold\" id=\"nav-fractie-d66-almere-kiest-fractievoorzitter4278\" data-nav-heading-mobile=\"Fractie D66 Almere kiest fractievoorzitter\">\n\tFractie D66 Almere kiest fractievoorzitter<\/h2>\n<\/div>\t\t\t\t\t\t\t<div class=\"small-article-card__button-wrapper\">\n\t\t\t\t<button class=\"buttonV2 buttonV2__color--transparent buttonV2__size--default buttonV2__size-width--default   small-article-card__buttonV2\" id=\"\" style=\"--buttonV2-text-color: var(--global-colors-white)\">\n\t<div class=\"buttonV2__top-wrapper buttonV2__arrow-align--right\">\n\t\t\t\t\t<span class=\"buttonV2__title\">\n\t\t\t\tLees verder\t\t\t<\/span>\n\t\t\n\t\t\t\t\t<div class=\"buttonV2__icon\">\n\t\t\t\t<svg xmlns='http:\/\/www.w3.org\/2000\/svg' viewBox='0 0 58.14 50.62'><path d='m32.82 50.62 25.32-25.31L32.82 0l-4.35 4.35 17.92 17.86H0v6.21h46.39L28.47 46.33l4.35 4.29z' fill='currentColor' \/><\/svg>\t\t\t<\/div>\n\t\t\t<\/div>\n\n\t<\/button>\t\t\t<\/div>\n\t\t\t<\/a>\n<\/article>\t\t\t\t\t<\/div>\n\t\t\t\t\t\t\t\t\t\t\t\t\t\t\t\t<div class=\"block-point-of-view-grid-new block-point-of-view-grid-new--fourth\">\n\t\t\t\t\t\t<article class=\"small-article-card js-small-article-card  block-point-of-view-grid-new__small-article-card\">\n\n\t\t\t<div class=\"background-overlay\"><\/div>\n\t\t\t\n\t<a class=\"small-article-card__wrapper small-article-card__color--yellow\" style=\"background-image: url('https:\/\/d66.nl\/almere\/wp-content\/uploads\/sites\/188\/2025\/12\/WhatsApp-Image-2025-12-18-at-08.31.29-1-973x1024.jpeg')\" href=\"https:\/\/d66.nl\/almere\/nieuws\/d66-almere-kiest-voor-een-menselijke-en-verantwoorde-aanpak-voor-dakloosheid\/\">\n\t\t\t\t\t<div class=\"block-point-of-view-grid-new__date\">\n\t\t\t\t<p class=\"paragraph  paragraph__color--white paragraph__size--medium paragraph__weight--semiBold\">\n\t\t29.12.2025\t<\/p>\t\t\t<\/div>\n\t\t\n\t\t<div class=\"small-article-card__heading\">\n<h2 class=\"heading heading__align--left heading__color--white heading__size--medium heading__font--sans heading__weight--bold\" id=\"nav-d66-almere-kiest-voor-een-menselijke-en-verantwoorde-aanpak-voor-dakloosheid2346\" data-nav-heading-mobile=\"D66 Almere kiest voor een menselijke en verantwoorde aanpak voor dakloosheid\">\n\tD66 Almere kiest voor een menselijke en verantwoorde aanpak voor dakloosheid<\/h2>\n<\/div>\t\t\t\t\t\t\t<div class=\"small-article-card__button-wrapper\">\n\t\t\t\t<button class=\"buttonV2 buttonV2__color--transparent buttonV2__size--default buttonV2__size-width--default   small-article-card__buttonV2\" id=\"\" style=\"--buttonV2-text-color: var(--global-colors-white)\">\n\t<div class=\"buttonV2__top-wrapper buttonV2__arrow-align--right\">\n\t\t\t\t\t<span class=\"buttonV2__title\">\n\t\t\t\tLees verder\t\t\t<\/span>\n\t\t\n\t\t\t\t\t<div class=\"buttonV2__icon\">\n\t\t\t\t<svg xmlns='http:\/\/www.w3.org\/2000\/svg' viewBox='0 0 58.14 50.62'><path d='m32.82 50.62 25.32-25.31L32.82 0l-4.35 4.35 17.92 17.86H0v6.21h46.39L28.47 46.33l4.35 4.29z' fill='currentColor' \/><\/svg>\t\t\t<\/div>\n\t\t\t<\/div>\n\n\t<\/button>\t\t\t<\/div>\n\t\t\t<\/a>\n<\/article>\t\t\t\t\t<\/div>\n\t\t\t\t\t\t\t\t\t\t\t\t\t\t\t\t<div class=\"block-point-of-view-grid-new block-point-of-view-grid-new--fifth\">\n\t\t\t\t\t\t<article class=\"article-card article-card__color--rosePink   block-point-of-view-grid-new block-point-of-view-grid-new__card block-point-of-view-grid-new__article-card\">\n\t\t<a class=\"article-card__link\" href=\"https:\/\/d66.nl\/almere\/nieuws\/presentatie-kandidatenlijst-gr2026\/\" aria-label=\"Link naar artikel\">\n\t\t<header class=\"article-card__header\">\n\n\t\t\t\t\t\t<div class=\"article-card__meta-row-wrapper\">\n\t\t\t\t<div class=\"article-card__date\">\n\t\t\t\t\t\t<p class=\"paragraph   paragraph__size--medium paragraph__weight--semiBold\">\n\t\t09.12.2025\t<\/p>\t\t\t\t<\/div>\n\t\t\t<\/div>\n\t\t\t\t\t\t\t\t\t\t<div class=\"article-card__featured-image-wrapper\">\n\t\t\t\t\t<img loading=\"lazy\" decoding=\"async\" width=\"682\" height=\"1024\" src=\"https:\/\/d66.nl\/almere\/wp-content\/uploads\/sites\/188\/2025\/12\/WhatsApp-Image-2025-12-07-at-21.51.50-682x1024.jpeg\" class=\"image article-card__img\" alt=\"kandidaten D66 Almere gemeenteraadsverkiezingen 2026\" \/>\t\t\t\t<\/div>\n\t\t\t\t\t\t\t\t<\/header>\n\n\t\t<div class=\"article-card__body\">\n\t\t\t\t\t\t\t<h3 class=\"heading   heading__size--large heading__font--sans heading__weight--bold\" id=\"nav-kandidatenlijst-gr20268623\">\n\tKandidatenlijst GR2026<\/h3>\t\t\t\t\t\t\n\t\t\t<button class=\"buttonV2 buttonV2__color--transparent buttonV2__size--default buttonV2__size-width--default   article-card__buttonV2\" id=\"\">\n\t<div class=\"buttonV2__top-wrapper buttonV2__arrow-align--right\">\n\t\t\t\t\t<span class=\"buttonV2__title\">\n\t\t\t\tLees verder\t\t\t<\/span>\n\t\t\n\t\t\t\t\t<div class=\"buttonV2__icon\">\n\t\t\t\t<svg xmlns='http:\/\/www.w3.org\/2000\/svg' viewBox='0 0 58.14 50.62'><path d='m32.82 50.62 25.32-25.31L32.82 0l-4.35 4.35 17.92 17.86H0v6.21h46.39L28.47 46.33l4.35 4.29z' fill='currentColor' \/><\/svg>\t\t\t<\/div>\n\t\t\t<\/div>\n\n\t<\/button>\t\t<\/div>\n\t<\/a>\n<\/article>\t\t\t\t\t<\/div>\n\t\t\t\t\t\t\t\t\t\t\t\t\t\t\t\t<div class=\"block-point-of-view-grid-new block-point-of-view-grid-new--sixth\">\n\t\t\t\t\t\t<div class=\"mini-card  mini-card__style mini-card__style--spacious   block-point-of-view-grid-new__mini-card\" data-post-id=\"0\">\n\t\t\t<div class=\"mini-card__date\">\n\t\t\t<p class=\"paragraph paragraph__align--left paragraph__color--black paragraph__size--default paragraph__weight--medium\">\n\t\t29.04.2024\t<\/p>\t\t<\/div>\n\t\n\t\t\t<div class=\"mini-card__image-wrapper\">\n\t\t\t\t\t<\/div>\n\t\t\t\t<div class=\"mini-card__heading  mini-card__limit-lines mini-card__limit-lines--2\">\n\t\t\t<a href=\"https:\/\/d66.nl\/almere\/nieuws\/voetgangers-fietsers-en-ov-op-eerste-plaats-in-nieuw-stadsdeel-pampus\/\" class=\"mini-card__link\">\n\t\t\t\t<h2 class=\"heading heading__align--left heading__color--black heading__size--medium heading__font--sans heading__weight--bold\" id=\"nav-voetgangers--fietsers-en-ov-op-eerste-plaats-in-nieuw-stadsdeel-pampus-3321\">\n\tVoetgangers, fietsers en OV op eerste plaats in nieuw stadsdeel Pampus!<\/h2>\t\t\t<\/a>\n\t\t<\/div>\n\t\t\t\t\n\t\t\t<div class=\"mini-card__paragraph  mini-card__limit-lines mini-card__limit-lines--3\">\n\t\t\t<p class=\"paragraph paragraph__align--left paragraph__color--black paragraph__size--default paragraph__weight--medium\">\n\t\tHet nieuwe stadsdeel Almere Pampus wordt zo ingericht dat voetgangers, fietsers en het openbaar vervoer op de eerste plek komen.\t<\/p>\t\t<\/div>\n\t\n\t<a href=\"https:\/\/d66.nl\/almere\/nieuws\/voetgangers-fietsers-en-ov-op-eerste-plaats-in-nieuw-stadsdeel-pampus\/\" class=\"buttonV2 buttonV2__color--transparent buttonV2__size--default buttonV2__size-width--default buttonV2__link  mini-card__buttonV2\" id=\"\" target=\"\">\n\t<div class=\"buttonV2__top-wrapper buttonV2__arrow-align--right\">\n\t\t\t\t\t<span class=\"buttonV2__title\">\n\t\t\t\tLees verder\t\t\t<\/span>\n\t\t\n\t\t\t\t\t<div class=\"buttonV2__icon\">\n\t\t\t\t<svg xmlns='http:\/\/www.w3.org\/2000\/svg' viewBox='0 0 58.14 50.62'><path d='m32.82 50.62 25.32-25.31L32.82 0l-4.35 4.35 17.92 17.86H0v6.21h46.39L28.47 46.33l4.35 4.29z' fill='currentColor' \/><\/svg>\t\t\t<\/div>\n\t\t\t<\/div>\n\n\t<\/a><\/div>\t\t\t\t\t<\/div>\n\t\t\t\t\t\t\t\t\t<\/div>\n\t<\/div><div class=\"block-point-of-view-grid-new js-block-point-of-view-grid-new\">\n\t<div class=\"block-point-of-view-grid-new__grid\">\n\n\t\t\t\t\t<div class=\"block-point-of-view-grid-new__row-desktop block-point-of-view-grid-new__row-desktop-bottom\">\n\t\t\t\t\t\t\t\t\t\t\t\t\t\t\t<div class=\"block-point-of-view-grid-new__item block-point-of-view-grid-new__item--first\">\n\t\t\t\t\t\t\t<div class=\"mini-card  mini-card__style mini-card__style--spacious   block-point-of-view-grid-new__mini-card\" data-post-id=\"0\">\n\t\t\t<div class=\"mini-card__date\">\n\t\t\t<p class=\"paragraph paragraph__align--left paragraph__color--black paragraph__size--default paragraph__weight--medium\">\n\t\t16.02.2024\t<\/p>\t\t<\/div>\n\t\n\t\t\t<div class=\"mini-card__image-wrapper\">\n\t\t\t\t\t<\/div>\n\t\t\t\t<div class=\"mini-card__heading  mini-card__limit-lines mini-card__limit-lines--2\">\n\t\t\t<a href=\"https:\/\/d66.nl\/almere\/nieuws\/eindelijk-structurele-financiering-voor-poppodium-de-meester\/\" class=\"mini-card__link\">\n\t\t\t\t<h2 class=\"heading heading__align--left heading__color--black heading__size--medium heading__font--sans heading__weight--bold\" id=\"nav-eindelijk-structurele-financiering-voor-poppodium-de-meester3310\">\n\tEindelijk structurele financiering voor Poppodium de Meester<\/h2>\t\t\t<\/a>\n\t\t<\/div>\n\t\t\t\t\n\t\t\t<div class=\"mini-card__paragraph  mini-card__limit-lines mini-card__limit-lines--3\">\n\t\t\t<p class=\"paragraph paragraph__align--left paragraph__color--black paragraph__size--default paragraph__weight--medium\">\n\t\tDankzij het voorstel van D66, CDA en Leefbaar Almere komt er een einde aan bijna drie jaar onzekerheid voor Poppodium de Meester. De gemeenteraad stemde gisteren voor het voorstel van de drie partijen om voldoende geld vrij te maken om het voortbestaan van het poppodium te garanderen. Bovendien wordt het college gevraagd om te onderzoeken hoe Poppodium de Meester kan groeien.\t<\/p>\t\t<\/div>\n\t\n\t<a href=\"https:\/\/d66.nl\/almere\/nieuws\/eindelijk-structurele-financiering-voor-poppodium-de-meester\/\" class=\"buttonV2 buttonV2__color--transparent buttonV2__size--default buttonV2__size-width--default buttonV2__link  mini-card__buttonV2\" id=\"\" target=\"\">\n\t<div class=\"buttonV2__top-wrapper buttonV2__arrow-align--right\">\n\t\t\t\t\t<span class=\"buttonV2__title\">\n\t\t\t\tLees verder\t\t\t<\/span>\n\t\t\n\t\t\t\t\t<div class=\"buttonV2__icon\">\n\t\t\t\t<svg xmlns='http:\/\/www.w3.org\/2000\/svg' viewBox='0 0 58.14 50.62'><path d='m32.82 50.62 25.32-25.31L32.82 0l-4.35 4.35 17.92 17.86H0v6.21h46.39L28.47 46.33l4.35 4.29z' fill='currentColor' \/><\/svg>\t\t\t<\/div>\n\t\t\t<\/div>\n\n\t<\/a><\/div>\t\t\t\t\t\t<\/div>\n\t\t\t\t\t\t\t\t\t\t\t\t\t\t\t\t\t\t\t\t<div class=\"block-point-of-view-grid-new__item block-point-of-view-grid-new__item--second\">\n\t\t\t\t\t\t\t<div class=\"mini-card  mini-card__style mini-card__style--spacious   block-point-of-view-grid-new__mini-card\" data-post-id=\"0\">\n\t\t\t<div class=\"mini-card__date\">\n\t\t\t<p class=\"paragraph paragraph__align--left paragraph__color--black paragraph__size--default paragraph__weight--medium\">\n\t\t08.12.2023\t<\/p>\t\t<\/div>\n\t\n\t\t\t<div class=\"mini-card__image-wrapper\">\n\t\t\t\t\t<\/div>\n\t\t\t\t<div class=\"mini-card__heading  mini-card__limit-lines mini-card__limit-lines--2\">\n\t\t\t<a href=\"https:\/\/d66.nl\/almere\/nieuws\/vandaag-is-het-paarse-vrijdag\/\" class=\"mini-card__link\">\n\t\t\t\t<h2 class=\"heading heading__align--left heading__color--black heading__size--medium heading__font--sans heading__weight--bold\" id=\"nav-vandaag-is-het-paarse-vrijdag304\">\n\tVandaag is het Paarse Vrijdag<\/h2>\t\t\t<\/a>\n\t\t<\/div>\n\t\t\t\t\n\t\t\t<div class=\"mini-card__paragraph  mini-card__limit-lines mini-card__limit-lines--3\">\n\t\t\t<p class=\"paragraph paragraph__align--left paragraph__color--black paragraph__size--default paragraph__weight--medium\">\n\t\tIeder jaar op de tweede vrijdag van december is het Paarse vrijdag. Op Paarse Vrijdag draagt men paars om solidariteit te tonen met LHBTIQA+ jongeren en om te pleiten voor een inclusieve samenleving.\t<\/p>\t\t<\/div>\n\t\n\t<a href=\"https:\/\/d66.nl\/almere\/nieuws\/vandaag-is-het-paarse-vrijdag\/\" class=\"buttonV2 buttonV2__color--transparent buttonV2__size--default buttonV2__size-width--default buttonV2__link  mini-card__buttonV2\" id=\"\" target=\"\">\n\t<div class=\"buttonV2__top-wrapper buttonV2__arrow-align--right\">\n\t\t\t\t\t<span class=\"buttonV2__title\">\n\t\t\t\tLees verder\t\t\t<\/span>\n\t\t\n\t\t\t\t\t<div class=\"buttonV2__icon\">\n\t\t\t\t<svg xmlns='http:\/\/www.w3.org\/2000\/svg' viewBox='0 0 58.14 50.62'><path d='m32.82 50.62 25.32-25.31L32.82 0l-4.35 4.35 17.92 17.86H0v6.21h46.39L28.47 46.33l4.35 4.29z' fill='currentColor' \/><\/svg>\t\t\t<\/div>\n\t\t\t<\/div>\n\n\t<\/a><\/div>\t\t\t\t\t\t<\/div>\n\t\t\t\t\t\t\t\t\t\t\t\t\t\t\t\t\t\t\t\t<div class=\"block-point-of-view-grid-new__item block-point-of-view-grid-new__item--third\">\n\t\t\t\t\t\t\t<div class=\"mini-card  mini-card__style mini-card__style--spacious   block-point-of-view-grid-new__mini-card\" data-post-id=\"0\">\n\t\t\t<div class=\"mini-card__date\">\n\t\t\t<p class=\"paragraph paragraph__align--left paragraph__color--black paragraph__size--default paragraph__weight--medium\">\n\t\t21.11.2023\t<\/p>\t\t<\/div>\n\t\n\t\t\t<div class=\"mini-card__image-wrapper\">\n\t\t\t\t\t<\/div>\n\t\t\t\t<div class=\"mini-card__heading  mini-card__limit-lines mini-card__limit-lines--2\">\n\t\t\t<a href=\"https:\/\/d66.nl\/almere\/nieuws\/participatie-in-almere-deel-3\/\" class=\"mini-card__link\">\n\t\t\t\t<h2 class=\"heading heading__align--left heading__color--black heading__size--medium heading__font--sans heading__weight--bold\" id=\"nav-participatie-in-almere-----deel-35724\">\n\tParticipatie in Almere \u2013 Deel 3<\/h2>\t\t\t<\/a>\n\t\t<\/div>\n\t\t\t\t\n\t\t\t<div class=\"mini-card__paragraph  mini-card__limit-lines mini-card__limit-lines--3\">\n\t\t\t<p class=\"paragraph paragraph__align--left paragraph__color--black paragraph__size--default paragraph__weight--medium\">\n\t\tD66 Almere heeft idee\u00ebn hoe we participatie kunnen verbeteren, maar gaat ook graag in gesprek hierover. Wat vindt u hiervan? Laat het ons weten!\t<\/p>\t\t<\/div>\n\t\n\t<a href=\"https:\/\/d66.nl\/almere\/nieuws\/participatie-in-almere-deel-3\/\" class=\"buttonV2 buttonV2__color--transparent buttonV2__size--default buttonV2__size-width--default buttonV2__link  mini-card__buttonV2\" id=\"\" target=\"\">\n\t<div class=\"buttonV2__top-wrapper buttonV2__arrow-align--right\">\n\t\t\t\t\t<span class=\"buttonV2__title\">\n\t\t\t\tLees verder\t\t\t<\/span>\n\t\t\n\t\t\t\t\t<div class=\"buttonV2__icon\">\n\t\t\t\t<svg xmlns='http:\/\/www.w3.org\/2000\/svg' viewBox='0 0 58.14 50.62'><path d='m32.82 50.62 25.32-25.31L32.82 0l-4.35 4.35 17.92 17.86H0v6.21h46.39L28.47 46.33l4.35 4.29z' fill='currentColor' \/><\/svg>\t\t\t<\/div>\n\t\t\t<\/div>\n\n\t<\/a><\/div>\t\t\t\t\t\t<\/div>\n\t\t\t\t\t\t\t\t\t\t\t\t<\/div>\n\t\t\n\t\t\t\t\t<div class=\"block-point-of-view-grid-new__row-desktop block-point-of-view-grid-new__row-desktop-bottom\">\n\t\t\t\t\t\t\t\t\t\t\t\t\t\t\t<div class=\"block-point-of-view-grid-new__item block-point-of-view-grid-new__item--fourth\">\n\t\t\t\t\t\t\t<div class=\"mini-card  mini-card__style mini-card__style--spacious   block-point-of-view-grid-new__mini-card\" data-post-id=\"0\">\n\t\t\t<div class=\"mini-card__date\">\n\t\t\t<p class=\"paragraph paragraph__align--left paragraph__color--black paragraph__size--default paragraph__weight--medium\">\n\t\t24.10.2023\t<\/p>\t\t<\/div>\n\t\n\t\t\t<div class=\"mini-card__image-wrapper\">\n\t\t\t\t\t<\/div>\n\t\t\t\t<div class=\"mini-card__heading  mini-card__limit-lines mini-card__limit-lines--2\">\n\t\t\t<a href=\"https:\/\/d66.nl\/almere\/nieuws\/algemene-beschouwingen-speech-meke-smeulders\/\" class=\"mini-card__link\">\n\t\t\t\t<h2 class=\"heading heading__align--left heading__color--black heading__size--medium heading__font--sans heading__weight--bold\" id=\"nav-algemene-beschouwingen--speech-meke-smeulders3125\">\n\tAlgemene beschouwingen: speech Meke Smeulders<\/h2>\t\t\t<\/a>\n\t\t<\/div>\n\t\t\t\t\n\t\t\t<div class=\"mini-card__paragraph  mini-card__limit-lines mini-card__limit-lines--3\">\n\t\t\t<p class=\"paragraph paragraph__align--left paragraph__color--black paragraph__size--default paragraph__weight--medium\">\n\t\tFractievoorzitter Meke Smeulders voerde het woord namens D66 tijdens de Algemene Beschouwingen in Almere. Kijk hier haar bijdrage terug. \t<\/p>\t\t<\/div>\n\t\n\t<a href=\"https:\/\/d66.nl\/almere\/nieuws\/algemene-beschouwingen-speech-meke-smeulders\/\" class=\"buttonV2 buttonV2__color--transparent buttonV2__size--default buttonV2__size-width--default buttonV2__link  mini-card__buttonV2\" id=\"\" target=\"\">\n\t<div class=\"buttonV2__top-wrapper buttonV2__arrow-align--right\">\n\t\t\t\t\t<span class=\"buttonV2__title\">\n\t\t\t\tLees verder\t\t\t<\/span>\n\t\t\n\t\t\t\t\t<div class=\"buttonV2__icon\">\n\t\t\t\t<svg xmlns='http:\/\/www.w3.org\/2000\/svg' viewBox='0 0 58.14 50.62'><path d='m32.82 50.62 25.32-25.31L32.82 0l-4.35 4.35 17.92 17.86H0v6.21h46.39L28.47 46.33l4.35 4.29z' fill='currentColor' \/><\/svg>\t\t\t<\/div>\n\t\t\t<\/div>\n\n\t<\/a><\/div>\t\t\t\t\t\t<\/div>\n\t\t\t\t\t\t\t\t\t\t\t\t\t\t\t\t\t\t\t\t<div class=\"block-point-of-view-grid-new__item block-point-of-view-grid-new__item--fifth\">\n\t\t\t\t\t\t\t<div class=\"mini-card  mini-card__style mini-card__style--spacious   block-point-of-view-grid-new__mini-card\" data-post-id=\"0\">\n\t\t\t<div class=\"mini-card__date\">\n\t\t\t<p class=\"paragraph paragraph__align--left paragraph__color--black paragraph__size--default paragraph__weight--medium\">\n\t\t09.10.2023\t<\/p>\t\t<\/div>\n\t\n\t\t\t<div class=\"mini-card__image-wrapper\">\n\t\t\t\t\t<\/div>\n\t\t\t\t<div class=\"mini-card__heading  mini-card__limit-lines mini-card__limit-lines--2\">\n\t\t\t<a href=\"https:\/\/d66.nl\/almere\/nieuws\/participatie-in-almere-deel-2\/\" class=\"mini-card__link\">\n\t\t\t\t<h2 class=\"heading heading__align--left heading__color--black heading__size--medium heading__font--sans heading__weight--bold\" id=\"nav-participatie-in-almere-----deel-23449\">\n\tParticipatie in Almere \u2013 Deel 2<\/h2>\t\t\t<\/a>\n\t\t<\/div>\n\t\t\t\t\n\t\t\t<div class=\"mini-card__paragraph  mini-card__limit-lines mini-card__limit-lines--3\">\n\t\t\t<p class=\"paragraph paragraph__align--left paragraph__color--black paragraph__size--default paragraph__weight--medium\">\n\t\tD66 Almere heeft idee\u00ebn hoe we participatie kunnen verbeteren, maar gaat ook graag in gesprek hierover. Wat vindt u hiervan? Laat het ons weten!\t<\/p>\t\t<\/div>\n\t\n\t<a href=\"https:\/\/d66.nl\/almere\/nieuws\/participatie-in-almere-deel-2\/\" class=\"buttonV2 buttonV2__color--transparent buttonV2__size--default buttonV2__size-width--default buttonV2__link  mini-card__buttonV2\" id=\"\" target=\"\">\n\t<div class=\"buttonV2__top-wrapper buttonV2__arrow-align--right\">\n\t\t\t\t\t<span class=\"buttonV2__title\">\n\t\t\t\tLees verder\t\t\t<\/span>\n\t\t\n\t\t\t\t\t<div class=\"buttonV2__icon\">\n\t\t\t\t<svg xmlns='http:\/\/www.w3.org\/2000\/svg' viewBox='0 0 58.14 50.62'><path d='m32.82 50.62 25.32-25.31L32.82 0l-4.35 4.35 17.92 17.86H0v6.21h46.39L28.47 46.33l4.35 4.29z' fill='currentColor' \/><\/svg>\t\t\t<\/div>\n\t\t\t<\/div>\n\n\t<\/a><\/div>\t\t\t\t\t\t<\/div>\n\t\t\t\t\t\t\t\t\t\t\t\t\t\t\t\t\t\t\t\t<div class=\"block-point-of-view-grid-new__item block-point-of-view-grid-new__item--sixth\">\n\t\t\t\t\t\t\t<div class=\"mini-card  mini-card__style mini-card__style--spacious   block-point-of-view-grid-new__mini-card\" data-post-id=\"0\">\n\t\t\t<div class=\"mini-card__date\">\n\t\t\t<p class=\"paragraph paragraph__align--left paragraph__color--black paragraph__size--default paragraph__weight--medium\">\n\t\t19.09.2023\t<\/p>\t\t<\/div>\n\t\n\t\t\t<div class=\"mini-card__image-wrapper\">\n\t\t\t\t\t<\/div>\n\t\t\t\t<div class=\"mini-card__heading  mini-card__limit-lines mini-card__limit-lines--2\">\n\t\t\t<a href=\"https:\/\/d66.nl\/almere\/nieuws\/peeters\/\" class=\"mini-card__link\">\n\t\t\t\t<h2 class=\"heading heading__align--left heading__color--black heading__size--medium heading__font--sans heading__weight--bold\" id=\"nav-ren---peeters-voorgedragen-als-vervanging--tijdens-zwangerschapsverlof--1075\">\n\tRen\u00e9 Peeters voorgedragen als vervanging  tijdens zwangerschapsverlof\u00a0<\/h2>\t\t\t<\/a>\n\t\t<\/div>\n\t\t\t\t\n\t\t\t<div class=\"mini-card__paragraph  mini-card__limit-lines mini-card__limit-lines--3\">\n\t\t\t<p class=\"paragraph paragraph__align--left paragraph__color--black paragraph__size--default paragraph__weight--medium\">\n\t\tD66 Almere draagt oud-wethouder Ren\u00e9 Peeters voor om wethouder Maaike Veeningen tijdens haar zwangerschapsverlof te vervangen.\t<\/p>\t\t<\/div>\n\t\n\t<a href=\"https:\/\/d66.nl\/almere\/nieuws\/peeters\/\" class=\"buttonV2 buttonV2__color--transparent buttonV2__size--default buttonV2__size-width--default buttonV2__link  mini-card__buttonV2\" id=\"\" target=\"\">\n\t<div class=\"buttonV2__top-wrapper buttonV2__arrow-align--right\">\n\t\t\t\t\t<span class=\"buttonV2__title\">\n\t\t\t\tLees verder\t\t\t<\/span>\n\t\t\n\t\t\t\t\t<div class=\"buttonV2__icon\">\n\t\t\t\t<svg xmlns='http:\/\/www.w3.org\/2000\/svg' viewBox='0 0 58.14 50.62'><path d='m32.82 50.62 25.32-25.31L32.82 0l-4.35 4.35 17.92 17.86H0v6.21h46.39L28.47 46.33l4.35 4.29z' fill='currentColor' \/><\/svg>\t\t\t<\/div>\n\t\t\t<\/div>\n\n\t<\/a><\/div>\t\t\t\t\t\t<\/div>\n\t\t\t\t\t\t\t\t\t\t\t\t<\/div>\n\t\t\n\t<\/div>\n\t\t\t<div class=\"block-point-of-view-grid-new__accordions\">\n\t\t\t\t\t\t\t\t\t\t\t\t<div class=\"block-point-of-view-grid-new block-point-of-view-grid-new--first\">\n\t\t\t\t\t\t<div class=\"mini-card  mini-card__style mini-card__style--spacious   block-point-of-view-grid-new__mini-card\" data-post-id=\"0\">\n\t\t\t<div class=\"mini-card__date\">\n\t\t\t<p class=\"paragraph paragraph__align--left paragraph__color--black paragraph__size--default paragraph__weight--medium\">\n\t\t16.02.2024\t<\/p>\t\t<\/div>\n\t\n\t\t\t<div class=\"mini-card__image-wrapper\">\n\t\t\t\t\t<\/div>\n\t\t\t\t<div class=\"mini-card__heading  mini-card__limit-lines mini-card__limit-lines--2\">\n\t\t\t<a href=\"https:\/\/d66.nl\/almere\/nieuws\/eindelijk-structurele-financiering-voor-poppodium-de-meester\/\" class=\"mini-card__link\">\n\t\t\t\t<h2 class=\"heading heading__align--left heading__color--black heading__size--medium heading__font--sans heading__weight--bold\" id=\"nav-eindelijk-structurele-financiering-voor-poppodium-de-meester6088\">\n\tEindelijk structurele financiering voor Poppodium de Meester<\/h2>\t\t\t<\/a>\n\t\t<\/div>\n\t\t\t\t\n\t\t\t<div class=\"mini-card__paragraph  mini-card__limit-lines mini-card__limit-lines--3\">\n\t\t\t<p class=\"paragraph paragraph__align--left paragraph__color--black paragraph__size--default paragraph__weight--medium\">\n\t\tDankzij het voorstel van D66, CDA en Leefbaar Almere komt er een einde aan bijna drie jaar onzekerheid voor Poppodium de Meester. De gemeenteraad stemde gisteren voor het voorstel van de drie partijen om voldoende geld vrij te maken om het voortbestaan van het poppodium te garanderen. Bovendien wordt het college gevraagd om te onderzoeken hoe Poppodium de Meester kan groeien.\t<\/p>\t\t<\/div>\n\t\n\t<a href=\"https:\/\/d66.nl\/almere\/nieuws\/eindelijk-structurele-financiering-voor-poppodium-de-meester\/\" class=\"buttonV2 buttonV2__color--transparent buttonV2__size--default buttonV2__size-width--default buttonV2__link  mini-card__buttonV2\" id=\"\" target=\"\">\n\t<div class=\"buttonV2__top-wrapper buttonV2__arrow-align--right\">\n\t\t\t\t\t<span class=\"buttonV2__title\">\n\t\t\t\tLees verder\t\t\t<\/span>\n\t\t\n\t\t\t\t\t<div class=\"buttonV2__icon\">\n\t\t\t\t<svg xmlns='http:\/\/www.w3.org\/2000\/svg' viewBox='0 0 58.14 50.62'><path d='m32.82 50.62 25.32-25.31L32.82 0l-4.35 4.35 17.92 17.86H0v6.21h46.39L28.47 46.33l4.35 4.29z' fill='currentColor' \/><\/svg>\t\t\t<\/div>\n\t\t\t<\/div>\n\n\t<\/a><\/div>\t\t\t\t\t<\/div>\n\t\t\t\t\t\t\t\t\t\t\t\t\t\t\t\t<div class=\"block-point-of-view-grid-new block-point-of-view-grid-new--second\">\n\t\t\t\t\t\t<div class=\"mini-card  mini-card__style mini-card__style--spacious   block-point-of-view-grid-new__mini-card\" data-post-id=\"0\">\n\t\t\t<div class=\"mini-card__date\">\n\t\t\t<p class=\"paragraph paragraph__align--left paragraph__color--black paragraph__size--default paragraph__weight--medium\">\n\t\t08.12.2023\t<\/p>\t\t<\/div>\n\t\n\t\t\t<div class=\"mini-card__image-wrapper\">\n\t\t\t\t\t<\/div>\n\t\t\t\t<div class=\"mini-card__heading  mini-card__limit-lines mini-card__limit-lines--2\">\n\t\t\t<a href=\"https:\/\/d66.nl\/almere\/nieuws\/vandaag-is-het-paarse-vrijdag\/\" class=\"mini-card__link\">\n\t\t\t\t<h2 class=\"heading heading__align--left heading__color--black heading__size--medium heading__font--sans heading__weight--bold\" id=\"nav-vandaag-is-het-paarse-vrijdag3927\">\n\tVandaag is het Paarse Vrijdag<\/h2>\t\t\t<\/a>\n\t\t<\/div>\n\t\t\t\t\n\t\t\t<div class=\"mini-card__paragraph  mini-card__limit-lines mini-card__limit-lines--3\">\n\t\t\t<p class=\"paragraph paragraph__align--left paragraph__color--black paragraph__size--default paragraph__weight--medium\">\n\t\tIeder jaar op de tweede vrijdag van december is het Paarse vrijdag. Op Paarse Vrijdag draagt men paars om solidariteit te tonen met LHBTIQA+ jongeren en om te pleiten voor een inclusieve samenleving.\t<\/p>\t\t<\/div>\n\t\n\t<a href=\"https:\/\/d66.nl\/almere\/nieuws\/vandaag-is-het-paarse-vrijdag\/\" class=\"buttonV2 buttonV2__color--transparent buttonV2__size--default buttonV2__size-width--default buttonV2__link  mini-card__buttonV2\" id=\"\" target=\"\">\n\t<div class=\"buttonV2__top-wrapper buttonV2__arrow-align--right\">\n\t\t\t\t\t<span class=\"buttonV2__title\">\n\t\t\t\tLees verder\t\t\t<\/span>\n\t\t\n\t\t\t\t\t<div class=\"buttonV2__icon\">\n\t\t\t\t<svg xmlns='http:\/\/www.w3.org\/2000\/svg' viewBox='0 0 58.14 50.62'><path d='m32.82 50.62 25.32-25.31L32.82 0l-4.35 4.35 17.92 17.86H0v6.21h46.39L28.47 46.33l4.35 4.29z' fill='currentColor' \/><\/svg>\t\t\t<\/div>\n\t\t\t<\/div>\n\n\t<\/a><\/div>\t\t\t\t\t<\/div>\n\t\t\t\t\t\t\t\t\t\t\t\t\t\t\t\t<div class=\"block-point-of-view-grid-new block-point-of-view-grid-new--third\">\n\t\t\t\t\t\t<div class=\"mini-card  mini-card__style mini-card__style--spacious   block-point-of-view-grid-new__mini-card\" data-post-id=\"0\">\n\t\t\t<div class=\"mini-card__date\">\n\t\t\t<p class=\"paragraph paragraph__align--left paragraph__color--black paragraph__size--default paragraph__weight--medium\">\n\t\t21.11.2023\t<\/p>\t\t<\/div>\n\t\n\t\t\t<div class=\"mini-card__image-wrapper\">\n\t\t\t\t\t<\/div>\n\t\t\t\t<div class=\"mini-card__heading  mini-card__limit-lines mini-card__limit-lines--2\">\n\t\t\t<a href=\"https:\/\/d66.nl\/almere\/nieuws\/participatie-in-almere-deel-3\/\" class=\"mini-card__link\">\n\t\t\t\t<h2 class=\"heading heading__align--left heading__color--black heading__size--medium heading__font--sans heading__weight--bold\" id=\"nav-participatie-in-almere-----deel-31601\">\n\tParticipatie in Almere \u2013 Deel 3<\/h2>\t\t\t<\/a>\n\t\t<\/div>\n\t\t\t\t\n\t\t\t<div class=\"mini-card__paragraph  mini-card__limit-lines mini-card__limit-lines--3\">\n\t\t\t<p class=\"paragraph paragraph__align--left paragraph__color--black paragraph__size--default paragraph__weight--medium\">\n\t\tD66 Almere heeft idee\u00ebn hoe we participatie kunnen verbeteren, maar gaat ook graag in gesprek hierover. Wat vindt u hiervan? Laat het ons weten!\t<\/p>\t\t<\/div>\n\t\n\t<a href=\"https:\/\/d66.nl\/almere\/nieuws\/participatie-in-almere-deel-3\/\" class=\"buttonV2 buttonV2__color--transparent buttonV2__size--default buttonV2__size-width--default buttonV2__link  mini-card__buttonV2\" id=\"\" target=\"\">\n\t<div class=\"buttonV2__top-wrapper buttonV2__arrow-align--right\">\n\t\t\t\t\t<span class=\"buttonV2__title\">\n\t\t\t\tLees verder\t\t\t<\/span>\n\t\t\n\t\t\t\t\t<div class=\"buttonV2__icon\">\n\t\t\t\t<svg xmlns='http:\/\/www.w3.org\/2000\/svg' viewBox='0 0 58.14 50.62'><path d='m32.82 50.62 25.32-25.31L32.82 0l-4.35 4.35 17.92 17.86H0v6.21h46.39L28.47 46.33l4.35 4.29z' fill='currentColor' \/><\/svg>\t\t\t<\/div>\n\t\t\t<\/div>\n\n\t<\/a><\/div>\t\t\t\t\t<\/div>\n\t\t\t\t\t\t\t\t\t\t\t\t\t\t\t\t<div class=\"block-point-of-view-grid-new block-point-of-view-grid-new--fourth\">\n\t\t\t\t\t\t<div class=\"mini-card  mini-card__style mini-card__style--spacious   block-point-of-view-grid-new__mini-card\" data-post-id=\"0\">\n\t\t\t<div class=\"mini-card__date\">\n\t\t\t<p class=\"paragraph paragraph__align--left paragraph__color--black paragraph__size--default paragraph__weight--medium\">\n\t\t24.10.2023\t<\/p>\t\t<\/div>\n\t\n\t\t\t<div class=\"mini-card__image-wrapper\">\n\t\t\t\t\t<\/div>\n\t\t\t\t<div class=\"mini-card__heading  mini-card__limit-lines mini-card__limit-lines--2\">\n\t\t\t<a href=\"https:\/\/d66.nl\/almere\/nieuws\/algemene-beschouwingen-speech-meke-smeulders\/\" class=\"mini-card__link\">\n\t\t\t\t<h2 class=\"heading heading__align--left heading__color--black heading__size--medium heading__font--sans heading__weight--bold\" id=\"nav-algemene-beschouwingen--speech-meke-smeulders8331\">\n\tAlgemene beschouwingen: speech Meke Smeulders<\/h2>\t\t\t<\/a>\n\t\t<\/div>\n\t\t\t\t\n\t\t\t<div class=\"mini-card__paragraph  mini-card__limit-lines mini-card__limit-lines--3\">\n\t\t\t<p class=\"paragraph paragraph__align--left paragraph__color--black paragraph__size--default paragraph__weight--medium\">\n\t\tFractievoorzitter Meke Smeulders voerde het woord namens D66 tijdens de Algemene Beschouwingen in Almere. Kijk hier haar bijdrage terug. \t<\/p>\t\t<\/div>\n\t\n\t<a href=\"https:\/\/d66.nl\/almere\/nieuws\/algemene-beschouwingen-speech-meke-smeulders\/\" class=\"buttonV2 buttonV2__color--transparent buttonV2__size--default buttonV2__size-width--default buttonV2__link  mini-card__buttonV2\" id=\"\" target=\"\">\n\t<div class=\"buttonV2__top-wrapper buttonV2__arrow-align--right\">\n\t\t\t\t\t<span class=\"buttonV2__title\">\n\t\t\t\tLees verder\t\t\t<\/span>\n\t\t\n\t\t\t\t\t<div class=\"buttonV2__icon\">\n\t\t\t\t<svg xmlns='http:\/\/www.w3.org\/2000\/svg' viewBox='0 0 58.14 50.62'><path d='m32.82 50.62 25.32-25.31L32.82 0l-4.35 4.35 17.92 17.86H0v6.21h46.39L28.47 46.33l4.35 4.29z' fill='currentColor' \/><\/svg>\t\t\t<\/div>\n\t\t\t<\/div>\n\n\t<\/a><\/div>\t\t\t\t\t<\/div>\n\t\t\t\t\t\t\t\t\t\t\t\t\t\t\t\t<div class=\"block-point-of-view-grid-new block-point-of-view-grid-new--fifth\">\n\t\t\t\t\t\t<div class=\"mini-card  mini-card__style mini-card__style--spacious   block-point-of-view-grid-new__mini-card\" data-post-id=\"0\">\n\t\t\t<div class=\"mini-card__date\">\n\t\t\t<p class=\"paragraph paragraph__align--left paragraph__color--black paragraph__size--default paragraph__weight--medium\">\n\t\t09.10.2023\t<\/p>\t\t<\/div>\n\t\n\t\t\t<div class=\"mini-card__image-wrapper\">\n\t\t\t\t\t<\/div>\n\t\t\t\t<div class=\"mini-card__heading  mini-card__limit-lines mini-card__limit-lines--2\">\n\t\t\t<a href=\"https:\/\/d66.nl\/almere\/nieuws\/participatie-in-almere-deel-2\/\" class=\"mini-card__link\">\n\t\t\t\t<h2 class=\"heading heading__align--left heading__color--black heading__size--medium heading__font--sans heading__weight--bold\" id=\"nav-participatie-in-almere-----deel-23009\">\n\tParticipatie in Almere \u2013 Deel 2<\/h2>\t\t\t<\/a>\n\t\t<\/div>\n\t\t\t\t\n\t\t\t<div class=\"mini-card__paragraph  mini-card__limit-lines mini-card__limit-lines--3\">\n\t\t\t<p class=\"paragraph paragraph__align--left paragraph__color--black paragraph__size--default paragraph__weight--medium\">\n\t\tD66 Almere heeft idee\u00ebn hoe we participatie kunnen verbeteren, maar gaat ook graag in gesprek hierover. Wat vindt u hiervan? Laat het ons weten!\t<\/p>\t\t<\/div>\n\t\n\t<a href=\"https:\/\/d66.nl\/almere\/nieuws\/participatie-in-almere-deel-2\/\" class=\"buttonV2 buttonV2__color--transparent buttonV2__size--default buttonV2__size-width--default buttonV2__link  mini-card__buttonV2\" id=\"\" target=\"\">\n\t<div class=\"buttonV2__top-wrapper buttonV2__arrow-align--right\">\n\t\t\t\t\t<span class=\"buttonV2__title\">\n\t\t\t\tLees verder\t\t\t<\/span>\n\t\t\n\t\t\t\t\t<div class=\"buttonV2__icon\">\n\t\t\t\t<svg xmlns='http:\/\/www.w3.org\/2000\/svg' viewBox='0 0 58.14 50.62'><path d='m32.82 50.62 25.32-25.31L32.82 0l-4.35 4.35 17.92 17.86H0v6.21h46.39L28.47 46.33l4.35 4.29z' fill='currentColor' \/><\/svg>\t\t\t<\/div>\n\t\t\t<\/div>\n\n\t<\/a><\/div>\t\t\t\t\t<\/div>\n\t\t\t\t\t\t\t\t\t\t\t\t\t\t\t\t<div class=\"block-point-of-view-grid-new block-point-of-view-grid-new--sixth\">\n\t\t\t\t\t\t<div class=\"mini-card  mini-card__style mini-card__style--spacious   block-point-of-view-grid-new__mini-card\" data-post-id=\"0\">\n\t\t\t<div class=\"mini-card__date\">\n\t\t\t<p class=\"paragraph paragraph__align--left paragraph__color--black paragraph__size--default paragraph__weight--medium\">\n\t\t19.09.2023\t<\/p>\t\t<\/div>\n\t\n\t\t\t<div class=\"mini-card__image-wrapper\">\n\t\t\t\t\t<\/div>\n\t\t\t\t<div class=\"mini-card__heading  mini-card__limit-lines mini-card__limit-lines--2\">\n\t\t\t<a href=\"https:\/\/d66.nl\/almere\/nieuws\/peeters\/\" class=\"mini-card__link\">\n\t\t\t\t<h2 class=\"heading heading__align--left heading__color--black heading__size--medium heading__font--sans heading__weight--bold\" id=\"nav-ren---peeters-voorgedragen-als-vervanging--tijdens-zwangerschapsverlof--8828\">\n\tRen\u00e9 Peeters voorgedragen als vervanging  tijdens zwangerschapsverlof\u00a0<\/h2>\t\t\t<\/a>\n\t\t<\/div>\n\t\t\t\t\n\t\t\t<div class=\"mini-card__paragraph  mini-card__limit-lines mini-card__limit-lines--3\">\n\t\t\t<p class=\"paragraph paragraph__align--left paragraph__color--black paragraph__size--default paragraph__weight--medium\">\n\t\tD66 Almere draagt oud-wethouder Ren\u00e9 Peeters voor om wethouder Maaike Veeningen tijdens haar zwangerschapsverlof te vervangen.\t<\/p>\t\t<\/div>\n\t\n\t<a href=\"https:\/\/d66.nl\/almere\/nieuws\/peeters\/\" class=\"buttonV2 buttonV2__color--transparent buttonV2__size--default buttonV2__size-width--default buttonV2__link  mini-card__buttonV2\" id=\"\" target=\"\">\n\t<div class=\"buttonV2__top-wrapper buttonV2__arrow-align--right\">\n\t\t\t\t\t<span class=\"buttonV2__title\">\n\t\t\t\tLees verder\t\t\t<\/span>\n\t\t\n\t\t\t\t\t<div class=\"buttonV2__icon\">\n\t\t\t\t<svg xmlns='http:\/\/www.w3.org\/2000\/svg' viewBox='0 0 58.14 50.62'><path d='m32.82 50.62 25.32-25.31L32.82 0l-4.35 4.35 17.92 17.86H0v6.21h46.39L28.47 46.33l4.35 4.29z' fill='currentColor' \/><\/svg>\t\t\t<\/div>\n\t\t\t<\/div>\n\n\t<\/a><\/div>\t\t\t\t\t<\/div>\n\t\t\t\t\t\t\t\t\t<\/div>\n\t<\/div><div class=\"block-point-of-view-grid-new js-block-point-of-view-grid-new\">\n\t<div class=\"block-point-of-view-grid-new__grid\">\n\n\t\t\t\t\t<div class=\"block-point-of-view-grid-new__row-desktop block-point-of-view-grid-new__row-desktop-bottom\">\n\t\t\t\t\t\t\t\t\t\t\t\t\t\t\t<div class=\"block-point-of-view-grid-new__item block-point-of-view-grid-new__item--first\">\n\t\t\t\t\t\t\t<div class=\"mini-card  mini-card__style mini-card__style--spacious   block-point-of-view-grid-new__mini-card\" data-post-id=\"0\">\n\t\t\t<div class=\"mini-card__date\">\n\t\t\t<p class=\"paragraph paragraph__align--left paragraph__color--black paragraph__size--default paragraph__weight--medium\">\n\t\t17.07.2023\t<\/p>\t\t<\/div>\n\t\n\t\t\t<div class=\"mini-card__image-wrapper\">\n\t\t\t\t\t<\/div>\n\t\t\t\t<div class=\"mini-card__heading  mini-card__limit-lines mini-card__limit-lines--2\">\n\t\t\t<a href=\"https:\/\/d66.nl\/almere\/nieuws\/wat-is-participatie-in-almere\/\" class=\"mini-card__link\">\n\t\t\t\t<h2 class=\"heading heading__align--left heading__color--black heading__size--medium heading__font--sans heading__weight--bold\" id=\"nav-wat-is-participatie-in-almere-1130\">\n\tWat is Participatie in Almere?<\/h2>\t\t\t<\/a>\n\t\t<\/div>\n\t\t\t\t\n\t\t\t<div class=\"mini-card__paragraph  mini-card__limit-lines mini-card__limit-lines--3\">\n\t\t\t<p class=\"paragraph paragraph__align--left paragraph__color--black paragraph__size--default paragraph__weight--medium\">\n\t\tBij participatie gaat de gemeente in gesprek met inwoners. Dit kan zijn om inwoners mee te laten beslissen, hen te vragen om idee\u00ebn \u00f3f te informeren over een bepaald besluit. Daar gaat het wat D66 betreft ook gelijk mis, want informeren is niet hetzelfde als participeren. Door het woord \u201cparticipatie\u201d te gebruiken verwachten inwoners, terecht, dat ze direct invloed kunnen uitoefenen.\t<\/p>\t\t<\/div>\n\t\n\t<a href=\"https:\/\/d66.nl\/almere\/nieuws\/wat-is-participatie-in-almere\/\" class=\"buttonV2 buttonV2__color--transparent buttonV2__size--default buttonV2__size-width--default buttonV2__link  mini-card__buttonV2\" id=\"\" target=\"\">\n\t<div class=\"buttonV2__top-wrapper buttonV2__arrow-align--right\">\n\t\t\t\t\t<span class=\"buttonV2__title\">\n\t\t\t\tLees verder\t\t\t<\/span>\n\t\t\n\t\t\t\t\t<div class=\"buttonV2__icon\">\n\t\t\t\t<svg xmlns='http:\/\/www.w3.org\/2000\/svg' viewBox='0 0 58.14 50.62'><path d='m32.82 50.62 25.32-25.31L32.82 0l-4.35 4.35 17.92 17.86H0v6.21h46.39L28.47 46.33l4.35 4.29z' fill='currentColor' \/><\/svg>\t\t\t<\/div>\n\t\t\t<\/div>\n\n\t<\/a><\/div>\t\t\t\t\t\t<\/div>\n\t\t\t\t\t\t\t\t\t\t\t\t\t\t\t\t\t\t\t\t<div class=\"block-point-of-view-grid-new__item block-point-of-view-grid-new__item--second\">\n\t\t\t\t\t\t\t<div class=\"mini-card  mini-card__style mini-card__style--spacious   block-point-of-view-grid-new__mini-card\" data-post-id=\"0\">\n\t\t\t<div class=\"mini-card__date\">\n\t\t\t<p class=\"paragraph paragraph__align--left paragraph__color--black paragraph__size--default paragraph__weight--medium\">\n\t\t26.06.2023\t<\/p>\t\t<\/div>\n\t\n\t\t\t<div class=\"mini-card__image-wrapper\">\n\t\t\t\t\t<\/div>\n\t\t\t\t<div class=\"mini-card__heading  mini-card__limit-lines mini-card__limit-lines--2\">\n\t\t\t<a href=\"https:\/\/d66.nl\/almere\/nieuws\/ongelijke-kansen-ook-bij-participatie\/\" class=\"mini-card__link\">\n\t\t\t\t<h2 class=\"heading heading__align--left heading__color--black heading__size--medium heading__font--sans heading__weight--bold\" id=\"nav-ongelijke-kansen--ook-bij-participatie4600\">\n\tOngelijke kansen; ook bij Participatie<\/h2>\t\t\t<\/a>\n\t\t<\/div>\n\t\t\t\t\n\t\t\t<div class=\"mini-card__paragraph  mini-card__limit-lines mini-card__limit-lines--3\">\n\t\t\t<p class=\"paragraph paragraph__align--left paragraph__color--black paragraph__size--default paragraph__weight--medium\">\n\t\tOpinie door Meke Smeulders: Wat er ook gebouwd wordt, er zullen bezwaren van omwonenden zijn. Het is aan raadsleden zich goed te laten informeren, belangen af te wegen en vervolgens te beslissen. \t<\/p>\t\t<\/div>\n\t\n\t<a href=\"https:\/\/d66.nl\/almere\/nieuws\/ongelijke-kansen-ook-bij-participatie\/\" class=\"buttonV2 buttonV2__color--transparent buttonV2__size--default buttonV2__size-width--default buttonV2__link  mini-card__buttonV2\" id=\"\" target=\"\">\n\t<div class=\"buttonV2__top-wrapper buttonV2__arrow-align--right\">\n\t\t\t\t\t<span class=\"buttonV2__title\">\n\t\t\t\tLees verder\t\t\t<\/span>\n\t\t\n\t\t\t\t\t<div class=\"buttonV2__icon\">\n\t\t\t\t<svg xmlns='http:\/\/www.w3.org\/2000\/svg' viewBox='0 0 58.14 50.62'><path d='m32.82 50.62 25.32-25.31L32.82 0l-4.35 4.35 17.92 17.86H0v6.21h46.39L28.47 46.33l4.35 4.29z' fill='currentColor' \/><\/svg>\t\t\t<\/div>\n\t\t\t<\/div>\n\n\t<\/a><\/div>\t\t\t\t\t\t<\/div>\n\t\t\t\t\t\t\t\t\t\t\t\t\t\t\t\t\t\t\t\t<div class=\"block-point-of-view-grid-new__item block-point-of-view-grid-new__item--third\">\n\t\t\t\t\t\t\t<div class=\"mini-card  mini-card__style mini-card__style--spacious   block-point-of-view-grid-new__mini-card\" data-post-id=\"0\">\n\t\t\t<div class=\"mini-card__date\">\n\t\t\t<p class=\"paragraph paragraph__align--left paragraph__color--black paragraph__size--default paragraph__weight--medium\">\n\t\t21.06.2023\t<\/p>\t\t<\/div>\n\t\n\t\t\t<div class=\"mini-card__image-wrapper\">\n\t\t\t\t\t<\/div>\n\t\t\t\t<div class=\"mini-card__heading  mini-card__limit-lines mini-card__limit-lines--2\">\n\t\t\t<a href=\"https:\/\/d66.nl\/almere\/nieuws\/stroomnet-is-vol-kunnen-we-over-op-waterstof\/\" class=\"mini-card__link\">\n\t\t\t\t<h2 class=\"heading heading__align--left heading__color--black heading__size--medium heading__font--sans heading__weight--bold\" id=\"nav-stroomnet-is-vol--kunnen-we-over-op-waterstof-7686\">\n\tStroomnet is vol. Kunnen we over op waterstof?<\/h2>\t\t\t<\/a>\n\t\t<\/div>\n\t\t\t\t\n\t\t\t<div class=\"mini-card__paragraph  mini-card__limit-lines mini-card__limit-lines--3\">\n\t\t\t<p class=\"paragraph paragraph__align--left paragraph__color--black paragraph__size--default paragraph__weight--medium\">\n\t\tDe raad ging op werkbezoek om te kijken wat we kunnen leren over de toepassing van waterstof. Helaas is dit niet direct de oplossing.\t<\/p>\t\t<\/div>\n\t\n\t<a href=\"https:\/\/d66.nl\/almere\/nieuws\/stroomnet-is-vol-kunnen-we-over-op-waterstof\/\" class=\"buttonV2 buttonV2__color--transparent buttonV2__size--default buttonV2__size-width--default buttonV2__link  mini-card__buttonV2\" id=\"\" target=\"\">\n\t<div class=\"buttonV2__top-wrapper buttonV2__arrow-align--right\">\n\t\t\t\t\t<span class=\"buttonV2__title\">\n\t\t\t\tLees verder\t\t\t<\/span>\n\t\t\n\t\t\t\t\t<div class=\"buttonV2__icon\">\n\t\t\t\t<svg xmlns='http:\/\/www.w3.org\/2000\/svg' viewBox='0 0 58.14 50.62'><path d='m32.82 50.62 25.32-25.31L32.82 0l-4.35 4.35 17.92 17.86H0v6.21h46.39L28.47 46.33l4.35 4.29z' fill='currentColor' \/><\/svg>\t\t\t<\/div>\n\t\t\t<\/div>\n\n\t<\/a><\/div>\t\t\t\t\t\t<\/div>\n\t\t\t\t\t\t\t\t\t\t\t\t<\/div>\n\t\t\n\t\t\t\t\t<div class=\"block-point-of-view-grid-new__row-desktop block-point-of-view-grid-new__row-desktop-bottom\">\n\t\t\t\t\t\t\t\t\t\t\t\t\t\t\t<div class=\"block-point-of-view-grid-new__item block-point-of-view-grid-new__item--fourth\">\n\t\t\t\t\t\t\t<div class=\"mini-card  mini-card__style mini-card__style--spacious   block-point-of-view-grid-new__mini-card\" data-post-id=\"0\">\n\t\t\t<div class=\"mini-card__date\">\n\t\t\t<p class=\"paragraph paragraph__align--left paragraph__color--black paragraph__size--default paragraph__weight--medium\">\n\t\t15.06.2023\t<\/p>\t\t<\/div>\n\t\n\t\t\t<div class=\"mini-card__image-wrapper\">\n\t\t\t\t\t<\/div>\n\t\t\t\t<div class=\"mini-card__heading  mini-card__limit-lines mini-card__limit-lines--2\">\n\t\t\t<a href=\"https:\/\/d66.nl\/almere\/nieuws\/almeerse-coalitie-komt-met-aanvalsplan-woningbouw\/\" class=\"mini-card__link\">\n\t\t\t\t<h2 class=\"heading heading__align--left heading__color--black heading__size--medium heading__font--sans heading__weight--bold\" id=\"nav-almeerse-coalitie-komt-met-aanvalsplan-woningbouw7581\">\n\tAlmeerse coalitie komt met aanvalsplan woningbouw<\/h2>\t\t\t<\/a>\n\t\t<\/div>\n\t\t\t\t\n\t\t\t<div class=\"mini-card__paragraph  mini-card__limit-lines mini-card__limit-lines--3\">\n\t\t\t<p class=\"paragraph paragraph__align--left paragraph__color--black paragraph__size--default paragraph__weight--medium\">\n\t\tDe coalitiepartijen roepen de wethouder op om voor het zomerreces te komen met een plan om meer tijdelijke sociale huurwoningen te bouwen.\t<\/p>\t\t<\/div>\n\t\n\t<a href=\"https:\/\/d66.nl\/almere\/nieuws\/almeerse-coalitie-komt-met-aanvalsplan-woningbouw\/\" class=\"buttonV2 buttonV2__color--transparent buttonV2__size--default buttonV2__size-width--default buttonV2__link  mini-card__buttonV2\" id=\"\" target=\"\">\n\t<div class=\"buttonV2__top-wrapper buttonV2__arrow-align--right\">\n\t\t\t\t\t<span class=\"buttonV2__title\">\n\t\t\t\tLees verder\t\t\t<\/span>\n\t\t\n\t\t\t\t\t<div class=\"buttonV2__icon\">\n\t\t\t\t<svg xmlns='http:\/\/www.w3.org\/2000\/svg' viewBox='0 0 58.14 50.62'><path d='m32.82 50.62 25.32-25.31L32.82 0l-4.35 4.35 17.92 17.86H0v6.21h46.39L28.47 46.33l4.35 4.29z' fill='currentColor' \/><\/svg>\t\t\t<\/div>\n\t\t\t<\/div>\n\n\t<\/a><\/div>\t\t\t\t\t\t<\/div>\n\t\t\t\t\t\t\t\t\t\t\t\t\t\t\t\t\t\t\t\t<div class=\"block-point-of-view-grid-new__item block-point-of-view-grid-new__item--fifth\">\n\t\t\t\t\t\t\t<div class=\"mini-card  mini-card__style mini-card__style--spacious   block-point-of-view-grid-new__mini-card\" data-post-id=\"0\">\n\t\t\t<div class=\"mini-card__date\">\n\t\t\t<p class=\"paragraph paragraph__align--left paragraph__color--black paragraph__size--default paragraph__weight--medium\">\n\t\t16.05.2023\t<\/p>\t\t<\/div>\n\t\n\t\t\t\t<div class=\"mini-card__heading  mini-card__limit-lines mini-card__limit-lines--2\">\n\t\t\t<a href=\"https:\/\/d66.nl\/almere\/nieuws\/huisvesting-kansarme-asielzoekers\/\" class=\"mini-card__link\">\n\t\t\t\t<h2 class=\"heading heading__align--left heading__color--black heading__size--medium heading__font--sans heading__weight--bold\" id=\"nav-huisvesting-kansarme-asielzoekers2229\">\n\tHuisvesting kansarme asielzoekers<\/h2>\t\t\t<\/a>\n\t\t<\/div>\n\t\t\t\t\n\t\t\t<div class=\"mini-card__paragraph  mini-card__limit-lines mini-card__limit-lines--3\">\n\t\t\t<p class=\"paragraph paragraph__align--left paragraph__color--black paragraph__size--default paragraph__weight--medium\">\n\t\tHet ministerie van Justitie en Veiligheid wil in de leegstaande gevangenis in Almere asielzoekers met een kansarme aanvraag opvangen. D66 Almere maakt zich zorgen over de opvang van deze doelgroep op deze locatie.\t<\/p>\t\t<\/div>\n\t\n\t<a href=\"https:\/\/d66.nl\/almere\/nieuws\/huisvesting-kansarme-asielzoekers\/\" class=\"buttonV2 buttonV2__color--transparent buttonV2__size--default buttonV2__size-width--default buttonV2__link  mini-card__buttonV2\" id=\"\" target=\"\">\n\t<div class=\"buttonV2__top-wrapper buttonV2__arrow-align--right\">\n\t\t\t\t\t<span class=\"buttonV2__title\">\n\t\t\t\tLees verder\t\t\t<\/span>\n\t\t\n\t\t\t\t\t<div class=\"buttonV2__icon\">\n\t\t\t\t<svg xmlns='http:\/\/www.w3.org\/2000\/svg' viewBox='0 0 58.14 50.62'><path d='m32.82 50.62 25.32-25.31L32.82 0l-4.35 4.35 17.92 17.86H0v6.21h46.39L28.47 46.33l4.35 4.29z' fill='currentColor' \/><\/svg>\t\t\t<\/div>\n\t\t\t<\/div>\n\n\t<\/a><\/div>\t\t\t\t\t\t<\/div>\n\t\t\t\t\t\t\t\t\t\t\t\t\t\t\t\t\t\t\t\t<div class=\"block-point-of-view-grid-new__item block-point-of-view-grid-new__item--sixth\">\n\t\t\t\t\t\t\t<div class=\"mini-card  mini-card__style mini-card__style--spacious   block-point-of-view-grid-new__mini-card\" data-post-id=\"0\">\n\t\t\t<div class=\"mini-card__date\">\n\t\t\t<p class=\"paragraph paragraph__align--left paragraph__color--black paragraph__size--default paragraph__weight--medium\">\n\t\t14.02.2023\t<\/p>\t\t<\/div>\n\t\n\t\t\t<div class=\"mini-card__image-wrapper\">\n\t\t\t\t\t<\/div>\n\t\t\t\t<div class=\"mini-card__heading  mini-card__limit-lines mini-card__limit-lines--2\">\n\t\t\t<a href=\"https:\/\/d66.nl\/almere\/nieuws\/frank-markus-van-aeres-hogeschool-is-de-concierge-van-het-jaar-2022\/\" class=\"mini-card__link\">\n\t\t\t\t<h2 class=\"heading heading__align--left heading__color--black heading__size--medium heading__font--sans heading__weight--bold\" id=\"nav-frank-markus-van-aeres-hogeschool-is-d---conci--rge-van-het-jaar-2022-2524\">\n\tFrank Markus van Aeres Hogeschool is d\u00e9 Conci\u00ebrge van het Jaar 2022!<\/h2>\t\t\t<\/a>\n\t\t<\/div>\n\t\t\t\t\n\t\t\t<div class=\"mini-card__paragraph  mini-card__limit-lines mini-card__limit-lines--3\">\n\t\t\t<p class=\"paragraph paragraph__align--left paragraph__color--black paragraph__size--default paragraph__weight--medium\">\n\t\tFrank Markus van Aeres Hogeschool werd vandaag verrast op zijn school met een mooie beker en een grote bos bloemen. Uit de ruim 90 inzendingen is hij namelijk verkozen tot de Almeerse Conci\u00ebrge van het Jaar 2022! \t<\/p>\t\t<\/div>\n\t\n\t<a href=\"https:\/\/d66.nl\/almere\/nieuws\/frank-markus-van-aeres-hogeschool-is-de-concierge-van-het-jaar-2022\/\" class=\"buttonV2 buttonV2__color--transparent buttonV2__size--default buttonV2__size-width--default buttonV2__link  mini-card__buttonV2\" id=\"\" target=\"\">\n\t<div class=\"buttonV2__top-wrapper buttonV2__arrow-align--right\">\n\t\t\t\t\t<span class=\"buttonV2__title\">\n\t\t\t\tLees verder\t\t\t<\/span>\n\t\t\n\t\t\t\t\t<div class=\"buttonV2__icon\">\n\t\t\t\t<svg xmlns='http:\/\/www.w3.org\/2000\/svg' viewBox='0 0 58.14 50.62'><path d='m32.82 50.62 25.32-25.31L32.82 0l-4.35 4.35 17.92 17.86H0v6.21h46.39L28.47 46.33l4.35 4.29z' fill='currentColor' \/><\/svg>\t\t\t<\/div>\n\t\t\t<\/div>\n\n\t<\/a><\/div>\t\t\t\t\t\t<\/div>\n\t\t\t\t\t\t\t\t\t\t\t\t<\/div>\n\t\t\n\t<\/div>\n\t\t\t<div class=\"block-point-of-view-grid-new__accordions\">\n\t\t\t\t\t\t\t\t\t\t\t\t<div class=\"block-point-of-view-grid-new block-point-of-view-grid-new--first\">\n\t\t\t\t\t\t<div class=\"mini-card  mini-card__style mini-card__style--spacious   block-point-of-view-grid-new__mini-card\" data-post-id=\"0\">\n\t\t\t<div class=\"mini-card__date\">\n\t\t\t<p class=\"paragraph paragraph__align--left paragraph__color--black paragraph__size--default paragraph__weight--medium\">\n\t\t17.07.2023\t<\/p>\t\t<\/div>\n\t\n\t\t\t<div class=\"mini-card__image-wrapper\">\n\t\t\t\t\t<\/div>\n\t\t\t\t<div class=\"mini-card__heading  mini-card__limit-lines mini-card__limit-lines--2\">\n\t\t\t<a href=\"https:\/\/d66.nl\/almere\/nieuws\/wat-is-participatie-in-almere\/\" class=\"mini-card__link\">\n\t\t\t\t<h2 class=\"heading heading__align--left heading__color--black heading__size--medium heading__font--sans heading__weight--bold\" id=\"nav-wat-is-participatie-in-almere-4972\">\n\tWat is Participatie in Almere?<\/h2>\t\t\t<\/a>\n\t\t<\/div>\n\t\t\t\t\n\t\t\t<div class=\"mini-card__paragraph  mini-card__limit-lines mini-card__limit-lines--3\">\n\t\t\t<p class=\"paragraph paragraph__align--left paragraph__color--black paragraph__size--default paragraph__weight--medium\">\n\t\tBij participatie gaat de gemeente in gesprek met inwoners. Dit kan zijn om inwoners mee te laten beslissen, hen te vragen om idee\u00ebn \u00f3f te informeren over een bepaald besluit. Daar gaat het wat D66 betreft ook gelijk mis, want informeren is niet hetzelfde als participeren. Door het woord \u201cparticipatie\u201d te gebruiken verwachten inwoners, terecht, dat ze direct invloed kunnen uitoefenen.\t<\/p>\t\t<\/div>\n\t\n\t<a href=\"https:\/\/d66.nl\/almere\/nieuws\/wat-is-participatie-in-almere\/\" class=\"buttonV2 buttonV2__color--transparent buttonV2__size--default buttonV2__size-width--default buttonV2__link  mini-card__buttonV2\" id=\"\" target=\"\">\n\t<div class=\"buttonV2__top-wrapper buttonV2__arrow-align--right\">\n\t\t\t\t\t<span class=\"buttonV2__title\">\n\t\t\t\tLees verder\t\t\t<\/span>\n\t\t\n\t\t\t\t\t<div class=\"buttonV2__icon\">\n\t\t\t\t<svg xmlns='http:\/\/www.w3.org\/2000\/svg' viewBox='0 0 58.14 50.62'><path d='m32.82 50.62 25.32-25.31L32.82 0l-4.35 4.35 17.92 17.86H0v6.21h46.39L28.47 46.33l4.35 4.29z' fill='currentColor' \/><\/svg>\t\t\t<\/div>\n\t\t\t<\/div>\n\n\t<\/a><\/div>\t\t\t\t\t<\/div>\n\t\t\t\t\t\t\t\t\t\t\t\t\t\t\t\t<div class=\"block-point-of-view-grid-new block-point-of-view-grid-new--second\">\n\t\t\t\t\t\t<div class=\"mini-card  mini-card__style mini-card__style--spacious   block-point-of-view-grid-new__mini-card\" data-post-id=\"0\">\n\t\t\t<div class=\"mini-card__date\">\n\t\t\t<p class=\"paragraph paragraph__align--left paragraph__color--black paragraph__size--default paragraph__weight--medium\">\n\t\t26.06.2023\t<\/p>\t\t<\/div>\n\t\n\t\t\t<div class=\"mini-card__image-wrapper\">\n\t\t\t\t\t<\/div>\n\t\t\t\t<div class=\"mini-card__heading  mini-card__limit-lines mini-card__limit-lines--2\">\n\t\t\t<a href=\"https:\/\/d66.nl\/almere\/nieuws\/ongelijke-kansen-ook-bij-participatie\/\" class=\"mini-card__link\">\n\t\t\t\t<h2 class=\"heading heading__align--left heading__color--black heading__size--medium heading__font--sans heading__weight--bold\" id=\"nav-ongelijke-kansen--ook-bij-participatie222\">\n\tOngelijke kansen; ook bij Participatie<\/h2>\t\t\t<\/a>\n\t\t<\/div>\n\t\t\t\t\n\t\t\t<div class=\"mini-card__paragraph  mini-card__limit-lines mini-card__limit-lines--3\">\n\t\t\t<p class=\"paragraph paragraph__align--left paragraph__color--black paragraph__size--default paragraph__weight--medium\">\n\t\tOpinie door Meke Smeulders: Wat er ook gebouwd wordt, er zullen bezwaren van omwonenden zijn. Het is aan raadsleden zich goed te laten informeren, belangen af te wegen en vervolgens te beslissen. \t<\/p>\t\t<\/div>\n\t\n\t<a href=\"https:\/\/d66.nl\/almere\/nieuws\/ongelijke-kansen-ook-bij-participatie\/\" class=\"buttonV2 buttonV2__color--transparent buttonV2__size--default buttonV2__size-width--default buttonV2__link  mini-card__buttonV2\" id=\"\" target=\"\">\n\t<div class=\"buttonV2__top-wrapper buttonV2__arrow-align--right\">\n\t\t\t\t\t<span class=\"buttonV2__title\">\n\t\t\t\tLees verder\t\t\t<\/span>\n\t\t\n\t\t\t\t\t<div class=\"buttonV2__icon\">\n\t\t\t\t<svg xmlns='http:\/\/www.w3.org\/2000\/svg' viewBox='0 0 58.14 50.62'><path d='m32.82 50.62 25.32-25.31L32.82 0l-4.35 4.35 17.92 17.86H0v6.21h46.39L28.47 46.33l4.35 4.29z' fill='currentColor' \/><\/svg>\t\t\t<\/div>\n\t\t\t<\/div>\n\n\t<\/a><\/div>\t\t\t\t\t<\/div>\n\t\t\t\t\t\t\t\t\t\t\t\t\t\t\t\t<div class=\"block-point-of-view-grid-new block-point-of-view-grid-new--third\">\n\t\t\t\t\t\t<div class=\"mini-card  mini-card__style mini-card__style--spacious   block-point-of-view-grid-new__mini-card\" data-post-id=\"0\">\n\t\t\t<div class=\"mini-card__date\">\n\t\t\t<p class=\"paragraph paragraph__align--left paragraph__color--black paragraph__size--default paragraph__weight--medium\">\n\t\t21.06.2023\t<\/p>\t\t<\/div>\n\t\n\t\t\t<div class=\"mini-card__image-wrapper\">\n\t\t\t\t\t<\/div>\n\t\t\t\t<div class=\"mini-card__heading  mini-card__limit-lines mini-card__limit-lines--2\">\n\t\t\t<a href=\"https:\/\/d66.nl\/almere\/nieuws\/stroomnet-is-vol-kunnen-we-over-op-waterstof\/\" class=\"mini-card__link\">\n\t\t\t\t<h2 class=\"heading heading__align--left heading__color--black heading__size--medium heading__font--sans heading__weight--bold\" id=\"nav-stroomnet-is-vol--kunnen-we-over-op-waterstof-9882\">\n\tStroomnet is vol. Kunnen we over op waterstof?<\/h2>\t\t\t<\/a>\n\t\t<\/div>\n\t\t\t\t\n\t\t\t<div class=\"mini-card__paragraph  mini-card__limit-lines mini-card__limit-lines--3\">\n\t\t\t<p class=\"paragraph paragraph__align--left paragraph__color--black paragraph__size--default paragraph__weight--medium\">\n\t\tDe raad ging op werkbezoek om te kijken wat we kunnen leren over de toepassing van waterstof. Helaas is dit niet direct de oplossing.\t<\/p>\t\t<\/div>\n\t\n\t<a href=\"https:\/\/d66.nl\/almere\/nieuws\/stroomnet-is-vol-kunnen-we-over-op-waterstof\/\" class=\"buttonV2 buttonV2__color--transparent buttonV2__size--default buttonV2__size-width--default buttonV2__link  mini-card__buttonV2\" id=\"\" target=\"\">\n\t<div class=\"buttonV2__top-wrapper buttonV2__arrow-align--right\">\n\t\t\t\t\t<span class=\"buttonV2__title\">\n\t\t\t\tLees verder\t\t\t<\/span>\n\t\t\n\t\t\t\t\t<div class=\"buttonV2__icon\">\n\t\t\t\t<svg xmlns='http:\/\/www.w3.org\/2000\/svg' viewBox='0 0 58.14 50.62'><path d='m32.82 50.62 25.32-25.31L32.82 0l-4.35 4.35 17.92 17.86H0v6.21h46.39L28.47 46.33l4.35 4.29z' fill='currentColor' \/><\/svg>\t\t\t<\/div>\n\t\t\t<\/div>\n\n\t<\/a><\/div>\t\t\t\t\t<\/div>\n\t\t\t\t\t\t\t\t\t\t\t\t\t\t\t\t<div class=\"block-point-of-view-grid-new block-point-of-view-grid-new--fourth\">\n\t\t\t\t\t\t<div class=\"mini-card  mini-card__style mini-card__style--spacious   block-point-of-view-grid-new__mini-card\" data-post-id=\"0\">\n\t\t\t<div class=\"mini-card__date\">\n\t\t\t<p class=\"paragraph paragraph__align--left paragraph__color--black paragraph__size--default paragraph__weight--medium\">\n\t\t15.06.2023\t<\/p>\t\t<\/div>\n\t\n\t\t\t<div class=\"mini-card__image-wrapper\">\n\t\t\t\t\t<\/div>\n\t\t\t\t<div class=\"mini-card__heading  mini-card__limit-lines mini-card__limit-lines--2\">\n\t\t\t<a href=\"https:\/\/d66.nl\/almere\/nieuws\/almeerse-coalitie-komt-met-aanvalsplan-woningbouw\/\" class=\"mini-card__link\">\n\t\t\t\t<h2 class=\"heading heading__align--left heading__color--black heading__size--medium heading__font--sans heading__weight--bold\" id=\"nav-almeerse-coalitie-komt-met-aanvalsplan-woningbouw615\">\n\tAlmeerse coalitie komt met aanvalsplan woningbouw<\/h2>\t\t\t<\/a>\n\t\t<\/div>\n\t\t\t\t\n\t\t\t<div class=\"mini-card__paragraph  mini-card__limit-lines mini-card__limit-lines--3\">\n\t\t\t<p class=\"paragraph paragraph__align--left paragraph__color--black paragraph__size--default paragraph__weight--medium\">\n\t\tDe coalitiepartijen roepen de wethouder op om voor het zomerreces te komen met een plan om meer tijdelijke sociale huurwoningen te bouwen.\t<\/p>\t\t<\/div>\n\t\n\t<a href=\"https:\/\/d66.nl\/almere\/nieuws\/almeerse-coalitie-komt-met-aanvalsplan-woningbouw\/\" class=\"buttonV2 buttonV2__color--transparent buttonV2__size--default buttonV2__size-width--default buttonV2__link  mini-card__buttonV2\" id=\"\" target=\"\">\n\t<div class=\"buttonV2__top-wrapper buttonV2__arrow-align--right\">\n\t\t\t\t\t<span class=\"buttonV2__title\">\n\t\t\t\tLees verder\t\t\t<\/span>\n\t\t\n\t\t\t\t\t<div class=\"buttonV2__icon\">\n\t\t\t\t<svg xmlns='http:\/\/www.w3.org\/2000\/svg' viewBox='0 0 58.14 50.62'><path d='m32.82 50.62 25.32-25.31L32.82 0l-4.35 4.35 17.92 17.86H0v6.21h46.39L28.47 46.33l4.35 4.29z' fill='currentColor' \/><\/svg>\t\t\t<\/div>\n\t\t\t<\/div>\n\n\t<\/a><\/div>\t\t\t\t\t<\/div>\n\t\t\t\t\t\t\t\t\t\t\t\t\t\t\t\t<div class=\"block-point-of-view-grid-new block-point-of-view-grid-new--fifth\">\n\t\t\t\t\t\t<div class=\"mini-card  mini-card__style mini-card__style--spacious   block-point-of-view-grid-new__mini-card\" data-post-id=\"0\">\n\t\t\t<div class=\"mini-card__date\">\n\t\t\t<p class=\"paragraph paragraph__align--left paragraph__color--black paragraph__size--default paragraph__weight--medium\">\n\t\t16.05.2023\t<\/p>\t\t<\/div>\n\t\n\t\t\t\t<div class=\"mini-card__heading  mini-card__limit-lines mini-card__limit-lines--2\">\n\t\t\t<a href=\"https:\/\/d66.nl\/almere\/nieuws\/huisvesting-kansarme-asielzoekers\/\" class=\"mini-card__link\">\n\t\t\t\t<h2 class=\"heading heading__align--left heading__color--black heading__size--medium heading__font--sans heading__weight--bold\" id=\"nav-huisvesting-kansarme-asielzoekers2376\">\n\tHuisvesting kansarme asielzoekers<\/h2>\t\t\t<\/a>\n\t\t<\/div>\n\t\t\t\t\n\t\t\t<div class=\"mini-card__paragraph  mini-card__limit-lines mini-card__limit-lines--3\">\n\t\t\t<p class=\"paragraph paragraph__align--left paragraph__color--black paragraph__size--default paragraph__weight--medium\">\n\t\tHet ministerie van Justitie en Veiligheid wil in de leegstaande gevangenis in Almere asielzoekers met een kansarme aanvraag opvangen. D66 Almere maakt zich zorgen over de opvang van deze doelgroep op deze locatie.\t<\/p>\t\t<\/div>\n\t\n\t<a href=\"https:\/\/d66.nl\/almere\/nieuws\/huisvesting-kansarme-asielzoekers\/\" class=\"buttonV2 buttonV2__color--transparent buttonV2__size--default buttonV2__size-width--default buttonV2__link  mini-card__buttonV2\" id=\"\" target=\"\">\n\t<div class=\"buttonV2__top-wrapper buttonV2__arrow-align--right\">\n\t\t\t\t\t<span class=\"buttonV2__title\">\n\t\t\t\tLees verder\t\t\t<\/span>\n\t\t\n\t\t\t\t\t<div class=\"buttonV2__icon\">\n\t\t\t\t<svg xmlns='http:\/\/www.w3.org\/2000\/svg' viewBox='0 0 58.14 50.62'><path d='m32.82 50.62 25.32-25.31L32.82 0l-4.35 4.35 17.92 17.86H0v6.21h46.39L28.47 46.33l4.35 4.29z' fill='currentColor' \/><\/svg>\t\t\t<\/div>\n\t\t\t<\/div>\n\n\t<\/a><\/div>\t\t\t\t\t<\/div>\n\t\t\t\t\t\t\t\t\t\t\t\t\t\t\t\t<div class=\"block-point-of-view-grid-new block-point-of-view-grid-new--sixth\">\n\t\t\t\t\t\t<div class=\"mini-card  mini-card__style mini-card__style--spacious   block-point-of-view-grid-new__mini-card\" data-post-id=\"0\">\n\t\t\t<div class=\"mini-card__date\">\n\t\t\t<p class=\"paragraph paragraph__align--left paragraph__color--black paragraph__size--default paragraph__weight--medium\">\n\t\t14.02.2023\t<\/p>\t\t<\/div>\n\t\n\t\t\t<div class=\"mini-card__image-wrapper\">\n\t\t\t\t\t<\/div>\n\t\t\t\t<div class=\"mini-card__heading  mini-card__limit-lines mini-card__limit-lines--2\">\n\t\t\t<a href=\"https:\/\/d66.nl\/almere\/nieuws\/frank-markus-van-aeres-hogeschool-is-de-concierge-van-het-jaar-2022\/\" class=\"mini-card__link\">\n\t\t\t\t<h2 class=\"heading heading__align--left heading__color--black heading__size--medium heading__font--sans heading__weight--bold\" id=\"nav-frank-markus-van-aeres-hogeschool-is-d---conci--rge-van-het-jaar-2022-7507\">\n\tFrank Markus van Aeres Hogeschool is d\u00e9 Conci\u00ebrge van het Jaar 2022!<\/h2>\t\t\t<\/a>\n\t\t<\/div>\n\t\t\t\t\n\t\t\t<div class=\"mini-card__paragraph  mini-card__limit-lines mini-card__limit-lines--3\">\n\t\t\t<p class=\"paragraph paragraph__align--left paragraph__color--black paragraph__size--default paragraph__weight--medium\">\n\t\tFrank Markus van Aeres Hogeschool werd vandaag verrast op zijn school met een mooie beker en een grote bos bloemen. Uit de ruim 90 inzendingen is hij namelijk verkozen tot de Almeerse Conci\u00ebrge van het Jaar 2022! \t<\/p>\t\t<\/div>\n\t\n\t<a href=\"https:\/\/d66.nl\/almere\/nieuws\/frank-markus-van-aeres-hogeschool-is-de-concierge-van-het-jaar-2022\/\" class=\"buttonV2 buttonV2__color--transparent buttonV2__size--default buttonV2__size-width--default buttonV2__link  mini-card__buttonV2\" id=\"\" target=\"\">\n\t<div class=\"buttonV2__top-wrapper buttonV2__arrow-align--right\">\n\t\t\t\t\t<span class=\"buttonV2__title\">\n\t\t\t\tLees verder\t\t\t<\/span>\n\t\t\n\t\t\t\t\t<div class=\"buttonV2__icon\">\n\t\t\t\t<svg xmlns='http:\/\/www.w3.org\/2000\/svg' viewBox='0 0 58.14 50.62'><path d='m32.82 50.62 25.32-25.31L32.82 0l-4.35 4.35 17.92 17.86H0v6.21h46.39L28.47 46.33l4.35 4.29z' fill='currentColor' \/><\/svg>\t\t\t<\/div>\n\t\t\t<\/div>\n\n\t<\/a><\/div>\t\t\t\t\t<\/div>\n\t\t\t\t\t\t\t\t\t<\/div>\n\t<\/div><div class=\"block-point-of-view-grid-new js-block-point-of-view-grid-new\">\n\t<div class=\"block-point-of-view-grid-new__grid\">\n\n\t\t\t\t\t<div class=\"block-point-of-view-grid-new__row-desktop block-point-of-view-grid-new__row-desktop-bottom\">\n\t\t\t\t\t\t\t\t\t\t\t\t\t\t\t<div class=\"block-point-of-view-grid-new__item block-point-of-view-grid-new__item--first\">\n\t\t\t\t\t\t\t<div class=\"mini-card  mini-card__style mini-card__style--spacious   block-point-of-view-grid-new__mini-card\" data-post-id=\"0\">\n\t\t\t<div class=\"mini-card__date\">\n\t\t\t<p class=\"paragraph paragraph__align--left paragraph__color--black paragraph__size--default paragraph__weight--medium\">\n\t\t08.02.2023\t<\/p>\t\t<\/div>\n\t\n\t\t\t<div class=\"mini-card__image-wrapper\">\n\t\t\t\t\t<\/div>\n\t\t\t\t<div class=\"mini-card__heading  mini-card__limit-lines mini-card__limit-lines--2\">\n\t\t\t<a href=\"https:\/\/d66.nl\/almere\/nieuws\/concierge\/\" class=\"mini-card__link\">\n\t\t\t\t<h2 class=\"heading heading__align--left heading__color--black heading__size--medium heading__font--sans heading__weight--bold\" id=\"nav-drie-genomineerden-conci--rge-van-het-jaar-verkiezing-bekend-7110\">\n\tDrie genomineerden Conci\u00ebrge van het Jaar-verkiezing bekend!<\/h2>\t\t\t<\/a>\n\t\t<\/div>\n\t\t\t\t\n\t\t\t<div class=\"mini-card__paragraph  mini-card__limit-lines mini-card__limit-lines--3\">\n\t\t\t<p class=\"paragraph paragraph__align--left paragraph__color--black paragraph__size--default paragraph__weight--medium\">\n\t\tDe genomineerde conci\u00ebrges voor dit lustrumjaar zijn in geheel willekeurige volgorde: Simon van Broekhuizen van Olivijn, Danny ter Avest van het OPDC en Frank Markus van Aeres. De verkiezingen worden dit jaar voor de tiende keer georganiseerd door D66 Almere om aandacht te geven aan conci\u00ebrges.\t<\/p>\t\t<\/div>\n\t\n\t<a href=\"https:\/\/d66.nl\/almere\/nieuws\/concierge\/\" class=\"buttonV2 buttonV2__color--transparent buttonV2__size--default buttonV2__size-width--default buttonV2__link  mini-card__buttonV2\" id=\"\" target=\"\">\n\t<div class=\"buttonV2__top-wrapper buttonV2__arrow-align--right\">\n\t\t\t\t\t<span class=\"buttonV2__title\">\n\t\t\t\tLees verder\t\t\t<\/span>\n\t\t\n\t\t\t\t\t<div class=\"buttonV2__icon\">\n\t\t\t\t<svg xmlns='http:\/\/www.w3.org\/2000\/svg' viewBox='0 0 58.14 50.62'><path d='m32.82 50.62 25.32-25.31L32.82 0l-4.35 4.35 17.92 17.86H0v6.21h46.39L28.47 46.33l4.35 4.29z' fill='currentColor' \/><\/svg>\t\t\t<\/div>\n\t\t\t<\/div>\n\n\t<\/a><\/div>\t\t\t\t\t\t<\/div>\n\t\t\t\t\t\t\t\t\t\t\t\t\t\t\t\t\t\t\t\t<div class=\"block-point-of-view-grid-new__item block-point-of-view-grid-new__item--second\">\n\t\t\t\t\t\t\t<div class=\"mini-card  mini-card__style mini-card__style--spacious   block-point-of-view-grid-new__mini-card\" data-post-id=\"0\">\n\t\t\t<div class=\"mini-card__date\">\n\t\t\t<p class=\"paragraph paragraph__align--left paragraph__color--black paragraph__size--default paragraph__weight--medium\">\n\t\t06.02.2023\t<\/p>\t\t<\/div>\n\t\n\t\t\t<div class=\"mini-card__image-wrapper\">\n\t\t\t\t\t<\/div>\n\t\t\t\t<div class=\"mini-card__heading  mini-card__limit-lines mini-card__limit-lines--2\">\n\t\t\t<a href=\"https:\/\/d66.nl\/almere\/nieuws\/meke-smeulders-nieuwe-fractievoorzitter-d66-almere\/\" class=\"mini-card__link\">\n\t\t\t\t<h2 class=\"heading heading__align--left heading__color--black heading__size--medium heading__font--sans heading__weight--bold\" id=\"nav-meke-smeulders-nieuwe-fractievoorzitter-d66-almere9798\">\n\tMeke Smeulders nieuwe fractievoorzitter D66 Almere<\/h2>\t\t\t<\/a>\n\t\t<\/div>\n\t\t\t\t\n\t\t\t<div class=\"mini-card__paragraph  mini-card__limit-lines mini-card__limit-lines--3\">\n\t\t\t<p class=\"paragraph paragraph__align--left paragraph__color--black paragraph__size--default paragraph__weight--medium\">\n\t\tMeke Smeulders is door de fractie van D66 Almere gekozen als nieuwe fractievoorzitter. Martine van Bemmel legt de functie van fractievoorzitter neer, maar blijft wel raadslid.\t<\/p>\t\t<\/div>\n\t\n\t<a href=\"https:\/\/d66.nl\/almere\/nieuws\/meke-smeulders-nieuwe-fractievoorzitter-d66-almere\/\" class=\"buttonV2 buttonV2__color--transparent buttonV2__size--default buttonV2__size-width--default buttonV2__link  mini-card__buttonV2\" id=\"\" target=\"\">\n\t<div class=\"buttonV2__top-wrapper buttonV2__arrow-align--right\">\n\t\t\t\t\t<span class=\"buttonV2__title\">\n\t\t\t\tLees verder\t\t\t<\/span>\n\t\t\n\t\t\t\t\t<div class=\"buttonV2__icon\">\n\t\t\t\t<svg xmlns='http:\/\/www.w3.org\/2000\/svg' viewBox='0 0 58.14 50.62'><path d='m32.82 50.62 25.32-25.31L32.82 0l-4.35 4.35 17.92 17.86H0v6.21h46.39L28.47 46.33l4.35 4.29z' fill='currentColor' \/><\/svg>\t\t\t<\/div>\n\t\t\t<\/div>\n\n\t<\/a><\/div>\t\t\t\t\t\t<\/div>\n\t\t\t\t\t\t\t\t\t\t\t\t\t\t\t\t\t\t\t\t<div class=\"block-point-of-view-grid-new__item block-point-of-view-grid-new__item--third\">\n\t\t\t\t\t\t\t<div class=\"mini-card  mini-card__style mini-card__style--spacious   block-point-of-view-grid-new__mini-card\" data-post-id=\"0\">\n\t\t\t<div class=\"mini-card__date\">\n\t\t\t<p class=\"paragraph paragraph__align--left paragraph__color--black paragraph__size--default paragraph__weight--medium\">\n\t\t23.01.2023\t<\/p>\t\t<\/div>\n\t\n\t\t\t<div class=\"mini-card__image-wrapper\">\n\t\t\t\t\t<\/div>\n\t\t\t\t<div class=\"mini-card__heading  mini-card__limit-lines mini-card__limit-lines--2\">\n\t\t\t<a href=\"https:\/\/d66.nl\/almere\/nieuws\/ook-energiecompensatie-voor-studenten\/\" class=\"mini-card__link\">\n\t\t\t\t<h2 class=\"heading heading__align--left heading__color--black heading__size--medium heading__font--sans heading__weight--bold\" id=\"nav-ook-energiecompensatie-voor-studenten2979\">\n\tOok energiecompensatie voor studenten<\/h2>\t\t\t<\/a>\n\t\t<\/div>\n\t\t\t\t\n\t\t\t<div class=\"mini-card__paragraph  mini-card__limit-lines mini-card__limit-lines--3\">\n\t\t\t<p class=\"paragraph paragraph__align--left paragraph__color--black paragraph__size--default paragraph__weight--medium\">\n\t\tD66 Almere wil dat de gemeente onderzoekt hoe studenten ook gecompenseerd kunnen worden voor de gestegen prijzen van energie. Nu komen studenten vaak niet in aanmerking voor compensatie omdat studiefinanciering wordt gezien als inkomen. \t<\/p>\t\t<\/div>\n\t\n\t<a href=\"https:\/\/d66.nl\/almere\/nieuws\/ook-energiecompensatie-voor-studenten\/\" class=\"buttonV2 buttonV2__color--transparent buttonV2__size--default buttonV2__size-width--default buttonV2__link  mini-card__buttonV2\" id=\"\" target=\"\">\n\t<div class=\"buttonV2__top-wrapper buttonV2__arrow-align--right\">\n\t\t\t\t\t<span class=\"buttonV2__title\">\n\t\t\t\tLees verder\t\t\t<\/span>\n\t\t\n\t\t\t\t\t<div class=\"buttonV2__icon\">\n\t\t\t\t<svg xmlns='http:\/\/www.w3.org\/2000\/svg' viewBox='0 0 58.14 50.62'><path d='m32.82 50.62 25.32-25.31L32.82 0l-4.35 4.35 17.92 17.86H0v6.21h46.39L28.47 46.33l4.35 4.29z' fill='currentColor' \/><\/svg>\t\t\t<\/div>\n\t\t\t<\/div>\n\n\t<\/a><\/div>\t\t\t\t\t\t<\/div>\n\t\t\t\t\t\t\t\t\t\t\t\t<\/div>\n\t\t\n\t\t\t\t\t<div class=\"block-point-of-view-grid-new__row-desktop block-point-of-view-grid-new__row-desktop-bottom\">\n\t\t\t\t\t\t\t\t\t\t\t\t\t\t\t<div class=\"block-point-of-view-grid-new__item block-point-of-view-grid-new__item--fourth\">\n\t\t\t\t\t\t\t<div class=\"mini-card  mini-card__style mini-card__style--spacious   block-point-of-view-grid-new__mini-card\" data-post-id=\"0\">\n\t\t\t<div class=\"mini-card__date\">\n\t\t\t<p class=\"paragraph paragraph__align--left paragraph__color--black paragraph__size--default paragraph__weight--medium\">\n\t\t11.01.2023\t<\/p>\t\t<\/div>\n\t\n\t\t\t<div class=\"mini-card__image-wrapper\">\n\t\t\t\t\t<\/div>\n\t\t\t\t<div class=\"mini-card__heading  mini-card__limit-lines mini-card__limit-lines--2\">\n\t\t\t<a href=\"https:\/\/d66.nl\/almere\/nieuws\/almeerse-concierge-van-het-jaar-verkiezingen\/\" class=\"mini-card__link\">\n\t\t\t\t<h2 class=\"heading heading__align--left heading__color--black heading__size--medium heading__font--sans heading__weight--bold\" id=\"nav-wie-wordt-d---almeerse-conci--rge-van-2022-8936\">\n\tWie wordt d\u00e9 Almeerse conci\u00ebrge van 2022?<\/h2>\t\t\t<\/a>\n\t\t<\/div>\n\t\t\t\t\n\t\t\t<div class=\"mini-card__paragraph  mini-card__limit-lines mini-card__limit-lines--3\">\n\t\t\t<p class=\"paragraph paragraph__align--left paragraph__color--black paragraph__size--default paragraph__weight--medium\">\n\t\tD66 Almere organiseert voor de tiende keer de verkiezing van de beste school-conci\u00ebrge van Almere. Jaarlijks wordt deze succesvolle verkiezing gehouden om extra aandacht te geven aan deze onmisbare medewerkers op de scholen. Is jouw conci\u00ebrge De Conci\u00ebrge van het Jaar 2022? Nomineer jouw conci\u00ebrge dan nu! \r\n\r\nNomineren kan tot en met 27 januari!\t<\/p>\t\t<\/div>\n\t\n\t<a href=\"https:\/\/d66.nl\/almere\/nieuws\/almeerse-concierge-van-het-jaar-verkiezingen\/\" class=\"buttonV2 buttonV2__color--transparent buttonV2__size--default buttonV2__size-width--default buttonV2__link  mini-card__buttonV2\" id=\"\" target=\"\">\n\t<div class=\"buttonV2__top-wrapper buttonV2__arrow-align--right\">\n\t\t\t\t\t<span class=\"buttonV2__title\">\n\t\t\t\tLees verder\t\t\t<\/span>\n\t\t\n\t\t\t\t\t<div class=\"buttonV2__icon\">\n\t\t\t\t<svg xmlns='http:\/\/www.w3.org\/2000\/svg' viewBox='0 0 58.14 50.62'><path d='m32.82 50.62 25.32-25.31L32.82 0l-4.35 4.35 17.92 17.86H0v6.21h46.39L28.47 46.33l4.35 4.29z' fill='currentColor' \/><\/svg>\t\t\t<\/div>\n\t\t\t<\/div>\n\n\t<\/a><\/div>\t\t\t\t\t\t<\/div>\n\t\t\t\t\t\t\t\t\t\t\t\t\t\t\t\t\t\t\t\t<div class=\"block-point-of-view-grid-new__item block-point-of-view-grid-new__item--fifth\">\n\t\t\t\t\t\t\t<div class=\"mini-card  mini-card__style mini-card__style--spacious   block-point-of-view-grid-new__mini-card\" data-post-id=\"0\">\n\t\t\t<div class=\"mini-card__date\">\n\t\t\t<p class=\"paragraph paragraph__align--left paragraph__color--black paragraph__size--default paragraph__weight--medium\">\n\t\t04.10.2022\t<\/p>\t\t<\/div>\n\t\n\t\t\t\t<div class=\"mini-card__heading  mini-card__limit-lines mini-card__limit-lines--2\">\n\t\t\t<a href=\"https:\/\/d66.nl\/almere\/nieuws\/natuur-inclusieve-landbouw-in-almere\/\" class=\"mini-card__link\">\n\t\t\t\t<h2 class=\"heading heading__align--left heading__color--black heading__size--medium heading__font--sans heading__weight--bold\" id=\"nav-natuur-inclusieve-landbouw-in-almere5334\">\n\tNatuur inclusieve landbouw in Almere<\/h2>\t\t\t<\/a>\n\t\t<\/div>\n\t\t\t\t\n\t\n\t<a href=\"https:\/\/d66.nl\/almere\/nieuws\/natuur-inclusieve-landbouw-in-almere\/\" class=\"buttonV2 buttonV2__color--transparent buttonV2__size--default buttonV2__size-width--default buttonV2__link  mini-card__buttonV2\" id=\"\" target=\"\">\n\t<div class=\"buttonV2__top-wrapper buttonV2__arrow-align--right\">\n\t\t\t\t\t<span class=\"buttonV2__title\">\n\t\t\t\tLees verder\t\t\t<\/span>\n\t\t\n\t\t\t\t\t<div class=\"buttonV2__icon\">\n\t\t\t\t<svg xmlns='http:\/\/www.w3.org\/2000\/svg' viewBox='0 0 58.14 50.62'><path d='m32.82 50.62 25.32-25.31L32.82 0l-4.35 4.35 17.92 17.86H0v6.21h46.39L28.47 46.33l4.35 4.29z' fill='currentColor' \/><\/svg>\t\t\t<\/div>\n\t\t\t<\/div>\n\n\t<\/a><\/div>\t\t\t\t\t\t<\/div>\n\t\t\t\t\t\t\t\t\t\t\t\t\t\t\t\t\t\t\t\t<div class=\"block-point-of-view-grid-new__item block-point-of-view-grid-new__item--sixth\">\n\t\t\t\t\t\t\t<div class=\"mini-card  mini-card__style mini-card__style--spacious   block-point-of-view-grid-new__mini-card\" data-post-id=\"0\">\n\t\t\t<div class=\"mini-card__date\">\n\t\t\t<p class=\"paragraph paragraph__align--left paragraph__color--black paragraph__size--default paragraph__weight--medium\">\n\t\t11.07.2022\t<\/p>\t\t<\/div>\n\t\n\t\t\t<div class=\"mini-card__image-wrapper\">\n\t\t\t\t\t<\/div>\n\t\t\t\t<div class=\"mini-card__heading  mini-card__limit-lines mini-card__limit-lines--2\">\n\t\t\t<a href=\"https:\/\/d66.nl\/almere\/nieuws\/coalitieakkoord-gesloten\/\" class=\"mini-card__link\">\n\t\t\t\t<h2 class=\"heading heading__align--left heading__color--black heading__size--medium heading__font--sans heading__weight--bold\" id=\"nav-coalitieakkoord-gesloten-7145\">\n\tCoalitieakkoord gesloten!<\/h2>\t\t\t<\/a>\n\t\t<\/div>\n\t\t\t\t\n\t\t\t<div class=\"mini-card__paragraph  mini-card__limit-lines mini-card__limit-lines--3\">\n\t\t\t<p class=\"paragraph paragraph__align--left paragraph__color--black paragraph__size--default paragraph__weight--medium\">\n\t\tVol trots presenteren wij vandaag het nieuwe coalitieakkoord \u2018Bouwen aan een gezonde toekomst\u2019. In de afgelopen maanden hebben wij onderhandeld met de VVD, SP, PvdD, Leefbaar Almere, ChristenUnie en het CDA. We investeren met dit akkoord in onze mooie stad, in de mensen die het nodig hebben, in de organisatie waar het nodig is \u00e9n we investeren zodat onze stad klaar is voor de toekomst. \t<\/p>\t\t<\/div>\n\t\n\t<a href=\"https:\/\/d66.nl\/almere\/nieuws\/coalitieakkoord-gesloten\/\" class=\"buttonV2 buttonV2__color--transparent buttonV2__size--default buttonV2__size-width--default buttonV2__link  mini-card__buttonV2\" id=\"\" target=\"\">\n\t<div class=\"buttonV2__top-wrapper buttonV2__arrow-align--right\">\n\t\t\t\t\t<span class=\"buttonV2__title\">\n\t\t\t\tLees verder\t\t\t<\/span>\n\t\t\n\t\t\t\t\t<div class=\"buttonV2__icon\">\n\t\t\t\t<svg xmlns='http:\/\/www.w3.org\/2000\/svg' viewBox='0 0 58.14 50.62'><path d='m32.82 50.62 25.32-25.31L32.82 0l-4.35 4.35 17.92 17.86H0v6.21h46.39L28.47 46.33l4.35 4.29z' fill='currentColor' \/><\/svg>\t\t\t<\/div>\n\t\t\t<\/div>\n\n\t<\/a><\/div>\t\t\t\t\t\t<\/div>\n\t\t\t\t\t\t\t\t\t\t\t\t<\/div>\n\t\t\n\t<\/div>\n\t\t\t<div class=\"block-point-of-view-grid-new__accordions\">\n\t\t\t\t\t\t\t\t\t\t\t\t<div class=\"block-point-of-view-grid-new block-point-of-view-grid-new--first\">\n\t\t\t\t\t\t<div class=\"mini-card  mini-card__style mini-card__style--spacious   block-point-of-view-grid-new__mini-card\" data-post-id=\"0\">\n\t\t\t<div class=\"mini-card__date\">\n\t\t\t<p class=\"paragraph paragraph__align--left paragraph__color--black paragraph__size--default paragraph__weight--medium\">\n\t\t08.02.2023\t<\/p>\t\t<\/div>\n\t\n\t\t\t<div class=\"mini-card__image-wrapper\">\n\t\t\t\t\t<\/div>\n\t\t\t\t<div class=\"mini-card__heading  mini-card__limit-lines mini-card__limit-lines--2\">\n\t\t\t<a href=\"https:\/\/d66.nl\/almere\/nieuws\/concierge\/\" class=\"mini-card__link\">\n\t\t\t\t<h2 class=\"heading heading__align--left heading__color--black heading__size--medium heading__font--sans heading__weight--bold\" id=\"nav-drie-genomineerden-conci--rge-van-het-jaar-verkiezing-bekend-5691\">\n\tDrie genomineerden Conci\u00ebrge van het Jaar-verkiezing bekend!<\/h2>\t\t\t<\/a>\n\t\t<\/div>\n\t\t\t\t\n\t\t\t<div class=\"mini-card__paragraph  mini-card__limit-lines mini-card__limit-lines--3\">\n\t\t\t<p class=\"paragraph paragraph__align--left paragraph__color--black paragraph__size--default paragraph__weight--medium\">\n\t\tDe genomineerde conci\u00ebrges voor dit lustrumjaar zijn in geheel willekeurige volgorde: Simon van Broekhuizen van Olivijn, Danny ter Avest van het OPDC en Frank Markus van Aeres. De verkiezingen worden dit jaar voor de tiende keer georganiseerd door D66 Almere om aandacht te geven aan conci\u00ebrges.\t<\/p>\t\t<\/div>\n\t\n\t<a href=\"https:\/\/d66.nl\/almere\/nieuws\/concierge\/\" class=\"buttonV2 buttonV2__color--transparent buttonV2__size--default buttonV2__size-width--default buttonV2__link  mini-card__buttonV2\" id=\"\" target=\"\">\n\t<div class=\"buttonV2__top-wrapper buttonV2__arrow-align--right\">\n\t\t\t\t\t<span class=\"buttonV2__title\">\n\t\t\t\tLees verder\t\t\t<\/span>\n\t\t\n\t\t\t\t\t<div class=\"buttonV2__icon\">\n\t\t\t\t<svg xmlns='http:\/\/www.w3.org\/2000\/svg' viewBox='0 0 58.14 50.62'><path d='m32.82 50.62 25.32-25.31L32.82 0l-4.35 4.35 17.92 17.86H0v6.21h46.39L28.47 46.33l4.35 4.29z' fill='currentColor' \/><\/svg>\t\t\t<\/div>\n\t\t\t<\/div>\n\n\t<\/a><\/div>\t\t\t\t\t<\/div>\n\t\t\t\t\t\t\t\t\t\t\t\t\t\t\t\t<div class=\"block-point-of-view-grid-new block-point-of-view-grid-new--second\">\n\t\t\t\t\t\t<div class=\"mini-card  mini-card__style mini-card__style--spacious   block-point-of-view-grid-new__mini-card\" data-post-id=\"0\">\n\t\t\t<div class=\"mini-card__date\">\n\t\t\t<p class=\"paragraph paragraph__align--left paragraph__color--black paragraph__size--default paragraph__weight--medium\">\n\t\t06.02.2023\t<\/p>\t\t<\/div>\n\t\n\t\t\t<div class=\"mini-card__image-wrapper\">\n\t\t\t\t\t<\/div>\n\t\t\t\t<div class=\"mini-card__heading  mini-card__limit-lines mini-card__limit-lines--2\">\n\t\t\t<a href=\"https:\/\/d66.nl\/almere\/nieuws\/meke-smeulders-nieuwe-fractievoorzitter-d66-almere\/\" class=\"mini-card__link\">\n\t\t\t\t<h2 class=\"heading heading__align--left heading__color--black heading__size--medium heading__font--sans heading__weight--bold\" id=\"nav-meke-smeulders-nieuwe-fractievoorzitter-d66-almere5328\">\n\tMeke Smeulders nieuwe fractievoorzitter D66 Almere<\/h2>\t\t\t<\/a>\n\t\t<\/div>\n\t\t\t\t\n\t\t\t<div class=\"mini-card__paragraph  mini-card__limit-lines mini-card__limit-lines--3\">\n\t\t\t<p class=\"paragraph paragraph__align--left paragraph__color--black paragraph__size--default paragraph__weight--medium\">\n\t\tMeke Smeulders is door de fractie van D66 Almere gekozen als nieuwe fractievoorzitter. Martine van Bemmel legt de functie van fractievoorzitter neer, maar blijft wel raadslid.\t<\/p>\t\t<\/div>\n\t\n\t<a href=\"https:\/\/d66.nl\/almere\/nieuws\/meke-smeulders-nieuwe-fractievoorzitter-d66-almere\/\" class=\"buttonV2 buttonV2__color--transparent buttonV2__size--default buttonV2__size-width--default buttonV2__link  mini-card__buttonV2\" id=\"\" target=\"\">\n\t<div class=\"buttonV2__top-wrapper buttonV2__arrow-align--right\">\n\t\t\t\t\t<span class=\"buttonV2__title\">\n\t\t\t\tLees verder\t\t\t<\/span>\n\t\t\n\t\t\t\t\t<div class=\"buttonV2__icon\">\n\t\t\t\t<svg xmlns='http:\/\/www.w3.org\/2000\/svg' viewBox='0 0 58.14 50.62'><path d='m32.82 50.62 25.32-25.31L32.82 0l-4.35 4.35 17.92 17.86H0v6.21h46.39L28.47 46.33l4.35 4.29z' fill='currentColor' \/><\/svg>\t\t\t<\/div>\n\t\t\t<\/div>\n\n\t<\/a><\/div>\t\t\t\t\t<\/div>\n\t\t\t\t\t\t\t\t\t\t\t\t\t\t\t\t<div class=\"block-point-of-view-grid-new block-point-of-view-grid-new--third\">\n\t\t\t\t\t\t<div class=\"mini-card  mini-card__style mini-card__style--spacious   block-point-of-view-grid-new__mini-card\" data-post-id=\"0\">\n\t\t\t<div class=\"mini-card__date\">\n\t\t\t<p class=\"paragraph paragraph__align--left paragraph__color--black paragraph__size--default paragraph__weight--medium\">\n\t\t23.01.2023\t<\/p>\t\t<\/div>\n\t\n\t\t\t<div class=\"mini-card__image-wrapper\">\n\t\t\t\t\t<\/div>\n\t\t\t\t<div class=\"mini-card__heading  mini-card__limit-lines mini-card__limit-lines--2\">\n\t\t\t<a href=\"https:\/\/d66.nl\/almere\/nieuws\/ook-energiecompensatie-voor-studenten\/\" class=\"mini-card__link\">\n\t\t\t\t<h2 class=\"heading heading__align--left heading__color--black heading__size--medium heading__font--sans heading__weight--bold\" id=\"nav-ook-energiecompensatie-voor-studenten404\">\n\tOok energiecompensatie voor studenten<\/h2>\t\t\t<\/a>\n\t\t<\/div>\n\t\t\t\t\n\t\t\t<div class=\"mini-card__paragraph  mini-card__limit-lines mini-card__limit-lines--3\">\n\t\t\t<p class=\"paragraph paragraph__align--left paragraph__color--black paragraph__size--default paragraph__weight--medium\">\n\t\tD66 Almere wil dat de gemeente onderzoekt hoe studenten ook gecompenseerd kunnen worden voor de gestegen prijzen van energie. Nu komen studenten vaak niet in aanmerking voor compensatie omdat studiefinanciering wordt gezien als inkomen. \t<\/p>\t\t<\/div>\n\t\n\t<a href=\"https:\/\/d66.nl\/almere\/nieuws\/ook-energiecompensatie-voor-studenten\/\" class=\"buttonV2 buttonV2__color--transparent buttonV2__size--default buttonV2__size-width--default buttonV2__link  mini-card__buttonV2\" id=\"\" target=\"\">\n\t<div class=\"buttonV2__top-wrapper buttonV2__arrow-align--right\">\n\t\t\t\t\t<span class=\"buttonV2__title\">\n\t\t\t\tLees verder\t\t\t<\/span>\n\t\t\n\t\t\t\t\t<div class=\"buttonV2__icon\">\n\t\t\t\t<svg xmlns='http:\/\/www.w3.org\/2000\/svg' viewBox='0 0 58.14 50.62'><path d='m32.82 50.62 25.32-25.31L32.82 0l-4.35 4.35 17.92 17.86H0v6.21h46.39L28.47 46.33l4.35 4.29z' fill='currentColor' \/><\/svg>\t\t\t<\/div>\n\t\t\t<\/div>\n\n\t<\/a><\/div>\t\t\t\t\t<\/div>\n\t\t\t\t\t\t\t\t\t\t\t\t\t\t\t\t<div class=\"block-point-of-view-grid-new block-point-of-view-grid-new--fourth\">\n\t\t\t\t\t\t<div class=\"mini-card  mini-card__style mini-card__style--spacious   block-point-of-view-grid-new__mini-card\" data-post-id=\"0\">\n\t\t\t<div class=\"mini-card__date\">\n\t\t\t<p class=\"paragraph paragraph__align--left paragraph__color--black paragraph__size--default paragraph__weight--medium\">\n\t\t11.01.2023\t<\/p>\t\t<\/div>\n\t\n\t\t\t<div class=\"mini-card__image-wrapper\">\n\t\t\t\t\t<\/div>\n\t\t\t\t<div class=\"mini-card__heading  mini-card__limit-lines mini-card__limit-lines--2\">\n\t\t\t<a href=\"https:\/\/d66.nl\/almere\/nieuws\/almeerse-concierge-van-het-jaar-verkiezingen\/\" class=\"mini-card__link\">\n\t\t\t\t<h2 class=\"heading heading__align--left heading__color--black heading__size--medium heading__font--sans heading__weight--bold\" id=\"nav-wie-wordt-d---almeerse-conci--rge-van-2022-4801\">\n\tWie wordt d\u00e9 Almeerse conci\u00ebrge van 2022?<\/h2>\t\t\t<\/a>\n\t\t<\/div>\n\t\t\t\t\n\t\t\t<div class=\"mini-card__paragraph  mini-card__limit-lines mini-card__limit-lines--3\">\n\t\t\t<p class=\"paragraph paragraph__align--left paragraph__color--black paragraph__size--default paragraph__weight--medium\">\n\t\tD66 Almere organiseert voor de tiende keer de verkiezing van de beste school-conci\u00ebrge van Almere. Jaarlijks wordt deze succesvolle verkiezing gehouden om extra aandacht te geven aan deze onmisbare medewerkers op de scholen. Is jouw conci\u00ebrge De Conci\u00ebrge van het Jaar 2022? Nomineer jouw conci\u00ebrge dan nu! \r\n\r\nNomineren kan tot en met 27 januari!\t<\/p>\t\t<\/div>\n\t\n\t<a href=\"https:\/\/d66.nl\/almere\/nieuws\/almeerse-concierge-van-het-jaar-verkiezingen\/\" class=\"buttonV2 buttonV2__color--transparent buttonV2__size--default buttonV2__size-width--default buttonV2__link  mini-card__buttonV2\" id=\"\" target=\"\">\n\t<div class=\"buttonV2__top-wrapper buttonV2__arrow-align--right\">\n\t\t\t\t\t<span class=\"buttonV2__title\">\n\t\t\t\tLees verder\t\t\t<\/span>\n\t\t\n\t\t\t\t\t<div class=\"buttonV2__icon\">\n\t\t\t\t<svg xmlns='http:\/\/www.w3.org\/2000\/svg' viewBox='0 0 58.14 50.62'><path d='m32.82 50.62 25.32-25.31L32.82 0l-4.35 4.35 17.92 17.86H0v6.21h46.39L28.47 46.33l4.35 4.29z' fill='currentColor' \/><\/svg>\t\t\t<\/div>\n\t\t\t<\/div>\n\n\t<\/a><\/div>\t\t\t\t\t<\/div>\n\t\t\t\t\t\t\t\t\t\t\t\t\t\t\t\t<div class=\"block-point-of-view-grid-new block-point-of-view-grid-new--fifth\">\n\t\t\t\t\t\t<div class=\"mini-card  mini-card__style mini-card__style--spacious   block-point-of-view-grid-new__mini-card\" data-post-id=\"0\">\n\t\t\t<div class=\"mini-card__date\">\n\t\t\t<p class=\"paragraph paragraph__align--left paragraph__color--black paragraph__size--default paragraph__weight--medium\">\n\t\t04.10.2022\t<\/p>\t\t<\/div>\n\t\n\t\t\t\t<div class=\"mini-card__heading  mini-card__limit-lines mini-card__limit-lines--2\">\n\t\t\t<a href=\"https:\/\/d66.nl\/almere\/nieuws\/natuur-inclusieve-landbouw-in-almere\/\" class=\"mini-card__link\">\n\t\t\t\t<h2 class=\"heading heading__align--left heading__color--black heading__size--medium heading__font--sans heading__weight--bold\" id=\"nav-natuur-inclusieve-landbouw-in-almere3310\">\n\tNatuur inclusieve landbouw in Almere<\/h2>\t\t\t<\/a>\n\t\t<\/div>\n\t\t\t\t\n\t\n\t<a href=\"https:\/\/d66.nl\/almere\/nieuws\/natuur-inclusieve-landbouw-in-almere\/\" class=\"buttonV2 buttonV2__color--transparent buttonV2__size--default buttonV2__size-width--default buttonV2__link  mini-card__buttonV2\" id=\"\" target=\"\">\n\t<div class=\"buttonV2__top-wrapper buttonV2__arrow-align--right\">\n\t\t\t\t\t<span class=\"buttonV2__title\">\n\t\t\t\tLees verder\t\t\t<\/span>\n\t\t\n\t\t\t\t\t<div class=\"buttonV2__icon\">\n\t\t\t\t<svg xmlns='http:\/\/www.w3.org\/2000\/svg' viewBox='0 0 58.14 50.62'><path d='m32.82 50.62 25.32-25.31L32.82 0l-4.35 4.35 17.92 17.86H0v6.21h46.39L28.47 46.33l4.35 4.29z' fill='currentColor' \/><\/svg>\t\t\t<\/div>\n\t\t\t<\/div>\n\n\t<\/a><\/div>\t\t\t\t\t<\/div>\n\t\t\t\t\t\t\t\t\t\t\t\t\t\t\t\t<div class=\"block-point-of-view-grid-new block-point-of-view-grid-new--sixth\">\n\t\t\t\t\t\t<div class=\"mini-card  mini-card__style mini-card__style--spacious   block-point-of-view-grid-new__mini-card\" data-post-id=\"0\">\n\t\t\t<div class=\"mini-card__date\">\n\t\t\t<p class=\"paragraph paragraph__align--left paragraph__color--black paragraph__size--default paragraph__weight--medium\">\n\t\t11.07.2022\t<\/p>\t\t<\/div>\n\t\n\t\t\t<div class=\"mini-card__image-wrapper\">\n\t\t\t\t\t<\/div>\n\t\t\t\t<div class=\"mini-card__heading  mini-card__limit-lines mini-card__limit-lines--2\">\n\t\t\t<a href=\"https:\/\/d66.nl\/almere\/nieuws\/coalitieakkoord-gesloten\/\" class=\"mini-card__link\">\n\t\t\t\t<h2 class=\"heading heading__align--left heading__color--black heading__size--medium heading__font--sans heading__weight--bold\" id=\"nav-coalitieakkoord-gesloten-3485\">\n\tCoalitieakkoord gesloten!<\/h2>\t\t\t<\/a>\n\t\t<\/div>\n\t\t\t\t\n\t\t\t<div class=\"mini-card__paragraph  mini-card__limit-lines mini-card__limit-lines--3\">\n\t\t\t<p class=\"paragraph paragraph__align--left paragraph__color--black paragraph__size--default paragraph__weight--medium\">\n\t\tVol trots presenteren wij vandaag het nieuwe coalitieakkoord \u2018Bouwen aan een gezonde toekomst\u2019. In de afgelopen maanden hebben wij onderhandeld met de VVD, SP, PvdD, Leefbaar Almere, ChristenUnie en het CDA. We investeren met dit akkoord in onze mooie stad, in de mensen die het nodig hebben, in de organisatie waar het nodig is \u00e9n we investeren zodat onze stad klaar is voor de toekomst. \t<\/p>\t\t<\/div>\n\t\n\t<a href=\"https:\/\/d66.nl\/almere\/nieuws\/coalitieakkoord-gesloten\/\" class=\"buttonV2 buttonV2__color--transparent buttonV2__size--default buttonV2__size-width--default buttonV2__link  mini-card__buttonV2\" id=\"\" target=\"\">\n\t<div class=\"buttonV2__top-wrapper buttonV2__arrow-align--right\">\n\t\t\t\t\t<span class=\"buttonV2__title\">\n\t\t\t\tLees verder\t\t\t<\/span>\n\t\t\n\t\t\t\t\t<div class=\"buttonV2__icon\">\n\t\t\t\t<svg xmlns='http:\/\/www.w3.org\/2000\/svg' viewBox='0 0 58.14 50.62'><path d='m32.82 50.62 25.32-25.31L32.82 0l-4.35 4.35 17.92 17.86H0v6.21h46.39L28.47 46.33l4.35 4.29z' fill='currentColor' \/><\/svg>\t\t\t<\/div>\n\t\t\t<\/div>\n\n\t<\/a><\/div>\t\t\t\t\t<\/div>\n\t\t\t\t\t\t\t\t\t<\/div>\n\t<\/div><div class=\"block-point-of-view-grid-new js-block-point-of-view-grid-new\">\n\t<div class=\"block-point-of-view-grid-new__grid\">\n\n\t\t\t\t\t<div class=\"block-point-of-view-grid-new__row-desktop block-point-of-view-grid-new__row-desktop-bottom\">\n\t\t\t\t\t\t\t\t\t\t\t\t\t\t\t<div class=\"block-point-of-view-grid-new__item block-point-of-view-grid-new__item--first\">\n\t\t\t\t\t\t\t<div class=\"mini-card  mini-card__style mini-card__style--spacious   block-point-of-view-grid-new__mini-card\" data-post-id=\"0\">\n\t\t\t<div class=\"mini-card__date\">\n\t\t\t<p class=\"paragraph paragraph__align--left paragraph__color--black paragraph__size--default paragraph__weight--medium\">\n\t\t10.06.2022\t<\/p>\t\t<\/div>\n\t\n\t\t\t<div class=\"mini-card__image-wrapper\">\n\t\t\t\t\t<\/div>\n\t\t\t\t<div class=\"mini-card__heading  mini-card__limit-lines mini-card__limit-lines--2\">\n\t\t\t<a href=\"https:\/\/d66.nl\/almere\/nieuws\/youri-egorovweg\/\" class=\"mini-card__link\">\n\t\t\t\t<h2 class=\"heading heading__align--left heading__color--black heading__size--medium heading__font--sans heading__weight--bold\" id=\"nav-youri-egorovweg9291\">\n\tYouri Egorovweg<\/h2>\t\t\t<\/a>\n\t\t<\/div>\n\t\t\t\t\n\t\t\t<div class=\"mini-card__paragraph  mini-card__limit-lines mini-card__limit-lines--3\">\n\t\t\t<p class=\"paragraph paragraph__align--left paragraph__color--black paragraph__size--default paragraph__weight--medium\">\n\t\tHet raadsvoorstel om woningen te bouwen aan de Youri Egorovweg in Muziekwijk is aangenomen door de gemeenteraad. Wel wordt dit raadsvoorstel aangepast dankzij een amendement van D66, PvdA, SP, 50PLUS en CDA, dat ook is aangenomen. Hierdoor wordt er op een kleiner stuk grond gebouwd en blijft er meer ruimte voor groen over. De bewoners worden door de gemeente betrokken om samen te kijken hoe dit groen het beste kan worden ontwikkeld. Verder komen er nu ook meer verschillende soorten woningen. \t<\/p>\t\t<\/div>\n\t\n\t<a href=\"https:\/\/d66.nl\/almere\/nieuws\/youri-egorovweg\/\" class=\"buttonV2 buttonV2__color--transparent buttonV2__size--default buttonV2__size-width--default buttonV2__link  mini-card__buttonV2\" id=\"\" target=\"\">\n\t<div class=\"buttonV2__top-wrapper buttonV2__arrow-align--right\">\n\t\t\t\t\t<span class=\"buttonV2__title\">\n\t\t\t\tLees verder\t\t\t<\/span>\n\t\t\n\t\t\t\t\t<div class=\"buttonV2__icon\">\n\t\t\t\t<svg xmlns='http:\/\/www.w3.org\/2000\/svg' viewBox='0 0 58.14 50.62'><path d='m32.82 50.62 25.32-25.31L32.82 0l-4.35 4.35 17.92 17.86H0v6.21h46.39L28.47 46.33l4.35 4.29z' fill='currentColor' \/><\/svg>\t\t\t<\/div>\n\t\t\t<\/div>\n\n\t<\/a><\/div>\t\t\t\t\t\t<\/div>\n\t\t\t\t\t\t\t\t\t\t\t\t\t\t\t\t\t\t\t\t<div class=\"block-point-of-view-grid-new__item block-point-of-view-grid-new__item--second\">\n\t\t\t\t\t\t\t<div class=\"mini-card  mini-card__style mini-card__style--spacious   block-point-of-view-grid-new__mini-card\" data-post-id=\"0\">\n\t\t\t<div class=\"mini-card__date\">\n\t\t\t<p class=\"paragraph paragraph__align--left paragraph__color--black paragraph__size--default paragraph__weight--medium\">\n\t\t18.03.2022\t<\/p>\t\t<\/div>\n\t\n\t\t\t<div class=\"mini-card__image-wrapper\">\n\t\t\t\t\t<\/div>\n\t\t\t\t<div class=\"mini-card__heading  mini-card__limit-lines mini-card__limit-lines--2\">\n\t\t\t<a href=\"https:\/\/d66.nl\/almere\/nieuws\/d66-met-4-zetels-in-almeerse-raad\/\" class=\"mini-card__link\">\n\t\t\t\t<h2 class=\"heading heading__align--left heading__color--black heading__size--medium heading__font--sans heading__weight--bold\" id=\"nav-d66-met-4-zetels-in-almeerse-raad1234\">\n\tD66 met 4 zetels in Almeerse raad<\/h2>\t\t\t<\/a>\n\t\t<\/div>\n\t\t\t\t\n\t\t\t<div class=\"mini-card__paragraph  mini-card__limit-lines mini-card__limit-lines--3\">\n\t\t\t<p class=\"paragraph paragraph__align--left paragraph__color--black paragraph__size--default paragraph__weight--medium\">\n\t\tDe stemmen zijn geteld en D66 komt met vier zetels in de nieuwe gemeenteraad. Lijsttrekker Martine van Bemmel: &#8216;Ik wil onze kiezers enorm bedanken voor hun steun. We blijven de vierde partij van Almere en daar ben ik trots op. Verder wil ik al onze vrijwilligers bedanken die in de afgelopen maanden keihard hebben gewerkt om ons groene sociaal-liberale geluid luid te laten horen.&#8217;\t<\/p>\t\t<\/div>\n\t\n\t<a href=\"https:\/\/d66.nl\/almere\/nieuws\/d66-met-4-zetels-in-almeerse-raad\/\" class=\"buttonV2 buttonV2__color--transparent buttonV2__size--default buttonV2__size-width--default buttonV2__link  mini-card__buttonV2\" id=\"\" target=\"\">\n\t<div class=\"buttonV2__top-wrapper buttonV2__arrow-align--right\">\n\t\t\t\t\t<span class=\"buttonV2__title\">\n\t\t\t\tLees verder\t\t\t<\/span>\n\t\t\n\t\t\t\t\t<div class=\"buttonV2__icon\">\n\t\t\t\t<svg xmlns='http:\/\/www.w3.org\/2000\/svg' viewBox='0 0 58.14 50.62'><path d='m32.82 50.62 25.32-25.31L32.82 0l-4.35 4.35 17.92 17.86H0v6.21h46.39L28.47 46.33l4.35 4.29z' fill='currentColor' \/><\/svg>\t\t\t<\/div>\n\t\t\t<\/div>\n\n\t<\/a><\/div>\t\t\t\t\t\t<\/div>\n\t\t\t\t\t\t\t\t\t\t\t\t\t\t\t\t\t\t\t\t<div class=\"block-point-of-view-grid-new__item block-point-of-view-grid-new__item--third\">\n\t\t\t\t\t\t\t<div class=\"mini-card  mini-card__style mini-card__style--spacious   block-point-of-view-grid-new__mini-card\" data-post-id=\"0\">\n\t\t\t<div class=\"mini-card__date\">\n\t\t\t<p class=\"paragraph paragraph__align--left paragraph__color--black paragraph__size--default paragraph__weight--medium\">\n\t\t10.03.2022\t<\/p>\t\t<\/div>\n\t\n\t\t\t\t<div class=\"mini-card__heading  mini-card__limit-lines mini-card__limit-lines--2\">\n\t\t\t<a href=\"https:\/\/d66.nl\/almere\/nieuws\/712-2\/\" class=\"mini-card__link\">\n\t\t\t\t<h2 class=\"heading heading__align--left heading__color--black heading__size--medium heading__font--sans heading__weight--bold\" id=\"nav-samenvatting-verkiezingsprogramma-in-begrijpelijke-taal802\">\n\tSamenvatting verkiezingsprogramma in begrijpelijke taal<\/h2>\t\t\t<\/a>\n\t\t<\/div>\n\t\t\t\t\n\t\n\t<a href=\"https:\/\/d66.nl\/almere\/nieuws\/712-2\/\" class=\"buttonV2 buttonV2__color--transparent buttonV2__size--default buttonV2__size-width--default buttonV2__link  mini-card__buttonV2\" id=\"\" target=\"\">\n\t<div class=\"buttonV2__top-wrapper buttonV2__arrow-align--right\">\n\t\t\t\t\t<span class=\"buttonV2__title\">\n\t\t\t\tLees verder\t\t\t<\/span>\n\t\t\n\t\t\t\t\t<div class=\"buttonV2__icon\">\n\t\t\t\t<svg xmlns='http:\/\/www.w3.org\/2000\/svg' viewBox='0 0 58.14 50.62'><path d='m32.82 50.62 25.32-25.31L32.82 0l-4.35 4.35 17.92 17.86H0v6.21h46.39L28.47 46.33l4.35 4.29z' fill='currentColor' \/><\/svg>\t\t\t<\/div>\n\t\t\t<\/div>\n\n\t<\/a><\/div>\t\t\t\t\t\t<\/div>\n\t\t\t\t\t\t\t\t\t\t\t\t<\/div>\n\t\t\n\t\t\t\t\t<div class=\"block-point-of-view-grid-new__row-desktop block-point-of-view-grid-new__row-desktop-bottom\">\n\t\t\t\t\t\t\t\t\t\t\t\t\t\t\t<div class=\"block-point-of-view-grid-new__item block-point-of-view-grid-new__item--fourth\">\n\t\t\t\t\t\t\t<div class=\"mini-card  mini-card__style mini-card__style--spacious   block-point-of-view-grid-new__mini-card\" data-post-id=\"0\">\n\t\t\t<div class=\"mini-card__date\">\n\t\t\t<p class=\"paragraph paragraph__align--left paragraph__color--black paragraph__size--default paragraph__weight--medium\">\n\t\t07.03.2022\t<\/p>\t\t<\/div>\n\t\n\t\t\t<div class=\"mini-card__image-wrapper\">\n\t\t\t\t\t<\/div>\n\t\t\t\t<div class=\"mini-card__heading  mini-card__limit-lines mini-card__limit-lines--2\">\n\t\t\t<a href=\"https:\/\/d66.nl\/almere\/nieuws\/wethouder-adviescommissie-van-start\/\" class=\"mini-card__link\">\n\t\t\t\t<h2 class=\"heading heading__align--left heading__color--black heading__size--medium heading__font--sans heading__weight--bold\" id=\"nav-wethouder-adviescommissie-van-start5849\">\n\tWethouder Adviescommissie van start<\/h2>\t\t\t<\/a>\n\t\t<\/div>\n\t\t\t\t\n\t\t\t<div class=\"mini-card__paragraph  mini-card__limit-lines mini-card__limit-lines--3\">\n\t\t\t<p class=\"paragraph paragraph__align--left paragraph__color--black paragraph__size--default paragraph__weight--medium\">\n\t\tLeden die ge\u00efnteresseerd zijn in het wethouderschap kunnen zich vanaf nu melden bij de Wethouder Adviescommissie (WAC) van D66 Almere.\t<\/p>\t\t<\/div>\n\t\n\t<a href=\"https:\/\/d66.nl\/almere\/nieuws\/wethouder-adviescommissie-van-start\/\" class=\"buttonV2 buttonV2__color--transparent buttonV2__size--default buttonV2__size-width--default buttonV2__link  mini-card__buttonV2\" id=\"\" target=\"\">\n\t<div class=\"buttonV2__top-wrapper buttonV2__arrow-align--right\">\n\t\t\t\t\t<span class=\"buttonV2__title\">\n\t\t\t\tLees verder\t\t\t<\/span>\n\t\t\n\t\t\t\t\t<div class=\"buttonV2__icon\">\n\t\t\t\t<svg xmlns='http:\/\/www.w3.org\/2000\/svg' viewBox='0 0 58.14 50.62'><path d='m32.82 50.62 25.32-25.31L32.82 0l-4.35 4.35 17.92 17.86H0v6.21h46.39L28.47 46.33l4.35 4.29z' fill='currentColor' \/><\/svg>\t\t\t<\/div>\n\t\t\t<\/div>\n\n\t<\/a><\/div>\t\t\t\t\t\t<\/div>\n\t\t\t\t\t\t\t\t\t\t\t\t\t\t\t\t\t\t\t\t<div class=\"block-point-of-view-grid-new__item block-point-of-view-grid-new__item--fifth\">\n\t\t\t\t\t\t\t<div class=\"mini-card  mini-card__style mini-card__style--spacious   block-point-of-view-grid-new__mini-card\" data-post-id=\"0\">\n\t\t\t<div class=\"mini-card__date\">\n\t\t\t<p class=\"paragraph paragraph__align--left paragraph__color--black paragraph__size--default paragraph__weight--medium\">\n\t\t11.02.2022\t<\/p>\t\t<\/div>\n\t\n\t\t\t<div class=\"mini-card__image-wrapper\">\n\t\t\t\t\t<\/div>\n\t\t\t\t<div class=\"mini-card__heading  mini-card__limit-lines mini-card__limit-lines--2\">\n\t\t\t<a href=\"https:\/\/d66.nl\/almere\/nieuws\/concierge-van-het-jaar\/\" class=\"mini-card__link\">\n\t\t\t\t<h2 class=\"heading heading__align--left heading__color--black heading__size--medium heading__font--sans heading__weight--bold\" id=\"nav-conci--rge-van-het-jaar8654\">\n\tConci\u00ebrge van het Jaar<\/h2>\t\t\t<\/a>\n\t\t<\/div>\n\t\t\t\t\n\t\t\t<div class=\"mini-card__paragraph  mini-card__limit-lines mini-card__limit-lines--3\">\n\t\t\t<p class=\"paragraph paragraph__align--left paragraph__color--black paragraph__size--default paragraph__weight--medium\">\n\t\tFrank Kroon is de Conci\u00ebrge van het Jaar! Uit meer dan 70 inzendingen is hij verkozen tot Almeerse conci\u00ebrge van het jaar.\t<\/p>\t\t<\/div>\n\t\n\t<a href=\"https:\/\/d66.nl\/almere\/nieuws\/concierge-van-het-jaar\/\" class=\"buttonV2 buttonV2__color--transparent buttonV2__size--default buttonV2__size-width--default buttonV2__link  mini-card__buttonV2\" id=\"\" target=\"\">\n\t<div class=\"buttonV2__top-wrapper buttonV2__arrow-align--right\">\n\t\t\t\t\t<span class=\"buttonV2__title\">\n\t\t\t\tLees verder\t\t\t<\/span>\n\t\t\n\t\t\t\t\t<div class=\"buttonV2__icon\">\n\t\t\t\t<svg xmlns='http:\/\/www.w3.org\/2000\/svg' viewBox='0 0 58.14 50.62'><path d='m32.82 50.62 25.32-25.31L32.82 0l-4.35 4.35 17.92 17.86H0v6.21h46.39L28.47 46.33l4.35 4.29z' fill='currentColor' \/><\/svg>\t\t\t<\/div>\n\t\t\t<\/div>\n\n\t<\/a><\/div>\t\t\t\t\t\t<\/div>\n\t\t\t\t\t\t\t\t\t\t\t\t\t\t\t\t\t\t\t\t<div class=\"block-point-of-view-grid-new__item block-point-of-view-grid-new__item--sixth\">\n\t\t\t\t\t\t\t<div class=\"mini-card  mini-card__style mini-card__style--spacious   block-point-of-view-grid-new__mini-card\" data-post-id=\"0\">\n\t\t\t<div class=\"mini-card__date\">\n\t\t\t<p class=\"paragraph paragraph__align--left paragraph__color--black paragraph__size--default paragraph__weight--medium\">\n\t\t02.02.2022\t<\/p>\t\t<\/div>\n\t\n\t\t\t<div class=\"mini-card__image-wrapper\">\n\t\t\t\t\t<\/div>\n\t\t\t\t<div class=\"mini-card__heading  mini-card__limit-lines mini-card__limit-lines--2\">\n\t\t\t<a href=\"https:\/\/d66.nl\/almere\/nieuws\/erkenningssysteem-sekswerkers\/\" class=\"mini-card__link\">\n\t\t\t\t<h2 class=\"heading heading__align--left heading__color--black heading__size--medium heading__font--sans heading__weight--bold\" id=\"nav-erkenningssysteem-sekswerkers7809\">\n\tErkenningssysteem sekswerkers<\/h2>\t\t\t<\/a>\n\t\t<\/div>\n\t\t\t\t\n\t\t\t<div class=\"mini-card__paragraph  mini-card__limit-lines mini-card__limit-lines--3\">\n\t\t\t<p class=\"paragraph paragraph__align--left paragraph__color--black paragraph__size--default paragraph__weight--medium\">\n\t\tD66 Almere blijft zich sterk maken voor een erkenningssysteem voor Almeerse sekswerkers die thuis werken.  Het is gewoon niet goed geregeld in Almere. De thuiswerkende sekswerker is in Almere niet beschermd, ook de zelfredzaamheid kan veel beter. Een registratiesysteem helpt de sekswerker ook bijvoorbeeld in het contact met hulpverleners zoals Proud, GGD en politie.\t<\/p>\t\t<\/div>\n\t\n\t<a href=\"https:\/\/d66.nl\/almere\/nieuws\/erkenningssysteem-sekswerkers\/\" class=\"buttonV2 buttonV2__color--transparent buttonV2__size--default buttonV2__size-width--default buttonV2__link  mini-card__buttonV2\" id=\"\" target=\"\">\n\t<div class=\"buttonV2__top-wrapper buttonV2__arrow-align--right\">\n\t\t\t\t\t<span class=\"buttonV2__title\">\n\t\t\t\tLees verder\t\t\t<\/span>\n\t\t\n\t\t\t\t\t<div class=\"buttonV2__icon\">\n\t\t\t\t<svg xmlns='http:\/\/www.w3.org\/2000\/svg' viewBox='0 0 58.14 50.62'><path d='m32.82 50.62 25.32-25.31L32.82 0l-4.35 4.35 17.92 17.86H0v6.21h46.39L28.47 46.33l4.35 4.29z' fill='currentColor' \/><\/svg>\t\t\t<\/div>\n\t\t\t<\/div>\n\n\t<\/a><\/div>\t\t\t\t\t\t<\/div>\n\t\t\t\t\t\t\t\t\t\t\t\t<\/div>\n\t\t\n\t<\/div>\n\t\t\t<div class=\"block-point-of-view-grid-new__accordions\">\n\t\t\t\t\t\t\t\t\t\t\t\t<div class=\"block-point-of-view-grid-new block-point-of-view-grid-new--first\">\n\t\t\t\t\t\t<div class=\"mini-card  mini-card__style mini-card__style--spacious   block-point-of-view-grid-new__mini-card\" data-post-id=\"0\">\n\t\t\t<div class=\"mini-card__date\">\n\t\t\t<p class=\"paragraph paragraph__align--left paragraph__color--black paragraph__size--default paragraph__weight--medium\">\n\t\t10.06.2022\t<\/p>\t\t<\/div>\n\t\n\t\t\t<div class=\"mini-card__image-wrapper\">\n\t\t\t\t\t<\/div>\n\t\t\t\t<div class=\"mini-card__heading  mini-card__limit-lines mini-card__limit-lines--2\">\n\t\t\t<a href=\"https:\/\/d66.nl\/almere\/nieuws\/youri-egorovweg\/\" class=\"mini-card__link\">\n\t\t\t\t<h2 class=\"heading heading__align--left heading__color--black heading__size--medium heading__font--sans heading__weight--bold\" id=\"nav-youri-egorovweg5145\">\n\tYouri Egorovweg<\/h2>\t\t\t<\/a>\n\t\t<\/div>\n\t\t\t\t\n\t\t\t<div class=\"mini-card__paragraph  mini-card__limit-lines mini-card__limit-lines--3\">\n\t\t\t<p class=\"paragraph paragraph__align--left paragraph__color--black paragraph__size--default paragraph__weight--medium\">\n\t\tHet raadsvoorstel om woningen te bouwen aan de Youri Egorovweg in Muziekwijk is aangenomen door de gemeenteraad. Wel wordt dit raadsvoorstel aangepast dankzij een amendement van D66, PvdA, SP, 50PLUS en CDA, dat ook is aangenomen. Hierdoor wordt er op een kleiner stuk grond gebouwd en blijft er meer ruimte voor groen over. De bewoners worden door de gemeente betrokken om samen te kijken hoe dit groen het beste kan worden ontwikkeld. Verder komen er nu ook meer verschillende soorten woningen. \t<\/p>\t\t<\/div>\n\t\n\t<a href=\"https:\/\/d66.nl\/almere\/nieuws\/youri-egorovweg\/\" class=\"buttonV2 buttonV2__color--transparent buttonV2__size--default buttonV2__size-width--default buttonV2__link  mini-card__buttonV2\" id=\"\" target=\"\">\n\t<div class=\"buttonV2__top-wrapper buttonV2__arrow-align--right\">\n\t\t\t\t\t<span class=\"buttonV2__title\">\n\t\t\t\tLees verder\t\t\t<\/span>\n\t\t\n\t\t\t\t\t<div class=\"buttonV2__icon\">\n\t\t\t\t<svg xmlns='http:\/\/www.w3.org\/2000\/svg' viewBox='0 0 58.14 50.62'><path d='m32.82 50.62 25.32-25.31L32.82 0l-4.35 4.35 17.92 17.86H0v6.21h46.39L28.47 46.33l4.35 4.29z' fill='currentColor' \/><\/svg>\t\t\t<\/div>\n\t\t\t<\/div>\n\n\t<\/a><\/div>\t\t\t\t\t<\/div>\n\t\t\t\t\t\t\t\t\t\t\t\t\t\t\t\t<div class=\"block-point-of-view-grid-new block-point-of-view-grid-new--second\">\n\t\t\t\t\t\t<div class=\"mini-card  mini-card__style mini-card__style--spacious   block-point-of-view-grid-new__mini-card\" data-post-id=\"0\">\n\t\t\t<div class=\"mini-card__date\">\n\t\t\t<p class=\"paragraph paragraph__align--left paragraph__color--black paragraph__size--default paragraph__weight--medium\">\n\t\t18.03.2022\t<\/p>\t\t<\/div>\n\t\n\t\t\t<div class=\"mini-card__image-wrapper\">\n\t\t\t\t\t<\/div>\n\t\t\t\t<div class=\"mini-card__heading  mini-card__limit-lines mini-card__limit-lines--2\">\n\t\t\t<a href=\"https:\/\/d66.nl\/almere\/nieuws\/d66-met-4-zetels-in-almeerse-raad\/\" class=\"mini-card__link\">\n\t\t\t\t<h2 class=\"heading heading__align--left heading__color--black heading__size--medium heading__font--sans heading__weight--bold\" id=\"nav-d66-met-4-zetels-in-almeerse-raad3922\">\n\tD66 met 4 zetels in Almeerse raad<\/h2>\t\t\t<\/a>\n\t\t<\/div>\n\t\t\t\t\n\t\t\t<div class=\"mini-card__paragraph  mini-card__limit-lines mini-card__limit-lines--3\">\n\t\t\t<p class=\"paragraph paragraph__align--left paragraph__color--black paragraph__size--default paragraph__weight--medium\">\n\t\tDe stemmen zijn geteld en D66 komt met vier zetels in de nieuwe gemeenteraad. Lijsttrekker Martine van Bemmel: &#8216;Ik wil onze kiezers enorm bedanken voor hun steun. We blijven de vierde partij van Almere en daar ben ik trots op. Verder wil ik al onze vrijwilligers bedanken die in de afgelopen maanden keihard hebben gewerkt om ons groene sociaal-liberale geluid luid te laten horen.&#8217;\t<\/p>\t\t<\/div>\n\t\n\t<a href=\"https:\/\/d66.nl\/almere\/nieuws\/d66-met-4-zetels-in-almeerse-raad\/\" class=\"buttonV2 buttonV2__color--transparent buttonV2__size--default buttonV2__size-width--default buttonV2__link  mini-card__buttonV2\" id=\"\" target=\"\">\n\t<div class=\"buttonV2__top-wrapper buttonV2__arrow-align--right\">\n\t\t\t\t\t<span class=\"buttonV2__title\">\n\t\t\t\tLees verder\t\t\t<\/span>\n\t\t\n\t\t\t\t\t<div class=\"buttonV2__icon\">\n\t\t\t\t<svg xmlns='http:\/\/www.w3.org\/2000\/svg' viewBox='0 0 58.14 50.62'><path d='m32.82 50.62 25.32-25.31L32.82 0l-4.35 4.35 17.92 17.86H0v6.21h46.39L28.47 46.33l4.35 4.29z' fill='currentColor' \/><\/svg>\t\t\t<\/div>\n\t\t\t<\/div>\n\n\t<\/a><\/div>\t\t\t\t\t<\/div>\n\t\t\t\t\t\t\t\t\t\t\t\t\t\t\t\t<div class=\"block-point-of-view-grid-new block-point-of-view-grid-new--third\">\n\t\t\t\t\t\t<div class=\"mini-card  mini-card__style mini-card__style--spacious   block-point-of-view-grid-new__mini-card\" data-post-id=\"0\">\n\t\t\t<div class=\"mini-card__date\">\n\t\t\t<p class=\"paragraph paragraph__align--left paragraph__color--black paragraph__size--default paragraph__weight--medium\">\n\t\t10.03.2022\t<\/p>\t\t<\/div>\n\t\n\t\t\t\t<div class=\"mini-card__heading  mini-card__limit-lines mini-card__limit-lines--2\">\n\t\t\t<a href=\"https:\/\/d66.nl\/almere\/nieuws\/712-2\/\" class=\"mini-card__link\">\n\t\t\t\t<h2 class=\"heading heading__align--left heading__color--black heading__size--medium heading__font--sans heading__weight--bold\" id=\"nav-samenvatting-verkiezingsprogramma-in-begrijpelijke-taal2030\">\n\tSamenvatting verkiezingsprogramma in begrijpelijke taal<\/h2>\t\t\t<\/a>\n\t\t<\/div>\n\t\t\t\t\n\t\n\t<a href=\"https:\/\/d66.nl\/almere\/nieuws\/712-2\/\" class=\"buttonV2 buttonV2__color--transparent buttonV2__size--default buttonV2__size-width--default buttonV2__link  mini-card__buttonV2\" id=\"\" target=\"\">\n\t<div class=\"buttonV2__top-wrapper buttonV2__arrow-align--right\">\n\t\t\t\t\t<span class=\"buttonV2__title\">\n\t\t\t\tLees verder\t\t\t<\/span>\n\t\t\n\t\t\t\t\t<div class=\"buttonV2__icon\">\n\t\t\t\t<svg xmlns='http:\/\/www.w3.org\/2000\/svg' viewBox='0 0 58.14 50.62'><path d='m32.82 50.62 25.32-25.31L32.82 0l-4.35 4.35 17.92 17.86H0v6.21h46.39L28.47 46.33l4.35 4.29z' fill='currentColor' \/><\/svg>\t\t\t<\/div>\n\t\t\t<\/div>\n\n\t<\/a><\/div>\t\t\t\t\t<\/div>\n\t\t\t\t\t\t\t\t\t\t\t\t\t\t\t\t<div class=\"block-point-of-view-grid-new block-point-of-view-grid-new--fourth\">\n\t\t\t\t\t\t<div class=\"mini-card  mini-card__style mini-card__style--spacious   block-point-of-view-grid-new__mini-card\" data-post-id=\"0\">\n\t\t\t<div class=\"mini-card__date\">\n\t\t\t<p class=\"paragraph paragraph__align--left paragraph__color--black paragraph__size--default paragraph__weight--medium\">\n\t\t07.03.2022\t<\/p>\t\t<\/div>\n\t\n\t\t\t<div class=\"mini-card__image-wrapper\">\n\t\t\t\t\t<\/div>\n\t\t\t\t<div class=\"mini-card__heading  mini-card__limit-lines mini-card__limit-lines--2\">\n\t\t\t<a href=\"https:\/\/d66.nl\/almere\/nieuws\/wethouder-adviescommissie-van-start\/\" class=\"mini-card__link\">\n\t\t\t\t<h2 class=\"heading heading__align--left heading__color--black heading__size--medium heading__font--sans heading__weight--bold\" id=\"nav-wethouder-adviescommissie-van-start2543\">\n\tWethouder Adviescommissie van start<\/h2>\t\t\t<\/a>\n\t\t<\/div>\n\t\t\t\t\n\t\t\t<div class=\"mini-card__paragraph  mini-card__limit-lines mini-card__limit-lines--3\">\n\t\t\t<p class=\"paragraph paragraph__align--left paragraph__color--black paragraph__size--default paragraph__weight--medium\">\n\t\tLeden die ge\u00efnteresseerd zijn in het wethouderschap kunnen zich vanaf nu melden bij de Wethouder Adviescommissie (WAC) van D66 Almere.\t<\/p>\t\t<\/div>\n\t\n\t<a href=\"https:\/\/d66.nl\/almere\/nieuws\/wethouder-adviescommissie-van-start\/\" class=\"buttonV2 buttonV2__color--transparent buttonV2__size--default buttonV2__size-width--default buttonV2__link  mini-card__buttonV2\" id=\"\" target=\"\">\n\t<div class=\"buttonV2__top-wrapper buttonV2__arrow-align--right\">\n\t\t\t\t\t<span class=\"buttonV2__title\">\n\t\t\t\tLees verder\t\t\t<\/span>\n\t\t\n\t\t\t\t\t<div class=\"buttonV2__icon\">\n\t\t\t\t<svg xmlns='http:\/\/www.w3.org\/2000\/svg' viewBox='0 0 58.14 50.62'><path d='m32.82 50.62 25.32-25.31L32.82 0l-4.35 4.35 17.92 17.86H0v6.21h46.39L28.47 46.33l4.35 4.29z' fill='currentColor' \/><\/svg>\t\t\t<\/div>\n\t\t\t<\/div>\n\n\t<\/a><\/div>\t\t\t\t\t<\/div>\n\t\t\t\t\t\t\t\t\t\t\t\t\t\t\t\t<div class=\"block-point-of-view-grid-new block-point-of-view-grid-new--fifth\">\n\t\t\t\t\t\t<div class=\"mini-card  mini-card__style mini-card__style--spacious   block-point-of-view-grid-new__mini-card\" data-post-id=\"0\">\n\t\t\t<div class=\"mini-card__date\">\n\t\t\t<p class=\"paragraph paragraph__align--left paragraph__color--black paragraph__size--default paragraph__weight--medium\">\n\t\t11.02.2022\t<\/p>\t\t<\/div>\n\t\n\t\t\t<div class=\"mini-card__image-wrapper\">\n\t\t\t\t\t<\/div>\n\t\t\t\t<div class=\"mini-card__heading  mini-card__limit-lines mini-card__limit-lines--2\">\n\t\t\t<a href=\"https:\/\/d66.nl\/almere\/nieuws\/concierge-van-het-jaar\/\" class=\"mini-card__link\">\n\t\t\t\t<h2 class=\"heading heading__align--left heading__color--black heading__size--medium heading__font--sans heading__weight--bold\" id=\"nav-conci--rge-van-het-jaar3780\">\n\tConci\u00ebrge van het Jaar<\/h2>\t\t\t<\/a>\n\t\t<\/div>\n\t\t\t\t\n\t\t\t<div class=\"mini-card__paragraph  mini-card__limit-lines mini-card__limit-lines--3\">\n\t\t\t<p class=\"paragraph paragraph__align--left paragraph__color--black paragraph__size--default paragraph__weight--medium\">\n\t\tFrank Kroon is de Conci\u00ebrge van het Jaar! Uit meer dan 70 inzendingen is hij verkozen tot Almeerse conci\u00ebrge van het jaar.\t<\/p>\t\t<\/div>\n\t\n\t<a href=\"https:\/\/d66.nl\/almere\/nieuws\/concierge-van-het-jaar\/\" class=\"buttonV2 buttonV2__color--transparent buttonV2__size--default buttonV2__size-width--default buttonV2__link  mini-card__buttonV2\" id=\"\" target=\"\">\n\t<div class=\"buttonV2__top-wrapper buttonV2__arrow-align--right\">\n\t\t\t\t\t<span class=\"buttonV2__title\">\n\t\t\t\tLees verder\t\t\t<\/span>\n\t\t\n\t\t\t\t\t<div class=\"buttonV2__icon\">\n\t\t\t\t<svg xmlns='http:\/\/www.w3.org\/2000\/svg' viewBox='0 0 58.14 50.62'><path d='m32.82 50.62 25.32-25.31L32.82 0l-4.35 4.35 17.92 17.86H0v6.21h46.39L28.47 46.33l4.35 4.29z' fill='currentColor' \/><\/svg>\t\t\t<\/div>\n\t\t\t<\/div>\n\n\t<\/a><\/div>\t\t\t\t\t<\/div>\n\t\t\t\t\t\t\t\t\t\t\t\t\t\t\t\t<div class=\"block-point-of-view-grid-new block-point-of-view-grid-new--sixth\">\n\t\t\t\t\t\t<div class=\"mini-card  mini-card__style mini-card__style--spacious   block-point-of-view-grid-new__mini-card\" data-post-id=\"0\">\n\t\t\t<div class=\"mini-card__date\">\n\t\t\t<p class=\"paragraph paragraph__align--left paragraph__color--black paragraph__size--default paragraph__weight--medium\">\n\t\t02.02.2022\t<\/p>\t\t<\/div>\n\t\n\t\t\t<div class=\"mini-card__image-wrapper\">\n\t\t\t\t\t<\/div>\n\t\t\t\t<div class=\"mini-card__heading  mini-card__limit-lines mini-card__limit-lines--2\">\n\t\t\t<a href=\"https:\/\/d66.nl\/almere\/nieuws\/erkenningssysteem-sekswerkers\/\" class=\"mini-card__link\">\n\t\t\t\t<h2 class=\"heading heading__align--left heading__color--black heading__size--medium heading__font--sans heading__weight--bold\" id=\"nav-erkenningssysteem-sekswerkers2971\">\n\tErkenningssysteem sekswerkers<\/h2>\t\t\t<\/a>\n\t\t<\/div>\n\t\t\t\t\n\t\t\t<div class=\"mini-card__paragraph  mini-card__limit-lines mini-card__limit-lines--3\">\n\t\t\t<p class=\"paragraph paragraph__align--left paragraph__color--black paragraph__size--default paragraph__weight--medium\">\n\t\tD66 Almere blijft zich sterk maken voor een erkenningssysteem voor Almeerse sekswerkers die thuis werken.  Het is gewoon niet goed geregeld in Almere. De thuiswerkende sekswerker is in Almere niet beschermd, ook de zelfredzaamheid kan veel beter. Een registratiesysteem helpt de sekswerker ook bijvoorbeeld in het contact met hulpverleners zoals Proud, GGD en politie.\t<\/p>\t\t<\/div>\n\t\n\t<a href=\"https:\/\/d66.nl\/almere\/nieuws\/erkenningssysteem-sekswerkers\/\" class=\"buttonV2 buttonV2__color--transparent buttonV2__size--default buttonV2__size-width--default buttonV2__link  mini-card__buttonV2\" id=\"\" target=\"\">\n\t<div class=\"buttonV2__top-wrapper buttonV2__arrow-align--right\">\n\t\t\t\t\t<span class=\"buttonV2__title\">\n\t\t\t\tLees verder\t\t\t<\/span>\n\t\t\n\t\t\t\t\t<div class=\"buttonV2__icon\">\n\t\t\t\t<svg xmlns='http:\/\/www.w3.org\/2000\/svg' viewBox='0 0 58.14 50.62'><path d='m32.82 50.62 25.32-25.31L32.82 0l-4.35 4.35 17.92 17.86H0v6.21h46.39L28.47 46.33l4.35 4.29z' fill='currentColor' \/><\/svg>\t\t\t<\/div>\n\t\t\t<\/div>\n\n\t<\/a><\/div>\t\t\t\t\t<\/div>\n\t\t\t\t\t\t\t\t\t<\/div>\n\t<\/div><p\n\t\tclass=\"paragraph paragraph__align--center      js-article-listing-pagination\"\n\t\t\t>\n\t\tToont 30 van 32\t<\/p><br \/><div class=\"block-article-listing__button\">\n<button\thref=\"#\"\n\tclass=\"btn btn__color--black btn__size--default  js-article-listing-load-more\"\n\tid=\"\"\n\ttitle=\"Meer Laden\"\n\t\t\t\n\t\n\t\n\t\n\t\n\tdata-last-post-id=\"676\"data-last-site-id=\"188\"\n\t>\n\t<div class=\"btn__top-wrapper\">\n\t\t\n\t\t<span class=\"btn__title\">\n\t\t\tMeer Laden\t\t<\/span>\n\n\t\t\t<\/div>\n\n\t<span class=\"btn__description\">\n\t\t\t<\/span>\n\n\t<span class=\"btn__spinner btn__spinner--black btn__spinner--default\" aria-hidden=\"true\"><\/span>\n<\/button>\n<\/div>\t<\/div>\n<\/div>\t  <\/div>\n\t<\/div>\n  <\/div>\n","protected":false},"excerpt":{"rendered":"","protected":false},"author":6,"featured_media":0,"parent":0,"menu_order":0,"comment_status":"closed","ping_status":"closed","template":"blog.php","meta":{"_acf_changed":false,"footnotes":""},"search-tags":[],"labels":[],"themes-or-point-of-view":[],"class_list":["post-22","page","type-page","status-publish","hentry"],"acf":[],"yoast_head":"<!-- This site is optimized with the Yoast SEO plugin v27.3 - https:\/\/yoast.com\/product\/yoast-seo-wordpress\/ -->\n<title>D66 Almere &#8212; Nieuws<\/title>\n<meta name=\"robots\" content=\"index, follow, max-snippet:-1, max-image-preview:large, max-video-preview:-1\" \/>\n<link rel=\"canonical\" href=\"https:\/\/d66.nl\/almere\/nieuws\/\" \/>\n<meta property=\"og:locale\" content=\"nl_NL\" \/>\n<meta property=\"og:type\" content=\"article\" \/>\n<meta property=\"og:title\" content=\"D66 Almere &#8212; Nieuws\" \/>\n<meta property=\"og:url\" content=\"https:\/\/d66.nl\/almere\/nieuws\/\" \/>\n<meta property=\"og:site_name\" content=\"D66 Almere\" \/>\n<meta property=\"article:modified_time\" content=\"2023-05-16T09:26:25+00:00\" \/>\n<meta name=\"twitter:card\" content=\"summary_large_image\" \/>\n<script type=\"application\/ld+json\" class=\"yoast-schema-graph\">{\"@context\":\"https:\\\/\\\/schema.org\",\"@graph\":[{\"@type\":\"WebPage\",\"@id\":\"https:\\\/\\\/d66.nl\\\/almere\\\/nieuws\\\/\",\"url\":\"https:\\\/\\\/d66.nl\\\/almere\\\/nieuws\\\/\",\"name\":\"D66 Almere &#8212; Nieuws\",\"isPartOf\":{\"@id\":\"https:\\\/\\\/d66.nl\\\/almere\\\/#website\"},\"datePublished\":\"2021-10-20T19:18:08+00:00\",\"dateModified\":\"2023-05-16T09:26:25+00:00\",\"breadcrumb\":{\"@id\":\"https:\\\/\\\/d66.nl\\\/almere\\\/nieuws\\\/#breadcrumb\"},\"inLanguage\":\"nl-NL\",\"potentialAction\":[{\"@type\":\"ReadAction\",\"target\":[\"https:\\\/\\\/d66.nl\\\/almere\\\/nieuws\\\/\"]}]},{\"@type\":\"BreadcrumbList\",\"@id\":\"https:\\\/\\\/d66.nl\\\/almere\\\/nieuws\\\/#breadcrumb\",\"itemListElement\":[{\"@type\":\"ListItem\",\"position\":1,\"name\":\"Home\",\"item\":\"https:\\\/\\\/d66.nl\\\/almere\\\/\"},{\"@type\":\"ListItem\",\"position\":2,\"name\":\"Nieuws\"}]},{\"@type\":\"WebSite\",\"@id\":\"https:\\\/\\\/d66.nl\\\/almere\\\/#website\",\"url\":\"https:\\\/\\\/d66.nl\\\/almere\\\/\",\"name\":\"D66 Almere\",\"description\":\"Laat iedereen vrij, maar niemand vallen\",\"publisher\":{\"@id\":\"https:\\\/\\\/d66.nl\\\/almere\\\/#organization\"},\"potentialAction\":[{\"@type\":\"SearchAction\",\"target\":{\"@type\":\"EntryPoint\",\"urlTemplate\":\"https:\\\/\\\/d66.nl\\\/almere\\\/?s={search_term_string}\"},\"query-input\":{\"@type\":\"PropertyValueSpecification\",\"valueRequired\":true,\"valueName\":\"search_term_string\"}}],\"inLanguage\":\"nl-NL\"},{\"@type\":\"Organization\",\"@id\":\"https:\\\/\\\/d66.nl\\\/almere\\\/#organization\",\"name\":\"D66\",\"url\":\"https:\\\/\\\/d66.nl\\\/almere\\\/\",\"logo\":{\"@type\":\"ImageObject\",\"inLanguage\":\"nl-NL\",\"@id\":\"https:\\\/\\\/d66.nl\\\/almere\\\/#\\\/schema\\\/logo\\\/image\\\/\",\"url\":\"https:\\\/\\\/d66.nl\\\/almere\\\/wp-content\\\/uploads\\\/sites\\\/2\\\/2021\\\/10\\\/d66-themas-algemeen-og.png\",\"contentUrl\":\"https:\\\/\\\/d66.nl\\\/almere\\\/wp-content\\\/uploads\\\/sites\\\/2\\\/2021\\\/10\\\/d66-themas-algemeen-og.png\",\"width\":1200,\"height\":628,\"caption\":\"D66\"},\"image\":{\"@id\":\"https:\\\/\\\/d66.nl\\\/almere\\\/#\\\/schema\\\/logo\\\/image\\\/\"}}]}<\/script>\n<!-- \/ Yoast SEO plugin. -->","yoast_head_json":{"title":"D66 Almere &#8212; Nieuws","robots":{"index":"index","follow":"follow","max-snippet":"max-snippet:-1","max-image-preview":"max-image-preview:large","max-video-preview":"max-video-preview:-1"},"canonical":"https:\/\/d66.nl\/almere\/nieuws\/","og_locale":"nl_NL","og_type":"article","og_title":"D66 Almere &#8212; Nieuws","og_url":"https:\/\/d66.nl\/almere\/nieuws\/","og_site_name":"D66 Almere","article_modified_time":"2023-05-16T09:26:25+00:00","twitter_card":"summary_large_image","schema":{"@context":"https:\/\/schema.org","@graph":[{"@type":"WebPage","@id":"https:\/\/d66.nl\/almere\/nieuws\/","url":"https:\/\/d66.nl\/almere\/nieuws\/","name":"D66 Almere &#8212; Nieuws","isPartOf":{"@id":"https:\/\/d66.nl\/almere\/#website"},"datePublished":"2021-10-20T19:18:08+00:00","dateModified":"2023-05-16T09:26:25+00:00","breadcrumb":{"@id":"https:\/\/d66.nl\/almere\/nieuws\/#breadcrumb"},"inLanguage":"nl-NL","potentialAction":[{"@type":"ReadAction","target":["https:\/\/d66.nl\/almere\/nieuws\/"]}]},{"@type":"BreadcrumbList","@id":"https:\/\/d66.nl\/almere\/nieuws\/#breadcrumb","itemListElement":[{"@type":"ListItem","position":1,"name":"Home","item":"https:\/\/d66.nl\/almere\/"},{"@type":"ListItem","position":2,"name":"Nieuws"}]},{"@type":"WebSite","@id":"https:\/\/d66.nl\/almere\/#website","url":"https:\/\/d66.nl\/almere\/","name":"D66 Almere","description":"Laat iedereen vrij, maar niemand vallen","publisher":{"@id":"https:\/\/d66.nl\/almere\/#organization"},"potentialAction":[{"@type":"SearchAction","target":{"@type":"EntryPoint","urlTemplate":"https:\/\/d66.nl\/almere\/?s={search_term_string}"},"query-input":{"@type":"PropertyValueSpecification","valueRequired":true,"valueName":"search_term_string"}}],"inLanguage":"nl-NL"},{"@type":"Organization","@id":"https:\/\/d66.nl\/almere\/#organization","name":"D66","url":"https:\/\/d66.nl\/almere\/","logo":{"@type":"ImageObject","inLanguage":"nl-NL","@id":"https:\/\/d66.nl\/almere\/#\/schema\/logo\/image\/","url":"https:\/\/d66.nl\/almere\/wp-content\/uploads\/sites\/2\/2021\/10\/d66-themas-algemeen-og.png","contentUrl":"https:\/\/d66.nl\/almere\/wp-content\/uploads\/sites\/2\/2021\/10\/d66-themas-algemeen-og.png","width":1200,"height":628,"caption":"D66"},"image":{"@id":"https:\/\/d66.nl\/almere\/#\/schema\/logo\/image\/"}}]}},"_links":{"self":[{"href":"https:\/\/d66.nl\/almere\/wp-json\/wp\/v2\/pages\/22","targetHints":{"allow":["GET"]}}],"collection":[{"href":"https:\/\/d66.nl\/almere\/wp-json\/wp\/v2\/pages"}],"about":[{"href":"https:\/\/d66.nl\/almere\/wp-json\/wp\/v2\/types\/page"}],"author":[{"embeddable":true,"href":"https:\/\/d66.nl\/almere\/wp-json\/wp\/v2\/users\/6"}],"replies":[{"embeddable":true,"href":"https:\/\/d66.nl\/almere\/wp-json\/wp\/v2\/comments?post=22"}],"version-history":[{"count":9,"href":"https:\/\/d66.nl\/almere\/wp-json\/wp\/v2\/pages\/22\/revisions"}],"predecessor-version":[{"id":669,"href":"https:\/\/d66.nl\/almere\/wp-json\/wp\/v2\/pages\/22\/revisions\/669"}],"wp:attachment":[{"href":"https:\/\/d66.nl\/almere\/wp-json\/wp\/v2\/media?parent=22"}],"wp:term":[{"taxonomy":"search-tags","embeddable":true,"href":"https:\/\/d66.nl\/almere\/wp-json\/wp\/v2\/search-tags?post=22"},{"taxonomy":"labels","embeddable":true,"href":"https:\/\/d66.nl\/almere\/wp-json\/wp\/v2\/labels?post=22"},{"taxonomy":"themes-or-point-of-view","embeddable":true,"href":"https:\/\/d66.nl\/almere\/wp-json\/wp\/v2\/themes-or-point-of-view?post=22"}],"curies":[{"name":"wp","href":"https:\/\/api.w.org\/{rel}","templated":true}]}}